{"id":166,"date":"2018-10-04T10:16:12","date_gmt":"2018-10-04T08:16:12","guid":{"rendered":"http:\/\/www2.transports-coue.fr\/fr\/?page_id=166"},"modified":"2024-09-04T09:45:25","modified_gmt":"2024-09-04T07:45:25","slug":"actualites","status":"publish","type":"page","link":"https:\/\/www.transports-coue.fr\/fr\/actualites\/","title":{"rendered":"Actualit\u00e9s"},"content":{"rendered":"\n<style type=\"text\/css\" data-created_by=\"avia_inline_auto\" id=\"style-css-av-lsvuaba6-ab915ae7b9ae13cd24566a7fcfcd39b3\">\n.avia-section.av-lsvuaba6-ab915ae7b9ae13cd24566a7fcfcd39b3{\nbackground-color:rgba(232,232,232,0.01);\nbackground-image:url(https:\/\/www.transports-coue.fr\/wp-content\/uploads\/2024\/02\/notre-equipe-gagnante-groupe-coue-trm-Basketball-1-e1707929991916.webp);\nbackground-repeat:no-repeat;\nbackground-position:50% 50%;\nbackground-attachment:scroll;\n}\n<\/style>\n<div id='av_section_1'  class='avia-section av-lsvuaba6-ab915ae7b9ae13cd24566a7fcfcd39b3 main_color avia-section-default avia-shadow  avia-builder-el-0  el_before_av_section  avia-builder-el-first  av-small-hide av-mini-hide avia-bg-style-scroll av-minimum-height av-minimum-height-custom av-height-custom  container_wrap fullsize'  data-section-bg-repeat='no-repeat' data-av_minimum_height_px='320'><div class='container av-section-cont-open' style='height:320px'><main  role=\"main\" itemprop=\"mainContentOfPage\"  class='template-page content  av-content-full alpha units'><div class='post-entry post-entry-type-page post-entry-166'><div class='entry-content-wrapper clearfix'>\n<\/div><\/div><\/main><!-- close content main element --><\/div><\/div>\n<style type=\"text\/css\" data-created_by=\"avia_inline_auto\" id=\"style-css-av-fktxy-1832f109292f15ce805de664bff2d64b\">\n.avia-section.av-fktxy-1832f109292f15ce805de664bff2d64b{\nbackground-color:#ffffff;\nbackground-image:unset;\n}\n<\/style>\n<div id='av_section_2'  class='avia-section av-fktxy-1832f109292f15ce805de664bff2d64b main_color avia-section-default avia-shadow  avia-builder-el-1  el_after_av_section  el_before_av_section  av-small-hide av-mini-hide avia-bg-style-scroll av-minimum-height av-minimum-height-custom av-height-custom  container_wrap fullsize'   data-av_minimum_height_px='50'><div class='container av-section-cont-open' style='height:50px'><div class='template-page content  av-content-full alpha units'><div class='post-entry post-entry-type-page post-entry-166'><div class='entry-content-wrapper clearfix'>\n<section  class='av_textblock_section av-lsvuanls-bc1b2ddc6f8b7501ead1d311eef4e5b1 '   itemscope=\"itemscope\" itemtype=\"https:\/\/schema.org\/CreativeWork\" ><div class='avia_textblock'  itemprop=\"text\" >\n<style type=\"text\/css\" data-created_by=\"avia_inline_auto\" id=\"style-css-av-az1ku-9ca23b7a69641454c5c4eca3c1d40101\">\n#top .hr.hr-invisible.av-az1ku-9ca23b7a69641454c5c4eca3c1d40101{\nheight:5px;\n}\n<\/style>\n<div  class='hr av-az1ku-9ca23b7a69641454c5c4eca3c1d40101 hr-invisible  avia-builder-el-3  avia-builder-el-no-sibling '><span class='hr-inner '><span class=\"hr-inner-style\"><\/span><\/span><\/div>\n<h1><img loading=\"lazy\" decoding=\"async\" class=\"alignleft wp-image-353\" src=\"http:\/\/www2.transports-coue.fr\/fr\/wp-content\/uploads\/2018\/10\/transports-coue-o-245x300.png\" alt=\"\" width=\"65\" height=\"80\" srcset=\"https:\/\/www.transports-coue.fr\/wp-content\/uploads\/2018\/10\/transports-coue-o-245x300.png 245w, https:\/\/www.transports-coue.fr\/wp-content\/uploads\/2018\/10\/transports-coue-o-575x705.png 575w, https:\/\/www.transports-coue.fr\/wp-content\/uploads\/2018\/10\/transports-coue-o-450x551.png 450w, https:\/\/www.transports-coue.fr\/wp-content\/uploads\/2018\/10\/transports-coue-o.png 590w\" sizes=\"auto, (max-width: 65px) 100vw, 65px\" \/><\/h1>\n<h1><a href=\"https:\/\/www.transports-coue.fr\/fr\/contact\/\" target=\"_blank\" rel=\"noopener\"><img loading=\"lazy\" decoding=\"async\" class=\"alignright wp-image-44\" src=\"http:\/\/www2.transports-coue.fr\/fr\/wp-content\/uploads\/2018\/09\/picto-devis-300x105.png\" alt=\"\" width=\"149\" height=\"52\" srcset=\"https:\/\/www.transports-coue.fr\/wp-content\/uploads\/2018\/09\/picto-devis-300x105.png 300w, https:\/\/www.transports-coue.fr\/wp-content\/uploads\/2018\/09\/picto-devis-768x268.png 768w, https:\/\/www.transports-coue.fr\/wp-content\/uploads\/2018\/09\/picto-devis-705x246.png 705w, https:\/\/www.transports-coue.fr\/wp-content\/uploads\/2018\/09\/picto-devis-450x157.png 450w, https:\/\/www.transports-coue.fr\/wp-content\/uploads\/2018\/09\/picto-devis.png 945w\" sizes=\"auto, (max-width: 149px) 100vw, 149px\" \/><\/a><\/h1>\n<h1><\/h1>\n<h1>Nos actualit\u00e9s<\/h1>\n<h1><\/h1>\n<h1><\/h1>\n<h1><\/h1>\n<h1><\/h1>\n<\/div><\/section>\n\n<\/div><\/div><\/div><!-- close content main div --><\/div><\/div>\n<style type=\"text\/css\" data-created_by=\"avia_inline_auto\" id=\"style-css-av-jtg1k3h3-fb4521585ab1bf83500e8d42ae3e5ea8\">\n.avia-section.av-jtg1k3h3-fb4521585ab1bf83500e8d42ae3e5ea8{\nbackground-color:rgba(232,232,232,0.01);\nbackground-image:url(https:\/\/www.transports-coue.fr\/wp-content\/uploads\/2018\/09\/img.png);\nbackground-repeat:no-repeat;\nbackground-position:50% 50%;\nbackground-attachment:scroll;\n}\n<\/style>\n<div id='av_section_3'  class='avia-section av-jtg1k3h3-fb4521585ab1bf83500e8d42ae3e5ea8 main_color avia-section-default avia-shadow  avia-builder-el-4  el_after_av_section  el_before_av_section  av-desktop-hide av-medium-hide av-small-hide av-mini-hide avia-bg-style-scroll av-minimum-height av-minimum-height-custom av-height-custom  container_wrap fullsize'  data-section-bg-repeat='no-repeat' data-av_minimum_height_px='250'><div class='container av-section-cont-open' style='height:250px'><div class='template-page content  av-content-full alpha units'><div class='post-entry post-entry-type-page post-entry-166'><div class='entry-content-wrapper clearfix'>\n\n<style type=\"text\/css\" data-created_by=\"avia_inline_auto\" id=\"style-css-av-26gn1-94dc80098d739d825c0e43527d3e3df9\">\n.flex_column.av-26gn1-94dc80098d739d825c0e43527d3e3df9{\nborder-radius:0px 0px 0px 0px;\npadding:30px 0px 0px 0px;\n}\n<\/style>\n<div  class='flex_column av-26gn1-94dc80098d739d825c0e43527d3e3df9 av_one_full  avia-builder-el-5  avia-builder-el-no-sibling  first flex_column_div avia-full-stretch  '     ><section  class='av_textblock_section av-jmgasd9v-2933c7fdb68ccc543eff59a62f14019c '   itemscope=\"itemscope\" itemtype=\"https:\/\/schema.org\/CreativeWork\" ><div class='avia_textblock'  itemprop=\"text\" >\n<style type=\"text\/css\" data-created_by=\"avia_inline_auto\" id=\"style-css-av-10tni-b2c23ac0f3031bc2bad331107127fbe1\">\n#top .hr.hr-invisible.av-10tni-b2c23ac0f3031bc2bad331107127fbe1{\nheight:5px;\n}\n<\/style>\n<div  class='hr av-10tni-b2c23ac0f3031bc2bad331107127fbe1 hr-invisible  avia-builder-el-7  el_before_av_hr  avia-builder-el-first '><span class='hr-inner '><span class=\"hr-inner-style\"><\/span><\/span><\/div>\n<h1><img loading=\"lazy\" decoding=\"async\" class=\"wp-image-353 alignleft\" src=\"http:\/\/www2.transports-coue.fr\/fr\/wp-content\/uploads\/2018\/10\/transports-coue-o-245x300.png\" alt=\"\" width=\"65\" height=\"79\" srcset=\"https:\/\/www.transports-coue.fr\/wp-content\/uploads\/2018\/10\/transports-coue-o-245x300.png 245w, https:\/\/www.transports-coue.fr\/wp-content\/uploads\/2018\/10\/transports-coue-o-575x705.png 575w, https:\/\/www.transports-coue.fr\/wp-content\/uploads\/2018\/10\/transports-coue-o-450x551.png 450w, https:\/\/www.transports-coue.fr\/wp-content\/uploads\/2018\/10\/transports-coue-o.png 590w\" sizes=\"auto, (max-width: 65px) 100vw, 65px\" \/><\/h1>\n<h1>NOS ACTUALIT\u00e9S<\/h1>\n\n<style type=\"text\/css\" data-created_by=\"avia_inline_auto\" id=\"style-css-av-15sa2-8dc57658e6742d1fefcf41cc841b1ce0\">\n#top .hr.hr-invisible.av-15sa2-8dc57658e6742d1fefcf41cc841b1ce0{\nheight:50px;\n}\n<\/style>\n<div  class='hr av-15sa2-8dc57658e6742d1fefcf41cc841b1ce0 hr-invisible  avia-builder-el-8  el_after_av_hr  avia-builder-el-last '><span class='hr-inner '><span class=\"hr-inner-style\"><\/span><\/span><\/div>\n<p><a href=\"https:\/\/www.transports-coue.fr\/fr\/contact\/\" target=\"_blank\" rel=\"noopener\"><img loading=\"lazy\" decoding=\"async\" class=\"alignright wp-image-44\" src=\"http:\/\/www2.transports-coue.fr\/fr\/wp-content\/uploads\/2018\/09\/picto-devis-300x105.png\" alt=\"\" width=\"149\" height=\"52\" srcset=\"https:\/\/www.transports-coue.fr\/wp-content\/uploads\/2018\/09\/picto-devis-300x105.png 300w, https:\/\/www.transports-coue.fr\/wp-content\/uploads\/2018\/09\/picto-devis-768x268.png 768w, https:\/\/www.transports-coue.fr\/wp-content\/uploads\/2018\/09\/picto-devis-705x246.png 705w, https:\/\/www.transports-coue.fr\/wp-content\/uploads\/2018\/09\/picto-devis-450x157.png 450w, https:\/\/www.transports-coue.fr\/wp-content\/uploads\/2018\/09\/picto-devis.png 945w\" sizes=\"auto, (max-width: 149px) 100vw, 149px\" \/><\/a><\/p>\n<\/div><\/section><\/div>\n\n<\/div><\/div><\/div><!-- close content main div --><\/div><\/div>\n<style type=\"text\/css\" data-created_by=\"avia_inline_auto\" id=\"style-css-av-jtg31l8o-20557bfc09d7e2a9c81d9c5d6de29bc5\">\n.avia-section.av-jtg31l8o-20557bfc09d7e2a9c81d9c5d6de29bc5{\nbackground-color:rgba(232,232,232,0.01);\nbackground-image:url(https:\/\/www.transports-coue.fr\/wp-content\/uploads\/2018\/09\/img-1030x349.png);\nbackground-repeat:no-repeat;\nbackground-position:50% 50%;\nbackground-attachment:scroll;\n}\n<\/style>\n<div id='av_section_4'  class='avia-section av-jtg31l8o-20557bfc09d7e2a9c81d9c5d6de29bc5 main_color avia-section-no-padding avia-shadow  avia-builder-el-9  el_after_av_section  el_before_av_one_full  av-desktop-hide av-medium-hide avia-bg-style-scroll av-minimum-height av-minimum-height-custom av-height-custom  container_wrap fullsize'  data-section-bg-repeat='no-repeat' data-av_minimum_height_px='250'><div class='container av-section-cont-open' style='height:250px'><div class='template-page content  av-content-full alpha units'><div class='post-entry post-entry-type-page post-entry-166'><div class='entry-content-wrapper clearfix'>\n\n<style type=\"text\/css\" data-created_by=\"avia_inline_auto\" id=\"style-css-av-26gn1-15-d4f11064c6e8e9a8a8f7c1edddeacb2c\">\n.flex_column.av-26gn1-15-d4f11064c6e8e9a8a8f7c1edddeacb2c{\nborder-radius:0px 0px 0px 0px;\npadding:30px 0px 0px 0px;\n}\n<\/style>\n<div  class='flex_column av-26gn1-15-d4f11064c6e8e9a8a8f7c1edddeacb2c av_one_full  avia-builder-el-10  avia-builder-el-no-sibling  first flex_column_div avia-full-stretch  '     ><section  class='av_textblock_section av-jmgasd9v-14-94da87efb54a451644daeac1056f91e5 '   itemscope=\"itemscope\" itemtype=\"https:\/\/schema.org\/CreativeWork\" ><div class='avia_textblock'  itemprop=\"text\" >\n<style type=\"text\/css\" data-created_by=\"avia_inline_auto\" id=\"style-css-av-10tni-13-c19e7de6288a0d54ba74a04220706f9c\">\n#top .hr.hr-invisible.av-10tni-13-c19e7de6288a0d54ba74a04220706f9c{\nheight:5px;\n}\n<\/style>\n<div  class='hr av-10tni-13-c19e7de6288a0d54ba74a04220706f9c hr-invisible  avia-builder-el-12  el_before_av_hr  avia-builder-el-first '><span class='hr-inner '><span class=\"hr-inner-style\"><\/span><\/span><\/div>\n<h1><img loading=\"lazy\" decoding=\"async\" class=\"alignleft wp-image-353\" src=\"http:\/\/www2.transports-coue.fr\/fr\/wp-content\/uploads\/2018\/10\/transports-coue-o-245x300.png\" alt=\"\" width=\"35\" height=\"43\" srcset=\"https:\/\/www.transports-coue.fr\/wp-content\/uploads\/2018\/10\/transports-coue-o-245x300.png 245w, https:\/\/www.transports-coue.fr\/wp-content\/uploads\/2018\/10\/transports-coue-o-575x705.png 575w, https:\/\/www.transports-coue.fr\/wp-content\/uploads\/2018\/10\/transports-coue-o-450x551.png 450w, https:\/\/www.transports-coue.fr\/wp-content\/uploads\/2018\/10\/transports-coue-o.png 590w\" sizes=\"auto, (max-width: 35px) 100vw, 35px\" \/><\/h1>\n<h1>NOS ACTUALIT\u00e9S<\/h1>\n\n<style type=\"text\/css\" data-created_by=\"avia_inline_auto\" id=\"style-css-av-15sa2-12-aa61a4b08cb07abdbe670ccce31e1b3b\">\n#top .hr.hr-invisible.av-15sa2-12-aa61a4b08cb07abdbe670ccce31e1b3b{\nheight:50px;\n}\n<\/style>\n<div  class='hr av-15sa2-12-aa61a4b08cb07abdbe670ccce31e1b3b hr-invisible  avia-builder-el-13  el_after_av_hr  avia-builder-el-last '><span class='hr-inner '><span class=\"hr-inner-style\"><\/span><\/span><\/div>\n<p><a href=\"https:\/\/www.transports-coue.fr\/fr\/contact\/\" target=\"_blank\" rel=\"noopener\"><img loading=\"lazy\" decoding=\"async\" class=\"alignright wp-image-44\" src=\"http:\/\/www2.transports-coue.fr\/fr\/wp-content\/uploads\/2018\/09\/picto-devis-300x105.png\" alt=\"\" width=\"149\" height=\"52\" srcset=\"https:\/\/www.transports-coue.fr\/wp-content\/uploads\/2018\/09\/picto-devis-300x105.png 300w, https:\/\/www.transports-coue.fr\/wp-content\/uploads\/2018\/09\/picto-devis-768x268.png 768w, https:\/\/www.transports-coue.fr\/wp-content\/uploads\/2018\/09\/picto-devis-705x246.png 705w, https:\/\/www.transports-coue.fr\/wp-content\/uploads\/2018\/09\/picto-devis-450x157.png 450w, https:\/\/www.transports-coue.fr\/wp-content\/uploads\/2018\/09\/picto-devis.png 945w\" sizes=\"auto, (max-width: 149px) 100vw, 149px\" \/><\/a><\/p>\n<\/div><\/section><\/div>\n<\/div><\/div><\/div><!-- close content main div --><\/div><\/div><div id='after_section_4'  class='main_color av_default_container_wrap container_wrap fullsize'  ><div class='container av-section-cont-open' ><div class='template-page content  av-content-full alpha units'><div class='post-entry post-entry-type-page post-entry-166'><div class='entry-content-wrapper clearfix'>\n\n<style type=\"text\/css\" data-created_by=\"avia_inline_auto\" id=\"style-css-av-lvsgu-d8a0bbde876e739f2077ac59799d2303\">\n.flex_column.av-lvsgu-d8a0bbde876e739f2077ac59799d2303{\nborder-radius:0px 0px 0px 0px;\npadding:0px 0px 0px 0px;\n}\n<\/style>\n<div  class='flex_column av-lvsgu-d8a0bbde876e739f2077ac59799d2303 av_one_full  avia-builder-el-14  el_after_av_section  el_before_av_one_full  avia-builder-el-first  first flex_column_div av-zero-column-padding  '     ><section  class='av_textblock_section av-jskfbjk2-fe414832cc5952546534aa8d795da751 '   itemscope=\"itemscope\" itemtype=\"https:\/\/schema.org\/CreativeWork\" ><div class='avia_textblock'  itemprop=\"text\" ><h2>Notre d\u00e9veloppement<\/h2>\n<\/div><\/section><br \/>\n\n<style type=\"text\/css\" data-created_by=\"avia_inline_auto\" id=\"style-css-av-ddzza-3621184ba477857cd390254f0f5ea6fe\">\n.avia-progress-bar-container.av-ddzza-3621184ba477857cd390254f0f5ea6fe .progress{\nheight:6px;\n}\n<\/style>\n\n<style type=\"text\/css\" data-created_by=\"avia_inline_auto\" id=\"style-css-sub-av-ddzza-3621184ba477857cd390254f0f5ea6fe\">\n#top .avia-progress-bar-container .avia-progress-bar.av-9v9ha-7d57f0b0ee76cd9be51badf90aeff00a .bar{\nwidth:100%;\n}\n<\/style>\n<div  class='avia-progress-bar-container av-ddzza-3621184ba477857cd390254f0f5ea6fe av-flat-bar av-animated-bar av-small-bar avia_animate_when_almost_visible  avia-builder-el-16  el_after_av_textblock  el_before_av_postslider '><div class='avia-progress-bar av-9v9ha-7d57f0b0ee76cd9be51badf90aeff00a icon-bar-no theme-color-bar theme-color-bar icon-bar-no'><div class=\"progress\"><div class=\"bar-outer\"><div class='bar' data-progress='100'><\/div><\/div><\/div><\/div><\/div><br \/>\n<div  data-slideshow-options=\"{&quot;animation&quot;:&quot;fade&quot;,&quot;autoplay&quot;:false,&quot;loop_autoplay&quot;:&quot;once&quot;,&quot;interval&quot;:&quot;5&quot;,&quot;loop_manual&quot;:&quot;manual-endless&quot;,&quot;autoplay_stopper&quot;:false,&quot;noNavigation&quot;:false,&quot;show_slide_delay&quot;:90}\" class='avia-content-slider avia-content-slider-active avia-content-slider1 avia-content-slider-odd  avia-builder-el-17  el_after_av_progress  avia-builder-el-last  av-slideshow-ui av-control-default   av-no-slider-navigation av-slideshow-manual av-loop-once av-loop-manual-endless '  itemscope=\"itemscope\" itemtype=\"https:\/\/schema.org\/Blog\" ><div class=\"avia-content-slider-inner\"><div class=\"slide-entry-wrap\"><article class='slide-entry flex_column  post-entry post-entry-13863 slide-entry-overview slide-loop-1 slide-parity-odd  av_one_third first real-thumbnail posttype-post post-format-standard'  itemscope=\"itemscope\" itemtype=\"https:\/\/schema.org\/CreativeWork\" ><a href='https:\/\/www.transports-coue.fr\/fr\/dedouaner-a-limport-au-havre-ou-en-entrepot-sotecan-basee-en-mayenne-vous-accompagne\/' data-rel='slide-1' class='slide-image' title='D\u00e9douaner \u00e0 l&rsquo;import au Havre ou en entrep\u00f4t ? Sotecan, bas\u00e9e en Mayenne, vous accompagne.'><img decoding=\"async\" fetchpriority=\"high\" width=\"845\" height=\"321\" src=\"https:\/\/www.transports-coue.fr\/wp-content\/uploads\/2026\/04\/sotecan-international-operations-dedouanement-import-export-base-mayenne-laval-3-web-1.webp\" class=\"wp-image-13866 avia-img-lazy-loading-not-13866 attachment-no scaling size-no scaling wp-post-image\" alt=\"D\u00e9douanement import en Mayenne (53) avec Sotecan \u00e0 Laval : solutions port du Havre ou entrep\u00f4t logistique sous douane\" srcset=\"https:\/\/www.transports-coue.fr\/wp-content\/uploads\/2026\/04\/sotecan-international-operations-dedouanement-import-export-base-mayenne-laval-3-web-1.webp 845w, https:\/\/www.transports-coue.fr\/wp-content\/uploads\/2026\/04\/sotecan-international-operations-dedouanement-import-export-base-mayenne-laval-3-web-1-300x114.webp 300w, https:\/\/www.transports-coue.fr\/wp-content\/uploads\/2026\/04\/sotecan-international-operations-dedouanement-import-export-base-mayenne-laval-3-web-1-80x30.webp 80w, https:\/\/www.transports-coue.fr\/wp-content\/uploads\/2026\/04\/sotecan-international-operations-dedouanement-import-export-base-mayenne-laval-3-web-1-768x292.webp 768w, https:\/\/www.transports-coue.fr\/wp-content\/uploads\/2026\/04\/sotecan-international-operations-dedouanement-import-export-base-mayenne-laval-3-web-1-705x268.webp 705w\" sizes=\"(max-width: 845px) 100vw, 845px\" \/><\/a><div class=\"slide-content\"><header class=\"entry-content-header\" aria-label=\"Slide: D\u00e9douaner \u00e0 l&#039;import au Havre ou en entrep\u00f4t ? Sotecan, bas\u00e9e en Mayenne, vous accompagne.\"><h3 class='slide-entry-title entry-title '  itemprop=\"headline\" ><a href='https:\/\/www.transports-coue.fr\/fr\/dedouaner-a-limport-au-havre-ou-en-entrepot-sotecan-basee-en-mayenne-vous-accompagne\/' title='D\u00e9douaner \u00e0 l&rsquo;import au Havre ou en entrep\u00f4t ? Sotecan, bas\u00e9e en Mayenne, vous accompagne.'>D\u00e9douaner \u00e0 l&rsquo;import au Havre ou en entrep\u00f4t ? Sotecan, bas\u00e9e en Mayenne, vous accompagne.<\/a><\/h3><span class=\"blog-categories minor-meta\"><a href=\"https:\/\/www.transports-coue.fr\/fr\/category\/actualites\/\" rel=\"tag\">Actualit\u00e9s<\/a>, <a href=\"https:\/\/www.transports-coue.fr\/fr\/category\/actualites\/developpement\/\" rel=\"tag\">D\u00e9veloppement<\/a>, <a href=\"https:\/\/www.transports-coue.fr\/fr\/category\/actualites\/developpement\/developpement-logistique\/\" rel=\"tag\">D\u00e9veloppement Logistique<\/a>, <a href=\"https:\/\/www.transports-coue.fr\/fr\/category\/actualites\/developpement\/developpement-overseas\/\" rel=\"tag\">D\u00e9veloppement Overseas<\/a>, <a href=\"https:\/\/www.transports-coue.fr\/fr\/category\/actualites\/developpement\/developpement-transport-containers\/\" rel=\"tag\">D\u00e9veloppement Transport Containers<\/a> <\/span><span class=\"av-vertical-delimiter\"><\/span><\/header><div class='slide-entry-excerpt entry-content'  itemprop=\"text\" >Vous importez des marchandises en Mayenne (53) et vous vous demandez o\u00f9 les d\u00e9douaner ?\n\nParce que chaque organisation est diff\u00e9rente, notre \u00e9quipe SOTECAN bas\u00e9e \u00e0 Laval, vous propose deux solutions adapt\u00e9es \u00e0 vos contraintes d\u2019approvisionnement\u2026<div class=\"read-more-link\"><a href=\"https:\/\/www.transports-coue.fr\/fr\/dedouaner-a-limport-au-havre-ou-en-entrepot-sotecan-basee-en-mayenne-vous-accompagne\/\" class=\"more-link\">Lire la suite<span class='more-link-arrow avia-svg-icon avia-font-svg_entypo-fontello' data-av_svg_icon='right-open-big' data-av_iconset='svg_entypo-fontello'><svg version=\"1.1\" xmlns=\"http:\/\/www.w3.org\/2000\/svg\" width=\"15\" height=\"32\" viewBox=\"0 0 15 32\" preserveAspectRatio=\"xMidYMid meet\" role=\"graphics-symbol\" aria-hidden=\"true\">\n<path d=\"M0.416 27.84l11.456-11.84-11.456-11.904q-0.832-0.832 0-1.536 0.832-0.832 1.536 0l12.544 12.608q0.768 0.832 0 1.6l-12.544 12.608q-0.704 0.832-1.536 0-0.832-0.704 0-1.536z\"><\/path>\n<\/svg><\/span><\/a><\/div><\/div><\/div><footer class=\"entry-footer\"><div class=\"slide-meta\"><time class='slide-meta-time updated'  itemprop=\"datePublished\" datetime=\"2026-04-03T10:15:36+02:00\" >3 avril 2026<\/time><\/div><\/footer><span class='hidden'>\n\t\t\t\t<span class='av-structured-data'  itemprop=\"image\" itemscope=\"itemscope\" itemtype=\"https:\/\/schema.org\/ImageObject\" >\n\t\t\t\t\t\t<span itemprop='url'>https:\/\/www.transports-coue.fr\/wp-content\/uploads\/2026\/04\/sotecan-international-operations-dedouanement-import-export-base-mayenne-laval-3-web-1.webp<\/span>\n\t\t\t\t\t\t<span itemprop='height'>321<\/span>\n\t\t\t\t\t\t<span itemprop='width'>845<\/span>\n\t\t\t\t<\/span>\n\t\t\t\t<span class='av-structured-data'  itemprop=\"publisher\" itemtype=\"https:\/\/schema.org\/Organization\" itemscope=\"itemscope\" >\n\t\t\t\t\t\t<span itemprop='name'>Transports Cou\u00e9<\/span>\n\t\t\t\t\t\t<span itemprop='logo' itemscope itemtype='https:\/\/schema.org\/ImageObject'>\n\t\t\t\t\t\t\t<span itemprop='url'>https:\/\/www.transports-coue.fr\/wp-content\/uploads\/2018\/10\/Logo-transports-coue-300x119.png<\/span>\n\t\t\t\t\t\t<\/span>\n\t\t\t\t<\/span><span class='av-structured-data'  itemprop=\"author\" itemscope=\"itemscope\" itemtype=\"https:\/\/schema.org\/Person\" ><span itemprop='name'>Transports Cou\u00e9<\/span><\/span><span class='av-structured-data'  itemprop=\"datePublished\" datetime=\"2018-10-04T10:16:12+02:00\" >2026-04-03 10:15:36<\/span><span class='av-structured-data'  itemprop=\"dateModified\" itemtype=\"https:\/\/schema.org\/dateModified\" >2026-04-03 10:23:16<\/span><span class='av-structured-data'  itemprop=\"mainEntityOfPage\" itemtype=\"https:\/\/schema.org\/mainEntityOfPage\" ><span itemprop='name'>D\u00e9douaner \u00e0 l&rsquo;import au Havre ou en entrep\u00f4t ? Sotecan, bas\u00e9e en Mayenne, vous accompagne.<\/span><\/span><\/span><\/article><article class='slide-entry flex_column  post-entry post-entry-13840 slide-entry-overview slide-loop-2 slide-parity-even  av_one_third  real-thumbnail posttype-post post-format-standard'  itemscope=\"itemscope\" itemtype=\"https:\/\/schema.org\/CreativeWork\" ><a href='https:\/\/www.transports-coue.fr\/fr\/vous-importez-en-mayenne-comment-utiliser-les-regimes-particuliers-douaniers-pour-reduire-vos-couts-et-optimiser-votre-logistique\/' data-rel='slide-1' class='slide-image' title='Vous importez en Mayenne (53) : comment utiliser les r\u00e9gimes particuliers douaniers pour r\u00e9duire vos co\u00fbts et optimiser votre logistique ?'><img decoding=\"async\" fetchpriority=\"high\" width=\"845\" height=\"321\" src=\"https:\/\/www.transports-coue.fr\/wp-content\/uploads\/2026\/04\/sotecan-international-operations-dedouanement-import-regimes-particuliers-export-base-mayenne-laval-web.webp\" class=\"wp-image-13843 avia-img-lazy-loading-not-13843 attachment-no scaling size-no scaling wp-post-image\" alt=\"Sotecan International d\u00e9douanement import en Mayenne \u00e0 Laval avec entrep\u00f4t sous douane et r\u00e9gimes particuliers\" srcset=\"https:\/\/www.transports-coue.fr\/wp-content\/uploads\/2026\/04\/sotecan-international-operations-dedouanement-import-regimes-particuliers-export-base-mayenne-laval-web.webp 845w, https:\/\/www.transports-coue.fr\/wp-content\/uploads\/2026\/04\/sotecan-international-operations-dedouanement-import-regimes-particuliers-export-base-mayenne-laval-web-300x114.webp 300w, https:\/\/www.transports-coue.fr\/wp-content\/uploads\/2026\/04\/sotecan-international-operations-dedouanement-import-regimes-particuliers-export-base-mayenne-laval-web-80x30.webp 80w, https:\/\/www.transports-coue.fr\/wp-content\/uploads\/2026\/04\/sotecan-international-operations-dedouanement-import-regimes-particuliers-export-base-mayenne-laval-web-768x292.webp 768w, https:\/\/www.transports-coue.fr\/wp-content\/uploads\/2026\/04\/sotecan-international-operations-dedouanement-import-regimes-particuliers-export-base-mayenne-laval-web-705x268.webp 705w\" sizes=\"(max-width: 845px) 100vw, 845px\" \/><\/a><div class=\"slide-content\"><header class=\"entry-content-header\" aria-label=\"Slide: Vous importez en Mayenne (53) : comment utiliser les r\u00e9gimes particuliers douaniers pour r\u00e9duire vos co\u00fbts et optimiser votre logistique ?\"><h3 class='slide-entry-title entry-title '  itemprop=\"headline\" ><a href='https:\/\/www.transports-coue.fr\/fr\/vous-importez-en-mayenne-comment-utiliser-les-regimes-particuliers-douaniers-pour-reduire-vos-couts-et-optimiser-votre-logistique\/' title='Vous importez en Mayenne (53) : comment utiliser les r\u00e9gimes particuliers douaniers pour r\u00e9duire vos co\u00fbts et optimiser votre logistique ?'>Vous importez en Mayenne (53) : comment utiliser les r\u00e9gimes particuliers douaniers pour r\u00e9duire vos co\u00fbts et optimiser votre logistique ?<\/a><\/h3><span class=\"blog-categories minor-meta\"><a href=\"https:\/\/www.transports-coue.fr\/fr\/category\/actualites\/\" rel=\"tag\">Actualit\u00e9s<\/a>, <a href=\"https:\/\/www.transports-coue.fr\/fr\/category\/actualites\/developpement\/\" rel=\"tag\">D\u00e9veloppement<\/a>, <a href=\"https:\/\/www.transports-coue.fr\/fr\/category\/actualites\/developpement\/developpement-logistique\/\" rel=\"tag\">D\u00e9veloppement Logistique<\/a>, <a href=\"https:\/\/www.transports-coue.fr\/fr\/category\/actualites\/developpement\/developpement-overseas\/\" rel=\"tag\">D\u00e9veloppement Overseas<\/a>, <a href=\"https:\/\/www.transports-coue.fr\/fr\/category\/actualites\/developpement\/developpement-transport-containers\/\" rel=\"tag\">D\u00e9veloppement Transport Containers<\/a> <\/span><span class=\"av-vertical-delimiter\"><\/span><\/header><div class='slide-entry-excerpt entry-content'  itemprop=\"text\" >Vous importez en Mayenne (53) ?\n\nAvez-vous d\u00e9j\u00e0 entendu parler des R\u00e9gimes Particuliers douaniers ?\u00a0\n\nCes simplifications douani\u00e8res, souvent m\u00e9connues des entreprises, permettent\u00a0de diff\u00e9rer ou supprimer les droits et taxes \u00e0 l\u2019import.\n\nDepuis\u2026<div class=\"read-more-link\"><a href=\"https:\/\/www.transports-coue.fr\/fr\/vous-importez-en-mayenne-comment-utiliser-les-regimes-particuliers-douaniers-pour-reduire-vos-couts-et-optimiser-votre-logistique\/\" class=\"more-link\">Lire la suite<span class='more-link-arrow avia-svg-icon avia-font-svg_entypo-fontello' data-av_svg_icon='right-open-big' data-av_iconset='svg_entypo-fontello'><svg version=\"1.1\" xmlns=\"http:\/\/www.w3.org\/2000\/svg\" width=\"15\" height=\"32\" viewBox=\"0 0 15 32\" preserveAspectRatio=\"xMidYMid meet\" role=\"graphics-symbol\" aria-hidden=\"true\">\n<path d=\"M0.416 27.84l11.456-11.84-11.456-11.904q-0.832-0.832 0-1.536 0.832-0.832 1.536 0l12.544 12.608q0.768 0.832 0 1.6l-12.544 12.608q-0.704 0.832-1.536 0-0.832-0.704 0-1.536z\"><\/path>\n<\/svg><\/span><\/a><\/div><\/div><\/div><footer class=\"entry-footer\"><div class=\"slide-meta\"><time class='slide-meta-time updated'  itemprop=\"datePublished\" datetime=\"2026-03-31T11:10:10+02:00\" >31 mars 2026<\/time><\/div><\/footer><span class='hidden'>\n\t\t\t\t<span class='av-structured-data'  itemprop=\"image\" itemscope=\"itemscope\" itemtype=\"https:\/\/schema.org\/ImageObject\" >\n\t\t\t\t\t\t<span itemprop='url'>https:\/\/www.transports-coue.fr\/wp-content\/uploads\/2026\/04\/sotecan-international-operations-dedouanement-import-regimes-particuliers-export-base-mayenne-laval-web.webp<\/span>\n\t\t\t\t\t\t<span itemprop='height'>321<\/span>\n\t\t\t\t\t\t<span itemprop='width'>845<\/span>\n\t\t\t\t<\/span>\n\t\t\t\t<span class='av-structured-data'  itemprop=\"publisher\" itemtype=\"https:\/\/schema.org\/Organization\" itemscope=\"itemscope\" >\n\t\t\t\t\t\t<span itemprop='name'>Transports Cou\u00e9<\/span>\n\t\t\t\t\t\t<span itemprop='logo' itemscope itemtype='https:\/\/schema.org\/ImageObject'>\n\t\t\t\t\t\t\t<span itemprop='url'>https:\/\/www.transports-coue.fr\/wp-content\/uploads\/2018\/10\/Logo-transports-coue-300x119.png<\/span>\n\t\t\t\t\t\t<\/span>\n\t\t\t\t<\/span><span class='av-structured-data'  itemprop=\"author\" itemscope=\"itemscope\" itemtype=\"https:\/\/schema.org\/Person\" ><span itemprop='name'>Transports Cou\u00e9<\/span><\/span><span class='av-structured-data'  itemprop=\"datePublished\" datetime=\"2018-10-04T10:16:12+02:00\" >2026-03-31 11:10:10<\/span><span class='av-structured-data'  itemprop=\"dateModified\" itemtype=\"https:\/\/schema.org\/dateModified\" >2026-04-03 11:19:06<\/span><span class='av-structured-data'  itemprop=\"mainEntityOfPage\" itemtype=\"https:\/\/schema.org\/mainEntityOfPage\" ><span itemprop='name'>Vous importez en Mayenne (53) : comment utiliser les r\u00e9gimes particuliers douaniers pour r\u00e9duire vos co\u00fbts et optimiser votre logistique ?<\/span><\/span><\/span><\/article><article class='slide-entry flex_column  post-entry post-entry-13829 slide-entry-overview slide-loop-3 slide-parity-odd  av_one_third  real-thumbnail posttype-post post-format-standard'  itemscope=\"itemscope\" itemtype=\"https:\/\/schema.org\/CreativeWork\" ><a href='https:\/\/www.transports-coue.fr\/fr\/quelles-solutions-de-dedouanement-export-pour-les-industriels-en-mayenne\/' data-rel='slide-1' class='slide-image' title='Quelles solutions de d\u00e9douanement export pour les industriels en Mayenne (53) ?'><img decoding=\"async\" fetchpriority=\"high\" width=\"845\" height=\"321\" src=\"https:\/\/www.transports-coue.fr\/wp-content\/uploads\/2026\/04\/sotecan-international-operations-dedouanement-import-export-base-mayenne-laval-2-web.webp\" class=\"wp-image-13831 avia-img-lazy-loading-not-13831 attachment-no scaling size-no scaling wp-post-image\" alt=\"Sotecan International d\u00e9douanement export en Mayenne \u00e0 Laval, formalit\u00e9s douani\u00e8res et logistique import export\" srcset=\"https:\/\/www.transports-coue.fr\/wp-content\/uploads\/2026\/04\/sotecan-international-operations-dedouanement-import-export-base-mayenne-laval-2-web.webp 845w, https:\/\/www.transports-coue.fr\/wp-content\/uploads\/2026\/04\/sotecan-international-operations-dedouanement-import-export-base-mayenne-laval-2-web-300x114.webp 300w, https:\/\/www.transports-coue.fr\/wp-content\/uploads\/2026\/04\/sotecan-international-operations-dedouanement-import-export-base-mayenne-laval-2-web-80x30.webp 80w, https:\/\/www.transports-coue.fr\/wp-content\/uploads\/2026\/04\/sotecan-international-operations-dedouanement-import-export-base-mayenne-laval-2-web-768x292.webp 768w, https:\/\/www.transports-coue.fr\/wp-content\/uploads\/2026\/04\/sotecan-international-operations-dedouanement-import-export-base-mayenne-laval-2-web-705x268.webp 705w\" sizes=\"(max-width: 845px) 100vw, 845px\" \/><\/a><div class=\"slide-content\"><header class=\"entry-content-header\" aria-label=\"Slide: Quelles solutions de d\u00e9douanement export pour les industriels en Mayenne (53) ?\"><h3 class='slide-entry-title entry-title '  itemprop=\"headline\" ><a href='https:\/\/www.transports-coue.fr\/fr\/quelles-solutions-de-dedouanement-export-pour-les-industriels-en-mayenne\/' title='Quelles solutions de d\u00e9douanement export pour les industriels en Mayenne (53) ?'>Quelles solutions de d\u00e9douanement export pour les industriels en Mayenne (53) ?<\/a><\/h3><span class=\"blog-categories minor-meta\"><a href=\"https:\/\/www.transports-coue.fr\/fr\/category\/actualites\/\" rel=\"tag\">Actualit\u00e9s<\/a>, <a href=\"https:\/\/www.transports-coue.fr\/fr\/category\/actualites\/developpement\/\" rel=\"tag\">D\u00e9veloppement<\/a>, <a href=\"https:\/\/www.transports-coue.fr\/fr\/category\/actualites\/developpement\/developpement-logistique\/\" rel=\"tag\">D\u00e9veloppement Logistique<\/a>, <a href=\"https:\/\/www.transports-coue.fr\/fr\/category\/actualites\/developpement\/developpement-overseas\/\" rel=\"tag\">D\u00e9veloppement Overseas<\/a>, <a href=\"https:\/\/www.transports-coue.fr\/fr\/category\/actualites\/developpement\/developpement-transport-containers\/\" rel=\"tag\">D\u00e9veloppement Transport Containers<\/a> <\/span><span class=\"av-vertical-delimiter\"><\/span><\/header><div class='slide-entry-excerpt entry-content'  itemprop=\"text\" >Apr\u00e8s une 1\u00e8re pr\u00e9sentation g\u00e9n\u00e9rale des Activit\u00e9s Douane Import \/ Export (post pr\u00e9c\u00e9dent) de notre entit\u00e9 SOTECAN INTERNATIONAL, focus sur chacune de nos expertises.\nAujourd\u2019hui : : le d\u00e9douanement EXPORT en Mayenne (53).\nBas\u00e9e\u2026<div class=\"read-more-link\"><a href=\"https:\/\/www.transports-coue.fr\/fr\/quelles-solutions-de-dedouanement-export-pour-les-industriels-en-mayenne\/\" class=\"more-link\">Lire la suite<span class='more-link-arrow avia-svg-icon avia-font-svg_entypo-fontello' data-av_svg_icon='right-open-big' data-av_iconset='svg_entypo-fontello'><svg version=\"1.1\" xmlns=\"http:\/\/www.w3.org\/2000\/svg\" width=\"15\" height=\"32\" viewBox=\"0 0 15 32\" preserveAspectRatio=\"xMidYMid meet\" role=\"graphics-symbol\" aria-hidden=\"true\">\n<path d=\"M0.416 27.84l11.456-11.84-11.456-11.904q-0.832-0.832 0-1.536 0.832-0.832 1.536 0l12.544 12.608q0.768 0.832 0 1.6l-12.544 12.608q-0.704 0.832-1.536 0-0.832-0.704 0-1.536z\"><\/path>\n<\/svg><\/span><\/a><\/div><\/div><\/div><footer class=\"entry-footer\"><div class=\"slide-meta\"><time class='slide-meta-time updated'  itemprop=\"datePublished\" datetime=\"2026-03-27T19:07:39+01:00\" >27 mars 2026<\/time><\/div><\/footer><span class='hidden'>\n\t\t\t\t<span class='av-structured-data'  itemprop=\"image\" itemscope=\"itemscope\" itemtype=\"https:\/\/schema.org\/ImageObject\" >\n\t\t\t\t\t\t<span itemprop='url'>https:\/\/www.transports-coue.fr\/wp-content\/uploads\/2026\/04\/sotecan-international-operations-dedouanement-import-export-base-mayenne-laval-2-web.webp<\/span>\n\t\t\t\t\t\t<span itemprop='height'>321<\/span>\n\t\t\t\t\t\t<span itemprop='width'>845<\/span>\n\t\t\t\t<\/span>\n\t\t\t\t<span class='av-structured-data'  itemprop=\"publisher\" itemtype=\"https:\/\/schema.org\/Organization\" itemscope=\"itemscope\" >\n\t\t\t\t\t\t<span itemprop='name'>Transports Cou\u00e9<\/span>\n\t\t\t\t\t\t<span itemprop='logo' itemscope itemtype='https:\/\/schema.org\/ImageObject'>\n\t\t\t\t\t\t\t<span itemprop='url'>https:\/\/www.transports-coue.fr\/wp-content\/uploads\/2018\/10\/Logo-transports-coue-300x119.png<\/span>\n\t\t\t\t\t\t<\/span>\n\t\t\t\t<\/span><span class='av-structured-data'  itemprop=\"author\" itemscope=\"itemscope\" itemtype=\"https:\/\/schema.org\/Person\" ><span itemprop='name'>Transports Cou\u00e9<\/span><\/span><span class='av-structured-data'  itemprop=\"datePublished\" datetime=\"2018-10-04T10:16:12+02:00\" >2026-03-27 19:07:39<\/span><span class='av-structured-data'  itemprop=\"dateModified\" itemtype=\"https:\/\/schema.org\/dateModified\" >2026-04-03 11:13:31<\/span><span class='av-structured-data'  itemprop=\"mainEntityOfPage\" itemtype=\"https:\/\/schema.org\/mainEntityOfPage\" ><span itemprop='name'>Quelles solutions de d\u00e9douanement export pour les industriels en Mayenne (53) ?<\/span><\/span><\/span><\/article><\/div><div class=\"slide-entry-wrap\"><article class='slide-entry flex_column  post-entry post-entry-13811 slide-entry-overview slide-loop-4 slide-parity-odd  av_one_third first real-thumbnail posttype-post post-format-standard'  itemscope=\"itemscope\" itemtype=\"https:\/\/schema.org\/CreativeWork\" ><a href='https:\/\/www.transports-coue.fr\/fr\/transport-multimodal-rail-route-quels-benefices-apres-lajustement-du-calendrier-a-laval\/' data-rel='slide-1' class='slide-image' title='Transport multimodal rail-route : quels b\u00e9n\u00e9fices apr\u00e8s l\u2019ajustement du calendrier \u00e0 Laval ?'><img decoding=\"async\" fetchpriority=\"high\" width=\"845\" height=\"321\" src=\"https:\/\/www.transports-coue.fr\/wp-content\/uploads\/2026\/03\/groupe-coue-trm-projet-multimodal-renforce-article-officiel-transporteurs.webp\" class=\"wp-image-13808 avia-img-lazy-loading-not-13808 attachment-no scaling size-no scaling wp-post-image\" alt=\"Train de fret sur voie ferr\u00e9e illustrant le projet multimodal rail-route \u00e0 Laval (53) port\u00e9 par le Groupe Cou\u00e9 pour une logistique durable\" srcset=\"https:\/\/www.transports-coue.fr\/wp-content\/uploads\/2026\/03\/groupe-coue-trm-projet-multimodal-renforce-article-officiel-transporteurs.webp 845w, https:\/\/www.transports-coue.fr\/wp-content\/uploads\/2026\/03\/groupe-coue-trm-projet-multimodal-renforce-article-officiel-transporteurs-300x114.webp 300w, https:\/\/www.transports-coue.fr\/wp-content\/uploads\/2026\/03\/groupe-coue-trm-projet-multimodal-renforce-article-officiel-transporteurs-80x30.webp 80w, https:\/\/www.transports-coue.fr\/wp-content\/uploads\/2026\/03\/groupe-coue-trm-projet-multimodal-renforce-article-officiel-transporteurs-768x292.webp 768w, https:\/\/www.transports-coue.fr\/wp-content\/uploads\/2026\/03\/groupe-coue-trm-projet-multimodal-renforce-article-officiel-transporteurs-705x268.webp 705w\" sizes=\"(max-width: 845px) 100vw, 845px\" \/><\/a><div class=\"slide-content\"><header class=\"entry-content-header\" aria-label=\"Slide: Transport multimodal rail-route : quels b\u00e9n\u00e9fices apr\u00e8s l\u2019ajustement du calendrier \u00e0 Laval ?\"><h3 class='slide-entry-title entry-title '  itemprop=\"headline\" ><a href='https:\/\/www.transports-coue.fr\/fr\/transport-multimodal-rail-route-quels-benefices-apres-lajustement-du-calendrier-a-laval\/' title='Transport multimodal rail-route : quels b\u00e9n\u00e9fices apr\u00e8s l\u2019ajustement du calendrier \u00e0 Laval ?'>Transport multimodal rail-route : quels b\u00e9n\u00e9fices apr\u00e8s l\u2019ajustement du calendrier \u00e0 Laval ?<\/a><\/h3><span class=\"blog-categories minor-meta\"><a href=\"https:\/\/www.transports-coue.fr\/fr\/category\/actualites\/\" rel=\"tag\">Actualit\u00e9s<\/a>, <a href=\"https:\/\/www.transports-coue.fr\/fr\/category\/actualites\/developpement\/\" rel=\"tag\">D\u00e9veloppement<\/a> <\/span><span class=\"av-vertical-delimiter\"><\/span><\/header><div class='slide-entry-excerpt entry-content'  itemprop=\"text\" >Projet multimodal Rail-Route \u00e0 Laval (53) : \u00e9volution du calendrier pour une performance renforc\u00e9e !\n\n\u00c0 lire dans l'Officiel des Transporteurs : notre dirigeant, Fran\u00e7ois Cou\u00e9, explique les raisons de cette trajectoire ajust\u00e9e et comment\u2026<div class=\"read-more-link\"><a href=\"https:\/\/www.transports-coue.fr\/fr\/transport-multimodal-rail-route-quels-benefices-apres-lajustement-du-calendrier-a-laval\/\" class=\"more-link\">Lire la suite<span class='more-link-arrow avia-svg-icon avia-font-svg_entypo-fontello' data-av_svg_icon='right-open-big' data-av_iconset='svg_entypo-fontello'><svg version=\"1.1\" xmlns=\"http:\/\/www.w3.org\/2000\/svg\" width=\"15\" height=\"32\" viewBox=\"0 0 15 32\" preserveAspectRatio=\"xMidYMid meet\" role=\"graphics-symbol\" aria-hidden=\"true\">\n<path d=\"M0.416 27.84l11.456-11.84-11.456-11.904q-0.832-0.832 0-1.536 0.832-0.832 1.536 0l12.544 12.608q0.768 0.832 0 1.6l-12.544 12.608q-0.704 0.832-1.536 0-0.832-0.704 0-1.536z\"><\/path>\n<\/svg><\/span><\/a><\/div><\/div><\/div><footer class=\"entry-footer\"><div class=\"slide-meta\"><time class='slide-meta-time updated'  itemprop=\"datePublished\" datetime=\"2026-03-26T16:32:32+01:00\" >26 mars 2026<\/time><\/div><\/footer><span class='hidden'>\n\t\t\t\t<span class='av-structured-data'  itemprop=\"image\" itemscope=\"itemscope\" itemtype=\"https:\/\/schema.org\/ImageObject\" >\n\t\t\t\t\t\t<span itemprop='url'>https:\/\/www.transports-coue.fr\/wp-content\/uploads\/2026\/03\/groupe-coue-trm-projet-multimodal-renforce-article-officiel-transporteurs.webp<\/span>\n\t\t\t\t\t\t<span itemprop='height'>321<\/span>\n\t\t\t\t\t\t<span itemprop='width'>845<\/span>\n\t\t\t\t<\/span>\n\t\t\t\t<span class='av-structured-data'  itemprop=\"publisher\" itemtype=\"https:\/\/schema.org\/Organization\" itemscope=\"itemscope\" >\n\t\t\t\t\t\t<span itemprop='name'>Transports Cou\u00e9<\/span>\n\t\t\t\t\t\t<span itemprop='logo' itemscope itemtype='https:\/\/schema.org\/ImageObject'>\n\t\t\t\t\t\t\t<span itemprop='url'>https:\/\/www.transports-coue.fr\/wp-content\/uploads\/2018\/10\/Logo-transports-coue-300x119.png<\/span>\n\t\t\t\t\t\t<\/span>\n\t\t\t\t<\/span><span class='av-structured-data'  itemprop=\"author\" itemscope=\"itemscope\" itemtype=\"https:\/\/schema.org\/Person\" ><span itemprop='name'>Transports Cou\u00e9<\/span><\/span><span class='av-structured-data'  itemprop=\"datePublished\" datetime=\"2018-10-04T10:16:12+02:00\" >2026-03-26 16:32:32<\/span><span class='av-structured-data'  itemprop=\"dateModified\" itemtype=\"https:\/\/schema.org\/dateModified\" >2026-03-31 16:36:38<\/span><span class='av-structured-data'  itemprop=\"mainEntityOfPage\" itemtype=\"https:\/\/schema.org\/mainEntityOfPage\" ><span itemprop='name'>Transport multimodal rail-route : quels b\u00e9n\u00e9fices apr\u00e8s l\u2019ajustement du calendrier \u00e0 Laval ?<\/span><\/span><\/span><\/article><article class='slide-entry flex_column  post-entry post-entry-13822 slide-entry-overview slide-loop-5 slide-parity-even  av_one_third  real-thumbnail posttype-post post-format-standard'  itemscope=\"itemscope\" itemtype=\"https:\/\/schema.org\/CreativeWork\" ><a href='https:\/\/www.transports-coue.fr\/fr\/comment-gerer-vos-operations-de-dedouanement-a-limport-et-a-lexport-en-mayenne\/' data-rel='slide-1' class='slide-image' title='Comment g\u00e9rer vos op\u00e9rations de d\u00e9douanement \u00e0 l\u2019import et \u00e0 l\u2019export en Mayenne ?'><img decoding=\"async\" fetchpriority=\"high\" width=\"845\" height=\"321\" src=\"https:\/\/www.transports-coue.fr\/wp-content\/uploads\/2026\/03\/sotecan-international-operations-dedouanement-import-export-base-mayenne-laval-web.webp\" class=\"wp-image-13821 avia-img-lazy-loading-not-13821 attachment-no scaling size-no scaling wp-post-image\" alt=\"Sotecan International \u00e0 Laval (Mayenne 53) expert en d\u00e9douanement import export, entrep\u00f4t agr\u00e9\u00e9 sous douane et gestion des flux internationaux\" srcset=\"https:\/\/www.transports-coue.fr\/wp-content\/uploads\/2026\/03\/sotecan-international-operations-dedouanement-import-export-base-mayenne-laval-web.webp 845w, https:\/\/www.transports-coue.fr\/wp-content\/uploads\/2026\/03\/sotecan-international-operations-dedouanement-import-export-base-mayenne-laval-web-300x114.webp 300w, https:\/\/www.transports-coue.fr\/wp-content\/uploads\/2026\/03\/sotecan-international-operations-dedouanement-import-export-base-mayenne-laval-web-80x30.webp 80w, https:\/\/www.transports-coue.fr\/wp-content\/uploads\/2026\/03\/sotecan-international-operations-dedouanement-import-export-base-mayenne-laval-web-768x292.webp 768w, https:\/\/www.transports-coue.fr\/wp-content\/uploads\/2026\/03\/sotecan-international-operations-dedouanement-import-export-base-mayenne-laval-web-705x268.webp 705w\" sizes=\"(max-width: 845px) 100vw, 845px\" \/><\/a><div class=\"slide-content\"><header class=\"entry-content-header\" aria-label=\"Slide: Comment g\u00e9rer vos op\u00e9rations de d\u00e9douanement \u00e0 l\u2019import et \u00e0 l\u2019export en Mayenne ?\"><h3 class='slide-entry-title entry-title '  itemprop=\"headline\" ><a href='https:\/\/www.transports-coue.fr\/fr\/comment-gerer-vos-operations-de-dedouanement-a-limport-et-a-lexport-en-mayenne\/' title='Comment g\u00e9rer vos op\u00e9rations de d\u00e9douanement \u00e0 l\u2019import et \u00e0 l\u2019export en Mayenne ?'>Comment g\u00e9rer vos op\u00e9rations de d\u00e9douanement \u00e0 l\u2019import et \u00e0 l\u2019export en Mayenne ?<\/a><\/h3><span class=\"blog-categories minor-meta\"><a href=\"https:\/\/www.transports-coue.fr\/fr\/category\/actualites\/\" rel=\"tag\">Actualit\u00e9s<\/a>, <a href=\"https:\/\/www.transports-coue.fr\/fr\/category\/actualites\/developpement\/\" rel=\"tag\">D\u00e9veloppement<\/a>, <a href=\"https:\/\/www.transports-coue.fr\/fr\/category\/actualites\/developpement\/developpement-logistique\/\" rel=\"tag\">D\u00e9veloppement Logistique<\/a>, <a href=\"https:\/\/www.transports-coue.fr\/fr\/category\/actualites\/developpement\/developpement-overseas\/\" rel=\"tag\">D\u00e9veloppement Overseas<\/a>, <a href=\"https:\/\/www.transports-coue.fr\/fr\/category\/actualites\/developpement\/developpement-transport-containers\/\" rel=\"tag\">D\u00e9veloppement Transport Containers<\/a> <\/span><span class=\"av-vertical-delimiter\"><\/span><\/header><div class='slide-entry-excerpt entry-content'  itemprop=\"text\" >Depuis Laval (Mayenne 53), SOTECAN INTERNATIONAL, notre entit\u00e9 import\/export, accompagne les entreprises mayennaises dans la gestion compl\u00e8te de leurs op\u00e9rations douani\u00e8res, pour tous types de marchandises (standards et mati\u00e8res dangereuses).\n\nNotre\u2026<div class=\"read-more-link\"><a href=\"https:\/\/www.transports-coue.fr\/fr\/comment-gerer-vos-operations-de-dedouanement-a-limport-et-a-lexport-en-mayenne\/\" class=\"more-link\">Lire la suite<span class='more-link-arrow avia-svg-icon avia-font-svg_entypo-fontello' data-av_svg_icon='right-open-big' data-av_iconset='svg_entypo-fontello'><svg version=\"1.1\" xmlns=\"http:\/\/www.w3.org\/2000\/svg\" width=\"15\" height=\"32\" viewBox=\"0 0 15 32\" preserveAspectRatio=\"xMidYMid meet\" role=\"graphics-symbol\" aria-hidden=\"true\">\n<path d=\"M0.416 27.84l11.456-11.84-11.456-11.904q-0.832-0.832 0-1.536 0.832-0.832 1.536 0l12.544 12.608q0.768 0.832 0 1.6l-12.544 12.608q-0.704 0.832-1.536 0-0.832-0.704 0-1.536z\"><\/path>\n<\/svg><\/span><\/a><\/div><\/div><\/div><footer class=\"entry-footer\"><div class=\"slide-meta\"><time class='slide-meta-time updated'  itemprop=\"datePublished\" datetime=\"2026-03-25T17:05:00+01:00\" >25 mars 2026<\/time><\/div><\/footer><span class='hidden'>\n\t\t\t\t<span class='av-structured-data'  itemprop=\"image\" itemscope=\"itemscope\" itemtype=\"https:\/\/schema.org\/ImageObject\" >\n\t\t\t\t\t\t<span itemprop='url'>https:\/\/www.transports-coue.fr\/wp-content\/uploads\/2026\/03\/sotecan-international-operations-dedouanement-import-export-base-mayenne-laval-web.webp<\/span>\n\t\t\t\t\t\t<span itemprop='height'>321<\/span>\n\t\t\t\t\t\t<span itemprop='width'>845<\/span>\n\t\t\t\t<\/span>\n\t\t\t\t<span class='av-structured-data'  itemprop=\"publisher\" itemtype=\"https:\/\/schema.org\/Organization\" itemscope=\"itemscope\" >\n\t\t\t\t\t\t<span itemprop='name'>Transports Cou\u00e9<\/span>\n\t\t\t\t\t\t<span itemprop='logo' itemscope itemtype='https:\/\/schema.org\/ImageObject'>\n\t\t\t\t\t\t\t<span itemprop='url'>https:\/\/www.transports-coue.fr\/wp-content\/uploads\/2018\/10\/Logo-transports-coue-300x119.png<\/span>\n\t\t\t\t\t\t<\/span>\n\t\t\t\t<\/span><span class='av-structured-data'  itemprop=\"author\" itemscope=\"itemscope\" itemtype=\"https:\/\/schema.org\/Person\" ><span itemprop='name'>Transports Cou\u00e9<\/span><\/span><span class='av-structured-data'  itemprop=\"datePublished\" datetime=\"2018-10-04T10:16:12+02:00\" >2026-03-25 17:05:00<\/span><span class='av-structured-data'  itemprop=\"dateModified\" itemtype=\"https:\/\/schema.org\/dateModified\" >2026-04-03 11:11:27<\/span><span class='av-structured-data'  itemprop=\"mainEntityOfPage\" itemtype=\"https:\/\/schema.org\/mainEntityOfPage\" ><span itemprop='name'>Comment g\u00e9rer vos op\u00e9rations de d\u00e9douanement \u00e0 l\u2019import et \u00e0 l\u2019export en Mayenne ?<\/span><\/span><\/span><\/article><article class='slide-entry flex_column  post-entry post-entry-13792 slide-entry-overview slide-loop-6 slide-parity-odd  av_one_third  real-thumbnail posttype-post post-format-standard'  itemscope=\"itemscope\" itemtype=\"https:\/\/schema.org\/CreativeWork\" ><a href='https:\/\/www.transports-coue.fr\/fr\/transport-routier-et-transition-energetique-820-tonnes-de-co%e2%82%82-economisees-grace-au-b100-et-biognv-en-2025\/' data-rel='slide-1' class='slide-image' title='Transport routier et transition \u00e9nerg\u00e9tique : 820 tonnes de CO\u2082 \u00e9conomis\u00e9es gr\u00e2ce au B100 et BioGNV en 2025'><img decoding=\"async\" fetchpriority=\"high\" width=\"845\" height=\"321\" src=\"https:\/\/www.transports-coue.fr\/wp-content\/uploads\/2026\/03\/groupe-coue-trm-transition-energetique-b100-biognv-bilan-2025.webp\" class=\"wp-image-13793 avia-img-lazy-loading-not-13793 attachment-no scaling size-no scaling wp-post-image\" alt=\"Transition \u00e9nerg\u00e9tique transport routier : camion Groupe Cou\u00e9 TRM et bilan 2025 avec 820 tonnes de CO2 \u00e9conomis\u00e9es gr\u00e2ce B100 et BioGNV\" srcset=\"https:\/\/www.transports-coue.fr\/wp-content\/uploads\/2026\/03\/groupe-coue-trm-transition-energetique-b100-biognv-bilan-2025.webp 845w, https:\/\/www.transports-coue.fr\/wp-content\/uploads\/2026\/03\/groupe-coue-trm-transition-energetique-b100-biognv-bilan-2025-300x114.webp 300w, https:\/\/www.transports-coue.fr\/wp-content\/uploads\/2026\/03\/groupe-coue-trm-transition-energetique-b100-biognv-bilan-2025-80x30.webp 80w, https:\/\/www.transports-coue.fr\/wp-content\/uploads\/2026\/03\/groupe-coue-trm-transition-energetique-b100-biognv-bilan-2025-768x292.webp 768w, https:\/\/www.transports-coue.fr\/wp-content\/uploads\/2026\/03\/groupe-coue-trm-transition-energetique-b100-biognv-bilan-2025-705x268.webp 705w\" sizes=\"(max-width: 845px) 100vw, 845px\" \/><\/a><div class=\"slide-content\"><header class=\"entry-content-header\" aria-label=\"Slide: Transport routier et transition \u00e9nerg\u00e9tique : 820 tonnes de CO\u2082 \u00e9conomis\u00e9es gr\u00e2ce au B100 et BioGNV en 2025\"><h3 class='slide-entry-title entry-title '  itemprop=\"headline\" ><a href='https:\/\/www.transports-coue.fr\/fr\/transport-routier-et-transition-energetique-820-tonnes-de-co%e2%82%82-economisees-grace-au-b100-et-biognv-en-2025\/' title='Transport routier et transition \u00e9nerg\u00e9tique : 820 tonnes de CO\u2082 \u00e9conomis\u00e9es gr\u00e2ce au B100 et BioGNV en 2025'>Transport routier et transition \u00e9nerg\u00e9tique : 820 tonnes de CO\u2082 \u00e9conomis\u00e9es gr\u00e2ce au B100 et BioGNV en 2025<\/a><\/h3><span class=\"blog-categories minor-meta\"><a href=\"https:\/\/www.transports-coue.fr\/fr\/category\/actualites\/\" rel=\"tag\">Actualit\u00e9s<\/a>, <a href=\"https:\/\/www.transports-coue.fr\/fr\/category\/actualites\/developpement\/\" rel=\"tag\">D\u00e9veloppement<\/a> <\/span><span class=\"av-vertical-delimiter\"><\/span><\/header><div class='slide-entry-excerpt entry-content'  itemprop=\"text\" >Transition \u00e9nerg\u00e9tique : une trajectoire qui s\u2019acc\u00e9l\u00e8re.\nSuite \u00e0 la r\u00e9ception de nos r\u00e9sultats 2025 li\u00e9s \u00e0 l'utilisation du carburant B100 d'Oleo100, cumul\u00e9s \u00e0 notre consommation de Bio GNV, nous sommes fiers d'annoncer l'obtention\u2026<div class=\"read-more-link\"><a href=\"https:\/\/www.transports-coue.fr\/fr\/transport-routier-et-transition-energetique-820-tonnes-de-co%e2%82%82-economisees-grace-au-b100-et-biognv-en-2025\/\" class=\"more-link\">Lire la suite<span class='more-link-arrow avia-svg-icon avia-font-svg_entypo-fontello' data-av_svg_icon='right-open-big' data-av_iconset='svg_entypo-fontello'><svg version=\"1.1\" xmlns=\"http:\/\/www.w3.org\/2000\/svg\" width=\"15\" height=\"32\" viewBox=\"0 0 15 32\" preserveAspectRatio=\"xMidYMid meet\" role=\"graphics-symbol\" aria-hidden=\"true\">\n<path d=\"M0.416 27.84l11.456-11.84-11.456-11.904q-0.832-0.832 0-1.536 0.832-0.832 1.536 0l12.544 12.608q0.768 0.832 0 1.6l-12.544 12.608q-0.704 0.832-1.536 0-0.832-0.704 0-1.536z\"><\/path>\n<\/svg><\/span><\/a><\/div><\/div><\/div><footer class=\"entry-footer\"><div class=\"slide-meta\"><time class='slide-meta-time updated'  itemprop=\"datePublished\" datetime=\"2026-03-13T17:02:00+01:00\" >13 mars 2026<\/time><\/div><\/footer><span class='hidden'>\n\t\t\t\t<span class='av-structured-data'  itemprop=\"image\" itemscope=\"itemscope\" itemtype=\"https:\/\/schema.org\/ImageObject\" >\n\t\t\t\t\t\t<span itemprop='url'>https:\/\/www.transports-coue.fr\/wp-content\/uploads\/2026\/03\/groupe-coue-trm-transition-energetique-b100-biognv-bilan-2025.webp<\/span>\n\t\t\t\t\t\t<span itemprop='height'>321<\/span>\n\t\t\t\t\t\t<span itemprop='width'>845<\/span>\n\t\t\t\t<\/span>\n\t\t\t\t<span class='av-structured-data'  itemprop=\"publisher\" itemtype=\"https:\/\/schema.org\/Organization\" itemscope=\"itemscope\" >\n\t\t\t\t\t\t<span itemprop='name'>Transports Cou\u00e9<\/span>\n\t\t\t\t\t\t<span itemprop='logo' itemscope itemtype='https:\/\/schema.org\/ImageObject'>\n\t\t\t\t\t\t\t<span itemprop='url'>https:\/\/www.transports-coue.fr\/wp-content\/uploads\/2018\/10\/Logo-transports-coue-300x119.png<\/span>\n\t\t\t\t\t\t<\/span>\n\t\t\t\t<\/span><span class='av-structured-data'  itemprop=\"author\" itemscope=\"itemscope\" itemtype=\"https:\/\/schema.org\/Person\" ><span itemprop='name'>Transports Cou\u00e9<\/span><\/span><span class='av-structured-data'  itemprop=\"datePublished\" datetime=\"2018-10-04T10:16:12+02:00\" >2026-03-13 17:02:00<\/span><span class='av-structured-data'  itemprop=\"dateModified\" itemtype=\"https:\/\/schema.org\/dateModified\" >2026-04-02 09:44:36<\/span><span class='av-structured-data'  itemprop=\"mainEntityOfPage\" itemtype=\"https:\/\/schema.org\/mainEntityOfPage\" ><span itemprop='name'>Transport routier et transition \u00e9nerg\u00e9tique : 820 tonnes de CO\u2082 \u00e9conomis\u00e9es gr\u00e2ce au B100 et BioGNV en 2025<\/span><\/span><\/span><\/article><\/div><div class=\"slide-entry-wrap\"><article class='slide-entry flex_column  post-entry post-entry-13770 slide-entry-overview slide-loop-7 slide-parity-odd  av_one_third first real-thumbnail posttype-post post-format-standard'  itemscope=\"itemscope\" itemtype=\"https:\/\/schema.org\/CreativeWork\" ><a href='https:\/\/www.transports-coue.fr\/fr\/sotecan-international-basee-a-laval-53-pilote-les-flux-import-export-des-importateurs-et-exportateurs-mayennais\/' data-rel='slide-1' class='slide-image' title='Sotecan International, bas\u00e9e \u00e0 Laval (53), pilote les flux import\/export des importateurs et exportateurs mayennais'><img decoding=\"async\" fetchpriority=\"high\" width=\"845\" height=\"321\" src=\"https:\/\/www.transports-coue.fr\/wp-content\/uploads\/2026\/03\/sotecan-international-operations-douane-import-export-base-mayenne-laval-web-3.webp\" class=\"wp-image-13775 avia-img-lazy-loading-not-13775 attachment-no scaling size-no scaling wp-post-image\" alt=\"Sotecan International \u00e0 Laval (53), transitaire sp\u00e9cialis\u00e9 en d\u00e9douanement import export et entrep\u00f4t sous douane pour transport international\" srcset=\"https:\/\/www.transports-coue.fr\/wp-content\/uploads\/2026\/03\/sotecan-international-operations-douane-import-export-base-mayenne-laval-web-3.webp 845w, https:\/\/www.transports-coue.fr\/wp-content\/uploads\/2026\/03\/sotecan-international-operations-douane-import-export-base-mayenne-laval-web-3-300x114.webp 300w, https:\/\/www.transports-coue.fr\/wp-content\/uploads\/2026\/03\/sotecan-international-operations-douane-import-export-base-mayenne-laval-web-3-80x30.webp 80w, https:\/\/www.transports-coue.fr\/wp-content\/uploads\/2026\/03\/sotecan-international-operations-douane-import-export-base-mayenne-laval-web-3-768x292.webp 768w, https:\/\/www.transports-coue.fr\/wp-content\/uploads\/2026\/03\/sotecan-international-operations-douane-import-export-base-mayenne-laval-web-3-705x268.webp 705w\" sizes=\"(max-width: 845px) 100vw, 845px\" \/><\/a><div class=\"slide-content\"><header class=\"entry-content-header\" aria-label=\"Slide: Sotecan International, bas\u00e9e \u00e0 Laval (53), pilote les flux import\/export des importateurs et exportateurs mayennais\"><h3 class='slide-entry-title entry-title '  itemprop=\"headline\" ><a href='https:\/\/www.transports-coue.fr\/fr\/sotecan-international-basee-a-laval-53-pilote-les-flux-import-export-des-importateurs-et-exportateurs-mayennais\/' title='Sotecan International, bas\u00e9e \u00e0 Laval (53), pilote les flux import\/export des importateurs et exportateurs mayennais'>Sotecan International, bas\u00e9e \u00e0 Laval (53), pilote les flux import\/export des importateurs et exportateurs mayennais<\/a><\/h3><span class=\"blog-categories minor-meta\"><a href=\"https:\/\/www.transports-coue.fr\/fr\/category\/actualites\/\" rel=\"tag\">Actualit\u00e9s<\/a>, <a href=\"https:\/\/www.transports-coue.fr\/fr\/category\/actualites\/developpement\/developpement-overseas\/\" rel=\"tag\">D\u00e9veloppement Overseas<\/a>, <a href=\"https:\/\/www.transports-coue.fr\/fr\/category\/actualites\/evenements\/evenement-overseas\/\" rel=\"tag\">Ev\u00e9nements Overseas<\/a> <\/span><span class=\"av-vertical-delimiter\"><\/span><\/header><div class='slide-entry-excerpt entry-content'  itemprop=\"text\" >Depuis Laval (53), SOTECAN INTERNATIONAL (Groupe Cou\u00e9 TRM), accompagne les acteurs \u00e9conomiques mayennais dans leurs op\u00e9rations d'import-export.\nExpertise douani\u00e8re :\n\n\n \tD\u00e9douanement import \/ export \u00e0 Laval\n \tEntrep\u00f4t sous douane + LADT\u2026<div class=\"read-more-link\"><a href=\"https:\/\/www.transports-coue.fr\/fr\/sotecan-international-basee-a-laval-53-pilote-les-flux-import-export-des-importateurs-et-exportateurs-mayennais\/\" class=\"more-link\">Lire la suite<span class='more-link-arrow avia-svg-icon avia-font-svg_entypo-fontello' data-av_svg_icon='right-open-big' data-av_iconset='svg_entypo-fontello'><svg version=\"1.1\" xmlns=\"http:\/\/www.w3.org\/2000\/svg\" width=\"15\" height=\"32\" viewBox=\"0 0 15 32\" preserveAspectRatio=\"xMidYMid meet\" role=\"graphics-symbol\" aria-hidden=\"true\">\n<path d=\"M0.416 27.84l11.456-11.84-11.456-11.904q-0.832-0.832 0-1.536 0.832-0.832 1.536 0l12.544 12.608q0.768 0.832 0 1.6l-12.544 12.608q-0.704 0.832-1.536 0-0.832-0.704 0-1.536z\"><\/path>\n<\/svg><\/span><\/a><\/div><\/div><\/div><footer class=\"entry-footer\"><div class=\"slide-meta\"><time class='slide-meta-time updated'  itemprop=\"datePublished\" datetime=\"2026-03-04T15:33:02+01:00\" >4 mars 2026<\/time><\/div><\/footer><span class='hidden'>\n\t\t\t\t<span class='av-structured-data'  itemprop=\"image\" itemscope=\"itemscope\" itemtype=\"https:\/\/schema.org\/ImageObject\" >\n\t\t\t\t\t\t<span itemprop='url'>https:\/\/www.transports-coue.fr\/wp-content\/uploads\/2026\/03\/sotecan-international-operations-douane-import-export-base-mayenne-laval-web-3.webp<\/span>\n\t\t\t\t\t\t<span itemprop='height'>321<\/span>\n\t\t\t\t\t\t<span itemprop='width'>845<\/span>\n\t\t\t\t<\/span>\n\t\t\t\t<span class='av-structured-data'  itemprop=\"publisher\" itemtype=\"https:\/\/schema.org\/Organization\" itemscope=\"itemscope\" >\n\t\t\t\t\t\t<span itemprop='name'>Transports Cou\u00e9<\/span>\n\t\t\t\t\t\t<span itemprop='logo' itemscope itemtype='https:\/\/schema.org\/ImageObject'>\n\t\t\t\t\t\t\t<span itemprop='url'>https:\/\/www.transports-coue.fr\/wp-content\/uploads\/2018\/10\/Logo-transports-coue-300x119.png<\/span>\n\t\t\t\t\t\t<\/span>\n\t\t\t\t<\/span><span class='av-structured-data'  itemprop=\"author\" itemscope=\"itemscope\" itemtype=\"https:\/\/schema.org\/Person\" ><span itemprop='name'>Transports Cou\u00e9<\/span><\/span><span class='av-structured-data'  itemprop=\"datePublished\" datetime=\"2018-10-04T10:16:12+02:00\" >2026-03-04 15:33:02<\/span><span class='av-structured-data'  itemprop=\"dateModified\" itemtype=\"https:\/\/schema.org\/dateModified\" >2026-03-04 15:50:45<\/span><span class='av-structured-data'  itemprop=\"mainEntityOfPage\" itemtype=\"https:\/\/schema.org\/mainEntityOfPage\" ><span itemprop='name'>Sotecan International, bas\u00e9e \u00e0 Laval (53), pilote les flux import\/export des importateurs et exportateurs mayennais<\/span><\/span><\/span><\/article><article class='slide-entry flex_column  post-entry post-entry-13699 slide-entry-overview slide-loop-8 slide-parity-even  av_one_third  real-thumbnail posttype-post post-format-standard'  itemscope=\"itemscope\" itemtype=\"https:\/\/schema.org\/CreativeWork\" ><a href='https:\/\/www.transports-coue.fr\/fr\/transport-de-nutrition-animale-en-citerne-vrac-securite-qualite-certifiees-qualimat-oqualim\/' data-rel='slide-1' class='slide-image' title='Transport de nutrition animale en citerne vrac : s\u00e9curit\u00e9, qualit\u00e9 certifi\u00e9es Qualimat \/ Oqualim'><img decoding=\"async\" fetchpriority=\"high\" width=\"1690\" height=\"642\" src=\"https:\/\/www.transports-coue.fr\/wp-content\/uploads\/2026\/02\/groupe-coue-trm-transport-citerne-vrac-nutrition-animale-1.webp\" class=\"wp-image-13697 avia-img-lazy-loading-not-13697 attachment-no scaling size-no scaling wp-post-image\" alt=\"Camion citerne Transports Cou\u00e9 d\u00e9di\u00e9 au transport de vrac en nutrition animale, stationn\u00e9 sur site industriel, logistique sp\u00e9cialis\u00e9e\" srcset=\"https:\/\/www.transports-coue.fr\/wp-content\/uploads\/2026\/02\/groupe-coue-trm-transport-citerne-vrac-nutrition-animale-1.webp 1690w, https:\/\/www.transports-coue.fr\/wp-content\/uploads\/2026\/02\/groupe-coue-trm-transport-citerne-vrac-nutrition-animale-1-300x114.webp 300w, https:\/\/www.transports-coue.fr\/wp-content\/uploads\/2026\/02\/groupe-coue-trm-transport-citerne-vrac-nutrition-animale-1-1030x391.webp 1030w, https:\/\/www.transports-coue.fr\/wp-content\/uploads\/2026\/02\/groupe-coue-trm-transport-citerne-vrac-nutrition-animale-1-80x30.webp 80w, https:\/\/www.transports-coue.fr\/wp-content\/uploads\/2026\/02\/groupe-coue-trm-transport-citerne-vrac-nutrition-animale-1-768x292.webp 768w, https:\/\/www.transports-coue.fr\/wp-content\/uploads\/2026\/02\/groupe-coue-trm-transport-citerne-vrac-nutrition-animale-1-1536x583.webp 1536w, https:\/\/www.transports-coue.fr\/wp-content\/uploads\/2026\/02\/groupe-coue-trm-transport-citerne-vrac-nutrition-animale-1-1500x570.webp 1500w, https:\/\/www.transports-coue.fr\/wp-content\/uploads\/2026\/02\/groupe-coue-trm-transport-citerne-vrac-nutrition-animale-1-705x268.webp 705w, https:\/\/www.transports-coue.fr\/wp-content\/uploads\/2026\/02\/groupe-coue-trm-transport-citerne-vrac-nutrition-animale-1-845x321.webp 845w\" sizes=\"(max-width: 1690px) 100vw, 1690px\" \/><\/a><div class=\"slide-content\"><header class=\"entry-content-header\" aria-label=\"Slide: Transport de nutrition animale en citerne vrac : s\u00e9curit\u00e9, qualit\u00e9 certifi\u00e9es Qualimat \/ Oqualim\"><h3 class='slide-entry-title entry-title '  itemprop=\"headline\" ><a href='https:\/\/www.transports-coue.fr\/fr\/transport-de-nutrition-animale-en-citerne-vrac-securite-qualite-certifiees-qualimat-oqualim\/' title='Transport de nutrition animale en citerne vrac : s\u00e9curit\u00e9, qualit\u00e9 certifi\u00e9es Qualimat \/ Oqualim'>Transport de nutrition animale en citerne vrac : s\u00e9curit\u00e9, qualit\u00e9 certifi\u00e9es Qualimat \/ Oqualim<\/a><\/h3><span class=\"blog-categories minor-meta\"><a href=\"https:\/\/www.transports-coue.fr\/fr\/category\/actualites\/\" rel=\"tag\">Actualit\u00e9s<\/a>, <a href=\"https:\/\/www.transports-coue.fr\/fr\/category\/actualites\/developpement\/\" rel=\"tag\">D\u00e9veloppement<\/a> <\/span><span class=\"av-vertical-delimiter\"><\/span><\/header><div class='slide-entry-excerpt entry-content'  itemprop=\"text\" >En photo, transport d\u2019aliments pour b\u00e9tail en vrac, citernes sp\u00e9cialis\u00e9es, conduite ma\u00eetris\u00e9e, qualit\u00e9 des produits pr\u00e9serv\u00e9e \u00e0 chaque \u00e9tape du parcours.\nChaque jour, nos camions citernes vrac sillonnent les routes pour assurer l\u2019acheminement\u2026<div class=\"read-more-link\"><a href=\"https:\/\/www.transports-coue.fr\/fr\/transport-de-nutrition-animale-en-citerne-vrac-securite-qualite-certifiees-qualimat-oqualim\/\" class=\"more-link\">Lire la suite<span class='more-link-arrow avia-svg-icon avia-font-svg_entypo-fontello' data-av_svg_icon='right-open-big' data-av_iconset='svg_entypo-fontello'><svg version=\"1.1\" xmlns=\"http:\/\/www.w3.org\/2000\/svg\" width=\"15\" height=\"32\" viewBox=\"0 0 15 32\" preserveAspectRatio=\"xMidYMid meet\" role=\"graphics-symbol\" aria-hidden=\"true\">\n<path d=\"M0.416 27.84l11.456-11.84-11.456-11.904q-0.832-0.832 0-1.536 0.832-0.832 1.536 0l12.544 12.608q0.768 0.832 0 1.6l-12.544 12.608q-0.704 0.832-1.536 0-0.832-0.704 0-1.536z\"><\/path>\n<\/svg><\/span><\/a><\/div><\/div><\/div><footer class=\"entry-footer\"><div class=\"slide-meta\"><time class='slide-meta-time updated'  itemprop=\"datePublished\" datetime=\"2026-02-09T17:55:49+01:00\" >9 f\u00e9vrier 2026<\/time><\/div><\/footer><span class='hidden'>\n\t\t\t\t<span class='av-structured-data'  itemprop=\"image\" itemscope=\"itemscope\" itemtype=\"https:\/\/schema.org\/ImageObject\" >\n\t\t\t\t\t\t<span itemprop='url'>https:\/\/www.transports-coue.fr\/wp-content\/uploads\/2026\/02\/groupe-coue-trm-transport-citerne-vrac-nutrition-animale-1.webp<\/span>\n\t\t\t\t\t\t<span itemprop='height'>642<\/span>\n\t\t\t\t\t\t<span itemprop='width'>1690<\/span>\n\t\t\t\t<\/span>\n\t\t\t\t<span class='av-structured-data'  itemprop=\"publisher\" itemtype=\"https:\/\/schema.org\/Organization\" itemscope=\"itemscope\" >\n\t\t\t\t\t\t<span itemprop='name'>Transports Cou\u00e9<\/span>\n\t\t\t\t\t\t<span itemprop='logo' itemscope itemtype='https:\/\/schema.org\/ImageObject'>\n\t\t\t\t\t\t\t<span itemprop='url'>https:\/\/www.transports-coue.fr\/wp-content\/uploads\/2018\/10\/Logo-transports-coue-300x119.png<\/span>\n\t\t\t\t\t\t<\/span>\n\t\t\t\t<\/span><span class='av-structured-data'  itemprop=\"author\" itemscope=\"itemscope\" itemtype=\"https:\/\/schema.org\/Person\" ><span itemprop='name'>Transports Cou\u00e9<\/span><\/span><span class='av-structured-data'  itemprop=\"datePublished\" datetime=\"2018-10-04T10:16:12+02:00\" >2026-02-09 17:55:49<\/span><span class='av-structured-data'  itemprop=\"dateModified\" itemtype=\"https:\/\/schema.org\/dateModified\" >2026-02-10 14:57:07<\/span><span class='av-structured-data'  itemprop=\"mainEntityOfPage\" itemtype=\"https:\/\/schema.org\/mainEntityOfPage\" ><span itemprop='name'>Transport de nutrition animale en citerne vrac : s\u00e9curit\u00e9, qualit\u00e9 certifi\u00e9es Qualimat \/ Oqualim<\/span><\/span><\/span><\/article><article class='slide-entry flex_column  post-entry post-entry-13464 slide-entry-overview slide-loop-9 slide-parity-odd  av_one_third  real-thumbnail posttype-post post-format-standard'  itemscope=\"itemscope\" itemtype=\"https:\/\/schema.org\/CreativeWork\" ><a href='https:\/\/www.transports-coue.fr\/fr\/13470-tonnes-de-co2-economises-grace-a-nos-transports-en-bio-gnv\/' data-rel='slide-1' class='slide-image' title='134,70 tonnes de CO2 \u00e9conomis\u00e9s gr\u00e2ce \u00e0 nos transports en Bio GNV'><img decoding=\"async\" fetchpriority=\"high\" width=\"845\" height=\"321\" src=\"https:\/\/www.transports-coue.fr\/wp-content\/uploads\/2026\/01\/groupe-coue-transition-energetique-biognv-web-1.webp\" class=\"wp-image-13468 avia-img-lazy-loading-not-13468 attachment-no scaling size-no scaling wp-post-image\" alt=\"Camion du Groupe Cou\u00e9 TRM roulant au coucher du soleil, illustrant 134,70 tonnes de CO\u2082 \u00e9conomis\u00e9es en 2025 gr\u00e2ce au transport routier en bio GNV\" srcset=\"https:\/\/www.transports-coue.fr\/wp-content\/uploads\/2026\/01\/groupe-coue-transition-energetique-biognv-web-1.webp 845w, https:\/\/www.transports-coue.fr\/wp-content\/uploads\/2026\/01\/groupe-coue-transition-energetique-biognv-web-1-300x114.webp 300w, https:\/\/www.transports-coue.fr\/wp-content\/uploads\/2026\/01\/groupe-coue-transition-energetique-biognv-web-1-80x30.webp 80w, https:\/\/www.transports-coue.fr\/wp-content\/uploads\/2026\/01\/groupe-coue-transition-energetique-biognv-web-1-768x292.webp 768w, https:\/\/www.transports-coue.fr\/wp-content\/uploads\/2026\/01\/groupe-coue-transition-energetique-biognv-web-1-705x268.webp 705w\" sizes=\"(max-width: 845px) 100vw, 845px\" \/><\/a><div class=\"slide-content\"><header class=\"entry-content-header\" aria-label=\"Slide: 134,70 tonnes de CO2 \u00e9conomis\u00e9s gr\u00e2ce \u00e0 nos transports en Bio GNV\"><h3 class='slide-entry-title entry-title '  itemprop=\"headline\" ><a href='https:\/\/www.transports-coue.fr\/fr\/13470-tonnes-de-co2-economises-grace-a-nos-transports-en-bio-gnv\/' title='134,70 tonnes de CO2 \u00e9conomis\u00e9s gr\u00e2ce \u00e0 nos transports en Bio GNV'>134,70 tonnes de CO2 \u00e9conomis\u00e9s gr\u00e2ce \u00e0 nos transports en Bio GNV<\/a><\/h3><span class=\"blog-categories minor-meta\"><a href=\"https:\/\/www.transports-coue.fr\/fr\/category\/actualites\/\" rel=\"tag\">Actualit\u00e9s<\/a>, <a href=\"https:\/\/www.transports-coue.fr\/fr\/category\/actualites\/developpement\/\" rel=\"tag\">D\u00e9veloppement<\/a> <\/span><span class=\"av-vertical-delimiter\"><\/span><\/header><div class='slide-entry-excerpt entry-content'  itemprop=\"text\" >Le Groupe Cou\u00e9 TRM poursuit concr\u00e8tement sa transition \u00e9nerg\u00e9tique : gr\u00e2ce aux transports effectu\u00e9s en Bio GNV cette ann\u00e9e, nous avons \u00e9conomis\u00e9 134,7 tonnes de CO\u2082.\nUn chiffre qui refl\u00e8te une r\u00e9alit\u00e9 terrain :\n\n\n \tdes choix d\u2019investissements\u2026<div class=\"read-more-link\"><a href=\"https:\/\/www.transports-coue.fr\/fr\/13470-tonnes-de-co2-economises-grace-a-nos-transports-en-bio-gnv\/\" class=\"more-link\">Lire la suite<span class='more-link-arrow avia-svg-icon avia-font-svg_entypo-fontello' data-av_svg_icon='right-open-big' data-av_iconset='svg_entypo-fontello'><svg version=\"1.1\" xmlns=\"http:\/\/www.w3.org\/2000\/svg\" width=\"15\" height=\"32\" viewBox=\"0 0 15 32\" preserveAspectRatio=\"xMidYMid meet\" role=\"graphics-symbol\" aria-hidden=\"true\">\n<path d=\"M0.416 27.84l11.456-11.84-11.456-11.904q-0.832-0.832 0-1.536 0.832-0.832 1.536 0l12.544 12.608q0.768 0.832 0 1.6l-12.544 12.608q-0.704 0.832-1.536 0-0.832-0.704 0-1.536z\"><\/path>\n<\/svg><\/span><\/a><\/div><\/div><\/div><footer class=\"entry-footer\"><div class=\"slide-meta\"><time class='slide-meta-time updated'  itemprop=\"datePublished\" datetime=\"2026-01-30T10:16:53+01:00\" >30 janvier 2026<\/time><\/div><\/footer><span class='hidden'>\n\t\t\t\t<span class='av-structured-data'  itemprop=\"image\" itemscope=\"itemscope\" itemtype=\"https:\/\/schema.org\/ImageObject\" >\n\t\t\t\t\t\t<span itemprop='url'>https:\/\/www.transports-coue.fr\/wp-content\/uploads\/2026\/01\/groupe-coue-transition-energetique-biognv-web-1.webp<\/span>\n\t\t\t\t\t\t<span itemprop='height'>321<\/span>\n\t\t\t\t\t\t<span itemprop='width'>845<\/span>\n\t\t\t\t<\/span>\n\t\t\t\t<span class='av-structured-data'  itemprop=\"publisher\" itemtype=\"https:\/\/schema.org\/Organization\" itemscope=\"itemscope\" >\n\t\t\t\t\t\t<span itemprop='name'>Transports Cou\u00e9<\/span>\n\t\t\t\t\t\t<span itemprop='logo' itemscope itemtype='https:\/\/schema.org\/ImageObject'>\n\t\t\t\t\t\t\t<span itemprop='url'>https:\/\/www.transports-coue.fr\/wp-content\/uploads\/2018\/10\/Logo-transports-coue-300x119.png<\/span>\n\t\t\t\t\t\t<\/span>\n\t\t\t\t<\/span><span class='av-structured-data'  itemprop=\"author\" itemscope=\"itemscope\" itemtype=\"https:\/\/schema.org\/Person\" ><span itemprop='name'>Transports Cou\u00e9<\/span><\/span><span class='av-structured-data'  itemprop=\"datePublished\" datetime=\"2018-10-04T10:16:12+02:00\" >2026-01-30 10:16:53<\/span><span class='av-structured-data'  itemprop=\"dateModified\" itemtype=\"https:\/\/schema.org\/dateModified\" >2026-01-30 10:21:29<\/span><span class='av-structured-data'  itemprop=\"mainEntityOfPage\" itemtype=\"https:\/\/schema.org\/mainEntityOfPage\" ><span itemprop='name'>134,70 tonnes de CO2 \u00e9conomis\u00e9s gr\u00e2ce \u00e0 nos transports en Bio GNV<\/span><\/span><\/span><\/article><\/div><div class=\"slide-entry-wrap\"><article class='slide-entry flex_column  post-entry post-entry-12807 slide-entry-overview slide-loop-10 slide-parity-odd  av_one_third first real-thumbnail posttype-post post-format-standard'  itemscope=\"itemscope\" itemtype=\"https:\/\/schema.org\/CreativeWork\" ><a href='https:\/\/www.transports-coue.fr\/fr\/apres-lactivite-import-export-et-le-transport-de-container-la-logistique-du-groupe-coue-est-certifie-oea\/' data-rel='slide-1' class='slide-image' title='Apr\u00e8s l&rsquo;activit\u00e9 Import-Export et le Transport de Container, la logistique du Groupe Cou\u00e9 est certifi\u00e9 OEA'><img decoding=\"async\" fetchpriority=\"high\" width=\"845\" height=\"321\" src=\"https:\/\/www.transports-coue.fr\/wp-content\/uploads\/2025\/10\/groupe-coue-trm-logistique-certifiee-oea-securite-surete.webp\" class=\"wp-image-12808 avia-img-lazy-loading-not-12808 attachment-no scaling size-no scaling wp-post-image\" alt=\"Entrep\u00f4ts Cou\u00e9 Logistique \u00e0 Laval certifi\u00e9s OEA, s\u00e9curit\u00e9, s\u00fbret\u00e9, conformit\u00e9 douani\u00e8re et performance logistique\" srcset=\"https:\/\/www.transports-coue.fr\/wp-content\/uploads\/2025\/10\/groupe-coue-trm-logistique-certifiee-oea-securite-surete.webp 845w, https:\/\/www.transports-coue.fr\/wp-content\/uploads\/2025\/10\/groupe-coue-trm-logistique-certifiee-oea-securite-surete-300x114.webp 300w, https:\/\/www.transports-coue.fr\/wp-content\/uploads\/2025\/10\/groupe-coue-trm-logistique-certifiee-oea-securite-surete-80x30.webp 80w, https:\/\/www.transports-coue.fr\/wp-content\/uploads\/2025\/10\/groupe-coue-trm-logistique-certifiee-oea-securite-surete-768x292.webp 768w, https:\/\/www.transports-coue.fr\/wp-content\/uploads\/2025\/10\/groupe-coue-trm-logistique-certifiee-oea-securite-surete-705x268.webp 705w\" sizes=\"(max-width: 845px) 100vw, 845px\" \/><\/a><div class=\"slide-content\"><header class=\"entry-content-header\" aria-label=\"Slide: Apr\u00e8s l&#039;activit\u00e9 Import-Export et le Transport de Container, la logistique du Groupe Cou\u00e9 est certifi\u00e9 OEA\"><h3 class='slide-entry-title entry-title '  itemprop=\"headline\" ><a href='https:\/\/www.transports-coue.fr\/fr\/apres-lactivite-import-export-et-le-transport-de-container-la-logistique-du-groupe-coue-est-certifie-oea\/' title='Apr\u00e8s l&rsquo;activit\u00e9 Import-Export et le Transport de Container, la logistique du Groupe Cou\u00e9 est certifi\u00e9 OEA'>Apr\u00e8s l&rsquo;activit\u00e9 Import-Export et le Transport de Container, la logistique du Groupe Cou\u00e9 est certifi\u00e9 OEA<\/a><\/h3><span class=\"blog-categories minor-meta\"><a href=\"https:\/\/www.transports-coue.fr\/fr\/category\/actualites\/\" rel=\"tag\">Actualit\u00e9s<\/a>, <a href=\"https:\/\/www.transports-coue.fr\/fr\/category\/actualites\/developpement\/\" rel=\"tag\">D\u00e9veloppement<\/a>, <a href=\"https:\/\/www.transports-coue.fr\/fr\/category\/actualites\/developpement\/developpement-logistique\/\" rel=\"tag\">D\u00e9veloppement Logistique<\/a>, <a href=\"https:\/\/www.transports-coue.fr\/fr\/category\/actualites\/developpement\/developpement-overseas\/\" rel=\"tag\">D\u00e9veloppement Overseas<\/a> <\/span><span class=\"av-vertical-delimiter\"><\/span><\/header><div class='slide-entry-excerpt entry-content'  itemprop=\"text\" >Nouvelle \u00e9tape dans la d\u00e9marche s\u00e9curit\u00e9 s\u00fbret\u00e9 du Groupe Cou\u00e9 TRM\nApr\u00e8s SOTECAN INTERNATIONAL (Import\/Export) et TCM (Transport de Container), c\u2019est au tour de Cou\u00e9 Logistique d'obtenir la certification OEA (Op\u00e9rateur \u00c9conomique\u2026<div class=\"read-more-link\"><a href=\"https:\/\/www.transports-coue.fr\/fr\/apres-lactivite-import-export-et-le-transport-de-container-la-logistique-du-groupe-coue-est-certifie-oea\/\" class=\"more-link\">Lire la suite<span class='more-link-arrow avia-svg-icon avia-font-svg_entypo-fontello' data-av_svg_icon='right-open-big' data-av_iconset='svg_entypo-fontello'><svg version=\"1.1\" xmlns=\"http:\/\/www.w3.org\/2000\/svg\" width=\"15\" height=\"32\" viewBox=\"0 0 15 32\" preserveAspectRatio=\"xMidYMid meet\" role=\"graphics-symbol\" aria-hidden=\"true\">\n<path d=\"M0.416 27.84l11.456-11.84-11.456-11.904q-0.832-0.832 0-1.536 0.832-0.832 1.536 0l12.544 12.608q0.768 0.832 0 1.6l-12.544 12.608q-0.704 0.832-1.536 0-0.832-0.704 0-1.536z\"><\/path>\n<\/svg><\/span><\/a><\/div><\/div><\/div><footer class=\"entry-footer\"><div class=\"slide-meta\"><time class='slide-meta-time updated'  itemprop=\"datePublished\" datetime=\"2025-10-24T11:07:47+02:00\" >24 octobre 2025<\/time><\/div><\/footer><span class='hidden'>\n\t\t\t\t<span class='av-structured-data'  itemprop=\"image\" itemscope=\"itemscope\" itemtype=\"https:\/\/schema.org\/ImageObject\" >\n\t\t\t\t\t\t<span itemprop='url'>https:\/\/www.transports-coue.fr\/wp-content\/uploads\/2025\/10\/groupe-coue-trm-logistique-certifiee-oea-securite-surete.webp<\/span>\n\t\t\t\t\t\t<span itemprop='height'>321<\/span>\n\t\t\t\t\t\t<span itemprop='width'>845<\/span>\n\t\t\t\t<\/span>\n\t\t\t\t<span class='av-structured-data'  itemprop=\"publisher\" itemtype=\"https:\/\/schema.org\/Organization\" itemscope=\"itemscope\" >\n\t\t\t\t\t\t<span itemprop='name'>Transports Cou\u00e9<\/span>\n\t\t\t\t\t\t<span itemprop='logo' itemscope itemtype='https:\/\/schema.org\/ImageObject'>\n\t\t\t\t\t\t\t<span itemprop='url'>https:\/\/www.transports-coue.fr\/wp-content\/uploads\/2018\/10\/Logo-transports-coue-300x119.png<\/span>\n\t\t\t\t\t\t<\/span>\n\t\t\t\t<\/span><span class='av-structured-data'  itemprop=\"author\" itemscope=\"itemscope\" itemtype=\"https:\/\/schema.org\/Person\" ><span itemprop='name'>Transports Cou\u00e9<\/span><\/span><span class='av-structured-data'  itemprop=\"datePublished\" datetime=\"2018-10-04T10:16:12+02:00\" >2025-10-24 11:07:47<\/span><span class='av-structured-data'  itemprop=\"dateModified\" itemtype=\"https:\/\/schema.org\/dateModified\" >2025-10-31 10:42:16<\/span><span class='av-structured-data'  itemprop=\"mainEntityOfPage\" itemtype=\"https:\/\/schema.org\/mainEntityOfPage\" ><span itemprop='name'>Apr\u00e8s l&rsquo;activit\u00e9 Import-Export et le Transport de Container, la logistique du Groupe Cou\u00e9 est certifi\u00e9 OEA<\/span><\/span><\/span><\/article><article class='slide-entry flex_column  post-entry post-entry-12768 slide-entry-overview slide-loop-11 slide-parity-even  av_one_third  real-thumbnail posttype-post post-format-standard'  itemscope=\"itemscope\" itemtype=\"https:\/\/schema.org\/CreativeWork\" ><a href='https:\/\/www.transports-coue.fr\/fr\/developpement-de-lactivite-transport-par-benne-cerealiere-pour-le-vrac-agricole\/' data-rel='slide-1' class='slide-image' title='D\u00e9veloppement de l&rsquo;activit\u00e9 Transport par Benne C\u00e9r\u00e9ali\u00e8re pour le vrac agricole'><img decoding=\"async\" fetchpriority=\"high\" width=\"1690\" height=\"642\" src=\"https:\/\/www.transports-coue.fr\/wp-content\/uploads\/2025\/10\/transports-coue-transport-benne-cerealiere-web-2-1.webp\" class=\"wp-image-12787 avia-img-lazy-loading-not-12787 attachment-no scaling size-no scaling wp-post-image\" alt=\"Transport Cou\u00e9 par benne c\u00e9r\u00e9ali\u00e8re charg\u00e9e de ma\u00efs sur exploitation agricole, service de transport vrac agricole bl\u00e9 ma\u00efs soja sorgho\" srcset=\"https:\/\/www.transports-coue.fr\/wp-content\/uploads\/2025\/10\/transports-coue-transport-benne-cerealiere-web-2-1.webp 1690w, https:\/\/www.transports-coue.fr\/wp-content\/uploads\/2025\/10\/transports-coue-transport-benne-cerealiere-web-2-1-300x114.webp 300w, https:\/\/www.transports-coue.fr\/wp-content\/uploads\/2025\/10\/transports-coue-transport-benne-cerealiere-web-2-1-1030x391.webp 1030w, https:\/\/www.transports-coue.fr\/wp-content\/uploads\/2025\/10\/transports-coue-transport-benne-cerealiere-web-2-1-80x30.webp 80w, https:\/\/www.transports-coue.fr\/wp-content\/uploads\/2025\/10\/transports-coue-transport-benne-cerealiere-web-2-1-768x292.webp 768w, https:\/\/www.transports-coue.fr\/wp-content\/uploads\/2025\/10\/transports-coue-transport-benne-cerealiere-web-2-1-1536x583.webp 1536w, https:\/\/www.transports-coue.fr\/wp-content\/uploads\/2025\/10\/transports-coue-transport-benne-cerealiere-web-2-1-1500x570.webp 1500w, https:\/\/www.transports-coue.fr\/wp-content\/uploads\/2025\/10\/transports-coue-transport-benne-cerealiere-web-2-1-705x268.webp 705w, https:\/\/www.transports-coue.fr\/wp-content\/uploads\/2025\/10\/transports-coue-transport-benne-cerealiere-web-2-1-845x321.webp 845w\" sizes=\"(max-width: 1690px) 100vw, 1690px\" \/><\/a><div class=\"slide-content\"><header class=\"entry-content-header\" aria-label=\"Slide: D\u00e9veloppement de l&#039;activit\u00e9 Transport par Benne C\u00e9r\u00e9ali\u00e8re pour le vrac agricole\"><h3 class='slide-entry-title entry-title '  itemprop=\"headline\" ><a href='https:\/\/www.transports-coue.fr\/fr\/developpement-de-lactivite-transport-par-benne-cerealiere-pour-le-vrac-agricole\/' title='D\u00e9veloppement de l&rsquo;activit\u00e9 Transport par Benne C\u00e9r\u00e9ali\u00e8re pour le vrac agricole'>D\u00e9veloppement de l&rsquo;activit\u00e9 Transport par Benne C\u00e9r\u00e9ali\u00e8re pour le vrac agricole<\/a><\/h3><span class=\"blog-categories minor-meta\"><a href=\"https:\/\/www.transports-coue.fr\/fr\/category\/actualites\/\" rel=\"tag\">Actualit\u00e9s<\/a>, <a href=\"https:\/\/www.transports-coue.fr\/fr\/category\/actualites\/developpement\/\" rel=\"tag\">D\u00e9veloppement<\/a> <\/span><span class=\"av-vertical-delimiter\"><\/span><\/header><div class='slide-entry-excerpt entry-content'  itemprop=\"text\" >Nous \u00e9largissons notre champ d\u2019action avec une nouvelle activit\u00e9 d\u00e9velopp\u00e9e par notre site alsacien, \u00e0 Balgau : le transport par benne c\u00e9r\u00e9ali\u00e8re !\nCette nouvelle solution de transport d\u2019une capacit\u00e9 de 54 m\u00b3 \u00e9quip\u00e9e d\u2019un d\u00e9b\u00e2chage\u2026<div class=\"read-more-link\"><a href=\"https:\/\/www.transports-coue.fr\/fr\/developpement-de-lactivite-transport-par-benne-cerealiere-pour-le-vrac-agricole\/\" class=\"more-link\">Lire la suite<span class='more-link-arrow avia-svg-icon avia-font-svg_entypo-fontello' data-av_svg_icon='right-open-big' data-av_iconset='svg_entypo-fontello'><svg version=\"1.1\" xmlns=\"http:\/\/www.w3.org\/2000\/svg\" width=\"15\" height=\"32\" viewBox=\"0 0 15 32\" preserveAspectRatio=\"xMidYMid meet\" role=\"graphics-symbol\" aria-hidden=\"true\">\n<path d=\"M0.416 27.84l11.456-11.84-11.456-11.904q-0.832-0.832 0-1.536 0.832-0.832 1.536 0l12.544 12.608q0.768 0.832 0 1.6l-12.544 12.608q-0.704 0.832-1.536 0-0.832-0.704 0-1.536z\"><\/path>\n<\/svg><\/span><\/a><\/div><\/div><\/div><footer class=\"entry-footer\"><div class=\"slide-meta\"><time class='slide-meta-time updated'  itemprop=\"datePublished\" datetime=\"2025-10-16T16:13:58+02:00\" >16 octobre 2025<\/time><\/div><\/footer><span class='hidden'>\n\t\t\t\t<span class='av-structured-data'  itemprop=\"image\" itemscope=\"itemscope\" itemtype=\"https:\/\/schema.org\/ImageObject\" >\n\t\t\t\t\t\t<span itemprop='url'>https:\/\/www.transports-coue.fr\/wp-content\/uploads\/2025\/10\/transports-coue-transport-benne-cerealiere-web-2-1.webp<\/span>\n\t\t\t\t\t\t<span itemprop='height'>642<\/span>\n\t\t\t\t\t\t<span itemprop='width'>1690<\/span>\n\t\t\t\t<\/span>\n\t\t\t\t<span class='av-structured-data'  itemprop=\"publisher\" itemtype=\"https:\/\/schema.org\/Organization\" itemscope=\"itemscope\" >\n\t\t\t\t\t\t<span itemprop='name'>Transports Cou\u00e9<\/span>\n\t\t\t\t\t\t<span itemprop='logo' itemscope itemtype='https:\/\/schema.org\/ImageObject'>\n\t\t\t\t\t\t\t<span itemprop='url'>https:\/\/www.transports-coue.fr\/wp-content\/uploads\/2018\/10\/Logo-transports-coue-300x119.png<\/span>\n\t\t\t\t\t\t<\/span>\n\t\t\t\t<\/span><span class='av-structured-data'  itemprop=\"author\" itemscope=\"itemscope\" itemtype=\"https:\/\/schema.org\/Person\" ><span itemprop='name'>Transports Cou\u00e9<\/span><\/span><span class='av-structured-data'  itemprop=\"datePublished\" datetime=\"2018-10-04T10:16:12+02:00\" >2025-10-16 16:13:58<\/span><span class='av-structured-data'  itemprop=\"dateModified\" itemtype=\"https:\/\/schema.org\/dateModified\" >2025-10-17 17:31:10<\/span><span class='av-structured-data'  itemprop=\"mainEntityOfPage\" itemtype=\"https:\/\/schema.org\/mainEntityOfPage\" ><span itemprop='name'>D\u00e9veloppement de l&rsquo;activit\u00e9 Transport par Benne C\u00e9r\u00e9ali\u00e8re pour le vrac agricole<\/span><\/span><\/span><\/article><article class='slide-entry flex_column  post-entry post-entry-11995 slide-entry-overview slide-loop-12 slide-parity-odd  av_one_third  real-thumbnail posttype-post post-format-standard'  itemscope=\"itemscope\" itemtype=\"https:\/\/schema.org\/CreativeWork\" ><a href='https:\/\/www.transports-coue.fr\/fr\/le-groupe-coue-se-prepare-a-un-retour-en-force-dans-le-rail-route\/' data-rel='slide-1' class='slide-image' title='Le Groupe Cou\u00e9 se pr\u00e9pare \u00e0 un retour en force dans le rail-route !'><img decoding=\"async\" fetchpriority=\"high\" width=\"1690\" height=\"642\" src=\"https:\/\/www.transports-coue.fr\/wp-content\/uploads\/2025\/08\/groupe-coue-projet-rail-route-laval-53-web.webp\" class=\"wp-image-11997 avia-img-lazy-loading-not-11997 attachment-no scaling size-no scaling wp-post-image\" alt=\"Groupe Cou\u00e9 op\u00e9rateur projet rail route Laval\" srcset=\"https:\/\/www.transports-coue.fr\/wp-content\/uploads\/2025\/08\/groupe-coue-projet-rail-route-laval-53-web.webp 1690w, https:\/\/www.transports-coue.fr\/wp-content\/uploads\/2025\/08\/groupe-coue-projet-rail-route-laval-53-web-300x114.webp 300w, https:\/\/www.transports-coue.fr\/wp-content\/uploads\/2025\/08\/groupe-coue-projet-rail-route-laval-53-web-1030x391.webp 1030w, https:\/\/www.transports-coue.fr\/wp-content\/uploads\/2025\/08\/groupe-coue-projet-rail-route-laval-53-web-80x30.webp 80w, https:\/\/www.transports-coue.fr\/wp-content\/uploads\/2025\/08\/groupe-coue-projet-rail-route-laval-53-web-768x292.webp 768w, https:\/\/www.transports-coue.fr\/wp-content\/uploads\/2025\/08\/groupe-coue-projet-rail-route-laval-53-web-1536x583.webp 1536w, https:\/\/www.transports-coue.fr\/wp-content\/uploads\/2025\/08\/groupe-coue-projet-rail-route-laval-53-web-1500x570.webp 1500w, https:\/\/www.transports-coue.fr\/wp-content\/uploads\/2025\/08\/groupe-coue-projet-rail-route-laval-53-web-705x268.webp 705w, https:\/\/www.transports-coue.fr\/wp-content\/uploads\/2025\/08\/groupe-coue-projet-rail-route-laval-53-web-845x321.webp 845w\" sizes=\"(max-width: 1690px) 100vw, 1690px\" \/><\/a><div class=\"slide-content\"><header class=\"entry-content-header\" aria-label=\"Slide: Le Groupe Cou\u00e9 se pr\u00e9pare \u00e0 un retour en force dans le rail-route !\"><h3 class='slide-entry-title entry-title '  itemprop=\"headline\" ><a href='https:\/\/www.transports-coue.fr\/fr\/le-groupe-coue-se-prepare-a-un-retour-en-force-dans-le-rail-route\/' title='Le Groupe Cou\u00e9 se pr\u00e9pare \u00e0 un retour en force dans le rail-route !'>Le Groupe Cou\u00e9 se pr\u00e9pare \u00e0 un retour en force dans le rail-route !<\/a><\/h3><span class=\"blog-categories minor-meta\"><a href=\"https:\/\/www.transports-coue.fr\/fr\/category\/actualites\/\" rel=\"tag\">Actualit\u00e9s<\/a>, <a href=\"https:\/\/www.transports-coue.fr\/fr\/category\/actualites\/developpement\/\" rel=\"tag\">D\u00e9veloppement<\/a>, <a href=\"https:\/\/www.transports-coue.fr\/fr\/category\/actualites\/developpement\/developpement-overseas\/\" rel=\"tag\">D\u00e9veloppement Overseas<\/a> <\/span><span class=\"av-vertical-delimiter\"><\/span><\/header><div class='slide-entry-excerpt entry-content'  itemprop=\"text\" >Merci \u00e0 Transport Info.fr pour l\u2019interview de notre dirigeant Fran\u00e7ois Cou\u00e9, qui met en lumi\u00e8re nos projets et les enjeux majeurs du transport d\u2019aujourd\u2019hui et de demain\nFran\u00e7ois Cou\u00e9, (groupe Cou\u00e9) : \u201cNous sommes bien occup\u00e9s\u2026<div class=\"read-more-link\"><a href=\"https:\/\/www.transports-coue.fr\/fr\/le-groupe-coue-se-prepare-a-un-retour-en-force-dans-le-rail-route\/\" class=\"more-link\">Lire la suite<span class='more-link-arrow avia-svg-icon avia-font-svg_entypo-fontello' data-av_svg_icon='right-open-big' data-av_iconset='svg_entypo-fontello'><svg version=\"1.1\" xmlns=\"http:\/\/www.w3.org\/2000\/svg\" width=\"15\" height=\"32\" viewBox=\"0 0 15 32\" preserveAspectRatio=\"xMidYMid meet\" role=\"graphics-symbol\" aria-hidden=\"true\">\n<path d=\"M0.416 27.84l11.456-11.84-11.456-11.904q-0.832-0.832 0-1.536 0.832-0.832 1.536 0l12.544 12.608q0.768 0.832 0 1.6l-12.544 12.608q-0.704 0.832-1.536 0-0.832-0.704 0-1.536z\"><\/path>\n<\/svg><\/span><\/a><\/div><\/div><\/div><footer class=\"entry-footer\"><div class=\"slide-meta\"><time class='slide-meta-time updated'  itemprop=\"datePublished\" datetime=\"2025-08-20T18:03:43+02:00\" >20 ao\u00fbt 2025<\/time><\/div><\/footer><span class='hidden'>\n\t\t\t\t<span class='av-structured-data'  itemprop=\"image\" itemscope=\"itemscope\" itemtype=\"https:\/\/schema.org\/ImageObject\" >\n\t\t\t\t\t\t<span itemprop='url'>https:\/\/www.transports-coue.fr\/wp-content\/uploads\/2025\/08\/groupe-coue-projet-rail-route-laval-53-web.webp<\/span>\n\t\t\t\t\t\t<span itemprop='height'>642<\/span>\n\t\t\t\t\t\t<span itemprop='width'>1690<\/span>\n\t\t\t\t<\/span>\n\t\t\t\t<span class='av-structured-data'  itemprop=\"publisher\" itemtype=\"https:\/\/schema.org\/Organization\" itemscope=\"itemscope\" >\n\t\t\t\t\t\t<span itemprop='name'>Transports Cou\u00e9<\/span>\n\t\t\t\t\t\t<span itemprop='logo' itemscope itemtype='https:\/\/schema.org\/ImageObject'>\n\t\t\t\t\t\t\t<span itemprop='url'>https:\/\/www.transports-coue.fr\/wp-content\/uploads\/2018\/10\/Logo-transports-coue-300x119.png<\/span>\n\t\t\t\t\t\t<\/span>\n\t\t\t\t<\/span><span class='av-structured-data'  itemprop=\"author\" itemscope=\"itemscope\" itemtype=\"https:\/\/schema.org\/Person\" ><span itemprop='name'>Transports Cou\u00e9<\/span><\/span><span class='av-structured-data'  itemprop=\"datePublished\" datetime=\"2018-10-04T10:16:12+02:00\" >2025-08-20 18:03:43<\/span><span class='av-structured-data'  itemprop=\"dateModified\" itemtype=\"https:\/\/schema.org\/dateModified\" >2025-10-17 18:40:43<\/span><span class='av-structured-data'  itemprop=\"mainEntityOfPage\" itemtype=\"https:\/\/schema.org\/mainEntityOfPage\" ><span itemprop='name'>Le Groupe Cou\u00e9 se pr\u00e9pare \u00e0 un retour en force dans le rail-route !<\/span><\/span><\/span><\/article><\/div><div class=\"slide-entry-wrap\"><article class='slide-entry flex_column  post-entry post-entry-11968 slide-entry-overview slide-loop-13 slide-parity-odd  av_one_third first real-thumbnail posttype-post post-format-standard'  itemscope=\"itemscope\" itemtype=\"https:\/\/schema.org\/CreativeWork\" ><a href='https:\/\/www.transports-coue.fr\/fr\/developpement-de-nos-capacites-logistiques-3pl-a-laval-53-pays-de-loire\/' data-rel='slide-1' class='slide-image' title='D\u00e9veloppement de nos capacit\u00e9s logistiques 3PL \u00e0 Laval (53, Pays-de-Loire)'><img decoding=\"async\" fetchpriority=\"high\" width=\"1690\" height=\"642\" src=\"https:\/\/www.transports-coue.fr\/wp-content\/uploads\/2025\/07\/groupe-coue-trm-solution-logistique-3pl-web.webp\" class=\"wp-image-11969 avia-img-lazy-loading-not-11969 attachment-no scaling size-no scaling wp-post-image\" alt=\"Groupe Cou\u00e9 TRM d\u00e9veloppement capacit\u00e9s de stockage logistique 3PL\" srcset=\"https:\/\/www.transports-coue.fr\/wp-content\/uploads\/2025\/07\/groupe-coue-trm-solution-logistique-3pl-web.webp 1690w, https:\/\/www.transports-coue.fr\/wp-content\/uploads\/2025\/07\/groupe-coue-trm-solution-logistique-3pl-web-300x114.webp 300w, https:\/\/www.transports-coue.fr\/wp-content\/uploads\/2025\/07\/groupe-coue-trm-solution-logistique-3pl-web-1030x391.webp 1030w, https:\/\/www.transports-coue.fr\/wp-content\/uploads\/2025\/07\/groupe-coue-trm-solution-logistique-3pl-web-80x30.webp 80w, https:\/\/www.transports-coue.fr\/wp-content\/uploads\/2025\/07\/groupe-coue-trm-solution-logistique-3pl-web-768x292.webp 768w, https:\/\/www.transports-coue.fr\/wp-content\/uploads\/2025\/07\/groupe-coue-trm-solution-logistique-3pl-web-1536x583.webp 1536w, https:\/\/www.transports-coue.fr\/wp-content\/uploads\/2025\/07\/groupe-coue-trm-solution-logistique-3pl-web-1500x570.webp 1500w, https:\/\/www.transports-coue.fr\/wp-content\/uploads\/2025\/07\/groupe-coue-trm-solution-logistique-3pl-web-705x268.webp 705w, https:\/\/www.transports-coue.fr\/wp-content\/uploads\/2025\/07\/groupe-coue-trm-solution-logistique-3pl-web-845x321.webp 845w\" sizes=\"(max-width: 1690px) 100vw, 1690px\" \/><\/a><div class=\"slide-content\"><header class=\"entry-content-header\" aria-label=\"Slide: D\u00e9veloppement de nos capacit\u00e9s logistiques 3PL \u00e0 Laval (53, Pays-de-Loire)\"><h3 class='slide-entry-title entry-title '  itemprop=\"headline\" ><a href='https:\/\/www.transports-coue.fr\/fr\/developpement-de-nos-capacites-logistiques-3pl-a-laval-53-pays-de-loire\/' title='D\u00e9veloppement de nos capacit\u00e9s logistiques 3PL \u00e0 Laval (53, Pays-de-Loire)'>D\u00e9veloppement de nos capacit\u00e9s logistiques 3PL \u00e0 Laval (53, Pays-de-Loire)<\/a><\/h3><span class=\"blog-categories minor-meta\"><a href=\"https:\/\/www.transports-coue.fr\/fr\/category\/actualites\/\" rel=\"tag\">Actualit\u00e9s<\/a>, <a href=\"https:\/\/www.transports-coue.fr\/fr\/category\/actualites\/developpement\/\" rel=\"tag\">D\u00e9veloppement<\/a>, <a href=\"https:\/\/www.transports-coue.fr\/fr\/category\/actualites\/developpement\/developpement-logistique\/\" rel=\"tag\">D\u00e9veloppement Logistique<\/a> <\/span><span class=\"av-vertical-delimiter\"><\/span><\/header><div class='slide-entry-excerpt entry-content'  itemprop=\"text\" >A proximit\u00e9 imm\u00e9diate des grands axes routiers, au c\u0153ur de l'Ouest, nous disposons actuellement de capacit\u00e9s suppl\u00e9mentaires de stockage en rack ou en masse\u00a0adapt\u00e9es \u00e0 toutes vos marchandises des plus simples au plus sensibles.\nUn environnement\u2026<div class=\"read-more-link\"><a href=\"https:\/\/www.transports-coue.fr\/fr\/developpement-de-nos-capacites-logistiques-3pl-a-laval-53-pays-de-loire\/\" class=\"more-link\">Lire la suite<span class='more-link-arrow avia-svg-icon avia-font-svg_entypo-fontello' data-av_svg_icon='right-open-big' data-av_iconset='svg_entypo-fontello'><svg version=\"1.1\" xmlns=\"http:\/\/www.w3.org\/2000\/svg\" width=\"15\" height=\"32\" viewBox=\"0 0 15 32\" preserveAspectRatio=\"xMidYMid meet\" role=\"graphics-symbol\" aria-hidden=\"true\">\n<path d=\"M0.416 27.84l11.456-11.84-11.456-11.904q-0.832-0.832 0-1.536 0.832-0.832 1.536 0l12.544 12.608q0.768 0.832 0 1.6l-12.544 12.608q-0.704 0.832-1.536 0-0.832-0.704 0-1.536z\"><\/path>\n<\/svg><\/span><\/a><\/div><\/div><\/div><footer class=\"entry-footer\"><div class=\"slide-meta\"><time class='slide-meta-time updated'  itemprop=\"datePublished\" datetime=\"2025-07-11T14:47:28+02:00\" >11 juillet 2025<\/time><\/div><\/footer><span class='hidden'>\n\t\t\t\t<span class='av-structured-data'  itemprop=\"image\" itemscope=\"itemscope\" itemtype=\"https:\/\/schema.org\/ImageObject\" >\n\t\t\t\t\t\t<span itemprop='url'>https:\/\/www.transports-coue.fr\/wp-content\/uploads\/2025\/07\/groupe-coue-trm-solution-logistique-3pl-web.webp<\/span>\n\t\t\t\t\t\t<span itemprop='height'>642<\/span>\n\t\t\t\t\t\t<span itemprop='width'>1690<\/span>\n\t\t\t\t<\/span>\n\t\t\t\t<span class='av-structured-data'  itemprop=\"publisher\" itemtype=\"https:\/\/schema.org\/Organization\" itemscope=\"itemscope\" >\n\t\t\t\t\t\t<span itemprop='name'>Transports Cou\u00e9<\/span>\n\t\t\t\t\t\t<span itemprop='logo' itemscope itemtype='https:\/\/schema.org\/ImageObject'>\n\t\t\t\t\t\t\t<span itemprop='url'>https:\/\/www.transports-coue.fr\/wp-content\/uploads\/2018\/10\/Logo-transports-coue-300x119.png<\/span>\n\t\t\t\t\t\t<\/span>\n\t\t\t\t<\/span><span class='av-structured-data'  itemprop=\"author\" itemscope=\"itemscope\" itemtype=\"https:\/\/schema.org\/Person\" ><span itemprop='name'>Transports Cou\u00e9<\/span><\/span><span class='av-structured-data'  itemprop=\"datePublished\" datetime=\"2018-10-04T10:16:12+02:00\" >2025-07-11 14:47:28<\/span><span class='av-structured-data'  itemprop=\"dateModified\" itemtype=\"https:\/\/schema.org\/dateModified\" >2025-10-17 19:02:23<\/span><span class='av-structured-data'  itemprop=\"mainEntityOfPage\" itemtype=\"https:\/\/schema.org\/mainEntityOfPage\" ><span itemprop='name'>D\u00e9veloppement de nos capacit\u00e9s logistiques 3PL \u00e0 Laval (53, Pays-de-Loire)<\/span><\/span><\/span><\/article><article class='slide-entry flex_column  post-entry post-entry-11930 slide-entry-overview slide-loop-14 slide-parity-even  av_one_third  real-thumbnail posttype-post post-format-standard'  itemscope=\"itemscope\" itemtype=\"https:\/\/schema.org\/CreativeWork\" ><a href='https:\/\/www.transports-coue.fr\/fr\/transport-vrac-daliments-pour-la-nutrition-animale-certifie-qualimat\/' data-rel='slide-1' class='slide-image' title='Transport vrac d&rsquo;aliments pour la nutrition animale, certifi\u00e9 Qualimat'><img decoding=\"async\" fetchpriority=\"high\" width=\"1690\" height=\"642\" src=\"https:\/\/www.transports-coue.fr\/wp-content\/uploads\/2025\/06\/transports-coue-certifies-qualimat-securite-transport-aliment-animaux-web.webp\" class=\"wp-image-11931 avia-img-lazy-loading-not-11931 attachment-no scaling size-no scaling wp-post-image\" alt=\"Transport vrac d&#039;aliments pour animaux certifi\u00e9 Qualimat\" srcset=\"https:\/\/www.transports-coue.fr\/wp-content\/uploads\/2025\/06\/transports-coue-certifies-qualimat-securite-transport-aliment-animaux-web.webp 1690w, https:\/\/www.transports-coue.fr\/wp-content\/uploads\/2025\/06\/transports-coue-certifies-qualimat-securite-transport-aliment-animaux-web-300x114.webp 300w, https:\/\/www.transports-coue.fr\/wp-content\/uploads\/2025\/06\/transports-coue-certifies-qualimat-securite-transport-aliment-animaux-web-1030x391.webp 1030w, https:\/\/www.transports-coue.fr\/wp-content\/uploads\/2025\/06\/transports-coue-certifies-qualimat-securite-transport-aliment-animaux-web-80x30.webp 80w, https:\/\/www.transports-coue.fr\/wp-content\/uploads\/2025\/06\/transports-coue-certifies-qualimat-securite-transport-aliment-animaux-web-768x292.webp 768w, https:\/\/www.transports-coue.fr\/wp-content\/uploads\/2025\/06\/transports-coue-certifies-qualimat-securite-transport-aliment-animaux-web-1536x583.webp 1536w, https:\/\/www.transports-coue.fr\/wp-content\/uploads\/2025\/06\/transports-coue-certifies-qualimat-securite-transport-aliment-animaux-web-1500x570.webp 1500w, https:\/\/www.transports-coue.fr\/wp-content\/uploads\/2025\/06\/transports-coue-certifies-qualimat-securite-transport-aliment-animaux-web-705x268.webp 705w, https:\/\/www.transports-coue.fr\/wp-content\/uploads\/2025\/06\/transports-coue-certifies-qualimat-securite-transport-aliment-animaux-web-845x321.webp 845w\" sizes=\"(max-width: 1690px) 100vw, 1690px\" \/><\/a><div class=\"slide-content\"><header class=\"entry-content-header\" aria-label=\"Slide: Transport vrac d&#039;aliments pour la nutrition animale, certifi\u00e9 Qualimat\"><h3 class='slide-entry-title entry-title '  itemprop=\"headline\" ><a href='https:\/\/www.transports-coue.fr\/fr\/transport-vrac-daliments-pour-la-nutrition-animale-certifie-qualimat\/' title='Transport vrac d&rsquo;aliments pour la nutrition animale, certifi\u00e9 Qualimat'>Transport vrac d&rsquo;aliments pour la nutrition animale, certifi\u00e9 Qualimat<\/a><\/h3><span class=\"blog-categories minor-meta\"><a href=\"https:\/\/www.transports-coue.fr\/fr\/category\/actualites\/\" rel=\"tag\">Actualit\u00e9s<\/a>, <a href=\"https:\/\/www.transports-coue.fr\/fr\/category\/actualites\/developpement\/\" rel=\"tag\">D\u00e9veloppement<\/a> <\/span><span class=\"av-vertical-delimiter\"><\/span><\/header><div class='slide-entry-excerpt entry-content'  itemprop=\"text\" >\ud83c\udd95 Transports Cou\u00e9 certifi\u00e9s QUALIMAT = Transport\u00a0 \ud83d\ude9b hygi\u00e8ne et s\u00e9curis\u00e9 des aliments pour animaux ! \ud83d\udc04\ud83d\udc13\nCe label est une reconnaissance de notre rigueur, de notre professionnalisme et de notre respect des bonnes pratiques dans\u2026<div class=\"read-more-link\"><a href=\"https:\/\/www.transports-coue.fr\/fr\/transport-vrac-daliments-pour-la-nutrition-animale-certifie-qualimat\/\" class=\"more-link\">Lire la suite<span class='more-link-arrow avia-svg-icon avia-font-svg_entypo-fontello' data-av_svg_icon='right-open-big' data-av_iconset='svg_entypo-fontello'><svg version=\"1.1\" xmlns=\"http:\/\/www.w3.org\/2000\/svg\" width=\"15\" height=\"32\" viewBox=\"0 0 15 32\" preserveAspectRatio=\"xMidYMid meet\" role=\"graphics-symbol\" aria-hidden=\"true\">\n<path d=\"M0.416 27.84l11.456-11.84-11.456-11.904q-0.832-0.832 0-1.536 0.832-0.832 1.536 0l12.544 12.608q0.768 0.832 0 1.6l-12.544 12.608q-0.704 0.832-1.536 0-0.832-0.704 0-1.536z\"><\/path>\n<\/svg><\/span><\/a><\/div><\/div><\/div><footer class=\"entry-footer\"><div class=\"slide-meta\"><time class='slide-meta-time updated'  itemprop=\"datePublished\" datetime=\"2025-06-19T18:32:07+02:00\" >19 juin 2025<\/time><\/div><\/footer><span class='hidden'>\n\t\t\t\t<span class='av-structured-data'  itemprop=\"image\" itemscope=\"itemscope\" itemtype=\"https:\/\/schema.org\/ImageObject\" >\n\t\t\t\t\t\t<span itemprop='url'>https:\/\/www.transports-coue.fr\/wp-content\/uploads\/2025\/06\/transports-coue-certifies-qualimat-securite-transport-aliment-animaux-web.webp<\/span>\n\t\t\t\t\t\t<span itemprop='height'>642<\/span>\n\t\t\t\t\t\t<span itemprop='width'>1690<\/span>\n\t\t\t\t<\/span>\n\t\t\t\t<span class='av-structured-data'  itemprop=\"publisher\" itemtype=\"https:\/\/schema.org\/Organization\" itemscope=\"itemscope\" >\n\t\t\t\t\t\t<span itemprop='name'>Transports Cou\u00e9<\/span>\n\t\t\t\t\t\t<span itemprop='logo' itemscope itemtype='https:\/\/schema.org\/ImageObject'>\n\t\t\t\t\t\t\t<span itemprop='url'>https:\/\/www.transports-coue.fr\/wp-content\/uploads\/2018\/10\/Logo-transports-coue-300x119.png<\/span>\n\t\t\t\t\t\t<\/span>\n\t\t\t\t<\/span><span class='av-structured-data'  itemprop=\"author\" itemscope=\"itemscope\" itemtype=\"https:\/\/schema.org\/Person\" ><span itemprop='name'>Transports Cou\u00e9<\/span><\/span><span class='av-structured-data'  itemprop=\"datePublished\" datetime=\"2018-10-04T10:16:12+02:00\" >2025-06-19 18:32:07<\/span><span class='av-structured-data'  itemprop=\"dateModified\" itemtype=\"https:\/\/schema.org\/dateModified\" >2025-06-20 14:32:45<\/span><span class='av-structured-data'  itemprop=\"mainEntityOfPage\" itemtype=\"https:\/\/schema.org\/mainEntityOfPage\" ><span itemprop='name'>Transport vrac d&rsquo;aliments pour la nutrition animale, certifi\u00e9 Qualimat<\/span><\/span><\/span><\/article><article class='slide-entry flex_column  post-entry post-entry-11920 slide-entry-overview slide-loop-15 slide-parity-odd  av_one_third  real-thumbnail posttype-post post-format-standard'  itemscope=\"itemscope\" itemtype=\"https:\/\/schema.org\/CreativeWork\" ><a href='https:\/\/www.transports-coue.fr\/fr\/notre-parc-de-camions-grand-volume-trm-aux-couleurs-du-groupe-coue\/' data-rel='slide-1' class='slide-image' title='Notre parc de camions grand volume TRM aux couleurs du Groupe Cou\u00e9'><img decoding=\"async\" fetchpriority=\"high\" width=\"1690\" height=\"642\" src=\"https:\/\/www.transports-coue.fr\/wp-content\/uploads\/2025\/06\/parc-camions-grand-volume-TRM-groupe-coue.webp\" class=\"wp-image-11924 avia-img-lazy-loading-not-11924 attachment-no scaling size-no scaling wp-post-image\" alt=\"Parc Camions Grand Volume TRM aux couleurs du Groupe Cou\u00e9\" srcset=\"https:\/\/www.transports-coue.fr\/wp-content\/uploads\/2025\/06\/parc-camions-grand-volume-TRM-groupe-coue.webp 1690w, https:\/\/www.transports-coue.fr\/wp-content\/uploads\/2025\/06\/parc-camions-grand-volume-TRM-groupe-coue-300x114.webp 300w, https:\/\/www.transports-coue.fr\/wp-content\/uploads\/2025\/06\/parc-camions-grand-volume-TRM-groupe-coue-1030x391.webp 1030w, https:\/\/www.transports-coue.fr\/wp-content\/uploads\/2025\/06\/parc-camions-grand-volume-TRM-groupe-coue-80x30.webp 80w, https:\/\/www.transports-coue.fr\/wp-content\/uploads\/2025\/06\/parc-camions-grand-volume-TRM-groupe-coue-768x292.webp 768w, https:\/\/www.transports-coue.fr\/wp-content\/uploads\/2025\/06\/parc-camions-grand-volume-TRM-groupe-coue-1536x583.webp 1536w, https:\/\/www.transports-coue.fr\/wp-content\/uploads\/2025\/06\/parc-camions-grand-volume-TRM-groupe-coue-1500x570.webp 1500w, https:\/\/www.transports-coue.fr\/wp-content\/uploads\/2025\/06\/parc-camions-grand-volume-TRM-groupe-coue-705x268.webp 705w, https:\/\/www.transports-coue.fr\/wp-content\/uploads\/2025\/06\/parc-camions-grand-volume-TRM-groupe-coue-845x321.webp 845w\" sizes=\"(max-width: 1690px) 100vw, 1690px\" \/><\/a><div class=\"slide-content\"><header class=\"entry-content-header\" aria-label=\"Slide: Notre parc de camions grand volume TRM aux couleurs du Groupe Cou\u00e9\"><h3 class='slide-entry-title entry-title '  itemprop=\"headline\" ><a href='https:\/\/www.transports-coue.fr\/fr\/notre-parc-de-camions-grand-volume-trm-aux-couleurs-du-groupe-coue\/' title='Notre parc de camions grand volume TRM aux couleurs du Groupe Cou\u00e9'>Notre parc de camions grand volume TRM aux couleurs du Groupe Cou\u00e9<\/a><\/h3><span class=\"blog-categories minor-meta\"><a href=\"https:\/\/www.transports-coue.fr\/fr\/category\/actualites\/\" rel=\"tag\">Actualit\u00e9s<\/a>, <a href=\"https:\/\/www.transports-coue.fr\/fr\/category\/actualites\/developpement\/\" rel=\"tag\">D\u00e9veloppement<\/a> <\/span><span class=\"av-vertical-delimiter\"><\/span><\/header><div class='slide-entry-excerpt entry-content'  itemprop=\"text\" >\ud83d\udcf8 Une belle image de notre parc de camions TRM, notre activit\u00e9 Grand Volume, renouvel\u00e9 aux couleurs \ud83d\udd34 du Groupe Cou\u00e9.\nPour en savoir plus sur notre activit\u00e9 grand volume et nos autres prestations transport routier, logistique et import\/export\u2026<div class=\"read-more-link\"><a href=\"https:\/\/www.transports-coue.fr\/fr\/notre-parc-de-camions-grand-volume-trm-aux-couleurs-du-groupe-coue\/\" class=\"more-link\">Lire la suite<span class='more-link-arrow avia-svg-icon avia-font-svg_entypo-fontello' data-av_svg_icon='right-open-big' data-av_iconset='svg_entypo-fontello'><svg version=\"1.1\" xmlns=\"http:\/\/www.w3.org\/2000\/svg\" width=\"15\" height=\"32\" viewBox=\"0 0 15 32\" preserveAspectRatio=\"xMidYMid meet\" role=\"graphics-symbol\" aria-hidden=\"true\">\n<path d=\"M0.416 27.84l11.456-11.84-11.456-11.904q-0.832-0.832 0-1.536 0.832-0.832 1.536 0l12.544 12.608q0.768 0.832 0 1.6l-12.544 12.608q-0.704 0.832-1.536 0-0.832-0.704 0-1.536z\"><\/path>\n<\/svg><\/span><\/a><\/div><\/div><\/div><footer class=\"entry-footer\"><div class=\"slide-meta\"><time class='slide-meta-time updated'  itemprop=\"datePublished\" datetime=\"2025-06-16T14:28:23+02:00\" >16 juin 2025<\/time><\/div><\/footer><span class='hidden'>\n\t\t\t\t<span class='av-structured-data'  itemprop=\"image\" itemscope=\"itemscope\" itemtype=\"https:\/\/schema.org\/ImageObject\" >\n\t\t\t\t\t\t<span itemprop='url'>https:\/\/www.transports-coue.fr\/wp-content\/uploads\/2025\/06\/parc-camions-grand-volume-TRM-groupe-coue.webp<\/span>\n\t\t\t\t\t\t<span itemprop='height'>642<\/span>\n\t\t\t\t\t\t<span itemprop='width'>1690<\/span>\n\t\t\t\t<\/span>\n\t\t\t\t<span class='av-structured-data'  itemprop=\"publisher\" itemtype=\"https:\/\/schema.org\/Organization\" itemscope=\"itemscope\" >\n\t\t\t\t\t\t<span itemprop='name'>Transports Cou\u00e9<\/span>\n\t\t\t\t\t\t<span itemprop='logo' itemscope itemtype='https:\/\/schema.org\/ImageObject'>\n\t\t\t\t\t\t\t<span itemprop='url'>https:\/\/www.transports-coue.fr\/wp-content\/uploads\/2018\/10\/Logo-transports-coue-300x119.png<\/span>\n\t\t\t\t\t\t<\/span>\n\t\t\t\t<\/span><span class='av-structured-data'  itemprop=\"author\" itemscope=\"itemscope\" itemtype=\"https:\/\/schema.org\/Person\" ><span itemprop='name'>Transports Cou\u00e9<\/span><\/span><span class='av-structured-data'  itemprop=\"datePublished\" datetime=\"2018-10-04T10:16:12+02:00\" >2025-06-16 14:28:23<\/span><span class='av-structured-data'  itemprop=\"dateModified\" itemtype=\"https:\/\/schema.org\/dateModified\" >2025-06-16 14:29:28<\/span><span class='av-structured-data'  itemprop=\"mainEntityOfPage\" itemtype=\"https:\/\/schema.org\/mainEntityOfPage\" ><span itemprop='name'>Notre parc de camions grand volume TRM aux couleurs du Groupe Cou\u00e9<\/span><\/span><\/span><\/article><\/div><div class=\"slide-entry-wrap\"><article class='slide-entry flex_column  post-entry post-entry-11896 slide-entry-overview slide-loop-16 slide-parity-odd  av_one_third first real-thumbnail posttype-post post-format-standard'  itemscope=\"itemscope\" itemtype=\"https:\/\/schema.org\/CreativeWork\" ><a href='https:\/\/www.transports-coue.fr\/fr\/autorisation-dexploiter-un-entrepot-sous-douane-a-laval-53-mayenne\/' data-rel='slide-1' class='slide-image' title='Autorisation d&rsquo;exploiter un Entrep\u00f4t sous douane \u00e0 Laval (53, Mayenne)'><img decoding=\"async\" fetchpriority=\"high\" width=\"1690\" height=\"642\" src=\"https:\/\/www.transports-coue.fr\/wp-content\/uploads\/2025\/06\/groupe-coue-entrepot-sous-douane-ouest-laval.jpg\" class=\"wp-image-11877 avia-img-lazy-loading-not-11877 attachment-no scaling size-no scaling wp-post-image\" alt=\"Entrepot sous douane \u00e0 Laval Groupe Cou\u00e9\" srcset=\"https:\/\/www.transports-coue.fr\/wp-content\/uploads\/2025\/06\/groupe-coue-entrepot-sous-douane-ouest-laval.jpg 1690w, https:\/\/www.transports-coue.fr\/wp-content\/uploads\/2025\/06\/groupe-coue-entrepot-sous-douane-ouest-laval-300x114.jpg 300w, https:\/\/www.transports-coue.fr\/wp-content\/uploads\/2025\/06\/groupe-coue-entrepot-sous-douane-ouest-laval-1030x391.jpg 1030w, https:\/\/www.transports-coue.fr\/wp-content\/uploads\/2025\/06\/groupe-coue-entrepot-sous-douane-ouest-laval-80x30.jpg 80w, https:\/\/www.transports-coue.fr\/wp-content\/uploads\/2025\/06\/groupe-coue-entrepot-sous-douane-ouest-laval-768x292.jpg 768w, https:\/\/www.transports-coue.fr\/wp-content\/uploads\/2025\/06\/groupe-coue-entrepot-sous-douane-ouest-laval-1536x583.jpg 1536w, https:\/\/www.transports-coue.fr\/wp-content\/uploads\/2025\/06\/groupe-coue-entrepot-sous-douane-ouest-laval-1500x570.jpg 1500w, https:\/\/www.transports-coue.fr\/wp-content\/uploads\/2025\/06\/groupe-coue-entrepot-sous-douane-ouest-laval-705x268.jpg 705w, https:\/\/www.transports-coue.fr\/wp-content\/uploads\/2025\/06\/groupe-coue-entrepot-sous-douane-ouest-laval-845x321.jpg 845w\" sizes=\"(max-width: 1690px) 100vw, 1690px\" \/><\/a><div class=\"slide-content\"><header class=\"entry-content-header\" aria-label=\"Slide: Autorisation d&#039;exploiter un Entrep\u00f4t sous douane \u00e0 Laval (53, Mayenne)\"><h3 class='slide-entry-title entry-title '  itemprop=\"headline\" ><a href='https:\/\/www.transports-coue.fr\/fr\/autorisation-dexploiter-un-entrepot-sous-douane-a-laval-53-mayenne\/' title='Autorisation d&rsquo;exploiter un Entrep\u00f4t sous douane \u00e0 Laval (53, Mayenne)'>Autorisation d&rsquo;exploiter un Entrep\u00f4t sous douane \u00e0 Laval (53, Mayenne)<\/a><\/h3><span class=\"blog-categories minor-meta\"><a href=\"https:\/\/www.transports-coue.fr\/fr\/category\/actualites\/\" rel=\"tag\">Actualit\u00e9s<\/a>, <a href=\"https:\/\/www.transports-coue.fr\/fr\/category\/actualites\/developpement\/\" rel=\"tag\">D\u00e9veloppement<\/a>, <a href=\"https:\/\/www.transports-coue.fr\/fr\/category\/actualites\/developpement\/developpement-logistique\/\" rel=\"tag\">D\u00e9veloppement Logistique<\/a>, <a href=\"https:\/\/www.transports-coue.fr\/fr\/category\/actualites\/developpement\/developpement-overseas\/\" rel=\"tag\">D\u00e9veloppement Overseas<\/a> <\/span><span class=\"av-vertical-delimiter\"><\/span><\/header><div class='slide-entry-excerpt entry-content'  itemprop=\"text\" >\ud83c\udd95 Apr\u00e8s 1 an de collaboration \u00e9troite avec la Douane d'Angers, nous avons obtenu l\u2019autorisation officielle pour exploiter un Entrep\u00f4t sous Douane \u00e0 Laval (53, Mayenne).\n\n\ud83c\udfaf Cette d\u00e9marche rigoureuse marque une nouvelle \u00e9tape strat\u00e9gique\u2026<div class=\"read-more-link\"><a href=\"https:\/\/www.transports-coue.fr\/fr\/autorisation-dexploiter-un-entrepot-sous-douane-a-laval-53-mayenne\/\" class=\"more-link\">Lire la suite<span class='more-link-arrow avia-svg-icon avia-font-svg_entypo-fontello' data-av_svg_icon='right-open-big' data-av_iconset='svg_entypo-fontello'><svg version=\"1.1\" xmlns=\"http:\/\/www.w3.org\/2000\/svg\" width=\"15\" height=\"32\" viewBox=\"0 0 15 32\" preserveAspectRatio=\"xMidYMid meet\" role=\"graphics-symbol\" aria-hidden=\"true\">\n<path d=\"M0.416 27.84l11.456-11.84-11.456-11.904q-0.832-0.832 0-1.536 0.832-0.832 1.536 0l12.544 12.608q0.768 0.832 0 1.6l-12.544 12.608q-0.704 0.832-1.536 0-0.832-0.704 0-1.536z\"><\/path>\n<\/svg><\/span><\/a><\/div><\/div><\/div><footer class=\"entry-footer\"><div class=\"slide-meta\"><time class='slide-meta-time updated'  itemprop=\"datePublished\" datetime=\"2025-06-03T16:18:21+02:00\" >3 juin 2025<\/time><\/div><\/footer><span class='hidden'>\n\t\t\t\t<span class='av-structured-data'  itemprop=\"image\" itemscope=\"itemscope\" itemtype=\"https:\/\/schema.org\/ImageObject\" >\n\t\t\t\t\t\t<span itemprop='url'>https:\/\/www.transports-coue.fr\/wp-content\/uploads\/2025\/06\/groupe-coue-entrepot-sous-douane-ouest-laval.jpg<\/span>\n\t\t\t\t\t\t<span itemprop='height'>642<\/span>\n\t\t\t\t\t\t<span itemprop='width'>1690<\/span>\n\t\t\t\t<\/span>\n\t\t\t\t<span class='av-structured-data'  itemprop=\"publisher\" itemtype=\"https:\/\/schema.org\/Organization\" itemscope=\"itemscope\" >\n\t\t\t\t\t\t<span itemprop='name'>Transports Cou\u00e9<\/span>\n\t\t\t\t\t\t<span itemprop='logo' itemscope itemtype='https:\/\/schema.org\/ImageObject'>\n\t\t\t\t\t\t\t<span itemprop='url'>https:\/\/www.transports-coue.fr\/wp-content\/uploads\/2018\/10\/Logo-transports-coue-300x119.png<\/span>\n\t\t\t\t\t\t<\/span>\n\t\t\t\t<\/span><span class='av-structured-data'  itemprop=\"author\" itemscope=\"itemscope\" itemtype=\"https:\/\/schema.org\/Person\" ><span itemprop='name'>Transports Cou\u00e9<\/span><\/span><span class='av-structured-data'  itemprop=\"datePublished\" datetime=\"2018-10-04T10:16:12+02:00\" >2025-06-03 16:18:21<\/span><span class='av-structured-data'  itemprop=\"dateModified\" itemtype=\"https:\/\/schema.org\/dateModified\" >2025-11-28 18:30:50<\/span><span class='av-structured-data'  itemprop=\"mainEntityOfPage\" itemtype=\"https:\/\/schema.org\/mainEntityOfPage\" ><span itemprop='name'>Autorisation d&rsquo;exploiter un Entrep\u00f4t sous douane \u00e0 Laval (53, Mayenne)<\/span><\/span><\/span><\/article><article class='slide-entry flex_column  post-entry post-entry-11864 slide-entry-overview slide-loop-17 slide-parity-even  av_one_third  real-thumbnail posttype-post post-format-standard'  itemscope=\"itemscope\" itemtype=\"https:\/\/schema.org\/CreativeWork\" ><a href='https:\/\/www.transports-coue.fr\/fr\/transport-routier-en-vrac-de-nutrition-animale\/' data-rel='slide-1' class='slide-image' title='Transport routier en vrac de nutrition animale'><img decoding=\"async\" fetchpriority=\"high\" width=\"1690\" height=\"642\" src=\"https:\/\/www.transports-coue.fr\/wp-content\/uploads\/2025\/06\/groupe-coue-trm-transport-vrac-nutrition-animale.webp\" class=\"wp-image-11865 avia-img-lazy-loading-not-11865 attachment-no scaling size-no scaling wp-post-image\" alt=\"Transport vrac de nutrition alimentation animale\" srcset=\"https:\/\/www.transports-coue.fr\/wp-content\/uploads\/2025\/06\/groupe-coue-trm-transport-vrac-nutrition-animale.webp 1690w, https:\/\/www.transports-coue.fr\/wp-content\/uploads\/2025\/06\/groupe-coue-trm-transport-vrac-nutrition-animale-300x114.webp 300w, https:\/\/www.transports-coue.fr\/wp-content\/uploads\/2025\/06\/groupe-coue-trm-transport-vrac-nutrition-animale-1030x391.webp 1030w, https:\/\/www.transports-coue.fr\/wp-content\/uploads\/2025\/06\/groupe-coue-trm-transport-vrac-nutrition-animale-80x30.webp 80w, https:\/\/www.transports-coue.fr\/wp-content\/uploads\/2025\/06\/groupe-coue-trm-transport-vrac-nutrition-animale-768x292.webp 768w, https:\/\/www.transports-coue.fr\/wp-content\/uploads\/2025\/06\/groupe-coue-trm-transport-vrac-nutrition-animale-1536x583.webp 1536w, https:\/\/www.transports-coue.fr\/wp-content\/uploads\/2025\/06\/groupe-coue-trm-transport-vrac-nutrition-animale-1500x570.webp 1500w, https:\/\/www.transports-coue.fr\/wp-content\/uploads\/2025\/06\/groupe-coue-trm-transport-vrac-nutrition-animale-705x268.webp 705w, https:\/\/www.transports-coue.fr\/wp-content\/uploads\/2025\/06\/groupe-coue-trm-transport-vrac-nutrition-animale-845x321.webp 845w\" sizes=\"(max-width: 1690px) 100vw, 1690px\" \/><\/a><div class=\"slide-content\"><header class=\"entry-content-header\" aria-label=\"Slide: Transport routier en vrac de nutrition animale\"><h3 class='slide-entry-title entry-title '  itemprop=\"headline\" ><a href='https:\/\/www.transports-coue.fr\/fr\/transport-routier-en-vrac-de-nutrition-animale\/' title='Transport routier en vrac de nutrition animale'>Transport routier en vrac de nutrition animale<\/a><\/h3><span class=\"blog-categories minor-meta\"><a href=\"https:\/\/www.transports-coue.fr\/fr\/category\/actualites\/\" rel=\"tag\">Actualit\u00e9s<\/a>, <a href=\"https:\/\/www.transports-coue.fr\/fr\/category\/actualites\/developpement\/\" rel=\"tag\">D\u00e9veloppement<\/a>, <a href=\"https:\/\/www.transports-coue.fr\/fr\/category\/actualites\/developpement\/developpement-transport-containers\/\" rel=\"tag\">D\u00e9veloppement Transport Containers<\/a> <\/span><span class=\"av-vertical-delimiter\"><\/span><\/header><div class='slide-entry-excerpt entry-content'  itemprop=\"text\" >\ud83d\udd04 Transition en marche !\n\ud83d\udcf8 Nouvelle activit\u00e9 chez Cou\u00e9\/TRM depuis 1 mois pour diversifier encore un peu plus nos savoir-faire : transport citerne vrac d'alimentation animale dans les fermes.\nLe transport en vrac d\u00e9signe la livraison\u2026<div class=\"read-more-link\"><a href=\"https:\/\/www.transports-coue.fr\/fr\/transport-routier-en-vrac-de-nutrition-animale\/\" class=\"more-link\">Lire la suite<span class='more-link-arrow avia-svg-icon avia-font-svg_entypo-fontello' data-av_svg_icon='right-open-big' data-av_iconset='svg_entypo-fontello'><svg version=\"1.1\" xmlns=\"http:\/\/www.w3.org\/2000\/svg\" width=\"15\" height=\"32\" viewBox=\"0 0 15 32\" preserveAspectRatio=\"xMidYMid meet\" role=\"graphics-symbol\" aria-hidden=\"true\">\n<path d=\"M0.416 27.84l11.456-11.84-11.456-11.904q-0.832-0.832 0-1.536 0.832-0.832 1.536 0l12.544 12.608q0.768 0.832 0 1.6l-12.544 12.608q-0.704 0.832-1.536 0-0.832-0.704 0-1.536z\"><\/path>\n<\/svg><\/span><\/a><\/div><\/div><\/div><footer class=\"entry-footer\"><div class=\"slide-meta\"><time class='slide-meta-time updated'  itemprop=\"datePublished\" datetime=\"2025-06-03T09:49:59+02:00\" >3 juin 2025<\/time><\/div><\/footer><span class='hidden'>\n\t\t\t\t<span class='av-structured-data'  itemprop=\"image\" itemscope=\"itemscope\" itemtype=\"https:\/\/schema.org\/ImageObject\" >\n\t\t\t\t\t\t<span itemprop='url'>https:\/\/www.transports-coue.fr\/wp-content\/uploads\/2025\/06\/groupe-coue-trm-transport-vrac-nutrition-animale.webp<\/span>\n\t\t\t\t\t\t<span itemprop='height'>642<\/span>\n\t\t\t\t\t\t<span itemprop='width'>1690<\/span>\n\t\t\t\t<\/span>\n\t\t\t\t<span class='av-structured-data'  itemprop=\"publisher\" itemtype=\"https:\/\/schema.org\/Organization\" itemscope=\"itemscope\" >\n\t\t\t\t\t\t<span itemprop='name'>Transports Cou\u00e9<\/span>\n\t\t\t\t\t\t<span itemprop='logo' itemscope itemtype='https:\/\/schema.org\/ImageObject'>\n\t\t\t\t\t\t\t<span itemprop='url'>https:\/\/www.transports-coue.fr\/wp-content\/uploads\/2018\/10\/Logo-transports-coue-300x119.png<\/span>\n\t\t\t\t\t\t<\/span>\n\t\t\t\t<\/span><span class='av-structured-data'  itemprop=\"author\" itemscope=\"itemscope\" itemtype=\"https:\/\/schema.org\/Person\" ><span itemprop='name'>Transports Cou\u00e9<\/span><\/span><span class='av-structured-data'  itemprop=\"datePublished\" datetime=\"2018-10-04T10:16:12+02:00\" >2025-06-03 09:49:59<\/span><span class='av-structured-data'  itemprop=\"dateModified\" itemtype=\"https:\/\/schema.org\/dateModified\" >2025-06-03 09:54:54<\/span><span class='av-structured-data'  itemprop=\"mainEntityOfPage\" itemtype=\"https:\/\/schema.org\/mainEntityOfPage\" ><span itemprop='name'>Transport routier en vrac de nutrition animale<\/span><\/span><\/span><\/article><article class='slide-entry flex_column  post-entry post-entry-11823 slide-entry-overview slide-loop-18 slide-parity-odd  av_one_third  real-thumbnail posttype-post post-format-standard'  itemscope=\"itemscope\" itemtype=\"https:\/\/schema.org\/CreativeWork\" ><a href='https:\/\/www.transports-coue.fr\/fr\/reprise-dune-partie-des-activites-du-transporteur-sth-53\/' data-rel='slide-1' class='slide-image' title='Reprise d&rsquo;une partie des activit\u00e9s du transporteur STH (53)'><img decoding=\"async\" fetchpriority=\"high\" width=\"1690\" height=\"642\" src=\"https:\/\/www.transports-coue.fr\/wp-content\/uploads\/2025\/04\/groupe-coue-trm-reprise-activites-sth-louvigne.webp\" class=\"wp-image-11825 avia-img-lazy-loading-not-11825 attachment-no scaling size-no scaling wp-post-image\" alt=\"Groupe Cou\u00e9 TRM reprend des activit\u00e9s de STH\" srcset=\"https:\/\/www.transports-coue.fr\/wp-content\/uploads\/2025\/04\/groupe-coue-trm-reprise-activites-sth-louvigne.webp 1690w, https:\/\/www.transports-coue.fr\/wp-content\/uploads\/2025\/04\/groupe-coue-trm-reprise-activites-sth-louvigne-300x114.webp 300w, https:\/\/www.transports-coue.fr\/wp-content\/uploads\/2025\/04\/groupe-coue-trm-reprise-activites-sth-louvigne-1030x391.webp 1030w, https:\/\/www.transports-coue.fr\/wp-content\/uploads\/2025\/04\/groupe-coue-trm-reprise-activites-sth-louvigne-80x30.webp 80w, https:\/\/www.transports-coue.fr\/wp-content\/uploads\/2025\/04\/groupe-coue-trm-reprise-activites-sth-louvigne-768x292.webp 768w, https:\/\/www.transports-coue.fr\/wp-content\/uploads\/2025\/04\/groupe-coue-trm-reprise-activites-sth-louvigne-1536x583.webp 1536w, https:\/\/www.transports-coue.fr\/wp-content\/uploads\/2025\/04\/groupe-coue-trm-reprise-activites-sth-louvigne-1500x570.webp 1500w, https:\/\/www.transports-coue.fr\/wp-content\/uploads\/2025\/04\/groupe-coue-trm-reprise-activites-sth-louvigne-705x268.webp 705w, https:\/\/www.transports-coue.fr\/wp-content\/uploads\/2025\/04\/groupe-coue-trm-reprise-activites-sth-louvigne-845x321.webp 845w\" sizes=\"(max-width: 1690px) 100vw, 1690px\" \/><\/a><div class=\"slide-content\"><header class=\"entry-content-header\" aria-label=\"Slide: Reprise d&#039;une partie des activit\u00e9s du transporteur STH (53)\"><h3 class='slide-entry-title entry-title '  itemprop=\"headline\" ><a href='https:\/\/www.transports-coue.fr\/fr\/reprise-dune-partie-des-activites-du-transporteur-sth-53\/' title='Reprise d&rsquo;une partie des activit\u00e9s du transporteur STH (53)'>Reprise d&rsquo;une partie des activit\u00e9s du transporteur STH (53)<\/a><\/h3><span class=\"blog-categories minor-meta\"><a href=\"https:\/\/www.transports-coue.fr\/fr\/category\/actualites\/\" rel=\"tag\">Actualit\u00e9s<\/a>, <a href=\"https:\/\/www.transports-coue.fr\/fr\/category\/actualites\/developpement\/\" rel=\"tag\">D\u00e9veloppement<\/a> <\/span><span class=\"av-vertical-delimiter\"><\/span><\/header><div class='slide-entry-excerpt entry-content'  itemprop=\"text\" >Une nouvelle \u00e9tape dans notre d\u00e9veloppement !\nNous poursuivons notre dynamique de croissance et de diversification avec l\u2019int\u00e9gration d\u2019une partie des activit\u00e9s de l\u2019entreprise STH (Soci\u00e9t\u00e9 des Transports Hubert), bas\u00e9e \u00e0 Louvign\u00e9\u2026<div class=\"read-more-link\"><a href=\"https:\/\/www.transports-coue.fr\/fr\/reprise-dune-partie-des-activites-du-transporteur-sth-53\/\" class=\"more-link\">Lire la suite<span class='more-link-arrow avia-svg-icon avia-font-svg_entypo-fontello' data-av_svg_icon='right-open-big' data-av_iconset='svg_entypo-fontello'><svg version=\"1.1\" xmlns=\"http:\/\/www.w3.org\/2000\/svg\" width=\"15\" height=\"32\" viewBox=\"0 0 15 32\" preserveAspectRatio=\"xMidYMid meet\" role=\"graphics-symbol\" aria-hidden=\"true\">\n<path d=\"M0.416 27.84l11.456-11.84-11.456-11.904q-0.832-0.832 0-1.536 0.832-0.832 1.536 0l12.544 12.608q0.768 0.832 0 1.6l-12.544 12.608q-0.704 0.832-1.536 0-0.832-0.704 0-1.536z\"><\/path>\n<\/svg><\/span><\/a><\/div><\/div><\/div><footer class=\"entry-footer\"><div class=\"slide-meta\"><time class='slide-meta-time updated'  itemprop=\"datePublished\" datetime=\"2025-04-10T16:10:14+02:00\" >10 avril 2025<\/time><\/div><\/footer><span class='hidden'>\n\t\t\t\t<span class='av-structured-data'  itemprop=\"image\" itemscope=\"itemscope\" itemtype=\"https:\/\/schema.org\/ImageObject\" >\n\t\t\t\t\t\t<span itemprop='url'>https:\/\/www.transports-coue.fr\/wp-content\/uploads\/2025\/04\/groupe-coue-trm-reprise-activites-sth-louvigne.webp<\/span>\n\t\t\t\t\t\t<span itemprop='height'>642<\/span>\n\t\t\t\t\t\t<span itemprop='width'>1690<\/span>\n\t\t\t\t<\/span>\n\t\t\t\t<span class='av-structured-data'  itemprop=\"publisher\" itemtype=\"https:\/\/schema.org\/Organization\" itemscope=\"itemscope\" >\n\t\t\t\t\t\t<span itemprop='name'>Transports Cou\u00e9<\/span>\n\t\t\t\t\t\t<span itemprop='logo' itemscope itemtype='https:\/\/schema.org\/ImageObject'>\n\t\t\t\t\t\t\t<span itemprop='url'>https:\/\/www.transports-coue.fr\/wp-content\/uploads\/2018\/10\/Logo-transports-coue-300x119.png<\/span>\n\t\t\t\t\t\t<\/span>\n\t\t\t\t<\/span><span class='av-structured-data'  itemprop=\"author\" itemscope=\"itemscope\" itemtype=\"https:\/\/schema.org\/Person\" ><span itemprop='name'>Transports Cou\u00e9<\/span><\/span><span class='av-structured-data'  itemprop=\"datePublished\" datetime=\"2018-10-04T10:16:12+02:00\" >2025-04-10 16:10:14<\/span><span class='av-structured-data'  itemprop=\"dateModified\" itemtype=\"https:\/\/schema.org\/dateModified\" >2025-04-10 16:10:16<\/span><span class='av-structured-data'  itemprop=\"mainEntityOfPage\" itemtype=\"https:\/\/schema.org\/mainEntityOfPage\" ><span itemprop='name'>Reprise d&rsquo;une partie des activit\u00e9s du transporteur STH (53)<\/span><\/span><\/span><\/article><\/div><div class=\"slide-entry-wrap\"><article class='slide-entry flex_column  post-entry post-entry-11793 slide-entry-overview slide-loop-19 slide-parity-odd  av_one_third first real-thumbnail posttype-post post-format-standard'  itemscope=\"itemscope\" itemtype=\"https:\/\/schema.org\/CreativeWork\" ><a href='https:\/\/www.transports-coue.fr\/fr\/groupe-coue-futur-operateur-engage-dans-le-projet-rail-route-de-laval-53\/' data-rel='slide-1' class='slide-image' title='Groupe Cou\u00e9, futur op\u00e9rateur engag\u00e9 dans le projet Rail-Route de Laval (53)'><img decoding=\"async\" fetchpriority=\"high\" width=\"1690\" height=\"642\" src=\"https:\/\/www.transports-coue.fr\/wp-content\/uploads\/2025\/03\/Groupe-coue-trm-projet-rail-route-plateforme-multimodale-presentation-acteurs.webp\" class=\"wp-image-11795 avia-img-lazy-loading-not-11795 attachment-no scaling size-no scaling wp-post-image\" alt=\"Projet multimodale rail route de Laval 53\" srcset=\"https:\/\/www.transports-coue.fr\/wp-content\/uploads\/2025\/03\/Groupe-coue-trm-projet-rail-route-plateforme-multimodale-presentation-acteurs.webp 1690w, https:\/\/www.transports-coue.fr\/wp-content\/uploads\/2025\/03\/Groupe-coue-trm-projet-rail-route-plateforme-multimodale-presentation-acteurs-300x114.webp 300w, https:\/\/www.transports-coue.fr\/wp-content\/uploads\/2025\/03\/Groupe-coue-trm-projet-rail-route-plateforme-multimodale-presentation-acteurs-1030x391.webp 1030w, https:\/\/www.transports-coue.fr\/wp-content\/uploads\/2025\/03\/Groupe-coue-trm-projet-rail-route-plateforme-multimodale-presentation-acteurs-80x30.webp 80w, https:\/\/www.transports-coue.fr\/wp-content\/uploads\/2025\/03\/Groupe-coue-trm-projet-rail-route-plateforme-multimodale-presentation-acteurs-768x292.webp 768w, https:\/\/www.transports-coue.fr\/wp-content\/uploads\/2025\/03\/Groupe-coue-trm-projet-rail-route-plateforme-multimodale-presentation-acteurs-1536x583.webp 1536w, https:\/\/www.transports-coue.fr\/wp-content\/uploads\/2025\/03\/Groupe-coue-trm-projet-rail-route-plateforme-multimodale-presentation-acteurs-1500x570.webp 1500w, https:\/\/www.transports-coue.fr\/wp-content\/uploads\/2025\/03\/Groupe-coue-trm-projet-rail-route-plateforme-multimodale-presentation-acteurs-705x268.webp 705w, https:\/\/www.transports-coue.fr\/wp-content\/uploads\/2025\/03\/Groupe-coue-trm-projet-rail-route-plateforme-multimodale-presentation-acteurs-845x321.webp 845w\" sizes=\"(max-width: 1690px) 100vw, 1690px\" \/><\/a><div class=\"slide-content\"><header class=\"entry-content-header\" aria-label=\"Slide: Groupe Cou\u00e9, futur op\u00e9rateur engag\u00e9 dans le projet Rail-Route de Laval (53)\"><h3 class='slide-entry-title entry-title '  itemprop=\"headline\" ><a href='https:\/\/www.transports-coue.fr\/fr\/groupe-coue-futur-operateur-engage-dans-le-projet-rail-route-de-laval-53\/' title='Groupe Cou\u00e9, futur op\u00e9rateur engag\u00e9 dans le projet Rail-Route de Laval (53)'>Groupe Cou\u00e9, futur op\u00e9rateur engag\u00e9 dans le projet Rail-Route de Laval (53)<\/a><\/h3><span class=\"blog-categories minor-meta\"><a href=\"https:\/\/www.transports-coue.fr\/fr\/category\/actualites\/\" rel=\"tag\">Actualit\u00e9s<\/a>, <a href=\"https:\/\/www.transports-coue.fr\/fr\/category\/actualites\/developpement\/\" rel=\"tag\">D\u00e9veloppement<\/a>, <a href=\"https:\/\/www.transports-coue.fr\/fr\/category\/actualites\/developpement\/developpement-logistique\/\" rel=\"tag\">D\u00e9veloppement Logistique<\/a>, <a href=\"https:\/\/www.transports-coue.fr\/fr\/category\/actualites\/developpement\/developpement-overseas\/\" rel=\"tag\">D\u00e9veloppement Overseas<\/a>, <a href=\"https:\/\/www.transports-coue.fr\/fr\/category\/actualites\/developpement\/developpement-transport-containers\/\" rel=\"tag\">D\u00e9veloppement Transport Containers<\/a>, <a href=\"https:\/\/www.transports-coue.fr\/fr\/category\/actualites\/partenariats\/\" rel=\"tag\">Partenariats<\/a> <\/span><span class=\"av-vertical-delimiter\"><\/span><\/header><div class='slide-entry-excerpt entry-content'  itemprop=\"text\" >\ud83d\ude86\ud83c\udf31 Groupe Cou\u00e9, futur op\u00e9rateur engag\u00e9 dans le projet Rail Route de Laval (53)\nRetour en photos sur notre participation ce 20 mars \u00e0 la pr\u00e9sentation du projet de construction et de gestion d'ici 2026 de la plateforme de transport\u2026<div class=\"read-more-link\"><a href=\"https:\/\/www.transports-coue.fr\/fr\/groupe-coue-futur-operateur-engage-dans-le-projet-rail-route-de-laval-53\/\" class=\"more-link\">Lire la suite<span class='more-link-arrow avia-svg-icon avia-font-svg_entypo-fontello' data-av_svg_icon='right-open-big' data-av_iconset='svg_entypo-fontello'><svg version=\"1.1\" xmlns=\"http:\/\/www.w3.org\/2000\/svg\" width=\"15\" height=\"32\" viewBox=\"0 0 15 32\" preserveAspectRatio=\"xMidYMid meet\" role=\"graphics-symbol\" aria-hidden=\"true\">\n<path d=\"M0.416 27.84l11.456-11.84-11.456-11.904q-0.832-0.832 0-1.536 0.832-0.832 1.536 0l12.544 12.608q0.768 0.832 0 1.6l-12.544 12.608q-0.704 0.832-1.536 0-0.832-0.704 0-1.536z\"><\/path>\n<\/svg><\/span><\/a><\/div><\/div><\/div><footer class=\"entry-footer\"><div class=\"slide-meta\"><time class='slide-meta-time updated'  itemprop=\"datePublished\" datetime=\"2025-03-24T17:23:17+01:00\" >24 mars 2025<\/time><\/div><\/footer><span class='hidden'>\n\t\t\t\t<span class='av-structured-data'  itemprop=\"image\" itemscope=\"itemscope\" itemtype=\"https:\/\/schema.org\/ImageObject\" >\n\t\t\t\t\t\t<span itemprop='url'>https:\/\/www.transports-coue.fr\/wp-content\/uploads\/2025\/03\/Groupe-coue-trm-projet-rail-route-plateforme-multimodale-presentation-acteurs.webp<\/span>\n\t\t\t\t\t\t<span itemprop='height'>642<\/span>\n\t\t\t\t\t\t<span itemprop='width'>1690<\/span>\n\t\t\t\t<\/span>\n\t\t\t\t<span class='av-structured-data'  itemprop=\"publisher\" itemtype=\"https:\/\/schema.org\/Organization\" itemscope=\"itemscope\" >\n\t\t\t\t\t\t<span itemprop='name'>Transports Cou\u00e9<\/span>\n\t\t\t\t\t\t<span itemprop='logo' itemscope itemtype='https:\/\/schema.org\/ImageObject'>\n\t\t\t\t\t\t\t<span itemprop='url'>https:\/\/www.transports-coue.fr\/wp-content\/uploads\/2018\/10\/Logo-transports-coue-300x119.png<\/span>\n\t\t\t\t\t\t<\/span>\n\t\t\t\t<\/span><span class='av-structured-data'  itemprop=\"author\" itemscope=\"itemscope\" itemtype=\"https:\/\/schema.org\/Person\" ><span itemprop='name'>Transports Cou\u00e9<\/span><\/span><span class='av-structured-data'  itemprop=\"datePublished\" datetime=\"2018-10-04T10:16:12+02:00\" >2025-03-24 17:23:17<\/span><span class='av-structured-data'  itemprop=\"dateModified\" itemtype=\"https:\/\/schema.org\/dateModified\" >2025-05-06 09:35:56<\/span><span class='av-structured-data'  itemprop=\"mainEntityOfPage\" itemtype=\"https:\/\/schema.org\/mainEntityOfPage\" ><span itemprop='name'>Groupe Cou\u00e9, futur op\u00e9rateur engag\u00e9 dans le projet Rail-Route de Laval (53)<\/span><\/span><\/span><\/article><article class='slide-entry flex_column  post-entry post-entry-11464 slide-entry-overview slide-loop-20 slide-parity-even  av_one_third  real-thumbnail posttype-post post-format-standard'  itemscope=\"itemscope\" itemtype=\"https:\/\/schema.org\/CreativeWork\" ><a href='https:\/\/www.transports-coue.fr\/fr\/ges-gaz-a-effet-de-serre-452-tonnes-de-co2-deconomisees\/' data-rel='slide-1' class='slide-image' title='GES (Gaz \u00e0 effet de serre) : 452,80 tonnes de CO2 d&rsquo;\u00e9conomis\u00e9es !'><img decoding=\"async\" fetchpriority=\"high\" width=\"1690\" height=\"642\" src=\"https:\/\/www.transports-coue.fr\/wp-content\/uploads\/2025\/02\/groupe-coue-trm-economie-ges-web.webp\" class=\"wp-image-11465 avia-img-lazy-loading-not-11465 attachment-no scaling size-no scaling wp-post-image\" alt=\"GES : \u00e9conomie de 453 tonnes de CO2\" srcset=\"https:\/\/www.transports-coue.fr\/wp-content\/uploads\/2025\/02\/groupe-coue-trm-economie-ges-web.webp 1690w, https:\/\/www.transports-coue.fr\/wp-content\/uploads\/2025\/02\/groupe-coue-trm-economie-ges-web-300x114.webp 300w, https:\/\/www.transports-coue.fr\/wp-content\/uploads\/2025\/02\/groupe-coue-trm-economie-ges-web-1030x391.webp 1030w, https:\/\/www.transports-coue.fr\/wp-content\/uploads\/2025\/02\/groupe-coue-trm-economie-ges-web-80x30.webp 80w, https:\/\/www.transports-coue.fr\/wp-content\/uploads\/2025\/02\/groupe-coue-trm-economie-ges-web-768x292.webp 768w, https:\/\/www.transports-coue.fr\/wp-content\/uploads\/2025\/02\/groupe-coue-trm-economie-ges-web-1536x583.webp 1536w, https:\/\/www.transports-coue.fr\/wp-content\/uploads\/2025\/02\/groupe-coue-trm-economie-ges-web-1500x570.webp 1500w, https:\/\/www.transports-coue.fr\/wp-content\/uploads\/2025\/02\/groupe-coue-trm-economie-ges-web-705x268.webp 705w, https:\/\/www.transports-coue.fr\/wp-content\/uploads\/2025\/02\/groupe-coue-trm-economie-ges-web-845x321.webp 845w\" sizes=\"(max-width: 1690px) 100vw, 1690px\" \/><\/a><div class=\"slide-content\"><header class=\"entry-content-header\" aria-label=\"Slide: GES (Gaz \u00e0 effet de serre) : 452,80 tonnes de CO2 d&#039;\u00e9conomis\u00e9es !\"><h3 class='slide-entry-title entry-title '  itemprop=\"headline\" ><a href='https:\/\/www.transports-coue.fr\/fr\/ges-gaz-a-effet-de-serre-452-tonnes-de-co2-deconomisees\/' title='GES (Gaz \u00e0 effet de serre) : 452,80 tonnes de CO2 d&rsquo;\u00e9conomis\u00e9es !'>GES (Gaz \u00e0 effet de serre) : 452,80 tonnes de CO2 d&rsquo;\u00e9conomis\u00e9es !<\/a><\/h3><span class=\"blog-categories minor-meta\"><a href=\"https:\/\/www.transports-coue.fr\/fr\/category\/actualites\/\" rel=\"tag\">Actualit\u00e9s<\/a>, <a href=\"https:\/\/www.transports-coue.fr\/fr\/category\/actualites\/developpement\/\" rel=\"tag\">D\u00e9veloppement<\/a> <\/span><span class=\"av-vertical-delimiter\"><\/span><\/header><div class='slide-entry-excerpt entry-content'  itemprop=\"text\" >\ud83c\udf0dNous acc\u00e9l\u00e9rons notre transition \u00e9nerg\u00e9tique !\nEn 2023, nous enregistrions une \u00e9conomie de CO\u2082 de 132 tonnes.\nEn 2024, gr\u00e2ce \u00e0 l'acquisition de nouveaux camions fonctionnant aux \u00e9nergies alternatives, Oleo 100 &amp; BioGNV, nous\u2026<div class=\"read-more-link\"><a href=\"https:\/\/www.transports-coue.fr\/fr\/ges-gaz-a-effet-de-serre-452-tonnes-de-co2-deconomisees\/\" class=\"more-link\">Lire la suite<span class='more-link-arrow avia-svg-icon avia-font-svg_entypo-fontello' data-av_svg_icon='right-open-big' data-av_iconset='svg_entypo-fontello'><svg version=\"1.1\" xmlns=\"http:\/\/www.w3.org\/2000\/svg\" width=\"15\" height=\"32\" viewBox=\"0 0 15 32\" preserveAspectRatio=\"xMidYMid meet\" role=\"graphics-symbol\" aria-hidden=\"true\">\n<path d=\"M0.416 27.84l11.456-11.84-11.456-11.904q-0.832-0.832 0-1.536 0.832-0.832 1.536 0l12.544 12.608q0.768 0.832 0 1.6l-12.544 12.608q-0.704 0.832-1.536 0-0.832-0.704 0-1.536z\"><\/path>\n<\/svg><\/span><\/a><\/div><\/div><\/div><footer class=\"entry-footer\"><div class=\"slide-meta\"><time class='slide-meta-time updated'  itemprop=\"datePublished\" datetime=\"2025-02-20T11:58:52+01:00\" >20 f\u00e9vrier 2025<\/time><\/div><\/footer><span class='hidden'>\n\t\t\t\t<span class='av-structured-data'  itemprop=\"image\" itemscope=\"itemscope\" itemtype=\"https:\/\/schema.org\/ImageObject\" >\n\t\t\t\t\t\t<span itemprop='url'>https:\/\/www.transports-coue.fr\/wp-content\/uploads\/2025\/02\/groupe-coue-trm-economie-ges-web.webp<\/span>\n\t\t\t\t\t\t<span itemprop='height'>642<\/span>\n\t\t\t\t\t\t<span itemprop='width'>1690<\/span>\n\t\t\t\t<\/span>\n\t\t\t\t<span class='av-structured-data'  itemprop=\"publisher\" itemtype=\"https:\/\/schema.org\/Organization\" itemscope=\"itemscope\" >\n\t\t\t\t\t\t<span itemprop='name'>Transports Cou\u00e9<\/span>\n\t\t\t\t\t\t<span itemprop='logo' itemscope itemtype='https:\/\/schema.org\/ImageObject'>\n\t\t\t\t\t\t\t<span itemprop='url'>https:\/\/www.transports-coue.fr\/wp-content\/uploads\/2018\/10\/Logo-transports-coue-300x119.png<\/span>\n\t\t\t\t\t\t<\/span>\n\t\t\t\t<\/span><span class='av-structured-data'  itemprop=\"author\" itemscope=\"itemscope\" itemtype=\"https:\/\/schema.org\/Person\" ><span itemprop='name'>Transports Cou\u00e9<\/span><\/span><span class='av-structured-data'  itemprop=\"datePublished\" datetime=\"2018-10-04T10:16:12+02:00\" >2025-02-20 11:58:52<\/span><span class='av-structured-data'  itemprop=\"dateModified\" itemtype=\"https:\/\/schema.org\/dateModified\" >2025-03-24 18:11:37<\/span><span class='av-structured-data'  itemprop=\"mainEntityOfPage\" itemtype=\"https:\/\/schema.org\/mainEntityOfPage\" ><span itemprop='name'>GES (Gaz \u00e0 effet de serre) : 452,80 tonnes de CO2 d&rsquo;\u00e9conomis\u00e9es !<\/span><\/span><\/span><\/article><article class='slide-entry flex_column  post-entry post-entry-11412 slide-entry-overview slide-loop-21 slide-parity-odd  av_one_third  real-thumbnail posttype-post post-format-standard'  itemscope=\"itemscope\" itemtype=\"https:\/\/schema.org\/CreativeWork\" ><a href='https:\/\/www.transports-coue.fr\/fr\/notre-entite-tcm-transport-de-container-egalement-certifiee-oea\/' data-rel='slide-1' class='slide-image' title='Notre entit\u00e9 TCM (Transport de Container) \u00e9galement certifi\u00e9e OEA'><img decoding=\"async\" fetchpriority=\"high\" width=\"1690\" height=\"642\" src=\"https:\/\/www.transports-coue.fr\/wp-content\/uploads\/2025\/01\/groupe-coue-trm-certification-oea-entite-tcm-transport-container-web.webp\" class=\"wp-image-11413 avia-img-lazy-loading-not-11413 attachment-no scaling size-no scaling wp-post-image\" alt=\"TCM certifi\u00e9 OEA\" srcset=\"https:\/\/www.transports-coue.fr\/wp-content\/uploads\/2025\/01\/groupe-coue-trm-certification-oea-entite-tcm-transport-container-web.webp 1690w, https:\/\/www.transports-coue.fr\/wp-content\/uploads\/2025\/01\/groupe-coue-trm-certification-oea-entite-tcm-transport-container-web-300x114.webp 300w, https:\/\/www.transports-coue.fr\/wp-content\/uploads\/2025\/01\/groupe-coue-trm-certification-oea-entite-tcm-transport-container-web-1030x391.webp 1030w, https:\/\/www.transports-coue.fr\/wp-content\/uploads\/2025\/01\/groupe-coue-trm-certification-oea-entite-tcm-transport-container-web-80x30.webp 80w, https:\/\/www.transports-coue.fr\/wp-content\/uploads\/2025\/01\/groupe-coue-trm-certification-oea-entite-tcm-transport-container-web-768x292.webp 768w, https:\/\/www.transports-coue.fr\/wp-content\/uploads\/2025\/01\/groupe-coue-trm-certification-oea-entite-tcm-transport-container-web-1536x583.webp 1536w, https:\/\/www.transports-coue.fr\/wp-content\/uploads\/2025\/01\/groupe-coue-trm-certification-oea-entite-tcm-transport-container-web-1500x570.webp 1500w, https:\/\/www.transports-coue.fr\/wp-content\/uploads\/2025\/01\/groupe-coue-trm-certification-oea-entite-tcm-transport-container-web-705x268.webp 705w, https:\/\/www.transports-coue.fr\/wp-content\/uploads\/2025\/01\/groupe-coue-trm-certification-oea-entite-tcm-transport-container-web-845x321.webp 845w\" sizes=\"(max-width: 1690px) 100vw, 1690px\" \/><\/a><div class=\"slide-content\"><header class=\"entry-content-header\" aria-label=\"Slide: Notre entit\u00e9 TCM (Transport de Container) \u00e9galement certifi\u00e9e OEA\"><h3 class='slide-entry-title entry-title '  itemprop=\"headline\" ><a href='https:\/\/www.transports-coue.fr\/fr\/notre-entite-tcm-transport-de-container-egalement-certifiee-oea\/' title='Notre entit\u00e9 TCM (Transport de Container) \u00e9galement certifi\u00e9e OEA'>Notre entit\u00e9 TCM (Transport de Container) \u00e9galement certifi\u00e9e OEA<\/a><\/h3><span class=\"blog-categories minor-meta\"><a href=\"https:\/\/www.transports-coue.fr\/fr\/category\/actualites\/\" rel=\"tag\">Actualit\u00e9s<\/a>, <a href=\"https:\/\/www.transports-coue.fr\/fr\/category\/actualites\/developpement\/\" rel=\"tag\">D\u00e9veloppement<\/a>, <a href=\"https:\/\/www.transports-coue.fr\/fr\/category\/actualites\/developpement\/developpement-logistique\/\" rel=\"tag\">D\u00e9veloppement Logistique<\/a>, <a href=\"https:\/\/www.transports-coue.fr\/fr\/category\/actualites\/developpement\/developpement-overseas\/\" rel=\"tag\">D\u00e9veloppement Overseas<\/a>, <a href=\"https:\/\/www.transports-coue.fr\/fr\/category\/actualites\/developpement\/developpement-transport-containers\/\" rel=\"tag\">D\u00e9veloppement Transport Containers<\/a> <\/span><span class=\"av-vertical-delimiter\"><\/span><\/header><div class='slide-entry-excerpt entry-content'  itemprop=\"text\" >Apr\u00e8s SOTECAN INTERNATIONAL, notre entit\u00e9 TCM sp\u00e9cialis\u00e9e en transport de containers est \u00e0 son tour certifi\u00e9e OEA (Op\u00e9rateur Economique Agr\u00e9\u00e9) garantissant ainsi notre haut niveau de suret\u00e9 et de s\u00e9curit\u00e9 des marchandises transport\u00e9es\u2026<div class=\"read-more-link\"><a href=\"https:\/\/www.transports-coue.fr\/fr\/notre-entite-tcm-transport-de-container-egalement-certifiee-oea\/\" class=\"more-link\">Lire la suite<span class='more-link-arrow avia-svg-icon avia-font-svg_entypo-fontello' data-av_svg_icon='right-open-big' data-av_iconset='svg_entypo-fontello'><svg version=\"1.1\" xmlns=\"http:\/\/www.w3.org\/2000\/svg\" width=\"15\" height=\"32\" viewBox=\"0 0 15 32\" preserveAspectRatio=\"xMidYMid meet\" role=\"graphics-symbol\" aria-hidden=\"true\">\n<path d=\"M0.416 27.84l11.456-11.84-11.456-11.904q-0.832-0.832 0-1.536 0.832-0.832 1.536 0l12.544 12.608q0.768 0.832 0 1.6l-12.544 12.608q-0.704 0.832-1.536 0-0.832-0.704 0-1.536z\"><\/path>\n<\/svg><\/span><\/a><\/div><\/div><\/div><footer class=\"entry-footer\"><div class=\"slide-meta\"><time class='slide-meta-time updated'  itemprop=\"datePublished\" datetime=\"2025-01-17T16:46:18+01:00\" >17 janvier 2025<\/time><\/div><\/footer><span class='hidden'>\n\t\t\t\t<span class='av-structured-data'  itemprop=\"image\" itemscope=\"itemscope\" itemtype=\"https:\/\/schema.org\/ImageObject\" >\n\t\t\t\t\t\t<span itemprop='url'>https:\/\/www.transports-coue.fr\/wp-content\/uploads\/2025\/01\/groupe-coue-trm-certification-oea-entite-tcm-transport-container-web.webp<\/span>\n\t\t\t\t\t\t<span itemprop='height'>642<\/span>\n\t\t\t\t\t\t<span itemprop='width'>1690<\/span>\n\t\t\t\t<\/span>\n\t\t\t\t<span class='av-structured-data'  itemprop=\"publisher\" itemtype=\"https:\/\/schema.org\/Organization\" itemscope=\"itemscope\" >\n\t\t\t\t\t\t<span itemprop='name'>Transports Cou\u00e9<\/span>\n\t\t\t\t\t\t<span itemprop='logo' itemscope itemtype='https:\/\/schema.org\/ImageObject'>\n\t\t\t\t\t\t\t<span itemprop='url'>https:\/\/www.transports-coue.fr\/wp-content\/uploads\/2018\/10\/Logo-transports-coue-300x119.png<\/span>\n\t\t\t\t\t\t<\/span>\n\t\t\t\t<\/span><span class='av-structured-data'  itemprop=\"author\" itemscope=\"itemscope\" itemtype=\"https:\/\/schema.org\/Person\" ><span itemprop='name'>Transports Cou\u00e9<\/span><\/span><span class='av-structured-data'  itemprop=\"datePublished\" datetime=\"2018-10-04T10:16:12+02:00\" >2025-01-17 16:46:18<\/span><span class='av-structured-data'  itemprop=\"dateModified\" itemtype=\"https:\/\/schema.org\/dateModified\" >2025-01-17 19:07:24<\/span><span class='av-structured-data'  itemprop=\"mainEntityOfPage\" itemtype=\"https:\/\/schema.org\/mainEntityOfPage\" ><span itemprop='name'>Notre entit\u00e9 TCM (Transport de Container) \u00e9galement certifi\u00e9e OEA<\/span><\/span><\/span><\/article><\/div><div class=\"slide-entry-wrap\"><article class='slide-entry flex_column  post-entry post-entry-11348 slide-entry-overview slide-loop-22 slide-parity-odd  av_one_third first real-thumbnail posttype-post post-format-standard'  itemscope=\"itemscope\" itemtype=\"https:\/\/schema.org\/CreativeWork\" ><a href='https:\/\/www.transports-coue.fr\/fr\/sotecan-international-certifiee-oea\/' data-rel='slide-1' class='slide-image' title='Sotecan International certifi\u00e9e OEA'><img decoding=\"async\" fetchpriority=\"high\" width=\"1690\" height=\"642\" src=\"https:\/\/www.transports-coue.fr\/wp-content\/uploads\/2025\/01\/sotecan-international-certifie-oea-web.webp\" class=\"wp-image-11351 avia-img-lazy-loading-not-11351 attachment-no scaling size-no scaling wp-post-image\" alt=\"Sotecan International certifi\u00e9 OEA\" srcset=\"https:\/\/www.transports-coue.fr\/wp-content\/uploads\/2025\/01\/sotecan-international-certifie-oea-web.webp 1690w, https:\/\/www.transports-coue.fr\/wp-content\/uploads\/2025\/01\/sotecan-international-certifie-oea-web-300x114.webp 300w, https:\/\/www.transports-coue.fr\/wp-content\/uploads\/2025\/01\/sotecan-international-certifie-oea-web-1030x391.webp 1030w, https:\/\/www.transports-coue.fr\/wp-content\/uploads\/2025\/01\/sotecan-international-certifie-oea-web-80x30.webp 80w, https:\/\/www.transports-coue.fr\/wp-content\/uploads\/2025\/01\/sotecan-international-certifie-oea-web-768x292.webp 768w, https:\/\/www.transports-coue.fr\/wp-content\/uploads\/2025\/01\/sotecan-international-certifie-oea-web-1536x583.webp 1536w, https:\/\/www.transports-coue.fr\/wp-content\/uploads\/2025\/01\/sotecan-international-certifie-oea-web-1500x570.webp 1500w, https:\/\/www.transports-coue.fr\/wp-content\/uploads\/2025\/01\/sotecan-international-certifie-oea-web-705x268.webp 705w, https:\/\/www.transports-coue.fr\/wp-content\/uploads\/2025\/01\/sotecan-international-certifie-oea-web-845x321.webp 845w\" sizes=\"(max-width: 1690px) 100vw, 1690px\" \/><\/a><div class=\"slide-content\"><header class=\"entry-content-header\" aria-label=\"Slide: Sotecan International certifi\u00e9e OEA\"><h3 class='slide-entry-title entry-title '  itemprop=\"headline\" ><a href='https:\/\/www.transports-coue.fr\/fr\/sotecan-international-certifiee-oea\/' title='Sotecan International certifi\u00e9e OEA'>Sotecan International certifi\u00e9e OEA<\/a><\/h3><span class=\"blog-categories minor-meta\"><a href=\"https:\/\/www.transports-coue.fr\/fr\/category\/actualites\/\" rel=\"tag\">Actualit\u00e9s<\/a>, <a href=\"https:\/\/www.transports-coue.fr\/fr\/category\/actualites\/developpement\/\" rel=\"tag\">D\u00e9veloppement<\/a>, <a href=\"https:\/\/www.transports-coue.fr\/fr\/category\/actualites\/developpement\/developpement-logistique\/\" rel=\"tag\">D\u00e9veloppement Logistique<\/a>, <a href=\"https:\/\/www.transports-coue.fr\/fr\/category\/actualites\/developpement\/developpement-overseas\/\" rel=\"tag\">D\u00e9veloppement Overseas<\/a>, <a href=\"https:\/\/www.transports-coue.fr\/fr\/category\/actualites\/developpement\/developpement-transport-containers\/\" rel=\"tag\">D\u00e9veloppement Transport Containers<\/a> <\/span><span class=\"av-vertical-delimiter\"><\/span><\/header><div class='slide-entry-excerpt entry-content'  itemprop=\"text\" >\ud83c\udd95 Du nouveau dans notre r\u00e9gion\u2026\n\ud83c\udf0d Dans sa d\u00e9marche de d\u00e9veloppement, notre entit\u00e9 import\/export, SOTECAN INTERNATIONAL, a obtenu la certification OEA-C.\n\nCela va nous permettre \u00e0 court terme d\u2019obtenir l\u2019autorisation d'entrep\u00f4t\u2026<div class=\"read-more-link\"><a href=\"https:\/\/www.transports-coue.fr\/fr\/sotecan-international-certifiee-oea\/\" class=\"more-link\">Lire la suite<span class='more-link-arrow avia-svg-icon avia-font-svg_entypo-fontello' data-av_svg_icon='right-open-big' data-av_iconset='svg_entypo-fontello'><svg version=\"1.1\" xmlns=\"http:\/\/www.w3.org\/2000\/svg\" width=\"15\" height=\"32\" viewBox=\"0 0 15 32\" preserveAspectRatio=\"xMidYMid meet\" role=\"graphics-symbol\" aria-hidden=\"true\">\n<path d=\"M0.416 27.84l11.456-11.84-11.456-11.904q-0.832-0.832 0-1.536 0.832-0.832 1.536 0l12.544 12.608q0.768 0.832 0 1.6l-12.544 12.608q-0.704 0.832-1.536 0-0.832-0.704 0-1.536z\"><\/path>\n<\/svg><\/span><\/a><\/div><\/div><\/div><footer class=\"entry-footer\"><div class=\"slide-meta\"><time class='slide-meta-time updated'  itemprop=\"datePublished\" datetime=\"2025-01-10T18:00:00+01:00\" >10 janvier 2025<\/time><\/div><\/footer><span class='hidden'>\n\t\t\t\t<span class='av-structured-data'  itemprop=\"image\" itemscope=\"itemscope\" itemtype=\"https:\/\/schema.org\/ImageObject\" >\n\t\t\t\t\t\t<span itemprop='url'>https:\/\/www.transports-coue.fr\/wp-content\/uploads\/2025\/01\/sotecan-international-certifie-oea-web.webp<\/span>\n\t\t\t\t\t\t<span itemprop='height'>642<\/span>\n\t\t\t\t\t\t<span itemprop='width'>1690<\/span>\n\t\t\t\t<\/span>\n\t\t\t\t<span class='av-structured-data'  itemprop=\"publisher\" itemtype=\"https:\/\/schema.org\/Organization\" itemscope=\"itemscope\" >\n\t\t\t\t\t\t<span itemprop='name'>Transports Cou\u00e9<\/span>\n\t\t\t\t\t\t<span itemprop='logo' itemscope itemtype='https:\/\/schema.org\/ImageObject'>\n\t\t\t\t\t\t\t<span itemprop='url'>https:\/\/www.transports-coue.fr\/wp-content\/uploads\/2018\/10\/Logo-transports-coue-300x119.png<\/span>\n\t\t\t\t\t\t<\/span>\n\t\t\t\t<\/span><span class='av-structured-data'  itemprop=\"author\" itemscope=\"itemscope\" itemtype=\"https:\/\/schema.org\/Person\" ><span itemprop='name'>Transports Cou\u00e9<\/span><\/span><span class='av-structured-data'  itemprop=\"datePublished\" datetime=\"2018-10-04T10:16:12+02:00\" >2025-01-10 18:00:00<\/span><span class='av-structured-data'  itemprop=\"dateModified\" itemtype=\"https:\/\/schema.org\/dateModified\" >2025-01-08 18:14:37<\/span><span class='av-structured-data'  itemprop=\"mainEntityOfPage\" itemtype=\"https:\/\/schema.org\/mainEntityOfPage\" ><span itemprop='name'>Sotecan International certifi\u00e9e OEA<\/span><\/span><\/span><\/article><article class='slide-entry flex_column  post-entry post-entry-11323 slide-entry-overview slide-loop-23 slide-parity-even  av_one_third  real-thumbnail posttype-post post-format-standard'  itemscope=\"itemscope\" itemtype=\"https:\/\/schema.org\/CreativeWork\" ><a href='https:\/\/www.transports-coue.fr\/fr\/activite-trm-transport-grand-volume\/' data-rel='slide-1' class='slide-image' title='Activit\u00e9 TRM : Transport Grand Volume'><img decoding=\"async\" fetchpriority=\"high\" width=\"1690\" height=\"642\" src=\"https:\/\/www.transports-coue.fr\/wp-content\/uploads\/2024\/12\/groupe-coue-trm-camion-remorque-mercedes-grand-volume-web.webp\" class=\"wp-image-11325 avia-img-lazy-loading-not-11325 attachment-no scaling size-no scaling wp-post-image\" alt=\"Camion remorque TRM Grand Volume\" srcset=\"https:\/\/www.transports-coue.fr\/wp-content\/uploads\/2024\/12\/groupe-coue-trm-camion-remorque-mercedes-grand-volume-web.webp 1690w, https:\/\/www.transports-coue.fr\/wp-content\/uploads\/2024\/12\/groupe-coue-trm-camion-remorque-mercedes-grand-volume-web-300x114.webp 300w, https:\/\/www.transports-coue.fr\/wp-content\/uploads\/2024\/12\/groupe-coue-trm-camion-remorque-mercedes-grand-volume-web-1030x391.webp 1030w, https:\/\/www.transports-coue.fr\/wp-content\/uploads\/2024\/12\/groupe-coue-trm-camion-remorque-mercedes-grand-volume-web-80x30.webp 80w, https:\/\/www.transports-coue.fr\/wp-content\/uploads\/2024\/12\/groupe-coue-trm-camion-remorque-mercedes-grand-volume-web-768x292.webp 768w, https:\/\/www.transports-coue.fr\/wp-content\/uploads\/2024\/12\/groupe-coue-trm-camion-remorque-mercedes-grand-volume-web-1536x583.webp 1536w, https:\/\/www.transports-coue.fr\/wp-content\/uploads\/2024\/12\/groupe-coue-trm-camion-remorque-mercedes-grand-volume-web-1500x570.webp 1500w, https:\/\/www.transports-coue.fr\/wp-content\/uploads\/2024\/12\/groupe-coue-trm-camion-remorque-mercedes-grand-volume-web-705x268.webp 705w, https:\/\/www.transports-coue.fr\/wp-content\/uploads\/2024\/12\/groupe-coue-trm-camion-remorque-mercedes-grand-volume-web-845x321.webp 845w\" sizes=\"(max-width: 1690px) 100vw, 1690px\" \/><\/a><div class=\"slide-content\"><header class=\"entry-content-header\" aria-label=\"Slide: Activit\u00e9 TRM : Transport Grand Volume\"><h3 class='slide-entry-title entry-title '  itemprop=\"headline\" ><a href='https:\/\/www.transports-coue.fr\/fr\/activite-trm-transport-grand-volume\/' title='Activit\u00e9 TRM : Transport Grand Volume'>Activit\u00e9 TRM : Transport Grand Volume<\/a><\/h3><span class=\"blog-categories minor-meta\"><a href=\"https:\/\/www.transports-coue.fr\/fr\/category\/actualites\/\" rel=\"tag\">Actualit\u00e9s<\/a>, <a href=\"https:\/\/www.transports-coue.fr\/fr\/category\/actualites\/developpement\/\" rel=\"tag\">D\u00e9veloppement<\/a> <\/span><span class=\"av-vertical-delimiter\"><\/span><\/header><div class='slide-entry-excerpt entry-content'  itemprop=\"text\" >\ud83d\udcf8 Merci \u00e0 Gr\u00e9gory pour le partage de cette photo de son camion remorque Grand Volume \u00e0 c\u00f4t\u00e9 de celui d'un de ses coll\u00e8gues, prise au cours d'une pause dans leur trajet.\nAvec notre parc propre de 60 ensembles grand volume 120 m3 d\u00e9di\u00e9\u2026<div class=\"read-more-link\"><a href=\"https:\/\/www.transports-coue.fr\/fr\/activite-trm-transport-grand-volume\/\" class=\"more-link\">Lire la suite<span class='more-link-arrow avia-svg-icon avia-font-svg_entypo-fontello' data-av_svg_icon='right-open-big' data-av_iconset='svg_entypo-fontello'><svg version=\"1.1\" xmlns=\"http:\/\/www.w3.org\/2000\/svg\" width=\"15\" height=\"32\" viewBox=\"0 0 15 32\" preserveAspectRatio=\"xMidYMid meet\" role=\"graphics-symbol\" aria-hidden=\"true\">\n<path d=\"M0.416 27.84l11.456-11.84-11.456-11.904q-0.832-0.832 0-1.536 0.832-0.832 1.536 0l12.544 12.608q0.768 0.832 0 1.6l-12.544 12.608q-0.704 0.832-1.536 0-0.832-0.704 0-1.536z\"><\/path>\n<\/svg><\/span><\/a><\/div><\/div><\/div><footer class=\"entry-footer\"><div class=\"slide-meta\"><time class='slide-meta-time updated'  itemprop=\"datePublished\" datetime=\"2024-12-13T18:00:00+01:00\" >13 d\u00e9cembre 2024<\/time><\/div><\/footer><span class='hidden'>\n\t\t\t\t<span class='av-structured-data'  itemprop=\"image\" itemscope=\"itemscope\" itemtype=\"https:\/\/schema.org\/ImageObject\" >\n\t\t\t\t\t\t<span itemprop='url'>https:\/\/www.transports-coue.fr\/wp-content\/uploads\/2024\/12\/groupe-coue-trm-camion-remorque-mercedes-grand-volume-web.webp<\/span>\n\t\t\t\t\t\t<span itemprop='height'>642<\/span>\n\t\t\t\t\t\t<span itemprop='width'>1690<\/span>\n\t\t\t\t<\/span>\n\t\t\t\t<span class='av-structured-data'  itemprop=\"publisher\" itemtype=\"https:\/\/schema.org\/Organization\" itemscope=\"itemscope\" >\n\t\t\t\t\t\t<span itemprop='name'>Transports Cou\u00e9<\/span>\n\t\t\t\t\t\t<span itemprop='logo' itemscope itemtype='https:\/\/schema.org\/ImageObject'>\n\t\t\t\t\t\t\t<span itemprop='url'>https:\/\/www.transports-coue.fr\/wp-content\/uploads\/2018\/10\/Logo-transports-coue-300x119.png<\/span>\n\t\t\t\t\t\t<\/span>\n\t\t\t\t<\/span><span class='av-structured-data'  itemprop=\"author\" itemscope=\"itemscope\" itemtype=\"https:\/\/schema.org\/Person\" ><span itemprop='name'>Transports Cou\u00e9<\/span><\/span><span class='av-structured-data'  itemprop=\"datePublished\" datetime=\"2018-10-04T10:16:12+02:00\" >2024-12-13 18:00:00<\/span><span class='av-structured-data'  itemprop=\"dateModified\" itemtype=\"https:\/\/schema.org\/dateModified\" >2024-12-06 11:35:01<\/span><span class='av-structured-data'  itemprop=\"mainEntityOfPage\" itemtype=\"https:\/\/schema.org\/mainEntityOfPage\" ><span itemprop='name'>Activit\u00e9 TRM : Transport Grand Volume<\/span><\/span><\/span><\/article><article class='slide-entry flex_column  post-entry post-entry-11278 slide-entry-overview slide-loop-24 slide-parity-odd  av_one_third  real-thumbnail posttype-post post-format-standard'  itemscope=\"itemscope\" itemtype=\"https:\/\/schema.org\/CreativeWork\" ><a href='https:\/\/www.transports-coue.fr\/fr\/110eme-au-classement-des-prestataires-logistiques-3pl-france\/' data-rel='slide-1' class='slide-image' title='110\u00e8me au Top 150 des logisticiens 3PL'><img decoding=\"async\" fetchpriority=\"high\" width=\"1690\" height=\"642\" src=\"https:\/\/www.transports-coue.fr\/wp-content\/uploads\/2024\/10\/groupe-coue-trm-classement-logistique-3pl-web.webp\" class=\"wp-image-11280 avia-img-lazy-loading-not-11280 attachment-no scaling size-no scaling wp-post-image\" alt=\"Groupe Cou\u00e9 TRM dans le classement du Top 150 Prestataires Logistique 3PL Supply Chain Magazine\" srcset=\"https:\/\/www.transports-coue.fr\/wp-content\/uploads\/2024\/10\/groupe-coue-trm-classement-logistique-3pl-web.webp 1690w, https:\/\/www.transports-coue.fr\/wp-content\/uploads\/2024\/10\/groupe-coue-trm-classement-logistique-3pl-web-300x114.webp 300w, https:\/\/www.transports-coue.fr\/wp-content\/uploads\/2024\/10\/groupe-coue-trm-classement-logistique-3pl-web-1030x391.webp 1030w, https:\/\/www.transports-coue.fr\/wp-content\/uploads\/2024\/10\/groupe-coue-trm-classement-logistique-3pl-web-80x30.webp 80w, https:\/\/www.transports-coue.fr\/wp-content\/uploads\/2024\/10\/groupe-coue-trm-classement-logistique-3pl-web-768x292.webp 768w, https:\/\/www.transports-coue.fr\/wp-content\/uploads\/2024\/10\/groupe-coue-trm-classement-logistique-3pl-web-1536x583.webp 1536w, https:\/\/www.transports-coue.fr\/wp-content\/uploads\/2024\/10\/groupe-coue-trm-classement-logistique-3pl-web-1500x570.webp 1500w, https:\/\/www.transports-coue.fr\/wp-content\/uploads\/2024\/10\/groupe-coue-trm-classement-logistique-3pl-web-705x268.webp 705w, https:\/\/www.transports-coue.fr\/wp-content\/uploads\/2024\/10\/groupe-coue-trm-classement-logistique-3pl-web-845x321.webp 845w\" sizes=\"(max-width: 1690px) 100vw, 1690px\" \/><\/a><div class=\"slide-content\"><header class=\"entry-content-header\" aria-label=\"Slide: 110\u00e8me au Top 150 des logisticiens 3PL\"><h3 class='slide-entry-title entry-title '  itemprop=\"headline\" ><a href='https:\/\/www.transports-coue.fr\/fr\/110eme-au-classement-des-prestataires-logistiques-3pl-france\/' title='110\u00e8me au Top 150 des logisticiens 3PL'>110\u00e8me au Top 150 des logisticiens 3PL<\/a><\/h3><span class=\"blog-categories minor-meta\"><a href=\"https:\/\/www.transports-coue.fr\/fr\/category\/actualites\/\" rel=\"tag\">Actualit\u00e9s<\/a>, <a href=\"https:\/\/www.transports-coue.fr\/fr\/category\/actualites\/developpement\/\" rel=\"tag\">D\u00e9veloppement<\/a>, <a href=\"https:\/\/www.transports-coue.fr\/fr\/category\/actualites\/developpement\/developpement-logistique\/\" rel=\"tag\">D\u00e9veloppement Logistique<\/a>, <a href=\"https:\/\/www.transports-coue.fr\/fr\/category\/actualites\/developpement\/developpement-overseas\/\" rel=\"tag\">D\u00e9veloppement Overseas<\/a>, <a href=\"https:\/\/www.transports-coue.fr\/fr\/category\/actualites\/developpement\/developpement-transport-containers\/\" rel=\"tag\">D\u00e9veloppement Transport Containers<\/a> <\/span><span class=\"av-vertical-delimiter\"><\/span><\/header><div class='slide-entry-excerpt entry-content'  itemprop=\"text\" >\ud83d\ude80 Fiers de notre performance dans le Top 150 des prestataires logistiques 3PL \ud83d\ude80\nNous sommes ravis d'annoncer que nous avons atteint la 110\u00e8me place dans le Top 150 des prestataires logistiques 3PL en France, \u00e9tabli par Supply Chain Magazine.\u2026<div class=\"read-more-link\"><a href=\"https:\/\/www.transports-coue.fr\/fr\/110eme-au-classement-des-prestataires-logistiques-3pl-france\/\" class=\"more-link\">Lire la suite<span class='more-link-arrow avia-svg-icon avia-font-svg_entypo-fontello' data-av_svg_icon='right-open-big' data-av_iconset='svg_entypo-fontello'><svg version=\"1.1\" xmlns=\"http:\/\/www.w3.org\/2000\/svg\" width=\"15\" height=\"32\" viewBox=\"0 0 15 32\" preserveAspectRatio=\"xMidYMid meet\" role=\"graphics-symbol\" aria-hidden=\"true\">\n<path d=\"M0.416 27.84l11.456-11.84-11.456-11.904q-0.832-0.832 0-1.536 0.832-0.832 1.536 0l12.544 12.608q0.768 0.832 0 1.6l-12.544 12.608q-0.704 0.832-1.536 0-0.832-0.704 0-1.536z\"><\/path>\n<\/svg><\/span><\/a><\/div><\/div><\/div><footer class=\"entry-footer\"><div class=\"slide-meta\"><time class='slide-meta-time updated'  itemprop=\"datePublished\" datetime=\"2024-10-23T14:10:37+02:00\" >23 octobre 2024<\/time><\/div><\/footer><span class='hidden'>\n\t\t\t\t<span class='av-structured-data'  itemprop=\"image\" itemscope=\"itemscope\" itemtype=\"https:\/\/schema.org\/ImageObject\" >\n\t\t\t\t\t\t<span itemprop='url'>https:\/\/www.transports-coue.fr\/wp-content\/uploads\/2024\/10\/groupe-coue-trm-classement-logistique-3pl-web.webp<\/span>\n\t\t\t\t\t\t<span itemprop='height'>642<\/span>\n\t\t\t\t\t\t<span itemprop='width'>1690<\/span>\n\t\t\t\t<\/span>\n\t\t\t\t<span class='av-structured-data'  itemprop=\"publisher\" itemtype=\"https:\/\/schema.org\/Organization\" itemscope=\"itemscope\" >\n\t\t\t\t\t\t<span itemprop='name'>Transports Cou\u00e9<\/span>\n\t\t\t\t\t\t<span itemprop='logo' itemscope itemtype='https:\/\/schema.org\/ImageObject'>\n\t\t\t\t\t\t\t<span itemprop='url'>https:\/\/www.transports-coue.fr\/wp-content\/uploads\/2018\/10\/Logo-transports-coue-300x119.png<\/span>\n\t\t\t\t\t\t<\/span>\n\t\t\t\t<\/span><span class='av-structured-data'  itemprop=\"author\" itemscope=\"itemscope\" itemtype=\"https:\/\/schema.org\/Person\" ><span itemprop='name'>Transports Cou\u00e9<\/span><\/span><span class='av-structured-data'  itemprop=\"datePublished\" datetime=\"2018-10-04T10:16:12+02:00\" >2024-10-23 14:10:37<\/span><span class='av-structured-data'  itemprop=\"dateModified\" itemtype=\"https:\/\/schema.org\/dateModified\" >2024-10-24 16:40:22<\/span><span class='av-structured-data'  itemprop=\"mainEntityOfPage\" itemtype=\"https:\/\/schema.org\/mainEntityOfPage\" ><span itemprop='name'>110\u00e8me au Top 150 des logisticiens 3PL<\/span><\/span><\/span><\/article><\/div><div class=\"slide-entry-wrap\"><article class='slide-entry flex_column  post-entry post-entry-11127 slide-entry-overview slide-loop-25 slide-parity-odd  av_one_third first real-thumbnail posttype-post post-format-standard'  itemscope=\"itemscope\" itemtype=\"https:\/\/schema.org\/CreativeWork\" ><a href='https:\/\/www.transports-coue.fr\/fr\/audit-certification-oea-une-etape-cle-pour-nos-entites-internationales-sotecan-tcm\/' data-rel='slide-1' class='slide-image' title='Audit certification OEA, une \u00e9tape cl\u00e9 pour nos entit\u00e9s internationales : SOTECAN &#038; TCM'><img decoding=\"async\" fetchpriority=\"high\" width=\"1690\" height=\"642\" src=\"https:\/\/www.transports-coue.fr\/wp-content\/uploads\/2024\/09\/groupe-coue-trm-audit-douane-certification-oea-web.webp\" class=\"wp-image-11128 avia-img-lazy-loading-not-11128 attachment-no scaling size-no scaling wp-post-image\" alt=\"audit service douane certification OEA\" srcset=\"https:\/\/www.transports-coue.fr\/wp-content\/uploads\/2024\/09\/groupe-coue-trm-audit-douane-certification-oea-web.webp 1690w, https:\/\/www.transports-coue.fr\/wp-content\/uploads\/2024\/09\/groupe-coue-trm-audit-douane-certification-oea-web-300x114.webp 300w, https:\/\/www.transports-coue.fr\/wp-content\/uploads\/2024\/09\/groupe-coue-trm-audit-douane-certification-oea-web-1030x391.webp 1030w, https:\/\/www.transports-coue.fr\/wp-content\/uploads\/2024\/09\/groupe-coue-trm-audit-douane-certification-oea-web-80x30.webp 80w, https:\/\/www.transports-coue.fr\/wp-content\/uploads\/2024\/09\/groupe-coue-trm-audit-douane-certification-oea-web-768x292.webp 768w, https:\/\/www.transports-coue.fr\/wp-content\/uploads\/2024\/09\/groupe-coue-trm-audit-douane-certification-oea-web-1536x583.webp 1536w, https:\/\/www.transports-coue.fr\/wp-content\/uploads\/2024\/09\/groupe-coue-trm-audit-douane-certification-oea-web-1500x570.webp 1500w, https:\/\/www.transports-coue.fr\/wp-content\/uploads\/2024\/09\/groupe-coue-trm-audit-douane-certification-oea-web-705x268.webp 705w, https:\/\/www.transports-coue.fr\/wp-content\/uploads\/2024\/09\/groupe-coue-trm-audit-douane-certification-oea-web-845x321.webp 845w\" sizes=\"(max-width: 1690px) 100vw, 1690px\" \/><\/a><div class=\"slide-content\"><header class=\"entry-content-header\" aria-label=\"Slide: Audit certification OEA, une \u00e9tape cl\u00e9 pour nos entit\u00e9s internationales : SOTECAN &amp; TCM\"><h3 class='slide-entry-title entry-title '  itemprop=\"headline\" ><a href='https:\/\/www.transports-coue.fr\/fr\/audit-certification-oea-une-etape-cle-pour-nos-entites-internationales-sotecan-tcm\/' title='Audit certification OEA, une \u00e9tape cl\u00e9 pour nos entit\u00e9s internationales : SOTECAN &#038; TCM'>Audit certification OEA, une \u00e9tape cl\u00e9 pour nos entit\u00e9s internationales : SOTECAN &#038; TCM<\/a><\/h3><span class=\"blog-categories minor-meta\"><a href=\"https:\/\/www.transports-coue.fr\/fr\/category\/actualites\/\" rel=\"tag\">Actualit\u00e9s<\/a>, <a href=\"https:\/\/www.transports-coue.fr\/fr\/category\/actualites\/developpement\/\" rel=\"tag\">D\u00e9veloppement<\/a>, <a href=\"https:\/\/www.transports-coue.fr\/fr\/category\/actualites\/developpement\/developpement-logistique\/\" rel=\"tag\">D\u00e9veloppement Logistique<\/a>, <a href=\"https:\/\/www.transports-coue.fr\/fr\/category\/actualites\/developpement\/developpement-overseas\/\" rel=\"tag\">D\u00e9veloppement Overseas<\/a>, <a href=\"https:\/\/www.transports-coue.fr\/fr\/category\/actualites\/developpement\/developpement-transport-containers\/\" rel=\"tag\">D\u00e9veloppement Transport Containers<\/a> <\/span><span class=\"av-vertical-delimiter\"><\/span><\/header><div class='slide-entry-excerpt entry-content'  itemprop=\"text\" >\ud83d\udea8 Deux jours d'audit pour l'obtention de la certification OEA (Op\u00e9rateur Economique Agr\u00e9\u00e9), une \u00e9tape cl\u00e9 pour nos entit\u00e9s internationales : SOTECAN INTERNATIONAL &amp; TCM !\ud83d\udea8\n\ud83d\udcc5 Ce mercredi et jeudi, nous avons accueilli le service\u2026<div class=\"read-more-link\"><a href=\"https:\/\/www.transports-coue.fr\/fr\/audit-certification-oea-une-etape-cle-pour-nos-entites-internationales-sotecan-tcm\/\" class=\"more-link\">Lire la suite<span class='more-link-arrow avia-svg-icon avia-font-svg_entypo-fontello' data-av_svg_icon='right-open-big' data-av_iconset='svg_entypo-fontello'><svg version=\"1.1\" xmlns=\"http:\/\/www.w3.org\/2000\/svg\" width=\"15\" height=\"32\" viewBox=\"0 0 15 32\" preserveAspectRatio=\"xMidYMid meet\" role=\"graphics-symbol\" aria-hidden=\"true\">\n<path d=\"M0.416 27.84l11.456-11.84-11.456-11.904q-0.832-0.832 0-1.536 0.832-0.832 1.536 0l12.544 12.608q0.768 0.832 0 1.6l-12.544 12.608q-0.704 0.832-1.536 0-0.832-0.704 0-1.536z\"><\/path>\n<\/svg><\/span><\/a><\/div><\/div><\/div><footer class=\"entry-footer\"><div class=\"slide-meta\"><time class='slide-meta-time updated'  itemprop=\"datePublished\" datetime=\"2024-09-27T16:24:10+02:00\" >27 septembre 2024<\/time><\/div><\/footer><span class='hidden'>\n\t\t\t\t<span class='av-structured-data'  itemprop=\"image\" itemscope=\"itemscope\" itemtype=\"https:\/\/schema.org\/ImageObject\" >\n\t\t\t\t\t\t<span itemprop='url'>https:\/\/www.transports-coue.fr\/wp-content\/uploads\/2024\/09\/groupe-coue-trm-audit-douane-certification-oea-web.webp<\/span>\n\t\t\t\t\t\t<span itemprop='height'>642<\/span>\n\t\t\t\t\t\t<span itemprop='width'>1690<\/span>\n\t\t\t\t<\/span>\n\t\t\t\t<span class='av-structured-data'  itemprop=\"publisher\" itemtype=\"https:\/\/schema.org\/Organization\" itemscope=\"itemscope\" >\n\t\t\t\t\t\t<span itemprop='name'>Transports Cou\u00e9<\/span>\n\t\t\t\t\t\t<span itemprop='logo' itemscope itemtype='https:\/\/schema.org\/ImageObject'>\n\t\t\t\t\t\t\t<span itemprop='url'>https:\/\/www.transports-coue.fr\/wp-content\/uploads\/2018\/10\/Logo-transports-coue-300x119.png<\/span>\n\t\t\t\t\t\t<\/span>\n\t\t\t\t<\/span><span class='av-structured-data'  itemprop=\"author\" itemscope=\"itemscope\" itemtype=\"https:\/\/schema.org\/Person\" ><span itemprop='name'>Transports Cou\u00e9<\/span><\/span><span class='av-structured-data'  itemprop=\"datePublished\" datetime=\"2018-10-04T10:16:12+02:00\" >2024-09-27 16:24:10<\/span><span class='av-structured-data'  itemprop=\"dateModified\" itemtype=\"https:\/\/schema.org\/dateModified\" >2025-01-08 18:56:35<\/span><span class='av-structured-data'  itemprop=\"mainEntityOfPage\" itemtype=\"https:\/\/schema.org\/mainEntityOfPage\" ><span itemprop='name'>Audit certification OEA, une \u00e9tape cl\u00e9 pour nos entit\u00e9s internationales : SOTECAN &#038; TCM<\/span><\/span><\/span><\/article><article class='slide-entry flex_column  post-entry post-entry-10888 slide-entry-overview slide-loop-26 slide-parity-even  av_one_third  real-thumbnail posttype-post post-format-standard'  itemscope=\"itemscope\" itemtype=\"https:\/\/schema.org\/CreativeWork\" ><a href='https:\/\/www.transports-coue.fr\/fr\/alliances-maritimes-hapag-divorce-et-remariage-en-2025\/' data-rel='slide-1' class='slide-image' title='Alliances Maritimes : HAPAG Divorce et remariage en 2025 !'><img decoding=\"async\" fetchpriority=\"high\" width=\"1690\" height=\"642\" src=\"https:\/\/www.transports-coue.fr\/wp-content\/uploads\/2024\/08\/sotecan-international-alliances-compagnie-maritimes-couv.webp\" class=\"wp-image-10891 avia-img-lazy-loading-not-10891 attachment-no scaling size-no scaling wp-post-image\" alt=\"\" srcset=\"https:\/\/www.transports-coue.fr\/wp-content\/uploads\/2024\/08\/sotecan-international-alliances-compagnie-maritimes-couv.webp 1690w, https:\/\/www.transports-coue.fr\/wp-content\/uploads\/2024\/08\/sotecan-international-alliances-compagnie-maritimes-couv-300x114.webp 300w, https:\/\/www.transports-coue.fr\/wp-content\/uploads\/2024\/08\/sotecan-international-alliances-compagnie-maritimes-couv-1030x391.webp 1030w, https:\/\/www.transports-coue.fr\/wp-content\/uploads\/2024\/08\/sotecan-international-alliances-compagnie-maritimes-couv-80x30.webp 80w, https:\/\/www.transports-coue.fr\/wp-content\/uploads\/2024\/08\/sotecan-international-alliances-compagnie-maritimes-couv-768x292.webp 768w, https:\/\/www.transports-coue.fr\/wp-content\/uploads\/2024\/08\/sotecan-international-alliances-compagnie-maritimes-couv-1536x583.webp 1536w, https:\/\/www.transports-coue.fr\/wp-content\/uploads\/2024\/08\/sotecan-international-alliances-compagnie-maritimes-couv-1500x570.webp 1500w, https:\/\/www.transports-coue.fr\/wp-content\/uploads\/2024\/08\/sotecan-international-alliances-compagnie-maritimes-couv-705x268.webp 705w, https:\/\/www.transports-coue.fr\/wp-content\/uploads\/2024\/08\/sotecan-international-alliances-compagnie-maritimes-couv-845x321.webp 845w\" sizes=\"(max-width: 1690px) 100vw, 1690px\" \/><\/a><div class=\"slide-content\"><header class=\"entry-content-header\" aria-label=\"Slide: Alliances Maritimes : HAPAG Divorce et remariage en 2025 !\"><h3 class='slide-entry-title entry-title '  itemprop=\"headline\" ><a href='https:\/\/www.transports-coue.fr\/fr\/alliances-maritimes-hapag-divorce-et-remariage-en-2025\/' title='Alliances Maritimes : HAPAG Divorce et remariage en 2025 !'>Alliances Maritimes : HAPAG Divorce et remariage en 2025 !<\/a><\/h3><span class=\"blog-categories minor-meta\"><a href=\"https:\/\/www.transports-coue.fr\/fr\/category\/actualites\/\" rel=\"tag\">Actualit\u00e9s<\/a>, <a href=\"https:\/\/www.transports-coue.fr\/fr\/category\/actualites\/developpement\/\" rel=\"tag\">D\u00e9veloppement<\/a>, <a href=\"https:\/\/www.transports-coue.fr\/fr\/category\/actualites\/developpement\/developpement-overseas\/\" rel=\"tag\">D\u00e9veloppement Overseas<\/a>, <a href=\"https:\/\/www.transports-coue.fr\/fr\/category\/actualites\/developpement\/developpement-transport-containers\/\" rel=\"tag\">D\u00e9veloppement Transport Containers<\/a> <\/span><span class=\"av-vertical-delimiter\"><\/span><\/header><div class='slide-entry-excerpt entry-content'  itemprop=\"text\" >\n\n\n\nR\u00e9organisation strat\u00e9gique des alliances maritimes en 2025 : HAPAG rejoint MAERSK pour former \"The Gemini Cooperation\"\nLes alliances maritimes jouent un r\u00f4le crucial dans le secteur du transport maritime, en regroupant plusieurs compagnies\u2026<div class=\"read-more-link\"><a href=\"https:\/\/www.transports-coue.fr\/fr\/alliances-maritimes-hapag-divorce-et-remariage-en-2025\/\" class=\"more-link\">Lire la suite<span class='more-link-arrow avia-svg-icon avia-font-svg_entypo-fontello' data-av_svg_icon='right-open-big' data-av_iconset='svg_entypo-fontello'><svg version=\"1.1\" xmlns=\"http:\/\/www.w3.org\/2000\/svg\" width=\"15\" height=\"32\" viewBox=\"0 0 15 32\" preserveAspectRatio=\"xMidYMid meet\" role=\"graphics-symbol\" aria-hidden=\"true\">\n<path d=\"M0.416 27.84l11.456-11.84-11.456-11.904q-0.832-0.832 0-1.536 0.832-0.832 1.536 0l12.544 12.608q0.768 0.832 0 1.6l-12.544 12.608q-0.704 0.832-1.536 0-0.832-0.704 0-1.536z\"><\/path>\n<\/svg><\/span><\/a><\/div><\/div><\/div><footer class=\"entry-footer\"><div class=\"slide-meta\"><time class='slide-meta-time updated'  itemprop=\"datePublished\" datetime=\"2024-09-05T08:50:21+02:00\" >5 septembre 2024<\/time><\/div><\/footer><span class='hidden'>\n\t\t\t\t<span class='av-structured-data'  itemprop=\"image\" itemscope=\"itemscope\" itemtype=\"https:\/\/schema.org\/ImageObject\" >\n\t\t\t\t\t\t<span itemprop='url'>https:\/\/www.transports-coue.fr\/wp-content\/uploads\/2024\/08\/sotecan-international-alliances-compagnie-maritimes-couv.webp<\/span>\n\t\t\t\t\t\t<span itemprop='height'>642<\/span>\n\t\t\t\t\t\t<span itemprop='width'>1690<\/span>\n\t\t\t\t<\/span>\n\t\t\t\t<span class='av-structured-data'  itemprop=\"publisher\" itemtype=\"https:\/\/schema.org\/Organization\" itemscope=\"itemscope\" >\n\t\t\t\t\t\t<span itemprop='name'>Transports Cou\u00e9<\/span>\n\t\t\t\t\t\t<span itemprop='logo' itemscope itemtype='https:\/\/schema.org\/ImageObject'>\n\t\t\t\t\t\t\t<span itemprop='url'>https:\/\/www.transports-coue.fr\/wp-content\/uploads\/2018\/10\/Logo-transports-coue-300x119.png<\/span>\n\t\t\t\t\t\t<\/span>\n\t\t\t\t<\/span><span class='av-structured-data'  itemprop=\"author\" itemscope=\"itemscope\" itemtype=\"https:\/\/schema.org\/Person\" ><span itemprop='name'>Transports Cou\u00e9<\/span><\/span><span class='av-structured-data'  itemprop=\"datePublished\" datetime=\"2018-10-04T10:16:12+02:00\" >2024-09-05 08:50:21<\/span><span class='av-structured-data'  itemprop=\"dateModified\" itemtype=\"https:\/\/schema.org\/dateModified\" >2024-09-17 11:56:21<\/span><span class='av-structured-data'  itemprop=\"mainEntityOfPage\" itemtype=\"https:\/\/schema.org\/mainEntityOfPage\" ><span itemprop='name'>Alliances Maritimes : HAPAG Divorce et remariage en 2025 !<\/span><\/span><\/span><\/article><article class='slide-entry flex_column  post-entry post-entry-10782 slide-entry-overview slide-loop-27 slide-parity-odd  av_one_third  real-thumbnail posttype-post post-format-standard'  itemscope=\"itemscope\" itemtype=\"https:\/\/schema.org\/CreativeWork\" ><a href='https:\/\/www.transports-coue.fr\/fr\/transfert-dune-ligne-de-production-vers-le-bresil\/' data-rel='slide-1' class='slide-image' title='Transfert d&rsquo;une ligne de production vers le Br\u00e9sil !'><img decoding=\"async\" fetchpriority=\"high\" width=\"1690\" height=\"642\" src=\"https:\/\/www.transports-coue.fr\/wp-content\/uploads\/2024\/07\/sotecan-international-transfert-ligne-production-au-bresil.webp\" class=\"wp-image-10783 avia-img-lazy-loading-not-10783 attachment-no scaling size-no scaling wp-post-image\" alt=\"Transfert par container d&#039;une ligne de production vers le Br\u00e9sil\" srcset=\"https:\/\/www.transports-coue.fr\/wp-content\/uploads\/2024\/07\/sotecan-international-transfert-ligne-production-au-bresil.webp 1690w, https:\/\/www.transports-coue.fr\/wp-content\/uploads\/2024\/07\/sotecan-international-transfert-ligne-production-au-bresil-300x114.webp 300w, https:\/\/www.transports-coue.fr\/wp-content\/uploads\/2024\/07\/sotecan-international-transfert-ligne-production-au-bresil-1030x391.webp 1030w, https:\/\/www.transports-coue.fr\/wp-content\/uploads\/2024\/07\/sotecan-international-transfert-ligne-production-au-bresil-80x30.webp 80w, https:\/\/www.transports-coue.fr\/wp-content\/uploads\/2024\/07\/sotecan-international-transfert-ligne-production-au-bresil-768x292.webp 768w, https:\/\/www.transports-coue.fr\/wp-content\/uploads\/2024\/07\/sotecan-international-transfert-ligne-production-au-bresil-1536x583.webp 1536w, https:\/\/www.transports-coue.fr\/wp-content\/uploads\/2024\/07\/sotecan-international-transfert-ligne-production-au-bresil-1500x570.webp 1500w, https:\/\/www.transports-coue.fr\/wp-content\/uploads\/2024\/07\/sotecan-international-transfert-ligne-production-au-bresil-705x268.webp 705w, https:\/\/www.transports-coue.fr\/wp-content\/uploads\/2024\/07\/sotecan-international-transfert-ligne-production-au-bresil-845x321.webp 845w\" sizes=\"(max-width: 1690px) 100vw, 1690px\" \/><\/a><div class=\"slide-content\"><header class=\"entry-content-header\" aria-label=\"Slide: Transfert d&#039;une ligne de production vers le Br\u00e9sil !\"><h3 class='slide-entry-title entry-title '  itemprop=\"headline\" ><a href='https:\/\/www.transports-coue.fr\/fr\/transfert-dune-ligne-de-production-vers-le-bresil\/' title='Transfert d&rsquo;une ligne de production vers le Br\u00e9sil !'>Transfert d&rsquo;une ligne de production vers le Br\u00e9sil !<\/a><\/h3><span class=\"blog-categories minor-meta\"><a href=\"https:\/\/www.transports-coue.fr\/fr\/category\/actualites\/\" rel=\"tag\">Actualit\u00e9s<\/a>, <a href=\"https:\/\/www.transports-coue.fr\/fr\/category\/actualites\/developpement\/\" rel=\"tag\">D\u00e9veloppement<\/a>, <a href=\"https:\/\/www.transports-coue.fr\/fr\/category\/actualites\/developpement\/developpement-overseas\/\" rel=\"tag\">D\u00e9veloppement Overseas<\/a> <\/span><span class=\"av-vertical-delimiter\"><\/span><\/header><div class='slide-entry-excerpt entry-content'  itemprop=\"text\" >\ud83d\udea2 En route pour le Br\u00e9sil !\nNotre mission : le d\u00e9montage et le transfert complet d'une ligne de production vers le Br\u00e9sil !\n\n\ud83d\udcc5 Retour sur ce projet qui a d\u00e9marr\u00e9 il y a un peu plus d\u2019un an avec comme d\u00e9fi majeure : se conformer\u2026<div class=\"read-more-link\"><a href=\"https:\/\/www.transports-coue.fr\/fr\/transfert-dune-ligne-de-production-vers-le-bresil\/\" class=\"more-link\">Lire la suite<span class='more-link-arrow avia-svg-icon avia-font-svg_entypo-fontello' data-av_svg_icon='right-open-big' data-av_iconset='svg_entypo-fontello'><svg version=\"1.1\" xmlns=\"http:\/\/www.w3.org\/2000\/svg\" width=\"15\" height=\"32\" viewBox=\"0 0 15 32\" preserveAspectRatio=\"xMidYMid meet\" role=\"graphics-symbol\" aria-hidden=\"true\">\n<path d=\"M0.416 27.84l11.456-11.84-11.456-11.904q-0.832-0.832 0-1.536 0.832-0.832 1.536 0l12.544 12.608q0.768 0.832 0 1.6l-12.544 12.608q-0.704 0.832-1.536 0-0.832-0.704 0-1.536z\"><\/path>\n<\/svg><\/span><\/a><\/div><\/div><\/div><footer class=\"entry-footer\"><div class=\"slide-meta\"><time class='slide-meta-time updated'  itemprop=\"datePublished\" datetime=\"2024-07-24T14:50:05+02:00\" >24 juillet 2024<\/time><\/div><\/footer><span class='hidden'>\n\t\t\t\t<span class='av-structured-data'  itemprop=\"image\" itemscope=\"itemscope\" itemtype=\"https:\/\/schema.org\/ImageObject\" >\n\t\t\t\t\t\t<span itemprop='url'>https:\/\/www.transports-coue.fr\/wp-content\/uploads\/2024\/07\/sotecan-international-transfert-ligne-production-au-bresil.webp<\/span>\n\t\t\t\t\t\t<span itemprop='height'>642<\/span>\n\t\t\t\t\t\t<span itemprop='width'>1690<\/span>\n\t\t\t\t<\/span>\n\t\t\t\t<span class='av-structured-data'  itemprop=\"publisher\" itemtype=\"https:\/\/schema.org\/Organization\" itemscope=\"itemscope\" >\n\t\t\t\t\t\t<span itemprop='name'>Transports Cou\u00e9<\/span>\n\t\t\t\t\t\t<span itemprop='logo' itemscope itemtype='https:\/\/schema.org\/ImageObject'>\n\t\t\t\t\t\t\t<span itemprop='url'>https:\/\/www.transports-coue.fr\/wp-content\/uploads\/2018\/10\/Logo-transports-coue-300x119.png<\/span>\n\t\t\t\t\t\t<\/span>\n\t\t\t\t<\/span><span class='av-structured-data'  itemprop=\"author\" itemscope=\"itemscope\" itemtype=\"https:\/\/schema.org\/Person\" ><span itemprop='name'>Transports Cou\u00e9<\/span><\/span><span class='av-structured-data'  itemprop=\"datePublished\" datetime=\"2018-10-04T10:16:12+02:00\" >2024-07-24 14:50:05<\/span><span class='av-structured-data'  itemprop=\"dateModified\" itemtype=\"https:\/\/schema.org\/dateModified\" >2024-07-24 15:02:41<\/span><span class='av-structured-data'  itemprop=\"mainEntityOfPage\" itemtype=\"https:\/\/schema.org\/mainEntityOfPage\" ><span itemprop='name'>Transfert d&rsquo;une ligne de production vers le Br\u00e9sil !<\/span><\/span><\/span><\/article><\/div><div class=\"slide-entry-wrap\"><article class='slide-entry flex_column  post-entry post-entry-10577 slide-entry-overview slide-loop-28 slide-parity-odd  av_one_third first real-thumbnail posttype-post post-format-standard'  itemscope=\"itemscope\" itemtype=\"https:\/\/schema.org\/CreativeWork\" ><a href='https:\/\/www.transports-coue.fr\/fr\/pourquoi-preferer-lincoterm-fca-a-lincoterm-exw\/' data-rel='slide-1' class='slide-image' title='Pourquoi pr\u00e9f\u00e9rer l&rsquo;incoterm FCA \u00e0 l&rsquo;incoterm EXW ?'><img decoding=\"async\" fetchpriority=\"high\" width=\"1690\" height=\"642\" src=\"https:\/\/www.transports-coue.fr\/wp-content\/uploads\/2024\/05\/sotecan-international-incoterm-fca-import-export.webp\" class=\"wp-image-10579 avia-img-lazy-loading-not-10579 attachment-no scaling size-no scaling wp-post-image\" alt=\"Porte container Incoterm FCA\" srcset=\"https:\/\/www.transports-coue.fr\/wp-content\/uploads\/2024\/05\/sotecan-international-incoterm-fca-import-export.webp 1690w, https:\/\/www.transports-coue.fr\/wp-content\/uploads\/2024\/05\/sotecan-international-incoterm-fca-import-export-300x114.webp 300w, https:\/\/www.transports-coue.fr\/wp-content\/uploads\/2024\/05\/sotecan-international-incoterm-fca-import-export-1030x391.webp 1030w, https:\/\/www.transports-coue.fr\/wp-content\/uploads\/2024\/05\/sotecan-international-incoterm-fca-import-export-80x30.webp 80w, https:\/\/www.transports-coue.fr\/wp-content\/uploads\/2024\/05\/sotecan-international-incoterm-fca-import-export-768x292.webp 768w, https:\/\/www.transports-coue.fr\/wp-content\/uploads\/2024\/05\/sotecan-international-incoterm-fca-import-export-1536x583.webp 1536w, https:\/\/www.transports-coue.fr\/wp-content\/uploads\/2024\/05\/sotecan-international-incoterm-fca-import-export-1500x570.webp 1500w, https:\/\/www.transports-coue.fr\/wp-content\/uploads\/2024\/05\/sotecan-international-incoterm-fca-import-export-705x268.webp 705w, https:\/\/www.transports-coue.fr\/wp-content\/uploads\/2024\/05\/sotecan-international-incoterm-fca-import-export-845x321.webp 845w\" sizes=\"(max-width: 1690px) 100vw, 1690px\" \/><\/a><div class=\"slide-content\"><header class=\"entry-content-header\" aria-label=\"Slide: Pourquoi pr\u00e9f\u00e9rer l&#039;incoterm FCA \u00e0 l&#039;incoterm EXW ?\"><h3 class='slide-entry-title entry-title '  itemprop=\"headline\" ><a href='https:\/\/www.transports-coue.fr\/fr\/pourquoi-preferer-lincoterm-fca-a-lincoterm-exw\/' title='Pourquoi pr\u00e9f\u00e9rer l&rsquo;incoterm FCA \u00e0 l&rsquo;incoterm EXW ?'>Pourquoi pr\u00e9f\u00e9rer l&rsquo;incoterm FCA \u00e0 l&rsquo;incoterm EXW ?<\/a><\/h3><span class=\"blog-categories minor-meta\"><a href=\"https:\/\/www.transports-coue.fr\/fr\/category\/actualites\/\" rel=\"tag\">Actualit\u00e9s<\/a>, <a href=\"https:\/\/www.transports-coue.fr\/fr\/category\/actualites\/developpement\/\" rel=\"tag\">D\u00e9veloppement<\/a>, <a href=\"https:\/\/www.transports-coue.fr\/fr\/category\/actualites\/developpement\/developpement-overseas\/\" rel=\"tag\">D\u00e9veloppement Overseas<\/a> <\/span><span class=\"av-vertical-delimiter\"><\/span><\/header><div class='slide-entry-excerpt entry-content'  itemprop=\"text\" >L'incoterm EXW 2020 est consid\u00e9r\u00e9 comme inadapt\u00e9 au commerce international, il pose 2 probl\u00e9matiques majeures :\n\n \tLe vendeur doit r\u00e9cup\u00e9rer l'EXA en ECS de sortie qui correspond \u00e0 la d\u00e9claration en douane pour justifier la vente H.T.\u2026<div class=\"read-more-link\"><a href=\"https:\/\/www.transports-coue.fr\/fr\/pourquoi-preferer-lincoterm-fca-a-lincoterm-exw\/\" class=\"more-link\">Lire la suite<span class='more-link-arrow avia-svg-icon avia-font-svg_entypo-fontello' data-av_svg_icon='right-open-big' data-av_iconset='svg_entypo-fontello'><svg version=\"1.1\" xmlns=\"http:\/\/www.w3.org\/2000\/svg\" width=\"15\" height=\"32\" viewBox=\"0 0 15 32\" preserveAspectRatio=\"xMidYMid meet\" role=\"graphics-symbol\" aria-hidden=\"true\">\n<path d=\"M0.416 27.84l11.456-11.84-11.456-11.904q-0.832-0.832 0-1.536 0.832-0.832 1.536 0l12.544 12.608q0.768 0.832 0 1.6l-12.544 12.608q-0.704 0.832-1.536 0-0.832-0.704 0-1.536z\"><\/path>\n<\/svg><\/span><\/a><\/div><\/div><\/div><footer class=\"entry-footer\"><div class=\"slide-meta\"><time class='slide-meta-time updated'  itemprop=\"datePublished\" datetime=\"2024-05-14T15:59:30+02:00\" >14 mai 2024<\/time><\/div><\/footer><span class='hidden'>\n\t\t\t\t<span class='av-structured-data'  itemprop=\"image\" itemscope=\"itemscope\" itemtype=\"https:\/\/schema.org\/ImageObject\" >\n\t\t\t\t\t\t<span itemprop='url'>https:\/\/www.transports-coue.fr\/wp-content\/uploads\/2024\/05\/sotecan-international-incoterm-fca-import-export.webp<\/span>\n\t\t\t\t\t\t<span itemprop='height'>642<\/span>\n\t\t\t\t\t\t<span itemprop='width'>1690<\/span>\n\t\t\t\t<\/span>\n\t\t\t\t<span class='av-structured-data'  itemprop=\"publisher\" itemtype=\"https:\/\/schema.org\/Organization\" itemscope=\"itemscope\" >\n\t\t\t\t\t\t<span itemprop='name'>Transports Cou\u00e9<\/span>\n\t\t\t\t\t\t<span itemprop='logo' itemscope itemtype='https:\/\/schema.org\/ImageObject'>\n\t\t\t\t\t\t\t<span itemprop='url'>https:\/\/www.transports-coue.fr\/wp-content\/uploads\/2018\/10\/Logo-transports-coue-300x119.png<\/span>\n\t\t\t\t\t\t<\/span>\n\t\t\t\t<\/span><span class='av-structured-data'  itemprop=\"author\" itemscope=\"itemscope\" itemtype=\"https:\/\/schema.org\/Person\" ><span itemprop='name'>Transports Cou\u00e9<\/span><\/span><span class='av-structured-data'  itemprop=\"datePublished\" datetime=\"2018-10-04T10:16:12+02:00\" >2024-05-14 15:59:30<\/span><span class='av-structured-data'  itemprop=\"dateModified\" itemtype=\"https:\/\/schema.org\/dateModified\" >2024-05-29 11:19:36<\/span><span class='av-structured-data'  itemprop=\"mainEntityOfPage\" itemtype=\"https:\/\/schema.org\/mainEntityOfPage\" ><span itemprop='name'>Pourquoi pr\u00e9f\u00e9rer l&rsquo;incoterm FCA \u00e0 l&rsquo;incoterm EXW ?<\/span><\/span><\/span><\/article><article class='slide-entry flex_column  post-entry post-entry-10505 slide-entry-overview slide-loop-29 slide-parity-even  av_one_third  real-thumbnail posttype-post post-format-standard'  itemscope=\"itemscope\" itemtype=\"https:\/\/schema.org\/CreativeWork\" ><a href='https:\/\/www.transports-coue.fr\/fr\/nous-poursuivons-notre-transition-energetique\/' data-rel='slide-1' class='slide-image' title='Nous poursuivons notre transition \u00e9nerg\u00e9tique !'><img decoding=\"async\" fetchpriority=\"high\" width=\"1690\" height=\"642\" src=\"https:\/\/www.transports-coue.fr\/wp-content\/uploads\/2024\/04\/transports-coue-envrionnement-camion-oleo-100-n1-web.webp\" class=\"wp-image-10506 avia-img-lazy-loading-not-10506 attachment-no scaling size-no scaling wp-post-image\" alt=\"Camion fonctionnant au B100 d&#039;Oleo100\" srcset=\"https:\/\/www.transports-coue.fr\/wp-content\/uploads\/2024\/04\/transports-coue-envrionnement-camion-oleo-100-n1-web.webp 1690w, https:\/\/www.transports-coue.fr\/wp-content\/uploads\/2024\/04\/transports-coue-envrionnement-camion-oleo-100-n1-web-300x114.webp 300w, https:\/\/www.transports-coue.fr\/wp-content\/uploads\/2024\/04\/transports-coue-envrionnement-camion-oleo-100-n1-web-1030x391.webp 1030w, https:\/\/www.transports-coue.fr\/wp-content\/uploads\/2024\/04\/transports-coue-envrionnement-camion-oleo-100-n1-web-80x30.webp 80w, https:\/\/www.transports-coue.fr\/wp-content\/uploads\/2024\/04\/transports-coue-envrionnement-camion-oleo-100-n1-web-768x292.webp 768w, https:\/\/www.transports-coue.fr\/wp-content\/uploads\/2024\/04\/transports-coue-envrionnement-camion-oleo-100-n1-web-1536x583.webp 1536w, https:\/\/www.transports-coue.fr\/wp-content\/uploads\/2024\/04\/transports-coue-envrionnement-camion-oleo-100-n1-web-1500x570.webp 1500w, https:\/\/www.transports-coue.fr\/wp-content\/uploads\/2024\/04\/transports-coue-envrionnement-camion-oleo-100-n1-web-705x268.webp 705w, https:\/\/www.transports-coue.fr\/wp-content\/uploads\/2024\/04\/transports-coue-envrionnement-camion-oleo-100-n1-web-845x321.webp 845w\" sizes=\"(max-width: 1690px) 100vw, 1690px\" \/><\/a><div class=\"slide-content\"><header class=\"entry-content-header\" aria-label=\"Slide: Nous poursuivons notre transition \u00e9nerg\u00e9tique !\"><h3 class='slide-entry-title entry-title '  itemprop=\"headline\" ><a href='https:\/\/www.transports-coue.fr\/fr\/nous-poursuivons-notre-transition-energetique\/' title='Nous poursuivons notre transition \u00e9nerg\u00e9tique !'>Nous poursuivons notre transition \u00e9nerg\u00e9tique !<\/a><\/h3><span class=\"blog-categories minor-meta\"><a href=\"https:\/\/www.transports-coue.fr\/fr\/category\/actualites\/\" rel=\"tag\">Actualit\u00e9s<\/a>, <a href=\"https:\/\/www.transports-coue.fr\/fr\/category\/actualites\/developpement\/\" rel=\"tag\">D\u00e9veloppement<\/a> <\/span><span class=\"av-vertical-delimiter\"><\/span><\/header><div class='slide-entry-excerpt entry-content'  itemprop=\"text\" >R\u00e9ception de camions \ud83d\ude9b avec un nouveau marquage afin de bien identifier leur fonctionnement \u00e0 l'\u00e9nergie verte, le B100 \ud83c\udf31 Oleo100 :\n\u27a1\ufe0f100% Colza\n\u27a1\ufe0f 100% Fran\u00e7ais\n\u27a1\ufe0f - 60% d'\u00e9missions de CO2\n\u27a1\ufe0f - 80% d'\u00e9missions de\u2026<div class=\"read-more-link\"><a href=\"https:\/\/www.transports-coue.fr\/fr\/nous-poursuivons-notre-transition-energetique\/\" class=\"more-link\">Lire la suite<span class='more-link-arrow avia-svg-icon avia-font-svg_entypo-fontello' data-av_svg_icon='right-open-big' data-av_iconset='svg_entypo-fontello'><svg version=\"1.1\" xmlns=\"http:\/\/www.w3.org\/2000\/svg\" width=\"15\" height=\"32\" viewBox=\"0 0 15 32\" preserveAspectRatio=\"xMidYMid meet\" role=\"graphics-symbol\" aria-hidden=\"true\">\n<path d=\"M0.416 27.84l11.456-11.84-11.456-11.904q-0.832-0.832 0-1.536 0.832-0.832 1.536 0l12.544 12.608q0.768 0.832 0 1.6l-12.544 12.608q-0.704 0.832-1.536 0-0.832-0.704 0-1.536z\"><\/path>\n<\/svg><\/span><\/a><\/div><\/div><\/div><footer class=\"entry-footer\"><div class=\"slide-meta\"><time class='slide-meta-time updated'  itemprop=\"datePublished\" datetime=\"2024-04-12T18:00:00+02:00\" >12 avril 2024<\/time><\/div><\/footer><span class='hidden'>\n\t\t\t\t<span class='av-structured-data'  itemprop=\"image\" itemscope=\"itemscope\" itemtype=\"https:\/\/schema.org\/ImageObject\" >\n\t\t\t\t\t\t<span itemprop='url'>https:\/\/www.transports-coue.fr\/wp-content\/uploads\/2024\/04\/transports-coue-envrionnement-camion-oleo-100-n1-web.webp<\/span>\n\t\t\t\t\t\t<span itemprop='height'>642<\/span>\n\t\t\t\t\t\t<span itemprop='width'>1690<\/span>\n\t\t\t\t<\/span>\n\t\t\t\t<span class='av-structured-data'  itemprop=\"publisher\" itemtype=\"https:\/\/schema.org\/Organization\" itemscope=\"itemscope\" >\n\t\t\t\t\t\t<span itemprop='name'>Transports Cou\u00e9<\/span>\n\t\t\t\t\t\t<span itemprop='logo' itemscope itemtype='https:\/\/schema.org\/ImageObject'>\n\t\t\t\t\t\t\t<span itemprop='url'>https:\/\/www.transports-coue.fr\/wp-content\/uploads\/2018\/10\/Logo-transports-coue-300x119.png<\/span>\n\t\t\t\t\t\t<\/span>\n\t\t\t\t<\/span><span class='av-structured-data'  itemprop=\"author\" itemscope=\"itemscope\" itemtype=\"https:\/\/schema.org\/Person\" ><span itemprop='name'>Transports Cou\u00e9<\/span><\/span><span class='av-structured-data'  itemprop=\"datePublished\" datetime=\"2018-10-04T10:16:12+02:00\" >2024-04-12 18:00:00<\/span><span class='av-structured-data'  itemprop=\"dateModified\" itemtype=\"https:\/\/schema.org\/dateModified\" >2024-04-11 14:51:03<\/span><span class='av-structured-data'  itemprop=\"mainEntityOfPage\" itemtype=\"https:\/\/schema.org\/mainEntityOfPage\" ><span itemprop='name'>Nous poursuivons notre transition \u00e9nerg\u00e9tique !<\/span><\/span><\/span><\/article><article class='slide-entry flex_column  post-entry post-entry-10303 slide-entry-overview slide-loop-30 slide-parity-odd  av_one_third  real-thumbnail posttype-post post-format-standard'  itemscope=\"itemscope\" itemtype=\"https:\/\/schema.org\/CreativeWork\" ><a href='https:\/\/www.transports-coue.fr\/fr\/reprise-de-france-courses-en-association-avec-ekleo\/' data-rel='slide-1' class='slide-image' title='Reprise de France Courses en association avec Ekleo'><img decoding=\"async\" fetchpriority=\"high\" width=\"1690\" height=\"642\" src=\"https:\/\/www.transports-coue.fr\/wp-content\/uploads\/2024\/03\/transports-coue-ekleo-acquisition-france-courses.webp\" class=\"wp-image-10306 avia-img-lazy-loading-not-10306 attachment-no scaling size-no scaling wp-post-image\" alt=\"Transports Cou\u00e9 &amp; Ekl\u00e9o reprennent la soci\u00e9t\u00e9 France Courses\" srcset=\"https:\/\/www.transports-coue.fr\/wp-content\/uploads\/2024\/03\/transports-coue-ekleo-acquisition-france-courses.webp 1690w, https:\/\/www.transports-coue.fr\/wp-content\/uploads\/2024\/03\/transports-coue-ekleo-acquisition-france-courses-300x114.webp 300w, https:\/\/www.transports-coue.fr\/wp-content\/uploads\/2024\/03\/transports-coue-ekleo-acquisition-france-courses-1030x391.webp 1030w, https:\/\/www.transports-coue.fr\/wp-content\/uploads\/2024\/03\/transports-coue-ekleo-acquisition-france-courses-80x30.webp 80w, https:\/\/www.transports-coue.fr\/wp-content\/uploads\/2024\/03\/transports-coue-ekleo-acquisition-france-courses-768x292.webp 768w, https:\/\/www.transports-coue.fr\/wp-content\/uploads\/2024\/03\/transports-coue-ekleo-acquisition-france-courses-1536x583.webp 1536w, https:\/\/www.transports-coue.fr\/wp-content\/uploads\/2024\/03\/transports-coue-ekleo-acquisition-france-courses-1500x570.webp 1500w, https:\/\/www.transports-coue.fr\/wp-content\/uploads\/2024\/03\/transports-coue-ekleo-acquisition-france-courses-705x268.webp 705w, https:\/\/www.transports-coue.fr\/wp-content\/uploads\/2024\/03\/transports-coue-ekleo-acquisition-france-courses-845x321.webp 845w\" sizes=\"(max-width: 1690px) 100vw, 1690px\" \/><\/a><div class=\"slide-content\"><header class=\"entry-content-header\" aria-label=\"Slide: Reprise de France Courses en association avec Ekleo\"><h3 class='slide-entry-title entry-title '  itemprop=\"headline\" ><a href='https:\/\/www.transports-coue.fr\/fr\/reprise-de-france-courses-en-association-avec-ekleo\/' title='Reprise de France Courses en association avec Ekleo'>Reprise de France Courses en association avec Ekleo<\/a><\/h3><span class=\"blog-categories minor-meta\"><a href=\"https:\/\/www.transports-coue.fr\/fr\/category\/actualites\/\" rel=\"tag\">Actualit\u00e9s<\/a>, <a href=\"https:\/\/www.transports-coue.fr\/fr\/category\/actualites\/developpement\/\" rel=\"tag\">D\u00e9veloppement<\/a> <\/span><span class=\"av-vertical-delimiter\"><\/span><\/header><div class='slide-entry-excerpt entry-content'  itemprop=\"text\" >Les Transports Cou\u00e9 et Ekleo se sont associ\u00e9es pour reprendre la soci\u00e9t\u00e9 France Courses (Transport routier et Logistique) bas\u00e9e dans le Loiret (45) pr\u00e8s d'Orl\u00e9ans \u00e0 Ingr\u00e9.\n\nCompos\u00e9e d'une trentaine de personnes &amp; disposant d'une\u2026<div class=\"read-more-link\"><a href=\"https:\/\/www.transports-coue.fr\/fr\/reprise-de-france-courses-en-association-avec-ekleo\/\" class=\"more-link\">Lire la suite<span class='more-link-arrow avia-svg-icon avia-font-svg_entypo-fontello' data-av_svg_icon='right-open-big' data-av_iconset='svg_entypo-fontello'><svg version=\"1.1\" xmlns=\"http:\/\/www.w3.org\/2000\/svg\" width=\"15\" height=\"32\" viewBox=\"0 0 15 32\" preserveAspectRatio=\"xMidYMid meet\" role=\"graphics-symbol\" aria-hidden=\"true\">\n<path d=\"M0.416 27.84l11.456-11.84-11.456-11.904q-0.832-0.832 0-1.536 0.832-0.832 1.536 0l12.544 12.608q0.768 0.832 0 1.6l-12.544 12.608q-0.704 0.832-1.536 0-0.832-0.704 0-1.536z\"><\/path>\n<\/svg><\/span><\/a><\/div><\/div><\/div><footer class=\"entry-footer\"><div class=\"slide-meta\"><time class='slide-meta-time updated'  itemprop=\"datePublished\" datetime=\"2024-03-15T14:39:26+01:00\" >15 mars 2024<\/time><\/div><\/footer><span class='hidden'>\n\t\t\t\t<span class='av-structured-data'  itemprop=\"image\" itemscope=\"itemscope\" itemtype=\"https:\/\/schema.org\/ImageObject\" >\n\t\t\t\t\t\t<span itemprop='url'>https:\/\/www.transports-coue.fr\/wp-content\/uploads\/2024\/03\/transports-coue-ekleo-acquisition-france-courses.webp<\/span>\n\t\t\t\t\t\t<span itemprop='height'>642<\/span>\n\t\t\t\t\t\t<span itemprop='width'>1690<\/span>\n\t\t\t\t<\/span>\n\t\t\t\t<span class='av-structured-data'  itemprop=\"publisher\" itemtype=\"https:\/\/schema.org\/Organization\" itemscope=\"itemscope\" >\n\t\t\t\t\t\t<span itemprop='name'>Transports Cou\u00e9<\/span>\n\t\t\t\t\t\t<span itemprop='logo' itemscope itemtype='https:\/\/schema.org\/ImageObject'>\n\t\t\t\t\t\t\t<span itemprop='url'>https:\/\/www.transports-coue.fr\/wp-content\/uploads\/2018\/10\/Logo-transports-coue-300x119.png<\/span>\n\t\t\t\t\t\t<\/span>\n\t\t\t\t<\/span><span class='av-structured-data'  itemprop=\"author\" itemscope=\"itemscope\" itemtype=\"https:\/\/schema.org\/Person\" ><span itemprop='name'>Transports Cou\u00e9<\/span><\/span><span class='av-structured-data'  itemprop=\"datePublished\" datetime=\"2018-10-04T10:16:12+02:00\" >2024-03-15 14:39:26<\/span><span class='av-structured-data'  itemprop=\"dateModified\" itemtype=\"https:\/\/schema.org\/dateModified\" >2024-04-24 10:06:55<\/span><span class='av-structured-data'  itemprop=\"mainEntityOfPage\" itemtype=\"https:\/\/schema.org\/mainEntityOfPage\" ><span itemprop='name'>Reprise de France Courses en association avec Ekleo<\/span><\/span><\/span><\/article><\/div><div class=\"slide-entry-wrap\"><article class='slide-entry flex_column  post-entry post-entry-9998 slide-entry-overview slide-loop-31 slide-parity-odd  av_one_third first real-thumbnail posttype-post post-format-standard'  itemscope=\"itemscope\" itemtype=\"https:\/\/schema.org\/CreativeWork\" ><a href='https:\/\/www.transports-coue.fr\/fr\/991-de-taux-de-service-transport-logistique-3pl-en-2023\/' data-rel='slide-1' class='slide-image' title='99,1 % de taux de service Transport &#038; Logistique 3PL en 2023'><img decoding=\"async\" fetchpriority=\"high\" width=\"1108\" height=\"417\" src=\"https:\/\/www.transports-coue.fr\/wp-content\/uploads\/2024\/02\/groupe-coue-trm-taux-de-sevrice-transport-logistique-2023-web.webp\" class=\"wp-image-9999 avia-img-lazy-loading-not-9999 attachment-no scaling size-no scaling wp-post-image\" alt=\"Groupe Cou\u00e9-TRM 99.1% de taux de service Transport et Logistique 3PL\" srcset=\"https:\/\/www.transports-coue.fr\/wp-content\/uploads\/2024\/02\/groupe-coue-trm-taux-de-sevrice-transport-logistique-2023-web.webp 1108w, https:\/\/www.transports-coue.fr\/wp-content\/uploads\/2024\/02\/groupe-coue-trm-taux-de-sevrice-transport-logistique-2023-web-300x113.webp 300w, https:\/\/www.transports-coue.fr\/wp-content\/uploads\/2024\/02\/groupe-coue-trm-taux-de-sevrice-transport-logistique-2023-web-1030x388.webp 1030w, https:\/\/www.transports-coue.fr\/wp-content\/uploads\/2024\/02\/groupe-coue-trm-taux-de-sevrice-transport-logistique-2023-web-80x30.webp 80w, https:\/\/www.transports-coue.fr\/wp-content\/uploads\/2024\/02\/groupe-coue-trm-taux-de-sevrice-transport-logistique-2023-web-768x289.webp 768w, https:\/\/www.transports-coue.fr\/wp-content\/uploads\/2024\/02\/groupe-coue-trm-taux-de-sevrice-transport-logistique-2023-web-705x265.webp 705w\" sizes=\"(max-width: 1108px) 100vw, 1108px\" \/><\/a><div class=\"slide-content\"><header class=\"entry-content-header\" aria-label=\"Slide: 99,1 % de taux de service Transport &amp; Logistique 3PL en 2023\"><h3 class='slide-entry-title entry-title '  itemprop=\"headline\" ><a href='https:\/\/www.transports-coue.fr\/fr\/991-de-taux-de-service-transport-logistique-3pl-en-2023\/' title='99,1 % de taux de service Transport &#038; Logistique 3PL en 2023'>99,1 % de taux de service Transport &#038; Logistique 3PL en 2023<\/a><\/h3><span class=\"blog-categories minor-meta\"><a href=\"https:\/\/www.transports-coue.fr\/fr\/category\/actualites\/\" rel=\"tag\">Actualit\u00e9s<\/a>, <a href=\"https:\/\/www.transports-coue.fr\/fr\/category\/actualites\/developpement\/\" rel=\"tag\">D\u00e9veloppement<\/a>, <a href=\"https:\/\/www.transports-coue.fr\/fr\/category\/actualites\/developpement\/developpement-logistique\/\" rel=\"tag\">D\u00e9veloppement Logistique<\/a>, <a href=\"https:\/\/www.transports-coue.fr\/fr\/category\/actualites\/developpement\/developpement-overseas\/\" rel=\"tag\">D\u00e9veloppement Overseas<\/a>, <a href=\"https:\/\/www.transports-coue.fr\/fr\/category\/actualites\/developpement\/developpement-transport-containers\/\" rel=\"tag\">D\u00e9veloppement Transport Containers<\/a> <\/span><span class=\"av-vertical-delimiter\"><\/span><\/header><div class='slide-entry-excerpt entry-content'  itemprop=\"text\" >\ud83e\uddd0 Nous mesurons tous les mois par des indicateurs notre taux de service \ud83d\udcc8 3PL chez nos clients pour qui nous \ud835\ude00\ud835\ude01\ud835\uddfc\ud835\uddf0\ud835\uddf8\ud835\uddfc\ud835\uddfb\ud835\ude00 \ud83d\udce6 \ud835\uddf2\ud835\ude01 \ud835\ude01\ud835\uddff\ud835\uddee\ud835\uddfb\ud835\ude00\ud835\uddfd\ud835\uddfc\ud835\uddff\ud835\ude01\ud835\uddfc\ud835\uddfb\ud835\ude00 \ud83d\ude9b leurs produits (gestion des\u2026<div class=\"read-more-link\"><a href=\"https:\/\/www.transports-coue.fr\/fr\/991-de-taux-de-service-transport-logistique-3pl-en-2023\/\" class=\"more-link\">Lire la suite<span class='more-link-arrow avia-svg-icon avia-font-svg_entypo-fontello' data-av_svg_icon='right-open-big' data-av_iconset='svg_entypo-fontello'><svg version=\"1.1\" xmlns=\"http:\/\/www.w3.org\/2000\/svg\" width=\"15\" height=\"32\" viewBox=\"0 0 15 32\" preserveAspectRatio=\"xMidYMid meet\" role=\"graphics-symbol\" aria-hidden=\"true\">\n<path d=\"M0.416 27.84l11.456-11.84-11.456-11.904q-0.832-0.832 0-1.536 0.832-0.832 1.536 0l12.544 12.608q0.768 0.832 0 1.6l-12.544 12.608q-0.704 0.832-1.536 0-0.832-0.704 0-1.536z\"><\/path>\n<\/svg><\/span><\/a><\/div><\/div><\/div><footer class=\"entry-footer\"><div class=\"slide-meta\"><time class='slide-meta-time updated'  itemprop=\"datePublished\" datetime=\"2024-02-16T18:00:00+01:00\" >16 f\u00e9vrier 2024<\/time><\/div><\/footer><span class='hidden'>\n\t\t\t\t<span class='av-structured-data'  itemprop=\"image\" itemscope=\"itemscope\" itemtype=\"https:\/\/schema.org\/ImageObject\" >\n\t\t\t\t\t\t<span itemprop='url'>https:\/\/www.transports-coue.fr\/wp-content\/uploads\/2024\/02\/groupe-coue-trm-taux-de-sevrice-transport-logistique-2023-web.webp<\/span>\n\t\t\t\t\t\t<span itemprop='height'>417<\/span>\n\t\t\t\t\t\t<span itemprop='width'>1108<\/span>\n\t\t\t\t<\/span>\n\t\t\t\t<span class='av-structured-data'  itemprop=\"publisher\" itemtype=\"https:\/\/schema.org\/Organization\" itemscope=\"itemscope\" >\n\t\t\t\t\t\t<span itemprop='name'>Transports Cou\u00e9<\/span>\n\t\t\t\t\t\t<span itemprop='logo' itemscope itemtype='https:\/\/schema.org\/ImageObject'>\n\t\t\t\t\t\t\t<span itemprop='url'>https:\/\/www.transports-coue.fr\/wp-content\/uploads\/2018\/10\/Logo-transports-coue-300x119.png<\/span>\n\t\t\t\t\t\t<\/span>\n\t\t\t\t<\/span><span class='av-structured-data'  itemprop=\"author\" itemscope=\"itemscope\" itemtype=\"https:\/\/schema.org\/Person\" ><span itemprop='name'>Transports Cou\u00e9<\/span><\/span><span class='av-structured-data'  itemprop=\"datePublished\" datetime=\"2018-10-04T10:16:12+02:00\" >2024-02-16 18:00:00<\/span><span class='av-structured-data'  itemprop=\"dateModified\" itemtype=\"https:\/\/schema.org\/dateModified\" >2024-02-16 15:24:33<\/span><span class='av-structured-data'  itemprop=\"mainEntityOfPage\" itemtype=\"https:\/\/schema.org\/mainEntityOfPage\" ><span itemprop='name'>99,1 % de taux de service Transport &#038; Logistique 3PL en 2023<\/span><\/span><\/span><\/article><article class='slide-entry flex_column  post-entry post-entry-9863 slide-entry-overview slide-loop-32 slide-parity-even  av_one_third  real-thumbnail posttype-post post-format-standard'  itemscope=\"itemscope\" itemtype=\"https:\/\/schema.org\/CreativeWork\" ><a href='https:\/\/www.transports-coue.fr\/fr\/sotecan-international-certifiee-rde-operations-douanes\/' data-rel='slide-1' class='slide-image' title='Sotecan International certifi\u00e9e RDE (op\u00e9rations douanes)'><img decoding=\"async\" fetchpriority=\"high\" width=\"1690\" height=\"642\" src=\"https:\/\/www.transports-coue.fr\/wp-content\/uploads\/2024\/02\/sotecan-international-operations-douane-import-export.webp\" class=\"wp-image-9884 avia-img-lazy-loading-not-9884 attachment-no scaling size-no scaling wp-post-image\" alt=\"Sotecan International certifi\u00e9e RDE pour les op\u00e9rations de douane\" srcset=\"https:\/\/www.transports-coue.fr\/wp-content\/uploads\/2024\/02\/sotecan-international-operations-douane-import-export.webp 1690w, https:\/\/www.transports-coue.fr\/wp-content\/uploads\/2024\/02\/sotecan-international-operations-douane-import-export-300x114.webp 300w, https:\/\/www.transports-coue.fr\/wp-content\/uploads\/2024\/02\/sotecan-international-operations-douane-import-export-1030x391.webp 1030w, https:\/\/www.transports-coue.fr\/wp-content\/uploads\/2024\/02\/sotecan-international-operations-douane-import-export-80x30.webp 80w, https:\/\/www.transports-coue.fr\/wp-content\/uploads\/2024\/02\/sotecan-international-operations-douane-import-export-768x292.webp 768w, https:\/\/www.transports-coue.fr\/wp-content\/uploads\/2024\/02\/sotecan-international-operations-douane-import-export-1536x583.webp 1536w, https:\/\/www.transports-coue.fr\/wp-content\/uploads\/2024\/02\/sotecan-international-operations-douane-import-export-1500x570.webp 1500w, https:\/\/www.transports-coue.fr\/wp-content\/uploads\/2024\/02\/sotecan-international-operations-douane-import-export-705x268.webp 705w, https:\/\/www.transports-coue.fr\/wp-content\/uploads\/2024\/02\/sotecan-international-operations-douane-import-export-845x321.webp 845w\" sizes=\"(max-width: 1690px) 100vw, 1690px\" \/><\/a><div class=\"slide-content\"><header class=\"entry-content-header\" aria-label=\"Slide: Sotecan International certifi\u00e9e RDE (op\u00e9rations douanes)\"><h3 class='slide-entry-title entry-title '  itemprop=\"headline\" ><a href='https:\/\/www.transports-coue.fr\/fr\/sotecan-international-certifiee-rde-operations-douanes\/' title='Sotecan International certifi\u00e9e RDE (op\u00e9rations douanes)'>Sotecan International certifi\u00e9e RDE (op\u00e9rations douanes)<\/a><\/h3><span class=\"blog-categories minor-meta\"><a href=\"https:\/\/www.transports-coue.fr\/fr\/category\/actualites\/\" rel=\"tag\">Actualit\u00e9s<\/a>, <a href=\"https:\/\/www.transports-coue.fr\/fr\/category\/actualites\/developpement\/\" rel=\"tag\">D\u00e9veloppement<\/a>, <a href=\"https:\/\/www.transports-coue.fr\/fr\/category\/actualites\/developpement\/developpement-logistique\/\" rel=\"tag\">D\u00e9veloppement Logistique<\/a>, <a href=\"https:\/\/www.transports-coue.fr\/fr\/category\/actualites\/developpement\/developpement-overseas\/\" rel=\"tag\">D\u00e9veloppement Overseas<\/a>, <a href=\"https:\/\/www.transports-coue.fr\/fr\/category\/actualites\/developpement\/developpement-transport-containers\/\" rel=\"tag\">D\u00e9veloppement Transport Containers<\/a> <\/span><span class=\"av-vertical-delimiter\"><\/span><\/header><div class='slide-entry-excerpt entry-content'  itemprop=\"text\" >\ud83d\ude80 Certifi\u00e9e Repr\u00e9sentant en Douane Enregistr\u00e9 (RDE), notre entit\u00e9 \ud835\udde6\ud835\udde2\ud835\udde7\ud835\uddd8\ud835\uddd6\ud835\uddd4\ud835\udde1 \ud835\udddc\ud835\udde1\ud835\udde7\ud835\uddd8\ud835\udde5\ud835\udde1\ud835\uddd4\ud835\udde7\ud835\udddc\ud835\udde2\ud835\udde1\ud835\uddd4\ud835\udddf offre d\u00e9sormais aux entreprises un service complet dans la gestion de leur import-export\u2026<div class=\"read-more-link\"><a href=\"https:\/\/www.transports-coue.fr\/fr\/sotecan-international-certifiee-rde-operations-douanes\/\" class=\"more-link\">Lire la suite<span class='more-link-arrow avia-svg-icon avia-font-svg_entypo-fontello' data-av_svg_icon='right-open-big' data-av_iconset='svg_entypo-fontello'><svg version=\"1.1\" xmlns=\"http:\/\/www.w3.org\/2000\/svg\" width=\"15\" height=\"32\" viewBox=\"0 0 15 32\" preserveAspectRatio=\"xMidYMid meet\" role=\"graphics-symbol\" aria-hidden=\"true\">\n<path d=\"M0.416 27.84l11.456-11.84-11.456-11.904q-0.832-0.832 0-1.536 0.832-0.832 1.536 0l12.544 12.608q0.768 0.832 0 1.6l-12.544 12.608q-0.704 0.832-1.536 0-0.832-0.704 0-1.536z\"><\/path>\n<\/svg><\/span><\/a><\/div><\/div><\/div><footer class=\"entry-footer\"><div class=\"slide-meta\"><time class='slide-meta-time updated'  itemprop=\"datePublished\" datetime=\"2024-02-13T09:42:38+01:00\" >13 f\u00e9vrier 2024<\/time><\/div><\/footer><span class='hidden'>\n\t\t\t\t<span class='av-structured-data'  itemprop=\"image\" itemscope=\"itemscope\" itemtype=\"https:\/\/schema.org\/ImageObject\" >\n\t\t\t\t\t\t<span itemprop='url'>https:\/\/www.transports-coue.fr\/wp-content\/uploads\/2024\/02\/sotecan-international-operations-douane-import-export.webp<\/span>\n\t\t\t\t\t\t<span itemprop='height'>642<\/span>\n\t\t\t\t\t\t<span itemprop='width'>1690<\/span>\n\t\t\t\t<\/span>\n\t\t\t\t<span class='av-structured-data'  itemprop=\"publisher\" itemtype=\"https:\/\/schema.org\/Organization\" itemscope=\"itemscope\" >\n\t\t\t\t\t\t<span itemprop='name'>Transports Cou\u00e9<\/span>\n\t\t\t\t\t\t<span itemprop='logo' itemscope itemtype='https:\/\/schema.org\/ImageObject'>\n\t\t\t\t\t\t\t<span itemprop='url'>https:\/\/www.transports-coue.fr\/wp-content\/uploads\/2018\/10\/Logo-transports-coue-300x119.png<\/span>\n\t\t\t\t\t\t<\/span>\n\t\t\t\t<\/span><span class='av-structured-data'  itemprop=\"author\" itemscope=\"itemscope\" itemtype=\"https:\/\/schema.org\/Person\" ><span itemprop='name'>Transports Cou\u00e9<\/span><\/span><span class='av-structured-data'  itemprop=\"datePublished\" datetime=\"2018-10-04T10:16:12+02:00\" >2024-02-13 09:42:38<\/span><span class='av-structured-data'  itemprop=\"dateModified\" itemtype=\"https:\/\/schema.org\/dateModified\" >2024-02-13 09:43:31<\/span><span class='av-structured-data'  itemprop=\"mainEntityOfPage\" itemtype=\"https:\/\/schema.org\/mainEntityOfPage\" ><span itemprop='name'>Sotecan International certifi\u00e9e RDE (op\u00e9rations douanes)<\/span><\/span><\/span><\/article><article class='slide-entry flex_column  post-entry post-entry-9857 slide-entry-overview slide-loop-33 slide-parity-odd  av_one_third  real-thumbnail posttype-post post-format-standard'  itemscope=\"itemscope\" itemtype=\"https:\/\/schema.org\/CreativeWork\" ><a href='https:\/\/www.transports-coue.fr\/fr\/nos-camions-gaz-gnc-ont-economises-132-tonnes-de-co2-en-2023\/' data-rel='slide-1' class='slide-image' title='Nos camions gaz (GNC) ont \u00e9conomis\u00e9s 132 tonnes de CO2 en 2023 !'><img decoding=\"async\" fetchpriority=\"high\" width=\"1260\" height=\"478\" src=\"https:\/\/www.transports-coue.fr\/wp-content\/uploads\/2024\/02\/groupe-coue-trm-camion-gaz-reduction-co2-web.webp\" class=\"wp-image-9859 avia-img-lazy-loading-not-9859 attachment-no scaling size-no scaling wp-post-image\" alt=\"Nos camions gaz ont \u00e9conomis\u00e9s 132 tonnes de CO2 en 2023\" srcset=\"https:\/\/www.transports-coue.fr\/wp-content\/uploads\/2024\/02\/groupe-coue-trm-camion-gaz-reduction-co2-web.webp 1260w, https:\/\/www.transports-coue.fr\/wp-content\/uploads\/2024\/02\/groupe-coue-trm-camion-gaz-reduction-co2-web-300x114.webp 300w, https:\/\/www.transports-coue.fr\/wp-content\/uploads\/2024\/02\/groupe-coue-trm-camion-gaz-reduction-co2-web-1030x391.webp 1030w, https:\/\/www.transports-coue.fr\/wp-content\/uploads\/2024\/02\/groupe-coue-trm-camion-gaz-reduction-co2-web-80x30.webp 80w, https:\/\/www.transports-coue.fr\/wp-content\/uploads\/2024\/02\/groupe-coue-trm-camion-gaz-reduction-co2-web-768x291.webp 768w, https:\/\/www.transports-coue.fr\/wp-content\/uploads\/2024\/02\/groupe-coue-trm-camion-gaz-reduction-co2-web-705x267.webp 705w, https:\/\/www.transports-coue.fr\/wp-content\/uploads\/2024\/02\/groupe-coue-trm-camion-gaz-reduction-co2-web-845x321.webp 845w\" sizes=\"(max-width: 1260px) 100vw, 1260px\" \/><\/a><div class=\"slide-content\"><header class=\"entry-content-header\" aria-label=\"Slide: Nos camions gaz (GNC) ont \u00e9conomis\u00e9s 132 tonnes de CO2 en 2023 !\"><h3 class='slide-entry-title entry-title '  itemprop=\"headline\" ><a href='https:\/\/www.transports-coue.fr\/fr\/nos-camions-gaz-gnc-ont-economises-132-tonnes-de-co2-en-2023\/' title='Nos camions gaz (GNC) ont \u00e9conomis\u00e9s 132 tonnes de CO2 en 2023 !'>Nos camions gaz (GNC) ont \u00e9conomis\u00e9s 132 tonnes de CO2 en 2023 !<\/a><\/h3><span class=\"blog-categories minor-meta\"><a href=\"https:\/\/www.transports-coue.fr\/fr\/category\/actualites\/\" rel=\"tag\">Actualit\u00e9s<\/a>, <a href=\"https:\/\/www.transports-coue.fr\/fr\/category\/actualites\/developpement\/\" rel=\"tag\">D\u00e9veloppement<\/a>, <a href=\"https:\/\/www.transports-coue.fr\/fr\/category\/actualites\/developpement\/developpement-overseas\/\" rel=\"tag\">D\u00e9veloppement Overseas<\/a>, <a href=\"https:\/\/www.transports-coue.fr\/fr\/category\/actualites\/developpement\/developpement-transport-containers\/\" rel=\"tag\">D\u00e9veloppement Transport Containers<\/a> <\/span><span class=\"av-vertical-delimiter\"><\/span><\/header><div class='slide-entry-excerpt entry-content'  itemprop=\"text\" >\ud83c\udf0d Le Groupe Cou\u00e9 TRM est engag\u00e9 depuis plusieurs ann\u00e9es en faveur du d\u00e9veloppement durable en adoptant une approche \u00e9coresponsable \ud83c\udf31 dans tous les aspects de ses activit\u00e9s.\nUn des piliers de notre engagement environnemental est la\u2026<div class=\"read-more-link\"><a href=\"https:\/\/www.transports-coue.fr\/fr\/nos-camions-gaz-gnc-ont-economises-132-tonnes-de-co2-en-2023\/\" class=\"more-link\">Lire la suite<span class='more-link-arrow avia-svg-icon avia-font-svg_entypo-fontello' data-av_svg_icon='right-open-big' data-av_iconset='svg_entypo-fontello'><svg version=\"1.1\" xmlns=\"http:\/\/www.w3.org\/2000\/svg\" width=\"15\" height=\"32\" viewBox=\"0 0 15 32\" preserveAspectRatio=\"xMidYMid meet\" role=\"graphics-symbol\" aria-hidden=\"true\">\n<path d=\"M0.416 27.84l11.456-11.84-11.456-11.904q-0.832-0.832 0-1.536 0.832-0.832 1.536 0l12.544 12.608q0.768 0.832 0 1.6l-12.544 12.608q-0.704 0.832-1.536 0-0.832-0.704 0-1.536z\"><\/path>\n<\/svg><\/span><\/a><\/div><\/div><\/div><footer class=\"entry-footer\"><div class=\"slide-meta\"><time class='slide-meta-time updated'  itemprop=\"datePublished\" datetime=\"2024-02-02T18:00:00+01:00\" >2 f\u00e9vrier 2024<\/time><\/div><\/footer><span class='hidden'>\n\t\t\t\t<span class='av-structured-data'  itemprop=\"image\" itemscope=\"itemscope\" itemtype=\"https:\/\/schema.org\/ImageObject\" >\n\t\t\t\t\t\t<span itemprop='url'>https:\/\/www.transports-coue.fr\/wp-content\/uploads\/2024\/02\/groupe-coue-trm-camion-gaz-reduction-co2-web.webp<\/span>\n\t\t\t\t\t\t<span itemprop='height'>478<\/span>\n\t\t\t\t\t\t<span itemprop='width'>1260<\/span>\n\t\t\t\t<\/span>\n\t\t\t\t<span class='av-structured-data'  itemprop=\"publisher\" itemtype=\"https:\/\/schema.org\/Organization\" itemscope=\"itemscope\" >\n\t\t\t\t\t\t<span itemprop='name'>Transports Cou\u00e9<\/span>\n\t\t\t\t\t\t<span itemprop='logo' itemscope itemtype='https:\/\/schema.org\/ImageObject'>\n\t\t\t\t\t\t\t<span itemprop='url'>https:\/\/www.transports-coue.fr\/wp-content\/uploads\/2018\/10\/Logo-transports-coue-300x119.png<\/span>\n\t\t\t\t\t\t<\/span>\n\t\t\t\t<\/span><span class='av-structured-data'  itemprop=\"author\" itemscope=\"itemscope\" itemtype=\"https:\/\/schema.org\/Person\" ><span itemprop='name'>Transports Cou\u00e9<\/span><\/span><span class='av-structured-data'  itemprop=\"datePublished\" datetime=\"2018-10-04T10:16:12+02:00\" >2024-02-02 18:00:00<\/span><span class='av-structured-data'  itemprop=\"dateModified\" itemtype=\"https:\/\/schema.org\/dateModified\" >2024-02-13 09:39:41<\/span><span class='av-structured-data'  itemprop=\"mainEntityOfPage\" itemtype=\"https:\/\/schema.org\/mainEntityOfPage\" ><span itemprop='name'>Nos camions gaz (GNC) ont \u00e9conomis\u00e9s 132 tonnes de CO2 en 2023 !<\/span><\/span><\/span><\/article><\/div><div class=\"slide-entry-wrap\"><article class='slide-entry flex_column  post-entry post-entry-9647 slide-entry-overview slide-loop-34 slide-parity-odd  av_one_third first real-thumbnail posttype-post post-format-standard'  itemscope=\"itemscope\" itemtype=\"https:\/\/schema.org\/CreativeWork\" ><a href='https:\/\/www.transports-coue.fr\/fr\/exportation-de-materiels-industriels-pour-laffrique-du-sud-effectuee-par-notre-structure-import-export\/' data-rel='slide-1' class='slide-image' title='Exportation de mat\u00e9riels industriels pour l&rsquo;Affrique du Sud effectu\u00e9e par notre structure import \/ export'><img decoding=\"async\" fetchpriority=\"high\" width=\"1690\" height=\"642\" src=\"https:\/\/www.transports-coue.fr\/wp-content\/uploads\/2023\/12\/sotecan-international-tcm-exportation-materiels-industriels.webp\" class=\"wp-image-9648 avia-img-lazy-loading-not-9648 attachment-no scaling size-no scaling wp-post-image\" alt=\"Exportation par container de mat\u00e9riels industriels g\u00e9r\u00e9e par SOTECAN INTERNATIONAL\" srcset=\"https:\/\/www.transports-coue.fr\/wp-content\/uploads\/2023\/12\/sotecan-international-tcm-exportation-materiels-industriels.webp 1690w, https:\/\/www.transports-coue.fr\/wp-content\/uploads\/2023\/12\/sotecan-international-tcm-exportation-materiels-industriels-300x114.webp 300w, https:\/\/www.transports-coue.fr\/wp-content\/uploads\/2023\/12\/sotecan-international-tcm-exportation-materiels-industriels-1030x391.webp 1030w, https:\/\/www.transports-coue.fr\/wp-content\/uploads\/2023\/12\/sotecan-international-tcm-exportation-materiels-industriels-80x30.webp 80w, https:\/\/www.transports-coue.fr\/wp-content\/uploads\/2023\/12\/sotecan-international-tcm-exportation-materiels-industriels-768x292.webp 768w, https:\/\/www.transports-coue.fr\/wp-content\/uploads\/2023\/12\/sotecan-international-tcm-exportation-materiels-industriels-1536x583.webp 1536w, https:\/\/www.transports-coue.fr\/wp-content\/uploads\/2023\/12\/sotecan-international-tcm-exportation-materiels-industriels-1500x570.webp 1500w, https:\/\/www.transports-coue.fr\/wp-content\/uploads\/2023\/12\/sotecan-international-tcm-exportation-materiels-industriels-705x268.webp 705w, https:\/\/www.transports-coue.fr\/wp-content\/uploads\/2023\/12\/sotecan-international-tcm-exportation-materiels-industriels-845x321.webp 845w\" sizes=\"(max-width: 1690px) 100vw, 1690px\" \/><\/a><div class=\"slide-content\"><header class=\"entry-content-header\" aria-label=\"Slide: Exportation de mat\u00e9riels industriels pour l&#039;Affrique du Sud effectu\u00e9e par notre structure import \/ export\"><h3 class='slide-entry-title entry-title '  itemprop=\"headline\" ><a href='https:\/\/www.transports-coue.fr\/fr\/exportation-de-materiels-industriels-pour-laffrique-du-sud-effectuee-par-notre-structure-import-export\/' title='Exportation de mat\u00e9riels industriels pour l&rsquo;Affrique du Sud effectu\u00e9e par notre structure import \/ export'>Exportation de mat\u00e9riels industriels pour l&rsquo;Affrique du Sud effectu\u00e9e par notre structure import \/ export<\/a><\/h3><span class=\"blog-categories minor-meta\"><a href=\"https:\/\/www.transports-coue.fr\/fr\/category\/actualites\/\" rel=\"tag\">Actualit\u00e9s<\/a>, <a href=\"https:\/\/www.transports-coue.fr\/fr\/category\/actualites\/developpement\/\" rel=\"tag\">D\u00e9veloppement<\/a>, <a href=\"https:\/\/www.transports-coue.fr\/fr\/category\/actualites\/developpement\/developpement-overseas\/\" rel=\"tag\">D\u00e9veloppement Overseas<\/a>, <a href=\"https:\/\/www.transports-coue.fr\/fr\/category\/actualites\/developpement\/developpement-transport-containers\/\" rel=\"tag\">D\u00e9veloppement Transport Containers<\/a> <\/span><span class=\"av-vertical-delimiter\"><\/span><\/header><div class='slide-entry-excerpt entry-content'  itemprop=\"text\" >\n\n<div class=\"read-more-link\"><a href=\"https:\/\/www.transports-coue.fr\/fr\/exportation-de-materiels-industriels-pour-laffrique-du-sud-effectuee-par-notre-structure-import-export\/\" class=\"more-link\">Lire la suite<span class='more-link-arrow avia-svg-icon avia-font-svg_entypo-fontello' data-av_svg_icon='right-open-big' data-av_iconset='svg_entypo-fontello'><svg version=\"1.1\" xmlns=\"http:\/\/www.w3.org\/2000\/svg\" width=\"15\" height=\"32\" viewBox=\"0 0 15 32\" preserveAspectRatio=\"xMidYMid meet\" role=\"graphics-symbol\" aria-hidden=\"true\">\n<path d=\"M0.416 27.84l11.456-11.84-11.456-11.904q-0.832-0.832 0-1.536 0.832-0.832 1.536 0l12.544 12.608q0.768 0.832 0 1.6l-12.544 12.608q-0.704 0.832-1.536 0-0.832-0.704 0-1.536z\"><\/path>\n<\/svg><\/span><\/a><\/div><\/div><\/div><footer class=\"entry-footer\"><div class=\"slide-meta\"><time class='slide-meta-time updated'  itemprop=\"datePublished\" datetime=\"2023-12-07T17:58:56+01:00\" >7 d\u00e9cembre 2023<\/time><\/div><\/footer><span class='hidden'>\n\t\t\t\t<span class='av-structured-data'  itemprop=\"image\" itemscope=\"itemscope\" itemtype=\"https:\/\/schema.org\/ImageObject\" >\n\t\t\t\t\t\t<span itemprop='url'>https:\/\/www.transports-coue.fr\/wp-content\/uploads\/2023\/12\/sotecan-international-tcm-exportation-materiels-industriels.webp<\/span>\n\t\t\t\t\t\t<span itemprop='height'>642<\/span>\n\t\t\t\t\t\t<span itemprop='width'>1690<\/span>\n\t\t\t\t<\/span>\n\t\t\t\t<span class='av-structured-data'  itemprop=\"publisher\" itemtype=\"https:\/\/schema.org\/Organization\" itemscope=\"itemscope\" >\n\t\t\t\t\t\t<span itemprop='name'>Transports Cou\u00e9<\/span>\n\t\t\t\t\t\t<span itemprop='logo' itemscope itemtype='https:\/\/schema.org\/ImageObject'>\n\t\t\t\t\t\t\t<span itemprop='url'>https:\/\/www.transports-coue.fr\/wp-content\/uploads\/2018\/10\/Logo-transports-coue-300x119.png<\/span>\n\t\t\t\t\t\t<\/span>\n\t\t\t\t<\/span><span class='av-structured-data'  itemprop=\"author\" itemscope=\"itemscope\" itemtype=\"https:\/\/schema.org\/Person\" ><span itemprop='name'>Transports Cou\u00e9<\/span><\/span><span class='av-structured-data'  itemprop=\"datePublished\" datetime=\"2018-10-04T10:16:12+02:00\" >2023-12-07 17:58:56<\/span><span class='av-structured-data'  itemprop=\"dateModified\" itemtype=\"https:\/\/schema.org\/dateModified\" >2024-01-02 15:19:25<\/span><span class='av-structured-data'  itemprop=\"mainEntityOfPage\" itemtype=\"https:\/\/schema.org\/mainEntityOfPage\" ><span itemprop='name'>Exportation de mat\u00e9riels industriels pour l&rsquo;Affrique du Sud effectu\u00e9e par notre structure import \/ export<\/span><\/span><\/span><\/article><article class='slide-entry flex_column  post-entry post-entry-9607 slide-entry-overview slide-loop-35 slide-parity-even  av_one_third  real-thumbnail posttype-post post-format-standard'  itemscope=\"itemscope\" itemtype=\"https:\/\/schema.org\/CreativeWork\" ><a href='https:\/\/www.transports-coue.fr\/fr\/nos-retours-dexperience-sur-la-gestion-du-stockage-des-matieres-dangereuses\/' data-rel='slide-1' class='slide-image' title='Nos retours d&rsquo;exp\u00e9rience sur la gestion du stockage des Mati\u00e8res Dangereuses'><img decoding=\"async\" fetchpriority=\"high\" width=\"1690\" height=\"642\" src=\"https:\/\/www.transports-coue.fr\/wp-content\/uploads\/2023\/11\/logistique-coue-specialiste-stockage-matieres-dangereuses-web.webp\" class=\"wp-image-9608 avia-img-lazy-loading-not-9608 attachment-no scaling size-no scaling wp-post-image\" alt=\"notre exp\u00e9rience stockage des mati\u00e8res dangereuses\" srcset=\"https:\/\/www.transports-coue.fr\/wp-content\/uploads\/2023\/11\/logistique-coue-specialiste-stockage-matieres-dangereuses-web.webp 1690w, https:\/\/www.transports-coue.fr\/wp-content\/uploads\/2023\/11\/logistique-coue-specialiste-stockage-matieres-dangereuses-web-300x114.webp 300w, https:\/\/www.transports-coue.fr\/wp-content\/uploads\/2023\/11\/logistique-coue-specialiste-stockage-matieres-dangereuses-web-1030x391.webp 1030w, https:\/\/www.transports-coue.fr\/wp-content\/uploads\/2023\/11\/logistique-coue-specialiste-stockage-matieres-dangereuses-web-80x30.webp 80w, https:\/\/www.transports-coue.fr\/wp-content\/uploads\/2023\/11\/logistique-coue-specialiste-stockage-matieres-dangereuses-web-768x292.webp 768w, https:\/\/www.transports-coue.fr\/wp-content\/uploads\/2023\/11\/logistique-coue-specialiste-stockage-matieres-dangereuses-web-1536x583.webp 1536w, https:\/\/www.transports-coue.fr\/wp-content\/uploads\/2023\/11\/logistique-coue-specialiste-stockage-matieres-dangereuses-web-1500x570.webp 1500w, https:\/\/www.transports-coue.fr\/wp-content\/uploads\/2023\/11\/logistique-coue-specialiste-stockage-matieres-dangereuses-web-705x268.webp 705w, https:\/\/www.transports-coue.fr\/wp-content\/uploads\/2023\/11\/logistique-coue-specialiste-stockage-matieres-dangereuses-web-845x321.webp 845w\" sizes=\"(max-width: 1690px) 100vw, 1690px\" \/><\/a><div class=\"slide-content\"><header class=\"entry-content-header\" aria-label=\"Slide: Nos retours d&#039;exp\u00e9rience sur la gestion du stockage des Mati\u00e8res Dangereuses\"><h3 class='slide-entry-title entry-title '  itemprop=\"headline\" ><a href='https:\/\/www.transports-coue.fr\/fr\/nos-retours-dexperience-sur-la-gestion-du-stockage-des-matieres-dangereuses\/' title='Nos retours d&rsquo;exp\u00e9rience sur la gestion du stockage des Mati\u00e8res Dangereuses'>Nos retours d&rsquo;exp\u00e9rience sur la gestion du stockage des Mati\u00e8res Dangereuses<\/a><\/h3><span class=\"blog-categories minor-meta\"><a href=\"https:\/\/www.transports-coue.fr\/fr\/category\/actualites\/\" rel=\"tag\">Actualit\u00e9s<\/a>, <a href=\"https:\/\/www.transports-coue.fr\/fr\/category\/actualites\/developpement\/\" rel=\"tag\">D\u00e9veloppement<\/a>, <a href=\"https:\/\/www.transports-coue.fr\/fr\/category\/actualites\/developpement\/developpement-logistique\/\" rel=\"tag\">D\u00e9veloppement Logistique<\/a>, <a href=\"https:\/\/www.transports-coue.fr\/fr\/category\/actualites\/developpement\/developpement-overseas\/\" rel=\"tag\">D\u00e9veloppement Overseas<\/a> <\/span><span class=\"av-vertical-delimiter\"><\/span><\/header><div class='slide-entry-excerpt entry-content'  itemprop=\"text\" >\ud83d\udcf8 Table ronde sur le cycle de vie de la mati\u00e8re dangereuse ce mardi 7 nov \u00e0 Lyon.\nL'occasion pour notre Ing\u00e9nieure Commerciale sp\u00e9cialis\u00e9e dans ce domaine de partager avec d'autres professionnels de la chimie \ud835\uddfb\ud835\uddfc\ud835\ude01\ud835\uddff\ud835\uddf2 \ud835\uddff\ud835\uddf2\ud835\ude01\ud835\uddfc\ud835\ude02\ud835\uddff\u2026<div class=\"read-more-link\"><a href=\"https:\/\/www.transports-coue.fr\/fr\/nos-retours-dexperience-sur-la-gestion-du-stockage-des-matieres-dangereuses\/\" class=\"more-link\">Lire la suite<span class='more-link-arrow avia-svg-icon avia-font-svg_entypo-fontello' data-av_svg_icon='right-open-big' data-av_iconset='svg_entypo-fontello'><svg version=\"1.1\" xmlns=\"http:\/\/www.w3.org\/2000\/svg\" width=\"15\" height=\"32\" viewBox=\"0 0 15 32\" preserveAspectRatio=\"xMidYMid meet\" role=\"graphics-symbol\" aria-hidden=\"true\">\n<path d=\"M0.416 27.84l11.456-11.84-11.456-11.904q-0.832-0.832 0-1.536 0.832-0.832 1.536 0l12.544 12.608q0.768 0.832 0 1.6l-12.544 12.608q-0.704 0.832-1.536 0-0.832-0.704 0-1.536z\"><\/path>\n<\/svg><\/span><\/a><\/div><\/div><\/div><footer class=\"entry-footer\"><div class=\"slide-meta\"><time class='slide-meta-time updated'  itemprop=\"datePublished\" datetime=\"2023-11-17T10:51:22+01:00\" >17 novembre 2023<\/time><\/div><\/footer><span class='hidden'>\n\t\t\t\t<span class='av-structured-data'  itemprop=\"image\" itemscope=\"itemscope\" itemtype=\"https:\/\/schema.org\/ImageObject\" >\n\t\t\t\t\t\t<span itemprop='url'>https:\/\/www.transports-coue.fr\/wp-content\/uploads\/2023\/11\/logistique-coue-specialiste-stockage-matieres-dangereuses-web.webp<\/span>\n\t\t\t\t\t\t<span itemprop='height'>642<\/span>\n\t\t\t\t\t\t<span itemprop='width'>1690<\/span>\n\t\t\t\t<\/span>\n\t\t\t\t<span class='av-structured-data'  itemprop=\"publisher\" itemtype=\"https:\/\/schema.org\/Organization\" itemscope=\"itemscope\" >\n\t\t\t\t\t\t<span itemprop='name'>Transports Cou\u00e9<\/span>\n\t\t\t\t\t\t<span itemprop='logo' itemscope itemtype='https:\/\/schema.org\/ImageObject'>\n\t\t\t\t\t\t\t<span itemprop='url'>https:\/\/www.transports-coue.fr\/wp-content\/uploads\/2018\/10\/Logo-transports-coue-300x119.png<\/span>\n\t\t\t\t\t\t<\/span>\n\t\t\t\t<\/span><span class='av-structured-data'  itemprop=\"author\" itemscope=\"itemscope\" itemtype=\"https:\/\/schema.org\/Person\" ><span itemprop='name'>Transports Cou\u00e9<\/span><\/span><span class='av-structured-data'  itemprop=\"datePublished\" datetime=\"2018-10-04T10:16:12+02:00\" >2023-11-17 10:51:22<\/span><span class='av-structured-data'  itemprop=\"dateModified\" itemtype=\"https:\/\/schema.org\/dateModified\" >2023-11-22 10:45:48<\/span><span class='av-structured-data'  itemprop=\"mainEntityOfPage\" itemtype=\"https:\/\/schema.org\/mainEntityOfPage\" ><span itemprop='name'>Nos retours d&rsquo;exp\u00e9rience sur la gestion du stockage des Mati\u00e8res Dangereuses<\/span><\/span><\/span><\/article><article class='slide-entry flex_column  post-entry post-entry-9488 slide-entry-overview slide-loop-36 slide-parity-odd  av_one_third  real-thumbnail posttype-post post-format-standard'  itemscope=\"itemscope\" itemtype=\"https:\/\/schema.org\/CreativeWork\" ><a href='https:\/\/www.transports-coue.fr\/fr\/sotecan-international-transitaire-import-export-aerien-maritime-et-routier\/' data-rel='slide-1' class='slide-image' title='Sotecan International, transitaire import \/ export, a\u00e9rien, maritime et routier'><img decoding=\"async\" fetchpriority=\"high\" width=\"1690\" height=\"642\" src=\"https:\/\/www.transports-coue.fr\/wp-content\/uploads\/2023\/10\/sotecan-international-transitaire-international-aerien-maritime-routier.webp\" class=\"wp-image-9491 avia-img-lazy-loading-not-9491 attachment-no scaling size-no scaling wp-post-image\" alt=\"Transitaire, commissionnaire, international a\u00e9rien, maritime et routier\" srcset=\"https:\/\/www.transports-coue.fr\/wp-content\/uploads\/2023\/10\/sotecan-international-transitaire-international-aerien-maritime-routier.webp 1690w, https:\/\/www.transports-coue.fr\/wp-content\/uploads\/2023\/10\/sotecan-international-transitaire-international-aerien-maritime-routier-300x114.webp 300w, https:\/\/www.transports-coue.fr\/wp-content\/uploads\/2023\/10\/sotecan-international-transitaire-international-aerien-maritime-routier-1030x391.webp 1030w, https:\/\/www.transports-coue.fr\/wp-content\/uploads\/2023\/10\/sotecan-international-transitaire-international-aerien-maritime-routier-80x30.webp 80w, https:\/\/www.transports-coue.fr\/wp-content\/uploads\/2023\/10\/sotecan-international-transitaire-international-aerien-maritime-routier-768x292.webp 768w, https:\/\/www.transports-coue.fr\/wp-content\/uploads\/2023\/10\/sotecan-international-transitaire-international-aerien-maritime-routier-1536x583.webp 1536w, https:\/\/www.transports-coue.fr\/wp-content\/uploads\/2023\/10\/sotecan-international-transitaire-international-aerien-maritime-routier-1500x570.webp 1500w, https:\/\/www.transports-coue.fr\/wp-content\/uploads\/2023\/10\/sotecan-international-transitaire-international-aerien-maritime-routier-705x268.webp 705w, https:\/\/www.transports-coue.fr\/wp-content\/uploads\/2023\/10\/sotecan-international-transitaire-international-aerien-maritime-routier-845x321.webp 845w\" sizes=\"(max-width: 1690px) 100vw, 1690px\" \/><\/a><div class=\"slide-content\"><header class=\"entry-content-header\" aria-label=\"Slide: Sotecan International, transitaire import \/ export, a\u00e9rien, maritime et routier\"><h3 class='slide-entry-title entry-title '  itemprop=\"headline\" ><a href='https:\/\/www.transports-coue.fr\/fr\/sotecan-international-transitaire-import-export-aerien-maritime-et-routier\/' title='Sotecan International, transitaire import \/ export, a\u00e9rien, maritime et routier'>Sotecan International, transitaire import \/ export, a\u00e9rien, maritime et routier<\/a><\/h3><span class=\"blog-categories minor-meta\"><a href=\"https:\/\/www.transports-coue.fr\/fr\/category\/actualites\/\" rel=\"tag\">Actualit\u00e9s<\/a>, <a href=\"https:\/\/www.transports-coue.fr\/fr\/category\/actualites\/developpement\/\" rel=\"tag\">D\u00e9veloppement<\/a>, <a href=\"https:\/\/www.transports-coue.fr\/fr\/category\/actualites\/developpement\/developpement-logistique\/\" rel=\"tag\">D\u00e9veloppement Logistique<\/a>, <a href=\"https:\/\/www.transports-coue.fr\/fr\/category\/actualites\/developpement\/developpement-overseas\/\" rel=\"tag\">D\u00e9veloppement Overseas<\/a>, <a href=\"https:\/\/www.transports-coue.fr\/fr\/category\/actualites\/developpement\/developpement-transport-containers\/\" rel=\"tag\">D\u00e9veloppement Transport Containers<\/a> <\/span><span class=\"av-vertical-delimiter\"><\/span><\/header><div class='slide-entry-excerpt entry-content'  itemprop=\"text\" >Transitaire international a\u00e9rien, maritime et routier, notre entit\u00e9 Sotecan International vous accompagne dans la&nbsp; \ud835\uddf4\ud835\uddf2\ud835\ude00\ud835\ude01\ud835\uddf6\ud835\uddfc\ud835\uddfb \ud835\uddf0\ud835\uddfc\ud835\uddfa\ud835\uddfd\ud835\uddf9\ud835\uddf2\u0300\ud835\ude01\ud835\uddf2 de vos importations et exportations.\n\nFiliale de notre\u2026<div class=\"read-more-link\"><a href=\"https:\/\/www.transports-coue.fr\/fr\/sotecan-international-transitaire-import-export-aerien-maritime-et-routier\/\" class=\"more-link\">Lire la suite<span class='more-link-arrow avia-svg-icon avia-font-svg_entypo-fontello' data-av_svg_icon='right-open-big' data-av_iconset='svg_entypo-fontello'><svg version=\"1.1\" xmlns=\"http:\/\/www.w3.org\/2000\/svg\" width=\"15\" height=\"32\" viewBox=\"0 0 15 32\" preserveAspectRatio=\"xMidYMid meet\" role=\"graphics-symbol\" aria-hidden=\"true\">\n<path d=\"M0.416 27.84l11.456-11.84-11.456-11.904q-0.832-0.832 0-1.536 0.832-0.832 1.536 0l12.544 12.608q0.768 0.832 0 1.6l-12.544 12.608q-0.704 0.832-1.536 0-0.832-0.704 0-1.536z\"><\/path>\n<\/svg><\/span><\/a><\/div><\/div><\/div><footer class=\"entry-footer\"><div class=\"slide-meta\"><time class='slide-meta-time updated'  itemprop=\"datePublished\" datetime=\"2023-10-11T11:17:15+02:00\" >11 octobre 2023<\/time><\/div><\/footer><span class='hidden'>\n\t\t\t\t<span class='av-structured-data'  itemprop=\"image\" itemscope=\"itemscope\" itemtype=\"https:\/\/schema.org\/ImageObject\" >\n\t\t\t\t\t\t<span itemprop='url'>https:\/\/www.transports-coue.fr\/wp-content\/uploads\/2023\/10\/sotecan-international-transitaire-international-aerien-maritime-routier.webp<\/span>\n\t\t\t\t\t\t<span itemprop='height'>642<\/span>\n\t\t\t\t\t\t<span itemprop='width'>1690<\/span>\n\t\t\t\t<\/span>\n\t\t\t\t<span class='av-structured-data'  itemprop=\"publisher\" itemtype=\"https:\/\/schema.org\/Organization\" itemscope=\"itemscope\" >\n\t\t\t\t\t\t<span itemprop='name'>Transports Cou\u00e9<\/span>\n\t\t\t\t\t\t<span itemprop='logo' itemscope itemtype='https:\/\/schema.org\/ImageObject'>\n\t\t\t\t\t\t\t<span itemprop='url'>https:\/\/www.transports-coue.fr\/wp-content\/uploads\/2018\/10\/Logo-transports-coue-300x119.png<\/span>\n\t\t\t\t\t\t<\/span>\n\t\t\t\t<\/span><span class='av-structured-data'  itemprop=\"author\" itemscope=\"itemscope\" itemtype=\"https:\/\/schema.org\/Person\" ><span itemprop='name'>Transports Cou\u00e9<\/span><\/span><span class='av-structured-data'  itemprop=\"datePublished\" datetime=\"2018-10-04T10:16:12+02:00\" >2023-10-11 11:17:15<\/span><span class='av-structured-data'  itemprop=\"dateModified\" itemtype=\"https:\/\/schema.org\/dateModified\" >2023-10-17 08:33:17<\/span><span class='av-structured-data'  itemprop=\"mainEntityOfPage\" itemtype=\"https:\/\/schema.org\/mainEntityOfPage\" ><span itemprop='name'>Sotecan International, transitaire import \/ export, a\u00e9rien, maritime et routier<\/span><\/span><\/span><\/article><\/div><div class=\"slide-entry-wrap\"><article class='slide-entry flex_column  post-entry post-entry-9365 slide-entry-overview slide-loop-37 slide-parity-odd  av_one_third first real-thumbnail posttype-post post-format-standard'  itemscope=\"itemscope\" itemtype=\"https:\/\/schema.org\/CreativeWork\" ><a href='https:\/\/www.transports-coue.fr\/fr\/signature-ce-28-sept-dun-charte-pour-la-promotion-de-nos-metiers-du-transport-et-de-la-logistique-aupres-de-jeunes\/' data-rel='slide-1' class='slide-image' title='Signature ce 28 sept d&rsquo;une Charte pour la promotion de nos m\u00e9tiers du Transport et de la Logistique aupr\u00e8s des jeunes'><img decoding=\"async\" fetchpriority=\"high\" width=\"1056\" height=\"401\" src=\"https:\/\/www.transports-coue.fr\/wp-content\/uploads\/2023\/10\/groupe-coue-trm-transporteurs-mayennais-engagent-n4-web.jpg\" class=\"wp-image-9366 avia-img-lazy-loading-not-9366 attachment-no scaling size-no scaling wp-post-image\" alt=\"Signature de la Charte les Transporteurs Mayennais s&#039;engagent pour les jeunes\" srcset=\"https:\/\/www.transports-coue.fr\/wp-content\/uploads\/2023\/10\/groupe-coue-trm-transporteurs-mayennais-engagent-n4-web.jpg 1056w, https:\/\/www.transports-coue.fr\/wp-content\/uploads\/2023\/10\/groupe-coue-trm-transporteurs-mayennais-engagent-n4-web-300x114.jpg 300w, https:\/\/www.transports-coue.fr\/wp-content\/uploads\/2023\/10\/groupe-coue-trm-transporteurs-mayennais-engagent-n4-web-1030x391.jpg 1030w, https:\/\/www.transports-coue.fr\/wp-content\/uploads\/2023\/10\/groupe-coue-trm-transporteurs-mayennais-engagent-n4-web-80x30.jpg 80w, https:\/\/www.transports-coue.fr\/wp-content\/uploads\/2023\/10\/groupe-coue-trm-transporteurs-mayennais-engagent-n4-web-768x292.jpg 768w, https:\/\/www.transports-coue.fr\/wp-content\/uploads\/2023\/10\/groupe-coue-trm-transporteurs-mayennais-engagent-n4-web-705x268.jpg 705w, https:\/\/www.transports-coue.fr\/wp-content\/uploads\/2023\/10\/groupe-coue-trm-transporteurs-mayennais-engagent-n4-web-845x321.jpg 845w\" sizes=\"(max-width: 1056px) 100vw, 1056px\" \/><\/a><div class=\"slide-content\"><header class=\"entry-content-header\" aria-label=\"Slide: Signature ce 28 sept d&#039;une Charte pour la promotion de nos m\u00e9tiers du Transport et de la Logistique aupr\u00e8s des jeunes\"><h3 class='slide-entry-title entry-title '  itemprop=\"headline\" ><a href='https:\/\/www.transports-coue.fr\/fr\/signature-ce-28-sept-dun-charte-pour-la-promotion-de-nos-metiers-du-transport-et-de-la-logistique-aupres-de-jeunes\/' title='Signature ce 28 sept d&rsquo;une Charte pour la promotion de nos m\u00e9tiers du Transport et de la Logistique aupr\u00e8s des jeunes'>Signature ce 28 sept d&rsquo;une Charte pour la promotion de nos m\u00e9tiers du Transport et de la Logistique aupr\u00e8s des jeunes<\/a><\/h3><span class=\"blog-categories minor-meta\"><a href=\"https:\/\/www.transports-coue.fr\/fr\/category\/actualites\/\" rel=\"tag\">Actualit\u00e9s<\/a>, <a href=\"https:\/\/www.transports-coue.fr\/fr\/category\/actualites\/developpement\/\" rel=\"tag\">D\u00e9veloppement<\/a>, <a href=\"https:\/\/www.transports-coue.fr\/fr\/category\/actualites\/developpement\/developpement-transport-containers\/\" rel=\"tag\">D\u00e9veloppement Transport Containers<\/a> <\/span><span class=\"av-vertical-delimiter\"><\/span><\/header><div class='slide-entry-excerpt entry-content'  itemprop=\"text\" >&nbsp; Les Transporteurs Mayennais s'engagent pour les jeunes !\nAfin de promouvoir nos m\u00e9tiers du Transport et de la Logistique trop m\u00e9connus aupr\u00e8s de nos jeunes, la FNTR Mayenne a initi\u00e9 un partenariat avec l'Acad\u00e9mie de Nantes et la\u2026<div class=\"read-more-link\"><a href=\"https:\/\/www.transports-coue.fr\/fr\/signature-ce-28-sept-dun-charte-pour-la-promotion-de-nos-metiers-du-transport-et-de-la-logistique-aupres-de-jeunes\/\" class=\"more-link\">Lire la suite<span class='more-link-arrow avia-svg-icon avia-font-svg_entypo-fontello' data-av_svg_icon='right-open-big' data-av_iconset='svg_entypo-fontello'><svg version=\"1.1\" xmlns=\"http:\/\/www.w3.org\/2000\/svg\" width=\"15\" height=\"32\" viewBox=\"0 0 15 32\" preserveAspectRatio=\"xMidYMid meet\" role=\"graphics-symbol\" aria-hidden=\"true\">\n<path d=\"M0.416 27.84l11.456-11.84-11.456-11.904q-0.832-0.832 0-1.536 0.832-0.832 1.536 0l12.544 12.608q0.768 0.832 0 1.6l-12.544 12.608q-0.704 0.832-1.536 0-0.832-0.704 0-1.536z\"><\/path>\n<\/svg><\/span><\/a><\/div><\/div><\/div><footer class=\"entry-footer\"><div class=\"slide-meta\"><time class='slide-meta-time updated'  itemprop=\"datePublished\" datetime=\"2023-10-03T16:32:47+02:00\" >3 octobre 2023<\/time><\/div><\/footer><span class='hidden'>\n\t\t\t\t<span class='av-structured-data'  itemprop=\"image\" itemscope=\"itemscope\" itemtype=\"https:\/\/schema.org\/ImageObject\" >\n\t\t\t\t\t\t<span itemprop='url'>https:\/\/www.transports-coue.fr\/wp-content\/uploads\/2023\/10\/groupe-coue-trm-transporteurs-mayennais-engagent-n4-web.jpg<\/span>\n\t\t\t\t\t\t<span itemprop='height'>401<\/span>\n\t\t\t\t\t\t<span itemprop='width'>1056<\/span>\n\t\t\t\t<\/span>\n\t\t\t\t<span class='av-structured-data'  itemprop=\"publisher\" itemtype=\"https:\/\/schema.org\/Organization\" itemscope=\"itemscope\" >\n\t\t\t\t\t\t<span itemprop='name'>Transports Cou\u00e9<\/span>\n\t\t\t\t\t\t<span itemprop='logo' itemscope itemtype='https:\/\/schema.org\/ImageObject'>\n\t\t\t\t\t\t\t<span itemprop='url'>https:\/\/www.transports-coue.fr\/wp-content\/uploads\/2018\/10\/Logo-transports-coue-300x119.png<\/span>\n\t\t\t\t\t\t<\/span>\n\t\t\t\t<\/span><span class='av-structured-data'  itemprop=\"author\" itemscope=\"itemscope\" itemtype=\"https:\/\/schema.org\/Person\" ><span itemprop='name'>Transports Cou\u00e9<\/span><\/span><span class='av-structured-data'  itemprop=\"datePublished\" datetime=\"2018-10-04T10:16:12+02:00\" >2023-10-03 16:32:47<\/span><span class='av-structured-data'  itemprop=\"dateModified\" itemtype=\"https:\/\/schema.org\/dateModified\" >2023-10-27 09:08:07<\/span><span class='av-structured-data'  itemprop=\"mainEntityOfPage\" itemtype=\"https:\/\/schema.org\/mainEntityOfPage\" ><span itemprop='name'>Signature ce 28 sept d&rsquo;une Charte pour la promotion de nos m\u00e9tiers du Transport et de la Logistique aupr\u00e8s des jeunes<\/span><\/span><\/span><\/article><article class='slide-entry flex_column  post-entry post-entry-8949 slide-entry-overview slide-loop-38 slide-parity-even  av_one_third  real-thumbnail posttype-post post-format-standard'  itemscope=\"itemscope\" itemtype=\"https:\/\/schema.org\/CreativeWork\" ><a href='https:\/\/www.transports-coue.fr\/fr\/swan-stagiaire-b-u-t-hygiene-securite-environnement-major-de-sa-promo\/' data-rel='slide-1' class='slide-image' title='Swan, stagiaire B.U.T. Hygi\u00e8ne S\u00e9curit\u00e9 Environnement, major de sa promo !'><img decoding=\"async\" fetchpriority=\"high\" width=\"1690\" height=\"642\" src=\"https:\/\/www.transports-coue.fr\/wp-content\/uploads\/2023\/07\/transports-coue-trm-swan-stagiaire-but-hygiene-securite-environnement-web.jpg\" class=\"wp-image-8950 avia-img-lazy-loading-not-8950 attachment-no scaling size-no scaling wp-post-image\" alt=\"\" srcset=\"https:\/\/www.transports-coue.fr\/wp-content\/uploads\/2023\/07\/transports-coue-trm-swan-stagiaire-but-hygiene-securite-environnement-web.jpg 1690w, https:\/\/www.transports-coue.fr\/wp-content\/uploads\/2023\/07\/transports-coue-trm-swan-stagiaire-but-hygiene-securite-environnement-web-300x114.jpg 300w, https:\/\/www.transports-coue.fr\/wp-content\/uploads\/2023\/07\/transports-coue-trm-swan-stagiaire-but-hygiene-securite-environnement-web-1030x391.jpg 1030w, https:\/\/www.transports-coue.fr\/wp-content\/uploads\/2023\/07\/transports-coue-trm-swan-stagiaire-but-hygiene-securite-environnement-web-80x30.jpg 80w, https:\/\/www.transports-coue.fr\/wp-content\/uploads\/2023\/07\/transports-coue-trm-swan-stagiaire-but-hygiene-securite-environnement-web-768x292.jpg 768w, https:\/\/www.transports-coue.fr\/wp-content\/uploads\/2023\/07\/transports-coue-trm-swan-stagiaire-but-hygiene-securite-environnement-web-1536x583.jpg 1536w, https:\/\/www.transports-coue.fr\/wp-content\/uploads\/2023\/07\/transports-coue-trm-swan-stagiaire-but-hygiene-securite-environnement-web-1500x570.jpg 1500w, https:\/\/www.transports-coue.fr\/wp-content\/uploads\/2023\/07\/transports-coue-trm-swan-stagiaire-but-hygiene-securite-environnement-web-705x268.jpg 705w, https:\/\/www.transports-coue.fr\/wp-content\/uploads\/2023\/07\/transports-coue-trm-swan-stagiaire-but-hygiene-securite-environnement-web-845x321.jpg 845w\" sizes=\"(max-width: 1690px) 100vw, 1690px\" \/><\/a><div class=\"slide-content\"><header class=\"entry-content-header\" aria-label=\"Slide: Swan, stagiaire B.U.T. Hygi\u00e8ne S\u00e9curit\u00e9 Environnement, major de sa promo !\"><h3 class='slide-entry-title entry-title '  itemprop=\"headline\" ><a href='https:\/\/www.transports-coue.fr\/fr\/swan-stagiaire-b-u-t-hygiene-securite-environnement-major-de-sa-promo\/' title='Swan, stagiaire B.U.T. Hygi\u00e8ne S\u00e9curit\u00e9 Environnement, major de sa promo !'>Swan, stagiaire B.U.T. Hygi\u00e8ne S\u00e9curit\u00e9 Environnement, major de sa promo !<\/a><\/h3><span class=\"blog-categories minor-meta\"><a href=\"https:\/\/www.transports-coue.fr\/fr\/category\/actualites\/\" rel=\"tag\">Actualit\u00e9s<\/a>, <a href=\"https:\/\/www.transports-coue.fr\/fr\/category\/actualites\/developpement\/\" rel=\"tag\">D\u00e9veloppement<\/a>, <a href=\"https:\/\/www.transports-coue.fr\/fr\/category\/actualites\/developpement\/developpement-logistique\/\" rel=\"tag\">D\u00e9veloppement Logistique<\/a>, <a href=\"https:\/\/www.transports-coue.fr\/fr\/category\/actualites\/developpement\/developpement-overseas\/\" rel=\"tag\">D\u00e9veloppement Overseas<\/a>, <a href=\"https:\/\/www.transports-coue.fr\/fr\/category\/actualites\/developpement\/developpement-transport-containers\/\" rel=\"tag\">D\u00e9veloppement Transport Containers<\/a> <\/span><span class=\"av-vertical-delimiter\"><\/span><\/header><div class='slide-entry-excerpt entry-content'  itemprop=\"text\" >\ud83c\udf89 Suite \u00e0 ses 2 mois de stage dans nos murs, nous sommes fiers de vous annoncer que Swan est major \ud83d\udc69\u200d\ud83c\udf93 de sa promo BUT Hygi\u00e8ne S\u00e9curit\u00e9 Environnement avec sa note de 16.5\/20 sur son rapport de stage .\nComme Margaux en Douanes\u2026<div class=\"read-more-link\"><a href=\"https:\/\/www.transports-coue.fr\/fr\/swan-stagiaire-b-u-t-hygiene-securite-environnement-major-de-sa-promo\/\" class=\"more-link\">Lire la suite<span class='more-link-arrow avia-svg-icon avia-font-svg_entypo-fontello' data-av_svg_icon='right-open-big' data-av_iconset='svg_entypo-fontello'><svg version=\"1.1\" xmlns=\"http:\/\/www.w3.org\/2000\/svg\" width=\"15\" height=\"32\" viewBox=\"0 0 15 32\" preserveAspectRatio=\"xMidYMid meet\" role=\"graphics-symbol\" aria-hidden=\"true\">\n<path d=\"M0.416 27.84l11.456-11.84-11.456-11.904q-0.832-0.832 0-1.536 0.832-0.832 1.536 0l12.544 12.608q0.768 0.832 0 1.6l-12.544 12.608q-0.704 0.832-1.536 0-0.832-0.704 0-1.536z\"><\/path>\n<\/svg><\/span><\/a><\/div><\/div><\/div><footer class=\"entry-footer\"><div class=\"slide-meta\"><time class='slide-meta-time updated'  itemprop=\"datePublished\" datetime=\"2023-07-21T17:55:34+02:00\" >21 juillet 2023<\/time><\/div><\/footer><span class='hidden'>\n\t\t\t\t<span class='av-structured-data'  itemprop=\"image\" itemscope=\"itemscope\" itemtype=\"https:\/\/schema.org\/ImageObject\" >\n\t\t\t\t\t\t<span itemprop='url'>https:\/\/www.transports-coue.fr\/wp-content\/uploads\/2023\/07\/transports-coue-trm-swan-stagiaire-but-hygiene-securite-environnement-web.jpg<\/span>\n\t\t\t\t\t\t<span itemprop='height'>642<\/span>\n\t\t\t\t\t\t<span itemprop='width'>1690<\/span>\n\t\t\t\t<\/span>\n\t\t\t\t<span class='av-structured-data'  itemprop=\"publisher\" itemtype=\"https:\/\/schema.org\/Organization\" itemscope=\"itemscope\" >\n\t\t\t\t\t\t<span itemprop='name'>Transports Cou\u00e9<\/span>\n\t\t\t\t\t\t<span itemprop='logo' itemscope itemtype='https:\/\/schema.org\/ImageObject'>\n\t\t\t\t\t\t\t<span itemprop='url'>https:\/\/www.transports-coue.fr\/wp-content\/uploads\/2018\/10\/Logo-transports-coue-300x119.png<\/span>\n\t\t\t\t\t\t<\/span>\n\t\t\t\t<\/span><span class='av-structured-data'  itemprop=\"author\" itemscope=\"itemscope\" itemtype=\"https:\/\/schema.org\/Person\" ><span itemprop='name'>Transports Cou\u00e9<\/span><\/span><span class='av-structured-data'  itemprop=\"datePublished\" datetime=\"2018-10-04T10:16:12+02:00\" >2023-07-21 17:55:34<\/span><span class='av-structured-data'  itemprop=\"dateModified\" itemtype=\"https:\/\/schema.org\/dateModified\" >2023-07-21 18:03:22<\/span><span class='av-structured-data'  itemprop=\"mainEntityOfPage\" itemtype=\"https:\/\/schema.org\/mainEntityOfPage\" ><span itemprop='name'>Swan, stagiaire B.U.T. Hygi\u00e8ne S\u00e9curit\u00e9 Environnement, major de sa promo !<\/span><\/span><\/span><\/article><article class='slide-entry flex_column  post-entry post-entry-8940 slide-entry-overview slide-loop-39 slide-parity-odd  av_one_third  real-thumbnail posttype-post post-format-standard'  itemscope=\"itemscope\" itemtype=\"https:\/\/schema.org\/CreativeWork\" ><a href='https:\/\/www.transports-coue.fr\/fr\/nos-entites-trm-tcm-chartees-objectif-co2\/' data-rel='slide-1' class='slide-image' title='Nos entit\u00e9s TRM &#038; TCM chart\u00e9es Objectif CO2 !'><img decoding=\"async\" fetchpriority=\"high\" width=\"1690\" height=\"642\" src=\"https:\/\/www.transports-coue.fr\/wp-content\/uploads\/2023\/07\/trm-tcm-obtention-charte-CO2-web.jpg\" class=\"wp-image-8941 avia-img-lazy-loading-not-8941 attachment-no scaling size-no scaling wp-post-image\" alt=\"\" srcset=\"https:\/\/www.transports-coue.fr\/wp-content\/uploads\/2023\/07\/trm-tcm-obtention-charte-CO2-web.jpg 1690w, https:\/\/www.transports-coue.fr\/wp-content\/uploads\/2023\/07\/trm-tcm-obtention-charte-CO2-web-300x114.jpg 300w, https:\/\/www.transports-coue.fr\/wp-content\/uploads\/2023\/07\/trm-tcm-obtention-charte-CO2-web-1030x391.jpg 1030w, https:\/\/www.transports-coue.fr\/wp-content\/uploads\/2023\/07\/trm-tcm-obtention-charte-CO2-web-80x30.jpg 80w, https:\/\/www.transports-coue.fr\/wp-content\/uploads\/2023\/07\/trm-tcm-obtention-charte-CO2-web-768x292.jpg 768w, https:\/\/www.transports-coue.fr\/wp-content\/uploads\/2023\/07\/trm-tcm-obtention-charte-CO2-web-1536x583.jpg 1536w, https:\/\/www.transports-coue.fr\/wp-content\/uploads\/2023\/07\/trm-tcm-obtention-charte-CO2-web-1500x570.jpg 1500w, https:\/\/www.transports-coue.fr\/wp-content\/uploads\/2023\/07\/trm-tcm-obtention-charte-CO2-web-705x268.jpg 705w, https:\/\/www.transports-coue.fr\/wp-content\/uploads\/2023\/07\/trm-tcm-obtention-charte-CO2-web-845x321.jpg 845w\" sizes=\"(max-width: 1690px) 100vw, 1690px\" \/><\/a><div class=\"slide-content\"><header class=\"entry-content-header\" aria-label=\"Slide: Nos entit\u00e9s TRM &amp; TCM chart\u00e9es Objectif CO2 !\"><h3 class='slide-entry-title entry-title '  itemprop=\"headline\" ><a href='https:\/\/www.transports-coue.fr\/fr\/nos-entites-trm-tcm-chartees-objectif-co2\/' title='Nos entit\u00e9s TRM &#038; TCM chart\u00e9es Objectif CO2 !'>Nos entit\u00e9s TRM &#038; TCM chart\u00e9es Objectif CO2 !<\/a><\/h3><span class=\"blog-categories minor-meta\"><a href=\"https:\/\/www.transports-coue.fr\/fr\/category\/actualites\/\" rel=\"tag\">Actualit\u00e9s<\/a>, <a href=\"https:\/\/www.transports-coue.fr\/fr\/category\/actualites\/developpement\/\" rel=\"tag\">D\u00e9veloppement<\/a>, <a href=\"https:\/\/www.transports-coue.fr\/fr\/category\/actualites\/developpement\/developpement-logistique\/\" rel=\"tag\">D\u00e9veloppement Logistique<\/a>, <a href=\"https:\/\/www.transports-coue.fr\/fr\/category\/actualites\/developpement\/developpement-overseas\/\" rel=\"tag\">D\u00e9veloppement Overseas<\/a>, <a href=\"https:\/\/www.transports-coue.fr\/fr\/category\/actualites\/developpement\/developpement-transport-containers\/\" rel=\"tag\">D\u00e9veloppement Transport Containers<\/a> <\/span><span class=\"av-vertical-delimiter\"><\/span><\/header><div class='slide-entry-excerpt entry-content'  itemprop=\"text\" >\ud83c\udf3f Conscients de notre impact environnemental en tant que transporteur \ud83d\ude9b, nous souhaitions pouvoir nous inscrire, \u00e0 notre \u00e9chelle, dans la Strat\u00e9gie Nationale Bas-carbone (SNBC).\n\ud83c\udf0d Nous sommes heureux de partager avec vous aujourd'hui\u2026<div class=\"read-more-link\"><a href=\"https:\/\/www.transports-coue.fr\/fr\/nos-entites-trm-tcm-chartees-objectif-co2\/\" class=\"more-link\">Lire la suite<span class='more-link-arrow avia-svg-icon avia-font-svg_entypo-fontello' data-av_svg_icon='right-open-big' data-av_iconset='svg_entypo-fontello'><svg version=\"1.1\" xmlns=\"http:\/\/www.w3.org\/2000\/svg\" width=\"15\" height=\"32\" viewBox=\"0 0 15 32\" preserveAspectRatio=\"xMidYMid meet\" role=\"graphics-symbol\" aria-hidden=\"true\">\n<path d=\"M0.416 27.84l11.456-11.84-11.456-11.904q-0.832-0.832 0-1.536 0.832-0.832 1.536 0l12.544 12.608q0.768 0.832 0 1.6l-12.544 12.608q-0.704 0.832-1.536 0-0.832-0.704 0-1.536z\"><\/path>\n<\/svg><\/span><\/a><\/div><\/div><\/div><footer class=\"entry-footer\"><div class=\"slide-meta\"><time class='slide-meta-time updated'  itemprop=\"datePublished\" datetime=\"2023-07-13T08:15:20+02:00\" >13 juillet 2023<\/time><\/div><\/footer><span class='hidden'>\n\t\t\t\t<span class='av-structured-data'  itemprop=\"image\" itemscope=\"itemscope\" itemtype=\"https:\/\/schema.org\/ImageObject\" >\n\t\t\t\t\t\t<span itemprop='url'>https:\/\/www.transports-coue.fr\/wp-content\/uploads\/2023\/07\/trm-tcm-obtention-charte-CO2-web.jpg<\/span>\n\t\t\t\t\t\t<span itemprop='height'>642<\/span>\n\t\t\t\t\t\t<span itemprop='width'>1690<\/span>\n\t\t\t\t<\/span>\n\t\t\t\t<span class='av-structured-data'  itemprop=\"publisher\" itemtype=\"https:\/\/schema.org\/Organization\" itemscope=\"itemscope\" >\n\t\t\t\t\t\t<span itemprop='name'>Transports Cou\u00e9<\/span>\n\t\t\t\t\t\t<span itemprop='logo' itemscope itemtype='https:\/\/schema.org\/ImageObject'>\n\t\t\t\t\t\t\t<span itemprop='url'>https:\/\/www.transports-coue.fr\/wp-content\/uploads\/2018\/10\/Logo-transports-coue-300x119.png<\/span>\n\t\t\t\t\t\t<\/span>\n\t\t\t\t<\/span><span class='av-structured-data'  itemprop=\"author\" itemscope=\"itemscope\" itemtype=\"https:\/\/schema.org\/Person\" ><span itemprop='name'>Transports Cou\u00e9<\/span><\/span><span class='av-structured-data'  itemprop=\"datePublished\" datetime=\"2018-10-04T10:16:12+02:00\" >2023-07-13 08:15:20<\/span><span class='av-structured-data'  itemprop=\"dateModified\" itemtype=\"https:\/\/schema.org\/dateModified\" >2023-08-18 16:52:42<\/span><span class='av-structured-data'  itemprop=\"mainEntityOfPage\" itemtype=\"https:\/\/schema.org\/mainEntityOfPage\" ><span itemprop='name'>Nos entit\u00e9s TRM &#038; TCM chart\u00e9es Objectif CO2 !<\/span><\/span><\/span><\/article><\/div><div class=\"slide-entry-wrap\"><article class='slide-entry flex_column  post-entry post-entry-8727 slide-entry-overview slide-loop-40 slide-parity-odd  av_one_third first real-thumbnail posttype-post post-format-standard'  itemscope=\"itemscope\" itemtype=\"https:\/\/schema.org\/CreativeWork\" ><a href='https:\/\/www.transports-coue.fr\/fr\/reception-de-2-camions-renault-b100-exclusif-avec-vignette-critair-1\/' data-rel='slide-1' class='slide-image' title='R\u00e9ception de 2 camions Renault B100 Exclusif avec vignette Crit&rsquo;Air'><img decoding=\"async\" fetchpriority=\"high\" width=\"1690\" height=\"642\" src=\"https:\/\/www.transports-coue.fr\/wp-content\/uploads\/2023\/06\/transports-coue-reception-camion-renault-B100-exclusif-.jpg\" class=\"wp-image-8728 avia-img-lazy-loading-not-8728 attachment-no scaling size-no scaling wp-post-image\" alt=\"\" srcset=\"https:\/\/www.transports-coue.fr\/wp-content\/uploads\/2023\/06\/transports-coue-reception-camion-renault-B100-exclusif-.jpg 1690w, https:\/\/www.transports-coue.fr\/wp-content\/uploads\/2023\/06\/transports-coue-reception-camion-renault-B100-exclusif--300x114.jpg 300w, https:\/\/www.transports-coue.fr\/wp-content\/uploads\/2023\/06\/transports-coue-reception-camion-renault-B100-exclusif--1030x391.jpg 1030w, https:\/\/www.transports-coue.fr\/wp-content\/uploads\/2023\/06\/transports-coue-reception-camion-renault-B100-exclusif--80x30.jpg 80w, https:\/\/www.transports-coue.fr\/wp-content\/uploads\/2023\/06\/transports-coue-reception-camion-renault-B100-exclusif--768x292.jpg 768w, https:\/\/www.transports-coue.fr\/wp-content\/uploads\/2023\/06\/transports-coue-reception-camion-renault-B100-exclusif--1536x583.jpg 1536w, https:\/\/www.transports-coue.fr\/wp-content\/uploads\/2023\/06\/transports-coue-reception-camion-renault-B100-exclusif--1500x570.jpg 1500w, https:\/\/www.transports-coue.fr\/wp-content\/uploads\/2023\/06\/transports-coue-reception-camion-renault-B100-exclusif--705x268.jpg 705w, https:\/\/www.transports-coue.fr\/wp-content\/uploads\/2023\/06\/transports-coue-reception-camion-renault-B100-exclusif--845x321.jpg 845w\" sizes=\"(max-width: 1690px) 100vw, 1690px\" \/><\/a><div class=\"slide-content\"><header class=\"entry-content-header\" aria-label=\"Slide: R\u00e9ception de 2 camions Renault B100 Exclusif avec vignette Crit&#039;Air\"><h3 class='slide-entry-title entry-title '  itemprop=\"headline\" ><a href='https:\/\/www.transports-coue.fr\/fr\/reception-de-2-camions-renault-b100-exclusif-avec-vignette-critair-1\/' title='R\u00e9ception de 2 camions Renault B100 Exclusif avec vignette Crit&rsquo;Air'>R\u00e9ception de 2 camions Renault B100 Exclusif avec vignette Crit&rsquo;Air<\/a><\/h3><span class=\"blog-categories minor-meta\"><a href=\"https:\/\/www.transports-coue.fr\/fr\/category\/actualites\/\" rel=\"tag\">Actualit\u00e9s<\/a>, <a href=\"https:\/\/www.transports-coue.fr\/fr\/category\/actualites\/developpement\/\" rel=\"tag\">D\u00e9veloppement<\/a> <\/span><span class=\"av-vertical-delimiter\"><\/span><\/header><div class='slide-entry-excerpt entry-content'  itemprop=\"text\" >\ud83d\udd38\ufe0fLe parc Renault Trucks s'agrandit avec 2 tracteurs B100 EXCLUSIF &amp; a vignette Crit'Air 1\ud83c\udf43\n\n\ud83d\udd39\ufe0fEn faisant le choix d'un biocarburant responsable avec Oleo100, l'entreprise agit en faveur de la transition environnemental\ud83c\udf3f\u2026<div class=\"read-more-link\"><a href=\"https:\/\/www.transports-coue.fr\/fr\/reception-de-2-camions-renault-b100-exclusif-avec-vignette-critair-1\/\" class=\"more-link\">Lire la suite<span class='more-link-arrow avia-svg-icon avia-font-svg_entypo-fontello' data-av_svg_icon='right-open-big' data-av_iconset='svg_entypo-fontello'><svg version=\"1.1\" xmlns=\"http:\/\/www.w3.org\/2000\/svg\" width=\"15\" height=\"32\" viewBox=\"0 0 15 32\" preserveAspectRatio=\"xMidYMid meet\" role=\"graphics-symbol\" aria-hidden=\"true\">\n<path d=\"M0.416 27.84l11.456-11.84-11.456-11.904q-0.832-0.832 0-1.536 0.832-0.832 1.536 0l12.544 12.608q0.768 0.832 0 1.6l-12.544 12.608q-0.704 0.832-1.536 0-0.832-0.704 0-1.536z\"><\/path>\n<\/svg><\/span><\/a><\/div><\/div><\/div><footer class=\"entry-footer\"><div class=\"slide-meta\"><time class='slide-meta-time updated'  itemprop=\"datePublished\" datetime=\"2023-06-08T15:54:36+02:00\" >8 juin 2023<\/time><\/div><\/footer><span class='hidden'>\n\t\t\t\t<span class='av-structured-data'  itemprop=\"image\" itemscope=\"itemscope\" itemtype=\"https:\/\/schema.org\/ImageObject\" >\n\t\t\t\t\t\t<span itemprop='url'>https:\/\/www.transports-coue.fr\/wp-content\/uploads\/2023\/06\/transports-coue-reception-camion-renault-B100-exclusif-.jpg<\/span>\n\t\t\t\t\t\t<span itemprop='height'>642<\/span>\n\t\t\t\t\t\t<span itemprop='width'>1690<\/span>\n\t\t\t\t<\/span>\n\t\t\t\t<span class='av-structured-data'  itemprop=\"publisher\" itemtype=\"https:\/\/schema.org\/Organization\" itemscope=\"itemscope\" >\n\t\t\t\t\t\t<span itemprop='name'>Transports Cou\u00e9<\/span>\n\t\t\t\t\t\t<span itemprop='logo' itemscope itemtype='https:\/\/schema.org\/ImageObject'>\n\t\t\t\t\t\t\t<span itemprop='url'>https:\/\/www.transports-coue.fr\/wp-content\/uploads\/2018\/10\/Logo-transports-coue-300x119.png<\/span>\n\t\t\t\t\t\t<\/span>\n\t\t\t\t<\/span><span class='av-structured-data'  itemprop=\"author\" itemscope=\"itemscope\" itemtype=\"https:\/\/schema.org\/Person\" ><span itemprop='name'>Transports Cou\u00e9<\/span><\/span><span class='av-structured-data'  itemprop=\"datePublished\" datetime=\"2018-10-04T10:16:12+02:00\" >2023-06-08 15:54:36<\/span><span class='av-structured-data'  itemprop=\"dateModified\" itemtype=\"https:\/\/schema.org\/dateModified\" >2023-06-14 18:00:57<\/span><span class='av-structured-data'  itemprop=\"mainEntityOfPage\" itemtype=\"https:\/\/schema.org\/mainEntityOfPage\" ><span itemprop='name'>R\u00e9ception de 2 camions Renault B100 Exclusif avec vignette Crit&rsquo;Air<\/span><\/span><\/span><\/article><article class='slide-entry flex_column  post-entry post-entry-8706 slide-entry-overview slide-loop-41 slide-parity-even  av_one_third  real-thumbnail posttype-post post-format-standard'  itemscope=\"itemscope\" itemtype=\"https:\/\/schema.org\/CreativeWork\" ><a href='https:\/\/www.transports-coue.fr\/fr\/vous-souhaitez-vous-developper-a-linternational\/' data-rel='slide-1' class='slide-image' title='Vous souhaitez vous d\u00e9velopper \u00e0 l&rsquo;international ?'><img decoding=\"async\" fetchpriority=\"high\" width=\"1690\" height=\"642\" src=\"https:\/\/www.transports-coue.fr\/wp-content\/uploads\/2023\/05\/groupe-coue-trm-sotecan-international-transport-logistique-demarches-douanieres-web.jpg\" class=\"wp-image-8707 avia-img-lazy-loading-not-8707 attachment-no scaling size-no scaling wp-post-image\" alt=\"\" srcset=\"https:\/\/www.transports-coue.fr\/wp-content\/uploads\/2023\/05\/groupe-coue-trm-sotecan-international-transport-logistique-demarches-douanieres-web.jpg 1690w, https:\/\/www.transports-coue.fr\/wp-content\/uploads\/2023\/05\/groupe-coue-trm-sotecan-international-transport-logistique-demarches-douanieres-web-300x114.jpg 300w, https:\/\/www.transports-coue.fr\/wp-content\/uploads\/2023\/05\/groupe-coue-trm-sotecan-international-transport-logistique-demarches-douanieres-web-1030x391.jpg 1030w, https:\/\/www.transports-coue.fr\/wp-content\/uploads\/2023\/05\/groupe-coue-trm-sotecan-international-transport-logistique-demarches-douanieres-web-80x30.jpg 80w, https:\/\/www.transports-coue.fr\/wp-content\/uploads\/2023\/05\/groupe-coue-trm-sotecan-international-transport-logistique-demarches-douanieres-web-768x292.jpg 768w, https:\/\/www.transports-coue.fr\/wp-content\/uploads\/2023\/05\/groupe-coue-trm-sotecan-international-transport-logistique-demarches-douanieres-web-1536x583.jpg 1536w, https:\/\/www.transports-coue.fr\/wp-content\/uploads\/2023\/05\/groupe-coue-trm-sotecan-international-transport-logistique-demarches-douanieres-web-1500x570.jpg 1500w, https:\/\/www.transports-coue.fr\/wp-content\/uploads\/2023\/05\/groupe-coue-trm-sotecan-international-transport-logistique-demarches-douanieres-web-705x268.jpg 705w, https:\/\/www.transports-coue.fr\/wp-content\/uploads\/2023\/05\/groupe-coue-trm-sotecan-international-transport-logistique-demarches-douanieres-web-845x321.jpg 845w\" sizes=\"(max-width: 1690px) 100vw, 1690px\" \/><\/a><div class=\"slide-content\"><header class=\"entry-content-header\" aria-label=\"Slide: Vous souhaitez vous d\u00e9velopper \u00e0 l&#039;international ?\"><h3 class='slide-entry-title entry-title '  itemprop=\"headline\" ><a href='https:\/\/www.transports-coue.fr\/fr\/vous-souhaitez-vous-developper-a-linternational\/' title='Vous souhaitez vous d\u00e9velopper \u00e0 l&rsquo;international ?'>Vous souhaitez vous d\u00e9velopper \u00e0 l&rsquo;international ?<\/a><\/h3><span class=\"blog-categories minor-meta\"><a href=\"https:\/\/www.transports-coue.fr\/fr\/category\/actualites\/\" rel=\"tag\">Actualit\u00e9s<\/a>, <a href=\"https:\/\/www.transports-coue.fr\/fr\/category\/actualites\/developpement\/\" rel=\"tag\">D\u00e9veloppement<\/a>, <a href=\"https:\/\/www.transports-coue.fr\/fr\/category\/actualites\/developpement\/developpement-logistique\/\" rel=\"tag\">D\u00e9veloppement Logistique<\/a>, <a href=\"https:\/\/www.transports-coue.fr\/fr\/category\/actualites\/developpement\/developpement-overseas\/\" rel=\"tag\">D\u00e9veloppement Overseas<\/a>, <a href=\"https:\/\/www.transports-coue.fr\/fr\/category\/actualites\/developpement\/developpement-transport-containers\/\" rel=\"tag\">D\u00e9veloppement Transport Containers<\/a> <\/span><span class=\"av-vertical-delimiter\"><\/span><\/header><div class='slide-entry-excerpt entry-content'  itemprop=\"text\" >\ud83c\udf0d Vous souhaitez vous d\u00e9velopper \u00e0 l\u2019international \u2753\nSotecan International vous accompagne sur l\u2019ensemble de vos projets \u2705\n\nAvec nos solutions int\u00e9gr\u00e9es en transport \ud83d\ude9b (b\u00e2ch\u00e9, porte-container), logistique (dangereux et sensibles)\u2026<div class=\"read-more-link\"><a href=\"https:\/\/www.transports-coue.fr\/fr\/vous-souhaitez-vous-developper-a-linternational\/\" class=\"more-link\">Lire la suite<span class='more-link-arrow avia-svg-icon avia-font-svg_entypo-fontello' data-av_svg_icon='right-open-big' data-av_iconset='svg_entypo-fontello'><svg version=\"1.1\" xmlns=\"http:\/\/www.w3.org\/2000\/svg\" width=\"15\" height=\"32\" viewBox=\"0 0 15 32\" preserveAspectRatio=\"xMidYMid meet\" role=\"graphics-symbol\" aria-hidden=\"true\">\n<path d=\"M0.416 27.84l11.456-11.84-11.456-11.904q-0.832-0.832 0-1.536 0.832-0.832 1.536 0l12.544 12.608q0.768 0.832 0 1.6l-12.544 12.608q-0.704 0.832-1.536 0-0.832-0.704 0-1.536z\"><\/path>\n<\/svg><\/span><\/a><\/div><\/div><\/div><footer class=\"entry-footer\"><div class=\"slide-meta\"><time class='slide-meta-time updated'  itemprop=\"datePublished\" datetime=\"2023-05-05T17:07:35+02:00\" >5 mai 2023<\/time><\/div><\/footer><span class='hidden'>\n\t\t\t\t<span class='av-structured-data'  itemprop=\"image\" itemscope=\"itemscope\" itemtype=\"https:\/\/schema.org\/ImageObject\" >\n\t\t\t\t\t\t<span itemprop='url'>https:\/\/www.transports-coue.fr\/wp-content\/uploads\/2023\/05\/groupe-coue-trm-sotecan-international-transport-logistique-demarches-douanieres-web.jpg<\/span>\n\t\t\t\t\t\t<span itemprop='height'>642<\/span>\n\t\t\t\t\t\t<span itemprop='width'>1690<\/span>\n\t\t\t\t<\/span>\n\t\t\t\t<span class='av-structured-data'  itemprop=\"publisher\" itemtype=\"https:\/\/schema.org\/Organization\" itemscope=\"itemscope\" >\n\t\t\t\t\t\t<span itemprop='name'>Transports Cou\u00e9<\/span>\n\t\t\t\t\t\t<span itemprop='logo' itemscope itemtype='https:\/\/schema.org\/ImageObject'>\n\t\t\t\t\t\t\t<span itemprop='url'>https:\/\/www.transports-coue.fr\/wp-content\/uploads\/2018\/10\/Logo-transports-coue-300x119.png<\/span>\n\t\t\t\t\t\t<\/span>\n\t\t\t\t<\/span><span class='av-structured-data'  itemprop=\"author\" itemscope=\"itemscope\" itemtype=\"https:\/\/schema.org\/Person\" ><span itemprop='name'>Transports Cou\u00e9<\/span><\/span><span class='av-structured-data'  itemprop=\"datePublished\" datetime=\"2018-10-04T10:16:12+02:00\" >2023-05-05 17:07:35<\/span><span class='av-structured-data'  itemprop=\"dateModified\" itemtype=\"https:\/\/schema.org\/dateModified\" >2023-05-05 19:53:02<\/span><span class='av-structured-data'  itemprop=\"mainEntityOfPage\" itemtype=\"https:\/\/schema.org\/mainEntityOfPage\" ><span itemprop='name'>Vous souhaitez vous d\u00e9velopper \u00e0 l&rsquo;international ?<\/span><\/span><\/span><\/article><article class='slide-entry flex_column  post-entry post-entry-8492 slide-entry-overview slide-loop-42 slide-parity-odd  av_one_third  real-thumbnail posttype-post post-format-standard'  itemscope=\"itemscope\" itemtype=\"https:\/\/schema.org\/CreativeWork\" ><a href='https:\/\/www.transports-coue.fr\/fr\/reception-de-8-nouveaux-camions-daf-dernieres-generations\/' data-rel='slide-1' class='slide-image' title='R\u00e9ception de 8 nouveaux camions DAF derni\u00e8res g\u00e9n\u00e9rations !'><img decoding=\"async\" fetchpriority=\"high\" width=\"1690\" height=\"642\" src=\"https:\/\/www.transports-coue.fr\/wp-content\/uploads\/2023\/04\/transports-coue-nouveaux-camions-daf-WEB.jpg\" class=\"wp-image-8489 avia-img-lazy-loading-not-8489 attachment-no scaling size-no scaling wp-post-image\" alt=\"\" srcset=\"https:\/\/www.transports-coue.fr\/wp-content\/uploads\/2023\/04\/transports-coue-nouveaux-camions-daf-WEB.jpg 1690w, https:\/\/www.transports-coue.fr\/wp-content\/uploads\/2023\/04\/transports-coue-nouveaux-camions-daf-WEB-300x114.jpg 300w, https:\/\/www.transports-coue.fr\/wp-content\/uploads\/2023\/04\/transports-coue-nouveaux-camions-daf-WEB-1030x391.jpg 1030w, https:\/\/www.transports-coue.fr\/wp-content\/uploads\/2023\/04\/transports-coue-nouveaux-camions-daf-WEB-80x30.jpg 80w, https:\/\/www.transports-coue.fr\/wp-content\/uploads\/2023\/04\/transports-coue-nouveaux-camions-daf-WEB-768x292.jpg 768w, https:\/\/www.transports-coue.fr\/wp-content\/uploads\/2023\/04\/transports-coue-nouveaux-camions-daf-WEB-1536x583.jpg 1536w, https:\/\/www.transports-coue.fr\/wp-content\/uploads\/2023\/04\/transports-coue-nouveaux-camions-daf-WEB-1500x570.jpg 1500w, https:\/\/www.transports-coue.fr\/wp-content\/uploads\/2023\/04\/transports-coue-nouveaux-camions-daf-WEB-705x268.jpg 705w, https:\/\/www.transports-coue.fr\/wp-content\/uploads\/2023\/04\/transports-coue-nouveaux-camions-daf-WEB-845x321.jpg 845w\" sizes=\"(max-width: 1690px) 100vw, 1690px\" \/><\/a><div class=\"slide-content\"><header class=\"entry-content-header\" aria-label=\"Slide: R\u00e9ception de 8 nouveaux camions DAF derni\u00e8res g\u00e9n\u00e9rations !\"><h3 class='slide-entry-title entry-title '  itemprop=\"headline\" ><a href='https:\/\/www.transports-coue.fr\/fr\/reception-de-8-nouveaux-camions-daf-dernieres-generations\/' title='R\u00e9ception de 8 nouveaux camions DAF derni\u00e8res g\u00e9n\u00e9rations !'>R\u00e9ception de 8 nouveaux camions DAF derni\u00e8res g\u00e9n\u00e9rations !<\/a><\/h3><span class=\"blog-categories minor-meta\"><a href=\"https:\/\/www.transports-coue.fr\/fr\/category\/actualites\/\" rel=\"tag\">Actualit\u00e9s<\/a>, <a href=\"https:\/\/www.transports-coue.fr\/fr\/category\/actualites\/developpement\/\" rel=\"tag\">D\u00e9veloppement<\/a> <\/span><span class=\"av-vertical-delimiter\"><\/span><\/header><div class='slide-entry-excerpt entry-content'  itemprop=\"text\" >8 camions \ud83d\ude9b DAF nouvelle g\u00e9n\u00e9ration viennent d\u2019arriver pour parfaire \u2728 le renouvellement de notre parc.\n\nAvec comme mot d\u2019ordre, LE CONFORT !\n\u2705 cabine XG\n\u2705 si\u00e8ge ergonomique, pivotant\n\u2705 volant cuir\n\u2705 clim de nuit\n\u2705 phares\u2026<div class=\"read-more-link\"><a href=\"https:\/\/www.transports-coue.fr\/fr\/reception-de-8-nouveaux-camions-daf-dernieres-generations\/\" class=\"more-link\">Lire la suite<span class='more-link-arrow avia-svg-icon avia-font-svg_entypo-fontello' data-av_svg_icon='right-open-big' data-av_iconset='svg_entypo-fontello'><svg version=\"1.1\" xmlns=\"http:\/\/www.w3.org\/2000\/svg\" width=\"15\" height=\"32\" viewBox=\"0 0 15 32\" preserveAspectRatio=\"xMidYMid meet\" role=\"graphics-symbol\" aria-hidden=\"true\">\n<path d=\"M0.416 27.84l11.456-11.84-11.456-11.904q-0.832-0.832 0-1.536 0.832-0.832 1.536 0l12.544 12.608q0.768 0.832 0 1.6l-12.544 12.608q-0.704 0.832-1.536 0-0.832-0.704 0-1.536z\"><\/path>\n<\/svg><\/span><\/a><\/div><\/div><\/div><footer class=\"entry-footer\"><div class=\"slide-meta\"><time class='slide-meta-time updated'  itemprop=\"datePublished\" datetime=\"2023-04-14T16:46:58+02:00\" >14 avril 2023<\/time><\/div><\/footer><span class='hidden'>\n\t\t\t\t<span class='av-structured-data'  itemprop=\"image\" itemscope=\"itemscope\" itemtype=\"https:\/\/schema.org\/ImageObject\" >\n\t\t\t\t\t\t<span itemprop='url'>https:\/\/www.transports-coue.fr\/wp-content\/uploads\/2023\/04\/transports-coue-nouveaux-camions-daf-WEB.jpg<\/span>\n\t\t\t\t\t\t<span itemprop='height'>642<\/span>\n\t\t\t\t\t\t<span itemprop='width'>1690<\/span>\n\t\t\t\t<\/span>\n\t\t\t\t<span class='av-structured-data'  itemprop=\"publisher\" itemtype=\"https:\/\/schema.org\/Organization\" itemscope=\"itemscope\" >\n\t\t\t\t\t\t<span itemprop='name'>Transports Cou\u00e9<\/span>\n\t\t\t\t\t\t<span itemprop='logo' itemscope itemtype='https:\/\/schema.org\/ImageObject'>\n\t\t\t\t\t\t\t<span itemprop='url'>https:\/\/www.transports-coue.fr\/wp-content\/uploads\/2018\/10\/Logo-transports-coue-300x119.png<\/span>\n\t\t\t\t\t\t<\/span>\n\t\t\t\t<\/span><span class='av-structured-data'  itemprop=\"author\" itemscope=\"itemscope\" itemtype=\"https:\/\/schema.org\/Person\" ><span itemprop='name'>Transports Cou\u00e9<\/span><\/span><span class='av-structured-data'  itemprop=\"datePublished\" datetime=\"2018-10-04T10:16:12+02:00\" >2023-04-14 16:46:58<\/span><span class='av-structured-data'  itemprop=\"dateModified\" itemtype=\"https:\/\/schema.org\/dateModified\" >2023-04-14 18:35:41<\/span><span class='av-structured-data'  itemprop=\"mainEntityOfPage\" itemtype=\"https:\/\/schema.org\/mainEntityOfPage\" ><span itemprop='name'>R\u00e9ception de 8 nouveaux camions DAF derni\u00e8res g\u00e9n\u00e9rations !<\/span><\/span><\/span><\/article><\/div><div class=\"slide-entry-wrap\"><article class='slide-entry flex_column  post-entry post-entry-8458 slide-entry-overview slide-loop-43 slide-parity-odd  av_one_third first real-thumbnail posttype-post post-format-standard'  itemscope=\"itemscope\" itemtype=\"https:\/\/schema.org\/CreativeWork\" ><a href='https:\/\/www.transports-coue.fr\/fr\/4-260-tonnes-de-papier-pour-des-bonnes-causes\/' data-rel='slide-1' class='slide-image' title='4 260 tonnes de papier pour des bonnes causes !'><img decoding=\"async\" fetchpriority=\"high\" width=\"1690\" height=\"642\" src=\"https:\/\/www.transports-coue.fr\/wp-content\/uploads\/2023\/03\/trm-action-recyclage-papier-association-alternatri-web.jpg\" class=\"wp-image-8459 avia-img-lazy-loading-not-8459 attachment-no scaling size-no scaling wp-post-image\" alt=\"\" srcset=\"https:\/\/www.transports-coue.fr\/wp-content\/uploads\/2023\/03\/trm-action-recyclage-papier-association-alternatri-web.jpg 1690w, https:\/\/www.transports-coue.fr\/wp-content\/uploads\/2023\/03\/trm-action-recyclage-papier-association-alternatri-web-300x114.jpg 300w, https:\/\/www.transports-coue.fr\/wp-content\/uploads\/2023\/03\/trm-action-recyclage-papier-association-alternatri-web-1030x391.jpg 1030w, https:\/\/www.transports-coue.fr\/wp-content\/uploads\/2023\/03\/trm-action-recyclage-papier-association-alternatri-web-80x30.jpg 80w, https:\/\/www.transports-coue.fr\/wp-content\/uploads\/2023\/03\/trm-action-recyclage-papier-association-alternatri-web-768x292.jpg 768w, https:\/\/www.transports-coue.fr\/wp-content\/uploads\/2023\/03\/trm-action-recyclage-papier-association-alternatri-web-1536x583.jpg 1536w, https:\/\/www.transports-coue.fr\/wp-content\/uploads\/2023\/03\/trm-action-recyclage-papier-association-alternatri-web-1500x570.jpg 1500w, https:\/\/www.transports-coue.fr\/wp-content\/uploads\/2023\/03\/trm-action-recyclage-papier-association-alternatri-web-705x268.jpg 705w, https:\/\/www.transports-coue.fr\/wp-content\/uploads\/2023\/03\/trm-action-recyclage-papier-association-alternatri-web-845x321.jpg 845w\" sizes=\"(max-width: 1690px) 100vw, 1690px\" \/><\/a><div class=\"slide-content\"><header class=\"entry-content-header\" aria-label=\"Slide: 4 260 tonnes de papier pour des bonnes causes !\"><h3 class='slide-entry-title entry-title '  itemprop=\"headline\" ><a href='https:\/\/www.transports-coue.fr\/fr\/4-260-tonnes-de-papier-pour-des-bonnes-causes\/' title='4 260 tonnes de papier pour des bonnes causes !'>4 260 tonnes de papier pour des bonnes causes !<\/a><\/h3><span class=\"blog-categories minor-meta\"><a href=\"https:\/\/www.transports-coue.fr\/fr\/category\/actualites\/\" rel=\"tag\">Actualit\u00e9s<\/a>, <a href=\"https:\/\/www.transports-coue.fr\/fr\/category\/actualites\/developpement\/\" rel=\"tag\">D\u00e9veloppement<\/a> <\/span><span class=\"av-vertical-delimiter\"><\/span><\/header><div class='slide-entry-excerpt entry-content'  itemprop=\"text\" >Un bon tri dans nos archives nous a permis de r\u00e9cup\u00e9rer 4 260 tonnes de papier qui ont \u00e9t\u00e9 donn\u00e9es \u00e0 l'association de recyclage \u267b\ufe0f AlternaTri\nCe don permet ainsi de participer \u00e0 la r\u00e9colte de fonds pour l'association LM Petits Pas\u2026<div class=\"read-more-link\"><a href=\"https:\/\/www.transports-coue.fr\/fr\/4-260-tonnes-de-papier-pour-des-bonnes-causes\/\" class=\"more-link\">Lire la suite<span class='more-link-arrow avia-svg-icon avia-font-svg_entypo-fontello' data-av_svg_icon='right-open-big' data-av_iconset='svg_entypo-fontello'><svg version=\"1.1\" xmlns=\"http:\/\/www.w3.org\/2000\/svg\" width=\"15\" height=\"32\" viewBox=\"0 0 15 32\" preserveAspectRatio=\"xMidYMid meet\" role=\"graphics-symbol\" aria-hidden=\"true\">\n<path d=\"M0.416 27.84l11.456-11.84-11.456-11.904q-0.832-0.832 0-1.536 0.832-0.832 1.536 0l12.544 12.608q0.768 0.832 0 1.6l-12.544 12.608q-0.704 0.832-1.536 0-0.832-0.704 0-1.536z\"><\/path>\n<\/svg><\/span><\/a><\/div><\/div><\/div><footer class=\"entry-footer\"><div class=\"slide-meta\"><time class='slide-meta-time updated'  itemprop=\"datePublished\" datetime=\"2023-03-31T11:31:04+02:00\" >31 mars 2023<\/time><\/div><\/footer><span class='hidden'>\n\t\t\t\t<span class='av-structured-data'  itemprop=\"image\" itemscope=\"itemscope\" itemtype=\"https:\/\/schema.org\/ImageObject\" >\n\t\t\t\t\t\t<span itemprop='url'>https:\/\/www.transports-coue.fr\/wp-content\/uploads\/2023\/03\/trm-action-recyclage-papier-association-alternatri-web.jpg<\/span>\n\t\t\t\t\t\t<span itemprop='height'>642<\/span>\n\t\t\t\t\t\t<span itemprop='width'>1690<\/span>\n\t\t\t\t<\/span>\n\t\t\t\t<span class='av-structured-data'  itemprop=\"publisher\" itemtype=\"https:\/\/schema.org\/Organization\" itemscope=\"itemscope\" >\n\t\t\t\t\t\t<span itemprop='name'>Transports Cou\u00e9<\/span>\n\t\t\t\t\t\t<span itemprop='logo' itemscope itemtype='https:\/\/schema.org\/ImageObject'>\n\t\t\t\t\t\t\t<span itemprop='url'>https:\/\/www.transports-coue.fr\/wp-content\/uploads\/2018\/10\/Logo-transports-coue-300x119.png<\/span>\n\t\t\t\t\t\t<\/span>\n\t\t\t\t<\/span><span class='av-structured-data'  itemprop=\"author\" itemscope=\"itemscope\" itemtype=\"https:\/\/schema.org\/Person\" ><span itemprop='name'>Transports Cou\u00e9<\/span><\/span><span class='av-structured-data'  itemprop=\"datePublished\" datetime=\"2018-10-04T10:16:12+02:00\" >2023-03-31 11:31:04<\/span><span class='av-structured-data'  itemprop=\"dateModified\" itemtype=\"https:\/\/schema.org\/dateModified\" >2023-03-31 11:31:05<\/span><span class='av-structured-data'  itemprop=\"mainEntityOfPage\" itemtype=\"https:\/\/schema.org\/mainEntityOfPage\" ><span itemprop='name'>4 260 tonnes de papier pour des bonnes causes !<\/span><\/span><\/span><\/article><article class='slide-entry flex_column  post-entry post-entry-8421 slide-entry-overview slide-loop-44 slide-parity-even  av_one_third  real-thumbnail posttype-post post-format-standard'  itemscope=\"itemscope\" itemtype=\"https:\/\/schema.org\/CreativeWork\" ><a href='https:\/\/www.transports-coue.fr\/fr\/semaine-creative-avec-challenge-competences-pour-le-groupe-coue-trm\/' data-rel='slide-1' class='slide-image' title='Semaine cr\u00e9ative avec Challenge Comp\u00e9tences pour le groupe Cou\u00e9 TRM'><img decoding=\"async\" fetchpriority=\"high\" width=\"1690\" height=\"642\" src=\"https:\/\/www.transports-coue.fr\/wp-content\/uploads\/2023\/03\/groupe-coue-trm-participation-challenge-competences-laval.jpg\" class=\"wp-image-8424 avia-img-lazy-loading-not-8424 attachment-no scaling size-no scaling wp-post-image\" alt=\"\" srcset=\"https:\/\/www.transports-coue.fr\/wp-content\/uploads\/2023\/03\/groupe-coue-trm-participation-challenge-competences-laval.jpg 1690w, https:\/\/www.transports-coue.fr\/wp-content\/uploads\/2023\/03\/groupe-coue-trm-participation-challenge-competences-laval-300x114.jpg 300w, https:\/\/www.transports-coue.fr\/wp-content\/uploads\/2023\/03\/groupe-coue-trm-participation-challenge-competences-laval-1030x391.jpg 1030w, https:\/\/www.transports-coue.fr\/wp-content\/uploads\/2023\/03\/groupe-coue-trm-participation-challenge-competences-laval-80x30.jpg 80w, https:\/\/www.transports-coue.fr\/wp-content\/uploads\/2023\/03\/groupe-coue-trm-participation-challenge-competences-laval-768x292.jpg 768w, https:\/\/www.transports-coue.fr\/wp-content\/uploads\/2023\/03\/groupe-coue-trm-participation-challenge-competences-laval-1536x583.jpg 1536w, https:\/\/www.transports-coue.fr\/wp-content\/uploads\/2023\/03\/groupe-coue-trm-participation-challenge-competences-laval-1500x570.jpg 1500w, https:\/\/www.transports-coue.fr\/wp-content\/uploads\/2023\/03\/groupe-coue-trm-participation-challenge-competences-laval-705x268.jpg 705w, https:\/\/www.transports-coue.fr\/wp-content\/uploads\/2023\/03\/groupe-coue-trm-participation-challenge-competences-laval-845x321.jpg 845w\" sizes=\"(max-width: 1690px) 100vw, 1690px\" \/><\/a><div class=\"slide-content\"><header class=\"entry-content-header\" aria-label=\"Slide: Semaine cr\u00e9ative avec Challenge Comp\u00e9tences pour le groupe Cou\u00e9 TRM\"><h3 class='slide-entry-title entry-title '  itemprop=\"headline\" ><a href='https:\/\/www.transports-coue.fr\/fr\/semaine-creative-avec-challenge-competences-pour-le-groupe-coue-trm\/' title='Semaine cr\u00e9ative avec Challenge Comp\u00e9tences pour le groupe Cou\u00e9 TRM'>Semaine cr\u00e9ative avec Challenge Comp\u00e9tences pour le groupe Cou\u00e9 TRM<\/a><\/h3><span class=\"blog-categories minor-meta\"><a href=\"https:\/\/www.transports-coue.fr\/fr\/category\/actualites\/\" rel=\"tag\">Actualit\u00e9s<\/a>, <a href=\"https:\/\/www.transports-coue.fr\/fr\/category\/actualites\/developpement\/\" rel=\"tag\">D\u00e9veloppement<\/a> <\/span><span class=\"av-vertical-delimiter\"><\/span><\/header><div class='slide-entry-excerpt entry-content'  itemprop=\"text\" >\ud83d\udca1 Semaine cr\u00e9ative avec Challenge Comp\u00e9tences pour le Groupe Cou\u00e9 TRM !\nOrganis\u00e9 par Laval Mayenne Technopole, l'objectif de cette semaine Challenge Comp\u00e9tences est de susciter de nouveaux projets d'innovation pour notre entreprise avec\u2026<div class=\"read-more-link\"><a href=\"https:\/\/www.transports-coue.fr\/fr\/semaine-creative-avec-challenge-competences-pour-le-groupe-coue-trm\/\" class=\"more-link\">Lire la suite<span class='more-link-arrow avia-svg-icon avia-font-svg_entypo-fontello' data-av_svg_icon='right-open-big' data-av_iconset='svg_entypo-fontello'><svg version=\"1.1\" xmlns=\"http:\/\/www.w3.org\/2000\/svg\" width=\"15\" height=\"32\" viewBox=\"0 0 15 32\" preserveAspectRatio=\"xMidYMid meet\" role=\"graphics-symbol\" aria-hidden=\"true\">\n<path d=\"M0.416 27.84l11.456-11.84-11.456-11.904q-0.832-0.832 0-1.536 0.832-0.832 1.536 0l12.544 12.608q0.768 0.832 0 1.6l-12.544 12.608q-0.704 0.832-1.536 0-0.832-0.704 0-1.536z\"><\/path>\n<\/svg><\/span><\/a><\/div><\/div><\/div><footer class=\"entry-footer\"><div class=\"slide-meta\"><time class='slide-meta-time updated'  itemprop=\"datePublished\" datetime=\"2023-03-22T16:35:30+01:00\" >22 mars 2023<\/time><\/div><\/footer><span class='hidden'>\n\t\t\t\t<span class='av-structured-data'  itemprop=\"image\" itemscope=\"itemscope\" itemtype=\"https:\/\/schema.org\/ImageObject\" >\n\t\t\t\t\t\t<span itemprop='url'>https:\/\/www.transports-coue.fr\/wp-content\/uploads\/2023\/03\/groupe-coue-trm-participation-challenge-competences-laval.jpg<\/span>\n\t\t\t\t\t\t<span itemprop='height'>642<\/span>\n\t\t\t\t\t\t<span itemprop='width'>1690<\/span>\n\t\t\t\t<\/span>\n\t\t\t\t<span class='av-structured-data'  itemprop=\"publisher\" itemtype=\"https:\/\/schema.org\/Organization\" itemscope=\"itemscope\" >\n\t\t\t\t\t\t<span itemprop='name'>Transports Cou\u00e9<\/span>\n\t\t\t\t\t\t<span itemprop='logo' itemscope itemtype='https:\/\/schema.org\/ImageObject'>\n\t\t\t\t\t\t\t<span itemprop='url'>https:\/\/www.transports-coue.fr\/wp-content\/uploads\/2018\/10\/Logo-transports-coue-300x119.png<\/span>\n\t\t\t\t\t\t<\/span>\n\t\t\t\t<\/span><span class='av-structured-data'  itemprop=\"author\" itemscope=\"itemscope\" itemtype=\"https:\/\/schema.org\/Person\" ><span itemprop='name'>Transports Cou\u00e9<\/span><\/span><span class='av-structured-data'  itemprop=\"datePublished\" datetime=\"2018-10-04T10:16:12+02:00\" >2023-03-22 16:35:30<\/span><span class='av-structured-data'  itemprop=\"dateModified\" itemtype=\"https:\/\/schema.org\/dateModified\" >2023-03-22 17:18:41<\/span><span class='av-structured-data'  itemprop=\"mainEntityOfPage\" itemtype=\"https:\/\/schema.org\/mainEntityOfPage\" ><span itemprop='name'>Semaine cr\u00e9ative avec Challenge Comp\u00e9tences pour le groupe Cou\u00e9 TRM<\/span><\/span><\/span><\/article><article class='slide-entry flex_column  post-entry post-entry-8413 slide-entry-overview slide-loop-45 slide-parity-odd  av_one_third  real-thumbnail posttype-post post-format-standard'  itemscope=\"itemscope\" itemtype=\"https:\/\/schema.org\/CreativeWork\" ><a href='https:\/\/www.transports-coue.fr\/fr\/notre-index-egalite-professionnelle-femmes-hommes-2022\/' data-rel='slide-1' class='slide-image' title='Notre index \u00e9galit\u00e9 professionnelle Femmes-Hommes 2022'><img decoding=\"async\" fetchpriority=\"high\" width=\"1690\" height=\"642\" src=\"https:\/\/www.transports-coue.fr\/wp-content\/uploads\/2023\/03\/groupe-coue-trm-index-egalite-femme-homme.jpg\" class=\"wp-image-8415 avia-img-lazy-loading-not-8415 attachment-no scaling size-no scaling wp-post-image\" alt=\"\" srcset=\"https:\/\/www.transports-coue.fr\/wp-content\/uploads\/2023\/03\/groupe-coue-trm-index-egalite-femme-homme.jpg 1690w, https:\/\/www.transports-coue.fr\/wp-content\/uploads\/2023\/03\/groupe-coue-trm-index-egalite-femme-homme-300x114.jpg 300w, https:\/\/www.transports-coue.fr\/wp-content\/uploads\/2023\/03\/groupe-coue-trm-index-egalite-femme-homme-1030x391.jpg 1030w, https:\/\/www.transports-coue.fr\/wp-content\/uploads\/2023\/03\/groupe-coue-trm-index-egalite-femme-homme-80x30.jpg 80w, https:\/\/www.transports-coue.fr\/wp-content\/uploads\/2023\/03\/groupe-coue-trm-index-egalite-femme-homme-768x292.jpg 768w, https:\/\/www.transports-coue.fr\/wp-content\/uploads\/2023\/03\/groupe-coue-trm-index-egalite-femme-homme-1536x583.jpg 1536w, https:\/\/www.transports-coue.fr\/wp-content\/uploads\/2023\/03\/groupe-coue-trm-index-egalite-femme-homme-1500x570.jpg 1500w, https:\/\/www.transports-coue.fr\/wp-content\/uploads\/2023\/03\/groupe-coue-trm-index-egalite-femme-homme-705x268.jpg 705w, https:\/\/www.transports-coue.fr\/wp-content\/uploads\/2023\/03\/groupe-coue-trm-index-egalite-femme-homme-845x321.jpg 845w\" sizes=\"(max-width: 1690px) 100vw, 1690px\" \/><\/a><div class=\"slide-content\"><header class=\"entry-content-header\" aria-label=\"Slide: Notre index \u00e9galit\u00e9 professionnelle Femmes-Hommes 2022\"><h3 class='slide-entry-title entry-title '  itemprop=\"headline\" ><a href='https:\/\/www.transports-coue.fr\/fr\/notre-index-egalite-professionnelle-femmes-hommes-2022\/' title='Notre index \u00e9galit\u00e9 professionnelle Femmes-Hommes 2022'>Notre index \u00e9galit\u00e9 professionnelle Femmes-Hommes 2022<\/a><\/h3><span class=\"blog-categories minor-meta\"><a href=\"https:\/\/www.transports-coue.fr\/fr\/category\/actualites\/\" rel=\"tag\">Actualit\u00e9s<\/a>, <a href=\"https:\/\/www.transports-coue.fr\/fr\/category\/actualites\/developpement\/\" rel=\"tag\">D\u00e9veloppement<\/a> <\/span><span class=\"av-vertical-delimiter\"><\/span><\/header><div class='slide-entry-excerpt entry-content'  itemprop=\"text\" >Afin de lutter contre les in\u00e9galit\u00e9s salariales entre les femmes et les hommes, les entreprises de plus de 50 salari\u00e9s doivent calculer et transmettre un index mesurant l\u2019\u00e9galit\u00e9 salarial.\n\nL\u2019index est not\u00e9 sur 100 points et calcul\u00e9\u2026<div class=\"read-more-link\"><a href=\"https:\/\/www.transports-coue.fr\/fr\/notre-index-egalite-professionnelle-femmes-hommes-2022\/\" class=\"more-link\">Lire la suite<span class='more-link-arrow avia-svg-icon avia-font-svg_entypo-fontello' data-av_svg_icon='right-open-big' data-av_iconset='svg_entypo-fontello'><svg version=\"1.1\" xmlns=\"http:\/\/www.w3.org\/2000\/svg\" width=\"15\" height=\"32\" viewBox=\"0 0 15 32\" preserveAspectRatio=\"xMidYMid meet\" role=\"graphics-symbol\" aria-hidden=\"true\">\n<path d=\"M0.416 27.84l11.456-11.84-11.456-11.904q-0.832-0.832 0-1.536 0.832-0.832 1.536 0l12.544 12.608q0.768 0.832 0 1.6l-12.544 12.608q-0.704 0.832-1.536 0-0.832-0.704 0-1.536z\"><\/path>\n<\/svg><\/span><\/a><\/div><\/div><\/div><footer class=\"entry-footer\"><div class=\"slide-meta\"><time class='slide-meta-time updated'  itemprop=\"datePublished\" datetime=\"2023-03-17T18:55:19+01:00\" >17 mars 2023<\/time><\/div><\/footer><span class='hidden'>\n\t\t\t\t<span class='av-structured-data'  itemprop=\"image\" itemscope=\"itemscope\" itemtype=\"https:\/\/schema.org\/ImageObject\" >\n\t\t\t\t\t\t<span itemprop='url'>https:\/\/www.transports-coue.fr\/wp-content\/uploads\/2023\/03\/groupe-coue-trm-index-egalite-femme-homme.jpg<\/span>\n\t\t\t\t\t\t<span itemprop='height'>642<\/span>\n\t\t\t\t\t\t<span itemprop='width'>1690<\/span>\n\t\t\t\t<\/span>\n\t\t\t\t<span class='av-structured-data'  itemprop=\"publisher\" itemtype=\"https:\/\/schema.org\/Organization\" itemscope=\"itemscope\" >\n\t\t\t\t\t\t<span itemprop='name'>Transports Cou\u00e9<\/span>\n\t\t\t\t\t\t<span itemprop='logo' itemscope itemtype='https:\/\/schema.org\/ImageObject'>\n\t\t\t\t\t\t\t<span itemprop='url'>https:\/\/www.transports-coue.fr\/wp-content\/uploads\/2018\/10\/Logo-transports-coue-300x119.png<\/span>\n\t\t\t\t\t\t<\/span>\n\t\t\t\t<\/span><span class='av-structured-data'  itemprop=\"author\" itemscope=\"itemscope\" itemtype=\"https:\/\/schema.org\/Person\" ><span itemprop='name'>Transports Cou\u00e9<\/span><\/span><span class='av-structured-data'  itemprop=\"datePublished\" datetime=\"2018-10-04T10:16:12+02:00\" >2023-03-17 18:55:19<\/span><span class='av-structured-data'  itemprop=\"dateModified\" itemtype=\"https:\/\/schema.org\/dateModified\" >2023-05-12 09:11:24<\/span><span class='av-structured-data'  itemprop=\"mainEntityOfPage\" itemtype=\"https:\/\/schema.org\/mainEntityOfPage\" ><span itemprop='name'>Notre index \u00e9galit\u00e9 professionnelle Femmes-Hommes 2022<\/span><\/span><\/span><\/article><\/div><div class=\"slide-entry-wrap\"><article class='slide-entry flex_column  post-entry post-entry-8376 slide-entry-overview slide-loop-46 slide-parity-odd  av_one_third first real-thumbnail posttype-post post-format-standard'  itemscope=\"itemscope\" itemtype=\"https:\/\/schema.org\/CreativeWork\" ><a href='https:\/\/www.transports-coue.fr\/fr\/le-chef-francais-julien-royer-confie-a-sotecan-international-la-livraison-dun-vehicule-vintage\/' data-rel='slide-1' class='slide-image' title='Le chef fran\u00e7ais, Julien Royer, confie \u00e0 Sotecan International la livraison d&rsquo;un V\u00e9hicule Vintage'><img decoding=\"async\" fetchpriority=\"high\" width=\"1690\" height=\"642\" src=\"https:\/\/www.transports-coue.fr\/wp-content\/uploads\/2023\/03\/sotecan-international-transport-vehicule-vintage-singapour.jpg\" class=\"wp-image-8392 avia-img-lazy-loading-not-8392 attachment-no scaling size-no scaling wp-post-image\" alt=\"\" srcset=\"https:\/\/www.transports-coue.fr\/wp-content\/uploads\/2023\/03\/sotecan-international-transport-vehicule-vintage-singapour.jpg 1690w, https:\/\/www.transports-coue.fr\/wp-content\/uploads\/2023\/03\/sotecan-international-transport-vehicule-vintage-singapour-300x114.jpg 300w, https:\/\/www.transports-coue.fr\/wp-content\/uploads\/2023\/03\/sotecan-international-transport-vehicule-vintage-singapour-1030x391.jpg 1030w, https:\/\/www.transports-coue.fr\/wp-content\/uploads\/2023\/03\/sotecan-international-transport-vehicule-vintage-singapour-80x30.jpg 80w, https:\/\/www.transports-coue.fr\/wp-content\/uploads\/2023\/03\/sotecan-international-transport-vehicule-vintage-singapour-768x292.jpg 768w, https:\/\/www.transports-coue.fr\/wp-content\/uploads\/2023\/03\/sotecan-international-transport-vehicule-vintage-singapour-1536x583.jpg 1536w, https:\/\/www.transports-coue.fr\/wp-content\/uploads\/2023\/03\/sotecan-international-transport-vehicule-vintage-singapour-1500x570.jpg 1500w, https:\/\/www.transports-coue.fr\/wp-content\/uploads\/2023\/03\/sotecan-international-transport-vehicule-vintage-singapour-705x268.jpg 705w, https:\/\/www.transports-coue.fr\/wp-content\/uploads\/2023\/03\/sotecan-international-transport-vehicule-vintage-singapour-845x321.jpg 845w\" sizes=\"(max-width: 1690px) 100vw, 1690px\" \/><\/a><div class=\"slide-content\"><header class=\"entry-content-header\" aria-label=\"Slide: Le chef fran\u00e7ais, Julien Royer, confie \u00e0 Sotecan International la livraison d&#039;un V\u00e9hicule Vintage\"><h3 class='slide-entry-title entry-title '  itemprop=\"headline\" ><a href='https:\/\/www.transports-coue.fr\/fr\/le-chef-francais-julien-royer-confie-a-sotecan-international-la-livraison-dun-vehicule-vintage\/' title='Le chef fran\u00e7ais, Julien Royer, confie \u00e0 Sotecan International la livraison d&rsquo;un V\u00e9hicule Vintage'>Le chef fran\u00e7ais, Julien Royer, confie \u00e0 Sotecan International la livraison d&rsquo;un V\u00e9hicule Vintage<\/a><\/h3><span class=\"blog-categories minor-meta\"><a href=\"https:\/\/www.transports-coue.fr\/fr\/category\/actualites\/\" rel=\"tag\">Actualit\u00e9s<\/a>, <a href=\"https:\/\/www.transports-coue.fr\/fr\/category\/actualites\/developpement\/\" rel=\"tag\">D\u00e9veloppement<\/a>, <a href=\"https:\/\/www.transports-coue.fr\/fr\/category\/actualites\/developpement\/developpement-overseas\/\" rel=\"tag\">D\u00e9veloppement Overseas<\/a> <\/span><span class=\"av-vertical-delimiter\"><\/span><\/header><div class='slide-entry-excerpt entry-content'  itemprop=\"text\" >Julien Royer est un chef fran\u00e7ais \ud83d\udc68\u200d\ud83c\udf73 , originaire du Cantal qui depuis quelques ann\u00e9es r\u00e9alise un beau parcours culinaire \u00e0 Singapour \ud83c\uddf8\ud83c\uddec sa ville d\u2019adoption.\n\nDepuis l\u2019ouverture de son restaurant Odette, il a r\u00e9colt\u00e9\u2026<div class=\"read-more-link\"><a href=\"https:\/\/www.transports-coue.fr\/fr\/le-chef-francais-julien-royer-confie-a-sotecan-international-la-livraison-dun-vehicule-vintage\/\" class=\"more-link\">Lire la suite<span class='more-link-arrow avia-svg-icon avia-font-svg_entypo-fontello' data-av_svg_icon='right-open-big' data-av_iconset='svg_entypo-fontello'><svg version=\"1.1\" xmlns=\"http:\/\/www.w3.org\/2000\/svg\" width=\"15\" height=\"32\" viewBox=\"0 0 15 32\" preserveAspectRatio=\"xMidYMid meet\" role=\"graphics-symbol\" aria-hidden=\"true\">\n<path d=\"M0.416 27.84l11.456-11.84-11.456-11.904q-0.832-0.832 0-1.536 0.832-0.832 1.536 0l12.544 12.608q0.768 0.832 0 1.6l-12.544 12.608q-0.704 0.832-1.536 0-0.832-0.704 0-1.536z\"><\/path>\n<\/svg><\/span><\/a><\/div><\/div><\/div><footer class=\"entry-footer\"><div class=\"slide-meta\"><time class='slide-meta-time updated'  itemprop=\"datePublished\" datetime=\"2023-03-13T11:48:51+01:00\" >13 mars 2023<\/time><\/div><\/footer><span class='hidden'>\n\t\t\t\t<span class='av-structured-data'  itemprop=\"image\" itemscope=\"itemscope\" itemtype=\"https:\/\/schema.org\/ImageObject\" >\n\t\t\t\t\t\t<span itemprop='url'>https:\/\/www.transports-coue.fr\/wp-content\/uploads\/2023\/03\/sotecan-international-transport-vehicule-vintage-singapour.jpg<\/span>\n\t\t\t\t\t\t<span itemprop='height'>642<\/span>\n\t\t\t\t\t\t<span itemprop='width'>1690<\/span>\n\t\t\t\t<\/span>\n\t\t\t\t<span class='av-structured-data'  itemprop=\"publisher\" itemtype=\"https:\/\/schema.org\/Organization\" itemscope=\"itemscope\" >\n\t\t\t\t\t\t<span itemprop='name'>Transports Cou\u00e9<\/span>\n\t\t\t\t\t\t<span itemprop='logo' itemscope itemtype='https:\/\/schema.org\/ImageObject'>\n\t\t\t\t\t\t\t<span itemprop='url'>https:\/\/www.transports-coue.fr\/wp-content\/uploads\/2018\/10\/Logo-transports-coue-300x119.png<\/span>\n\t\t\t\t\t\t<\/span>\n\t\t\t\t<\/span><span class='av-structured-data'  itemprop=\"author\" itemscope=\"itemscope\" itemtype=\"https:\/\/schema.org\/Person\" ><span itemprop='name'>Transports Cou\u00e9<\/span><\/span><span class='av-structured-data'  itemprop=\"datePublished\" datetime=\"2018-10-04T10:16:12+02:00\" >2023-03-13 11:48:51<\/span><span class='av-structured-data'  itemprop=\"dateModified\" itemtype=\"https:\/\/schema.org\/dateModified\" >2023-03-17 10:18:30<\/span><span class='av-structured-data'  itemprop=\"mainEntityOfPage\" itemtype=\"https:\/\/schema.org\/mainEntityOfPage\" ><span itemprop='name'>Le chef fran\u00e7ais, Julien Royer, confie \u00e0 Sotecan International la livraison d&rsquo;un V\u00e9hicule Vintage<\/span><\/span><\/span><\/article><article class='slide-entry flex_column  post-entry post-entry-8172 slide-entry-overview slide-loop-47 slide-parity-even  av_one_third  real-thumbnail posttype-post post-format-standard'  itemscope=\"itemscope\" itemtype=\"https:\/\/schema.org\/CreativeWork\" ><a href='https:\/\/www.transports-coue.fr\/fr\/installation-dune-cuve-au-biocarburant-oleo100\/' data-rel='slide-1' class='slide-image' title='Installation d&rsquo;une cuve au Biocarburant Oleo100'><img decoding=\"async\" fetchpriority=\"high\" width=\"1690\" height=\"642\" src=\"https:\/\/www.transports-coue.fr\/wp-content\/uploads\/2023\/01\/transports-coue-biocarburant-oleo100-web.jpg\" class=\"wp-image-8174 avia-img-lazy-loading-not-8174 attachment-no scaling size-no scaling wp-post-image\" alt=\"Transports Cou\u00e9 TRM \u00e9quipent leurs camions au biocarburant Oleo100\" srcset=\"https:\/\/www.transports-coue.fr\/wp-content\/uploads\/2023\/01\/transports-coue-biocarburant-oleo100-web.jpg 1690w, https:\/\/www.transports-coue.fr\/wp-content\/uploads\/2023\/01\/transports-coue-biocarburant-oleo100-web-300x114.jpg 300w, https:\/\/www.transports-coue.fr\/wp-content\/uploads\/2023\/01\/transports-coue-biocarburant-oleo100-web-1030x391.jpg 1030w, https:\/\/www.transports-coue.fr\/wp-content\/uploads\/2023\/01\/transports-coue-biocarburant-oleo100-web-80x30.jpg 80w, https:\/\/www.transports-coue.fr\/wp-content\/uploads\/2023\/01\/transports-coue-biocarburant-oleo100-web-768x292.jpg 768w, https:\/\/www.transports-coue.fr\/wp-content\/uploads\/2023\/01\/transports-coue-biocarburant-oleo100-web-1536x583.jpg 1536w, https:\/\/www.transports-coue.fr\/wp-content\/uploads\/2023\/01\/transports-coue-biocarburant-oleo100-web-1500x570.jpg 1500w, https:\/\/www.transports-coue.fr\/wp-content\/uploads\/2023\/01\/transports-coue-biocarburant-oleo100-web-705x268.jpg 705w, https:\/\/www.transports-coue.fr\/wp-content\/uploads\/2023\/01\/transports-coue-biocarburant-oleo100-web-845x321.jpg 845w\" sizes=\"(max-width: 1690px) 100vw, 1690px\" \/><\/a><div class=\"slide-content\"><header class=\"entry-content-header\" aria-label=\"Slide: Installation d&#039;une cuve au Biocarburant Oleo100\"><h3 class='slide-entry-title entry-title '  itemprop=\"headline\" ><a href='https:\/\/www.transports-coue.fr\/fr\/installation-dune-cuve-au-biocarburant-oleo100\/' title='Installation d&rsquo;une cuve au Biocarburant Oleo100'>Installation d&rsquo;une cuve au Biocarburant Oleo100<\/a><\/h3><span class=\"blog-categories minor-meta\"><a href=\"https:\/\/www.transports-coue.fr\/fr\/category\/actualites\/\" rel=\"tag\">Actualit\u00e9s<\/a>, <a href=\"https:\/\/www.transports-coue.fr\/fr\/category\/actualites\/developpement\/developpement-transport-containers\/\" rel=\"tag\">D\u00e9veloppement Transport Containers<\/a> <\/span><span class=\"av-vertical-delimiter\"><\/span><\/header><div class='slide-entry-excerpt entry-content'  itemprop=\"text\" >\ud83d\udc65 Faisons la route ensemble \ud83c\udf3f\n\nInstallation de notre cuve de \ud835\uddd5\ud835\uddf6\ud835\uddfc\ud835\uddf0\ud835\uddee\ud835\uddff\ud835\uddef\ud835\ude02\ud835\uddff\ud835\uddee\ud835\uddfb\ud835\ude01 \ud835\udde2\ud835\uddf9\ud835\uddf2\ud835\uddfc\ud835\udfed\ud835\udfec\ud835\udfec \ud83c\udf3e !\n\nEngag\u00e9s dans le Transport D\u00e9carbonn\u00e9 \ud83c\udf0d , nous \u00e9quipons nos 1ers camions en Oleo100\u2026<div class=\"read-more-link\"><a href=\"https:\/\/www.transports-coue.fr\/fr\/installation-dune-cuve-au-biocarburant-oleo100\/\" class=\"more-link\">Lire la suite<span class='more-link-arrow avia-svg-icon avia-font-svg_entypo-fontello' data-av_svg_icon='right-open-big' data-av_iconset='svg_entypo-fontello'><svg version=\"1.1\" xmlns=\"http:\/\/www.w3.org\/2000\/svg\" width=\"15\" height=\"32\" viewBox=\"0 0 15 32\" preserveAspectRatio=\"xMidYMid meet\" role=\"graphics-symbol\" aria-hidden=\"true\">\n<path d=\"M0.416 27.84l11.456-11.84-11.456-11.904q-0.832-0.832 0-1.536 0.832-0.832 1.536 0l12.544 12.608q0.768 0.832 0 1.6l-12.544 12.608q-0.704 0.832-1.536 0-0.832-0.704 0-1.536z\"><\/path>\n<\/svg><\/span><\/a><\/div><\/div><\/div><footer class=\"entry-footer\"><div class=\"slide-meta\"><time class='slide-meta-time updated'  itemprop=\"datePublished\" datetime=\"2023-02-27T16:44:59+01:00\" >27 f\u00e9vrier 2023<\/time><\/div><\/footer><span class='hidden'>\n\t\t\t\t<span class='av-structured-data'  itemprop=\"image\" itemscope=\"itemscope\" itemtype=\"https:\/\/schema.org\/ImageObject\" >\n\t\t\t\t\t\t<span itemprop='url'>https:\/\/www.transports-coue.fr\/wp-content\/uploads\/2023\/01\/transports-coue-biocarburant-oleo100-web.jpg<\/span>\n\t\t\t\t\t\t<span itemprop='height'>642<\/span>\n\t\t\t\t\t\t<span itemprop='width'>1690<\/span>\n\t\t\t\t<\/span>\n\t\t\t\t<span class='av-structured-data'  itemprop=\"publisher\" itemtype=\"https:\/\/schema.org\/Organization\" itemscope=\"itemscope\" >\n\t\t\t\t\t\t<span itemprop='name'>Transports Cou\u00e9<\/span>\n\t\t\t\t\t\t<span itemprop='logo' itemscope itemtype='https:\/\/schema.org\/ImageObject'>\n\t\t\t\t\t\t\t<span itemprop='url'>https:\/\/www.transports-coue.fr\/wp-content\/uploads\/2018\/10\/Logo-transports-coue-300x119.png<\/span>\n\t\t\t\t\t\t<\/span>\n\t\t\t\t<\/span><span class='av-structured-data'  itemprop=\"author\" itemscope=\"itemscope\" itemtype=\"https:\/\/schema.org\/Person\" ><span itemprop='name'>Transports Cou\u00e9<\/span><\/span><span class='av-structured-data'  itemprop=\"datePublished\" datetime=\"2018-10-04T10:16:12+02:00\" >2023-02-27 16:44:59<\/span><span class='av-structured-data'  itemprop=\"dateModified\" itemtype=\"https:\/\/schema.org\/dateModified\" >2023-02-27 16:45:42<\/span><span class='av-structured-data'  itemprop=\"mainEntityOfPage\" itemtype=\"https:\/\/schema.org\/mainEntityOfPage\" ><span itemprop='name'>Installation d&rsquo;une cuve au Biocarburant Oleo100<\/span><\/span><\/span><\/article><article class='slide-entry flex_column  post-entry post-entry-8238 slide-entry-overview slide-loop-48 slide-parity-odd  av_one_third  real-thumbnail posttype-post post-format-standard'  itemscope=\"itemscope\" itemtype=\"https:\/\/schema.org\/CreativeWork\" ><a href='https:\/\/www.transports-coue.fr\/fr\/sotecan-international-rejoint-le-reseau-wwca\/' data-rel='slide-1' class='slide-image' title='Sotecan International rejoint le r\u00e9seau WWCA'><img decoding=\"async\" fetchpriority=\"high\" width=\"1690\" height=\"642\" src=\"https:\/\/www.transports-coue.fr\/wp-content\/uploads\/2023\/02\/sotecan-international-joined-wwca.jpg\" class=\"wp-image-8241 avia-img-lazy-loading-not-8241 attachment-no scaling size-no scaling wp-post-image\" alt=\"\" srcset=\"https:\/\/www.transports-coue.fr\/wp-content\/uploads\/2023\/02\/sotecan-international-joined-wwca.jpg 1690w, https:\/\/www.transports-coue.fr\/wp-content\/uploads\/2023\/02\/sotecan-international-joined-wwca-300x114.jpg 300w, https:\/\/www.transports-coue.fr\/wp-content\/uploads\/2023\/02\/sotecan-international-joined-wwca-1030x391.jpg 1030w, https:\/\/www.transports-coue.fr\/wp-content\/uploads\/2023\/02\/sotecan-international-joined-wwca-80x30.jpg 80w, https:\/\/www.transports-coue.fr\/wp-content\/uploads\/2023\/02\/sotecan-international-joined-wwca-768x292.jpg 768w, https:\/\/www.transports-coue.fr\/wp-content\/uploads\/2023\/02\/sotecan-international-joined-wwca-1536x583.jpg 1536w, https:\/\/www.transports-coue.fr\/wp-content\/uploads\/2023\/02\/sotecan-international-joined-wwca-1500x570.jpg 1500w, https:\/\/www.transports-coue.fr\/wp-content\/uploads\/2023\/02\/sotecan-international-joined-wwca-705x268.jpg 705w, https:\/\/www.transports-coue.fr\/wp-content\/uploads\/2023\/02\/sotecan-international-joined-wwca-845x321.jpg 845w\" sizes=\"(max-width: 1690px) 100vw, 1690px\" \/><\/a><div class=\"slide-content\"><header class=\"entry-content-header\" aria-label=\"Slide: Sotecan International rejoint le r\u00e9seau WWCA\"><h3 class='slide-entry-title entry-title '  itemprop=\"headline\" ><a href='https:\/\/www.transports-coue.fr\/fr\/sotecan-international-rejoint-le-reseau-wwca\/' title='Sotecan International rejoint le r\u00e9seau WWCA'>Sotecan International rejoint le r\u00e9seau WWCA<\/a><\/h3><span class=\"blog-categories minor-meta\"><a href=\"https:\/\/www.transports-coue.fr\/fr\/category\/actualites\/\" rel=\"tag\">Actualit\u00e9s<\/a>, <a href=\"https:\/\/www.transports-coue.fr\/fr\/category\/actualites\/developpement\/\" rel=\"tag\">D\u00e9veloppement<\/a>, <a href=\"https:\/\/www.transports-coue.fr\/fr\/category\/actualites\/developpement\/developpement-logistique\/\" rel=\"tag\">D\u00e9veloppement Logistique<\/a>, <a href=\"https:\/\/www.transports-coue.fr\/fr\/category\/actualites\/developpement\/developpement-overseas\/\" rel=\"tag\">D\u00e9veloppement Overseas<\/a>, <a href=\"https:\/\/www.transports-coue.fr\/fr\/category\/actualites\/developpement\/developpement-transport-containers\/\" rel=\"tag\">D\u00e9veloppement Transport Containers<\/a> <\/span><span class=\"av-vertical-delimiter\"><\/span><\/header><div class='slide-entry-excerpt entry-content'  itemprop=\"text\" >Nous sommes fiers et heureux de vous annoncer que SOTECAN INTERNATIONAL a rejoint le r\u00e9seau World Wine Cargo Alliance (WWCA)\n\nWWCA est un r\u00e9seau sp\u00e9cialis\u00e9 dans la logistique internationale, la supply chain du vin et des spiritueux.\nLa France\u2026<div class=\"read-more-link\"><a href=\"https:\/\/www.transports-coue.fr\/fr\/sotecan-international-rejoint-le-reseau-wwca\/\" class=\"more-link\">Lire la suite<span class='more-link-arrow avia-svg-icon avia-font-svg_entypo-fontello' data-av_svg_icon='right-open-big' data-av_iconset='svg_entypo-fontello'><svg version=\"1.1\" xmlns=\"http:\/\/www.w3.org\/2000\/svg\" width=\"15\" height=\"32\" viewBox=\"0 0 15 32\" preserveAspectRatio=\"xMidYMid meet\" role=\"graphics-symbol\" aria-hidden=\"true\">\n<path d=\"M0.416 27.84l11.456-11.84-11.456-11.904q-0.832-0.832 0-1.536 0.832-0.832 1.536 0l12.544 12.608q0.768 0.832 0 1.6l-12.544 12.608q-0.704 0.832-1.536 0-0.832-0.704 0-1.536z\"><\/path>\n<\/svg><\/span><\/a><\/div><\/div><\/div><footer class=\"entry-footer\"><div class=\"slide-meta\"><time class='slide-meta-time updated'  itemprop=\"datePublished\" datetime=\"2023-02-14T19:16:23+01:00\" >14 f\u00e9vrier 2023<\/time><\/div><\/footer><span class='hidden'>\n\t\t\t\t<span class='av-structured-data'  itemprop=\"image\" itemscope=\"itemscope\" itemtype=\"https:\/\/schema.org\/ImageObject\" >\n\t\t\t\t\t\t<span itemprop='url'>https:\/\/www.transports-coue.fr\/wp-content\/uploads\/2023\/02\/sotecan-international-joined-wwca.jpg<\/span>\n\t\t\t\t\t\t<span itemprop='height'>642<\/span>\n\t\t\t\t\t\t<span itemprop='width'>1690<\/span>\n\t\t\t\t<\/span>\n\t\t\t\t<span class='av-structured-data'  itemprop=\"publisher\" itemtype=\"https:\/\/schema.org\/Organization\" itemscope=\"itemscope\" >\n\t\t\t\t\t\t<span itemprop='name'>Transports Cou\u00e9<\/span>\n\t\t\t\t\t\t<span itemprop='logo' itemscope itemtype='https:\/\/schema.org\/ImageObject'>\n\t\t\t\t\t\t\t<span itemprop='url'>https:\/\/www.transports-coue.fr\/wp-content\/uploads\/2018\/10\/Logo-transports-coue-300x119.png<\/span>\n\t\t\t\t\t\t<\/span>\n\t\t\t\t<\/span><span class='av-structured-data'  itemprop=\"author\" itemscope=\"itemscope\" itemtype=\"https:\/\/schema.org\/Person\" ><span itemprop='name'>Transports Cou\u00e9<\/span><\/span><span class='av-structured-data'  itemprop=\"datePublished\" datetime=\"2018-10-04T10:16:12+02:00\" >2023-02-14 19:16:23<\/span><span class='av-structured-data'  itemprop=\"dateModified\" itemtype=\"https:\/\/schema.org\/dateModified\" >2023-02-14 19:16:23<\/span><span class='av-structured-data'  itemprop=\"mainEntityOfPage\" itemtype=\"https:\/\/schema.org\/mainEntityOfPage\" ><span itemprop='name'>Sotecan International rejoint le r\u00e9seau WWCA<\/span><\/span><\/span><\/article><\/div><div class=\"slide-entry-wrap\"><article class='slide-entry flex_column  post-entry post-entry-8114 slide-entry-overview slide-loop-49 slide-parity-odd  av_one_third first real-thumbnail posttype-post post-format-standard'  itemscope=\"itemscope\" itemtype=\"https:\/\/schema.org\/CreativeWork\" ><a href='https:\/\/www.transports-coue.fr\/fr\/melanie-et-david-premiers-beneficiaires-de-la-location-dune-voiture-a-un-tarif-preferentiel\/' data-rel='slide-1' class='slide-image' title='M\u00e9lanie et David, premiers b\u00e9n\u00e9ficiaires de la location d&rsquo;une voiture \u00e0 un tarif pr\u00e9f\u00e9rentiel !'><img decoding=\"async\" fetchpriority=\"high\" width=\"1690\" height=\"642\" src=\"https:\/\/www.transports-coue.fr\/wp-content\/uploads\/2022\/12\/groupe-coue-trm-location-collaborative-colocauto-web.jpg\" class=\"wp-image-8115 avia-img-lazy-loading-not-8115 attachment-no scaling size-no scaling wp-post-image\" alt=\"\" srcset=\"https:\/\/www.transports-coue.fr\/wp-content\/uploads\/2022\/12\/groupe-coue-trm-location-collaborative-colocauto-web.jpg 1690w, https:\/\/www.transports-coue.fr\/wp-content\/uploads\/2022\/12\/groupe-coue-trm-location-collaborative-colocauto-web-300x114.jpg 300w, https:\/\/www.transports-coue.fr\/wp-content\/uploads\/2022\/12\/groupe-coue-trm-location-collaborative-colocauto-web-1030x391.jpg 1030w, https:\/\/www.transports-coue.fr\/wp-content\/uploads\/2022\/12\/groupe-coue-trm-location-collaborative-colocauto-web-80x30.jpg 80w, https:\/\/www.transports-coue.fr\/wp-content\/uploads\/2022\/12\/groupe-coue-trm-location-collaborative-colocauto-web-768x292.jpg 768w, https:\/\/www.transports-coue.fr\/wp-content\/uploads\/2022\/12\/groupe-coue-trm-location-collaborative-colocauto-web-1536x583.jpg 1536w, https:\/\/www.transports-coue.fr\/wp-content\/uploads\/2022\/12\/groupe-coue-trm-location-collaborative-colocauto-web-1500x570.jpg 1500w, https:\/\/www.transports-coue.fr\/wp-content\/uploads\/2022\/12\/groupe-coue-trm-location-collaborative-colocauto-web-705x268.jpg 705w, https:\/\/www.transports-coue.fr\/wp-content\/uploads\/2022\/12\/groupe-coue-trm-location-collaborative-colocauto-web-845x321.jpg 845w\" sizes=\"(max-width: 1690px) 100vw, 1690px\" \/><\/a><div class=\"slide-content\"><header class=\"entry-content-header\" aria-label=\"Slide: M\u00e9lanie et David, premiers b\u00e9n\u00e9ficiaires de la location d&#039;une voiture \u00e0 un tarif pr\u00e9f\u00e9rentiel !\"><h3 class='slide-entry-title entry-title '  itemprop=\"headline\" ><a href='https:\/\/www.transports-coue.fr\/fr\/melanie-et-david-premiers-beneficiaires-de-la-location-dune-voiture-a-un-tarif-preferentiel\/' title='M\u00e9lanie et David, premiers b\u00e9n\u00e9ficiaires de la location d&rsquo;une voiture \u00e0 un tarif pr\u00e9f\u00e9rentiel !'>M\u00e9lanie et David, premiers b\u00e9n\u00e9ficiaires de la location d&rsquo;une voiture \u00e0 un tarif pr\u00e9f\u00e9rentiel !<\/a><\/h3><span class=\"blog-categories minor-meta\"><a href=\"https:\/\/www.transports-coue.fr\/fr\/category\/actualites\/\" rel=\"tag\">Actualit\u00e9s<\/a>, <a href=\"https:\/\/www.transports-coue.fr\/fr\/category\/actualites\/developpement\/\" rel=\"tag\">D\u00e9veloppement<\/a> <\/span><span class=\"av-vertical-delimiter\"><\/span><\/header><div class='slide-entry-excerpt entry-content'  itemprop=\"text\" >Engag\u00e9s dans le bien vivre de nos \u00e9quipes\ud83d\udc65, M\u00e9lanie chez TRM et David chez Cou\u00e9 font partie de nos 15 premiers collaborateurs \u00e0 profiter de l\u2019aide \u00e0 la mobilit\u00e9 \ud83d\ude95 propos\u00e9e avec Colocauto 53\n\nD\u00e9couvrez nos d\u00e9marches et actions\u2026<div class=\"read-more-link\"><a href=\"https:\/\/www.transports-coue.fr\/fr\/melanie-et-david-premiers-beneficiaires-de-la-location-dune-voiture-a-un-tarif-preferentiel\/\" class=\"more-link\">Lire la suite<span class='more-link-arrow avia-svg-icon avia-font-svg_entypo-fontello' data-av_svg_icon='right-open-big' data-av_iconset='svg_entypo-fontello'><svg version=\"1.1\" xmlns=\"http:\/\/www.w3.org\/2000\/svg\" width=\"15\" height=\"32\" viewBox=\"0 0 15 32\" preserveAspectRatio=\"xMidYMid meet\" role=\"graphics-symbol\" aria-hidden=\"true\">\n<path d=\"M0.416 27.84l11.456-11.84-11.456-11.904q-0.832-0.832 0-1.536 0.832-0.832 1.536 0l12.544 12.608q0.768 0.832 0 1.6l-12.544 12.608q-0.704 0.832-1.536 0-0.832-0.704 0-1.536z\"><\/path>\n<\/svg><\/span><\/a><\/div><\/div><\/div><footer class=\"entry-footer\"><div class=\"slide-meta\"><time class='slide-meta-time updated'  itemprop=\"datePublished\" datetime=\"2022-12-07T10:57:35+01:00\" >7 d\u00e9cembre 2022<\/time><\/div><\/footer><span class='hidden'>\n\t\t\t\t<span class='av-structured-data'  itemprop=\"image\" itemscope=\"itemscope\" itemtype=\"https:\/\/schema.org\/ImageObject\" >\n\t\t\t\t\t\t<span itemprop='url'>https:\/\/www.transports-coue.fr\/wp-content\/uploads\/2022\/12\/groupe-coue-trm-location-collaborative-colocauto-web.jpg<\/span>\n\t\t\t\t\t\t<span itemprop='height'>642<\/span>\n\t\t\t\t\t\t<span itemprop='width'>1690<\/span>\n\t\t\t\t<\/span>\n\t\t\t\t<span class='av-structured-data'  itemprop=\"publisher\" itemtype=\"https:\/\/schema.org\/Organization\" itemscope=\"itemscope\" >\n\t\t\t\t\t\t<span itemprop='name'>Transports Cou\u00e9<\/span>\n\t\t\t\t\t\t<span itemprop='logo' itemscope itemtype='https:\/\/schema.org\/ImageObject'>\n\t\t\t\t\t\t\t<span itemprop='url'>https:\/\/www.transports-coue.fr\/wp-content\/uploads\/2018\/10\/Logo-transports-coue-300x119.png<\/span>\n\t\t\t\t\t\t<\/span>\n\t\t\t\t<\/span><span class='av-structured-data'  itemprop=\"author\" itemscope=\"itemscope\" itemtype=\"https:\/\/schema.org\/Person\" ><span itemprop='name'>Transports Cou\u00e9<\/span><\/span><span class='av-structured-data'  itemprop=\"datePublished\" datetime=\"2018-10-04T10:16:12+02:00\" >2022-12-07 10:57:35<\/span><span class='av-structured-data'  itemprop=\"dateModified\" itemtype=\"https:\/\/schema.org\/dateModified\" >2022-12-07 11:05:04<\/span><span class='av-structured-data'  itemprop=\"mainEntityOfPage\" itemtype=\"https:\/\/schema.org\/mainEntityOfPage\" ><span itemprop='name'>M\u00e9lanie et David, premiers b\u00e9n\u00e9ficiaires de la location d&rsquo;une voiture \u00e0 un tarif pr\u00e9f\u00e9rentiel !<\/span><\/span><\/span><\/article><article class='slide-entry flex_column  post-entry post-entry-8103 slide-entry-overview slide-loop-50 slide-parity-even  av_one_third  real-thumbnail posttype-post post-format-standard'  itemscope=\"itemscope\" itemtype=\"https:\/\/schema.org\/CreativeWork\" ><a href='https:\/\/www.transports-coue.fr\/fr\/reception-de-nouvelles-semi-remorques-frigorifiques-advancer-a-400-de-thermo-king-europe\/' data-rel='slide-1' class='slide-image' title='R\u00e9ception de nouvelles semi-remorques frigorifiques Advancer A-400 de Thermo King Europe'><img decoding=\"async\" fetchpriority=\"high\" width=\"1690\" height=\"642\" src=\"https:\/\/www.transports-coue.fr\/wp-content\/uploads\/2022\/11\/transports-coue-semi-remorques-frigorifiques-advancer-a400-thermo-king-europe.jpg\" class=\"wp-image-8104 avia-img-lazy-loading-not-8104 attachment-no scaling size-no scaling wp-post-image\" alt=\"R\u00e9ception de nouvelles semi-remorques A400 de Thermo King Europe\" srcset=\"https:\/\/www.transports-coue.fr\/wp-content\/uploads\/2022\/11\/transports-coue-semi-remorques-frigorifiques-advancer-a400-thermo-king-europe.jpg 1690w, https:\/\/www.transports-coue.fr\/wp-content\/uploads\/2022\/11\/transports-coue-semi-remorques-frigorifiques-advancer-a400-thermo-king-europe-300x114.jpg 300w, https:\/\/www.transports-coue.fr\/wp-content\/uploads\/2022\/11\/transports-coue-semi-remorques-frigorifiques-advancer-a400-thermo-king-europe-1030x391.jpg 1030w, https:\/\/www.transports-coue.fr\/wp-content\/uploads\/2022\/11\/transports-coue-semi-remorques-frigorifiques-advancer-a400-thermo-king-europe-80x30.jpg 80w, https:\/\/www.transports-coue.fr\/wp-content\/uploads\/2022\/11\/transports-coue-semi-remorques-frigorifiques-advancer-a400-thermo-king-europe-768x292.jpg 768w, https:\/\/www.transports-coue.fr\/wp-content\/uploads\/2022\/11\/transports-coue-semi-remorques-frigorifiques-advancer-a400-thermo-king-europe-1536x583.jpg 1536w, https:\/\/www.transports-coue.fr\/wp-content\/uploads\/2022\/11\/transports-coue-semi-remorques-frigorifiques-advancer-a400-thermo-king-europe-1500x570.jpg 1500w, https:\/\/www.transports-coue.fr\/wp-content\/uploads\/2022\/11\/transports-coue-semi-remorques-frigorifiques-advancer-a400-thermo-king-europe-705x268.jpg 705w, https:\/\/www.transports-coue.fr\/wp-content\/uploads\/2022\/11\/transports-coue-semi-remorques-frigorifiques-advancer-a400-thermo-king-europe-845x321.jpg 845w\" sizes=\"(max-width: 1690px) 100vw, 1690px\" \/><\/a><div class=\"slide-content\"><header class=\"entry-content-header\" aria-label=\"Slide: R\u00e9ception de nouvelles semi-remorques frigorifiques Advancer A-400 de Thermo King Europe\"><h3 class='slide-entry-title entry-title '  itemprop=\"headline\" ><a href='https:\/\/www.transports-coue.fr\/fr\/reception-de-nouvelles-semi-remorques-frigorifiques-advancer-a-400-de-thermo-king-europe\/' title='R\u00e9ception de nouvelles semi-remorques frigorifiques Advancer A-400 de Thermo King Europe'>R\u00e9ception de nouvelles semi-remorques frigorifiques Advancer A-400 de Thermo King Europe<\/a><\/h3><span class=\"blog-categories minor-meta\"><a href=\"https:\/\/www.transports-coue.fr\/fr\/category\/actualites\/\" rel=\"tag\">Actualit\u00e9s<\/a>, <a href=\"https:\/\/www.transports-coue.fr\/fr\/category\/actualites\/developpement\/\" rel=\"tag\">D\u00e9veloppement<\/a> <\/span><span class=\"av-vertical-delimiter\"><\/span><\/header><div class='slide-entry-excerpt entry-content'  itemprop=\"text\" >\ud83d\udd39\ufe0fLa nouvelle r\u00e9f\u00e9rence dans le monde des semi-remorques frigorifiques d\u00e9barque chez nous :\n\u27a1\ufe0f L\u2019Advancer A-400 de chez Thermo King Europe\n\nUn rendement \u00e9lectrique et \u00e9nerg\u00e9tique in\u00e9gal\u00e9 contribuant \u00e0 r\u00e9duire l'empreinte\u2026<div class=\"read-more-link\"><a href=\"https:\/\/www.transports-coue.fr\/fr\/reception-de-nouvelles-semi-remorques-frigorifiques-advancer-a-400-de-thermo-king-europe\/\" class=\"more-link\">Lire la suite<span class='more-link-arrow avia-svg-icon avia-font-svg_entypo-fontello' data-av_svg_icon='right-open-big' data-av_iconset='svg_entypo-fontello'><svg version=\"1.1\" xmlns=\"http:\/\/www.w3.org\/2000\/svg\" width=\"15\" height=\"32\" viewBox=\"0 0 15 32\" preserveAspectRatio=\"xMidYMid meet\" role=\"graphics-symbol\" aria-hidden=\"true\">\n<path d=\"M0.416 27.84l11.456-11.84-11.456-11.904q-0.832-0.832 0-1.536 0.832-0.832 1.536 0l12.544 12.608q0.768 0.832 0 1.6l-12.544 12.608q-0.704 0.832-1.536 0-0.832-0.704 0-1.536z\"><\/path>\n<\/svg><\/span><\/a><\/div><\/div><\/div><footer class=\"entry-footer\"><div class=\"slide-meta\"><time class='slide-meta-time updated'  itemprop=\"datePublished\" datetime=\"2022-11-25T17:30:48+01:00\" >25 novembre 2022<\/time><\/div><\/footer><span class='hidden'>\n\t\t\t\t<span class='av-structured-data'  itemprop=\"image\" itemscope=\"itemscope\" itemtype=\"https:\/\/schema.org\/ImageObject\" >\n\t\t\t\t\t\t<span itemprop='url'>https:\/\/www.transports-coue.fr\/wp-content\/uploads\/2022\/11\/transports-coue-semi-remorques-frigorifiques-advancer-a400-thermo-king-europe.jpg<\/span>\n\t\t\t\t\t\t<span itemprop='height'>642<\/span>\n\t\t\t\t\t\t<span itemprop='width'>1690<\/span>\n\t\t\t\t<\/span>\n\t\t\t\t<span class='av-structured-data'  itemprop=\"publisher\" itemtype=\"https:\/\/schema.org\/Organization\" itemscope=\"itemscope\" >\n\t\t\t\t\t\t<span itemprop='name'>Transports Cou\u00e9<\/span>\n\t\t\t\t\t\t<span itemprop='logo' itemscope itemtype='https:\/\/schema.org\/ImageObject'>\n\t\t\t\t\t\t\t<span itemprop='url'>https:\/\/www.transports-coue.fr\/wp-content\/uploads\/2018\/10\/Logo-transports-coue-300x119.png<\/span>\n\t\t\t\t\t\t<\/span>\n\t\t\t\t<\/span><span class='av-structured-data'  itemprop=\"author\" itemscope=\"itemscope\" itemtype=\"https:\/\/schema.org\/Person\" ><span itemprop='name'>Transports Cou\u00e9<\/span><\/span><span class='av-structured-data'  itemprop=\"datePublished\" datetime=\"2018-10-04T10:16:12+02:00\" >2022-11-25 17:30:48<\/span><span class='av-structured-data'  itemprop=\"dateModified\" itemtype=\"https:\/\/schema.org\/dateModified\" >2022-11-25 17:30:50<\/span><span class='av-structured-data'  itemprop=\"mainEntityOfPage\" itemtype=\"https:\/\/schema.org\/mainEntityOfPage\" ><span itemprop='name'>R\u00e9ception de nouvelles semi-remorques frigorifiques Advancer A-400 de Thermo King Europe<\/span><\/span><\/span><\/article><article class='slide-entry flex_column  post-entry post-entry-8093 slide-entry-overview slide-loop-51 slide-parity-odd  av_one_third  real-thumbnail posttype-post post-format-standard'  itemscope=\"itemscope\" itemtype=\"https:\/\/schema.org\/CreativeWork\" ><a href='https:\/\/www.transports-coue.fr\/fr\/transports-coue-labellises-transport-logistique-responsables\/' data-rel='slide-1' class='slide-image' title='Transports Cou\u00e9 labellis\u00e9s Transport &#038; Logistique Responsables !'><img decoding=\"async\" fetchpriority=\"high\" width=\"1690\" height=\"642\" src=\"https:\/\/www.transports-coue.fr\/wp-content\/uploads\/2022\/11\/transports-coue-label-transport-et-logistique-responsables-web.jpg\" class=\"wp-image-8091 avia-img-lazy-loading-not-8091 attachment-no scaling size-no scaling wp-post-image\" alt=\"Transports Cou\u00e9 labellis\u00e9s Transport &amp; Logistique Responsables\" srcset=\"https:\/\/www.transports-coue.fr\/wp-content\/uploads\/2022\/11\/transports-coue-label-transport-et-logistique-responsables-web.jpg 1690w, https:\/\/www.transports-coue.fr\/wp-content\/uploads\/2022\/11\/transports-coue-label-transport-et-logistique-responsables-web-300x114.jpg 300w, https:\/\/www.transports-coue.fr\/wp-content\/uploads\/2022\/11\/transports-coue-label-transport-et-logistique-responsables-web-1030x391.jpg 1030w, https:\/\/www.transports-coue.fr\/wp-content\/uploads\/2022\/11\/transports-coue-label-transport-et-logistique-responsables-web-80x30.jpg 80w, https:\/\/www.transports-coue.fr\/wp-content\/uploads\/2022\/11\/transports-coue-label-transport-et-logistique-responsables-web-768x292.jpg 768w, https:\/\/www.transports-coue.fr\/wp-content\/uploads\/2022\/11\/transports-coue-label-transport-et-logistique-responsables-web-1536x583.jpg 1536w, https:\/\/www.transports-coue.fr\/wp-content\/uploads\/2022\/11\/transports-coue-label-transport-et-logistique-responsables-web-1500x570.jpg 1500w, https:\/\/www.transports-coue.fr\/wp-content\/uploads\/2022\/11\/transports-coue-label-transport-et-logistique-responsables-web-705x268.jpg 705w, https:\/\/www.transports-coue.fr\/wp-content\/uploads\/2022\/11\/transports-coue-label-transport-et-logistique-responsables-web-845x321.jpg 845w\" sizes=\"(max-width: 1690px) 100vw, 1690px\" \/><\/a><div class=\"slide-content\"><header class=\"entry-content-header\" aria-label=\"Slide: Transports Cou\u00e9 labellis\u00e9s Transport &amp; Logistique Responsables !\"><h3 class='slide-entry-title entry-title '  itemprop=\"headline\" ><a href='https:\/\/www.transports-coue.fr\/fr\/transports-coue-labellises-transport-logistique-responsables\/' title='Transports Cou\u00e9 labellis\u00e9s Transport &#038; Logistique Responsables !'>Transports Cou\u00e9 labellis\u00e9s Transport &#038; Logistique Responsables !<\/a><\/h3><span class=\"blog-categories minor-meta\"><a href=\"https:\/\/www.transports-coue.fr\/fr\/category\/actualites\/\" rel=\"tag\">Actualit\u00e9s<\/a>, <a href=\"https:\/\/www.transports-coue.fr\/fr\/category\/actualites\/developpement\/\" rel=\"tag\">D\u00e9veloppement<\/a>, <a href=\"https:\/\/www.transports-coue.fr\/fr\/category\/actualites\/developpement\/developpement-logistique\/\" rel=\"tag\">D\u00e9veloppement Logistique<\/a>, <a href=\"https:\/\/www.transports-coue.fr\/fr\/category\/actualites\/developpement\/developpement-transport-containers\/\" rel=\"tag\">D\u00e9veloppement Transport Containers<\/a> <\/span><span class=\"av-vertical-delimiter\"><\/span><\/header><div class='slide-entry-excerpt entry-content'  itemprop=\"text\" >\u2705 Apr\u00e8s avoir formalis\u00e9 toutes nos actions RSE mises en \u0153uvre pour r\u00e9aliser l\u2019\u00e9valuation E.S.G., Environnement, Social et Gouvernance, les Transports Cou\u00e9 ont \u00e9t\u00e9 labellis\u00e9s \u00abTransport &amp; Logistique Responsables\u00bb\n\nNous sommes\u2026<div class=\"read-more-link\"><a href=\"https:\/\/www.transports-coue.fr\/fr\/transports-coue-labellises-transport-logistique-responsables\/\" class=\"more-link\">Lire la suite<span class='more-link-arrow avia-svg-icon avia-font-svg_entypo-fontello' data-av_svg_icon='right-open-big' data-av_iconset='svg_entypo-fontello'><svg version=\"1.1\" xmlns=\"http:\/\/www.w3.org\/2000\/svg\" width=\"15\" height=\"32\" viewBox=\"0 0 15 32\" preserveAspectRatio=\"xMidYMid meet\" role=\"graphics-symbol\" aria-hidden=\"true\">\n<path d=\"M0.416 27.84l11.456-11.84-11.456-11.904q-0.832-0.832 0-1.536 0.832-0.832 1.536 0l12.544 12.608q0.768 0.832 0 1.6l-12.544 12.608q-0.704 0.832-1.536 0-0.832-0.704 0-1.536z\"><\/path>\n<\/svg><\/span><\/a><\/div><\/div><\/div><footer class=\"entry-footer\"><div class=\"slide-meta\"><time class='slide-meta-time updated'  itemprop=\"datePublished\" datetime=\"2022-11-18T11:27:44+01:00\" >18 novembre 2022<\/time><\/div><\/footer><span class='hidden'>\n\t\t\t\t<span class='av-structured-data'  itemprop=\"image\" itemscope=\"itemscope\" itemtype=\"https:\/\/schema.org\/ImageObject\" >\n\t\t\t\t\t\t<span itemprop='url'>https:\/\/www.transports-coue.fr\/wp-content\/uploads\/2022\/11\/transports-coue-label-transport-et-logistique-responsables-web.jpg<\/span>\n\t\t\t\t\t\t<span itemprop='height'>642<\/span>\n\t\t\t\t\t\t<span itemprop='width'>1690<\/span>\n\t\t\t\t<\/span>\n\t\t\t\t<span class='av-structured-data'  itemprop=\"publisher\" itemtype=\"https:\/\/schema.org\/Organization\" itemscope=\"itemscope\" >\n\t\t\t\t\t\t<span itemprop='name'>Transports Cou\u00e9<\/span>\n\t\t\t\t\t\t<span itemprop='logo' itemscope itemtype='https:\/\/schema.org\/ImageObject'>\n\t\t\t\t\t\t\t<span itemprop='url'>https:\/\/www.transports-coue.fr\/wp-content\/uploads\/2018\/10\/Logo-transports-coue-300x119.png<\/span>\n\t\t\t\t\t\t<\/span>\n\t\t\t\t<\/span><span class='av-structured-data'  itemprop=\"author\" itemscope=\"itemscope\" itemtype=\"https:\/\/schema.org\/Person\" ><span itemprop='name'>Transports Cou\u00e9<\/span><\/span><span class='av-structured-data'  itemprop=\"datePublished\" datetime=\"2018-10-04T10:16:12+02:00\" >2022-11-18 11:27:44<\/span><span class='av-structured-data'  itemprop=\"dateModified\" itemtype=\"https:\/\/schema.org\/dateModified\" >2022-12-06 11:58:44<\/span><span class='av-structured-data'  itemprop=\"mainEntityOfPage\" itemtype=\"https:\/\/schema.org\/mainEntityOfPage\" ><span itemprop='name'>Transports Cou\u00e9 labellis\u00e9s Transport &#038; Logistique Responsables !<\/span><\/span><\/span><\/article><\/div><div class=\"slide-entry-wrap\"><article class='slide-entry flex_column  post-entry post-entry-8084 slide-entry-overview slide-loop-52 slide-parity-odd  av_one_third first real-thumbnail posttype-post post-format-standard'  itemscope=\"itemscope\" itemtype=\"https:\/\/schema.org\/CreativeWork\" ><a href='https:\/\/www.transports-coue.fr\/fr\/le-maire-de-laval-florian-bercault-visite-de-nos-sites-coue-et-trm\/' data-rel='slide-1' class='slide-image' title='Le Maire de Laval, Florian Bercault, visite nos sites Cou\u00e9 et TRM'><img decoding=\"async\" fetchpriority=\"high\" width=\"1690\" height=\"642\" src=\"https:\/\/www.transports-coue.fr\/wp-content\/uploads\/2022\/11\/coue-trm-visite-maire-laval.jpg\" class=\"wp-image-8085 avia-img-lazy-loading-not-8085 attachment-no scaling size-no scaling wp-post-image\" alt=\"Visite du Maire de Laval Florian Bercault\" srcset=\"https:\/\/www.transports-coue.fr\/wp-content\/uploads\/2022\/11\/coue-trm-visite-maire-laval.jpg 1690w, https:\/\/www.transports-coue.fr\/wp-content\/uploads\/2022\/11\/coue-trm-visite-maire-laval-300x114.jpg 300w, https:\/\/www.transports-coue.fr\/wp-content\/uploads\/2022\/11\/coue-trm-visite-maire-laval-1030x391.jpg 1030w, https:\/\/www.transports-coue.fr\/wp-content\/uploads\/2022\/11\/coue-trm-visite-maire-laval-80x30.jpg 80w, https:\/\/www.transports-coue.fr\/wp-content\/uploads\/2022\/11\/coue-trm-visite-maire-laval-768x292.jpg 768w, https:\/\/www.transports-coue.fr\/wp-content\/uploads\/2022\/11\/coue-trm-visite-maire-laval-1536x583.jpg 1536w, https:\/\/www.transports-coue.fr\/wp-content\/uploads\/2022\/11\/coue-trm-visite-maire-laval-1500x570.jpg 1500w, https:\/\/www.transports-coue.fr\/wp-content\/uploads\/2022\/11\/coue-trm-visite-maire-laval-705x268.jpg 705w, https:\/\/www.transports-coue.fr\/wp-content\/uploads\/2022\/11\/coue-trm-visite-maire-laval-845x321.jpg 845w\" sizes=\"(max-width: 1690px) 100vw, 1690px\" \/><\/a><div class=\"slide-content\"><header class=\"entry-content-header\" aria-label=\"Slide: Le Maire de Laval, Florian Bercault, visite nos sites Cou\u00e9 et TRM\"><h3 class='slide-entry-title entry-title '  itemprop=\"headline\" ><a href='https:\/\/www.transports-coue.fr\/fr\/le-maire-de-laval-florian-bercault-visite-de-nos-sites-coue-et-trm\/' title='Le Maire de Laval, Florian Bercault, visite nos sites Cou\u00e9 et TRM'>Le Maire de Laval, Florian Bercault, visite nos sites Cou\u00e9 et TRM<\/a><\/h3><span class=\"blog-categories minor-meta\"><a href=\"https:\/\/www.transports-coue.fr\/fr\/category\/actualites\/\" rel=\"tag\">Actualit\u00e9s<\/a>, <a href=\"https:\/\/www.transports-coue.fr\/fr\/category\/actualites\/developpement\/\" rel=\"tag\">D\u00e9veloppement<\/a> <\/span><span class=\"av-vertical-delimiter\"><\/span><\/header><div class='slide-entry-excerpt entry-content'  itemprop=\"text\" >Ce jeudi 10 novembre, Florian Bercault, Maire de Laval et Pr\u00e9sident de Laval Agglom\u00e9ration, accompagn\u00e9 d'Antoine Joufflineau, Charg\u00e9 de mission \u00e0 Laval D\u00e9veloppement, et de Nicole Bouillon, Pr\u00e9sidente de Laval Economie, sont venus visiter\u2026<div class=\"read-more-link\"><a href=\"https:\/\/www.transports-coue.fr\/fr\/le-maire-de-laval-florian-bercault-visite-de-nos-sites-coue-et-trm\/\" class=\"more-link\">Lire la suite<span class='more-link-arrow avia-svg-icon avia-font-svg_entypo-fontello' data-av_svg_icon='right-open-big' data-av_iconset='svg_entypo-fontello'><svg version=\"1.1\" xmlns=\"http:\/\/www.w3.org\/2000\/svg\" width=\"15\" height=\"32\" viewBox=\"0 0 15 32\" preserveAspectRatio=\"xMidYMid meet\" role=\"graphics-symbol\" aria-hidden=\"true\">\n<path d=\"M0.416 27.84l11.456-11.84-11.456-11.904q-0.832-0.832 0-1.536 0.832-0.832 1.536 0l12.544 12.608q0.768 0.832 0 1.6l-12.544 12.608q-0.704 0.832-1.536 0-0.832-0.704 0-1.536z\"><\/path>\n<\/svg><\/span><\/a><\/div><\/div><\/div><footer class=\"entry-footer\"><div class=\"slide-meta\"><time class='slide-meta-time updated'  itemprop=\"datePublished\" datetime=\"2022-11-14T18:22:46+01:00\" >14 novembre 2022<\/time><\/div><\/footer><span class='hidden'>\n\t\t\t\t<span class='av-structured-data'  itemprop=\"image\" itemscope=\"itemscope\" itemtype=\"https:\/\/schema.org\/ImageObject\" >\n\t\t\t\t\t\t<span itemprop='url'>https:\/\/www.transports-coue.fr\/wp-content\/uploads\/2022\/11\/coue-trm-visite-maire-laval.jpg<\/span>\n\t\t\t\t\t\t<span itemprop='height'>642<\/span>\n\t\t\t\t\t\t<span itemprop='width'>1690<\/span>\n\t\t\t\t<\/span>\n\t\t\t\t<span class='av-structured-data'  itemprop=\"publisher\" itemtype=\"https:\/\/schema.org\/Organization\" itemscope=\"itemscope\" >\n\t\t\t\t\t\t<span itemprop='name'>Transports Cou\u00e9<\/span>\n\t\t\t\t\t\t<span itemprop='logo' itemscope itemtype='https:\/\/schema.org\/ImageObject'>\n\t\t\t\t\t\t\t<span itemprop='url'>https:\/\/www.transports-coue.fr\/wp-content\/uploads\/2018\/10\/Logo-transports-coue-300x119.png<\/span>\n\t\t\t\t\t\t<\/span>\n\t\t\t\t<\/span><span class='av-structured-data'  itemprop=\"author\" itemscope=\"itemscope\" itemtype=\"https:\/\/schema.org\/Person\" ><span itemprop='name'>Transports Cou\u00e9<\/span><\/span><span class='av-structured-data'  itemprop=\"datePublished\" datetime=\"2018-10-04T10:16:12+02:00\" >2022-11-14 18:22:46<\/span><span class='av-structured-data'  itemprop=\"dateModified\" itemtype=\"https:\/\/schema.org\/dateModified\" >2022-12-06 11:41:43<\/span><span class='av-structured-data'  itemprop=\"mainEntityOfPage\" itemtype=\"https:\/\/schema.org\/mainEntityOfPage\" ><span itemprop='name'>Le Maire de Laval, Florian Bercault, visite nos sites Cou\u00e9 et TRM<\/span><\/span><\/span><\/article><article class='slide-entry flex_column  post-entry post-entry-8075 slide-entry-overview slide-loop-53 slide-parity-even  av_one_third  real-thumbnail posttype-post post-format-standard'  itemscope=\"itemscope\" itemtype=\"https:\/\/schema.org\/CreativeWork\" ><a href='https:\/\/www.transports-coue.fr\/fr\/entrepot-coue-a-laval-une-installation-classee-pour-la-protection-de-lenvironnement-icpe-sous-autorisation\/' data-rel='slide-1' class='slide-image' title='Entrep\u00f4t Cou\u00e9 \u00e0 Laval : une Installation Class\u00e9e pour la Protection de l\u2019Environnement (ICPE) sous Autorisation'><img decoding=\"async\" fetchpriority=\"high\" width=\"1690\" height=\"642\" src=\"https:\/\/www.transports-coue.fr\/wp-content\/uploads\/2022\/11\/transports-coue-stockage-logistique-icpe-matieres-dangereuses-web.jpg\" class=\"wp-image-8076 avia-img-lazy-loading-not-8076 attachment-no scaling size-no scaling wp-post-image\" alt=\"\" srcset=\"https:\/\/www.transports-coue.fr\/wp-content\/uploads\/2022\/11\/transports-coue-stockage-logistique-icpe-matieres-dangereuses-web.jpg 1690w, https:\/\/www.transports-coue.fr\/wp-content\/uploads\/2022\/11\/transports-coue-stockage-logistique-icpe-matieres-dangereuses-web-300x114.jpg 300w, https:\/\/www.transports-coue.fr\/wp-content\/uploads\/2022\/11\/transports-coue-stockage-logistique-icpe-matieres-dangereuses-web-1030x391.jpg 1030w, https:\/\/www.transports-coue.fr\/wp-content\/uploads\/2022\/11\/transports-coue-stockage-logistique-icpe-matieres-dangereuses-web-80x30.jpg 80w, https:\/\/www.transports-coue.fr\/wp-content\/uploads\/2022\/11\/transports-coue-stockage-logistique-icpe-matieres-dangereuses-web-768x292.jpg 768w, https:\/\/www.transports-coue.fr\/wp-content\/uploads\/2022\/11\/transports-coue-stockage-logistique-icpe-matieres-dangereuses-web-1536x583.jpg 1536w, https:\/\/www.transports-coue.fr\/wp-content\/uploads\/2022\/11\/transports-coue-stockage-logistique-icpe-matieres-dangereuses-web-1500x570.jpg 1500w, https:\/\/www.transports-coue.fr\/wp-content\/uploads\/2022\/11\/transports-coue-stockage-logistique-icpe-matieres-dangereuses-web-705x268.jpg 705w, https:\/\/www.transports-coue.fr\/wp-content\/uploads\/2022\/11\/transports-coue-stockage-logistique-icpe-matieres-dangereuses-web-845x321.jpg 845w\" sizes=\"(max-width: 1690px) 100vw, 1690px\" \/><\/a><div class=\"slide-content\"><header class=\"entry-content-header\" aria-label=\"Slide: Entrep\u00f4t Cou\u00e9 \u00e0 Laval : une Installation Class\u00e9e pour la Protection de l\u2019Environnement (ICPE) sous Autorisation\"><h3 class='slide-entry-title entry-title '  itemprop=\"headline\" ><a href='https:\/\/www.transports-coue.fr\/fr\/entrepot-coue-a-laval-une-installation-classee-pour-la-protection-de-lenvironnement-icpe-sous-autorisation\/' title='Entrep\u00f4t Cou\u00e9 \u00e0 Laval : une Installation Class\u00e9e pour la Protection de l\u2019Environnement (ICPE) sous Autorisation'>Entrep\u00f4t Cou\u00e9 \u00e0 Laval : une Installation Class\u00e9e pour la Protection de l\u2019Environnement (ICPE) sous Autorisation<\/a><\/h3><span class=\"blog-categories minor-meta\"><a href=\"https:\/\/www.transports-coue.fr\/fr\/category\/actualites\/\" rel=\"tag\">Actualit\u00e9s<\/a>, <a href=\"https:\/\/www.transports-coue.fr\/fr\/category\/actualites\/developpement\/\" rel=\"tag\">D\u00e9veloppement<\/a>, <a href=\"https:\/\/www.transports-coue.fr\/fr\/category\/actualites\/developpement\/developpement-logistique\/\" rel=\"tag\">D\u00e9veloppement Logistique<\/a> <\/span><span class=\"av-vertical-delimiter\"><\/span><\/header><div class='slide-entry-excerpt entry-content'  itemprop=\"text\" >\ud83d\udd38\ufe0fInstallation Class\u00e9e pour la Protection de l\u2019Environnement (ICPE) sous Autorisation :\n\u2714\ufe0f1510-3 : stockage produits ou substances combustibles\n\u2714\ufe0f2662-3 : stockage de polym\u00e8res\n\u2714\ufe0f4331-1 : liquides inflammables\n\u2714\ufe0f4441-2\u2026<div class=\"read-more-link\"><a href=\"https:\/\/www.transports-coue.fr\/fr\/entrepot-coue-a-laval-une-installation-classee-pour-la-protection-de-lenvironnement-icpe-sous-autorisation\/\" class=\"more-link\">Lire la suite<span class='more-link-arrow avia-svg-icon avia-font-svg_entypo-fontello' data-av_svg_icon='right-open-big' data-av_iconset='svg_entypo-fontello'><svg version=\"1.1\" xmlns=\"http:\/\/www.w3.org\/2000\/svg\" width=\"15\" height=\"32\" viewBox=\"0 0 15 32\" preserveAspectRatio=\"xMidYMid meet\" role=\"graphics-symbol\" aria-hidden=\"true\">\n<path d=\"M0.416 27.84l11.456-11.84-11.456-11.904q-0.832-0.832 0-1.536 0.832-0.832 1.536 0l12.544 12.608q0.768 0.832 0 1.6l-12.544 12.608q-0.704 0.832-1.536 0-0.832-0.704 0-1.536z\"><\/path>\n<\/svg><\/span><\/a><\/div><\/div><\/div><footer class=\"entry-footer\"><div class=\"slide-meta\"><time class='slide-meta-time updated'  itemprop=\"datePublished\" datetime=\"2022-11-04T11:44:36+01:00\" >4 novembre 2022<\/time><\/div><\/footer><span class='hidden'>\n\t\t\t\t<span class='av-structured-data'  itemprop=\"image\" itemscope=\"itemscope\" itemtype=\"https:\/\/schema.org\/ImageObject\" >\n\t\t\t\t\t\t<span itemprop='url'>https:\/\/www.transports-coue.fr\/wp-content\/uploads\/2022\/11\/transports-coue-stockage-logistique-icpe-matieres-dangereuses-web.jpg<\/span>\n\t\t\t\t\t\t<span itemprop='height'>642<\/span>\n\t\t\t\t\t\t<span itemprop='width'>1690<\/span>\n\t\t\t\t<\/span>\n\t\t\t\t<span class='av-structured-data'  itemprop=\"publisher\" itemtype=\"https:\/\/schema.org\/Organization\" itemscope=\"itemscope\" >\n\t\t\t\t\t\t<span itemprop='name'>Transports Cou\u00e9<\/span>\n\t\t\t\t\t\t<span itemprop='logo' itemscope itemtype='https:\/\/schema.org\/ImageObject'>\n\t\t\t\t\t\t\t<span itemprop='url'>https:\/\/www.transports-coue.fr\/wp-content\/uploads\/2018\/10\/Logo-transports-coue-300x119.png<\/span>\n\t\t\t\t\t\t<\/span>\n\t\t\t\t<\/span><span class='av-structured-data'  itemprop=\"author\" itemscope=\"itemscope\" itemtype=\"https:\/\/schema.org\/Person\" ><span itemprop='name'>Transports Cou\u00e9<\/span><\/span><span class='av-structured-data'  itemprop=\"datePublished\" datetime=\"2018-10-04T10:16:12+02:00\" >2022-11-04 11:44:36<\/span><span class='av-structured-data'  itemprop=\"dateModified\" itemtype=\"https:\/\/schema.org\/dateModified\" >2022-11-04 18:09:38<\/span><span class='av-structured-data'  itemprop=\"mainEntityOfPage\" itemtype=\"https:\/\/schema.org\/mainEntityOfPage\" ><span itemprop='name'>Entrep\u00f4t Cou\u00e9 \u00e0 Laval : une Installation Class\u00e9e pour la Protection de l\u2019Environnement (ICPE) sous Autorisation<\/span><\/span><\/span><\/article><article class='slide-entry flex_column  post-entry post-entry-7998 slide-entry-overview slide-loop-54 slide-parity-odd  av_one_third  real-thumbnail posttype-post post-format-standard'  itemscope=\"itemscope\" itemtype=\"https:\/\/schema.org\/CreativeWork\" ><a href='https:\/\/www.transports-coue.fr\/fr\/accueil-de-3-nouveaux-alternants\/' data-rel='slide-1' class='slide-image' title='Accueil de 3 nouveaux alternants !'><img decoding=\"async\" fetchpriority=\"high\" width=\"1690\" height=\"642\" src=\"https:\/\/www.transports-coue.fr\/wp-content\/uploads\/2022\/09\/alternants-transport-et-logistique-transports-coue-trm.jpg\" class=\"wp-image-7999 avia-img-lazy-loading-not-7999 attachment-no scaling size-no scaling wp-post-image\" alt=\"Caf\u00e9 d&#039;accueil de nos 3 alternants Transport et Logistique\" srcset=\"https:\/\/www.transports-coue.fr\/wp-content\/uploads\/2022\/09\/alternants-transport-et-logistique-transports-coue-trm.jpg 1690w, https:\/\/www.transports-coue.fr\/wp-content\/uploads\/2022\/09\/alternants-transport-et-logistique-transports-coue-trm-300x114.jpg 300w, https:\/\/www.transports-coue.fr\/wp-content\/uploads\/2022\/09\/alternants-transport-et-logistique-transports-coue-trm-1030x391.jpg 1030w, https:\/\/www.transports-coue.fr\/wp-content\/uploads\/2022\/09\/alternants-transport-et-logistique-transports-coue-trm-80x30.jpg 80w, https:\/\/www.transports-coue.fr\/wp-content\/uploads\/2022\/09\/alternants-transport-et-logistique-transports-coue-trm-768x292.jpg 768w, https:\/\/www.transports-coue.fr\/wp-content\/uploads\/2022\/09\/alternants-transport-et-logistique-transports-coue-trm-1536x583.jpg 1536w, https:\/\/www.transports-coue.fr\/wp-content\/uploads\/2022\/09\/alternants-transport-et-logistique-transports-coue-trm-1500x570.jpg 1500w, https:\/\/www.transports-coue.fr\/wp-content\/uploads\/2022\/09\/alternants-transport-et-logistique-transports-coue-trm-705x268.jpg 705w, https:\/\/www.transports-coue.fr\/wp-content\/uploads\/2022\/09\/alternants-transport-et-logistique-transports-coue-trm-845x321.jpg 845w\" sizes=\"(max-width: 1690px) 100vw, 1690px\" \/><\/a><div class=\"slide-content\"><header class=\"entry-content-header\" aria-label=\"Slide: Accueil de 3 nouveaux alternants !\"><h3 class='slide-entry-title entry-title '  itemprop=\"headline\" ><a href='https:\/\/www.transports-coue.fr\/fr\/accueil-de-3-nouveaux-alternants\/' title='Accueil de 3 nouveaux alternants !'>Accueil de 3 nouveaux alternants !<\/a><\/h3><span class=\"blog-categories minor-meta\"><a href=\"https:\/\/www.transports-coue.fr\/fr\/category\/actualites\/\" rel=\"tag\">Actualit\u00e9s<\/a>, <a href=\"https:\/\/www.transports-coue.fr\/fr\/category\/actualites\/developpement\/\" rel=\"tag\">D\u00e9veloppement<\/a> <\/span><span class=\"av-vertical-delimiter\"><\/span><\/header><div class='slide-entry-excerpt entry-content'  itemprop=\"text\" >\ud83d\udca5Septembre, c\u2019est le mois de la rentr\u00e9e !\n\nNous avons le plaisir d\u2019accueillir 3 alternants en Bac +2 \/ 3 dans nos diff\u00e9rents services \ud835\udde7\ud835\uddff\ud835\uddee\ud835\uddfb\ud835\ude00\ud835\uddfd\ud835\uddfc\ud835\uddff\ud835\ude01\ud835\ude00 \ud835\uddf2\ud835\ude01 \ud835\udddf\ud835\uddfc\ud835\uddf4\ud835\uddf6\ud835\ude00\ud835\ude01\ud835\uddf6\ud835\uddfe\ud835\ude02\ud835\uddf2.\n\nMargaux,\u2026<div class=\"read-more-link\"><a href=\"https:\/\/www.transports-coue.fr\/fr\/accueil-de-3-nouveaux-alternants\/\" class=\"more-link\">Lire la suite<span class='more-link-arrow avia-svg-icon avia-font-svg_entypo-fontello' data-av_svg_icon='right-open-big' data-av_iconset='svg_entypo-fontello'><svg version=\"1.1\" xmlns=\"http:\/\/www.w3.org\/2000\/svg\" width=\"15\" height=\"32\" viewBox=\"0 0 15 32\" preserveAspectRatio=\"xMidYMid meet\" role=\"graphics-symbol\" aria-hidden=\"true\">\n<path d=\"M0.416 27.84l11.456-11.84-11.456-11.904q-0.832-0.832 0-1.536 0.832-0.832 1.536 0l12.544 12.608q0.768 0.832 0 1.6l-12.544 12.608q-0.704 0.832-1.536 0-0.832-0.704 0-1.536z\"><\/path>\n<\/svg><\/span><\/a><\/div><\/div><\/div><footer class=\"entry-footer\"><div class=\"slide-meta\"><time class='slide-meta-time updated'  itemprop=\"datePublished\" datetime=\"2022-09-21T15:54:08+02:00\" >21 septembre 2022<\/time><\/div><\/footer><span class='hidden'>\n\t\t\t\t<span class='av-structured-data'  itemprop=\"image\" itemscope=\"itemscope\" itemtype=\"https:\/\/schema.org\/ImageObject\" >\n\t\t\t\t\t\t<span itemprop='url'>https:\/\/www.transports-coue.fr\/wp-content\/uploads\/2022\/09\/alternants-transport-et-logistique-transports-coue-trm.jpg<\/span>\n\t\t\t\t\t\t<span itemprop='height'>642<\/span>\n\t\t\t\t\t\t<span itemprop='width'>1690<\/span>\n\t\t\t\t<\/span>\n\t\t\t\t<span class='av-structured-data'  itemprop=\"publisher\" itemtype=\"https:\/\/schema.org\/Organization\" itemscope=\"itemscope\" >\n\t\t\t\t\t\t<span itemprop='name'>Transports Cou\u00e9<\/span>\n\t\t\t\t\t\t<span itemprop='logo' itemscope itemtype='https:\/\/schema.org\/ImageObject'>\n\t\t\t\t\t\t\t<span itemprop='url'>https:\/\/www.transports-coue.fr\/wp-content\/uploads\/2018\/10\/Logo-transports-coue-300x119.png<\/span>\n\t\t\t\t\t\t<\/span>\n\t\t\t\t<\/span><span class='av-structured-data'  itemprop=\"author\" itemscope=\"itemscope\" itemtype=\"https:\/\/schema.org\/Person\" ><span itemprop='name'>Transports Cou\u00e9<\/span><\/span><span class='av-structured-data'  itemprop=\"datePublished\" datetime=\"2018-10-04T10:16:12+02:00\" >2022-09-21 15:54:08<\/span><span class='av-structured-data'  itemprop=\"dateModified\" itemtype=\"https:\/\/schema.org\/dateModified\" >2022-10-21 15:49:48<\/span><span class='av-structured-data'  itemprop=\"mainEntityOfPage\" itemtype=\"https:\/\/schema.org\/mainEntityOfPage\" ><span itemprop='name'>Accueil de 3 nouveaux alternants !<\/span><\/span><\/span><\/article><\/div><div class=\"slide-entry-wrap\"><article class='slide-entry flex_column  post-entry post-entry-7950 slide-entry-overview slide-loop-55 slide-parity-odd  av_one_third first real-thumbnail posttype-post post-format-standard'  itemscope=\"itemscope\" itemtype=\"https:\/\/schema.org\/CreativeWork\" ><a href='https:\/\/www.transports-coue.fr\/fr\/les-camions-transports-coue-et-trm-roulent-au-bio-gaz\/' data-rel='slide-1' class='slide-image' title='Les camions Transports Cou\u00e9 et TRM roulent au Bio Gaz !'><img decoding=\"async\" fetchpriority=\"high\" width=\"1690\" height=\"642\" src=\"https:\/\/www.transports-coue.fr\/wp-content\/uploads\/2022\/06\/transports-coue-trm-camion-bio-gaz-web.jpg\" class=\"wp-image-7951 avia-img-lazy-loading-not-7951 attachment-no scaling size-no scaling wp-post-image\" alt=\"Transports Cou\u00e9 et TRM roulent au Bio Gaz\" srcset=\"https:\/\/www.transports-coue.fr\/wp-content\/uploads\/2022\/06\/transports-coue-trm-camion-bio-gaz-web.jpg 1690w, https:\/\/www.transports-coue.fr\/wp-content\/uploads\/2022\/06\/transports-coue-trm-camion-bio-gaz-web-300x114.jpg 300w, https:\/\/www.transports-coue.fr\/wp-content\/uploads\/2022\/06\/transports-coue-trm-camion-bio-gaz-web-1030x391.jpg 1030w, https:\/\/www.transports-coue.fr\/wp-content\/uploads\/2022\/06\/transports-coue-trm-camion-bio-gaz-web-80x30.jpg 80w, https:\/\/www.transports-coue.fr\/wp-content\/uploads\/2022\/06\/transports-coue-trm-camion-bio-gaz-web-768x292.jpg 768w, https:\/\/www.transports-coue.fr\/wp-content\/uploads\/2022\/06\/transports-coue-trm-camion-bio-gaz-web-1536x583.jpg 1536w, https:\/\/www.transports-coue.fr\/wp-content\/uploads\/2022\/06\/transports-coue-trm-camion-bio-gaz-web-1500x570.jpg 1500w, https:\/\/www.transports-coue.fr\/wp-content\/uploads\/2022\/06\/transports-coue-trm-camion-bio-gaz-web-705x268.jpg 705w, https:\/\/www.transports-coue.fr\/wp-content\/uploads\/2022\/06\/transports-coue-trm-camion-bio-gaz-web-845x321.jpg 845w\" sizes=\"(max-width: 1690px) 100vw, 1690px\" \/><\/a><div class=\"slide-content\"><header class=\"entry-content-header\" aria-label=\"Slide: Les camions Transports Cou\u00e9 et TRM roulent au Bio Gaz !\"><h3 class='slide-entry-title entry-title '  itemprop=\"headline\" ><a href='https:\/\/www.transports-coue.fr\/fr\/les-camions-transports-coue-et-trm-roulent-au-bio-gaz\/' title='Les camions Transports Cou\u00e9 et TRM roulent au Bio Gaz !'>Les camions Transports Cou\u00e9 et TRM roulent au Bio Gaz !<\/a><\/h3><span class=\"blog-categories minor-meta\"><a href=\"https:\/\/www.transports-coue.fr\/fr\/category\/actualites\/\" rel=\"tag\">Actualit\u00e9s<\/a>, <a href=\"https:\/\/www.transports-coue.fr\/fr\/category\/actualites\/developpement\/\" rel=\"tag\">D\u00e9veloppement<\/a> <\/span><span class=\"av-vertical-delimiter\"><\/span><\/header><div class='slide-entry-excerpt entry-content'  itemprop=\"text\" >\ud83d\udc65Faisons la route ensemble \ud83c\udf3f\n\n\ud83c\udf31R\u00e9ception de nos premiers camions roulant au gaz 100% naturel \"Bio GNV\" (Bio Gaz Naturel V\u00e9hicule) !\n\nCombustible fossile provenant du milieu agricole \ud83d\ude9c local, le bio gaz r\u00e9duit jusqu'\u00e0 80% de nos\u2026<div class=\"read-more-link\"><a href=\"https:\/\/www.transports-coue.fr\/fr\/les-camions-transports-coue-et-trm-roulent-au-bio-gaz\/\" class=\"more-link\">Lire la suite<span class='more-link-arrow avia-svg-icon avia-font-svg_entypo-fontello' data-av_svg_icon='right-open-big' data-av_iconset='svg_entypo-fontello'><svg version=\"1.1\" xmlns=\"http:\/\/www.w3.org\/2000\/svg\" width=\"15\" height=\"32\" viewBox=\"0 0 15 32\" preserveAspectRatio=\"xMidYMid meet\" role=\"graphics-symbol\" aria-hidden=\"true\">\n<path d=\"M0.416 27.84l11.456-11.84-11.456-11.904q-0.832-0.832 0-1.536 0.832-0.832 1.536 0l12.544 12.608q0.768 0.832 0 1.6l-12.544 12.608q-0.704 0.832-1.536 0-0.832-0.704 0-1.536z\"><\/path>\n<\/svg><\/span><\/a><\/div><\/div><\/div><footer class=\"entry-footer\"><div class=\"slide-meta\"><time class='slide-meta-time updated'  itemprop=\"datePublished\" datetime=\"2022-07-01T17:40:51+02:00\" >1 juillet 2022<\/time><\/div><\/footer><span class='hidden'>\n\t\t\t\t<span class='av-structured-data'  itemprop=\"image\" itemscope=\"itemscope\" itemtype=\"https:\/\/schema.org\/ImageObject\" >\n\t\t\t\t\t\t<span itemprop='url'>https:\/\/www.transports-coue.fr\/wp-content\/uploads\/2022\/06\/transports-coue-trm-camion-bio-gaz-web.jpg<\/span>\n\t\t\t\t\t\t<span itemprop='height'>642<\/span>\n\t\t\t\t\t\t<span itemprop='width'>1690<\/span>\n\t\t\t\t<\/span>\n\t\t\t\t<span class='av-structured-data'  itemprop=\"publisher\" itemtype=\"https:\/\/schema.org\/Organization\" itemscope=\"itemscope\" >\n\t\t\t\t\t\t<span itemprop='name'>Transports Cou\u00e9<\/span>\n\t\t\t\t\t\t<span itemprop='logo' itemscope itemtype='https:\/\/schema.org\/ImageObject'>\n\t\t\t\t\t\t\t<span itemprop='url'>https:\/\/www.transports-coue.fr\/wp-content\/uploads\/2018\/10\/Logo-transports-coue-300x119.png<\/span>\n\t\t\t\t\t\t<\/span>\n\t\t\t\t<\/span><span class='av-structured-data'  itemprop=\"author\" itemscope=\"itemscope\" itemtype=\"https:\/\/schema.org\/Person\" ><span itemprop='name'>Transports Cou\u00e9<\/span><\/span><span class='av-structured-data'  itemprop=\"datePublished\" datetime=\"2018-10-04T10:16:12+02:00\" >2022-07-01 17:40:51<\/span><span class='av-structured-data'  itemprop=\"dateModified\" itemtype=\"https:\/\/schema.org\/dateModified\" >2022-07-03 19:53:30<\/span><span class='av-structured-data'  itemprop=\"mainEntityOfPage\" itemtype=\"https:\/\/schema.org\/mainEntityOfPage\" ><span itemprop='name'>Les camions Transports Cou\u00e9 et TRM roulent au Bio Gaz !<\/span><\/span><\/span><\/article><article class='slide-entry flex_column  post-entry post-entry-7933 slide-entry-overview slide-loop-56 slide-parity-even  av_one_third  real-thumbnail posttype-post post-format-standard'  itemscope=\"itemscope\" itemtype=\"https:\/\/schema.org\/CreativeWork\" ><a href='https:\/\/www.transports-coue.fr\/fr\/nouvelle-reglementation-pour-le-stockage-des-batteries-lithium\/' data-rel='slide-1' class='slide-image' title='Nouvelle r\u00e9glementation pour le stockage des Batteries Lithium'><img decoding=\"async\" fetchpriority=\"high\" width=\"845\" height=\"321\" src=\"https:\/\/www.transports-coue.fr\/wp-content\/uploads\/2022\/06\/Logistique-Coue-stockage-batterie-lithium-web.jpg\" class=\"wp-image-7934 avia-img-lazy-loading-not-7934 attachment-no scaling size-no scaling wp-post-image\" alt=\"Stockage batteries lithium Logistique class\u00e9e ICPE sous Autorisation\" srcset=\"https:\/\/www.transports-coue.fr\/wp-content\/uploads\/2022\/06\/Logistique-Coue-stockage-batterie-lithium-web.jpg 845w, https:\/\/www.transports-coue.fr\/wp-content\/uploads\/2022\/06\/Logistique-Coue-stockage-batterie-lithium-web-300x114.jpg 300w, https:\/\/www.transports-coue.fr\/wp-content\/uploads\/2022\/06\/Logistique-Coue-stockage-batterie-lithium-web-80x30.jpg 80w, https:\/\/www.transports-coue.fr\/wp-content\/uploads\/2022\/06\/Logistique-Coue-stockage-batterie-lithium-web-768x292.jpg 768w, https:\/\/www.transports-coue.fr\/wp-content\/uploads\/2022\/06\/Logistique-Coue-stockage-batterie-lithium-web-705x268.jpg 705w\" sizes=\"(max-width: 845px) 100vw, 845px\" \/><\/a><div class=\"slide-content\"><header class=\"entry-content-header\" aria-label=\"Slide: Nouvelle r\u00e9glementation pour le stockage des Batteries Lithium\"><h3 class='slide-entry-title entry-title '  itemprop=\"headline\" ><a href='https:\/\/www.transports-coue.fr\/fr\/nouvelle-reglementation-pour-le-stockage-des-batteries-lithium\/' title='Nouvelle r\u00e9glementation pour le stockage des Batteries Lithium'>Nouvelle r\u00e9glementation pour le stockage des Batteries Lithium<\/a><\/h3><span class=\"blog-categories minor-meta\"><a href=\"https:\/\/www.transports-coue.fr\/fr\/category\/actualites\/\" rel=\"tag\">Actualit\u00e9s<\/a>, <a href=\"https:\/\/www.transports-coue.fr\/fr\/category\/actualites\/developpement\/\" rel=\"tag\">D\u00e9veloppement<\/a>, <a href=\"https:\/\/www.transports-coue.fr\/fr\/category\/actualites\/developpement\/developpement-logistique\/\" rel=\"tag\">D\u00e9veloppement Logistique<\/a> <\/span><span class=\"av-vertical-delimiter\"><\/span><\/header><div class='slide-entry-excerpt entry-content'  itemprop=\"text\" >La r\u00e9glementation REACH devrait tr\u00e8s prochainement classifier enfin les Batteries Lithium comme mati\u00e8res dangereuses\ud83d\udee2 et pr\u00e9ciser les prescriptions \u00e0 respecter concernant la pr\u00e9vention des risques.\n\nQu'elles soient conditionn\u00e9es seules\u2026<div class=\"read-more-link\"><a href=\"https:\/\/www.transports-coue.fr\/fr\/nouvelle-reglementation-pour-le-stockage-des-batteries-lithium\/\" class=\"more-link\">Lire la suite<span class='more-link-arrow avia-svg-icon avia-font-svg_entypo-fontello' data-av_svg_icon='right-open-big' data-av_iconset='svg_entypo-fontello'><svg version=\"1.1\" xmlns=\"http:\/\/www.w3.org\/2000\/svg\" width=\"15\" height=\"32\" viewBox=\"0 0 15 32\" preserveAspectRatio=\"xMidYMid meet\" role=\"graphics-symbol\" aria-hidden=\"true\">\n<path d=\"M0.416 27.84l11.456-11.84-11.456-11.904q-0.832-0.832 0-1.536 0.832-0.832 1.536 0l12.544 12.608q0.768 0.832 0 1.6l-12.544 12.608q-0.704 0.832-1.536 0-0.832-0.704 0-1.536z\"><\/path>\n<\/svg><\/span><\/a><\/div><\/div><\/div><footer class=\"entry-footer\"><div class=\"slide-meta\"><time class='slide-meta-time updated'  itemprop=\"datePublished\" datetime=\"2022-06-24T19:07:50+02:00\" >24 juin 2022<\/time><\/div><\/footer><span class='hidden'>\n\t\t\t\t<span class='av-structured-data'  itemprop=\"image\" itemscope=\"itemscope\" itemtype=\"https:\/\/schema.org\/ImageObject\" >\n\t\t\t\t\t\t<span itemprop='url'>https:\/\/www.transports-coue.fr\/wp-content\/uploads\/2022\/06\/Logistique-Coue-stockage-batterie-lithium-web.jpg<\/span>\n\t\t\t\t\t\t<span itemprop='height'>321<\/span>\n\t\t\t\t\t\t<span itemprop='width'>845<\/span>\n\t\t\t\t<\/span>\n\t\t\t\t<span class='av-structured-data'  itemprop=\"publisher\" itemtype=\"https:\/\/schema.org\/Organization\" itemscope=\"itemscope\" >\n\t\t\t\t\t\t<span itemprop='name'>Transports Cou\u00e9<\/span>\n\t\t\t\t\t\t<span itemprop='logo' itemscope itemtype='https:\/\/schema.org\/ImageObject'>\n\t\t\t\t\t\t\t<span itemprop='url'>https:\/\/www.transports-coue.fr\/wp-content\/uploads\/2018\/10\/Logo-transports-coue-300x119.png<\/span>\n\t\t\t\t\t\t<\/span>\n\t\t\t\t<\/span><span class='av-structured-data'  itemprop=\"author\" itemscope=\"itemscope\" itemtype=\"https:\/\/schema.org\/Person\" ><span itemprop='name'>Transports Cou\u00e9<\/span><\/span><span class='av-structured-data'  itemprop=\"datePublished\" datetime=\"2018-10-04T10:16:12+02:00\" >2022-06-24 19:07:50<\/span><span class='av-structured-data'  itemprop=\"dateModified\" itemtype=\"https:\/\/schema.org\/dateModified\" >2022-07-03 19:53:13<\/span><span class='av-structured-data'  itemprop=\"mainEntityOfPage\" itemtype=\"https:\/\/schema.org\/mainEntityOfPage\" ><span itemprop='name'>Nouvelle r\u00e9glementation pour le stockage des Batteries Lithium<\/span><\/span><\/span><\/article><article class='slide-entry flex_column  post-entry post-entry-7927 slide-entry-overview slide-loop-57 slide-parity-odd  av_one_third  real-thumbnail posttype-post post-format-standard'  itemscope=\"itemscope\" itemtype=\"https:\/\/schema.org\/CreativeWork\" ><a href='https:\/\/www.transports-coue.fr\/fr\/optimiser-vos-couts-de-livraison-via-le-transport-grand-volume\/' data-rel='slide-1' class='slide-image' title='Optimiser vos co\u00fbts de livraison via le transport grand volume !'><img decoding=\"async\" fetchpriority=\"high\" width=\"845\" height=\"321\" src=\"https:\/\/www.transports-coue.fr\/wp-content\/uploads\/2022\/06\/trm-transport-grand-volume-38-palettes-120-m3.jpg\" class=\"wp-image-7930 avia-img-lazy-loading-not-7930 attachment-no scaling size-no scaling wp-post-image\" alt=\"Transport Grand Volume 38 palettes 120m3\" srcset=\"https:\/\/www.transports-coue.fr\/wp-content\/uploads\/2022\/06\/trm-transport-grand-volume-38-palettes-120-m3.jpg 845w, https:\/\/www.transports-coue.fr\/wp-content\/uploads\/2022\/06\/trm-transport-grand-volume-38-palettes-120-m3-300x114.jpg 300w, https:\/\/www.transports-coue.fr\/wp-content\/uploads\/2022\/06\/trm-transport-grand-volume-38-palettes-120-m3-80x30.jpg 80w, https:\/\/www.transports-coue.fr\/wp-content\/uploads\/2022\/06\/trm-transport-grand-volume-38-palettes-120-m3-768x292.jpg 768w, https:\/\/www.transports-coue.fr\/wp-content\/uploads\/2022\/06\/trm-transport-grand-volume-38-palettes-120-m3-705x268.jpg 705w\" sizes=\"(max-width: 845px) 100vw, 845px\" \/><\/a><div class=\"slide-content\"><header class=\"entry-content-header\" aria-label=\"Slide: Optimiser vos co\u00fbts de livraison via le transport grand volume !\"><h3 class='slide-entry-title entry-title '  itemprop=\"headline\" ><a href='https:\/\/www.transports-coue.fr\/fr\/optimiser-vos-couts-de-livraison-via-le-transport-grand-volume\/' title='Optimiser vos co\u00fbts de livraison via le transport grand volume !'>Optimiser vos co\u00fbts de livraison via le transport grand volume !<\/a><\/h3><span class=\"blog-categories minor-meta\"><a href=\"https:\/\/www.transports-coue.fr\/fr\/category\/actualites\/\" rel=\"tag\">Actualit\u00e9s<\/a>, <a href=\"https:\/\/www.transports-coue.fr\/fr\/category\/actualites\/developpement\/\" rel=\"tag\">D\u00e9veloppement<\/a> <\/span><span class=\"av-vertical-delimiter\"><\/span><\/header><div class='slide-entry-excerpt entry-content'  itemprop=\"text\" >\ud83d\udd38\ufe0fOptimisation de vos co\u00fbts de transports en passant de 33 \u00e0 38 palettes avec TRM Transports Rapides du Maine \ud83d\udd17\n\n\u27a1\ufe0fEnvie d'en savoir plus \ud83e\uddd0 ? \ud83d\udc47\nhttps:\/\/www.transports-coue.fr\/fr\/transport\/grand-volume\/\n\n\ud83d\udcf8 Merci S\u00e9bastien\n\n#transportsrapidesdumaine\u2026<div class=\"read-more-link\"><a href=\"https:\/\/www.transports-coue.fr\/fr\/optimiser-vos-couts-de-livraison-via-le-transport-grand-volume\/\" class=\"more-link\">Lire la suite<span class='more-link-arrow avia-svg-icon avia-font-svg_entypo-fontello' data-av_svg_icon='right-open-big' data-av_iconset='svg_entypo-fontello'><svg version=\"1.1\" xmlns=\"http:\/\/www.w3.org\/2000\/svg\" width=\"15\" height=\"32\" viewBox=\"0 0 15 32\" preserveAspectRatio=\"xMidYMid meet\" role=\"graphics-symbol\" aria-hidden=\"true\">\n<path d=\"M0.416 27.84l11.456-11.84-11.456-11.904q-0.832-0.832 0-1.536 0.832-0.832 1.536 0l12.544 12.608q0.768 0.832 0 1.6l-12.544 12.608q-0.704 0.832-1.536 0-0.832-0.704 0-1.536z\"><\/path>\n<\/svg><\/span><\/a><\/div><\/div><\/div><footer class=\"entry-footer\"><div class=\"slide-meta\"><time class='slide-meta-time updated'  itemprop=\"datePublished\" datetime=\"2022-06-20T18:49:00+02:00\" >20 juin 2022<\/time><\/div><\/footer><span class='hidden'>\n\t\t\t\t<span class='av-structured-data'  itemprop=\"image\" itemscope=\"itemscope\" itemtype=\"https:\/\/schema.org\/ImageObject\" >\n\t\t\t\t\t\t<span itemprop='url'>https:\/\/www.transports-coue.fr\/wp-content\/uploads\/2022\/06\/trm-transport-grand-volume-38-palettes-120-m3.jpg<\/span>\n\t\t\t\t\t\t<span itemprop='height'>321<\/span>\n\t\t\t\t\t\t<span itemprop='width'>845<\/span>\n\t\t\t\t<\/span>\n\t\t\t\t<span class='av-structured-data'  itemprop=\"publisher\" itemtype=\"https:\/\/schema.org\/Organization\" itemscope=\"itemscope\" >\n\t\t\t\t\t\t<span itemprop='name'>Transports Cou\u00e9<\/span>\n\t\t\t\t\t\t<span itemprop='logo' itemscope itemtype='https:\/\/schema.org\/ImageObject'>\n\t\t\t\t\t\t\t<span itemprop='url'>https:\/\/www.transports-coue.fr\/wp-content\/uploads\/2018\/10\/Logo-transports-coue-300x119.png<\/span>\n\t\t\t\t\t\t<\/span>\n\t\t\t\t<\/span><span class='av-structured-data'  itemprop=\"author\" itemscope=\"itemscope\" itemtype=\"https:\/\/schema.org\/Person\" ><span itemprop='name'>Transports Cou\u00e9<\/span><\/span><span class='av-structured-data'  itemprop=\"datePublished\" datetime=\"2018-10-04T10:16:12+02:00\" >2022-06-20 18:49:00<\/span><span class='av-structured-data'  itemprop=\"dateModified\" itemtype=\"https:\/\/schema.org\/dateModified\" >2022-07-03 19:52:53<\/span><span class='av-structured-data'  itemprop=\"mainEntityOfPage\" itemtype=\"https:\/\/schema.org\/mainEntityOfPage\" ><span itemprop='name'>Optimiser vos co\u00fbts de livraison via le transport grand volume !<\/span><\/span><\/span><\/article><\/div><div class=\"slide-entry-wrap\"><article class='slide-entry flex_column  post-entry post-entry-7918 slide-entry-overview slide-loop-58 slide-parity-odd  av_one_third first real-thumbnail posttype-post post-format-standard'  itemscope=\"itemscope\" itemtype=\"https:\/\/schema.org\/CreativeWork\" ><a href='https:\/\/www.transports-coue.fr\/fr\/nos-solutions-transport-frigorifique-adaptees-aux-marchandises-sensibles-et-aux-saisonnalites\/' data-rel='slide-1' class='slide-image' title='Nos solutions Transport Frigorifique adapt\u00e9es aux marchandises sensibles et aux saisonnalit\u00e9s'><img decoding=\"async\" fetchpriority=\"high\" width=\"845\" height=\"321\" src=\"https:\/\/www.transports-coue.fr\/wp-content\/uploads\/2022\/06\/transports-coue-trm-transport-frigorifique-prestations-solutions.jpg\" class=\"wp-image-7922 avia-img-lazy-loading-not-7922 attachment-no scaling size-no scaling wp-post-image\" alt=\"Transports Cou\u00e9 par camion frigorifique\" srcset=\"https:\/\/www.transports-coue.fr\/wp-content\/uploads\/2022\/06\/transports-coue-trm-transport-frigorifique-prestations-solutions.jpg 845w, https:\/\/www.transports-coue.fr\/wp-content\/uploads\/2022\/06\/transports-coue-trm-transport-frigorifique-prestations-solutions-300x114.jpg 300w, https:\/\/www.transports-coue.fr\/wp-content\/uploads\/2022\/06\/transports-coue-trm-transport-frigorifique-prestations-solutions-80x30.jpg 80w, https:\/\/www.transports-coue.fr\/wp-content\/uploads\/2022\/06\/transports-coue-trm-transport-frigorifique-prestations-solutions-768x292.jpg 768w, https:\/\/www.transports-coue.fr\/wp-content\/uploads\/2022\/06\/transports-coue-trm-transport-frigorifique-prestations-solutions-705x268.jpg 705w\" sizes=\"(max-width: 845px) 100vw, 845px\" \/><\/a><div class=\"slide-content\"><header class=\"entry-content-header\" aria-label=\"Slide: Nos solutions Transport Frigorifique adapt\u00e9es aux marchandises sensibles et aux saisonnalit\u00e9s\"><h3 class='slide-entry-title entry-title '  itemprop=\"headline\" ><a href='https:\/\/www.transports-coue.fr\/fr\/nos-solutions-transport-frigorifique-adaptees-aux-marchandises-sensibles-et-aux-saisonnalites\/' title='Nos solutions Transport Frigorifique adapt\u00e9es aux marchandises sensibles et aux saisonnalit\u00e9s'>Nos solutions Transport Frigorifique adapt\u00e9es aux marchandises sensibles et aux saisonnalit\u00e9s<\/a><\/h3><span class=\"blog-categories minor-meta\"><a href=\"https:\/\/www.transports-coue.fr\/fr\/category\/actualites\/\" rel=\"tag\">Actualit\u00e9s<\/a>, <a href=\"https:\/\/www.transports-coue.fr\/fr\/category\/actualites\/developpement\/\" rel=\"tag\">D\u00e9veloppement<\/a> <\/span><span class=\"av-vertical-delimiter\"><\/span><\/header><div class='slide-entry-excerpt entry-content'  itemprop=\"text\" >\nAvec des secteurs aussi vari\u00e9s que l\u2019agro-alimentaire, l\u2019horticulture, ou toutes marchandises sensibles, nos solutions sont adapt\u00e9es sur mesure \u00e0 vos contraintes m\u00e9tiers et votre saisonnalit\u00e9.\n\n\n\nParc de 35 camions frigo\n\n\n\n Envie\u2026<div class=\"read-more-link\"><a href=\"https:\/\/www.transports-coue.fr\/fr\/nos-solutions-transport-frigorifique-adaptees-aux-marchandises-sensibles-et-aux-saisonnalites\/\" class=\"more-link\">Lire la suite<span class='more-link-arrow avia-svg-icon avia-font-svg_entypo-fontello' data-av_svg_icon='right-open-big' data-av_iconset='svg_entypo-fontello'><svg version=\"1.1\" xmlns=\"http:\/\/www.w3.org\/2000\/svg\" width=\"15\" height=\"32\" viewBox=\"0 0 15 32\" preserveAspectRatio=\"xMidYMid meet\" role=\"graphics-symbol\" aria-hidden=\"true\">\n<path d=\"M0.416 27.84l11.456-11.84-11.456-11.904q-0.832-0.832 0-1.536 0.832-0.832 1.536 0l12.544 12.608q0.768 0.832 0 1.6l-12.544 12.608q-0.704 0.832-1.536 0-0.832-0.704 0-1.536z\"><\/path>\n<\/svg><\/span><\/a><\/div><\/div><\/div><footer class=\"entry-footer\"><div class=\"slide-meta\"><time class='slide-meta-time updated'  itemprop=\"datePublished\" datetime=\"2022-06-17T09:18:25+02:00\" >17 juin 2022<\/time><\/div><\/footer><span class='hidden'>\n\t\t\t\t<span class='av-structured-data'  itemprop=\"image\" itemscope=\"itemscope\" itemtype=\"https:\/\/schema.org\/ImageObject\" >\n\t\t\t\t\t\t<span itemprop='url'>https:\/\/www.transports-coue.fr\/wp-content\/uploads\/2022\/06\/transports-coue-trm-transport-frigorifique-prestations-solutions.jpg<\/span>\n\t\t\t\t\t\t<span itemprop='height'>321<\/span>\n\t\t\t\t\t\t<span itemprop='width'>845<\/span>\n\t\t\t\t<\/span>\n\t\t\t\t<span class='av-structured-data'  itemprop=\"publisher\" itemtype=\"https:\/\/schema.org\/Organization\" itemscope=\"itemscope\" >\n\t\t\t\t\t\t<span itemprop='name'>Transports Cou\u00e9<\/span>\n\t\t\t\t\t\t<span itemprop='logo' itemscope itemtype='https:\/\/schema.org\/ImageObject'>\n\t\t\t\t\t\t\t<span itemprop='url'>https:\/\/www.transports-coue.fr\/wp-content\/uploads\/2018\/10\/Logo-transports-coue-300x119.png<\/span>\n\t\t\t\t\t\t<\/span>\n\t\t\t\t<\/span><span class='av-structured-data'  itemprop=\"author\" itemscope=\"itemscope\" itemtype=\"https:\/\/schema.org\/Person\" ><span itemprop='name'>Transports Cou\u00e9<\/span><\/span><span class='av-structured-data'  itemprop=\"datePublished\" datetime=\"2018-10-04T10:16:12+02:00\" >2022-06-17 09:18:25<\/span><span class='av-structured-data'  itemprop=\"dateModified\" itemtype=\"https:\/\/schema.org\/dateModified\" >2022-07-03 19:52:33<\/span><span class='av-structured-data'  itemprop=\"mainEntityOfPage\" itemtype=\"https:\/\/schema.org\/mainEntityOfPage\" ><span itemprop='name'>Nos solutions Transport Frigorifique adapt\u00e9es aux marchandises sensibles et aux saisonnalit\u00e9s<\/span><\/span><\/span><\/article><article class='slide-entry flex_column  post-entry post-entry-7746 slide-entry-overview slide-loop-59 slide-parity-even  av_one_third  real-thumbnail posttype-post post-format-standard'  itemscope=\"itemscope\" itemtype=\"https:\/\/schema.org\/CreativeWork\" ><a href='https:\/\/www.transports-coue.fr\/fr\/pre-ou-post-transport-de-container-20-ou-40-pieds-en-train-simple-ou-double\/' data-rel='slide-1' class='slide-image' title='Pr\u00e9 ou Post Transport de Container 20 ou 40 pieds en train simple ou double'><img decoding=\"async\" fetchpriority=\"high\" width=\"845\" height=\"321\" src=\"https:\/\/www.transports-coue.fr\/wp-content\/uploads\/2022\/06\/tcm-transport-containers-maritime-20-40-pieds.jpg\" class=\"wp-image-7747 avia-img-lazy-loading-not-7747 attachment-no scaling size-no scaling wp-post-image\" alt=\"Pr\u00e9 ou Post transport de container de 20 ou 40 pieds\" srcset=\"https:\/\/www.transports-coue.fr\/wp-content\/uploads\/2022\/06\/tcm-transport-containers-maritime-20-40-pieds.jpg 845w, https:\/\/www.transports-coue.fr\/wp-content\/uploads\/2022\/06\/tcm-transport-containers-maritime-20-40-pieds-300x114.jpg 300w, https:\/\/www.transports-coue.fr\/wp-content\/uploads\/2022\/06\/tcm-transport-containers-maritime-20-40-pieds-80x30.jpg 80w, https:\/\/www.transports-coue.fr\/wp-content\/uploads\/2022\/06\/tcm-transport-containers-maritime-20-40-pieds-768x292.jpg 768w, https:\/\/www.transports-coue.fr\/wp-content\/uploads\/2022\/06\/tcm-transport-containers-maritime-20-40-pieds-705x268.jpg 705w\" sizes=\"(max-width: 845px) 100vw, 845px\" \/><\/a><div class=\"slide-content\"><header class=\"entry-content-header\" aria-label=\"Slide: Pr\u00e9 ou Post Transport de Container 20 ou 40 pieds en train simple ou double\"><h3 class='slide-entry-title entry-title '  itemprop=\"headline\" ><a href='https:\/\/www.transports-coue.fr\/fr\/pre-ou-post-transport-de-container-20-ou-40-pieds-en-train-simple-ou-double\/' title='Pr\u00e9 ou Post Transport de Container 20 ou 40 pieds en train simple ou double'>Pr\u00e9 ou Post Transport de Container 20 ou 40 pieds en train simple ou double<\/a><\/h3><span class=\"blog-categories minor-meta\"><a href=\"https:\/\/www.transports-coue.fr\/fr\/category\/actualites\/\" rel=\"tag\">Actualit\u00e9s<\/a>, <a href=\"https:\/\/www.transports-coue.fr\/fr\/category\/actualites\/developpement\/\" rel=\"tag\">D\u00e9veloppement<\/a>, <a href=\"https:\/\/www.transports-coue.fr\/fr\/category\/actualites\/developpement\/developpement-transport-containers\/\" rel=\"tag\">D\u00e9veloppement Transport Containers<\/a> <\/span><span class=\"av-vertical-delimiter\"><\/span><\/header><div class='slide-entry-excerpt entry-content'  itemprop=\"text\" >\nPr\u00e9 ou post acheminement avec notre activit\u00e9 TCM, TRANS-CONTAINERS DU MAINE, gr\u00e2ce \u00e0 notre flotte de 35 tracteurs et 50 ch\u00e2ssis porte container 20 ou 40 pieds en train simple ou double \n\n\n\n Merci Gr\u00e9gory\n\n\n\n#transportmaritime #container\u2026<div class=\"read-more-link\"><a href=\"https:\/\/www.transports-coue.fr\/fr\/pre-ou-post-transport-de-container-20-ou-40-pieds-en-train-simple-ou-double\/\" class=\"more-link\">Lire la suite<span class='more-link-arrow avia-svg-icon avia-font-svg_entypo-fontello' data-av_svg_icon='right-open-big' data-av_iconset='svg_entypo-fontello'><svg version=\"1.1\" xmlns=\"http:\/\/www.w3.org\/2000\/svg\" width=\"15\" height=\"32\" viewBox=\"0 0 15 32\" preserveAspectRatio=\"xMidYMid meet\" role=\"graphics-symbol\" aria-hidden=\"true\">\n<path d=\"M0.416 27.84l11.456-11.84-11.456-11.904q-0.832-0.832 0-1.536 0.832-0.832 1.536 0l12.544 12.608q0.768 0.832 0 1.6l-12.544 12.608q-0.704 0.832-1.536 0-0.832-0.704 0-1.536z\"><\/path>\n<\/svg><\/span><\/a><\/div><\/div><\/div><footer class=\"entry-footer\"><div class=\"slide-meta\"><time class='slide-meta-time updated'  itemprop=\"datePublished\" datetime=\"2022-06-07T16:13:50+02:00\" >7 juin 2022<\/time><\/div><\/footer><span class='hidden'>\n\t\t\t\t<span class='av-structured-data'  itemprop=\"image\" itemscope=\"itemscope\" itemtype=\"https:\/\/schema.org\/ImageObject\" >\n\t\t\t\t\t\t<span itemprop='url'>https:\/\/www.transports-coue.fr\/wp-content\/uploads\/2022\/06\/tcm-transport-containers-maritime-20-40-pieds.jpg<\/span>\n\t\t\t\t\t\t<span itemprop='height'>321<\/span>\n\t\t\t\t\t\t<span itemprop='width'>845<\/span>\n\t\t\t\t<\/span>\n\t\t\t\t<span class='av-structured-data'  itemprop=\"publisher\" itemtype=\"https:\/\/schema.org\/Organization\" itemscope=\"itemscope\" >\n\t\t\t\t\t\t<span itemprop='name'>Transports Cou\u00e9<\/span>\n\t\t\t\t\t\t<span itemprop='logo' itemscope itemtype='https:\/\/schema.org\/ImageObject'>\n\t\t\t\t\t\t\t<span itemprop='url'>https:\/\/www.transports-coue.fr\/wp-content\/uploads\/2018\/10\/Logo-transports-coue-300x119.png<\/span>\n\t\t\t\t\t\t<\/span>\n\t\t\t\t<\/span><span class='av-structured-data'  itemprop=\"author\" itemscope=\"itemscope\" itemtype=\"https:\/\/schema.org\/Person\" ><span itemprop='name'>Transports Cou\u00e9<\/span><\/span><span class='av-structured-data'  itemprop=\"datePublished\" datetime=\"2018-10-04T10:16:12+02:00\" >2022-06-07 16:13:50<\/span><span class='av-structured-data'  itemprop=\"dateModified\" itemtype=\"https:\/\/schema.org\/dateModified\" >2022-06-13 22:40:41<\/span><span class='av-structured-data'  itemprop=\"mainEntityOfPage\" itemtype=\"https:\/\/schema.org\/mainEntityOfPage\" ><span itemprop='name'>Pr\u00e9 ou Post Transport de Container 20 ou 40 pieds en train simple ou double<\/span><\/span><\/span><\/article><article class='slide-entry flex_column  post-entry post-entry-7697 slide-entry-overview slide-loop-60 slide-parity-odd  av_one_third  real-thumbnail posttype-post post-format-standard'  itemscope=\"itemscope\" itemtype=\"https:\/\/schema.org\/CreativeWork\" ><a href='https:\/\/www.transports-coue.fr\/fr\/transport-de-bois-par-container-via-tcm\/' data-rel='slide-1' class='slide-image' title='Transport de bois par container via TCM'><img decoding=\"async\" fetchpriority=\"high\" width=\"845\" height=\"321\" src=\"https:\/\/www.transports-coue.fr\/wp-content\/uploads\/2022\/05\/tcm-transport-containers-maritime.jpg\" class=\"wp-image-7698 avia-img-lazy-loading-not-7698 attachment-no scaling size-no scaling wp-post-image\" alt=\"transport de bois d&#039;une scierie vis transport de containers\" srcset=\"https:\/\/www.transports-coue.fr\/wp-content\/uploads\/2022\/05\/tcm-transport-containers-maritime.jpg 845w, https:\/\/www.transports-coue.fr\/wp-content\/uploads\/2022\/05\/tcm-transport-containers-maritime-300x114.jpg 300w, https:\/\/www.transports-coue.fr\/wp-content\/uploads\/2022\/05\/tcm-transport-containers-maritime-80x30.jpg 80w, https:\/\/www.transports-coue.fr\/wp-content\/uploads\/2022\/05\/tcm-transport-containers-maritime-768x292.jpg 768w, https:\/\/www.transports-coue.fr\/wp-content\/uploads\/2022\/05\/tcm-transport-containers-maritime-705x268.jpg 705w\" sizes=\"(max-width: 845px) 100vw, 845px\" \/><\/a><div class=\"slide-content\"><header class=\"entry-content-header\" aria-label=\"Slide: Transport de bois par container via TCM\"><h3 class='slide-entry-title entry-title '  itemprop=\"headline\" ><a href='https:\/\/www.transports-coue.fr\/fr\/transport-de-bois-par-container-via-tcm\/' title='Transport de bois par container via TCM'>Transport de bois par container via TCM<\/a><\/h3><span class=\"blog-categories minor-meta\"><a href=\"https:\/\/www.transports-coue.fr\/fr\/category\/actualites\/\" rel=\"tag\">Actualit\u00e9s<\/a>, <a href=\"https:\/\/www.transports-coue.fr\/fr\/category\/actualites\/developpement\/\" rel=\"tag\">D\u00e9veloppement<\/a>, <a href=\"https:\/\/www.transports-coue.fr\/fr\/category\/actualites\/developpement\/developpement-transport-containers\/\" rel=\"tag\">D\u00e9veloppement Transport Containers<\/a> <\/span><span class=\"av-vertical-delimiter\"><\/span><\/header><div class='slide-entry-excerpt entry-content'  itemprop=\"text\" >De par notre situation g\u00e9ographique strat\u00e9gique, nous g\u00e9rons efficacement les flux amont et aval de l\u2019Ouest de la France avec TRANS-CONTAINERS DU MAINE \n\nEn photo, le chargement de bois d'une scierie dans un container \u00e0 destination du\u2026<div class=\"read-more-link\"><a href=\"https:\/\/www.transports-coue.fr\/fr\/transport-de-bois-par-container-via-tcm\/\" class=\"more-link\">Lire la suite<span class='more-link-arrow avia-svg-icon avia-font-svg_entypo-fontello' data-av_svg_icon='right-open-big' data-av_iconset='svg_entypo-fontello'><svg version=\"1.1\" xmlns=\"http:\/\/www.w3.org\/2000\/svg\" width=\"15\" height=\"32\" viewBox=\"0 0 15 32\" preserveAspectRatio=\"xMidYMid meet\" role=\"graphics-symbol\" aria-hidden=\"true\">\n<path d=\"M0.416 27.84l11.456-11.84-11.456-11.904q-0.832-0.832 0-1.536 0.832-0.832 1.536 0l12.544 12.608q0.768 0.832 0 1.6l-12.544 12.608q-0.704 0.832-1.536 0-0.832-0.704 0-1.536z\"><\/path>\n<\/svg><\/span><\/a><\/div><\/div><\/div><footer class=\"entry-footer\"><div class=\"slide-meta\"><time class='slide-meta-time updated'  itemprop=\"datePublished\" datetime=\"2022-05-24T14:43:24+02:00\" >24 mai 2022<\/time><\/div><\/footer><span class='hidden'>\n\t\t\t\t<span class='av-structured-data'  itemprop=\"image\" itemscope=\"itemscope\" itemtype=\"https:\/\/schema.org\/ImageObject\" >\n\t\t\t\t\t\t<span itemprop='url'>https:\/\/www.transports-coue.fr\/wp-content\/uploads\/2022\/05\/tcm-transport-containers-maritime.jpg<\/span>\n\t\t\t\t\t\t<span itemprop='height'>321<\/span>\n\t\t\t\t\t\t<span itemprop='width'>845<\/span>\n\t\t\t\t<\/span>\n\t\t\t\t<span class='av-structured-data'  itemprop=\"publisher\" itemtype=\"https:\/\/schema.org\/Organization\" itemscope=\"itemscope\" >\n\t\t\t\t\t\t<span itemprop='name'>Transports Cou\u00e9<\/span>\n\t\t\t\t\t\t<span itemprop='logo' itemscope itemtype='https:\/\/schema.org\/ImageObject'>\n\t\t\t\t\t\t\t<span itemprop='url'>https:\/\/www.transports-coue.fr\/wp-content\/uploads\/2018\/10\/Logo-transports-coue-300x119.png<\/span>\n\t\t\t\t\t\t<\/span>\n\t\t\t\t<\/span><span class='av-structured-data'  itemprop=\"author\" itemscope=\"itemscope\" itemtype=\"https:\/\/schema.org\/Person\" ><span itemprop='name'>Transports Cou\u00e9<\/span><\/span><span class='av-structured-data'  itemprop=\"datePublished\" datetime=\"2018-10-04T10:16:12+02:00\" >2022-05-24 14:43:24<\/span><span class='av-structured-data'  itemprop=\"dateModified\" itemtype=\"https:\/\/schema.org\/dateModified\" >2022-06-07 16:20:12<\/span><span class='av-structured-data'  itemprop=\"mainEntityOfPage\" itemtype=\"https:\/\/schema.org\/mainEntityOfPage\" ><span itemprop='name'>Transport de bois par container via TCM<\/span><\/span><\/span><\/article><\/div><div class=\"slide-entry-wrap\"><article class='slide-entry flex_column  post-entry post-entry-7677 slide-entry-overview slide-loop-61 slide-parity-odd  av_one_third first real-thumbnail posttype-post post-format-standard'  itemscope=\"itemscope\" itemtype=\"https:\/\/schema.org\/CreativeWork\" ><a href='https:\/\/www.transports-coue.fr\/fr\/renouvellement-du-parc-camions-grand-volume-trm\/' data-rel='slide-1' class='slide-image' title='Renouvellement du parc camions grand volume TRM'><img decoding=\"async\" fetchpriority=\"high\" width=\"845\" height=\"321\" src=\"https:\/\/www.transports-coue.fr\/wp-content\/uploads\/2022\/05\/trm-porteur-remorque-confort-frigo-climatisation-autonome-phare-xenon.jpg\" class=\"wp-image-7678 avia-img-lazy-loading-not-7678 attachment-no scaling size-no scaling wp-post-image\" alt=\"\" srcset=\"https:\/\/www.transports-coue.fr\/wp-content\/uploads\/2022\/05\/trm-porteur-remorque-confort-frigo-climatisation-autonome-phare-xenon.jpg 845w, https:\/\/www.transports-coue.fr\/wp-content\/uploads\/2022\/05\/trm-porteur-remorque-confort-frigo-climatisation-autonome-phare-xenon-300x114.jpg 300w, https:\/\/www.transports-coue.fr\/wp-content\/uploads\/2022\/05\/trm-porteur-remorque-confort-frigo-climatisation-autonome-phare-xenon-80x30.jpg 80w, https:\/\/www.transports-coue.fr\/wp-content\/uploads\/2022\/05\/trm-porteur-remorque-confort-frigo-climatisation-autonome-phare-xenon-768x292.jpg 768w, https:\/\/www.transports-coue.fr\/wp-content\/uploads\/2022\/05\/trm-porteur-remorque-confort-frigo-climatisation-autonome-phare-xenon-705x268.jpg 705w\" sizes=\"(max-width: 845px) 100vw, 845px\" \/><\/a><div class=\"slide-content\"><header class=\"entry-content-header\" aria-label=\"Slide: Renouvellement du parc camions grand volume TRM\"><h3 class='slide-entry-title entry-title '  itemprop=\"headline\" ><a href='https:\/\/www.transports-coue.fr\/fr\/renouvellement-du-parc-camions-grand-volume-trm\/' title='Renouvellement du parc camions grand volume TRM'>Renouvellement du parc camions grand volume TRM<\/a><\/h3><span class=\"blog-categories minor-meta\"><a href=\"https:\/\/www.transports-coue.fr\/fr\/category\/actualites\/\" rel=\"tag\">Actualit\u00e9s<\/a>, <a href=\"https:\/\/www.transports-coue.fr\/fr\/category\/actualites\/developpement\/\" rel=\"tag\">D\u00e9veloppement<\/a> <\/span><span class=\"av-vertical-delimiter\"><\/span><\/header><div class='slide-entry-excerpt entry-content'  itemprop=\"text\" >&nbsp;Faisons la route ensemble&nbsp;\n\n\u26a1\ufe0f Notre parc camions \ud83d\ude9b grand volume se renouvelle avec l'arriv\u00e9e du 1er porteur remorque b\u00e9n\u00e9ficiant des derni\u00e8res technologies en mati\u00e8re d'\u00e9quipements :\n\n\u2705 Frigo en cabine pour se d\u00e9salt\u00e9rer\u2026<div class=\"read-more-link\"><a href=\"https:\/\/www.transports-coue.fr\/fr\/renouvellement-du-parc-camions-grand-volume-trm\/\" class=\"more-link\">Lire la suite<span class='more-link-arrow avia-svg-icon avia-font-svg_entypo-fontello' data-av_svg_icon='right-open-big' data-av_iconset='svg_entypo-fontello'><svg version=\"1.1\" xmlns=\"http:\/\/www.w3.org\/2000\/svg\" width=\"15\" height=\"32\" viewBox=\"0 0 15 32\" preserveAspectRatio=\"xMidYMid meet\" role=\"graphics-symbol\" aria-hidden=\"true\">\n<path d=\"M0.416 27.84l11.456-11.84-11.456-11.904q-0.832-0.832 0-1.536 0.832-0.832 1.536 0l12.544 12.608q0.768 0.832 0 1.6l-12.544 12.608q-0.704 0.832-1.536 0-0.832-0.704 0-1.536z\"><\/path>\n<\/svg><\/span><\/a><\/div><\/div><\/div><footer class=\"entry-footer\"><div class=\"slide-meta\"><time class='slide-meta-time updated'  itemprop=\"datePublished\" datetime=\"2022-05-12T14:15:05+02:00\" >12 mai 2022<\/time><\/div><\/footer><span class='hidden'>\n\t\t\t\t<span class='av-structured-data'  itemprop=\"image\" itemscope=\"itemscope\" itemtype=\"https:\/\/schema.org\/ImageObject\" >\n\t\t\t\t\t\t<span itemprop='url'>https:\/\/www.transports-coue.fr\/wp-content\/uploads\/2022\/05\/trm-porteur-remorque-confort-frigo-climatisation-autonome-phare-xenon.jpg<\/span>\n\t\t\t\t\t\t<span itemprop='height'>321<\/span>\n\t\t\t\t\t\t<span itemprop='width'>845<\/span>\n\t\t\t\t<\/span>\n\t\t\t\t<span class='av-structured-data'  itemprop=\"publisher\" itemtype=\"https:\/\/schema.org\/Organization\" itemscope=\"itemscope\" >\n\t\t\t\t\t\t<span itemprop='name'>Transports Cou\u00e9<\/span>\n\t\t\t\t\t\t<span itemprop='logo' itemscope itemtype='https:\/\/schema.org\/ImageObject'>\n\t\t\t\t\t\t\t<span itemprop='url'>https:\/\/www.transports-coue.fr\/wp-content\/uploads\/2018\/10\/Logo-transports-coue-300x119.png<\/span>\n\t\t\t\t\t\t<\/span>\n\t\t\t\t<\/span><span class='av-structured-data'  itemprop=\"author\" itemscope=\"itemscope\" itemtype=\"https:\/\/schema.org\/Person\" ><span itemprop='name'>Transports Cou\u00e9<\/span><\/span><span class='av-structured-data'  itemprop=\"datePublished\" datetime=\"2018-10-04T10:16:12+02:00\" >2022-05-12 14:15:05<\/span><span class='av-structured-data'  itemprop=\"dateModified\" itemtype=\"https:\/\/schema.org\/dateModified\" >2022-05-30 14:00:50<\/span><span class='av-structured-data'  itemprop=\"mainEntityOfPage\" itemtype=\"https:\/\/schema.org\/mainEntityOfPage\" ><span itemprop='name'>Renouvellement du parc camions grand volume TRM<\/span><\/span><\/span><\/article><article class='slide-entry flex_column  post-entry post-entry-7613 slide-entry-overview slide-loop-62 slide-parity-even  av_one_third  real-thumbnail posttype-post post-format-standard'  itemscope=\"itemscope\" itemtype=\"https:\/\/schema.org\/CreativeWork\" ><a href='https:\/\/www.transports-coue.fr\/fr\/pascal-saisi-lopportunite-interne-de-devenir-conducteur-dengins-a-bras-telescopique\/' data-rel='slide-1' class='slide-image' title='Pascal saisit l&rsquo;opportunit\u00e9 interne de devenir Conducteur d&rsquo;Engins \u00e0 bras t\u00e9l\u00e9scopique'><img decoding=\"async\" fetchpriority=\"high\" width=\"845\" height=\"321\" src=\"https:\/\/www.transports-coue.fr\/wp-content\/uploads\/2022\/04\/coue-trm-group-pascal-conducteur-dengins-web-1.jpg\" class=\"wp-image-7617 avia-img-lazy-loading-not-7617 attachment-no scaling size-no scaling wp-post-image\" alt=\"Pascal saisit l&#039;opportunit\u00e9 interne de devenir conducteur d&#039;engins \u00e0 bras t\u00e9l\u00e9scopique\" srcset=\"https:\/\/www.transports-coue.fr\/wp-content\/uploads\/2022\/04\/coue-trm-group-pascal-conducteur-dengins-web-1.jpg 845w, https:\/\/www.transports-coue.fr\/wp-content\/uploads\/2022\/04\/coue-trm-group-pascal-conducteur-dengins-web-1-300x114.jpg 300w, https:\/\/www.transports-coue.fr\/wp-content\/uploads\/2022\/04\/coue-trm-group-pascal-conducteur-dengins-web-1-80x30.jpg 80w, https:\/\/www.transports-coue.fr\/wp-content\/uploads\/2022\/04\/coue-trm-group-pascal-conducteur-dengins-web-1-768x292.jpg 768w, https:\/\/www.transports-coue.fr\/wp-content\/uploads\/2022\/04\/coue-trm-group-pascal-conducteur-dengins-web-1-705x268.jpg 705w\" sizes=\"(max-width: 845px) 100vw, 845px\" \/><\/a><div class=\"slide-content\"><header class=\"entry-content-header\" aria-label=\"Slide: Pascal saisit l&#039;opportunit\u00e9 interne de devenir Conducteur d&#039;Engins \u00e0 bras t\u00e9l\u00e9scopique\"><h3 class='slide-entry-title entry-title '  itemprop=\"headline\" ><a href='https:\/\/www.transports-coue.fr\/fr\/pascal-saisi-lopportunite-interne-de-devenir-conducteur-dengins-a-bras-telescopique\/' title='Pascal saisit l&rsquo;opportunit\u00e9 interne de devenir Conducteur d&rsquo;Engins \u00e0 bras t\u00e9l\u00e9scopique'>Pascal saisit l&rsquo;opportunit\u00e9 interne de devenir Conducteur d&rsquo;Engins \u00e0 bras t\u00e9l\u00e9scopique<\/a><\/h3><span class=\"blog-categories minor-meta\"><a href=\"https:\/\/www.transports-coue.fr\/fr\/category\/actualites\/\" rel=\"tag\">Actualit\u00e9s<\/a>, <a href=\"https:\/\/www.transports-coue.fr\/fr\/category\/actualites\/developpement\/\" rel=\"tag\">D\u00e9veloppement<\/a> <\/span><span class=\"av-vertical-delimiter\"><\/span><\/header><div class='slide-entry-excerpt entry-content'  itemprop=\"text\" >\ud83d\udc65 Faisons la route ensemble \ud83c\udf3f\n\nAujourd'hui, nous avons le plaisir de vous pr\u00e9senter Pascal au volant de son Reach Stacker \u00e0 notre Port Sec de Laval (53). Apr\u00e8s 4 ans en qualit\u00e9 de Conducteur Routier de Containers au sein de notre structure\u2026<div class=\"read-more-link\"><a href=\"https:\/\/www.transports-coue.fr\/fr\/pascal-saisi-lopportunite-interne-de-devenir-conducteur-dengins-a-bras-telescopique\/\" class=\"more-link\">Lire la suite<span class='more-link-arrow avia-svg-icon avia-font-svg_entypo-fontello' data-av_svg_icon='right-open-big' data-av_iconset='svg_entypo-fontello'><svg version=\"1.1\" xmlns=\"http:\/\/www.w3.org\/2000\/svg\" width=\"15\" height=\"32\" viewBox=\"0 0 15 32\" preserveAspectRatio=\"xMidYMid meet\" role=\"graphics-symbol\" aria-hidden=\"true\">\n<path d=\"M0.416 27.84l11.456-11.84-11.456-11.904q-0.832-0.832 0-1.536 0.832-0.832 1.536 0l12.544 12.608q0.768 0.832 0 1.6l-12.544 12.608q-0.704 0.832-1.536 0-0.832-0.704 0-1.536z\"><\/path>\n<\/svg><\/span><\/a><\/div><\/div><\/div><footer class=\"entry-footer\"><div class=\"slide-meta\"><time class='slide-meta-time updated'  itemprop=\"datePublished\" datetime=\"2022-04-08T10:14:43+02:00\" >8 avril 2022<\/time><\/div><\/footer><span class='hidden'>\n\t\t\t\t<span class='av-structured-data'  itemprop=\"image\" itemscope=\"itemscope\" itemtype=\"https:\/\/schema.org\/ImageObject\" >\n\t\t\t\t\t\t<span itemprop='url'>https:\/\/www.transports-coue.fr\/wp-content\/uploads\/2022\/04\/coue-trm-group-pascal-conducteur-dengins-web-1.jpg<\/span>\n\t\t\t\t\t\t<span itemprop='height'>321<\/span>\n\t\t\t\t\t\t<span itemprop='width'>845<\/span>\n\t\t\t\t<\/span>\n\t\t\t\t<span class='av-structured-data'  itemprop=\"publisher\" itemtype=\"https:\/\/schema.org\/Organization\" itemscope=\"itemscope\" >\n\t\t\t\t\t\t<span itemprop='name'>Transports Cou\u00e9<\/span>\n\t\t\t\t\t\t<span itemprop='logo' itemscope itemtype='https:\/\/schema.org\/ImageObject'>\n\t\t\t\t\t\t\t<span itemprop='url'>https:\/\/www.transports-coue.fr\/wp-content\/uploads\/2018\/10\/Logo-transports-coue-300x119.png<\/span>\n\t\t\t\t\t\t<\/span>\n\t\t\t\t<\/span><span class='av-structured-data'  itemprop=\"author\" itemscope=\"itemscope\" itemtype=\"https:\/\/schema.org\/Person\" ><span itemprop='name'>Transports Cou\u00e9<\/span><\/span><span class='av-structured-data'  itemprop=\"datePublished\" datetime=\"2018-10-04T10:16:12+02:00\" >2022-04-08 10:14:43<\/span><span class='av-structured-data'  itemprop=\"dateModified\" itemtype=\"https:\/\/schema.org\/dateModified\" >2022-04-16 22:35:32<\/span><span class='av-structured-data'  itemprop=\"mainEntityOfPage\" itemtype=\"https:\/\/schema.org\/mainEntityOfPage\" ><span itemprop='name'>Pascal saisit l&rsquo;opportunit\u00e9 interne de devenir Conducteur d&rsquo;Engins \u00e0 bras t\u00e9l\u00e9scopique<\/span><\/span><\/span><\/article><article class='slide-entry flex_column  post-entry post-entry-7594 slide-entry-overview slide-loop-63 slide-parity-odd  av_one_third  real-thumbnail posttype-post post-format-standard'  itemscope=\"itemscope\" itemtype=\"https:\/\/schema.org\/CreativeWork\" ><a href='https:\/\/www.transports-coue.fr\/fr\/le-transport-de-plantes-et-fleurs-demandent-beaucoup-de-precautions-du-chargement-a-la-livraison-en-porteur-hayon\/' data-rel='slide-1' class='slide-image' title='Le transport de plantes et fleurs demandent beaucoup de pr\u00e9cautions, du chargement \u00e0 la livraison en porteur hayon !'><img decoding=\"async\" fetchpriority=\"high\" width=\"845\" height=\"321\" src=\"https:\/\/www.transports-coue.fr\/wp-content\/uploads\/2022\/03\/transports-coue-transport-plantes-fleurs.png\" class=\"wp-image-7597 avia-img-lazy-loading-not-7597 attachment-no scaling size-no scaling wp-post-image\" alt=\"Transport Cou\u00e9 livraison plantes et fleurs avec beaucoup de pr\u00e9cautions du chargement \u00e0 la livraison en porteur hayon\" srcset=\"https:\/\/www.transports-coue.fr\/wp-content\/uploads\/2022\/03\/transports-coue-transport-plantes-fleurs.png 845w, https:\/\/www.transports-coue.fr\/wp-content\/uploads\/2022\/03\/transports-coue-transport-plantes-fleurs-300x114.png 300w, https:\/\/www.transports-coue.fr\/wp-content\/uploads\/2022\/03\/transports-coue-transport-plantes-fleurs-80x30.png 80w, https:\/\/www.transports-coue.fr\/wp-content\/uploads\/2022\/03\/transports-coue-transport-plantes-fleurs-768x292.png 768w, https:\/\/www.transports-coue.fr\/wp-content\/uploads\/2022\/03\/transports-coue-transport-plantes-fleurs-705x268.png 705w\" sizes=\"(max-width: 845px) 100vw, 845px\" \/><\/a><div class=\"slide-content\"><header class=\"entry-content-header\" aria-label=\"Slide: Le transport de plantes et fleurs demandent beaucoup de pr\u00e9cautions, du chargement \u00e0 la livraison en porteur hayon !\"><h3 class='slide-entry-title entry-title '  itemprop=\"headline\" ><a href='https:\/\/www.transports-coue.fr\/fr\/le-transport-de-plantes-et-fleurs-demandent-beaucoup-de-precautions-du-chargement-a-la-livraison-en-porteur-hayon\/' title='Le transport de plantes et fleurs demandent beaucoup de pr\u00e9cautions, du chargement \u00e0 la livraison en porteur hayon !'>Le transport de plantes et fleurs demandent beaucoup de pr\u00e9cautions, du chargement \u00e0 la livraison en porteur hayon !<\/a><\/h3><span class=\"blog-categories minor-meta\"><a href=\"https:\/\/www.transports-coue.fr\/fr\/category\/actualites\/\" rel=\"tag\">Actualit\u00e9s<\/a>, <a href=\"https:\/\/www.transports-coue.fr\/fr\/category\/actualites\/developpement\/\" rel=\"tag\">D\u00e9veloppement<\/a> <\/span><span class=\"av-vertical-delimiter\"><\/span><\/header><div class='slide-entry-excerpt entry-content'  itemprop=\"text\" >\nCa sent bon le Printemps \ud83c\udf31\ud83c\udf37 dans nos camions, la saison des plantes d\u00e9marre !\n\n\n\u00a0\n\n\nLe transport des plantes, fleurs, v\u00e9g\u00e9taux, fragiles et p\u00e9rissables, demande : \n\n\n\n \tpr\u00e9cision \ud83e\uddd0 et soin dans le chargement, l\u2019arrimage des\u2026<div class=\"read-more-link\"><a href=\"https:\/\/www.transports-coue.fr\/fr\/le-transport-de-plantes-et-fleurs-demandent-beaucoup-de-precautions-du-chargement-a-la-livraison-en-porteur-hayon\/\" class=\"more-link\">Lire la suite<span class='more-link-arrow avia-svg-icon avia-font-svg_entypo-fontello' data-av_svg_icon='right-open-big' data-av_iconset='svg_entypo-fontello'><svg version=\"1.1\" xmlns=\"http:\/\/www.w3.org\/2000\/svg\" width=\"15\" height=\"32\" viewBox=\"0 0 15 32\" preserveAspectRatio=\"xMidYMid meet\" role=\"graphics-symbol\" aria-hidden=\"true\">\n<path d=\"M0.416 27.84l11.456-11.84-11.456-11.904q-0.832-0.832 0-1.536 0.832-0.832 1.536 0l12.544 12.608q0.768 0.832 0 1.6l-12.544 12.608q-0.704 0.832-1.536 0-0.832-0.704 0-1.536z\"><\/path>\n<\/svg><\/span><\/a><\/div><\/div><\/div><footer class=\"entry-footer\"><div class=\"slide-meta\"><time class='slide-meta-time updated'  itemprop=\"datePublished\" datetime=\"2022-03-11T16:27:18+01:00\" >11 mars 2022<\/time><\/div><\/footer><span class='hidden'>\n\t\t\t\t<span class='av-structured-data'  itemprop=\"image\" itemscope=\"itemscope\" itemtype=\"https:\/\/schema.org\/ImageObject\" >\n\t\t\t\t\t\t<span itemprop='url'>https:\/\/www.transports-coue.fr\/wp-content\/uploads\/2022\/03\/transports-coue-transport-plantes-fleurs.png<\/span>\n\t\t\t\t\t\t<span itemprop='height'>321<\/span>\n\t\t\t\t\t\t<span itemprop='width'>845<\/span>\n\t\t\t\t<\/span>\n\t\t\t\t<span class='av-structured-data'  itemprop=\"publisher\" itemtype=\"https:\/\/schema.org\/Organization\" itemscope=\"itemscope\" >\n\t\t\t\t\t\t<span itemprop='name'>Transports Cou\u00e9<\/span>\n\t\t\t\t\t\t<span itemprop='logo' itemscope itemtype='https:\/\/schema.org\/ImageObject'>\n\t\t\t\t\t\t\t<span itemprop='url'>https:\/\/www.transports-coue.fr\/wp-content\/uploads\/2018\/10\/Logo-transports-coue-300x119.png<\/span>\n\t\t\t\t\t\t<\/span>\n\t\t\t\t<\/span><span class='av-structured-data'  itemprop=\"author\" itemscope=\"itemscope\" itemtype=\"https:\/\/schema.org\/Person\" ><span itemprop='name'>Transports Cou\u00e9<\/span><\/span><span class='av-structured-data'  itemprop=\"datePublished\" datetime=\"2018-10-04T10:16:12+02:00\" >2022-03-11 16:27:18<\/span><span class='av-structured-data'  itemprop=\"dateModified\" itemtype=\"https:\/\/schema.org\/dateModified\" >2022-06-20 10:21:18<\/span><span class='av-structured-data'  itemprop=\"mainEntityOfPage\" itemtype=\"https:\/\/schema.org\/mainEntityOfPage\" ><span itemprop='name'>Le transport de plantes et fleurs demandent beaucoup de pr\u00e9cautions, du chargement \u00e0 la livraison en porteur hayon !<\/span><\/span><\/span><\/article><\/div><div class=\"slide-entry-wrap\"><article class='slide-entry flex_column  post-entry post-entry-7510 slide-entry-overview slide-loop-64 slide-parity-odd  av_one_third first real-thumbnail posttype-post post-format-standard'  itemscope=\"itemscope\" itemtype=\"https:\/\/schema.org\/CreativeWork\" ><a href='https:\/\/www.transports-coue.fr\/fr\/david-devient-formateur-interne-de-nos-conducteurs\/' data-rel='slide-1' class='slide-image' title='David devient Formateur Interne de nos Conducteurs !'><img decoding=\"async\" fetchpriority=\"high\" width=\"845\" height=\"321\" src=\"https:\/\/www.transports-coue.fr\/wp-content\/uploads\/2022\/02\/coue-trm-group-david-formateur-interne-rse-web.jpg\" class=\"wp-image-7515 avia-img-lazy-loading-not-7515 attachment-no scaling size-no scaling wp-post-image\" alt=\"David devient Formateur Interne des Transports Cou\u00e9, TRM et TCM\" srcset=\"https:\/\/www.transports-coue.fr\/wp-content\/uploads\/2022\/02\/coue-trm-group-david-formateur-interne-rse-web.jpg 845w, https:\/\/www.transports-coue.fr\/wp-content\/uploads\/2022\/02\/coue-trm-group-david-formateur-interne-rse-web-300x114.jpg 300w, https:\/\/www.transports-coue.fr\/wp-content\/uploads\/2022\/02\/coue-trm-group-david-formateur-interne-rse-web-80x30.jpg 80w, https:\/\/www.transports-coue.fr\/wp-content\/uploads\/2022\/02\/coue-trm-group-david-formateur-interne-rse-web-768x292.jpg 768w, https:\/\/www.transports-coue.fr\/wp-content\/uploads\/2022\/02\/coue-trm-group-david-formateur-interne-rse-web-705x268.jpg 705w\" sizes=\"(max-width: 845px) 100vw, 845px\" \/><\/a><div class=\"slide-content\"><header class=\"entry-content-header\" aria-label=\"Slide: David devient Formateur Interne de nos Conducteurs !\"><h3 class='slide-entry-title entry-title '  itemprop=\"headline\" ><a href='https:\/\/www.transports-coue.fr\/fr\/david-devient-formateur-interne-de-nos-conducteurs\/' title='David devient Formateur Interne de nos Conducteurs !'>David devient Formateur Interne de nos Conducteurs !<\/a><\/h3><span class=\"blog-categories minor-meta\"><a href=\"https:\/\/www.transports-coue.fr\/fr\/category\/actualites\/\" rel=\"tag\">Actualit\u00e9s<\/a>, <a href=\"https:\/\/www.transports-coue.fr\/fr\/category\/actualites\/developpement\/\" rel=\"tag\">D\u00e9veloppement<\/a> <\/span><span class=\"av-vertical-delimiter\"><\/span><\/header><div class='slide-entry-excerpt entry-content'  itemprop=\"text\" >\nNous avons le plaisir de d\u00e9marrer notre nouvelle s\u00e9rie \" \ud835\uddd9\ud835\uddee\ud835\uddf6\ud835\ude00\ud835\uddfc\ud835\uddfb\ud835\ude00 \ud835\uddf9\ud835\uddee \ud835\uddff\ud835\uddfc\ud835\ude02\ud835\ude01\ud835\uddf2 \ud835\uddf2\ud835\uddfb\ud835\ude00\ud835\uddf2\ud835\uddfa\ud835\uddef\ud835\uddf9\ud835\uddf2 \" en vous informant des nouvelles missions de David en tant que \ud835\uddd9\ud835\uddfc\ud835\uddff\ud835\uddfa\ud835\uddee\ud835\ude01\ud835\uddf2\ud835\ude02\ud835\uddff\u2026<div class=\"read-more-link\"><a href=\"https:\/\/www.transports-coue.fr\/fr\/david-devient-formateur-interne-de-nos-conducteurs\/\" class=\"more-link\">Lire la suite<span class='more-link-arrow avia-svg-icon avia-font-svg_entypo-fontello' data-av_svg_icon='right-open-big' data-av_iconset='svg_entypo-fontello'><svg version=\"1.1\" xmlns=\"http:\/\/www.w3.org\/2000\/svg\" width=\"15\" height=\"32\" viewBox=\"0 0 15 32\" preserveAspectRatio=\"xMidYMid meet\" role=\"graphics-symbol\" aria-hidden=\"true\">\n<path d=\"M0.416 27.84l11.456-11.84-11.456-11.904q-0.832-0.832 0-1.536 0.832-0.832 1.536 0l12.544 12.608q0.768 0.832 0 1.6l-12.544 12.608q-0.704 0.832-1.536 0-0.832-0.704 0-1.536z\"><\/path>\n<\/svg><\/span><\/a><\/div><\/div><\/div><footer class=\"entry-footer\"><div class=\"slide-meta\"><time class='slide-meta-time updated'  itemprop=\"datePublished\" datetime=\"2022-02-25T17:44:55+01:00\" >25 f\u00e9vrier 2022<\/time><\/div><\/footer><span class='hidden'>\n\t\t\t\t<span class='av-structured-data'  itemprop=\"image\" itemscope=\"itemscope\" itemtype=\"https:\/\/schema.org\/ImageObject\" >\n\t\t\t\t\t\t<span itemprop='url'>https:\/\/www.transports-coue.fr\/wp-content\/uploads\/2022\/02\/coue-trm-group-david-formateur-interne-rse-web.jpg<\/span>\n\t\t\t\t\t\t<span itemprop='height'>321<\/span>\n\t\t\t\t\t\t<span itemprop='width'>845<\/span>\n\t\t\t\t<\/span>\n\t\t\t\t<span class='av-structured-data'  itemprop=\"publisher\" itemtype=\"https:\/\/schema.org\/Organization\" itemscope=\"itemscope\" >\n\t\t\t\t\t\t<span itemprop='name'>Transports Cou\u00e9<\/span>\n\t\t\t\t\t\t<span itemprop='logo' itemscope itemtype='https:\/\/schema.org\/ImageObject'>\n\t\t\t\t\t\t\t<span itemprop='url'>https:\/\/www.transports-coue.fr\/wp-content\/uploads\/2018\/10\/Logo-transports-coue-300x119.png<\/span>\n\t\t\t\t\t\t<\/span>\n\t\t\t\t<\/span><span class='av-structured-data'  itemprop=\"author\" itemscope=\"itemscope\" itemtype=\"https:\/\/schema.org\/Person\" ><span itemprop='name'>Transports Cou\u00e9<\/span><\/span><span class='av-structured-data'  itemprop=\"datePublished\" datetime=\"2018-10-04T10:16:12+02:00\" >2022-02-25 17:44:55<\/span><span class='av-structured-data'  itemprop=\"dateModified\" itemtype=\"https:\/\/schema.org\/dateModified\" >2022-03-03 17:29:06<\/span><span class='av-structured-data'  itemprop=\"mainEntityOfPage\" itemtype=\"https:\/\/schema.org\/mainEntityOfPage\" ><span itemprop='name'>David devient Formateur Interne de nos Conducteurs !<\/span><\/span><\/span><\/article><article class='slide-entry flex_column  post-entry post-entry-6593 slide-entry-overview slide-loop-65 slide-parity-even  av_one_third  real-thumbnail posttype-post post-format-standard'  itemscope=\"itemscope\" itemtype=\"https:\/\/schema.org\/CreativeWork\" ><a href='https:\/\/www.transports-coue.fr\/fr\/vous-rencontrez-des-difficultes-a-importer-vos-containers\/' data-rel='slide-1' class='slide-image' title='Vous rencontrez des difficult\u00e9s \u00e0 importer vos containers ?'><img decoding=\"async\" fetchpriority=\"high\" width=\"845\" height=\"321\" src=\"https:\/\/www.transports-coue.fr\/wp-content\/uploads\/2021\/10\/solutions-importations-containers-transport-maritime-1.jpg\" class=\"wp-image-6597 avia-img-lazy-loading-not-6597 attachment-no scaling size-no scaling wp-post-image\" alt=\"Solutions pour l&#039;importation de containers en transport maritime\" srcset=\"https:\/\/www.transports-coue.fr\/wp-content\/uploads\/2021\/10\/solutions-importations-containers-transport-maritime-1.jpg 845w, https:\/\/www.transports-coue.fr\/wp-content\/uploads\/2021\/10\/solutions-importations-containers-transport-maritime-1-300x114.jpg 300w, https:\/\/www.transports-coue.fr\/wp-content\/uploads\/2021\/10\/solutions-importations-containers-transport-maritime-1-80x30.jpg 80w, https:\/\/www.transports-coue.fr\/wp-content\/uploads\/2021\/10\/solutions-importations-containers-transport-maritime-1-768x292.jpg 768w, https:\/\/www.transports-coue.fr\/wp-content\/uploads\/2021\/10\/solutions-importations-containers-transport-maritime-1-705x268.jpg 705w\" sizes=\"(max-width: 845px) 100vw, 845px\" \/><\/a><div class=\"slide-content\"><header class=\"entry-content-header\" aria-label=\"Slide: Vous rencontrez des difficult\u00e9s \u00e0 importer vos containers ?\"><h3 class='slide-entry-title entry-title '  itemprop=\"headline\" ><a href='https:\/\/www.transports-coue.fr\/fr\/vous-rencontrez-des-difficultes-a-importer-vos-containers\/' title='Vous rencontrez des difficult\u00e9s \u00e0 importer vos containers ?'>Vous rencontrez des difficult\u00e9s \u00e0 importer vos containers ?<\/a><\/h3><span class=\"blog-categories minor-meta\"><a href=\"https:\/\/www.transports-coue.fr\/fr\/category\/actualites\/\" rel=\"tag\">Actualit\u00e9s<\/a>, <a href=\"https:\/\/www.transports-coue.fr\/fr\/category\/actualites\/developpement\/\" rel=\"tag\">D\u00e9veloppement<\/a>, <a href=\"https:\/\/www.transports-coue.fr\/fr\/category\/actualites\/developpement\/developpement-overseas\/\" rel=\"tag\">D\u00e9veloppement Overseas<\/a> <\/span><span class=\"av-vertical-delimiter\"><\/span><\/header><div class='slide-entry-excerpt entry-content'  itemprop=\"text\" >[SOLUTIONS] Espace Navire pour vos approvisionnements.\n\nVous \u00eates importateur d'Asie et rencontrez des difficult\u00e9s pour approvisionner vos produits via le transport maritime ?\nNos \u00e9quipes Sotecan International disposent de solutions vous\u2026<div class=\"read-more-link\"><a href=\"https:\/\/www.transports-coue.fr\/fr\/vous-rencontrez-des-difficultes-a-importer-vos-containers\/\" class=\"more-link\">Lire la suite<span class='more-link-arrow avia-svg-icon avia-font-svg_entypo-fontello' data-av_svg_icon='right-open-big' data-av_iconset='svg_entypo-fontello'><svg version=\"1.1\" xmlns=\"http:\/\/www.w3.org\/2000\/svg\" width=\"15\" height=\"32\" viewBox=\"0 0 15 32\" preserveAspectRatio=\"xMidYMid meet\" role=\"graphics-symbol\" aria-hidden=\"true\">\n<path d=\"M0.416 27.84l11.456-11.84-11.456-11.904q-0.832-0.832 0-1.536 0.832-0.832 1.536 0l12.544 12.608q0.768 0.832 0 1.6l-12.544 12.608q-0.704 0.832-1.536 0-0.832-0.704 0-1.536z\"><\/path>\n<\/svg><\/span><\/a><\/div><\/div><\/div><footer class=\"entry-footer\"><div class=\"slide-meta\"><time class='slide-meta-time updated'  itemprop=\"datePublished\" datetime=\"2021-10-14T17:31:15+02:00\" >14 octobre 2021<\/time><\/div><\/footer><span class='hidden'>\n\t\t\t\t<span class='av-structured-data'  itemprop=\"image\" itemscope=\"itemscope\" itemtype=\"https:\/\/schema.org\/ImageObject\" >\n\t\t\t\t\t\t<span itemprop='url'>https:\/\/www.transports-coue.fr\/wp-content\/uploads\/2021\/10\/solutions-importations-containers-transport-maritime-1.jpg<\/span>\n\t\t\t\t\t\t<span itemprop='height'>321<\/span>\n\t\t\t\t\t\t<span itemprop='width'>845<\/span>\n\t\t\t\t<\/span>\n\t\t\t\t<span class='av-structured-data'  itemprop=\"publisher\" itemtype=\"https:\/\/schema.org\/Organization\" itemscope=\"itemscope\" >\n\t\t\t\t\t\t<span itemprop='name'>Transports Cou\u00e9<\/span>\n\t\t\t\t\t\t<span itemprop='logo' itemscope itemtype='https:\/\/schema.org\/ImageObject'>\n\t\t\t\t\t\t\t<span itemprop='url'>https:\/\/www.transports-coue.fr\/wp-content\/uploads\/2018\/10\/Logo-transports-coue-300x119.png<\/span>\n\t\t\t\t\t\t<\/span>\n\t\t\t\t<\/span><span class='av-structured-data'  itemprop=\"author\" itemscope=\"itemscope\" itemtype=\"https:\/\/schema.org\/Person\" ><span itemprop='name'>Transports Cou\u00e9<\/span><\/span><span class='av-structured-data'  itemprop=\"datePublished\" datetime=\"2018-10-04T10:16:12+02:00\" >2021-10-14 17:31:15<\/span><span class='av-structured-data'  itemprop=\"dateModified\" itemtype=\"https:\/\/schema.org\/dateModified\" >2021-10-16 12:31:59<\/span><span class='av-structured-data'  itemprop=\"mainEntityOfPage\" itemtype=\"https:\/\/schema.org\/mainEntityOfPage\" ><span itemprop='name'>Vous rencontrez des difficult\u00e9s \u00e0 importer vos containers ?<\/span><\/span><\/span><\/article><article class='slide-entry flex_column  post-entry post-entry-6383 slide-entry-overview slide-loop-66 slide-parity-odd  av_one_third  real-thumbnail posttype-post post-format-standard'  itemscope=\"itemscope\" itemtype=\"https:\/\/schema.org\/CreativeWork\" ><a href='https:\/\/www.transports-coue.fr\/fr\/nouvelles-reglementations-logistiques-expliquees-par-annabelle-courteille\/' data-rel='slide-1' class='slide-image' title='Nouvelles r\u00e9glementations Logistiques expliqu\u00e9es par Annabelle Courteille'><img decoding=\"async\" fetchpriority=\"high\" width=\"845\" height=\"321\" src=\"https:\/\/www.transports-coue.fr\/wp-content\/uploads\/2021\/09\/Groupe-Coue-expertise-logistique-nouvelles-reglementations.jpg\" class=\"wp-image-6386 avia-img-lazy-loading-not-6386 attachment-no scaling size-no scaling wp-post-image\" alt=\"Conf\u00e9rence sur les nouvelles r\u00e9glementations logistiques avec Annabelle COURTEILLE du Groupe Cou\u00e9\" srcset=\"https:\/\/www.transports-coue.fr\/wp-content\/uploads\/2021\/09\/Groupe-Coue-expertise-logistique-nouvelles-reglementations.jpg 845w, https:\/\/www.transports-coue.fr\/wp-content\/uploads\/2021\/09\/Groupe-Coue-expertise-logistique-nouvelles-reglementations-300x114.jpg 300w, https:\/\/www.transports-coue.fr\/wp-content\/uploads\/2021\/09\/Groupe-Coue-expertise-logistique-nouvelles-reglementations-80x30.jpg 80w, https:\/\/www.transports-coue.fr\/wp-content\/uploads\/2021\/09\/Groupe-Coue-expertise-logistique-nouvelles-reglementations-768x292.jpg 768w, https:\/\/www.transports-coue.fr\/wp-content\/uploads\/2021\/09\/Groupe-Coue-expertise-logistique-nouvelles-reglementations-705x268.jpg 705w\" sizes=\"(max-width: 845px) 100vw, 845px\" \/><\/a><div class=\"slide-content\"><header class=\"entry-content-header\" aria-label=\"Slide: Nouvelles r\u00e9glementations Logistiques expliqu\u00e9es par Annabelle Courteille\"><h3 class='slide-entry-title entry-title '  itemprop=\"headline\" ><a href='https:\/\/www.transports-coue.fr\/fr\/nouvelles-reglementations-logistiques-expliquees-par-annabelle-courteille\/' title='Nouvelles r\u00e9glementations Logistiques expliqu\u00e9es par Annabelle Courteille'>Nouvelles r\u00e9glementations Logistiques expliqu\u00e9es par Annabelle Courteille<\/a><\/h3><span class=\"blog-categories minor-meta\"><a href=\"https:\/\/www.transports-coue.fr\/fr\/category\/actualites\/\" rel=\"tag\">Actualit\u00e9s<\/a>, <a href=\"https:\/\/www.transports-coue.fr\/fr\/category\/actualites\/developpement\/\" rel=\"tag\">D\u00e9veloppement<\/a>, <a href=\"https:\/\/www.transports-coue.fr\/fr\/category\/actualites\/developpement\/developpement-logistique\/\" rel=\"tag\">D\u00e9veloppement Logistique<\/a> <\/span><span class=\"av-vertical-delimiter\"><\/span><\/header><div class='slide-entry-excerpt entry-content'  itemprop=\"text\" >\u26a1\ud835\uddd4\ud835\uddfb\ud835\uddfb\ud835\uddee\ud835\uddef\ud835\uddf2\ud835\uddf9\ud835\uddf9\ud835\uddf2 \ud835\uddd6\ud835\uddfc\ud835\ude02\ud835\uddff\ud835\ude01\ud835\uddf2\ud835\uddf6\ud835\uddf9\ud835\uddf9\ud835\uddf2, notre Ing\u00e9nieure Commercial \ud835\udddf\ud835\uddfc\ud835\uddf4\ud835\uddf6\ud835\ude00\ud835\ude01\ud835\uddf6\ud835\uddfe\ud835\ude02\ud835\uddf2 du Groupe Cou\u00e9, \ud83c\udfa4 a apport\u00e9 son \ud835\uddf2\ud835\ude05\ud835\uddfd\ud835\uddf2\ud835\uddff\ud835\ude01\ud835\uddf6\ud835\ude00\ud835\uddf2 sur la \ud835\uddf0\ud835\uddfc\ud835\uddfa\ud835\uddfd\ud835\uddf9\ud835\uddf2\ud835\ude05\ud835\uddf6\ud835\ude01\ud835\uddf2\u0301\u2026<div class=\"read-more-link\"><a href=\"https:\/\/www.transports-coue.fr\/fr\/nouvelles-reglementations-logistiques-expliquees-par-annabelle-courteille\/\" class=\"more-link\">Lire la suite<span class='more-link-arrow avia-svg-icon avia-font-svg_entypo-fontello' data-av_svg_icon='right-open-big' data-av_iconset='svg_entypo-fontello'><svg version=\"1.1\" xmlns=\"http:\/\/www.w3.org\/2000\/svg\" width=\"15\" height=\"32\" viewBox=\"0 0 15 32\" preserveAspectRatio=\"xMidYMid meet\" role=\"graphics-symbol\" aria-hidden=\"true\">\n<path d=\"M0.416 27.84l11.456-11.84-11.456-11.904q-0.832-0.832 0-1.536 0.832-0.832 1.536 0l12.544 12.608q0.768 0.832 0 1.6l-12.544 12.608q-0.704 0.832-1.536 0-0.832-0.704 0-1.536z\"><\/path>\n<\/svg><\/span><\/a><\/div><\/div><\/div><footer class=\"entry-footer\"><div class=\"slide-meta\"><time class='slide-meta-time updated'  itemprop=\"datePublished\" datetime=\"2021-09-15T10:57:32+02:00\" >15 septembre 2021<\/time><\/div><\/footer><span class='hidden'>\n\t\t\t\t<span class='av-structured-data'  itemprop=\"image\" itemscope=\"itemscope\" itemtype=\"https:\/\/schema.org\/ImageObject\" >\n\t\t\t\t\t\t<span itemprop='url'>https:\/\/www.transports-coue.fr\/wp-content\/uploads\/2021\/09\/Groupe-Coue-expertise-logistique-nouvelles-reglementations.jpg<\/span>\n\t\t\t\t\t\t<span itemprop='height'>321<\/span>\n\t\t\t\t\t\t<span itemprop='width'>845<\/span>\n\t\t\t\t<\/span>\n\t\t\t\t<span class='av-structured-data'  itemprop=\"publisher\" itemtype=\"https:\/\/schema.org\/Organization\" itemscope=\"itemscope\" >\n\t\t\t\t\t\t<span itemprop='name'>Transports Cou\u00e9<\/span>\n\t\t\t\t\t\t<span itemprop='logo' itemscope itemtype='https:\/\/schema.org\/ImageObject'>\n\t\t\t\t\t\t\t<span itemprop='url'>https:\/\/www.transports-coue.fr\/wp-content\/uploads\/2018\/10\/Logo-transports-coue-300x119.png<\/span>\n\t\t\t\t\t\t<\/span>\n\t\t\t\t<\/span><span class='av-structured-data'  itemprop=\"author\" itemscope=\"itemscope\" itemtype=\"https:\/\/schema.org\/Person\" ><span itemprop='name'>Transports Cou\u00e9<\/span><\/span><span class='av-structured-data'  itemprop=\"datePublished\" datetime=\"2018-10-04T10:16:12+02:00\" >2021-09-15 10:57:32<\/span><span class='av-structured-data'  itemprop=\"dateModified\" itemtype=\"https:\/\/schema.org\/dateModified\" >2021-09-17 20:18:03<\/span><span class='av-structured-data'  itemprop=\"mainEntityOfPage\" itemtype=\"https:\/\/schema.org\/mainEntityOfPage\" ><span itemprop='name'>Nouvelles r\u00e9glementations Logistiques expliqu\u00e9es par Annabelle Courteille<\/span><\/span><\/span><\/article><\/div><div class=\"slide-entry-wrap\"><article class='slide-entry flex_column  post-entry post-entry-5822 slide-entry-overview slide-loop-67 slide-parity-odd  av_one_third first real-thumbnail posttype-post post-format-standard'  itemscope=\"itemscope\" itemtype=\"https:\/\/schema.org\/CreativeWork\" ><a href='https:\/\/www.transports-coue.fr\/fr\/les-transports-coue-sont-officiellement-charte-co2\/' data-rel='slide-1' class='slide-image' title='Les Transports Cou\u00e9 sont officiellement chart\u00e9s Objectif CO2 !'><img decoding=\"async\" fetchpriority=\"high\" width=\"807\" height=\"300\" src=\"https:\/\/www.transports-coue.fr\/wp-content\/uploads\/2021\/07\/Transports-Coue-Charte-CO2-Environnement-2021.jpg\" class=\"wp-image-5820 avia-img-lazy-loading-not-5820 attachment-no scaling size-no scaling wp-post-image\" alt=\"Les Transports Cou\u00e9 officiellement chart\u00e9s CO2\" srcset=\"https:\/\/www.transports-coue.fr\/wp-content\/uploads\/2021\/07\/Transports-Coue-Charte-CO2-Environnement-2021.jpg 807w, https:\/\/www.transports-coue.fr\/wp-content\/uploads\/2021\/07\/Transports-Coue-Charte-CO2-Environnement-2021-300x112.jpg 300w, https:\/\/www.transports-coue.fr\/wp-content\/uploads\/2021\/07\/Transports-Coue-Charte-CO2-Environnement-2021-80x30.jpg 80w, https:\/\/www.transports-coue.fr\/wp-content\/uploads\/2021\/07\/Transports-Coue-Charte-CO2-Environnement-2021-768x286.jpg 768w, https:\/\/www.transports-coue.fr\/wp-content\/uploads\/2021\/07\/Transports-Coue-Charte-CO2-Environnement-2021-705x262.jpg 705w\" sizes=\"(max-width: 807px) 100vw, 807px\" \/><\/a><div class=\"slide-content\"><header class=\"entry-content-header\" aria-label=\"Slide: Les Transports Cou\u00e9 sont officiellement chart\u00e9s Objectif CO2 !\"><h3 class='slide-entry-title entry-title '  itemprop=\"headline\" ><a href='https:\/\/www.transports-coue.fr\/fr\/les-transports-coue-sont-officiellement-charte-co2\/' title='Les Transports Cou\u00e9 sont officiellement chart\u00e9s Objectif CO2 !'>Les Transports Cou\u00e9 sont officiellement chart\u00e9s Objectif CO2 !<\/a><\/h3><span class=\"blog-categories minor-meta\"><a href=\"https:\/\/www.transports-coue.fr\/fr\/category\/actualites\/\" rel=\"tag\">Actualit\u00e9s<\/a>, <a href=\"https:\/\/www.transports-coue.fr\/fr\/category\/actualites\/developpement\/\" rel=\"tag\">D\u00e9veloppement<\/a> <\/span><span class=\"av-vertical-delimiter\"><\/span><\/header><div class='slide-entry-excerpt entry-content'  itemprop=\"text\" >\n\ud83d\ude9b Conscients de notre impact environnemental en tant que transporteur, nous souhaitions pouvoir nous inscrire, \u00e0 notre \u00e9chelle, dans la Strat\u00e9gie Nationale Bas-carbone (SNBC).\n\n\n\n\ud83c\udf0d Etre chart\u00e9 Objectif CO2 aujourd\u2019hui est l\u2019aboutissement\u2026<div class=\"read-more-link\"><a href=\"https:\/\/www.transports-coue.fr\/fr\/les-transports-coue-sont-officiellement-charte-co2\/\" class=\"more-link\">Lire la suite<span class='more-link-arrow avia-svg-icon avia-font-svg_entypo-fontello' data-av_svg_icon='right-open-big' data-av_iconset='svg_entypo-fontello'><svg version=\"1.1\" xmlns=\"http:\/\/www.w3.org\/2000\/svg\" width=\"15\" height=\"32\" viewBox=\"0 0 15 32\" preserveAspectRatio=\"xMidYMid meet\" role=\"graphics-symbol\" aria-hidden=\"true\">\n<path d=\"M0.416 27.84l11.456-11.84-11.456-11.904q-0.832-0.832 0-1.536 0.832-0.832 1.536 0l12.544 12.608q0.768 0.832 0 1.6l-12.544 12.608q-0.704 0.832-1.536 0-0.832-0.704 0-1.536z\"><\/path>\n<\/svg><\/span><\/a><\/div><\/div><\/div><footer class=\"entry-footer\"><div class=\"slide-meta\"><time class='slide-meta-time updated'  itemprop=\"datePublished\" datetime=\"2021-07-16T15:25:36+02:00\" >16 juillet 2021<\/time><\/div><\/footer><span class='hidden'>\n\t\t\t\t<span class='av-structured-data'  itemprop=\"image\" itemscope=\"itemscope\" itemtype=\"https:\/\/schema.org\/ImageObject\" >\n\t\t\t\t\t\t<span itemprop='url'>https:\/\/www.transports-coue.fr\/wp-content\/uploads\/2021\/07\/Transports-Coue-Charte-CO2-Environnement-2021.jpg<\/span>\n\t\t\t\t\t\t<span itemprop='height'>300<\/span>\n\t\t\t\t\t\t<span itemprop='width'>807<\/span>\n\t\t\t\t<\/span>\n\t\t\t\t<span class='av-structured-data'  itemprop=\"publisher\" itemtype=\"https:\/\/schema.org\/Organization\" itemscope=\"itemscope\" >\n\t\t\t\t\t\t<span itemprop='name'>Transports Cou\u00e9<\/span>\n\t\t\t\t\t\t<span itemprop='logo' itemscope itemtype='https:\/\/schema.org\/ImageObject'>\n\t\t\t\t\t\t\t<span itemprop='url'>https:\/\/www.transports-coue.fr\/wp-content\/uploads\/2018\/10\/Logo-transports-coue-300x119.png<\/span>\n\t\t\t\t\t\t<\/span>\n\t\t\t\t<\/span><span class='av-structured-data'  itemprop=\"author\" itemscope=\"itemscope\" itemtype=\"https:\/\/schema.org\/Person\" ><span itemprop='name'>Transports Cou\u00e9<\/span><\/span><span class='av-structured-data'  itemprop=\"datePublished\" datetime=\"2018-10-04T10:16:12+02:00\" >2021-07-16 15:25:36<\/span><span class='av-structured-data'  itemprop=\"dateModified\" itemtype=\"https:\/\/schema.org\/dateModified\" >2023-08-18 16:54:05<\/span><span class='av-structured-data'  itemprop=\"mainEntityOfPage\" itemtype=\"https:\/\/schema.org\/mainEntityOfPage\" ><span itemprop='name'>Les Transports Cou\u00e9 sont officiellement chart\u00e9s Objectif CO2 !<\/span><\/span><\/span><\/article><article class='slide-entry flex_column  post-entry post-entry-5661 slide-entry-overview slide-loop-68 slide-parity-even  av_one_third  real-thumbnail posttype-post post-format-standard'  itemscope=\"itemscope\" itemtype=\"https:\/\/schema.org\/CreativeWork\" ><a href='https:\/\/www.transports-coue.fr\/fr\/transports-coue-trm-mdl-dans-la-gazette-de-pfm-palbank\/' data-rel='slide-1' class='slide-image' title='TRANSPORTS COUE, TRM &#038; MDL dans la Gazette de PFM PALBANK'><img decoding=\"async\" fetchpriority=\"high\" width=\"845\" height=\"321\" src=\"https:\/\/www.transports-coue.fr\/wp-content\/uploads\/2021\/06\/transports-coue-trm-mdl-presentation-gazette-pdm-palbank-1.jpg\" class=\"wp-image-5665 avia-img-lazy-loading-not-5665 attachment-no scaling size-no scaling wp-post-image\" alt=\"Pr\u00e9sentation Transports Cou\u00e9, TRM et MDL dans la Gazette de PFM PALBANK\" srcset=\"https:\/\/www.transports-coue.fr\/wp-content\/uploads\/2021\/06\/transports-coue-trm-mdl-presentation-gazette-pdm-palbank-1.jpg 845w, https:\/\/www.transports-coue.fr\/wp-content\/uploads\/2021\/06\/transports-coue-trm-mdl-presentation-gazette-pdm-palbank-1-300x114.jpg 300w, https:\/\/www.transports-coue.fr\/wp-content\/uploads\/2021\/06\/transports-coue-trm-mdl-presentation-gazette-pdm-palbank-1-80x30.jpg 80w, https:\/\/www.transports-coue.fr\/wp-content\/uploads\/2021\/06\/transports-coue-trm-mdl-presentation-gazette-pdm-palbank-1-768x292.jpg 768w, https:\/\/www.transports-coue.fr\/wp-content\/uploads\/2021\/06\/transports-coue-trm-mdl-presentation-gazette-pdm-palbank-1-705x268.jpg 705w\" sizes=\"(max-width: 845px) 100vw, 845px\" \/><\/a><div class=\"slide-content\"><header class=\"entry-content-header\" aria-label=\"Slide: TRANSPORTS COUE, TRM &amp; MDL dans la Gazette de PFM PALBANK\"><h3 class='slide-entry-title entry-title '  itemprop=\"headline\" ><a href='https:\/\/www.transports-coue.fr\/fr\/transports-coue-trm-mdl-dans-la-gazette-de-pfm-palbank\/' title='TRANSPORTS COUE, TRM &#038; MDL dans la Gazette de PFM PALBANK'>TRANSPORTS COUE, TRM &#038; MDL dans la Gazette de PFM PALBANK<\/a><\/h3><span class=\"blog-categories minor-meta\"><a href=\"https:\/\/www.transports-coue.fr\/fr\/category\/actualites\/\" rel=\"tag\">Actualit\u00e9s<\/a>, <a href=\"https:\/\/www.transports-coue.fr\/fr\/category\/actualites\/developpement\/\" rel=\"tag\">D\u00e9veloppement<\/a>, <a href=\"https:\/\/www.transports-coue.fr\/fr\/category\/actualites\/developpement\/developpement-logistique\/\" rel=\"tag\">D\u00e9veloppement Logistique<\/a> <\/span><span class=\"av-vertical-delimiter\"><\/span><\/header><div class='slide-entry-excerpt entry-content'  itemprop=\"text\" >Merci \u00e0 \ud835\udde3\ud835\uddd9\ud835\udde0 \ud835\udde3\ud835\uddd4\ud835\udddf\ud835\uddd5\ud835\uddd4\ud835\udde1\ud835\uddde pour cet article dans leur \ud835\uddda\ud835\uddee\ud835\ude07\ud835\uddf2\ud835\ude01\ud835\ude01\ud835\uddf2 \ud835\uddfb\u00b0\ud835\udff2.\n\nRetrouvez la pr\u00e9sentation de la solution PFM PALBANK sur leur site internet :\nhttps:\/\/www.pfm-solutions.fr\/\n\n#Palettes \u2026<div class=\"read-more-link\"><a href=\"https:\/\/www.transports-coue.fr\/fr\/transports-coue-trm-mdl-dans-la-gazette-de-pfm-palbank\/\" class=\"more-link\">Lire la suite<span class='more-link-arrow avia-svg-icon avia-font-svg_entypo-fontello' data-av_svg_icon='right-open-big' data-av_iconset='svg_entypo-fontello'><svg version=\"1.1\" xmlns=\"http:\/\/www.w3.org\/2000\/svg\" width=\"15\" height=\"32\" viewBox=\"0 0 15 32\" preserveAspectRatio=\"xMidYMid meet\" role=\"graphics-symbol\" aria-hidden=\"true\">\n<path d=\"M0.416 27.84l11.456-11.84-11.456-11.904q-0.832-0.832 0-1.536 0.832-0.832 1.536 0l12.544 12.608q0.768 0.832 0 1.6l-12.544 12.608q-0.704 0.832-1.536 0-0.832-0.704 0-1.536z\"><\/path>\n<\/svg><\/span><\/a><\/div><\/div><\/div><footer class=\"entry-footer\"><div class=\"slide-meta\"><time class='slide-meta-time updated'  itemprop=\"datePublished\" datetime=\"2021-06-18T15:46:31+02:00\" >18 juin 2021<\/time><\/div><\/footer><span class='hidden'>\n\t\t\t\t<span class='av-structured-data'  itemprop=\"image\" itemscope=\"itemscope\" itemtype=\"https:\/\/schema.org\/ImageObject\" >\n\t\t\t\t\t\t<span itemprop='url'>https:\/\/www.transports-coue.fr\/wp-content\/uploads\/2021\/06\/transports-coue-trm-mdl-presentation-gazette-pdm-palbank-1.jpg<\/span>\n\t\t\t\t\t\t<span itemprop='height'>321<\/span>\n\t\t\t\t\t\t<span itemprop='width'>845<\/span>\n\t\t\t\t<\/span>\n\t\t\t\t<span class='av-structured-data'  itemprop=\"publisher\" itemtype=\"https:\/\/schema.org\/Organization\" itemscope=\"itemscope\" >\n\t\t\t\t\t\t<span itemprop='name'>Transports Cou\u00e9<\/span>\n\t\t\t\t\t\t<span itemprop='logo' itemscope itemtype='https:\/\/schema.org\/ImageObject'>\n\t\t\t\t\t\t\t<span itemprop='url'>https:\/\/www.transports-coue.fr\/wp-content\/uploads\/2018\/10\/Logo-transports-coue-300x119.png<\/span>\n\t\t\t\t\t\t<\/span>\n\t\t\t\t<\/span><span class='av-structured-data'  itemprop=\"author\" itemscope=\"itemscope\" itemtype=\"https:\/\/schema.org\/Person\" ><span itemprop='name'>Transports Cou\u00e9<\/span><\/span><span class='av-structured-data'  itemprop=\"datePublished\" datetime=\"2018-10-04T10:16:12+02:00\" >2021-06-18 15:46:31<\/span><span class='av-structured-data'  itemprop=\"dateModified\" itemtype=\"https:\/\/schema.org\/dateModified\" >2021-06-25 19:06:11<\/span><span class='av-structured-data'  itemprop=\"mainEntityOfPage\" itemtype=\"https:\/\/schema.org\/mainEntityOfPage\" ><span itemprop='name'>TRANSPORTS COUE, TRM &#038; MDL dans la Gazette de PFM PALBANK<\/span><\/span><\/span><\/article><article class='slide-entry flex_column  post-entry post-entry-5302 slide-entry-overview slide-loop-69 slide-parity-odd  av_one_third  real-thumbnail posttype-post post-format-standard'  itemscope=\"itemscope\" itemtype=\"https:\/\/schema.org\/CreativeWork\" ><a href='https:\/\/www.transports-coue.fr\/fr\/alliance-des-transports-coue-et-trm-en-image\/' data-rel='slide-1' class='slide-image' title='L&rsquo;alliance Transports Cou\u00e9 et TRM en image !'><img decoding=\"async\" fetchpriority=\"high\" width=\"845\" height=\"321\" src=\"https:\/\/www.transports-coue.fr\/wp-content\/uploads\/2021\/05\/transports-coue-alliance-trm-entrepot-logistique-tcm.jpg\" class=\"wp-image-5300 avia-img-lazy-loading-not-5300 attachment-no scaling size-no scaling wp-post-image\" alt=\"L&#039;alliance des Transports Cou\u00e9 et du Groupe TRM en image\" srcset=\"https:\/\/www.transports-coue.fr\/wp-content\/uploads\/2021\/05\/transports-coue-alliance-trm-entrepot-logistique-tcm.jpg 845w, https:\/\/www.transports-coue.fr\/wp-content\/uploads\/2021\/05\/transports-coue-alliance-trm-entrepot-logistique-tcm-300x114.jpg 300w, https:\/\/www.transports-coue.fr\/wp-content\/uploads\/2021\/05\/transports-coue-alliance-trm-entrepot-logistique-tcm-80x30.jpg 80w, https:\/\/www.transports-coue.fr\/wp-content\/uploads\/2021\/05\/transports-coue-alliance-trm-entrepot-logistique-tcm-768x292.jpg 768w, https:\/\/www.transports-coue.fr\/wp-content\/uploads\/2021\/05\/transports-coue-alliance-trm-entrepot-logistique-tcm-705x268.jpg 705w\" sizes=\"(max-width: 845px) 100vw, 845px\" \/><\/a><div class=\"slide-content\"><header class=\"entry-content-header\" aria-label=\"Slide: L&#039;alliance Transports Cou\u00e9 et TRM en image !\"><h3 class='slide-entry-title entry-title '  itemprop=\"headline\" ><a href='https:\/\/www.transports-coue.fr\/fr\/alliance-des-transports-coue-et-trm-en-image\/' title='L&rsquo;alliance Transports Cou\u00e9 et TRM en image !'>L&rsquo;alliance Transports Cou\u00e9 et TRM en image !<\/a><\/h3><span class=\"blog-categories minor-meta\"><a href=\"https:\/\/www.transports-coue.fr\/fr\/category\/actualites\/\" rel=\"tag\">Actualit\u00e9s<\/a>, <a href=\"https:\/\/www.transports-coue.fr\/fr\/category\/actualites\/developpement\/\" rel=\"tag\">D\u00e9veloppement<\/a>, <a href=\"https:\/\/www.transports-coue.fr\/fr\/category\/actualites\/developpement\/developpement-logistique\/\" rel=\"tag\">D\u00e9veloppement Logistique<\/a> <\/span><span class=\"av-vertical-delimiter\"><\/span><\/header><div class='slide-entry-excerpt entry-content'  itemprop=\"text\" >\ud83d\udcf8En photo, l'alliance \ud83d\udd17 de nos 2 soci\u00e9t\u00e9s :\n\ud835\uddd4\ud835\ude02\ud835\uddff\ud835\uddf2\u0301\ud835\uddf9\ud835\uddf6\ud835\uddf2\ud835\uddfb, un de nos conducteurs \ud83d\ude9b Cou\u00e9, vient enlever des produits \ud83d\udce6 \u00e0 notre Logistique TRM \ud83c\udfe2 pour un client commun\ud83e\udd1d!\n\n\ud83d\udcf8 \ud835\udde0\ud835\uddf2\ud835\uddff\ud835\uddf0\ud835\uddf6 \ud835\uddd4\ud835\ude02\ud835\uddff\ud835\uddf2\u0301\ud835\uddf9\ud835\uddf6\ud835\uddf2\ud835\uddfb\u2026<div class=\"read-more-link\"><a href=\"https:\/\/www.transports-coue.fr\/fr\/alliance-des-transports-coue-et-trm-en-image\/\" class=\"more-link\">Lire la suite<span class='more-link-arrow avia-svg-icon avia-font-svg_entypo-fontello' data-av_svg_icon='right-open-big' data-av_iconset='svg_entypo-fontello'><svg version=\"1.1\" xmlns=\"http:\/\/www.w3.org\/2000\/svg\" width=\"15\" height=\"32\" viewBox=\"0 0 15 32\" preserveAspectRatio=\"xMidYMid meet\" role=\"graphics-symbol\" aria-hidden=\"true\">\n<path d=\"M0.416 27.84l11.456-11.84-11.456-11.904q-0.832-0.832 0-1.536 0.832-0.832 1.536 0l12.544 12.608q0.768 0.832 0 1.6l-12.544 12.608q-0.704 0.832-1.536 0-0.832-0.704 0-1.536z\"><\/path>\n<\/svg><\/span><\/a><\/div><\/div><\/div><footer class=\"entry-footer\"><div class=\"slide-meta\"><time class='slide-meta-time updated'  itemprop=\"datePublished\" datetime=\"2021-05-14T16:24:23+02:00\" >14 mai 2021<\/time><\/div><\/footer><span class='hidden'>\n\t\t\t\t<span class='av-structured-data'  itemprop=\"image\" itemscope=\"itemscope\" itemtype=\"https:\/\/schema.org\/ImageObject\" >\n\t\t\t\t\t\t<span itemprop='url'>https:\/\/www.transports-coue.fr\/wp-content\/uploads\/2021\/05\/transports-coue-alliance-trm-entrepot-logistique-tcm.jpg<\/span>\n\t\t\t\t\t\t<span itemprop='height'>321<\/span>\n\t\t\t\t\t\t<span itemprop='width'>845<\/span>\n\t\t\t\t<\/span>\n\t\t\t\t<span class='av-structured-data'  itemprop=\"publisher\" itemtype=\"https:\/\/schema.org\/Organization\" itemscope=\"itemscope\" >\n\t\t\t\t\t\t<span itemprop='name'>Transports Cou\u00e9<\/span>\n\t\t\t\t\t\t<span itemprop='logo' itemscope itemtype='https:\/\/schema.org\/ImageObject'>\n\t\t\t\t\t\t\t<span itemprop='url'>https:\/\/www.transports-coue.fr\/wp-content\/uploads\/2018\/10\/Logo-transports-coue-300x119.png<\/span>\n\t\t\t\t\t\t<\/span>\n\t\t\t\t<\/span><span class='av-structured-data'  itemprop=\"author\" itemscope=\"itemscope\" itemtype=\"https:\/\/schema.org\/Person\" ><span itemprop='name'>Transports Cou\u00e9<\/span><\/span><span class='av-structured-data'  itemprop=\"datePublished\" datetime=\"2018-10-04T10:16:12+02:00\" >2021-05-14 16:24:23<\/span><span class='av-structured-data'  itemprop=\"dateModified\" itemtype=\"https:\/\/schema.org\/dateModified\" >2021-05-25 09:20:17<\/span><span class='av-structured-data'  itemprop=\"mainEntityOfPage\" itemtype=\"https:\/\/schema.org\/mainEntityOfPage\" ><span itemprop='name'>L&rsquo;alliance Transports Cou\u00e9 et TRM en image !<\/span><\/span><\/span><\/article><\/div><div class=\"slide-entry-wrap\"><article class='slide-entry flex_column  post-entry post-entry-5271 slide-entry-overview slide-loop-70 slide-parity-odd  av_one_third first real-thumbnail posttype-post post-format-standard'  itemscope=\"itemscope\" itemtype=\"https:\/\/schema.org\/CreativeWork\" ><a href='https:\/\/www.transports-coue.fr\/fr\/nouveau-reach-stacker-fenwick-sur-notre-port-sec-tcm\/' data-rel='slide-1' class='slide-image' title='Nouveau Reach Stacker Fenwick sur notre Port Sec TCM'><img decoding=\"async\" fetchpriority=\"high\" width=\"845\" height=\"321\" src=\"https:\/\/www.transports-coue.fr\/wp-content\/uploads\/2021\/05\/transports-coue-tcm-reach-stacker.jpg\" class=\"wp-image-5259 avia-img-lazy-loading-not-5259 attachment-no scaling size-no scaling wp-post-image\" alt=\"Transports Cou\u00e9 acquisition d&#039;un nouveau Reach Stacker Fenwick pour l&#039;activit\u00e9 Transport de containers\" srcset=\"https:\/\/www.transports-coue.fr\/wp-content\/uploads\/2021\/05\/transports-coue-tcm-reach-stacker.jpg 845w, https:\/\/www.transports-coue.fr\/wp-content\/uploads\/2021\/05\/transports-coue-tcm-reach-stacker-300x114.jpg 300w, https:\/\/www.transports-coue.fr\/wp-content\/uploads\/2021\/05\/transports-coue-tcm-reach-stacker-80x30.jpg 80w, https:\/\/www.transports-coue.fr\/wp-content\/uploads\/2021\/05\/transports-coue-tcm-reach-stacker-768x292.jpg 768w, https:\/\/www.transports-coue.fr\/wp-content\/uploads\/2021\/05\/transports-coue-tcm-reach-stacker-705x268.jpg 705w\" sizes=\"(max-width: 845px) 100vw, 845px\" \/><\/a><div class=\"slide-content\"><header class=\"entry-content-header\" aria-label=\"Slide: Nouveau Reach Stacker Fenwick sur notre Port Sec TCM\"><h3 class='slide-entry-title entry-title '  itemprop=\"headline\" ><a href='https:\/\/www.transports-coue.fr\/fr\/nouveau-reach-stacker-fenwick-sur-notre-port-sec-tcm\/' title='Nouveau Reach Stacker Fenwick sur notre Port Sec TCM'>Nouveau Reach Stacker Fenwick sur notre Port Sec TCM<\/a><\/h3><span class=\"blog-categories minor-meta\"><a href=\"https:\/\/www.transports-coue.fr\/fr\/category\/actualites\/\" rel=\"tag\">Actualit\u00e9s<\/a>, <a href=\"https:\/\/www.transports-coue.fr\/fr\/category\/actualites\/developpement\/\" rel=\"tag\">D\u00e9veloppement<\/a> <\/span><span class=\"av-vertical-delimiter\"><\/span><\/header><div class='slide-entry-excerpt entry-content'  itemprop=\"text\" >\n\u2705R\u00e9ception \u00e0 notre Port Sec de Laval (53) d'un nouveau \ud835\udde5\ud835\uddf2\ud835\uddee\ud835\uddf0\ud835\uddf5 \ud835\udde6\ud835\ude01\ud835\uddee\ud835\uddf0\ud835\uddf8\ud835\uddf2\ud835\uddff \ud835\uddd9\ud835\uddf2\ud835\uddfb\ud835\ude04\ud835\uddf6\ud835\uddf0\ud835\uddf8 pour notre activit\u00e9 de \ud835\udde7\ud835\uddff\ud835\uddee\ud835\uddfb\ud835\ude00\ud835\uddfd\ud835\uddfc\ud835\uddff\ud835\ude01\ud835\ude00 \ud83d\ude9b \ud835\uddf1\ud835\uddf2 \ud835\uddd6\ud835\uddfc\ud835\uddfb\ud835\ude01\ud835\uddee\ud835\uddf6\ud835\uddfb\ud835\uddf2\ud835\uddff\ud835\ude00,\u2026<div class=\"read-more-link\"><a href=\"https:\/\/www.transports-coue.fr\/fr\/nouveau-reach-stacker-fenwick-sur-notre-port-sec-tcm\/\" class=\"more-link\">Lire la suite<span class='more-link-arrow avia-svg-icon avia-font-svg_entypo-fontello' data-av_svg_icon='right-open-big' data-av_iconset='svg_entypo-fontello'><svg version=\"1.1\" xmlns=\"http:\/\/www.w3.org\/2000\/svg\" width=\"15\" height=\"32\" viewBox=\"0 0 15 32\" preserveAspectRatio=\"xMidYMid meet\" role=\"graphics-symbol\" aria-hidden=\"true\">\n<path d=\"M0.416 27.84l11.456-11.84-11.456-11.904q-0.832-0.832 0-1.536 0.832-0.832 1.536 0l12.544 12.608q0.768 0.832 0 1.6l-12.544 12.608q-0.704 0.832-1.536 0-0.832-0.704 0-1.536z\"><\/path>\n<\/svg><\/span><\/a><\/div><\/div><\/div><footer class=\"entry-footer\"><div class=\"slide-meta\"><time class='slide-meta-time updated'  itemprop=\"datePublished\" datetime=\"2021-05-07T15:04:25+02:00\" >7 mai 2021<\/time><\/div><\/footer><span class='hidden'>\n\t\t\t\t<span class='av-structured-data'  itemprop=\"image\" itemscope=\"itemscope\" itemtype=\"https:\/\/schema.org\/ImageObject\" >\n\t\t\t\t\t\t<span itemprop='url'>https:\/\/www.transports-coue.fr\/wp-content\/uploads\/2021\/05\/transports-coue-tcm-reach-stacker.jpg<\/span>\n\t\t\t\t\t\t<span itemprop='height'>321<\/span>\n\t\t\t\t\t\t<span itemprop='width'>845<\/span>\n\t\t\t\t<\/span>\n\t\t\t\t<span class='av-structured-data'  itemprop=\"publisher\" itemtype=\"https:\/\/schema.org\/Organization\" itemscope=\"itemscope\" >\n\t\t\t\t\t\t<span itemprop='name'>Transports Cou\u00e9<\/span>\n\t\t\t\t\t\t<span itemprop='logo' itemscope itemtype='https:\/\/schema.org\/ImageObject'>\n\t\t\t\t\t\t\t<span itemprop='url'>https:\/\/www.transports-coue.fr\/wp-content\/uploads\/2018\/10\/Logo-transports-coue-300x119.png<\/span>\n\t\t\t\t\t\t<\/span>\n\t\t\t\t<\/span><span class='av-structured-data'  itemprop=\"author\" itemscope=\"itemscope\" itemtype=\"https:\/\/schema.org\/Person\" ><span itemprop='name'>Transports Cou\u00e9<\/span><\/span><span class='av-structured-data'  itemprop=\"datePublished\" datetime=\"2018-10-04T10:16:12+02:00\" >2021-05-07 15:04:25<\/span><span class='av-structured-data'  itemprop=\"dateModified\" itemtype=\"https:\/\/schema.org\/dateModified\" >2021-05-14 15:33:55<\/span><span class='av-structured-data'  itemprop=\"mainEntityOfPage\" itemtype=\"https:\/\/schema.org\/mainEntityOfPage\" ><span itemprop='name'>Nouveau Reach Stacker Fenwick sur notre Port Sec TCM<\/span><\/span><\/span><\/article><article class='slide-entry flex_column  post-entry post-entry-5226 slide-entry-overview slide-loop-71 slide-parity-even  av_one_third  real-thumbnail posttype-post post-format-standard'  itemscope=\"itemscope\" itemtype=\"https:\/\/schema.org\/CreativeWork\" ><a href='https:\/\/www.transports-coue.fr\/fr\/les-transports-coue-respectent-93-pourcents-de-la-charte-co2\/' data-rel='slide-1' class='slide-image' title='Les Transports Cou\u00e9 respectent 93% de la Charte CO2'><img decoding=\"async\" fetchpriority=\"high\" width=\"845\" height=\"321\" src=\"https:\/\/www.transports-coue.fr\/wp-content\/uploads\/2021\/04\/transports-coue-d\u00e9marche-environnement-eligible-charte-co2.jpg\" class=\"wp-image-5224 avia-img-lazy-loading-not-5224 attachment-no scaling size-no scaling wp-post-image\" alt=\"Transports Cou\u00e9 respect 93 percents of the CO2 Charter\" srcset=\"https:\/\/www.transports-coue.fr\/wp-content\/uploads\/2021\/04\/transports-coue-d\u00e9marche-environnement-eligible-charte-co2.jpg 845w, https:\/\/www.transports-coue.fr\/wp-content\/uploads\/2021\/04\/transports-coue-d\u00e9marche-environnement-eligible-charte-co2-300x114.jpg 300w, https:\/\/www.transports-coue.fr\/wp-content\/uploads\/2021\/04\/transports-coue-d\u00e9marche-environnement-eligible-charte-co2-80x30.jpg 80w, https:\/\/www.transports-coue.fr\/wp-content\/uploads\/2021\/04\/transports-coue-d\u00e9marche-environnement-eligible-charte-co2-768x292.jpg 768w, https:\/\/www.transports-coue.fr\/wp-content\/uploads\/2021\/04\/transports-coue-d\u00e9marche-environnement-eligible-charte-co2-705x268.jpg 705w\" sizes=\"(max-width: 845px) 100vw, 845px\" \/><\/a><div class=\"slide-content\"><header class=\"entry-content-header\" aria-label=\"Slide: Les Transports Cou\u00e9 respectent 93% de la Charte CO2\"><h3 class='slide-entry-title entry-title '  itemprop=\"headline\" ><a href='https:\/\/www.transports-coue.fr\/fr\/les-transports-coue-respectent-93-pourcents-de-la-charte-co2\/' title='Les Transports Cou\u00e9 respectent 93% de la Charte CO2'>Les Transports Cou\u00e9 respectent 93% de la Charte CO2<\/a><\/h3><span class=\"blog-categories minor-meta\"><a href=\"https:\/\/www.transports-coue.fr\/fr\/category\/actualites\/\" rel=\"tag\">Actualit\u00e9s<\/a>, <a href=\"https:\/\/www.transports-coue.fr\/fr\/category\/actualites\/developpement\/\" rel=\"tag\">D\u00e9veloppement<\/a> <\/span><span class=\"av-vertical-delimiter\"><\/span><\/header><div class='slide-entry-excerpt entry-content'  itemprop=\"text\" >\n\ud83c\udf0d Au cours de notre d\u00e9marche autour du dispositif \u00ab Objectif CO2 \u00bb, nous avons eu l\u2019opportunit\u00e9 d\u2019\u00e9valuer nos performances aupr\u00e8s de l\u2019ADEME, Agence de l\u2019Environnement et de la Ma\u00eetrise de l\u2019Energie.\n\n\n\u00a0\n\n\n\ud83d\ude4c Nous sommes\u2026<div class=\"read-more-link\"><a href=\"https:\/\/www.transports-coue.fr\/fr\/les-transports-coue-respectent-93-pourcents-de-la-charte-co2\/\" class=\"more-link\">Lire la suite<span class='more-link-arrow avia-svg-icon avia-font-svg_entypo-fontello' data-av_svg_icon='right-open-big' data-av_iconset='svg_entypo-fontello'><svg version=\"1.1\" xmlns=\"http:\/\/www.w3.org\/2000\/svg\" width=\"15\" height=\"32\" viewBox=\"0 0 15 32\" preserveAspectRatio=\"xMidYMid meet\" role=\"graphics-symbol\" aria-hidden=\"true\">\n<path d=\"M0.416 27.84l11.456-11.84-11.456-11.904q-0.832-0.832 0-1.536 0.832-0.832 1.536 0l12.544 12.608q0.768 0.832 0 1.6l-12.544 12.608q-0.704 0.832-1.536 0-0.832-0.704 0-1.536z\"><\/path>\n<\/svg><\/span><\/a><\/div><\/div><\/div><footer class=\"entry-footer\"><div class=\"slide-meta\"><time class='slide-meta-time updated'  itemprop=\"datePublished\" datetime=\"2021-04-23T14:55:53+02:00\" >23 avril 2021<\/time><\/div><\/footer><span class='hidden'>\n\t\t\t\t<span class='av-structured-data'  itemprop=\"image\" itemscope=\"itemscope\" itemtype=\"https:\/\/schema.org\/ImageObject\" >\n\t\t\t\t\t\t<span itemprop='url'>https:\/\/www.transports-coue.fr\/wp-content\/uploads\/2021\/04\/transports-coue-d\u00e9marche-environnement-eligible-charte-co2.jpg<\/span>\n\t\t\t\t\t\t<span itemprop='height'>321<\/span>\n\t\t\t\t\t\t<span itemprop='width'>845<\/span>\n\t\t\t\t<\/span>\n\t\t\t\t<span class='av-structured-data'  itemprop=\"publisher\" itemtype=\"https:\/\/schema.org\/Organization\" itemscope=\"itemscope\" >\n\t\t\t\t\t\t<span itemprop='name'>Transports Cou\u00e9<\/span>\n\t\t\t\t\t\t<span itemprop='logo' itemscope itemtype='https:\/\/schema.org\/ImageObject'>\n\t\t\t\t\t\t\t<span itemprop='url'>https:\/\/www.transports-coue.fr\/wp-content\/uploads\/2018\/10\/Logo-transports-coue-300x119.png<\/span>\n\t\t\t\t\t\t<\/span>\n\t\t\t\t<\/span><span class='av-structured-data'  itemprop=\"author\" itemscope=\"itemscope\" itemtype=\"https:\/\/schema.org\/Person\" ><span itemprop='name'>Transports Cou\u00e9<\/span><\/span><span class='av-structured-data'  itemprop=\"datePublished\" datetime=\"2018-10-04T10:16:12+02:00\" >2021-04-23 14:55:53<\/span><span class='av-structured-data'  itemprop=\"dateModified\" itemtype=\"https:\/\/schema.org\/dateModified\" >2021-05-07 14:51:00<\/span><span class='av-structured-data'  itemprop=\"mainEntityOfPage\" itemtype=\"https:\/\/schema.org\/mainEntityOfPage\" ><span itemprop='name'>Les Transports Cou\u00e9 respectent 93% de la Charte CO2<\/span><\/span><\/span><\/article><article class='slide-entry flex_column  post-entry post-entry-5110 slide-entry-overview slide-loop-72 slide-parity-odd  av_one_third  real-thumbnail posttype-post post-format-standard'  itemscope=\"itemscope\" itemtype=\"https:\/\/schema.org\/CreativeWork\" ><a href='https:\/\/www.transports-coue.fr\/fr\/alliance-des-transports-coue-et-du-groupe-trm-dans-l-officiel-des-transporteurs\/' data-rel='slide-1' class='slide-image' title='L&rsquo;alliance des Transports Cou\u00e9 et du Groupe TRM dans L&rsquo;Officiel des Transporteurs'><img decoding=\"async\" fetchpriority=\"high\" width=\"1535\" height=\"583\" src=\"https:\/\/www.transports-coue.fr\/wp-content\/uploads\/2021\/04\/officiel-des-transporteurs-article-transports-coue-trm-alliance.png\" class=\"wp-image-5108 avia-img-lazy-loading-not-5108 attachment-no scaling size-no scaling wp-post-image\" alt=\"L&#039;Officiel des Transporteurs r\u00e9dige un article sur l&#039;alliance des Transports Cou\u00e9 et du Groupe TRM\" srcset=\"https:\/\/www.transports-coue.fr\/wp-content\/uploads\/2021\/04\/officiel-des-transporteurs-article-transports-coue-trm-alliance.png 1535w, https:\/\/www.transports-coue.fr\/wp-content\/uploads\/2021\/04\/officiel-des-transporteurs-article-transports-coue-trm-alliance-300x114.png 300w, https:\/\/www.transports-coue.fr\/wp-content\/uploads\/2021\/04\/officiel-des-transporteurs-article-transports-coue-trm-alliance-1030x391.png 1030w, https:\/\/www.transports-coue.fr\/wp-content\/uploads\/2021\/04\/officiel-des-transporteurs-article-transports-coue-trm-alliance-80x30.png 80w, https:\/\/www.transports-coue.fr\/wp-content\/uploads\/2021\/04\/officiel-des-transporteurs-article-transports-coue-trm-alliance-768x292.png 768w, https:\/\/www.transports-coue.fr\/wp-content\/uploads\/2021\/04\/officiel-des-transporteurs-article-transports-coue-trm-alliance-1500x570.png 1500w, https:\/\/www.transports-coue.fr\/wp-content\/uploads\/2021\/04\/officiel-des-transporteurs-article-transports-coue-trm-alliance-705x268.png 705w, https:\/\/www.transports-coue.fr\/wp-content\/uploads\/2021\/04\/officiel-des-transporteurs-article-transports-coue-trm-alliance-845x321.png 845w\" sizes=\"(max-width: 1535px) 100vw, 1535px\" \/><\/a><div class=\"slide-content\"><header class=\"entry-content-header\" aria-label=\"Slide: L&#039;alliance des Transports Cou\u00e9 et du Groupe TRM dans L&#039;Officiel des Transporteurs\"><h3 class='slide-entry-title entry-title '  itemprop=\"headline\" ><a href='https:\/\/www.transports-coue.fr\/fr\/alliance-des-transports-coue-et-du-groupe-trm-dans-l-officiel-des-transporteurs\/' title='L&rsquo;alliance des Transports Cou\u00e9 et du Groupe TRM dans L&rsquo;Officiel des Transporteurs'>L&rsquo;alliance des Transports Cou\u00e9 et du Groupe TRM dans L&rsquo;Officiel des Transporteurs<\/a><\/h3><span class=\"blog-categories minor-meta\"><a href=\"https:\/\/www.transports-coue.fr\/fr\/category\/actualites\/\" rel=\"tag\">Actualit\u00e9s<\/a>, <a href=\"https:\/\/www.transports-coue.fr\/fr\/category\/actualites\/developpement\/\" rel=\"tag\">D\u00e9veloppement<\/a> <\/span><span class=\"av-vertical-delimiter\"><\/span><\/header><div class='slide-entry-excerpt entry-content'  itemprop=\"text\" >Merci \u00e0 L\u2019Officiel des Transporteurs pour cet article dans leur \u00e9dition du 09\/04\/2021 au sujet de l\u2019alliance des Transports Cou\u00e9 et du Groupe TRM !\n\n\u00a0\n\n\n#officeldestransporteurs #transport #logistique #stockage #Mayenne\n\u00a0\n\n\n\n\n<div class=\"read-more-link\"><a href=\"https:\/\/www.transports-coue.fr\/fr\/alliance-des-transports-coue-et-du-groupe-trm-dans-l-officiel-des-transporteurs\/\" class=\"more-link\">Lire la suite<span class='more-link-arrow avia-svg-icon avia-font-svg_entypo-fontello' data-av_svg_icon='right-open-big' data-av_iconset='svg_entypo-fontello'><svg version=\"1.1\" xmlns=\"http:\/\/www.w3.org\/2000\/svg\" width=\"15\" height=\"32\" viewBox=\"0 0 15 32\" preserveAspectRatio=\"xMidYMid meet\" role=\"graphics-symbol\" aria-hidden=\"true\">\n<path d=\"M0.416 27.84l11.456-11.84-11.456-11.904q-0.832-0.832 0-1.536 0.832-0.832 1.536 0l12.544 12.608q0.768 0.832 0 1.6l-12.544 12.608q-0.704 0.832-1.536 0-0.832-0.704 0-1.536z\"><\/path>\n<\/svg><\/span><\/a><\/div><\/div><\/div><footer class=\"entry-footer\"><div class=\"slide-meta\"><time class='slide-meta-time updated'  itemprop=\"datePublished\" datetime=\"2021-04-16T15:07:19+02:00\" >16 avril 2021<\/time><\/div><\/footer><span class='hidden'>\n\t\t\t\t<span class='av-structured-data'  itemprop=\"image\" itemscope=\"itemscope\" itemtype=\"https:\/\/schema.org\/ImageObject\" >\n\t\t\t\t\t\t<span itemprop='url'>https:\/\/www.transports-coue.fr\/wp-content\/uploads\/2021\/04\/officiel-des-transporteurs-article-transports-coue-trm-alliance.png<\/span>\n\t\t\t\t\t\t<span itemprop='height'>583<\/span>\n\t\t\t\t\t\t<span itemprop='width'>1535<\/span>\n\t\t\t\t<\/span>\n\t\t\t\t<span class='av-structured-data'  itemprop=\"publisher\" itemtype=\"https:\/\/schema.org\/Organization\" itemscope=\"itemscope\" >\n\t\t\t\t\t\t<span itemprop='name'>Transports Cou\u00e9<\/span>\n\t\t\t\t\t\t<span itemprop='logo' itemscope itemtype='https:\/\/schema.org\/ImageObject'>\n\t\t\t\t\t\t\t<span itemprop='url'>https:\/\/www.transports-coue.fr\/wp-content\/uploads\/2018\/10\/Logo-transports-coue-300x119.png<\/span>\n\t\t\t\t\t\t<\/span>\n\t\t\t\t<\/span><span class='av-structured-data'  itemprop=\"author\" itemscope=\"itemscope\" itemtype=\"https:\/\/schema.org\/Person\" ><span itemprop='name'>Transports Cou\u00e9<\/span><\/span><span class='av-structured-data'  itemprop=\"datePublished\" datetime=\"2018-10-04T10:16:12+02:00\" >2021-04-16 15:07:19<\/span><span class='av-structured-data'  itemprop=\"dateModified\" itemtype=\"https:\/\/schema.org\/dateModified\" >2021-05-21 16:23:28<\/span><span class='av-structured-data'  itemprop=\"mainEntityOfPage\" itemtype=\"https:\/\/schema.org\/mainEntityOfPage\" ><span itemprop='name'>L&rsquo;alliance des Transports Cou\u00e9 et du Groupe TRM dans L&rsquo;Officiel des Transporteurs<\/span><\/span><\/span><\/article><\/div><div class=\"slide-entry-wrap\"><article class='slide-entry flex_column  post-entry post-entry-4980 slide-entry-overview slide-loop-73 slide-parity-odd  av_one_third first real-thumbnail posttype-post post-format-standard'  itemscope=\"itemscope\" itemtype=\"https:\/\/schema.org\/CreativeWork\" ><a href='https:\/\/www.transports-coue.fr\/fr\/nouveaux-bureaux-a-notre-agence-de-balgau-en-alsace\/' data-rel='slide-1' class='slide-image' title='Nouveaux bureaux \u00e0 notre agence de Balgau en Alsace'><img decoding=\"async\" fetchpriority=\"high\" width=\"845\" height=\"321\" src=\"https:\/\/www.transports-coue.fr\/wp-content\/uploads\/2021\/04\/nouveau-bureau-transports-coue-balgau-travaux-alsace.jpg\" class=\"wp-image-4981 avia-img-lazy-loading-not-4981 attachment-no scaling size-no scaling wp-post-image\" alt=\"L&#039;agence Transports Cou\u00e9 \u00e0 Balgau en Alsace profite de nouveaux bureaux\" srcset=\"https:\/\/www.transports-coue.fr\/wp-content\/uploads\/2021\/04\/nouveau-bureau-transports-coue-balgau-travaux-alsace.jpg 845w, https:\/\/www.transports-coue.fr\/wp-content\/uploads\/2021\/04\/nouveau-bureau-transports-coue-balgau-travaux-alsace-300x114.jpg 300w, https:\/\/www.transports-coue.fr\/wp-content\/uploads\/2021\/04\/nouveau-bureau-transports-coue-balgau-travaux-alsace-80x30.jpg 80w, https:\/\/www.transports-coue.fr\/wp-content\/uploads\/2021\/04\/nouveau-bureau-transports-coue-balgau-travaux-alsace-768x292.jpg 768w, https:\/\/www.transports-coue.fr\/wp-content\/uploads\/2021\/04\/nouveau-bureau-transports-coue-balgau-travaux-alsace-705x268.jpg 705w\" sizes=\"(max-width: 845px) 100vw, 845px\" \/><\/a><div class=\"slide-content\"><header class=\"entry-content-header\" aria-label=\"Slide: Nouveaux bureaux \u00e0 notre agence de Balgau en Alsace\"><h3 class='slide-entry-title entry-title '  itemprop=\"headline\" ><a href='https:\/\/www.transports-coue.fr\/fr\/nouveaux-bureaux-a-notre-agence-de-balgau-en-alsace\/' title='Nouveaux bureaux \u00e0 notre agence de Balgau en Alsace'>Nouveaux bureaux \u00e0 notre agence de Balgau en Alsace<\/a><\/h3><span class=\"blog-categories minor-meta\"><a href=\"https:\/\/www.transports-coue.fr\/fr\/category\/actualites\/\" rel=\"tag\">Actualit\u00e9s<\/a>, <a href=\"https:\/\/www.transports-coue.fr\/fr\/category\/actualites\/developpement\/\" rel=\"tag\">D\u00e9veloppement<\/a> <\/span><span class=\"av-vertical-delimiter\"><\/span><\/header><div class='slide-entry-excerpt entry-content'  itemprop=\"text\" >\n Petit aper\u00e7u des nouveaux bureaux de notre agence de Balgau en Alsace\n\u00a0\n\n\n Depuis quelques jours, nos \u00e9quipes profitent d\u2019espaces agr\u00e9ables, lumineux, d\u2019une salle de pause \u00e9quip\u00e9e, d\u2019une salle de r\u00e9union et de bureaux bien agenc\u00e9s.\n\u00a0\n\u2026<div class=\"read-more-link\"><a href=\"https:\/\/www.transports-coue.fr\/fr\/nouveaux-bureaux-a-notre-agence-de-balgau-en-alsace\/\" class=\"more-link\">Lire la suite<span class='more-link-arrow avia-svg-icon avia-font-svg_entypo-fontello' data-av_svg_icon='right-open-big' data-av_iconset='svg_entypo-fontello'><svg version=\"1.1\" xmlns=\"http:\/\/www.w3.org\/2000\/svg\" width=\"15\" height=\"32\" viewBox=\"0 0 15 32\" preserveAspectRatio=\"xMidYMid meet\" role=\"graphics-symbol\" aria-hidden=\"true\">\n<path d=\"M0.416 27.84l11.456-11.84-11.456-11.904q-0.832-0.832 0-1.536 0.832-0.832 1.536 0l12.544 12.608q0.768 0.832 0 1.6l-12.544 12.608q-0.704 0.832-1.536 0-0.832-0.704 0-1.536z\"><\/path>\n<\/svg><\/span><\/a><\/div><\/div><\/div><footer class=\"entry-footer\"><div class=\"slide-meta\"><time class='slide-meta-time updated'  itemprop=\"datePublished\" datetime=\"2021-04-06T15:13:11+02:00\" >6 avril 2021<\/time><\/div><\/footer><span class='hidden'>\n\t\t\t\t<span class='av-structured-data'  itemprop=\"image\" itemscope=\"itemscope\" itemtype=\"https:\/\/schema.org\/ImageObject\" >\n\t\t\t\t\t\t<span itemprop='url'>https:\/\/www.transports-coue.fr\/wp-content\/uploads\/2021\/04\/nouveau-bureau-transports-coue-balgau-travaux-alsace.jpg<\/span>\n\t\t\t\t\t\t<span itemprop='height'>321<\/span>\n\t\t\t\t\t\t<span itemprop='width'>845<\/span>\n\t\t\t\t<\/span>\n\t\t\t\t<span class='av-structured-data'  itemprop=\"publisher\" itemtype=\"https:\/\/schema.org\/Organization\" itemscope=\"itemscope\" >\n\t\t\t\t\t\t<span itemprop='name'>Transports Cou\u00e9<\/span>\n\t\t\t\t\t\t<span itemprop='logo' itemscope itemtype='https:\/\/schema.org\/ImageObject'>\n\t\t\t\t\t\t\t<span itemprop='url'>https:\/\/www.transports-coue.fr\/wp-content\/uploads\/2018\/10\/Logo-transports-coue-300x119.png<\/span>\n\t\t\t\t\t\t<\/span>\n\t\t\t\t<\/span><span class='av-structured-data'  itemprop=\"author\" itemscope=\"itemscope\" itemtype=\"https:\/\/schema.org\/Person\" ><span itemprop='name'>Transports Cou\u00e9<\/span><\/span><span class='av-structured-data'  itemprop=\"datePublished\" datetime=\"2018-10-04T10:16:12+02:00\" >2021-04-06 15:13:11<\/span><span class='av-structured-data'  itemprop=\"dateModified\" itemtype=\"https:\/\/schema.org\/dateModified\" >2021-04-06 15:28:00<\/span><span class='av-structured-data'  itemprop=\"mainEntityOfPage\" itemtype=\"https:\/\/schema.org\/mainEntityOfPage\" ><span itemprop='name'>Nouveaux bureaux \u00e0 notre agence de Balgau en Alsace<\/span><\/span><\/span><\/article><article class='slide-entry flex_column  post-entry post-entry-4769 slide-entry-overview slide-loop-74 slide-parity-even  av_one_third  real-thumbnail posttype-post post-format-standard'  itemscope=\"itemscope\" itemtype=\"https:\/\/schema.org\/CreativeWork\" ><a href='https:\/\/www.transports-coue.fr\/fr\/notre-demarche-de-certification-label-co2\/' data-rel='slide-1' class='slide-image' title='Notre d\u00e9marche de certification \u00ab\u00a0Label CO2\u00a0\u00bb'><img decoding=\"async\" fetchpriority=\"high\" width=\"845\" height=\"321\" src=\"https:\/\/www.transports-coue.fr\/wp-content\/uploads\/2021\/03\/demarche_de_certification_label_co2_transports-coue.jpg\" class=\"wp-image-4767 avia-img-lazy-loading-not-4767 attachment-no scaling size-no scaling wp-post-image\" alt=\"Transports Cou\u00e9 s&#039;engagent dans une d\u00e9marche de certification Label CO2\" srcset=\"https:\/\/www.transports-coue.fr\/wp-content\/uploads\/2021\/03\/demarche_de_certification_label_co2_transports-coue.jpg 845w, https:\/\/www.transports-coue.fr\/wp-content\/uploads\/2021\/03\/demarche_de_certification_label_co2_transports-coue-300x114.jpg 300w, https:\/\/www.transports-coue.fr\/wp-content\/uploads\/2021\/03\/demarche_de_certification_label_co2_transports-coue-80x30.jpg 80w, https:\/\/www.transports-coue.fr\/wp-content\/uploads\/2021\/03\/demarche_de_certification_label_co2_transports-coue-768x292.jpg 768w, https:\/\/www.transports-coue.fr\/wp-content\/uploads\/2021\/03\/demarche_de_certification_label_co2_transports-coue-705x268.jpg 705w\" sizes=\"(max-width: 845px) 100vw, 845px\" \/><\/a><div class=\"slide-content\"><header class=\"entry-content-header\" aria-label=\"Slide: Notre d\u00e9marche de certification &quot;Label CO2&quot;\"><h3 class='slide-entry-title entry-title '  itemprop=\"headline\" ><a href='https:\/\/www.transports-coue.fr\/fr\/notre-demarche-de-certification-label-co2\/' title='Notre d\u00e9marche de certification \u00ab\u00a0Label CO2\u00a0\u00bb'>Notre d\u00e9marche de certification \u00ab\u00a0Label CO2\u00a0\u00bb<\/a><\/h3><span class=\"blog-categories minor-meta\"><a href=\"https:\/\/www.transports-coue.fr\/fr\/category\/actualites\/\" rel=\"tag\">Actualit\u00e9s<\/a>, <a href=\"https:\/\/www.transports-coue.fr\/fr\/category\/actualites\/developpement\/\" rel=\"tag\">D\u00e9veloppement<\/a> <\/span><span class=\"av-vertical-delimiter\"><\/span><\/header><div class='slide-entry-excerpt entry-content'  itemprop=\"text\" >\n\ud83c\udf0e Afin de lutter \u00e0 notre \u00e9chelle contre le changement climatique, nous nous engageons au quotidien \u00e0 la r\u00e9duction de nos \u00e9missions polluantes.\n\n\n\u00a0\n\n\n\ud83d\udcc8 Depuis plusieurs ann\u00e9es, nous menons de nombreuses actions dans le but d\u2019am\u00e9liorer\u2026<div class=\"read-more-link\"><a href=\"https:\/\/www.transports-coue.fr\/fr\/notre-demarche-de-certification-label-co2\/\" class=\"more-link\">Lire la suite<span class='more-link-arrow avia-svg-icon avia-font-svg_entypo-fontello' data-av_svg_icon='right-open-big' data-av_iconset='svg_entypo-fontello'><svg version=\"1.1\" xmlns=\"http:\/\/www.w3.org\/2000\/svg\" width=\"15\" height=\"32\" viewBox=\"0 0 15 32\" preserveAspectRatio=\"xMidYMid meet\" role=\"graphics-symbol\" aria-hidden=\"true\">\n<path d=\"M0.416 27.84l11.456-11.84-11.456-11.904q-0.832-0.832 0-1.536 0.832-0.832 1.536 0l12.544 12.608q0.768 0.832 0 1.6l-12.544 12.608q-0.704 0.832-1.536 0-0.832-0.704 0-1.536z\"><\/path>\n<\/svg><\/span><\/a><\/div><\/div><\/div><footer class=\"entry-footer\"><div class=\"slide-meta\"><time class='slide-meta-time updated'  itemprop=\"datePublished\" datetime=\"2021-03-19T16:16:12+01:00\" >19 mars 2021<\/time><\/div><\/footer><span class='hidden'>\n\t\t\t\t<span class='av-structured-data'  itemprop=\"image\" itemscope=\"itemscope\" itemtype=\"https:\/\/schema.org\/ImageObject\" >\n\t\t\t\t\t\t<span itemprop='url'>https:\/\/www.transports-coue.fr\/wp-content\/uploads\/2021\/03\/demarche_de_certification_label_co2_transports-coue.jpg<\/span>\n\t\t\t\t\t\t<span itemprop='height'>321<\/span>\n\t\t\t\t\t\t<span itemprop='width'>845<\/span>\n\t\t\t\t<\/span>\n\t\t\t\t<span class='av-structured-data'  itemprop=\"publisher\" itemtype=\"https:\/\/schema.org\/Organization\" itemscope=\"itemscope\" >\n\t\t\t\t\t\t<span itemprop='name'>Transports Cou\u00e9<\/span>\n\t\t\t\t\t\t<span itemprop='logo' itemscope itemtype='https:\/\/schema.org\/ImageObject'>\n\t\t\t\t\t\t\t<span itemprop='url'>https:\/\/www.transports-coue.fr\/wp-content\/uploads\/2018\/10\/Logo-transports-coue-300x119.png<\/span>\n\t\t\t\t\t\t<\/span>\n\t\t\t\t<\/span><span class='av-structured-data'  itemprop=\"author\" itemscope=\"itemscope\" itemtype=\"https:\/\/schema.org\/Person\" ><span itemprop='name'>Transports Cou\u00e9<\/span><\/span><span class='av-structured-data'  itemprop=\"datePublished\" datetime=\"2018-10-04T10:16:12+02:00\" >2021-03-19 16:16:12<\/span><span class='av-structured-data'  itemprop=\"dateModified\" itemtype=\"https:\/\/schema.org\/dateModified\" >2021-05-14 18:25:31<\/span><span class='av-structured-data'  itemprop=\"mainEntityOfPage\" itemtype=\"https:\/\/schema.org\/mainEntityOfPage\" ><span itemprop='name'>Notre d\u00e9marche de certification \u00ab\u00a0Label CO2\u00a0\u00bb<\/span><\/span><\/span><\/article><article class='slide-entry flex_column  post-entry post-entry-4331 slide-entry-overview slide-loop-75 slide-parity-odd  av_one_third  real-thumbnail posttype-post post-format-standard'  itemscope=\"itemscope\" itemtype=\"https:\/\/schema.org\/CreativeWork\" ><a href='https:\/\/www.transports-coue.fr\/fr\/processus-integration-adapte-a-nos-conducteurs\/' data-rel='slide-1' class='slide-image' title='Processus d&rsquo;int\u00e9gration adapt\u00e9 \u00e0 nos conducteurs'><img decoding=\"async\" fetchpriority=\"high\" width=\"845\" height=\"321\" src=\"https:\/\/www.transports-coue.fr\/wp-content\/uploads\/2021\/02\/Processus-dint\u00e9gration-conducteurs-des-Transports-Cou\u00e9.jpg\" class=\"wp-image-4332 avia-img-lazy-loading-not-4332 attachment-no scaling size-no scaling wp-post-image\" alt=\"Processus d&#039;int\u00e9gration adapt\u00e9 \u00e0 nos conducteurs chez les Transports Cou\u00e9\" srcset=\"https:\/\/www.transports-coue.fr\/wp-content\/uploads\/2021\/02\/Processus-dint\u00e9gration-conducteurs-des-Transports-Cou\u00e9.jpg 845w, https:\/\/www.transports-coue.fr\/wp-content\/uploads\/2021\/02\/Processus-dint\u00e9gration-conducteurs-des-Transports-Cou\u00e9-300x114.jpg 300w, https:\/\/www.transports-coue.fr\/wp-content\/uploads\/2021\/02\/Processus-dint\u00e9gration-conducteurs-des-Transports-Cou\u00e9-80x30.jpg 80w, https:\/\/www.transports-coue.fr\/wp-content\/uploads\/2021\/02\/Processus-dint\u00e9gration-conducteurs-des-Transports-Cou\u00e9-768x292.jpg 768w, https:\/\/www.transports-coue.fr\/wp-content\/uploads\/2021\/02\/Processus-dint\u00e9gration-conducteurs-des-Transports-Cou\u00e9-705x268.jpg 705w\" sizes=\"(max-width: 845px) 100vw, 845px\" \/><\/a><div class=\"slide-content\"><header class=\"entry-content-header\" aria-label=\"Slide: Processus d&#039;int\u00e9gration adapt\u00e9 \u00e0 nos conducteurs\"><h3 class='slide-entry-title entry-title '  itemprop=\"headline\" ><a href='https:\/\/www.transports-coue.fr\/fr\/processus-integration-adapte-a-nos-conducteurs\/' title='Processus d&rsquo;int\u00e9gration adapt\u00e9 \u00e0 nos conducteurs'>Processus d&rsquo;int\u00e9gration adapt\u00e9 \u00e0 nos conducteurs<\/a><\/h3><span class=\"blog-categories minor-meta\"><a href=\"https:\/\/www.transports-coue.fr\/fr\/category\/actualites\/\" rel=\"tag\">Actualit\u00e9s<\/a>, <a href=\"https:\/\/www.transports-coue.fr\/fr\/category\/actualites\/developpement\/\" rel=\"tag\">D\u00e9veloppement<\/a> <\/span><span class=\"av-vertical-delimiter\"><\/span><\/header><div class='slide-entry-excerpt entry-content'  itemprop=\"text\" >\u26a1\ufe0f Afin d\u2019accueillir nos nouveaux conducteurs dans les meilleures conditions, nous disposons d\u2019un processus d\u2019int\u00e9gration adapt\u00e9 \u00e0 chacun.\n\n\ud83d\udc49 Pr\u00e9sentation de l\u2019environnement de travail\n\n\ud83d\udc49 D\u00e9couverte de l\u2019entreprise par\u2026<div class=\"read-more-link\"><a href=\"https:\/\/www.transports-coue.fr\/fr\/processus-integration-adapte-a-nos-conducteurs\/\" class=\"more-link\">Lire la suite<span class='more-link-arrow avia-svg-icon avia-font-svg_entypo-fontello' data-av_svg_icon='right-open-big' data-av_iconset='svg_entypo-fontello'><svg version=\"1.1\" xmlns=\"http:\/\/www.w3.org\/2000\/svg\" width=\"15\" height=\"32\" viewBox=\"0 0 15 32\" preserveAspectRatio=\"xMidYMid meet\" role=\"graphics-symbol\" aria-hidden=\"true\">\n<path d=\"M0.416 27.84l11.456-11.84-11.456-11.904q-0.832-0.832 0-1.536 0.832-0.832 1.536 0l12.544 12.608q0.768 0.832 0 1.6l-12.544 12.608q-0.704 0.832-1.536 0-0.832-0.704 0-1.536z\"><\/path>\n<\/svg><\/span><\/a><\/div><\/div><\/div><footer class=\"entry-footer\"><div class=\"slide-meta\"><time class='slide-meta-time updated'  itemprop=\"datePublished\" datetime=\"2021-02-26T15:42:08+01:00\" >26 f\u00e9vrier 2021<\/time><\/div><\/footer><span class='hidden'>\n\t\t\t\t<span class='av-structured-data'  itemprop=\"image\" itemscope=\"itemscope\" itemtype=\"https:\/\/schema.org\/ImageObject\" >\n\t\t\t\t\t\t<span itemprop='url'>https:\/\/www.transports-coue.fr\/wp-content\/uploads\/2021\/02\/Processus-dint\u00e9gration-conducteurs-des-Transports-Cou\u00e9.jpg<\/span>\n\t\t\t\t\t\t<span itemprop='height'>321<\/span>\n\t\t\t\t\t\t<span itemprop='width'>845<\/span>\n\t\t\t\t<\/span>\n\t\t\t\t<span class='av-structured-data'  itemprop=\"publisher\" itemtype=\"https:\/\/schema.org\/Organization\" itemscope=\"itemscope\" >\n\t\t\t\t\t\t<span itemprop='name'>Transports Cou\u00e9<\/span>\n\t\t\t\t\t\t<span itemprop='logo' itemscope itemtype='https:\/\/schema.org\/ImageObject'>\n\t\t\t\t\t\t\t<span itemprop='url'>https:\/\/www.transports-coue.fr\/wp-content\/uploads\/2018\/10\/Logo-transports-coue-300x119.png<\/span>\n\t\t\t\t\t\t<\/span>\n\t\t\t\t<\/span><span class='av-structured-data'  itemprop=\"author\" itemscope=\"itemscope\" itemtype=\"https:\/\/schema.org\/Person\" ><span itemprop='name'>Transports Cou\u00e9<\/span><\/span><span class='av-structured-data'  itemprop=\"datePublished\" datetime=\"2018-10-04T10:16:12+02:00\" >2021-02-26 15:42:08<\/span><span class='av-structured-data'  itemprop=\"dateModified\" itemtype=\"https:\/\/schema.org\/dateModified\" >2021-05-21 16:38:17<\/span><span class='av-structured-data'  itemprop=\"mainEntityOfPage\" itemtype=\"https:\/\/schema.org\/mainEntityOfPage\" ><span itemprop='name'>Processus d&rsquo;int\u00e9gration adapt\u00e9 \u00e0 nos conducteurs<\/span><\/span><\/span><\/article><\/div><div class=\"slide-entry-wrap\"><article class='slide-entry flex_column  post-entry post-entry-4315 slide-entry-overview slide-loop-76 slide-parity-odd  av_one_third first real-thumbnail posttype-post post-format-standard'  itemscope=\"itemscope\" itemtype=\"https:\/\/schema.org\/CreativeWork\" ><a href='https:\/\/www.transports-coue.fr\/fr\/mise-en-place-service-dedie-a-la-satisfaction-client\/' data-rel='slide-1' class='slide-image' title='Mise en place d&rsquo;un service d\u00e9di\u00e9 \u00e0 la Satisfaction Client'><img decoding=\"async\" fetchpriority=\"high\" width=\"845\" height=\"321\" src=\"https:\/\/www.transports-coue.fr\/wp-content\/uploads\/2021\/02\/Mise-en-place-service-qualit\u00e9-clients-Transports-Cou\u00e9.jpg\" class=\"wp-image-4318 avia-img-lazy-loading-not-4318 attachment-no scaling size-no scaling wp-post-image\" alt=\"Mise en place d&#039;un service de suivi qualit\u00e9 clients chez les Transports Cou\u00e9\" srcset=\"https:\/\/www.transports-coue.fr\/wp-content\/uploads\/2021\/02\/Mise-en-place-service-qualit\u00e9-clients-Transports-Cou\u00e9.jpg 845w, https:\/\/www.transports-coue.fr\/wp-content\/uploads\/2021\/02\/Mise-en-place-service-qualit\u00e9-clients-Transports-Cou\u00e9-300x114.jpg 300w, https:\/\/www.transports-coue.fr\/wp-content\/uploads\/2021\/02\/Mise-en-place-service-qualit\u00e9-clients-Transports-Cou\u00e9-80x30.jpg 80w, https:\/\/www.transports-coue.fr\/wp-content\/uploads\/2021\/02\/Mise-en-place-service-qualit\u00e9-clients-Transports-Cou\u00e9-768x292.jpg 768w, https:\/\/www.transports-coue.fr\/wp-content\/uploads\/2021\/02\/Mise-en-place-service-qualit\u00e9-clients-Transports-Cou\u00e9-705x268.jpg 705w\" sizes=\"(max-width: 845px) 100vw, 845px\" \/><\/a><div class=\"slide-content\"><header class=\"entry-content-header\" aria-label=\"Slide: Mise en place d&#039;un service d\u00e9di\u00e9 \u00e0 la Satisfaction Client\"><h3 class='slide-entry-title entry-title '  itemprop=\"headline\" ><a href='https:\/\/www.transports-coue.fr\/fr\/mise-en-place-service-dedie-a-la-satisfaction-client\/' title='Mise en place d&rsquo;un service d\u00e9di\u00e9 \u00e0 la Satisfaction Client'>Mise en place d&rsquo;un service d\u00e9di\u00e9 \u00e0 la Satisfaction Client<\/a><\/h3><span class=\"blog-categories minor-meta\"><a href=\"https:\/\/www.transports-coue.fr\/fr\/category\/actualites\/\" rel=\"tag\">Actualit\u00e9s<\/a>, <a href=\"https:\/\/www.transports-coue.fr\/fr\/category\/actualites\/developpement\/\" rel=\"tag\">D\u00e9veloppement<\/a> <\/span><span class=\"av-vertical-delimiter\"><\/span><\/header><div class='slide-entry-excerpt entry-content'  itemprop=\"text\" >\n\ud83d\ude4c Dans le cadre de notre d\u00e9veloppement et pour renforcer notre d\u00e9marche Satisfaction Client, nous mettons en place un service enti\u00e8rement d\u00e9di\u00e9 au suivi Qualit\u00e9 de chacune de nos prestations Transports &amp; Logistiques aupr\u00e8s de\u2026<div class=\"read-more-link\"><a href=\"https:\/\/www.transports-coue.fr\/fr\/mise-en-place-service-dedie-a-la-satisfaction-client\/\" class=\"more-link\">Lire la suite<span class='more-link-arrow avia-svg-icon avia-font-svg_entypo-fontello' data-av_svg_icon='right-open-big' data-av_iconset='svg_entypo-fontello'><svg version=\"1.1\" xmlns=\"http:\/\/www.w3.org\/2000\/svg\" width=\"15\" height=\"32\" viewBox=\"0 0 15 32\" preserveAspectRatio=\"xMidYMid meet\" role=\"graphics-symbol\" aria-hidden=\"true\">\n<path d=\"M0.416 27.84l11.456-11.84-11.456-11.904q-0.832-0.832 0-1.536 0.832-0.832 1.536 0l12.544 12.608q0.768 0.832 0 1.6l-12.544 12.608q-0.704 0.832-1.536 0-0.832-0.704 0-1.536z\"><\/path>\n<\/svg><\/span><\/a><\/div><\/div><\/div><footer class=\"entry-footer\"><div class=\"slide-meta\"><time class='slide-meta-time updated'  itemprop=\"datePublished\" datetime=\"2021-02-19T14:45:01+01:00\" >19 f\u00e9vrier 2021<\/time><\/div><\/footer><span class='hidden'>\n\t\t\t\t<span class='av-structured-data'  itemprop=\"image\" itemscope=\"itemscope\" itemtype=\"https:\/\/schema.org\/ImageObject\" >\n\t\t\t\t\t\t<span itemprop='url'>https:\/\/www.transports-coue.fr\/wp-content\/uploads\/2021\/02\/Mise-en-place-service-qualit\u00e9-clients-Transports-Cou\u00e9.jpg<\/span>\n\t\t\t\t\t\t<span itemprop='height'>321<\/span>\n\t\t\t\t\t\t<span itemprop='width'>845<\/span>\n\t\t\t\t<\/span>\n\t\t\t\t<span class='av-structured-data'  itemprop=\"publisher\" itemtype=\"https:\/\/schema.org\/Organization\" itemscope=\"itemscope\" >\n\t\t\t\t\t\t<span itemprop='name'>Transports Cou\u00e9<\/span>\n\t\t\t\t\t\t<span itemprop='logo' itemscope itemtype='https:\/\/schema.org\/ImageObject'>\n\t\t\t\t\t\t\t<span itemprop='url'>https:\/\/www.transports-coue.fr\/wp-content\/uploads\/2018\/10\/Logo-transports-coue-300x119.png<\/span>\n\t\t\t\t\t\t<\/span>\n\t\t\t\t<\/span><span class='av-structured-data'  itemprop=\"author\" itemscope=\"itemscope\" itemtype=\"https:\/\/schema.org\/Person\" ><span itemprop='name'>Transports Cou\u00e9<\/span><\/span><span class='av-structured-data'  itemprop=\"datePublished\" datetime=\"2018-10-04T10:16:12+02:00\" >2021-02-19 14:45:01<\/span><span class='av-structured-data'  itemprop=\"dateModified\" itemtype=\"https:\/\/schema.org\/dateModified\" >2021-05-21 16:39:23<\/span><span class='av-structured-data'  itemprop=\"mainEntityOfPage\" itemtype=\"https:\/\/schema.org\/mainEntityOfPage\" ><span itemprop='name'>Mise en place d&rsquo;un service d\u00e9di\u00e9 \u00e0 la Satisfaction Client<\/span><\/span><\/span><\/article><article class='slide-entry flex_column  post-entry post-entry-4226 slide-entry-overview slide-loop-77 slide-parity-even  av_one_third  real-thumbnail posttype-post post-format-standard'  itemscope=\"itemscope\" itemtype=\"https:\/\/schema.org\/CreativeWork\" ><a href='https:\/\/www.transports-coue.fr\/fr\/lalliance-des-transports-coue-et-du-groupe-trm\/' data-rel='slide-1' class='slide-image' title='L&rsquo;alliance des Transports Cou\u00e9 et du Groupe TRM'><img decoding=\"async\" fetchpriority=\"high\" width=\"845\" height=\"321\" src=\"https:\/\/www.transports-coue.fr\/wp-content\/uploads\/2021\/02\/29_01_2021_transports_coue_alliance_trm_solutions_logistiques_transports.jpg\" class=\"wp-image-4228 avia-img-lazy-loading-not-4228 attachment-no scaling size-no scaling wp-post-image\" alt=\"Les Transports Cou\u00e9 et le Groupe TRM s&#039;allient pour proposer une palette compl\u00e8te de solutions transports et logistique\" srcset=\"https:\/\/www.transports-coue.fr\/wp-content\/uploads\/2021\/02\/29_01_2021_transports_coue_alliance_trm_solutions_logistiques_transports.jpg 845w, https:\/\/www.transports-coue.fr\/wp-content\/uploads\/2021\/02\/29_01_2021_transports_coue_alliance_trm_solutions_logistiques_transports-300x114.jpg 300w, https:\/\/www.transports-coue.fr\/wp-content\/uploads\/2021\/02\/29_01_2021_transports_coue_alliance_trm_solutions_logistiques_transports-80x30.jpg 80w, https:\/\/www.transports-coue.fr\/wp-content\/uploads\/2021\/02\/29_01_2021_transports_coue_alliance_trm_solutions_logistiques_transports-768x292.jpg 768w, https:\/\/www.transports-coue.fr\/wp-content\/uploads\/2021\/02\/29_01_2021_transports_coue_alliance_trm_solutions_logistiques_transports-705x268.jpg 705w\" sizes=\"(max-width: 845px) 100vw, 845px\" \/><\/a><div class=\"slide-content\"><header class=\"entry-content-header\" aria-label=\"Slide: L&#039;alliance des Transports Cou\u00e9 et du Groupe TRM\"><h3 class='slide-entry-title entry-title '  itemprop=\"headline\" ><a href='https:\/\/www.transports-coue.fr\/fr\/lalliance-des-transports-coue-et-du-groupe-trm\/' title='L&rsquo;alliance des Transports Cou\u00e9 et du Groupe TRM'>L&rsquo;alliance des Transports Cou\u00e9 et du Groupe TRM<\/a><\/h3><span class=\"blog-categories minor-meta\"><a href=\"https:\/\/www.transports-coue.fr\/fr\/category\/actualites\/\" rel=\"tag\">Actualit\u00e9s<\/a>, <a href=\"https:\/\/www.transports-coue.fr\/fr\/category\/actualites\/developpement\/\" rel=\"tag\">D\u00e9veloppement<\/a>, <a href=\"https:\/\/www.transports-coue.fr\/fr\/category\/actualites\/developpement\/developpement-logistique\/\" rel=\"tag\">D\u00e9veloppement Logistique<\/a> <\/span><span class=\"av-vertical-delimiter\"><\/span><\/header><div class='slide-entry-excerpt entry-content'  itemprop=\"text\" >\n Les Transports Cou\u00e9 et le Groupe TRM s\u2019allient pour proposer une palette de solutions logistiques et transports encore plus compl\u00e8te !\n\n\n\nTransport routier  grand volume, b\u00e2ch\u00e9, frigo et container\n Logistique et stockage  de mati\u00e8res\u2026<div class=\"read-more-link\"><a href=\"https:\/\/www.transports-coue.fr\/fr\/lalliance-des-transports-coue-et-du-groupe-trm\/\" class=\"more-link\">Lire la suite<span class='more-link-arrow avia-svg-icon avia-font-svg_entypo-fontello' data-av_svg_icon='right-open-big' data-av_iconset='svg_entypo-fontello'><svg version=\"1.1\" xmlns=\"http:\/\/www.w3.org\/2000\/svg\" width=\"15\" height=\"32\" viewBox=\"0 0 15 32\" preserveAspectRatio=\"xMidYMid meet\" role=\"graphics-symbol\" aria-hidden=\"true\">\n<path d=\"M0.416 27.84l11.456-11.84-11.456-11.904q-0.832-0.832 0-1.536 0.832-0.832 1.536 0l12.544 12.608q0.768 0.832 0 1.6l-12.544 12.608q-0.704 0.832-1.536 0-0.832-0.704 0-1.536z\"><\/path>\n<\/svg><\/span><\/a><\/div><\/div><\/div><footer class=\"entry-footer\"><div class=\"slide-meta\"><time class='slide-meta-time updated'  itemprop=\"datePublished\" datetime=\"2021-02-01T10:06:55+01:00\" >1 f\u00e9vrier 2021<\/time><\/div><\/footer><span class='hidden'>\n\t\t\t\t<span class='av-structured-data'  itemprop=\"image\" itemscope=\"itemscope\" itemtype=\"https:\/\/schema.org\/ImageObject\" >\n\t\t\t\t\t\t<span itemprop='url'>https:\/\/www.transports-coue.fr\/wp-content\/uploads\/2021\/02\/29_01_2021_transports_coue_alliance_trm_solutions_logistiques_transports.jpg<\/span>\n\t\t\t\t\t\t<span itemprop='height'>321<\/span>\n\t\t\t\t\t\t<span itemprop='width'>845<\/span>\n\t\t\t\t<\/span>\n\t\t\t\t<span class='av-structured-data'  itemprop=\"publisher\" itemtype=\"https:\/\/schema.org\/Organization\" itemscope=\"itemscope\" >\n\t\t\t\t\t\t<span itemprop='name'>Transports Cou\u00e9<\/span>\n\t\t\t\t\t\t<span itemprop='logo' itemscope itemtype='https:\/\/schema.org\/ImageObject'>\n\t\t\t\t\t\t\t<span itemprop='url'>https:\/\/www.transports-coue.fr\/wp-content\/uploads\/2018\/10\/Logo-transports-coue-300x119.png<\/span>\n\t\t\t\t\t\t<\/span>\n\t\t\t\t<\/span><span class='av-structured-data'  itemprop=\"author\" itemscope=\"itemscope\" itemtype=\"https:\/\/schema.org\/Person\" ><span itemprop='name'>Transports Cou\u00e9<\/span><\/span><span class='av-structured-data'  itemprop=\"datePublished\" datetime=\"2018-10-04T10:16:12+02:00\" >2021-02-01 10:06:55<\/span><span class='av-structured-data'  itemprop=\"dateModified\" itemtype=\"https:\/\/schema.org\/dateModified\" >2021-05-21 16:41:20<\/span><span class='av-structured-data'  itemprop=\"mainEntityOfPage\" itemtype=\"https:\/\/schema.org\/mainEntityOfPage\" ><span itemprop='name'>L&rsquo;alliance des Transports Cou\u00e9 et du Groupe TRM<\/span><\/span><\/span><\/article><article class='slide-entry flex_column  post-entry post-entry-4205 slide-entry-overview slide-loop-78 slide-parity-odd  av_one_third  real-thumbnail posttype-post post-format-standard'  itemscope=\"itemscope\" itemtype=\"https:\/\/schema.org\/CreativeWork\" ><a href='https:\/\/www.transports-coue.fr\/fr\/acquisition-dun-bras-de-manutention-neoditech-pour-notre-logistique\/' data-rel='slide-1' class='slide-image' title='Acquisition d&rsquo;un bras de manutention N\u00e9oditech pour notre logistique'><img decoding=\"async\" fetchpriority=\"high\" width=\"845\" height=\"321\" src=\"https:\/\/www.transports-coue.fr\/wp-content\/uploads\/2021\/01\/2021-01-22-transports-coue-bras-de-manutention-logistique.jpg\" class=\"wp-image-4209 avia-img-lazy-loading-not-4209 attachment-no scaling size-no scaling wp-post-image\" alt=\"Transports Cou\u00e9 s&#039;\u00e9quipent d&#039;un bras de manutention charges lourdes pour la logistique\" srcset=\"https:\/\/www.transports-coue.fr\/wp-content\/uploads\/2021\/01\/2021-01-22-transports-coue-bras-de-manutention-logistique.jpg 845w, https:\/\/www.transports-coue.fr\/wp-content\/uploads\/2021\/01\/2021-01-22-transports-coue-bras-de-manutention-logistique-300x114.jpg 300w, https:\/\/www.transports-coue.fr\/wp-content\/uploads\/2021\/01\/2021-01-22-transports-coue-bras-de-manutention-logistique-80x30.jpg 80w, https:\/\/www.transports-coue.fr\/wp-content\/uploads\/2021\/01\/2021-01-22-transports-coue-bras-de-manutention-logistique-768x292.jpg 768w, https:\/\/www.transports-coue.fr\/wp-content\/uploads\/2021\/01\/2021-01-22-transports-coue-bras-de-manutention-logistique-705x268.jpg 705w\" sizes=\"(max-width: 845px) 100vw, 845px\" \/><\/a><div class=\"slide-content\"><header class=\"entry-content-header\" aria-label=\"Slide: Acquisition d&#039;un bras de manutention N\u00e9oditech pour notre logistique\"><h3 class='slide-entry-title entry-title '  itemprop=\"headline\" ><a href='https:\/\/www.transports-coue.fr\/fr\/acquisition-dun-bras-de-manutention-neoditech-pour-notre-logistique\/' title='Acquisition d&rsquo;un bras de manutention N\u00e9oditech pour notre logistique'>Acquisition d&rsquo;un bras de manutention N\u00e9oditech pour notre logistique<\/a><\/h3><span class=\"blog-categories minor-meta\"><a href=\"https:\/\/www.transports-coue.fr\/fr\/category\/actualites\/\" rel=\"tag\">Actualit\u00e9s<\/a>, <a href=\"https:\/\/www.transports-coue.fr\/fr\/category\/actualites\/developpement\/\" rel=\"tag\">D\u00e9veloppement<\/a>, <a href=\"https:\/\/www.transports-coue.fr\/fr\/category\/actualites\/developpement\/developpement-logistique\/\" rel=\"tag\">D\u00e9veloppement Logistique<\/a> <\/span><span class=\"av-vertical-delimiter\"><\/span><\/header><div class='slide-entry-excerpt entry-content'  itemprop=\"text\" >\n\u26a1 Dans un souci constant de pr\u00e9server la sant\u00e9 de nos salari\u00e9s, nous avons investi dans un bras de manutention N\u00e9oditech !\n\n\n\u00a0\n\n\nCe nouvel outil \ud83d\udee0 ajout\u00e9 au chariot \u00e9l\u00e9vateur permet de soulever et de d\u00e9placer des charges lourdes\u2026<div class=\"read-more-link\"><a href=\"https:\/\/www.transports-coue.fr\/fr\/acquisition-dun-bras-de-manutention-neoditech-pour-notre-logistique\/\" class=\"more-link\">Lire la suite<span class='more-link-arrow avia-svg-icon avia-font-svg_entypo-fontello' data-av_svg_icon='right-open-big' data-av_iconset='svg_entypo-fontello'><svg version=\"1.1\" xmlns=\"http:\/\/www.w3.org\/2000\/svg\" width=\"15\" height=\"32\" viewBox=\"0 0 15 32\" preserveAspectRatio=\"xMidYMid meet\" role=\"graphics-symbol\" aria-hidden=\"true\">\n<path d=\"M0.416 27.84l11.456-11.84-11.456-11.904q-0.832-0.832 0-1.536 0.832-0.832 1.536 0l12.544 12.608q0.768 0.832 0 1.6l-12.544 12.608q-0.704 0.832-1.536 0-0.832-0.704 0-1.536z\"><\/path>\n<\/svg><\/span><\/a><\/div><\/div><\/div><footer class=\"entry-footer\"><div class=\"slide-meta\"><time class='slide-meta-time updated'  itemprop=\"datePublished\" datetime=\"2021-01-22T12:10:36+01:00\" >22 janvier 2021<\/time><\/div><\/footer><span class='hidden'>\n\t\t\t\t<span class='av-structured-data'  itemprop=\"image\" itemscope=\"itemscope\" itemtype=\"https:\/\/schema.org\/ImageObject\" >\n\t\t\t\t\t\t<span itemprop='url'>https:\/\/www.transports-coue.fr\/wp-content\/uploads\/2021\/01\/2021-01-22-transports-coue-bras-de-manutention-logistique.jpg<\/span>\n\t\t\t\t\t\t<span itemprop='height'>321<\/span>\n\t\t\t\t\t\t<span itemprop='width'>845<\/span>\n\t\t\t\t<\/span>\n\t\t\t\t<span class='av-structured-data'  itemprop=\"publisher\" itemtype=\"https:\/\/schema.org\/Organization\" itemscope=\"itemscope\" >\n\t\t\t\t\t\t<span itemprop='name'>Transports Cou\u00e9<\/span>\n\t\t\t\t\t\t<span itemprop='logo' itemscope itemtype='https:\/\/schema.org\/ImageObject'>\n\t\t\t\t\t\t\t<span itemprop='url'>https:\/\/www.transports-coue.fr\/wp-content\/uploads\/2018\/10\/Logo-transports-coue-300x119.png<\/span>\n\t\t\t\t\t\t<\/span>\n\t\t\t\t<\/span><span class='av-structured-data'  itemprop=\"author\" itemscope=\"itemscope\" itemtype=\"https:\/\/schema.org\/Person\" ><span itemprop='name'>Transports Cou\u00e9<\/span><\/span><span class='av-structured-data'  itemprop=\"datePublished\" datetime=\"2018-10-04T10:16:12+02:00\" >2021-01-22 12:10:36<\/span><span class='av-structured-data'  itemprop=\"dateModified\" itemtype=\"https:\/\/schema.org\/dateModified\" >2021-05-21 16:41:49<\/span><span class='av-structured-data'  itemprop=\"mainEntityOfPage\" itemtype=\"https:\/\/schema.org\/mainEntityOfPage\" ><span itemprop='name'>Acquisition d&rsquo;un bras de manutention N\u00e9oditech pour notre logistique<\/span><\/span><\/span><\/article><\/div><div class=\"slide-entry-wrap\"><article class='slide-entry flex_column  post-entry post-entry-4193 slide-entry-overview slide-loop-79 slide-parity-odd  av_one_third first real-thumbnail posttype-post post-format-standard'  itemscope=\"itemscope\" itemtype=\"https:\/\/schema.org\/CreativeWork\" ><a href='https:\/\/www.transports-coue.fr\/fr\/nos-remarquables-partent-sur-les-routes-de-france\/' data-rel='slide-1' class='slide-image' title='Nos reMarquables partent sur les routes de France'><img decoding=\"async\" fetchpriority=\"high\" width=\"845\" height=\"321\" src=\"https:\/\/www.transports-coue.fr\/wp-content\/uploads\/2021\/01\/2020-01-18-transports-coue-messagerie-palette-remarquables.jpg\" class=\"wp-image-4191 avia-img-lazy-loading-not-4191 attachment-no scaling size-no scaling wp-post-image\" alt=\"D\u00e9part des remarquables sur les routes de France\" srcset=\"https:\/\/www.transports-coue.fr\/wp-content\/uploads\/2021\/01\/2020-01-18-transports-coue-messagerie-palette-remarquables.jpg 845w, https:\/\/www.transports-coue.fr\/wp-content\/uploads\/2021\/01\/2020-01-18-transports-coue-messagerie-palette-remarquables-300x114.jpg 300w, https:\/\/www.transports-coue.fr\/wp-content\/uploads\/2021\/01\/2020-01-18-transports-coue-messagerie-palette-remarquables-80x30.jpg 80w, https:\/\/www.transports-coue.fr\/wp-content\/uploads\/2021\/01\/2020-01-18-transports-coue-messagerie-palette-remarquables-768x292.jpg 768w, https:\/\/www.transports-coue.fr\/wp-content\/uploads\/2021\/01\/2020-01-18-transports-coue-messagerie-palette-remarquables-705x268.jpg 705w\" sizes=\"(max-width: 845px) 100vw, 845px\" \/><\/a><div class=\"slide-content\"><header class=\"entry-content-header\" aria-label=\"Slide: Nos reMarquables partent sur les routes de France\"><h3 class='slide-entry-title entry-title '  itemprop=\"headline\" ><a href='https:\/\/www.transports-coue.fr\/fr\/nos-remarquables-partent-sur-les-routes-de-france\/' title='Nos reMarquables partent sur les routes de France'>Nos reMarquables partent sur les routes de France<\/a><\/h3><span class=\"blog-categories minor-meta\"><a href=\"https:\/\/www.transports-coue.fr\/fr\/category\/actualites\/\" rel=\"tag\">Actualit\u00e9s<\/a>, <a href=\"https:\/\/www.transports-coue.fr\/fr\/category\/actualites\/developpement\/\" rel=\"tag\">D\u00e9veloppement<\/a> <\/span><span class=\"av-vertical-delimiter\"><\/span><\/header><div class='slide-entry-excerpt entry-content'  itemprop=\"text\" >\u2728 C'est l'heure du d\u00e9part pour nos reMarquables !\nLes nouvelles semi-remorques \ud83d\ude9b \u00e0 l'effigie de la Team Cou\u00e9 quittent nos entrep\u00f4ts ! Une belle communication sur nos \u00e9quipes, les m\u00e9tiers du Transport Routier et le d\u00e9partement de\u2026<div class=\"read-more-link\"><a href=\"https:\/\/www.transports-coue.fr\/fr\/nos-remarquables-partent-sur-les-routes-de-france\/\" class=\"more-link\">Lire la suite<span class='more-link-arrow avia-svg-icon avia-font-svg_entypo-fontello' data-av_svg_icon='right-open-big' data-av_iconset='svg_entypo-fontello'><svg version=\"1.1\" xmlns=\"http:\/\/www.w3.org\/2000\/svg\" width=\"15\" height=\"32\" viewBox=\"0 0 15 32\" preserveAspectRatio=\"xMidYMid meet\" role=\"graphics-symbol\" aria-hidden=\"true\">\n<path d=\"M0.416 27.84l11.456-11.84-11.456-11.904q-0.832-0.832 0-1.536 0.832-0.832 1.536 0l12.544 12.608q0.768 0.832 0 1.6l-12.544 12.608q-0.704 0.832-1.536 0-0.832-0.704 0-1.536z\"><\/path>\n<\/svg><\/span><\/a><\/div><\/div><\/div><footer class=\"entry-footer\"><div class=\"slide-meta\"><time class='slide-meta-time updated'  itemprop=\"datePublished\" datetime=\"2021-01-18T10:57:58+01:00\" >18 janvier 2021<\/time><\/div><\/footer><span class='hidden'>\n\t\t\t\t<span class='av-structured-data'  itemprop=\"image\" itemscope=\"itemscope\" itemtype=\"https:\/\/schema.org\/ImageObject\" >\n\t\t\t\t\t\t<span itemprop='url'>https:\/\/www.transports-coue.fr\/wp-content\/uploads\/2021\/01\/2020-01-18-transports-coue-messagerie-palette-remarquables.jpg<\/span>\n\t\t\t\t\t\t<span itemprop='height'>321<\/span>\n\t\t\t\t\t\t<span itemprop='width'>845<\/span>\n\t\t\t\t<\/span>\n\t\t\t\t<span class='av-structured-data'  itemprop=\"publisher\" itemtype=\"https:\/\/schema.org\/Organization\" itemscope=\"itemscope\" >\n\t\t\t\t\t\t<span itemprop='name'>Transports Cou\u00e9<\/span>\n\t\t\t\t\t\t<span itemprop='logo' itemscope itemtype='https:\/\/schema.org\/ImageObject'>\n\t\t\t\t\t\t\t<span itemprop='url'>https:\/\/www.transports-coue.fr\/wp-content\/uploads\/2018\/10\/Logo-transports-coue-300x119.png<\/span>\n\t\t\t\t\t\t<\/span>\n\t\t\t\t<\/span><span class='av-structured-data'  itemprop=\"author\" itemscope=\"itemscope\" itemtype=\"https:\/\/schema.org\/Person\" ><span itemprop='name'>Transports Cou\u00e9<\/span><\/span><span class='av-structured-data'  itemprop=\"datePublished\" datetime=\"2018-10-04T10:16:12+02:00\" >2021-01-18 10:57:58<\/span><span class='av-structured-data'  itemprop=\"dateModified\" itemtype=\"https:\/\/schema.org\/dateModified\" >2021-05-21 16:42:22<\/span><span class='av-structured-data'  itemprop=\"mainEntityOfPage\" itemtype=\"https:\/\/schema.org\/mainEntityOfPage\" ><span itemprop='name'>Nos reMarquables partent sur les routes de France<\/span><\/span><\/span><\/article><article class='slide-entry flex_column  post-entry post-entry-4117 slide-entry-overview slide-loop-80 slide-parity-even  av_one_third  real-thumbnail posttype-post post-format-standard'  itemscope=\"itemscope\" itemtype=\"https:\/\/schema.org\/CreativeWork\" ><a href='https:\/\/www.transports-coue.fr\/fr\/les-mayennais-sont-remarquables-nos-equipes-le-metier-du-transport-routier-la-mayenne-mis-en-lumiere-sur-nos-camions\/' data-rel='slide-1' class='slide-image' title='\u00ab\u00a0Les Mayennais sont reMarquables\u00a0\u00bb : nos \u00e9quipes, le m\u00e9tier du Transport Routier &#038; la Mayenne mis en lumi\u00e8re sur nos camions !'><img decoding=\"async\" fetchpriority=\"high\" width=\"832\" height=\"318\" src=\"https:\/\/www.transports-coue.fr\/wp-content\/uploads\/2020\/12\/2020-09-12-transports-coue-les-mayennais-sont-remarquables.jpg\" class=\"wp-image-4115 avia-img-lazy-loading-not-4115 attachment-no scaling size-no scaling wp-post-image\" alt=\"Transports Cou\u00e9 met \u00e0 l&#039;honneur ses collaborateurs avec la communication Les Mayennais sont remarquables\" srcset=\"https:\/\/www.transports-coue.fr\/wp-content\/uploads\/2020\/12\/2020-09-12-transports-coue-les-mayennais-sont-remarquables.jpg 832w, https:\/\/www.transports-coue.fr\/wp-content\/uploads\/2020\/12\/2020-09-12-transports-coue-les-mayennais-sont-remarquables-300x115.jpg 300w, https:\/\/www.transports-coue.fr\/wp-content\/uploads\/2020\/12\/2020-09-12-transports-coue-les-mayennais-sont-remarquables-80x31.jpg 80w, https:\/\/www.transports-coue.fr\/wp-content\/uploads\/2020\/12\/2020-09-12-transports-coue-les-mayennais-sont-remarquables-768x294.jpg 768w, https:\/\/www.transports-coue.fr\/wp-content\/uploads\/2020\/12\/2020-09-12-transports-coue-les-mayennais-sont-remarquables-705x269.jpg 705w\" sizes=\"(max-width: 832px) 100vw, 832px\" \/><\/a><div class=\"slide-content\"><header class=\"entry-content-header\" aria-label=\"Slide: &quot;Les Mayennais sont reMarquables&quot; : nos \u00e9quipes, le m\u00e9tier du Transport Routier &amp; la Mayenne mis en lumi\u00e8re sur nos camions !\"><h3 class='slide-entry-title entry-title '  itemprop=\"headline\" ><a href='https:\/\/www.transports-coue.fr\/fr\/les-mayennais-sont-remarquables-nos-equipes-le-metier-du-transport-routier-la-mayenne-mis-en-lumiere-sur-nos-camions\/' title='\u00ab\u00a0Les Mayennais sont reMarquables\u00a0\u00bb : nos \u00e9quipes, le m\u00e9tier du Transport Routier &#038; la Mayenne mis en lumi\u00e8re sur nos camions !'>\u00ab\u00a0Les Mayennais sont reMarquables\u00a0\u00bb : nos \u00e9quipes, le m\u00e9tier du Transport Routier &#038; la Mayenne mis en lumi\u00e8re sur nos camions !<\/a><\/h3><span class=\"blog-categories minor-meta\"><a href=\"https:\/\/www.transports-coue.fr\/fr\/category\/actualites\/\" rel=\"tag\">Actualit\u00e9s<\/a>, <a href=\"https:\/\/www.transports-coue.fr\/fr\/category\/actualites\/developpement\/\" rel=\"tag\">D\u00e9veloppement<\/a> <\/span><span class=\"av-vertical-delimiter\"><\/span><\/header><div class='slide-entry-excerpt entry-content'  itemprop=\"text\" >\n\n\n\"Les Mayennais sont reMarquables !\" Le dynamisme, la cr\u00e9ativit\u00e9, l'attractivit\u00e9 qu\u2019inspire cette campagne de communication du Conseil D\u00e9partemental de la Mayenne, a s\u00e9duit notre dirigeant, Fran\u00e7ois Cou\u00e9. Il y a vu l\u2019opportunit\u00e9\u2026<div class=\"read-more-link\"><a href=\"https:\/\/www.transports-coue.fr\/fr\/les-mayennais-sont-remarquables-nos-equipes-le-metier-du-transport-routier-la-mayenne-mis-en-lumiere-sur-nos-camions\/\" class=\"more-link\">Lire la suite<span class='more-link-arrow avia-svg-icon avia-font-svg_entypo-fontello' data-av_svg_icon='right-open-big' data-av_iconset='svg_entypo-fontello'><svg version=\"1.1\" xmlns=\"http:\/\/www.w3.org\/2000\/svg\" width=\"15\" height=\"32\" viewBox=\"0 0 15 32\" preserveAspectRatio=\"xMidYMid meet\" role=\"graphics-symbol\" aria-hidden=\"true\">\n<path d=\"M0.416 27.84l11.456-11.84-11.456-11.904q-0.832-0.832 0-1.536 0.832-0.832 1.536 0l12.544 12.608q0.768 0.832 0 1.6l-12.544 12.608q-0.704 0.832-1.536 0-0.832-0.704 0-1.536z\"><\/path>\n<\/svg><\/span><\/a><\/div><\/div><\/div><footer class=\"entry-footer\"><div class=\"slide-meta\"><time class='slide-meta-time updated'  itemprop=\"datePublished\" datetime=\"2020-12-09T17:40:13+01:00\" >9 d\u00e9cembre 2020<\/time><\/div><\/footer><span class='hidden'>\n\t\t\t\t<span class='av-structured-data'  itemprop=\"image\" itemscope=\"itemscope\" itemtype=\"https:\/\/schema.org\/ImageObject\" >\n\t\t\t\t\t\t<span itemprop='url'>https:\/\/www.transports-coue.fr\/wp-content\/uploads\/2020\/12\/2020-09-12-transports-coue-les-mayennais-sont-remarquables.jpg<\/span>\n\t\t\t\t\t\t<span itemprop='height'>318<\/span>\n\t\t\t\t\t\t<span itemprop='width'>832<\/span>\n\t\t\t\t<\/span>\n\t\t\t\t<span class='av-structured-data'  itemprop=\"publisher\" itemtype=\"https:\/\/schema.org\/Organization\" itemscope=\"itemscope\" >\n\t\t\t\t\t\t<span itemprop='name'>Transports Cou\u00e9<\/span>\n\t\t\t\t\t\t<span itemprop='logo' itemscope itemtype='https:\/\/schema.org\/ImageObject'>\n\t\t\t\t\t\t\t<span itemprop='url'>https:\/\/www.transports-coue.fr\/wp-content\/uploads\/2018\/10\/Logo-transports-coue-300x119.png<\/span>\n\t\t\t\t\t\t<\/span>\n\t\t\t\t<\/span><span class='av-structured-data'  itemprop=\"author\" itemscope=\"itemscope\" itemtype=\"https:\/\/schema.org\/Person\" ><span itemprop='name'>Transports Cou\u00e9<\/span><\/span><span class='av-structured-data'  itemprop=\"datePublished\" datetime=\"2018-10-04T10:16:12+02:00\" >2020-12-09 17:40:13<\/span><span class='av-structured-data'  itemprop=\"dateModified\" itemtype=\"https:\/\/schema.org\/dateModified\" >2021-05-21 16:45:20<\/span><span class='av-structured-data'  itemprop=\"mainEntityOfPage\" itemtype=\"https:\/\/schema.org\/mainEntityOfPage\" ><span itemprop='name'>\u00ab\u00a0Les Mayennais sont reMarquables\u00a0\u00bb : nos \u00e9quipes, le m\u00e9tier du Transport Routier &#038; la Mayenne mis en lumi\u00e8re sur nos camions !<\/span><\/span><\/span><\/article><article class='slide-entry flex_column  post-entry post-entry-3994 slide-entry-overview slide-loop-81 slide-parity-odd  av_one_third  real-thumbnail posttype-post post-format-standard'  itemscope=\"itemscope\" itemtype=\"https:\/\/schema.org\/CreativeWork\" ><a href='https:\/\/www.transports-coue.fr\/fr\/2eme-confinement-maintien-de-nos-activites-transports-logistiques\/' data-rel='slide-1' class='slide-image' title='2\u00e8me Confinement &#8211; Maintien de nos activit\u00e9s Transports &#038; Logistiques'><img decoding=\"async\" fetchpriority=\"high\" width=\"832\" height=\"318\" src=\"https:\/\/www.transports-coue.fr\/wp-content\/uploads\/2020\/11\/2020-11-06-transports-coue-en-activite-pendant-confinement-min.jpg\" class=\"wp-image-3992 avia-img-lazy-loading-not-3992 attachment-no scaling size-no scaling wp-post-image\" alt=\"Confinement - Transports Cou\u00e9 poursuivent leurs activit\u00e9s Transport &amp; Logistique\" srcset=\"https:\/\/www.transports-coue.fr\/wp-content\/uploads\/2020\/11\/2020-11-06-transports-coue-en-activite-pendant-confinement-min.jpg 832w, https:\/\/www.transports-coue.fr\/wp-content\/uploads\/2020\/11\/2020-11-06-transports-coue-en-activite-pendant-confinement-min-300x115.jpg 300w, https:\/\/www.transports-coue.fr\/wp-content\/uploads\/2020\/11\/2020-11-06-transports-coue-en-activite-pendant-confinement-min-80x31.jpg 80w, https:\/\/www.transports-coue.fr\/wp-content\/uploads\/2020\/11\/2020-11-06-transports-coue-en-activite-pendant-confinement-min-768x294.jpg 768w, https:\/\/www.transports-coue.fr\/wp-content\/uploads\/2020\/11\/2020-11-06-transports-coue-en-activite-pendant-confinement-min-705x269.jpg 705w\" sizes=\"(max-width: 832px) 100vw, 832px\" \/><\/a><div class=\"slide-content\"><header class=\"entry-content-header\" aria-label=\"Slide: 2\u00e8me Confinement - Maintien de nos activit\u00e9s Transports &amp; Logistiques\"><h3 class='slide-entry-title entry-title '  itemprop=\"headline\" ><a href='https:\/\/www.transports-coue.fr\/fr\/2eme-confinement-maintien-de-nos-activites-transports-logistiques\/' title='2\u00e8me Confinement &#8211; Maintien de nos activit\u00e9s Transports &#038; Logistiques'>2\u00e8me Confinement &#8211; Maintien de nos activit\u00e9s Transports &#038; Logistiques<\/a><\/h3><span class=\"blog-categories minor-meta\"><a href=\"https:\/\/www.transports-coue.fr\/fr\/category\/actualites\/\" rel=\"tag\">Actualit\u00e9s<\/a>, <a href=\"https:\/\/www.transports-coue.fr\/fr\/category\/actualites\/developpement\/\" rel=\"tag\">D\u00e9veloppement<\/a> <\/span><span class=\"av-vertical-delimiter\"><\/span><\/header><div class='slide-entry-excerpt entry-content'  itemprop=\"text\" >Nous \ud835\uddfd\ud835\uddfc\ud835\ude02\ud835\uddff\ud835\ude00\ud835\ude02\ud835\uddf6\ud835\ude03\ud835\uddfc\ud835\uddfb\ud835\ude00 l'ensemble de nos activit\u00e9s \ud835\udde7\ud835\uddff\ud835\uddee\ud835\uddfb\ud835\ude00\ud835\uddfd\ud835\uddfc\ud835\uddff\ud835\ude01\ud835\ude00 &amp; \ud835\udddf\ud835\uddfc\ud835\uddf4\ud835\uddf6\ud835\ude00\ud835\ude01\ud835\uddf6\ud835\uddfe\ud835\ude02\ud835\uddf2\ud835\ude00 pendant cette nouvelle p\u00e9riode de confinement.\n\nToutes nos \u00e9quipes \ud83d\udc65\u2026<div class=\"read-more-link\"><a href=\"https:\/\/www.transports-coue.fr\/fr\/2eme-confinement-maintien-de-nos-activites-transports-logistiques\/\" class=\"more-link\">Lire la suite<span class='more-link-arrow avia-svg-icon avia-font-svg_entypo-fontello' data-av_svg_icon='right-open-big' data-av_iconset='svg_entypo-fontello'><svg version=\"1.1\" xmlns=\"http:\/\/www.w3.org\/2000\/svg\" width=\"15\" height=\"32\" viewBox=\"0 0 15 32\" preserveAspectRatio=\"xMidYMid meet\" role=\"graphics-symbol\" aria-hidden=\"true\">\n<path d=\"M0.416 27.84l11.456-11.84-11.456-11.904q-0.832-0.832 0-1.536 0.832-0.832 1.536 0l12.544 12.608q0.768 0.832 0 1.6l-12.544 12.608q-0.704 0.832-1.536 0-0.832-0.704 0-1.536z\"><\/path>\n<\/svg><\/span><\/a><\/div><\/div><\/div><footer class=\"entry-footer\"><div class=\"slide-meta\"><time class='slide-meta-time updated'  itemprop=\"datePublished\" datetime=\"2020-11-06T18:52:01+01:00\" >6 novembre 2020<\/time><\/div><\/footer><span class='hidden'>\n\t\t\t\t<span class='av-structured-data'  itemprop=\"image\" itemscope=\"itemscope\" itemtype=\"https:\/\/schema.org\/ImageObject\" >\n\t\t\t\t\t\t<span itemprop='url'>https:\/\/www.transports-coue.fr\/wp-content\/uploads\/2020\/11\/2020-11-06-transports-coue-en-activite-pendant-confinement-min.jpg<\/span>\n\t\t\t\t\t\t<span itemprop='height'>318<\/span>\n\t\t\t\t\t\t<span itemprop='width'>832<\/span>\n\t\t\t\t<\/span>\n\t\t\t\t<span class='av-structured-data'  itemprop=\"publisher\" itemtype=\"https:\/\/schema.org\/Organization\" itemscope=\"itemscope\" >\n\t\t\t\t\t\t<span itemprop='name'>Transports Cou\u00e9<\/span>\n\t\t\t\t\t\t<span itemprop='logo' itemscope itemtype='https:\/\/schema.org\/ImageObject'>\n\t\t\t\t\t\t\t<span itemprop='url'>https:\/\/www.transports-coue.fr\/wp-content\/uploads\/2018\/10\/Logo-transports-coue-300x119.png<\/span>\n\t\t\t\t\t\t<\/span>\n\t\t\t\t<\/span><span class='av-structured-data'  itemprop=\"author\" itemscope=\"itemscope\" itemtype=\"https:\/\/schema.org\/Person\" ><span itemprop='name'>Transports Cou\u00e9<\/span><\/span><span class='av-structured-data'  itemprop=\"datePublished\" datetime=\"2018-10-04T10:16:12+02:00\" >2020-11-06 18:52:01<\/span><span class='av-structured-data'  itemprop=\"dateModified\" itemtype=\"https:\/\/schema.org\/dateModified\" >2021-05-21 16:46:29<\/span><span class='av-structured-data'  itemprop=\"mainEntityOfPage\" itemtype=\"https:\/\/schema.org\/mainEntityOfPage\" ><span itemprop='name'>2\u00e8me Confinement &#8211; Maintien de nos activit\u00e9s Transports &#038; Logistiques<\/span><\/span><\/span><\/article><\/div><div class=\"slide-entry-wrap\"><article class='slide-entry flex_column  post-entry post-entry-3984 slide-entry-overview slide-loop-82 slide-parity-odd  av_one_third first real-thumbnail posttype-post post-format-standard'  itemscope=\"itemscope\" itemtype=\"https:\/\/schema.org\/CreativeWork\" ><a href='https:\/\/www.transports-coue.fr\/fr\/gestion-via-progiciels-de-notre-stockage-de-matieres-dangereuses\/' data-rel='slide-1' class='slide-image' title='Gestion compl\u00e8te via progiciels de notre stockage de mati\u00e8res dangereuses'><img decoding=\"async\" fetchpriority=\"high\" width=\"832\" height=\"318\" src=\"https:\/\/www.transports-coue.fr\/wp-content\/uploads\/2020\/10\/2020-10-26-web-transports-coue-etat-matieres-dangereuses-par-zone-min.jpg\" class=\"wp-image-3982 avia-img-lazy-loading-not-3982 attachment-no scaling size-no scaling wp-post-image\" alt=\"Gestion via progiciels de notre stockage de mati\u00e8res dangereuses\" srcset=\"https:\/\/www.transports-coue.fr\/wp-content\/uploads\/2020\/10\/2020-10-26-web-transports-coue-etat-matieres-dangereuses-par-zone-min.jpg 832w, https:\/\/www.transports-coue.fr\/wp-content\/uploads\/2020\/10\/2020-10-26-web-transports-coue-etat-matieres-dangereuses-par-zone-min-300x115.jpg 300w, https:\/\/www.transports-coue.fr\/wp-content\/uploads\/2020\/10\/2020-10-26-web-transports-coue-etat-matieres-dangereuses-par-zone-min-80x31.jpg 80w, https:\/\/www.transports-coue.fr\/wp-content\/uploads\/2020\/10\/2020-10-26-web-transports-coue-etat-matieres-dangereuses-par-zone-min-768x294.jpg 768w, https:\/\/www.transports-coue.fr\/wp-content\/uploads\/2020\/10\/2020-10-26-web-transports-coue-etat-matieres-dangereuses-par-zone-min-705x269.jpg 705w\" sizes=\"(max-width: 832px) 100vw, 832px\" \/><\/a><div class=\"slide-content\"><header class=\"entry-content-header\" aria-label=\"Slide: Gestion compl\u00e8te via progiciels de notre stockage de mati\u00e8res dangereuses\"><h3 class='slide-entry-title entry-title '  itemprop=\"headline\" ><a href='https:\/\/www.transports-coue.fr\/fr\/gestion-via-progiciels-de-notre-stockage-de-matieres-dangereuses\/' title='Gestion compl\u00e8te via progiciels de notre stockage de mati\u00e8res dangereuses'>Gestion compl\u00e8te via progiciels de notre stockage de mati\u00e8res dangereuses<\/a><\/h3><span class=\"blog-categories minor-meta\"><a href=\"https:\/\/www.transports-coue.fr\/fr\/category\/actualites\/\" rel=\"tag\">Actualit\u00e9s<\/a>, <a href=\"https:\/\/www.transports-coue.fr\/fr\/category\/actualites\/developpement\/\" rel=\"tag\">D\u00e9veloppement<\/a>, <a href=\"https:\/\/www.transports-coue.fr\/fr\/category\/actualites\/developpement\/developpement-logistique\/\" rel=\"tag\">D\u00e9veloppement Logistique<\/a> <\/span><span class=\"av-vertical-delimiter\"><\/span><\/header><div class='slide-entry-excerpt entry-content'  itemprop=\"text\" >Le minist\u00e8re\ud83c\udfe6 de la Transition \u00e9cologique \u267b\ufe0f, dans son plan post-Lubrizol \ud83d\udee2, a renforc\u00e9 les prescriptions pour le stockage des liquides inflammables \ud83d\udd25 et combustibles notamment dans les entrep\u00f4ts logistiques.\nUne des prochaines\u2026<div class=\"read-more-link\"><a href=\"https:\/\/www.transports-coue.fr\/fr\/gestion-via-progiciels-de-notre-stockage-de-matieres-dangereuses\/\" class=\"more-link\">Lire la suite<span class='more-link-arrow avia-svg-icon avia-font-svg_entypo-fontello' data-av_svg_icon='right-open-big' data-av_iconset='svg_entypo-fontello'><svg version=\"1.1\" xmlns=\"http:\/\/www.w3.org\/2000\/svg\" width=\"15\" height=\"32\" viewBox=\"0 0 15 32\" preserveAspectRatio=\"xMidYMid meet\" role=\"graphics-symbol\" aria-hidden=\"true\">\n<path d=\"M0.416 27.84l11.456-11.84-11.456-11.904q-0.832-0.832 0-1.536 0.832-0.832 1.536 0l12.544 12.608q0.768 0.832 0 1.6l-12.544 12.608q-0.704 0.832-1.536 0-0.832-0.704 0-1.536z\"><\/path>\n<\/svg><\/span><\/a><\/div><\/div><\/div><footer class=\"entry-footer\"><div class=\"slide-meta\"><time class='slide-meta-time updated'  itemprop=\"datePublished\" datetime=\"2020-10-30T18:39:42+01:00\" >30 octobre 2020<\/time><\/div><\/footer><span class='hidden'>\n\t\t\t\t<span class='av-structured-data'  itemprop=\"image\" itemscope=\"itemscope\" itemtype=\"https:\/\/schema.org\/ImageObject\" >\n\t\t\t\t\t\t<span itemprop='url'>https:\/\/www.transports-coue.fr\/wp-content\/uploads\/2020\/10\/2020-10-26-web-transports-coue-etat-matieres-dangereuses-par-zone-min.jpg<\/span>\n\t\t\t\t\t\t<span itemprop='height'>318<\/span>\n\t\t\t\t\t\t<span itemprop='width'>832<\/span>\n\t\t\t\t<\/span>\n\t\t\t\t<span class='av-structured-data'  itemprop=\"publisher\" itemtype=\"https:\/\/schema.org\/Organization\" itemscope=\"itemscope\" >\n\t\t\t\t\t\t<span itemprop='name'>Transports Cou\u00e9<\/span>\n\t\t\t\t\t\t<span itemprop='logo' itemscope itemtype='https:\/\/schema.org\/ImageObject'>\n\t\t\t\t\t\t\t<span itemprop='url'>https:\/\/www.transports-coue.fr\/wp-content\/uploads\/2018\/10\/Logo-transports-coue-300x119.png<\/span>\n\t\t\t\t\t\t<\/span>\n\t\t\t\t<\/span><span class='av-structured-data'  itemprop=\"author\" itemscope=\"itemscope\" itemtype=\"https:\/\/schema.org\/Person\" ><span itemprop='name'>Transports Cou\u00e9<\/span><\/span><span class='av-structured-data'  itemprop=\"datePublished\" datetime=\"2018-10-04T10:16:12+02:00\" >2020-10-30 18:39:42<\/span><span class='av-structured-data'  itemprop=\"dateModified\" itemtype=\"https:\/\/schema.org\/dateModified\" >2021-03-10 11:03:45<\/span><span class='av-structured-data'  itemprop=\"mainEntityOfPage\" itemtype=\"https:\/\/schema.org\/mainEntityOfPage\" ><span itemprop='name'>Gestion compl\u00e8te via progiciels de notre stockage de mati\u00e8res dangereuses<\/span><\/span><\/span><\/article><article class='slide-entry flex_column  post-entry post-entry-3879 slide-entry-overview slide-loop-83 slide-parity-even  av_one_third  real-thumbnail posttype-post post-format-standard'  itemscope=\"itemscope\" itemtype=\"https:\/\/schema.org\/CreativeWork\" ><a href='https:\/\/www.transports-coue.fr\/fr\/jupes-de-protection-palette-plus-hautes-pour-un-transport-de-qualite\/' data-rel='slide-1' class='slide-image' title='Jupes de protection palettes plus hautes pour vous garantir un transport de qualit\u00e9'><img decoding=\"async\" fetchpriority=\"high\" width=\"832\" height=\"318\" src=\"https:\/\/www.transports-coue.fr\/wp-content\/uploads\/2020\/09\/2020-09-25-transports-coue-jupe-protection-palette-messagerie.jpg\" class=\"wp-image-3875 avia-img-lazy-loading-not-3875 attachment-no scaling size-no scaling wp-post-image\" alt=\"Qualit\u00e9 de service renfort jupe de protection des palettes Transports Cou\u00e9\" srcset=\"https:\/\/www.transports-coue.fr\/wp-content\/uploads\/2020\/09\/2020-09-25-transports-coue-jupe-protection-palette-messagerie.jpg 832w, https:\/\/www.transports-coue.fr\/wp-content\/uploads\/2020\/09\/2020-09-25-transports-coue-jupe-protection-palette-messagerie-300x115.jpg 300w, https:\/\/www.transports-coue.fr\/wp-content\/uploads\/2020\/09\/2020-09-25-transports-coue-jupe-protection-palette-messagerie-80x31.jpg 80w, https:\/\/www.transports-coue.fr\/wp-content\/uploads\/2020\/09\/2020-09-25-transports-coue-jupe-protection-palette-messagerie-768x294.jpg 768w, https:\/\/www.transports-coue.fr\/wp-content\/uploads\/2020\/09\/2020-09-25-transports-coue-jupe-protection-palette-messagerie-705x269.jpg 705w\" sizes=\"(max-width: 832px) 100vw, 832px\" \/><\/a><div class=\"slide-content\"><header class=\"entry-content-header\" aria-label=\"Slide: Jupes de protection palettes plus hautes pour vous garantir un transport de qualit\u00e9\"><h3 class='slide-entry-title entry-title '  itemprop=\"headline\" ><a href='https:\/\/www.transports-coue.fr\/fr\/jupes-de-protection-palette-plus-hautes-pour-un-transport-de-qualite\/' title='Jupes de protection palettes plus hautes pour vous garantir un transport de qualit\u00e9'>Jupes de protection palettes plus hautes pour vous garantir un transport de qualit\u00e9<\/a><\/h3><span class=\"blog-categories minor-meta\"><a href=\"https:\/\/www.transports-coue.fr\/fr\/category\/actualites\/\" rel=\"tag\">Actualit\u00e9s<\/a>, <a href=\"https:\/\/www.transports-coue.fr\/fr\/category\/actualites\/developpement\/\" rel=\"tag\">D\u00e9veloppement<\/a> <\/span><span class=\"av-vertical-delimiter\"><\/span><\/header><div class='slide-entry-excerpt entry-content'  itemprop=\"text\" >Dans un souci constant d\u2019am\u00e9lioration de notre qualit\u00e9 de service \u2705, nous avons choisi des jupes de protection palettes plus hautes. \ud83d\udd1d Cela permet de garantir un transport \ud83d\ude9b optimal \ud83d\udc4d des marchandises de nos clients en cas de\u2026<div class=\"read-more-link\"><a href=\"https:\/\/www.transports-coue.fr\/fr\/jupes-de-protection-palette-plus-hautes-pour-un-transport-de-qualite\/\" class=\"more-link\">Lire la suite<span class='more-link-arrow avia-svg-icon avia-font-svg_entypo-fontello' data-av_svg_icon='right-open-big' data-av_iconset='svg_entypo-fontello'><svg version=\"1.1\" xmlns=\"http:\/\/www.w3.org\/2000\/svg\" width=\"15\" height=\"32\" viewBox=\"0 0 15 32\" preserveAspectRatio=\"xMidYMid meet\" role=\"graphics-symbol\" aria-hidden=\"true\">\n<path d=\"M0.416 27.84l11.456-11.84-11.456-11.904q-0.832-0.832 0-1.536 0.832-0.832 1.536 0l12.544 12.608q0.768 0.832 0 1.6l-12.544 12.608q-0.704 0.832-1.536 0-0.832-0.704 0-1.536z\"><\/path>\n<\/svg><\/span><\/a><\/div><\/div><\/div><footer class=\"entry-footer\"><div class=\"slide-meta\"><time class='slide-meta-time updated'  itemprop=\"datePublished\" datetime=\"2020-09-25T10:58:02+02:00\" >25 septembre 2020<\/time><\/div><\/footer><span class='hidden'>\n\t\t\t\t<span class='av-structured-data'  itemprop=\"image\" itemscope=\"itemscope\" itemtype=\"https:\/\/schema.org\/ImageObject\" >\n\t\t\t\t\t\t<span itemprop='url'>https:\/\/www.transports-coue.fr\/wp-content\/uploads\/2020\/09\/2020-09-25-transports-coue-jupe-protection-palette-messagerie.jpg<\/span>\n\t\t\t\t\t\t<span itemprop='height'>318<\/span>\n\t\t\t\t\t\t<span itemprop='width'>832<\/span>\n\t\t\t\t<\/span>\n\t\t\t\t<span class='av-structured-data'  itemprop=\"publisher\" itemtype=\"https:\/\/schema.org\/Organization\" itemscope=\"itemscope\" >\n\t\t\t\t\t\t<span itemprop='name'>Transports Cou\u00e9<\/span>\n\t\t\t\t\t\t<span itemprop='logo' itemscope itemtype='https:\/\/schema.org\/ImageObject'>\n\t\t\t\t\t\t\t<span itemprop='url'>https:\/\/www.transports-coue.fr\/wp-content\/uploads\/2018\/10\/Logo-transports-coue-300x119.png<\/span>\n\t\t\t\t\t\t<\/span>\n\t\t\t\t<\/span><span class='av-structured-data'  itemprop=\"author\" itemscope=\"itemscope\" itemtype=\"https:\/\/schema.org\/Person\" ><span itemprop='name'>Transports Cou\u00e9<\/span><\/span><span class='av-structured-data'  itemprop=\"datePublished\" datetime=\"2018-10-04T10:16:12+02:00\" >2020-09-25 10:58:02<\/span><span class='av-structured-data'  itemprop=\"dateModified\" itemtype=\"https:\/\/schema.org\/dateModified\" >2021-05-21 16:50:03<\/span><span class='av-structured-data'  itemprop=\"mainEntityOfPage\" itemtype=\"https:\/\/schema.org\/mainEntityOfPage\" ><span itemprop='name'>Jupes de protection palettes plus hautes pour vous garantir un transport de qualit\u00e9<\/span><\/span><\/span><\/article><article class='slide-entry flex_column  post-entry post-entry-3835 slide-entry-overview slide-loop-84 slide-parity-odd  av_one_third  real-thumbnail posttype-post post-format-standard'  itemscope=\"itemscope\" itemtype=\"https:\/\/schema.org\/CreativeWork\" ><a href='https:\/\/www.transports-coue.fr\/fr\/article-devolutrans-sur-notre-prestation-logistique\/' data-rel='slide-1' class='slide-image' title='Article d&rsquo;Evolutrans sur notre prestation Logistique'><img decoding=\"async\" fetchpriority=\"high\" width=\"832\" height=\"318\" src=\"https:\/\/www.transports-coue.fr\/wp-content\/uploads\/2020\/07\/2020-07-07-transports-coue-article-evolutans-logistique-coue.jpg\" class=\"wp-image-3833 avia-img-lazy-loading-not-3833 attachment-no scaling size-no scaling wp-post-image\" alt=\"Transports Coue Article Evolutrans Logistique Coue\" srcset=\"https:\/\/www.transports-coue.fr\/wp-content\/uploads\/2020\/07\/2020-07-07-transports-coue-article-evolutans-logistique-coue.jpg 832w, https:\/\/www.transports-coue.fr\/wp-content\/uploads\/2020\/07\/2020-07-07-transports-coue-article-evolutans-logistique-coue-300x115.jpg 300w, https:\/\/www.transports-coue.fr\/wp-content\/uploads\/2020\/07\/2020-07-07-transports-coue-article-evolutans-logistique-coue-80x31.jpg 80w, https:\/\/www.transports-coue.fr\/wp-content\/uploads\/2020\/07\/2020-07-07-transports-coue-article-evolutans-logistique-coue-768x294.jpg 768w, https:\/\/www.transports-coue.fr\/wp-content\/uploads\/2020\/07\/2020-07-07-transports-coue-article-evolutans-logistique-coue-705x269.jpg 705w\" sizes=\"(max-width: 832px) 100vw, 832px\" \/><\/a><div class=\"slide-content\"><header class=\"entry-content-header\" aria-label=\"Slide: Article d&#039;Evolutrans sur notre prestation Logistique\"><h3 class='slide-entry-title entry-title '  itemprop=\"headline\" ><a href='https:\/\/www.transports-coue.fr\/fr\/article-devolutrans-sur-notre-prestation-logistique\/' title='Article d&rsquo;Evolutrans sur notre prestation Logistique'>Article d&rsquo;Evolutrans sur notre prestation Logistique<\/a><\/h3><span class=\"blog-categories minor-meta\"><a href=\"https:\/\/www.transports-coue.fr\/fr\/category\/actualites\/\" rel=\"tag\">Actualit\u00e9s<\/a>, <a href=\"https:\/\/www.transports-coue.fr\/fr\/category\/actualites\/developpement\/\" rel=\"tag\">D\u00e9veloppement<\/a>, <a href=\"https:\/\/www.transports-coue.fr\/fr\/category\/actualites\/developpement\/developpement-logistique\/\" rel=\"tag\">D\u00e9veloppement Logistique<\/a> <\/span><span class=\"av-vertical-delimiter\"><\/span><\/header><div class='slide-entry-excerpt entry-content'  itemprop=\"text\" >\n\n\n\n\n\nMerci Evolutrans pour cet article qui montre le lien fort  qui nous unit et nous permet en tant que PME de nous positionner face \u00e0 des gros logisticiens gr\u00e2ce \u00e0 la fiabilit\u00e9 de nos d\u00e9lais de livraison.\n\n\n\nRetrouver le descriptif des\u2026<div class=\"read-more-link\"><a href=\"https:\/\/www.transports-coue.fr\/fr\/article-devolutrans-sur-notre-prestation-logistique\/\" class=\"more-link\">Lire la suite<span class='more-link-arrow avia-svg-icon avia-font-svg_entypo-fontello' data-av_svg_icon='right-open-big' data-av_iconset='svg_entypo-fontello'><svg version=\"1.1\" xmlns=\"http:\/\/www.w3.org\/2000\/svg\" width=\"15\" height=\"32\" viewBox=\"0 0 15 32\" preserveAspectRatio=\"xMidYMid meet\" role=\"graphics-symbol\" aria-hidden=\"true\">\n<path d=\"M0.416 27.84l11.456-11.84-11.456-11.904q-0.832-0.832 0-1.536 0.832-0.832 1.536 0l12.544 12.608q0.768 0.832 0 1.6l-12.544 12.608q-0.704 0.832-1.536 0-0.832-0.704 0-1.536z\"><\/path>\n<\/svg><\/span><\/a><\/div><\/div><\/div><footer class=\"entry-footer\"><div class=\"slide-meta\"><time class='slide-meta-time updated'  itemprop=\"datePublished\" datetime=\"2020-07-07T11:13:29+02:00\" >7 juillet 2020<\/time><\/div><\/footer><span class='hidden'>\n\t\t\t\t<span class='av-structured-data'  itemprop=\"image\" itemscope=\"itemscope\" itemtype=\"https:\/\/schema.org\/ImageObject\" >\n\t\t\t\t\t\t<span itemprop='url'>https:\/\/www.transports-coue.fr\/wp-content\/uploads\/2020\/07\/2020-07-07-transports-coue-article-evolutans-logistique-coue.jpg<\/span>\n\t\t\t\t\t\t<span itemprop='height'>318<\/span>\n\t\t\t\t\t\t<span itemprop='width'>832<\/span>\n\t\t\t\t<\/span>\n\t\t\t\t<span class='av-structured-data'  itemprop=\"publisher\" itemtype=\"https:\/\/schema.org\/Organization\" itemscope=\"itemscope\" >\n\t\t\t\t\t\t<span itemprop='name'>Transports Cou\u00e9<\/span>\n\t\t\t\t\t\t<span itemprop='logo' itemscope itemtype='https:\/\/schema.org\/ImageObject'>\n\t\t\t\t\t\t\t<span itemprop='url'>https:\/\/www.transports-coue.fr\/wp-content\/uploads\/2018\/10\/Logo-transports-coue-300x119.png<\/span>\n\t\t\t\t\t\t<\/span>\n\t\t\t\t<\/span><span class='av-structured-data'  itemprop=\"author\" itemscope=\"itemscope\" itemtype=\"https:\/\/schema.org\/Person\" ><span itemprop='name'>Transports Cou\u00e9<\/span><\/span><span class='av-structured-data'  itemprop=\"datePublished\" datetime=\"2018-10-04T10:16:12+02:00\" >2020-07-07 11:13:29<\/span><span class='av-structured-data'  itemprop=\"dateModified\" itemtype=\"https:\/\/schema.org\/dateModified\" >2021-03-10 11:06:01<\/span><span class='av-structured-data'  itemprop=\"mainEntityOfPage\" itemtype=\"https:\/\/schema.org\/mainEntityOfPage\" ><span itemprop='name'>Article d&rsquo;Evolutrans sur notre prestation Logistique<\/span><\/span><\/span><\/article><\/div><div class=\"slide-entry-wrap\"><article class='slide-entry flex_column  post-entry post-entry-3809 slide-entry-overview slide-loop-85 slide-parity-odd  av_one_third first real-thumbnail posttype-post post-format-standard'  itemscope=\"itemscope\" itemtype=\"https:\/\/schema.org\/CreativeWork\" ><a href='https:\/\/www.transports-coue.fr\/fr\/transports-coue-dans-le-top-125-des-societes-logistiques-3pl-francaises\/' data-rel='slide-1' class='slide-image' title='Transports Cou\u00e9 dans le Top 125 des soci\u00e9t\u00e9s logistiques 3PL fran\u00e7aises'><img decoding=\"async\" fetchpriority=\"high\" width=\"832\" height=\"318\" src=\"https:\/\/www.transports-coue.fr\/wp-content\/uploads\/2020\/07\/2020-01-07-transports-coue-classement-logistique-3pl-1.png\" class=\"wp-image-3811 avia-img-lazy-loading-not-3811 attachment-no scaling size-no scaling wp-post-image\" alt=\"Transports Cou\u00e9 de nouveau dans le classement des soci\u00e9t\u00e9s logistiques 3PL\" srcset=\"https:\/\/www.transports-coue.fr\/wp-content\/uploads\/2020\/07\/2020-01-07-transports-coue-classement-logistique-3pl-1.png 832w, https:\/\/www.transports-coue.fr\/wp-content\/uploads\/2020\/07\/2020-01-07-transports-coue-classement-logistique-3pl-1-300x115.png 300w, https:\/\/www.transports-coue.fr\/wp-content\/uploads\/2020\/07\/2020-01-07-transports-coue-classement-logistique-3pl-1-80x31.png 80w, https:\/\/www.transports-coue.fr\/wp-content\/uploads\/2020\/07\/2020-01-07-transports-coue-classement-logistique-3pl-1-768x294.png 768w, https:\/\/www.transports-coue.fr\/wp-content\/uploads\/2020\/07\/2020-01-07-transports-coue-classement-logistique-3pl-1-705x269.png 705w\" sizes=\"(max-width: 832px) 100vw, 832px\" \/><\/a><div class=\"slide-content\"><header class=\"entry-content-header\" aria-label=\"Slide: Transports Cou\u00e9 dans le Top 125 des soci\u00e9t\u00e9s logistiques 3PL fran\u00e7aises\"><h3 class='slide-entry-title entry-title '  itemprop=\"headline\" ><a href='https:\/\/www.transports-coue.fr\/fr\/transports-coue-dans-le-top-125-des-societes-logistiques-3pl-francaises\/' title='Transports Cou\u00e9 dans le Top 125 des soci\u00e9t\u00e9s logistiques 3PL fran\u00e7aises'>Transports Cou\u00e9 dans le Top 125 des soci\u00e9t\u00e9s logistiques 3PL fran\u00e7aises<\/a><\/h3><span class=\"blog-categories minor-meta\"><a href=\"https:\/\/www.transports-coue.fr\/fr\/category\/actualites\/\" rel=\"tag\">Actualit\u00e9s<\/a>, <a href=\"https:\/\/www.transports-coue.fr\/fr\/category\/actualites\/developpement\/\" rel=\"tag\">D\u00e9veloppement<\/a>, <a href=\"https:\/\/www.transports-coue.fr\/fr\/category\/actualites\/developpement\/developpement-logistique\/\" rel=\"tag\">D\u00e9veloppement Logistique<\/a> <\/span><span class=\"av-vertical-delimiter\"><\/span><\/header><div class='slide-entry-excerpt entry-content'  itemprop=\"text\" >Nous sommes ravis de nouveau cette ann\u00e9e de faire partie du top 125 fran\u00e7ais des logisticiens 3PL !\n\n#logistique&nbsp;#actualit\u00e9s&nbsp;#transport<div class=\"read-more-link\"><a href=\"https:\/\/www.transports-coue.fr\/fr\/transports-coue-dans-le-top-125-des-societes-logistiques-3pl-francaises\/\" class=\"more-link\">Lire la suite<span class='more-link-arrow avia-svg-icon avia-font-svg_entypo-fontello' data-av_svg_icon='right-open-big' data-av_iconset='svg_entypo-fontello'><svg version=\"1.1\" xmlns=\"http:\/\/www.w3.org\/2000\/svg\" width=\"15\" height=\"32\" viewBox=\"0 0 15 32\" preserveAspectRatio=\"xMidYMid meet\" role=\"graphics-symbol\" aria-hidden=\"true\">\n<path d=\"M0.416 27.84l11.456-11.84-11.456-11.904q-0.832-0.832 0-1.536 0.832-0.832 1.536 0l12.544 12.608q0.768 0.832 0 1.6l-12.544 12.608q-0.704 0.832-1.536 0-0.832-0.704 0-1.536z\"><\/path>\n<\/svg><\/span><\/a><\/div><\/div><\/div><footer class=\"entry-footer\"><div class=\"slide-meta\"><time class='slide-meta-time updated'  itemprop=\"datePublished\" datetime=\"2020-07-01T12:12:05+02:00\" >1 juillet 2020<\/time><\/div><\/footer><span class='hidden'>\n\t\t\t\t<span class='av-structured-data'  itemprop=\"image\" itemscope=\"itemscope\" itemtype=\"https:\/\/schema.org\/ImageObject\" >\n\t\t\t\t\t\t<span itemprop='url'>https:\/\/www.transports-coue.fr\/wp-content\/uploads\/2020\/07\/2020-01-07-transports-coue-classement-logistique-3pl-1.png<\/span>\n\t\t\t\t\t\t<span itemprop='height'>318<\/span>\n\t\t\t\t\t\t<span itemprop='width'>832<\/span>\n\t\t\t\t<\/span>\n\t\t\t\t<span class='av-structured-data'  itemprop=\"publisher\" itemtype=\"https:\/\/schema.org\/Organization\" itemscope=\"itemscope\" >\n\t\t\t\t\t\t<span itemprop='name'>Transports Cou\u00e9<\/span>\n\t\t\t\t\t\t<span itemprop='logo' itemscope itemtype='https:\/\/schema.org\/ImageObject'>\n\t\t\t\t\t\t\t<span itemprop='url'>https:\/\/www.transports-coue.fr\/wp-content\/uploads\/2018\/10\/Logo-transports-coue-300x119.png<\/span>\n\t\t\t\t\t\t<\/span>\n\t\t\t\t<\/span><span class='av-structured-data'  itemprop=\"author\" itemscope=\"itemscope\" itemtype=\"https:\/\/schema.org\/Person\" ><span itemprop='name'>Transports Cou\u00e9<\/span><\/span><span class='av-structured-data'  itemprop=\"datePublished\" datetime=\"2018-10-04T10:16:12+02:00\" >2020-07-01 12:12:05<\/span><span class='av-structured-data'  itemprop=\"dateModified\" itemtype=\"https:\/\/schema.org\/dateModified\" >2021-03-08 18:40:52<\/span><span class='av-structured-data'  itemprop=\"mainEntityOfPage\" itemtype=\"https:\/\/schema.org\/mainEntityOfPage\" ><span itemprop='name'>Transports Cou\u00e9 dans le Top 125 des soci\u00e9t\u00e9s logistiques 3PL fran\u00e7aises<\/span><\/span><\/span><\/article><article class='slide-entry flex_column  post-entry post-entry-3664 slide-entry-overview slide-loop-86 slide-parity-even  av_one_third  real-thumbnail posttype-post post-format-standard'  itemscope=\"itemscope\" itemtype=\"https:\/\/schema.org\/CreativeWork\" ><a href='https:\/\/www.transports-coue.fr\/fr\/formations-par-visioconference-durant-le-confinement-coronavirus\/' data-rel='slide-1' class='slide-image' title='Formations par visioconf\u00e9rence durant le confinement Coronavirus'><img decoding=\"async\" fetchpriority=\"high\" width=\"832\" height=\"318\" src=\"https:\/\/www.transports-coue.fr\/wp-content\/uploads\/2020\/05\/2020-05-15-transports-coue-formations-visioconference.jpg\" class=\"wp-image-3662 avia-img-lazy-loading-not-3662 attachment-no scaling size-no scaling wp-post-image\" alt=\"En raison du coronavirus les formations se font en visioconf\u00e9rence\" srcset=\"https:\/\/www.transports-coue.fr\/wp-content\/uploads\/2020\/05\/2020-05-15-transports-coue-formations-visioconference.jpg 832w, https:\/\/www.transports-coue.fr\/wp-content\/uploads\/2020\/05\/2020-05-15-transports-coue-formations-visioconference-300x115.jpg 300w, https:\/\/www.transports-coue.fr\/wp-content\/uploads\/2020\/05\/2020-05-15-transports-coue-formations-visioconference-80x31.jpg 80w, https:\/\/www.transports-coue.fr\/wp-content\/uploads\/2020\/05\/2020-05-15-transports-coue-formations-visioconference-768x294.jpg 768w, https:\/\/www.transports-coue.fr\/wp-content\/uploads\/2020\/05\/2020-05-15-transports-coue-formations-visioconference-705x269.jpg 705w\" sizes=\"(max-width: 832px) 100vw, 832px\" \/><\/a><div class=\"slide-content\"><header class=\"entry-content-header\" aria-label=\"Slide: Formations par visioconf\u00e9rence durant le confinement Coronavirus\"><h3 class='slide-entry-title entry-title '  itemprop=\"headline\" ><a href='https:\/\/www.transports-coue.fr\/fr\/formations-par-visioconference-durant-le-confinement-coronavirus\/' title='Formations par visioconf\u00e9rence durant le confinement Coronavirus'>Formations par visioconf\u00e9rence durant le confinement Coronavirus<\/a><\/h3><span class=\"blog-categories minor-meta\"><a href=\"https:\/\/www.transports-coue.fr\/fr\/category\/actualites\/\" rel=\"tag\">Actualit\u00e9s<\/a>, <a href=\"https:\/\/www.transports-coue.fr\/fr\/category\/actualites\/developpement\/\" rel=\"tag\">D\u00e9veloppement<\/a> <\/span><span class=\"av-vertical-delimiter\"><\/span><\/header><div class='slide-entry-excerpt entry-content'  itemprop=\"text\" >Nous avons mis \u00e0 profit cette p\u00e9riode compliqu\u00e9e pour effectuer des formations, continuer \u00e0 d\u00e9velopper nos comp\u00e9tences\ud83e\udd13\ud83d\udcaa, ..., tout en \u00e9tant masqu\u00e9s\u00a0\ud83d\ude37et par visioconf\u00e9rence\u00a0\ud83d\udda5\u00a0afin de pr\u00e9server notre protection sanit\u2026<div class=\"read-more-link\"><a href=\"https:\/\/www.transports-coue.fr\/fr\/formations-par-visioconference-durant-le-confinement-coronavirus\/\" class=\"more-link\">Lire la suite<span class='more-link-arrow avia-svg-icon avia-font-svg_entypo-fontello' data-av_svg_icon='right-open-big' data-av_iconset='svg_entypo-fontello'><svg version=\"1.1\" xmlns=\"http:\/\/www.w3.org\/2000\/svg\" width=\"15\" height=\"32\" viewBox=\"0 0 15 32\" preserveAspectRatio=\"xMidYMid meet\" role=\"graphics-symbol\" aria-hidden=\"true\">\n<path d=\"M0.416 27.84l11.456-11.84-11.456-11.904q-0.832-0.832 0-1.536 0.832-0.832 1.536 0l12.544 12.608q0.768 0.832 0 1.6l-12.544 12.608q-0.704 0.832-1.536 0-0.832-0.704 0-1.536z\"><\/path>\n<\/svg><\/span><\/a><\/div><\/div><\/div><footer class=\"entry-footer\"><div class=\"slide-meta\"><time class='slide-meta-time updated'  itemprop=\"datePublished\" datetime=\"2020-05-15T18:39:26+02:00\" >15 mai 2020<\/time><\/div><\/footer><span class='hidden'>\n\t\t\t\t<span class='av-structured-data'  itemprop=\"image\" itemscope=\"itemscope\" itemtype=\"https:\/\/schema.org\/ImageObject\" >\n\t\t\t\t\t\t<span itemprop='url'>https:\/\/www.transports-coue.fr\/wp-content\/uploads\/2020\/05\/2020-05-15-transports-coue-formations-visioconference.jpg<\/span>\n\t\t\t\t\t\t<span itemprop='height'>318<\/span>\n\t\t\t\t\t\t<span itemprop='width'>832<\/span>\n\t\t\t\t<\/span>\n\t\t\t\t<span class='av-structured-data'  itemprop=\"publisher\" itemtype=\"https:\/\/schema.org\/Organization\" itemscope=\"itemscope\" >\n\t\t\t\t\t\t<span itemprop='name'>Transports Cou\u00e9<\/span>\n\t\t\t\t\t\t<span itemprop='logo' itemscope itemtype='https:\/\/schema.org\/ImageObject'>\n\t\t\t\t\t\t\t<span itemprop='url'>https:\/\/www.transports-coue.fr\/wp-content\/uploads\/2018\/10\/Logo-transports-coue-300x119.png<\/span>\n\t\t\t\t\t\t<\/span>\n\t\t\t\t<\/span><span class='av-structured-data'  itemprop=\"author\" itemscope=\"itemscope\" itemtype=\"https:\/\/schema.org\/Person\" ><span itemprop='name'>Transports Cou\u00e9<\/span><\/span><span class='av-structured-data'  itemprop=\"datePublished\" datetime=\"2018-10-04T10:16:12+02:00\" >2020-05-15 18:39:26<\/span><span class='av-structured-data'  itemprop=\"dateModified\" itemtype=\"https:\/\/schema.org\/dateModified\" >2021-03-30 14:31:28<\/span><span class='av-structured-data'  itemprop=\"mainEntityOfPage\" itemtype=\"https:\/\/schema.org\/mainEntityOfPage\" ><span itemprop='name'>Formations par visioconf\u00e9rence durant le confinement Coronavirus<\/span><\/span><\/span><\/article><article class='slide-entry flex_column  post-entry post-entry-3449 slide-entry-overview slide-loop-87 slide-parity-odd  av_one_third  real-thumbnail posttype-post post-format-standard'  itemscope=\"itemscope\" itemtype=\"https:\/\/schema.org\/CreativeWork\" ><a href='https:\/\/www.transports-coue.fr\/fr\/notre-equipe-logistique-operationnelle\/' data-rel='slide-1' class='slide-image' title='Notre \u00e9quipe logistique op\u00e9rationnelle'><img decoding=\"async\" fetchpriority=\"high\" width=\"820\" height=\"312\" src=\"https:\/\/www.transports-coue.fr\/wp-content\/uploads\/2020\/04\/transports-coue-service-logistique-equipe-masques-gants.jpg\" class=\"wp-image-3623 avia-img-lazy-loading-not-3623 attachment-no scaling size-no scaling wp-post-image\" alt=\"Transports Coue activite logistique\" srcset=\"https:\/\/www.transports-coue.fr\/wp-content\/uploads\/2020\/04\/transports-coue-service-logistique-equipe-masques-gants.jpg 820w, https:\/\/www.transports-coue.fr\/wp-content\/uploads\/2020\/04\/transports-coue-service-logistique-equipe-masques-gants-300x114.jpg 300w, https:\/\/www.transports-coue.fr\/wp-content\/uploads\/2020\/04\/transports-coue-service-logistique-equipe-masques-gants-80x30.jpg 80w, https:\/\/www.transports-coue.fr\/wp-content\/uploads\/2020\/04\/transports-coue-service-logistique-equipe-masques-gants-768x292.jpg 768w, https:\/\/www.transports-coue.fr\/wp-content\/uploads\/2020\/04\/transports-coue-service-logistique-equipe-masques-gants-705x268.jpg 705w\" sizes=\"(max-width: 820px) 100vw, 820px\" \/><\/a><div class=\"slide-content\"><header class=\"entry-content-header\" aria-label=\"Slide: Notre \u00e9quipe logistique op\u00e9rationnelle\"><h3 class='slide-entry-title entry-title '  itemprop=\"headline\" ><a href='https:\/\/www.transports-coue.fr\/fr\/notre-equipe-logistique-operationnelle\/' title='Notre \u00e9quipe logistique op\u00e9rationnelle'>Notre \u00e9quipe logistique op\u00e9rationnelle<\/a><\/h3><span class=\"blog-categories minor-meta\"><a href=\"https:\/\/www.transports-coue.fr\/fr\/category\/actualites\/\" rel=\"tag\">Actualit\u00e9s<\/a>, <a href=\"https:\/\/www.transports-coue.fr\/fr\/category\/actualites\/developpement\/\" rel=\"tag\">D\u00e9veloppement<\/a>, <a href=\"https:\/\/www.transports-coue.fr\/fr\/category\/actualites\/developpement\/developpement-logistique\/\" rel=\"tag\">D\u00e9veloppement Logistique<\/a> <\/span><span class=\"av-vertical-delimiter\"><\/span><\/header><div class='slide-entry-excerpt entry-content'  itemprop=\"text\" >Notre \u00e9quipe logistique \ud83d\udc65, m\u00eame r\u00e9duite, reste op\u00e9rationnelle \ud83d\udc4d pour accompagner tous ses clients dans le red\u00e9marrage \u2705 de leur activit\u00e9. Nous sommes ravis de participer \u00e0 celui de Triflex !<div class=\"read-more-link\"><a href=\"https:\/\/www.transports-coue.fr\/fr\/notre-equipe-logistique-operationnelle\/\" class=\"more-link\">Lire la suite<span class='more-link-arrow avia-svg-icon avia-font-svg_entypo-fontello' data-av_svg_icon='right-open-big' data-av_iconset='svg_entypo-fontello'><svg version=\"1.1\" xmlns=\"http:\/\/www.w3.org\/2000\/svg\" width=\"15\" height=\"32\" viewBox=\"0 0 15 32\" preserveAspectRatio=\"xMidYMid meet\" role=\"graphics-symbol\" aria-hidden=\"true\">\n<path d=\"M0.416 27.84l11.456-11.84-11.456-11.904q-0.832-0.832 0-1.536 0.832-0.832 1.536 0l12.544 12.608q0.768 0.832 0 1.6l-12.544 12.608q-0.704 0.832-1.536 0-0.832-0.704 0-1.536z\"><\/path>\n<\/svg><\/span><\/a><\/div><\/div><\/div><footer class=\"entry-footer\"><div class=\"slide-meta\"><time class='slide-meta-time updated'  itemprop=\"datePublished\" datetime=\"2020-04-17T17:14:29+02:00\" >17 avril 2020<\/time><\/div><\/footer><span class='hidden'>\n\t\t\t\t<span class='av-structured-data'  itemprop=\"image\" itemscope=\"itemscope\" itemtype=\"https:\/\/schema.org\/ImageObject\" >\n\t\t\t\t\t\t<span itemprop='url'>https:\/\/www.transports-coue.fr\/wp-content\/uploads\/2020\/04\/transports-coue-service-logistique-equipe-masques-gants.jpg<\/span>\n\t\t\t\t\t\t<span itemprop='height'>312<\/span>\n\t\t\t\t\t\t<span itemprop='width'>820<\/span>\n\t\t\t\t<\/span>\n\t\t\t\t<span class='av-structured-data'  itemprop=\"publisher\" itemtype=\"https:\/\/schema.org\/Organization\" itemscope=\"itemscope\" >\n\t\t\t\t\t\t<span itemprop='name'>Transports Cou\u00e9<\/span>\n\t\t\t\t\t\t<span itemprop='logo' itemscope itemtype='https:\/\/schema.org\/ImageObject'>\n\t\t\t\t\t\t\t<span itemprop='url'>https:\/\/www.transports-coue.fr\/wp-content\/uploads\/2018\/10\/Logo-transports-coue-300x119.png<\/span>\n\t\t\t\t\t\t<\/span>\n\t\t\t\t<\/span><span class='av-structured-data'  itemprop=\"author\" itemscope=\"itemscope\" itemtype=\"https:\/\/schema.org\/Person\" ><span itemprop='name'>Transports Cou\u00e9<\/span><\/span><span class='av-structured-data'  itemprop=\"datePublished\" datetime=\"2018-10-04T10:16:12+02:00\" >2020-04-17 17:14:29<\/span><span class='av-structured-data'  itemprop=\"dateModified\" itemtype=\"https:\/\/schema.org\/dateModified\" >2021-03-30 14:37:53<\/span><span class='av-structured-data'  itemprop=\"mainEntityOfPage\" itemtype=\"https:\/\/schema.org\/mainEntityOfPage\" ><span itemprop='name'>Notre \u00e9quipe logistique op\u00e9rationnelle<\/span><\/span><\/span><\/article><\/div><div class=\"slide-entry-wrap\"><article class='slide-entry flex_column  post-entry post-entry-3365 slide-entry-overview slide-loop-88 slide-parity-odd  av_one_third first real-thumbnail posttype-post post-format-standard'  itemscope=\"itemscope\" itemtype=\"https:\/\/schema.org\/CreativeWork\" ><a href='https:\/\/www.transports-coue.fr\/fr\/reception-de-nouveaux-tracteurs-plus-de-securite-de-confort-et-moins-demission-de-co2\/' data-rel='slide-1' class='slide-image' title='R\u00e9ception de nouveaux Tracteurs : plus de s\u00e9curit\u00e9, de confort et moins d&rsquo;\u00e9mission de CO2'><img decoding=\"async\" fetchpriority=\"high\" width=\"820\" height=\"312\" src=\"https:\/\/www.transports-coue.fr\/wp-content\/uploads\/2020\/03\/2020-03-13-transports-coue-nouveaux-tracteurs-web.jpg\" class=\"wp-image-3363 avia-img-lazy-loading-not-3363 attachment-no scaling size-no scaling wp-post-image\" alt=\"Transports Cou\u00e9 - r\u00e9ception de nouveaux tracteurs\" srcset=\"https:\/\/www.transports-coue.fr\/wp-content\/uploads\/2020\/03\/2020-03-13-transports-coue-nouveaux-tracteurs-web.jpg 820w, https:\/\/www.transports-coue.fr\/wp-content\/uploads\/2020\/03\/2020-03-13-transports-coue-nouveaux-tracteurs-web-300x114.jpg 300w, https:\/\/www.transports-coue.fr\/wp-content\/uploads\/2020\/03\/2020-03-13-transports-coue-nouveaux-tracteurs-web-80x30.jpg 80w, https:\/\/www.transports-coue.fr\/wp-content\/uploads\/2020\/03\/2020-03-13-transports-coue-nouveaux-tracteurs-web-768x292.jpg 768w, https:\/\/www.transports-coue.fr\/wp-content\/uploads\/2020\/03\/2020-03-13-transports-coue-nouveaux-tracteurs-web-705x268.jpg 705w\" sizes=\"(max-width: 820px) 100vw, 820px\" \/><\/a><div class=\"slide-content\"><header class=\"entry-content-header\" aria-label=\"Slide: R\u00e9ception de nouveaux Tracteurs : plus de s\u00e9curit\u00e9, de confort et moins d&#039;\u00e9mission de CO2\"><h3 class='slide-entry-title entry-title '  itemprop=\"headline\" ><a href='https:\/\/www.transports-coue.fr\/fr\/reception-de-nouveaux-tracteurs-plus-de-securite-de-confort-et-moins-demission-de-co2\/' title='R\u00e9ception de nouveaux Tracteurs : plus de s\u00e9curit\u00e9, de confort et moins d&rsquo;\u00e9mission de CO2'>R\u00e9ception de nouveaux Tracteurs : plus de s\u00e9curit\u00e9, de confort et moins d&rsquo;\u00e9mission de CO2<\/a><\/h3><span class=\"blog-categories minor-meta\"><a href=\"https:\/\/www.transports-coue.fr\/fr\/category\/actualites\/\" rel=\"tag\">Actualit\u00e9s<\/a>, <a href=\"https:\/\/www.transports-coue.fr\/fr\/category\/actualites\/developpement\/\" rel=\"tag\">D\u00e9veloppement<\/a> <\/span><span class=\"av-vertical-delimiter\"><\/span><\/header><div class='slide-entry-excerpt entry-content'  itemprop=\"text\" >R\u00e9ception de nouveaux tracteurs derni\u00e8re g\u00e9n\u00e9ration : DAF 480XF \ud83d\ude9b !\n\nLeur mise en route est pr\u00e9vue sur ce mois.\n\nCe renouvellement r\u00e9gulier de notre flotte est un gage de qualit\u00e9, il nous permet de b\u00e9n\u00e9ficier d'un parc de v\u00e9hicules\u2026<div class=\"read-more-link\"><a href=\"https:\/\/www.transports-coue.fr\/fr\/reception-de-nouveaux-tracteurs-plus-de-securite-de-confort-et-moins-demission-de-co2\/\" class=\"more-link\">Lire la suite<span class='more-link-arrow avia-svg-icon avia-font-svg_entypo-fontello' data-av_svg_icon='right-open-big' data-av_iconset='svg_entypo-fontello'><svg version=\"1.1\" xmlns=\"http:\/\/www.w3.org\/2000\/svg\" width=\"15\" height=\"32\" viewBox=\"0 0 15 32\" preserveAspectRatio=\"xMidYMid meet\" role=\"graphics-symbol\" aria-hidden=\"true\">\n<path d=\"M0.416 27.84l11.456-11.84-11.456-11.904q-0.832-0.832 0-1.536 0.832-0.832 1.536 0l12.544 12.608q0.768 0.832 0 1.6l-12.544 12.608q-0.704 0.832-1.536 0-0.832-0.704 0-1.536z\"><\/path>\n<\/svg><\/span><\/a><\/div><\/div><\/div><footer class=\"entry-footer\"><div class=\"slide-meta\"><time class='slide-meta-time updated'  itemprop=\"datePublished\" datetime=\"2020-03-13T15:22:12+01:00\" >13 mars 2020<\/time><\/div><\/footer><span class='hidden'>\n\t\t\t\t<span class='av-structured-data'  itemprop=\"image\" itemscope=\"itemscope\" itemtype=\"https:\/\/schema.org\/ImageObject\" >\n\t\t\t\t\t\t<span itemprop='url'>https:\/\/www.transports-coue.fr\/wp-content\/uploads\/2020\/03\/2020-03-13-transports-coue-nouveaux-tracteurs-web.jpg<\/span>\n\t\t\t\t\t\t<span itemprop='height'>312<\/span>\n\t\t\t\t\t\t<span itemprop='width'>820<\/span>\n\t\t\t\t<\/span>\n\t\t\t\t<span class='av-structured-data'  itemprop=\"publisher\" itemtype=\"https:\/\/schema.org\/Organization\" itemscope=\"itemscope\" >\n\t\t\t\t\t\t<span itemprop='name'>Transports Cou\u00e9<\/span>\n\t\t\t\t\t\t<span itemprop='logo' itemscope itemtype='https:\/\/schema.org\/ImageObject'>\n\t\t\t\t\t\t\t<span itemprop='url'>https:\/\/www.transports-coue.fr\/wp-content\/uploads\/2018\/10\/Logo-transports-coue-300x119.png<\/span>\n\t\t\t\t\t\t<\/span>\n\t\t\t\t<\/span><span class='av-structured-data'  itemprop=\"author\" itemscope=\"itemscope\" itemtype=\"https:\/\/schema.org\/Person\" ><span itemprop='name'>Transports Cou\u00e9<\/span><\/span><span class='av-structured-data'  itemprop=\"datePublished\" datetime=\"2018-10-04T10:16:12+02:00\" >2020-03-13 15:22:12<\/span><span class='av-structured-data'  itemprop=\"dateModified\" itemtype=\"https:\/\/schema.org\/dateModified\" >2021-05-21 17:01:01<\/span><span class='av-structured-data'  itemprop=\"mainEntityOfPage\" itemtype=\"https:\/\/schema.org\/mainEntityOfPage\" ><span itemprop='name'>R\u00e9ception de nouveaux Tracteurs : plus de s\u00e9curit\u00e9, de confort et moins d&rsquo;\u00e9mission de CO2<\/span><\/span><\/span><\/article><article class='slide-entry flex_column  post-entry post-entry-3288 slide-entry-overview slide-loop-89 slide-parity-even  av_one_third  real-thumbnail posttype-post post-format-standard'  itemscope=\"itemscope\" itemtype=\"https:\/\/schema.org\/CreativeWork\" ><a href='https:\/\/www.transports-coue.fr\/fr\/exercices-incendies-avec-les-pompiers-de-laval-dans-notre-entrepot-classe-icpe\/' data-rel='slide-1' class='slide-image' title='Exercices incendies avec les pompiers de Laval dans notre entrep\u00f4t class\u00e9 ICPE'><img decoding=\"async\" fetchpriority=\"high\" width=\"820\" height=\"312\" src=\"https:\/\/www.transports-coue.fr\/wp-content\/uploads\/2020\/02\/2020-02-17-transports-coue-Fred-La-Diagonale-des-Fous-web-820x312-1.jpg\" class=\"wp-image-3286 avia-img-lazy-loading-not-3286 attachment-no scaling size-no scaling wp-post-image\" alt=\"Transports Cou\u00e9 exercices incendie entreprot ICPE\" srcset=\"https:\/\/www.transports-coue.fr\/wp-content\/uploads\/2020\/02\/2020-02-17-transports-coue-Fred-La-Diagonale-des-Fous-web-820x312-1.jpg 820w, https:\/\/www.transports-coue.fr\/wp-content\/uploads\/2020\/02\/2020-02-17-transports-coue-Fred-La-Diagonale-des-Fous-web-820x312-1-300x114.jpg 300w, https:\/\/www.transports-coue.fr\/wp-content\/uploads\/2020\/02\/2020-02-17-transports-coue-Fred-La-Diagonale-des-Fous-web-820x312-1-80x30.jpg 80w, https:\/\/www.transports-coue.fr\/wp-content\/uploads\/2020\/02\/2020-02-17-transports-coue-Fred-La-Diagonale-des-Fous-web-820x312-1-768x292.jpg 768w, https:\/\/www.transports-coue.fr\/wp-content\/uploads\/2020\/02\/2020-02-17-transports-coue-Fred-La-Diagonale-des-Fous-web-820x312-1-705x268.jpg 705w\" sizes=\"(max-width: 820px) 100vw, 820px\" \/><\/a><div class=\"slide-content\"><header class=\"entry-content-header\" aria-label=\"Slide: Exercices incendies avec les pompiers de Laval dans notre entrep\u00f4t class\u00e9 ICPE\"><h3 class='slide-entry-title entry-title '  itemprop=\"headline\" ><a href='https:\/\/www.transports-coue.fr\/fr\/exercices-incendies-avec-les-pompiers-de-laval-dans-notre-entrepot-classe-icpe\/' title='Exercices incendies avec les pompiers de Laval dans notre entrep\u00f4t class\u00e9 ICPE'>Exercices incendies avec les pompiers de Laval dans notre entrep\u00f4t class\u00e9 ICPE<\/a><\/h3><span class=\"blog-categories minor-meta\"><a href=\"https:\/\/www.transports-coue.fr\/fr\/category\/actualites\/\" rel=\"tag\">Actualit\u00e9s<\/a>, <a href=\"https:\/\/www.transports-coue.fr\/fr\/category\/actualites\/developpement\/developpement-logistique\/\" rel=\"tag\">D\u00e9veloppement Logistique<\/a>, <a href=\"https:\/\/www.transports-coue.fr\/fr\/category\/actualites\/evenements\/\" rel=\"tag\">Ev\u00e9nements<\/a> <\/span><span class=\"av-vertical-delimiter\"><\/span><\/header><div class='slide-entry-excerpt entry-content'  itemprop=\"text\" >Ce mardi 28 janvier, l'objectif de l'intervention des pompiers de Laval \u00e9tait double :\n\u2611\ufe0f\u00a0Mise en pratique de notre strat\u00e9gie de lutte contre l'incendie\n\u2611\ufe0f\u00a0Mise en place d'une organisation commune avec nos \u00e9quipes respectives la\u2026<div class=\"read-more-link\"><a href=\"https:\/\/www.transports-coue.fr\/fr\/exercices-incendies-avec-les-pompiers-de-laval-dans-notre-entrepot-classe-icpe\/\" class=\"more-link\">Lire la suite<span class='more-link-arrow avia-svg-icon avia-font-svg_entypo-fontello' data-av_svg_icon='right-open-big' data-av_iconset='svg_entypo-fontello'><svg version=\"1.1\" xmlns=\"http:\/\/www.w3.org\/2000\/svg\" width=\"15\" height=\"32\" viewBox=\"0 0 15 32\" preserveAspectRatio=\"xMidYMid meet\" role=\"graphics-symbol\" aria-hidden=\"true\">\n<path d=\"M0.416 27.84l11.456-11.84-11.456-11.904q-0.832-0.832 0-1.536 0.832-0.832 1.536 0l12.544 12.608q0.768 0.832 0 1.6l-12.544 12.608q-0.704 0.832-1.536 0-0.832-0.704 0-1.536z\"><\/path>\n<\/svg><\/span><\/a><\/div><\/div><\/div><footer class=\"entry-footer\"><div class=\"slide-meta\"><time class='slide-meta-time updated'  itemprop=\"datePublished\" datetime=\"2020-02-17T14:44:17+01:00\" >17 f\u00e9vrier 2020<\/time><\/div><\/footer><span class='hidden'>\n\t\t\t\t<span class='av-structured-data'  itemprop=\"image\" itemscope=\"itemscope\" itemtype=\"https:\/\/schema.org\/ImageObject\" >\n\t\t\t\t\t\t<span itemprop='url'>https:\/\/www.transports-coue.fr\/wp-content\/uploads\/2020\/02\/2020-02-17-transports-coue-Fred-La-Diagonale-des-Fous-web-820x312-1.jpg<\/span>\n\t\t\t\t\t\t<span itemprop='height'>312<\/span>\n\t\t\t\t\t\t<span itemprop='width'>820<\/span>\n\t\t\t\t<\/span>\n\t\t\t\t<span class='av-structured-data'  itemprop=\"publisher\" itemtype=\"https:\/\/schema.org\/Organization\" itemscope=\"itemscope\" >\n\t\t\t\t\t\t<span itemprop='name'>Transports Cou\u00e9<\/span>\n\t\t\t\t\t\t<span itemprop='logo' itemscope itemtype='https:\/\/schema.org\/ImageObject'>\n\t\t\t\t\t\t\t<span itemprop='url'>https:\/\/www.transports-coue.fr\/wp-content\/uploads\/2018\/10\/Logo-transports-coue-300x119.png<\/span>\n\t\t\t\t\t\t<\/span>\n\t\t\t\t<\/span><span class='av-structured-data'  itemprop=\"author\" itemscope=\"itemscope\" itemtype=\"https:\/\/schema.org\/Person\" ><span itemprop='name'>Transports Cou\u00e9<\/span><\/span><span class='av-structured-data'  itemprop=\"datePublished\" datetime=\"2018-10-04T10:16:12+02:00\" >2020-02-17 14:44:17<\/span><span class='av-structured-data'  itemprop=\"dateModified\" itemtype=\"https:\/\/schema.org\/dateModified\" >2021-05-21 17:02:55<\/span><span class='av-structured-data'  itemprop=\"mainEntityOfPage\" itemtype=\"https:\/\/schema.org\/mainEntityOfPage\" ><span itemprop='name'>Exercices incendies avec les pompiers de Laval dans notre entrep\u00f4t class\u00e9 ICPE<\/span><\/span><\/span><\/article><article class='slide-entry flex_column  post-entry post-entry-3262 slide-entry-overview slide-loop-90 slide-parity-odd  av_one_third  real-thumbnail posttype-post post-format-standard'  itemscope=\"itemscope\" itemtype=\"https:\/\/schema.org\/CreativeWork\" ><a href='https:\/\/www.transports-coue.fr\/fr\/transports-coue-identifies-par-les-echos-statista\/' data-rel='slide-1' class='slide-image' title='Transports Cou\u00e9 identifi\u00e9s par Les Echos &#038; Statista'><img decoding=\"async\" fetchpriority=\"high\" width=\"820\" height=\"312\" src=\"https:\/\/www.transports-coue.fr\/wp-content\/uploads\/2020\/01\/2020-01-30-web-transports-coue-identifie-lesechos-croissance.png\" class=\"wp-image-3260 avia-img-lazy-loading-not-3260 attachment-no scaling size-no scaling wp-post-image\" alt=\"Transports Cou\u00e9 identifi\u00e9s pour faire partie du Palmar\u00e8s 2020 des champions de la croissance\" srcset=\"https:\/\/www.transports-coue.fr\/wp-content\/uploads\/2020\/01\/2020-01-30-web-transports-coue-identifie-lesechos-croissance.png 820w, https:\/\/www.transports-coue.fr\/wp-content\/uploads\/2020\/01\/2020-01-30-web-transports-coue-identifie-lesechos-croissance-300x114.png 300w, https:\/\/www.transports-coue.fr\/wp-content\/uploads\/2020\/01\/2020-01-30-web-transports-coue-identifie-lesechos-croissance-80x30.png 80w, https:\/\/www.transports-coue.fr\/wp-content\/uploads\/2020\/01\/2020-01-30-web-transports-coue-identifie-lesechos-croissance-768x292.png 768w, https:\/\/www.transports-coue.fr\/wp-content\/uploads\/2020\/01\/2020-01-30-web-transports-coue-identifie-lesechos-croissance-705x268.png 705w\" sizes=\"(max-width: 820px) 100vw, 820px\" \/><\/a><div class=\"slide-content\"><header class=\"entry-content-header\" aria-label=\"Slide: Transports Cou\u00e9 identifi\u00e9s par Les Echos &amp; Statista\"><h3 class='slide-entry-title entry-title '  itemprop=\"headline\" ><a href='https:\/\/www.transports-coue.fr\/fr\/transports-coue-identifies-par-les-echos-statista\/' title='Transports Cou\u00e9 identifi\u00e9s par Les Echos &#038; Statista'>Transports Cou\u00e9 identifi\u00e9s par Les Echos &#038; Statista<\/a><\/h3><span class=\"blog-categories minor-meta\"><a href=\"https:\/\/www.transports-coue.fr\/fr\/category\/actualites\/\" rel=\"tag\">Actualit\u00e9s<\/a>, <a href=\"https:\/\/www.transports-coue.fr\/fr\/category\/actualites\/developpement\/\" rel=\"tag\">D\u00e9veloppement<\/a>, <a href=\"https:\/\/www.transports-coue.fr\/fr\/category\/actualites\/developpement\/developpement-logistique\/\" rel=\"tag\">D\u00e9veloppement Logistique<\/a> <\/span><span class=\"av-vertical-delimiter\"><\/span><\/header><div class='slide-entry-excerpt entry-content'  itemprop=\"text\" >En septembre dernier, notre soci\u00e9t\u00e9 a \u00e9t\u00e9 identifi\u00e9e \ud83d\udd0d par le journal Les Echos et l'Institut Statista comme candidate tr\u00e8s s\u00e9rieuse pour figurer au sein du palmar\u00e8s 2020 des 500 entreprises championnes de la croissance \ud83d\udcc8 sur la\u2026<div class=\"read-more-link\"><a href=\"https:\/\/www.transports-coue.fr\/fr\/transports-coue-identifies-par-les-echos-statista\/\" class=\"more-link\">Lire la suite<span class='more-link-arrow avia-svg-icon avia-font-svg_entypo-fontello' data-av_svg_icon='right-open-big' data-av_iconset='svg_entypo-fontello'><svg version=\"1.1\" xmlns=\"http:\/\/www.w3.org\/2000\/svg\" width=\"15\" height=\"32\" viewBox=\"0 0 15 32\" preserveAspectRatio=\"xMidYMid meet\" role=\"graphics-symbol\" aria-hidden=\"true\">\n<path d=\"M0.416 27.84l11.456-11.84-11.456-11.904q-0.832-0.832 0-1.536 0.832-0.832 1.536 0l12.544 12.608q0.768 0.832 0 1.6l-12.544 12.608q-0.704 0.832-1.536 0-0.832-0.704 0-1.536z\"><\/path>\n<\/svg><\/span><\/a><\/div><\/div><\/div><footer class=\"entry-footer\"><div class=\"slide-meta\"><time class='slide-meta-time updated'  itemprop=\"datePublished\" datetime=\"2020-01-30T18:29:24+01:00\" >30 janvier 2020<\/time><\/div><\/footer><span class='hidden'>\n\t\t\t\t<span class='av-structured-data'  itemprop=\"image\" itemscope=\"itemscope\" itemtype=\"https:\/\/schema.org\/ImageObject\" >\n\t\t\t\t\t\t<span itemprop='url'>https:\/\/www.transports-coue.fr\/wp-content\/uploads\/2020\/01\/2020-01-30-web-transports-coue-identifie-lesechos-croissance.png<\/span>\n\t\t\t\t\t\t<span itemprop='height'>312<\/span>\n\t\t\t\t\t\t<span itemprop='width'>820<\/span>\n\t\t\t\t<\/span>\n\t\t\t\t<span class='av-structured-data'  itemprop=\"publisher\" itemtype=\"https:\/\/schema.org\/Organization\" itemscope=\"itemscope\" >\n\t\t\t\t\t\t<span itemprop='name'>Transports Cou\u00e9<\/span>\n\t\t\t\t\t\t<span itemprop='logo' itemscope itemtype='https:\/\/schema.org\/ImageObject'>\n\t\t\t\t\t\t\t<span itemprop='url'>https:\/\/www.transports-coue.fr\/wp-content\/uploads\/2018\/10\/Logo-transports-coue-300x119.png<\/span>\n\t\t\t\t\t\t<\/span>\n\t\t\t\t<\/span><span class='av-structured-data'  itemprop=\"author\" itemscope=\"itemscope\" itemtype=\"https:\/\/schema.org\/Person\" ><span itemprop='name'>Transports Cou\u00e9<\/span><\/span><span class='av-structured-data'  itemprop=\"datePublished\" datetime=\"2018-10-04T10:16:12+02:00\" >2020-01-30 18:29:24<\/span><span class='av-structured-data'  itemprop=\"dateModified\" itemtype=\"https:\/\/schema.org\/dateModified\" >2021-05-21 17:06:32<\/span><span class='av-structured-data'  itemprop=\"mainEntityOfPage\" itemtype=\"https:\/\/schema.org\/mainEntityOfPage\" ><span itemprop='name'>Transports Cou\u00e9 identifi\u00e9s par Les Echos &#038; Statista<\/span><\/span><\/span><\/article><\/div><div class=\"slide-entry-wrap\"><article class='slide-entry flex_column  post-entry post-entry-3012 slide-entry-overview slide-loop-91 slide-parity-odd  av_one_third first real-thumbnail posttype-post post-format-standard'  itemscope=\"itemscope\" itemtype=\"https:\/\/schema.org\/CreativeWork\" ><a href='https:\/\/www.transports-coue.fr\/fr\/plateforme-logistique-transports-coue-declare-ddcspp-en-mayenne\/' data-rel='slide-1' class='slide-image' title='Plateforme logistique Transports Cou\u00e9 d\u00e9clar\u00e9e aupr\u00e8s de la DDCSPP en Mayenne'><img decoding=\"async\" fetchpriority=\"high\" width=\"1099\" height=\"417\" src=\"https:\/\/www.transports-coue.fr\/wp-content\/uploads\/2019\/11\/Notre-plateforme-logistique-d\u00e9j\u00e0-class\u00e9e-ICPE-est-d\u00e9sormais-\u00e9galement-d\u00e9clar\u00e9e-aupr\u00e8s-de-la-D.D.C.S.P.P.-de-la-Mayenne-pour-le-stockage-de-denr\u00e9es-alimentaires-en-sec.png\" class=\"wp-image-3010 avia-img-lazy-loading-not-3010 attachment-no scaling size-no scaling wp-post-image\" alt=\"Notre plateforme logistique d\u00e9j\u00e0 class\u00e9e ICPE est d\u00e9sormais \u00e9galement d\u00e9clar\u00e9e aupr\u00e8s de la D.D.C.S.P.P. de la Mayenne pour le stockage de denr\u00e9es alimentaires en sec\" srcset=\"https:\/\/www.transports-coue.fr\/wp-content\/uploads\/2019\/11\/Notre-plateforme-logistique-d\u00e9j\u00e0-class\u00e9e-ICPE-est-d\u00e9sormais-\u00e9galement-d\u00e9clar\u00e9e-aupr\u00e8s-de-la-D.D.C.S.P.P.-de-la-Mayenne-pour-le-stockage-de-denr\u00e9es-alimentaires-en-sec.png 1099w, https:\/\/www.transports-coue.fr\/wp-content\/uploads\/2019\/11\/Notre-plateforme-logistique-d\u00e9j\u00e0-class\u00e9e-ICPE-est-d\u00e9sormais-\u00e9galement-d\u00e9clar\u00e9e-aupr\u00e8s-de-la-D.D.C.S.P.P.-de-la-Mayenne-pour-le-stockage-de-denr\u00e9es-alimentaires-en-sec-80x30.png 80w, https:\/\/www.transports-coue.fr\/wp-content\/uploads\/2019\/11\/Notre-plateforme-logistique-d\u00e9j\u00e0-class\u00e9e-ICPE-est-d\u00e9sormais-\u00e9galement-d\u00e9clar\u00e9e-aupr\u00e8s-de-la-D.D.C.S.P.P.-de-la-Mayenne-pour-le-stockage-de-denr\u00e9es-alimentaires-en-sec-300x114.png 300w, https:\/\/www.transports-coue.fr\/wp-content\/uploads\/2019\/11\/Notre-plateforme-logistique-d\u00e9j\u00e0-class\u00e9e-ICPE-est-d\u00e9sormais-\u00e9galement-d\u00e9clar\u00e9e-aupr\u00e8s-de-la-D.D.C.S.P.P.-de-la-Mayenne-pour-le-stockage-de-denr\u00e9es-alimentaires-en-sec-768x291.png 768w, https:\/\/www.transports-coue.fr\/wp-content\/uploads\/2019\/11\/Notre-plateforme-logistique-d\u00e9j\u00e0-class\u00e9e-ICPE-est-d\u00e9sormais-\u00e9galement-d\u00e9clar\u00e9e-aupr\u00e8s-de-la-D.D.C.S.P.P.-de-la-Mayenne-pour-le-stockage-de-denr\u00e9es-alimentaires-en-sec-1030x391.png 1030w, https:\/\/www.transports-coue.fr\/wp-content\/uploads\/2019\/11\/Notre-plateforme-logistique-d\u00e9j\u00e0-class\u00e9e-ICPE-est-d\u00e9sormais-\u00e9galement-d\u00e9clar\u00e9e-aupr\u00e8s-de-la-D.D.C.S.P.P.-de-la-Mayenne-pour-le-stockage-de-denr\u00e9es-alimentaires-en-sec-705x268.png 705w, https:\/\/www.transports-coue.fr\/wp-content\/uploads\/2019\/11\/Notre-plateforme-logistique-d\u00e9j\u00e0-class\u00e9e-ICPE-est-d\u00e9sormais-\u00e9galement-d\u00e9clar\u00e9e-aupr\u00e8s-de-la-D.D.C.S.P.P.-de-la-Mayenne-pour-le-stockage-de-denr\u00e9es-alimentaires-en-sec-845x321.png 845w\" sizes=\"(max-width: 1099px) 100vw, 1099px\" \/><\/a><div class=\"slide-content\"><header class=\"entry-content-header\" aria-label=\"Slide: Plateforme logistique Transports Cou\u00e9 d\u00e9clar\u00e9e aupr\u00e8s de la DDCSPP en Mayenne\"><h3 class='slide-entry-title entry-title '  itemprop=\"headline\" ><a href='https:\/\/www.transports-coue.fr\/fr\/plateforme-logistique-transports-coue-declare-ddcspp-en-mayenne\/' title='Plateforme logistique Transports Cou\u00e9 d\u00e9clar\u00e9e aupr\u00e8s de la DDCSPP en Mayenne'>Plateforme logistique Transports Cou\u00e9 d\u00e9clar\u00e9e aupr\u00e8s de la DDCSPP en Mayenne<\/a><\/h3><span class=\"blog-categories minor-meta\"><a href=\"https:\/\/www.transports-coue.fr\/fr\/category\/actualites\/\" rel=\"tag\">Actualit\u00e9s<\/a>, <a href=\"https:\/\/www.transports-coue.fr\/fr\/category\/actualites\/developpement\/\" rel=\"tag\">D\u00e9veloppement<\/a>, <a href=\"https:\/\/www.transports-coue.fr\/fr\/category\/actualites\/developpement\/developpement-logistique\/\" rel=\"tag\">D\u00e9veloppement Logistique<\/a> <\/span><span class=\"av-vertical-delimiter\"><\/span><\/header><div class='slide-entry-excerpt entry-content'  itemprop=\"text\" >Notre entrep\u00f4t logistique est d\u00e9clar\u00e9 aupr\u00e8s de la DDCSPP (Direction D\u00e9partementale de la Coh\u00e9sion Sociale et de la Protection des Populations) de la Mayenne pour le stockage de denr\u00e9es alimentaires en sec.\n\nBesoin de compl\u00e9ments d'informations\u2026<div class=\"read-more-link\"><a href=\"https:\/\/www.transports-coue.fr\/fr\/plateforme-logistique-transports-coue-declare-ddcspp-en-mayenne\/\" class=\"more-link\">Lire la suite<span class='more-link-arrow avia-svg-icon avia-font-svg_entypo-fontello' data-av_svg_icon='right-open-big' data-av_iconset='svg_entypo-fontello'><svg version=\"1.1\" xmlns=\"http:\/\/www.w3.org\/2000\/svg\" width=\"15\" height=\"32\" viewBox=\"0 0 15 32\" preserveAspectRatio=\"xMidYMid meet\" role=\"graphics-symbol\" aria-hidden=\"true\">\n<path d=\"M0.416 27.84l11.456-11.84-11.456-11.904q-0.832-0.832 0-1.536 0.832-0.832 1.536 0l12.544 12.608q0.768 0.832 0 1.6l-12.544 12.608q-0.704 0.832-1.536 0-0.832-0.704 0-1.536z\"><\/path>\n<\/svg><\/span><\/a><\/div><\/div><\/div><footer class=\"entry-footer\"><div class=\"slide-meta\"><time class='slide-meta-time updated'  itemprop=\"datePublished\" datetime=\"2019-11-25T14:23:45+01:00\" >25 novembre 2019<\/time><\/div><\/footer><span class='hidden'>\n\t\t\t\t<span class='av-structured-data'  itemprop=\"image\" itemscope=\"itemscope\" itemtype=\"https:\/\/schema.org\/ImageObject\" >\n\t\t\t\t\t\t<span itemprop='url'>https:\/\/www.transports-coue.fr\/wp-content\/uploads\/2019\/11\/Notre-plateforme-logistique-d\u00e9j\u00e0-class\u00e9e-ICPE-est-d\u00e9sormais-\u00e9galement-d\u00e9clar\u00e9e-aupr\u00e8s-de-la-D.D.C.S.P.P.-de-la-Mayenne-pour-le-stockage-de-denr\u00e9es-alimentaires-en-sec.png<\/span>\n\t\t\t\t\t\t<span itemprop='height'>417<\/span>\n\t\t\t\t\t\t<span itemprop='width'>1099<\/span>\n\t\t\t\t<\/span>\n\t\t\t\t<span class='av-structured-data'  itemprop=\"publisher\" itemtype=\"https:\/\/schema.org\/Organization\" itemscope=\"itemscope\" >\n\t\t\t\t\t\t<span itemprop='name'>Transports Cou\u00e9<\/span>\n\t\t\t\t\t\t<span itemprop='logo' itemscope itemtype='https:\/\/schema.org\/ImageObject'>\n\t\t\t\t\t\t\t<span itemprop='url'>https:\/\/www.transports-coue.fr\/wp-content\/uploads\/2018\/10\/Logo-transports-coue-300x119.png<\/span>\n\t\t\t\t\t\t<\/span>\n\t\t\t\t<\/span><span class='av-structured-data'  itemprop=\"author\" itemscope=\"itemscope\" itemtype=\"https:\/\/schema.org\/Person\" ><span itemprop='name'>Transports Cou\u00e9<\/span><\/span><span class='av-structured-data'  itemprop=\"datePublished\" datetime=\"2018-10-04T10:16:12+02:00\" >2019-11-25 14:23:45<\/span><span class='av-structured-data'  itemprop=\"dateModified\" itemtype=\"https:\/\/schema.org\/dateModified\" >2021-03-31 10:42:23<\/span><span class='av-structured-data'  itemprop=\"mainEntityOfPage\" itemtype=\"https:\/\/schema.org\/mainEntityOfPage\" ><span itemprop='name'>Plateforme logistique Transports Cou\u00e9 d\u00e9clar\u00e9e aupr\u00e8s de la DDCSPP en Mayenne<\/span><\/span><\/span><\/article><article class='slide-entry flex_column  post-entry post-entry-2177 slide-entry-overview slide-loop-92 slide-parity-even  av_one_third  real-thumbnail posttype-post post-format-standard'  itemscope=\"itemscope\" itemtype=\"https:\/\/schema.org\/CreativeWork\" ><a href='https:\/\/www.transports-coue.fr\/fr\/le-savoir-faire-logistique-3pl-des-transports-coue-en-image-sur-leurs-dernieres-semis\/' data-rel='slide-1' class='slide-image' title='Le savoir-faire Logistique 3PL des Transports Cou\u00e9 en image'><img decoding=\"async\" fetchpriority=\"high\" width=\"1690\" height=\"642\" src=\"https:\/\/www.transports-coue.fr\/wp-content\/uploads\/2019\/07\/transports-coue-logistique-3pl-semis.jpg\" class=\"wp-image-2179 avia-img-lazy-loading-not-2179 attachment-no scaling size-no scaling wp-post-image\" alt=\"Savoir Faire Logistique en image sur les Semis Transports Cou\u00e9\" srcset=\"https:\/\/www.transports-coue.fr\/wp-content\/uploads\/2019\/07\/transports-coue-logistique-3pl-semis.jpg 1690w, https:\/\/www.transports-coue.fr\/wp-content\/uploads\/2019\/07\/transports-coue-logistique-3pl-semis-80x30.jpg 80w, https:\/\/www.transports-coue.fr\/wp-content\/uploads\/2019\/07\/transports-coue-logistique-3pl-semis-300x114.jpg 300w, https:\/\/www.transports-coue.fr\/wp-content\/uploads\/2019\/07\/transports-coue-logistique-3pl-semis-768x292.jpg 768w, https:\/\/www.transports-coue.fr\/wp-content\/uploads\/2019\/07\/transports-coue-logistique-3pl-semis-1030x391.jpg 1030w, https:\/\/www.transports-coue.fr\/wp-content\/uploads\/2019\/07\/transports-coue-logistique-3pl-semis-1500x570.jpg 1500w, https:\/\/www.transports-coue.fr\/wp-content\/uploads\/2019\/07\/transports-coue-logistique-3pl-semis-705x268.jpg 705w, https:\/\/www.transports-coue.fr\/wp-content\/uploads\/2019\/07\/transports-coue-logistique-3pl-semis-845x321.jpg 845w, https:\/\/www.transports-coue.fr\/wp-content\/uploads\/2019\/07\/transports-coue-logistique-3pl-semis-450x171.jpg 450w\" sizes=\"(max-width: 1690px) 100vw, 1690px\" \/><\/a><div class=\"slide-content\"><header class=\"entry-content-header\" aria-label=\"Slide: Le savoir-faire Logistique 3PL des Transports Cou\u00e9 en image\"><h3 class='slide-entry-title entry-title '  itemprop=\"headline\" ><a href='https:\/\/www.transports-coue.fr\/fr\/le-savoir-faire-logistique-3pl-des-transports-coue-en-image-sur-leurs-dernieres-semis\/' title='Le savoir-faire Logistique 3PL des Transports Cou\u00e9 en image'>Le savoir-faire Logistique 3PL des Transports Cou\u00e9 en image<\/a><\/h3><span class=\"blog-categories minor-meta\"><a href=\"https:\/\/www.transports-coue.fr\/fr\/category\/actualites\/\" rel=\"tag\">Actualit\u00e9s<\/a>, <a href=\"https:\/\/www.transports-coue.fr\/fr\/category\/actualites\/developpement\/\" rel=\"tag\">D\u00e9veloppement<\/a>, <a href=\"https:\/\/www.transports-coue.fr\/fr\/category\/actualites\/developpement\/developpement-logistique\/\" rel=\"tag\">D\u00e9veloppement Logistique<\/a> <\/span><span class=\"av-vertical-delimiter\"><\/span><\/header><div class='slide-entry-excerpt entry-content'  itemprop=\"text\" >Les derni\u00e8res semis remorques sont \u00e0 l'image du savoir-faire en Logistique 3PL des Transports Cou\u00e9. Retrouvez tous les d\u00e9tails sur le lien suivant : https:\/\/www.transports-coue.fr\/fr\/logistique\/generaleVous avez un projet ? Notre \u00e9quipe\u2026<div class=\"read-more-link\"><a href=\"https:\/\/www.transports-coue.fr\/fr\/le-savoir-faire-logistique-3pl-des-transports-coue-en-image-sur-leurs-dernieres-semis\/\" class=\"more-link\">Lire la suite<span class='more-link-arrow avia-svg-icon avia-font-svg_entypo-fontello' data-av_svg_icon='right-open-big' data-av_iconset='svg_entypo-fontello'><svg version=\"1.1\" xmlns=\"http:\/\/www.w3.org\/2000\/svg\" width=\"15\" height=\"32\" viewBox=\"0 0 15 32\" preserveAspectRatio=\"xMidYMid meet\" role=\"graphics-symbol\" aria-hidden=\"true\">\n<path d=\"M0.416 27.84l11.456-11.84-11.456-11.904q-0.832-0.832 0-1.536 0.832-0.832 1.536 0l12.544 12.608q0.768 0.832 0 1.6l-12.544 12.608q-0.704 0.832-1.536 0-0.832-0.704 0-1.536z\"><\/path>\n<\/svg><\/span><\/a><\/div><\/div><\/div><footer class=\"entry-footer\"><div class=\"slide-meta\"><time class='slide-meta-time updated'  itemprop=\"datePublished\" datetime=\"2019-07-19T17:29:26+02:00\" >19 juillet 2019<\/time><\/div><\/footer><span class='hidden'>\n\t\t\t\t<span class='av-structured-data'  itemprop=\"image\" itemscope=\"itemscope\" itemtype=\"https:\/\/schema.org\/ImageObject\" >\n\t\t\t\t\t\t<span itemprop='url'>https:\/\/www.transports-coue.fr\/wp-content\/uploads\/2019\/07\/transports-coue-logistique-3pl-semis.jpg<\/span>\n\t\t\t\t\t\t<span itemprop='height'>642<\/span>\n\t\t\t\t\t\t<span itemprop='width'>1690<\/span>\n\t\t\t\t<\/span>\n\t\t\t\t<span class='av-structured-data'  itemprop=\"publisher\" itemtype=\"https:\/\/schema.org\/Organization\" itemscope=\"itemscope\" >\n\t\t\t\t\t\t<span itemprop='name'>Transports Cou\u00e9<\/span>\n\t\t\t\t\t\t<span itemprop='logo' itemscope itemtype='https:\/\/schema.org\/ImageObject'>\n\t\t\t\t\t\t\t<span itemprop='url'>https:\/\/www.transports-coue.fr\/wp-content\/uploads\/2018\/10\/Logo-transports-coue-300x119.png<\/span>\n\t\t\t\t\t\t<\/span>\n\t\t\t\t<\/span><span class='av-structured-data'  itemprop=\"author\" itemscope=\"itemscope\" itemtype=\"https:\/\/schema.org\/Person\" ><span itemprop='name'>Transports Cou\u00e9<\/span><\/span><span class='av-structured-data'  itemprop=\"datePublished\" datetime=\"2018-10-04T10:16:12+02:00\" >2019-07-19 17:29:26<\/span><span class='av-structured-data'  itemprop=\"dateModified\" itemtype=\"https:\/\/schema.org\/dateModified\" >2021-03-31 10:56:26<\/span><span class='av-structured-data'  itemprop=\"mainEntityOfPage\" itemtype=\"https:\/\/schema.org\/mainEntityOfPage\" ><span itemprop='name'>Le savoir-faire Logistique 3PL des Transports Cou\u00e9 en image<\/span><\/span><\/span><\/article><article class='slide-entry flex_column  post-entry post-entry-2157 slide-entry-overview slide-loop-93 slide-parity-odd  av_one_third  real-thumbnail posttype-post post-format-standard'  itemscope=\"itemscope\" itemtype=\"https:\/\/schema.org\/CreativeWork\" ><a href='https:\/\/www.transports-coue.fr\/fr\/pourquoi-transports-coue-ont-deploye-le-dernier-systeme-de-geolocalisation-eliot-sur-tous-ses-camions\/' data-rel='slide-1' class='slide-image' title='Pourquoi Transports Cou\u00e9 ont d\u00e9ploy\u00e9 le dernier syst\u00e8me de g\u00e9olocalisation Eliot sur toutes leurs semis ?'><img decoding=\"async\" fetchpriority=\"high\" width=\"1690\" height=\"642\" src=\"https:\/\/www.transports-coue.fr\/wp-content\/uploads\/2019\/06\/transports-coue-nouveau-systeme-geolocalisation-eliot-2019-1642x642.jpg\" class=\"wp-image-2156 avia-img-lazy-loading-not-2156 attachment-no scaling size-no scaling wp-post-image\" alt=\"Transports Coue Nouveau Systeme Geolocalisation Eliot 2019\" srcset=\"https:\/\/www.transports-coue.fr\/wp-content\/uploads\/2019\/06\/transports-coue-nouveau-systeme-geolocalisation-eliot-2019-1642x642.jpg 1690w, https:\/\/www.transports-coue.fr\/wp-content\/uploads\/2019\/06\/transports-coue-nouveau-systeme-geolocalisation-eliot-2019-1642x642-80x30.jpg 80w, https:\/\/www.transports-coue.fr\/wp-content\/uploads\/2019\/06\/transports-coue-nouveau-systeme-geolocalisation-eliot-2019-1642x642-300x114.jpg 300w, https:\/\/www.transports-coue.fr\/wp-content\/uploads\/2019\/06\/transports-coue-nouveau-systeme-geolocalisation-eliot-2019-1642x642-768x292.jpg 768w, https:\/\/www.transports-coue.fr\/wp-content\/uploads\/2019\/06\/transports-coue-nouveau-systeme-geolocalisation-eliot-2019-1642x642-1030x391.jpg 1030w, https:\/\/www.transports-coue.fr\/wp-content\/uploads\/2019\/06\/transports-coue-nouveau-systeme-geolocalisation-eliot-2019-1642x642-1500x570.jpg 1500w, https:\/\/www.transports-coue.fr\/wp-content\/uploads\/2019\/06\/transports-coue-nouveau-systeme-geolocalisation-eliot-2019-1642x642-705x268.jpg 705w, https:\/\/www.transports-coue.fr\/wp-content\/uploads\/2019\/06\/transports-coue-nouveau-systeme-geolocalisation-eliot-2019-1642x642-845x321.jpg 845w, https:\/\/www.transports-coue.fr\/wp-content\/uploads\/2019\/06\/transports-coue-nouveau-systeme-geolocalisation-eliot-2019-1642x642-450x171.jpg 450w\" sizes=\"(max-width: 1690px) 100vw, 1690px\" \/><\/a><div class=\"slide-content\"><header class=\"entry-content-header\" aria-label=\"Slide: Pourquoi Transports Cou\u00e9 ont d\u00e9ploy\u00e9 le dernier syst\u00e8me de g\u00e9olocalisation Eliot sur toutes leurs semis ?\"><h3 class='slide-entry-title entry-title '  itemprop=\"headline\" ><a href='https:\/\/www.transports-coue.fr\/fr\/pourquoi-transports-coue-ont-deploye-le-dernier-systeme-de-geolocalisation-eliot-sur-tous-ses-camions\/' title='Pourquoi Transports Cou\u00e9 ont d\u00e9ploy\u00e9 le dernier syst\u00e8me de g\u00e9olocalisation Eliot sur toutes leurs semis ?'>Pourquoi Transports Cou\u00e9 ont d\u00e9ploy\u00e9 le dernier syst\u00e8me de g\u00e9olocalisation Eliot sur toutes leurs semis ?<\/a><\/h3><span class=\"blog-categories minor-meta\"><a href=\"https:\/\/www.transports-coue.fr\/fr\/category\/actualites\/\" rel=\"tag\">Actualit\u00e9s<\/a>, <a href=\"https:\/\/www.transports-coue.fr\/fr\/category\/actualites\/developpement\/\" rel=\"tag\">D\u00e9veloppement<\/a> <\/span><span class=\"av-vertical-delimiter\"><\/span><\/header><div class='slide-entry-excerpt entry-content'  itemprop=\"text\" >Transports Cou\u00e9 ont \u00e9quip\u00e9 toute leur flotte de camions du dernier syst\u00e8me de g\u00e9olocalisation Eliot. Ce d\u00e9ploiement nous permet de continuer \u00e0 d\u00e9velopper et mettre en place des moyens toujours plus innovants et performants pour r\u00e9pondre\u2026<div class=\"read-more-link\"><a href=\"https:\/\/www.transports-coue.fr\/fr\/pourquoi-transports-coue-ont-deploye-le-dernier-systeme-de-geolocalisation-eliot-sur-tous-ses-camions\/\" class=\"more-link\">Lire la suite<span class='more-link-arrow avia-svg-icon avia-font-svg_entypo-fontello' data-av_svg_icon='right-open-big' data-av_iconset='svg_entypo-fontello'><svg version=\"1.1\" xmlns=\"http:\/\/www.w3.org\/2000\/svg\" width=\"15\" height=\"32\" viewBox=\"0 0 15 32\" preserveAspectRatio=\"xMidYMid meet\" role=\"graphics-symbol\" aria-hidden=\"true\">\n<path d=\"M0.416 27.84l11.456-11.84-11.456-11.904q-0.832-0.832 0-1.536 0.832-0.832 1.536 0l12.544 12.608q0.768 0.832 0 1.6l-12.544 12.608q-0.704 0.832-1.536 0-0.832-0.704 0-1.536z\"><\/path>\n<\/svg><\/span><\/a><\/div><\/div><\/div><footer class=\"entry-footer\"><div class=\"slide-meta\"><time class='slide-meta-time updated'  itemprop=\"datePublished\" datetime=\"2019-06-17T18:03:26+02:00\" >17 juin 2019<\/time><\/div><\/footer><span class='hidden'>\n\t\t\t\t<span class='av-structured-data'  itemprop=\"image\" itemscope=\"itemscope\" itemtype=\"https:\/\/schema.org\/ImageObject\" >\n\t\t\t\t\t\t<span itemprop='url'>https:\/\/www.transports-coue.fr\/wp-content\/uploads\/2019\/06\/transports-coue-nouveau-systeme-geolocalisation-eliot-2019-1642x642.jpg<\/span>\n\t\t\t\t\t\t<span itemprop='height'>642<\/span>\n\t\t\t\t\t\t<span itemprop='width'>1690<\/span>\n\t\t\t\t<\/span>\n\t\t\t\t<span class='av-structured-data'  itemprop=\"publisher\" itemtype=\"https:\/\/schema.org\/Organization\" itemscope=\"itemscope\" >\n\t\t\t\t\t\t<span itemprop='name'>Transports Cou\u00e9<\/span>\n\t\t\t\t\t\t<span itemprop='logo' itemscope itemtype='https:\/\/schema.org\/ImageObject'>\n\t\t\t\t\t\t\t<span itemprop='url'>https:\/\/www.transports-coue.fr\/wp-content\/uploads\/2018\/10\/Logo-transports-coue-300x119.png<\/span>\n\t\t\t\t\t\t<\/span>\n\t\t\t\t<\/span><span class='av-structured-data'  itemprop=\"author\" itemscope=\"itemscope\" itemtype=\"https:\/\/schema.org\/Person\" ><span itemprop='name'>Transports Cou\u00e9<\/span><\/span><span class='av-structured-data'  itemprop=\"datePublished\" datetime=\"2018-10-04T10:16:12+02:00\" >2019-06-17 18:03:26<\/span><span class='av-structured-data'  itemprop=\"dateModified\" itemtype=\"https:\/\/schema.org\/dateModified\" >2021-05-24 12:20:30<\/span><span class='av-structured-data'  itemprop=\"mainEntityOfPage\" itemtype=\"https:\/\/schema.org\/mainEntityOfPage\" ><span itemprop='name'>Pourquoi Transports Cou\u00e9 ont d\u00e9ploy\u00e9 le dernier syst\u00e8me de g\u00e9olocalisation Eliot sur toutes leurs semis ?<\/span><\/span><\/span><\/article><\/div><div class=\"slide-entry-wrap\"><article class='slide-entry flex_column  post-entry post-entry-2146 slide-entry-overview slide-loop-94 slide-parity-odd  av_one_third first real-thumbnail posttype-post post-format-standard'  itemscope=\"itemscope\" itemtype=\"https:\/\/schema.org\/CreativeWork\" ><a href='https:\/\/www.transports-coue.fr\/fr\/transports-coue-equipent-ses-camions-de-capteurs-sur-les-jantes\/' data-rel='slide-1' class='slide-image' title='Transports Cou\u00e9 \u00e9quipent ses camions de capteurs sur les jantes.'><img decoding=\"async\" fetchpriority=\"high\" width=\"1690\" height=\"642\" src=\"https:\/\/www.transports-coue.fr\/wp-content\/uploads\/2019\/06\/transports-coue-equipe-camions-jantes-capteurs-2019-1690x642.jpg\" class=\"wp-image-2148 avia-img-lazy-loading-not-2148 attachment-no scaling size-no scaling wp-post-image\" alt=\"Transports Cou\u00e9 \u00e9quipent camions capteurs jantes\" srcset=\"https:\/\/www.transports-coue.fr\/wp-content\/uploads\/2019\/06\/transports-coue-equipe-camions-jantes-capteurs-2019-1690x642.jpg 1690w, https:\/\/www.transports-coue.fr\/wp-content\/uploads\/2019\/06\/transports-coue-equipe-camions-jantes-capteurs-2019-1690x642-80x30.jpg 80w, https:\/\/www.transports-coue.fr\/wp-content\/uploads\/2019\/06\/transports-coue-equipe-camions-jantes-capteurs-2019-1690x642-300x114.jpg 300w, https:\/\/www.transports-coue.fr\/wp-content\/uploads\/2019\/06\/transports-coue-equipe-camions-jantes-capteurs-2019-1690x642-768x292.jpg 768w, https:\/\/www.transports-coue.fr\/wp-content\/uploads\/2019\/06\/transports-coue-equipe-camions-jantes-capteurs-2019-1690x642-1030x391.jpg 1030w, https:\/\/www.transports-coue.fr\/wp-content\/uploads\/2019\/06\/transports-coue-equipe-camions-jantes-capteurs-2019-1690x642-1500x570.jpg 1500w, https:\/\/www.transports-coue.fr\/wp-content\/uploads\/2019\/06\/transports-coue-equipe-camions-jantes-capteurs-2019-1690x642-705x268.jpg 705w, https:\/\/www.transports-coue.fr\/wp-content\/uploads\/2019\/06\/transports-coue-equipe-camions-jantes-capteurs-2019-1690x642-845x321.jpg 845w, https:\/\/www.transports-coue.fr\/wp-content\/uploads\/2019\/06\/transports-coue-equipe-camions-jantes-capteurs-2019-1690x642-450x171.jpg 450w\" sizes=\"(max-width: 1690px) 100vw, 1690px\" \/><\/a><div class=\"slide-content\"><header class=\"entry-content-header\" aria-label=\"Slide: Transports Cou\u00e9 \u00e9quipent ses camions de capteurs sur les jantes.\"><h3 class='slide-entry-title entry-title '  itemprop=\"headline\" ><a href='https:\/\/www.transports-coue.fr\/fr\/transports-coue-equipent-ses-camions-de-capteurs-sur-les-jantes\/' title='Transports Cou\u00e9 \u00e9quipent ses camions de capteurs sur les jantes.'>Transports Cou\u00e9 \u00e9quipent ses camions de capteurs sur les jantes.<\/a><\/h3><span class=\"blog-categories minor-meta\"><a href=\"https:\/\/www.transports-coue.fr\/fr\/category\/actualites\/\" rel=\"tag\">Actualit\u00e9s<\/a>, <a href=\"https:\/\/www.transports-coue.fr\/fr\/category\/actualites\/developpement\/\" rel=\"tag\">D\u00e9veloppement<\/a> <\/span><span class=\"av-vertical-delimiter\"><\/span><\/header><div class='slide-entry-excerpt entry-content'  itemprop=\"text\" >Parce que la s\u00e9curit\u00e9 de nos chauffeurs est une priorit\u00e9, nous avons \u00e9quip\u00e9 l'ensemble de nos camions de capteurs sur jantes. Nous recevons en temps r\u00e9el les alertes concernant tout type de dysfonctionnements des pneus. Cela nous permet\u2026<div class=\"read-more-link\"><a href=\"https:\/\/www.transports-coue.fr\/fr\/transports-coue-equipent-ses-camions-de-capteurs-sur-les-jantes\/\" class=\"more-link\">Lire la suite<span class='more-link-arrow avia-svg-icon avia-font-svg_entypo-fontello' data-av_svg_icon='right-open-big' data-av_iconset='svg_entypo-fontello'><svg version=\"1.1\" xmlns=\"http:\/\/www.w3.org\/2000\/svg\" width=\"15\" height=\"32\" viewBox=\"0 0 15 32\" preserveAspectRatio=\"xMidYMid meet\" role=\"graphics-symbol\" aria-hidden=\"true\">\n<path d=\"M0.416 27.84l11.456-11.84-11.456-11.904q-0.832-0.832 0-1.536 0.832-0.832 1.536 0l12.544 12.608q0.768 0.832 0 1.6l-12.544 12.608q-0.704 0.832-1.536 0-0.832-0.704 0-1.536z\"><\/path>\n<\/svg><\/span><\/a><\/div><\/div><\/div><footer class=\"entry-footer\"><div class=\"slide-meta\"><time class='slide-meta-time updated'  itemprop=\"datePublished\" datetime=\"2019-06-17T10:23:07+02:00\" >17 juin 2019<\/time><\/div><\/footer><span class='hidden'>\n\t\t\t\t<span class='av-structured-data'  itemprop=\"image\" itemscope=\"itemscope\" itemtype=\"https:\/\/schema.org\/ImageObject\" >\n\t\t\t\t\t\t<span itemprop='url'>https:\/\/www.transports-coue.fr\/wp-content\/uploads\/2019\/06\/transports-coue-equipe-camions-jantes-capteurs-2019-1690x642.jpg<\/span>\n\t\t\t\t\t\t<span itemprop='height'>642<\/span>\n\t\t\t\t\t\t<span itemprop='width'>1690<\/span>\n\t\t\t\t<\/span>\n\t\t\t\t<span class='av-structured-data'  itemprop=\"publisher\" itemtype=\"https:\/\/schema.org\/Organization\" itemscope=\"itemscope\" >\n\t\t\t\t\t\t<span itemprop='name'>Transports Cou\u00e9<\/span>\n\t\t\t\t\t\t<span itemprop='logo' itemscope itemtype='https:\/\/schema.org\/ImageObject'>\n\t\t\t\t\t\t\t<span itemprop='url'>https:\/\/www.transports-coue.fr\/wp-content\/uploads\/2018\/10\/Logo-transports-coue-300x119.png<\/span>\n\t\t\t\t\t\t<\/span>\n\t\t\t\t<\/span><span class='av-structured-data'  itemprop=\"author\" itemscope=\"itemscope\" itemtype=\"https:\/\/schema.org\/Person\" ><span itemprop='name'>Transports Cou\u00e9<\/span><\/span><span class='av-structured-data'  itemprop=\"datePublished\" datetime=\"2018-10-04T10:16:12+02:00\" >2019-06-17 10:23:07<\/span><span class='av-structured-data'  itemprop=\"dateModified\" itemtype=\"https:\/\/schema.org\/dateModified\" >2021-05-24 12:23:15<\/span><span class='av-structured-data'  itemprop=\"mainEntityOfPage\" itemtype=\"https:\/\/schema.org\/mainEntityOfPage\" ><span itemprop='name'>Transports Cou\u00e9 \u00e9quipent ses camions de capteurs sur les jantes.<\/span><\/span><\/span><\/article><article class='slide-entry flex_column  post-entry post-entry-2101 slide-entry-overview slide-loop-95 slide-parity-even  av_one_third  real-thumbnail posttype-post post-format-standard'  itemscope=\"itemscope\" itemtype=\"https:\/\/schema.org\/CreativeWork\" ><a href='https:\/\/www.transports-coue.fr\/fr\/transports-coue-sequipent-du-nouveau-wms-galatee-pour-le-pilotage-de-sa-logistique\/' data-rel='slide-1' class='slide-image' title='Transports Cou\u00e9 s&rsquo;\u00e9quipent du nouveau WMS GALATEE pour le pilotage de sa Logistique'><img decoding=\"async\" fetchpriority=\"high\" width=\"845\" height=\"321\" src=\"https:\/\/www.transports-coue.fr\/wp-content\/uploads\/2019\/05\/transports-coue-wms-galatee-espace-clients-845x321.jpg\" class=\"wp-image-2107 avia-img-lazy-loading-not-2107 attachment-no scaling size-no scaling wp-post-image\" alt=\"Transports Coue s&#039;\u00e9quipe du nouveau wms Galatee\" srcset=\"https:\/\/www.transports-coue.fr\/wp-content\/uploads\/2019\/05\/transports-coue-wms-galatee-espace-clients-845x321.jpg 845w, https:\/\/www.transports-coue.fr\/wp-content\/uploads\/2019\/05\/transports-coue-wms-galatee-espace-clients-845x321-80x30.jpg 80w, https:\/\/www.transports-coue.fr\/wp-content\/uploads\/2019\/05\/transports-coue-wms-galatee-espace-clients-845x321-300x114.jpg 300w, https:\/\/www.transports-coue.fr\/wp-content\/uploads\/2019\/05\/transports-coue-wms-galatee-espace-clients-845x321-768x292.jpg 768w, https:\/\/www.transports-coue.fr\/wp-content\/uploads\/2019\/05\/transports-coue-wms-galatee-espace-clients-845x321-705x268.jpg 705w, https:\/\/www.transports-coue.fr\/wp-content\/uploads\/2019\/05\/transports-coue-wms-galatee-espace-clients-845x321-450x171.jpg 450w\" sizes=\"(max-width: 845px) 100vw, 845px\" \/><\/a><div class=\"slide-content\"><header class=\"entry-content-header\" aria-label=\"Slide: Transports Cou\u00e9 s&#039;\u00e9quipent du nouveau WMS GALATEE pour le pilotage de sa Logistique\"><h3 class='slide-entry-title entry-title '  itemprop=\"headline\" ><a href='https:\/\/www.transports-coue.fr\/fr\/transports-coue-sequipent-du-nouveau-wms-galatee-pour-le-pilotage-de-sa-logistique\/' title='Transports Cou\u00e9 s&rsquo;\u00e9quipent du nouveau WMS GALATEE pour le pilotage de sa Logistique'>Transports Cou\u00e9 s&rsquo;\u00e9quipent du nouveau WMS GALATEE pour le pilotage de sa Logistique<\/a><\/h3><span class=\"blog-categories minor-meta\"><a href=\"https:\/\/www.transports-coue.fr\/fr\/category\/actualites\/\" rel=\"tag\">Actualit\u00e9s<\/a>, <a href=\"https:\/\/www.transports-coue.fr\/fr\/category\/actualites\/developpement\/\" rel=\"tag\">D\u00e9veloppement<\/a>, <a href=\"https:\/\/www.transports-coue.fr\/fr\/category\/actualites\/developpement\/developpement-logistique\/\" rel=\"tag\">D\u00e9veloppement Logistique<\/a> <\/span><span class=\"av-vertical-delimiter\"><\/span><\/header><div class='slide-entry-excerpt entry-content'  itemprop=\"text\" >Notre nouvel outil de pilotage logistique sur mesure, WMS GALATEE, permet une gestion de vos stocks et de vos commandes enti\u00e8rement d\u00e9mat\u00e9rialis\u00e9e et en ad\u00e9quation avec la l\u00e9gislation ICPE. Son accessibilit\u00e9 en ligne via notre site internet\u2026<div class=\"read-more-link\"><a href=\"https:\/\/www.transports-coue.fr\/fr\/transports-coue-sequipent-du-nouveau-wms-galatee-pour-le-pilotage-de-sa-logistique\/\" class=\"more-link\">Lire la suite<span class='more-link-arrow avia-svg-icon avia-font-svg_entypo-fontello' data-av_svg_icon='right-open-big' data-av_iconset='svg_entypo-fontello'><svg version=\"1.1\" xmlns=\"http:\/\/www.w3.org\/2000\/svg\" width=\"15\" height=\"32\" viewBox=\"0 0 15 32\" preserveAspectRatio=\"xMidYMid meet\" role=\"graphics-symbol\" aria-hidden=\"true\">\n<path d=\"M0.416 27.84l11.456-11.84-11.456-11.904q-0.832-0.832 0-1.536 0.832-0.832 1.536 0l12.544 12.608q0.768 0.832 0 1.6l-12.544 12.608q-0.704 0.832-1.536 0-0.832-0.704 0-1.536z\"><\/path>\n<\/svg><\/span><\/a><\/div><\/div><\/div><footer class=\"entry-footer\"><div class=\"slide-meta\"><time class='slide-meta-time updated'  itemprop=\"datePublished\" datetime=\"2019-05-14T17:31:24+02:00\" >14 mai 2019<\/time><\/div><\/footer><span class='hidden'>\n\t\t\t\t<span class='av-structured-data'  itemprop=\"image\" itemscope=\"itemscope\" itemtype=\"https:\/\/schema.org\/ImageObject\" >\n\t\t\t\t\t\t<span itemprop='url'>https:\/\/www.transports-coue.fr\/wp-content\/uploads\/2019\/05\/transports-coue-wms-galatee-espace-clients-845x321.jpg<\/span>\n\t\t\t\t\t\t<span itemprop='height'>321<\/span>\n\t\t\t\t\t\t<span itemprop='width'>845<\/span>\n\t\t\t\t<\/span>\n\t\t\t\t<span class='av-structured-data'  itemprop=\"publisher\" itemtype=\"https:\/\/schema.org\/Organization\" itemscope=\"itemscope\" >\n\t\t\t\t\t\t<span itemprop='name'>Transports Cou\u00e9<\/span>\n\t\t\t\t\t\t<span itemprop='logo' itemscope itemtype='https:\/\/schema.org\/ImageObject'>\n\t\t\t\t\t\t\t<span itemprop='url'>https:\/\/www.transports-coue.fr\/wp-content\/uploads\/2018\/10\/Logo-transports-coue-300x119.png<\/span>\n\t\t\t\t\t\t<\/span>\n\t\t\t\t<\/span><span class='av-structured-data'  itemprop=\"author\" itemscope=\"itemscope\" itemtype=\"https:\/\/schema.org\/Person\" ><span itemprop='name'>Transports Cou\u00e9<\/span><\/span><span class='av-structured-data'  itemprop=\"datePublished\" datetime=\"2018-10-04T10:16:12+02:00\" >2019-05-14 17:31:24<\/span><span class='av-structured-data'  itemprop=\"dateModified\" itemtype=\"https:\/\/schema.org\/dateModified\" >2021-03-11 10:43:21<\/span><span class='av-structured-data'  itemprop=\"mainEntityOfPage\" itemtype=\"https:\/\/schema.org\/mainEntityOfPage\" ><span itemprop='name'>Transports Cou\u00e9 s&rsquo;\u00e9quipent du nouveau WMS GALATEE pour le pilotage de sa Logistique<\/span><\/span><\/span><\/article><article class='slide-entry flex_column  post-entry post-entry-2012 slide-entry-overview slide-loop-96 slide-parity-odd  av_one_third  real-thumbnail posttype-post post-format-standard'  itemscope=\"itemscope\" itemtype=\"https:\/\/schema.org\/CreativeWork\" ><a href='https:\/\/www.transports-coue.fr\/fr\/transports-coue-et-mdl-dans-lofficiel-des-transporteurs\/' data-rel='slide-1' class='slide-image' title='Transports Cou\u00e9 et MDL dans l&rsquo;Officiel des Transporteurs'><img decoding=\"async\" fetchpriority=\"high\" width=\"845\" height=\"321\" src=\"https:\/\/www.transports-coue.fr\/wp-content\/uploads\/2019\/03\/officiel-transporteurs-coue-provence-distribution-logistique-mars-2019-894X321.jpg\" class=\"wp-image-2013 avia-img-lazy-loading-not-2013 attachment-no scaling size-no scaling wp-post-image\" alt=\"Transports Cou\u00e9, MDL &amp; Provence Distribution Logistique dans l&#039;Officiel des Transporteurs\" srcset=\"https:\/\/www.transports-coue.fr\/wp-content\/uploads\/2019\/03\/officiel-transporteurs-coue-provence-distribution-logistique-mars-2019-894X321.jpg 845w, https:\/\/www.transports-coue.fr\/wp-content\/uploads\/2019\/03\/officiel-transporteurs-coue-provence-distribution-logistique-mars-2019-894X321-80x30.jpg 80w, https:\/\/www.transports-coue.fr\/wp-content\/uploads\/2019\/03\/officiel-transporteurs-coue-provence-distribution-logistique-mars-2019-894X321-300x114.jpg 300w, https:\/\/www.transports-coue.fr\/wp-content\/uploads\/2019\/03\/officiel-transporteurs-coue-provence-distribution-logistique-mars-2019-894X321-768x292.jpg 768w, https:\/\/www.transports-coue.fr\/wp-content\/uploads\/2019\/03\/officiel-transporteurs-coue-provence-distribution-logistique-mars-2019-894X321-705x268.jpg 705w, https:\/\/www.transports-coue.fr\/wp-content\/uploads\/2019\/03\/officiel-transporteurs-coue-provence-distribution-logistique-mars-2019-894X321-450x171.jpg 450w\" sizes=\"(max-width: 845px) 100vw, 845px\" \/><\/a><div class=\"slide-content\"><header class=\"entry-content-header\" aria-label=\"Slide: Transports Cou\u00e9 et MDL dans l&#039;Officiel des Transporteurs\"><h3 class='slide-entry-title entry-title '  itemprop=\"headline\" ><a href='https:\/\/www.transports-coue.fr\/fr\/transports-coue-et-mdl-dans-lofficiel-des-transporteurs\/' title='Transports Cou\u00e9 et MDL dans l&rsquo;Officiel des Transporteurs'>Transports Cou\u00e9 et MDL dans l&rsquo;Officiel des Transporteurs<\/a><\/h3><span class=\"blog-categories minor-meta\"><a href=\"https:\/\/www.transports-coue.fr\/fr\/category\/actualites\/\" rel=\"tag\">Actualit\u00e9s<\/a>, <a href=\"https:\/\/www.transports-coue.fr\/fr\/category\/actualites\/developpement\/\" rel=\"tag\">D\u00e9veloppement<\/a> <\/span><span class=\"av-vertical-delimiter\"><\/span><\/header><div class='slide-entry-excerpt entry-content'  itemprop=\"text\" >L'Officiel des Transporteurs a r\u00e9dig\u00e9 un excellent article sur notre nouvelle filiale MDL, plateforme Evolutrans Sud-Est, issu de notre partenariat avec Provence Distribution Logistique.\n\n&nbsp;\n\n&nbsp;\n\n&nbsp;<div class=\"read-more-link\"><a href=\"https:\/\/www.transports-coue.fr\/fr\/transports-coue-et-mdl-dans-lofficiel-des-transporteurs\/\" class=\"more-link\">Lire la suite<span class='more-link-arrow avia-svg-icon avia-font-svg_entypo-fontello' data-av_svg_icon='right-open-big' data-av_iconset='svg_entypo-fontello'><svg version=\"1.1\" xmlns=\"http:\/\/www.w3.org\/2000\/svg\" width=\"15\" height=\"32\" viewBox=\"0 0 15 32\" preserveAspectRatio=\"xMidYMid meet\" role=\"graphics-symbol\" aria-hidden=\"true\">\n<path d=\"M0.416 27.84l11.456-11.84-11.456-11.904q-0.832-0.832 0-1.536 0.832-0.832 1.536 0l12.544 12.608q0.768 0.832 0 1.6l-12.544 12.608q-0.704 0.832-1.536 0-0.832-0.704 0-1.536z\"><\/path>\n<\/svg><\/span><\/a><\/div><\/div><\/div><footer class=\"entry-footer\"><div class=\"slide-meta\"><time class='slide-meta-time updated'  itemprop=\"datePublished\" datetime=\"2019-03-28T16:31:28+01:00\" >28 mars 2019<\/time><\/div><\/footer><span class='hidden'>\n\t\t\t\t<span class='av-structured-data'  itemprop=\"image\" itemscope=\"itemscope\" itemtype=\"https:\/\/schema.org\/ImageObject\" >\n\t\t\t\t\t\t<span itemprop='url'>https:\/\/www.transports-coue.fr\/wp-content\/uploads\/2019\/03\/officiel-transporteurs-coue-provence-distribution-logistique-mars-2019-894X321.jpg<\/span>\n\t\t\t\t\t\t<span itemprop='height'>321<\/span>\n\t\t\t\t\t\t<span itemprop='width'>845<\/span>\n\t\t\t\t<\/span>\n\t\t\t\t<span class='av-structured-data'  itemprop=\"publisher\" itemtype=\"https:\/\/schema.org\/Organization\" itemscope=\"itemscope\" >\n\t\t\t\t\t\t<span itemprop='name'>Transports Cou\u00e9<\/span>\n\t\t\t\t\t\t<span itemprop='logo' itemscope itemtype='https:\/\/schema.org\/ImageObject'>\n\t\t\t\t\t\t\t<span itemprop='url'>https:\/\/www.transports-coue.fr\/wp-content\/uploads\/2018\/10\/Logo-transports-coue-300x119.png<\/span>\n\t\t\t\t\t\t<\/span>\n\t\t\t\t<\/span><span class='av-structured-data'  itemprop=\"author\" itemscope=\"itemscope\" itemtype=\"https:\/\/schema.org\/Person\" ><span itemprop='name'>Transports Cou\u00e9<\/span><\/span><span class='av-structured-data'  itemprop=\"datePublished\" datetime=\"2018-10-04T10:16:12+02:00\" >2019-03-28 16:31:28<\/span><span class='av-structured-data'  itemprop=\"dateModified\" itemtype=\"https:\/\/schema.org\/dateModified\" >2021-03-31 11:35:45<\/span><span class='av-structured-data'  itemprop=\"mainEntityOfPage\" itemtype=\"https:\/\/schema.org\/mainEntityOfPage\" ><span itemprop='name'>Transports Cou\u00e9 et MDL dans l&rsquo;Officiel des Transporteurs<\/span><\/span><\/span><\/article><\/div><div class=\"slide-entry-wrap\"><article class='slide-entry flex_column  post-entry post-entry-651 slide-entry-overview slide-loop-97 slide-parity-odd  av_one_third first real-thumbnail posttype-post post-format-standard'  itemscope=\"itemscope\" itemtype=\"https:\/\/schema.org\/CreativeWork\" ><a href='https:\/\/www.transports-coue.fr\/fr\/les-transports-coue-et-provence-distribution-logistique-ont-repris-mdl-basee-a-nimes-30-gard\/' data-rel='slide-1' class='slide-image' title='Les Transports Cou\u00e9 et Provence Distribution Logistique ont repris MDL bas\u00e9e \u00e0 N\u00eemes (30, Gard)'><img decoding=\"async\" fetchpriority=\"high\" width=\"1904\" height=\"833\" src=\"https:\/\/www.transports-coue.fr\/wp-content\/uploads\/2019\/02\/MDL-Nimes-Logo.png\" class=\"wp-image-654 avia-img-lazy-loading-not-654 attachment-no scaling size-no scaling wp-post-image\" alt=\"Logo MDL N\u00eemes\" srcset=\"https:\/\/www.transports-coue.fr\/wp-content\/uploads\/2019\/02\/MDL-Nimes-Logo.png 1904w, https:\/\/www.transports-coue.fr\/wp-content\/uploads\/2019\/02\/MDL-Nimes-Logo-300x131.png 300w, https:\/\/www.transports-coue.fr\/wp-content\/uploads\/2019\/02\/MDL-Nimes-Logo-768x336.png 768w, https:\/\/www.transports-coue.fr\/wp-content\/uploads\/2019\/02\/MDL-Nimes-Logo-1030x451.png 1030w, https:\/\/www.transports-coue.fr\/wp-content\/uploads\/2019\/02\/MDL-Nimes-Logo-1500x656.png 1500w, https:\/\/www.transports-coue.fr\/wp-content\/uploads\/2019\/02\/MDL-Nimes-Logo-705x308.png 705w, https:\/\/www.transports-coue.fr\/wp-content\/uploads\/2019\/02\/MDL-Nimes-Logo-450x197.png 450w\" sizes=\"(max-width: 1904px) 100vw, 1904px\" \/><\/a><div class=\"slide-content\"><header class=\"entry-content-header\" aria-label=\"Slide: Les Transports Cou\u00e9 et Provence Distribution Logistique ont repris MDL bas\u00e9e \u00e0 N\u00eemes (30, Gard)\"><h3 class='slide-entry-title entry-title '  itemprop=\"headline\" ><a href='https:\/\/www.transports-coue.fr\/fr\/les-transports-coue-et-provence-distribution-logistique-ont-repris-mdl-basee-a-nimes-30-gard\/' title='Les Transports Cou\u00e9 et Provence Distribution Logistique ont repris MDL bas\u00e9e \u00e0 N\u00eemes (30, Gard)'>Les Transports Cou\u00e9 et Provence Distribution Logistique ont repris MDL bas\u00e9e \u00e0 N\u00eemes (30, Gard)<\/a><\/h3><span class=\"blog-categories minor-meta\"><a href=\"https:\/\/www.transports-coue.fr\/fr\/category\/actualites\/\" rel=\"tag\">Actualit\u00e9s<\/a>, <a href=\"https:\/\/www.transports-coue.fr\/fr\/category\/actualites\/developpement\/\" rel=\"tag\">D\u00e9veloppement<\/a> <\/span><span class=\"av-vertical-delimiter\"><\/span><\/header><div class='slide-entry-excerpt entry-content'  itemprop=\"text\" >Le 1er d\u00e9cembre 2018, Transports Cou\u00e9 et Provence Distribution Logistique ont acquis la soci\u00e9t\u00e9 MDL (M\u00e9diterran\u00e9e Distribution Logistique), soci\u00e9t\u00e9 de transport routier et de logistique. Ce partenariat permet \u00e0 l'entreprise MDL, bas\u00e9e\u2026<div class=\"read-more-link\"><a href=\"https:\/\/www.transports-coue.fr\/fr\/les-transports-coue-et-provence-distribution-logistique-ont-repris-mdl-basee-a-nimes-30-gard\/\" class=\"more-link\">Lire la suite<span class='more-link-arrow avia-svg-icon avia-font-svg_entypo-fontello' data-av_svg_icon='right-open-big' data-av_iconset='svg_entypo-fontello'><svg version=\"1.1\" xmlns=\"http:\/\/www.w3.org\/2000\/svg\" width=\"15\" height=\"32\" viewBox=\"0 0 15 32\" preserveAspectRatio=\"xMidYMid meet\" role=\"graphics-symbol\" aria-hidden=\"true\">\n<path d=\"M0.416 27.84l11.456-11.84-11.456-11.904q-0.832-0.832 0-1.536 0.832-0.832 1.536 0l12.544 12.608q0.768 0.832 0 1.6l-12.544 12.608q-0.704 0.832-1.536 0-0.832-0.704 0-1.536z\"><\/path>\n<\/svg><\/span><\/a><\/div><\/div><\/div><footer class=\"entry-footer\"><div class=\"slide-meta\"><time class='slide-meta-time updated'  itemprop=\"datePublished\" datetime=\"2019-02-25T14:54:48+01:00\" >25 f\u00e9vrier 2019<\/time><div class=\"slide-meta-del\">\/<\/div><div class=\"slide-meta-comments\"><a href='https:\/\/www.transports-coue.fr\/fr\/les-transports-coue-et-provence-distribution-logistique-ont-repris-mdl-basee-a-nimes-30-gard\/#respond'>0 Commentaires<\/a><\/div><\/div><\/footer><span class='hidden'>\n\t\t\t\t<span class='av-structured-data'  itemprop=\"image\" itemscope=\"itemscope\" itemtype=\"https:\/\/schema.org\/ImageObject\" >\n\t\t\t\t\t\t<span itemprop='url'>https:\/\/www.transports-coue.fr\/wp-content\/uploads\/2019\/02\/MDL-Nimes-Logo.png<\/span>\n\t\t\t\t\t\t<span itemprop='height'>833<\/span>\n\t\t\t\t\t\t<span itemprop='width'>1904<\/span>\n\t\t\t\t<\/span>\n\t\t\t\t<span class='av-structured-data'  itemprop=\"publisher\" itemtype=\"https:\/\/schema.org\/Organization\" itemscope=\"itemscope\" >\n\t\t\t\t\t\t<span itemprop='name'>Transports Cou\u00e9<\/span>\n\t\t\t\t\t\t<span itemprop='logo' itemscope itemtype='https:\/\/schema.org\/ImageObject'>\n\t\t\t\t\t\t\t<span itemprop='url'>https:\/\/www.transports-coue.fr\/wp-content\/uploads\/2018\/10\/Logo-transports-coue-300x119.png<\/span>\n\t\t\t\t\t\t<\/span>\n\t\t\t\t<\/span><span class='av-structured-data'  itemprop=\"author\" itemscope=\"itemscope\" itemtype=\"https:\/\/schema.org\/Person\" ><span itemprop='name'>Transports Cou\u00e9<\/span><\/span><span class='av-structured-data'  itemprop=\"datePublished\" datetime=\"2018-10-04T10:16:12+02:00\" >2019-02-25 14:54:48<\/span><span class='av-structured-data'  itemprop=\"dateModified\" itemtype=\"https:\/\/schema.org\/dateModified\" >2021-03-31 11:39:41<\/span><span class='av-structured-data'  itemprop=\"mainEntityOfPage\" itemtype=\"https:\/\/schema.org\/mainEntityOfPage\" ><span itemprop='name'>Les Transports Cou\u00e9 et Provence Distribution Logistique ont repris MDL bas\u00e9e \u00e0 N\u00eemes (30, Gard)<\/span><\/span><\/span><\/article><article class='slide-entry flex_column  post-entry post-entry-298 slide-entry-overview slide-loop-98 slide-parity-even  av_one_third  real-thumbnail posttype-post post-format-standard'  itemscope=\"itemscope\" itemtype=\"https:\/\/schema.org\/CreativeWork\" ><a href='https:\/\/www.transports-coue.fr\/fr\/les-transports-coue-sur-faq-logistique\/' data-rel='slide-1' class='slide-image' title='Les Transports Coue sur FAQ Logistique'><img decoding=\"async\" fetchpriority=\"high\" width=\"450\" height=\"236\" src=\"https:\/\/www.transports-coue.fr\/wp-content\/uploads\/2018\/10\/Unknown-2-6.png\" class=\"wp-image-299 avia-img-lazy-loading-not-299 attachment-no scaling size-no scaling wp-post-image\" alt=\"Transports Coue est d\u00e9sormais dans FAQ logistique\" srcset=\"https:\/\/www.transports-coue.fr\/wp-content\/uploads\/2018\/10\/Unknown-2-6.png 450w, https:\/\/www.transports-coue.fr\/wp-content\/uploads\/2018\/10\/Unknown-2-6-300x157.png 300w\" sizes=\"(max-width: 450px) 100vw, 450px\" \/><\/a><div class=\"slide-content\"><header class=\"entry-content-header\" aria-label=\"Slide: Les Transports Coue sur FAQ Logistique\"><h3 class='slide-entry-title entry-title '  itemprop=\"headline\" ><a href='https:\/\/www.transports-coue.fr\/fr\/les-transports-coue-sur-faq-logistique\/' title='Les Transports Coue sur FAQ Logistique'>Les Transports Coue sur FAQ Logistique<\/a><\/h3><span class=\"blog-categories minor-meta\"><a href=\"https:\/\/www.transports-coue.fr\/fr\/category\/actualites\/\" rel=\"tag\">Actualit\u00e9s<\/a>, <a href=\"https:\/\/www.transports-coue.fr\/fr\/category\/actualites\/developpement\/\" rel=\"tag\">D\u00e9veloppement<\/a>, <a href=\"https:\/\/www.transports-coue.fr\/fr\/category\/actualites\/developpement\/developpement-logistique\/\" rel=\"tag\">D\u00e9veloppement Logistique<\/a> <\/span><span class=\"av-vertical-delimiter\"><\/span><\/header><div class='slide-entry-excerpt entry-content'  itemprop=\"text\" >Nous sommes dor\u00e9navant partenaires de FAQ Logistique : le portail sectoriel d\u00e9di\u00e9 \u00e0 la logistique, au transport et \u00e0 la supply chain qui met en relation les professionnels du secteur.\n\nRetrouvez la fiche Transports Cou\u00e9 sur FAQ Logistique\u2026<div class=\"read-more-link\"><a href=\"https:\/\/www.transports-coue.fr\/fr\/les-transports-coue-sur-faq-logistique\/\" class=\"more-link\">Lire la suite<span class='more-link-arrow avia-svg-icon avia-font-svg_entypo-fontello' data-av_svg_icon='right-open-big' data-av_iconset='svg_entypo-fontello'><svg version=\"1.1\" xmlns=\"http:\/\/www.w3.org\/2000\/svg\" width=\"15\" height=\"32\" viewBox=\"0 0 15 32\" preserveAspectRatio=\"xMidYMid meet\" role=\"graphics-symbol\" aria-hidden=\"true\">\n<path d=\"M0.416 27.84l11.456-11.84-11.456-11.904q-0.832-0.832 0-1.536 0.832-0.832 1.536 0l12.544 12.608q0.768 0.832 0 1.6l-12.544 12.608q-0.704 0.832-1.536 0-0.832-0.704 0-1.536z\"><\/path>\n<\/svg><\/span><\/a><\/div><\/div><\/div><footer class=\"entry-footer\"><div class=\"slide-meta\"><time class='slide-meta-time updated'  itemprop=\"datePublished\" datetime=\"2018-09-20T14:17:01+02:00\" >20 septembre 2018<\/time><div class=\"slide-meta-del\">\/<\/div><div class=\"slide-meta-comments\"><a href='https:\/\/www.transports-coue.fr\/fr\/les-transports-coue-sur-faq-logistique\/#respond'>0 Commentaires<\/a><\/div><\/div><\/footer><span class='hidden'>\n\t\t\t\t<span class='av-structured-data'  itemprop=\"image\" itemscope=\"itemscope\" itemtype=\"https:\/\/schema.org\/ImageObject\" >\n\t\t\t\t\t\t<span itemprop='url'>https:\/\/www.transports-coue.fr\/wp-content\/uploads\/2018\/10\/Unknown-2-6.png<\/span>\n\t\t\t\t\t\t<span itemprop='height'>236<\/span>\n\t\t\t\t\t\t<span itemprop='width'>450<\/span>\n\t\t\t\t<\/span>\n\t\t\t\t<span class='av-structured-data'  itemprop=\"publisher\" itemtype=\"https:\/\/schema.org\/Organization\" itemscope=\"itemscope\" >\n\t\t\t\t\t\t<span itemprop='name'>wp_admin<\/span>\n\t\t\t\t\t\t<span itemprop='logo' itemscope itemtype='https:\/\/schema.org\/ImageObject'>\n\t\t\t\t\t\t\t<span itemprop='url'>https:\/\/www.transports-coue.fr\/wp-content\/uploads\/2018\/10\/Logo-transports-coue-300x119.png<\/span>\n\t\t\t\t\t\t<\/span>\n\t\t\t\t<\/span><span class='av-structured-data'  itemprop=\"author\" itemscope=\"itemscope\" itemtype=\"https:\/\/schema.org\/Person\" ><span itemprop='name'>wp_admin<\/span><\/span><span class='av-structured-data'  itemprop=\"datePublished\" datetime=\"2018-10-04T10:16:12+02:00\" >2018-09-20 14:17:01<\/span><span class='av-structured-data'  itemprop=\"dateModified\" itemtype=\"https:\/\/schema.org\/dateModified\" >2021-03-11 10:48:08<\/span><span class='av-structured-data'  itemprop=\"mainEntityOfPage\" itemtype=\"https:\/\/schema.org\/mainEntityOfPage\" ><span itemprop='name'>Les Transports Coue sur FAQ Logistique<\/span><\/span><\/span><\/article><article class='slide-entry flex_column  post-entry post-entry-293 slide-entry-overview slide-loop-99 slide-parity-odd  av_one_third  real-thumbnail posttype-post post-format-standard'  itemscope=\"itemscope\" itemtype=\"https:\/\/schema.org\/CreativeWork\" ><a href='https:\/\/www.transports-coue.fr\/fr\/les-transports-coue-dans-le-top-150-des-logisticiens-france\/' data-rel='slide-1' class='slide-image' title='Les Transports Cou\u00e9 dans le Top 150 des logisticiens France'><img decoding=\"async\" fetchpriority=\"high\" width=\"404\" height=\"125\" src=\"https:\/\/www.transports-coue.fr\/wp-content\/uploads\/2019\/03\/SupplyChainMagazine.jpeg\" class=\"wp-image-1065 avia-img-lazy-loading-not-1065 attachment-no scaling size-no scaling wp-post-image\" alt=\"Logo Supply Chain Magazine\" srcset=\"https:\/\/www.transports-coue.fr\/wp-content\/uploads\/2019\/03\/SupplyChainMagazine.jpeg 404w, https:\/\/www.transports-coue.fr\/wp-content\/uploads\/2019\/03\/SupplyChainMagazine-80x25.jpeg 80w, https:\/\/www.transports-coue.fr\/wp-content\/uploads\/2019\/03\/SupplyChainMagazine-300x93.jpeg 300w\" sizes=\"(max-width: 404px) 100vw, 404px\" \/><\/a><div class=\"slide-content\"><header class=\"entry-content-header\" aria-label=\"Slide: Les Transports Cou\u00e9 dans le Top 150 des logisticiens France\"><h3 class='slide-entry-title entry-title '  itemprop=\"headline\" ><a href='https:\/\/www.transports-coue.fr\/fr\/les-transports-coue-dans-le-top-150-des-logisticiens-france\/' title='Les Transports Cou\u00e9 dans le Top 150 des logisticiens France'>Les Transports Cou\u00e9 dans le Top 150 des logisticiens France<\/a><\/h3><span class=\"blog-categories minor-meta\"><a href=\"https:\/\/www.transports-coue.fr\/fr\/category\/actualites\/\" rel=\"tag\">Actualit\u00e9s<\/a>, <a href=\"https:\/\/www.transports-coue.fr\/fr\/category\/actualites\/developpement\/\" rel=\"tag\">D\u00e9veloppement<\/a>, <a href=\"https:\/\/www.transports-coue.fr\/fr\/category\/actualites\/developpement\/developpement-logistique\/\" rel=\"tag\">D\u00e9veloppement Logistique<\/a> <\/span><span class=\"av-vertical-delimiter\"><\/span><\/header><div class='slide-entry-excerpt entry-content'  itemprop=\"text\" >Nous entrons dans le Top 150 des logisticiens, r\u00e9pertori\u00e9s dans le num\u00e9ro sp\u00e9cial de juin de Supply Chain Magazin.\n\nCe petit coup de projecteur nous permet de nous faire conna\u00eetre un peu plus dans notre nouvelle activit\u00e9 logistique.\n\nhttp:\/\/transports-coue.fr\/fr\/fr\/entreposage-espace-de-stockage-matieres-dangereuses\n\n <div class=\"read-more-link\"><a href=\"https:\/\/www.transports-coue.fr\/fr\/les-transports-coue-dans-le-top-150-des-logisticiens-france\/\" class=\"more-link\">Lire la suite<span class='more-link-arrow avia-svg-icon avia-font-svg_entypo-fontello' data-av_svg_icon='right-open-big' data-av_iconset='svg_entypo-fontello'><svg version=\"1.1\" xmlns=\"http:\/\/www.w3.org\/2000\/svg\" width=\"15\" height=\"32\" viewBox=\"0 0 15 32\" preserveAspectRatio=\"xMidYMid meet\" role=\"graphics-symbol\" aria-hidden=\"true\">\n<path d=\"M0.416 27.84l11.456-11.84-11.456-11.904q-0.832-0.832 0-1.536 0.832-0.832 1.536 0l12.544 12.608q0.768 0.832 0 1.6l-12.544 12.608q-0.704 0.832-1.536 0-0.832-0.704 0-1.536z\"><\/path>\n<\/svg><\/span><\/a><\/div><\/div><\/div><footer class=\"entry-footer\"><div class=\"slide-meta\"><time class='slide-meta-time updated'  itemprop=\"datePublished\" datetime=\"2018-09-13T14:16:07+02:00\" >13 septembre 2018<\/time><div class=\"slide-meta-del\">\/<\/div><div class=\"slide-meta-comments\"><a href='https:\/\/www.transports-coue.fr\/fr\/les-transports-coue-dans-le-top-150-des-logisticiens-france\/#respond'>0 Commentaires<\/a><\/div><\/div><\/footer><span class='hidden'>\n\t\t\t\t<span class='av-structured-data'  itemprop=\"image\" itemscope=\"itemscope\" itemtype=\"https:\/\/schema.org\/ImageObject\" >\n\t\t\t\t\t\t<span itemprop='url'>https:\/\/www.transports-coue.fr\/wp-content\/uploads\/2019\/03\/SupplyChainMagazine.jpeg<\/span>\n\t\t\t\t\t\t<span itemprop='height'>125<\/span>\n\t\t\t\t\t\t<span itemprop='width'>404<\/span>\n\t\t\t\t<\/span>\n\t\t\t\t<span class='av-structured-data'  itemprop=\"publisher\" itemtype=\"https:\/\/schema.org\/Organization\" itemscope=\"itemscope\" >\n\t\t\t\t\t\t<span itemprop='name'>wp_admin<\/span>\n\t\t\t\t\t\t<span itemprop='logo' itemscope itemtype='https:\/\/schema.org\/ImageObject'>\n\t\t\t\t\t\t\t<span itemprop='url'>https:\/\/www.transports-coue.fr\/wp-content\/uploads\/2018\/10\/Logo-transports-coue-300x119.png<\/span>\n\t\t\t\t\t\t<\/span>\n\t\t\t\t<\/span><span class='av-structured-data'  itemprop=\"author\" itemscope=\"itemscope\" itemtype=\"https:\/\/schema.org\/Person\" ><span itemprop='name'>wp_admin<\/span><\/span><span class='av-structured-data'  itemprop=\"datePublished\" datetime=\"2018-10-04T10:16:12+02:00\" >2018-09-13 14:16:07<\/span><span class='av-structured-data'  itemprop=\"dateModified\" itemtype=\"https:\/\/schema.org\/dateModified\" >2021-05-24 12:34:47<\/span><span class='av-structured-data'  itemprop=\"mainEntityOfPage\" itemtype=\"https:\/\/schema.org\/mainEntityOfPage\" ><span itemprop='name'>Les Transports Cou\u00e9 dans le Top 150 des logisticiens France<\/span><\/span><\/span><\/article><\/div><div class=\"slide-entry-wrap\"><article class='slide-entry flex_column  post-entry post-entry-247 slide-entry-overview slide-loop-100 slide-parity-odd  av_one_third first real-thumbnail posttype-post post-format-standard'  itemscope=\"itemscope\" itemtype=\"https:\/\/schema.org\/CreativeWork\" ><a href='https:\/\/www.transports-coue.fr\/fr\/a-nimes-demenagement-du-site-des-transports-coue\/' data-rel='slide-1' class='slide-image' title='A N\u00eemes : d\u00e9m\u00e9nagement du site des Transports Cou\u00e9'><img decoding=\"async\" fetchpriority=\"high\" width=\"450\" height=\"338\" src=\"https:\/\/www.transports-coue.fr\/wp-content\/uploads\/2018\/10\/Unknown-2-3.png\" class=\"wp-image-248 avia-img-lazy-loading-not-248 attachment-no scaling size-no scaling wp-post-image\" alt=\"Transports Cou\u00e9 Nouvelle Plateforme N\u00eemes (30, Gard)\" srcset=\"https:\/\/www.transports-coue.fr\/wp-content\/uploads\/2018\/10\/Unknown-2-3.png 450w, https:\/\/www.transports-coue.fr\/wp-content\/uploads\/2018\/10\/Unknown-2-3-300x225.png 300w\" sizes=\"(max-width: 450px) 100vw, 450px\" \/><\/a><div class=\"slide-content\"><header class=\"entry-content-header\" aria-label=\"Slide: A N\u00eemes : d\u00e9m\u00e9nagement du site des Transports Cou\u00e9\"><h3 class='slide-entry-title entry-title '  itemprop=\"headline\" ><a href='https:\/\/www.transports-coue.fr\/fr\/a-nimes-demenagement-du-site-des-transports-coue\/' title='A N\u00eemes : d\u00e9m\u00e9nagement du site des Transports Cou\u00e9'>A N\u00eemes : d\u00e9m\u00e9nagement du site des Transports Cou\u00e9<\/a><\/h3><span class=\"blog-categories minor-meta\"><a href=\"https:\/\/www.transports-coue.fr\/fr\/category\/actualites\/\" rel=\"tag\">Actualit\u00e9s<\/a>, <a href=\"https:\/\/www.transports-coue.fr\/fr\/category\/actualites\/developpement\/\" rel=\"tag\">D\u00e9veloppement<\/a> <\/span><span class=\"av-vertical-delimiter\"><\/span><\/header><div class='slide-entry-excerpt entry-content'  itemprop=\"text\" >Le 29 mars 2018, l'agence de N\u00eemes des Transports Cou\u00e9 a d\u00e9m\u00e9nag\u00e9 dans un nouveau b\u00e2timent de 4700 m\u00b2 situ\u00e9 au 114 rue Bacchus.\n\n <div class=\"read-more-link\"><a href=\"https:\/\/www.transports-coue.fr\/fr\/a-nimes-demenagement-du-site-des-transports-coue\/\" class=\"more-link\">Lire la suite<span class='more-link-arrow avia-svg-icon avia-font-svg_entypo-fontello' data-av_svg_icon='right-open-big' data-av_iconset='svg_entypo-fontello'><svg version=\"1.1\" xmlns=\"http:\/\/www.w3.org\/2000\/svg\" width=\"15\" height=\"32\" viewBox=\"0 0 15 32\" preserveAspectRatio=\"xMidYMid meet\" role=\"graphics-symbol\" aria-hidden=\"true\">\n<path d=\"M0.416 27.84l11.456-11.84-11.456-11.904q-0.832-0.832 0-1.536 0.832-0.832 1.536 0l12.544 12.608q0.768 0.832 0 1.6l-12.544 12.608q-0.704 0.832-1.536 0-0.832-0.704 0-1.536z\"><\/path>\n<\/svg><\/span><\/a><\/div><\/div><\/div><footer class=\"entry-footer\"><div class=\"slide-meta\"><time class='slide-meta-time updated'  itemprop=\"datePublished\" datetime=\"2018-04-16T11:27:40+02:00\" >16 avril 2018<\/time><div class=\"slide-meta-del\">\/<\/div><div class=\"slide-meta-comments\"><a href='https:\/\/www.transports-coue.fr\/fr\/a-nimes-demenagement-du-site-des-transports-coue\/#respond'>0 Commentaires<\/a><\/div><\/div><\/footer><span class='hidden'>\n\t\t\t\t<span class='av-structured-data'  itemprop=\"image\" itemscope=\"itemscope\" itemtype=\"https:\/\/schema.org\/ImageObject\" >\n\t\t\t\t\t\t<span itemprop='url'>https:\/\/www.transports-coue.fr\/wp-content\/uploads\/2018\/10\/Unknown-2-3.png<\/span>\n\t\t\t\t\t\t<span itemprop='height'>338<\/span>\n\t\t\t\t\t\t<span itemprop='width'>450<\/span>\n\t\t\t\t<\/span>\n\t\t\t\t<span class='av-structured-data'  itemprop=\"publisher\" itemtype=\"https:\/\/schema.org\/Organization\" itemscope=\"itemscope\" >\n\t\t\t\t\t\t<span itemprop='name'>wp_admin<\/span>\n\t\t\t\t\t\t<span itemprop='logo' itemscope itemtype='https:\/\/schema.org\/ImageObject'>\n\t\t\t\t\t\t\t<span itemprop='url'>https:\/\/www.transports-coue.fr\/wp-content\/uploads\/2018\/10\/Logo-transports-coue-300x119.png<\/span>\n\t\t\t\t\t\t<\/span>\n\t\t\t\t<\/span><span class='av-structured-data'  itemprop=\"author\" itemscope=\"itemscope\" itemtype=\"https:\/\/schema.org\/Person\" ><span itemprop='name'>wp_admin<\/span><\/span><span class='av-structured-data'  itemprop=\"datePublished\" datetime=\"2018-10-04T10:16:12+02:00\" >2018-04-16 11:27:40<\/span><span class='av-structured-data'  itemprop=\"dateModified\" itemtype=\"https:\/\/schema.org\/dateModified\" >2021-05-24 12:40:47<\/span><span class='av-structured-data'  itemprop=\"mainEntityOfPage\" itemtype=\"https:\/\/schema.org\/mainEntityOfPage\" ><span itemprop='name'>A N\u00eemes : d\u00e9m\u00e9nagement du site des Transports Cou\u00e9<\/span><\/span><\/span><\/article><article class='slide-entry flex_column  post-entry post-entry-242 slide-entry-overview slide-loop-101 slide-parity-even  av_one_third  real-thumbnail posttype-post post-format-standard'  itemscope=\"itemscope\" itemtype=\"https:\/\/schema.org\/CreativeWork\" ><a href='https:\/\/www.transports-coue.fr\/fr\/nouvelles-semi-remorques-transports-coue-aux-couleurs-de-derbigum-et-de-volulots\/' data-rel='slide-1' class='slide-image' title='Nouvelles semi-remorques Transports Cou\u00e9 aux couleurs de Derbigum et de Volulots'><img decoding=\"async\" fetchpriority=\"high\" width=\"450\" height=\"338\" src=\"https:\/\/www.transports-coue.fr\/wp-content\/uploads\/2018\/10\/Unknown-7.png\" class=\"wp-image-243 avia-img-lazy-loading-not-243 attachment-no scaling size-no scaling wp-post-image\" alt=\"Nouvelle Semi-remorque Transports Cou\u00e9 aux couleurs de Derbigum\" srcset=\"https:\/\/www.transports-coue.fr\/wp-content\/uploads\/2018\/10\/Unknown-7.png 450w, https:\/\/www.transports-coue.fr\/wp-content\/uploads\/2018\/10\/Unknown-7-300x225.png 300w\" sizes=\"(max-width: 450px) 100vw, 450px\" \/><\/a><div class=\"slide-content\"><header class=\"entry-content-header\" aria-label=\"Slide: Nouvelles semi-remorques Transports Cou\u00e9 aux couleurs de Derbigum et de Volulots\"><h3 class='slide-entry-title entry-title '  itemprop=\"headline\" ><a href='https:\/\/www.transports-coue.fr\/fr\/nouvelles-semi-remorques-transports-coue-aux-couleurs-de-derbigum-et-de-volulots\/' title='Nouvelles semi-remorques Transports Cou\u00e9 aux couleurs de Derbigum et de Volulots'>Nouvelles semi-remorques Transports Cou\u00e9 aux couleurs de Derbigum et de Volulots<\/a><\/h3><span class=\"blog-categories minor-meta\"><a href=\"https:\/\/www.transports-coue.fr\/fr\/category\/actualites\/\" rel=\"tag\">Actualit\u00e9s<\/a>, <a href=\"https:\/\/www.transports-coue.fr\/fr\/category\/actualites\/developpement\/\" rel=\"tag\">D\u00e9veloppement<\/a> <\/span><span class=\"av-vertical-delimiter\"><\/span><\/header><div class='slide-entry-excerpt entry-content'  itemprop=\"text\" >Les Transports Cou\u00e9 r\u00e9ceptionnent deux nouvelles semi-remorques :\n\naux couleurs de notre client Derbigum :\n\n\n\naux couleurs de la prestation Volulots de notre groupement EVOLUTRANS :\n\n<div class=\"read-more-link\"><a href=\"https:\/\/www.transports-coue.fr\/fr\/nouvelles-semi-remorques-transports-coue-aux-couleurs-de-derbigum-et-de-volulots\/\" class=\"more-link\">Lire la suite<span class='more-link-arrow avia-svg-icon avia-font-svg_entypo-fontello' data-av_svg_icon='right-open-big' data-av_iconset='svg_entypo-fontello'><svg version=\"1.1\" xmlns=\"http:\/\/www.w3.org\/2000\/svg\" width=\"15\" height=\"32\" viewBox=\"0 0 15 32\" preserveAspectRatio=\"xMidYMid meet\" role=\"graphics-symbol\" aria-hidden=\"true\">\n<path d=\"M0.416 27.84l11.456-11.84-11.456-11.904q-0.832-0.832 0-1.536 0.832-0.832 1.536 0l12.544 12.608q0.768 0.832 0 1.6l-12.544 12.608q-0.704 0.832-1.536 0-0.832-0.704 0-1.536z\"><\/path>\n<\/svg><\/span><\/a><\/div><\/div><\/div><footer class=\"entry-footer\"><div class=\"slide-meta\"><time class='slide-meta-time updated'  itemprop=\"datePublished\" datetime=\"2018-04-12T11:26:27+02:00\" >12 avril 2018<\/time><div class=\"slide-meta-del\">\/<\/div><div class=\"slide-meta-comments\"><a href='https:\/\/www.transports-coue.fr\/fr\/nouvelles-semi-remorques-transports-coue-aux-couleurs-de-derbigum-et-de-volulots\/#respond'>0 Commentaires<\/a><\/div><\/div><\/footer><span class='hidden'>\n\t\t\t\t<span class='av-structured-data'  itemprop=\"image\" itemscope=\"itemscope\" itemtype=\"https:\/\/schema.org\/ImageObject\" >\n\t\t\t\t\t\t<span itemprop='url'>https:\/\/www.transports-coue.fr\/wp-content\/uploads\/2018\/10\/Unknown-7.png<\/span>\n\t\t\t\t\t\t<span itemprop='height'>338<\/span>\n\t\t\t\t\t\t<span itemprop='width'>450<\/span>\n\t\t\t\t<\/span>\n\t\t\t\t<span class='av-structured-data'  itemprop=\"publisher\" itemtype=\"https:\/\/schema.org\/Organization\" itemscope=\"itemscope\" >\n\t\t\t\t\t\t<span itemprop='name'>wp_admin<\/span>\n\t\t\t\t\t\t<span itemprop='logo' itemscope itemtype='https:\/\/schema.org\/ImageObject'>\n\t\t\t\t\t\t\t<span itemprop='url'>https:\/\/www.transports-coue.fr\/wp-content\/uploads\/2018\/10\/Logo-transports-coue-300x119.png<\/span>\n\t\t\t\t\t\t<\/span>\n\t\t\t\t<\/span><span class='av-structured-data'  itemprop=\"author\" itemscope=\"itemscope\" itemtype=\"https:\/\/schema.org\/Person\" ><span itemprop='name'>wp_admin<\/span><\/span><span class='av-structured-data'  itemprop=\"datePublished\" datetime=\"2018-10-04T10:16:12+02:00\" >2018-04-12 11:26:27<\/span><span class='av-structured-data'  itemprop=\"dateModified\" itemtype=\"https:\/\/schema.org\/dateModified\" >2021-05-24 12:41:49<\/span><span class='av-structured-data'  itemprop=\"mainEntityOfPage\" itemtype=\"https:\/\/schema.org\/mainEntityOfPage\" ><span itemprop='name'>Nouvelles semi-remorques Transports Cou\u00e9 aux couleurs de Derbigum et de Volulots<\/span><\/span><\/span><\/article><article class='slide-entry flex_column  post-entry post-entry-229 slide-entry-overview slide-loop-102 slide-parity-odd  av_one_third  real-thumbnail posttype-post post-format-standard'  itemscope=\"itemscope\" itemtype=\"https:\/\/schema.org\/CreativeWork\" ><a href='https:\/\/www.transports-coue.fr\/fr\/article-video-transports-coue-acquiert-une-plateforme-stockage-et-logistique\/' data-rel='slide-1' class='slide-image' title='Article &#038; Vid\u00e9o Transports Cou\u00e9 acquiert une plateforme stockage et logistique'><img decoding=\"async\" fetchpriority=\"high\" width=\"845\" height=\"321\" src=\"https:\/\/www.transports-coue.fr\/wp-content\/uploads\/2019\/03\/transports-coue-nouvelle-plateforme-logistique-laval-mayenne-845x321-1.jpg\" class=\"wp-image-1919 avia-img-lazy-loading-not-1919 attachment-no scaling size-no scaling wp-post-image\" alt=\"Transports Coue Nouvelle Plateforme Logistique \u00e0 Laval Mayenne\" srcset=\"https:\/\/www.transports-coue.fr\/wp-content\/uploads\/2019\/03\/transports-coue-nouvelle-plateforme-logistique-laval-mayenne-845x321-1.jpg 845w, https:\/\/www.transports-coue.fr\/wp-content\/uploads\/2019\/03\/transports-coue-nouvelle-plateforme-logistique-laval-mayenne-845x321-1-80x30.jpg 80w, https:\/\/www.transports-coue.fr\/wp-content\/uploads\/2019\/03\/transports-coue-nouvelle-plateforme-logistique-laval-mayenne-845x321-1-300x114.jpg 300w, https:\/\/www.transports-coue.fr\/wp-content\/uploads\/2019\/03\/transports-coue-nouvelle-plateforme-logistique-laval-mayenne-845x321-1-768x292.jpg 768w, https:\/\/www.transports-coue.fr\/wp-content\/uploads\/2019\/03\/transports-coue-nouvelle-plateforme-logistique-laval-mayenne-845x321-1-705x268.jpg 705w, https:\/\/www.transports-coue.fr\/wp-content\/uploads\/2019\/03\/transports-coue-nouvelle-plateforme-logistique-laval-mayenne-845x321-1-450x171.jpg 450w\" sizes=\"(max-width: 845px) 100vw, 845px\" \/><\/a><div class=\"slide-content\"><header class=\"entry-content-header\" aria-label=\"Slide: Article &amp; Vid\u00e9o Transports Cou\u00e9 acquiert une plateforme stockage et logistique\"><h3 class='slide-entry-title entry-title '  itemprop=\"headline\" ><a href='https:\/\/www.transports-coue.fr\/fr\/article-video-transports-coue-acquiert-une-plateforme-stockage-et-logistique\/' title='Article &#038; Vid\u00e9o Transports Cou\u00e9 acquiert une plateforme stockage et logistique'>Article &#038; Vid\u00e9o Transports Cou\u00e9 acquiert une plateforme stockage et logistique<\/a><\/h3><span class=\"blog-categories minor-meta\"><a href=\"https:\/\/www.transports-coue.fr\/fr\/category\/actualites\/\" rel=\"tag\">Actualit\u00e9s<\/a>, <a href=\"https:\/\/www.transports-coue.fr\/fr\/category\/actualites\/developpement\/\" rel=\"tag\">D\u00e9veloppement<\/a>, <a href=\"https:\/\/www.transports-coue.fr\/fr\/category\/actualites\/developpement\/developpement-logistique\/\" rel=\"tag\">D\u00e9veloppement Logistique<\/a> <\/span><span class=\"av-vertical-delimiter\"><\/span><\/header><div class='slide-entry-excerpt entry-content'  itemprop=\"text\" >D\u00e9veloppement des Transports Cou\u00e9 : acquisition d'une plateforme de stockage et de logistique \u00e0 Laval, en Mayenne (53)\nD\u00e9couvrez sur YouTube la vid\u00e9o de pr\u00e9sentation des Transports Cou\u00e9 effectu\u00e9e par le Conseil d\u00e9partemental de la Mayenne\u2026<div class=\"read-more-link\"><a href=\"https:\/\/www.transports-coue.fr\/fr\/article-video-transports-coue-acquiert-une-plateforme-stockage-et-logistique\/\" class=\"more-link\">Lire la suite<span class='more-link-arrow avia-svg-icon avia-font-svg_entypo-fontello' data-av_svg_icon='right-open-big' data-av_iconset='svg_entypo-fontello'><svg version=\"1.1\" xmlns=\"http:\/\/www.w3.org\/2000\/svg\" width=\"15\" height=\"32\" viewBox=\"0 0 15 32\" preserveAspectRatio=\"xMidYMid meet\" role=\"graphics-symbol\" aria-hidden=\"true\">\n<path d=\"M0.416 27.84l11.456-11.84-11.456-11.904q-0.832-0.832 0-1.536 0.832-0.832 1.536 0l12.544 12.608q0.768 0.832 0 1.6l-12.544 12.608q-0.704 0.832-1.536 0-0.832-0.704 0-1.536z\"><\/path>\n<\/svg><\/span><\/a><\/div><\/div><\/div><footer class=\"entry-footer\"><div class=\"slide-meta\"><time class='slide-meta-time updated'  itemprop=\"datePublished\" datetime=\"2018-02-22T11:23:34+01:00\" >22 f\u00e9vrier 2018<\/time><\/div><\/footer><span class='hidden'>\n\t\t\t\t<span class='av-structured-data'  itemprop=\"image\" itemscope=\"itemscope\" itemtype=\"https:\/\/schema.org\/ImageObject\" >\n\t\t\t\t\t\t<span itemprop='url'>https:\/\/www.transports-coue.fr\/wp-content\/uploads\/2019\/03\/transports-coue-nouvelle-plateforme-logistique-laval-mayenne-845x321-1.jpg<\/span>\n\t\t\t\t\t\t<span itemprop='height'>321<\/span>\n\t\t\t\t\t\t<span itemprop='width'>845<\/span>\n\t\t\t\t<\/span>\n\t\t\t\t<span class='av-structured-data'  itemprop=\"publisher\" itemtype=\"https:\/\/schema.org\/Organization\" itemscope=\"itemscope\" >\n\t\t\t\t\t\t<span itemprop='name'>wp_admin<\/span>\n\t\t\t\t\t\t<span itemprop='logo' itemscope itemtype='https:\/\/schema.org\/ImageObject'>\n\t\t\t\t\t\t\t<span itemprop='url'>https:\/\/www.transports-coue.fr\/wp-content\/uploads\/2018\/10\/Logo-transports-coue-300x119.png<\/span>\n\t\t\t\t\t\t<\/span>\n\t\t\t\t<\/span><span class='av-structured-data'  itemprop=\"author\" itemscope=\"itemscope\" itemtype=\"https:\/\/schema.org\/Person\" ><span itemprop='name'>wp_admin<\/span><\/span><span class='av-structured-data'  itemprop=\"datePublished\" datetime=\"2018-10-04T10:16:12+02:00\" >2018-02-22 11:23:34<\/span><span class='av-structured-data'  itemprop=\"dateModified\" itemtype=\"https:\/\/schema.org\/dateModified\" >2021-03-11 10:51:29<\/span><span class='av-structured-data'  itemprop=\"mainEntityOfPage\" itemtype=\"https:\/\/schema.org\/mainEntityOfPage\" ><span itemprop='name'>Article &#038; Vid\u00e9o Transports Cou\u00e9 acquiert une plateforme stockage et logistique<\/span><\/span><\/span><\/article><\/div><div class=\"slide-entry-wrap\"><article class='slide-entry flex_column  post-entry post-entry-216 slide-entry-overview slide-loop-103 slide-parity-odd  av_one_third first real-thumbnail posttype-post post-format-standard'  itemscope=\"itemscope\" itemtype=\"https:\/\/schema.org\/CreativeWork\" ><a href='https:\/\/www.transports-coue.fr\/fr\/article-paru-dans-la-gazette-de-notre-client-derbigum\/' data-rel='slide-1' class='slide-image' title='Article paru dans la gazette de notre client Derbigum :'><img decoding=\"async\" fetchpriority=\"high\" width=\"415\" height=\"121\" src=\"https:\/\/www.transports-coue.fr\/wp-content\/uploads\/2019\/03\/Logo-Derbigum.png\" class=\"wp-image-1937 avia-img-lazy-loading-not-1937 attachment-no scaling size-no scaling wp-post-image\" alt=\"Logo Derbigum\" srcset=\"https:\/\/www.transports-coue.fr\/wp-content\/uploads\/2019\/03\/Logo-Derbigum.png 415w, https:\/\/www.transports-coue.fr\/wp-content\/uploads\/2019\/03\/Logo-Derbigum-80x23.png 80w, https:\/\/www.transports-coue.fr\/wp-content\/uploads\/2019\/03\/Logo-Derbigum-300x87.png 300w\" sizes=\"(max-width: 415px) 100vw, 415px\" \/><\/a><div class=\"slide-content\"><header class=\"entry-content-header\" aria-label=\"Slide: Article paru dans la gazette de notre client Derbigum :\"><h3 class='slide-entry-title entry-title '  itemprop=\"headline\" ><a href='https:\/\/www.transports-coue.fr\/fr\/article-paru-dans-la-gazette-de-notre-client-derbigum\/' title='Article paru dans la gazette de notre client Derbigum :'>Article paru dans la gazette de notre client Derbigum :<\/a><\/h3><span class=\"blog-categories minor-meta\"><a href=\"https:\/\/www.transports-coue.fr\/fr\/category\/actualites\/\" rel=\"tag\">Actualit\u00e9s<\/a>, <a href=\"https:\/\/www.transports-coue.fr\/fr\/category\/actualites\/developpement\/\" rel=\"tag\">D\u00e9veloppement<\/a>, <a href=\"https:\/\/www.transports-coue.fr\/fr\/category\/actualites\/developpement\/developpement-logistique\/\" rel=\"tag\">D\u00e9veloppement Logistique<\/a> <\/span><span class=\"av-vertical-delimiter\"><\/span><\/header><div class='slide-entry-excerpt entry-content'  itemprop=\"text\" >T\u00e9moignage de Derbigum : \"Transports Coue, un partenariat efficace et convivial\"\n\n\n\n&nbsp;<div class=\"read-more-link\"><a href=\"https:\/\/www.transports-coue.fr\/fr\/article-paru-dans-la-gazette-de-notre-client-derbigum\/\" class=\"more-link\">Lire la suite<span class='more-link-arrow avia-svg-icon avia-font-svg_entypo-fontello' data-av_svg_icon='right-open-big' data-av_iconset='svg_entypo-fontello'><svg version=\"1.1\" xmlns=\"http:\/\/www.w3.org\/2000\/svg\" width=\"15\" height=\"32\" viewBox=\"0 0 15 32\" preserveAspectRatio=\"xMidYMid meet\" role=\"graphics-symbol\" aria-hidden=\"true\">\n<path d=\"M0.416 27.84l11.456-11.84-11.456-11.904q-0.832-0.832 0-1.536 0.832-0.832 1.536 0l12.544 12.608q0.768 0.832 0 1.6l-12.544 12.608q-0.704 0.832-1.536 0-0.832-0.704 0-1.536z\"><\/path>\n<\/svg><\/span><\/a><\/div><\/div><\/div><footer class=\"entry-footer\"><div class=\"slide-meta\"><time class='slide-meta-time updated'  itemprop=\"datePublished\" datetime=\"2018-01-24T11:21:09+01:00\" >24 janvier 2018<\/time><div class=\"slide-meta-del\">\/<\/div><div class=\"slide-meta-comments\"><a href='https:\/\/www.transports-coue.fr\/fr\/article-paru-dans-la-gazette-de-notre-client-derbigum\/#respond'>0 Commentaires<\/a><\/div><\/div><\/footer><span class='hidden'>\n\t\t\t\t<span class='av-structured-data'  itemprop=\"image\" itemscope=\"itemscope\" itemtype=\"https:\/\/schema.org\/ImageObject\" >\n\t\t\t\t\t\t<span itemprop='url'>https:\/\/www.transports-coue.fr\/wp-content\/uploads\/2019\/03\/Logo-Derbigum.png<\/span>\n\t\t\t\t\t\t<span itemprop='height'>121<\/span>\n\t\t\t\t\t\t<span itemprop='width'>415<\/span>\n\t\t\t\t<\/span>\n\t\t\t\t<span class='av-structured-data'  itemprop=\"publisher\" itemtype=\"https:\/\/schema.org\/Organization\" itemscope=\"itemscope\" >\n\t\t\t\t\t\t<span itemprop='name'>wp_admin<\/span>\n\t\t\t\t\t\t<span itemprop='logo' itemscope itemtype='https:\/\/schema.org\/ImageObject'>\n\t\t\t\t\t\t\t<span itemprop='url'>https:\/\/www.transports-coue.fr\/wp-content\/uploads\/2018\/10\/Logo-transports-coue-300x119.png<\/span>\n\t\t\t\t\t\t<\/span>\n\t\t\t\t<\/span><span class='av-structured-data'  itemprop=\"author\" itemscope=\"itemscope\" itemtype=\"https:\/\/schema.org\/Person\" ><span itemprop='name'>wp_admin<\/span><\/span><span class='av-structured-data'  itemprop=\"datePublished\" datetime=\"2018-10-04T10:16:12+02:00\" >2018-01-24 11:21:09<\/span><span class='av-structured-data'  itemprop=\"dateModified\" itemtype=\"https:\/\/schema.org\/dateModified\" >2021-03-11 10:52:26<\/span><span class='av-structured-data'  itemprop=\"mainEntityOfPage\" itemtype=\"https:\/\/schema.org\/mainEntityOfPage\" ><span itemprop='name'>Article paru dans la gazette de notre client Derbigum :<\/span><\/span><\/span><\/article><article class='slide-entry flex_column  post-entry post-entry-208 slide-entry-overview slide-loop-104 slide-parity-even  av_one_third  real-thumbnail posttype-post post-format-standard'  itemscope=\"itemscope\" itemtype=\"https:\/\/schema.org\/CreativeWork\" ><a href='https:\/\/www.transports-coue.fr\/fr\/notre-nouvelle-plateforme-logistique-a-laval\/' data-rel='slide-1' class='slide-image' title='Notre nouvelle plateforme Logistique \u00e0 Laval'><img decoding=\"async\" fetchpriority=\"high\" width=\"761\" height=\"395\" src=\"https:\/\/www.transports-coue.fr\/wp-content\/uploads\/2018\/10\/img-1-1.png\" class=\"wp-image-120 avia-img-lazy-loading-not-120 attachment-no scaling size-no scaling wp-post-image\" alt=\"Transports Coue plateforme logistique logo Cou\u00e9\" srcset=\"https:\/\/www.transports-coue.fr\/wp-content\/uploads\/2018\/10\/img-1-1.png 761w, https:\/\/www.transports-coue.fr\/wp-content\/uploads\/2018\/10\/img-1-1-300x156.png 300w, https:\/\/www.transports-coue.fr\/wp-content\/uploads\/2018\/10\/img-1-1-705x366.png 705w, https:\/\/www.transports-coue.fr\/wp-content\/uploads\/2018\/10\/img-1-1-450x234.png 450w\" sizes=\"(max-width: 761px) 100vw, 761px\" \/><\/a><div class=\"slide-content\"><header class=\"entry-content-header\" aria-label=\"Slide: Notre nouvelle plateforme Logistique \u00e0 Laval\"><h3 class='slide-entry-title entry-title '  itemprop=\"headline\" ><a href='https:\/\/www.transports-coue.fr\/fr\/notre-nouvelle-plateforme-logistique-a-laval\/' title='Notre nouvelle plateforme Logistique \u00e0 Laval'>Notre nouvelle plateforme Logistique \u00e0 Laval<\/a><\/h3><span class=\"blog-categories minor-meta\"><a href=\"https:\/\/www.transports-coue.fr\/fr\/category\/actualites\/\" rel=\"tag\">Actualit\u00e9s<\/a>, <a href=\"https:\/\/www.transports-coue.fr\/fr\/category\/actualites\/developpement\/\" rel=\"tag\">D\u00e9veloppement<\/a>, <a href=\"https:\/\/www.transports-coue.fr\/fr\/category\/actualites\/developpement\/developpement-logistique\/\" rel=\"tag\">D\u00e9veloppement Logistique<\/a> <\/span><span class=\"av-vertical-delimiter\"><\/span><\/header><div class='slide-entry-excerpt entry-content'  itemprop=\"text\" >Notre nouvel entrep\u00f4t logistique est dor\u00e9navant \u00e0 nos couleurs\nVous pouvez dor\u00e9navant retrouvez nos services Logistiques : https:\/\/www.transports-coue.fr\/fr\/logistique\/generale\/<div class=\"read-more-link\"><a href=\"https:\/\/www.transports-coue.fr\/fr\/notre-nouvelle-plateforme-logistique-a-laval\/\" class=\"more-link\">Lire la suite<span class='more-link-arrow avia-svg-icon avia-font-svg_entypo-fontello' data-av_svg_icon='right-open-big' data-av_iconset='svg_entypo-fontello'><svg version=\"1.1\" xmlns=\"http:\/\/www.w3.org\/2000\/svg\" width=\"15\" height=\"32\" viewBox=\"0 0 15 32\" preserveAspectRatio=\"xMidYMid meet\" role=\"graphics-symbol\" aria-hidden=\"true\">\n<path d=\"M0.416 27.84l11.456-11.84-11.456-11.904q-0.832-0.832 0-1.536 0.832-0.832 1.536 0l12.544 12.608q0.768 0.832 0 1.6l-12.544 12.608q-0.704 0.832-1.536 0-0.832-0.704 0-1.536z\"><\/path>\n<\/svg><\/span><\/a><\/div><\/div><\/div><footer class=\"entry-footer\"><div class=\"slide-meta\"><time class='slide-meta-time updated'  itemprop=\"datePublished\" datetime=\"2017-12-01T11:19:55+01:00\" >1 d\u00e9cembre 2017<\/time><div class=\"slide-meta-del\">\/<\/div><div class=\"slide-meta-comments\"><a href='https:\/\/www.transports-coue.fr\/fr\/notre-nouvelle-plateforme-logistique-a-laval\/#respond'>0 Commentaires<\/a><\/div><\/div><\/footer><span class='hidden'>\n\t\t\t\t<span class='av-structured-data'  itemprop=\"image\" itemscope=\"itemscope\" itemtype=\"https:\/\/schema.org\/ImageObject\" >\n\t\t\t\t\t\t<span itemprop='url'>https:\/\/www.transports-coue.fr\/wp-content\/uploads\/2018\/10\/img-1-1.png<\/span>\n\t\t\t\t\t\t<span itemprop='height'>395<\/span>\n\t\t\t\t\t\t<span itemprop='width'>761<\/span>\n\t\t\t\t<\/span>\n\t\t\t\t<span class='av-structured-data'  itemprop=\"publisher\" itemtype=\"https:\/\/schema.org\/Organization\" itemscope=\"itemscope\" >\n\t\t\t\t\t\t<span itemprop='name'>wp_admin<\/span>\n\t\t\t\t\t\t<span itemprop='logo' itemscope itemtype='https:\/\/schema.org\/ImageObject'>\n\t\t\t\t\t\t\t<span itemprop='url'>https:\/\/www.transports-coue.fr\/wp-content\/uploads\/2018\/10\/Logo-transports-coue-300x119.png<\/span>\n\t\t\t\t\t\t<\/span>\n\t\t\t\t<\/span><span class='av-structured-data'  itemprop=\"author\" itemscope=\"itemscope\" itemtype=\"https:\/\/schema.org\/Person\" ><span itemprop='name'>wp_admin<\/span><\/span><span class='av-structured-data'  itemprop=\"datePublished\" datetime=\"2018-10-04T10:16:12+02:00\" >2017-12-01 11:19:55<\/span><span class='av-structured-data'  itemprop=\"dateModified\" itemtype=\"https:\/\/schema.org\/dateModified\" >2021-05-24 12:45:27<\/span><span class='av-structured-data'  itemprop=\"mainEntityOfPage\" itemtype=\"https:\/\/schema.org\/mainEntityOfPage\" ><span itemprop='name'>Notre nouvelle plateforme Logistique \u00e0 Laval<\/span><\/span><\/span><\/article><article class='slide-entry flex_column  post-entry post-entry-199 slide-entry-overview slide-loop-105 slide-parity-odd  post-entry-last  av_one_third  real-thumbnail posttype-post post-format-standard'  itemscope=\"itemscope\" itemtype=\"https:\/\/schema.org\/CreativeWork\" ><a href='https:\/\/www.transports-coue.fr\/fr\/point-presse-presentation-de-notre-nouvel-entrepot-a-laval\/' data-rel='slide-1' class='slide-image' title='Point Presse : pr\u00e9sentation de notre nouvel entrep\u00f4t \u00e0 Laval'><img decoding=\"async\" fetchpriority=\"high\" width=\"845\" height=\"321\" src=\"https:\/\/www.transports-coue.fr\/wp-content\/uploads\/2019\/03\/point-presse-transports-coue-logistique.png\" class=\"wp-image-1956 avia-img-lazy-loading-not-1956 attachment-no scaling size-no scaling wp-post-image\" alt=\"Point presse Ouest France, France Bleu pour Transports Cou\u00e9\" srcset=\"https:\/\/www.transports-coue.fr\/wp-content\/uploads\/2019\/03\/point-presse-transports-coue-logistique.png 845w, https:\/\/www.transports-coue.fr\/wp-content\/uploads\/2019\/03\/point-presse-transports-coue-logistique-80x30.png 80w, https:\/\/www.transports-coue.fr\/wp-content\/uploads\/2019\/03\/point-presse-transports-coue-logistique-300x114.png 300w, https:\/\/www.transports-coue.fr\/wp-content\/uploads\/2019\/03\/point-presse-transports-coue-logistique-768x292.png 768w, https:\/\/www.transports-coue.fr\/wp-content\/uploads\/2019\/03\/point-presse-transports-coue-logistique-705x268.png 705w, https:\/\/www.transports-coue.fr\/wp-content\/uploads\/2019\/03\/point-presse-transports-coue-logistique-450x171.png 450w\" sizes=\"(max-width: 845px) 100vw, 845px\" \/><\/a><div class=\"slide-content\"><header class=\"entry-content-header\" aria-label=\"Slide: Point Presse : pr\u00e9sentation de notre nouvel entrep\u00f4t \u00e0 Laval\"><h3 class='slide-entry-title entry-title '  itemprop=\"headline\" ><a href='https:\/\/www.transports-coue.fr\/fr\/point-presse-presentation-de-notre-nouvel-entrepot-a-laval\/' title='Point Presse : pr\u00e9sentation de notre nouvel entrep\u00f4t \u00e0 Laval'>Point Presse : pr\u00e9sentation de notre nouvel entrep\u00f4t \u00e0 Laval<\/a><\/h3><span class=\"blog-categories minor-meta\"><a href=\"https:\/\/www.transports-coue.fr\/fr\/category\/actualites\/\" rel=\"tag\">Actualit\u00e9s<\/a>, <a href=\"https:\/\/www.transports-coue.fr\/fr\/category\/actualites\/developpement\/\" rel=\"tag\">D\u00e9veloppement<\/a>, <a href=\"https:\/\/www.transports-coue.fr\/fr\/category\/actualites\/developpement\/developpement-logistique\/\" rel=\"tag\">D\u00e9veloppement Logistique<\/a> <\/span><span class=\"av-vertical-delimiter\"><\/span><\/header><div class='slide-entry-excerpt entry-content'  itemprop=\"text\" >\n\nConsultez nos activit\u00e9s Logistiques : https:\/\/www.transports-coue.fr\/fr\/logistique\/generale\/<div class=\"read-more-link\"><a href=\"https:\/\/www.transports-coue.fr\/fr\/point-presse-presentation-de-notre-nouvel-entrepot-a-laval\/\" class=\"more-link\">Lire la suite<span class='more-link-arrow avia-svg-icon avia-font-svg_entypo-fontello' data-av_svg_icon='right-open-big' data-av_iconset='svg_entypo-fontello'><svg version=\"1.1\" xmlns=\"http:\/\/www.w3.org\/2000\/svg\" width=\"15\" height=\"32\" viewBox=\"0 0 15 32\" preserveAspectRatio=\"xMidYMid meet\" role=\"graphics-symbol\" aria-hidden=\"true\">\n<path d=\"M0.416 27.84l11.456-11.84-11.456-11.904q-0.832-0.832 0-1.536 0.832-0.832 1.536 0l12.544 12.608q0.768 0.832 0 1.6l-12.544 12.608q-0.704 0.832-1.536 0-0.832-0.704 0-1.536z\"><\/path>\n<\/svg><\/span><\/a><\/div><\/div><\/div><footer class=\"entry-footer\"><div class=\"slide-meta\"><time class='slide-meta-time updated'  itemprop=\"datePublished\" datetime=\"2017-11-17T11:18:47+01:00\" >17 novembre 2017<\/time><div class=\"slide-meta-del\">\/<\/div><div class=\"slide-meta-comments\"><a href='https:\/\/www.transports-coue.fr\/fr\/point-presse-presentation-de-notre-nouvel-entrepot-a-laval\/#respond'>0 Commentaires<\/a><\/div><\/div><\/footer><span class='hidden'>\n\t\t\t\t<span class='av-structured-data'  itemprop=\"image\" itemscope=\"itemscope\" itemtype=\"https:\/\/schema.org\/ImageObject\" >\n\t\t\t\t\t\t<span itemprop='url'>https:\/\/www.transports-coue.fr\/wp-content\/uploads\/2019\/03\/point-presse-transports-coue-logistique.png<\/span>\n\t\t\t\t\t\t<span itemprop='height'>321<\/span>\n\t\t\t\t\t\t<span itemprop='width'>845<\/span>\n\t\t\t\t<\/span>\n\t\t\t\t<span class='av-structured-data'  itemprop=\"publisher\" itemtype=\"https:\/\/schema.org\/Organization\" itemscope=\"itemscope\" >\n\t\t\t\t\t\t<span itemprop='name'>wp_admin<\/span>\n\t\t\t\t\t\t<span itemprop='logo' itemscope itemtype='https:\/\/schema.org\/ImageObject'>\n\t\t\t\t\t\t\t<span itemprop='url'>https:\/\/www.transports-coue.fr\/wp-content\/uploads\/2018\/10\/Logo-transports-coue-300x119.png<\/span>\n\t\t\t\t\t\t<\/span>\n\t\t\t\t<\/span><span class='av-structured-data'  itemprop=\"author\" itemscope=\"itemscope\" itemtype=\"https:\/\/schema.org\/Person\" ><span itemprop='name'>wp_admin<\/span><\/span><span class='av-structured-data'  itemprop=\"datePublished\" datetime=\"2018-10-04T10:16:12+02:00\" >2017-11-17 11:18:47<\/span><span class='av-structured-data'  itemprop=\"dateModified\" itemtype=\"https:\/\/schema.org\/dateModified\" >2021-05-24 12:45:55<\/span><span class='av-structured-data'  itemprop=\"mainEntityOfPage\" itemtype=\"https:\/\/schema.org\/mainEntityOfPage\" ><span itemprop='name'>Point Presse : pr\u00e9sentation de notre nouvel entrep\u00f4t \u00e0 Laval<\/span><\/span><\/span><\/article><\/div><\/div><div class='avia-slideshow-arrows avia-slideshow-controls' ><a href='#prev' class='prev-slide  avia-svg-icon avia-font-svg_entypo-fontello' data-av_svg_icon='left-open-big' data-av_iconset='svg_entypo-fontello' tabindex='-1' title=\"Pr\u00e9c\u00e9dent\"><svg version=\"1.1\" xmlns=\"http:\/\/www.w3.org\/2000\/svg\" width=\"15\" height=\"32\" viewBox=\"0 0 15 32\" preserveAspectRatio=\"xMidYMid meet\" aria-labelledby='av-svg-title-106' aria-describedby='av-svg-desc-106' role=\"graphics-symbol\" aria-hidden=\"true\">\n<title id='av-svg-title-106'>Pr\u00e9c\u00e9dent<\/title>\n<desc id='av-svg-desc-106'>Pr\u00e9c\u00e9dent<\/desc>\n<path d=\"M14.464 27.84q0.832 0.832 0 1.536-0.832 0.832-1.536 0l-12.544-12.608q-0.768-0.768 0-1.6l12.544-12.608q0.704-0.832 1.536 0 0.832 0.704 0 1.536l-11.456 11.904z\"><\/path>\n<\/svg><span class='avia_hidden_link_text'>Pr\u00e9c\u00e9dent<\/span><\/a><a href='#next' class='next-slide  avia-svg-icon avia-font-svg_entypo-fontello' data-av_svg_icon='right-open-big' data-av_iconset='svg_entypo-fontello' tabindex='-1' title=\"Suivant\"><svg version=\"1.1\" xmlns=\"http:\/\/www.w3.org\/2000\/svg\" width=\"15\" height=\"32\" viewBox=\"0 0 15 32\" preserveAspectRatio=\"xMidYMid meet\" aria-labelledby='av-svg-title-107' aria-describedby='av-svg-desc-107' role=\"graphics-symbol\" aria-hidden=\"true\">\n<title id='av-svg-title-107'>Suivant<\/title>\n<desc id='av-svg-desc-107'>Suivant<\/desc>\n<path d=\"M0.416 27.84l11.456-11.84-11.456-11.904q-0.832-0.832 0-1.536 0.832-0.832 1.536 0l12.544 12.608q0.768 0.832 0 1.6l-12.544 12.608q-0.704 0.832-1.536 0-0.832-0.704 0-1.536z\"><\/path>\n<\/svg><span class='avia_hidden_link_text'>Suivant<\/span><\/a><\/div><\/div><\/p><\/div>\n\n<style type=\"text\/css\" data-created_by=\"avia_inline_auto\" id=\"style-css-av-lvsgu-10-5458135ec6ed6281f905486613a1f88e\">\n.flex_column.av-lvsgu-10-5458135ec6ed6281f905486613a1f88e{\nborder-radius:0px 0px 0px 0px;\npadding:0px 0px 0px 0px;\n}\n<\/style>\n<div  class='flex_column av-lvsgu-10-5458135ec6ed6281f905486613a1f88e av_one_full  avia-builder-el-18  el_after_av_one_full  el_before_av_one_full  first flex_column_div av-zero-column-padding  column-top-margin'     ><section  class='av_textblock_section av-jskfbjk2-9-e0eab5aa8026060132bef3a035bdc87e '   itemscope=\"itemscope\" itemtype=\"https:\/\/schema.org\/CreativeWork\" ><div class='avia_textblock'  itemprop=\"text\" ><h2>Nos \u00e9v\u00e9nements<\/h2>\n<\/div><\/section><br \/>\n\n<style type=\"text\/css\" data-created_by=\"avia_inline_auto\" id=\"style-css-av-ddzza-8-218c3b0b88d97ed6308bdb6210e5955d\">\n.avia-progress-bar-container.av-ddzza-8-218c3b0b88d97ed6308bdb6210e5955d .progress{\nheight:6px;\n}\n<\/style>\n\n<style type=\"text\/css\" data-created_by=\"avia_inline_auto\" id=\"style-css-sub-av-ddzza-8-218c3b0b88d97ed6308bdb6210e5955d\">\n#top .avia-progress-bar-container .avia-progress-bar.av-9v9ha-7d57f0b0ee76cd9be51badf90aeff00a .bar{\nwidth:100%;\n}\n#top .avia-progress-bar-container .avia-progress-bar.av-9v9ha-7-e56b0777245c69394e0b094841ef3c7a .bar{\nwidth:100%;\n}\n<\/style>\n<div  class='avia-progress-bar-container av-ddzza-8-218c3b0b88d97ed6308bdb6210e5955d av-flat-bar av-animated-bar av-small-bar avia_animate_when_almost_visible  avia-builder-el-20  el_after_av_textblock  el_before_av_postslider '><div class='avia-progress-bar av-9v9ha-7-e56b0777245c69394e0b094841ef3c7a icon-bar-no theme-color-bar theme-color-bar icon-bar-no'><div class=\"progress\"><div class=\"bar-outer\"><div class='bar' data-progress='100'><\/div><\/div><\/div><\/div><\/div><br \/>\n<div  data-slideshow-options=\"{&quot;animation&quot;:&quot;fade&quot;,&quot;autoplay&quot;:false,&quot;loop_autoplay&quot;:&quot;once&quot;,&quot;interval&quot;:&quot;5&quot;,&quot;loop_manual&quot;:&quot;manual-endless&quot;,&quot;autoplay_stopper&quot;:false,&quot;noNavigation&quot;:false,&quot;show_slide_delay&quot;:90}\" class='avia-content-slider avia-content-slider-active avia-content-slider2 avia-content-slider-odd  avia-builder-el-21  el_after_av_progress  avia-builder-el-last  av-slideshow-ui av-control-default   av-no-slider-navigation av-slideshow-manual av-loop-once av-loop-manual-endless '  itemscope=\"itemscope\" itemtype=\"https:\/\/schema.org\/Blog\" ><div class=\"avia-content-slider-inner\"><div class=\"slide-entry-wrap\"><article class='slide-entry flex_column  post-entry post-entry-13770 slide-entry-overview slide-loop-1 slide-parity-odd  av_one_third first real-thumbnail posttype-post post-format-standard'  itemscope=\"itemscope\" itemtype=\"https:\/\/schema.org\/CreativeWork\" ><a href='https:\/\/www.transports-coue.fr\/fr\/sotecan-international-basee-a-laval-53-pilote-les-flux-import-export-des-importateurs-et-exportateurs-mayennais\/' data-rel='slide-2' class='slide-image' title='Sotecan International, bas\u00e9e \u00e0 Laval (53), pilote les flux import\/export des importateurs et exportateurs mayennais'><img decoding=\"async\" fetchpriority=\"high\" width=\"845\" height=\"321\" src=\"https:\/\/www.transports-coue.fr\/wp-content\/uploads\/2026\/03\/sotecan-international-operations-douane-import-export-base-mayenne-laval-web-3.webp\" class=\"wp-image-13775 avia-img-lazy-loading-not-13775 attachment-no scaling size-no scaling wp-post-image\" alt=\"Sotecan International \u00e0 Laval (53), transitaire sp\u00e9cialis\u00e9 en d\u00e9douanement import export et entrep\u00f4t sous douane pour transport international\" srcset=\"https:\/\/www.transports-coue.fr\/wp-content\/uploads\/2026\/03\/sotecan-international-operations-douane-import-export-base-mayenne-laval-web-3.webp 845w, https:\/\/www.transports-coue.fr\/wp-content\/uploads\/2026\/03\/sotecan-international-operations-douane-import-export-base-mayenne-laval-web-3-300x114.webp 300w, https:\/\/www.transports-coue.fr\/wp-content\/uploads\/2026\/03\/sotecan-international-operations-douane-import-export-base-mayenne-laval-web-3-80x30.webp 80w, https:\/\/www.transports-coue.fr\/wp-content\/uploads\/2026\/03\/sotecan-international-operations-douane-import-export-base-mayenne-laval-web-3-768x292.webp 768w, https:\/\/www.transports-coue.fr\/wp-content\/uploads\/2026\/03\/sotecan-international-operations-douane-import-export-base-mayenne-laval-web-3-705x268.webp 705w\" sizes=\"(max-width: 845px) 100vw, 845px\" \/><\/a><div class=\"slide-content\"><header class=\"entry-content-header\" aria-label=\"Slide: Sotecan International, bas\u00e9e \u00e0 Laval (53), pilote les flux import\/export des importateurs et exportateurs mayennais\"><h3 class='slide-entry-title entry-title '  itemprop=\"headline\" ><a href='https:\/\/www.transports-coue.fr\/fr\/sotecan-international-basee-a-laval-53-pilote-les-flux-import-export-des-importateurs-et-exportateurs-mayennais\/' title='Sotecan International, bas\u00e9e \u00e0 Laval (53), pilote les flux import\/export des importateurs et exportateurs mayennais'>Sotecan International, bas\u00e9e \u00e0 Laval (53), pilote les flux import\/export des importateurs et exportateurs mayennais<\/a><\/h3><span class=\"blog-categories minor-meta\"><a href=\"https:\/\/www.transports-coue.fr\/fr\/category\/actualites\/\" rel=\"tag\">Actualit\u00e9s<\/a>, <a href=\"https:\/\/www.transports-coue.fr\/fr\/category\/actualites\/developpement\/developpement-overseas\/\" rel=\"tag\">D\u00e9veloppement Overseas<\/a>, <a href=\"https:\/\/www.transports-coue.fr\/fr\/category\/actualites\/evenements\/evenement-overseas\/\" rel=\"tag\">Ev\u00e9nements Overseas<\/a> <\/span><span class=\"av-vertical-delimiter\"><\/span><\/header><div class='slide-entry-excerpt entry-content'  itemprop=\"text\" >Depuis Laval (53), SOTECAN INTERNATIONAL (Groupe Cou\u00e9 TRM), accompagne les acteurs \u00e9conomiques mayennais dans leurs op\u00e9rations d'import-export.\nExpertise douani\u00e8re :\n\n\n \tD\u00e9douanement import \/ export \u00e0 Laval\n \tEntrep\u00f4t sous douane + LADT\u2026<div class=\"read-more-link\"><a href=\"https:\/\/www.transports-coue.fr\/fr\/sotecan-international-basee-a-laval-53-pilote-les-flux-import-export-des-importateurs-et-exportateurs-mayennais\/\" class=\"more-link\">Lire la suite<span class='more-link-arrow avia-svg-icon avia-font-svg_entypo-fontello' data-av_svg_icon='right-open-big' data-av_iconset='svg_entypo-fontello'><svg version=\"1.1\" xmlns=\"http:\/\/www.w3.org\/2000\/svg\" width=\"15\" height=\"32\" viewBox=\"0 0 15 32\" preserveAspectRatio=\"xMidYMid meet\" role=\"graphics-symbol\" aria-hidden=\"true\">\n<path d=\"M0.416 27.84l11.456-11.84-11.456-11.904q-0.832-0.832 0-1.536 0.832-0.832 1.536 0l12.544 12.608q0.768 0.832 0 1.6l-12.544 12.608q-0.704 0.832-1.536 0-0.832-0.704 0-1.536z\"><\/path>\n<\/svg><\/span><\/a><\/div><\/div><\/div><footer class=\"entry-footer\"><div class=\"slide-meta\"><time class='slide-meta-time updated'  itemprop=\"datePublished\" datetime=\"2026-03-04T15:33:02+01:00\" >4 mars 2026<\/time><\/div><\/footer><span class='hidden'>\n\t\t\t\t<span class='av-structured-data'  itemprop=\"image\" itemscope=\"itemscope\" itemtype=\"https:\/\/schema.org\/ImageObject\" >\n\t\t\t\t\t\t<span itemprop='url'>https:\/\/www.transports-coue.fr\/wp-content\/uploads\/2026\/03\/sotecan-international-operations-douane-import-export-base-mayenne-laval-web-3.webp<\/span>\n\t\t\t\t\t\t<span itemprop='height'>321<\/span>\n\t\t\t\t\t\t<span itemprop='width'>845<\/span>\n\t\t\t\t<\/span>\n\t\t\t\t<span class='av-structured-data'  itemprop=\"publisher\" itemtype=\"https:\/\/schema.org\/Organization\" itemscope=\"itemscope\" >\n\t\t\t\t\t\t<span itemprop='name'>Transports Cou\u00e9<\/span>\n\t\t\t\t\t\t<span itemprop='logo' itemscope itemtype='https:\/\/schema.org\/ImageObject'>\n\t\t\t\t\t\t\t<span itemprop='url'>https:\/\/www.transports-coue.fr\/wp-content\/uploads\/2018\/10\/Logo-transports-coue-300x119.png<\/span>\n\t\t\t\t\t\t<\/span>\n\t\t\t\t<\/span><span class='av-structured-data'  itemprop=\"author\" itemscope=\"itemscope\" itemtype=\"https:\/\/schema.org\/Person\" ><span itemprop='name'>Transports Cou\u00e9<\/span><\/span><span class='av-structured-data'  itemprop=\"datePublished\" datetime=\"2018-10-04T10:16:12+02:00\" >2026-03-04 15:33:02<\/span><span class='av-structured-data'  itemprop=\"dateModified\" itemtype=\"https:\/\/schema.org\/dateModified\" >2026-03-04 15:50:45<\/span><span class='av-structured-data'  itemprop=\"mainEntityOfPage\" itemtype=\"https:\/\/schema.org\/mainEntityOfPage\" ><span itemprop='name'>Sotecan International, bas\u00e9e \u00e0 Laval (53), pilote les flux import\/export des importateurs et exportateurs mayennais<\/span><\/span><\/span><\/article><article class='slide-entry flex_column  post-entry post-entry-13754 slide-entry-overview slide-loop-2 slide-parity-even  av_one_third  real-thumbnail posttype-post post-format-standard'  itemscope=\"itemscope\" itemtype=\"https:\/\/schema.org\/CreativeWork\" ><a href='https:\/\/www.transports-coue.fr\/fr\/rdv-au-job-dating-le-18-mars-a-lespace-mayenne-a-laval-53\/' data-rel='slide-2' class='slide-image' title='RDV au Job Dating le 18 mars \u00e0 l&rsquo;Espace Mayenne \u00e0 Laval (53)'><img decoding=\"async\" fetchpriority=\"high\" width=\"845\" height=\"321\" src=\"https:\/\/www.transports-coue.fr\/wp-content\/uploads\/2026\/02\/story-groupe-coue-trm-job-dating-laval-mars-2026-web.webp\" class=\"wp-image-13755 avia-img-lazy-loading-not-13755 attachment-no scaling size-no scaling wp-post-image\" alt=\"Groupe Cou\u00e9 TRM au Job Dating de Laval le 18 mars 2026\" srcset=\"https:\/\/www.transports-coue.fr\/wp-content\/uploads\/2026\/02\/story-groupe-coue-trm-job-dating-laval-mars-2026-web.webp 845w, https:\/\/www.transports-coue.fr\/wp-content\/uploads\/2026\/02\/story-groupe-coue-trm-job-dating-laval-mars-2026-web-300x114.webp 300w, https:\/\/www.transports-coue.fr\/wp-content\/uploads\/2026\/02\/story-groupe-coue-trm-job-dating-laval-mars-2026-web-80x30.webp 80w, https:\/\/www.transports-coue.fr\/wp-content\/uploads\/2026\/02\/story-groupe-coue-trm-job-dating-laval-mars-2026-web-768x292.webp 768w, https:\/\/www.transports-coue.fr\/wp-content\/uploads\/2026\/02\/story-groupe-coue-trm-job-dating-laval-mars-2026-web-705x268.webp 705w\" sizes=\"(max-width: 845px) 100vw, 845px\" \/><\/a><div class=\"slide-content\"><header class=\"entry-content-header\" aria-label=\"Slide: RDV au Job Dating le 18 mars \u00e0 l&#039;Espace Mayenne \u00e0 Laval (53)\"><h3 class='slide-entry-title entry-title '  itemprop=\"headline\" ><a href='https:\/\/www.transports-coue.fr\/fr\/rdv-au-job-dating-le-18-mars-a-lespace-mayenne-a-laval-53\/' title='RDV au Job Dating le 18 mars \u00e0 l&rsquo;Espace Mayenne \u00e0 Laval (53)'>RDV au Job Dating le 18 mars \u00e0 l&rsquo;Espace Mayenne \u00e0 Laval (53)<\/a><\/h3><span class=\"blog-categories minor-meta\"><a href=\"https:\/\/www.transports-coue.fr\/fr\/category\/actualites\/\" rel=\"tag\">Actualit\u00e9s<\/a>, <a href=\"https:\/\/www.transports-coue.fr\/fr\/category\/actualites\/evenements\/\" rel=\"tag\">Ev\u00e9nements<\/a> <\/span><span class=\"av-vertical-delimiter\"><\/span><\/header><div class='slide-entry-excerpt entry-content'  itemprop=\"text\" >On se retrouve au \ud835\udddd\ud835\uddfc\ud835\uddef \ud835\uddd7\ud835\uddee\ud835\ude01\ud835\uddf6\ud835\uddfb\ud835\uddf4 \ud835\uddee\u0300 \ud835\udddf\ud835\uddee\ud835\ude03\ud835\uddee\ud835\uddf9 !\u00a0\nLe 18 mars, retrouvez notre \u00e9quipe RH \u00e0 l\u2019Espace Mayenne pour une journ\u00e9e d\u00e9di\u00e9e aux rencontres et aux perspectives professionnelles.\nEnvie d\u2019\u00e9voluer\u2026<div class=\"read-more-link\"><a href=\"https:\/\/www.transports-coue.fr\/fr\/rdv-au-job-dating-le-18-mars-a-lespace-mayenne-a-laval-53\/\" class=\"more-link\">Lire la suite<span class='more-link-arrow avia-svg-icon avia-font-svg_entypo-fontello' data-av_svg_icon='right-open-big' data-av_iconset='svg_entypo-fontello'><svg version=\"1.1\" xmlns=\"http:\/\/www.w3.org\/2000\/svg\" width=\"15\" height=\"32\" viewBox=\"0 0 15 32\" preserveAspectRatio=\"xMidYMid meet\" role=\"graphics-symbol\" aria-hidden=\"true\">\n<path d=\"M0.416 27.84l11.456-11.84-11.456-11.904q-0.832-0.832 0-1.536 0.832-0.832 1.536 0l12.544 12.608q0.768 0.832 0 1.6l-12.544 12.608q-0.704 0.832-1.536 0-0.832-0.704 0-1.536z\"><\/path>\n<\/svg><\/span><\/a><\/div><\/div><\/div><footer class=\"entry-footer\"><div class=\"slide-meta\"><time class='slide-meta-time updated'  itemprop=\"datePublished\" datetime=\"2026-02-26T09:02:45+01:00\" >26 f\u00e9vrier 2026<\/time><\/div><\/footer><span class='hidden'>\n\t\t\t\t<span class='av-structured-data'  itemprop=\"image\" itemscope=\"itemscope\" itemtype=\"https:\/\/schema.org\/ImageObject\" >\n\t\t\t\t\t\t<span itemprop='url'>https:\/\/www.transports-coue.fr\/wp-content\/uploads\/2026\/02\/story-groupe-coue-trm-job-dating-laval-mars-2026-web.webp<\/span>\n\t\t\t\t\t\t<span itemprop='height'>321<\/span>\n\t\t\t\t\t\t<span itemprop='width'>845<\/span>\n\t\t\t\t<\/span>\n\t\t\t\t<span class='av-structured-data'  itemprop=\"publisher\" itemtype=\"https:\/\/schema.org\/Organization\" itemscope=\"itemscope\" >\n\t\t\t\t\t\t<span itemprop='name'>Transports Cou\u00e9<\/span>\n\t\t\t\t\t\t<span itemprop='logo' itemscope itemtype='https:\/\/schema.org\/ImageObject'>\n\t\t\t\t\t\t\t<span itemprop='url'>https:\/\/www.transports-coue.fr\/wp-content\/uploads\/2018\/10\/Logo-transports-coue-300x119.png<\/span>\n\t\t\t\t\t\t<\/span>\n\t\t\t\t<\/span><span class='av-structured-data'  itemprop=\"author\" itemscope=\"itemscope\" itemtype=\"https:\/\/schema.org\/Person\" ><span itemprop='name'>Transports Cou\u00e9<\/span><\/span><span class='av-structured-data'  itemprop=\"datePublished\" datetime=\"2018-10-04T10:16:12+02:00\" >2026-02-26 09:02:45<\/span><span class='av-structured-data'  itemprop=\"dateModified\" itemtype=\"https:\/\/schema.org\/dateModified\" >2026-04-02 09:44:50<\/span><span class='av-structured-data'  itemprop=\"mainEntityOfPage\" itemtype=\"https:\/\/schema.org\/mainEntityOfPage\" ><span itemprop='name'>RDV au Job Dating le 18 mars \u00e0 l&rsquo;Espace Mayenne \u00e0 Laval (53)<\/span><\/span><\/span><\/article><article class='slide-entry flex_column  post-entry post-entry-13747 slide-entry-overview slide-loop-3 slide-parity-odd  av_one_third  real-thumbnail posttype-post post-format-standard'  itemscope=\"itemscope\" itemtype=\"https:\/\/schema.org\/CreativeWork\" ><a href='https:\/\/www.transports-coue.fr\/fr\/dun-camion-trm-a-une-tiny-house-une-initiative-deconomie-circulaire-dans-le-transport-routier\/' data-rel='slide-2' class='slide-image' title='D&rsquo;un camion TRM \u00e0 une tiny house : une initiative d\u2019\u00e9conomie circulaire dans le transport routier'><img decoding=\"async\" fetchpriority=\"high\" width=\"845\" height=\"321\" src=\"https:\/\/www.transports-coue.fr\/wp-content\/uploads\/2026\/02\/groupe-coue-trm-seconde-vie-camion-remorque-tiny-house-web-1.webp\" class=\"wp-image-13749 avia-img-lazy-loading-not-13749 attachment-no scaling size-no scaling wp-post-image\" alt=\"Projet tiny house sur ch\u00e2ssis de camion TRM, innovation RSE en transport grand volume\" srcset=\"https:\/\/www.transports-coue.fr\/wp-content\/uploads\/2026\/02\/groupe-coue-trm-seconde-vie-camion-remorque-tiny-house-web-1.webp 845w, https:\/\/www.transports-coue.fr\/wp-content\/uploads\/2026\/02\/groupe-coue-trm-seconde-vie-camion-remorque-tiny-house-web-1-300x114.webp 300w, https:\/\/www.transports-coue.fr\/wp-content\/uploads\/2026\/02\/groupe-coue-trm-seconde-vie-camion-remorque-tiny-house-web-1-80x30.webp 80w, https:\/\/www.transports-coue.fr\/wp-content\/uploads\/2026\/02\/groupe-coue-trm-seconde-vie-camion-remorque-tiny-house-web-1-768x292.webp 768w, https:\/\/www.transports-coue.fr\/wp-content\/uploads\/2026\/02\/groupe-coue-trm-seconde-vie-camion-remorque-tiny-house-web-1-705x268.webp 705w\" sizes=\"(max-width: 845px) 100vw, 845px\" \/><\/a><div class=\"slide-content\"><header class=\"entry-content-header\" aria-label=\"Slide: D&#039;un camion TRM \u00e0 une tiny house : une initiative d\u2019\u00e9conomie circulaire dans le transport routier\"><h3 class='slide-entry-title entry-title '  itemprop=\"headline\" ><a href='https:\/\/www.transports-coue.fr\/fr\/dun-camion-trm-a-une-tiny-house-une-initiative-deconomie-circulaire-dans-le-transport-routier\/' title='D&rsquo;un camion TRM \u00e0 une tiny house : une initiative d\u2019\u00e9conomie circulaire dans le transport routier'>D&rsquo;un camion TRM \u00e0 une tiny house : une initiative d\u2019\u00e9conomie circulaire dans le transport routier<\/a><\/h3><span class=\"blog-categories minor-meta\"><a href=\"https:\/\/www.transports-coue.fr\/fr\/category\/actualites\/\" rel=\"tag\">Actualit\u00e9s<\/a>, <a href=\"https:\/\/www.transports-coue.fr\/fr\/category\/actualites\/evenements\/\" rel=\"tag\">Ev\u00e9nements<\/a> <\/span><span class=\"av-vertical-delimiter\"><\/span><\/header><div class='slide-entry-excerpt entry-content'  itemprop=\"text\" >Et si un camion en fin de vie devenait une maison ?\nUn v\u00e9hicule de notre activit\u00e9 TRM (transport grand volume) arriv\u00e9 en fin de cycle a trouv\u00e9 une seconde vie inattendue.\nUn projet ambitieux, technique et engag\u00e9 :\n\n\n \td\u00e9montage complet\u2026<div class=\"read-more-link\"><a href=\"https:\/\/www.transports-coue.fr\/fr\/dun-camion-trm-a-une-tiny-house-une-initiative-deconomie-circulaire-dans-le-transport-routier\/\" class=\"more-link\">Lire la suite<span class='more-link-arrow avia-svg-icon avia-font-svg_entypo-fontello' data-av_svg_icon='right-open-big' data-av_iconset='svg_entypo-fontello'><svg version=\"1.1\" xmlns=\"http:\/\/www.w3.org\/2000\/svg\" width=\"15\" height=\"32\" viewBox=\"0 0 15 32\" preserveAspectRatio=\"xMidYMid meet\" role=\"graphics-symbol\" aria-hidden=\"true\">\n<path d=\"M0.416 27.84l11.456-11.84-11.456-11.904q-0.832-0.832 0-1.536 0.832-0.832 1.536 0l12.544 12.608q0.768 0.832 0 1.6l-12.544 12.608q-0.704 0.832-1.536 0-0.832-0.704 0-1.536z\"><\/path>\n<\/svg><\/span><\/a><\/div><\/div><\/div><footer class=\"entry-footer\"><div class=\"slide-meta\"><time class='slide-meta-time updated'  itemprop=\"datePublished\" datetime=\"2026-02-20T15:38:52+01:00\" >20 f\u00e9vrier 2026<\/time><\/div><\/footer><span class='hidden'>\n\t\t\t\t<span class='av-structured-data'  itemprop=\"image\" itemscope=\"itemscope\" itemtype=\"https:\/\/schema.org\/ImageObject\" >\n\t\t\t\t\t\t<span itemprop='url'>https:\/\/www.transports-coue.fr\/wp-content\/uploads\/2026\/02\/groupe-coue-trm-seconde-vie-camion-remorque-tiny-house-web-1.webp<\/span>\n\t\t\t\t\t\t<span itemprop='height'>321<\/span>\n\t\t\t\t\t\t<span itemprop='width'>845<\/span>\n\t\t\t\t<\/span>\n\t\t\t\t<span class='av-structured-data'  itemprop=\"publisher\" itemtype=\"https:\/\/schema.org\/Organization\" itemscope=\"itemscope\" >\n\t\t\t\t\t\t<span itemprop='name'>Transports Cou\u00e9<\/span>\n\t\t\t\t\t\t<span itemprop='logo' itemscope itemtype='https:\/\/schema.org\/ImageObject'>\n\t\t\t\t\t\t\t<span itemprop='url'>https:\/\/www.transports-coue.fr\/wp-content\/uploads\/2018\/10\/Logo-transports-coue-300x119.png<\/span>\n\t\t\t\t\t\t<\/span>\n\t\t\t\t<\/span><span class='av-structured-data'  itemprop=\"author\" itemscope=\"itemscope\" itemtype=\"https:\/\/schema.org\/Person\" ><span itemprop='name'>Transports Cou\u00e9<\/span><\/span><span class='av-structured-data'  itemprop=\"datePublished\" datetime=\"2018-10-04T10:16:12+02:00\" >2026-02-20 15:38:52<\/span><span class='av-structured-data'  itemprop=\"dateModified\" itemtype=\"https:\/\/schema.org\/dateModified\" >2026-02-20 15:40:30<\/span><span class='av-structured-data'  itemprop=\"mainEntityOfPage\" itemtype=\"https:\/\/schema.org\/mainEntityOfPage\" ><span itemprop='name'>D&rsquo;un camion TRM \u00e0 une tiny house : une initiative d\u2019\u00e9conomie circulaire dans le transport routier<\/span><\/span><\/span><\/article><\/div><div class=\"slide-entry-wrap\"><article class='slide-entry flex_column  post-entry post-entry-13709 slide-entry-overview slide-loop-4 slide-parity-odd  av_one_third first real-thumbnail posttype-post post-format-standard'  itemscope=\"itemscope\" itemtype=\"https:\/\/schema.org\/CreativeWork\" ><a href='https:\/\/www.transports-coue.fr\/fr\/orientation-et-metiers-du-transport-de-la-logistique-echanges-avec-les-etudiants-bts-gtla-du-lycee-ambroise-pare\/' data-rel='slide-2' class='slide-image' title='Orientation et m\u00e9tiers du Transport &amp; de la Logistique : \u00e9changes avec les \u00e9tudiants BTS GTLA du lyc\u00e9e Ambroise Par\u00e9'><img decoding=\"async\" fetchpriority=\"high\" width=\"845\" height=\"321\" src=\"https:\/\/www.transports-coue.fr\/wp-content\/uploads\/2026\/02\/groupe-coue-trm-rencontre-lycee-ambroise-pare-laval-bts-gtla-gestion-transports-logistique-associee.webp\" class=\"wp-image-13710 avia-img-lazy-loading-not-13710 attachment-no scaling size-no scaling wp-post-image\" alt=\"\u00c9changes entre \u00e9tudiants BTS GTLA et le Groupe Cou\u00e9 TRM autour des m\u00e9tiers du transport routier, logistique et alternance \u00e0 Laval\" srcset=\"https:\/\/www.transports-coue.fr\/wp-content\/uploads\/2026\/02\/groupe-coue-trm-rencontre-lycee-ambroise-pare-laval-bts-gtla-gestion-transports-logistique-associee.webp 845w, https:\/\/www.transports-coue.fr\/wp-content\/uploads\/2026\/02\/groupe-coue-trm-rencontre-lycee-ambroise-pare-laval-bts-gtla-gestion-transports-logistique-associee-300x114.webp 300w, https:\/\/www.transports-coue.fr\/wp-content\/uploads\/2026\/02\/groupe-coue-trm-rencontre-lycee-ambroise-pare-laval-bts-gtla-gestion-transports-logistique-associee-80x30.webp 80w, https:\/\/www.transports-coue.fr\/wp-content\/uploads\/2026\/02\/groupe-coue-trm-rencontre-lycee-ambroise-pare-laval-bts-gtla-gestion-transports-logistique-associee-768x292.webp 768w, https:\/\/www.transports-coue.fr\/wp-content\/uploads\/2026\/02\/groupe-coue-trm-rencontre-lycee-ambroise-pare-laval-bts-gtla-gestion-transports-logistique-associee-705x268.webp 705w\" sizes=\"(max-width: 845px) 100vw, 845px\" \/><\/a><div class=\"slide-content\"><header class=\"entry-content-header\" aria-label=\"Slide: Orientation et m\u00e9tiers du Transport &amp; de la Logistique : \u00e9changes avec les \u00e9tudiants BTS GTLA du lyc\u00e9e Ambroise Par\u00e9\"><h3 class='slide-entry-title entry-title '  itemprop=\"headline\" ><a href='https:\/\/www.transports-coue.fr\/fr\/orientation-et-metiers-du-transport-de-la-logistique-echanges-avec-les-etudiants-bts-gtla-du-lycee-ambroise-pare\/' title='Orientation et m\u00e9tiers du Transport &amp; de la Logistique : \u00e9changes avec les \u00e9tudiants BTS GTLA du lyc\u00e9e Ambroise Par\u00e9'>Orientation et m\u00e9tiers du Transport &amp; de la Logistique : \u00e9changes avec les \u00e9tudiants BTS GTLA du lyc\u00e9e Ambroise Par\u00e9<\/a><\/h3><span class=\"blog-categories minor-meta\"><a href=\"https:\/\/www.transports-coue.fr\/fr\/category\/actualites\/\" rel=\"tag\">Actualit\u00e9s<\/a>, <a href=\"https:\/\/www.transports-coue.fr\/fr\/category\/actualites\/evenements\/\" rel=\"tag\">Ev\u00e9nements<\/a> <\/span><span class=\"av-vertical-delimiter\"><\/span><\/header><div class='slide-entry-excerpt entry-content'  itemprop=\"text\" >Transmettre, \u00e9changer, susciter des vocations.\n\nIntervention de notre DRH, Sandy, au lyc\u00e9e Ambroise Par\u00e9 dans la continuit\u00e9 de la journ\u00e9e d\u2019\u00e9changes organis\u00e9e en avril 2025, alors d\u00e9di\u00e9e aux 1\u00e8res ann\u00e9es de BTS GTLA (Gestion des\u2026<div class=\"read-more-link\"><a href=\"https:\/\/www.transports-coue.fr\/fr\/orientation-et-metiers-du-transport-de-la-logistique-echanges-avec-les-etudiants-bts-gtla-du-lycee-ambroise-pare\/\" class=\"more-link\">Lire la suite<span class='more-link-arrow avia-svg-icon avia-font-svg_entypo-fontello' data-av_svg_icon='right-open-big' data-av_iconset='svg_entypo-fontello'><svg version=\"1.1\" xmlns=\"http:\/\/www.w3.org\/2000\/svg\" width=\"15\" height=\"32\" viewBox=\"0 0 15 32\" preserveAspectRatio=\"xMidYMid meet\" role=\"graphics-symbol\" aria-hidden=\"true\">\n<path d=\"M0.416 27.84l11.456-11.84-11.456-11.904q-0.832-0.832 0-1.536 0.832-0.832 1.536 0l12.544 12.608q0.768 0.832 0 1.6l-12.544 12.608q-0.704 0.832-1.536 0-0.832-0.704 0-1.536z\"><\/path>\n<\/svg><\/span><\/a><\/div><\/div><\/div><footer class=\"entry-footer\"><div class=\"slide-meta\"><time class='slide-meta-time updated'  itemprop=\"datePublished\" datetime=\"2026-02-10T17:49:18+01:00\" >10 f\u00e9vrier 2026<\/time><\/div><\/footer><span class='hidden'>\n\t\t\t\t<span class='av-structured-data'  itemprop=\"image\" itemscope=\"itemscope\" itemtype=\"https:\/\/schema.org\/ImageObject\" >\n\t\t\t\t\t\t<span itemprop='url'>https:\/\/www.transports-coue.fr\/wp-content\/uploads\/2026\/02\/groupe-coue-trm-rencontre-lycee-ambroise-pare-laval-bts-gtla-gestion-transports-logistique-associee.webp<\/span>\n\t\t\t\t\t\t<span itemprop='height'>321<\/span>\n\t\t\t\t\t\t<span itemprop='width'>845<\/span>\n\t\t\t\t<\/span>\n\t\t\t\t<span class='av-structured-data'  itemprop=\"publisher\" itemtype=\"https:\/\/schema.org\/Organization\" itemscope=\"itemscope\" >\n\t\t\t\t\t\t<span itemprop='name'>Transports Cou\u00e9<\/span>\n\t\t\t\t\t\t<span itemprop='logo' itemscope itemtype='https:\/\/schema.org\/ImageObject'>\n\t\t\t\t\t\t\t<span itemprop='url'>https:\/\/www.transports-coue.fr\/wp-content\/uploads\/2018\/10\/Logo-transports-coue-300x119.png<\/span>\n\t\t\t\t\t\t<\/span>\n\t\t\t\t<\/span><span class='av-structured-data'  itemprop=\"author\" itemscope=\"itemscope\" itemtype=\"https:\/\/schema.org\/Person\" ><span itemprop='name'>Transports Cou\u00e9<\/span><\/span><span class='av-structured-data'  itemprop=\"datePublished\" datetime=\"2018-10-04T10:16:12+02:00\" >2026-02-10 17:49:18<\/span><span class='av-structured-data'  itemprop=\"dateModified\" itemtype=\"https:\/\/schema.org\/dateModified\" >2026-02-10 17:49:21<\/span><span class='av-structured-data'  itemprop=\"mainEntityOfPage\" itemtype=\"https:\/\/schema.org\/mainEntityOfPage\" ><span itemprop='name'>Orientation et m\u00e9tiers du Transport &amp; de la Logistique : \u00e9changes avec les \u00e9tudiants BTS GTLA du lyc\u00e9e Ambroise Par\u00e9<\/span><\/span><\/span><\/article><article class='slide-entry flex_column  post-entry post-entry-13457 slide-entry-overview slide-loop-5 slide-parity-even  av_one_third  real-thumbnail posttype-post post-format-standard'  itemscope=\"itemscope\" itemtype=\"https:\/\/schema.org\/CreativeWork\" ><a href='https:\/\/www.transports-coue.fr\/fr\/groupe-coue-trm-engage-dans-la-semaine-ecole-entreprise-creer-du-lien-et-partager-nos-metiers-avec-les-talents-de-demain\/' data-rel='slide-2' class='slide-image' title='Groupe Cou\u00e9 TRM engag\u00e9 dans la Semaine Ecole Entreprise : cr\u00e9er du lien et partager nos m\u00e9tiers avec les talents de demain'><img decoding=\"async\" fetchpriority=\"high\" width=\"845\" height=\"321\" src=\"https:\/\/www.transports-coue.fr\/wp-content\/uploads\/2026\/01\/groupe-coue-trm-semaine-ecole-entreprise.webp\" class=\"wp-image-13459 avia-img-lazy-loading-not-13459 attachment-no scaling size-no scaling wp-post-image\" alt=\"Intervention du Groupe Cou\u00e9 TRM en lyc\u00e9e pour faire d\u00e9couvrir les m\u00e9tiers du transport, de la logistique et les parcours de formation\" srcset=\"https:\/\/www.transports-coue.fr\/wp-content\/uploads\/2026\/01\/groupe-coue-trm-semaine-ecole-entreprise.webp 845w, https:\/\/www.transports-coue.fr\/wp-content\/uploads\/2026\/01\/groupe-coue-trm-semaine-ecole-entreprise-300x114.webp 300w, https:\/\/www.transports-coue.fr\/wp-content\/uploads\/2026\/01\/groupe-coue-trm-semaine-ecole-entreprise-80x30.webp 80w, https:\/\/www.transports-coue.fr\/wp-content\/uploads\/2026\/01\/groupe-coue-trm-semaine-ecole-entreprise-768x292.webp 768w, https:\/\/www.transports-coue.fr\/wp-content\/uploads\/2026\/01\/groupe-coue-trm-semaine-ecole-entreprise-705x268.webp 705w\" sizes=\"(max-width: 845px) 100vw, 845px\" \/><\/a><div class=\"slide-content\"><header class=\"entry-content-header\" aria-label=\"Slide: Groupe Cou\u00e9 TRM engag\u00e9 dans la Semaine Ecole Entreprise : cr\u00e9er du lien et partager nos m\u00e9tiers avec les talents de demain\"><h3 class='slide-entry-title entry-title '  itemprop=\"headline\" ><a href='https:\/\/www.transports-coue.fr\/fr\/groupe-coue-trm-engage-dans-la-semaine-ecole-entreprise-creer-du-lien-et-partager-nos-metiers-avec-les-talents-de-demain\/' title='Groupe Cou\u00e9 TRM engag\u00e9 dans la Semaine Ecole Entreprise : cr\u00e9er du lien et partager nos m\u00e9tiers avec les talents de demain'>Groupe Cou\u00e9 TRM engag\u00e9 dans la Semaine Ecole Entreprise : cr\u00e9er du lien et partager nos m\u00e9tiers avec les talents de demain<\/a><\/h3><span class=\"blog-categories minor-meta\"><a href=\"https:\/\/www.transports-coue.fr\/fr\/category\/actualites\/\" rel=\"tag\">Actualit\u00e9s<\/a>, <a href=\"https:\/\/www.transports-coue.fr\/fr\/category\/actualites\/evenements\/\" rel=\"tag\">Ev\u00e9nements<\/a> <\/span><span class=\"av-vertical-delimiter\"><\/span><\/header><div class='slide-entry-excerpt entry-content'  itemprop=\"text\" >Participation \u00e0 la Semaine \u00c9cole-Entreprise\nCr\u00e9er des passerelles entre le monde professionnel et celui de l\u2019enseignement, partager notre exp\u00e9rience et susciter des vocations : tels sont les objectifs de la Semaine \u00c9cole-Entreprise :\u2026<div class=\"read-more-link\"><a href=\"https:\/\/www.transports-coue.fr\/fr\/groupe-coue-trm-engage-dans-la-semaine-ecole-entreprise-creer-du-lien-et-partager-nos-metiers-avec-les-talents-de-demain\/\" class=\"more-link\">Lire la suite<span class='more-link-arrow avia-svg-icon avia-font-svg_entypo-fontello' data-av_svg_icon='right-open-big' data-av_iconset='svg_entypo-fontello'><svg version=\"1.1\" xmlns=\"http:\/\/www.w3.org\/2000\/svg\" width=\"15\" height=\"32\" viewBox=\"0 0 15 32\" preserveAspectRatio=\"xMidYMid meet\" role=\"graphics-symbol\" aria-hidden=\"true\">\n<path d=\"M0.416 27.84l11.456-11.84-11.456-11.904q-0.832-0.832 0-1.536 0.832-0.832 1.536 0l12.544 12.608q0.768 0.832 0 1.6l-12.544 12.608q-0.704 0.832-1.536 0-0.832-0.704 0-1.536z\"><\/path>\n<\/svg><\/span><\/a><\/div><\/div><\/div><footer class=\"entry-footer\"><div class=\"slide-meta\"><time class='slide-meta-time updated'  itemprop=\"datePublished\" datetime=\"2026-01-27T09:33:05+01:00\" >27 janvier 2026<\/time><\/div><\/footer><span class='hidden'>\n\t\t\t\t<span class='av-structured-data'  itemprop=\"image\" itemscope=\"itemscope\" itemtype=\"https:\/\/schema.org\/ImageObject\" >\n\t\t\t\t\t\t<span itemprop='url'>https:\/\/www.transports-coue.fr\/wp-content\/uploads\/2026\/01\/groupe-coue-trm-semaine-ecole-entreprise.webp<\/span>\n\t\t\t\t\t\t<span itemprop='height'>321<\/span>\n\t\t\t\t\t\t<span itemprop='width'>845<\/span>\n\t\t\t\t<\/span>\n\t\t\t\t<span class='av-structured-data'  itemprop=\"publisher\" itemtype=\"https:\/\/schema.org\/Organization\" itemscope=\"itemscope\" >\n\t\t\t\t\t\t<span itemprop='name'>Transports Cou\u00e9<\/span>\n\t\t\t\t\t\t<span itemprop='logo' itemscope itemtype='https:\/\/schema.org\/ImageObject'>\n\t\t\t\t\t\t\t<span itemprop='url'>https:\/\/www.transports-coue.fr\/wp-content\/uploads\/2018\/10\/Logo-transports-coue-300x119.png<\/span>\n\t\t\t\t\t\t<\/span>\n\t\t\t\t<\/span><span class='av-structured-data'  itemprop=\"author\" itemscope=\"itemscope\" itemtype=\"https:\/\/schema.org\/Person\" ><span itemprop='name'>Transports Cou\u00e9<\/span><\/span><span class='av-structured-data'  itemprop=\"datePublished\" datetime=\"2018-10-04T10:16:12+02:00\" >2026-01-27 09:33:05<\/span><span class='av-structured-data'  itemprop=\"dateModified\" itemtype=\"https:\/\/schema.org\/dateModified\" >2026-01-27 09:33:06<\/span><span class='av-structured-data'  itemprop=\"mainEntityOfPage\" itemtype=\"https:\/\/schema.org\/mainEntityOfPage\" ><span itemprop='name'>Groupe Cou\u00e9 TRM engag\u00e9 dans la Semaine Ecole Entreprise : cr\u00e9er du lien et partager nos m\u00e9tiers avec les talents de demain<\/span><\/span><\/span><\/article><article class='slide-entry flex_column  post-entry post-entry-13024 slide-entry-overview slide-loop-6 slide-parity-odd  av_one_third  real-thumbnail posttype-post post-format-standard'  itemscope=\"itemscope\" itemtype=\"https:\/\/schema.org\/CreativeWork\" ><a href='https:\/\/www.transports-coue.fr\/fr\/visite-de-nos-sites-par-de-futurs-pros-du-transport\/' data-rel='slide-2' class='slide-image' title='Visite de nos sites par de futurs pros du Transport !'><img decoding=\"async\" fetchpriority=\"high\" width=\"845\" height=\"321\" src=\"https:\/\/www.transports-coue.fr\/wp-content\/uploads\/2025\/12\/groupe-coue-trm-etudiant-ctrm-leonard-vinci-mayenne-web-1.webp\" class=\"wp-image-13022 avia-img-lazy-loading-not-13022 attachment-no scaling size-no scaling wp-post-image\" alt=\"Groupe d\u2019\u00e9tudiants en transport logistique rassembl\u00e9s devant un camion TRM lors d\u2019une visite p\u00e9dagogique en Mayenne\" srcset=\"https:\/\/www.transports-coue.fr\/wp-content\/uploads\/2025\/12\/groupe-coue-trm-etudiant-ctrm-leonard-vinci-mayenne-web-1.webp 845w, https:\/\/www.transports-coue.fr\/wp-content\/uploads\/2025\/12\/groupe-coue-trm-etudiant-ctrm-leonard-vinci-mayenne-web-1-300x114.webp 300w, https:\/\/www.transports-coue.fr\/wp-content\/uploads\/2025\/12\/groupe-coue-trm-etudiant-ctrm-leonard-vinci-mayenne-web-1-80x30.webp 80w, https:\/\/www.transports-coue.fr\/wp-content\/uploads\/2025\/12\/groupe-coue-trm-etudiant-ctrm-leonard-vinci-mayenne-web-1-768x292.webp 768w, https:\/\/www.transports-coue.fr\/wp-content\/uploads\/2025\/12\/groupe-coue-trm-etudiant-ctrm-leonard-vinci-mayenne-web-1-705x268.webp 705w\" sizes=\"(max-width: 845px) 100vw, 845px\" \/><\/a><div class=\"slide-content\"><header class=\"entry-content-header\" aria-label=\"Slide: Visite de nos sites par de futurs pros du Transport !\"><h3 class='slide-entry-title entry-title '  itemprop=\"headline\" ><a href='https:\/\/www.transports-coue.fr\/fr\/visite-de-nos-sites-par-de-futurs-pros-du-transport\/' title='Visite de nos sites par de futurs pros du Transport !'>Visite de nos sites par de futurs pros du Transport !<\/a><\/h3><span class=\"blog-categories minor-meta\"><a href=\"https:\/\/www.transports-coue.fr\/fr\/category\/actualites\/\" rel=\"tag\">Actualit\u00e9s<\/a>, <a href=\"https:\/\/www.transports-coue.fr\/fr\/category\/actualites\/evenements\/\" rel=\"tag\">Ev\u00e9nements<\/a> <\/span><span class=\"av-vertical-delimiter\"><\/span><\/header><div class='slide-entry-excerpt entry-content'  itemprop=\"text\" >Les 2 et 9 d\u00e9cembre, nous avons eu le plaisir d'accueillir sur nos sites TRM, ELM et au port sec, la classe de 1\u00e8re CTRM, Conducteur de Transport Routier de Marchandises, du Lyc\u00e9e L\u00e9onard De Vinci \u00e0 Mayenne.\n\nEncadr\u00e9s par David, Formateur\u2026<div class=\"read-more-link\"><a href=\"https:\/\/www.transports-coue.fr\/fr\/visite-de-nos-sites-par-de-futurs-pros-du-transport\/\" class=\"more-link\">Lire la suite<span class='more-link-arrow avia-svg-icon avia-font-svg_entypo-fontello' data-av_svg_icon='right-open-big' data-av_iconset='svg_entypo-fontello'><svg version=\"1.1\" xmlns=\"http:\/\/www.w3.org\/2000\/svg\" width=\"15\" height=\"32\" viewBox=\"0 0 15 32\" preserveAspectRatio=\"xMidYMid meet\" role=\"graphics-symbol\" aria-hidden=\"true\">\n<path d=\"M0.416 27.84l11.456-11.84-11.456-11.904q-0.832-0.832 0-1.536 0.832-0.832 1.536 0l12.544 12.608q0.768 0.832 0 1.6l-12.544 12.608q-0.704 0.832-1.536 0-0.832-0.704 0-1.536z\"><\/path>\n<\/svg><\/span><\/a><\/div><\/div><\/div><footer class=\"entry-footer\"><div class=\"slide-meta\"><time class='slide-meta-time updated'  itemprop=\"datePublished\" datetime=\"2025-12-12T16:04:56+01:00\" >12 d\u00e9cembre 2025<\/time><\/div><\/footer><span class='hidden'>\n\t\t\t\t<span class='av-structured-data'  itemprop=\"image\" itemscope=\"itemscope\" itemtype=\"https:\/\/schema.org\/ImageObject\" >\n\t\t\t\t\t\t<span itemprop='url'>https:\/\/www.transports-coue.fr\/wp-content\/uploads\/2025\/12\/groupe-coue-trm-etudiant-ctrm-leonard-vinci-mayenne-web-1.webp<\/span>\n\t\t\t\t\t\t<span itemprop='height'>321<\/span>\n\t\t\t\t\t\t<span itemprop='width'>845<\/span>\n\t\t\t\t<\/span>\n\t\t\t\t<span class='av-structured-data'  itemprop=\"publisher\" itemtype=\"https:\/\/schema.org\/Organization\" itemscope=\"itemscope\" >\n\t\t\t\t\t\t<span itemprop='name'>Transports Cou\u00e9<\/span>\n\t\t\t\t\t\t<span itemprop='logo' itemscope itemtype='https:\/\/schema.org\/ImageObject'>\n\t\t\t\t\t\t\t<span itemprop='url'>https:\/\/www.transports-coue.fr\/wp-content\/uploads\/2018\/10\/Logo-transports-coue-300x119.png<\/span>\n\t\t\t\t\t\t<\/span>\n\t\t\t\t<\/span><span class='av-structured-data'  itemprop=\"author\" itemscope=\"itemscope\" itemtype=\"https:\/\/schema.org\/Person\" ><span itemprop='name'>Transports Cou\u00e9<\/span><\/span><span class='av-structured-data'  itemprop=\"datePublished\" datetime=\"2018-10-04T10:16:12+02:00\" >2025-12-12 16:04:56<\/span><span class='av-structured-data'  itemprop=\"dateModified\" itemtype=\"https:\/\/schema.org\/dateModified\" >2025-12-12 16:04:57<\/span><span class='av-structured-data'  itemprop=\"mainEntityOfPage\" itemtype=\"https:\/\/schema.org\/mainEntityOfPage\" ><span itemprop='name'>Visite de nos sites par de futurs pros du Transport !<\/span><\/span><\/span><\/article><\/div><div class=\"slide-entry-wrap\"><article class='slide-entry flex_column  post-entry post-entry-12886 slide-entry-overview slide-loop-7 slide-parity-odd  av_one_third first real-thumbnail posttype-post post-format-standard'  itemscope=\"itemscope\" itemtype=\"https:\/\/schema.org\/CreativeWork\" ><a href='https:\/\/www.transports-coue.fr\/fr\/techni-industrie-un-partenariat-qui-roule-depuis-des-annees\/' data-rel='slide-2' class='slide-image' title='TECHNI INDUSTRIE, un partenariat qui roule depuis des ann\u00e9es !'><img decoding=\"async\" fetchpriority=\"high\" width=\"845\" height=\"321\" src=\"https:\/\/www.transports-coue.fr\/wp-content\/uploads\/2025\/11\/groupe-coue-francois-coue-frederic-lelasseux-techni-industrie.webp\" class=\"wp-image-12879 avia-img-lazy-loading-not-12879 attachment-no scaling size-no scaling wp-post-image\" alt=\"Fran\u00e7ois Cou\u00e9 dirigeant du Groupe Cou\u00e9 TRM et Fr\u00e9d\u00e9ric Lelasseux, dirigeant de TECHNI INDUSTRIE pour l&#039;arriv\u00e9e de la derni\u00e8re semi-remorque \u00e0 leurs couleurs\" srcset=\"https:\/\/www.transports-coue.fr\/wp-content\/uploads\/2025\/11\/groupe-coue-francois-coue-frederic-lelasseux-techni-industrie.webp 845w, https:\/\/www.transports-coue.fr\/wp-content\/uploads\/2025\/11\/groupe-coue-francois-coue-frederic-lelasseux-techni-industrie-300x114.webp 300w, https:\/\/www.transports-coue.fr\/wp-content\/uploads\/2025\/11\/groupe-coue-francois-coue-frederic-lelasseux-techni-industrie-80x30.webp 80w, https:\/\/www.transports-coue.fr\/wp-content\/uploads\/2025\/11\/groupe-coue-francois-coue-frederic-lelasseux-techni-industrie-768x292.webp 768w, https:\/\/www.transports-coue.fr\/wp-content\/uploads\/2025\/11\/groupe-coue-francois-coue-frederic-lelasseux-techni-industrie-705x268.webp 705w\" sizes=\"(max-width: 845px) 100vw, 845px\" \/><\/a><div class=\"slide-content\"><header class=\"entry-content-header\" aria-label=\"Slide: TECHNI INDUSTRIE, un partenariat qui roule depuis des ann\u00e9es !\"><h3 class='slide-entry-title entry-title '  itemprop=\"headline\" ><a href='https:\/\/www.transports-coue.fr\/fr\/techni-industrie-un-partenariat-qui-roule-depuis-des-annees\/' title='TECHNI INDUSTRIE, un partenariat qui roule depuis des ann\u00e9es !'>TECHNI INDUSTRIE, un partenariat qui roule depuis des ann\u00e9es !<\/a><\/h3><span class=\"blog-categories minor-meta\"><a href=\"https:\/\/www.transports-coue.fr\/fr\/category\/actualites\/\" rel=\"tag\">Actualit\u00e9s<\/a>, <a href=\"https:\/\/www.transports-coue.fr\/fr\/category\/actualites\/evenements\/\" rel=\"tag\">Ev\u00e9nements<\/a> <\/span><span class=\"av-vertical-delimiter\"><\/span><\/header><div class='slide-entry-excerpt entry-content'  itemprop=\"text\" >En photo, notre dirigeant, Fran\u00e7ois Cou\u00e9 et celui de TECHNI INDUSTRIE, Fr\u00e9d\u00e9ric Lelasseux, r\u00e9unis \u00e0 l\u2019occasion de l\u2019arriv\u00e9e de la toute derni\u00e8re semi-remorque aux couleurs de TECHNI INDUSTRIE\nClient historique et voisin de notre\u2026<div class=\"read-more-link\"><a href=\"https:\/\/www.transports-coue.fr\/fr\/techni-industrie-un-partenariat-qui-roule-depuis-des-annees\/\" class=\"more-link\">Lire la suite<span class='more-link-arrow avia-svg-icon avia-font-svg_entypo-fontello' data-av_svg_icon='right-open-big' data-av_iconset='svg_entypo-fontello'><svg version=\"1.1\" xmlns=\"http:\/\/www.w3.org\/2000\/svg\" width=\"15\" height=\"32\" viewBox=\"0 0 15 32\" preserveAspectRatio=\"xMidYMid meet\" role=\"graphics-symbol\" aria-hidden=\"true\">\n<path d=\"M0.416 27.84l11.456-11.84-11.456-11.904q-0.832-0.832 0-1.536 0.832-0.832 1.536 0l12.544 12.608q0.768 0.832 0 1.6l-12.544 12.608q-0.704 0.832-1.536 0-0.832-0.704 0-1.536z\"><\/path>\n<\/svg><\/span><\/a><\/div><\/div><\/div><footer class=\"entry-footer\"><div class=\"slide-meta\"><time class='slide-meta-time updated'  itemprop=\"datePublished\" datetime=\"2025-11-28T18:25:25+01:00\" >28 novembre 2025<\/time><\/div><\/footer><span class='hidden'>\n\t\t\t\t<span class='av-structured-data'  itemprop=\"image\" itemscope=\"itemscope\" itemtype=\"https:\/\/schema.org\/ImageObject\" >\n\t\t\t\t\t\t<span itemprop='url'>https:\/\/www.transports-coue.fr\/wp-content\/uploads\/2025\/11\/groupe-coue-francois-coue-frederic-lelasseux-techni-industrie.webp<\/span>\n\t\t\t\t\t\t<span itemprop='height'>321<\/span>\n\t\t\t\t\t\t<span itemprop='width'>845<\/span>\n\t\t\t\t<\/span>\n\t\t\t\t<span class='av-structured-data'  itemprop=\"publisher\" itemtype=\"https:\/\/schema.org\/Organization\" itemscope=\"itemscope\" >\n\t\t\t\t\t\t<span itemprop='name'>Transports Cou\u00e9<\/span>\n\t\t\t\t\t\t<span itemprop='logo' itemscope itemtype='https:\/\/schema.org\/ImageObject'>\n\t\t\t\t\t\t\t<span itemprop='url'>https:\/\/www.transports-coue.fr\/wp-content\/uploads\/2018\/10\/Logo-transports-coue-300x119.png<\/span>\n\t\t\t\t\t\t<\/span>\n\t\t\t\t<\/span><span class='av-structured-data'  itemprop=\"author\" itemscope=\"itemscope\" itemtype=\"https:\/\/schema.org\/Person\" ><span itemprop='name'>Transports Cou\u00e9<\/span><\/span><span class='av-structured-data'  itemprop=\"datePublished\" datetime=\"2018-10-04T10:16:12+02:00\" >2025-11-28 18:25:25<\/span><span class='av-structured-data'  itemprop=\"dateModified\" itemtype=\"https:\/\/schema.org\/dateModified\" >2025-11-28 18:28:07<\/span><span class='av-structured-data'  itemprop=\"mainEntityOfPage\" itemtype=\"https:\/\/schema.org\/mainEntityOfPage\" ><span itemprop='name'>TECHNI INDUSTRIE, un partenariat qui roule depuis des ann\u00e9es !<\/span><\/span><\/span><\/article><article class='slide-entry flex_column  post-entry post-entry-12876 slide-entry-overview slide-loop-8 slide-parity-even  av_one_third  real-thumbnail posttype-post post-format-standard'  itemscope=\"itemscope\" itemtype=\"https:\/\/schema.org\/CreativeWork\" ><a href='https:\/\/www.transports-coue.fr\/fr\/une-immersion-au-coeur-de-la-mise-en-entrepot-sous-douane\/' data-rel='slide-2' class='slide-image' title='Une immersion au c\u0153ur de la mise en entrep\u00f4t sous douane !'><img decoding=\"async\" fetchpriority=\"high\" width=\"845\" height=\"321\" src=\"https:\/\/www.transports-coue.fr\/wp-content\/uploads\/2025\/11\/groupe-coue-sotecan-import-export-entrepot-sous-douane.webp\" class=\"wp-image-12877 avia-img-lazy-loading-not-12877 attachment-no scaling size-no scaling wp-post-image\" alt=\"Visite d\u2019un entrep\u00f4t logistique sous douane du Groupe Cou\u00e9 avec un collaborateur pr\u00e9sentant les zones de stockage \u00e0 un groupe \u00e9quip\u00e9 de gilets haute visibilit\u00e9\" srcset=\"https:\/\/www.transports-coue.fr\/wp-content\/uploads\/2025\/11\/groupe-coue-sotecan-import-export-entrepot-sous-douane.webp 845w, https:\/\/www.transports-coue.fr\/wp-content\/uploads\/2025\/11\/groupe-coue-sotecan-import-export-entrepot-sous-douane-300x114.webp 300w, https:\/\/www.transports-coue.fr\/wp-content\/uploads\/2025\/11\/groupe-coue-sotecan-import-export-entrepot-sous-douane-80x30.webp 80w, https:\/\/www.transports-coue.fr\/wp-content\/uploads\/2025\/11\/groupe-coue-sotecan-import-export-entrepot-sous-douane-768x292.webp 768w, https:\/\/www.transports-coue.fr\/wp-content\/uploads\/2025\/11\/groupe-coue-sotecan-import-export-entrepot-sous-douane-705x268.webp 705w\" sizes=\"(max-width: 845px) 100vw, 845px\" \/><\/a><div class=\"slide-content\"><header class=\"entry-content-header\" aria-label=\"Slide: Une immersion au c\u0153ur de la mise en entrep\u00f4t sous douane !\"><h3 class='slide-entry-title entry-title '  itemprop=\"headline\" ><a href='https:\/\/www.transports-coue.fr\/fr\/une-immersion-au-coeur-de-la-mise-en-entrepot-sous-douane\/' title='Une immersion au c\u0153ur de la mise en entrep\u00f4t sous douane !'>Une immersion au c\u0153ur de la mise en entrep\u00f4t sous douane !<\/a><\/h3><span class=\"blog-categories minor-meta\"><a href=\"https:\/\/www.transports-coue.fr\/fr\/category\/actualites\/\" rel=\"tag\">Actualit\u00e9s<\/a>, <a href=\"https:\/\/www.transports-coue.fr\/fr\/category\/actualites\/evenements\/\" rel=\"tag\">Ev\u00e9nements<\/a>, <a href=\"https:\/\/www.transports-coue.fr\/fr\/category\/actualites\/evenements\/evenements-logistique\/\" rel=\"tag\">Ev\u00e9nements Logistique<\/a>, <a href=\"https:\/\/www.transports-coue.fr\/fr\/category\/actualites\/evenements\/evenement-overseas\/\" rel=\"tag\">Ev\u00e9nements Overseas<\/a> <\/span><span class=\"av-vertical-delimiter\"><\/span><\/header><div class='slide-entry-excerpt entry-content'  itemprop=\"text\" >Retour sur l\u2019atelier Mayenne International : une immersion au c\u0153ur de la mise en entrep\u00f4t sous douane !\nMardi 25 novembre, notre \u00e9quipe de SOTECAN INTERNATIONAL a eu le plaisir d\u2019accueillir dans ses locaux des entreprises locales pour\u2026<div class=\"read-more-link\"><a href=\"https:\/\/www.transports-coue.fr\/fr\/une-immersion-au-coeur-de-la-mise-en-entrepot-sous-douane\/\" class=\"more-link\">Lire la suite<span class='more-link-arrow avia-svg-icon avia-font-svg_entypo-fontello' data-av_svg_icon='right-open-big' data-av_iconset='svg_entypo-fontello'><svg version=\"1.1\" xmlns=\"http:\/\/www.w3.org\/2000\/svg\" width=\"15\" height=\"32\" viewBox=\"0 0 15 32\" preserveAspectRatio=\"xMidYMid meet\" role=\"graphics-symbol\" aria-hidden=\"true\">\n<path d=\"M0.416 27.84l11.456-11.84-11.456-11.904q-0.832-0.832 0-1.536 0.832-0.832 1.536 0l12.544 12.608q0.768 0.832 0 1.6l-12.544 12.608q-0.704 0.832-1.536 0-0.832-0.704 0-1.536z\"><\/path>\n<\/svg><\/span><\/a><\/div><\/div><\/div><footer class=\"entry-footer\"><div class=\"slide-meta\"><time class='slide-meta-time updated'  itemprop=\"datePublished\" datetime=\"2025-11-27T17:10:29+01:00\" >27 novembre 2025<\/time><\/div><\/footer><span class='hidden'>\n\t\t\t\t<span class='av-structured-data'  itemprop=\"image\" itemscope=\"itemscope\" itemtype=\"https:\/\/schema.org\/ImageObject\" >\n\t\t\t\t\t\t<span itemprop='url'>https:\/\/www.transports-coue.fr\/wp-content\/uploads\/2025\/11\/groupe-coue-sotecan-import-export-entrepot-sous-douane.webp<\/span>\n\t\t\t\t\t\t<span itemprop='height'>321<\/span>\n\t\t\t\t\t\t<span itemprop='width'>845<\/span>\n\t\t\t\t<\/span>\n\t\t\t\t<span class='av-structured-data'  itemprop=\"publisher\" itemtype=\"https:\/\/schema.org\/Organization\" itemscope=\"itemscope\" >\n\t\t\t\t\t\t<span itemprop='name'>Transports Cou\u00e9<\/span>\n\t\t\t\t\t\t<span itemprop='logo' itemscope itemtype='https:\/\/schema.org\/ImageObject'>\n\t\t\t\t\t\t\t<span itemprop='url'>https:\/\/www.transports-coue.fr\/wp-content\/uploads\/2018\/10\/Logo-transports-coue-300x119.png<\/span>\n\t\t\t\t\t\t<\/span>\n\t\t\t\t<\/span><span class='av-structured-data'  itemprop=\"author\" itemscope=\"itemscope\" itemtype=\"https:\/\/schema.org\/Person\" ><span itemprop='name'>Transports Cou\u00e9<\/span><\/span><span class='av-structured-data'  itemprop=\"datePublished\" datetime=\"2018-10-04T10:16:12+02:00\" >2025-11-27 17:10:29<\/span><span class='av-structured-data'  itemprop=\"dateModified\" itemtype=\"https:\/\/schema.org\/dateModified\" >2025-11-27 18:08:29<\/span><span class='av-structured-data'  itemprop=\"mainEntityOfPage\" itemtype=\"https:\/\/schema.org\/mainEntityOfPage\" ><span itemprop='name'>Une immersion au c\u0153ur de la mise en entrep\u00f4t sous douane !<\/span><\/span><\/span><\/article><article class='slide-entry flex_column  post-entry post-entry-12873 slide-entry-overview slide-loop-9 slide-parity-odd  av_one_third  real-thumbnail posttype-post post-format-standard'  itemscope=\"itemscope\" itemtype=\"https:\/\/schema.org\/CreativeWork\" ><a href='https:\/\/www.transports-coue.fr\/fr\/nous-renforcons-notre-engagement-rse-au-coeur-de-notre-territoire\/' data-rel='slide-2' class='slide-image' title='Nous renfor\u00e7ons notre engagement RSE au c\u0153ur de notre territoire !'><img decoding=\"async\" fetchpriority=\"high\" width=\"845\" height=\"321\" src=\"https:\/\/www.transports-coue.fr\/wp-content\/uploads\/2025\/11\/groupe-coue-trm-engagement-rse-agir-53-web.webp\" class=\"wp-image-12871 avia-img-lazy-loading-not-12871 attachment-no scaling size-no scaling wp-post-image\" alt=\"\u00c9quipe Cou\u00e9-TRM r\u00e9unie sur une plage, illustrant un r\u00e9seau RSE mayennais actif et ambitieux avec le logo AGiR.\" srcset=\"https:\/\/www.transports-coue.fr\/wp-content\/uploads\/2025\/11\/groupe-coue-trm-engagement-rse-agir-53-web.webp 845w, https:\/\/www.transports-coue.fr\/wp-content\/uploads\/2025\/11\/groupe-coue-trm-engagement-rse-agir-53-web-300x114.webp 300w, https:\/\/www.transports-coue.fr\/wp-content\/uploads\/2025\/11\/groupe-coue-trm-engagement-rse-agir-53-web-80x30.webp 80w, https:\/\/www.transports-coue.fr\/wp-content\/uploads\/2025\/11\/groupe-coue-trm-engagement-rse-agir-53-web-768x292.webp 768w, https:\/\/www.transports-coue.fr\/wp-content\/uploads\/2025\/11\/groupe-coue-trm-engagement-rse-agir-53-web-705x268.webp 705w\" sizes=\"(max-width: 845px) 100vw, 845px\" \/><\/a><div class=\"slide-content\"><header class=\"entry-content-header\" aria-label=\"Slide: Nous renfor\u00e7ons notre engagement RSE au c\u0153ur de notre territoire !\"><h3 class='slide-entry-title entry-title '  itemprop=\"headline\" ><a href='https:\/\/www.transports-coue.fr\/fr\/nous-renforcons-notre-engagement-rse-au-coeur-de-notre-territoire\/' title='Nous renfor\u00e7ons notre engagement RSE au c\u0153ur de notre territoire !'>Nous renfor\u00e7ons notre engagement RSE au c\u0153ur de notre territoire !<\/a><\/h3><span class=\"blog-categories minor-meta\"><a href=\"https:\/\/www.transports-coue.fr\/fr\/category\/actualites\/\" rel=\"tag\">Actualit\u00e9s<\/a>, <a href=\"https:\/\/www.transports-coue.fr\/fr\/category\/actualites\/evenements\/\" rel=\"tag\">Ev\u00e9nements<\/a> <\/span><span class=\"av-vertical-delimiter\"><\/span><\/header><div class='slide-entry-excerpt entry-content'  itemprop=\"text\" >Nous renfor\u00e7ons notre engagement RSE au c\u0153ur de notre territoire !\nNous sommes fiers d\u2019avoir particip\u00e9 \u00e0 la 1\u00e8re ann\u00e9e du club AGIR en Mayenne (53) d\u00e9di\u00e9 \u00e0 la Responsabilit\u00e9 Soci\u00e9tale des Entreprises, et de renouveler notre engagement\u2026<div class=\"read-more-link\"><a href=\"https:\/\/www.transports-coue.fr\/fr\/nous-renforcons-notre-engagement-rse-au-coeur-de-notre-territoire\/\" class=\"more-link\">Lire la suite<span class='more-link-arrow avia-svg-icon avia-font-svg_entypo-fontello' data-av_svg_icon='right-open-big' data-av_iconset='svg_entypo-fontello'><svg version=\"1.1\" xmlns=\"http:\/\/www.w3.org\/2000\/svg\" width=\"15\" height=\"32\" viewBox=\"0 0 15 32\" preserveAspectRatio=\"xMidYMid meet\" role=\"graphics-symbol\" aria-hidden=\"true\">\n<path d=\"M0.416 27.84l11.456-11.84-11.456-11.904q-0.832-0.832 0-1.536 0.832-0.832 1.536 0l12.544 12.608q0.768 0.832 0 1.6l-12.544 12.608q-0.704 0.832-1.536 0-0.832-0.704 0-1.536z\"><\/path>\n<\/svg><\/span><\/a><\/div><\/div><\/div><footer class=\"entry-footer\"><div class=\"slide-meta\"><time class='slide-meta-time updated'  itemprop=\"datePublished\" datetime=\"2025-11-14T17:27:12+01:00\" >14 novembre 2025<\/time><\/div><\/footer><span class='hidden'>\n\t\t\t\t<span class='av-structured-data'  itemprop=\"image\" itemscope=\"itemscope\" itemtype=\"https:\/\/schema.org\/ImageObject\" >\n\t\t\t\t\t\t<span itemprop='url'>https:\/\/www.transports-coue.fr\/wp-content\/uploads\/2025\/11\/groupe-coue-trm-engagement-rse-agir-53-web.webp<\/span>\n\t\t\t\t\t\t<span itemprop='height'>321<\/span>\n\t\t\t\t\t\t<span itemprop='width'>845<\/span>\n\t\t\t\t<\/span>\n\t\t\t\t<span class='av-structured-data'  itemprop=\"publisher\" itemtype=\"https:\/\/schema.org\/Organization\" itemscope=\"itemscope\" >\n\t\t\t\t\t\t<span itemprop='name'>Transports Cou\u00e9<\/span>\n\t\t\t\t\t\t<span itemprop='logo' itemscope itemtype='https:\/\/schema.org\/ImageObject'>\n\t\t\t\t\t\t\t<span itemprop='url'>https:\/\/www.transports-coue.fr\/wp-content\/uploads\/2018\/10\/Logo-transports-coue-300x119.png<\/span>\n\t\t\t\t\t\t<\/span>\n\t\t\t\t<\/span><span class='av-structured-data'  itemprop=\"author\" itemscope=\"itemscope\" itemtype=\"https:\/\/schema.org\/Person\" ><span itemprop='name'>Transports Cou\u00e9<\/span><\/span><span class='av-structured-data'  itemprop=\"datePublished\" datetime=\"2018-10-04T10:16:12+02:00\" >2025-11-14 17:27:12<\/span><span class='av-structured-data'  itemprop=\"dateModified\" itemtype=\"https:\/\/schema.org\/dateModified\" >2025-11-14 17:27:14<\/span><span class='av-structured-data'  itemprop=\"mainEntityOfPage\" itemtype=\"https:\/\/schema.org\/mainEntityOfPage\" ><span itemprop='name'>Nous renfor\u00e7ons notre engagement RSE au c\u0153ur de notre territoire !<\/span><\/span><\/span><\/article><\/div><div class=\"slide-entry-wrap\"><article class='slide-entry flex_column  post-entry post-entry-12818 slide-entry-overview slide-loop-10 slide-parity-odd  av_one_third first real-thumbnail posttype-post post-format-standard'  itemscope=\"itemscope\" itemtype=\"https:\/\/schema.org\/CreativeWork\" ><a href='https:\/\/www.transports-coue.fr\/fr\/nos-jeunes-diplomes-et-nouveaux-alternants-mis-a-lhonneur-pour-leur-parcours-en-transport-logistique\/' data-rel='slide-2' class='slide-image' title='Nos jeunes Dipl\u00f4m\u00e9s et nouveaux Alternants mis \u00e0 l&rsquo;honneur pour leur parcours en Transport &amp; Logistique'><img decoding=\"async\" fetchpriority=\"high\" width=\"845\" height=\"321\" src=\"https:\/\/www.transports-coue.fr\/wp-content\/uploads\/2025\/10\/groupe-coue-trm-petit-dejeuner-alternants-web.webp\" class=\"wp-image-12816 avia-img-lazy-loading-not-12816 attachment-no scaling size-no scaling wp-post-image\" alt=\"Photo d\u2019\u00e9quipe du Groupe Cou\u00e9 TRM lors du petit-d\u00e9jeuner des alternants, avec remise de dipl\u00f4mes et ambiance conviviale.\" srcset=\"https:\/\/www.transports-coue.fr\/wp-content\/uploads\/2025\/10\/groupe-coue-trm-petit-dejeuner-alternants-web.webp 845w, https:\/\/www.transports-coue.fr\/wp-content\/uploads\/2025\/10\/groupe-coue-trm-petit-dejeuner-alternants-web-300x114.webp 300w, https:\/\/www.transports-coue.fr\/wp-content\/uploads\/2025\/10\/groupe-coue-trm-petit-dejeuner-alternants-web-80x30.webp 80w, https:\/\/www.transports-coue.fr\/wp-content\/uploads\/2025\/10\/groupe-coue-trm-petit-dejeuner-alternants-web-768x292.webp 768w, https:\/\/www.transports-coue.fr\/wp-content\/uploads\/2025\/10\/groupe-coue-trm-petit-dejeuner-alternants-web-705x268.webp 705w\" sizes=\"(max-width: 845px) 100vw, 845px\" \/><\/a><div class=\"slide-content\"><header class=\"entry-content-header\" aria-label=\"Slide: Nos jeunes Dipl\u00f4m\u00e9s et nouveaux Alternants mis \u00e0 l&#039;honneur pour leur parcours en Transport &amp; Logistique\"><h3 class='slide-entry-title entry-title '  itemprop=\"headline\" ><a href='https:\/\/www.transports-coue.fr\/fr\/nos-jeunes-diplomes-et-nouveaux-alternants-mis-a-lhonneur-pour-leur-parcours-en-transport-logistique\/' title='Nos jeunes Dipl\u00f4m\u00e9s et nouveaux Alternants mis \u00e0 l&rsquo;honneur pour leur parcours en Transport &amp; Logistique'>Nos jeunes Dipl\u00f4m\u00e9s et nouveaux Alternants mis \u00e0 l&rsquo;honneur pour leur parcours en Transport &amp; Logistique<\/a><\/h3><span class=\"blog-categories minor-meta\"><a href=\"https:\/\/www.transports-coue.fr\/fr\/category\/actualites\/\" rel=\"tag\">Actualit\u00e9s<\/a>, <a href=\"https:\/\/www.transports-coue.fr\/fr\/category\/actualites\/evenements\/\" rel=\"tag\">Ev\u00e9nements<\/a> <\/span><span class=\"av-vertical-delimiter\"><\/span><\/header><div class='slide-entry-excerpt entry-content'  itemprop=\"text\" >Photo du traditionnel Petit D\u00e9jeuner de Rentr\u00e9e pour nos Alternants &amp; Dipl\u00f4m\u00e9s avec leur Tuteur !\nUn moment toujours important qui permet \u00e0 nos Alternants et Dipl\u00f4m\u00e9s de se rencontrer, de partager, entour\u00e9s de leurs R\u00e9f\u00e9rents.\nC'est\u2026<div class=\"read-more-link\"><a href=\"https:\/\/www.transports-coue.fr\/fr\/nos-jeunes-diplomes-et-nouveaux-alternants-mis-a-lhonneur-pour-leur-parcours-en-transport-logistique\/\" class=\"more-link\">Lire la suite<span class='more-link-arrow avia-svg-icon avia-font-svg_entypo-fontello' data-av_svg_icon='right-open-big' data-av_iconset='svg_entypo-fontello'><svg version=\"1.1\" xmlns=\"http:\/\/www.w3.org\/2000\/svg\" width=\"15\" height=\"32\" viewBox=\"0 0 15 32\" preserveAspectRatio=\"xMidYMid meet\" role=\"graphics-symbol\" aria-hidden=\"true\">\n<path d=\"M0.416 27.84l11.456-11.84-11.456-11.904q-0.832-0.832 0-1.536 0.832-0.832 1.536 0l12.544 12.608q0.768 0.832 0 1.6l-12.544 12.608q-0.704 0.832-1.536 0-0.832-0.704 0-1.536z\"><\/path>\n<\/svg><\/span><\/a><\/div><\/div><\/div><footer class=\"entry-footer\"><div class=\"slide-meta\"><time class='slide-meta-time updated'  itemprop=\"datePublished\" datetime=\"2025-10-31T09:57:40+01:00\" >31 octobre 2025<\/time><\/div><\/footer><span class='hidden'>\n\t\t\t\t<span class='av-structured-data'  itemprop=\"image\" itemscope=\"itemscope\" itemtype=\"https:\/\/schema.org\/ImageObject\" >\n\t\t\t\t\t\t<span itemprop='url'>https:\/\/www.transports-coue.fr\/wp-content\/uploads\/2025\/10\/groupe-coue-trm-petit-dejeuner-alternants-web.webp<\/span>\n\t\t\t\t\t\t<span itemprop='height'>321<\/span>\n\t\t\t\t\t\t<span itemprop='width'>845<\/span>\n\t\t\t\t<\/span>\n\t\t\t\t<span class='av-structured-data'  itemprop=\"publisher\" itemtype=\"https:\/\/schema.org\/Organization\" itemscope=\"itemscope\" >\n\t\t\t\t\t\t<span itemprop='name'>Transports Cou\u00e9<\/span>\n\t\t\t\t\t\t<span itemprop='logo' itemscope itemtype='https:\/\/schema.org\/ImageObject'>\n\t\t\t\t\t\t\t<span itemprop='url'>https:\/\/www.transports-coue.fr\/wp-content\/uploads\/2018\/10\/Logo-transports-coue-300x119.png<\/span>\n\t\t\t\t\t\t<\/span>\n\t\t\t\t<\/span><span class='av-structured-data'  itemprop=\"author\" itemscope=\"itemscope\" itemtype=\"https:\/\/schema.org\/Person\" ><span itemprop='name'>Transports Cou\u00e9<\/span><\/span><span class='av-structured-data'  itemprop=\"datePublished\" datetime=\"2018-10-04T10:16:12+02:00\" >2025-10-31 09:57:40<\/span><span class='av-structured-data'  itemprop=\"dateModified\" itemtype=\"https:\/\/schema.org\/dateModified\" >2026-04-02 09:45:17<\/span><span class='av-structured-data'  itemprop=\"mainEntityOfPage\" itemtype=\"https:\/\/schema.org\/mainEntityOfPage\" ><span itemprop='name'>Nos jeunes Dipl\u00f4m\u00e9s et nouveaux Alternants mis \u00e0 l&rsquo;honneur pour leur parcours en Transport &amp; Logistique<\/span><\/span><\/span><\/article><article class='slide-entry flex_column  post-entry post-entry-12782 slide-entry-overview slide-loop-11 slide-parity-even  av_one_third  real-thumbnail posttype-post post-format-standard'  itemscope=\"itemscope\" itemtype=\"https:\/\/schema.org\/CreativeWork\" ><a href='https:\/\/www.transports-coue.fr\/fr\/stockage-icpe-et-transport-adr-nos-solutions-logistiques-securisees-des-marchandises-dangereuses-presentees-au-salon-jmd-2025\/' data-rel='slide-2' class='slide-image' title='Stockage ICPE et transport ADR : nos solutions logistiques s\u00e9curis\u00e9es des marchandises dangereuses pr\u00e9sent\u00e9es au Salon JMD 2025'><img decoding=\"async\" fetchpriority=\"high\" width=\"1690\" height=\"642\" src=\"https:\/\/www.transports-coue.fr\/wp-content\/uploads\/2025\/10\/groupe-coue-trm-salon-jmd-transport-logistique-marchandises-dangereuses-2.webp\" class=\"wp-image-12792 avia-img-lazy-loading-not-12792 attachment-no scaling size-no scaling wp-post-image\" alt=\"Cou\u00e9 TRM au salon JMD 2025 \u00e0 Lyon \u2013 expert en logistique ADR et transport de mati\u00e8res dangereuses depuis Laval Mayenne.\" srcset=\"https:\/\/www.transports-coue.fr\/wp-content\/uploads\/2025\/10\/groupe-coue-trm-salon-jmd-transport-logistique-marchandises-dangereuses-2.webp 1690w, https:\/\/www.transports-coue.fr\/wp-content\/uploads\/2025\/10\/groupe-coue-trm-salon-jmd-transport-logistique-marchandises-dangereuses-2-300x114.webp 300w, https:\/\/www.transports-coue.fr\/wp-content\/uploads\/2025\/10\/groupe-coue-trm-salon-jmd-transport-logistique-marchandises-dangereuses-2-1030x391.webp 1030w, https:\/\/www.transports-coue.fr\/wp-content\/uploads\/2025\/10\/groupe-coue-trm-salon-jmd-transport-logistique-marchandises-dangereuses-2-80x30.webp 80w, https:\/\/www.transports-coue.fr\/wp-content\/uploads\/2025\/10\/groupe-coue-trm-salon-jmd-transport-logistique-marchandises-dangereuses-2-768x292.webp 768w, https:\/\/www.transports-coue.fr\/wp-content\/uploads\/2025\/10\/groupe-coue-trm-salon-jmd-transport-logistique-marchandises-dangereuses-2-1536x583.webp 1536w, https:\/\/www.transports-coue.fr\/wp-content\/uploads\/2025\/10\/groupe-coue-trm-salon-jmd-transport-logistique-marchandises-dangereuses-2-1500x570.webp 1500w, https:\/\/www.transports-coue.fr\/wp-content\/uploads\/2025\/10\/groupe-coue-trm-salon-jmd-transport-logistique-marchandises-dangereuses-2-705x268.webp 705w, https:\/\/www.transports-coue.fr\/wp-content\/uploads\/2025\/10\/groupe-coue-trm-salon-jmd-transport-logistique-marchandises-dangereuses-2-845x321.webp 845w\" sizes=\"(max-width: 1690px) 100vw, 1690px\" \/><\/a><div class=\"slide-content\"><header class=\"entry-content-header\" aria-label=\"Slide: Stockage ICPE et transport ADR : nos solutions logistiques s\u00e9curis\u00e9es des marchandises dangereuses pr\u00e9sent\u00e9es au Salon JMD 2025\"><h3 class='slide-entry-title entry-title '  itemprop=\"headline\" ><a href='https:\/\/www.transports-coue.fr\/fr\/stockage-icpe-et-transport-adr-nos-solutions-logistiques-securisees-des-marchandises-dangereuses-presentees-au-salon-jmd-2025\/' title='Stockage ICPE et transport ADR : nos solutions logistiques s\u00e9curis\u00e9es des marchandises dangereuses pr\u00e9sent\u00e9es au Salon JMD 2025'>Stockage ICPE et transport ADR : nos solutions logistiques s\u00e9curis\u00e9es des marchandises dangereuses pr\u00e9sent\u00e9es au Salon JMD 2025<\/a><\/h3><span class=\"blog-categories minor-meta\"><a href=\"https:\/\/www.transports-coue.fr\/fr\/category\/actualites\/\" rel=\"tag\">Actualit\u00e9s<\/a>, <a href=\"https:\/\/www.transports-coue.fr\/fr\/category\/actualites\/evenements\/\" rel=\"tag\">Ev\u00e9nements<\/a>, <a href=\"https:\/\/www.transports-coue.fr\/fr\/category\/actualites\/evenements\/evenements-logistique\/\" rel=\"tag\">Ev\u00e9nements Logistique<\/a> <\/span><span class=\"av-vertical-delimiter\"><\/span><\/header><div class='slide-entry-excerpt entry-content'  itemprop=\"text\" >Retrouvez-nous au Salon JMD \u2013 Journ\u00e9es de la Mati\u00e8re Dangereuse les 5 &amp; 6 novembre \u00e0 Lyon, stand n\u00b041 !\nDisposant de 4 000 m\u00b2 d\u2019entrep\u00f4ts class\u00e9s ICPE depuis 2018, nous avons b\u00e2ti une solide expertise dans le stockage des mati\u00e8res\u2026<div class=\"read-more-link\"><a href=\"https:\/\/www.transports-coue.fr\/fr\/stockage-icpe-et-transport-adr-nos-solutions-logistiques-securisees-des-marchandises-dangereuses-presentees-au-salon-jmd-2025\/\" class=\"more-link\">Lire la suite<span class='more-link-arrow avia-svg-icon avia-font-svg_entypo-fontello' data-av_svg_icon='right-open-big' data-av_iconset='svg_entypo-fontello'><svg version=\"1.1\" xmlns=\"http:\/\/www.w3.org\/2000\/svg\" width=\"15\" height=\"32\" viewBox=\"0 0 15 32\" preserveAspectRatio=\"xMidYMid meet\" role=\"graphics-symbol\" aria-hidden=\"true\">\n<path d=\"M0.416 27.84l11.456-11.84-11.456-11.904q-0.832-0.832 0-1.536 0.832-0.832 1.536 0l12.544 12.608q0.768 0.832 0 1.6l-12.544 12.608q-0.704 0.832-1.536 0-0.832-0.704 0-1.536z\"><\/path>\n<\/svg><\/span><\/a><\/div><\/div><\/div><footer class=\"entry-footer\"><div class=\"slide-meta\"><time class='slide-meta-time updated'  itemprop=\"datePublished\" datetime=\"2025-10-17T18:01:46+02:00\" >17 octobre 2025<\/time><\/div><\/footer><span class='hidden'>\n\t\t\t\t<span class='av-structured-data'  itemprop=\"image\" itemscope=\"itemscope\" itemtype=\"https:\/\/schema.org\/ImageObject\" >\n\t\t\t\t\t\t<span itemprop='url'>https:\/\/www.transports-coue.fr\/wp-content\/uploads\/2025\/10\/groupe-coue-trm-salon-jmd-transport-logistique-marchandises-dangereuses-2.webp<\/span>\n\t\t\t\t\t\t<span itemprop='height'>642<\/span>\n\t\t\t\t\t\t<span itemprop='width'>1690<\/span>\n\t\t\t\t<\/span>\n\t\t\t\t<span class='av-structured-data'  itemprop=\"publisher\" itemtype=\"https:\/\/schema.org\/Organization\" itemscope=\"itemscope\" >\n\t\t\t\t\t\t<span itemprop='name'>Transports Cou\u00e9<\/span>\n\t\t\t\t\t\t<span itemprop='logo' itemscope itemtype='https:\/\/schema.org\/ImageObject'>\n\t\t\t\t\t\t\t<span itemprop='url'>https:\/\/www.transports-coue.fr\/wp-content\/uploads\/2018\/10\/Logo-transports-coue-300x119.png<\/span>\n\t\t\t\t\t\t<\/span>\n\t\t\t\t<\/span><span class='av-structured-data'  itemprop=\"author\" itemscope=\"itemscope\" itemtype=\"https:\/\/schema.org\/Person\" ><span itemprop='name'>Transports Cou\u00e9<\/span><\/span><span class='av-structured-data'  itemprop=\"datePublished\" datetime=\"2018-10-04T10:16:12+02:00\" >2025-10-17 18:01:46<\/span><span class='av-structured-data'  itemprop=\"dateModified\" itemtype=\"https:\/\/schema.org\/dateModified\" >2025-10-17 18:01:49<\/span><span class='av-structured-data'  itemprop=\"mainEntityOfPage\" itemtype=\"https:\/\/schema.org\/mainEntityOfPage\" ><span itemprop='name'>Stockage ICPE et transport ADR : nos solutions logistiques s\u00e9curis\u00e9es des marchandises dangereuses pr\u00e9sent\u00e9es au Salon JMD 2025<\/span><\/span><\/span><\/article><article class='slide-entry flex_column  post-entry post-entry-12613 slide-entry-overview slide-loop-12 slide-parity-odd  av_one_third  real-thumbnail posttype-post post-format-standard'  itemscope=\"itemscope\" itemtype=\"https:\/\/schema.org\/CreativeWork\" ><a href='https:\/\/www.transports-coue.fr\/fr\/developper-sereinement-son-activite-a-linternational-sotecan-international-transitaire-vous-accompagne\/' data-rel='slide-2' class='slide-image' title='D\u00e9velopper sereinement son activit\u00e9 \u00e0 l\u2019international :  Sotecan International, transitaire, vous accompagne'><img decoding=\"async\" fetchpriority=\"high\" width=\"1690\" height=\"642\" src=\"https:\/\/www.transports-coue.fr\/wp-content\/uploads\/2025\/10\/groupe-coue-sotecan-transitaire-mayenne-intervention-cci-mayenne.webp\" class=\"wp-image-12614 avia-img-lazy-loading-not-12614 attachment-no scaling size-no scaling wp-post-image\" alt=\"Pr\u00e9sentation Sotecan International, transitaire lors d\u2019un \u00e9v\u00e9nement CCI Mayenne sur le commerce international et la logistique\" srcset=\"https:\/\/www.transports-coue.fr\/wp-content\/uploads\/2025\/10\/groupe-coue-sotecan-transitaire-mayenne-intervention-cci-mayenne.webp 1690w, https:\/\/www.transports-coue.fr\/wp-content\/uploads\/2025\/10\/groupe-coue-sotecan-transitaire-mayenne-intervention-cci-mayenne-300x114.webp 300w, https:\/\/www.transports-coue.fr\/wp-content\/uploads\/2025\/10\/groupe-coue-sotecan-transitaire-mayenne-intervention-cci-mayenne-1030x391.webp 1030w, https:\/\/www.transports-coue.fr\/wp-content\/uploads\/2025\/10\/groupe-coue-sotecan-transitaire-mayenne-intervention-cci-mayenne-80x30.webp 80w, https:\/\/www.transports-coue.fr\/wp-content\/uploads\/2025\/10\/groupe-coue-sotecan-transitaire-mayenne-intervention-cci-mayenne-768x292.webp 768w, https:\/\/www.transports-coue.fr\/wp-content\/uploads\/2025\/10\/groupe-coue-sotecan-transitaire-mayenne-intervention-cci-mayenne-1536x583.webp 1536w, https:\/\/www.transports-coue.fr\/wp-content\/uploads\/2025\/10\/groupe-coue-sotecan-transitaire-mayenne-intervention-cci-mayenne-1500x570.webp 1500w, https:\/\/www.transports-coue.fr\/wp-content\/uploads\/2025\/10\/groupe-coue-sotecan-transitaire-mayenne-intervention-cci-mayenne-705x268.webp 705w, https:\/\/www.transports-coue.fr\/wp-content\/uploads\/2025\/10\/groupe-coue-sotecan-transitaire-mayenne-intervention-cci-mayenne-845x321.webp 845w\" sizes=\"(max-width: 1690px) 100vw, 1690px\" \/><\/a><div class=\"slide-content\"><header class=\"entry-content-header\" aria-label=\"Slide: D\u00e9velopper sereinement son activit\u00e9 \u00e0 l\u2019international :  Sotecan International, transitaire, vous accompagne\"><h3 class='slide-entry-title entry-title '  itemprop=\"headline\" ><a href='https:\/\/www.transports-coue.fr\/fr\/developper-sereinement-son-activite-a-linternational-sotecan-international-transitaire-vous-accompagne\/' title='D\u00e9velopper sereinement son activit\u00e9 \u00e0 l\u2019international :  Sotecan International, transitaire, vous accompagne'>D\u00e9velopper sereinement son activit\u00e9 \u00e0 l\u2019international :  Sotecan International, transitaire, vous accompagne<\/a><\/h3><span class=\"blog-categories minor-meta\"><a href=\"https:\/\/www.transports-coue.fr\/fr\/category\/actualites\/\" rel=\"tag\">Actualit\u00e9s<\/a>, <a href=\"https:\/\/www.transports-coue.fr\/fr\/category\/actualites\/evenements\/\" rel=\"tag\">Ev\u00e9nements<\/a>, <a href=\"https:\/\/www.transports-coue.fr\/fr\/category\/actualites\/evenements\/evenements-logistique\/\" rel=\"tag\">Ev\u00e9nements Logistique<\/a>, <a href=\"https:\/\/www.transports-coue.fr\/fr\/category\/actualites\/evenements\/evenement-overseas\/\" rel=\"tag\">Ev\u00e9nements Overseas<\/a> <\/span><span class=\"av-vertical-delimiter\"><\/span><\/header><div class='slide-entry-excerpt entry-content'  itemprop=\"text\" >Retour en image sur notre intervention hier soir \u00e0 l'International Week. Le th\u00e8me abord\u00e9 concernait un enjeu essentiel pour toutes les entreprises : Comment d\u00e9velopper sereinement son activit\u00e9 \u00e0 l\u2019international ?\nMerci \u00e0 Mayenne International\u2026<div class=\"read-more-link\"><a href=\"https:\/\/www.transports-coue.fr\/fr\/developper-sereinement-son-activite-a-linternational-sotecan-international-transitaire-vous-accompagne\/\" class=\"more-link\">Lire la suite<span class='more-link-arrow avia-svg-icon avia-font-svg_entypo-fontello' data-av_svg_icon='right-open-big' data-av_iconset='svg_entypo-fontello'><svg version=\"1.1\" xmlns=\"http:\/\/www.w3.org\/2000\/svg\" width=\"15\" height=\"32\" viewBox=\"0 0 15 32\" preserveAspectRatio=\"xMidYMid meet\" role=\"graphics-symbol\" aria-hidden=\"true\">\n<path d=\"M0.416 27.84l11.456-11.84-11.456-11.904q-0.832-0.832 0-1.536 0.832-0.832 1.536 0l12.544 12.608q0.768 0.832 0 1.6l-12.544 12.608q-0.704 0.832-1.536 0-0.832-0.704 0-1.536z\"><\/path>\n<\/svg><\/span><\/a><\/div><\/div><\/div><footer class=\"entry-footer\"><div class=\"slide-meta\"><time class='slide-meta-time updated'  itemprop=\"datePublished\" datetime=\"2025-10-02T10:51:15+02:00\" >2 octobre 2025<\/time><\/div><\/footer><span class='hidden'>\n\t\t\t\t<span class='av-structured-data'  itemprop=\"image\" itemscope=\"itemscope\" itemtype=\"https:\/\/schema.org\/ImageObject\" >\n\t\t\t\t\t\t<span itemprop='url'>https:\/\/www.transports-coue.fr\/wp-content\/uploads\/2025\/10\/groupe-coue-sotecan-transitaire-mayenne-intervention-cci-mayenne.webp<\/span>\n\t\t\t\t\t\t<span itemprop='height'>642<\/span>\n\t\t\t\t\t\t<span itemprop='width'>1690<\/span>\n\t\t\t\t<\/span>\n\t\t\t\t<span class='av-structured-data'  itemprop=\"publisher\" itemtype=\"https:\/\/schema.org\/Organization\" itemscope=\"itemscope\" >\n\t\t\t\t\t\t<span itemprop='name'>Transports Cou\u00e9<\/span>\n\t\t\t\t\t\t<span itemprop='logo' itemscope itemtype='https:\/\/schema.org\/ImageObject'>\n\t\t\t\t\t\t\t<span itemprop='url'>https:\/\/www.transports-coue.fr\/wp-content\/uploads\/2018\/10\/Logo-transports-coue-300x119.png<\/span>\n\t\t\t\t\t\t<\/span>\n\t\t\t\t<\/span><span class='av-structured-data'  itemprop=\"author\" itemscope=\"itemscope\" itemtype=\"https:\/\/schema.org\/Person\" ><span itemprop='name'>Transports Cou\u00e9<\/span><\/span><span class='av-structured-data'  itemprop=\"datePublished\" datetime=\"2018-10-04T10:16:12+02:00\" >2025-10-02 10:51:15<\/span><span class='av-structured-data'  itemprop=\"dateModified\" itemtype=\"https:\/\/schema.org\/dateModified\" >2025-10-16 16:00:36<\/span><span class='av-structured-data'  itemprop=\"mainEntityOfPage\" itemtype=\"https:\/\/schema.org\/mainEntityOfPage\" ><span itemprop='name'>D\u00e9velopper sereinement son activit\u00e9 \u00e0 l\u2019international :  Sotecan International, transitaire, vous accompagne<\/span><\/span><\/span><\/article><\/div><div class=\"slide-entry-wrap\"><article class='slide-entry flex_column  post-entry post-entry-12303 slide-entry-overview slide-loop-13 slide-parity-odd  av_one_third first real-thumbnail posttype-post post-format-standard'  itemscope=\"itemscope\" itemtype=\"https:\/\/schema.org\/CreativeWork\" ><a href='https:\/\/www.transports-coue.fr\/fr\/linternational-un-atout-et-un-veritable-accelerateur-de-business\/' data-rel='slide-2' class='slide-image' title='L&rsquo;international : un atout et un v\u00e9ritable acc\u00e9l\u00e9rateur de business !'><img decoding=\"async\" fetchpriority=\"high\" width=\"1690\" height=\"642\" src=\"https:\/\/www.transports-coue.fr\/wp-content\/uploads\/2025\/09\/sotecan-international-week-logistique-international-levier-croissance-web-2.webp\" class=\"wp-image-12304 avia-img-lazy-loading-not-12304 attachment-no scaling size-no scaling wp-post-image\" alt=\"Conf\u00e9rence Sotecan International \u00e0 Laval le 29 septembre sur l\u2019export et la logistique internationale avec la CCI Pays de la Loire\" srcset=\"https:\/\/www.transports-coue.fr\/wp-content\/uploads\/2025\/09\/sotecan-international-week-logistique-international-levier-croissance-web-2.webp 1690w, https:\/\/www.transports-coue.fr\/wp-content\/uploads\/2025\/09\/sotecan-international-week-logistique-international-levier-croissance-web-2-300x114.webp 300w, https:\/\/www.transports-coue.fr\/wp-content\/uploads\/2025\/09\/sotecan-international-week-logistique-international-levier-croissance-web-2-1030x391.webp 1030w, https:\/\/www.transports-coue.fr\/wp-content\/uploads\/2025\/09\/sotecan-international-week-logistique-international-levier-croissance-web-2-80x30.webp 80w, https:\/\/www.transports-coue.fr\/wp-content\/uploads\/2025\/09\/sotecan-international-week-logistique-international-levier-croissance-web-2-768x292.webp 768w, https:\/\/www.transports-coue.fr\/wp-content\/uploads\/2025\/09\/sotecan-international-week-logistique-international-levier-croissance-web-2-1536x583.webp 1536w, https:\/\/www.transports-coue.fr\/wp-content\/uploads\/2025\/09\/sotecan-international-week-logistique-international-levier-croissance-web-2-1500x570.webp 1500w, https:\/\/www.transports-coue.fr\/wp-content\/uploads\/2025\/09\/sotecan-international-week-logistique-international-levier-croissance-web-2-705x268.webp 705w, https:\/\/www.transports-coue.fr\/wp-content\/uploads\/2025\/09\/sotecan-international-week-logistique-international-levier-croissance-web-2-845x321.webp 845w\" sizes=\"(max-width: 1690px) 100vw, 1690px\" \/><\/a><div class=\"slide-content\"><header class=\"entry-content-header\" aria-label=\"Slide: L&#039;international : un atout et un v\u00e9ritable acc\u00e9l\u00e9rateur de business !\"><h3 class='slide-entry-title entry-title '  itemprop=\"headline\" ><a href='https:\/\/www.transports-coue.fr\/fr\/linternational-un-atout-et-un-veritable-accelerateur-de-business\/' title='L&rsquo;international : un atout et un v\u00e9ritable acc\u00e9l\u00e9rateur de business !'>L&rsquo;international : un atout et un v\u00e9ritable acc\u00e9l\u00e9rateur de business !<\/a><\/h3><span class=\"blog-categories minor-meta\"><a href=\"https:\/\/www.transports-coue.fr\/fr\/category\/actualites\/\" rel=\"tag\">Actualit\u00e9s<\/a>, <a href=\"https:\/\/www.transports-coue.fr\/fr\/category\/actualites\/evenements\/\" rel=\"tag\">Ev\u00e9nements<\/a>, <a href=\"https:\/\/www.transports-coue.fr\/fr\/category\/actualites\/evenements\/evenements-logistique\/\" rel=\"tag\">Ev\u00e9nements Logistique<\/a>, <a href=\"https:\/\/www.transports-coue.fr\/fr\/category\/actualites\/evenements\/evenement-overseas\/\" rel=\"tag\">Ev\u00e9nements Overseas<\/a> <\/span><span class=\"av-vertical-delimiter\"><\/span><\/header><div class='slide-entry-excerpt entry-content'  itemprop=\"text\" >Transformer la Logistique Internationale en tremplin pour la croissance de vos activit\u00e9s !\nLe 29 sept de 18h30 \u00e0 19h30, \u00e0 l'occasion de l'International Week organis\u00e9e par la CCI de la Mayenne :\u00a0Aur\u00e9lien CLOUET &amp; Sarah CHEVREUX de SOTECAN\u2026<div class=\"read-more-link\"><a href=\"https:\/\/www.transports-coue.fr\/fr\/linternational-un-atout-et-un-veritable-accelerateur-de-business\/\" class=\"more-link\">Lire la suite<span class='more-link-arrow avia-svg-icon avia-font-svg_entypo-fontello' data-av_svg_icon='right-open-big' data-av_iconset='svg_entypo-fontello'><svg version=\"1.1\" xmlns=\"http:\/\/www.w3.org\/2000\/svg\" width=\"15\" height=\"32\" viewBox=\"0 0 15 32\" preserveAspectRatio=\"xMidYMid meet\" role=\"graphics-symbol\" aria-hidden=\"true\">\n<path d=\"M0.416 27.84l11.456-11.84-11.456-11.904q-0.832-0.832 0-1.536 0.832-0.832 1.536 0l12.544 12.608q0.768 0.832 0 1.6l-12.544 12.608q-0.704 0.832-1.536 0-0.832-0.704 0-1.536z\"><\/path>\n<\/svg><\/span><\/a><\/div><\/div><\/div><footer class=\"entry-footer\"><div class=\"slide-meta\"><time class='slide-meta-time updated'  itemprop=\"datePublished\" datetime=\"2025-09-19T14:10:30+02:00\" >19 septembre 2025<\/time><\/div><\/footer><span class='hidden'>\n\t\t\t\t<span class='av-structured-data'  itemprop=\"image\" itemscope=\"itemscope\" itemtype=\"https:\/\/schema.org\/ImageObject\" >\n\t\t\t\t\t\t<span itemprop='url'>https:\/\/www.transports-coue.fr\/wp-content\/uploads\/2025\/09\/sotecan-international-week-logistique-international-levier-croissance-web-2.webp<\/span>\n\t\t\t\t\t\t<span itemprop='height'>642<\/span>\n\t\t\t\t\t\t<span itemprop='width'>1690<\/span>\n\t\t\t\t<\/span>\n\t\t\t\t<span class='av-structured-data'  itemprop=\"publisher\" itemtype=\"https:\/\/schema.org\/Organization\" itemscope=\"itemscope\" >\n\t\t\t\t\t\t<span itemprop='name'>Transports Cou\u00e9<\/span>\n\t\t\t\t\t\t<span itemprop='logo' itemscope itemtype='https:\/\/schema.org\/ImageObject'>\n\t\t\t\t\t\t\t<span itemprop='url'>https:\/\/www.transports-coue.fr\/wp-content\/uploads\/2018\/10\/Logo-transports-coue-300x119.png<\/span>\n\t\t\t\t\t\t<\/span>\n\t\t\t\t<\/span><span class='av-structured-data'  itemprop=\"author\" itemscope=\"itemscope\" itemtype=\"https:\/\/schema.org\/Person\" ><span itemprop='name'>Transports Cou\u00e9<\/span><\/span><span class='av-structured-data'  itemprop=\"datePublished\" datetime=\"2018-10-04T10:16:12+02:00\" >2025-09-19 14:10:30<\/span><span class='av-structured-data'  itemprop=\"dateModified\" itemtype=\"https:\/\/schema.org\/dateModified\" >2025-10-16 17:06:54<\/span><span class='av-structured-data'  itemprop=\"mainEntityOfPage\" itemtype=\"https:\/\/schema.org\/mainEntityOfPage\" ><span itemprop='name'>L&rsquo;international : un atout et un v\u00e9ritable acc\u00e9l\u00e9rateur de business !<\/span><\/span><\/span><\/article><article class='slide-entry flex_column  post-entry post-entry-12297 slide-entry-overview slide-loop-14 slide-parity-even  av_one_third  real-thumbnail posttype-post post-format-standard'  itemscope=\"itemscope\" itemtype=\"https:\/\/schema.org\/CreativeWork\" ><a href='https:\/\/www.transports-coue.fr\/fr\/journee-partage-et-expertise-logistique-organisee-par-notre-groupement-evolutrans\/' data-rel='slide-2' class='slide-image' title='Journ\u00e9e partage et expertise Logistique organis\u00e9e par notre groupement Evolutrans'><img decoding=\"async\" fetchpriority=\"high\" width=\"1690\" height=\"642\" src=\"https:\/\/www.transports-coue.fr\/wp-content\/uploads\/2025\/09\/groupe-coue-trm-accueil-adherents-evolutrans-logistique-sept-2025-web-v2.webp\" class=\"wp-image-12301 avia-img-lazy-loading-not-12301 attachment-no scaling size-no scaling wp-post-image\" alt=\"Journ\u00e9e expertise logistique du Groupe Cou\u00e9 TRM \u00e0 Laval avec des adh\u00e9rents Evolutrans sur notre site de Laval\" srcset=\"https:\/\/www.transports-coue.fr\/wp-content\/uploads\/2025\/09\/groupe-coue-trm-accueil-adherents-evolutrans-logistique-sept-2025-web-v2.webp 1690w, https:\/\/www.transports-coue.fr\/wp-content\/uploads\/2025\/09\/groupe-coue-trm-accueil-adherents-evolutrans-logistique-sept-2025-web-v2-300x114.webp 300w, https:\/\/www.transports-coue.fr\/wp-content\/uploads\/2025\/09\/groupe-coue-trm-accueil-adherents-evolutrans-logistique-sept-2025-web-v2-1030x391.webp 1030w, https:\/\/www.transports-coue.fr\/wp-content\/uploads\/2025\/09\/groupe-coue-trm-accueil-adherents-evolutrans-logistique-sept-2025-web-v2-80x30.webp 80w, https:\/\/www.transports-coue.fr\/wp-content\/uploads\/2025\/09\/groupe-coue-trm-accueil-adherents-evolutrans-logistique-sept-2025-web-v2-768x292.webp 768w, https:\/\/www.transports-coue.fr\/wp-content\/uploads\/2025\/09\/groupe-coue-trm-accueil-adherents-evolutrans-logistique-sept-2025-web-v2-1536x583.webp 1536w, https:\/\/www.transports-coue.fr\/wp-content\/uploads\/2025\/09\/groupe-coue-trm-accueil-adherents-evolutrans-logistique-sept-2025-web-v2-1500x570.webp 1500w, https:\/\/www.transports-coue.fr\/wp-content\/uploads\/2025\/09\/groupe-coue-trm-accueil-adherents-evolutrans-logistique-sept-2025-web-v2-705x268.webp 705w, https:\/\/www.transports-coue.fr\/wp-content\/uploads\/2025\/09\/groupe-coue-trm-accueil-adherents-evolutrans-logistique-sept-2025-web-v2-845x321.webp 845w\" sizes=\"(max-width: 1690px) 100vw, 1690px\" \/><\/a><div class=\"slide-content\"><header class=\"entry-content-header\" aria-label=\"Slide: Journ\u00e9e partage et expertise Logistique organis\u00e9e par notre groupement Evolutrans\"><h3 class='slide-entry-title entry-title '  itemprop=\"headline\" ><a href='https:\/\/www.transports-coue.fr\/fr\/journee-partage-et-expertise-logistique-organisee-par-notre-groupement-evolutrans\/' title='Journ\u00e9e partage et expertise Logistique organis\u00e9e par notre groupement Evolutrans'>Journ\u00e9e partage et expertise Logistique organis\u00e9e par notre groupement Evolutrans<\/a><\/h3><span class=\"blog-categories minor-meta\"><a href=\"https:\/\/www.transports-coue.fr\/fr\/category\/actualites\/\" rel=\"tag\">Actualit\u00e9s<\/a>, <a href=\"https:\/\/www.transports-coue.fr\/fr\/category\/actualites\/evenements\/\" rel=\"tag\">Ev\u00e9nements<\/a>, <a href=\"https:\/\/www.transports-coue.fr\/fr\/category\/actualites\/evenements\/evenements-logistique\/\" rel=\"tag\">Ev\u00e9nements Logistique<\/a> <\/span><span class=\"av-vertical-delimiter\"><\/span><\/header><div class='slide-entry-excerpt entry-content'  itemprop=\"text\" >Synergie &amp; Partage entre adh\u00e9rents d'Evolutrans !\nCe mardi 16 sept, nous avons eu le plaisir d'accueillir plusieurs Responsables et Dirigeants de soci\u00e9t\u00e9s membres du Groupement Evolutrans en groupe de travail.\nL'occasion de partager nos\u2026<div class=\"read-more-link\"><a href=\"https:\/\/www.transports-coue.fr\/fr\/journee-partage-et-expertise-logistique-organisee-par-notre-groupement-evolutrans\/\" class=\"more-link\">Lire la suite<span class='more-link-arrow avia-svg-icon avia-font-svg_entypo-fontello' data-av_svg_icon='right-open-big' data-av_iconset='svg_entypo-fontello'><svg version=\"1.1\" xmlns=\"http:\/\/www.w3.org\/2000\/svg\" width=\"15\" height=\"32\" viewBox=\"0 0 15 32\" preserveAspectRatio=\"xMidYMid meet\" role=\"graphics-symbol\" aria-hidden=\"true\">\n<path d=\"M0.416 27.84l11.456-11.84-11.456-11.904q-0.832-0.832 0-1.536 0.832-0.832 1.536 0l12.544 12.608q0.768 0.832 0 1.6l-12.544 12.608q-0.704 0.832-1.536 0-0.832-0.704 0-1.536z\"><\/path>\n<\/svg><\/span><\/a><\/div><\/div><\/div><footer class=\"entry-footer\"><div class=\"slide-meta\"><time class='slide-meta-time updated'  itemprop=\"datePublished\" datetime=\"2025-09-18T16:37:48+02:00\" >18 septembre 2025<\/time><\/div><\/footer><span class='hidden'>\n\t\t\t\t<span class='av-structured-data'  itemprop=\"image\" itemscope=\"itemscope\" itemtype=\"https:\/\/schema.org\/ImageObject\" >\n\t\t\t\t\t\t<span itemprop='url'>https:\/\/www.transports-coue.fr\/wp-content\/uploads\/2025\/09\/groupe-coue-trm-accueil-adherents-evolutrans-logistique-sept-2025-web-v2.webp<\/span>\n\t\t\t\t\t\t<span itemprop='height'>642<\/span>\n\t\t\t\t\t\t<span itemprop='width'>1690<\/span>\n\t\t\t\t<\/span>\n\t\t\t\t<span class='av-structured-data'  itemprop=\"publisher\" itemtype=\"https:\/\/schema.org\/Organization\" itemscope=\"itemscope\" >\n\t\t\t\t\t\t<span itemprop='name'>Transports Cou\u00e9<\/span>\n\t\t\t\t\t\t<span itemprop='logo' itemscope itemtype='https:\/\/schema.org\/ImageObject'>\n\t\t\t\t\t\t\t<span itemprop='url'>https:\/\/www.transports-coue.fr\/wp-content\/uploads\/2018\/10\/Logo-transports-coue-300x119.png<\/span>\n\t\t\t\t\t\t<\/span>\n\t\t\t\t<\/span><span class='av-structured-data'  itemprop=\"author\" itemscope=\"itemscope\" itemtype=\"https:\/\/schema.org\/Person\" ><span itemprop='name'>Transports Cou\u00e9<\/span><\/span><span class='av-structured-data'  itemprop=\"datePublished\" datetime=\"2018-10-04T10:16:12+02:00\" >2025-09-18 16:37:48<\/span><span class='av-structured-data'  itemprop=\"dateModified\" itemtype=\"https:\/\/schema.org\/dateModified\" >2025-10-16 17:38:26<\/span><span class='av-structured-data'  itemprop=\"mainEntityOfPage\" itemtype=\"https:\/\/schema.org\/mainEntityOfPage\" ><span itemprop='name'>Journ\u00e9e partage et expertise Logistique organis\u00e9e par notre groupement Evolutrans<\/span><\/span><\/span><\/article><article class='slide-entry flex_column  post-entry post-entry-12254 slide-entry-overview slide-loop-15 slide-parity-odd  av_one_third  real-thumbnail posttype-post post-format-standard'  itemscope=\"itemscope\" itemtype=\"https:\/\/schema.org\/CreativeWork\" ><a href='https:\/\/www.transports-coue.fr\/fr\/participation-au-top-transport-europe-2025-2-jours-dechanges-sur-vos-projets-transport-logistique\/' data-rel='slide-2' class='slide-image' title='Participation au Top Transport Europe 2025 : 2 jours d&rsquo;\u00e9changes sur vos projets Transport &amp; Logistique'><img decoding=\"async\" fetchpriority=\"high\" width=\"1690\" height=\"642\" src=\"https:\/\/www.transports-coue.fr\/wp-content\/uploads\/2025\/09\/groupe-coue-trm-top-transport-2025-otms-rdv-projets-transport-logistique.webp\" class=\"wp-image-12256 avia-img-lazy-loading-not-12256 attachment-no scaling size-no scaling wp-post-image\" alt=\"\u00c9v\u00e9nement Top Transport Europe 2025 Marseille \u2013 Rendez-vous transport &amp; logistique avec Cou\u00e9 TRM et OTMS stand V300\" srcset=\"https:\/\/www.transports-coue.fr\/wp-content\/uploads\/2025\/09\/groupe-coue-trm-top-transport-2025-otms-rdv-projets-transport-logistique.webp 1690w, https:\/\/www.transports-coue.fr\/wp-content\/uploads\/2025\/09\/groupe-coue-trm-top-transport-2025-otms-rdv-projets-transport-logistique-300x114.webp 300w, https:\/\/www.transports-coue.fr\/wp-content\/uploads\/2025\/09\/groupe-coue-trm-top-transport-2025-otms-rdv-projets-transport-logistique-1030x391.webp 1030w, https:\/\/www.transports-coue.fr\/wp-content\/uploads\/2025\/09\/groupe-coue-trm-top-transport-2025-otms-rdv-projets-transport-logistique-80x30.webp 80w, https:\/\/www.transports-coue.fr\/wp-content\/uploads\/2025\/09\/groupe-coue-trm-top-transport-2025-otms-rdv-projets-transport-logistique-768x292.webp 768w, https:\/\/www.transports-coue.fr\/wp-content\/uploads\/2025\/09\/groupe-coue-trm-top-transport-2025-otms-rdv-projets-transport-logistique-1536x583.webp 1536w, https:\/\/www.transports-coue.fr\/wp-content\/uploads\/2025\/09\/groupe-coue-trm-top-transport-2025-otms-rdv-projets-transport-logistique-1500x570.webp 1500w, https:\/\/www.transports-coue.fr\/wp-content\/uploads\/2025\/09\/groupe-coue-trm-top-transport-2025-otms-rdv-projets-transport-logistique-705x268.webp 705w, https:\/\/www.transports-coue.fr\/wp-content\/uploads\/2025\/09\/groupe-coue-trm-top-transport-2025-otms-rdv-projets-transport-logistique-845x321.webp 845w\" sizes=\"(max-width: 1690px) 100vw, 1690px\" \/><\/a><div class=\"slide-content\"><header class=\"entry-content-header\" aria-label=\"Slide: Participation au Top Transport Europe 2025 : 2 jours d&#039;\u00e9changes sur vos projets Transport &amp; Logistique\"><h3 class='slide-entry-title entry-title '  itemprop=\"headline\" ><a href='https:\/\/www.transports-coue.fr\/fr\/participation-au-top-transport-europe-2025-2-jours-dechanges-sur-vos-projets-transport-logistique\/' title='Participation au Top Transport Europe 2025 : 2 jours d&rsquo;\u00e9changes sur vos projets Transport &amp; Logistique'>Participation au Top Transport Europe 2025 : 2 jours d&rsquo;\u00e9changes sur vos projets Transport &amp; Logistique<\/a><\/h3><span class=\"blog-categories minor-meta\"><a href=\"https:\/\/www.transports-coue.fr\/fr\/category\/actualites\/\" rel=\"tag\">Actualit\u00e9s<\/a>, <a href=\"https:\/\/www.transports-coue.fr\/fr\/category\/actualites\/evenements\/\" rel=\"tag\">Ev\u00e9nements<\/a>, <a href=\"https:\/\/www.transports-coue.fr\/fr\/category\/actualites\/evenements\/evenements-logistique\/\" rel=\"tag\">Ev\u00e9nements Logistique<\/a>, <a href=\"https:\/\/www.transports-coue.fr\/fr\/category\/actualites\/partenariats\/\" rel=\"tag\">Partenariats<\/a> <\/span><span class=\"av-vertical-delimiter\"><\/span><\/header><div class='slide-entry-excerpt entry-content'  itemprop=\"text\" >Top Transport Europe 2025\u00a0: c'est le 15 et 16 octobre !\n\nChaque ann\u00e9e, Top Transport Europe est L'EVENEMENT PHARE pour VOUS rencontrer via des RDV planifi\u00e9s, cibl\u00e9s et efficaces.\n\n2 jours d'\u00e9changes d\u00e9di\u00e9s \u00e0 vos projets Transport &amp;\u2026<div class=\"read-more-link\"><a href=\"https:\/\/www.transports-coue.fr\/fr\/participation-au-top-transport-europe-2025-2-jours-dechanges-sur-vos-projets-transport-logistique\/\" class=\"more-link\">Lire la suite<span class='more-link-arrow avia-svg-icon avia-font-svg_entypo-fontello' data-av_svg_icon='right-open-big' data-av_iconset='svg_entypo-fontello'><svg version=\"1.1\" xmlns=\"http:\/\/www.w3.org\/2000\/svg\" width=\"15\" height=\"32\" viewBox=\"0 0 15 32\" preserveAspectRatio=\"xMidYMid meet\" role=\"graphics-symbol\" aria-hidden=\"true\">\n<path d=\"M0.416 27.84l11.456-11.84-11.456-11.904q-0.832-0.832 0-1.536 0.832-0.832 1.536 0l12.544 12.608q0.768 0.832 0 1.6l-12.544 12.608q-0.704 0.832-1.536 0-0.832-0.704 0-1.536z\"><\/path>\n<\/svg><\/span><\/a><\/div><\/div><\/div><footer class=\"entry-footer\"><div class=\"slide-meta\"><time class='slide-meta-time updated'  itemprop=\"datePublished\" datetime=\"2025-09-12T11:56:18+02:00\" >12 septembre 2025<\/time><\/div><\/footer><span class='hidden'>\n\t\t\t\t<span class='av-structured-data'  itemprop=\"image\" itemscope=\"itemscope\" itemtype=\"https:\/\/schema.org\/ImageObject\" >\n\t\t\t\t\t\t<span itemprop='url'>https:\/\/www.transports-coue.fr\/wp-content\/uploads\/2025\/09\/groupe-coue-trm-top-transport-2025-otms-rdv-projets-transport-logistique.webp<\/span>\n\t\t\t\t\t\t<span itemprop='height'>642<\/span>\n\t\t\t\t\t\t<span itemprop='width'>1690<\/span>\n\t\t\t\t<\/span>\n\t\t\t\t<span class='av-structured-data'  itemprop=\"publisher\" itemtype=\"https:\/\/schema.org\/Organization\" itemscope=\"itemscope\" >\n\t\t\t\t\t\t<span itemprop='name'>Transports Cou\u00e9<\/span>\n\t\t\t\t\t\t<span itemprop='logo' itemscope itemtype='https:\/\/schema.org\/ImageObject'>\n\t\t\t\t\t\t\t<span itemprop='url'>https:\/\/www.transports-coue.fr\/wp-content\/uploads\/2018\/10\/Logo-transports-coue-300x119.png<\/span>\n\t\t\t\t\t\t<\/span>\n\t\t\t\t<\/span><span class='av-structured-data'  itemprop=\"author\" itemscope=\"itemscope\" itemtype=\"https:\/\/schema.org\/Person\" ><span itemprop='name'>Transports Cou\u00e9<\/span><\/span><span class='av-structured-data'  itemprop=\"datePublished\" datetime=\"2018-10-04T10:16:12+02:00\" >2025-09-12 11:56:18<\/span><span class='av-structured-data'  itemprop=\"dateModified\" itemtype=\"https:\/\/schema.org\/dateModified\" >2025-10-17 18:32:10<\/span><span class='av-structured-data'  itemprop=\"mainEntityOfPage\" itemtype=\"https:\/\/schema.org\/mainEntityOfPage\" ><span itemprop='name'>Participation au Top Transport Europe 2025 : 2 jours d&rsquo;\u00e9changes sur vos projets Transport &amp; Logistique<\/span><\/span><\/span><\/article><\/div><div class=\"slide-entry-wrap\"><article class='slide-entry flex_column  post-entry post-entry-12007 slide-entry-overview slide-loop-16 slide-parity-odd  av_one_third first real-thumbnail posttype-post post-format-standard'  itemscope=\"itemscope\" itemtype=\"https:\/\/schema.org\/CreativeWork\" ><a href='https:\/\/www.transports-coue.fr\/fr\/transformer-la-logistique-internationale-en-tremplin-pour-la-croissance-de-vos-activites\/' data-rel='slide-2' class='slide-image' title='Transformer la Logistique Internationale en tremplin pour la croissance de vos activit\u00e9s !'><img decoding=\"async\" fetchpriority=\"high\" width=\"1690\" height=\"642\" src=\"https:\/\/www.transports-coue.fr\/wp-content\/uploads\/2025\/08\/sotecan-international-week-logistique-international-levier-croissance-web-1.webp\" class=\"wp-image-12012 avia-img-lazy-loading-not-12012 attachment-no scaling size-no scaling wp-post-image\" alt=\"Conf\u00e9rence Sotecan International \u00e0 Laval le 29 septembre sur l\u2019export et la logistique internationale avec la CCI Pays de la Loire\" srcset=\"https:\/\/www.transports-coue.fr\/wp-content\/uploads\/2025\/08\/sotecan-international-week-logistique-international-levier-croissance-web-1.webp 1690w, https:\/\/www.transports-coue.fr\/wp-content\/uploads\/2025\/08\/sotecan-international-week-logistique-international-levier-croissance-web-1-300x114.webp 300w, https:\/\/www.transports-coue.fr\/wp-content\/uploads\/2025\/08\/sotecan-international-week-logistique-international-levier-croissance-web-1-1030x391.webp 1030w, https:\/\/www.transports-coue.fr\/wp-content\/uploads\/2025\/08\/sotecan-international-week-logistique-international-levier-croissance-web-1-80x30.webp 80w, https:\/\/www.transports-coue.fr\/wp-content\/uploads\/2025\/08\/sotecan-international-week-logistique-international-levier-croissance-web-1-768x292.webp 768w, https:\/\/www.transports-coue.fr\/wp-content\/uploads\/2025\/08\/sotecan-international-week-logistique-international-levier-croissance-web-1-1536x583.webp 1536w, https:\/\/www.transports-coue.fr\/wp-content\/uploads\/2025\/08\/sotecan-international-week-logistique-international-levier-croissance-web-1-1500x570.webp 1500w, https:\/\/www.transports-coue.fr\/wp-content\/uploads\/2025\/08\/sotecan-international-week-logistique-international-levier-croissance-web-1-705x268.webp 705w, https:\/\/www.transports-coue.fr\/wp-content\/uploads\/2025\/08\/sotecan-international-week-logistique-international-levier-croissance-web-1-845x321.webp 845w\" sizes=\"(max-width: 1690px) 100vw, 1690px\" \/><\/a><div class=\"slide-content\"><header class=\"entry-content-header\" aria-label=\"Slide: Transformer la Logistique Internationale en tremplin pour la croissance de vos activit\u00e9s !\"><h3 class='slide-entry-title entry-title '  itemprop=\"headline\" ><a href='https:\/\/www.transports-coue.fr\/fr\/transformer-la-logistique-internationale-en-tremplin-pour-la-croissance-de-vos-activites\/' title='Transformer la Logistique Internationale en tremplin pour la croissance de vos activit\u00e9s !'>Transformer la Logistique Internationale en tremplin pour la croissance de vos activit\u00e9s !<\/a><\/h3><span class=\"blog-categories minor-meta\"><a href=\"https:\/\/www.transports-coue.fr\/fr\/category\/actualites\/evenements\/\" rel=\"tag\">Ev\u00e9nements<\/a>, <a href=\"https:\/\/www.transports-coue.fr\/fr\/category\/actualites\/evenements\/evenements-logistique\/\" rel=\"tag\">Ev\u00e9nements Logistique<\/a>, <a href=\"https:\/\/www.transports-coue.fr\/fr\/category\/actualites\/evenements\/evenement-overseas\/\" rel=\"tag\">Ev\u00e9nements Overseas<\/a> <\/span><span class=\"av-vertical-delimiter\"><\/span><\/header><div class='slide-entry-excerpt entry-content'  itemprop=\"text\" >Transformez la Logistique Internationale\u00a0de contrainte en LEVIER STRATEGIQUE!\nLe 29 sept de 18h30 \u00e0 19h30, \u00e0 l\u2019occasion de l\u2019International Week organis\u00e9e par la CCI de la Mayenne\nJo\u00ebl Le Pahun, Responsable de SOTECAN INTERNATIONAL,\u2026<div class=\"read-more-link\"><a href=\"https:\/\/www.transports-coue.fr\/fr\/transformer-la-logistique-internationale-en-tremplin-pour-la-croissance-de-vos-activites\/\" class=\"more-link\">Lire la suite<span class='more-link-arrow avia-svg-icon avia-font-svg_entypo-fontello' data-av_svg_icon='right-open-big' data-av_iconset='svg_entypo-fontello'><svg version=\"1.1\" xmlns=\"http:\/\/www.w3.org\/2000\/svg\" width=\"15\" height=\"32\" viewBox=\"0 0 15 32\" preserveAspectRatio=\"xMidYMid meet\" role=\"graphics-symbol\" aria-hidden=\"true\">\n<path d=\"M0.416 27.84l11.456-11.84-11.456-11.904q-0.832-0.832 0-1.536 0.832-0.832 1.536 0l12.544 12.608q0.768 0.832 0 1.6l-12.544 12.608q-0.704 0.832-1.536 0-0.832-0.704 0-1.536z\"><\/path>\n<\/svg><\/span><\/a><\/div><\/div><\/div><footer class=\"entry-footer\"><div class=\"slide-meta\"><time class='slide-meta-time updated'  itemprop=\"datePublished\" datetime=\"2025-08-27T16:48:50+02:00\" >27 ao\u00fbt 2025<\/time><\/div><\/footer><span class='hidden'>\n\t\t\t\t<span class='av-structured-data'  itemprop=\"image\" itemscope=\"itemscope\" itemtype=\"https:\/\/schema.org\/ImageObject\" >\n\t\t\t\t\t\t<span itemprop='url'>https:\/\/www.transports-coue.fr\/wp-content\/uploads\/2025\/08\/sotecan-international-week-logistique-international-levier-croissance-web-1.webp<\/span>\n\t\t\t\t\t\t<span itemprop='height'>642<\/span>\n\t\t\t\t\t\t<span itemprop='width'>1690<\/span>\n\t\t\t\t<\/span>\n\t\t\t\t<span class='av-structured-data'  itemprop=\"publisher\" itemtype=\"https:\/\/schema.org\/Organization\" itemscope=\"itemscope\" >\n\t\t\t\t\t\t<span itemprop='name'>Transports Cou\u00e9<\/span>\n\t\t\t\t\t\t<span itemprop='logo' itemscope itemtype='https:\/\/schema.org\/ImageObject'>\n\t\t\t\t\t\t\t<span itemprop='url'>https:\/\/www.transports-coue.fr\/wp-content\/uploads\/2018\/10\/Logo-transports-coue-300x119.png<\/span>\n\t\t\t\t\t\t<\/span>\n\t\t\t\t<\/span><span class='av-structured-data'  itemprop=\"author\" itemscope=\"itemscope\" itemtype=\"https:\/\/schema.org\/Person\" ><span itemprop='name'>Transports Cou\u00e9<\/span><\/span><span class='av-structured-data'  itemprop=\"datePublished\" datetime=\"2018-10-04T10:16:12+02:00\" >2025-08-27 16:48:50<\/span><span class='av-structured-data'  itemprop=\"dateModified\" itemtype=\"https:\/\/schema.org\/dateModified\" >2025-10-17 18:36:39<\/span><span class='av-structured-data'  itemprop=\"mainEntityOfPage\" itemtype=\"https:\/\/schema.org\/mainEntityOfPage\" ><span itemprop='name'>Transformer la Logistique Internationale en tremplin pour la croissance de vos activit\u00e9s !<\/span><\/span><\/span><\/article><article class='slide-entry flex_column  post-entry post-entry-11989 slide-entry-overview slide-loop-17 slide-parity-even  av_one_third  real-thumbnail posttype-post post-format-standard'  itemscope=\"itemscope\" itemtype=\"https:\/\/schema.org\/CreativeWork\" ><a href='https:\/\/www.transports-coue.fr\/fr\/2-de-nos-collaborateurs-aurelien-jerome-dans-lofficiel-des-transporteurs\/' data-rel='slide-2' class='slide-image' title='2 de nos collaborateurs, Aur\u00e9lien &amp; J\u00e9r\u00f4me, dans L&rsquo;Officiel des Transporteurs'><img decoding=\"async\" fetchpriority=\"high\" width=\"1690\" height=\"642\" src=\"https:\/\/www.transports-coue.fr\/wp-content\/uploads\/2025\/07\/groupe-coue-trm-aurelien-jerome-dans-officiel-des-transporteurs.webp\" class=\"wp-image-11990 avia-img-lazy-loading-not-11990 attachment-no scaling size-no scaling wp-post-image\" alt=\"2 de nos collaborateurs dans l&#039;Officiel des Transporteurs\" srcset=\"https:\/\/www.transports-coue.fr\/wp-content\/uploads\/2025\/07\/groupe-coue-trm-aurelien-jerome-dans-officiel-des-transporteurs.webp 1690w, https:\/\/www.transports-coue.fr\/wp-content\/uploads\/2025\/07\/groupe-coue-trm-aurelien-jerome-dans-officiel-des-transporteurs-300x114.webp 300w, https:\/\/www.transports-coue.fr\/wp-content\/uploads\/2025\/07\/groupe-coue-trm-aurelien-jerome-dans-officiel-des-transporteurs-1030x391.webp 1030w, https:\/\/www.transports-coue.fr\/wp-content\/uploads\/2025\/07\/groupe-coue-trm-aurelien-jerome-dans-officiel-des-transporteurs-80x30.webp 80w, https:\/\/www.transports-coue.fr\/wp-content\/uploads\/2025\/07\/groupe-coue-trm-aurelien-jerome-dans-officiel-des-transporteurs-768x292.webp 768w, https:\/\/www.transports-coue.fr\/wp-content\/uploads\/2025\/07\/groupe-coue-trm-aurelien-jerome-dans-officiel-des-transporteurs-1536x583.webp 1536w, https:\/\/www.transports-coue.fr\/wp-content\/uploads\/2025\/07\/groupe-coue-trm-aurelien-jerome-dans-officiel-des-transporteurs-1500x570.webp 1500w, https:\/\/www.transports-coue.fr\/wp-content\/uploads\/2025\/07\/groupe-coue-trm-aurelien-jerome-dans-officiel-des-transporteurs-705x268.webp 705w, https:\/\/www.transports-coue.fr\/wp-content\/uploads\/2025\/07\/groupe-coue-trm-aurelien-jerome-dans-officiel-des-transporteurs-845x321.webp 845w\" sizes=\"(max-width: 1690px) 100vw, 1690px\" \/><\/a><div class=\"slide-content\"><header class=\"entry-content-header\" aria-label=\"Slide: 2 de nos collaborateurs, Aur\u00e9lien &amp; J\u00e9r\u00f4me, dans L&#039;Officiel des Transporteurs\"><h3 class='slide-entry-title entry-title '  itemprop=\"headline\" ><a href='https:\/\/www.transports-coue.fr\/fr\/2-de-nos-collaborateurs-aurelien-jerome-dans-lofficiel-des-transporteurs\/' title='2 de nos collaborateurs, Aur\u00e9lien &amp; J\u00e9r\u00f4me, dans L&rsquo;Officiel des Transporteurs'>2 de nos collaborateurs, Aur\u00e9lien &amp; J\u00e9r\u00f4me, dans L&rsquo;Officiel des Transporteurs<\/a><\/h3><span class=\"blog-categories minor-meta\"><a href=\"https:\/\/www.transports-coue.fr\/fr\/category\/actualites\/\" rel=\"tag\">Actualit\u00e9s<\/a>, <a href=\"https:\/\/www.transports-coue.fr\/fr\/category\/actualites\/evenements\/\" rel=\"tag\">Ev\u00e9nements<\/a> <\/span><span class=\"av-vertical-delimiter\"><\/span><\/header><div class='slide-entry-excerpt entry-content'  itemprop=\"text\" >\u00c0 l\u2019occasion des 30 ans du Bac Organisation de Transports de Marchandises (OTM) du Lyc\u00e9e Don Bosco \u00e0 Mayenne (53), c\u00e9l\u00e9br\u00e9s en pr\u00e9sence de 100 anciens \u00e9l\u00e8ves, \ud835\udc73\u2019\ud835\udc76\ud835\udc87\ud835\udc87\ud835\udc8a\ud835\udc84\ud835\udc8a\ud835\udc86\ud835\udc8d \ud835\udc85\ud835\udc86\ud835\udc94 \ud835\udc7b\ud835\udc93\ud835\udc82\ud835\udc8f\ud835\udc94\ud835\udc91\ud835\udc90\ud835\udc93\ud835\udc95\ud835\udc86\ud835\udc96\ud835\udc93\ud835\udc94\u2026<div class=\"read-more-link\"><a href=\"https:\/\/www.transports-coue.fr\/fr\/2-de-nos-collaborateurs-aurelien-jerome-dans-lofficiel-des-transporteurs\/\" class=\"more-link\">Lire la suite<span class='more-link-arrow avia-svg-icon avia-font-svg_entypo-fontello' data-av_svg_icon='right-open-big' data-av_iconset='svg_entypo-fontello'><svg version=\"1.1\" xmlns=\"http:\/\/www.w3.org\/2000\/svg\" width=\"15\" height=\"32\" viewBox=\"0 0 15 32\" preserveAspectRatio=\"xMidYMid meet\" role=\"graphics-symbol\" aria-hidden=\"true\">\n<path d=\"M0.416 27.84l11.456-11.84-11.456-11.904q-0.832-0.832 0-1.536 0.832-0.832 1.536 0l12.544 12.608q0.768 0.832 0 1.6l-12.544 12.608q-0.704 0.832-1.536 0-0.832-0.704 0-1.536z\"><\/path>\n<\/svg><\/span><\/a><\/div><\/div><\/div><footer class=\"entry-footer\"><div class=\"slide-meta\"><time class='slide-meta-time updated'  itemprop=\"datePublished\" datetime=\"2025-07-21T17:58:34+02:00\" >21 juillet 2025<\/time><\/div><\/footer><span class='hidden'>\n\t\t\t\t<span class='av-structured-data'  itemprop=\"image\" itemscope=\"itemscope\" itemtype=\"https:\/\/schema.org\/ImageObject\" >\n\t\t\t\t\t\t<span itemprop='url'>https:\/\/www.transports-coue.fr\/wp-content\/uploads\/2025\/07\/groupe-coue-trm-aurelien-jerome-dans-officiel-des-transporteurs.webp<\/span>\n\t\t\t\t\t\t<span itemprop='height'>642<\/span>\n\t\t\t\t\t\t<span itemprop='width'>1690<\/span>\n\t\t\t\t<\/span>\n\t\t\t\t<span class='av-structured-data'  itemprop=\"publisher\" itemtype=\"https:\/\/schema.org\/Organization\" itemscope=\"itemscope\" >\n\t\t\t\t\t\t<span itemprop='name'>Transports Cou\u00e9<\/span>\n\t\t\t\t\t\t<span itemprop='logo' itemscope itemtype='https:\/\/schema.org\/ImageObject'>\n\t\t\t\t\t\t\t<span itemprop='url'>https:\/\/www.transports-coue.fr\/wp-content\/uploads\/2018\/10\/Logo-transports-coue-300x119.png<\/span>\n\t\t\t\t\t\t<\/span>\n\t\t\t\t<\/span><span class='av-structured-data'  itemprop=\"author\" itemscope=\"itemscope\" itemtype=\"https:\/\/schema.org\/Person\" ><span itemprop='name'>Transports Cou\u00e9<\/span><\/span><span class='av-structured-data'  itemprop=\"datePublished\" datetime=\"2018-10-04T10:16:12+02:00\" >2025-07-21 17:58:34<\/span><span class='av-structured-data'  itemprop=\"dateModified\" itemtype=\"https:\/\/schema.org\/dateModified\" >2025-10-17 18:46:29<\/span><span class='av-structured-data'  itemprop=\"mainEntityOfPage\" itemtype=\"https:\/\/schema.org\/mainEntityOfPage\" ><span itemprop='name'>2 de nos collaborateurs, Aur\u00e9lien &amp; J\u00e9r\u00f4me, dans L&rsquo;Officiel des Transporteurs<\/span><\/span><\/span><\/article><article class='slide-entry flex_column  post-entry post-entry-11963 slide-entry-overview slide-loop-18 slide-parity-odd  av_one_third  real-thumbnail posttype-post post-format-standard'  itemscope=\"itemscope\" itemtype=\"https:\/\/schema.org\/CreativeWork\" ><a href='https:\/\/www.transports-coue.fr\/fr\/nos-alternants-diplomes-une-belle-reussite\/' data-rel='slide-2' class='slide-image' title='Nos alternants dipl\u00f4m\u00e9s, une belle r\u00e9ussite !'><img decoding=\"async\" fetchpriority=\"high\" width=\"1690\" height=\"642\" src=\"https:\/\/www.transports-coue.fr\/wp-content\/uploads\/2025\/07\/groupe-coue-trm-nos-alternants-diplomes.webp\" class=\"wp-image-11966 avia-img-lazy-loading-not-11966 attachment-no scaling size-no scaling wp-post-image\" alt=\"Nos alternants dipl\u00f4m\u00e9s\" srcset=\"https:\/\/www.transports-coue.fr\/wp-content\/uploads\/2025\/07\/groupe-coue-trm-nos-alternants-diplomes.webp 1690w, https:\/\/www.transports-coue.fr\/wp-content\/uploads\/2025\/07\/groupe-coue-trm-nos-alternants-diplomes-300x114.webp 300w, https:\/\/www.transports-coue.fr\/wp-content\/uploads\/2025\/07\/groupe-coue-trm-nos-alternants-diplomes-1030x391.webp 1030w, https:\/\/www.transports-coue.fr\/wp-content\/uploads\/2025\/07\/groupe-coue-trm-nos-alternants-diplomes-80x30.webp 80w, https:\/\/www.transports-coue.fr\/wp-content\/uploads\/2025\/07\/groupe-coue-trm-nos-alternants-diplomes-768x292.webp 768w, https:\/\/www.transports-coue.fr\/wp-content\/uploads\/2025\/07\/groupe-coue-trm-nos-alternants-diplomes-1536x583.webp 1536w, https:\/\/www.transports-coue.fr\/wp-content\/uploads\/2025\/07\/groupe-coue-trm-nos-alternants-diplomes-1500x570.webp 1500w, https:\/\/www.transports-coue.fr\/wp-content\/uploads\/2025\/07\/groupe-coue-trm-nos-alternants-diplomes-705x268.webp 705w, https:\/\/www.transports-coue.fr\/wp-content\/uploads\/2025\/07\/groupe-coue-trm-nos-alternants-diplomes-845x321.webp 845w\" sizes=\"(max-width: 1690px) 100vw, 1690px\" \/><\/a><div class=\"slide-content\"><header class=\"entry-content-header\" aria-label=\"Slide: Nos alternants dipl\u00f4m\u00e9s, une belle r\u00e9ussite !\"><h3 class='slide-entry-title entry-title '  itemprop=\"headline\" ><a href='https:\/\/www.transports-coue.fr\/fr\/nos-alternants-diplomes-une-belle-reussite\/' title='Nos alternants dipl\u00f4m\u00e9s, une belle r\u00e9ussite !'>Nos alternants dipl\u00f4m\u00e9s, une belle r\u00e9ussite !<\/a><\/h3><span class=\"blog-categories minor-meta\"><a href=\"https:\/\/www.transports-coue.fr\/fr\/category\/actualites\/\" rel=\"tag\">Actualit\u00e9s<\/a>, <a href=\"https:\/\/www.transports-coue.fr\/fr\/category\/actualites\/evenements\/\" rel=\"tag\">Ev\u00e9nements<\/a> <\/span><span class=\"av-vertical-delimiter\"><\/span><\/header><div class='slide-entry-excerpt entry-content'  itemprop=\"text\" >\ud83c\udf93 Nous sommes fiers de vous partager cette excellente nouvelle : nos alternants viennent d\u2019obtenir leur dipl\u00f4me !\n\ud83d\udc4f Bravo \u00e0 Arthur qui a obtenu sa licence Responsable Op\u00e9rationnel de la Cha\u00eene Logistique\ud83d\udc4f Bravo \u00e0 Youri pour l\u2019obtention\u2026<div class=\"read-more-link\"><a href=\"https:\/\/www.transports-coue.fr\/fr\/nos-alternants-diplomes-une-belle-reussite\/\" class=\"more-link\">Lire la suite<span class='more-link-arrow avia-svg-icon avia-font-svg_entypo-fontello' data-av_svg_icon='right-open-big' data-av_iconset='svg_entypo-fontello'><svg version=\"1.1\" xmlns=\"http:\/\/www.w3.org\/2000\/svg\" width=\"15\" height=\"32\" viewBox=\"0 0 15 32\" preserveAspectRatio=\"xMidYMid meet\" role=\"graphics-symbol\" aria-hidden=\"true\">\n<path d=\"M0.416 27.84l11.456-11.84-11.456-11.904q-0.832-0.832 0-1.536 0.832-0.832 1.536 0l12.544 12.608q0.768 0.832 0 1.6l-12.544 12.608q-0.704 0.832-1.536 0-0.832-0.704 0-1.536z\"><\/path>\n<\/svg><\/span><\/a><\/div><\/div><\/div><footer class=\"entry-footer\"><div class=\"slide-meta\"><time class='slide-meta-time updated'  itemprop=\"datePublished\" datetime=\"2025-07-09T18:59:16+02:00\" >9 juillet 2025<\/time><\/div><\/footer><span class='hidden'>\n\t\t\t\t<span class='av-structured-data'  itemprop=\"image\" itemscope=\"itemscope\" itemtype=\"https:\/\/schema.org\/ImageObject\" >\n\t\t\t\t\t\t<span itemprop='url'>https:\/\/www.transports-coue.fr\/wp-content\/uploads\/2025\/07\/groupe-coue-trm-nos-alternants-diplomes.webp<\/span>\n\t\t\t\t\t\t<span itemprop='height'>642<\/span>\n\t\t\t\t\t\t<span itemprop='width'>1690<\/span>\n\t\t\t\t<\/span>\n\t\t\t\t<span class='av-structured-data'  itemprop=\"publisher\" itemtype=\"https:\/\/schema.org\/Organization\" itemscope=\"itemscope\" >\n\t\t\t\t\t\t<span itemprop='name'>Transports Cou\u00e9<\/span>\n\t\t\t\t\t\t<span itemprop='logo' itemscope itemtype='https:\/\/schema.org\/ImageObject'>\n\t\t\t\t\t\t\t<span itemprop='url'>https:\/\/www.transports-coue.fr\/wp-content\/uploads\/2018\/10\/Logo-transports-coue-300x119.png<\/span>\n\t\t\t\t\t\t<\/span>\n\t\t\t\t<\/span><span class='av-structured-data'  itemprop=\"author\" itemscope=\"itemscope\" itemtype=\"https:\/\/schema.org\/Person\" ><span itemprop='name'>Transports Cou\u00e9<\/span><\/span><span class='av-structured-data'  itemprop=\"datePublished\" datetime=\"2018-10-04T10:16:12+02:00\" >2025-07-09 18:59:16<\/span><span class='av-structured-data'  itemprop=\"dateModified\" itemtype=\"https:\/\/schema.org\/dateModified\" >2025-07-09 19:00:37<\/span><span class='av-structured-data'  itemprop=\"mainEntityOfPage\" itemtype=\"https:\/\/schema.org\/mainEntityOfPage\" ><span itemprop='name'>Nos alternants dipl\u00f4m\u00e9s, une belle r\u00e9ussite !<\/span><\/span><\/span><\/article><\/div><div class=\"slide-entry-wrap\"><article class='slide-entry flex_column  post-entry post-entry-11949 slide-entry-overview slide-loop-19 slide-parity-odd  av_one_third first real-thumbnail posttype-post post-format-standard'  itemscope=\"itemscope\" itemtype=\"https:\/\/schema.org\/CreativeWork\" ><a href='https:\/\/www.transports-coue.fr\/fr\/notre-engagement-pour-la-prevention-securite-routiere-en-entreprise-de-nos-collaborateurs-officialise-par-la-signature-de-la-charte-asre-53\/' data-rel='slide-2' class='slide-image' title='Notre engagement pour la Pr\u00e9vention S\u00e9curit\u00e9 routi\u00e8re en entreprise de nos collaborateurs, officialis\u00e9 par la Signature de la Charte ASRE 53'><img decoding=\"async\" fetchpriority=\"high\" width=\"1690\" height=\"642\" src=\"https:\/\/www.transports-coue.fr\/wp-content\/uploads\/2025\/06\/groupe-coue-trm-signature-charte-securite-routiere-asre53-web.webp\" class=\"wp-image-11950 avia-img-lazy-loading-not-11950 attachment-no scaling size-no scaling wp-post-image\" alt=\"Groupe Cou\u00e9 TRM signe Charte ASRE 53\" srcset=\"https:\/\/www.transports-coue.fr\/wp-content\/uploads\/2025\/06\/groupe-coue-trm-signature-charte-securite-routiere-asre53-web.webp 1690w, https:\/\/www.transports-coue.fr\/wp-content\/uploads\/2025\/06\/groupe-coue-trm-signature-charte-securite-routiere-asre53-web-300x114.webp 300w, https:\/\/www.transports-coue.fr\/wp-content\/uploads\/2025\/06\/groupe-coue-trm-signature-charte-securite-routiere-asre53-web-1030x391.webp 1030w, https:\/\/www.transports-coue.fr\/wp-content\/uploads\/2025\/06\/groupe-coue-trm-signature-charte-securite-routiere-asre53-web-80x30.webp 80w, https:\/\/www.transports-coue.fr\/wp-content\/uploads\/2025\/06\/groupe-coue-trm-signature-charte-securite-routiere-asre53-web-768x292.webp 768w, https:\/\/www.transports-coue.fr\/wp-content\/uploads\/2025\/06\/groupe-coue-trm-signature-charte-securite-routiere-asre53-web-1536x583.webp 1536w, https:\/\/www.transports-coue.fr\/wp-content\/uploads\/2025\/06\/groupe-coue-trm-signature-charte-securite-routiere-asre53-web-1500x570.webp 1500w, https:\/\/www.transports-coue.fr\/wp-content\/uploads\/2025\/06\/groupe-coue-trm-signature-charte-securite-routiere-asre53-web-705x268.webp 705w, https:\/\/www.transports-coue.fr\/wp-content\/uploads\/2025\/06\/groupe-coue-trm-signature-charte-securite-routiere-asre53-web-845x321.webp 845w\" sizes=\"(max-width: 1690px) 100vw, 1690px\" \/><\/a><div class=\"slide-content\"><header class=\"entry-content-header\" aria-label=\"Slide: Notre engagement pour la Pr\u00e9vention S\u00e9curit\u00e9 routi\u00e8re en entreprise de nos collaborateurs, officialis\u00e9 par la Signature de la Charte ASRE 53\"><h3 class='slide-entry-title entry-title '  itemprop=\"headline\" ><a href='https:\/\/www.transports-coue.fr\/fr\/notre-engagement-pour-la-prevention-securite-routiere-en-entreprise-de-nos-collaborateurs-officialise-par-la-signature-de-la-charte-asre-53\/' title='Notre engagement pour la Pr\u00e9vention S\u00e9curit\u00e9 routi\u00e8re en entreprise de nos collaborateurs, officialis\u00e9 par la Signature de la Charte ASRE 53'>Notre engagement pour la Pr\u00e9vention S\u00e9curit\u00e9 routi\u00e8re en entreprise de nos collaborateurs, officialis\u00e9 par la Signature de la Charte ASRE 53<\/a><\/h3><span class=\"blog-categories minor-meta\"><a href=\"https:\/\/www.transports-coue.fr\/fr\/category\/actualites\/\" rel=\"tag\">Actualit\u00e9s<\/a>, <a href=\"https:\/\/www.transports-coue.fr\/fr\/category\/actualites\/evenements\/\" rel=\"tag\">Ev\u00e9nements<\/a> <\/span><span class=\"av-vertical-delimiter\"><\/span><\/header><div class='slide-entry-excerpt entry-content'  itemprop=\"text\" >\ud83e\uddba S\u00e9curit\u00e9 routi\u00e8re : Mobilis\u00e9s pour la pr\u00e9vention des risques routiers sur et en dehors de la route !\n\ud83d\udcac En tant qu\u2019acteur du transport routier, la s\u00e9curit\u00e9 fait partie int\u00e9grante de notre responsabilit\u00e9 et de notre culture\u2026<div class=\"read-more-link\"><a href=\"https:\/\/www.transports-coue.fr\/fr\/notre-engagement-pour-la-prevention-securite-routiere-en-entreprise-de-nos-collaborateurs-officialise-par-la-signature-de-la-charte-asre-53\/\" class=\"more-link\">Lire la suite<span class='more-link-arrow avia-svg-icon avia-font-svg_entypo-fontello' data-av_svg_icon='right-open-big' data-av_iconset='svg_entypo-fontello'><svg version=\"1.1\" xmlns=\"http:\/\/www.w3.org\/2000\/svg\" width=\"15\" height=\"32\" viewBox=\"0 0 15 32\" preserveAspectRatio=\"xMidYMid meet\" role=\"graphics-symbol\" aria-hidden=\"true\">\n<path d=\"M0.416 27.84l11.456-11.84-11.456-11.904q-0.832-0.832 0-1.536 0.832-0.832 1.536 0l12.544 12.608q0.768 0.832 0 1.6l-12.544 12.608q-0.704 0.832-1.536 0-0.832-0.704 0-1.536z\"><\/path>\n<\/svg><\/span><\/a><\/div><\/div><\/div><footer class=\"entry-footer\"><div class=\"slide-meta\"><time class='slide-meta-time updated'  itemprop=\"datePublished\" datetime=\"2025-06-26T16:47:22+02:00\" >26 juin 2025<\/time><\/div><\/footer><span class='hidden'>\n\t\t\t\t<span class='av-structured-data'  itemprop=\"image\" itemscope=\"itemscope\" itemtype=\"https:\/\/schema.org\/ImageObject\" >\n\t\t\t\t\t\t<span itemprop='url'>https:\/\/www.transports-coue.fr\/wp-content\/uploads\/2025\/06\/groupe-coue-trm-signature-charte-securite-routiere-asre53-web.webp<\/span>\n\t\t\t\t\t\t<span itemprop='height'>642<\/span>\n\t\t\t\t\t\t<span itemprop='width'>1690<\/span>\n\t\t\t\t<\/span>\n\t\t\t\t<span class='av-structured-data'  itemprop=\"publisher\" itemtype=\"https:\/\/schema.org\/Organization\" itemscope=\"itemscope\" >\n\t\t\t\t\t\t<span itemprop='name'>Transports Cou\u00e9<\/span>\n\t\t\t\t\t\t<span itemprop='logo' itemscope itemtype='https:\/\/schema.org\/ImageObject'>\n\t\t\t\t\t\t\t<span itemprop='url'>https:\/\/www.transports-coue.fr\/wp-content\/uploads\/2018\/10\/Logo-transports-coue-300x119.png<\/span>\n\t\t\t\t\t\t<\/span>\n\t\t\t\t<\/span><span class='av-structured-data'  itemprop=\"author\" itemscope=\"itemscope\" itemtype=\"https:\/\/schema.org\/Person\" ><span itemprop='name'>Transports Cou\u00e9<\/span><\/span><span class='av-structured-data'  itemprop=\"datePublished\" datetime=\"2018-10-04T10:16:12+02:00\" >2025-06-26 16:47:22<\/span><span class='av-structured-data'  itemprop=\"dateModified\" itemtype=\"https:\/\/schema.org\/dateModified\" >2025-06-26 17:15:36<\/span><span class='av-structured-data'  itemprop=\"mainEntityOfPage\" itemtype=\"https:\/\/schema.org\/mainEntityOfPage\" ><span itemprop='name'>Notre engagement pour la Pr\u00e9vention S\u00e9curit\u00e9 routi\u00e8re en entreprise de nos collaborateurs, officialis\u00e9 par la Signature de la Charte ASRE 53<\/span><\/span><\/span><\/article><article class='slide-entry flex_column  post-entry post-entry-11856 slide-entry-overview slide-loop-20 slide-parity-even  av_one_third  real-thumbnail posttype-post post-format-standard'  itemscope=\"itemscope\" itemtype=\"https:\/\/schema.org\/CreativeWork\" ><a href='https:\/\/www.transports-coue.fr\/fr\/participation-au-salon-transport-logistic-a-munich-de-notre-entite-import-export\/' data-rel='slide-2' class='slide-image' title='Participation au salon Transport Logistic \u00e0 Munich de notre entit\u00e9 Import \/ Export'><img decoding=\"async\" fetchpriority=\"high\" width=\"1690\" height=\"642\" src=\"https:\/\/www.transports-coue.fr\/wp-content\/uploads\/2025\/05\/sotecan-groupe-coue-salon-transport-logistic-munich.webp\" class=\"wp-image-11858 avia-img-lazy-loading-not-11858 attachment-no scaling size-no scaling wp-post-image\" alt=\"Groupe Cou\u00e9 salon Transport Logistic \u00e0 Munich\" srcset=\"https:\/\/www.transports-coue.fr\/wp-content\/uploads\/2025\/05\/sotecan-groupe-coue-salon-transport-logistic-munich.webp 1690w, https:\/\/www.transports-coue.fr\/wp-content\/uploads\/2025\/05\/sotecan-groupe-coue-salon-transport-logistic-munich-300x114.webp 300w, https:\/\/www.transports-coue.fr\/wp-content\/uploads\/2025\/05\/sotecan-groupe-coue-salon-transport-logistic-munich-1030x391.webp 1030w, https:\/\/www.transports-coue.fr\/wp-content\/uploads\/2025\/05\/sotecan-groupe-coue-salon-transport-logistic-munich-80x30.webp 80w, https:\/\/www.transports-coue.fr\/wp-content\/uploads\/2025\/05\/sotecan-groupe-coue-salon-transport-logistic-munich-768x292.webp 768w, https:\/\/www.transports-coue.fr\/wp-content\/uploads\/2025\/05\/sotecan-groupe-coue-salon-transport-logistic-munich-1536x583.webp 1536w, https:\/\/www.transports-coue.fr\/wp-content\/uploads\/2025\/05\/sotecan-groupe-coue-salon-transport-logistic-munich-1500x570.webp 1500w, https:\/\/www.transports-coue.fr\/wp-content\/uploads\/2025\/05\/sotecan-groupe-coue-salon-transport-logistic-munich-705x268.webp 705w, https:\/\/www.transports-coue.fr\/wp-content\/uploads\/2025\/05\/sotecan-groupe-coue-salon-transport-logistic-munich-845x321.webp 845w\" sizes=\"(max-width: 1690px) 100vw, 1690px\" \/><\/a><div class=\"slide-content\"><header class=\"entry-content-header\" aria-label=\"Slide: Participation au salon Transport Logistic \u00e0 Munich de notre entit\u00e9 Import \/ Export\"><h3 class='slide-entry-title entry-title '  itemprop=\"headline\" ><a href='https:\/\/www.transports-coue.fr\/fr\/participation-au-salon-transport-logistic-a-munich-de-notre-entite-import-export\/' title='Participation au salon Transport Logistic \u00e0 Munich de notre entit\u00e9 Import \/ Export'>Participation au salon Transport Logistic \u00e0 Munich de notre entit\u00e9 Import \/ Export<\/a><\/h3><span class=\"blog-categories minor-meta\"><a href=\"https:\/\/www.transports-coue.fr\/fr\/category\/actualites\/\" rel=\"tag\">Actualit\u00e9s<\/a>, <a href=\"https:\/\/www.transports-coue.fr\/fr\/category\/actualites\/evenements\/evenement-overseas\/\" rel=\"tag\">Ev\u00e9nements Overseas<\/a> <\/span><span class=\"av-vertical-delimiter\"><\/span><\/header><div class='slide-entry-excerpt entry-content'  itemprop=\"text\" >\u26a1\ufe0fSotecan International, op\u00e9rateur global import\/export du Groupe Cou\u00e9 TRM, participe au salon Transport Logistic 2025 \u00e0 Munich, du 2 au 5 juin.\n\ud83c\udf0d Partenaire strat\u00e9gique de votre Supply Chain Internationale, nous vous accompagnons\u2026<div class=\"read-more-link\"><a href=\"https:\/\/www.transports-coue.fr\/fr\/participation-au-salon-transport-logistic-a-munich-de-notre-entite-import-export\/\" class=\"more-link\">Lire la suite<span class='more-link-arrow avia-svg-icon avia-font-svg_entypo-fontello' data-av_svg_icon='right-open-big' data-av_iconset='svg_entypo-fontello'><svg version=\"1.1\" xmlns=\"http:\/\/www.w3.org\/2000\/svg\" width=\"15\" height=\"32\" viewBox=\"0 0 15 32\" preserveAspectRatio=\"xMidYMid meet\" role=\"graphics-symbol\" aria-hidden=\"true\">\n<path d=\"M0.416 27.84l11.456-11.84-11.456-11.904q-0.832-0.832 0-1.536 0.832-0.832 1.536 0l12.544 12.608q0.768 0.832 0 1.6l-12.544 12.608q-0.704 0.832-1.536 0-0.832-0.704 0-1.536z\"><\/path>\n<\/svg><\/span><\/a><\/div><\/div><\/div><footer class=\"entry-footer\"><div class=\"slide-meta\"><time class='slide-meta-time updated'  itemprop=\"datePublished\" datetime=\"2025-05-28T18:30:58+02:00\" >28 mai 2025<\/time><\/div><\/footer><span class='hidden'>\n\t\t\t\t<span class='av-structured-data'  itemprop=\"image\" itemscope=\"itemscope\" itemtype=\"https:\/\/schema.org\/ImageObject\" >\n\t\t\t\t\t\t<span itemprop='url'>https:\/\/www.transports-coue.fr\/wp-content\/uploads\/2025\/05\/sotecan-groupe-coue-salon-transport-logistic-munich.webp<\/span>\n\t\t\t\t\t\t<span itemprop='height'>642<\/span>\n\t\t\t\t\t\t<span itemprop='width'>1690<\/span>\n\t\t\t\t<\/span>\n\t\t\t\t<span class='av-structured-data'  itemprop=\"publisher\" itemtype=\"https:\/\/schema.org\/Organization\" itemscope=\"itemscope\" >\n\t\t\t\t\t\t<span itemprop='name'>Transports Cou\u00e9<\/span>\n\t\t\t\t\t\t<span itemprop='logo' itemscope itemtype='https:\/\/schema.org\/ImageObject'>\n\t\t\t\t\t\t\t<span itemprop='url'>https:\/\/www.transports-coue.fr\/wp-content\/uploads\/2018\/10\/Logo-transports-coue-300x119.png<\/span>\n\t\t\t\t\t\t<\/span>\n\t\t\t\t<\/span><span class='av-structured-data'  itemprop=\"author\" itemscope=\"itemscope\" itemtype=\"https:\/\/schema.org\/Person\" ><span itemprop='name'>Transports Cou\u00e9<\/span><\/span><span class='av-structured-data'  itemprop=\"datePublished\" datetime=\"2018-10-04T10:16:12+02:00\" >2025-05-28 18:30:58<\/span><span class='av-structured-data'  itemprop=\"dateModified\" itemtype=\"https:\/\/schema.org\/dateModified\" >2025-05-28 18:30:59<\/span><span class='av-structured-data'  itemprop=\"mainEntityOfPage\" itemtype=\"https:\/\/schema.org\/mainEntityOfPage\" ><span itemprop='name'>Participation au salon Transport Logistic \u00e0 Munich de notre entit\u00e9 Import \/ Export<\/span><\/span><\/span><\/article><article class='slide-entry flex_column  post-entry post-entry-11851 slide-entry-overview slide-loop-21 slide-parity-odd  av_one_third  real-thumbnail posttype-post post-format-standard'  itemscope=\"itemscope\" itemtype=\"https:\/\/schema.org\/CreativeWork\" ><a href='https:\/\/www.transports-coue.fr\/fr\/echanges-rse-avec-des-entreprises-mayennaises-au-sein-du-club-agir\/' data-rel='slide-2' class='slide-image' title='Echanges RSE avec des entreprises Mayennaises au sein du Club Agir'><img decoding=\"async\" fetchpriority=\"high\" width=\"1690\" height=\"642\" src=\"https:\/\/www.transports-coue.fr\/wp-content\/uploads\/2025\/05\/groupe-coue-trm-club-agir-rse-mayenne.webp\" class=\"wp-image-11852 avia-img-lazy-loading-not-11852 attachment-no scaling size-no scaling wp-post-image\" alt=\"Participation au club AGIR plateforme ressources RSE\" srcset=\"https:\/\/www.transports-coue.fr\/wp-content\/uploads\/2025\/05\/groupe-coue-trm-club-agir-rse-mayenne.webp 1690w, https:\/\/www.transports-coue.fr\/wp-content\/uploads\/2025\/05\/groupe-coue-trm-club-agir-rse-mayenne-300x114.webp 300w, https:\/\/www.transports-coue.fr\/wp-content\/uploads\/2025\/05\/groupe-coue-trm-club-agir-rse-mayenne-1030x391.webp 1030w, https:\/\/www.transports-coue.fr\/wp-content\/uploads\/2025\/05\/groupe-coue-trm-club-agir-rse-mayenne-80x30.webp 80w, https:\/\/www.transports-coue.fr\/wp-content\/uploads\/2025\/05\/groupe-coue-trm-club-agir-rse-mayenne-768x292.webp 768w, https:\/\/www.transports-coue.fr\/wp-content\/uploads\/2025\/05\/groupe-coue-trm-club-agir-rse-mayenne-1536x583.webp 1536w, https:\/\/www.transports-coue.fr\/wp-content\/uploads\/2025\/05\/groupe-coue-trm-club-agir-rse-mayenne-1500x570.webp 1500w, https:\/\/www.transports-coue.fr\/wp-content\/uploads\/2025\/05\/groupe-coue-trm-club-agir-rse-mayenne-705x268.webp 705w, https:\/\/www.transports-coue.fr\/wp-content\/uploads\/2025\/05\/groupe-coue-trm-club-agir-rse-mayenne-845x321.webp 845w\" sizes=\"(max-width: 1690px) 100vw, 1690px\" \/><\/a><div class=\"slide-content\"><header class=\"entry-content-header\" aria-label=\"Slide: Echanges RSE avec des entreprises Mayennaises au sein du Club Agir\"><h3 class='slide-entry-title entry-title '  itemprop=\"headline\" ><a href='https:\/\/www.transports-coue.fr\/fr\/echanges-rse-avec-des-entreprises-mayennaises-au-sein-du-club-agir\/' title='Echanges RSE avec des entreprises Mayennaises au sein du Club Agir'>Echanges RSE avec des entreprises Mayennaises au sein du Club Agir<\/a><\/h3><span class=\"blog-categories minor-meta\"><a href=\"https:\/\/www.transports-coue.fr\/fr\/category\/actualites\/\" rel=\"tag\">Actualit\u00e9s<\/a>, <a href=\"https:\/\/www.transports-coue.fr\/fr\/category\/actualites\/evenements\/\" rel=\"tag\">Ev\u00e9nements<\/a> <\/span><span class=\"av-vertical-delimiter\"><\/span><\/header><div class='slide-entry-excerpt entry-content'  itemprop=\"text\" >S'engager ensemble pour nos \u00e9quipes et pour demain \ud83c\udfaf\n\ud83d\udcac Nous sommes ravis de faire partie du Club AGIR, le nouveau collectif \ud83e\udd1dd\u2019entreprises mayennaises initi\u00e9 par Laval \u00c9conomie et la CCI de la Mayenne, pour partager et avancer\u2026<div class=\"read-more-link\"><a href=\"https:\/\/www.transports-coue.fr\/fr\/echanges-rse-avec-des-entreprises-mayennaises-au-sein-du-club-agir\/\" class=\"more-link\">Lire la suite<span class='more-link-arrow avia-svg-icon avia-font-svg_entypo-fontello' data-av_svg_icon='right-open-big' data-av_iconset='svg_entypo-fontello'><svg version=\"1.1\" xmlns=\"http:\/\/www.w3.org\/2000\/svg\" width=\"15\" height=\"32\" viewBox=\"0 0 15 32\" preserveAspectRatio=\"xMidYMid meet\" role=\"graphics-symbol\" aria-hidden=\"true\">\n<path d=\"M0.416 27.84l11.456-11.84-11.456-11.904q-0.832-0.832 0-1.536 0.832-0.832 1.536 0l12.544 12.608q0.768 0.832 0 1.6l-12.544 12.608q-0.704 0.832-1.536 0-0.832-0.704 0-1.536z\"><\/path>\n<\/svg><\/span><\/a><\/div><\/div><\/div><footer class=\"entry-footer\"><div class=\"slide-meta\"><time class='slide-meta-time updated'  itemprop=\"datePublished\" datetime=\"2025-05-06T16:36:53+02:00\" >6 mai 2025<\/time><\/div><\/footer><span class='hidden'>\n\t\t\t\t<span class='av-structured-data'  itemprop=\"image\" itemscope=\"itemscope\" itemtype=\"https:\/\/schema.org\/ImageObject\" >\n\t\t\t\t\t\t<span itemprop='url'>https:\/\/www.transports-coue.fr\/wp-content\/uploads\/2025\/05\/groupe-coue-trm-club-agir-rse-mayenne.webp<\/span>\n\t\t\t\t\t\t<span itemprop='height'>642<\/span>\n\t\t\t\t\t\t<span itemprop='width'>1690<\/span>\n\t\t\t\t<\/span>\n\t\t\t\t<span class='av-structured-data'  itemprop=\"publisher\" itemtype=\"https:\/\/schema.org\/Organization\" itemscope=\"itemscope\" >\n\t\t\t\t\t\t<span itemprop='name'>Transports Cou\u00e9<\/span>\n\t\t\t\t\t\t<span itemprop='logo' itemscope itemtype='https:\/\/schema.org\/ImageObject'>\n\t\t\t\t\t\t\t<span itemprop='url'>https:\/\/www.transports-coue.fr\/wp-content\/uploads\/2018\/10\/Logo-transports-coue-300x119.png<\/span>\n\t\t\t\t\t\t<\/span>\n\t\t\t\t<\/span><span class='av-structured-data'  itemprop=\"author\" itemscope=\"itemscope\" itemtype=\"https:\/\/schema.org\/Person\" ><span itemprop='name'>Transports Cou\u00e9<\/span><\/span><span class='av-structured-data'  itemprop=\"datePublished\" datetime=\"2018-10-04T10:16:12+02:00\" >2025-05-06 16:36:53<\/span><span class='av-structured-data'  itemprop=\"dateModified\" itemtype=\"https:\/\/schema.org\/dateModified\" >2025-05-06 16:37:08<\/span><span class='av-structured-data'  itemprop=\"mainEntityOfPage\" itemtype=\"https:\/\/schema.org\/mainEntityOfPage\" ><span itemprop='name'>Echanges RSE avec des entreprises Mayennaises au sein du Club Agir<\/span><\/span><\/span><\/article><\/div><div class=\"slide-entry-wrap\"><article class='slide-entry flex_column  post-entry post-entry-11847 slide-entry-overview slide-loop-22 slide-parity-odd  av_one_third first real-thumbnail posttype-post post-format-standard'  itemscope=\"itemscope\" itemtype=\"https:\/\/schema.org\/CreativeWork\" ><a href='https:\/\/www.transports-coue.fr\/fr\/une-journee-dechanges-avec-les-1eres-annees-du-bts-gtla-de-laval-53-mayenne\/' data-rel='slide-2' class='slide-image' title='Une journ\u00e9e d&rsquo;\u00e9changes avec les 1\u00e8res ann\u00e9es du BTS GTLA de Laval (53, Mayenne)'><img decoding=\"async\" fetchpriority=\"high\" width=\"1690\" height=\"642\" src=\"https:\/\/www.transports-coue.fr\/wp-content\/uploads\/2025\/04\/groupe-coue-trm-visite-eleves-bts-gtla-web-min-1.webp\" class=\"wp-image-11836 avia-img-lazy-loading-not-11836 attachment-no scaling size-no scaling wp-post-image\" alt=\"Accueil \u00e9l\u00e8ves 1\u00e8re ann\u00e9e BTS GTLA Lyc\u00e9e Ambroise Par\u00e9\" srcset=\"https:\/\/www.transports-coue.fr\/wp-content\/uploads\/2025\/04\/groupe-coue-trm-visite-eleves-bts-gtla-web-min-1.webp 1690w, https:\/\/www.transports-coue.fr\/wp-content\/uploads\/2025\/04\/groupe-coue-trm-visite-eleves-bts-gtla-web-min-1-300x114.webp 300w, https:\/\/www.transports-coue.fr\/wp-content\/uploads\/2025\/04\/groupe-coue-trm-visite-eleves-bts-gtla-web-min-1-1030x391.webp 1030w, https:\/\/www.transports-coue.fr\/wp-content\/uploads\/2025\/04\/groupe-coue-trm-visite-eleves-bts-gtla-web-min-1-80x30.webp 80w, https:\/\/www.transports-coue.fr\/wp-content\/uploads\/2025\/04\/groupe-coue-trm-visite-eleves-bts-gtla-web-min-1-768x292.webp 768w, https:\/\/www.transports-coue.fr\/wp-content\/uploads\/2025\/04\/groupe-coue-trm-visite-eleves-bts-gtla-web-min-1-1536x583.webp 1536w, https:\/\/www.transports-coue.fr\/wp-content\/uploads\/2025\/04\/groupe-coue-trm-visite-eleves-bts-gtla-web-min-1-1500x570.webp 1500w, https:\/\/www.transports-coue.fr\/wp-content\/uploads\/2025\/04\/groupe-coue-trm-visite-eleves-bts-gtla-web-min-1-705x268.webp 705w, https:\/\/www.transports-coue.fr\/wp-content\/uploads\/2025\/04\/groupe-coue-trm-visite-eleves-bts-gtla-web-min-1-845x321.webp 845w\" sizes=\"(max-width: 1690px) 100vw, 1690px\" \/><\/a><div class=\"slide-content\"><header class=\"entry-content-header\" aria-label=\"Slide: Une journ\u00e9e d&#039;\u00e9changes avec les 1\u00e8res ann\u00e9es du BTS GTLA de Laval (53, Mayenne)\"><h3 class='slide-entry-title entry-title '  itemprop=\"headline\" ><a href='https:\/\/www.transports-coue.fr\/fr\/une-journee-dechanges-avec-les-1eres-annees-du-bts-gtla-de-laval-53-mayenne\/' title='Une journ\u00e9e d&rsquo;\u00e9changes avec les 1\u00e8res ann\u00e9es du BTS GTLA de Laval (53, Mayenne)'>Une journ\u00e9e d&rsquo;\u00e9changes avec les 1\u00e8res ann\u00e9es du BTS GTLA de Laval (53, Mayenne)<\/a><\/h3><span class=\"blog-categories minor-meta\"><a href=\"https:\/\/www.transports-coue.fr\/fr\/category\/actualites\/\" rel=\"tag\">Actualit\u00e9s<\/a>, <a href=\"https:\/\/www.transports-coue.fr\/fr\/category\/actualites\/evenements\/\" rel=\"tag\">Ev\u00e9nements<\/a> <\/span><span class=\"av-vertical-delimiter\"><\/span><\/header><div class='slide-entry-excerpt entry-content'  itemprop=\"text\" >\ud83d\udcf8 Retour en images sur la Journ\u00e9e avec les BTS GTLA !\nNous avons eu le plaisir d\u2019accueillir les \u00e9tudiants de 1\u00e8re ann\u00e9e du BTS GTLA (Gestion des Transports et Logistique Associ\u00e9e) du Lyc\u00e9e Ambroise Par\u00e9 \u00e0 Laval (53).\n\ud83d\ude9b \ud83d\udce6 Une\u2026<div class=\"read-more-link\"><a href=\"https:\/\/www.transports-coue.fr\/fr\/une-journee-dechanges-avec-les-1eres-annees-du-bts-gtla-de-laval-53-mayenne\/\" class=\"more-link\">Lire la suite<span class='more-link-arrow avia-svg-icon avia-font-svg_entypo-fontello' data-av_svg_icon='right-open-big' data-av_iconset='svg_entypo-fontello'><svg version=\"1.1\" xmlns=\"http:\/\/www.w3.org\/2000\/svg\" width=\"15\" height=\"32\" viewBox=\"0 0 15 32\" preserveAspectRatio=\"xMidYMid meet\" role=\"graphics-symbol\" aria-hidden=\"true\">\n<path d=\"M0.416 27.84l11.456-11.84-11.456-11.904q-0.832-0.832 0-1.536 0.832-0.832 1.536 0l12.544 12.608q0.768 0.832 0 1.6l-12.544 12.608q-0.704 0.832-1.536 0-0.832-0.704 0-1.536z\"><\/path>\n<\/svg><\/span><\/a><\/div><\/div><\/div><footer class=\"entry-footer\"><div class=\"slide-meta\"><time class='slide-meta-time updated'  itemprop=\"datePublished\" datetime=\"2025-04-25T17:39:38+02:00\" >25 avril 2025<\/time><\/div><\/footer><span class='hidden'>\n\t\t\t\t<span class='av-structured-data'  itemprop=\"image\" itemscope=\"itemscope\" itemtype=\"https:\/\/schema.org\/ImageObject\" >\n\t\t\t\t\t\t<span itemprop='url'>https:\/\/www.transports-coue.fr\/wp-content\/uploads\/2025\/04\/groupe-coue-trm-visite-eleves-bts-gtla-web-min-1.webp<\/span>\n\t\t\t\t\t\t<span itemprop='height'>642<\/span>\n\t\t\t\t\t\t<span itemprop='width'>1690<\/span>\n\t\t\t\t<\/span>\n\t\t\t\t<span class='av-structured-data'  itemprop=\"publisher\" itemtype=\"https:\/\/schema.org\/Organization\" itemscope=\"itemscope\" >\n\t\t\t\t\t\t<span itemprop='name'>Transports Cou\u00e9<\/span>\n\t\t\t\t\t\t<span itemprop='logo' itemscope itemtype='https:\/\/schema.org\/ImageObject'>\n\t\t\t\t\t\t\t<span itemprop='url'>https:\/\/www.transports-coue.fr\/wp-content\/uploads\/2018\/10\/Logo-transports-coue-300x119.png<\/span>\n\t\t\t\t\t\t<\/span>\n\t\t\t\t<\/span><span class='av-structured-data'  itemprop=\"author\" itemscope=\"itemscope\" itemtype=\"https:\/\/schema.org\/Person\" ><span itemprop='name'>Transports Cou\u00e9<\/span><\/span><span class='av-structured-data'  itemprop=\"datePublished\" datetime=\"2018-10-04T10:16:12+02:00\" >2025-04-25 17:39:38<\/span><span class='av-structured-data'  itemprop=\"dateModified\" itemtype=\"https:\/\/schema.org\/dateModified\" >2025-04-25 17:42:41<\/span><span class='av-structured-data'  itemprop=\"mainEntityOfPage\" itemtype=\"https:\/\/schema.org\/mainEntityOfPage\" ><span itemprop='name'>Une journ\u00e9e d&rsquo;\u00e9changes avec les 1\u00e8res ann\u00e9es du BTS GTLA de Laval (53, Mayenne)<\/span><\/span><\/span><\/article><article class='slide-entry flex_column  post-entry post-entry-11805 slide-entry-overview slide-loop-23 slide-parity-even  av_one_third  real-thumbnail posttype-post post-format-standard'  itemscope=\"itemscope\" itemtype=\"https:\/\/schema.org\/CreativeWork\" ><a href='https:\/\/www.transports-coue.fr\/fr\/retour-en-images-sur-la-visite-de-nos-sites-par-les-dirigeants-regionaux-de-notre-groupement-evolutrans\/' data-rel='slide-2' class='slide-image' title='Retour en images sur la visite de nos sites par les Dirigeants R\u00e9gionaux de notre groupement Evolutrans'><img decoding=\"async\" fetchpriority=\"high\" width=\"1690\" height=\"642\" src=\"https:\/\/www.transports-coue.fr\/wp-content\/uploads\/2025\/03\/Groupe-coue-reunion-dirigeants-evolutrans-mars-2025-web.webp\" class=\"wp-image-11806 avia-img-lazy-loading-not-11806 attachment-no scaling size-no scaling wp-post-image\" alt=\"R\u00e9union des dirigeants r\u00e9gionaux d&#039;Evolutrans chez Groupe Cou\u00e9 TRM\" srcset=\"https:\/\/www.transports-coue.fr\/wp-content\/uploads\/2025\/03\/Groupe-coue-reunion-dirigeants-evolutrans-mars-2025-web.webp 1690w, https:\/\/www.transports-coue.fr\/wp-content\/uploads\/2025\/03\/Groupe-coue-reunion-dirigeants-evolutrans-mars-2025-web-300x114.webp 300w, https:\/\/www.transports-coue.fr\/wp-content\/uploads\/2025\/03\/Groupe-coue-reunion-dirigeants-evolutrans-mars-2025-web-1030x391.webp 1030w, https:\/\/www.transports-coue.fr\/wp-content\/uploads\/2025\/03\/Groupe-coue-reunion-dirigeants-evolutrans-mars-2025-web-80x30.webp 80w, https:\/\/www.transports-coue.fr\/wp-content\/uploads\/2025\/03\/Groupe-coue-reunion-dirigeants-evolutrans-mars-2025-web-768x292.webp 768w, https:\/\/www.transports-coue.fr\/wp-content\/uploads\/2025\/03\/Groupe-coue-reunion-dirigeants-evolutrans-mars-2025-web-1536x583.webp 1536w, https:\/\/www.transports-coue.fr\/wp-content\/uploads\/2025\/03\/Groupe-coue-reunion-dirigeants-evolutrans-mars-2025-web-1500x570.webp 1500w, https:\/\/www.transports-coue.fr\/wp-content\/uploads\/2025\/03\/Groupe-coue-reunion-dirigeants-evolutrans-mars-2025-web-705x268.webp 705w, https:\/\/www.transports-coue.fr\/wp-content\/uploads\/2025\/03\/Groupe-coue-reunion-dirigeants-evolutrans-mars-2025-web-845x321.webp 845w\" sizes=\"(max-width: 1690px) 100vw, 1690px\" \/><\/a><div class=\"slide-content\"><header class=\"entry-content-header\" aria-label=\"Slide: Retour en images sur la visite de nos sites par les Dirigeants R\u00e9gionaux de notre groupement Evolutrans\"><h3 class='slide-entry-title entry-title '  itemprop=\"headline\" ><a href='https:\/\/www.transports-coue.fr\/fr\/retour-en-images-sur-la-visite-de-nos-sites-par-les-dirigeants-regionaux-de-notre-groupement-evolutrans\/' title='Retour en images sur la visite de nos sites par les Dirigeants R\u00e9gionaux de notre groupement Evolutrans'>Retour en images sur la visite de nos sites par les Dirigeants R\u00e9gionaux de notre groupement Evolutrans<\/a><\/h3><span class=\"blog-categories minor-meta\"><a href=\"https:\/\/www.transports-coue.fr\/fr\/category\/actualites\/\" rel=\"tag\">Actualit\u00e9s<\/a>, <a href=\"https:\/\/www.transports-coue.fr\/fr\/category\/actualites\/evenements\/\" rel=\"tag\">Ev\u00e9nements<\/a> <\/span><span class=\"av-vertical-delimiter\"><\/span><\/header><div class='slide-entry-excerpt entry-content'  itemprop=\"text\" >\n\n\n\nCe 19 mars, nous avons eu le plaisir d\u2019accueillir la R\u00e9union des Dirigeants R\u00e9gionaux de notre groupement Evolutrans.\nAu programme :\u2705 Une journ\u00e9e riche en \u00e9changes, en r\u00e9flexions strat\u00e9giques et constructives sur les enjeux de\u2026<div class=\"read-more-link\"><a href=\"https:\/\/www.transports-coue.fr\/fr\/retour-en-images-sur-la-visite-de-nos-sites-par-les-dirigeants-regionaux-de-notre-groupement-evolutrans\/\" class=\"more-link\">Lire la suite<span class='more-link-arrow avia-svg-icon avia-font-svg_entypo-fontello' data-av_svg_icon='right-open-big' data-av_iconset='svg_entypo-fontello'><svg version=\"1.1\" xmlns=\"http:\/\/www.w3.org\/2000\/svg\" width=\"15\" height=\"32\" viewBox=\"0 0 15 32\" preserveAspectRatio=\"xMidYMid meet\" role=\"graphics-symbol\" aria-hidden=\"true\">\n<path d=\"M0.416 27.84l11.456-11.84-11.456-11.904q-0.832-0.832 0-1.536 0.832-0.832 1.536 0l12.544 12.608q0.768 0.832 0 1.6l-12.544 12.608q-0.704 0.832-1.536 0-0.832-0.704 0-1.536z\"><\/path>\n<\/svg><\/span><\/a><\/div><\/div><\/div><footer class=\"entry-footer\"><div class=\"slide-meta\"><time class='slide-meta-time updated'  itemprop=\"datePublished\" datetime=\"2025-03-27T16:40:08+01:00\" >27 mars 2025<\/time><\/div><\/footer><span class='hidden'>\n\t\t\t\t<span class='av-structured-data'  itemprop=\"image\" itemscope=\"itemscope\" itemtype=\"https:\/\/schema.org\/ImageObject\" >\n\t\t\t\t\t\t<span itemprop='url'>https:\/\/www.transports-coue.fr\/wp-content\/uploads\/2025\/03\/Groupe-coue-reunion-dirigeants-evolutrans-mars-2025-web.webp<\/span>\n\t\t\t\t\t\t<span itemprop='height'>642<\/span>\n\t\t\t\t\t\t<span itemprop='width'>1690<\/span>\n\t\t\t\t<\/span>\n\t\t\t\t<span class='av-structured-data'  itemprop=\"publisher\" itemtype=\"https:\/\/schema.org\/Organization\" itemscope=\"itemscope\" >\n\t\t\t\t\t\t<span itemprop='name'>Transports Cou\u00e9<\/span>\n\t\t\t\t\t\t<span itemprop='logo' itemscope itemtype='https:\/\/schema.org\/ImageObject'>\n\t\t\t\t\t\t\t<span itemprop='url'>https:\/\/www.transports-coue.fr\/wp-content\/uploads\/2018\/10\/Logo-transports-coue-300x119.png<\/span>\n\t\t\t\t\t\t<\/span>\n\t\t\t\t<\/span><span class='av-structured-data'  itemprop=\"author\" itemscope=\"itemscope\" itemtype=\"https:\/\/schema.org\/Person\" ><span itemprop='name'>Transports Cou\u00e9<\/span><\/span><span class='av-structured-data'  itemprop=\"datePublished\" datetime=\"2018-10-04T10:16:12+02:00\" >2025-03-27 16:40:08<\/span><span class='av-structured-data'  itemprop=\"dateModified\" itemtype=\"https:\/\/schema.org\/dateModified\" >2025-03-27 17:11:20<\/span><span class='av-structured-data'  itemprop=\"mainEntityOfPage\" itemtype=\"https:\/\/schema.org\/mainEntityOfPage\" ><span itemprop='name'>Retour en images sur la visite de nos sites par les Dirigeants R\u00e9gionaux de notre groupement Evolutrans<\/span><\/span><\/span><\/article><article class='slide-entry flex_column  post-entry post-entry-11679 slide-entry-overview slide-loop-24 slide-parity-odd  av_one_third  real-thumbnail posttype-post post-format-standard'  itemscope=\"itemscope\" itemtype=\"https:\/\/schema.org\/CreativeWork\" ><a href='https:\/\/www.transports-coue.fr\/fr\/rencontrez-nous-au-forum-de-lemploi-a-laval-le-20-mars\/' data-rel='slide-2' class='slide-image' title='Rencontrez-nous au Forum de l&#8217;emploi \u00e0 Laval le 20 mars !'><img decoding=\"async\" fetchpriority=\"high\" width=\"1690\" height=\"642\" src=\"https:\/\/www.transports-coue.fr\/wp-content\/uploads\/2025\/03\/groupe-coue-au-forum-de-lemploi-laval-2025-web.webp\" class=\"wp-image-11682 avia-img-lazy-loading-not-11682 attachment-no scaling size-no scaling wp-post-image\" alt=\"Groupe Cou\u00e9 TRM au forum emploi de Laval\" srcset=\"https:\/\/www.transports-coue.fr\/wp-content\/uploads\/2025\/03\/groupe-coue-au-forum-de-lemploi-laval-2025-web.webp 1690w, https:\/\/www.transports-coue.fr\/wp-content\/uploads\/2025\/03\/groupe-coue-au-forum-de-lemploi-laval-2025-web-300x114.webp 300w, https:\/\/www.transports-coue.fr\/wp-content\/uploads\/2025\/03\/groupe-coue-au-forum-de-lemploi-laval-2025-web-1030x391.webp 1030w, https:\/\/www.transports-coue.fr\/wp-content\/uploads\/2025\/03\/groupe-coue-au-forum-de-lemploi-laval-2025-web-80x30.webp 80w, https:\/\/www.transports-coue.fr\/wp-content\/uploads\/2025\/03\/groupe-coue-au-forum-de-lemploi-laval-2025-web-768x292.webp 768w, https:\/\/www.transports-coue.fr\/wp-content\/uploads\/2025\/03\/groupe-coue-au-forum-de-lemploi-laval-2025-web-1536x583.webp 1536w, https:\/\/www.transports-coue.fr\/wp-content\/uploads\/2025\/03\/groupe-coue-au-forum-de-lemploi-laval-2025-web-1500x570.webp 1500w, https:\/\/www.transports-coue.fr\/wp-content\/uploads\/2025\/03\/groupe-coue-au-forum-de-lemploi-laval-2025-web-705x268.webp 705w, https:\/\/www.transports-coue.fr\/wp-content\/uploads\/2025\/03\/groupe-coue-au-forum-de-lemploi-laval-2025-web-845x321.webp 845w\" sizes=\"(max-width: 1690px) 100vw, 1690px\" \/><\/a><div class=\"slide-content\"><header class=\"entry-content-header\" aria-label=\"Slide: Rencontrez-nous au Forum de l&#039;emploi \u00e0 Laval le 20 mars !\"><h3 class='slide-entry-title entry-title '  itemprop=\"headline\" ><a href='https:\/\/www.transports-coue.fr\/fr\/rencontrez-nous-au-forum-de-lemploi-a-laval-le-20-mars\/' title='Rencontrez-nous au Forum de l&#8217;emploi \u00e0 Laval le 20 mars !'>Rencontrez-nous au Forum de l&#8217;emploi \u00e0 Laval le 20 mars !<\/a><\/h3><span class=\"blog-categories minor-meta\"><a href=\"https:\/\/www.transports-coue.fr\/fr\/category\/actualites\/\" rel=\"tag\">Actualit\u00e9s<\/a>, <a href=\"https:\/\/www.transports-coue.fr\/fr\/category\/actualites\/evenements\/\" rel=\"tag\">Ev\u00e9nements<\/a> <\/span><span class=\"av-vertical-delimiter\"><\/span><\/header><div class='slide-entry-excerpt entry-content'  itemprop=\"text\" >\ud83d\udce2 On se retrouve au Forum de l'emploi \u00e0 Laval (53) ! \ud83d\ude80\nLe 20 mars, rencontrez-nous\ud83d\udccd \u00e0 l\u2019Espace Mayenne de Laval pour une journ\u00e9e 100 % opportunit\u00e9s !\nL\u2019occasion id\u00e9ale de vous pr\u00e9senter nos m\u00e9tiers dans le secteur \ud83d\ude9b du\u2026<div class=\"read-more-link\"><a href=\"https:\/\/www.transports-coue.fr\/fr\/rencontrez-nous-au-forum-de-lemploi-a-laval-le-20-mars\/\" class=\"more-link\">Lire la suite<span class='more-link-arrow avia-svg-icon avia-font-svg_entypo-fontello' data-av_svg_icon='right-open-big' data-av_iconset='svg_entypo-fontello'><svg version=\"1.1\" xmlns=\"http:\/\/www.w3.org\/2000\/svg\" width=\"15\" height=\"32\" viewBox=\"0 0 15 32\" preserveAspectRatio=\"xMidYMid meet\" role=\"graphics-symbol\" aria-hidden=\"true\">\n<path d=\"M0.416 27.84l11.456-11.84-11.456-11.904q-0.832-0.832 0-1.536 0.832-0.832 1.536 0l12.544 12.608q0.768 0.832 0 1.6l-12.544 12.608q-0.704 0.832-1.536 0-0.832-0.704 0-1.536z\"><\/path>\n<\/svg><\/span><\/a><\/div><\/div><\/div><footer class=\"entry-footer\"><div class=\"slide-meta\"><time class='slide-meta-time updated'  itemprop=\"datePublished\" datetime=\"2025-03-12T11:12:04+01:00\" >12 mars 2025<\/time><\/div><\/footer><span class='hidden'>\n\t\t\t\t<span class='av-structured-data'  itemprop=\"image\" itemscope=\"itemscope\" itemtype=\"https:\/\/schema.org\/ImageObject\" >\n\t\t\t\t\t\t<span itemprop='url'>https:\/\/www.transports-coue.fr\/wp-content\/uploads\/2025\/03\/groupe-coue-au-forum-de-lemploi-laval-2025-web.webp<\/span>\n\t\t\t\t\t\t<span itemprop='height'>642<\/span>\n\t\t\t\t\t\t<span itemprop='width'>1690<\/span>\n\t\t\t\t<\/span>\n\t\t\t\t<span class='av-structured-data'  itemprop=\"publisher\" itemtype=\"https:\/\/schema.org\/Organization\" itemscope=\"itemscope\" >\n\t\t\t\t\t\t<span itemprop='name'>Transports Cou\u00e9<\/span>\n\t\t\t\t\t\t<span itemprop='logo' itemscope itemtype='https:\/\/schema.org\/ImageObject'>\n\t\t\t\t\t\t\t<span itemprop='url'>https:\/\/www.transports-coue.fr\/wp-content\/uploads\/2018\/10\/Logo-transports-coue-300x119.png<\/span>\n\t\t\t\t\t\t<\/span>\n\t\t\t\t<\/span><span class='av-structured-data'  itemprop=\"author\" itemscope=\"itemscope\" itemtype=\"https:\/\/schema.org\/Person\" ><span itemprop='name'>Transports Cou\u00e9<\/span><\/span><span class='av-structured-data'  itemprop=\"datePublished\" datetime=\"2018-10-04T10:16:12+02:00\" >2025-03-12 11:12:04<\/span><span class='av-structured-data'  itemprop=\"dateModified\" itemtype=\"https:\/\/schema.org\/dateModified\" >2025-03-12 11:12:06<\/span><span class='av-structured-data'  itemprop=\"mainEntityOfPage\" itemtype=\"https:\/\/schema.org\/mainEntityOfPage\" ><span itemprop='name'>Rencontrez-nous au Forum de l&#8217;emploi \u00e0 Laval le 20 mars !<\/span><\/span><\/span><\/article><\/div><div class=\"slide-entry-wrap\"><article class='slide-entry flex_column  post-entry post-entry-11507 slide-entry-overview slide-loop-25 slide-parity-odd  av_one_third first real-thumbnail posttype-post post-format-standard'  itemscope=\"itemscope\" itemtype=\"https:\/\/schema.org\/CreativeWork\" ><a href='https:\/\/www.transports-coue.fr\/fr\/comex-40-nos-initiatives-pour-attirer-de-nouveaux-talents-en-mayenne\/' data-rel='slide-2' class='slide-image' title='Notre retour d&rsquo;exp\u00e9rience sur les initiatives pour attirer de nouveaux talents en Mayenne !'><img decoding=\"async\" fetchpriority=\"high\" width=\"1690\" height=\"642\" src=\"https:\/\/www.transports-coue.fr\/wp-content\/uploads\/2025\/02\/Groupe-coue-trm-comex-40-mayenne.webp\" class=\"wp-image-11508 avia-img-lazy-loading-not-11508 attachment-no scaling size-no scaling wp-post-image\" alt=\"Groupe Cou\u00e9 TRM au Comex 40 Mayenne\" srcset=\"https:\/\/www.transports-coue.fr\/wp-content\/uploads\/2025\/02\/Groupe-coue-trm-comex-40-mayenne.webp 1690w, https:\/\/www.transports-coue.fr\/wp-content\/uploads\/2025\/02\/Groupe-coue-trm-comex-40-mayenne-300x114.webp 300w, https:\/\/www.transports-coue.fr\/wp-content\/uploads\/2025\/02\/Groupe-coue-trm-comex-40-mayenne-1030x391.webp 1030w, https:\/\/www.transports-coue.fr\/wp-content\/uploads\/2025\/02\/Groupe-coue-trm-comex-40-mayenne-80x30.webp 80w, https:\/\/www.transports-coue.fr\/wp-content\/uploads\/2025\/02\/Groupe-coue-trm-comex-40-mayenne-768x292.webp 768w, https:\/\/www.transports-coue.fr\/wp-content\/uploads\/2025\/02\/Groupe-coue-trm-comex-40-mayenne-1536x583.webp 1536w, https:\/\/www.transports-coue.fr\/wp-content\/uploads\/2025\/02\/Groupe-coue-trm-comex-40-mayenne-1500x570.webp 1500w, https:\/\/www.transports-coue.fr\/wp-content\/uploads\/2025\/02\/Groupe-coue-trm-comex-40-mayenne-705x268.webp 705w, https:\/\/www.transports-coue.fr\/wp-content\/uploads\/2025\/02\/Groupe-coue-trm-comex-40-mayenne-845x321.webp 845w\" sizes=\"(max-width: 1690px) 100vw, 1690px\" \/><\/a><div class=\"slide-content\"><header class=\"entry-content-header\" aria-label=\"Slide: Notre retour d&#039;exp\u00e9rience sur les initiatives pour attirer de nouveaux talents en Mayenne !\"><h3 class='slide-entry-title entry-title '  itemprop=\"headline\" ><a href='https:\/\/www.transports-coue.fr\/fr\/comex-40-nos-initiatives-pour-attirer-de-nouveaux-talents-en-mayenne\/' title='Notre retour d&rsquo;exp\u00e9rience sur les initiatives pour attirer de nouveaux talents en Mayenne !'>Notre retour d&rsquo;exp\u00e9rience sur les initiatives pour attirer de nouveaux talents en Mayenne !<\/a><\/h3><span class=\"blog-categories minor-meta\"><a href=\"https:\/\/www.transports-coue.fr\/fr\/category\/actualites\/\" rel=\"tag\">Actualit\u00e9s<\/a>, <a href=\"https:\/\/www.transports-coue.fr\/fr\/category\/actualites\/evenements\/\" rel=\"tag\">Ev\u00e9nements<\/a> <\/span><span class=\"av-vertical-delimiter\"><\/span><\/header><div class='slide-entry-excerpt entry-content'  itemprop=\"text\" >Une mobilisation collective pour l'attractivit\u00e9 du territoire Mayennais !\nHier soir, 27 f\u00e9vrier, le \ud835\uddd6\ud835\udde2\ud835\udde0\ud835\uddd8\ud835\uddeb \ud835\udff0\ud835\udfec \ud835\uddf1\ud835\uddf2 \ud835\udde0\ud835\uddee\ud835\ude06\ud835\uddf2\ud835\uddfb\ud835\uddfb\ud835\uddf2 compos\u00e9 d'entreprises, d'\u00e9lus et d'acteurs locaux s'est r\u00e9uni pour \u00e9changer\u2026<div class=\"read-more-link\"><a href=\"https:\/\/www.transports-coue.fr\/fr\/comex-40-nos-initiatives-pour-attirer-de-nouveaux-talents-en-mayenne\/\" class=\"more-link\">Lire la suite<span class='more-link-arrow avia-svg-icon avia-font-svg_entypo-fontello' data-av_svg_icon='right-open-big' data-av_iconset='svg_entypo-fontello'><svg version=\"1.1\" xmlns=\"http:\/\/www.w3.org\/2000\/svg\" width=\"15\" height=\"32\" viewBox=\"0 0 15 32\" preserveAspectRatio=\"xMidYMid meet\" role=\"graphics-symbol\" aria-hidden=\"true\">\n<path d=\"M0.416 27.84l11.456-11.84-11.456-11.904q-0.832-0.832 0-1.536 0.832-0.832 1.536 0l12.544 12.608q0.768 0.832 0 1.6l-12.544 12.608q-0.704 0.832-1.536 0-0.832-0.704 0-1.536z\"><\/path>\n<\/svg><\/span><\/a><\/div><\/div><\/div><footer class=\"entry-footer\"><div class=\"slide-meta\"><time class='slide-meta-time updated'  itemprop=\"datePublished\" datetime=\"2025-02-28T16:24:02+01:00\" >28 f\u00e9vrier 2025<\/time><\/div><\/footer><span class='hidden'>\n\t\t\t\t<span class='av-structured-data'  itemprop=\"image\" itemscope=\"itemscope\" itemtype=\"https:\/\/schema.org\/ImageObject\" >\n\t\t\t\t\t\t<span itemprop='url'>https:\/\/www.transports-coue.fr\/wp-content\/uploads\/2025\/02\/Groupe-coue-trm-comex-40-mayenne.webp<\/span>\n\t\t\t\t\t\t<span itemprop='height'>642<\/span>\n\t\t\t\t\t\t<span itemprop='width'>1690<\/span>\n\t\t\t\t<\/span>\n\t\t\t\t<span class='av-structured-data'  itemprop=\"publisher\" itemtype=\"https:\/\/schema.org\/Organization\" itemscope=\"itemscope\" >\n\t\t\t\t\t\t<span itemprop='name'>Transports Cou\u00e9<\/span>\n\t\t\t\t\t\t<span itemprop='logo' itemscope itemtype='https:\/\/schema.org\/ImageObject'>\n\t\t\t\t\t\t\t<span itemprop='url'>https:\/\/www.transports-coue.fr\/wp-content\/uploads\/2018\/10\/Logo-transports-coue-300x119.png<\/span>\n\t\t\t\t\t\t<\/span>\n\t\t\t\t<\/span><span class='av-structured-data'  itemprop=\"author\" itemscope=\"itemscope\" itemtype=\"https:\/\/schema.org\/Person\" ><span itemprop='name'>Transports Cou\u00e9<\/span><\/span><span class='av-structured-data'  itemprop=\"datePublished\" datetime=\"2018-10-04T10:16:12+02:00\" >2025-02-28 16:24:02<\/span><span class='av-structured-data'  itemprop=\"dateModified\" itemtype=\"https:\/\/schema.org\/dateModified\" >2025-03-04 09:15:44<\/span><span class='av-structured-data'  itemprop=\"mainEntityOfPage\" itemtype=\"https:\/\/schema.org\/mainEntityOfPage\" ><span itemprop='name'>Notre retour d&rsquo;exp\u00e9rience sur les initiatives pour attirer de nouveaux talents en Mayenne !<\/span><\/span><\/span><\/article><article class='slide-entry flex_column  post-entry post-entry-11461 slide-entry-overview slide-loop-26 slide-parity-even  av_one_third  real-thumbnail posttype-post post-format-standard'  itemscope=\"itemscope\" itemtype=\"https:\/\/schema.org\/CreativeWork\" ><a href='https:\/\/www.transports-coue.fr\/fr\/notre-intervention-rse-a-laftec-de-laval-53\/' data-rel='slide-2' class='slide-image' title='Notre intervention RSE \u00e0 l&rsquo;AFTEC de Laval (53)'><img decoding=\"async\" fetchpriority=\"high\" width=\"1252\" height=\"475\" src=\"https:\/\/www.transports-coue.fr\/wp-content\/uploads\/2025\/02\/groupe-coue-trm-intervention-rse-aftec-laval.webp\" class=\"wp-image-11459 avia-img-lazy-loading-not-11459 attachment-no scaling size-no scaling wp-post-image\" alt=\"Intervention RSE \u00e0 l&#039;AFTEC Laval\" srcset=\"https:\/\/www.transports-coue.fr\/wp-content\/uploads\/2025\/02\/groupe-coue-trm-intervention-rse-aftec-laval.webp 1252w, https:\/\/www.transports-coue.fr\/wp-content\/uploads\/2025\/02\/groupe-coue-trm-intervention-rse-aftec-laval-300x114.webp 300w, https:\/\/www.transports-coue.fr\/wp-content\/uploads\/2025\/02\/groupe-coue-trm-intervention-rse-aftec-laval-1030x391.webp 1030w, https:\/\/www.transports-coue.fr\/wp-content\/uploads\/2025\/02\/groupe-coue-trm-intervention-rse-aftec-laval-80x30.webp 80w, https:\/\/www.transports-coue.fr\/wp-content\/uploads\/2025\/02\/groupe-coue-trm-intervention-rse-aftec-laval-768x291.webp 768w, https:\/\/www.transports-coue.fr\/wp-content\/uploads\/2025\/02\/groupe-coue-trm-intervention-rse-aftec-laval-705x267.webp 705w, https:\/\/www.transports-coue.fr\/wp-content\/uploads\/2025\/02\/groupe-coue-trm-intervention-rse-aftec-laval-845x321.webp 845w\" sizes=\"(max-width: 1252px) 100vw, 1252px\" \/><\/a><div class=\"slide-content\"><header class=\"entry-content-header\" aria-label=\"Slide: Notre intervention RSE \u00e0 l&#039;AFTEC de Laval (53)\"><h3 class='slide-entry-title entry-title '  itemprop=\"headline\" ><a href='https:\/\/www.transports-coue.fr\/fr\/notre-intervention-rse-a-laftec-de-laval-53\/' title='Notre intervention RSE \u00e0 l&rsquo;AFTEC de Laval (53)'>Notre intervention RSE \u00e0 l&rsquo;AFTEC de Laval (53)<\/a><\/h3><span class=\"blog-categories minor-meta\"><a href=\"https:\/\/www.transports-coue.fr\/fr\/category\/actualites\/\" rel=\"tag\">Actualit\u00e9s<\/a>, <a href=\"https:\/\/www.transports-coue.fr\/fr\/category\/actualites\/evenements\/\" rel=\"tag\">Ev\u00e9nements<\/a> <\/span><span class=\"av-vertical-delimiter\"><\/span><\/header><div class='slide-entry-excerpt entry-content'  itemprop=\"text\" >Nous sommes toujours ravis de pouvoir partager notre exp\u00e9rience terrain aupr\u00e8s de jeunes en formation transport \ud83d\ude9b\n\ud83d\udccd Cette fois-ci, c\u2019\u00e9tait pour parler RSE (Responsabilit\u00e9 Soci\u00e9tale des Entreprises)\u00a0\ud83c\udf31 \u00e0 l\u2019AFTEC Laval.\n\n\ud83c\udfa4\u2026<div class=\"read-more-link\"><a href=\"https:\/\/www.transports-coue.fr\/fr\/notre-intervention-rse-a-laftec-de-laval-53\/\" class=\"more-link\">Lire la suite<span class='more-link-arrow avia-svg-icon avia-font-svg_entypo-fontello' data-av_svg_icon='right-open-big' data-av_iconset='svg_entypo-fontello'><svg version=\"1.1\" xmlns=\"http:\/\/www.w3.org\/2000\/svg\" width=\"15\" height=\"32\" viewBox=\"0 0 15 32\" preserveAspectRatio=\"xMidYMid meet\" role=\"graphics-symbol\" aria-hidden=\"true\">\n<path d=\"M0.416 27.84l11.456-11.84-11.456-11.904q-0.832-0.832 0-1.536 0.832-0.832 1.536 0l12.544 12.608q0.768 0.832 0 1.6l-12.544 12.608q-0.704 0.832-1.536 0-0.832-0.704 0-1.536z\"><\/path>\n<\/svg><\/span><\/a><\/div><\/div><\/div><footer class=\"entry-footer\"><div class=\"slide-meta\"><time class='slide-meta-time updated'  itemprop=\"datePublished\" datetime=\"2025-02-13T14:08:14+01:00\" >13 f\u00e9vrier 2025<\/time><\/div><\/footer><span class='hidden'>\n\t\t\t\t<span class='av-structured-data'  itemprop=\"image\" itemscope=\"itemscope\" itemtype=\"https:\/\/schema.org\/ImageObject\" >\n\t\t\t\t\t\t<span itemprop='url'>https:\/\/www.transports-coue.fr\/wp-content\/uploads\/2025\/02\/groupe-coue-trm-intervention-rse-aftec-laval.webp<\/span>\n\t\t\t\t\t\t<span itemprop='height'>475<\/span>\n\t\t\t\t\t\t<span itemprop='width'>1252<\/span>\n\t\t\t\t<\/span>\n\t\t\t\t<span class='av-structured-data'  itemprop=\"publisher\" itemtype=\"https:\/\/schema.org\/Organization\" itemscope=\"itemscope\" >\n\t\t\t\t\t\t<span itemprop='name'>Transports Cou\u00e9<\/span>\n\t\t\t\t\t\t<span itemprop='logo' itemscope itemtype='https:\/\/schema.org\/ImageObject'>\n\t\t\t\t\t\t\t<span itemprop='url'>https:\/\/www.transports-coue.fr\/wp-content\/uploads\/2018\/10\/Logo-transports-coue-300x119.png<\/span>\n\t\t\t\t\t\t<\/span>\n\t\t\t\t<\/span><span class='av-structured-data'  itemprop=\"author\" itemscope=\"itemscope\" itemtype=\"https:\/\/schema.org\/Person\" ><span itemprop='name'>Transports Cou\u00e9<\/span><\/span><span class='av-structured-data'  itemprop=\"datePublished\" datetime=\"2018-10-04T10:16:12+02:00\" >2025-02-13 14:08:14<\/span><span class='av-structured-data'  itemprop=\"dateModified\" itemtype=\"https:\/\/schema.org\/dateModified\" >2025-02-13 14:08:15<\/span><span class='av-structured-data'  itemprop=\"mainEntityOfPage\" itemtype=\"https:\/\/schema.org\/mainEntityOfPage\" ><span itemprop='name'>Notre intervention RSE \u00e0 l&rsquo;AFTEC de Laval (53)<\/span><\/span><\/span><\/article><article class='slide-entry flex_column  post-entry post-entry-11451 slide-entry-overview slide-loop-27 slide-parity-odd  av_one_third  real-thumbnail posttype-post post-format-standard'  itemscope=\"itemscope\" itemtype=\"https:\/\/schema.org\/CreativeWork\" ><a href='https:\/\/www.transports-coue.fr\/fr\/retour-sur-notre-soiree-entreprise-du-25-janvier\/' data-rel='slide-2' class='slide-image' title='Retour sur notre soir\u00e9e entreprise du 25 janvier'><img decoding=\"async\" fetchpriority=\"high\" width=\"1690\" height=\"642\" src=\"https:\/\/www.transports-coue.fr\/wp-content\/uploads\/2025\/02\/groupe-coue-soiree-entreprise-2025-web-1.webp\" class=\"wp-image-11452 avia-img-lazy-loading-not-11452 attachment-no scaling size-no scaling wp-post-image\" alt=\"Groupe Cou\u00e9 TRM soir\u00e9e entreprise 2025\" srcset=\"https:\/\/www.transports-coue.fr\/wp-content\/uploads\/2025\/02\/groupe-coue-soiree-entreprise-2025-web-1.webp 1690w, https:\/\/www.transports-coue.fr\/wp-content\/uploads\/2025\/02\/groupe-coue-soiree-entreprise-2025-web-1-300x114.webp 300w, https:\/\/www.transports-coue.fr\/wp-content\/uploads\/2025\/02\/groupe-coue-soiree-entreprise-2025-web-1-1030x391.webp 1030w, https:\/\/www.transports-coue.fr\/wp-content\/uploads\/2025\/02\/groupe-coue-soiree-entreprise-2025-web-1-80x30.webp 80w, https:\/\/www.transports-coue.fr\/wp-content\/uploads\/2025\/02\/groupe-coue-soiree-entreprise-2025-web-1-768x292.webp 768w, https:\/\/www.transports-coue.fr\/wp-content\/uploads\/2025\/02\/groupe-coue-soiree-entreprise-2025-web-1-1536x583.webp 1536w, https:\/\/www.transports-coue.fr\/wp-content\/uploads\/2025\/02\/groupe-coue-soiree-entreprise-2025-web-1-1500x570.webp 1500w, https:\/\/www.transports-coue.fr\/wp-content\/uploads\/2025\/02\/groupe-coue-soiree-entreprise-2025-web-1-705x268.webp 705w, https:\/\/www.transports-coue.fr\/wp-content\/uploads\/2025\/02\/groupe-coue-soiree-entreprise-2025-web-1-845x321.webp 845w\" sizes=\"(max-width: 1690px) 100vw, 1690px\" \/><\/a><div class=\"slide-content\"><header class=\"entry-content-header\" aria-label=\"Slide: Retour sur notre soir\u00e9e entreprise du 25 janvier\"><h3 class='slide-entry-title entry-title '  itemprop=\"headline\" ><a href='https:\/\/www.transports-coue.fr\/fr\/retour-sur-notre-soiree-entreprise-du-25-janvier\/' title='Retour sur notre soir\u00e9e entreprise du 25 janvier'>Retour sur notre soir\u00e9e entreprise du 25 janvier<\/a><\/h3><span class=\"blog-categories minor-meta\"><a href=\"https:\/\/www.transports-coue.fr\/fr\/category\/actualites\/\" rel=\"tag\">Actualit\u00e9s<\/a>, <a href=\"https:\/\/www.transports-coue.fr\/fr\/category\/actualites\/evenements\/\" rel=\"tag\">Ev\u00e9nements<\/a> <\/span><span class=\"av-vertical-delimiter\"><\/span><\/header><div class='slide-entry-excerpt entry-content'  itemprop=\"text\" >\u2728En photo \ud83d\udcf8 la soir\u00e9e r\u00e9unissant toutes nos \u00e9quipes des Transports Cou\u00e9, TRM, ELM, TCM &amp; Sotecan International \u2728\nSamedi dernier, nous nous sommes retrouv\u00e9s \u00e0 la Fabrique &amp; Co avec nos conjoints pour une belle soir\u00e9e conviviale\u2026<div class=\"read-more-link\"><a href=\"https:\/\/www.transports-coue.fr\/fr\/retour-sur-notre-soiree-entreprise-du-25-janvier\/\" class=\"more-link\">Lire la suite<span class='more-link-arrow avia-svg-icon avia-font-svg_entypo-fontello' data-av_svg_icon='right-open-big' data-av_iconset='svg_entypo-fontello'><svg version=\"1.1\" xmlns=\"http:\/\/www.w3.org\/2000\/svg\" width=\"15\" height=\"32\" viewBox=\"0 0 15 32\" preserveAspectRatio=\"xMidYMid meet\" role=\"graphics-symbol\" aria-hidden=\"true\">\n<path d=\"M0.416 27.84l11.456-11.84-11.456-11.904q-0.832-0.832 0-1.536 0.832-0.832 1.536 0l12.544 12.608q0.768 0.832 0 1.6l-12.544 12.608q-0.704 0.832-1.536 0-0.832-0.704 0-1.536z\"><\/path>\n<\/svg><\/span><\/a><\/div><\/div><\/div><footer class=\"entry-footer\"><div class=\"slide-meta\"><time class='slide-meta-time updated'  itemprop=\"datePublished\" datetime=\"2025-02-10T19:05:34+01:00\" >10 f\u00e9vrier 2025<\/time><\/div><\/footer><span class='hidden'>\n\t\t\t\t<span class='av-structured-data'  itemprop=\"image\" itemscope=\"itemscope\" itemtype=\"https:\/\/schema.org\/ImageObject\" >\n\t\t\t\t\t\t<span itemprop='url'>https:\/\/www.transports-coue.fr\/wp-content\/uploads\/2025\/02\/groupe-coue-soiree-entreprise-2025-web-1.webp<\/span>\n\t\t\t\t\t\t<span itemprop='height'>642<\/span>\n\t\t\t\t\t\t<span itemprop='width'>1690<\/span>\n\t\t\t\t<\/span>\n\t\t\t\t<span class='av-structured-data'  itemprop=\"publisher\" itemtype=\"https:\/\/schema.org\/Organization\" itemscope=\"itemscope\" >\n\t\t\t\t\t\t<span itemprop='name'>Transports Cou\u00e9<\/span>\n\t\t\t\t\t\t<span itemprop='logo' itemscope itemtype='https:\/\/schema.org\/ImageObject'>\n\t\t\t\t\t\t\t<span itemprop='url'>https:\/\/www.transports-coue.fr\/wp-content\/uploads\/2018\/10\/Logo-transports-coue-300x119.png<\/span>\n\t\t\t\t\t\t<\/span>\n\t\t\t\t<\/span><span class='av-structured-data'  itemprop=\"author\" itemscope=\"itemscope\" itemtype=\"https:\/\/schema.org\/Person\" ><span itemprop='name'>Transports Cou\u00e9<\/span><\/span><span class='av-structured-data'  itemprop=\"datePublished\" datetime=\"2018-10-04T10:16:12+02:00\" >2025-02-10 19:05:34<\/span><span class='av-structured-data'  itemprop=\"dateModified\" itemtype=\"https:\/\/schema.org\/dateModified\" >2025-02-11 08:04:57<\/span><span class='av-structured-data'  itemprop=\"mainEntityOfPage\" itemtype=\"https:\/\/schema.org\/mainEntityOfPage\" ><span itemprop='name'>Retour sur notre soir\u00e9e entreprise du 25 janvier<\/span><\/span><\/span><\/article><\/div><div class=\"slide-entry-wrap\"><article class='slide-entry flex_column  post-entry post-entry-11417 slide-entry-overview slide-loop-28 slide-parity-odd  av_one_third first real-thumbnail posttype-post post-format-standard'  itemscope=\"itemscope\" itemtype=\"https:\/\/schema.org\/CreativeWork\" ><a href='https:\/\/www.transports-coue.fr\/fr\/rdv-le-samedi-1er-fevrier-a-laftral-de-laval-53\/' data-rel='slide-2' class='slide-image' title='RDV le samedi 1er f\u00e9vrier \u00e0 l&rsquo;Aftral de Laval (53)'><img decoding=\"async\" fetchpriority=\"high\" width=\"1690\" height=\"642\" src=\"https:\/\/www.transports-coue.fr\/wp-content\/uploads\/2025\/01\/groupe-coue-trm-portes-ouvertes-aftral-laval-web.webp\" class=\"wp-image-11418 avia-img-lazy-loading-not-11418 attachment-no scaling size-no scaling wp-post-image\" alt=\"Groupe Cou\u00e9 TRM aux Portes Ouvertes de l&#039;AFTRAL \u00e0 Laval\" srcset=\"https:\/\/www.transports-coue.fr\/wp-content\/uploads\/2025\/01\/groupe-coue-trm-portes-ouvertes-aftral-laval-web.webp 1690w, https:\/\/www.transports-coue.fr\/wp-content\/uploads\/2025\/01\/groupe-coue-trm-portes-ouvertes-aftral-laval-web-300x114.webp 300w, https:\/\/www.transports-coue.fr\/wp-content\/uploads\/2025\/01\/groupe-coue-trm-portes-ouvertes-aftral-laval-web-1030x391.webp 1030w, https:\/\/www.transports-coue.fr\/wp-content\/uploads\/2025\/01\/groupe-coue-trm-portes-ouvertes-aftral-laval-web-80x30.webp 80w, https:\/\/www.transports-coue.fr\/wp-content\/uploads\/2025\/01\/groupe-coue-trm-portes-ouvertes-aftral-laval-web-768x292.webp 768w, https:\/\/www.transports-coue.fr\/wp-content\/uploads\/2025\/01\/groupe-coue-trm-portes-ouvertes-aftral-laval-web-1536x583.webp 1536w, https:\/\/www.transports-coue.fr\/wp-content\/uploads\/2025\/01\/groupe-coue-trm-portes-ouvertes-aftral-laval-web-1500x570.webp 1500w, https:\/\/www.transports-coue.fr\/wp-content\/uploads\/2025\/01\/groupe-coue-trm-portes-ouvertes-aftral-laval-web-705x268.webp 705w, https:\/\/www.transports-coue.fr\/wp-content\/uploads\/2025\/01\/groupe-coue-trm-portes-ouvertes-aftral-laval-web-845x321.webp 845w\" sizes=\"(max-width: 1690px) 100vw, 1690px\" \/><\/a><div class=\"slide-content\"><header class=\"entry-content-header\" aria-label=\"Slide: RDV le samedi 1er f\u00e9vrier \u00e0 l&#039;Aftral de Laval (53)\"><h3 class='slide-entry-title entry-title '  itemprop=\"headline\" ><a href='https:\/\/www.transports-coue.fr\/fr\/rdv-le-samedi-1er-fevrier-a-laftral-de-laval-53\/' title='RDV le samedi 1er f\u00e9vrier \u00e0 l&rsquo;Aftral de Laval (53)'>RDV le samedi 1er f\u00e9vrier \u00e0 l&rsquo;Aftral de Laval (53)<\/a><\/h3><span class=\"blog-categories minor-meta\"><a href=\"https:\/\/www.transports-coue.fr\/fr\/category\/actualites\/\" rel=\"tag\">Actualit\u00e9s<\/a>, <a href=\"https:\/\/www.transports-coue.fr\/fr\/category\/actualites\/evenements\/\" rel=\"tag\">Ev\u00e9nements<\/a> <\/span><span class=\"av-vertical-delimiter\"><\/span><\/header><div class='slide-entry-excerpt entry-content'  itemprop=\"text\" >\ud83d\udce2 Nous serons pr\u00e9sents aux Portes Ouvertes de l'AFTRAL \u00e0 Laval (53, Mayenne)\nDavid, notre formateur, vous expliquera les m\u00e9tiers du Transport \ud83d\ude9b et de la Logistique, avec un camion de notre entreprise pour une immersion encore plus concr\u00e8te\u2026<div class=\"read-more-link\"><a href=\"https:\/\/www.transports-coue.fr\/fr\/rdv-le-samedi-1er-fevrier-a-laftral-de-laval-53\/\" class=\"more-link\">Lire la suite<span class='more-link-arrow avia-svg-icon avia-font-svg_entypo-fontello' data-av_svg_icon='right-open-big' data-av_iconset='svg_entypo-fontello'><svg version=\"1.1\" xmlns=\"http:\/\/www.w3.org\/2000\/svg\" width=\"15\" height=\"32\" viewBox=\"0 0 15 32\" preserveAspectRatio=\"xMidYMid meet\" role=\"graphics-symbol\" aria-hidden=\"true\">\n<path d=\"M0.416 27.84l11.456-11.84-11.456-11.904q-0.832-0.832 0-1.536 0.832-0.832 1.536 0l12.544 12.608q0.768 0.832 0 1.6l-12.544 12.608q-0.704 0.832-1.536 0-0.832-0.704 0-1.536z\"><\/path>\n<\/svg><\/span><\/a><\/div><\/div><\/div><footer class=\"entry-footer\"><div class=\"slide-meta\"><time class='slide-meta-time updated'  itemprop=\"datePublished\" datetime=\"2025-01-23T10:06:50+01:00\" >23 janvier 2025<\/time><\/div><\/footer><span class='hidden'>\n\t\t\t\t<span class='av-structured-data'  itemprop=\"image\" itemscope=\"itemscope\" itemtype=\"https:\/\/schema.org\/ImageObject\" >\n\t\t\t\t\t\t<span itemprop='url'>https:\/\/www.transports-coue.fr\/wp-content\/uploads\/2025\/01\/groupe-coue-trm-portes-ouvertes-aftral-laval-web.webp<\/span>\n\t\t\t\t\t\t<span itemprop='height'>642<\/span>\n\t\t\t\t\t\t<span itemprop='width'>1690<\/span>\n\t\t\t\t<\/span>\n\t\t\t\t<span class='av-structured-data'  itemprop=\"publisher\" itemtype=\"https:\/\/schema.org\/Organization\" itemscope=\"itemscope\" >\n\t\t\t\t\t\t<span itemprop='name'>Transports Cou\u00e9<\/span>\n\t\t\t\t\t\t<span itemprop='logo' itemscope itemtype='https:\/\/schema.org\/ImageObject'>\n\t\t\t\t\t\t\t<span itemprop='url'>https:\/\/www.transports-coue.fr\/wp-content\/uploads\/2018\/10\/Logo-transports-coue-300x119.png<\/span>\n\t\t\t\t\t\t<\/span>\n\t\t\t\t<\/span><span class='av-structured-data'  itemprop=\"author\" itemscope=\"itemscope\" itemtype=\"https:\/\/schema.org\/Person\" ><span itemprop='name'>Transports Cou\u00e9<\/span><\/span><span class='av-structured-data'  itemprop=\"datePublished\" datetime=\"2018-10-04T10:16:12+02:00\" >2025-01-23 10:06:50<\/span><span class='av-structured-data'  itemprop=\"dateModified\" itemtype=\"https:\/\/schema.org\/dateModified\" >2025-01-23 10:07:57<\/span><span class='av-structured-data'  itemprop=\"mainEntityOfPage\" itemtype=\"https:\/\/schema.org\/mainEntityOfPage\" ><span itemprop='name'>RDV le samedi 1er f\u00e9vrier \u00e0 l&rsquo;Aftral de Laval (53)<\/span><\/span><\/span><\/article><article class='slide-entry flex_column  post-entry post-entry-11342 slide-entry-overview slide-loop-29 slide-parity-even  av_one_third  real-thumbnail posttype-post post-format-standard'  itemscope=\"itemscope\" itemtype=\"https:\/\/schema.org\/CreativeWork\" ><a href='https:\/\/www.transports-coue.fr\/fr\/tous-nos-meilleurs-voeux-pour-2025\/' data-rel='slide-2' class='slide-image' title='Tous nos meilleurs v\u0153ux pour 2025 !'><img decoding=\"async\" fetchpriority=\"high\" width=\"1690\" height=\"642\" src=\"https:\/\/www.transports-coue.fr\/wp-content\/uploads\/2025\/01\/groupe-coue-trm-bonne-annee-2025.webp\" class=\"wp-image-11343 avia-img-lazy-loading-not-11343 attachment-no scaling size-no scaling wp-post-image\" alt=\"Tr\u00e8s belle ann\u00e9e 2025\" srcset=\"https:\/\/www.transports-coue.fr\/wp-content\/uploads\/2025\/01\/groupe-coue-trm-bonne-annee-2025.webp 1690w, https:\/\/www.transports-coue.fr\/wp-content\/uploads\/2025\/01\/groupe-coue-trm-bonne-annee-2025-300x114.webp 300w, https:\/\/www.transports-coue.fr\/wp-content\/uploads\/2025\/01\/groupe-coue-trm-bonne-annee-2025-1030x391.webp 1030w, https:\/\/www.transports-coue.fr\/wp-content\/uploads\/2025\/01\/groupe-coue-trm-bonne-annee-2025-80x30.webp 80w, https:\/\/www.transports-coue.fr\/wp-content\/uploads\/2025\/01\/groupe-coue-trm-bonne-annee-2025-768x292.webp 768w, https:\/\/www.transports-coue.fr\/wp-content\/uploads\/2025\/01\/groupe-coue-trm-bonne-annee-2025-1536x583.webp 1536w, https:\/\/www.transports-coue.fr\/wp-content\/uploads\/2025\/01\/groupe-coue-trm-bonne-annee-2025-1500x570.webp 1500w, https:\/\/www.transports-coue.fr\/wp-content\/uploads\/2025\/01\/groupe-coue-trm-bonne-annee-2025-705x268.webp 705w, https:\/\/www.transports-coue.fr\/wp-content\/uploads\/2025\/01\/groupe-coue-trm-bonne-annee-2025-845x321.webp 845w\" sizes=\"(max-width: 1690px) 100vw, 1690px\" \/><\/a><div class=\"slide-content\"><header class=\"entry-content-header\" aria-label=\"Slide: Tous nos meilleurs v\u0153ux pour 2025 !\"><h3 class='slide-entry-title entry-title '  itemprop=\"headline\" ><a href='https:\/\/www.transports-coue.fr\/fr\/tous-nos-meilleurs-voeux-pour-2025\/' title='Tous nos meilleurs v\u0153ux pour 2025 !'>Tous nos meilleurs v\u0153ux pour 2025 !<\/a><\/h3><span class=\"blog-categories minor-meta\"><a href=\"https:\/\/www.transports-coue.fr\/fr\/category\/actualites\/\" rel=\"tag\">Actualit\u00e9s<\/a>, <a href=\"https:\/\/www.transports-coue.fr\/fr\/category\/actualites\/evenements\/\" rel=\"tag\">Ev\u00e9nements<\/a> <\/span><span class=\"av-vertical-delimiter\"><\/span><\/header><div class='slide-entry-excerpt entry-content'  itemprop=\"text\" >\ud83c\udf1f Tous nos meilleurs v\u0153ux pour 2025 ! \ud83c\udf1f\nEn 2024, nous avons accompli ensemble de grandes choses. Merci pour votre confiance et votre collaboration pr\u00e9cieuse.\n\u2728Nous vous souhaitons une tr\u00e8s belle ann\u00e9e 2025, qu'elle vous apporte Sant\u00e9,\u2026<div class=\"read-more-link\"><a href=\"https:\/\/www.transports-coue.fr\/fr\/tous-nos-meilleurs-voeux-pour-2025\/\" class=\"more-link\">Lire la suite<span class='more-link-arrow avia-svg-icon avia-font-svg_entypo-fontello' data-av_svg_icon='right-open-big' data-av_iconset='svg_entypo-fontello'><svg version=\"1.1\" xmlns=\"http:\/\/www.w3.org\/2000\/svg\" width=\"15\" height=\"32\" viewBox=\"0 0 15 32\" preserveAspectRatio=\"xMidYMid meet\" role=\"graphics-symbol\" aria-hidden=\"true\">\n<path d=\"M0.416 27.84l11.456-11.84-11.456-11.904q-0.832-0.832 0-1.536 0.832-0.832 1.536 0l12.544 12.608q0.768 0.832 0 1.6l-12.544 12.608q-0.704 0.832-1.536 0-0.832-0.704 0-1.536z\"><\/path>\n<\/svg><\/span><\/a><\/div><\/div><\/div><footer class=\"entry-footer\"><div class=\"slide-meta\"><time class='slide-meta-time updated'  itemprop=\"datePublished\" datetime=\"2025-01-07T08:53:22+01:00\" >7 janvier 2025<\/time><\/div><\/footer><span class='hidden'>\n\t\t\t\t<span class='av-structured-data'  itemprop=\"image\" itemscope=\"itemscope\" itemtype=\"https:\/\/schema.org\/ImageObject\" >\n\t\t\t\t\t\t<span itemprop='url'>https:\/\/www.transports-coue.fr\/wp-content\/uploads\/2025\/01\/groupe-coue-trm-bonne-annee-2025.webp<\/span>\n\t\t\t\t\t\t<span itemprop='height'>642<\/span>\n\t\t\t\t\t\t<span itemprop='width'>1690<\/span>\n\t\t\t\t<\/span>\n\t\t\t\t<span class='av-structured-data'  itemprop=\"publisher\" itemtype=\"https:\/\/schema.org\/Organization\" itemscope=\"itemscope\" >\n\t\t\t\t\t\t<span itemprop='name'>Transports Cou\u00e9<\/span>\n\t\t\t\t\t\t<span itemprop='logo' itemscope itemtype='https:\/\/schema.org\/ImageObject'>\n\t\t\t\t\t\t\t<span itemprop='url'>https:\/\/www.transports-coue.fr\/wp-content\/uploads\/2018\/10\/Logo-transports-coue-300x119.png<\/span>\n\t\t\t\t\t\t<\/span>\n\t\t\t\t<\/span><span class='av-structured-data'  itemprop=\"author\" itemscope=\"itemscope\" itemtype=\"https:\/\/schema.org\/Person\" ><span itemprop='name'>Transports Cou\u00e9<\/span><\/span><span class='av-structured-data'  itemprop=\"datePublished\" datetime=\"2018-10-04T10:16:12+02:00\" >2025-01-07 08:53:22<\/span><span class='av-structured-data'  itemprop=\"dateModified\" itemtype=\"https:\/\/schema.org\/dateModified\" >2025-01-07 08:53:24<\/span><span class='av-structured-data'  itemprop=\"mainEntityOfPage\" itemtype=\"https:\/\/schema.org\/mainEntityOfPage\" ><span itemprop='name'>Tous nos meilleurs v\u0153ux pour 2025 !<\/span><\/span><\/span><\/article><article class='slide-entry flex_column  post-entry post-entry-11337 slide-entry-overview slide-loop-30 slide-parity-odd  av_one_third  real-thumbnail posttype-post post-format-standard'  itemscope=\"itemscope\" itemtype=\"https:\/\/schema.org\/CreativeWork\" ><a href='https:\/\/www.transports-coue.fr\/fr\/nous-vous-souhaitons-de-belles-fetes-de-fin-dannee\/' data-rel='slide-2' class='slide-image' title='Nous vous souhaitons de belles f\u00eates de fin d&rsquo;ann\u00e9e !'><img decoding=\"async\" fetchpriority=\"high\" width=\"1690\" height=\"642\" src=\"https:\/\/www.transports-coue.fr\/wp-content\/uploads\/2024\/12\/groupe-coue-trm-joeuses-fetes-fin-annee-web.webp\" class=\"wp-image-11338 avia-img-lazy-loading-not-11338 attachment-no scaling size-no scaling wp-post-image\" alt=\"Joyeuses f\u00eates de fin d&#039;ann\u00e9e\" srcset=\"https:\/\/www.transports-coue.fr\/wp-content\/uploads\/2024\/12\/groupe-coue-trm-joeuses-fetes-fin-annee-web.webp 1690w, https:\/\/www.transports-coue.fr\/wp-content\/uploads\/2024\/12\/groupe-coue-trm-joeuses-fetes-fin-annee-web-300x114.webp 300w, https:\/\/www.transports-coue.fr\/wp-content\/uploads\/2024\/12\/groupe-coue-trm-joeuses-fetes-fin-annee-web-1030x391.webp 1030w, https:\/\/www.transports-coue.fr\/wp-content\/uploads\/2024\/12\/groupe-coue-trm-joeuses-fetes-fin-annee-web-80x30.webp 80w, https:\/\/www.transports-coue.fr\/wp-content\/uploads\/2024\/12\/groupe-coue-trm-joeuses-fetes-fin-annee-web-768x292.webp 768w, https:\/\/www.transports-coue.fr\/wp-content\/uploads\/2024\/12\/groupe-coue-trm-joeuses-fetes-fin-annee-web-1536x583.webp 1536w, https:\/\/www.transports-coue.fr\/wp-content\/uploads\/2024\/12\/groupe-coue-trm-joeuses-fetes-fin-annee-web-1500x570.webp 1500w, https:\/\/www.transports-coue.fr\/wp-content\/uploads\/2024\/12\/groupe-coue-trm-joeuses-fetes-fin-annee-web-705x268.webp 705w, https:\/\/www.transports-coue.fr\/wp-content\/uploads\/2024\/12\/groupe-coue-trm-joeuses-fetes-fin-annee-web-845x321.webp 845w\" sizes=\"(max-width: 1690px) 100vw, 1690px\" \/><\/a><div class=\"slide-content\"><header class=\"entry-content-header\" aria-label=\"Slide: Nous vous souhaitons de belles f\u00eates de fin d&#039;ann\u00e9e !\"><h3 class='slide-entry-title entry-title '  itemprop=\"headline\" ><a href='https:\/\/www.transports-coue.fr\/fr\/nous-vous-souhaitons-de-belles-fetes-de-fin-dannee\/' title='Nous vous souhaitons de belles f\u00eates de fin d&rsquo;ann\u00e9e !'>Nous vous souhaitons de belles f\u00eates de fin d&rsquo;ann\u00e9e !<\/a><\/h3><span class=\"blog-categories minor-meta\"><a href=\"https:\/\/www.transports-coue.fr\/fr\/category\/actualites\/\" rel=\"tag\">Actualit\u00e9s<\/a>, <a href=\"https:\/\/www.transports-coue.fr\/fr\/category\/actualites\/evenements\/\" rel=\"tag\">Ev\u00e9nements<\/a> <\/span><span class=\"av-vertical-delimiter\"><\/span><\/header><div class='slide-entry-excerpt entry-content'  itemprop=\"text\" >\n\n\n\n\n\n\n\n\u2728\ud83c\udf85 Joyeuses f\u00eates \u00e0 tous ! \ud83c\udf85\u2728\nToutes nos \u00e9quipes vous souhaitent de belles f\u00eates de fin d\u2019ann\u00e9e remplies de moments inoubliables en famille ou entre amis. \ud83c\udf84\ud83c\udf81\n#Noel #R\u00e9veillon #NouvelAn #TransportRoutier #Logi\u2026<div class=\"read-more-link\"><a href=\"https:\/\/www.transports-coue.fr\/fr\/nous-vous-souhaitons-de-belles-fetes-de-fin-dannee\/\" class=\"more-link\">Lire la suite<span class='more-link-arrow avia-svg-icon avia-font-svg_entypo-fontello' data-av_svg_icon='right-open-big' data-av_iconset='svg_entypo-fontello'><svg version=\"1.1\" xmlns=\"http:\/\/www.w3.org\/2000\/svg\" width=\"15\" height=\"32\" viewBox=\"0 0 15 32\" preserveAspectRatio=\"xMidYMid meet\" role=\"graphics-symbol\" aria-hidden=\"true\">\n<path d=\"M0.416 27.84l11.456-11.84-11.456-11.904q-0.832-0.832 0-1.536 0.832-0.832 1.536 0l12.544 12.608q0.768 0.832 0 1.6l-12.544 12.608q-0.704 0.832-1.536 0-0.832-0.704 0-1.536z\"><\/path>\n<\/svg><\/span><\/a><\/div><\/div><\/div><footer class=\"entry-footer\"><div class=\"slide-meta\"><time class='slide-meta-time updated'  itemprop=\"datePublished\" datetime=\"2024-12-17T15:07:20+01:00\" >17 d\u00e9cembre 2024<\/time><\/div><\/footer><span class='hidden'>\n\t\t\t\t<span class='av-structured-data'  itemprop=\"image\" itemscope=\"itemscope\" itemtype=\"https:\/\/schema.org\/ImageObject\" >\n\t\t\t\t\t\t<span itemprop='url'>https:\/\/www.transports-coue.fr\/wp-content\/uploads\/2024\/12\/groupe-coue-trm-joeuses-fetes-fin-annee-web.webp<\/span>\n\t\t\t\t\t\t<span itemprop='height'>642<\/span>\n\t\t\t\t\t\t<span itemprop='width'>1690<\/span>\n\t\t\t\t<\/span>\n\t\t\t\t<span class='av-structured-data'  itemprop=\"publisher\" itemtype=\"https:\/\/schema.org\/Organization\" itemscope=\"itemscope\" >\n\t\t\t\t\t\t<span itemprop='name'>Transports Cou\u00e9<\/span>\n\t\t\t\t\t\t<span itemprop='logo' itemscope itemtype='https:\/\/schema.org\/ImageObject'>\n\t\t\t\t\t\t\t<span itemprop='url'>https:\/\/www.transports-coue.fr\/wp-content\/uploads\/2018\/10\/Logo-transports-coue-300x119.png<\/span>\n\t\t\t\t\t\t<\/span>\n\t\t\t\t<\/span><span class='av-structured-data'  itemprop=\"author\" itemscope=\"itemscope\" itemtype=\"https:\/\/schema.org\/Person\" ><span itemprop='name'>Transports Cou\u00e9<\/span><\/span><span class='av-structured-data'  itemprop=\"datePublished\" datetime=\"2018-10-04T10:16:12+02:00\" >2024-12-17 15:07:20<\/span><span class='av-structured-data'  itemprop=\"dateModified\" itemtype=\"https:\/\/schema.org\/dateModified\" >2024-12-17 15:07:21<\/span><span class='av-structured-data'  itemprop=\"mainEntityOfPage\" itemtype=\"https:\/\/schema.org\/mainEntityOfPage\" ><span itemprop='name'>Nous vous souhaitons de belles f\u00eates de fin d&rsquo;ann\u00e9e !<\/span><\/span><\/span><\/article><\/div><div class=\"slide-entry-wrap\"><article class='slide-entry flex_column  post-entry post-entry-11330 slide-entry-overview slide-loop-31 slide-parity-odd  av_one_third first real-thumbnail posttype-post post-format-standard'  itemscope=\"itemscope\" itemtype=\"https:\/\/schema.org\/CreativeWork\" ><a href='https:\/\/www.transports-coue.fr\/fr\/nous-nous-engageons-pour-le-rayonnement-international-de-la-mayenne\/' data-rel='slide-2' class='slide-image' title='Nous nous engageons pour le rayonnement international de la Mayenne !'><img decoding=\"async\" fetchpriority=\"high\" width=\"1690\" height=\"642\" src=\"https:\/\/www.transports-coue.fr\/wp-content\/uploads\/2024\/12\/groupe-coue-trm-engage-mayenne-international.webp\" class=\"wp-image-11333 avia-img-lazy-loading-not-11333 attachment-no scaling size-no scaling wp-post-image\" alt=\"Sotecan International engag\u00e9 chez Mayenne International\" srcset=\"https:\/\/www.transports-coue.fr\/wp-content\/uploads\/2024\/12\/groupe-coue-trm-engage-mayenne-international.webp 1690w, https:\/\/www.transports-coue.fr\/wp-content\/uploads\/2024\/12\/groupe-coue-trm-engage-mayenne-international-300x114.webp 300w, https:\/\/www.transports-coue.fr\/wp-content\/uploads\/2024\/12\/groupe-coue-trm-engage-mayenne-international-1030x391.webp 1030w, https:\/\/www.transports-coue.fr\/wp-content\/uploads\/2024\/12\/groupe-coue-trm-engage-mayenne-international-80x30.webp 80w, https:\/\/www.transports-coue.fr\/wp-content\/uploads\/2024\/12\/groupe-coue-trm-engage-mayenne-international-768x292.webp 768w, https:\/\/www.transports-coue.fr\/wp-content\/uploads\/2024\/12\/groupe-coue-trm-engage-mayenne-international-1536x583.webp 1536w, https:\/\/www.transports-coue.fr\/wp-content\/uploads\/2024\/12\/groupe-coue-trm-engage-mayenne-international-1500x570.webp 1500w, https:\/\/www.transports-coue.fr\/wp-content\/uploads\/2024\/12\/groupe-coue-trm-engage-mayenne-international-705x268.webp 705w, https:\/\/www.transports-coue.fr\/wp-content\/uploads\/2024\/12\/groupe-coue-trm-engage-mayenne-international-845x321.webp 845w\" sizes=\"(max-width: 1690px) 100vw, 1690px\" \/><\/a><div class=\"slide-content\"><header class=\"entry-content-header\" aria-label=\"Slide: Nous nous engageons pour le rayonnement international de la Mayenne !\"><h3 class='slide-entry-title entry-title '  itemprop=\"headline\" ><a href='https:\/\/www.transports-coue.fr\/fr\/nous-nous-engageons-pour-le-rayonnement-international-de-la-mayenne\/' title='Nous nous engageons pour le rayonnement international de la Mayenne !'>Nous nous engageons pour le rayonnement international de la Mayenne !<\/a><\/h3><span class=\"blog-categories minor-meta\"><a href=\"https:\/\/www.transports-coue.fr\/fr\/category\/actualites\/\" rel=\"tag\">Actualit\u00e9s<\/a>, <a href=\"https:\/\/www.transports-coue.fr\/fr\/category\/actualites\/evenements\/\" rel=\"tag\">Ev\u00e9nements<\/a>, <a href=\"https:\/\/www.transports-coue.fr\/fr\/category\/actualites\/evenements\/evenement-overseas\/\" rel=\"tag\">Ev\u00e9nements Overseas<\/a> <\/span><span class=\"av-vertical-delimiter\"><\/span><\/header><div class='slide-entry-excerpt entry-content'  itemprop=\"text\" >\ud83c\udf89 F\u00e9licitations \u00e0 notre Directeur G\u00e9n\u00e9ral, Ludovic Berteau, \u00e9lu ce mercredi au Bureau de Mayenne International lors de l\u2019Assembl\u00e9e G\u00e9n\u00e9rale Ordinaire qui se tenait chez GYS France\u00a0!\nNous sommes honor\u00e9s de contribuer activement\u2026<div class=\"read-more-link\"><a href=\"https:\/\/www.transports-coue.fr\/fr\/nous-nous-engageons-pour-le-rayonnement-international-de-la-mayenne\/\" class=\"more-link\">Lire la suite<span class='more-link-arrow avia-svg-icon avia-font-svg_entypo-fontello' data-av_svg_icon='right-open-big' data-av_iconset='svg_entypo-fontello'><svg version=\"1.1\" xmlns=\"http:\/\/www.w3.org\/2000\/svg\" width=\"15\" height=\"32\" viewBox=\"0 0 15 32\" preserveAspectRatio=\"xMidYMid meet\" role=\"graphics-symbol\" aria-hidden=\"true\">\n<path d=\"M0.416 27.84l11.456-11.84-11.456-11.904q-0.832-0.832 0-1.536 0.832-0.832 1.536 0l12.544 12.608q0.768 0.832 0 1.6l-12.544 12.608q-0.704 0.832-1.536 0-0.832-0.704 0-1.536z\"><\/path>\n<\/svg><\/span><\/a><\/div><\/div><\/div><footer class=\"entry-footer\"><div class=\"slide-meta\"><time class='slide-meta-time updated'  itemprop=\"datePublished\" datetime=\"2024-12-06T16:57:48+01:00\" >6 d\u00e9cembre 2024<\/time><\/div><\/footer><span class='hidden'>\n\t\t\t\t<span class='av-structured-data'  itemprop=\"image\" itemscope=\"itemscope\" itemtype=\"https:\/\/schema.org\/ImageObject\" >\n\t\t\t\t\t\t<span itemprop='url'>https:\/\/www.transports-coue.fr\/wp-content\/uploads\/2024\/12\/groupe-coue-trm-engage-mayenne-international.webp<\/span>\n\t\t\t\t\t\t<span itemprop='height'>642<\/span>\n\t\t\t\t\t\t<span itemprop='width'>1690<\/span>\n\t\t\t\t<\/span>\n\t\t\t\t<span class='av-structured-data'  itemprop=\"publisher\" itemtype=\"https:\/\/schema.org\/Organization\" itemscope=\"itemscope\" >\n\t\t\t\t\t\t<span itemprop='name'>Transports Cou\u00e9<\/span>\n\t\t\t\t\t\t<span itemprop='logo' itemscope itemtype='https:\/\/schema.org\/ImageObject'>\n\t\t\t\t\t\t\t<span itemprop='url'>https:\/\/www.transports-coue.fr\/wp-content\/uploads\/2018\/10\/Logo-transports-coue-300x119.png<\/span>\n\t\t\t\t\t\t<\/span>\n\t\t\t\t<\/span><span class='av-structured-data'  itemprop=\"author\" itemscope=\"itemscope\" itemtype=\"https:\/\/schema.org\/Person\" ><span itemprop='name'>Transports Cou\u00e9<\/span><\/span><span class='av-structured-data'  itemprop=\"datePublished\" datetime=\"2018-10-04T10:16:12+02:00\" >2024-12-06 16:57:48<\/span><span class='av-structured-data'  itemprop=\"dateModified\" itemtype=\"https:\/\/schema.org\/dateModified\" >2024-12-06 17:02:27<\/span><span class='av-structured-data'  itemprop=\"mainEntityOfPage\" itemtype=\"https:\/\/schema.org\/mainEntityOfPage\" ><span itemprop='name'>Nous nous engageons pour le rayonnement international de la Mayenne !<\/span><\/span><\/span><\/article><article class='slide-entry flex_column  post-entry post-entry-11309 slide-entry-overview slide-loop-32 slide-parity-even  av_one_third  real-thumbnail posttype-post post-format-standard'  itemscope=\"itemscope\" itemtype=\"https:\/\/schema.org\/CreativeWork\" ><a href='https:\/\/www.transports-coue.fr\/fr\/visite-de-notre-entrepot-icpe-par-la-seconde-bac-pro-logistique-du-lycee-pierre-marie-curie-de-chateau-gontier-53\/' data-rel='slide-2' class='slide-image' title='Visite de notre entrep\u00f4t ICPE par la seconde Bac Pro Logistique du Lyc\u00e9e Pierre &#038; Marie Curie de Ch\u00e2teau Gontier (53)'><img decoding=\"async\" fetchpriority=\"high\" width=\"1690\" height=\"642\" src=\"https:\/\/www.transports-coue.fr\/wp-content\/uploads\/2024\/11\/groupe-coue-trm-bac-pro-logistique-visite-entrepot-web.webp\" class=\"wp-image-11307 avia-img-lazy-loading-not-11307 attachment-no scaling size-no scaling wp-post-image\" alt=\"Visite de la seconde bac pro logistique de notre entrep\u00f4t ICPE\" srcset=\"https:\/\/www.transports-coue.fr\/wp-content\/uploads\/2024\/11\/groupe-coue-trm-bac-pro-logistique-visite-entrepot-web.webp 1690w, https:\/\/www.transports-coue.fr\/wp-content\/uploads\/2024\/11\/groupe-coue-trm-bac-pro-logistique-visite-entrepot-web-300x114.webp 300w, https:\/\/www.transports-coue.fr\/wp-content\/uploads\/2024\/11\/groupe-coue-trm-bac-pro-logistique-visite-entrepot-web-1030x391.webp 1030w, https:\/\/www.transports-coue.fr\/wp-content\/uploads\/2024\/11\/groupe-coue-trm-bac-pro-logistique-visite-entrepot-web-80x30.webp 80w, https:\/\/www.transports-coue.fr\/wp-content\/uploads\/2024\/11\/groupe-coue-trm-bac-pro-logistique-visite-entrepot-web-768x292.webp 768w, https:\/\/www.transports-coue.fr\/wp-content\/uploads\/2024\/11\/groupe-coue-trm-bac-pro-logistique-visite-entrepot-web-1536x583.webp 1536w, https:\/\/www.transports-coue.fr\/wp-content\/uploads\/2024\/11\/groupe-coue-trm-bac-pro-logistique-visite-entrepot-web-1500x570.webp 1500w, https:\/\/www.transports-coue.fr\/wp-content\/uploads\/2024\/11\/groupe-coue-trm-bac-pro-logistique-visite-entrepot-web-705x268.webp 705w, https:\/\/www.transports-coue.fr\/wp-content\/uploads\/2024\/11\/groupe-coue-trm-bac-pro-logistique-visite-entrepot-web-845x321.webp 845w\" sizes=\"(max-width: 1690px) 100vw, 1690px\" \/><\/a><div class=\"slide-content\"><header class=\"entry-content-header\" aria-label=\"Slide: Visite de notre entrep\u00f4t ICPE par la seconde Bac Pro Logistique du Lyc\u00e9e Pierre &amp; Marie Curie de Ch\u00e2teau Gontier (53)\"><h3 class='slide-entry-title entry-title '  itemprop=\"headline\" ><a href='https:\/\/www.transports-coue.fr\/fr\/visite-de-notre-entrepot-icpe-par-la-seconde-bac-pro-logistique-du-lycee-pierre-marie-curie-de-chateau-gontier-53\/' title='Visite de notre entrep\u00f4t ICPE par la seconde Bac Pro Logistique du Lyc\u00e9e Pierre &#038; Marie Curie de Ch\u00e2teau Gontier (53)'>Visite de notre entrep\u00f4t ICPE par la seconde Bac Pro Logistique du Lyc\u00e9e Pierre &#038; Marie Curie de Ch\u00e2teau Gontier (53)<\/a><\/h3><span class=\"blog-categories minor-meta\"><a href=\"https:\/\/www.transports-coue.fr\/fr\/category\/actualites\/\" rel=\"tag\">Actualit\u00e9s<\/a>, <a href=\"https:\/\/www.transports-coue.fr\/fr\/category\/actualites\/evenements\/\" rel=\"tag\">Ev\u00e9nements<\/a> <\/span><span class=\"av-vertical-delimiter\"><\/span><\/header><div class='slide-entry-excerpt entry-content'  itemprop=\"text\" >\ud83d\udce2 Retour sur une journ\u00e9e enrichissante !\n\ud83d\udcc5 Le 7 novembre, nous avons eu le plaisir d'accueillir la classe de 2nde Bac Pro Logistique du Lyc\u00e9e Professionnel Pierre et Marie Curie de Ch\u00e2teau Gontier (53) pour une visite de notre site\u2026<div class=\"read-more-link\"><a href=\"https:\/\/www.transports-coue.fr\/fr\/visite-de-notre-entrepot-icpe-par-la-seconde-bac-pro-logistique-du-lycee-pierre-marie-curie-de-chateau-gontier-53\/\" class=\"more-link\">Lire la suite<span class='more-link-arrow avia-svg-icon avia-font-svg_entypo-fontello' data-av_svg_icon='right-open-big' data-av_iconset='svg_entypo-fontello'><svg version=\"1.1\" xmlns=\"http:\/\/www.w3.org\/2000\/svg\" width=\"15\" height=\"32\" viewBox=\"0 0 15 32\" preserveAspectRatio=\"xMidYMid meet\" role=\"graphics-symbol\" aria-hidden=\"true\">\n<path d=\"M0.416 27.84l11.456-11.84-11.456-11.904q-0.832-0.832 0-1.536 0.832-0.832 1.536 0l12.544 12.608q0.768 0.832 0 1.6l-12.544 12.608q-0.704 0.832-1.536 0-0.832-0.704 0-1.536z\"><\/path>\n<\/svg><\/span><\/a><\/div><\/div><\/div><footer class=\"entry-footer\"><div class=\"slide-meta\"><time class='slide-meta-time updated'  itemprop=\"datePublished\" datetime=\"2024-11-29T18:00:00+01:00\" >29 novembre 2024<\/time><\/div><\/footer><span class='hidden'>\n\t\t\t\t<span class='av-structured-data'  itemprop=\"image\" itemscope=\"itemscope\" itemtype=\"https:\/\/schema.org\/ImageObject\" >\n\t\t\t\t\t\t<span itemprop='url'>https:\/\/www.transports-coue.fr\/wp-content\/uploads\/2024\/11\/groupe-coue-trm-bac-pro-logistique-visite-entrepot-web.webp<\/span>\n\t\t\t\t\t\t<span itemprop='height'>642<\/span>\n\t\t\t\t\t\t<span itemprop='width'>1690<\/span>\n\t\t\t\t<\/span>\n\t\t\t\t<span class='av-structured-data'  itemprop=\"publisher\" itemtype=\"https:\/\/schema.org\/Organization\" itemscope=\"itemscope\" >\n\t\t\t\t\t\t<span itemprop='name'>Transports Cou\u00e9<\/span>\n\t\t\t\t\t\t<span itemprop='logo' itemscope itemtype='https:\/\/schema.org\/ImageObject'>\n\t\t\t\t\t\t\t<span itemprop='url'>https:\/\/www.transports-coue.fr\/wp-content\/uploads\/2018\/10\/Logo-transports-coue-300x119.png<\/span>\n\t\t\t\t\t\t<\/span>\n\t\t\t\t<\/span><span class='av-structured-data'  itemprop=\"author\" itemscope=\"itemscope\" itemtype=\"https:\/\/schema.org\/Person\" ><span itemprop='name'>Transports Cou\u00e9<\/span><\/span><span class='av-structured-data'  itemprop=\"datePublished\" datetime=\"2018-10-04T10:16:12+02:00\" >2024-11-29 18:00:00<\/span><span class='av-structured-data'  itemprop=\"dateModified\" itemtype=\"https:\/\/schema.org\/dateModified\" >2024-11-27 17:28:42<\/span><span class='av-structured-data'  itemprop=\"mainEntityOfPage\" itemtype=\"https:\/\/schema.org\/mainEntityOfPage\" ><span itemprop='name'>Visite de notre entrep\u00f4t ICPE par la seconde Bac Pro Logistique du Lyc\u00e9e Pierre &#038; Marie Curie de Ch\u00e2teau Gontier (53)<\/span><\/span><\/span><\/article><article class='slide-entry flex_column  post-entry post-entry-11305 slide-entry-overview slide-loop-33 slide-parity-odd  av_one_third  real-thumbnail posttype-post post-format-standard'  itemscope=\"itemscope\" itemtype=\"https:\/\/schema.org\/CreativeWork\" ><a href='https:\/\/www.transports-coue.fr\/fr\/petit-dejeuner-traditionnel-avec-nos-alternants\/' data-rel='slide-2' class='slide-image' title='Petit d\u00e9jeuner traditionnel avec nos alternants'><img decoding=\"async\" fetchpriority=\"high\" width=\"1690\" height=\"642\" src=\"https:\/\/www.transports-coue.fr\/wp-content\/uploads\/2024\/11\/groupe-coue-trm-petit-dejeuner-alternant-web.webp\" class=\"wp-image-11303 avia-img-lazy-loading-not-11303 attachment-no scaling size-no scaling wp-post-image\" alt=\"Petit d\u00e9jeuner avec nos alternants\" srcset=\"https:\/\/www.transports-coue.fr\/wp-content\/uploads\/2024\/11\/groupe-coue-trm-petit-dejeuner-alternant-web.webp 1690w, https:\/\/www.transports-coue.fr\/wp-content\/uploads\/2024\/11\/groupe-coue-trm-petit-dejeuner-alternant-web-300x114.webp 300w, https:\/\/www.transports-coue.fr\/wp-content\/uploads\/2024\/11\/groupe-coue-trm-petit-dejeuner-alternant-web-1030x391.webp 1030w, https:\/\/www.transports-coue.fr\/wp-content\/uploads\/2024\/11\/groupe-coue-trm-petit-dejeuner-alternant-web-80x30.webp 80w, https:\/\/www.transports-coue.fr\/wp-content\/uploads\/2024\/11\/groupe-coue-trm-petit-dejeuner-alternant-web-768x292.webp 768w, https:\/\/www.transports-coue.fr\/wp-content\/uploads\/2024\/11\/groupe-coue-trm-petit-dejeuner-alternant-web-1536x583.webp 1536w, https:\/\/www.transports-coue.fr\/wp-content\/uploads\/2024\/11\/groupe-coue-trm-petit-dejeuner-alternant-web-1500x570.webp 1500w, https:\/\/www.transports-coue.fr\/wp-content\/uploads\/2024\/11\/groupe-coue-trm-petit-dejeuner-alternant-web-705x268.webp 705w, https:\/\/www.transports-coue.fr\/wp-content\/uploads\/2024\/11\/groupe-coue-trm-petit-dejeuner-alternant-web-845x321.webp 845w\" sizes=\"(max-width: 1690px) 100vw, 1690px\" \/><\/a><div class=\"slide-content\"><header class=\"entry-content-header\" aria-label=\"Slide: Petit d\u00e9jeuner traditionnel avec nos alternants\"><h3 class='slide-entry-title entry-title '  itemprop=\"headline\" ><a href='https:\/\/www.transports-coue.fr\/fr\/petit-dejeuner-traditionnel-avec-nos-alternants\/' title='Petit d\u00e9jeuner traditionnel avec nos alternants'>Petit d\u00e9jeuner traditionnel avec nos alternants<\/a><\/h3><span class=\"blog-categories minor-meta\"><a href=\"https:\/\/www.transports-coue.fr\/fr\/category\/actualites\/\" rel=\"tag\">Actualit\u00e9s<\/a>, <a href=\"https:\/\/www.transports-coue.fr\/fr\/category\/actualites\/evenements\/\" rel=\"tag\">Ev\u00e9nements<\/a> <\/span><span class=\"av-vertical-delimiter\"><\/span><\/header><div class='slide-entry-excerpt entry-content'  itemprop=\"text\" >\ud83c\udf89 Retour sur notre traditionnel \"Petit d\u00e9jeuner alternants\" \ud83e\udd50\nMoment convivial pour c\u00e9l\u00e9brer ensemble les r\u00e9ussites de nos alternants :\n\n\u2705 F\u00e9licitations \u00e0 S\u00e9bastien, Nathan et Th\u00e9o pour l\u2019obtention de leur permis CE.\n\u2705 Bravo\u2026<div class=\"read-more-link\"><a href=\"https:\/\/www.transports-coue.fr\/fr\/petit-dejeuner-traditionnel-avec-nos-alternants\/\" class=\"more-link\">Lire la suite<span class='more-link-arrow avia-svg-icon avia-font-svg_entypo-fontello' data-av_svg_icon='right-open-big' data-av_iconset='svg_entypo-fontello'><svg version=\"1.1\" xmlns=\"http:\/\/www.w3.org\/2000\/svg\" width=\"15\" height=\"32\" viewBox=\"0 0 15 32\" preserveAspectRatio=\"xMidYMid meet\" role=\"graphics-symbol\" aria-hidden=\"true\">\n<path d=\"M0.416 27.84l11.456-11.84-11.456-11.904q-0.832-0.832 0-1.536 0.832-0.832 1.536 0l12.544 12.608q0.768 0.832 0 1.6l-12.544 12.608q-0.704 0.832-1.536 0-0.832-0.704 0-1.536z\"><\/path>\n<\/svg><\/span><\/a><\/div><\/div><\/div><footer class=\"entry-footer\"><div class=\"slide-meta\"><time class='slide-meta-time updated'  itemprop=\"datePublished\" datetime=\"2024-11-22T18:00:00+01:00\" >22 novembre 2024<\/time><\/div><\/footer><span class='hidden'>\n\t\t\t\t<span class='av-structured-data'  itemprop=\"image\" itemscope=\"itemscope\" itemtype=\"https:\/\/schema.org\/ImageObject\" >\n\t\t\t\t\t\t<span itemprop='url'>https:\/\/www.transports-coue.fr\/wp-content\/uploads\/2024\/11\/groupe-coue-trm-petit-dejeuner-alternant-web.webp<\/span>\n\t\t\t\t\t\t<span itemprop='height'>642<\/span>\n\t\t\t\t\t\t<span itemprop='width'>1690<\/span>\n\t\t\t\t<\/span>\n\t\t\t\t<span class='av-structured-data'  itemprop=\"publisher\" itemtype=\"https:\/\/schema.org\/Organization\" itemscope=\"itemscope\" >\n\t\t\t\t\t\t<span itemprop='name'>Transports Cou\u00e9<\/span>\n\t\t\t\t\t\t<span itemprop='logo' itemscope itemtype='https:\/\/schema.org\/ImageObject'>\n\t\t\t\t\t\t\t<span itemprop='url'>https:\/\/www.transports-coue.fr\/wp-content\/uploads\/2018\/10\/Logo-transports-coue-300x119.png<\/span>\n\t\t\t\t\t\t<\/span>\n\t\t\t\t<\/span><span class='av-structured-data'  itemprop=\"author\" itemscope=\"itemscope\" itemtype=\"https:\/\/schema.org\/Person\" ><span itemprop='name'>Transports Cou\u00e9<\/span><\/span><span class='av-structured-data'  itemprop=\"datePublished\" datetime=\"2018-10-04T10:16:12+02:00\" >2024-11-22 18:00:00<\/span><span class='av-structured-data'  itemprop=\"dateModified\" itemtype=\"https:\/\/schema.org\/dateModified\" >2024-11-21 17:44:28<\/span><span class='av-structured-data'  itemprop=\"mainEntityOfPage\" itemtype=\"https:\/\/schema.org\/mainEntityOfPage\" ><span itemprop='name'>Petit d\u00e9jeuner traditionnel avec nos alternants<\/span><\/span><\/span><\/article><\/div><div class=\"slide-entry-wrap\"><article class='slide-entry flex_column  post-entry post-entry-11298 slide-entry-overview slide-loop-34 slide-parity-odd  av_one_third first real-thumbnail posttype-post post-format-standard'  itemscope=\"itemscope\" itemtype=\"https:\/\/schema.org\/CreativeWork\" ><a href='https:\/\/www.transports-coue.fr\/fr\/retrouvez-nous-au-job-bowling-a-laval-le-18-11\/' data-rel='slide-2' class='slide-image' title='Retrouvez-nous au Job Bowling \u00e0 Laval le 18\/11 !'><img decoding=\"async\" fetchpriority=\"high\" width=\"1690\" height=\"642\" src=\"https:\/\/www.transports-coue.fr\/wp-content\/uploads\/2024\/10\/groupe-coue-trm-job-dating-2024.webp\" class=\"wp-image-11299 avia-img-lazy-loading-not-11299 attachment-no scaling size-no scaling wp-post-image\" alt=\"Participation au Job Bowling de Laval 2024\" srcset=\"https:\/\/www.transports-coue.fr\/wp-content\/uploads\/2024\/10\/groupe-coue-trm-job-dating-2024.webp 1690w, https:\/\/www.transports-coue.fr\/wp-content\/uploads\/2024\/10\/groupe-coue-trm-job-dating-2024-300x114.webp 300w, https:\/\/www.transports-coue.fr\/wp-content\/uploads\/2024\/10\/groupe-coue-trm-job-dating-2024-1030x391.webp 1030w, https:\/\/www.transports-coue.fr\/wp-content\/uploads\/2024\/10\/groupe-coue-trm-job-dating-2024-80x30.webp 80w, https:\/\/www.transports-coue.fr\/wp-content\/uploads\/2024\/10\/groupe-coue-trm-job-dating-2024-768x292.webp 768w, https:\/\/www.transports-coue.fr\/wp-content\/uploads\/2024\/10\/groupe-coue-trm-job-dating-2024-1536x583.webp 1536w, https:\/\/www.transports-coue.fr\/wp-content\/uploads\/2024\/10\/groupe-coue-trm-job-dating-2024-1500x570.webp 1500w, https:\/\/www.transports-coue.fr\/wp-content\/uploads\/2024\/10\/groupe-coue-trm-job-dating-2024-705x268.webp 705w, https:\/\/www.transports-coue.fr\/wp-content\/uploads\/2024\/10\/groupe-coue-trm-job-dating-2024-845x321.webp 845w\" sizes=\"(max-width: 1690px) 100vw, 1690px\" \/><\/a><div class=\"slide-content\"><header class=\"entry-content-header\" aria-label=\"Slide: Retrouvez-nous au Job Bowling \u00e0 Laval le 18\/11 !\"><h3 class='slide-entry-title entry-title '  itemprop=\"headline\" ><a href='https:\/\/www.transports-coue.fr\/fr\/retrouvez-nous-au-job-bowling-a-laval-le-18-11\/' title='Retrouvez-nous au Job Bowling \u00e0 Laval le 18\/11 !'>Retrouvez-nous au Job Bowling \u00e0 Laval le 18\/11 !<\/a><\/h3><span class=\"blog-categories minor-meta\"><a href=\"https:\/\/www.transports-coue.fr\/fr\/category\/actualites\/\" rel=\"tag\">Actualit\u00e9s<\/a>, <a href=\"https:\/\/www.transports-coue.fr\/fr\/category\/actualites\/evenements\/\" rel=\"tag\">Ev\u00e9nements<\/a> <\/span><span class=\"av-vertical-delimiter\"><\/span><\/header><div class='slide-entry-excerpt entry-content'  itemprop=\"text\" >\ud83d\udce2 Notre entreprise participe au Job Dating hors du commun organis\u00e9 par l'AFT, Association de la Formation des Transports, avec France Travail le 18 novembre 2024 ! \ud83d\ude9b\ud83d\udce6\n\ud83d\udccd Lieu : Parc MONKY, Laval (53)\n\ud83d\udd52 Heure : 14h30 - 17h\n\nAu\u2026<div class=\"read-more-link\"><a href=\"https:\/\/www.transports-coue.fr\/fr\/retrouvez-nous-au-job-bowling-a-laval-le-18-11\/\" class=\"more-link\">Lire la suite<span class='more-link-arrow avia-svg-icon avia-font-svg_entypo-fontello' data-av_svg_icon='right-open-big' data-av_iconset='svg_entypo-fontello'><svg version=\"1.1\" xmlns=\"http:\/\/www.w3.org\/2000\/svg\" width=\"15\" height=\"32\" viewBox=\"0 0 15 32\" preserveAspectRatio=\"xMidYMid meet\" role=\"graphics-symbol\" aria-hidden=\"true\">\n<path d=\"M0.416 27.84l11.456-11.84-11.456-11.904q-0.832-0.832 0-1.536 0.832-0.832 1.536 0l12.544 12.608q0.768 0.832 0 1.6l-12.544 12.608q-0.704 0.832-1.536 0-0.832-0.704 0-1.536z\"><\/path>\n<\/svg><\/span><\/a><\/div><\/div><\/div><footer class=\"entry-footer\"><div class=\"slide-meta\"><time class='slide-meta-time updated'  itemprop=\"datePublished\" datetime=\"2024-10-31T10:59:16+01:00\" >31 octobre 2024<\/time><\/div><\/footer><span class='hidden'>\n\t\t\t\t<span class='av-structured-data'  itemprop=\"image\" itemscope=\"itemscope\" itemtype=\"https:\/\/schema.org\/ImageObject\" >\n\t\t\t\t\t\t<span itemprop='url'>https:\/\/www.transports-coue.fr\/wp-content\/uploads\/2024\/10\/groupe-coue-trm-job-dating-2024.webp<\/span>\n\t\t\t\t\t\t<span itemprop='height'>642<\/span>\n\t\t\t\t\t\t<span itemprop='width'>1690<\/span>\n\t\t\t\t<\/span>\n\t\t\t\t<span class='av-structured-data'  itemprop=\"publisher\" itemtype=\"https:\/\/schema.org\/Organization\" itemscope=\"itemscope\" >\n\t\t\t\t\t\t<span itemprop='name'>Transports Cou\u00e9<\/span>\n\t\t\t\t\t\t<span itemprop='logo' itemscope itemtype='https:\/\/schema.org\/ImageObject'>\n\t\t\t\t\t\t\t<span itemprop='url'>https:\/\/www.transports-coue.fr\/wp-content\/uploads\/2018\/10\/Logo-transports-coue-300x119.png<\/span>\n\t\t\t\t\t\t<\/span>\n\t\t\t\t<\/span><span class='av-structured-data'  itemprop=\"author\" itemscope=\"itemscope\" itemtype=\"https:\/\/schema.org\/Person\" ><span itemprop='name'>Transports Cou\u00e9<\/span><\/span><span class='av-structured-data'  itemprop=\"datePublished\" datetime=\"2018-10-04T10:16:12+02:00\" >2024-10-31 10:59:16<\/span><span class='av-structured-data'  itemprop=\"dateModified\" itemtype=\"https:\/\/schema.org\/dateModified\" >2024-10-31 11:04:02<\/span><span class='av-structured-data'  itemprop=\"mainEntityOfPage\" itemtype=\"https:\/\/schema.org\/mainEntityOfPage\" ><span itemprop='name'>Retrouvez-nous au Job Bowling \u00e0 Laval le 18\/11 !<\/span><\/span><\/span><\/article><article class='slide-entry flex_column  post-entry post-entry-11156 slide-entry-overview slide-loop-35 slide-parity-even  av_one_third  real-thumbnail posttype-post post-format-standard'  itemscope=\"itemscope\" itemtype=\"https:\/\/schema.org\/CreativeWork\" ><a href='https:\/\/www.transports-coue.fr\/fr\/presentation-du-6eme-camion-notre-equipe-gagnante\/' data-rel='slide-2' class='slide-image' title='Presentation du 6\u00e8me camion Notre Equipe Gagnante'><img decoding=\"async\" fetchpriority=\"high\" width=\"1690\" height=\"642\" src=\"https:\/\/www.transports-coue.fr\/wp-content\/uploads\/2024\/10\/coue-trm-couv-web-notre-equipe-gagnante-6eme-camion.webp\" class=\"wp-image-11157 avia-img-lazy-loading-not-11157 attachment-no scaling size-no scaling wp-post-image\" alt=\"Pr\u00e9sentation de notre 5eme camion Notre Equipe Gagnante\" srcset=\"https:\/\/www.transports-coue.fr\/wp-content\/uploads\/2024\/10\/coue-trm-couv-web-notre-equipe-gagnante-6eme-camion.webp 1690w, https:\/\/www.transports-coue.fr\/wp-content\/uploads\/2024\/10\/coue-trm-couv-web-notre-equipe-gagnante-6eme-camion-300x114.webp 300w, https:\/\/www.transports-coue.fr\/wp-content\/uploads\/2024\/10\/coue-trm-couv-web-notre-equipe-gagnante-6eme-camion-1030x391.webp 1030w, https:\/\/www.transports-coue.fr\/wp-content\/uploads\/2024\/10\/coue-trm-couv-web-notre-equipe-gagnante-6eme-camion-80x30.webp 80w, https:\/\/www.transports-coue.fr\/wp-content\/uploads\/2024\/10\/coue-trm-couv-web-notre-equipe-gagnante-6eme-camion-768x292.webp 768w, https:\/\/www.transports-coue.fr\/wp-content\/uploads\/2024\/10\/coue-trm-couv-web-notre-equipe-gagnante-6eme-camion-1536x583.webp 1536w, https:\/\/www.transports-coue.fr\/wp-content\/uploads\/2024\/10\/coue-trm-couv-web-notre-equipe-gagnante-6eme-camion-1500x570.webp 1500w, https:\/\/www.transports-coue.fr\/wp-content\/uploads\/2024\/10\/coue-trm-couv-web-notre-equipe-gagnante-6eme-camion-705x268.webp 705w, https:\/\/www.transports-coue.fr\/wp-content\/uploads\/2024\/10\/coue-trm-couv-web-notre-equipe-gagnante-6eme-camion-845x321.webp 845w\" sizes=\"(max-width: 1690px) 100vw, 1690px\" \/><\/a><div class=\"slide-content\"><header class=\"entry-content-header\" aria-label=\"Slide: Presentation du 6\u00e8me camion Notre Equipe Gagnante\"><h3 class='slide-entry-title entry-title '  itemprop=\"headline\" ><a href='https:\/\/www.transports-coue.fr\/fr\/presentation-du-6eme-camion-notre-equipe-gagnante\/' title='Presentation du 6\u00e8me camion Notre Equipe Gagnante'>Presentation du 6\u00e8me camion Notre Equipe Gagnante<\/a><\/h3><span class=\"blog-categories minor-meta\"><a href=\"https:\/\/www.transports-coue.fr\/fr\/category\/actualites\/\" rel=\"tag\">Actualit\u00e9s<\/a>, <a href=\"https:\/\/www.transports-coue.fr\/fr\/category\/actualites\/evenements\/\" rel=\"tag\">Ev\u00e9nements<\/a> <\/span><span class=\"av-vertical-delimiter\"><\/span><\/header><div class='slide-entry-excerpt entry-content'  itemprop=\"text\" >\ud83d\udd25 Aujourd\u2019hui nous avons le plaisir de vous pr\u00e9senter notre 6\u00e8me camion-remorque \ud83d\ude9b Notre Equipe Gagnante\u00a0!\n\nSont mis \u00e0 l'honneur \u2728 sur ce v\u00e9hicule :\n\ud83c\udfc0 le Basket illustr\u00e9 par Marius (Agent d'Exploitation \/ Affr\u00e9teur), Tomy\u2026<div class=\"read-more-link\"><a href=\"https:\/\/www.transports-coue.fr\/fr\/presentation-du-6eme-camion-notre-equipe-gagnante\/\" class=\"more-link\">Lire la suite<span class='more-link-arrow avia-svg-icon avia-font-svg_entypo-fontello' data-av_svg_icon='right-open-big' data-av_iconset='svg_entypo-fontello'><svg version=\"1.1\" xmlns=\"http:\/\/www.w3.org\/2000\/svg\" width=\"15\" height=\"32\" viewBox=\"0 0 15 32\" preserveAspectRatio=\"xMidYMid meet\" role=\"graphics-symbol\" aria-hidden=\"true\">\n<path d=\"M0.416 27.84l11.456-11.84-11.456-11.904q-0.832-0.832 0-1.536 0.832-0.832 1.536 0l12.544 12.608q0.768 0.832 0 1.6l-12.544 12.608q-0.704 0.832-1.536 0-0.832-0.704 0-1.536z\"><\/path>\n<\/svg><\/span><\/a><\/div><\/div><\/div><footer class=\"entry-footer\"><div class=\"slide-meta\"><time class='slide-meta-time updated'  itemprop=\"datePublished\" datetime=\"2024-10-04T18:05:29+02:00\" >4 octobre 2024<\/time><\/div><\/footer><span class='hidden'>\n\t\t\t\t<span class='av-structured-data'  itemprop=\"image\" itemscope=\"itemscope\" itemtype=\"https:\/\/schema.org\/ImageObject\" >\n\t\t\t\t\t\t<span itemprop='url'>https:\/\/www.transports-coue.fr\/wp-content\/uploads\/2024\/10\/coue-trm-couv-web-notre-equipe-gagnante-6eme-camion.webp<\/span>\n\t\t\t\t\t\t<span itemprop='height'>642<\/span>\n\t\t\t\t\t\t<span itemprop='width'>1690<\/span>\n\t\t\t\t<\/span>\n\t\t\t\t<span class='av-structured-data'  itemprop=\"publisher\" itemtype=\"https:\/\/schema.org\/Organization\" itemscope=\"itemscope\" >\n\t\t\t\t\t\t<span itemprop='name'>Transports Cou\u00e9<\/span>\n\t\t\t\t\t\t<span itemprop='logo' itemscope itemtype='https:\/\/schema.org\/ImageObject'>\n\t\t\t\t\t\t\t<span itemprop='url'>https:\/\/www.transports-coue.fr\/wp-content\/uploads\/2018\/10\/Logo-transports-coue-300x119.png<\/span>\n\t\t\t\t\t\t<\/span>\n\t\t\t\t<\/span><span class='av-structured-data'  itemprop=\"author\" itemscope=\"itemscope\" itemtype=\"https:\/\/schema.org\/Person\" ><span itemprop='name'>Transports Cou\u00e9<\/span><\/span><span class='av-structured-data'  itemprop=\"datePublished\" datetime=\"2018-10-04T10:16:12+02:00\" >2024-10-04 18:05:29<\/span><span class='av-structured-data'  itemprop=\"dateModified\" itemtype=\"https:\/\/schema.org\/dateModified\" >2024-10-22 11:43:36<\/span><span class='av-structured-data'  itemprop=\"mainEntityOfPage\" itemtype=\"https:\/\/schema.org\/mainEntityOfPage\" ><span itemprop='name'>Presentation du 6\u00e8me camion Notre Equipe Gagnante<\/span><\/span><\/span><\/article><article class='slide-entry flex_column  post-entry post-entry-11070 slide-entry-overview slide-loop-36 slide-parity-odd  av_one_third  real-thumbnail posttype-post post-format-standard'  itemscope=\"itemscope\" itemtype=\"https:\/\/schema.org\/CreativeWork\" ><a href='https:\/\/www.transports-coue.fr\/fr\/presentation-de-notre-5eme-camion-notre-equipe-gagnante\/' data-rel='slide-2' class='slide-image' title='Pr\u00e9sentation de notre 5\u00e8me camion \u00ab\u00a0Notre Equipe Gagnante\u00a0\u00bb !'><img decoding=\"async\" fetchpriority=\"high\" width=\"1690\" height=\"642\" src=\"https:\/\/www.transports-coue.fr\/wp-content\/uploads\/2024\/09\/coue-trm-couv-web-notre-equipe-gagnante-4eme-camion.webp\" class=\"wp-image-11073 avia-img-lazy-loading-not-11073 attachment-no scaling size-no scaling wp-post-image\" alt=\"Pr\u00e9sentation de notre 5eme camion Notre Equipe Gagnante\" srcset=\"https:\/\/www.transports-coue.fr\/wp-content\/uploads\/2024\/09\/coue-trm-couv-web-notre-equipe-gagnante-4eme-camion.webp 1690w, https:\/\/www.transports-coue.fr\/wp-content\/uploads\/2024\/09\/coue-trm-couv-web-notre-equipe-gagnante-4eme-camion-300x114.webp 300w, https:\/\/www.transports-coue.fr\/wp-content\/uploads\/2024\/09\/coue-trm-couv-web-notre-equipe-gagnante-4eme-camion-1030x391.webp 1030w, https:\/\/www.transports-coue.fr\/wp-content\/uploads\/2024\/09\/coue-trm-couv-web-notre-equipe-gagnante-4eme-camion-80x30.webp 80w, https:\/\/www.transports-coue.fr\/wp-content\/uploads\/2024\/09\/coue-trm-couv-web-notre-equipe-gagnante-4eme-camion-768x292.webp 768w, https:\/\/www.transports-coue.fr\/wp-content\/uploads\/2024\/09\/coue-trm-couv-web-notre-equipe-gagnante-4eme-camion-1536x583.webp 1536w, https:\/\/www.transports-coue.fr\/wp-content\/uploads\/2024\/09\/coue-trm-couv-web-notre-equipe-gagnante-4eme-camion-1500x570.webp 1500w, https:\/\/www.transports-coue.fr\/wp-content\/uploads\/2024\/09\/coue-trm-couv-web-notre-equipe-gagnante-4eme-camion-705x268.webp 705w, https:\/\/www.transports-coue.fr\/wp-content\/uploads\/2024\/09\/coue-trm-couv-web-notre-equipe-gagnante-4eme-camion-845x321.webp 845w\" sizes=\"(max-width: 1690px) 100vw, 1690px\" \/><\/a><div class=\"slide-content\"><header class=\"entry-content-header\" aria-label=\"Slide: Pr\u00e9sentation de notre 5\u00e8me camion &quot;Notre Equipe Gagnante&quot; !\"><h3 class='slide-entry-title entry-title '  itemprop=\"headline\" ><a href='https:\/\/www.transports-coue.fr\/fr\/presentation-de-notre-5eme-camion-notre-equipe-gagnante\/' title='Pr\u00e9sentation de notre 5\u00e8me camion \u00ab\u00a0Notre Equipe Gagnante\u00a0\u00bb !'>Pr\u00e9sentation de notre 5\u00e8me camion \u00ab\u00a0Notre Equipe Gagnante\u00a0\u00bb !<\/a><\/h3><span class=\"blog-categories minor-meta\"><a href=\"https:\/\/www.transports-coue.fr\/fr\/category\/actualites\/\" rel=\"tag\">Actualit\u00e9s<\/a>, <a href=\"https:\/\/www.transports-coue.fr\/fr\/category\/actualites\/evenements\/\" rel=\"tag\">Ev\u00e9nements<\/a> <\/span><span class=\"av-vertical-delimiter\"><\/span><\/header><div class='slide-entry-excerpt entry-content'  itemprop=\"text\" >\ud83d\udd25Pr\u00e9sentation du 5\u00e8me camion-remorque \ud83d\ude9b Notre Equipe Gagnante ! qui rejoint la flotte TRM !\nSont mis \u00e0 l'honneur\u00a0\u2728 sur ce v\u00e9hicule :\n\ud83c\udff8 le Badminton illustr\u00e9 par Nathalie (Agent d'Exploitation), Nazaire (Conducteur Routier) &amp;\u2026<div class=\"read-more-link\"><a href=\"https:\/\/www.transports-coue.fr\/fr\/presentation-de-notre-5eme-camion-notre-equipe-gagnante\/\" class=\"more-link\">Lire la suite<span class='more-link-arrow avia-svg-icon avia-font-svg_entypo-fontello' data-av_svg_icon='right-open-big' data-av_iconset='svg_entypo-fontello'><svg version=\"1.1\" xmlns=\"http:\/\/www.w3.org\/2000\/svg\" width=\"15\" height=\"32\" viewBox=\"0 0 15 32\" preserveAspectRatio=\"xMidYMid meet\" role=\"graphics-symbol\" aria-hidden=\"true\">\n<path d=\"M0.416 27.84l11.456-11.84-11.456-11.904q-0.832-0.832 0-1.536 0.832-0.832 1.536 0l12.544 12.608q0.768 0.832 0 1.6l-12.544 12.608q-0.704 0.832-1.536 0-0.832-0.704 0-1.536z\"><\/path>\n<\/svg><\/span><\/a><\/div><\/div><\/div><footer class=\"entry-footer\"><div class=\"slide-meta\"><time class='slide-meta-time updated'  itemprop=\"datePublished\" datetime=\"2024-09-20T18:00:00+02:00\" >20 septembre 2024<\/time><\/div><\/footer><span class='hidden'>\n\t\t\t\t<span class='av-structured-data'  itemprop=\"image\" itemscope=\"itemscope\" itemtype=\"https:\/\/schema.org\/ImageObject\" >\n\t\t\t\t\t\t<span itemprop='url'>https:\/\/www.transports-coue.fr\/wp-content\/uploads\/2024\/09\/coue-trm-couv-web-notre-equipe-gagnante-4eme-camion.webp<\/span>\n\t\t\t\t\t\t<span itemprop='height'>642<\/span>\n\t\t\t\t\t\t<span itemprop='width'>1690<\/span>\n\t\t\t\t<\/span>\n\t\t\t\t<span class='av-structured-data'  itemprop=\"publisher\" itemtype=\"https:\/\/schema.org\/Organization\" itemscope=\"itemscope\" >\n\t\t\t\t\t\t<span itemprop='name'>Transports Cou\u00e9<\/span>\n\t\t\t\t\t\t<span itemprop='logo' itemscope itemtype='https:\/\/schema.org\/ImageObject'>\n\t\t\t\t\t\t\t<span itemprop='url'>https:\/\/www.transports-coue.fr\/wp-content\/uploads\/2018\/10\/Logo-transports-coue-300x119.png<\/span>\n\t\t\t\t\t\t<\/span>\n\t\t\t\t<\/span><span class='av-structured-data'  itemprop=\"author\" itemscope=\"itemscope\" itemtype=\"https:\/\/schema.org\/Person\" ><span itemprop='name'>Transports Cou\u00e9<\/span><\/span><span class='av-structured-data'  itemprop=\"datePublished\" datetime=\"2018-10-04T10:16:12+02:00\" >2024-09-20 18:00:00<\/span><span class='av-structured-data'  itemprop=\"dateModified\" itemtype=\"https:\/\/schema.org\/dateModified\" >2024-10-18 17:29:28<\/span><span class='av-structured-data'  itemprop=\"mainEntityOfPage\" itemtype=\"https:\/\/schema.org\/mainEntityOfPage\" ><span itemprop='name'>Pr\u00e9sentation de notre 5\u00e8me camion \u00ab\u00a0Notre Equipe Gagnante\u00a0\u00bb !<\/span><\/span><\/span><\/article><\/div><div class=\"slide-entry-wrap\"><article class='slide-entry flex_column  post-entry post-entry-10988 slide-entry-overview slide-loop-37 slide-parity-odd  av_one_third first real-thumbnail posttype-post post-format-standard'  itemscope=\"itemscope\" itemtype=\"https:\/\/schema.org\/CreativeWork\" ><a href='https:\/\/www.transports-coue.fr\/fr\/rdv-au-top-transport-europe-a-marseille-les-16-17-octobre\/' data-rel='slide-2' class='slide-image' title='Rdv au Top Transport Europe \u00e0 Marseille les 16 &#038; 17 octobre !'><img decoding=\"async\" fetchpriority=\"high\" width=\"845\" height=\"321\" src=\"https:\/\/www.transports-coue.fr\/wp-content\/uploads\/2024\/09\/groupe-coue-trm-top-transport-2024-web-2.webp\" class=\"wp-image-10992 avia-img-lazy-loading-not-10992 attachment-no scaling size-no scaling wp-post-image\" alt=\"Participation au Top Transport Europe 2024\" srcset=\"https:\/\/www.transports-coue.fr\/wp-content\/uploads\/2024\/09\/groupe-coue-trm-top-transport-2024-web-2.webp 845w, https:\/\/www.transports-coue.fr\/wp-content\/uploads\/2024\/09\/groupe-coue-trm-top-transport-2024-web-2-300x114.webp 300w, https:\/\/www.transports-coue.fr\/wp-content\/uploads\/2024\/09\/groupe-coue-trm-top-transport-2024-web-2-80x30.webp 80w, https:\/\/www.transports-coue.fr\/wp-content\/uploads\/2024\/09\/groupe-coue-trm-top-transport-2024-web-2-768x292.webp 768w, https:\/\/www.transports-coue.fr\/wp-content\/uploads\/2024\/09\/groupe-coue-trm-top-transport-2024-web-2-705x268.webp 705w\" sizes=\"(max-width: 845px) 100vw, 845px\" \/><\/a><div class=\"slide-content\"><header class=\"entry-content-header\" aria-label=\"Slide: Rdv au Top Transport Europe \u00e0 Marseille les 16 &amp; 17 octobre !\"><h3 class='slide-entry-title entry-title '  itemprop=\"headline\" ><a href='https:\/\/www.transports-coue.fr\/fr\/rdv-au-top-transport-europe-a-marseille-les-16-17-octobre\/' title='Rdv au Top Transport Europe \u00e0 Marseille les 16 &#038; 17 octobre !'>Rdv au Top Transport Europe \u00e0 Marseille les 16 &#038; 17 octobre !<\/a><\/h3><span class=\"blog-categories minor-meta\"><a href=\"https:\/\/www.transports-coue.fr\/fr\/category\/actualites\/\" rel=\"tag\">Actualit\u00e9s<\/a>, <a href=\"https:\/\/www.transports-coue.fr\/fr\/category\/actualites\/evenements\/\" rel=\"tag\">Ev\u00e9nements<\/a>, <a href=\"https:\/\/www.transports-coue.fr\/fr\/category\/actualites\/evenements\/evenements-logistique\/\" rel=\"tag\">Ev\u00e9nements Logistique<\/a>, <a href=\"https:\/\/www.transports-coue.fr\/fr\/category\/actualites\/evenements\/evenement-overseas\/\" rel=\"tag\">Ev\u00e9nements Overseas<\/a> <\/span><span class=\"av-vertical-delimiter\"><\/span><\/header><div class='slide-entry-excerpt entry-content'  itemprop=\"text\" >\ud83d\ude80 Les 16 &amp; 17 octobre, venez nous retrouver au Top Transport Europe sur notre stand B132 au Palais du Pharo \u00e0 Marseille !\n\ud83e\udd1d Ce sera une belle opportunit\u00e9 pour \u00e9changer avec nos \u00e9quipes sur vos projets Transport &amp; Logistique.\u2026<div class=\"read-more-link\"><a href=\"https:\/\/www.transports-coue.fr\/fr\/rdv-au-top-transport-europe-a-marseille-les-16-17-octobre\/\" class=\"more-link\">Lire la suite<span class='more-link-arrow avia-svg-icon avia-font-svg_entypo-fontello' data-av_svg_icon='right-open-big' data-av_iconset='svg_entypo-fontello'><svg version=\"1.1\" xmlns=\"http:\/\/www.w3.org\/2000\/svg\" width=\"15\" height=\"32\" viewBox=\"0 0 15 32\" preserveAspectRatio=\"xMidYMid meet\" role=\"graphics-symbol\" aria-hidden=\"true\">\n<path d=\"M0.416 27.84l11.456-11.84-11.456-11.904q-0.832-0.832 0-1.536 0.832-0.832 1.536 0l12.544 12.608q0.768 0.832 0 1.6l-12.544 12.608q-0.704 0.832-1.536 0-0.832-0.704 0-1.536z\"><\/path>\n<\/svg><\/span><\/a><\/div><\/div><\/div><footer class=\"entry-footer\"><div class=\"slide-meta\"><time class='slide-meta-time updated'  itemprop=\"datePublished\" datetime=\"2024-09-13T18:00:00+02:00\" >13 septembre 2024<\/time><\/div><\/footer><span class='hidden'>\n\t\t\t\t<span class='av-structured-data'  itemprop=\"image\" itemscope=\"itemscope\" itemtype=\"https:\/\/schema.org\/ImageObject\" >\n\t\t\t\t\t\t<span itemprop='url'>https:\/\/www.transports-coue.fr\/wp-content\/uploads\/2024\/09\/groupe-coue-trm-top-transport-2024-web-2.webp<\/span>\n\t\t\t\t\t\t<span itemprop='height'>321<\/span>\n\t\t\t\t\t\t<span itemprop='width'>845<\/span>\n\t\t\t\t<\/span>\n\t\t\t\t<span class='av-structured-data'  itemprop=\"publisher\" itemtype=\"https:\/\/schema.org\/Organization\" itemscope=\"itemscope\" >\n\t\t\t\t\t\t<span itemprop='name'>Transports Cou\u00e9<\/span>\n\t\t\t\t\t\t<span itemprop='logo' itemscope itemtype='https:\/\/schema.org\/ImageObject'>\n\t\t\t\t\t\t\t<span itemprop='url'>https:\/\/www.transports-coue.fr\/wp-content\/uploads\/2018\/10\/Logo-transports-coue-300x119.png<\/span>\n\t\t\t\t\t\t<\/span>\n\t\t\t\t<\/span><span class='av-structured-data'  itemprop=\"author\" itemscope=\"itemscope\" itemtype=\"https:\/\/schema.org\/Person\" ><span itemprop='name'>Transports Cou\u00e9<\/span><\/span><span class='av-structured-data'  itemprop=\"datePublished\" datetime=\"2018-10-04T10:16:12+02:00\" >2024-09-13 18:00:00<\/span><span class='av-structured-data'  itemprop=\"dateModified\" itemtype=\"https:\/\/schema.org\/dateModified\" >2024-09-12 17:34:33<\/span><span class='av-structured-data'  itemprop=\"mainEntityOfPage\" itemtype=\"https:\/\/schema.org\/mainEntityOfPage\" ><span itemprop='name'>Rdv au Top Transport Europe \u00e0 Marseille les 16 &#038; 17 octobre !<\/span><\/span><\/span><\/article><article class='slide-entry flex_column  post-entry post-entry-10982 slide-entry-overview slide-loop-38 slide-parity-even  av_one_third  real-thumbnail posttype-post post-format-standard'  itemscope=\"itemscope\" itemtype=\"https:\/\/schema.org\/CreativeWork\" ><a href='https:\/\/www.transports-coue.fr\/fr\/notre-equipe-gagnante-sur-les-baches-de-nos-camions-on-vous-raconte-tout\/' data-rel='slide-2' class='slide-image' title='\u00ab\u00a0Notre Equipe Gagnante\u00a0\u00bb sur les b\u00e2ches de nos Camions : On vous raconte TOUT !'><img decoding=\"async\" fetchpriority=\"high\" width=\"1128\" height=\"426\" src=\"https:\/\/www.transports-coue.fr\/wp-content\/uploads\/2024\/09\/couv-notre-equipe-gagnante-groupe-coue-trm-on-vous-raconte-tout-web.webp\" class=\"wp-image-10983 avia-img-lazy-loading-not-10983 attachment-no scaling size-no scaling wp-post-image\" alt=\"couverture de notre vid\u00e9o Notre Equipe Gagnante\" srcset=\"https:\/\/www.transports-coue.fr\/wp-content\/uploads\/2024\/09\/couv-notre-equipe-gagnante-groupe-coue-trm-on-vous-raconte-tout-web.webp 1128w, https:\/\/www.transports-coue.fr\/wp-content\/uploads\/2024\/09\/couv-notre-equipe-gagnante-groupe-coue-trm-on-vous-raconte-tout-web-300x113.webp 300w, https:\/\/www.transports-coue.fr\/wp-content\/uploads\/2024\/09\/couv-notre-equipe-gagnante-groupe-coue-trm-on-vous-raconte-tout-web-1030x389.webp 1030w, https:\/\/www.transports-coue.fr\/wp-content\/uploads\/2024\/09\/couv-notre-equipe-gagnante-groupe-coue-trm-on-vous-raconte-tout-web-80x30.webp 80w, https:\/\/www.transports-coue.fr\/wp-content\/uploads\/2024\/09\/couv-notre-equipe-gagnante-groupe-coue-trm-on-vous-raconte-tout-web-768x290.webp 768w, https:\/\/www.transports-coue.fr\/wp-content\/uploads\/2024\/09\/couv-notre-equipe-gagnante-groupe-coue-trm-on-vous-raconte-tout-web-705x266.webp 705w\" sizes=\"(max-width: 1128px) 100vw, 1128px\" \/><\/a><div class=\"slide-content\"><header class=\"entry-content-header\" aria-label=\"Slide: &quot;Notre Equipe Gagnante&quot; sur les b\u00e2ches de nos Camions : On vous raconte TOUT !\"><h3 class='slide-entry-title entry-title '  itemprop=\"headline\" ><a href='https:\/\/www.transports-coue.fr\/fr\/notre-equipe-gagnante-sur-les-baches-de-nos-camions-on-vous-raconte-tout\/' title='\u00ab\u00a0Notre Equipe Gagnante\u00a0\u00bb sur les b\u00e2ches de nos Camions : On vous raconte TOUT !'>\u00ab\u00a0Notre Equipe Gagnante\u00a0\u00bb sur les b\u00e2ches de nos Camions : On vous raconte TOUT !<\/a><\/h3><span class=\"blog-categories minor-meta\"><a href=\"https:\/\/www.transports-coue.fr\/fr\/category\/actualites\/\" rel=\"tag\">Actualit\u00e9s<\/a>, <a href=\"https:\/\/www.transports-coue.fr\/fr\/category\/actualites\/evenements\/\" rel=\"tag\">Ev\u00e9nements<\/a> <\/span><span class=\"av-vertical-delimiter\"><\/span><\/header><div class='slide-entry-excerpt entry-content'  itemprop=\"text\" >\ud83c\udfa5 \"Notre Equipe Gagnante\" sur les b\u00e2ches de nos Camions : On vous raconte TOUT !\n\ud83d\udc49 De la naissance du projet initi\u00e9 par nos \u00e9quipes jusqu'\u00e0 sa concr\u00e9tisation en passant par le t\u00e9moignage des participants !!! C\u2019est avec une grande\u2026<div class=\"read-more-link\"><a href=\"https:\/\/www.transports-coue.fr\/fr\/notre-equipe-gagnante-sur-les-baches-de-nos-camions-on-vous-raconte-tout\/\" class=\"more-link\">Lire la suite<span class='more-link-arrow avia-svg-icon avia-font-svg_entypo-fontello' data-av_svg_icon='right-open-big' data-av_iconset='svg_entypo-fontello'><svg version=\"1.1\" xmlns=\"http:\/\/www.w3.org\/2000\/svg\" width=\"15\" height=\"32\" viewBox=\"0 0 15 32\" preserveAspectRatio=\"xMidYMid meet\" role=\"graphics-symbol\" aria-hidden=\"true\">\n<path d=\"M0.416 27.84l11.456-11.84-11.456-11.904q-0.832-0.832 0-1.536 0.832-0.832 1.536 0l12.544 12.608q0.768 0.832 0 1.6l-12.544 12.608q-0.704 0.832-1.536 0-0.832-0.704 0-1.536z\"><\/path>\n<\/svg><\/span><\/a><\/div><\/div><\/div><footer class=\"entry-footer\"><div class=\"slide-meta\"><time class='slide-meta-time updated'  itemprop=\"datePublished\" datetime=\"2024-09-06T18:00:00+02:00\" >6 septembre 2024<\/time><\/div><\/footer><span class='hidden'>\n\t\t\t\t<span class='av-structured-data'  itemprop=\"image\" itemscope=\"itemscope\" itemtype=\"https:\/\/schema.org\/ImageObject\" >\n\t\t\t\t\t\t<span itemprop='url'>https:\/\/www.transports-coue.fr\/wp-content\/uploads\/2024\/09\/couv-notre-equipe-gagnante-groupe-coue-trm-on-vous-raconte-tout-web.webp<\/span>\n\t\t\t\t\t\t<span itemprop='height'>426<\/span>\n\t\t\t\t\t\t<span itemprop='width'>1128<\/span>\n\t\t\t\t<\/span>\n\t\t\t\t<span class='av-structured-data'  itemprop=\"publisher\" itemtype=\"https:\/\/schema.org\/Organization\" itemscope=\"itemscope\" >\n\t\t\t\t\t\t<span itemprop='name'>Transports Cou\u00e9<\/span>\n\t\t\t\t\t\t<span itemprop='logo' itemscope itemtype='https:\/\/schema.org\/ImageObject'>\n\t\t\t\t\t\t\t<span itemprop='url'>https:\/\/www.transports-coue.fr\/wp-content\/uploads\/2018\/10\/Logo-transports-coue-300x119.png<\/span>\n\t\t\t\t\t\t<\/span>\n\t\t\t\t<\/span><span class='av-structured-data'  itemprop=\"author\" itemscope=\"itemscope\" itemtype=\"https:\/\/schema.org\/Person\" ><span itemprop='name'>Transports Cou\u00e9<\/span><\/span><span class='av-structured-data'  itemprop=\"datePublished\" datetime=\"2018-10-04T10:16:12+02:00\" >2024-09-06 18:00:00<\/span><span class='av-structured-data'  itemprop=\"dateModified\" itemtype=\"https:\/\/schema.org\/dateModified\" >2024-10-18 17:56:29<\/span><span class='av-structured-data'  itemprop=\"mainEntityOfPage\" itemtype=\"https:\/\/schema.org\/mainEntityOfPage\" ><span itemprop='name'>\u00ab\u00a0Notre Equipe Gagnante\u00a0\u00bb sur les b\u00e2ches de nos Camions : On vous raconte TOUT !<\/span><\/span><\/span><\/article><article class='slide-entry flex_column  post-entry post-entry-10865 slide-entry-overview slide-loop-39 slide-parity-odd  av_one_third  real-thumbnail posttype-post post-format-standard'  itemscope=\"itemscope\" itemtype=\"https:\/\/schema.org\/CreativeWork\" ><a href='https:\/\/www.transports-coue.fr\/fr\/notre-4eme-camion-notre-equipe-gagnante-est-arrive\/' data-rel='slide-2' class='slide-image' title='Notre 4\u00e8me camion \u00ab\u00a0Notre Equipe Gagnante\u00a0\u00bb est arriv\u00e9 !'><img decoding=\"async\" fetchpriority=\"high\" width=\"1690\" height=\"642\" src=\"https:\/\/www.transports-coue.fr\/wp-content\/uploads\/2024\/08\/coue-trm-notre-equipe-gagnante-4eme-camion-web.webp\" class=\"wp-image-10870 avia-img-lazy-loading-not-10870 attachment-no scaling size-no scaling wp-post-image\" alt=\"Pr\u00e9sentation de notre 4eme camion Notre Equipe Gagnante\" srcset=\"https:\/\/www.transports-coue.fr\/wp-content\/uploads\/2024\/08\/coue-trm-notre-equipe-gagnante-4eme-camion-web.webp 1690w, https:\/\/www.transports-coue.fr\/wp-content\/uploads\/2024\/08\/coue-trm-notre-equipe-gagnante-4eme-camion-web-300x114.webp 300w, https:\/\/www.transports-coue.fr\/wp-content\/uploads\/2024\/08\/coue-trm-notre-equipe-gagnante-4eme-camion-web-1030x391.webp 1030w, https:\/\/www.transports-coue.fr\/wp-content\/uploads\/2024\/08\/coue-trm-notre-equipe-gagnante-4eme-camion-web-80x30.webp 80w, https:\/\/www.transports-coue.fr\/wp-content\/uploads\/2024\/08\/coue-trm-notre-equipe-gagnante-4eme-camion-web-768x292.webp 768w, https:\/\/www.transports-coue.fr\/wp-content\/uploads\/2024\/08\/coue-trm-notre-equipe-gagnante-4eme-camion-web-1536x583.webp 1536w, https:\/\/www.transports-coue.fr\/wp-content\/uploads\/2024\/08\/coue-trm-notre-equipe-gagnante-4eme-camion-web-1500x570.webp 1500w, https:\/\/www.transports-coue.fr\/wp-content\/uploads\/2024\/08\/coue-trm-notre-equipe-gagnante-4eme-camion-web-705x268.webp 705w, https:\/\/www.transports-coue.fr\/wp-content\/uploads\/2024\/08\/coue-trm-notre-equipe-gagnante-4eme-camion-web-845x321.webp 845w\" sizes=\"(max-width: 1690px) 100vw, 1690px\" \/><\/a><div class=\"slide-content\"><header class=\"entry-content-header\" aria-label=\"Slide: Notre 4\u00e8me camion &quot;Notre Equipe Gagnante&quot; est arriv\u00e9 !\"><h3 class='slide-entry-title entry-title '  itemprop=\"headline\" ><a href='https:\/\/www.transports-coue.fr\/fr\/notre-4eme-camion-notre-equipe-gagnante-est-arrive\/' title='Notre 4\u00e8me camion \u00ab\u00a0Notre Equipe Gagnante\u00a0\u00bb est arriv\u00e9 !'>Notre 4\u00e8me camion \u00ab\u00a0Notre Equipe Gagnante\u00a0\u00bb est arriv\u00e9 !<\/a><\/h3><span class=\"blog-categories minor-meta\"><a href=\"https:\/\/www.transports-coue.fr\/fr\/category\/actualites\/\" rel=\"tag\">Actualit\u00e9s<\/a>, <a href=\"https:\/\/www.transports-coue.fr\/fr\/category\/actualites\/evenements\/\" rel=\"tag\">Ev\u00e9nements<\/a> <\/span><span class=\"av-vertical-delimiter\"><\/span><\/header><div class='slide-entry-excerpt entry-content'  itemprop=\"text\" >\ud83d\udd25 Arriv\u00e9e du 4\u00e8me camion \ud83d\ude9b Notre Equipe Gagnante !\nSont mis \u00e0 l'honneur\u00a0\u2728 sur ce v\u00e9hicule :\n\n\ud83d\udeb4 le V\u00e9lo illustr\u00e9 par Annabelle (Commerciale), Nicolas (Chef Atelier) &amp; Jean-Louis (Responsable Exploitation)\n\u26f5 la Voile illustr\u00e9e\u2026<div class=\"read-more-link\"><a href=\"https:\/\/www.transports-coue.fr\/fr\/notre-4eme-camion-notre-equipe-gagnante-est-arrive\/\" class=\"more-link\">Lire la suite<span class='more-link-arrow avia-svg-icon avia-font-svg_entypo-fontello' data-av_svg_icon='right-open-big' data-av_iconset='svg_entypo-fontello'><svg version=\"1.1\" xmlns=\"http:\/\/www.w3.org\/2000\/svg\" width=\"15\" height=\"32\" viewBox=\"0 0 15 32\" preserveAspectRatio=\"xMidYMid meet\" role=\"graphics-symbol\" aria-hidden=\"true\">\n<path d=\"M0.416 27.84l11.456-11.84-11.456-11.904q-0.832-0.832 0-1.536 0.832-0.832 1.536 0l12.544 12.608q0.768 0.832 0 1.6l-12.544 12.608q-0.704 0.832-1.536 0-0.832-0.704 0-1.536z\"><\/path>\n<\/svg><\/span><\/a><\/div><\/div><\/div><footer class=\"entry-footer\"><div class=\"slide-meta\"><time class='slide-meta-time updated'  itemprop=\"datePublished\" datetime=\"2024-08-30T11:08:05+02:00\" >30 ao\u00fbt 2024<\/time><\/div><\/footer><span class='hidden'>\n\t\t\t\t<span class='av-structured-data'  itemprop=\"image\" itemscope=\"itemscope\" itemtype=\"https:\/\/schema.org\/ImageObject\" >\n\t\t\t\t\t\t<span itemprop='url'>https:\/\/www.transports-coue.fr\/wp-content\/uploads\/2024\/08\/coue-trm-notre-equipe-gagnante-4eme-camion-web.webp<\/span>\n\t\t\t\t\t\t<span itemprop='height'>642<\/span>\n\t\t\t\t\t\t<span itemprop='width'>1690<\/span>\n\t\t\t\t<\/span>\n\t\t\t\t<span class='av-structured-data'  itemprop=\"publisher\" itemtype=\"https:\/\/schema.org\/Organization\" itemscope=\"itemscope\" >\n\t\t\t\t\t\t<span itemprop='name'>Transports Cou\u00e9<\/span>\n\t\t\t\t\t\t<span itemprop='logo' itemscope itemtype='https:\/\/schema.org\/ImageObject'>\n\t\t\t\t\t\t\t<span itemprop='url'>https:\/\/www.transports-coue.fr\/wp-content\/uploads\/2018\/10\/Logo-transports-coue-300x119.png<\/span>\n\t\t\t\t\t\t<\/span>\n\t\t\t\t<\/span><span class='av-structured-data'  itemprop=\"author\" itemscope=\"itemscope\" itemtype=\"https:\/\/schema.org\/Person\" ><span itemprop='name'>Transports Cou\u00e9<\/span><\/span><span class='av-structured-data'  itemprop=\"datePublished\" datetime=\"2018-10-04T10:16:12+02:00\" >2024-08-30 11:08:05<\/span><span class='av-structured-data'  itemprop=\"dateModified\" itemtype=\"https:\/\/schema.org\/dateModified\" >2024-10-18 17:59:20<\/span><span class='av-structured-data'  itemprop=\"mainEntityOfPage\" itemtype=\"https:\/\/schema.org\/mainEntityOfPage\" ><span itemprop='name'>Notre 4\u00e8me camion \u00ab\u00a0Notre Equipe Gagnante\u00a0\u00bb est arriv\u00e9 !<\/span><\/span><\/span><\/article><\/div><div class=\"slide-entry-wrap\"><article class='slide-entry flex_column  post-entry post-entry-10763 slide-entry-overview slide-loop-40 slide-parity-odd  av_one_third first real-thumbnail posttype-post post-format-standard'  itemscope=\"itemscope\" itemtype=\"https:\/\/schema.org\/CreativeWork\" ><a href='https:\/\/www.transports-coue.fr\/fr\/retour-en-images-sur-nos-ofnijec-2024\/' data-rel='slide-2' class='slide-image' title='Retour en images sur nos OFNIJEC 2024 !'><img decoding=\"async\" fetchpriority=\"high\" width=\"1690\" height=\"642\" src=\"https:\/\/www.transports-coue.fr\/wp-content\/uploads\/2024\/07\/groupe-coue-trm-ofnijec-2024-n1.webp\" class=\"wp-image-10764 avia-img-lazy-loading-not-10764 attachment-no scaling size-no scaling wp-post-image\" alt=\"Equipe TRM Cou\u00e9 OFNIJEC 2024\" srcset=\"https:\/\/www.transports-coue.fr\/wp-content\/uploads\/2024\/07\/groupe-coue-trm-ofnijec-2024-n1.webp 1690w, https:\/\/www.transports-coue.fr\/wp-content\/uploads\/2024\/07\/groupe-coue-trm-ofnijec-2024-n1-300x114.webp 300w, https:\/\/www.transports-coue.fr\/wp-content\/uploads\/2024\/07\/groupe-coue-trm-ofnijec-2024-n1-1030x391.webp 1030w, https:\/\/www.transports-coue.fr\/wp-content\/uploads\/2024\/07\/groupe-coue-trm-ofnijec-2024-n1-80x30.webp 80w, https:\/\/www.transports-coue.fr\/wp-content\/uploads\/2024\/07\/groupe-coue-trm-ofnijec-2024-n1-768x292.webp 768w, https:\/\/www.transports-coue.fr\/wp-content\/uploads\/2024\/07\/groupe-coue-trm-ofnijec-2024-n1-1536x583.webp 1536w, https:\/\/www.transports-coue.fr\/wp-content\/uploads\/2024\/07\/groupe-coue-trm-ofnijec-2024-n1-1500x570.webp 1500w, https:\/\/www.transports-coue.fr\/wp-content\/uploads\/2024\/07\/groupe-coue-trm-ofnijec-2024-n1-705x268.webp 705w, https:\/\/www.transports-coue.fr\/wp-content\/uploads\/2024\/07\/groupe-coue-trm-ofnijec-2024-n1-845x321.webp 845w\" sizes=\"(max-width: 1690px) 100vw, 1690px\" \/><\/a><div class=\"slide-content\"><header class=\"entry-content-header\" aria-label=\"Slide: Retour en images sur nos OFNIJEC 2024 !\"><h3 class='slide-entry-title entry-title '  itemprop=\"headline\" ><a href='https:\/\/www.transports-coue.fr\/fr\/retour-en-images-sur-nos-ofnijec-2024\/' title='Retour en images sur nos OFNIJEC 2024 !'>Retour en images sur nos OFNIJEC 2024 !<\/a><\/h3><span class=\"blog-categories minor-meta\"><a href=\"https:\/\/www.transports-coue.fr\/fr\/category\/actualites\/\" rel=\"tag\">Actualit\u00e9s<\/a>, <a href=\"https:\/\/www.transports-coue.fr\/fr\/category\/actualites\/evenements\/\" rel=\"tag\">Ev\u00e9nements<\/a> <\/span><span class=\"av-vertical-delimiter\"><\/span><\/header><div class='slide-entry-excerpt entry-content'  itemprop=\"text\" >\n\n\n\n\ud83d\udea3\ud83c\udffd \u00c9dition 2024 aux OFNIJEC de Laval \ud83d\udea3\ud83c\udffd\nLe week-end du 6 et 7 juillet s\u2019est d\u00e9roul\u00e9 l\u2019\u00e9v\u00e9nement incontournable \u00e0 Laval les \u00ab OFNIJEC \u00bb. L\u2019occasion pour nous de pouvoir repr\u00e9senter notre secteur d\u2019activit\u00e9 avec\u2026<div class=\"read-more-link\"><a href=\"https:\/\/www.transports-coue.fr\/fr\/retour-en-images-sur-nos-ofnijec-2024\/\" class=\"more-link\">Lire la suite<span class='more-link-arrow avia-svg-icon avia-font-svg_entypo-fontello' data-av_svg_icon='right-open-big' data-av_iconset='svg_entypo-fontello'><svg version=\"1.1\" xmlns=\"http:\/\/www.w3.org\/2000\/svg\" width=\"15\" height=\"32\" viewBox=\"0 0 15 32\" preserveAspectRatio=\"xMidYMid meet\" role=\"graphics-symbol\" aria-hidden=\"true\">\n<path d=\"M0.416 27.84l11.456-11.84-11.456-11.904q-0.832-0.832 0-1.536 0.832-0.832 1.536 0l12.544 12.608q0.768 0.832 0 1.6l-12.544 12.608q-0.704 0.832-1.536 0-0.832-0.704 0-1.536z\"><\/path>\n<\/svg><\/span><\/a><\/div><\/div><\/div><footer class=\"entry-footer\"><div class=\"slide-meta\"><time class='slide-meta-time updated'  itemprop=\"datePublished\" datetime=\"2024-07-24T11:42:56+02:00\" >24 juillet 2024<\/time><\/div><\/footer><span class='hidden'>\n\t\t\t\t<span class='av-structured-data'  itemprop=\"image\" itemscope=\"itemscope\" itemtype=\"https:\/\/schema.org\/ImageObject\" >\n\t\t\t\t\t\t<span itemprop='url'>https:\/\/www.transports-coue.fr\/wp-content\/uploads\/2024\/07\/groupe-coue-trm-ofnijec-2024-n1.webp<\/span>\n\t\t\t\t\t\t<span itemprop='height'>642<\/span>\n\t\t\t\t\t\t<span itemprop='width'>1690<\/span>\n\t\t\t\t<\/span>\n\t\t\t\t<span class='av-structured-data'  itemprop=\"publisher\" itemtype=\"https:\/\/schema.org\/Organization\" itemscope=\"itemscope\" >\n\t\t\t\t\t\t<span itemprop='name'>Transports Cou\u00e9<\/span>\n\t\t\t\t\t\t<span itemprop='logo' itemscope itemtype='https:\/\/schema.org\/ImageObject'>\n\t\t\t\t\t\t\t<span itemprop='url'>https:\/\/www.transports-coue.fr\/wp-content\/uploads\/2018\/10\/Logo-transports-coue-300x119.png<\/span>\n\t\t\t\t\t\t<\/span>\n\t\t\t\t<\/span><span class='av-structured-data'  itemprop=\"author\" itemscope=\"itemscope\" itemtype=\"https:\/\/schema.org\/Person\" ><span itemprop='name'>Transports Cou\u00e9<\/span><\/span><span class='av-structured-data'  itemprop=\"datePublished\" datetime=\"2018-10-04T10:16:12+02:00\" >2024-07-24 11:42:56<\/span><span class='av-structured-data'  itemprop=\"dateModified\" itemtype=\"https:\/\/schema.org\/dateModified\" >2024-07-24 14:09:42<\/span><span class='av-structured-data'  itemprop=\"mainEntityOfPage\" itemtype=\"https:\/\/schema.org\/mainEntityOfPage\" ><span itemprop='name'>Retour en images sur nos OFNIJEC 2024 !<\/span><\/span><\/span><\/article><article class='slide-entry flex_column  post-entry post-entry-10737 slide-entry-overview slide-loop-41 slide-parity-even  av_one_third  real-thumbnail posttype-post post-format-standard'  itemscope=\"itemscope\" itemtype=\"https:\/\/schema.org\/CreativeWork\" ><a href='https:\/\/www.transports-coue.fr\/fr\/presentation-du-3eme-camion-notre-equipe-gagnante\/' data-rel='slide-2' class='slide-image' title='Pr\u00e9sentation du 3\u00e8me camion Notre Equipe Gagnante !'><img decoding=\"async\" fetchpriority=\"high\" width=\"1690\" height=\"642\" src=\"https:\/\/www.transports-coue.fr\/wp-content\/uploads\/2024\/07\/coue-trm-notre-equipe-gagnante-3eme-camion-web.webp\" class=\"wp-image-10746 avia-img-lazy-loading-not-10746 attachment-no scaling size-no scaling wp-post-image\" alt=\"Pr\u00e9sentation de notre 3eme camion Notre Equipe Gagnante\" srcset=\"https:\/\/www.transports-coue.fr\/wp-content\/uploads\/2024\/07\/coue-trm-notre-equipe-gagnante-3eme-camion-web.webp 1690w, https:\/\/www.transports-coue.fr\/wp-content\/uploads\/2024\/07\/coue-trm-notre-equipe-gagnante-3eme-camion-web-300x114.webp 300w, https:\/\/www.transports-coue.fr\/wp-content\/uploads\/2024\/07\/coue-trm-notre-equipe-gagnante-3eme-camion-web-1030x391.webp 1030w, https:\/\/www.transports-coue.fr\/wp-content\/uploads\/2024\/07\/coue-trm-notre-equipe-gagnante-3eme-camion-web-80x30.webp 80w, https:\/\/www.transports-coue.fr\/wp-content\/uploads\/2024\/07\/coue-trm-notre-equipe-gagnante-3eme-camion-web-768x292.webp 768w, https:\/\/www.transports-coue.fr\/wp-content\/uploads\/2024\/07\/coue-trm-notre-equipe-gagnante-3eme-camion-web-1536x583.webp 1536w, https:\/\/www.transports-coue.fr\/wp-content\/uploads\/2024\/07\/coue-trm-notre-equipe-gagnante-3eme-camion-web-1500x570.webp 1500w, https:\/\/www.transports-coue.fr\/wp-content\/uploads\/2024\/07\/coue-trm-notre-equipe-gagnante-3eme-camion-web-705x268.webp 705w, https:\/\/www.transports-coue.fr\/wp-content\/uploads\/2024\/07\/coue-trm-notre-equipe-gagnante-3eme-camion-web-845x321.webp 845w\" sizes=\"(max-width: 1690px) 100vw, 1690px\" \/><\/a><div class=\"slide-content\"><header class=\"entry-content-header\" aria-label=\"Slide: Pr\u00e9sentation du 3\u00e8me camion Notre Equipe Gagnante !\"><h3 class='slide-entry-title entry-title '  itemprop=\"headline\" ><a href='https:\/\/www.transports-coue.fr\/fr\/presentation-du-3eme-camion-notre-equipe-gagnante\/' title='Pr\u00e9sentation du 3\u00e8me camion Notre Equipe Gagnante !'>Pr\u00e9sentation du 3\u00e8me camion Notre Equipe Gagnante !<\/a><\/h3><span class=\"blog-categories minor-meta\"><a href=\"https:\/\/www.transports-coue.fr\/fr\/category\/actualites\/\" rel=\"tag\">Actualit\u00e9s<\/a>, <a href=\"https:\/\/www.transports-coue.fr\/fr\/category\/actualites\/evenements\/\" rel=\"tag\">Ev\u00e9nements<\/a> <\/span><span class=\"av-vertical-delimiter\"><\/span><\/header><div class='slide-entry-excerpt entry-content'  itemprop=\"text\" >\ud83d\udd25Le 3\u00e8me camion-remorque \ud83d\ude9b Notre Equipe Gagnante est arriv\u00e9 !\nSont \u00e0 l'honneur \u2728 sur ce v\u00e9hicule :\n\n\ud83c\udfc3\u200d\u2640\ufe0f le Volleyball illustr\u00e9 par Sandy (D.R.H.), Charly (M\u00e9canicien P.L.) &amp; J\u00e9r\u00f4me (Adjoint Responsable Exploitation)\n\n\ud83c\udfc8\u2026<div class=\"read-more-link\"><a href=\"https:\/\/www.transports-coue.fr\/fr\/presentation-du-3eme-camion-notre-equipe-gagnante\/\" class=\"more-link\">Lire la suite<span class='more-link-arrow avia-svg-icon avia-font-svg_entypo-fontello' data-av_svg_icon='right-open-big' data-av_iconset='svg_entypo-fontello'><svg version=\"1.1\" xmlns=\"http:\/\/www.w3.org\/2000\/svg\" width=\"15\" height=\"32\" viewBox=\"0 0 15 32\" preserveAspectRatio=\"xMidYMid meet\" role=\"graphics-symbol\" aria-hidden=\"true\">\n<path d=\"M0.416 27.84l11.456-11.84-11.456-11.904q-0.832-0.832 0-1.536 0.832-0.832 1.536 0l12.544 12.608q0.768 0.832 0 1.6l-12.544 12.608q-0.704 0.832-1.536 0-0.832-0.704 0-1.536z\"><\/path>\n<\/svg><\/span><\/a><\/div><\/div><\/div><footer class=\"entry-footer\"><div class=\"slide-meta\"><time class='slide-meta-time updated'  itemprop=\"datePublished\" datetime=\"2024-07-19T18:00:00+02:00\" >19 juillet 2024<\/time><\/div><\/footer><span class='hidden'>\n\t\t\t\t<span class='av-structured-data'  itemprop=\"image\" itemscope=\"itemscope\" itemtype=\"https:\/\/schema.org\/ImageObject\" >\n\t\t\t\t\t\t<span itemprop='url'>https:\/\/www.transports-coue.fr\/wp-content\/uploads\/2024\/07\/coue-trm-notre-equipe-gagnante-3eme-camion-web.webp<\/span>\n\t\t\t\t\t\t<span itemprop='height'>642<\/span>\n\t\t\t\t\t\t<span itemprop='width'>1690<\/span>\n\t\t\t\t<\/span>\n\t\t\t\t<span class='av-structured-data'  itemprop=\"publisher\" itemtype=\"https:\/\/schema.org\/Organization\" itemscope=\"itemscope\" >\n\t\t\t\t\t\t<span itemprop='name'>Transports Cou\u00e9<\/span>\n\t\t\t\t\t\t<span itemprop='logo' itemscope itemtype='https:\/\/schema.org\/ImageObject'>\n\t\t\t\t\t\t\t<span itemprop='url'>https:\/\/www.transports-coue.fr\/wp-content\/uploads\/2018\/10\/Logo-transports-coue-300x119.png<\/span>\n\t\t\t\t\t\t<\/span>\n\t\t\t\t<\/span><span class='av-structured-data'  itemprop=\"author\" itemscope=\"itemscope\" itemtype=\"https:\/\/schema.org\/Person\" ><span itemprop='name'>Transports Cou\u00e9<\/span><\/span><span class='av-structured-data'  itemprop=\"datePublished\" datetime=\"2018-10-04T10:16:12+02:00\" >2024-07-19 18:00:00<\/span><span class='av-structured-data'  itemprop=\"dateModified\" itemtype=\"https:\/\/schema.org\/dateModified\" >2024-10-18 17:58:39<\/span><span class='av-structured-data'  itemprop=\"mainEntityOfPage\" itemtype=\"https:\/\/schema.org\/mainEntityOfPage\" ><span itemprop='name'>Pr\u00e9sentation du 3\u00e8me camion Notre Equipe Gagnante !<\/span><\/span><\/span><\/article><article class='slide-entry flex_column  post-entry post-entry-10698 slide-entry-overview slide-loop-42 slide-parity-odd  av_one_third  real-thumbnail posttype-post post-format-standard'  itemscope=\"itemscope\" itemtype=\"https:\/\/schema.org\/CreativeWork\" ><a href='https:\/\/www.transports-coue.fr\/fr\/arrivee-du-2eme-camion-illustrant-notre-equipe-gagnante\/' data-rel='slide-2' class='slide-image' title='Arriv\u00e9e du 2eme camion illustrant Notre Equipe Gagnante !'><img decoding=\"async\" fetchpriority=\"high\" width=\"1918\" height=\"726\" src=\"https:\/\/www.transports-coue.fr\/wp-content\/uploads\/2024\/06\/coue-trm-notre-equipe-gagnante-2eme-camion-web.webp\" class=\"wp-image-10701 avia-img-lazy-loading-not-10701 attachment-no scaling size-no scaling wp-post-image\" alt=\"Pr\u00e9sentation de notre 2eme camion Notre Equipe Gagnante\" srcset=\"https:\/\/www.transports-coue.fr\/wp-content\/uploads\/2024\/06\/coue-trm-notre-equipe-gagnante-2eme-camion-web.webp 1918w, https:\/\/www.transports-coue.fr\/wp-content\/uploads\/2024\/06\/coue-trm-notre-equipe-gagnante-2eme-camion-web-300x114.webp 300w, https:\/\/www.transports-coue.fr\/wp-content\/uploads\/2024\/06\/coue-trm-notre-equipe-gagnante-2eme-camion-web-1030x390.webp 1030w, https:\/\/www.transports-coue.fr\/wp-content\/uploads\/2024\/06\/coue-trm-notre-equipe-gagnante-2eme-camion-web-80x30.webp 80w, https:\/\/www.transports-coue.fr\/wp-content\/uploads\/2024\/06\/coue-trm-notre-equipe-gagnante-2eme-camion-web-768x291.webp 768w, https:\/\/www.transports-coue.fr\/wp-content\/uploads\/2024\/06\/coue-trm-notre-equipe-gagnante-2eme-camion-web-1536x581.webp 1536w, https:\/\/www.transports-coue.fr\/wp-content\/uploads\/2024\/06\/coue-trm-notre-equipe-gagnante-2eme-camion-web-1500x568.webp 1500w, https:\/\/www.transports-coue.fr\/wp-content\/uploads\/2024\/06\/coue-trm-notre-equipe-gagnante-2eme-camion-web-705x267.webp 705w, https:\/\/www.transports-coue.fr\/wp-content\/uploads\/2024\/06\/coue-trm-notre-equipe-gagnante-2eme-camion-web-845x321.webp 845w\" sizes=\"(max-width: 1918px) 100vw, 1918px\" \/><\/a><div class=\"slide-content\"><header class=\"entry-content-header\" aria-label=\"Slide: Arriv\u00e9e du 2eme camion illustrant Notre Equipe Gagnante !\"><h3 class='slide-entry-title entry-title '  itemprop=\"headline\" ><a href='https:\/\/www.transports-coue.fr\/fr\/arrivee-du-2eme-camion-illustrant-notre-equipe-gagnante\/' title='Arriv\u00e9e du 2eme camion illustrant Notre Equipe Gagnante !'>Arriv\u00e9e du 2eme camion illustrant Notre Equipe Gagnante !<\/a><\/h3><span class=\"blog-categories minor-meta\"><a href=\"https:\/\/www.transports-coue.fr\/fr\/category\/actualites\/\" rel=\"tag\">Actualit\u00e9s<\/a>, <a href=\"https:\/\/www.transports-coue.fr\/fr\/category\/actualites\/evenements\/\" rel=\"tag\">Ev\u00e9nements<\/a> <\/span><span class=\"av-vertical-delimiter\"><\/span><\/header><div class='slide-entry-excerpt entry-content'  itemprop=\"text\" >\ud83d\udd25 Pr\u00e9sentation de notre 2\u00e8me camion-remorque \ud83d\ude9b \ud835\udde1\ud835\uddfc\ud835\ude01\ud835\uddff\ud835\uddf2 \ud835\uddd8\ud835\uddfe\ud835\ude02\ud835\uddf6\ud835\uddfd\ud835\uddf2 \ud835\uddda\ud835\uddee\ud835\uddf4\ud835\uddfb\ud835\uddee\ud835\uddfb\ud835\ude01\ud835\uddf2 qui rejoint la flotte de TRM !\nSont mis \u00e0 l'honneur\u00a0\u2728 sur ce v\u00e9hicule :\n\u26bd le \ud835\uddd9\ud835\uddfc\ud835\uddfc\ud835\ude01\ud835\uddef\ud835\uddee\ud835\uddf9\ud835\uddf9\u2026<div class=\"read-more-link\"><a href=\"https:\/\/www.transports-coue.fr\/fr\/arrivee-du-2eme-camion-illustrant-notre-equipe-gagnante\/\" class=\"more-link\">Lire la suite<span class='more-link-arrow avia-svg-icon avia-font-svg_entypo-fontello' data-av_svg_icon='right-open-big' data-av_iconset='svg_entypo-fontello'><svg version=\"1.1\" xmlns=\"http:\/\/www.w3.org\/2000\/svg\" width=\"15\" height=\"32\" viewBox=\"0 0 15 32\" preserveAspectRatio=\"xMidYMid meet\" role=\"graphics-symbol\" aria-hidden=\"true\">\n<path d=\"M0.416 27.84l11.456-11.84-11.456-11.904q-0.832-0.832 0-1.536 0.832-0.832 1.536 0l12.544 12.608q0.768 0.832 0 1.6l-12.544 12.608q-0.704 0.832-1.536 0-0.832-0.704 0-1.536z\"><\/path>\n<\/svg><\/span><\/a><\/div><\/div><\/div><footer class=\"entry-footer\"><div class=\"slide-meta\"><time class='slide-meta-time updated'  itemprop=\"datePublished\" datetime=\"2024-07-05T18:00:00+02:00\" >5 juillet 2024<\/time><\/div><\/footer><span class='hidden'>\n\t\t\t\t<span class='av-structured-data'  itemprop=\"image\" itemscope=\"itemscope\" itemtype=\"https:\/\/schema.org\/ImageObject\" >\n\t\t\t\t\t\t<span itemprop='url'>https:\/\/www.transports-coue.fr\/wp-content\/uploads\/2024\/06\/coue-trm-notre-equipe-gagnante-2eme-camion-web.webp<\/span>\n\t\t\t\t\t\t<span itemprop='height'>726<\/span>\n\t\t\t\t\t\t<span itemprop='width'>1918<\/span>\n\t\t\t\t<\/span>\n\t\t\t\t<span class='av-structured-data'  itemprop=\"publisher\" itemtype=\"https:\/\/schema.org\/Organization\" itemscope=\"itemscope\" >\n\t\t\t\t\t\t<span itemprop='name'>Transports Cou\u00e9<\/span>\n\t\t\t\t\t\t<span itemprop='logo' itemscope itemtype='https:\/\/schema.org\/ImageObject'>\n\t\t\t\t\t\t\t<span itemprop='url'>https:\/\/www.transports-coue.fr\/wp-content\/uploads\/2018\/10\/Logo-transports-coue-300x119.png<\/span>\n\t\t\t\t\t\t<\/span>\n\t\t\t\t<\/span><span class='av-structured-data'  itemprop=\"author\" itemscope=\"itemscope\" itemtype=\"https:\/\/schema.org\/Person\" ><span itemprop='name'>Transports Cou\u00e9<\/span><\/span><span class='av-structured-data'  itemprop=\"datePublished\" datetime=\"2018-10-04T10:16:12+02:00\" >2024-07-05 18:00:00<\/span><span class='av-structured-data'  itemprop=\"dateModified\" itemtype=\"https:\/\/schema.org\/dateModified\" >2024-10-18 18:03:06<\/span><span class='av-structured-data'  itemprop=\"mainEntityOfPage\" itemtype=\"https:\/\/schema.org\/mainEntityOfPage\" ><span itemprop='name'>Arriv\u00e9e du 2eme camion illustrant Notre Equipe Gagnante !<\/span><\/span><\/span><\/article><\/div><div class=\"slide-entry-wrap\"><article class='slide-entry flex_column  post-entry post-entry-10656 slide-entry-overview slide-loop-43 slide-parity-odd  av_one_third first real-thumbnail posttype-post post-format-standard'  itemscope=\"itemscope\" itemtype=\"https:\/\/schema.org\/CreativeWork\" ><a href='https:\/\/www.transports-coue.fr\/fr\/arrivee-du-1er-camion-illustrant-notre-equipe-gagnante\/' data-rel='slide-2' class='slide-image' title='Arriv\u00e9e du 1er camion illustrant Notre Equipe Gagnante !'><img decoding=\"async\" fetchpriority=\"high\" width=\"865\" height=\"325\" src=\"https:\/\/www.transports-coue.fr\/wp-content\/uploads\/2024\/06\/coue-trm-notre-equipe-gagnante-1er-camion-web.webp\" class=\"wp-image-10657 avia-img-lazy-loading-not-10657 attachment-no scaling size-no scaling wp-post-image\" alt=\"Pr\u00e9sentation de notre 1er camion Notre Equipe Gagnante\" srcset=\"https:\/\/www.transports-coue.fr\/wp-content\/uploads\/2024\/06\/coue-trm-notre-equipe-gagnante-1er-camion-web.webp 865w, https:\/\/www.transports-coue.fr\/wp-content\/uploads\/2024\/06\/coue-trm-notre-equipe-gagnante-1er-camion-web-300x113.webp 300w, https:\/\/www.transports-coue.fr\/wp-content\/uploads\/2024\/06\/coue-trm-notre-equipe-gagnante-1er-camion-web-80x30.webp 80w, https:\/\/www.transports-coue.fr\/wp-content\/uploads\/2024\/06\/coue-trm-notre-equipe-gagnante-1er-camion-web-768x289.webp 768w, https:\/\/www.transports-coue.fr\/wp-content\/uploads\/2024\/06\/coue-trm-notre-equipe-gagnante-1er-camion-web-705x265.webp 705w\" sizes=\"(max-width: 865px) 100vw, 865px\" \/><\/a><div class=\"slide-content\"><header class=\"entry-content-header\" aria-label=\"Slide: Arriv\u00e9e du 1er camion illustrant Notre Equipe Gagnante !\"><h3 class='slide-entry-title entry-title '  itemprop=\"headline\" ><a href='https:\/\/www.transports-coue.fr\/fr\/arrivee-du-1er-camion-illustrant-notre-equipe-gagnante\/' title='Arriv\u00e9e du 1er camion illustrant Notre Equipe Gagnante !'>Arriv\u00e9e du 1er camion illustrant Notre Equipe Gagnante !<\/a><\/h3><span class=\"blog-categories minor-meta\"><a href=\"https:\/\/www.transports-coue.fr\/fr\/category\/actualites\/\" rel=\"tag\">Actualit\u00e9s<\/a>, <a href=\"https:\/\/www.transports-coue.fr\/fr\/category\/actualites\/evenements\/\" rel=\"tag\">Ev\u00e9nements<\/a> <\/span><span class=\"av-vertical-delimiter\"><\/span><\/header><div class='slide-entry-excerpt entry-content'  itemprop=\"text\" >\ud83d\udd25 Nous avons l'immense plaisir de vous annoncer l'arriv\u00e9e du 1er camion-remorque \ud83d\ude9b de Notre Equipe Gagnante en l\u2019honneur de nos Collaborateurs et des Jeux Olympiques\u00a0!\nSont mis en lumi\u00e8re \u00a0\u2728 sur ce 1er v\u00e9hicule :\n\ud83c\udfc3\u200d\u2640\ufe0f\u2026<div class=\"read-more-link\"><a href=\"https:\/\/www.transports-coue.fr\/fr\/arrivee-du-1er-camion-illustrant-notre-equipe-gagnante\/\" class=\"more-link\">Lire la suite<span class='more-link-arrow avia-svg-icon avia-font-svg_entypo-fontello' data-av_svg_icon='right-open-big' data-av_iconset='svg_entypo-fontello'><svg version=\"1.1\" xmlns=\"http:\/\/www.w3.org\/2000\/svg\" width=\"15\" height=\"32\" viewBox=\"0 0 15 32\" preserveAspectRatio=\"xMidYMid meet\" role=\"graphics-symbol\" aria-hidden=\"true\">\n<path d=\"M0.416 27.84l11.456-11.84-11.456-11.904q-0.832-0.832 0-1.536 0.832-0.832 1.536 0l12.544 12.608q0.768 0.832 0 1.6l-12.544 12.608q-0.704 0.832-1.536 0-0.832-0.704 0-1.536z\"><\/path>\n<\/svg><\/span><\/a><\/div><\/div><\/div><footer class=\"entry-footer\"><div class=\"slide-meta\"><time class='slide-meta-time updated'  itemprop=\"datePublished\" datetime=\"2024-06-12T10:34:32+02:00\" >12 juin 2024<\/time><\/div><\/footer><span class='hidden'>\n\t\t\t\t<span class='av-structured-data'  itemprop=\"image\" itemscope=\"itemscope\" itemtype=\"https:\/\/schema.org\/ImageObject\" >\n\t\t\t\t\t\t<span itemprop='url'>https:\/\/www.transports-coue.fr\/wp-content\/uploads\/2024\/06\/coue-trm-notre-equipe-gagnante-1er-camion-web.webp<\/span>\n\t\t\t\t\t\t<span itemprop='height'>325<\/span>\n\t\t\t\t\t\t<span itemprop='width'>865<\/span>\n\t\t\t\t<\/span>\n\t\t\t\t<span class='av-structured-data'  itemprop=\"publisher\" itemtype=\"https:\/\/schema.org\/Organization\" itemscope=\"itemscope\" >\n\t\t\t\t\t\t<span itemprop='name'>Transports Cou\u00e9<\/span>\n\t\t\t\t\t\t<span itemprop='logo' itemscope itemtype='https:\/\/schema.org\/ImageObject'>\n\t\t\t\t\t\t\t<span itemprop='url'>https:\/\/www.transports-coue.fr\/wp-content\/uploads\/2018\/10\/Logo-transports-coue-300x119.png<\/span>\n\t\t\t\t\t\t<\/span>\n\t\t\t\t<\/span><span class='av-structured-data'  itemprop=\"author\" itemscope=\"itemscope\" itemtype=\"https:\/\/schema.org\/Person\" ><span itemprop='name'>Transports Cou\u00e9<\/span><\/span><span class='av-structured-data'  itemprop=\"datePublished\" datetime=\"2018-10-04T10:16:12+02:00\" >2024-06-12 10:34:32<\/span><span class='av-structured-data'  itemprop=\"dateModified\" itemtype=\"https:\/\/schema.org\/dateModified\" >2024-10-18 18:05:08<\/span><span class='av-structured-data'  itemprop=\"mainEntityOfPage\" itemtype=\"https:\/\/schema.org\/mainEntityOfPage\" ><span itemprop='name'>Arriv\u00e9e du 1er camion illustrant Notre Equipe Gagnante !<\/span><\/span><\/span><\/article><article class='slide-entry flex_column  post-entry post-entry-10618 slide-entry-overview slide-loop-44 slide-parity-even  av_one_third  real-thumbnail posttype-post post-format-standard'  itemscope=\"itemscope\" itemtype=\"https:\/\/schema.org\/CreativeWork\" ><a href='https:\/\/www.transports-coue.fr\/fr\/preavis-de-greve-portuaire-sur-le-mois-de-juin-2024\/' data-rel='slide-2' class='slide-image' title='Pr\u00e9avis de gr\u00e8ve portuaire sur le mois de juin 2024'><img decoding=\"async\" fetchpriority=\"high\" width=\"1690\" height=\"642\" src=\"https:\/\/www.transports-coue.fr\/wp-content\/uploads\/2024\/05\/sotecan-international-news-activite-portuaire.webp\" class=\"wp-image-10619 avia-img-lazy-loading-not-10619 attachment-no scaling size-no scaling wp-post-image\" alt=\"Dates pr\u00e9avis de gr\u00e8ve portuaire juin 2024\" srcset=\"https:\/\/www.transports-coue.fr\/wp-content\/uploads\/2024\/05\/sotecan-international-news-activite-portuaire.webp 1690w, https:\/\/www.transports-coue.fr\/wp-content\/uploads\/2024\/05\/sotecan-international-news-activite-portuaire-300x114.webp 300w, https:\/\/www.transports-coue.fr\/wp-content\/uploads\/2024\/05\/sotecan-international-news-activite-portuaire-1030x391.webp 1030w, https:\/\/www.transports-coue.fr\/wp-content\/uploads\/2024\/05\/sotecan-international-news-activite-portuaire-80x30.webp 80w, https:\/\/www.transports-coue.fr\/wp-content\/uploads\/2024\/05\/sotecan-international-news-activite-portuaire-768x292.webp 768w, https:\/\/www.transports-coue.fr\/wp-content\/uploads\/2024\/05\/sotecan-international-news-activite-portuaire-1536x583.webp 1536w, https:\/\/www.transports-coue.fr\/wp-content\/uploads\/2024\/05\/sotecan-international-news-activite-portuaire-1500x570.webp 1500w, https:\/\/www.transports-coue.fr\/wp-content\/uploads\/2024\/05\/sotecan-international-news-activite-portuaire-705x268.webp 705w, https:\/\/www.transports-coue.fr\/wp-content\/uploads\/2024\/05\/sotecan-international-news-activite-portuaire-845x321.webp 845w\" sizes=\"(max-width: 1690px) 100vw, 1690px\" \/><\/a><div class=\"slide-content\"><header class=\"entry-content-header\" aria-label=\"Slide: Pr\u00e9avis de gr\u00e8ve portuaire sur le mois de juin 2024\"><h3 class='slide-entry-title entry-title '  itemprop=\"headline\" ><a href='https:\/\/www.transports-coue.fr\/fr\/preavis-de-greve-portuaire-sur-le-mois-de-juin-2024\/' title='Pr\u00e9avis de gr\u00e8ve portuaire sur le mois de juin 2024'>Pr\u00e9avis de gr\u00e8ve portuaire sur le mois de juin 2024<\/a><\/h3><span class=\"blog-categories minor-meta\"><a href=\"https:\/\/www.transports-coue.fr\/fr\/category\/actualites\/\" rel=\"tag\">Actualit\u00e9s<\/a>, <a href=\"https:\/\/www.transports-coue.fr\/fr\/category\/actualites\/evenements\/\" rel=\"tag\">Ev\u00e9nements<\/a>, <a href=\"https:\/\/www.transports-coue.fr\/fr\/category\/actualites\/evenements\/evenement-overseas\/\" rel=\"tag\">Ev\u00e9nements Overseas<\/a> <\/span><span class=\"av-vertical-delimiter\"><\/span><\/header><div class='slide-entry-excerpt entry-content'  itemprop=\"text\" >\ud83d\udcc5 Nous vous informons d'un pr\u00e9avis de gr\u00e8ve portuaire \ud83d\udea2 (dockers et travailleurs portuaires) sur le mois de juin 2024, annon\u00e7ant une s\u00e9rie de mouvements sociaux qui risquent d'affecter l'activit\u00e9 Import Export de notre entit\u00e9 Sotecan\u2026<div class=\"read-more-link\"><a href=\"https:\/\/www.transports-coue.fr\/fr\/preavis-de-greve-portuaire-sur-le-mois-de-juin-2024\/\" class=\"more-link\">Lire la suite<span class='more-link-arrow avia-svg-icon avia-font-svg_entypo-fontello' data-av_svg_icon='right-open-big' data-av_iconset='svg_entypo-fontello'><svg version=\"1.1\" xmlns=\"http:\/\/www.w3.org\/2000\/svg\" width=\"15\" height=\"32\" viewBox=\"0 0 15 32\" preserveAspectRatio=\"xMidYMid meet\" role=\"graphics-symbol\" aria-hidden=\"true\">\n<path d=\"M0.416 27.84l11.456-11.84-11.456-11.904q-0.832-0.832 0-1.536 0.832-0.832 1.536 0l12.544 12.608q0.768 0.832 0 1.6l-12.544 12.608q-0.704 0.832-1.536 0-0.832-0.704 0-1.536z\"><\/path>\n<\/svg><\/span><\/a><\/div><\/div><\/div><footer class=\"entry-footer\"><div class=\"slide-meta\"><time class='slide-meta-time updated'  itemprop=\"datePublished\" datetime=\"2024-05-30T09:01:20+02:00\" >30 mai 2024<\/time><\/div><\/footer><span class='hidden'>\n\t\t\t\t<span class='av-structured-data'  itemprop=\"image\" itemscope=\"itemscope\" itemtype=\"https:\/\/schema.org\/ImageObject\" >\n\t\t\t\t\t\t<span itemprop='url'>https:\/\/www.transports-coue.fr\/wp-content\/uploads\/2024\/05\/sotecan-international-news-activite-portuaire.webp<\/span>\n\t\t\t\t\t\t<span itemprop='height'>642<\/span>\n\t\t\t\t\t\t<span itemprop='width'>1690<\/span>\n\t\t\t\t<\/span>\n\t\t\t\t<span class='av-structured-data'  itemprop=\"publisher\" itemtype=\"https:\/\/schema.org\/Organization\" itemscope=\"itemscope\" >\n\t\t\t\t\t\t<span itemprop='name'>Transports Cou\u00e9<\/span>\n\t\t\t\t\t\t<span itemprop='logo' itemscope itemtype='https:\/\/schema.org\/ImageObject'>\n\t\t\t\t\t\t\t<span itemprop='url'>https:\/\/www.transports-coue.fr\/wp-content\/uploads\/2018\/10\/Logo-transports-coue-300x119.png<\/span>\n\t\t\t\t\t\t<\/span>\n\t\t\t\t<\/span><span class='av-structured-data'  itemprop=\"author\" itemscope=\"itemscope\" itemtype=\"https:\/\/schema.org\/Person\" ><span itemprop='name'>Transports Cou\u00e9<\/span><\/span><span class='av-structured-data'  itemprop=\"datePublished\" datetime=\"2018-10-04T10:16:12+02:00\" >2024-05-30 09:01:20<\/span><span class='av-structured-data'  itemprop=\"dateModified\" itemtype=\"https:\/\/schema.org\/dateModified\" >2024-05-30 09:02:21<\/span><span class='av-structured-data'  itemprop=\"mainEntityOfPage\" itemtype=\"https:\/\/schema.org\/mainEntityOfPage\" ><span itemprop='name'>Pr\u00e9avis de gr\u00e8ve portuaire sur le mois de juin 2024<\/span><\/span><\/span><\/article><article class='slide-entry flex_column  post-entry post-entry-10602 slide-entry-overview slide-loop-45 slide-parity-odd  av_one_third  real-thumbnail posttype-post post-format-standard'  itemscope=\"itemscope\" itemtype=\"https:\/\/schema.org\/CreativeWork\" ><a href='https:\/\/www.transports-coue.fr\/fr\/accompagnement-a-lobtention-du-permis-ce-de-sebastien-theo-et-nathan\/' data-rel='slide-2' class='slide-image' title='Accompagnement \u00e0 l&rsquo;obtention du permis CE de S\u00e9bastien, Th\u00e9o et Nathan !'><img decoding=\"async\" fetchpriority=\"high\" width=\"1690\" height=\"642\" src=\"https:\/\/www.transports-coue.fr\/wp-content\/uploads\/2024\/05\/groupe-coue-trm-formation-permis-ce-web.webp\" class=\"wp-image-10600 avia-img-lazy-loading-not-10600 attachment-no scaling size-no scaling wp-post-image\" alt=\"\" srcset=\"https:\/\/www.transports-coue.fr\/wp-content\/uploads\/2024\/05\/groupe-coue-trm-formation-permis-ce-web.webp 1690w, https:\/\/www.transports-coue.fr\/wp-content\/uploads\/2024\/05\/groupe-coue-trm-formation-permis-ce-web-300x114.webp 300w, https:\/\/www.transports-coue.fr\/wp-content\/uploads\/2024\/05\/groupe-coue-trm-formation-permis-ce-web-1030x391.webp 1030w, https:\/\/www.transports-coue.fr\/wp-content\/uploads\/2024\/05\/groupe-coue-trm-formation-permis-ce-web-80x30.webp 80w, https:\/\/www.transports-coue.fr\/wp-content\/uploads\/2024\/05\/groupe-coue-trm-formation-permis-ce-web-768x292.webp 768w, https:\/\/www.transports-coue.fr\/wp-content\/uploads\/2024\/05\/groupe-coue-trm-formation-permis-ce-web-1536x583.webp 1536w, https:\/\/www.transports-coue.fr\/wp-content\/uploads\/2024\/05\/groupe-coue-trm-formation-permis-ce-web-1500x570.webp 1500w, https:\/\/www.transports-coue.fr\/wp-content\/uploads\/2024\/05\/groupe-coue-trm-formation-permis-ce-web-705x268.webp 705w, https:\/\/www.transports-coue.fr\/wp-content\/uploads\/2024\/05\/groupe-coue-trm-formation-permis-ce-web-845x321.webp 845w\" sizes=\"(max-width: 1690px) 100vw, 1690px\" \/><\/a><div class=\"slide-content\"><header class=\"entry-content-header\" aria-label=\"Slide: Accompagnement \u00e0 l&#039;obtention du permis CE de S\u00e9bastien, Th\u00e9o et Nathan !\"><h3 class='slide-entry-title entry-title '  itemprop=\"headline\" ><a href='https:\/\/www.transports-coue.fr\/fr\/accompagnement-a-lobtention-du-permis-ce-de-sebastien-theo-et-nathan\/' title='Accompagnement \u00e0 l&rsquo;obtention du permis CE de S\u00e9bastien, Th\u00e9o et Nathan !'>Accompagnement \u00e0 l&rsquo;obtention du permis CE de S\u00e9bastien, Th\u00e9o et Nathan !<\/a><\/h3><span class=\"blog-categories minor-meta\"><a href=\"https:\/\/www.transports-coue.fr\/fr\/category\/actualites\/\" rel=\"tag\">Actualit\u00e9s<\/a>, <a href=\"https:\/\/www.transports-coue.fr\/fr\/category\/actualites\/evenements\/\" rel=\"tag\">Ev\u00e9nements<\/a> <\/span><span class=\"av-vertical-delimiter\"><\/span><\/header><div class='slide-entry-excerpt entry-content'  itemprop=\"text\" >\ud83e\udd1d Nous avons accompagn\u00e9 S\u00e9bastien, Th\u00e9o et Nathan \u00e0 l\u2019obtention de leur permis CE \u00a0\ud83d\ude9b avec l\u2019AFTRAL\nDavid, notre formateur interne, les a suivi depuis leur entr\u00e9e en formation et reste pr\u00e9sent pour les guider dans leurs int\u00e9grations\u2026<div class=\"read-more-link\"><a href=\"https:\/\/www.transports-coue.fr\/fr\/accompagnement-a-lobtention-du-permis-ce-de-sebastien-theo-et-nathan\/\" class=\"more-link\">Lire la suite<span class='more-link-arrow avia-svg-icon avia-font-svg_entypo-fontello' data-av_svg_icon='right-open-big' data-av_iconset='svg_entypo-fontello'><svg version=\"1.1\" xmlns=\"http:\/\/www.w3.org\/2000\/svg\" width=\"15\" height=\"32\" viewBox=\"0 0 15 32\" preserveAspectRatio=\"xMidYMid meet\" role=\"graphics-symbol\" aria-hidden=\"true\">\n<path d=\"M0.416 27.84l11.456-11.84-11.456-11.904q-0.832-0.832 0-1.536 0.832-0.832 1.536 0l12.544 12.608q0.768 0.832 0 1.6l-12.544 12.608q-0.704 0.832-1.536 0-0.832-0.704 0-1.536z\"><\/path>\n<\/svg><\/span><\/a><\/div><\/div><\/div><footer class=\"entry-footer\"><div class=\"slide-meta\"><time class='slide-meta-time updated'  itemprop=\"datePublished\" datetime=\"2024-05-23T18:56:42+02:00\" >23 mai 2024<\/time><\/div><\/footer><span class='hidden'>\n\t\t\t\t<span class='av-structured-data'  itemprop=\"image\" itemscope=\"itemscope\" itemtype=\"https:\/\/schema.org\/ImageObject\" >\n\t\t\t\t\t\t<span itemprop='url'>https:\/\/www.transports-coue.fr\/wp-content\/uploads\/2024\/05\/groupe-coue-trm-formation-permis-ce-web.webp<\/span>\n\t\t\t\t\t\t<span itemprop='height'>642<\/span>\n\t\t\t\t\t\t<span itemprop='width'>1690<\/span>\n\t\t\t\t<\/span>\n\t\t\t\t<span class='av-structured-data'  itemprop=\"publisher\" itemtype=\"https:\/\/schema.org\/Organization\" itemscope=\"itemscope\" >\n\t\t\t\t\t\t<span itemprop='name'>Transports Cou\u00e9<\/span>\n\t\t\t\t\t\t<span itemprop='logo' itemscope itemtype='https:\/\/schema.org\/ImageObject'>\n\t\t\t\t\t\t\t<span itemprop='url'>https:\/\/www.transports-coue.fr\/wp-content\/uploads\/2018\/10\/Logo-transports-coue-300x119.png<\/span>\n\t\t\t\t\t\t<\/span>\n\t\t\t\t<\/span><span class='av-structured-data'  itemprop=\"author\" itemscope=\"itemscope\" itemtype=\"https:\/\/schema.org\/Person\" ><span itemprop='name'>Transports Cou\u00e9<\/span><\/span><span class='av-structured-data'  itemprop=\"datePublished\" datetime=\"2018-10-04T10:16:12+02:00\" >2024-05-23 18:56:42<\/span><span class='av-structured-data'  itemprop=\"dateModified\" itemtype=\"https:\/\/schema.org\/dateModified\" >2024-05-23 18:56:44<\/span><span class='av-structured-data'  itemprop=\"mainEntityOfPage\" itemtype=\"https:\/\/schema.org\/mainEntityOfPage\" ><span itemprop='name'>Accompagnement \u00e0 l&rsquo;obtention du permis CE de S\u00e9bastien, Th\u00e9o et Nathan !<\/span><\/span><\/span><\/article><\/div><div class=\"slide-entry-wrap\"><article class='slide-entry flex_column  post-entry post-entry-10583 slide-entry-overview slide-loop-46 slide-parity-odd  av_one_third first real-thumbnail posttype-post post-format-standard'  itemscope=\"itemscope\" itemtype=\"https:\/\/schema.org\/CreativeWork\" ><a href='https:\/\/www.transports-coue.fr\/fr\/rdv-au-salon-top-logistics-europe-2024-a-saint-malo\/' data-rel='slide-2' class='slide-image' title='RDV au salon Top Logistics Europe 2024 \u00e0 Saint Malo'><img decoding=\"async\" fetchpriority=\"high\" width=\"1110\" height=\"417\" src=\"https:\/\/www.transports-coue.fr\/wp-content\/uploads\/2024\/05\/top-logistic-2024-sotecan-international-web.webp\" class=\"wp-image-10585 avia-img-lazy-loading-not-10585 attachment-no scaling size-no scaling wp-post-image\" alt=\"Participation au Top Logistics Europe 2024\" srcset=\"https:\/\/www.transports-coue.fr\/wp-content\/uploads\/2024\/05\/top-logistic-2024-sotecan-international-web.webp 1110w, https:\/\/www.transports-coue.fr\/wp-content\/uploads\/2024\/05\/top-logistic-2024-sotecan-international-web-300x113.webp 300w, https:\/\/www.transports-coue.fr\/wp-content\/uploads\/2024\/05\/top-logistic-2024-sotecan-international-web-1030x387.webp 1030w, https:\/\/www.transports-coue.fr\/wp-content\/uploads\/2024\/05\/top-logistic-2024-sotecan-international-web-80x30.webp 80w, https:\/\/www.transports-coue.fr\/wp-content\/uploads\/2024\/05\/top-logistic-2024-sotecan-international-web-768x289.webp 768w, https:\/\/www.transports-coue.fr\/wp-content\/uploads\/2024\/05\/top-logistic-2024-sotecan-international-web-705x265.webp 705w\" sizes=\"(max-width: 1110px) 100vw, 1110px\" \/><\/a><div class=\"slide-content\"><header class=\"entry-content-header\" aria-label=\"Slide: RDV au salon Top Logistics Europe 2024 \u00e0 Saint Malo\"><h3 class='slide-entry-title entry-title '  itemprop=\"headline\" ><a href='https:\/\/www.transports-coue.fr\/fr\/rdv-au-salon-top-logistics-europe-2024-a-saint-malo\/' title='RDV au salon Top Logistics Europe 2024 \u00e0 Saint Malo'>RDV au salon Top Logistics Europe 2024 \u00e0 Saint Malo<\/a><\/h3><span class=\"blog-categories minor-meta\"><a href=\"https:\/\/www.transports-coue.fr\/fr\/category\/actualites\/\" rel=\"tag\">Actualit\u00e9s<\/a>, <a href=\"https:\/\/www.transports-coue.fr\/fr\/category\/actualites\/evenements\/\" rel=\"tag\">Ev\u00e9nements<\/a>, <a href=\"https:\/\/www.transports-coue.fr\/fr\/category\/actualites\/evenements\/evenements-logistique\/\" rel=\"tag\">Ev\u00e9nements Logistique<\/a>, <a href=\"https:\/\/www.transports-coue.fr\/fr\/category\/actualites\/evenements\/evenement-overseas\/\" rel=\"tag\">Ev\u00e9nements Overseas<\/a> <\/span><span class=\"av-vertical-delimiter\"><\/span><\/header><div class='slide-entry-excerpt entry-content'  itemprop=\"text\" >\ud83d\udce2 Retrouvez notre entit\u00e9 Import - Export, SOTECAN INTERNATIONAL, au salon Top Logistics Europe \ud83d\udcc5 les 19 &amp; 20 juin 2024 !\n\n\ud83d\udca1 Abordons ensemble vos projets d'am\u00e9lioration de la performance op\u00e9rationnelle de votre Logistique et\u2026<div class=\"read-more-link\"><a href=\"https:\/\/www.transports-coue.fr\/fr\/rdv-au-salon-top-logistics-europe-2024-a-saint-malo\/\" class=\"more-link\">Lire la suite<span class='more-link-arrow avia-svg-icon avia-font-svg_entypo-fontello' data-av_svg_icon='right-open-big' data-av_iconset='svg_entypo-fontello'><svg version=\"1.1\" xmlns=\"http:\/\/www.w3.org\/2000\/svg\" width=\"15\" height=\"32\" viewBox=\"0 0 15 32\" preserveAspectRatio=\"xMidYMid meet\" role=\"graphics-symbol\" aria-hidden=\"true\">\n<path d=\"M0.416 27.84l11.456-11.84-11.456-11.904q-0.832-0.832 0-1.536 0.832-0.832 1.536 0l12.544 12.608q0.768 0.832 0 1.6l-12.544 12.608q-0.704 0.832-1.536 0-0.832-0.704 0-1.536z\"><\/path>\n<\/svg><\/span><\/a><\/div><\/div><\/div><footer class=\"entry-footer\"><div class=\"slide-meta\"><time class='slide-meta-time updated'  itemprop=\"datePublished\" datetime=\"2024-05-14T17:47:31+02:00\" >14 mai 2024<\/time><\/div><\/footer><span class='hidden'>\n\t\t\t\t<span class='av-structured-data'  itemprop=\"image\" itemscope=\"itemscope\" itemtype=\"https:\/\/schema.org\/ImageObject\" >\n\t\t\t\t\t\t<span itemprop='url'>https:\/\/www.transports-coue.fr\/wp-content\/uploads\/2024\/05\/top-logistic-2024-sotecan-international-web.webp<\/span>\n\t\t\t\t\t\t<span itemprop='height'>417<\/span>\n\t\t\t\t\t\t<span itemprop='width'>1110<\/span>\n\t\t\t\t<\/span>\n\t\t\t\t<span class='av-structured-data'  itemprop=\"publisher\" itemtype=\"https:\/\/schema.org\/Organization\" itemscope=\"itemscope\" >\n\t\t\t\t\t\t<span itemprop='name'>Transports Cou\u00e9<\/span>\n\t\t\t\t\t\t<span itemprop='logo' itemscope itemtype='https:\/\/schema.org\/ImageObject'>\n\t\t\t\t\t\t\t<span itemprop='url'>https:\/\/www.transports-coue.fr\/wp-content\/uploads\/2018\/10\/Logo-transports-coue-300x119.png<\/span>\n\t\t\t\t\t\t<\/span>\n\t\t\t\t<\/span><span class='av-structured-data'  itemprop=\"author\" itemscope=\"itemscope\" itemtype=\"https:\/\/schema.org\/Person\" ><span itemprop='name'>Transports Cou\u00e9<\/span><\/span><span class='av-structured-data'  itemprop=\"datePublished\" datetime=\"2018-10-04T10:16:12+02:00\" >2024-05-14 17:47:31<\/span><span class='av-structured-data'  itemprop=\"dateModified\" itemtype=\"https:\/\/schema.org\/dateModified\" >2024-09-05 09:44:27<\/span><span class='av-structured-data'  itemprop=\"mainEntityOfPage\" itemtype=\"https:\/\/schema.org\/mainEntityOfPage\" ><span itemprop='name'>RDV au salon Top Logistics Europe 2024 \u00e0 Saint Malo<\/span><\/span><\/span><\/article><article class='slide-entry flex_column  post-entry post-entry-10561 slide-entry-overview slide-loop-47 slide-parity-even  av_one_third  real-thumbnail posttype-post post-format-standard'  itemscope=\"itemscope\" itemtype=\"https:\/\/schema.org\/CreativeWork\" ><a href='https:\/\/www.transports-coue.fr\/fr\/sotecan-international-aux-rencontres-wwca-a-bordeaux-2024\/' data-rel='slide-2' class='slide-image' title='Sotecan International aux rencontres WWCA \u00e0 Bordeaux 2024 !'><img decoding=\"async\" fetchpriority=\"high\" width=\"1690\" height=\"642\" src=\"https:\/\/www.transports-coue.fr\/wp-content\/uploads\/2024\/05\/sotecan-international-at-wca-meeting-2024-web.webp\" class=\"wp-image-10562 avia-img-lazy-loading-not-10562 attachment-no scaling size-no scaling wp-post-image\" alt=\"Participation de Sotecan International aux rencontres WWCA 2024\" srcset=\"https:\/\/www.transports-coue.fr\/wp-content\/uploads\/2024\/05\/sotecan-international-at-wca-meeting-2024-web.webp 1690w, https:\/\/www.transports-coue.fr\/wp-content\/uploads\/2024\/05\/sotecan-international-at-wca-meeting-2024-web-300x114.webp 300w, https:\/\/www.transports-coue.fr\/wp-content\/uploads\/2024\/05\/sotecan-international-at-wca-meeting-2024-web-1030x391.webp 1030w, https:\/\/www.transports-coue.fr\/wp-content\/uploads\/2024\/05\/sotecan-international-at-wca-meeting-2024-web-80x30.webp 80w, https:\/\/www.transports-coue.fr\/wp-content\/uploads\/2024\/05\/sotecan-international-at-wca-meeting-2024-web-768x292.webp 768w, https:\/\/www.transports-coue.fr\/wp-content\/uploads\/2024\/05\/sotecan-international-at-wca-meeting-2024-web-1536x583.webp 1536w, https:\/\/www.transports-coue.fr\/wp-content\/uploads\/2024\/05\/sotecan-international-at-wca-meeting-2024-web-1500x570.webp 1500w, https:\/\/www.transports-coue.fr\/wp-content\/uploads\/2024\/05\/sotecan-international-at-wca-meeting-2024-web-705x268.webp 705w, https:\/\/www.transports-coue.fr\/wp-content\/uploads\/2024\/05\/sotecan-international-at-wca-meeting-2024-web-845x321.webp 845w\" sizes=\"(max-width: 1690px) 100vw, 1690px\" \/><\/a><div class=\"slide-content\"><header class=\"entry-content-header\" aria-label=\"Slide: Sotecan International aux rencontres WWCA \u00e0 Bordeaux 2024 !\"><h3 class='slide-entry-title entry-title '  itemprop=\"headline\" ><a href='https:\/\/www.transports-coue.fr\/fr\/sotecan-international-aux-rencontres-wwca-a-bordeaux-2024\/' title='Sotecan International aux rencontres WWCA \u00e0 Bordeaux 2024 !'>Sotecan International aux rencontres WWCA \u00e0 Bordeaux 2024 !<\/a><\/h3><span class=\"blog-categories minor-meta\"><a href=\"https:\/\/www.transports-coue.fr\/fr\/category\/actualites\/\" rel=\"tag\">Actualit\u00e9s<\/a>, <a href=\"https:\/\/www.transports-coue.fr\/fr\/category\/actualites\/evenements\/\" rel=\"tag\">Ev\u00e9nements<\/a>, <a href=\"https:\/\/www.transports-coue.fr\/fr\/category\/actualites\/evenements\/evenement-overseas\/\" rel=\"tag\">Ev\u00e9nements Overseas<\/a> <\/span><span class=\"av-vertical-delimiter\"><\/span><\/header><div class='slide-entry-excerpt entry-content'  itemprop=\"text\" >J-30 avant notre participation aux rencontres des agents WWCA (World Wine Cargo Alliance) qui se tiendra \u00e0 \ud83d\udccd Bordeaux, du \ud83d\udcc5 31 mai au 3 juin.\n\ud83d\udcac Sarah, notre intervenante Sotecan International, se tiendra \u00e0 votre disposition pour \u00e9voquer,\u2026<div class=\"read-more-link\"><a href=\"https:\/\/www.transports-coue.fr\/fr\/sotecan-international-aux-rencontres-wwca-a-bordeaux-2024\/\" class=\"more-link\">Lire la suite<span class='more-link-arrow avia-svg-icon avia-font-svg_entypo-fontello' data-av_svg_icon='right-open-big' data-av_iconset='svg_entypo-fontello'><svg version=\"1.1\" xmlns=\"http:\/\/www.w3.org\/2000\/svg\" width=\"15\" height=\"32\" viewBox=\"0 0 15 32\" preserveAspectRatio=\"xMidYMid meet\" role=\"graphics-symbol\" aria-hidden=\"true\">\n<path d=\"M0.416 27.84l11.456-11.84-11.456-11.904q-0.832-0.832 0-1.536 0.832-0.832 1.536 0l12.544 12.608q0.768 0.832 0 1.6l-12.544 12.608q-0.704 0.832-1.536 0-0.832-0.704 0-1.536z\"><\/path>\n<\/svg><\/span><\/a><\/div><\/div><\/div><footer class=\"entry-footer\"><div class=\"slide-meta\"><time class='slide-meta-time updated'  itemprop=\"datePublished\" datetime=\"2024-05-02T16:12:40+02:00\" >2 mai 2024<\/time><\/div><\/footer><span class='hidden'>\n\t\t\t\t<span class='av-structured-data'  itemprop=\"image\" itemscope=\"itemscope\" itemtype=\"https:\/\/schema.org\/ImageObject\" >\n\t\t\t\t\t\t<span itemprop='url'>https:\/\/www.transports-coue.fr\/wp-content\/uploads\/2024\/05\/sotecan-international-at-wca-meeting-2024-web.webp<\/span>\n\t\t\t\t\t\t<span itemprop='height'>642<\/span>\n\t\t\t\t\t\t<span itemprop='width'>1690<\/span>\n\t\t\t\t<\/span>\n\t\t\t\t<span class='av-structured-data'  itemprop=\"publisher\" itemtype=\"https:\/\/schema.org\/Organization\" itemscope=\"itemscope\" >\n\t\t\t\t\t\t<span itemprop='name'>Transports Cou\u00e9<\/span>\n\t\t\t\t\t\t<span itemprop='logo' itemscope itemtype='https:\/\/schema.org\/ImageObject'>\n\t\t\t\t\t\t\t<span itemprop='url'>https:\/\/www.transports-coue.fr\/wp-content\/uploads\/2018\/10\/Logo-transports-coue-300x119.png<\/span>\n\t\t\t\t\t\t<\/span>\n\t\t\t\t<\/span><span class='av-structured-data'  itemprop=\"author\" itemscope=\"itemscope\" itemtype=\"https:\/\/schema.org\/Person\" ><span itemprop='name'>Transports Cou\u00e9<\/span><\/span><span class='av-structured-data'  itemprop=\"datePublished\" datetime=\"2018-10-04T10:16:12+02:00\" >2024-05-02 16:12:40<\/span><span class='av-structured-data'  itemprop=\"dateModified\" itemtype=\"https:\/\/schema.org\/dateModified\" >2024-05-02 17:28:57<\/span><span class='av-structured-data'  itemprop=\"mainEntityOfPage\" itemtype=\"https:\/\/schema.org\/mainEntityOfPage\" ><span itemprop='name'>Sotecan International aux rencontres WWCA \u00e0 Bordeaux 2024 !<\/span><\/span><\/span><\/article><article class='slide-entry flex_column  post-entry post-entry-10552 slide-entry-overview slide-loop-48 slide-parity-odd  av_one_third  real-thumbnail posttype-post post-format-standard'  itemscope=\"itemscope\" itemtype=\"https:\/\/schema.org\/CreativeWork\" ><a href='https:\/\/www.transports-coue.fr\/fr\/retour-de-nos-salaries-dans-leur-lycee-pour-partager-leur-experience-du-transport-routier\/' data-rel='slide-2' class='slide-image' title='Retour de nos salari\u00e9s dans leur lyc\u00e9e pour partager leur exp\u00e9rience du Transport Routier'><img decoding=\"async\" fetchpriority=\"high\" width=\"1690\" height=\"642\" src=\"https:\/\/www.transports-coue.fr\/wp-content\/uploads\/2024\/04\/groupe-coue-trm-lycee-don-bosco-mayenne-53-web.webp\" class=\"wp-image-10553 avia-img-lazy-loading-not-10553 attachment-no scaling size-no scaling wp-post-image\" alt=\"\" srcset=\"https:\/\/www.transports-coue.fr\/wp-content\/uploads\/2024\/04\/groupe-coue-trm-lycee-don-bosco-mayenne-53-web.webp 1690w, https:\/\/www.transports-coue.fr\/wp-content\/uploads\/2024\/04\/groupe-coue-trm-lycee-don-bosco-mayenne-53-web-300x114.webp 300w, https:\/\/www.transports-coue.fr\/wp-content\/uploads\/2024\/04\/groupe-coue-trm-lycee-don-bosco-mayenne-53-web-1030x391.webp 1030w, https:\/\/www.transports-coue.fr\/wp-content\/uploads\/2024\/04\/groupe-coue-trm-lycee-don-bosco-mayenne-53-web-80x30.webp 80w, https:\/\/www.transports-coue.fr\/wp-content\/uploads\/2024\/04\/groupe-coue-trm-lycee-don-bosco-mayenne-53-web-768x292.webp 768w, https:\/\/www.transports-coue.fr\/wp-content\/uploads\/2024\/04\/groupe-coue-trm-lycee-don-bosco-mayenne-53-web-1536x583.webp 1536w, https:\/\/www.transports-coue.fr\/wp-content\/uploads\/2024\/04\/groupe-coue-trm-lycee-don-bosco-mayenne-53-web-1500x570.webp 1500w, https:\/\/www.transports-coue.fr\/wp-content\/uploads\/2024\/04\/groupe-coue-trm-lycee-don-bosco-mayenne-53-web-705x268.webp 705w, https:\/\/www.transports-coue.fr\/wp-content\/uploads\/2024\/04\/groupe-coue-trm-lycee-don-bosco-mayenne-53-web-845x321.webp 845w\" sizes=\"(max-width: 1690px) 100vw, 1690px\" \/><\/a><div class=\"slide-content\"><header class=\"entry-content-header\" aria-label=\"Slide: Retour de nos salari\u00e9s dans leur lyc\u00e9e pour partager leur exp\u00e9rience du Transport Routier\"><h3 class='slide-entry-title entry-title '  itemprop=\"headline\" ><a href='https:\/\/www.transports-coue.fr\/fr\/retour-de-nos-salaries-dans-leur-lycee-pour-partager-leur-experience-du-transport-routier\/' title='Retour de nos salari\u00e9s dans leur lyc\u00e9e pour partager leur exp\u00e9rience du Transport Routier'>Retour de nos salari\u00e9s dans leur lyc\u00e9e pour partager leur exp\u00e9rience du Transport Routier<\/a><\/h3><span class=\"blog-categories minor-meta\"><a href=\"https:\/\/www.transports-coue.fr\/fr\/category\/actualites\/\" rel=\"tag\">Actualit\u00e9s<\/a>, <a href=\"https:\/\/www.transports-coue.fr\/fr\/category\/actualites\/evenements\/\" rel=\"tag\">Ev\u00e9nements<\/a> <\/span><span class=\"av-vertical-delimiter\"><\/span><\/header><div class='slide-entry-excerpt entry-content'  itemprop=\"text\" >\ud83c\udf93 Retour sur les bancs de l'\u00e9cole pour Aur\u00e9lien, Commercial du Groupe Cou\u00e9-TRM, J\u00e9r\u00f4me, Adjoint Responsable Exploitation de TRM &amp; Luis, Exploitant Transports Cou\u00e9 !\nAnciens \u00e9l\u00e8ves du Lyc\u00e9e Don Bosco \u00e0 Mayenne, ce fut un immense\u2026<div class=\"read-more-link\"><a href=\"https:\/\/www.transports-coue.fr\/fr\/retour-de-nos-salaries-dans-leur-lycee-pour-partager-leur-experience-du-transport-routier\/\" class=\"more-link\">Lire la suite<span class='more-link-arrow avia-svg-icon avia-font-svg_entypo-fontello' data-av_svg_icon='right-open-big' data-av_iconset='svg_entypo-fontello'><svg version=\"1.1\" xmlns=\"http:\/\/www.w3.org\/2000\/svg\" width=\"15\" height=\"32\" viewBox=\"0 0 15 32\" preserveAspectRatio=\"xMidYMid meet\" role=\"graphics-symbol\" aria-hidden=\"true\">\n<path d=\"M0.416 27.84l11.456-11.84-11.456-11.904q-0.832-0.832 0-1.536 0.832-0.832 1.536 0l12.544 12.608q0.768 0.832 0 1.6l-12.544 12.608q-0.704 0.832-1.536 0-0.832-0.704 0-1.536z\"><\/path>\n<\/svg><\/span><\/a><\/div><\/div><\/div><footer class=\"entry-footer\"><div class=\"slide-meta\"><time class='slide-meta-time updated'  itemprop=\"datePublished\" datetime=\"2024-04-26T15:53:09+02:00\" >26 avril 2024<\/time><\/div><\/footer><span class='hidden'>\n\t\t\t\t<span class='av-structured-data'  itemprop=\"image\" itemscope=\"itemscope\" itemtype=\"https:\/\/schema.org\/ImageObject\" >\n\t\t\t\t\t\t<span itemprop='url'>https:\/\/www.transports-coue.fr\/wp-content\/uploads\/2024\/04\/groupe-coue-trm-lycee-don-bosco-mayenne-53-web.webp<\/span>\n\t\t\t\t\t\t<span itemprop='height'>642<\/span>\n\t\t\t\t\t\t<span itemprop='width'>1690<\/span>\n\t\t\t\t<\/span>\n\t\t\t\t<span class='av-structured-data'  itemprop=\"publisher\" itemtype=\"https:\/\/schema.org\/Organization\" itemscope=\"itemscope\" >\n\t\t\t\t\t\t<span itemprop='name'>Transports Cou\u00e9<\/span>\n\t\t\t\t\t\t<span itemprop='logo' itemscope itemtype='https:\/\/schema.org\/ImageObject'>\n\t\t\t\t\t\t\t<span itemprop='url'>https:\/\/www.transports-coue.fr\/wp-content\/uploads\/2018\/10\/Logo-transports-coue-300x119.png<\/span>\n\t\t\t\t\t\t<\/span>\n\t\t\t\t<\/span><span class='av-structured-data'  itemprop=\"author\" itemscope=\"itemscope\" itemtype=\"https:\/\/schema.org\/Person\" ><span itemprop='name'>Transports Cou\u00e9<\/span><\/span><span class='av-structured-data'  itemprop=\"datePublished\" datetime=\"2018-10-04T10:16:12+02:00\" >2024-04-26 15:53:09<\/span><span class='av-structured-data'  itemprop=\"dateModified\" itemtype=\"https:\/\/schema.org\/dateModified\" >2024-04-26 15:53:11<\/span><span class='av-structured-data'  itemprop=\"mainEntityOfPage\" itemtype=\"https:\/\/schema.org\/mainEntityOfPage\" ><span itemprop='name'>Retour de nos salari\u00e9s dans leur lyc\u00e9e pour partager leur exp\u00e9rience du Transport Routier<\/span><\/span><\/span><\/article><\/div><div class=\"slide-entry-wrap\"><article class='slide-entry flex_column  post-entry post-entry-10512 slide-entry-overview slide-loop-49 slide-parity-odd  av_one_third first real-thumbnail posttype-post post-format-standard'  itemscope=\"itemscope\" itemtype=\"https:\/\/schema.org\/CreativeWork\" ><a href='https:\/\/www.transports-coue.fr\/fr\/demarrage-de-la-preparation-de-notre-radeau-pour-les-ofnijec-2024\/' data-rel='slide-2' class='slide-image' title='D\u00e9marrage de la pr\u00e9paration de notre radeau pour les OFNIJEC 2024 !'><img decoding=\"async\" fetchpriority=\"high\" width=\"1690\" height=\"642\" src=\"https:\/\/www.transports-coue.fr\/wp-content\/uploads\/2024\/04\/groupe-coue-trm-equipe-ofnijec-2024.webp\" class=\"wp-image-10513 avia-img-lazy-loading-not-10513 attachment-no scaling size-no scaling wp-post-image\" alt=\"La team Cou\u00e9 TRM d\u00e9marre la pr\u00e9paration du radeau pour les OFNIJEC 2024\" srcset=\"https:\/\/www.transports-coue.fr\/wp-content\/uploads\/2024\/04\/groupe-coue-trm-equipe-ofnijec-2024.webp 1690w, https:\/\/www.transports-coue.fr\/wp-content\/uploads\/2024\/04\/groupe-coue-trm-equipe-ofnijec-2024-300x114.webp 300w, https:\/\/www.transports-coue.fr\/wp-content\/uploads\/2024\/04\/groupe-coue-trm-equipe-ofnijec-2024-1030x391.webp 1030w, https:\/\/www.transports-coue.fr\/wp-content\/uploads\/2024\/04\/groupe-coue-trm-equipe-ofnijec-2024-80x30.webp 80w, https:\/\/www.transports-coue.fr\/wp-content\/uploads\/2024\/04\/groupe-coue-trm-equipe-ofnijec-2024-768x292.webp 768w, https:\/\/www.transports-coue.fr\/wp-content\/uploads\/2024\/04\/groupe-coue-trm-equipe-ofnijec-2024-1536x583.webp 1536w, https:\/\/www.transports-coue.fr\/wp-content\/uploads\/2024\/04\/groupe-coue-trm-equipe-ofnijec-2024-1500x570.webp 1500w, https:\/\/www.transports-coue.fr\/wp-content\/uploads\/2024\/04\/groupe-coue-trm-equipe-ofnijec-2024-705x268.webp 705w, https:\/\/www.transports-coue.fr\/wp-content\/uploads\/2024\/04\/groupe-coue-trm-equipe-ofnijec-2024-845x321.webp 845w\" sizes=\"(max-width: 1690px) 100vw, 1690px\" \/><\/a><div class=\"slide-content\"><header class=\"entry-content-header\" aria-label=\"Slide: D\u00e9marrage de la pr\u00e9paration de notre radeau pour les OFNIJEC 2024 !\"><h3 class='slide-entry-title entry-title '  itemprop=\"headline\" ><a href='https:\/\/www.transports-coue.fr\/fr\/demarrage-de-la-preparation-de-notre-radeau-pour-les-ofnijec-2024\/' title='D\u00e9marrage de la pr\u00e9paration de notre radeau pour les OFNIJEC 2024 !'>D\u00e9marrage de la pr\u00e9paration de notre radeau pour les OFNIJEC 2024 !<\/a><\/h3><span class=\"blog-categories minor-meta\"><a href=\"https:\/\/www.transports-coue.fr\/fr\/category\/actualites\/\" rel=\"tag\">Actualit\u00e9s<\/a>, <a href=\"https:\/\/www.transports-coue.fr\/fr\/category\/actualites\/evenements\/\" rel=\"tag\">Ev\u00e9nements<\/a> <\/span><span class=\"av-vertical-delimiter\"><\/span><\/header><div class='slide-entry-excerpt entry-content'  itemprop=\"text\" >\ud83d\ude80 C'est parti pour la grande aventure des OFNIJEC 2024 ! \ud83d\ude1c\n\ud83c\udfac Ce samedi 13 avril, d\u00e9marrage du chantier avec une \u00e9quipe de choc !\ud83d\udcaa\ud83d\ude01\n\nLa session 2024 est sous le th\u00e8me des expressions fran\u00e7aises et pour savoir ce que la Team\u2026<div class=\"read-more-link\"><a href=\"https:\/\/www.transports-coue.fr\/fr\/demarrage-de-la-preparation-de-notre-radeau-pour-les-ofnijec-2024\/\" class=\"more-link\">Lire la suite<span class='more-link-arrow avia-svg-icon avia-font-svg_entypo-fontello' data-av_svg_icon='right-open-big' data-av_iconset='svg_entypo-fontello'><svg version=\"1.1\" xmlns=\"http:\/\/www.w3.org\/2000\/svg\" width=\"15\" height=\"32\" viewBox=\"0 0 15 32\" preserveAspectRatio=\"xMidYMid meet\" role=\"graphics-symbol\" aria-hidden=\"true\">\n<path d=\"M0.416 27.84l11.456-11.84-11.456-11.904q-0.832-0.832 0-1.536 0.832-0.832 1.536 0l12.544 12.608q0.768 0.832 0 1.6l-12.544 12.608q-0.704 0.832-1.536 0-0.832-0.704 0-1.536z\"><\/path>\n<\/svg><\/span><\/a><\/div><\/div><\/div><footer class=\"entry-footer\"><div class=\"slide-meta\"><time class='slide-meta-time updated'  itemprop=\"datePublished\" datetime=\"2024-04-19T18:00:00+02:00\" >19 avril 2024<\/time><\/div><\/footer><span class='hidden'>\n\t\t\t\t<span class='av-structured-data'  itemprop=\"image\" itemscope=\"itemscope\" itemtype=\"https:\/\/schema.org\/ImageObject\" >\n\t\t\t\t\t\t<span itemprop='url'>https:\/\/www.transports-coue.fr\/wp-content\/uploads\/2024\/04\/groupe-coue-trm-equipe-ofnijec-2024.webp<\/span>\n\t\t\t\t\t\t<span itemprop='height'>642<\/span>\n\t\t\t\t\t\t<span itemprop='width'>1690<\/span>\n\t\t\t\t<\/span>\n\t\t\t\t<span class='av-structured-data'  itemprop=\"publisher\" itemtype=\"https:\/\/schema.org\/Organization\" itemscope=\"itemscope\" >\n\t\t\t\t\t\t<span itemprop='name'>Transports Cou\u00e9<\/span>\n\t\t\t\t\t\t<span itemprop='logo' itemscope itemtype='https:\/\/schema.org\/ImageObject'>\n\t\t\t\t\t\t\t<span itemprop='url'>https:\/\/www.transports-coue.fr\/wp-content\/uploads\/2018\/10\/Logo-transports-coue-300x119.png<\/span>\n\t\t\t\t\t\t<\/span>\n\t\t\t\t<\/span><span class='av-structured-data'  itemprop=\"author\" itemscope=\"itemscope\" itemtype=\"https:\/\/schema.org\/Person\" ><span itemprop='name'>Transports Cou\u00e9<\/span><\/span><span class='av-structured-data'  itemprop=\"datePublished\" datetime=\"2018-10-04T10:16:12+02:00\" >2024-04-19 18:00:00<\/span><span class='av-structured-data'  itemprop=\"dateModified\" itemtype=\"https:\/\/schema.org\/dateModified\" >2024-04-17 16:26:14<\/span><span class='av-structured-data'  itemprop=\"mainEntityOfPage\" itemtype=\"https:\/\/schema.org\/mainEntityOfPage\" ><span itemprop='name'>D\u00e9marrage de la pr\u00e9paration de notre radeau pour les OFNIJEC 2024 !<\/span><\/span><\/span><\/article><article class='slide-entry flex_column  post-entry post-entry-10394 slide-entry-overview slide-loop-50 slide-parity-even  av_one_third  real-thumbnail posttype-post post-format-standard'  itemscope=\"itemscope\" itemtype=\"https:\/\/schema.org\/CreativeWork\" ><a href='https:\/\/www.transports-coue.fr\/fr\/promouvoir-nos-metiers-du-transport-routier-et-de-la-logistique\/' data-rel='slide-2' class='slide-image' title='Promouvoir nos m\u00e9tiers du Transport Routier et de la Logistique !'><img decoding=\"async\" fetchpriority=\"high\" width=\"1690\" height=\"642\" src=\"https:\/\/www.transports-coue.fr\/wp-content\/uploads\/2024\/03\/groupe-coue-trm-pret-camion-remorque-lycee-leonard-de-vinci-mayenne-n1.webp\" class=\"wp-image-10396 avia-img-lazy-loading-not-10396 attachment-no scaling size-no scaling wp-post-image\" alt=\"Pr\u00eat d&#039;un camion remorque pour la formation Conducteur Routier du Lyc\u00e9e L\u00e9onard de Vinci \u00e0 Mayenne\" srcset=\"https:\/\/www.transports-coue.fr\/wp-content\/uploads\/2024\/03\/groupe-coue-trm-pret-camion-remorque-lycee-leonard-de-vinci-mayenne-n1.webp 1690w, https:\/\/www.transports-coue.fr\/wp-content\/uploads\/2024\/03\/groupe-coue-trm-pret-camion-remorque-lycee-leonard-de-vinci-mayenne-n1-300x114.webp 300w, https:\/\/www.transports-coue.fr\/wp-content\/uploads\/2024\/03\/groupe-coue-trm-pret-camion-remorque-lycee-leonard-de-vinci-mayenne-n1-1030x391.webp 1030w, https:\/\/www.transports-coue.fr\/wp-content\/uploads\/2024\/03\/groupe-coue-trm-pret-camion-remorque-lycee-leonard-de-vinci-mayenne-n1-80x30.webp 80w, https:\/\/www.transports-coue.fr\/wp-content\/uploads\/2024\/03\/groupe-coue-trm-pret-camion-remorque-lycee-leonard-de-vinci-mayenne-n1-768x292.webp 768w, https:\/\/www.transports-coue.fr\/wp-content\/uploads\/2024\/03\/groupe-coue-trm-pret-camion-remorque-lycee-leonard-de-vinci-mayenne-n1-1536x583.webp 1536w, https:\/\/www.transports-coue.fr\/wp-content\/uploads\/2024\/03\/groupe-coue-trm-pret-camion-remorque-lycee-leonard-de-vinci-mayenne-n1-1500x570.webp 1500w, https:\/\/www.transports-coue.fr\/wp-content\/uploads\/2024\/03\/groupe-coue-trm-pret-camion-remorque-lycee-leonard-de-vinci-mayenne-n1-705x268.webp 705w, https:\/\/www.transports-coue.fr\/wp-content\/uploads\/2024\/03\/groupe-coue-trm-pret-camion-remorque-lycee-leonard-de-vinci-mayenne-n1-845x321.webp 845w\" sizes=\"(max-width: 1690px) 100vw, 1690px\" \/><\/a><div class=\"slide-content\"><header class=\"entry-content-header\" aria-label=\"Slide: Promouvoir nos m\u00e9tiers du Transport Routier et de la Logistique !\"><h3 class='slide-entry-title entry-title '  itemprop=\"headline\" ><a href='https:\/\/www.transports-coue.fr\/fr\/promouvoir-nos-metiers-du-transport-routier-et-de-la-logistique\/' title='Promouvoir nos m\u00e9tiers du Transport Routier et de la Logistique !'>Promouvoir nos m\u00e9tiers du Transport Routier et de la Logistique !<\/a><\/h3><span class=\"blog-categories minor-meta\"><a href=\"https:\/\/www.transports-coue.fr\/fr\/category\/actualites\/\" rel=\"tag\">Actualit\u00e9s<\/a>, <a href=\"https:\/\/www.transports-coue.fr\/fr\/category\/actualites\/evenements\/\" rel=\"tag\">Ev\u00e9nements<\/a> <\/span><span class=\"av-vertical-delimiter\"><\/span><\/header><div class='slide-entry-excerpt entry-content'  itemprop=\"text\" >Toujours un plaisir \ud83d\udc4d de participer activement \u00e0 la connaissance du m\u00e9tier du Transport Routier !\nCe samedi, nous avons ainsi d\u00e9pos\u00e9 un de nos camions remorques au Lyc\u00e9e L\u00e9onard de Vinci \u00e0 \ud83d\udccd Mayenne, sp\u00e9cialis\u00e9 dans les m\u00e9tiers\u2026<div class=\"read-more-link\"><a href=\"https:\/\/www.transports-coue.fr\/fr\/promouvoir-nos-metiers-du-transport-routier-et-de-la-logistique\/\" class=\"more-link\">Lire la suite<span class='more-link-arrow avia-svg-icon avia-font-svg_entypo-fontello' data-av_svg_icon='right-open-big' data-av_iconset='svg_entypo-fontello'><svg version=\"1.1\" xmlns=\"http:\/\/www.w3.org\/2000\/svg\" width=\"15\" height=\"32\" viewBox=\"0 0 15 32\" preserveAspectRatio=\"xMidYMid meet\" role=\"graphics-symbol\" aria-hidden=\"true\">\n<path d=\"M0.416 27.84l11.456-11.84-11.456-11.904q-0.832-0.832 0-1.536 0.832-0.832 1.536 0l12.544 12.608q0.768 0.832 0 1.6l-12.544 12.608q-0.704 0.832-1.536 0-0.832-0.704 0-1.536z\"><\/path>\n<\/svg><\/span><\/a><\/div><\/div><\/div><footer class=\"entry-footer\"><div class=\"slide-meta\"><time class='slide-meta-time updated'  itemprop=\"datePublished\" datetime=\"2024-03-22T15:38:38+01:00\" >22 mars 2024<\/time><\/div><\/footer><span class='hidden'>\n\t\t\t\t<span class='av-structured-data'  itemprop=\"image\" itemscope=\"itemscope\" itemtype=\"https:\/\/schema.org\/ImageObject\" >\n\t\t\t\t\t\t<span itemprop='url'>https:\/\/www.transports-coue.fr\/wp-content\/uploads\/2024\/03\/groupe-coue-trm-pret-camion-remorque-lycee-leonard-de-vinci-mayenne-n1.webp<\/span>\n\t\t\t\t\t\t<span itemprop='height'>642<\/span>\n\t\t\t\t\t\t<span itemprop='width'>1690<\/span>\n\t\t\t\t<\/span>\n\t\t\t\t<span class='av-structured-data'  itemprop=\"publisher\" itemtype=\"https:\/\/schema.org\/Organization\" itemscope=\"itemscope\" >\n\t\t\t\t\t\t<span itemprop='name'>Transports Cou\u00e9<\/span>\n\t\t\t\t\t\t<span itemprop='logo' itemscope itemtype='https:\/\/schema.org\/ImageObject'>\n\t\t\t\t\t\t\t<span itemprop='url'>https:\/\/www.transports-coue.fr\/wp-content\/uploads\/2018\/10\/Logo-transports-coue-300x119.png<\/span>\n\t\t\t\t\t\t<\/span>\n\t\t\t\t<\/span><span class='av-structured-data'  itemprop=\"author\" itemscope=\"itemscope\" itemtype=\"https:\/\/schema.org\/Person\" ><span itemprop='name'>Transports Cou\u00e9<\/span><\/span><span class='av-structured-data'  itemprop=\"datePublished\" datetime=\"2018-10-04T10:16:12+02:00\" >2024-03-22 15:38:38<\/span><span class='av-structured-data'  itemprop=\"dateModified\" itemtype=\"https:\/\/schema.org\/dateModified\" >2024-03-22 15:39:27<\/span><span class='av-structured-data'  itemprop=\"mainEntityOfPage\" itemtype=\"https:\/\/schema.org\/mainEntityOfPage\" ><span itemprop='name'>Promouvoir nos m\u00e9tiers du Transport Routier et de la Logistique !<\/span><\/span><\/span><\/article><article class='slide-entry flex_column  post-entry post-entry-10151 slide-entry-overview slide-loop-51 slide-parity-odd  av_one_third  real-thumbnail posttype-post post-format-standard'  itemscope=\"itemscope\" itemtype=\"https:\/\/schema.org\/CreativeWork\" ><a href='https:\/\/www.transports-coue.fr\/fr\/participation-a-la-nuit-de-lorientation-a-change-53\/' data-rel='slide-2' class='slide-image' title='Participation \u00e0 la Nuit de l&rsquo;Orientation \u00e0 Chang\u00e9 (53)'><img decoding=\"async\" fetchpriority=\"high\" width=\"1690\" height=\"642\" src=\"https:\/\/www.transports-coue.fr\/wp-content\/uploads\/2024\/02\/groupe-coue-trm-nuit-orientation-2024-web.webp\" class=\"wp-image-10152 avia-img-lazy-loading-not-10152 attachment-no scaling size-no scaling wp-post-image\" alt=\"Participation du groupe Cou\u00e9 TRM \u00e0 la Nuit de l&#039;orientation \u00e0 Chang\u00e9 53\" srcset=\"https:\/\/www.transports-coue.fr\/wp-content\/uploads\/2024\/02\/groupe-coue-trm-nuit-orientation-2024-web.webp 1690w, https:\/\/www.transports-coue.fr\/wp-content\/uploads\/2024\/02\/groupe-coue-trm-nuit-orientation-2024-web-300x114.webp 300w, https:\/\/www.transports-coue.fr\/wp-content\/uploads\/2024\/02\/groupe-coue-trm-nuit-orientation-2024-web-1030x391.webp 1030w, https:\/\/www.transports-coue.fr\/wp-content\/uploads\/2024\/02\/groupe-coue-trm-nuit-orientation-2024-web-80x30.webp 80w, https:\/\/www.transports-coue.fr\/wp-content\/uploads\/2024\/02\/groupe-coue-trm-nuit-orientation-2024-web-768x292.webp 768w, https:\/\/www.transports-coue.fr\/wp-content\/uploads\/2024\/02\/groupe-coue-trm-nuit-orientation-2024-web-1536x583.webp 1536w, https:\/\/www.transports-coue.fr\/wp-content\/uploads\/2024\/02\/groupe-coue-trm-nuit-orientation-2024-web-1500x570.webp 1500w, https:\/\/www.transports-coue.fr\/wp-content\/uploads\/2024\/02\/groupe-coue-trm-nuit-orientation-2024-web-705x268.webp 705w, https:\/\/www.transports-coue.fr\/wp-content\/uploads\/2024\/02\/groupe-coue-trm-nuit-orientation-2024-web-845x321.webp 845w\" sizes=\"(max-width: 1690px) 100vw, 1690px\" \/><\/a><div class=\"slide-content\"><header class=\"entry-content-header\" aria-label=\"Slide: Participation \u00e0 la Nuit de l&#039;Orientation \u00e0 Chang\u00e9 (53)\"><h3 class='slide-entry-title entry-title '  itemprop=\"headline\" ><a href='https:\/\/www.transports-coue.fr\/fr\/participation-a-la-nuit-de-lorientation-a-change-53\/' title='Participation \u00e0 la Nuit de l&rsquo;Orientation \u00e0 Chang\u00e9 (53)'>Participation \u00e0 la Nuit de l&rsquo;Orientation \u00e0 Chang\u00e9 (53)<\/a><\/h3><span class=\"blog-categories minor-meta\"><a href=\"https:\/\/www.transports-coue.fr\/fr\/category\/actualites\/\" rel=\"tag\">Actualit\u00e9s<\/a>, <a href=\"https:\/\/www.transports-coue.fr\/fr\/category\/actualites\/evenements\/\" rel=\"tag\">Ev\u00e9nements<\/a> <\/span><span class=\"av-vertical-delimiter\"><\/span><\/header><div class='slide-entry-excerpt entry-content'  itemprop=\"text\" >\u26a1 20 f\u00e9vrier, participation \u00e0 la Nuit de l'Orientation \u00e0 Chang\u00e9 (53, Mayenne) avec notre partenaire formation AFTRAL !\nToujours crucial de pr\u00e9senter l'attractivit\u00e9 de nos m\u00e9tiers du Transport \ud83d\ude9b et de la Logistique \ud83d\udce6 pour attirer\u2026<div class=\"read-more-link\"><a href=\"https:\/\/www.transports-coue.fr\/fr\/participation-a-la-nuit-de-lorientation-a-change-53\/\" class=\"more-link\">Lire la suite<span class='more-link-arrow avia-svg-icon avia-font-svg_entypo-fontello' data-av_svg_icon='right-open-big' data-av_iconset='svg_entypo-fontello'><svg version=\"1.1\" xmlns=\"http:\/\/www.w3.org\/2000\/svg\" width=\"15\" height=\"32\" viewBox=\"0 0 15 32\" preserveAspectRatio=\"xMidYMid meet\" role=\"graphics-symbol\" aria-hidden=\"true\">\n<path d=\"M0.416 27.84l11.456-11.84-11.456-11.904q-0.832-0.832 0-1.536 0.832-0.832 1.536 0l12.544 12.608q0.768 0.832 0 1.6l-12.544 12.608q-0.704 0.832-1.536 0-0.832-0.704 0-1.536z\"><\/path>\n<\/svg><\/span><\/a><\/div><\/div><\/div><footer class=\"entry-footer\"><div class=\"slide-meta\"><time class='slide-meta-time updated'  itemprop=\"datePublished\" datetime=\"2024-02-23T15:29:10+01:00\" >23 f\u00e9vrier 2024<\/time><\/div><\/footer><span class='hidden'>\n\t\t\t\t<span class='av-structured-data'  itemprop=\"image\" itemscope=\"itemscope\" itemtype=\"https:\/\/schema.org\/ImageObject\" >\n\t\t\t\t\t\t<span itemprop='url'>https:\/\/www.transports-coue.fr\/wp-content\/uploads\/2024\/02\/groupe-coue-trm-nuit-orientation-2024-web.webp<\/span>\n\t\t\t\t\t\t<span itemprop='height'>642<\/span>\n\t\t\t\t\t\t<span itemprop='width'>1690<\/span>\n\t\t\t\t<\/span>\n\t\t\t\t<span class='av-structured-data'  itemprop=\"publisher\" itemtype=\"https:\/\/schema.org\/Organization\" itemscope=\"itemscope\" >\n\t\t\t\t\t\t<span itemprop='name'>Transports Cou\u00e9<\/span>\n\t\t\t\t\t\t<span itemprop='logo' itemscope itemtype='https:\/\/schema.org\/ImageObject'>\n\t\t\t\t\t\t\t<span itemprop='url'>https:\/\/www.transports-coue.fr\/wp-content\/uploads\/2018\/10\/Logo-transports-coue-300x119.png<\/span>\n\t\t\t\t\t\t<\/span>\n\t\t\t\t<\/span><span class='av-structured-data'  itemprop=\"author\" itemscope=\"itemscope\" itemtype=\"https:\/\/schema.org\/Person\" ><span itemprop='name'>Transports Cou\u00e9<\/span><\/span><span class='av-structured-data'  itemprop=\"datePublished\" datetime=\"2018-10-04T10:16:12+02:00\" >2024-02-23 15:29:10<\/span><span class='av-structured-data'  itemprop=\"dateModified\" itemtype=\"https:\/\/schema.org\/dateModified\" >2024-02-23 15:29:12<\/span><span class='av-structured-data'  itemprop=\"mainEntityOfPage\" itemtype=\"https:\/\/schema.org\/mainEntityOfPage\" ><span itemprop='name'>Participation \u00e0 la Nuit de l&rsquo;Orientation \u00e0 Chang\u00e9 (53)<\/span><\/span><\/span><\/article><\/div><div class=\"slide-entry-wrap\"><article class='slide-entry flex_column  post-entry post-entry-9754 slide-entry-overview slide-loop-52 slide-parity-odd  av_one_third first real-thumbnail posttype-post post-format-standard'  itemscope=\"itemscope\" itemtype=\"https:\/\/schema.org\/CreativeWork\" ><a href='https:\/\/www.transports-coue.fr\/fr\/en-video-nos-equipent-preparent-leurs-jeux-olympiques\/' data-rel='slide-2' class='slide-image' title='En vid\u00e9o, nos \u00e9quipent pr\u00e9parent leurs Jeux Olympiques !'><img decoding=\"async\" fetchpriority=\"high\" width=\"1690\" height=\"642\" src=\"https:\/\/www.transports-coue.fr\/wp-content\/uploads\/2024\/01\/couverture-youtube-notre-equipe-gagnante-web.webp\" class=\"wp-image-9755 avia-img-lazy-loading-not-9755 attachment-no scaling size-no scaling wp-post-image\" alt=\"Article notre \u00e9quipe pr\u00e9pare leurs jeux olympiques\" srcset=\"https:\/\/www.transports-coue.fr\/wp-content\/uploads\/2024\/01\/couverture-youtube-notre-equipe-gagnante-web.webp 1690w, https:\/\/www.transports-coue.fr\/wp-content\/uploads\/2024\/01\/couverture-youtube-notre-equipe-gagnante-web-300x114.webp 300w, https:\/\/www.transports-coue.fr\/wp-content\/uploads\/2024\/01\/couverture-youtube-notre-equipe-gagnante-web-1030x391.webp 1030w, https:\/\/www.transports-coue.fr\/wp-content\/uploads\/2024\/01\/couverture-youtube-notre-equipe-gagnante-web-80x30.webp 80w, https:\/\/www.transports-coue.fr\/wp-content\/uploads\/2024\/01\/couverture-youtube-notre-equipe-gagnante-web-768x292.webp 768w, https:\/\/www.transports-coue.fr\/wp-content\/uploads\/2024\/01\/couverture-youtube-notre-equipe-gagnante-web-1536x583.webp 1536w, https:\/\/www.transports-coue.fr\/wp-content\/uploads\/2024\/01\/couverture-youtube-notre-equipe-gagnante-web-1500x570.webp 1500w, https:\/\/www.transports-coue.fr\/wp-content\/uploads\/2024\/01\/couverture-youtube-notre-equipe-gagnante-web-705x268.webp 705w, https:\/\/www.transports-coue.fr\/wp-content\/uploads\/2024\/01\/couverture-youtube-notre-equipe-gagnante-web-845x321.webp 845w\" sizes=\"(max-width: 1690px) 100vw, 1690px\" \/><\/a><div class=\"slide-content\"><header class=\"entry-content-header\" aria-label=\"Slide: En vid\u00e9o, nos \u00e9quipent pr\u00e9parent leurs Jeux Olympiques !\"><h3 class='slide-entry-title entry-title '  itemprop=\"headline\" ><a href='https:\/\/www.transports-coue.fr\/fr\/en-video-nos-equipent-preparent-leurs-jeux-olympiques\/' title='En vid\u00e9o, nos \u00e9quipent pr\u00e9parent leurs Jeux Olympiques !'>En vid\u00e9o, nos \u00e9quipent pr\u00e9parent leurs Jeux Olympiques !<\/a><\/h3><span class=\"blog-categories minor-meta\"><a href=\"https:\/\/www.transports-coue.fr\/fr\/category\/actualites\/\" rel=\"tag\">Actualit\u00e9s<\/a>, <a href=\"https:\/\/www.transports-coue.fr\/fr\/category\/actualites\/evenements\/\" rel=\"tag\">Ev\u00e9nements<\/a> <\/span><span class=\"av-vertical-delimiter\"><\/span><\/header><div class='slide-entry-excerpt entry-content'  itemprop=\"text\" >\n\nNos \u00e9quipes pr\u00e9parent leurs Jeux Olympiques ! \ud83c\udf1f\n\nEnfin en vid\u00e9o \ud83c\udfa5, nous sommes fiers de vous d\u00e9voiler le beau projet d\u2019entreprise \u00ab NOTRE EQUIPE GAGNANTE \u00bb 100% \u00e0 l\u2019initiative des collaborateurs de l\u2019ensemble de nos entit\u00e9s\u2026<div class=\"read-more-link\"><a href=\"https:\/\/www.transports-coue.fr\/fr\/en-video-nos-equipent-preparent-leurs-jeux-olympiques\/\" class=\"more-link\">Lire la suite<span class='more-link-arrow avia-svg-icon avia-font-svg_entypo-fontello' data-av_svg_icon='right-open-big' data-av_iconset='svg_entypo-fontello'><svg version=\"1.1\" xmlns=\"http:\/\/www.w3.org\/2000\/svg\" width=\"15\" height=\"32\" viewBox=\"0 0 15 32\" preserveAspectRatio=\"xMidYMid meet\" role=\"graphics-symbol\" aria-hidden=\"true\">\n<path d=\"M0.416 27.84l11.456-11.84-11.456-11.904q-0.832-0.832 0-1.536 0.832-0.832 1.536 0l12.544 12.608q0.768 0.832 0 1.6l-12.544 12.608q-0.704 0.832-1.536 0-0.832-0.704 0-1.536z\"><\/path>\n<\/svg><\/span><\/a><\/div><\/div><\/div><footer class=\"entry-footer\"><div class=\"slide-meta\"><time class='slide-meta-time updated'  itemprop=\"datePublished\" datetime=\"2024-01-30T16:40:40+01:00\" >30 janvier 2024<\/time><\/div><\/footer><span class='hidden'>\n\t\t\t\t<span class='av-structured-data'  itemprop=\"image\" itemscope=\"itemscope\" itemtype=\"https:\/\/schema.org\/ImageObject\" >\n\t\t\t\t\t\t<span itemprop='url'>https:\/\/www.transports-coue.fr\/wp-content\/uploads\/2024\/01\/couverture-youtube-notre-equipe-gagnante-web.webp<\/span>\n\t\t\t\t\t\t<span itemprop='height'>642<\/span>\n\t\t\t\t\t\t<span itemprop='width'>1690<\/span>\n\t\t\t\t<\/span>\n\t\t\t\t<span class='av-structured-data'  itemprop=\"publisher\" itemtype=\"https:\/\/schema.org\/Organization\" itemscope=\"itemscope\" >\n\t\t\t\t\t\t<span itemprop='name'>Transports Cou\u00e9<\/span>\n\t\t\t\t\t\t<span itemprop='logo' itemscope itemtype='https:\/\/schema.org\/ImageObject'>\n\t\t\t\t\t\t\t<span itemprop='url'>https:\/\/www.transports-coue.fr\/wp-content\/uploads\/2018\/10\/Logo-transports-coue-300x119.png<\/span>\n\t\t\t\t\t\t<\/span>\n\t\t\t\t<\/span><span class='av-structured-data'  itemprop=\"author\" itemscope=\"itemscope\" itemtype=\"https:\/\/schema.org\/Person\" ><span itemprop='name'>Transports Cou\u00e9<\/span><\/span><span class='av-structured-data'  itemprop=\"datePublished\" datetime=\"2018-10-04T10:16:12+02:00\" >2024-01-30 16:40:40<\/span><span class='av-structured-data'  itemprop=\"dateModified\" itemtype=\"https:\/\/schema.org\/dateModified\" >2024-10-18 18:06:41<\/span><span class='av-structured-data'  itemprop=\"mainEntityOfPage\" itemtype=\"https:\/\/schema.org\/mainEntityOfPage\" ><span itemprop='name'>En vid\u00e9o, nos \u00e9quipent pr\u00e9parent leurs Jeux Olympiques !<\/span><\/span><\/span><\/article><article class='slide-entry flex_column  post-entry post-entry-9661 slide-entry-overview slide-loop-53 slide-parity-even  av_one_third  real-thumbnail posttype-post post-format-standard'  itemscope=\"itemscope\" itemtype=\"https:\/\/schema.org\/CreativeWork\" ><a href='https:\/\/www.transports-coue.fr\/fr\/joyeuses-fetes-de-fin-dannee-2\/' data-rel='slide-2' class='slide-image' title='Joyeuses f\u00eates de fin d&rsquo;ann\u00e9e !'><img decoding=\"async\" fetchpriority=\"high\" width=\"1690\" height=\"642\" src=\"https:\/\/www.transports-coue.fr\/wp-content\/uploads\/2023\/12\/Bandeau-Noel-Site-Internet-v2.webp\" class=\"wp-image-9663 avia-img-lazy-loading-not-9663 attachment-no scaling size-no scaling wp-post-image\" alt=\"Joyeuses f\u00eates de fin d&#039;ann\u00e9e\" srcset=\"https:\/\/www.transports-coue.fr\/wp-content\/uploads\/2023\/12\/Bandeau-Noel-Site-Internet-v2.webp 1690w, https:\/\/www.transports-coue.fr\/wp-content\/uploads\/2023\/12\/Bandeau-Noel-Site-Internet-v2-300x114.webp 300w, https:\/\/www.transports-coue.fr\/wp-content\/uploads\/2023\/12\/Bandeau-Noel-Site-Internet-v2-1030x391.webp 1030w, https:\/\/www.transports-coue.fr\/wp-content\/uploads\/2023\/12\/Bandeau-Noel-Site-Internet-v2-80x30.webp 80w, https:\/\/www.transports-coue.fr\/wp-content\/uploads\/2023\/12\/Bandeau-Noel-Site-Internet-v2-768x292.webp 768w, https:\/\/www.transports-coue.fr\/wp-content\/uploads\/2023\/12\/Bandeau-Noel-Site-Internet-v2-1536x583.webp 1536w, https:\/\/www.transports-coue.fr\/wp-content\/uploads\/2023\/12\/Bandeau-Noel-Site-Internet-v2-1500x570.webp 1500w, https:\/\/www.transports-coue.fr\/wp-content\/uploads\/2023\/12\/Bandeau-Noel-Site-Internet-v2-705x268.webp 705w, https:\/\/www.transports-coue.fr\/wp-content\/uploads\/2023\/12\/Bandeau-Noel-Site-Internet-v2-845x321.webp 845w\" sizes=\"(max-width: 1690px) 100vw, 1690px\" \/><\/a><div class=\"slide-content\"><header class=\"entry-content-header\" aria-label=\"Slide: Joyeuses f\u00eates de fin d&#039;ann\u00e9e !\"><h3 class='slide-entry-title entry-title '  itemprop=\"headline\" ><a href='https:\/\/www.transports-coue.fr\/fr\/joyeuses-fetes-de-fin-dannee-2\/' title='Joyeuses f\u00eates de fin d&rsquo;ann\u00e9e !'>Joyeuses f\u00eates de fin d&rsquo;ann\u00e9e !<\/a><\/h3><span class=\"blog-categories minor-meta\"><a href=\"https:\/\/www.transports-coue.fr\/fr\/category\/actualites\/\" rel=\"tag\">Actualit\u00e9s<\/a>, <a href=\"https:\/\/www.transports-coue.fr\/fr\/category\/actualites\/evenements\/\" rel=\"tag\">Ev\u00e9nements<\/a> <\/span><span class=\"av-vertical-delimiter\"><\/span><\/header><div class='slide-entry-excerpt entry-content'  itemprop=\"text\" >\ud83c\udf85Joyeuses f\u00eates !!\u2728\nNous vous souhaitons un Joyeux No\u00ebl \ud83c\udf84, un r\u00e9veillon festif du Nouvel An \ud83c\udf1f et de passer de bons moments avec vos proches !\n\n#Noel #reveillon #TransportRoutier #logistique #ImportExport<div class=\"read-more-link\"><a href=\"https:\/\/www.transports-coue.fr\/fr\/joyeuses-fetes-de-fin-dannee-2\/\" class=\"more-link\">Lire la suite<span class='more-link-arrow avia-svg-icon avia-font-svg_entypo-fontello' data-av_svg_icon='right-open-big' data-av_iconset='svg_entypo-fontello'><svg version=\"1.1\" xmlns=\"http:\/\/www.w3.org\/2000\/svg\" width=\"15\" height=\"32\" viewBox=\"0 0 15 32\" preserveAspectRatio=\"xMidYMid meet\" role=\"graphics-symbol\" aria-hidden=\"true\">\n<path d=\"M0.416 27.84l11.456-11.84-11.456-11.904q-0.832-0.832 0-1.536 0.832-0.832 1.536 0l12.544 12.608q0.768 0.832 0 1.6l-12.544 12.608q-0.704 0.832-1.536 0-0.832-0.704 0-1.536z\"><\/path>\n<\/svg><\/span><\/a><\/div><\/div><\/div><footer class=\"entry-footer\"><div class=\"slide-meta\"><time class='slide-meta-time updated'  itemprop=\"datePublished\" datetime=\"2023-12-18T17:28:04+01:00\" >18 d\u00e9cembre 2023<\/time><\/div><\/footer><span class='hidden'>\n\t\t\t\t<span class='av-structured-data'  itemprop=\"image\" itemscope=\"itemscope\" itemtype=\"https:\/\/schema.org\/ImageObject\" >\n\t\t\t\t\t\t<span itemprop='url'>https:\/\/www.transports-coue.fr\/wp-content\/uploads\/2023\/12\/Bandeau-Noel-Site-Internet-v2.webp<\/span>\n\t\t\t\t\t\t<span itemprop='height'>642<\/span>\n\t\t\t\t\t\t<span itemprop='width'>1690<\/span>\n\t\t\t\t<\/span>\n\t\t\t\t<span class='av-structured-data'  itemprop=\"publisher\" itemtype=\"https:\/\/schema.org\/Organization\" itemscope=\"itemscope\" >\n\t\t\t\t\t\t<span itemprop='name'>Transports Cou\u00e9<\/span>\n\t\t\t\t\t\t<span itemprop='logo' itemscope itemtype='https:\/\/schema.org\/ImageObject'>\n\t\t\t\t\t\t\t<span itemprop='url'>https:\/\/www.transports-coue.fr\/wp-content\/uploads\/2018\/10\/Logo-transports-coue-300x119.png<\/span>\n\t\t\t\t\t\t<\/span>\n\t\t\t\t<\/span><span class='av-structured-data'  itemprop=\"author\" itemscope=\"itemscope\" itemtype=\"https:\/\/schema.org\/Person\" ><span itemprop='name'>Transports Cou\u00e9<\/span><\/span><span class='av-structured-data'  itemprop=\"datePublished\" datetime=\"2018-10-04T10:16:12+02:00\" >2023-12-18 17:28:04<\/span><span class='av-structured-data'  itemprop=\"dateModified\" itemtype=\"https:\/\/schema.org\/dateModified\" >2023-12-18 17:32:18<\/span><span class='av-structured-data'  itemprop=\"mainEntityOfPage\" itemtype=\"https:\/\/schema.org\/mainEntityOfPage\" ><span itemprop='name'>Joyeuses f\u00eates de fin d&rsquo;ann\u00e9e !<\/span><\/span><\/span><\/article><article class='slide-entry flex_column  post-entry post-entry-11189 slide-entry-overview slide-loop-54 slide-parity-odd  av_one_third  real-thumbnail posttype-post post-format-standard'  itemscope=\"itemscope\" itemtype=\"https:\/\/schema.org\/CreativeWork\" ><a href='https:\/\/www.transports-coue.fr\/fr\/le-shooting-photos-de-notre-projet-notre-equipe-gagnante\/' data-rel='slide-2' class='slide-image' title='Le shooting photos de notre projet \u00ab\u00a0Notre Equipe Gagnante\u00a0\u00bb !'><img decoding=\"async\" fetchpriority=\"high\" width=\"1690\" height=\"642\" src=\"https:\/\/www.transports-coue.fr\/wp-content\/uploads\/2024\/10\/notre-equipe-gagnante-video-shooting-officielle-groupe-coue-trm-01-12-23-v2.webp\" class=\"wp-image-11190 avia-img-lazy-loading-not-11190 attachment-no scaling size-no scaling wp-post-image\" alt=\"Le shooting photo du projet notre \u00e9quipe gagnante\" srcset=\"https:\/\/www.transports-coue.fr\/wp-content\/uploads\/2024\/10\/notre-equipe-gagnante-video-shooting-officielle-groupe-coue-trm-01-12-23-v2.webp 1690w, https:\/\/www.transports-coue.fr\/wp-content\/uploads\/2024\/10\/notre-equipe-gagnante-video-shooting-officielle-groupe-coue-trm-01-12-23-v2-300x114.webp 300w, https:\/\/www.transports-coue.fr\/wp-content\/uploads\/2024\/10\/notre-equipe-gagnante-video-shooting-officielle-groupe-coue-trm-01-12-23-v2-1030x391.webp 1030w, https:\/\/www.transports-coue.fr\/wp-content\/uploads\/2024\/10\/notre-equipe-gagnante-video-shooting-officielle-groupe-coue-trm-01-12-23-v2-80x30.webp 80w, https:\/\/www.transports-coue.fr\/wp-content\/uploads\/2024\/10\/notre-equipe-gagnante-video-shooting-officielle-groupe-coue-trm-01-12-23-v2-768x292.webp 768w, https:\/\/www.transports-coue.fr\/wp-content\/uploads\/2024\/10\/notre-equipe-gagnante-video-shooting-officielle-groupe-coue-trm-01-12-23-v2-1536x583.webp 1536w, https:\/\/www.transports-coue.fr\/wp-content\/uploads\/2024\/10\/notre-equipe-gagnante-video-shooting-officielle-groupe-coue-trm-01-12-23-v2-1500x570.webp 1500w, https:\/\/www.transports-coue.fr\/wp-content\/uploads\/2024\/10\/notre-equipe-gagnante-video-shooting-officielle-groupe-coue-trm-01-12-23-v2-705x268.webp 705w, https:\/\/www.transports-coue.fr\/wp-content\/uploads\/2024\/10\/notre-equipe-gagnante-video-shooting-officielle-groupe-coue-trm-01-12-23-v2-845x321.webp 845w\" sizes=\"(max-width: 1690px) 100vw, 1690px\" \/><\/a><div class=\"slide-content\"><header class=\"entry-content-header\" aria-label=\"Slide: Le shooting photos de notre projet &quot;Notre Equipe Gagnante&quot; !\"><h3 class='slide-entry-title entry-title '  itemprop=\"headline\" ><a href='https:\/\/www.transports-coue.fr\/fr\/le-shooting-photos-de-notre-projet-notre-equipe-gagnante\/' title='Le shooting photos de notre projet \u00ab\u00a0Notre Equipe Gagnante\u00a0\u00bb !'>Le shooting photos de notre projet \u00ab\u00a0Notre Equipe Gagnante\u00a0\u00bb !<\/a><\/h3><span class=\"blog-categories minor-meta\"><a href=\"https:\/\/www.transports-coue.fr\/fr\/category\/actualites\/\" rel=\"tag\">Actualit\u00e9s<\/a>, <a href=\"https:\/\/www.transports-coue.fr\/fr\/category\/actualites\/evenements\/\" rel=\"tag\">Ev\u00e9nements<\/a> <\/span><span class=\"av-vertical-delimiter\"><\/span><\/header><div class='slide-entry-excerpt entry-content'  itemprop=\"text\" >\ud83c\udfac Apr\u00e8s le projet des reMarquables \u00e0 l\u2019initiative de notre dirigeant il y a 3 ans, cette fois ci, \ud835\uddf0\ud835\uddf2 \ud835\ude00\ud835\uddfc\ud835\uddfb\ud835\ude01 \ud835\uddfb\ud835\uddfc\ud835\ude02\ud835\ude00, les \u00e9quipes de TOUTES les entit\u00e9s de notre Groupe TRM, ELM, TCM, SOTECAN &amp; Transports\u2026<div class=\"read-more-link\"><a href=\"https:\/\/www.transports-coue.fr\/fr\/le-shooting-photos-de-notre-projet-notre-equipe-gagnante\/\" class=\"more-link\">Lire la suite<span class='more-link-arrow avia-svg-icon avia-font-svg_entypo-fontello' data-av_svg_icon='right-open-big' data-av_iconset='svg_entypo-fontello'><svg version=\"1.1\" xmlns=\"http:\/\/www.w3.org\/2000\/svg\" width=\"15\" height=\"32\" viewBox=\"0 0 15 32\" preserveAspectRatio=\"xMidYMid meet\" role=\"graphics-symbol\" aria-hidden=\"true\">\n<path d=\"M0.416 27.84l11.456-11.84-11.456-11.904q-0.832-0.832 0-1.536 0.832-0.832 1.536 0l12.544 12.608q0.768 0.832 0 1.6l-12.544 12.608q-0.704 0.832-1.536 0-0.832-0.704 0-1.536z\"><\/path>\n<\/svg><\/span><\/a><\/div><\/div><\/div><footer class=\"entry-footer\"><div class=\"slide-meta\"><time class='slide-meta-time updated'  itemprop=\"datePublished\" datetime=\"2023-12-01T17:11:00+01:00\" >1 d\u00e9cembre 2023<\/time><\/div><\/footer><span class='hidden'>\n\t\t\t\t<span class='av-structured-data'  itemprop=\"image\" itemscope=\"itemscope\" itemtype=\"https:\/\/schema.org\/ImageObject\" >\n\t\t\t\t\t\t<span itemprop='url'>https:\/\/www.transports-coue.fr\/wp-content\/uploads\/2024\/10\/notre-equipe-gagnante-video-shooting-officielle-groupe-coue-trm-01-12-23-v2.webp<\/span>\n\t\t\t\t\t\t<span itemprop='height'>642<\/span>\n\t\t\t\t\t\t<span itemprop='width'>1690<\/span>\n\t\t\t\t<\/span>\n\t\t\t\t<span class='av-structured-data'  itemprop=\"publisher\" itemtype=\"https:\/\/schema.org\/Organization\" itemscope=\"itemscope\" >\n\t\t\t\t\t\t<span itemprop='name'>Transports Cou\u00e9<\/span>\n\t\t\t\t\t\t<span itemprop='logo' itemscope itemtype='https:\/\/schema.org\/ImageObject'>\n\t\t\t\t\t\t\t<span itemprop='url'>https:\/\/www.transports-coue.fr\/wp-content\/uploads\/2018\/10\/Logo-transports-coue-300x119.png<\/span>\n\t\t\t\t\t\t<\/span>\n\t\t\t\t<\/span><span class='av-structured-data'  itemprop=\"author\" itemscope=\"itemscope\" itemtype=\"https:\/\/schema.org\/Person\" ><span itemprop='name'>Transports Cou\u00e9<\/span><\/span><span class='av-structured-data'  itemprop=\"datePublished\" datetime=\"2018-10-04T10:16:12+02:00\" >2023-12-01 17:11:00<\/span><span class='av-structured-data'  itemprop=\"dateModified\" itemtype=\"https:\/\/schema.org\/dateModified\" >2024-10-18 18:09:51<\/span><span class='av-structured-data'  itemprop=\"mainEntityOfPage\" itemtype=\"https:\/\/schema.org\/mainEntityOfPage\" ><span itemprop='name'>Le shooting photos de notre projet \u00ab\u00a0Notre Equipe Gagnante\u00a0\u00bb !<\/span><\/span><\/span><\/article><\/div><div class=\"slide-entry-wrap\"><article class='slide-entry flex_column  post-entry post-entry-9633 slide-entry-overview slide-loop-55 slide-parity-odd  av_one_third first real-thumbnail posttype-post post-format-standard'  itemscope=\"itemscope\" itemtype=\"https:\/\/schema.org\/CreativeWork\" ><a href='https:\/\/www.transports-coue.fr\/fr\/accueil-dune-classe-de-seconde-bac-pro-transport-du-lycee-leonard-de-vinci-a-mayenne-53\/' data-rel='slide-2' class='slide-image' title='Accueil d&rsquo;une classe de seconde Bac Pro Transport du Lyc\u00e9e L\u00e9onard de Vinci \u00e0 Mayenne (53)'><img decoding=\"async\" fetchpriority=\"high\" width=\"1690\" height=\"642\" src=\"https:\/\/www.transports-coue.fr\/wp-content\/uploads\/2023\/11\/groupe-coue-trm-accueil-seconde-bac-pro-transport-mayenne.webp\" class=\"wp-image-9634 avia-img-lazy-loading-not-9634 attachment-no scaling size-no scaling wp-post-image\" alt=\"Accueil d&#039;une classe de seconde en Bac Pro Transport\" srcset=\"https:\/\/www.transports-coue.fr\/wp-content\/uploads\/2023\/11\/groupe-coue-trm-accueil-seconde-bac-pro-transport-mayenne.webp 1690w, https:\/\/www.transports-coue.fr\/wp-content\/uploads\/2023\/11\/groupe-coue-trm-accueil-seconde-bac-pro-transport-mayenne-300x114.webp 300w, https:\/\/www.transports-coue.fr\/wp-content\/uploads\/2023\/11\/groupe-coue-trm-accueil-seconde-bac-pro-transport-mayenne-1030x391.webp 1030w, https:\/\/www.transports-coue.fr\/wp-content\/uploads\/2023\/11\/groupe-coue-trm-accueil-seconde-bac-pro-transport-mayenne-80x30.webp 80w, https:\/\/www.transports-coue.fr\/wp-content\/uploads\/2023\/11\/groupe-coue-trm-accueil-seconde-bac-pro-transport-mayenne-768x292.webp 768w, https:\/\/www.transports-coue.fr\/wp-content\/uploads\/2023\/11\/groupe-coue-trm-accueil-seconde-bac-pro-transport-mayenne-1536x583.webp 1536w, https:\/\/www.transports-coue.fr\/wp-content\/uploads\/2023\/11\/groupe-coue-trm-accueil-seconde-bac-pro-transport-mayenne-1500x570.webp 1500w, https:\/\/www.transports-coue.fr\/wp-content\/uploads\/2023\/11\/groupe-coue-trm-accueil-seconde-bac-pro-transport-mayenne-705x268.webp 705w, https:\/\/www.transports-coue.fr\/wp-content\/uploads\/2023\/11\/groupe-coue-trm-accueil-seconde-bac-pro-transport-mayenne-845x321.webp 845w\" sizes=\"(max-width: 1690px) 100vw, 1690px\" \/><\/a><div class=\"slide-content\"><header class=\"entry-content-header\" aria-label=\"Slide: Accueil d&#039;une classe de seconde Bac Pro Transport du Lyc\u00e9e L\u00e9onard de Vinci \u00e0 Mayenne (53)\"><h3 class='slide-entry-title entry-title '  itemprop=\"headline\" ><a href='https:\/\/www.transports-coue.fr\/fr\/accueil-dune-classe-de-seconde-bac-pro-transport-du-lycee-leonard-de-vinci-a-mayenne-53\/' title='Accueil d&rsquo;une classe de seconde Bac Pro Transport du Lyc\u00e9e L\u00e9onard de Vinci \u00e0 Mayenne (53)'>Accueil d&rsquo;une classe de seconde Bac Pro Transport du Lyc\u00e9e L\u00e9onard de Vinci \u00e0 Mayenne (53)<\/a><\/h3><span class=\"blog-categories minor-meta\"><a href=\"https:\/\/www.transports-coue.fr\/fr\/category\/actualites\/\" rel=\"tag\">Actualit\u00e9s<\/a>, <a href=\"https:\/\/www.transports-coue.fr\/fr\/category\/actualites\/evenements\/\" rel=\"tag\">Ev\u00e9nements<\/a> <\/span><span class=\"av-vertical-delimiter\"><\/span><\/header><div class='slide-entry-excerpt entry-content'  itemprop=\"text\" >\ud83d\udc50 C\u2019est avec plaisir que nous avons accueilli la classe de \ud835\udfee\ud835\uddfb\ud835\uddf1\ud835\uddf2 \ud835\uddd5\ud835\uddee\ud835\uddf0 \ud835\udde3\ud835\uddff\ud835\uddfc \ud835\udde7\ud835\uddff\ud835\uddee\ud835\uddfb\ud835\ude00\ud835\uddfd\ud835\uddfc\ud835\uddff\ud835\ude01 \ud835\uddf1\ud835\ude02 \ud835\udddf\ud835\ude06\ud835\uddf0\ud835\uddf2\u0301\ud835\uddf2 \ud835\udddf\ud835\uddf2\u0301\ud835\uddfc\ud835\uddfb\ud835\uddee\ud835\uddff\ud835\uddf1 \ud835\uddf1\ud835\uddf2 \ud835\udde9\ud835\uddf6\ud835\uddfb\ud835\uddf0\ud835\uddf6 \ud835\uddee\u0300\u2026<div class=\"read-more-link\"><a href=\"https:\/\/www.transports-coue.fr\/fr\/accueil-dune-classe-de-seconde-bac-pro-transport-du-lycee-leonard-de-vinci-a-mayenne-53\/\" class=\"more-link\">Lire la suite<span class='more-link-arrow avia-svg-icon avia-font-svg_entypo-fontello' data-av_svg_icon='right-open-big' data-av_iconset='svg_entypo-fontello'><svg version=\"1.1\" xmlns=\"http:\/\/www.w3.org\/2000\/svg\" width=\"15\" height=\"32\" viewBox=\"0 0 15 32\" preserveAspectRatio=\"xMidYMid meet\" role=\"graphics-symbol\" aria-hidden=\"true\">\n<path d=\"M0.416 27.84l11.456-11.84-11.456-11.904q-0.832-0.832 0-1.536 0.832-0.832 1.536 0l12.544 12.608q0.768 0.832 0 1.6l-12.544 12.608q-0.704 0.832-1.536 0-0.832-0.704 0-1.536z\"><\/path>\n<\/svg><\/span><\/a><\/div><\/div><\/div><footer class=\"entry-footer\"><div class=\"slide-meta\"><time class='slide-meta-time updated'  itemprop=\"datePublished\" datetime=\"2023-11-24T18:01:22+01:00\" >24 novembre 2023<\/time><\/div><\/footer><span class='hidden'>\n\t\t\t\t<span class='av-structured-data'  itemprop=\"image\" itemscope=\"itemscope\" itemtype=\"https:\/\/schema.org\/ImageObject\" >\n\t\t\t\t\t\t<span itemprop='url'>https:\/\/www.transports-coue.fr\/wp-content\/uploads\/2023\/11\/groupe-coue-trm-accueil-seconde-bac-pro-transport-mayenne.webp<\/span>\n\t\t\t\t\t\t<span itemprop='height'>642<\/span>\n\t\t\t\t\t\t<span itemprop='width'>1690<\/span>\n\t\t\t\t<\/span>\n\t\t\t\t<span class='av-structured-data'  itemprop=\"publisher\" itemtype=\"https:\/\/schema.org\/Organization\" itemscope=\"itemscope\" >\n\t\t\t\t\t\t<span itemprop='name'>Transports Cou\u00e9<\/span>\n\t\t\t\t\t\t<span itemprop='logo' itemscope itemtype='https:\/\/schema.org\/ImageObject'>\n\t\t\t\t\t\t\t<span itemprop='url'>https:\/\/www.transports-coue.fr\/wp-content\/uploads\/2018\/10\/Logo-transports-coue-300x119.png<\/span>\n\t\t\t\t\t\t<\/span>\n\t\t\t\t<\/span><span class='av-structured-data'  itemprop=\"author\" itemscope=\"itemscope\" itemtype=\"https:\/\/schema.org\/Person\" ><span itemprop='name'>Transports Cou\u00e9<\/span><\/span><span class='av-structured-data'  itemprop=\"datePublished\" datetime=\"2018-10-04T10:16:12+02:00\" >2023-11-24 18:01:22<\/span><span class='av-structured-data'  itemprop=\"dateModified\" itemtype=\"https:\/\/schema.org\/dateModified\" >2023-11-24 18:21:41<\/span><span class='av-structured-data'  itemprop=\"mainEntityOfPage\" itemtype=\"https:\/\/schema.org\/mainEntityOfPage\" ><span itemprop='name'>Accueil d&rsquo;une classe de seconde Bac Pro Transport du Lyc\u00e9e L\u00e9onard de Vinci \u00e0 Mayenne (53)<\/span><\/span><\/span><\/article><article class='slide-entry flex_column  post-entry post-entry-9553 slide-entry-overview slide-loop-56 slide-parity-even  av_one_third  real-thumbnail posttype-post post-format-standard'  itemscope=\"itemscope\" itemtype=\"https:\/\/schema.org\/CreativeWork\" ><a href='https:\/\/www.transports-coue.fr\/fr\/petit-dejeuner-avec-nos-alternants\/' data-rel='slide-2' class='slide-image' title='Petit d\u00e9jeuner avec nos Alternants'><img decoding=\"async\" fetchpriority=\"high\" width=\"1690\" height=\"642\" src=\"https:\/\/www.transports-coue.fr\/wp-content\/uploads\/2023\/10\/groupe-coue-trm-accueil-nouveaux-alternants-web.webp\" class=\"wp-image-9555 avia-img-lazy-loading-not-9555 attachment-no scaling size-no scaling wp-post-image\" alt=\"Petit d\u00e9jeuner avec nos Alternants chez groupe Cou\u00e9 TRM\" srcset=\"https:\/\/www.transports-coue.fr\/wp-content\/uploads\/2023\/10\/groupe-coue-trm-accueil-nouveaux-alternants-web.webp 1690w, https:\/\/www.transports-coue.fr\/wp-content\/uploads\/2023\/10\/groupe-coue-trm-accueil-nouveaux-alternants-web-300x114.webp 300w, https:\/\/www.transports-coue.fr\/wp-content\/uploads\/2023\/10\/groupe-coue-trm-accueil-nouveaux-alternants-web-1030x391.webp 1030w, https:\/\/www.transports-coue.fr\/wp-content\/uploads\/2023\/10\/groupe-coue-trm-accueil-nouveaux-alternants-web-80x30.webp 80w, https:\/\/www.transports-coue.fr\/wp-content\/uploads\/2023\/10\/groupe-coue-trm-accueil-nouveaux-alternants-web-768x292.webp 768w, https:\/\/www.transports-coue.fr\/wp-content\/uploads\/2023\/10\/groupe-coue-trm-accueil-nouveaux-alternants-web-1536x583.webp 1536w, https:\/\/www.transports-coue.fr\/wp-content\/uploads\/2023\/10\/groupe-coue-trm-accueil-nouveaux-alternants-web-1500x570.webp 1500w, https:\/\/www.transports-coue.fr\/wp-content\/uploads\/2023\/10\/groupe-coue-trm-accueil-nouveaux-alternants-web-705x268.webp 705w, https:\/\/www.transports-coue.fr\/wp-content\/uploads\/2023\/10\/groupe-coue-trm-accueil-nouveaux-alternants-web-845x321.webp 845w\" sizes=\"(max-width: 1690px) 100vw, 1690px\" \/><\/a><div class=\"slide-content\"><header class=\"entry-content-header\" aria-label=\"Slide: Petit d\u00e9jeuner avec nos Alternants\"><h3 class='slide-entry-title entry-title '  itemprop=\"headline\" ><a href='https:\/\/www.transports-coue.fr\/fr\/petit-dejeuner-avec-nos-alternants\/' title='Petit d\u00e9jeuner avec nos Alternants'>Petit d\u00e9jeuner avec nos Alternants<\/a><\/h3><span class=\"blog-categories minor-meta\"><a href=\"https:\/\/www.transports-coue.fr\/fr\/category\/actualites\/\" rel=\"tag\">Actualit\u00e9s<\/a>, <a href=\"https:\/\/www.transports-coue.fr\/fr\/category\/actualites\/evenements\/\" rel=\"tag\">Ev\u00e9nements<\/a> <\/span><span class=\"av-vertical-delimiter\"><\/span><\/header><div class='slide-entry-excerpt entry-content'  itemprop=\"text\" >\ud83d\udcc5 Le 9 oct a eu lieu notre \u00ab Petit D\u00e9jeuner Alternants \ud83e\udd50\u2615\ud83c\udf6a \u00bb.\nAu programme :\n\ud83d\udc50 accueil et pr\u00e9sentation de nos 5 nouveaux alternants avec leurs tuteurs respectifs\nBienvenue \u00e0 : Lucas (absent sur la photo), Marion, Iouri, K\u00e9vin\u2026<div class=\"read-more-link\"><a href=\"https:\/\/www.transports-coue.fr\/fr\/petit-dejeuner-avec-nos-alternants\/\" class=\"more-link\">Lire la suite<span class='more-link-arrow avia-svg-icon avia-font-svg_entypo-fontello' data-av_svg_icon='right-open-big' data-av_iconset='svg_entypo-fontello'><svg version=\"1.1\" xmlns=\"http:\/\/www.w3.org\/2000\/svg\" width=\"15\" height=\"32\" viewBox=\"0 0 15 32\" preserveAspectRatio=\"xMidYMid meet\" role=\"graphics-symbol\" aria-hidden=\"true\">\n<path d=\"M0.416 27.84l11.456-11.84-11.456-11.904q-0.832-0.832 0-1.536 0.832-0.832 1.536 0l12.544 12.608q0.768 0.832 0 1.6l-12.544 12.608q-0.704 0.832-1.536 0-0.832-0.704 0-1.536z\"><\/path>\n<\/svg><\/span><\/a><\/div><\/div><\/div><footer class=\"entry-footer\"><div class=\"slide-meta\"><time class='slide-meta-time updated'  itemprop=\"datePublished\" datetime=\"2023-10-17T18:53:08+02:00\" >17 octobre 2023<\/time><\/div><\/footer><span class='hidden'>\n\t\t\t\t<span class='av-structured-data'  itemprop=\"image\" itemscope=\"itemscope\" itemtype=\"https:\/\/schema.org\/ImageObject\" >\n\t\t\t\t\t\t<span itemprop='url'>https:\/\/www.transports-coue.fr\/wp-content\/uploads\/2023\/10\/groupe-coue-trm-accueil-nouveaux-alternants-web.webp<\/span>\n\t\t\t\t\t\t<span itemprop='height'>642<\/span>\n\t\t\t\t\t\t<span itemprop='width'>1690<\/span>\n\t\t\t\t<\/span>\n\t\t\t\t<span class='av-structured-data'  itemprop=\"publisher\" itemtype=\"https:\/\/schema.org\/Organization\" itemscope=\"itemscope\" >\n\t\t\t\t\t\t<span itemprop='name'>Transports Cou\u00e9<\/span>\n\t\t\t\t\t\t<span itemprop='logo' itemscope itemtype='https:\/\/schema.org\/ImageObject'>\n\t\t\t\t\t\t\t<span itemprop='url'>https:\/\/www.transports-coue.fr\/wp-content\/uploads\/2018\/10\/Logo-transports-coue-300x119.png<\/span>\n\t\t\t\t\t\t<\/span>\n\t\t\t\t<\/span><span class='av-structured-data'  itemprop=\"author\" itemscope=\"itemscope\" itemtype=\"https:\/\/schema.org\/Person\" ><span itemprop='name'>Transports Cou\u00e9<\/span><\/span><span class='av-structured-data'  itemprop=\"datePublished\" datetime=\"2018-10-04T10:16:12+02:00\" >2023-10-17 18:53:08<\/span><span class='av-structured-data'  itemprop=\"dateModified\" itemtype=\"https:\/\/schema.org\/dateModified\" >2023-11-17 10:54:28<\/span><span class='av-structured-data'  itemprop=\"mainEntityOfPage\" itemtype=\"https:\/\/schema.org\/mainEntityOfPage\" ><span itemprop='name'>Petit d\u00e9jeuner avec nos Alternants<\/span><\/span><\/span><\/article><article class='slide-entry flex_column  post-entry post-entry-9498 slide-entry-overview slide-loop-57 slide-parity-odd  av_one_third  real-thumbnail posttype-post post-format-standard'  itemscope=\"itemscope\" itemtype=\"https:\/\/schema.org\/CreativeWork\" ><a href='https:\/\/www.transports-coue.fr\/fr\/notre-team-coue-trm-soutient-octobre-rose\/' data-rel='slide-2' class='slide-image' title='Notre team Cou\u00e9 TRM soutient Octobre Rose !'><img decoding=\"async\" fetchpriority=\"high\" width=\"1690\" height=\"642\" src=\"https:\/\/www.transports-coue.fr\/wp-content\/uploads\/2023\/10\/groupe-coue-trm-octobre-rose-laval-2023.webp\" class=\"wp-image-9500 avia-img-lazy-loading-not-9500 attachment-no scaling size-no scaling wp-post-image\" alt=\"L&#039;\u00e9quipe Cou\u00e9 TRM au Foul\u00e9es roses de Laval en soutien au mouvement Octobre Rose\" srcset=\"https:\/\/www.transports-coue.fr\/wp-content\/uploads\/2023\/10\/groupe-coue-trm-octobre-rose-laval-2023.webp 1690w, https:\/\/www.transports-coue.fr\/wp-content\/uploads\/2023\/10\/groupe-coue-trm-octobre-rose-laval-2023-300x114.webp 300w, https:\/\/www.transports-coue.fr\/wp-content\/uploads\/2023\/10\/groupe-coue-trm-octobre-rose-laval-2023-1030x391.webp 1030w, https:\/\/www.transports-coue.fr\/wp-content\/uploads\/2023\/10\/groupe-coue-trm-octobre-rose-laval-2023-80x30.webp 80w, https:\/\/www.transports-coue.fr\/wp-content\/uploads\/2023\/10\/groupe-coue-trm-octobre-rose-laval-2023-768x292.webp 768w, https:\/\/www.transports-coue.fr\/wp-content\/uploads\/2023\/10\/groupe-coue-trm-octobre-rose-laval-2023-1536x583.webp 1536w, https:\/\/www.transports-coue.fr\/wp-content\/uploads\/2023\/10\/groupe-coue-trm-octobre-rose-laval-2023-1500x570.webp 1500w, https:\/\/www.transports-coue.fr\/wp-content\/uploads\/2023\/10\/groupe-coue-trm-octobre-rose-laval-2023-705x268.webp 705w, https:\/\/www.transports-coue.fr\/wp-content\/uploads\/2023\/10\/groupe-coue-trm-octobre-rose-laval-2023-845x321.webp 845w\" sizes=\"(max-width: 1690px) 100vw, 1690px\" \/><\/a><div class=\"slide-content\"><header class=\"entry-content-header\" aria-label=\"Slide: Notre team Cou\u00e9 TRM soutient Octobre Rose !\"><h3 class='slide-entry-title entry-title '  itemprop=\"headline\" ><a href='https:\/\/www.transports-coue.fr\/fr\/notre-team-coue-trm-soutient-octobre-rose\/' title='Notre team Cou\u00e9 TRM soutient Octobre Rose !'>Notre team Cou\u00e9 TRM soutient Octobre Rose !<\/a><\/h3><span class=\"blog-categories minor-meta\"><a href=\"https:\/\/www.transports-coue.fr\/fr\/category\/actualites\/\" rel=\"tag\">Actualit\u00e9s<\/a>, <a href=\"https:\/\/www.transports-coue.fr\/fr\/category\/actualites\/evenements\/\" rel=\"tag\">Ev\u00e9nements<\/a> <\/span><span class=\"av-vertical-delimiter\"><\/span><\/header><div class='slide-entry-excerpt entry-content'  itemprop=\"text\" >A nouveau cette ann\u00e9e, notre magnifique team rose Cou\u00e9 TRM a particip\u00e9 \u00e0 l'\u00e9v\u00e9nement Octobre Rose en soutien \u00e0 cet important mouvement de sensibilisation au d\u00e9pistage du Cancer du Sein !\n\nParce qu'un Cancer du Sein d\u00e9tect\u00e9 t\u00f4t a de\u2026<div class=\"read-more-link\"><a href=\"https:\/\/www.transports-coue.fr\/fr\/notre-team-coue-trm-soutient-octobre-rose\/\" class=\"more-link\">Lire la suite<span class='more-link-arrow avia-svg-icon avia-font-svg_entypo-fontello' data-av_svg_icon='right-open-big' data-av_iconset='svg_entypo-fontello'><svg version=\"1.1\" xmlns=\"http:\/\/www.w3.org\/2000\/svg\" width=\"15\" height=\"32\" viewBox=\"0 0 15 32\" preserveAspectRatio=\"xMidYMid meet\" role=\"graphics-symbol\" aria-hidden=\"true\">\n<path d=\"M0.416 27.84l11.456-11.84-11.456-11.904q-0.832-0.832 0-1.536 0.832-0.832 1.536 0l12.544 12.608q0.768 0.832 0 1.6l-12.544 12.608q-0.704 0.832-1.536 0-0.832-0.704 0-1.536z\"><\/path>\n<\/svg><\/span><\/a><\/div><\/div><\/div><footer class=\"entry-footer\"><div class=\"slide-meta\"><time class='slide-meta-time updated'  itemprop=\"datePublished\" datetime=\"2023-10-11T16:07:23+02:00\" >11 octobre 2023<\/time><\/div><\/footer><span class='hidden'>\n\t\t\t\t<span class='av-structured-data'  itemprop=\"image\" itemscope=\"itemscope\" itemtype=\"https:\/\/schema.org\/ImageObject\" >\n\t\t\t\t\t\t<span itemprop='url'>https:\/\/www.transports-coue.fr\/wp-content\/uploads\/2023\/10\/groupe-coue-trm-octobre-rose-laval-2023.webp<\/span>\n\t\t\t\t\t\t<span itemprop='height'>642<\/span>\n\t\t\t\t\t\t<span itemprop='width'>1690<\/span>\n\t\t\t\t<\/span>\n\t\t\t\t<span class='av-structured-data'  itemprop=\"publisher\" itemtype=\"https:\/\/schema.org\/Organization\" itemscope=\"itemscope\" >\n\t\t\t\t\t\t<span itemprop='name'>Transports Cou\u00e9<\/span>\n\t\t\t\t\t\t<span itemprop='logo' itemscope itemtype='https:\/\/schema.org\/ImageObject'>\n\t\t\t\t\t\t\t<span itemprop='url'>https:\/\/www.transports-coue.fr\/wp-content\/uploads\/2018\/10\/Logo-transports-coue-300x119.png<\/span>\n\t\t\t\t\t\t<\/span>\n\t\t\t\t<\/span><span class='av-structured-data'  itemprop=\"author\" itemscope=\"itemscope\" itemtype=\"https:\/\/schema.org\/Person\" ><span itemprop='name'>Transports Cou\u00e9<\/span><\/span><span class='av-structured-data'  itemprop=\"datePublished\" datetime=\"2018-10-04T10:16:12+02:00\" >2023-10-11 16:07:23<\/span><span class='av-structured-data'  itemprop=\"dateModified\" itemtype=\"https:\/\/schema.org\/dateModified\" >2023-10-11 16:14:45<\/span><span class='av-structured-data'  itemprop=\"mainEntityOfPage\" itemtype=\"https:\/\/schema.org\/mainEntityOfPage\" ><span itemprop='name'>Notre team Cou\u00e9 TRM soutient Octobre Rose !<\/span><\/span><\/span><\/article><\/div><div class=\"slide-entry-wrap\"><article class='slide-entry flex_column  post-entry post-entry-9278 slide-entry-overview slide-loop-58 slide-parity-odd  av_one_third first real-thumbnail posttype-post post-format-standard'  itemscope=\"itemscope\" itemtype=\"https:\/\/schema.org\/CreativeWork\" ><a href='https:\/\/www.transports-coue.fr\/fr\/retrouvez-nous-le-12-oct-au-rdv-de-lemploi-a-laval\/' data-rel='slide-2' class='slide-image' title='Retrouvez-nous le 12 oct au Rdv de l&#8217;emploi \u00e0 Laval'><img decoding=\"async\" fetchpriority=\"high\" width=\"1690\" height=\"642\" src=\"https:\/\/www.transports-coue.fr\/wp-content\/uploads\/2023\/09\/groupe-coue-trm-rdv-emploi-laval-53-web-n2.jpg\" class=\"wp-image-9282 avia-img-lazy-loading-not-9282 attachment-no scaling size-no scaling wp-post-image\" alt=\"Le groupe Cou\u00e9 TRM au RDV de l&#039;emploi \u00e0 Laval le 12 oct 2023\" srcset=\"https:\/\/www.transports-coue.fr\/wp-content\/uploads\/2023\/09\/groupe-coue-trm-rdv-emploi-laval-53-web-n2.jpg 1690w, https:\/\/www.transports-coue.fr\/wp-content\/uploads\/2023\/09\/groupe-coue-trm-rdv-emploi-laval-53-web-n2-300x114.jpg 300w, https:\/\/www.transports-coue.fr\/wp-content\/uploads\/2023\/09\/groupe-coue-trm-rdv-emploi-laval-53-web-n2-1030x391.jpg 1030w, https:\/\/www.transports-coue.fr\/wp-content\/uploads\/2023\/09\/groupe-coue-trm-rdv-emploi-laval-53-web-n2-80x30.jpg 80w, https:\/\/www.transports-coue.fr\/wp-content\/uploads\/2023\/09\/groupe-coue-trm-rdv-emploi-laval-53-web-n2-768x292.jpg 768w, https:\/\/www.transports-coue.fr\/wp-content\/uploads\/2023\/09\/groupe-coue-trm-rdv-emploi-laval-53-web-n2-1536x583.jpg 1536w, https:\/\/www.transports-coue.fr\/wp-content\/uploads\/2023\/09\/groupe-coue-trm-rdv-emploi-laval-53-web-n2-1500x570.jpg 1500w, https:\/\/www.transports-coue.fr\/wp-content\/uploads\/2023\/09\/groupe-coue-trm-rdv-emploi-laval-53-web-n2-705x268.jpg 705w, https:\/\/www.transports-coue.fr\/wp-content\/uploads\/2023\/09\/groupe-coue-trm-rdv-emploi-laval-53-web-n2-845x321.jpg 845w\" sizes=\"(max-width: 1690px) 100vw, 1690px\" \/><\/a><div class=\"slide-content\"><header class=\"entry-content-header\" aria-label=\"Slide: Retrouvez-nous le 12 oct au Rdv de l&#039;emploi \u00e0 Laval\"><h3 class='slide-entry-title entry-title '  itemprop=\"headline\" ><a href='https:\/\/www.transports-coue.fr\/fr\/retrouvez-nous-le-12-oct-au-rdv-de-lemploi-a-laval\/' title='Retrouvez-nous le 12 oct au Rdv de l&#8217;emploi \u00e0 Laval'>Retrouvez-nous le 12 oct au Rdv de l&#8217;emploi \u00e0 Laval<\/a><\/h3><span class=\"blog-categories minor-meta\"><a href=\"https:\/\/www.transports-coue.fr\/fr\/category\/actualites\/\" rel=\"tag\">Actualit\u00e9s<\/a>, <a href=\"https:\/\/www.transports-coue.fr\/fr\/category\/actualites\/evenements\/\" rel=\"tag\">Ev\u00e9nements<\/a> <\/span><span class=\"av-vertical-delimiter\"><\/span><\/header><div class='slide-entry-excerpt entry-content'  itemprop=\"text\" >\ud83d\udce2 Objectif trouver un Emploi !\n\ud83d\udc49 Retrouvez-nous le 12 oct \u00e0 \ud83d\udccd Laval (53) \u00e0 l'Espace Mayenne, nous avons des offres \u00e0 vous proposer !\n\nEn constante \u00e9volution, nos m\u00e9tiers du Transport et de la Logistique offrent de belles perspectives\u00a0pour\u2026<div class=\"read-more-link\"><a href=\"https:\/\/www.transports-coue.fr\/fr\/retrouvez-nous-le-12-oct-au-rdv-de-lemploi-a-laval\/\" class=\"more-link\">Lire la suite<span class='more-link-arrow avia-svg-icon avia-font-svg_entypo-fontello' data-av_svg_icon='right-open-big' data-av_iconset='svg_entypo-fontello'><svg version=\"1.1\" xmlns=\"http:\/\/www.w3.org\/2000\/svg\" width=\"15\" height=\"32\" viewBox=\"0 0 15 32\" preserveAspectRatio=\"xMidYMid meet\" role=\"graphics-symbol\" aria-hidden=\"true\">\n<path d=\"M0.416 27.84l11.456-11.84-11.456-11.904q-0.832-0.832 0-1.536 0.832-0.832 1.536 0l12.544 12.608q0.768 0.832 0 1.6l-12.544 12.608q-0.704 0.832-1.536 0-0.832-0.704 0-1.536z\"><\/path>\n<\/svg><\/span><\/a><\/div><\/div><\/div><footer class=\"entry-footer\"><div class=\"slide-meta\"><time class='slide-meta-time updated'  itemprop=\"datePublished\" datetime=\"2023-09-28T09:56:51+02:00\" >28 septembre 2023<\/time><\/div><\/footer><span class='hidden'>\n\t\t\t\t<span class='av-structured-data'  itemprop=\"image\" itemscope=\"itemscope\" itemtype=\"https:\/\/schema.org\/ImageObject\" >\n\t\t\t\t\t\t<span itemprop='url'>https:\/\/www.transports-coue.fr\/wp-content\/uploads\/2023\/09\/groupe-coue-trm-rdv-emploi-laval-53-web-n2.jpg<\/span>\n\t\t\t\t\t\t<span itemprop='height'>642<\/span>\n\t\t\t\t\t\t<span itemprop='width'>1690<\/span>\n\t\t\t\t<\/span>\n\t\t\t\t<span class='av-structured-data'  itemprop=\"publisher\" itemtype=\"https:\/\/schema.org\/Organization\" itemscope=\"itemscope\" >\n\t\t\t\t\t\t<span itemprop='name'>Transports Cou\u00e9<\/span>\n\t\t\t\t\t\t<span itemprop='logo' itemscope itemtype='https:\/\/schema.org\/ImageObject'>\n\t\t\t\t\t\t\t<span itemprop='url'>https:\/\/www.transports-coue.fr\/wp-content\/uploads\/2018\/10\/Logo-transports-coue-300x119.png<\/span>\n\t\t\t\t\t\t<\/span>\n\t\t\t\t<\/span><span class='av-structured-data'  itemprop=\"author\" itemscope=\"itemscope\" itemtype=\"https:\/\/schema.org\/Person\" ><span itemprop='name'>Transports Cou\u00e9<\/span><\/span><span class='av-structured-data'  itemprop=\"datePublished\" datetime=\"2018-10-04T10:16:12+02:00\" >2023-09-28 09:56:51<\/span><span class='av-structured-data'  itemprop=\"dateModified\" itemtype=\"https:\/\/schema.org\/dateModified\" >2023-09-28 10:00:35<\/span><span class='av-structured-data'  itemprop=\"mainEntityOfPage\" itemtype=\"https:\/\/schema.org\/mainEntityOfPage\" ><span itemprop='name'>Retrouvez-nous le 12 oct au Rdv de l&#8217;emploi \u00e0 Laval<\/span><\/span><\/span><\/article><article class='slide-entry flex_column  post-entry post-entry-9122 slide-entry-overview slide-loop-59 slide-parity-even  av_one_third  real-thumbnail posttype-post post-format-standard'  itemscope=\"itemscope\" itemtype=\"https:\/\/schema.org\/CreativeWork\" ><a href='https:\/\/www.transports-coue.fr\/fr\/rdv-au-salon-top-transport-europe-les-18-19-oct-aux-cotes-dotms\/' data-rel='slide-2' class='slide-image' title='RDV au salon Top Transport Europe les 18 &#038; 19 oct aux c\u00f4t\u00e9s d&rsquo;OTMS'><img decoding=\"async\" fetchpriority=\"high\" width=\"845\" height=\"321\" src=\"https:\/\/www.transports-coue.fr\/wp-content\/uploads\/2023\/09\/groupe-coue-trm-top-transport-europe-2023.jpg\" class=\"wp-image-9176 avia-img-lazy-loading-not-9176 attachment-no scaling size-no scaling wp-post-image\" alt=\"Participation Groupe Cou\u00e9 \/ TRM au Top Transport Europe 2023\" srcset=\"https:\/\/www.transports-coue.fr\/wp-content\/uploads\/2023\/09\/groupe-coue-trm-top-transport-europe-2023.jpg 845w, https:\/\/www.transports-coue.fr\/wp-content\/uploads\/2023\/09\/groupe-coue-trm-top-transport-europe-2023-300x114.jpg 300w, https:\/\/www.transports-coue.fr\/wp-content\/uploads\/2023\/09\/groupe-coue-trm-top-transport-europe-2023-80x30.jpg 80w, https:\/\/www.transports-coue.fr\/wp-content\/uploads\/2023\/09\/groupe-coue-trm-top-transport-europe-2023-768x292.jpg 768w, https:\/\/www.transports-coue.fr\/wp-content\/uploads\/2023\/09\/groupe-coue-trm-top-transport-europe-2023-705x268.jpg 705w\" sizes=\"(max-width: 845px) 100vw, 845px\" \/><\/a><div class=\"slide-content\"><header class=\"entry-content-header\" aria-label=\"Slide: RDV au salon Top Transport Europe les 18 &amp; 19 oct aux c\u00f4t\u00e9s d&#039;OTMS\"><h3 class='slide-entry-title entry-title '  itemprop=\"headline\" ><a href='https:\/\/www.transports-coue.fr\/fr\/rdv-au-salon-top-transport-europe-les-18-19-oct-aux-cotes-dotms\/' title='RDV au salon Top Transport Europe les 18 &#038; 19 oct aux c\u00f4t\u00e9s d&rsquo;OTMS'>RDV au salon Top Transport Europe les 18 &#038; 19 oct aux c\u00f4t\u00e9s d&rsquo;OTMS<\/a><\/h3><span class=\"blog-categories minor-meta\"><a href=\"https:\/\/www.transports-coue.fr\/fr\/category\/actualites\/\" rel=\"tag\">Actualit\u00e9s<\/a>, <a href=\"https:\/\/www.transports-coue.fr\/fr\/category\/actualites\/evenements\/\" rel=\"tag\">Ev\u00e9nements<\/a>, <a href=\"https:\/\/www.transports-coue.fr\/fr\/category\/actualites\/evenements\/evenement-overseas\/\" rel=\"tag\">Ev\u00e9nements Overseas<\/a> <\/span><span class=\"av-vertical-delimiter\"><\/span><\/header><div class='slide-entry-excerpt entry-content'  itemprop=\"text\" >\n&nbsp;Prenez date : le 18 &amp; 19 oct \u00e0 Marseille pour le salon et RDV d\u2019affaires&nbsp;Top Transport Europe&nbsp;!\n\n\n\n&nbsp;Retrouvons-nous sur le stand de notre partenaire&nbsp;OTMS\n\n\n\n Ce sera un plaisir de vous rencontrer, d\u2019\u00e9changer\u2026<div class=\"read-more-link\"><a href=\"https:\/\/www.transports-coue.fr\/fr\/rdv-au-salon-top-transport-europe-les-18-19-oct-aux-cotes-dotms\/\" class=\"more-link\">Lire la suite<span class='more-link-arrow avia-svg-icon avia-font-svg_entypo-fontello' data-av_svg_icon='right-open-big' data-av_iconset='svg_entypo-fontello'><svg version=\"1.1\" xmlns=\"http:\/\/www.w3.org\/2000\/svg\" width=\"15\" height=\"32\" viewBox=\"0 0 15 32\" preserveAspectRatio=\"xMidYMid meet\" role=\"graphics-symbol\" aria-hidden=\"true\">\n<path d=\"M0.416 27.84l11.456-11.84-11.456-11.904q-0.832-0.832 0-1.536 0.832-0.832 1.536 0l12.544 12.608q0.768 0.832 0 1.6l-12.544 12.608q-0.704 0.832-1.536 0-0.832-0.704 0-1.536z\"><\/path>\n<\/svg><\/span><\/a><\/div><\/div><\/div><footer class=\"entry-footer\"><div class=\"slide-meta\"><time class='slide-meta-time updated'  itemprop=\"datePublished\" datetime=\"2023-09-14T09:51:25+02:00\" >14 septembre 2023<\/time><\/div><\/footer><span class='hidden'>\n\t\t\t\t<span class='av-structured-data'  itemprop=\"image\" itemscope=\"itemscope\" itemtype=\"https:\/\/schema.org\/ImageObject\" >\n\t\t\t\t\t\t<span itemprop='url'>https:\/\/www.transports-coue.fr\/wp-content\/uploads\/2023\/09\/groupe-coue-trm-top-transport-europe-2023.jpg<\/span>\n\t\t\t\t\t\t<span itemprop='height'>321<\/span>\n\t\t\t\t\t\t<span itemprop='width'>845<\/span>\n\t\t\t\t<\/span>\n\t\t\t\t<span class='av-structured-data'  itemprop=\"publisher\" itemtype=\"https:\/\/schema.org\/Organization\" itemscope=\"itemscope\" >\n\t\t\t\t\t\t<span itemprop='name'>Transports Cou\u00e9<\/span>\n\t\t\t\t\t\t<span itemprop='logo' itemscope itemtype='https:\/\/schema.org\/ImageObject'>\n\t\t\t\t\t\t\t<span itemprop='url'>https:\/\/www.transports-coue.fr\/wp-content\/uploads\/2018\/10\/Logo-transports-coue-300x119.png<\/span>\n\t\t\t\t\t\t<\/span>\n\t\t\t\t<\/span><span class='av-structured-data'  itemprop=\"author\" itemscope=\"itemscope\" itemtype=\"https:\/\/schema.org\/Person\" ><span itemprop='name'>Transports Cou\u00e9<\/span><\/span><span class='av-structured-data'  itemprop=\"datePublished\" datetime=\"2018-10-04T10:16:12+02:00\" >2023-09-14 09:51:25<\/span><span class='av-structured-data'  itemprop=\"dateModified\" itemtype=\"https:\/\/schema.org\/dateModified\" >2023-09-26 16:03:32<\/span><span class='av-structured-data'  itemprop=\"mainEntityOfPage\" itemtype=\"https:\/\/schema.org\/mainEntityOfPage\" ><span itemprop='name'>RDV au salon Top Transport Europe les 18 &#038; 19 oct aux c\u00f4t\u00e9s d&rsquo;OTMS<\/span><\/span><\/span><\/article><article class='slide-entry flex_column  post-entry post-entry-8921 slide-entry-overview slide-loop-60 slide-parity-odd  av_one_third  real-thumbnail posttype-post post-format-standard'  itemscope=\"itemscope\" itemtype=\"https:\/\/schema.org\/CreativeWork\" ><a href='https:\/\/www.transports-coue.fr\/fr\/belle-performance-de-notre-equipe-aux-ofnijec-2023\/' data-rel='slide-2' class='slide-image' title='Belles performances de notre \u00e9quipe aux Ofnijec 2023 !'><img decoding=\"async\" fetchpriority=\"high\" width=\"1690\" height=\"642\" src=\"https:\/\/www.transports-coue.fr\/wp-content\/uploads\/2023\/07\/groupe-coue-trm-ofnijec-2023-indiana-jones.jpg\" class=\"wp-image-8923 avia-img-lazy-loading-not-8923 attachment-no scaling size-no scaling wp-post-image\" alt=\"\" srcset=\"https:\/\/www.transports-coue.fr\/wp-content\/uploads\/2023\/07\/groupe-coue-trm-ofnijec-2023-indiana-jones.jpg 1690w, https:\/\/www.transports-coue.fr\/wp-content\/uploads\/2023\/07\/groupe-coue-trm-ofnijec-2023-indiana-jones-300x114.jpg 300w, https:\/\/www.transports-coue.fr\/wp-content\/uploads\/2023\/07\/groupe-coue-trm-ofnijec-2023-indiana-jones-1030x391.jpg 1030w, https:\/\/www.transports-coue.fr\/wp-content\/uploads\/2023\/07\/groupe-coue-trm-ofnijec-2023-indiana-jones-80x30.jpg 80w, https:\/\/www.transports-coue.fr\/wp-content\/uploads\/2023\/07\/groupe-coue-trm-ofnijec-2023-indiana-jones-768x292.jpg 768w, https:\/\/www.transports-coue.fr\/wp-content\/uploads\/2023\/07\/groupe-coue-trm-ofnijec-2023-indiana-jones-1536x583.jpg 1536w, https:\/\/www.transports-coue.fr\/wp-content\/uploads\/2023\/07\/groupe-coue-trm-ofnijec-2023-indiana-jones-1500x570.jpg 1500w, https:\/\/www.transports-coue.fr\/wp-content\/uploads\/2023\/07\/groupe-coue-trm-ofnijec-2023-indiana-jones-705x268.jpg 705w, https:\/\/www.transports-coue.fr\/wp-content\/uploads\/2023\/07\/groupe-coue-trm-ofnijec-2023-indiana-jones-845x321.jpg 845w\" sizes=\"(max-width: 1690px) 100vw, 1690px\" \/><\/a><div class=\"slide-content\"><header class=\"entry-content-header\" aria-label=\"Slide: Belles performances de notre \u00e9quipe aux Ofnijec 2023 !\"><h3 class='slide-entry-title entry-title '  itemprop=\"headline\" ><a href='https:\/\/www.transports-coue.fr\/fr\/belle-performance-de-notre-equipe-aux-ofnijec-2023\/' title='Belles performances de notre \u00e9quipe aux Ofnijec 2023 !'>Belles performances de notre \u00e9quipe aux Ofnijec 2023 !<\/a><\/h3><span class=\"blog-categories minor-meta\"><a href=\"https:\/\/www.transports-coue.fr\/fr\/category\/actualites\/\" rel=\"tag\">Actualit\u00e9s<\/a>, <a href=\"https:\/\/www.transports-coue.fr\/fr\/category\/actualites\/evenements\/\" rel=\"tag\">Ev\u00e9nements<\/a> <\/span><span class=\"av-vertical-delimiter\"><\/span><\/header><div class='slide-entry-excerpt entry-content'  itemprop=\"text\" >Alors l'\u00e9dition Ofnijec 2023 \u2753\u2753\nUne organisation aux petits oignons \ud83d\udc4c de la part de toutes les \u00e9quipes \ud83d\udc65 qui a mis en lumi\u00e8re plus que jamais notre fameuse \u00ab Cou\u00e9sion \u00bb\n\nUn radeau de comp\u00e9t \ud83d\udea3\u200d\u2642\ufe0f\ud83d\udcaa, une logistique\u2026<div class=\"read-more-link\"><a href=\"https:\/\/www.transports-coue.fr\/fr\/belle-performance-de-notre-equipe-aux-ofnijec-2023\/\" class=\"more-link\">Lire la suite<span class='more-link-arrow avia-svg-icon avia-font-svg_entypo-fontello' data-av_svg_icon='right-open-big' data-av_iconset='svg_entypo-fontello'><svg version=\"1.1\" xmlns=\"http:\/\/www.w3.org\/2000\/svg\" width=\"15\" height=\"32\" viewBox=\"0 0 15 32\" preserveAspectRatio=\"xMidYMid meet\" role=\"graphics-symbol\" aria-hidden=\"true\">\n<path d=\"M0.416 27.84l11.456-11.84-11.456-11.904q-0.832-0.832 0-1.536 0.832-0.832 1.536 0l12.544 12.608q0.768 0.832 0 1.6l-12.544 12.608q-0.704 0.832-1.536 0-0.832-0.704 0-1.536z\"><\/path>\n<\/svg><\/span><\/a><\/div><\/div><\/div><footer class=\"entry-footer\"><div class=\"slide-meta\"><time class='slide-meta-time updated'  itemprop=\"datePublished\" datetime=\"2023-07-07T16:40:28+02:00\" >7 juillet 2023<\/time><\/div><\/footer><span class='hidden'>\n\t\t\t\t<span class='av-structured-data'  itemprop=\"image\" itemscope=\"itemscope\" itemtype=\"https:\/\/schema.org\/ImageObject\" >\n\t\t\t\t\t\t<span itemprop='url'>https:\/\/www.transports-coue.fr\/wp-content\/uploads\/2023\/07\/groupe-coue-trm-ofnijec-2023-indiana-jones.jpg<\/span>\n\t\t\t\t\t\t<span itemprop='height'>642<\/span>\n\t\t\t\t\t\t<span itemprop='width'>1690<\/span>\n\t\t\t\t<\/span>\n\t\t\t\t<span class='av-structured-data'  itemprop=\"publisher\" itemtype=\"https:\/\/schema.org\/Organization\" itemscope=\"itemscope\" >\n\t\t\t\t\t\t<span itemprop='name'>Transports Cou\u00e9<\/span>\n\t\t\t\t\t\t<span itemprop='logo' itemscope itemtype='https:\/\/schema.org\/ImageObject'>\n\t\t\t\t\t\t\t<span itemprop='url'>https:\/\/www.transports-coue.fr\/wp-content\/uploads\/2018\/10\/Logo-transports-coue-300x119.png<\/span>\n\t\t\t\t\t\t<\/span>\n\t\t\t\t<\/span><span class='av-structured-data'  itemprop=\"author\" itemscope=\"itemscope\" itemtype=\"https:\/\/schema.org\/Person\" ><span itemprop='name'>Transports Cou\u00e9<\/span><\/span><span class='av-structured-data'  itemprop=\"datePublished\" datetime=\"2018-10-04T10:16:12+02:00\" >2023-07-07 16:40:28<\/span><span class='av-structured-data'  itemprop=\"dateModified\" itemtype=\"https:\/\/schema.org\/dateModified\" >2023-07-07 16:41:59<\/span><span class='av-structured-data'  itemprop=\"mainEntityOfPage\" itemtype=\"https:\/\/schema.org\/mainEntityOfPage\" ><span itemprop='name'>Belles performances de notre \u00e9quipe aux Ofnijec 2023 !<\/span><\/span><\/span><\/article><\/div><div class=\"slide-entry-wrap\"><article class='slide-entry flex_column  post-entry post-entry-8719 slide-entry-overview slide-loop-61 slide-parity-odd  av_one_third first real-thumbnail posttype-post post-format-standard'  itemscope=\"itemscope\" itemtype=\"https:\/\/schema.org\/CreativeWork\" ><a href='https:\/\/www.transports-coue.fr\/fr\/participation-a-top-logistics-europe-les-28-et-29-juin-2023\/' data-rel='slide-2' class='slide-image' title='Participation \u00e0 Top Logistics Europe les 28 et 29 juin 2023'><img decoding=\"async\" fetchpriority=\"high\" width=\"845\" height=\"321\" src=\"https:\/\/www.transports-coue.fr\/wp-content\/uploads\/2023\/05\/Visuel-site-internet-COUE.jpg\" class=\"wp-image-8720 avia-img-lazy-loading-not-8720 attachment-no scaling size-no scaling wp-post-image\" alt=\"\" srcset=\"https:\/\/www.transports-coue.fr\/wp-content\/uploads\/2023\/05\/Visuel-site-internet-COUE.jpg 845w, https:\/\/www.transports-coue.fr\/wp-content\/uploads\/2023\/05\/Visuel-site-internet-COUE-300x114.jpg 300w, https:\/\/www.transports-coue.fr\/wp-content\/uploads\/2023\/05\/Visuel-site-internet-COUE-80x30.jpg 80w, https:\/\/www.transports-coue.fr\/wp-content\/uploads\/2023\/05\/Visuel-site-internet-COUE-768x292.jpg 768w, https:\/\/www.transports-coue.fr\/wp-content\/uploads\/2023\/05\/Visuel-site-internet-COUE-705x268.jpg 705w\" sizes=\"(max-width: 845px) 100vw, 845px\" \/><\/a><div class=\"slide-content\"><header class=\"entry-content-header\" aria-label=\"Slide: Participation \u00e0 Top Logistics Europe les 28 et 29 juin 2023\"><h3 class='slide-entry-title entry-title '  itemprop=\"headline\" ><a href='https:\/\/www.transports-coue.fr\/fr\/participation-a-top-logistics-europe-les-28-et-29-juin-2023\/' title='Participation \u00e0 Top Logistics Europe les 28 et 29 juin 2023'>Participation \u00e0 Top Logistics Europe les 28 et 29 juin 2023<\/a><\/h3><span class=\"blog-categories minor-meta\"><a href=\"https:\/\/www.transports-coue.fr\/fr\/category\/actualites\/\" rel=\"tag\">Actualit\u00e9s<\/a>, <a href=\"https:\/\/www.transports-coue.fr\/fr\/category\/actualites\/evenements\/\" rel=\"tag\">Ev\u00e9nements<\/a>, <a href=\"https:\/\/www.transports-coue.fr\/fr\/category\/actualites\/evenements\/evenements-logistique\/\" rel=\"tag\">Ev\u00e9nements Logistique<\/a> <\/span><span class=\"av-vertical-delimiter\"><\/span><\/header><div class='slide-entry-excerpt entry-content'  itemprop=\"text\" >\ud83d\udce2 Nous serons aux RDV d\u2019Affaires Top Logistics Europe les 28 et 29 juin prochains \u00e0 Saint Malo \ud83c\udf0a sur le stand de notre partenaire OTMS .\n\ud83d\ude80 Le concept efficace de cet \u00e9v\u00e9nement, organis\u00e9 autour de RDV planifi\u00e9s, est l\u2019opportunit\u00e9\u2026<div class=\"read-more-link\"><a href=\"https:\/\/www.transports-coue.fr\/fr\/participation-a-top-logistics-europe-les-28-et-29-juin-2023\/\" class=\"more-link\">Lire la suite<span class='more-link-arrow avia-svg-icon avia-font-svg_entypo-fontello' data-av_svg_icon='right-open-big' data-av_iconset='svg_entypo-fontello'><svg version=\"1.1\" xmlns=\"http:\/\/www.w3.org\/2000\/svg\" width=\"15\" height=\"32\" viewBox=\"0 0 15 32\" preserveAspectRatio=\"xMidYMid meet\" role=\"graphics-symbol\" aria-hidden=\"true\">\n<path d=\"M0.416 27.84l11.456-11.84-11.456-11.904q-0.832-0.832 0-1.536 0.832-0.832 1.536 0l12.544 12.608q0.768 0.832 0 1.6l-12.544 12.608q-0.704 0.832-1.536 0-0.832-0.704 0-1.536z\"><\/path>\n<\/svg><\/span><\/a><\/div><\/div><\/div><footer class=\"entry-footer\"><div class=\"slide-meta\"><time class='slide-meta-time updated'  itemprop=\"datePublished\" datetime=\"2023-05-26T10:12:40+02:00\" >26 mai 2023<\/time><\/div><\/footer><span class='hidden'>\n\t\t\t\t<span class='av-structured-data'  itemprop=\"image\" itemscope=\"itemscope\" itemtype=\"https:\/\/schema.org\/ImageObject\" >\n\t\t\t\t\t\t<span itemprop='url'>https:\/\/www.transports-coue.fr\/wp-content\/uploads\/2023\/05\/Visuel-site-internet-COUE.jpg<\/span>\n\t\t\t\t\t\t<span itemprop='height'>321<\/span>\n\t\t\t\t\t\t<span itemprop='width'>845<\/span>\n\t\t\t\t<\/span>\n\t\t\t\t<span class='av-structured-data'  itemprop=\"publisher\" itemtype=\"https:\/\/schema.org\/Organization\" itemscope=\"itemscope\" >\n\t\t\t\t\t\t<span itemprop='name'>Transports Cou\u00e9<\/span>\n\t\t\t\t\t\t<span itemprop='logo' itemscope itemtype='https:\/\/schema.org\/ImageObject'>\n\t\t\t\t\t\t\t<span itemprop='url'>https:\/\/www.transports-coue.fr\/wp-content\/uploads\/2018\/10\/Logo-transports-coue-300x119.png<\/span>\n\t\t\t\t\t\t<\/span>\n\t\t\t\t<\/span><span class='av-structured-data'  itemprop=\"author\" itemscope=\"itemscope\" itemtype=\"https:\/\/schema.org\/Person\" ><span itemprop='name'>Transports Cou\u00e9<\/span><\/span><span class='av-structured-data'  itemprop=\"datePublished\" datetime=\"2018-10-04T10:16:12+02:00\" >2023-05-26 10:12:40<\/span><span class='av-structured-data'  itemprop=\"dateModified\" itemtype=\"https:\/\/schema.org\/dateModified\" >2023-05-30 16:24:58<\/span><span class='av-structured-data'  itemprop=\"mainEntityOfPage\" itemtype=\"https:\/\/schema.org\/mainEntityOfPage\" ><span itemprop='name'>Participation \u00e0 Top Logistics Europe les 28 et 29 juin 2023<\/span><\/span><\/span><\/article><article class='slide-entry flex_column  post-entry post-entry-8685 slide-entry-overview slide-loop-62 slide-parity-even  av_one_third  real-thumbnail posttype-post post-format-standard'  itemscope=\"itemscope\" itemtype=\"https:\/\/schema.org\/CreativeWork\" ><a href='https:\/\/www.transports-coue.fr\/fr\/ofnijec-2023-nous-preparons-notre-radeau\/' data-rel='slide-2' class='slide-image' title='OFNIJEC 2023 : nous pr\u00e9parons notre radeau !'><img decoding=\"async\" fetchpriority=\"high\" width=\"1690\" height=\"642\" src=\"https:\/\/www.transports-coue.fr\/wp-content\/uploads\/2023\/04\/groupe-coue-trm-preparation-ofnijec-2023-web.jpg\" class=\"wp-image-8686 avia-img-lazy-loading-not-8686 attachment-no scaling size-no scaling wp-post-image\" alt=\"\" srcset=\"https:\/\/www.transports-coue.fr\/wp-content\/uploads\/2023\/04\/groupe-coue-trm-preparation-ofnijec-2023-web.jpg 1690w, https:\/\/www.transports-coue.fr\/wp-content\/uploads\/2023\/04\/groupe-coue-trm-preparation-ofnijec-2023-web-300x114.jpg 300w, https:\/\/www.transports-coue.fr\/wp-content\/uploads\/2023\/04\/groupe-coue-trm-preparation-ofnijec-2023-web-1030x391.jpg 1030w, https:\/\/www.transports-coue.fr\/wp-content\/uploads\/2023\/04\/groupe-coue-trm-preparation-ofnijec-2023-web-80x30.jpg 80w, https:\/\/www.transports-coue.fr\/wp-content\/uploads\/2023\/04\/groupe-coue-trm-preparation-ofnijec-2023-web-768x292.jpg 768w, https:\/\/www.transports-coue.fr\/wp-content\/uploads\/2023\/04\/groupe-coue-trm-preparation-ofnijec-2023-web-1536x583.jpg 1536w, https:\/\/www.transports-coue.fr\/wp-content\/uploads\/2023\/04\/groupe-coue-trm-preparation-ofnijec-2023-web-1500x570.jpg 1500w, https:\/\/www.transports-coue.fr\/wp-content\/uploads\/2023\/04\/groupe-coue-trm-preparation-ofnijec-2023-web-705x268.jpg 705w, https:\/\/www.transports-coue.fr\/wp-content\/uploads\/2023\/04\/groupe-coue-trm-preparation-ofnijec-2023-web-845x321.jpg 845w\" sizes=\"(max-width: 1690px) 100vw, 1690px\" \/><\/a><div class=\"slide-content\"><header class=\"entry-content-header\" aria-label=\"Slide: OFNIJEC 2023 : nous pr\u00e9parons notre radeau !\"><h3 class='slide-entry-title entry-title '  itemprop=\"headline\" ><a href='https:\/\/www.transports-coue.fr\/fr\/ofnijec-2023-nous-preparons-notre-radeau\/' title='OFNIJEC 2023 : nous pr\u00e9parons notre radeau !'>OFNIJEC 2023 : nous pr\u00e9parons notre radeau !<\/a><\/h3><span class=\"blog-categories minor-meta\"><a href=\"https:\/\/www.transports-coue.fr\/fr\/category\/actualites\/\" rel=\"tag\">Actualit\u00e9s<\/a>, <a href=\"https:\/\/www.transports-coue.fr\/fr\/category\/actualites\/evenements\/\" rel=\"tag\">Ev\u00e9nements<\/a> <\/span><span class=\"av-vertical-delimiter\"><\/span><\/header><div class='slide-entry-excerpt entry-content'  itemprop=\"text\" >\ud83c\udfc1 C'est parti ! Nous avons ressorti notre radeau \ud83d\udef6 pour notre participation aux OFNIJEC 2023 qui auront lieu le 1et &amp; 2 juillet \u00e0 Laval.\nApr\u00e8s l\u2019avoir d\u00e9poussi\u00e9r\u00e9, place aux petits bricolages \ud83d\udee0 : quelques gouttes \ud83d\udca7 de\u2026<div class=\"read-more-link\"><a href=\"https:\/\/www.transports-coue.fr\/fr\/ofnijec-2023-nous-preparons-notre-radeau\/\" class=\"more-link\">Lire la suite<span class='more-link-arrow avia-svg-icon avia-font-svg_entypo-fontello' data-av_svg_icon='right-open-big' data-av_iconset='svg_entypo-fontello'><svg version=\"1.1\" xmlns=\"http:\/\/www.w3.org\/2000\/svg\" width=\"15\" height=\"32\" viewBox=\"0 0 15 32\" preserveAspectRatio=\"xMidYMid meet\" role=\"graphics-symbol\" aria-hidden=\"true\">\n<path d=\"M0.416 27.84l11.456-11.84-11.456-11.904q-0.832-0.832 0-1.536 0.832-0.832 1.536 0l12.544 12.608q0.768 0.832 0 1.6l-12.544 12.608q-0.704 0.832-1.536 0-0.832-0.704 0-1.536z\"><\/path>\n<\/svg><\/span><\/a><\/div><\/div><\/div><footer class=\"entry-footer\"><div class=\"slide-meta\"><time class='slide-meta-time updated'  itemprop=\"datePublished\" datetime=\"2023-04-28T17:01:59+02:00\" >28 avril 2023<\/time><\/div><\/footer><span class='hidden'>\n\t\t\t\t<span class='av-structured-data'  itemprop=\"image\" itemscope=\"itemscope\" itemtype=\"https:\/\/schema.org\/ImageObject\" >\n\t\t\t\t\t\t<span itemprop='url'>https:\/\/www.transports-coue.fr\/wp-content\/uploads\/2023\/04\/groupe-coue-trm-preparation-ofnijec-2023-web.jpg<\/span>\n\t\t\t\t\t\t<span itemprop='height'>642<\/span>\n\t\t\t\t\t\t<span itemprop='width'>1690<\/span>\n\t\t\t\t<\/span>\n\t\t\t\t<span class='av-structured-data'  itemprop=\"publisher\" itemtype=\"https:\/\/schema.org\/Organization\" itemscope=\"itemscope\" >\n\t\t\t\t\t\t<span itemprop='name'>Transports Cou\u00e9<\/span>\n\t\t\t\t\t\t<span itemprop='logo' itemscope itemtype='https:\/\/schema.org\/ImageObject'>\n\t\t\t\t\t\t\t<span itemprop='url'>https:\/\/www.transports-coue.fr\/wp-content\/uploads\/2018\/10\/Logo-transports-coue-300x119.png<\/span>\n\t\t\t\t\t\t<\/span>\n\t\t\t\t<\/span><span class='av-structured-data'  itemprop=\"author\" itemscope=\"itemscope\" itemtype=\"https:\/\/schema.org\/Person\" ><span itemprop='name'>Transports Cou\u00e9<\/span><\/span><span class='av-structured-data'  itemprop=\"datePublished\" datetime=\"2018-10-04T10:16:12+02:00\" >2023-04-28 17:01:59<\/span><span class='av-structured-data'  itemprop=\"dateModified\" itemtype=\"https:\/\/schema.org\/dateModified\" >2023-04-28 17:03:26<\/span><span class='av-structured-data'  itemprop=\"mainEntityOfPage\" itemtype=\"https:\/\/schema.org\/mainEntityOfPage\" ><span itemprop='name'>OFNIJEC 2023 : nous pr\u00e9parons notre radeau !<\/span><\/span><\/span><\/article><article class='slide-entry flex_column  post-entry post-entry-8463 slide-entry-overview slide-loop-63 slide-parity-odd  av_one_third  real-thumbnail posttype-post post-format-standard'  itemscope=\"itemscope\" itemtype=\"https:\/\/schema.org\/CreativeWork\" ><a href='https:\/\/www.transports-coue.fr\/fr\/les-equipes-sedentaires-du-groupe-coue-trm-reunies-pour-un-week-end-sportif\/' data-rel='slide-2' class='slide-image' title='Nos \u00e9quipes s\u00e9dentaires toutes r\u00e9unies au cours d&rsquo;un week-end de coh\u00e9sion !'><img decoding=\"async\" fetchpriority=\"high\" width=\"1690\" height=\"642\" src=\"https:\/\/www.transports-coue.fr\/wp-content\/uploads\/2023\/04\/groupe-coue-trm-week-end-team-building.jpg\" class=\"wp-image-8474 avia-img-lazy-loading-not-8474 attachment-no scaling size-no scaling wp-post-image\" alt=\"\" srcset=\"https:\/\/www.transports-coue.fr\/wp-content\/uploads\/2023\/04\/groupe-coue-trm-week-end-team-building.jpg 1690w, https:\/\/www.transports-coue.fr\/wp-content\/uploads\/2023\/04\/groupe-coue-trm-week-end-team-building-300x114.jpg 300w, https:\/\/www.transports-coue.fr\/wp-content\/uploads\/2023\/04\/groupe-coue-trm-week-end-team-building-1030x391.jpg 1030w, https:\/\/www.transports-coue.fr\/wp-content\/uploads\/2023\/04\/groupe-coue-trm-week-end-team-building-80x30.jpg 80w, https:\/\/www.transports-coue.fr\/wp-content\/uploads\/2023\/04\/groupe-coue-trm-week-end-team-building-768x292.jpg 768w, https:\/\/www.transports-coue.fr\/wp-content\/uploads\/2023\/04\/groupe-coue-trm-week-end-team-building-1536x583.jpg 1536w, https:\/\/www.transports-coue.fr\/wp-content\/uploads\/2023\/04\/groupe-coue-trm-week-end-team-building-1500x570.jpg 1500w, https:\/\/www.transports-coue.fr\/wp-content\/uploads\/2023\/04\/groupe-coue-trm-week-end-team-building-705x268.jpg 705w, https:\/\/www.transports-coue.fr\/wp-content\/uploads\/2023\/04\/groupe-coue-trm-week-end-team-building-845x321.jpg 845w\" sizes=\"(max-width: 1690px) 100vw, 1690px\" \/><\/a><div class=\"slide-content\"><header class=\"entry-content-header\" aria-label=\"Slide: Nos \u00e9quipes s\u00e9dentaires toutes r\u00e9unies au cours d&#039;un week-end de coh\u00e9sion !\"><h3 class='slide-entry-title entry-title '  itemprop=\"headline\" ><a href='https:\/\/www.transports-coue.fr\/fr\/les-equipes-sedentaires-du-groupe-coue-trm-reunies-pour-un-week-end-sportif\/' title='Nos \u00e9quipes s\u00e9dentaires toutes r\u00e9unies au cours d&rsquo;un week-end de coh\u00e9sion !'>Nos \u00e9quipes s\u00e9dentaires toutes r\u00e9unies au cours d&rsquo;un week-end de coh\u00e9sion !<\/a><\/h3><span class=\"blog-categories minor-meta\"><a href=\"https:\/\/www.transports-coue.fr\/fr\/category\/actualites\/\" rel=\"tag\">Actualit\u00e9s<\/a>, <a href=\"https:\/\/www.transports-coue.fr\/fr\/category\/actualites\/evenements\/\" rel=\"tag\">Ev\u00e9nements<\/a> <\/span><span class=\"av-vertical-delimiter\"><\/span><\/header><div class='slide-entry-excerpt entry-content'  itemprop=\"text\" >\nLe 14 janvier dernier, nous nous \u00e9tions tous  retrouv\u00e9s avec nos conjoints pour partager un beau moment de convivialit\u00e9 au cours d'une soir\u00e9e  entreprise.\n\n\n\n\nDans cette continuit\u00e9, nous avons organis\u00e9 le 18 &amp; 19 mars un  week-end\u2026<div class=\"read-more-link\"><a href=\"https:\/\/www.transports-coue.fr\/fr\/les-equipes-sedentaires-du-groupe-coue-trm-reunies-pour-un-week-end-sportif\/\" class=\"more-link\">Lire la suite<span class='more-link-arrow avia-svg-icon avia-font-svg_entypo-fontello' data-av_svg_icon='right-open-big' data-av_iconset='svg_entypo-fontello'><svg version=\"1.1\" xmlns=\"http:\/\/www.w3.org\/2000\/svg\" width=\"15\" height=\"32\" viewBox=\"0 0 15 32\" preserveAspectRatio=\"xMidYMid meet\" role=\"graphics-symbol\" aria-hidden=\"true\">\n<path d=\"M0.416 27.84l11.456-11.84-11.456-11.904q-0.832-0.832 0-1.536 0.832-0.832 1.536 0l12.544 12.608q0.768 0.832 0 1.6l-12.544 12.608q-0.704 0.832-1.536 0-0.832-0.704 0-1.536z\"><\/path>\n<\/svg><\/span><\/a><\/div><\/div><\/div><footer class=\"entry-footer\"><div class=\"slide-meta\"><time class='slide-meta-time updated'  itemprop=\"datePublished\" datetime=\"2023-04-13T16:33:53+02:00\" >13 avril 2023<\/time><\/div><\/footer><span class='hidden'>\n\t\t\t\t<span class='av-structured-data'  itemprop=\"image\" itemscope=\"itemscope\" itemtype=\"https:\/\/schema.org\/ImageObject\" >\n\t\t\t\t\t\t<span itemprop='url'>https:\/\/www.transports-coue.fr\/wp-content\/uploads\/2023\/04\/groupe-coue-trm-week-end-team-building.jpg<\/span>\n\t\t\t\t\t\t<span itemprop='height'>642<\/span>\n\t\t\t\t\t\t<span itemprop='width'>1690<\/span>\n\t\t\t\t<\/span>\n\t\t\t\t<span class='av-structured-data'  itemprop=\"publisher\" itemtype=\"https:\/\/schema.org\/Organization\" itemscope=\"itemscope\" >\n\t\t\t\t\t\t<span itemprop='name'>Transports Cou\u00e9<\/span>\n\t\t\t\t\t\t<span itemprop='logo' itemscope itemtype='https:\/\/schema.org\/ImageObject'>\n\t\t\t\t\t\t\t<span itemprop='url'>https:\/\/www.transports-coue.fr\/wp-content\/uploads\/2018\/10\/Logo-transports-coue-300x119.png<\/span>\n\t\t\t\t\t\t<\/span>\n\t\t\t\t<\/span><span class='av-structured-data'  itemprop=\"author\" itemscope=\"itemscope\" itemtype=\"https:\/\/schema.org\/Person\" ><span itemprop='name'>Transports Cou\u00e9<\/span><\/span><span class='av-structured-data'  itemprop=\"datePublished\" datetime=\"2018-10-04T10:16:12+02:00\" >2023-04-13 16:33:53<\/span><span class='av-structured-data'  itemprop=\"dateModified\" itemtype=\"https:\/\/schema.org\/dateModified\" >2023-04-13 17:17:34<\/span><span class='av-structured-data'  itemprop=\"mainEntityOfPage\" itemtype=\"https:\/\/schema.org\/mainEntityOfPage\" ><span itemprop='name'>Nos \u00e9quipes s\u00e9dentaires toutes r\u00e9unies au cours d&rsquo;un week-end de coh\u00e9sion !<\/span><\/span><\/span><\/article><\/div><div class=\"slide-entry-wrap\"><article class='slide-entry flex_column  post-entry post-entry-8362 slide-entry-overview slide-loop-64 slide-parity-odd  av_one_third first real-thumbnail posttype-post post-format-standard'  itemscope=\"itemscope\" itemtype=\"https:\/\/schema.org\/CreativeWork\" ><a href='https:\/\/www.transports-coue.fr\/fr\/vivez-une-experience-inedite-au-big-bang-de-lemploi-a-laval\/' data-rel='slide-2' class='slide-image' title='Vivez une exp\u00e9rience in\u00e9dite au Big Bang de l&#8217;emploi \u00e0 Laval !'><img decoding=\"async\" fetchpriority=\"high\" width=\"1690\" height=\"642\" src=\"https:\/\/www.transports-coue.fr\/wp-content\/uploads\/2023\/03\/groupe-trm-coue-big-bang-job-dating-07-03-23-web.jpg\" class=\"wp-image-8363 avia-img-lazy-loading-not-8363 attachment-no scaling size-no scaling wp-post-image\" alt=\"\" srcset=\"https:\/\/www.transports-coue.fr\/wp-content\/uploads\/2023\/03\/groupe-trm-coue-big-bang-job-dating-07-03-23-web.jpg 1690w, https:\/\/www.transports-coue.fr\/wp-content\/uploads\/2023\/03\/groupe-trm-coue-big-bang-job-dating-07-03-23-web-300x114.jpg 300w, https:\/\/www.transports-coue.fr\/wp-content\/uploads\/2023\/03\/groupe-trm-coue-big-bang-job-dating-07-03-23-web-1030x391.jpg 1030w, https:\/\/www.transports-coue.fr\/wp-content\/uploads\/2023\/03\/groupe-trm-coue-big-bang-job-dating-07-03-23-web-80x30.jpg 80w, https:\/\/www.transports-coue.fr\/wp-content\/uploads\/2023\/03\/groupe-trm-coue-big-bang-job-dating-07-03-23-web-768x292.jpg 768w, https:\/\/www.transports-coue.fr\/wp-content\/uploads\/2023\/03\/groupe-trm-coue-big-bang-job-dating-07-03-23-web-1536x583.jpg 1536w, https:\/\/www.transports-coue.fr\/wp-content\/uploads\/2023\/03\/groupe-trm-coue-big-bang-job-dating-07-03-23-web-1500x570.jpg 1500w, https:\/\/www.transports-coue.fr\/wp-content\/uploads\/2023\/03\/groupe-trm-coue-big-bang-job-dating-07-03-23-web-705x268.jpg 705w, https:\/\/www.transports-coue.fr\/wp-content\/uploads\/2023\/03\/groupe-trm-coue-big-bang-job-dating-07-03-23-web-845x321.jpg 845w\" sizes=\"(max-width: 1690px) 100vw, 1690px\" \/><\/a><div class=\"slide-content\"><header class=\"entry-content-header\" aria-label=\"Slide: Vivez une exp\u00e9rience in\u00e9dite au Big Bang de l&#039;emploi \u00e0 Laval !\"><h3 class='slide-entry-title entry-title '  itemprop=\"headline\" ><a href='https:\/\/www.transports-coue.fr\/fr\/vivez-une-experience-inedite-au-big-bang-de-lemploi-a-laval\/' title='Vivez une exp\u00e9rience in\u00e9dite au Big Bang de l&#8217;emploi \u00e0 Laval !'>Vivez une exp\u00e9rience in\u00e9dite au Big Bang de l&#8217;emploi \u00e0 Laval !<\/a><\/h3><span class=\"blog-categories minor-meta\"><a href=\"https:\/\/www.transports-coue.fr\/fr\/category\/actualites\/\" rel=\"tag\">Actualit\u00e9s<\/a>, <a href=\"https:\/\/www.transports-coue.fr\/fr\/category\/actualites\/evenements\/\" rel=\"tag\">Ev\u00e9nements<\/a> <\/span><span class=\"av-vertical-delimiter\"><\/span><\/header><div class='slide-entry-excerpt entry-content'  itemprop=\"text\" >\ud83d\ude80 Un job dating dans une grande roue \ud83c\udfa1, \u00e7a vous dit \u2049\nVenez \u00e9changer \ud83d\udcac avec notre \u00e9quipe RH, Alexandra &amp; David, sur nos m\u00e9tiers du transport \ud83d\ude9b &amp; de la logistique \ud83d\udce6 et vivre une exp\u00e9rience in\u00e9dite : R\u00e9alit\u00e9 virtuelle,\u2026<div class=\"read-more-link\"><a href=\"https:\/\/www.transports-coue.fr\/fr\/vivez-une-experience-inedite-au-big-bang-de-lemploi-a-laval\/\" class=\"more-link\">Lire la suite<span class='more-link-arrow avia-svg-icon avia-font-svg_entypo-fontello' data-av_svg_icon='right-open-big' data-av_iconset='svg_entypo-fontello'><svg version=\"1.1\" xmlns=\"http:\/\/www.w3.org\/2000\/svg\" width=\"15\" height=\"32\" viewBox=\"0 0 15 32\" preserveAspectRatio=\"xMidYMid meet\" role=\"graphics-symbol\" aria-hidden=\"true\">\n<path d=\"M0.416 27.84l11.456-11.84-11.456-11.904q-0.832-0.832 0-1.536 0.832-0.832 1.536 0l12.544 12.608q0.768 0.832 0 1.6l-12.544 12.608q-0.704 0.832-1.536 0-0.832-0.704 0-1.536z\"><\/path>\n<\/svg><\/span><\/a><\/div><\/div><\/div><footer class=\"entry-footer\"><div class=\"slide-meta\"><time class='slide-meta-time updated'  itemprop=\"datePublished\" datetime=\"2023-03-07T19:12:57+01:00\" >7 mars 2023<\/time><\/div><\/footer><span class='hidden'>\n\t\t\t\t<span class='av-structured-data'  itemprop=\"image\" itemscope=\"itemscope\" itemtype=\"https:\/\/schema.org\/ImageObject\" >\n\t\t\t\t\t\t<span itemprop='url'>https:\/\/www.transports-coue.fr\/wp-content\/uploads\/2023\/03\/groupe-trm-coue-big-bang-job-dating-07-03-23-web.jpg<\/span>\n\t\t\t\t\t\t<span itemprop='height'>642<\/span>\n\t\t\t\t\t\t<span itemprop='width'>1690<\/span>\n\t\t\t\t<\/span>\n\t\t\t\t<span class='av-structured-data'  itemprop=\"publisher\" itemtype=\"https:\/\/schema.org\/Organization\" itemscope=\"itemscope\" >\n\t\t\t\t\t\t<span itemprop='name'>Transports Cou\u00e9<\/span>\n\t\t\t\t\t\t<span itemprop='logo' itemscope itemtype='https:\/\/schema.org\/ImageObject'>\n\t\t\t\t\t\t\t<span itemprop='url'>https:\/\/www.transports-coue.fr\/wp-content\/uploads\/2018\/10\/Logo-transports-coue-300x119.png<\/span>\n\t\t\t\t\t\t<\/span>\n\t\t\t\t<\/span><span class='av-structured-data'  itemprop=\"author\" itemscope=\"itemscope\" itemtype=\"https:\/\/schema.org\/Person\" ><span itemprop='name'>Transports Cou\u00e9<\/span><\/span><span class='av-structured-data'  itemprop=\"datePublished\" datetime=\"2018-10-04T10:16:12+02:00\" >2023-03-07 19:12:57<\/span><span class='av-structured-data'  itemprop=\"dateModified\" itemtype=\"https:\/\/schema.org\/dateModified\" >2023-03-07 19:14:15<\/span><span class='av-structured-data'  itemprop=\"mainEntityOfPage\" itemtype=\"https:\/\/schema.org\/mainEntityOfPage\" ><span itemprop='name'>Vivez une exp\u00e9rience in\u00e9dite au Big Bang de l&#8217;emploi \u00e0 Laval !<\/span><\/span><\/span><\/article><article class='slide-entry flex_column  post-entry post-entry-8354 slide-entry-overview slide-loop-65 slide-parity-even  av_one_third  real-thumbnail posttype-post post-format-standard'  itemscope=\"itemscope\" itemtype=\"https:\/\/schema.org\/CreativeWork\" ><a href='https:\/\/www.transports-coue.fr\/fr\/job-dating-ctrm-le-9-mars-au-lycee-leonard-de-vinci-a-mayenne\/' data-rel='slide-2' class='slide-image' title='Job dating CTRM le 9 mars au Lyc\u00e9e L\u00e9onard de Vinci \u00e0 Mayenne'><img decoding=\"async\" fetchpriority=\"high\" width=\"1690\" height=\"642\" src=\"https:\/\/www.transports-coue.fr\/wp-content\/uploads\/2023\/03\/groupe-coue-trm-job-dating-ctrm-9-3-23.jpg\" class=\"wp-image-8357 avia-img-lazy-loading-not-8357 attachment-no scaling size-no scaling wp-post-image\" alt=\"\" srcset=\"https:\/\/www.transports-coue.fr\/wp-content\/uploads\/2023\/03\/groupe-coue-trm-job-dating-ctrm-9-3-23.jpg 1690w, https:\/\/www.transports-coue.fr\/wp-content\/uploads\/2023\/03\/groupe-coue-trm-job-dating-ctrm-9-3-23-300x114.jpg 300w, https:\/\/www.transports-coue.fr\/wp-content\/uploads\/2023\/03\/groupe-coue-trm-job-dating-ctrm-9-3-23-1030x391.jpg 1030w, https:\/\/www.transports-coue.fr\/wp-content\/uploads\/2023\/03\/groupe-coue-trm-job-dating-ctrm-9-3-23-80x30.jpg 80w, https:\/\/www.transports-coue.fr\/wp-content\/uploads\/2023\/03\/groupe-coue-trm-job-dating-ctrm-9-3-23-768x292.jpg 768w, https:\/\/www.transports-coue.fr\/wp-content\/uploads\/2023\/03\/groupe-coue-trm-job-dating-ctrm-9-3-23-1536x583.jpg 1536w, https:\/\/www.transports-coue.fr\/wp-content\/uploads\/2023\/03\/groupe-coue-trm-job-dating-ctrm-9-3-23-1500x570.jpg 1500w, https:\/\/www.transports-coue.fr\/wp-content\/uploads\/2023\/03\/groupe-coue-trm-job-dating-ctrm-9-3-23-705x268.jpg 705w, https:\/\/www.transports-coue.fr\/wp-content\/uploads\/2023\/03\/groupe-coue-trm-job-dating-ctrm-9-3-23-845x321.jpg 845w\" sizes=\"(max-width: 1690px) 100vw, 1690px\" \/><\/a><div class=\"slide-content\"><header class=\"entry-content-header\" aria-label=\"Slide: Job dating CTRM le 9 mars au Lyc\u00e9e L\u00e9onard de Vinci \u00e0 Mayenne\"><h3 class='slide-entry-title entry-title '  itemprop=\"headline\" ><a href='https:\/\/www.transports-coue.fr\/fr\/job-dating-ctrm-le-9-mars-au-lycee-leonard-de-vinci-a-mayenne\/' title='Job dating CTRM le 9 mars au Lyc\u00e9e L\u00e9onard de Vinci \u00e0 Mayenne'>Job dating CTRM le 9 mars au Lyc\u00e9e L\u00e9onard de Vinci \u00e0 Mayenne<\/a><\/h3><span class=\"blog-categories minor-meta\"><a href=\"https:\/\/www.transports-coue.fr\/fr\/category\/actualites\/\" rel=\"tag\">Actualit\u00e9s<\/a>, <a href=\"https:\/\/www.transports-coue.fr\/fr\/category\/actualites\/evenements\/\" rel=\"tag\">Ev\u00e9nements<\/a> <\/span><span class=\"av-vertical-delimiter\"><\/span><\/header><div class='slide-entry-excerpt entry-content'  itemprop=\"text\" >Job Dating CTRM (Conducteur en Transport Routier \ud83d\ude9b de Marchandises)\n\ud83d\udce2 Le 09\/03 rencontrons-nous au Lyc\u00e9e L\u00e9onard de Vinci \u00e0 \ud83d\udccd Mayenne (53) et \u00e9changeons \ud83d\udcac sur notre entreprise, vos souhaits et notre passion commune pour le secteur\u2026<div class=\"read-more-link\"><a href=\"https:\/\/www.transports-coue.fr\/fr\/job-dating-ctrm-le-9-mars-au-lycee-leonard-de-vinci-a-mayenne\/\" class=\"more-link\">Lire la suite<span class='more-link-arrow avia-svg-icon avia-font-svg_entypo-fontello' data-av_svg_icon='right-open-big' data-av_iconset='svg_entypo-fontello'><svg version=\"1.1\" xmlns=\"http:\/\/www.w3.org\/2000\/svg\" width=\"15\" height=\"32\" viewBox=\"0 0 15 32\" preserveAspectRatio=\"xMidYMid meet\" role=\"graphics-symbol\" aria-hidden=\"true\">\n<path d=\"M0.416 27.84l11.456-11.84-11.456-11.904q-0.832-0.832 0-1.536 0.832-0.832 1.536 0l12.544 12.608q0.768 0.832 0 1.6l-12.544 12.608q-0.704 0.832-1.536 0-0.832-0.704 0-1.536z\"><\/path>\n<\/svg><\/span><\/a><\/div><\/div><\/div><footer class=\"entry-footer\"><div class=\"slide-meta\"><time class='slide-meta-time updated'  itemprop=\"datePublished\" datetime=\"2023-03-02T17:36:13+01:00\" >2 mars 2023<\/time><\/div><\/footer><span class='hidden'>\n\t\t\t\t<span class='av-structured-data'  itemprop=\"image\" itemscope=\"itemscope\" itemtype=\"https:\/\/schema.org\/ImageObject\" >\n\t\t\t\t\t\t<span itemprop='url'>https:\/\/www.transports-coue.fr\/wp-content\/uploads\/2023\/03\/groupe-coue-trm-job-dating-ctrm-9-3-23.jpg<\/span>\n\t\t\t\t\t\t<span itemprop='height'>642<\/span>\n\t\t\t\t\t\t<span itemprop='width'>1690<\/span>\n\t\t\t\t<\/span>\n\t\t\t\t<span class='av-structured-data'  itemprop=\"publisher\" itemtype=\"https:\/\/schema.org\/Organization\" itemscope=\"itemscope\" >\n\t\t\t\t\t\t<span itemprop='name'>Transports Cou\u00e9<\/span>\n\t\t\t\t\t\t<span itemprop='logo' itemscope itemtype='https:\/\/schema.org\/ImageObject'>\n\t\t\t\t\t\t\t<span itemprop='url'>https:\/\/www.transports-coue.fr\/wp-content\/uploads\/2018\/10\/Logo-transports-coue-300x119.png<\/span>\n\t\t\t\t\t\t<\/span>\n\t\t\t\t<\/span><span class='av-structured-data'  itemprop=\"author\" itemscope=\"itemscope\" itemtype=\"https:\/\/schema.org\/Person\" ><span itemprop='name'>Transports Cou\u00e9<\/span><\/span><span class='av-structured-data'  itemprop=\"datePublished\" datetime=\"2018-10-04T10:16:12+02:00\" >2023-03-02 17:36:13<\/span><span class='av-structured-data'  itemprop=\"dateModified\" itemtype=\"https:\/\/schema.org\/dateModified\" >2023-03-02 18:50:03<\/span><span class='av-structured-data'  itemprop=\"mainEntityOfPage\" itemtype=\"https:\/\/schema.org\/mainEntityOfPage\" ><span itemprop='name'>Job dating CTRM le 9 mars au Lyc\u00e9e L\u00e9onard de Vinci \u00e0 Mayenne<\/span><\/span><\/span><\/article><article class='slide-entry flex_column  post-entry post-entry-8308 slide-entry-overview slide-loop-66 slide-parity-odd  av_one_third  real-thumbnail posttype-post post-format-standard'  itemscope=\"itemscope\" itemtype=\"https:\/\/schema.org\/CreativeWork\" ><a href='https:\/\/www.transports-coue.fr\/fr\/nous-presentons-nos-metiers-aux-nuits-de-lorientation\/' data-rel='slide-2' class='slide-image' title='Nous pr\u00e9sentons nos m\u00e9tiers aux nuits de l&rsquo;orientation !'><img decoding=\"async\" fetchpriority=\"high\" width=\"1690\" height=\"642\" src=\"https:\/\/www.transports-coue.fr\/wp-content\/uploads\/2023\/02\/nuits-de-lorientation-groupe-coue-trm-presentation-metiers-transport-web.jpg\" class=\"wp-image-8309 avia-img-lazy-loading-not-8309 attachment-no scaling size-no scaling wp-post-image\" alt=\"\" srcset=\"https:\/\/www.transports-coue.fr\/wp-content\/uploads\/2023\/02\/nuits-de-lorientation-groupe-coue-trm-presentation-metiers-transport-web.jpg 1690w, https:\/\/www.transports-coue.fr\/wp-content\/uploads\/2023\/02\/nuits-de-lorientation-groupe-coue-trm-presentation-metiers-transport-web-300x114.jpg 300w, https:\/\/www.transports-coue.fr\/wp-content\/uploads\/2023\/02\/nuits-de-lorientation-groupe-coue-trm-presentation-metiers-transport-web-1030x391.jpg 1030w, https:\/\/www.transports-coue.fr\/wp-content\/uploads\/2023\/02\/nuits-de-lorientation-groupe-coue-trm-presentation-metiers-transport-web-80x30.jpg 80w, https:\/\/www.transports-coue.fr\/wp-content\/uploads\/2023\/02\/nuits-de-lorientation-groupe-coue-trm-presentation-metiers-transport-web-768x292.jpg 768w, https:\/\/www.transports-coue.fr\/wp-content\/uploads\/2023\/02\/nuits-de-lorientation-groupe-coue-trm-presentation-metiers-transport-web-1536x583.jpg 1536w, https:\/\/www.transports-coue.fr\/wp-content\/uploads\/2023\/02\/nuits-de-lorientation-groupe-coue-trm-presentation-metiers-transport-web-1500x570.jpg 1500w, https:\/\/www.transports-coue.fr\/wp-content\/uploads\/2023\/02\/nuits-de-lorientation-groupe-coue-trm-presentation-metiers-transport-web-705x268.jpg 705w, https:\/\/www.transports-coue.fr\/wp-content\/uploads\/2023\/02\/nuits-de-lorientation-groupe-coue-trm-presentation-metiers-transport-web-845x321.jpg 845w\" sizes=\"(max-width: 1690px) 100vw, 1690px\" \/><\/a><div class=\"slide-content\"><header class=\"entry-content-header\" aria-label=\"Slide: Nous pr\u00e9sentons nos m\u00e9tiers aux nuits de l&#039;orientation !\"><h3 class='slide-entry-title entry-title '  itemprop=\"headline\" ><a href='https:\/\/www.transports-coue.fr\/fr\/nous-presentons-nos-metiers-aux-nuits-de-lorientation\/' title='Nous pr\u00e9sentons nos m\u00e9tiers aux nuits de l&rsquo;orientation !'>Nous pr\u00e9sentons nos m\u00e9tiers aux nuits de l&rsquo;orientation !<\/a><\/h3><span class=\"blog-categories minor-meta\"><a href=\"https:\/\/www.transports-coue.fr\/fr\/category\/actualites\/\" rel=\"tag\">Actualit\u00e9s<\/a>, <a href=\"https:\/\/www.transports-coue.fr\/fr\/category\/actualites\/evenements\/\" rel=\"tag\">Ev\u00e9nements<\/a>, <a href=\"https:\/\/www.transports-coue.fr\/fr\/category\/actualites\/evenements\/evenements-logistique\/\" rel=\"tag\">Ev\u00e9nements Logistique<\/a> <\/span><span class=\"av-vertical-delimiter\"><\/span><\/header><div class='slide-entry-excerpt entry-content'  itemprop=\"text\" >[ Nuits de l'Orientation du 6 et 8 mars 2023]\n\ud83d\udce2 Nous serons pr\u00e9sents aux nuits de l'Orientation :\n\n\ud83d\udccd le 6 mars \u00e0 \ud835\udde0\ud835\uddee\ud835\ude06\ud835\uddf2\ud835\uddfb\ud835\uddfb\ud835\uddf2, salle Polyvalente \ud83d\udd55 de 18 \u00e0 21 heures\n\n\ud83d\udccd le 8 mars \u00e0 \ud835\uddd6\ud835\uddf5\ud835\uddee\u0302\ud835\ude01\ud835\uddf2\ud835\uddee\ud835\ude02-\ud835\uddda\ud835\uddfc\ud835\uddfb\ud835\ude01\ud835\uddf6\ud835\uddf2\ud835\uddff,\u2026<div class=\"read-more-link\"><a href=\"https:\/\/www.transports-coue.fr\/fr\/nous-presentons-nos-metiers-aux-nuits-de-lorientation\/\" class=\"more-link\">Lire la suite<span class='more-link-arrow avia-svg-icon avia-font-svg_entypo-fontello' data-av_svg_icon='right-open-big' data-av_iconset='svg_entypo-fontello'><svg version=\"1.1\" xmlns=\"http:\/\/www.w3.org\/2000\/svg\" width=\"15\" height=\"32\" viewBox=\"0 0 15 32\" preserveAspectRatio=\"xMidYMid meet\" role=\"graphics-symbol\" aria-hidden=\"true\">\n<path d=\"M0.416 27.84l11.456-11.84-11.456-11.904q-0.832-0.832 0-1.536 0.832-0.832 1.536 0l12.544 12.608q0.768 0.832 0 1.6l-12.544 12.608q-0.704 0.832-1.536 0-0.832-0.704 0-1.536z\"><\/path>\n<\/svg><\/span><\/a><\/div><\/div><\/div><footer class=\"entry-footer\"><div class=\"slide-meta\"><time class='slide-meta-time updated'  itemprop=\"datePublished\" datetime=\"2023-02-24T09:03:40+01:00\" >24 f\u00e9vrier 2023<\/time><\/div><\/footer><span class='hidden'>\n\t\t\t\t<span class='av-structured-data'  itemprop=\"image\" itemscope=\"itemscope\" itemtype=\"https:\/\/schema.org\/ImageObject\" >\n\t\t\t\t\t\t<span itemprop='url'>https:\/\/www.transports-coue.fr\/wp-content\/uploads\/2023\/02\/nuits-de-lorientation-groupe-coue-trm-presentation-metiers-transport-web.jpg<\/span>\n\t\t\t\t\t\t<span itemprop='height'>642<\/span>\n\t\t\t\t\t\t<span itemprop='width'>1690<\/span>\n\t\t\t\t<\/span>\n\t\t\t\t<span class='av-structured-data'  itemprop=\"publisher\" itemtype=\"https:\/\/schema.org\/Organization\" itemscope=\"itemscope\" >\n\t\t\t\t\t\t<span itemprop='name'>Transports Cou\u00e9<\/span>\n\t\t\t\t\t\t<span itemprop='logo' itemscope itemtype='https:\/\/schema.org\/ImageObject'>\n\t\t\t\t\t\t\t<span itemprop='url'>https:\/\/www.transports-coue.fr\/wp-content\/uploads\/2018\/10\/Logo-transports-coue-300x119.png<\/span>\n\t\t\t\t\t\t<\/span>\n\t\t\t\t<\/span><span class='av-structured-data'  itemprop=\"author\" itemscope=\"itemscope\" itemtype=\"https:\/\/schema.org\/Person\" ><span itemprop='name'>Transports Cou\u00e9<\/span><\/span><span class='av-structured-data'  itemprop=\"datePublished\" datetime=\"2018-10-04T10:16:12+02:00\" >2023-02-24 09:03:40<\/span><span class='av-structured-data'  itemprop=\"dateModified\" itemtype=\"https:\/\/schema.org\/dateModified\" >2023-02-24 09:05:33<\/span><span class='av-structured-data'  itemprop=\"mainEntityOfPage\" itemtype=\"https:\/\/schema.org\/mainEntityOfPage\" ><span itemprop='name'>Nous pr\u00e9sentons nos m\u00e9tiers aux nuits de l&rsquo;orientation !<\/span><\/span><\/span><\/article><\/div><div class=\"slide-entry-wrap\"><article class='slide-entry flex_column  post-entry post-entry-8249 slide-entry-overview slide-loop-67 slide-parity-odd  av_one_third first real-thumbnail posttype-post post-format-standard'  itemscope=\"itemscope\" itemtype=\"https:\/\/schema.org\/CreativeWork\" ><a href='https:\/\/www.transports-coue.fr\/fr\/sotecan-international-participera-au-salon-intermodal-2023\/' data-rel='slide-2' class='slide-image' title='Sotecan International participera au salon Intermodal 2023 !'><img decoding=\"async\" fetchpriority=\"high\" width=\"1690\" height=\"642\" src=\"https:\/\/www.transports-coue.fr\/wp-content\/uploads\/2023\/02\/sotecan-international-at-intermodal.jpg\" class=\"wp-image-8251 avia-img-lazy-loading-not-8251 attachment-no scaling size-no scaling wp-post-image\" alt=\"\" srcset=\"https:\/\/www.transports-coue.fr\/wp-content\/uploads\/2023\/02\/sotecan-international-at-intermodal.jpg 1690w, https:\/\/www.transports-coue.fr\/wp-content\/uploads\/2023\/02\/sotecan-international-at-intermodal-300x114.jpg 300w, https:\/\/www.transports-coue.fr\/wp-content\/uploads\/2023\/02\/sotecan-international-at-intermodal-1030x391.jpg 1030w, https:\/\/www.transports-coue.fr\/wp-content\/uploads\/2023\/02\/sotecan-international-at-intermodal-80x30.jpg 80w, https:\/\/www.transports-coue.fr\/wp-content\/uploads\/2023\/02\/sotecan-international-at-intermodal-768x292.jpg 768w, https:\/\/www.transports-coue.fr\/wp-content\/uploads\/2023\/02\/sotecan-international-at-intermodal-1536x583.jpg 1536w, https:\/\/www.transports-coue.fr\/wp-content\/uploads\/2023\/02\/sotecan-international-at-intermodal-1500x570.jpg 1500w, https:\/\/www.transports-coue.fr\/wp-content\/uploads\/2023\/02\/sotecan-international-at-intermodal-705x268.jpg 705w, https:\/\/www.transports-coue.fr\/wp-content\/uploads\/2023\/02\/sotecan-international-at-intermodal-845x321.jpg 845w\" sizes=\"(max-width: 1690px) 100vw, 1690px\" \/><\/a><div class=\"slide-content\"><header class=\"entry-content-header\" aria-label=\"Slide: Sotecan International participera au salon Intermodal 2023 !\"><h3 class='slide-entry-title entry-title '  itemprop=\"headline\" ><a href='https:\/\/www.transports-coue.fr\/fr\/sotecan-international-participera-au-salon-intermodal-2023\/' title='Sotecan International participera au salon Intermodal 2023 !'>Sotecan International participera au salon Intermodal 2023 !<\/a><\/h3><span class=\"blog-categories minor-meta\"><a href=\"https:\/\/www.transports-coue.fr\/fr\/category\/actualites\/\" rel=\"tag\">Actualit\u00e9s<\/a>, <a href=\"https:\/\/www.transports-coue.fr\/fr\/category\/actualites\/evenements\/\" rel=\"tag\">Ev\u00e9nements<\/a>, <a href=\"https:\/\/www.transports-coue.fr\/fr\/category\/actualites\/evenements\/evenements-logistique\/\" rel=\"tag\">Ev\u00e9nements Logistique<\/a>, <a href=\"https:\/\/www.transports-coue.fr\/fr\/category\/actualites\/evenements\/evenement-overseas\/\" rel=\"tag\">Ev\u00e9nements Overseas<\/a> <\/span><span class=\"av-vertical-delimiter\"><\/span><\/header><div class='slide-entry-excerpt entry-content'  itemprop=\"text\" >Nous avons le plaisir de vous annoncer que notre entit\u00e9 Sotecan International participera au salon Intermodal \u00e0 Sau Paulo (Bresil), du 28 f\u00e9vrier au 3 mars !\n\nNous participerons \u00e0 cette conf\u00e9rence sous l'\u00e9gide de l'alliance World Wine\u2026<div class=\"read-more-link\"><a href=\"https:\/\/www.transports-coue.fr\/fr\/sotecan-international-participera-au-salon-intermodal-2023\/\" class=\"more-link\">Lire la suite<span class='more-link-arrow avia-svg-icon avia-font-svg_entypo-fontello' data-av_svg_icon='right-open-big' data-av_iconset='svg_entypo-fontello'><svg version=\"1.1\" xmlns=\"http:\/\/www.w3.org\/2000\/svg\" width=\"15\" height=\"32\" viewBox=\"0 0 15 32\" preserveAspectRatio=\"xMidYMid meet\" role=\"graphics-symbol\" aria-hidden=\"true\">\n<path d=\"M0.416 27.84l11.456-11.84-11.456-11.904q-0.832-0.832 0-1.536 0.832-0.832 1.536 0l12.544 12.608q0.768 0.832 0 1.6l-12.544 12.608q-0.704 0.832-1.536 0-0.832-0.704 0-1.536z\"><\/path>\n<\/svg><\/span><\/a><\/div><\/div><\/div><footer class=\"entry-footer\"><div class=\"slide-meta\"><time class='slide-meta-time updated'  itemprop=\"datePublished\" datetime=\"2023-02-16T10:46:38+01:00\" >16 f\u00e9vrier 2023<\/time><\/div><\/footer><span class='hidden'>\n\t\t\t\t<span class='av-structured-data'  itemprop=\"image\" itemscope=\"itemscope\" itemtype=\"https:\/\/schema.org\/ImageObject\" >\n\t\t\t\t\t\t<span itemprop='url'>https:\/\/www.transports-coue.fr\/wp-content\/uploads\/2023\/02\/sotecan-international-at-intermodal.jpg<\/span>\n\t\t\t\t\t\t<span itemprop='height'>642<\/span>\n\t\t\t\t\t\t<span itemprop='width'>1690<\/span>\n\t\t\t\t<\/span>\n\t\t\t\t<span class='av-structured-data'  itemprop=\"publisher\" itemtype=\"https:\/\/schema.org\/Organization\" itemscope=\"itemscope\" >\n\t\t\t\t\t\t<span itemprop='name'>Transports Cou\u00e9<\/span>\n\t\t\t\t\t\t<span itemprop='logo' itemscope itemtype='https:\/\/schema.org\/ImageObject'>\n\t\t\t\t\t\t\t<span itemprop='url'>https:\/\/www.transports-coue.fr\/wp-content\/uploads\/2018\/10\/Logo-transports-coue-300x119.png<\/span>\n\t\t\t\t\t\t<\/span>\n\t\t\t\t<\/span><span class='av-structured-data'  itemprop=\"author\" itemscope=\"itemscope\" itemtype=\"https:\/\/schema.org\/Person\" ><span itemprop='name'>Transports Cou\u00e9<\/span><\/span><span class='av-structured-data'  itemprop=\"datePublished\" datetime=\"2018-10-04T10:16:12+02:00\" >2023-02-16 10:46:38<\/span><span class='av-structured-data'  itemprop=\"dateModified\" itemtype=\"https:\/\/schema.org\/dateModified\" >2023-02-16 10:46:39<\/span><span class='av-structured-data'  itemprop=\"mainEntityOfPage\" itemtype=\"https:\/\/schema.org\/mainEntityOfPage\" ><span itemprop='name'>Sotecan International participera au salon Intermodal 2023 !<\/span><\/span><\/span><\/article><article class='slide-entry flex_column  post-entry post-entry-8187 slide-entry-overview slide-loop-68 slide-parity-even  av_one_third  real-thumbnail posttype-post post-format-standard'  itemscope=\"itemscope\" itemtype=\"https:\/\/schema.org\/CreativeWork\" ><a href='https:\/\/www.transports-coue.fr\/fr\/soiree-de-toutes-les-equipes-coue-trm-elm-tcm-et-sotecan-international\/' data-rel='slide-2' class='slide-image' title='Soir\u00e9e de toutes les \u00e9quipes Cou\u00e9, TRM, ELM, TCM et Sotecan International'><img decoding=\"async\" fetchpriority=\"high\" width=\"1690\" height=\"642\" src=\"https:\/\/www.transports-coue.fr\/wp-content\/uploads\/2023\/01\/groupe-coue-trm-soiree-equipes-pavillon-evidence.jpg\" class=\"wp-image-8188 avia-img-lazy-loading-not-8188 attachment-no scaling size-no scaling wp-post-image\" alt=\"\" srcset=\"https:\/\/www.transports-coue.fr\/wp-content\/uploads\/2023\/01\/groupe-coue-trm-soiree-equipes-pavillon-evidence.jpg 1690w, https:\/\/www.transports-coue.fr\/wp-content\/uploads\/2023\/01\/groupe-coue-trm-soiree-equipes-pavillon-evidence-300x114.jpg 300w, https:\/\/www.transports-coue.fr\/wp-content\/uploads\/2023\/01\/groupe-coue-trm-soiree-equipes-pavillon-evidence-1030x391.jpg 1030w, https:\/\/www.transports-coue.fr\/wp-content\/uploads\/2023\/01\/groupe-coue-trm-soiree-equipes-pavillon-evidence-80x30.jpg 80w, https:\/\/www.transports-coue.fr\/wp-content\/uploads\/2023\/01\/groupe-coue-trm-soiree-equipes-pavillon-evidence-768x292.jpg 768w, https:\/\/www.transports-coue.fr\/wp-content\/uploads\/2023\/01\/groupe-coue-trm-soiree-equipes-pavillon-evidence-1536x583.jpg 1536w, https:\/\/www.transports-coue.fr\/wp-content\/uploads\/2023\/01\/groupe-coue-trm-soiree-equipes-pavillon-evidence-1500x570.jpg 1500w, https:\/\/www.transports-coue.fr\/wp-content\/uploads\/2023\/01\/groupe-coue-trm-soiree-equipes-pavillon-evidence-705x268.jpg 705w, https:\/\/www.transports-coue.fr\/wp-content\/uploads\/2023\/01\/groupe-coue-trm-soiree-equipes-pavillon-evidence-845x321.jpg 845w\" sizes=\"(max-width: 1690px) 100vw, 1690px\" \/><\/a><div class=\"slide-content\"><header class=\"entry-content-header\" aria-label=\"Slide: Soir\u00e9e de toutes les \u00e9quipes Cou\u00e9, TRM, ELM, TCM et Sotecan International\"><h3 class='slide-entry-title entry-title '  itemprop=\"headline\" ><a href='https:\/\/www.transports-coue.fr\/fr\/soiree-de-toutes-les-equipes-coue-trm-elm-tcm-et-sotecan-international\/' title='Soir\u00e9e de toutes les \u00e9quipes Cou\u00e9, TRM, ELM, TCM et Sotecan International'>Soir\u00e9e de toutes les \u00e9quipes Cou\u00e9, TRM, ELM, TCM et Sotecan International<\/a><\/h3><span class=\"blog-categories minor-meta\"><a href=\"https:\/\/www.transports-coue.fr\/fr\/category\/actualites\/\" rel=\"tag\">Actualit\u00e9s<\/a>, <a href=\"https:\/\/www.transports-coue.fr\/fr\/category\/actualites\/evenements\/\" rel=\"tag\">Ev\u00e9nements<\/a> <\/span><span class=\"av-vertical-delimiter\"><\/span><\/header><div class='slide-entry-excerpt entry-content'  itemprop=\"text\" >\u2728 Ce 14 janvier, toutes les \u00e9quipes des Transports Cou\u00e9, TRM, et ses entit\u00e9s, TCM, ELM et Sotecan International se sont retrouv\u00e9es au Pavillon de l'Evidence \u00e0 Vaiges 53 !\n\nAnim\u00e9 par l'excellent groupe G\u00e9n\u00e9ration \ud83e\uddd1\u200d\ud83c\udfa4, la soir\u00e9e\u2026<div class=\"read-more-link\"><a href=\"https:\/\/www.transports-coue.fr\/fr\/soiree-de-toutes-les-equipes-coue-trm-elm-tcm-et-sotecan-international\/\" class=\"more-link\">Lire la suite<span class='more-link-arrow avia-svg-icon avia-font-svg_entypo-fontello' data-av_svg_icon='right-open-big' data-av_iconset='svg_entypo-fontello'><svg version=\"1.1\" xmlns=\"http:\/\/www.w3.org\/2000\/svg\" width=\"15\" height=\"32\" viewBox=\"0 0 15 32\" preserveAspectRatio=\"xMidYMid meet\" role=\"graphics-symbol\" aria-hidden=\"true\">\n<path d=\"M0.416 27.84l11.456-11.84-11.456-11.904q-0.832-0.832 0-1.536 0.832-0.832 1.536 0l12.544 12.608q0.768 0.832 0 1.6l-12.544 12.608q-0.704 0.832-1.536 0-0.832-0.704 0-1.536z\"><\/path>\n<\/svg><\/span><\/a><\/div><\/div><\/div><footer class=\"entry-footer\"><div class=\"slide-meta\"><time class='slide-meta-time updated'  itemprop=\"datePublished\" datetime=\"2023-01-20T16:06:43+01:00\" >20 janvier 2023<\/time><\/div><\/footer><span class='hidden'>\n\t\t\t\t<span class='av-structured-data'  itemprop=\"image\" itemscope=\"itemscope\" itemtype=\"https:\/\/schema.org\/ImageObject\" >\n\t\t\t\t\t\t<span itemprop='url'>https:\/\/www.transports-coue.fr\/wp-content\/uploads\/2023\/01\/groupe-coue-trm-soiree-equipes-pavillon-evidence.jpg<\/span>\n\t\t\t\t\t\t<span itemprop='height'>642<\/span>\n\t\t\t\t\t\t<span itemprop='width'>1690<\/span>\n\t\t\t\t<\/span>\n\t\t\t\t<span class='av-structured-data'  itemprop=\"publisher\" itemtype=\"https:\/\/schema.org\/Organization\" itemscope=\"itemscope\" >\n\t\t\t\t\t\t<span itemprop='name'>Transports Cou\u00e9<\/span>\n\t\t\t\t\t\t<span itemprop='logo' itemscope itemtype='https:\/\/schema.org\/ImageObject'>\n\t\t\t\t\t\t\t<span itemprop='url'>https:\/\/www.transports-coue.fr\/wp-content\/uploads\/2018\/10\/Logo-transports-coue-300x119.png<\/span>\n\t\t\t\t\t\t<\/span>\n\t\t\t\t<\/span><span class='av-structured-data'  itemprop=\"author\" itemscope=\"itemscope\" itemtype=\"https:\/\/schema.org\/Person\" ><span itemprop='name'>Transports Cou\u00e9<\/span><\/span><span class='av-structured-data'  itemprop=\"datePublished\" datetime=\"2018-10-04T10:16:12+02:00\" >2023-01-20 16:06:43<\/span><span class='av-structured-data'  itemprop=\"dateModified\" itemtype=\"https:\/\/schema.org\/dateModified\" >2023-01-20 16:16:37<\/span><span class='av-structured-data'  itemprop=\"mainEntityOfPage\" itemtype=\"https:\/\/schema.org\/mainEntityOfPage\" ><span itemprop='name'>Soir\u00e9e de toutes les \u00e9quipes Cou\u00e9, TRM, ELM, TCM et Sotecan International<\/span><\/span><\/span><\/article><article class='slide-entry flex_column  post-entry post-entry-8157 slide-entry-overview slide-loop-69 slide-parity-odd  av_one_third  real-thumbnail posttype-post post-format-standard'  itemscope=\"itemscope\" itemtype=\"https:\/\/schema.org\/CreativeWork\" ><a href='https:\/\/www.transports-coue.fr\/fr\/tous-nos-meilleurs-voeux-pour-2023\/' data-rel='slide-2' class='slide-image' title='Tous nos meilleurs v\u0153ux pour 2023 !'><img decoding=\"async\" fetchpriority=\"high\" width=\"1690\" height=\"642\" src=\"https:\/\/www.transports-coue.fr\/wp-content\/uploads\/2023\/01\/groupe-coue-trm-voeux-2023-web.jpg\" class=\"wp-image-8158 avia-img-lazy-loading-not-8158 attachment-no scaling size-no scaling wp-post-image\" alt=\"\" srcset=\"https:\/\/www.transports-coue.fr\/wp-content\/uploads\/2023\/01\/groupe-coue-trm-voeux-2023-web.jpg 1690w, https:\/\/www.transports-coue.fr\/wp-content\/uploads\/2023\/01\/groupe-coue-trm-voeux-2023-web-300x114.jpg 300w, https:\/\/www.transports-coue.fr\/wp-content\/uploads\/2023\/01\/groupe-coue-trm-voeux-2023-web-1030x391.jpg 1030w, https:\/\/www.transports-coue.fr\/wp-content\/uploads\/2023\/01\/groupe-coue-trm-voeux-2023-web-80x30.jpg 80w, https:\/\/www.transports-coue.fr\/wp-content\/uploads\/2023\/01\/groupe-coue-trm-voeux-2023-web-768x292.jpg 768w, https:\/\/www.transports-coue.fr\/wp-content\/uploads\/2023\/01\/groupe-coue-trm-voeux-2023-web-1536x583.jpg 1536w, https:\/\/www.transports-coue.fr\/wp-content\/uploads\/2023\/01\/groupe-coue-trm-voeux-2023-web-1500x570.jpg 1500w, https:\/\/www.transports-coue.fr\/wp-content\/uploads\/2023\/01\/groupe-coue-trm-voeux-2023-web-705x268.jpg 705w, https:\/\/www.transports-coue.fr\/wp-content\/uploads\/2023\/01\/groupe-coue-trm-voeux-2023-web-845x321.jpg 845w\" sizes=\"(max-width: 1690px) 100vw, 1690px\" \/><\/a><div class=\"slide-content\"><header class=\"entry-content-header\" aria-label=\"Slide: Tous nos meilleurs v\u0153ux pour 2023 !\"><h3 class='slide-entry-title entry-title '  itemprop=\"headline\" ><a href='https:\/\/www.transports-coue.fr\/fr\/tous-nos-meilleurs-voeux-pour-2023\/' title='Tous nos meilleurs v\u0153ux pour 2023 !'>Tous nos meilleurs v\u0153ux pour 2023 !<\/a><\/h3><span class=\"blog-categories minor-meta\"><a href=\"https:\/\/www.transports-coue.fr\/fr\/category\/actualites\/\" rel=\"tag\">Actualit\u00e9s<\/a>, <a href=\"https:\/\/www.transports-coue.fr\/fr\/category\/actualites\/evenements\/\" rel=\"tag\">Ev\u00e9nements<\/a>, <a href=\"https:\/\/www.transports-coue.fr\/fr\/category\/actualites\/evenements\/evenements-logistique\/\" rel=\"tag\">Ev\u00e9nements Logistique<\/a>, <a href=\"https:\/\/www.transports-coue.fr\/fr\/category\/actualites\/evenements\/evenement-overseas\/\" rel=\"tag\">Ev\u00e9nements Overseas<\/a> <\/span><span class=\"av-vertical-delimiter\"><\/span><\/header><div class='slide-entry-excerpt entry-content'  itemprop=\"text\" >\ud83c\udf1f Nous vous souhaitons une Excellente Ann\u00e9e 2\ufe0f\u20e30\ufe0f\u20e32\ufe0f\u20e33\ufe0f\u20e3\ud83c\udf1f\n\nQu'elle vous apporte Sant\u00e9, Bonheur et R\u00e9ussite ainsi qu\u2019\u00e0 vos proches !\u2728\n\n#TransportsRoutier #Logistique #Overseas<div class=\"read-more-link\"><a href=\"https:\/\/www.transports-coue.fr\/fr\/tous-nos-meilleurs-voeux-pour-2023\/\" class=\"more-link\">Lire la suite<span class='more-link-arrow avia-svg-icon avia-font-svg_entypo-fontello' data-av_svg_icon='right-open-big' data-av_iconset='svg_entypo-fontello'><svg version=\"1.1\" xmlns=\"http:\/\/www.w3.org\/2000\/svg\" width=\"15\" height=\"32\" viewBox=\"0 0 15 32\" preserveAspectRatio=\"xMidYMid meet\" role=\"graphics-symbol\" aria-hidden=\"true\">\n<path d=\"M0.416 27.84l11.456-11.84-11.456-11.904q-0.832-0.832 0-1.536 0.832-0.832 1.536 0l12.544 12.608q0.768 0.832 0 1.6l-12.544 12.608q-0.704 0.832-1.536 0-0.832-0.704 0-1.536z\"><\/path>\n<\/svg><\/span><\/a><\/div><\/div><\/div><footer class=\"entry-footer\"><div class=\"slide-meta\"><time class='slide-meta-time updated'  itemprop=\"datePublished\" datetime=\"2023-01-02T16:33:31+01:00\" >2 janvier 2023<\/time><\/div><\/footer><span class='hidden'>\n\t\t\t\t<span class='av-structured-data'  itemprop=\"image\" itemscope=\"itemscope\" itemtype=\"https:\/\/schema.org\/ImageObject\" >\n\t\t\t\t\t\t<span itemprop='url'>https:\/\/www.transports-coue.fr\/wp-content\/uploads\/2023\/01\/groupe-coue-trm-voeux-2023-web.jpg<\/span>\n\t\t\t\t\t\t<span itemprop='height'>642<\/span>\n\t\t\t\t\t\t<span itemprop='width'>1690<\/span>\n\t\t\t\t<\/span>\n\t\t\t\t<span class='av-structured-data'  itemprop=\"publisher\" itemtype=\"https:\/\/schema.org\/Organization\" itemscope=\"itemscope\" >\n\t\t\t\t\t\t<span itemprop='name'>Transports Cou\u00e9<\/span>\n\t\t\t\t\t\t<span itemprop='logo' itemscope itemtype='https:\/\/schema.org\/ImageObject'>\n\t\t\t\t\t\t\t<span itemprop='url'>https:\/\/www.transports-coue.fr\/wp-content\/uploads\/2018\/10\/Logo-transports-coue-300x119.png<\/span>\n\t\t\t\t\t\t<\/span>\n\t\t\t\t<\/span><span class='av-structured-data'  itemprop=\"author\" itemscope=\"itemscope\" itemtype=\"https:\/\/schema.org\/Person\" ><span itemprop='name'>Transports Cou\u00e9<\/span><\/span><span class='av-structured-data'  itemprop=\"datePublished\" datetime=\"2018-10-04T10:16:12+02:00\" >2023-01-02 16:33:31<\/span><span class='av-structured-data'  itemprop=\"dateModified\" itemtype=\"https:\/\/schema.org\/dateModified\" >2023-01-02 16:37:20<\/span><span class='av-structured-data'  itemprop=\"mainEntityOfPage\" itemtype=\"https:\/\/schema.org\/mainEntityOfPage\" ><span itemprop='name'>Tous nos meilleurs v\u0153ux pour 2023 !<\/span><\/span><\/span><\/article><\/div><div class=\"slide-entry-wrap\"><article class='slide-entry flex_column  post-entry post-entry-8148 slide-entry-overview slide-loop-70 slide-parity-odd  av_one_third first real-thumbnail posttype-post post-format-standard'  itemscope=\"itemscope\" itemtype=\"https:\/\/schema.org\/CreativeWork\" ><a href='https:\/\/www.transports-coue.fr\/fr\/passez-de-belles-fetes-de-fin-dannee\/' data-rel='slide-2' class='slide-image' title='Passez de belles f\u00eates de fin d&rsquo;ann\u00e9e !'><img decoding=\"async\" fetchpriority=\"high\" width=\"1690\" height=\"642\" src=\"https:\/\/www.transports-coue.fr\/wp-content\/uploads\/2022\/12\/groupe-coue-trm-fetes-fin-annee.jpg\" class=\"wp-image-8149 avia-img-lazy-loading-not-8149 attachment-no scaling size-no scaling wp-post-image\" alt=\"\" srcset=\"https:\/\/www.transports-coue.fr\/wp-content\/uploads\/2022\/12\/groupe-coue-trm-fetes-fin-annee.jpg 1690w, https:\/\/www.transports-coue.fr\/wp-content\/uploads\/2022\/12\/groupe-coue-trm-fetes-fin-annee-300x114.jpg 300w, https:\/\/www.transports-coue.fr\/wp-content\/uploads\/2022\/12\/groupe-coue-trm-fetes-fin-annee-1030x391.jpg 1030w, https:\/\/www.transports-coue.fr\/wp-content\/uploads\/2022\/12\/groupe-coue-trm-fetes-fin-annee-80x30.jpg 80w, https:\/\/www.transports-coue.fr\/wp-content\/uploads\/2022\/12\/groupe-coue-trm-fetes-fin-annee-768x292.jpg 768w, https:\/\/www.transports-coue.fr\/wp-content\/uploads\/2022\/12\/groupe-coue-trm-fetes-fin-annee-1536x583.jpg 1536w, https:\/\/www.transports-coue.fr\/wp-content\/uploads\/2022\/12\/groupe-coue-trm-fetes-fin-annee-1500x570.jpg 1500w, https:\/\/www.transports-coue.fr\/wp-content\/uploads\/2022\/12\/groupe-coue-trm-fetes-fin-annee-705x268.jpg 705w, https:\/\/www.transports-coue.fr\/wp-content\/uploads\/2022\/12\/groupe-coue-trm-fetes-fin-annee-845x321.jpg 845w\" sizes=\"(max-width: 1690px) 100vw, 1690px\" \/><\/a><div class=\"slide-content\"><header class=\"entry-content-header\" aria-label=\"Slide: Passez de belles f\u00eates de fin d&#039;ann\u00e9e !\"><h3 class='slide-entry-title entry-title '  itemprop=\"headline\" ><a href='https:\/\/www.transports-coue.fr\/fr\/passez-de-belles-fetes-de-fin-dannee\/' title='Passez de belles f\u00eates de fin d&rsquo;ann\u00e9e !'>Passez de belles f\u00eates de fin d&rsquo;ann\u00e9e !<\/a><\/h3><span class=\"blog-categories minor-meta\"><a href=\"https:\/\/www.transports-coue.fr\/fr\/category\/actualites\/\" rel=\"tag\">Actualit\u00e9s<\/a>, <a href=\"https:\/\/www.transports-coue.fr\/fr\/category\/actualites\/evenements\/\" rel=\"tag\">Ev\u00e9nements<\/a>, <a href=\"https:\/\/www.transports-coue.fr\/fr\/category\/actualites\/evenements\/evenements-logistique\/\" rel=\"tag\">Ev\u00e9nements Logistique<\/a>, <a href=\"https:\/\/www.transports-coue.fr\/fr\/category\/actualites\/evenements\/evenement-overseas\/\" rel=\"tag\">Ev\u00e9nements Overseas<\/a> <\/span><span class=\"av-vertical-delimiter\"><\/span><\/header><div class='slide-entry-excerpt entry-content'  itemprop=\"text\" >\ud83c\udf85 Joyeux No\u00ebl \ud83c\udf84 et beau R\u00e9veillon du Nouvel An !!\u2728\n\nNous vous souhaitons \u00e9galement de partager de bons moments avec vos proches !\n\n#Noel #reveillon #nouvelan #TransportRoutier #logistique<div class=\"read-more-link\"><a href=\"https:\/\/www.transports-coue.fr\/fr\/passez-de-belles-fetes-de-fin-dannee\/\" class=\"more-link\">Lire la suite<span class='more-link-arrow avia-svg-icon avia-font-svg_entypo-fontello' data-av_svg_icon='right-open-big' data-av_iconset='svg_entypo-fontello'><svg version=\"1.1\" xmlns=\"http:\/\/www.w3.org\/2000\/svg\" width=\"15\" height=\"32\" viewBox=\"0 0 15 32\" preserveAspectRatio=\"xMidYMid meet\" role=\"graphics-symbol\" aria-hidden=\"true\">\n<path d=\"M0.416 27.84l11.456-11.84-11.456-11.904q-0.832-0.832 0-1.536 0.832-0.832 1.536 0l12.544 12.608q0.768 0.832 0 1.6l-12.544 12.608q-0.704 0.832-1.536 0-0.832-0.704 0-1.536z\"><\/path>\n<\/svg><\/span><\/a><\/div><\/div><\/div><footer class=\"entry-footer\"><div class=\"slide-meta\"><time class='slide-meta-time updated'  itemprop=\"datePublished\" datetime=\"2022-12-21T09:50:35+01:00\" >21 d\u00e9cembre 2022<\/time><\/div><\/footer><span class='hidden'>\n\t\t\t\t<span class='av-structured-data'  itemprop=\"image\" itemscope=\"itemscope\" itemtype=\"https:\/\/schema.org\/ImageObject\" >\n\t\t\t\t\t\t<span itemprop='url'>https:\/\/www.transports-coue.fr\/wp-content\/uploads\/2022\/12\/groupe-coue-trm-fetes-fin-annee.jpg<\/span>\n\t\t\t\t\t\t<span itemprop='height'>642<\/span>\n\t\t\t\t\t\t<span itemprop='width'>1690<\/span>\n\t\t\t\t<\/span>\n\t\t\t\t<span class='av-structured-data'  itemprop=\"publisher\" itemtype=\"https:\/\/schema.org\/Organization\" itemscope=\"itemscope\" >\n\t\t\t\t\t\t<span itemprop='name'>Transports Cou\u00e9<\/span>\n\t\t\t\t\t\t<span itemprop='logo' itemscope itemtype='https:\/\/schema.org\/ImageObject'>\n\t\t\t\t\t\t\t<span itemprop='url'>https:\/\/www.transports-coue.fr\/wp-content\/uploads\/2018\/10\/Logo-transports-coue-300x119.png<\/span>\n\t\t\t\t\t\t<\/span>\n\t\t\t\t<\/span><span class='av-structured-data'  itemprop=\"author\" itemscope=\"itemscope\" itemtype=\"https:\/\/schema.org\/Person\" ><span itemprop='name'>Transports Cou\u00e9<\/span><\/span><span class='av-structured-data'  itemprop=\"datePublished\" datetime=\"2018-10-04T10:16:12+02:00\" >2022-12-21 09:50:35<\/span><span class='av-structured-data'  itemprop=\"dateModified\" itemtype=\"https:\/\/schema.org\/dateModified\" >2022-12-21 09:50:38<\/span><span class='av-structured-data'  itemprop=\"mainEntityOfPage\" itemtype=\"https:\/\/schema.org\/mainEntityOfPage\" ><span itemprop='name'>Passez de belles f\u00eates de fin d&rsquo;ann\u00e9e !<\/span><\/span><\/span><\/article><article class='slide-entry flex_column  post-entry post-entry-8138 slide-entry-overview slide-loop-71 slide-parity-even  av_one_third  real-thumbnail posttype-post post-format-standard'  itemscope=\"itemscope\" itemtype=\"https:\/\/schema.org\/CreativeWork\" ><a href='https:\/\/www.transports-coue.fr\/fr\/notre-equipe-rh-prepare-des-terminales-aux-entretiens-pour-obtenir-un-job-ou-un-stage\/' data-rel='slide-2' class='slide-image' title='Notre \u00e9quipe RH pr\u00e9pare des Terminales aux entretiens pour obtenir un job ou un stage !'><img decoding=\"async\" fetchpriority=\"high\" width=\"1690\" height=\"642\" src=\"https:\/\/www.transports-coue.fr\/wp-content\/uploads\/2022\/12\/coue-trm-intervention-lycee-leonard-de-vinci-mayenne.jpg\" class=\"wp-image-8141 avia-img-lazy-loading-not-8141 attachment-no scaling size-no scaling wp-post-image\" alt=\"\" srcset=\"https:\/\/www.transports-coue.fr\/wp-content\/uploads\/2022\/12\/coue-trm-intervention-lycee-leonard-de-vinci-mayenne.jpg 1690w, https:\/\/www.transports-coue.fr\/wp-content\/uploads\/2022\/12\/coue-trm-intervention-lycee-leonard-de-vinci-mayenne-300x114.jpg 300w, https:\/\/www.transports-coue.fr\/wp-content\/uploads\/2022\/12\/coue-trm-intervention-lycee-leonard-de-vinci-mayenne-1030x391.jpg 1030w, https:\/\/www.transports-coue.fr\/wp-content\/uploads\/2022\/12\/coue-trm-intervention-lycee-leonard-de-vinci-mayenne-80x30.jpg 80w, https:\/\/www.transports-coue.fr\/wp-content\/uploads\/2022\/12\/coue-trm-intervention-lycee-leonard-de-vinci-mayenne-768x292.jpg 768w, https:\/\/www.transports-coue.fr\/wp-content\/uploads\/2022\/12\/coue-trm-intervention-lycee-leonard-de-vinci-mayenne-1536x583.jpg 1536w, https:\/\/www.transports-coue.fr\/wp-content\/uploads\/2022\/12\/coue-trm-intervention-lycee-leonard-de-vinci-mayenne-1500x570.jpg 1500w, https:\/\/www.transports-coue.fr\/wp-content\/uploads\/2022\/12\/coue-trm-intervention-lycee-leonard-de-vinci-mayenne-705x268.jpg 705w, https:\/\/www.transports-coue.fr\/wp-content\/uploads\/2022\/12\/coue-trm-intervention-lycee-leonard-de-vinci-mayenne-845x321.jpg 845w\" sizes=\"(max-width: 1690px) 100vw, 1690px\" \/><\/a><div class=\"slide-content\"><header class=\"entry-content-header\" aria-label=\"Slide: Notre \u00e9quipe RH pr\u00e9pare des Terminales aux entretiens pour obtenir un job ou un stage !\"><h3 class='slide-entry-title entry-title '  itemprop=\"headline\" ><a href='https:\/\/www.transports-coue.fr\/fr\/notre-equipe-rh-prepare-des-terminales-aux-entretiens-pour-obtenir-un-job-ou-un-stage\/' title='Notre \u00e9quipe RH pr\u00e9pare des Terminales aux entretiens pour obtenir un job ou un stage !'>Notre \u00e9quipe RH pr\u00e9pare des Terminales aux entretiens pour obtenir un job ou un stage !<\/a><\/h3><span class=\"blog-categories minor-meta\"><a href=\"https:\/\/www.transports-coue.fr\/fr\/category\/actualites\/\" rel=\"tag\">Actualit\u00e9s<\/a>, <a href=\"https:\/\/www.transports-coue.fr\/fr\/category\/actualites\/evenements\/\" rel=\"tag\">Ev\u00e9nements<\/a> <\/span><span class=\"av-vertical-delimiter\"><\/span><\/header><div class='slide-entry-excerpt entry-content'  itemprop=\"text\" >Au Lyc\u00e9e L\u00e9onard de Vinci \u00e0 Mayenne, ce 6 d\u00e9cembre, notre \u00e9quipe RH a eu le plaisir de partager avec les \u00e9l\u00e8ves \ud83d\udc65 de Terminale leurs conseils, leurs exp\u00e9riences pour les aider\ud83e\udd1d dans la pr\u00e9paration \u00e0 leurs futurs entretiens \ud83d\udcac\u2026<div class=\"read-more-link\"><a href=\"https:\/\/www.transports-coue.fr\/fr\/notre-equipe-rh-prepare-des-terminales-aux-entretiens-pour-obtenir-un-job-ou-un-stage\/\" class=\"more-link\">Lire la suite<span class='more-link-arrow avia-svg-icon avia-font-svg_entypo-fontello' data-av_svg_icon='right-open-big' data-av_iconset='svg_entypo-fontello'><svg version=\"1.1\" xmlns=\"http:\/\/www.w3.org\/2000\/svg\" width=\"15\" height=\"32\" viewBox=\"0 0 15 32\" preserveAspectRatio=\"xMidYMid meet\" role=\"graphics-symbol\" aria-hidden=\"true\">\n<path d=\"M0.416 27.84l11.456-11.84-11.456-11.904q-0.832-0.832 0-1.536 0.832-0.832 1.536 0l12.544 12.608q0.768 0.832 0 1.6l-12.544 12.608q-0.704 0.832-1.536 0-0.832-0.704 0-1.536z\"><\/path>\n<\/svg><\/span><\/a><\/div><\/div><\/div><footer class=\"entry-footer\"><div class=\"slide-meta\"><time class='slide-meta-time updated'  itemprop=\"datePublished\" datetime=\"2022-12-09T11:46:26+01:00\" >9 d\u00e9cembre 2022<\/time><\/div><\/footer><span class='hidden'>\n\t\t\t\t<span class='av-structured-data'  itemprop=\"image\" itemscope=\"itemscope\" itemtype=\"https:\/\/schema.org\/ImageObject\" >\n\t\t\t\t\t\t<span itemprop='url'>https:\/\/www.transports-coue.fr\/wp-content\/uploads\/2022\/12\/coue-trm-intervention-lycee-leonard-de-vinci-mayenne.jpg<\/span>\n\t\t\t\t\t\t<span itemprop='height'>642<\/span>\n\t\t\t\t\t\t<span itemprop='width'>1690<\/span>\n\t\t\t\t<\/span>\n\t\t\t\t<span class='av-structured-data'  itemprop=\"publisher\" itemtype=\"https:\/\/schema.org\/Organization\" itemscope=\"itemscope\" >\n\t\t\t\t\t\t<span itemprop='name'>Transports Cou\u00e9<\/span>\n\t\t\t\t\t\t<span itemprop='logo' itemscope itemtype='https:\/\/schema.org\/ImageObject'>\n\t\t\t\t\t\t\t<span itemprop='url'>https:\/\/www.transports-coue.fr\/wp-content\/uploads\/2018\/10\/Logo-transports-coue-300x119.png<\/span>\n\t\t\t\t\t\t<\/span>\n\t\t\t\t<\/span><span class='av-structured-data'  itemprop=\"author\" itemscope=\"itemscope\" itemtype=\"https:\/\/schema.org\/Person\" ><span itemprop='name'>Transports Cou\u00e9<\/span><\/span><span class='av-structured-data'  itemprop=\"datePublished\" datetime=\"2018-10-04T10:16:12+02:00\" >2022-12-09 11:46:26<\/span><span class='av-structured-data'  itemprop=\"dateModified\" itemtype=\"https:\/\/schema.org\/dateModified\" >2022-12-09 12:06:38<\/span><span class='av-structured-data'  itemprop=\"mainEntityOfPage\" itemtype=\"https:\/\/schema.org\/mainEntityOfPage\" ><span itemprop='name'>Notre \u00e9quipe RH pr\u00e9pare des Terminales aux entretiens pour obtenir un job ou un stage !<\/span><\/span><\/span><\/article><article class='slide-entry flex_column  post-entry post-entry-8128 slide-entry-overview slide-loop-72 slide-parity-odd  av_one_third  real-thumbnail posttype-post post-format-standard'  itemscope=\"itemscope\" itemtype=\"https:\/\/schema.org\/CreativeWork\" ><a href='https:\/\/www.transports-coue.fr\/fr\/sotecan-international-a-la-conference-annuelle-2022-de-millenium-logistics-network\/' data-rel='slide-2' class='slide-image' title='Sotecan International \u00e0 la Conf\u00e9rence Annuelle 2022 de Millenium Logistics Network'><img decoding=\"async\" fetchpriority=\"high\" width=\"1690\" height=\"642\" src=\"https:\/\/www.transports-coue.fr\/wp-content\/uploads\/2022\/12\/sotecan-participation-conference-annual-millenium-2022-singapore.jpg\" class=\"wp-image-8130 avia-img-lazy-loading-not-8130 attachment-no scaling size-no scaling wp-post-image\" alt=\"\" srcset=\"https:\/\/www.transports-coue.fr\/wp-content\/uploads\/2022\/12\/sotecan-participation-conference-annual-millenium-2022-singapore.jpg 1690w, https:\/\/www.transports-coue.fr\/wp-content\/uploads\/2022\/12\/sotecan-participation-conference-annual-millenium-2022-singapore-300x114.jpg 300w, https:\/\/www.transports-coue.fr\/wp-content\/uploads\/2022\/12\/sotecan-participation-conference-annual-millenium-2022-singapore-1030x391.jpg 1030w, https:\/\/www.transports-coue.fr\/wp-content\/uploads\/2022\/12\/sotecan-participation-conference-annual-millenium-2022-singapore-80x30.jpg 80w, https:\/\/www.transports-coue.fr\/wp-content\/uploads\/2022\/12\/sotecan-participation-conference-annual-millenium-2022-singapore-768x292.jpg 768w, https:\/\/www.transports-coue.fr\/wp-content\/uploads\/2022\/12\/sotecan-participation-conference-annual-millenium-2022-singapore-1536x583.jpg 1536w, https:\/\/www.transports-coue.fr\/wp-content\/uploads\/2022\/12\/sotecan-participation-conference-annual-millenium-2022-singapore-1500x570.jpg 1500w, https:\/\/www.transports-coue.fr\/wp-content\/uploads\/2022\/12\/sotecan-participation-conference-annual-millenium-2022-singapore-705x268.jpg 705w, https:\/\/www.transports-coue.fr\/wp-content\/uploads\/2022\/12\/sotecan-participation-conference-annual-millenium-2022-singapore-845x321.jpg 845w\" sizes=\"(max-width: 1690px) 100vw, 1690px\" \/><\/a><div class=\"slide-content\"><header class=\"entry-content-header\" aria-label=\"Slide: Sotecan International \u00e0 la Conf\u00e9rence Annuelle 2022 de Millenium Logistics Network\"><h3 class='slide-entry-title entry-title '  itemprop=\"headline\" ><a href='https:\/\/www.transports-coue.fr\/fr\/sotecan-international-a-la-conference-annuelle-2022-de-millenium-logistics-network\/' title='Sotecan International \u00e0 la Conf\u00e9rence Annuelle 2022 de Millenium Logistics Network'>Sotecan International \u00e0 la Conf\u00e9rence Annuelle 2022 de Millenium Logistics Network<\/a><\/h3><span class=\"blog-categories minor-meta\"><a href=\"https:\/\/www.transports-coue.fr\/fr\/category\/actualites\/\" rel=\"tag\">Actualit\u00e9s<\/a>, <a href=\"https:\/\/www.transports-coue.fr\/fr\/category\/actualites\/evenements\/\" rel=\"tag\">Ev\u00e9nements<\/a>, <a href=\"https:\/\/www.transports-coue.fr\/fr\/category\/actualites\/evenements\/evenement-overseas\/\" rel=\"tag\">Ev\u00e9nements Overseas<\/a> <\/span><span class=\"av-vertical-delimiter\"><\/span><\/header><div class='slide-entry-excerpt entry-content'  itemprop=\"text\" >Notre structure Sotecan International a particip\u00e9 cette ann\u00e9e \u00e0 la 7\u00e8me conf\u00e9rence de Millenium Logistics Network \u00e0 Singapour, repr\u00e9sent\u00e9e par notre coordinateur de r\u00e9seau Karim HAMADACHE.\n\nApr\u00e8s 2 ans de Covid, cet \u00e9v\u00e9nement a \u00e9t\u00e9\u2026<div class=\"read-more-link\"><a href=\"https:\/\/www.transports-coue.fr\/fr\/sotecan-international-a-la-conference-annuelle-2022-de-millenium-logistics-network\/\" class=\"more-link\">Lire la suite<span class='more-link-arrow avia-svg-icon avia-font-svg_entypo-fontello' data-av_svg_icon='right-open-big' data-av_iconset='svg_entypo-fontello'><svg version=\"1.1\" xmlns=\"http:\/\/www.w3.org\/2000\/svg\" width=\"15\" height=\"32\" viewBox=\"0 0 15 32\" preserveAspectRatio=\"xMidYMid meet\" role=\"graphics-symbol\" aria-hidden=\"true\">\n<path d=\"M0.416 27.84l11.456-11.84-11.456-11.904q-0.832-0.832 0-1.536 0.832-0.832 1.536 0l12.544 12.608q0.768 0.832 0 1.6l-12.544 12.608q-0.704 0.832-1.536 0-0.832-0.704 0-1.536z\"><\/path>\n<\/svg><\/span><\/a><\/div><\/div><\/div><footer class=\"entry-footer\"><div class=\"slide-meta\"><time class='slide-meta-time updated'  itemprop=\"datePublished\" datetime=\"2022-12-07T11:38:49+01:00\" >7 d\u00e9cembre 2022<\/time><\/div><\/footer><span class='hidden'>\n\t\t\t\t<span class='av-structured-data'  itemprop=\"image\" itemscope=\"itemscope\" itemtype=\"https:\/\/schema.org\/ImageObject\" >\n\t\t\t\t\t\t<span itemprop='url'>https:\/\/www.transports-coue.fr\/wp-content\/uploads\/2022\/12\/sotecan-participation-conference-annual-millenium-2022-singapore.jpg<\/span>\n\t\t\t\t\t\t<span itemprop='height'>642<\/span>\n\t\t\t\t\t\t<span itemprop='width'>1690<\/span>\n\t\t\t\t<\/span>\n\t\t\t\t<span class='av-structured-data'  itemprop=\"publisher\" itemtype=\"https:\/\/schema.org\/Organization\" itemscope=\"itemscope\" >\n\t\t\t\t\t\t<span itemprop='name'>Transports Cou\u00e9<\/span>\n\t\t\t\t\t\t<span itemprop='logo' itemscope itemtype='https:\/\/schema.org\/ImageObject'>\n\t\t\t\t\t\t\t<span itemprop='url'>https:\/\/www.transports-coue.fr\/wp-content\/uploads\/2018\/10\/Logo-transports-coue-300x119.png<\/span>\n\t\t\t\t\t\t<\/span>\n\t\t\t\t<\/span><span class='av-structured-data'  itemprop=\"author\" itemscope=\"itemscope\" itemtype=\"https:\/\/schema.org\/Person\" ><span itemprop='name'>Transports Cou\u00e9<\/span><\/span><span class='av-structured-data'  itemprop=\"datePublished\" datetime=\"2018-10-04T10:16:12+02:00\" >2022-12-07 11:38:49<\/span><span class='av-structured-data'  itemprop=\"dateModified\" itemtype=\"https:\/\/schema.org\/dateModified\" >2022-12-08 08:58:29<\/span><span class='av-structured-data'  itemprop=\"mainEntityOfPage\" itemtype=\"https:\/\/schema.org\/mainEntityOfPage\" ><span itemprop='name'>Sotecan International \u00e0 la Conf\u00e9rence Annuelle 2022 de Millenium Logistics Network<\/span><\/span><\/span><\/article><\/div><div class=\"slide-entry-wrap\"><article class='slide-entry flex_column  post-entry post-entry-8056 slide-entry-overview slide-loop-73 slide-parity-odd  av_one_third first real-thumbnail posttype-post post-format-standard'  itemscope=\"itemscope\" itemtype=\"https:\/\/schema.org\/CreativeWork\" ><a href='https:\/\/www.transports-coue.fr\/fr\/notre-magnifique-equipe-feminine-soutient-octobre-rose\/' data-rel='slide-2' class='slide-image' title='Notre magnifique \u00e9quipe f\u00e9minine soutient Octobre Rose'><img decoding=\"async\" fetchpriority=\"high\" width=\"1690\" height=\"642\" src=\"https:\/\/www.transports-coue.fr\/wp-content\/uploads\/2022\/10\/equipe-coue-trm-octobre-rose.jpg\" class=\"wp-image-8058 avia-img-lazy-loading-not-8058 attachment-no scaling size-no scaling wp-post-image\" alt=\"Octobre Rose, participation aux Foul\u00e9e Roses de Laval de notre \u00e9quipe f\u00e9minine\" srcset=\"https:\/\/www.transports-coue.fr\/wp-content\/uploads\/2022\/10\/equipe-coue-trm-octobre-rose.jpg 1690w, https:\/\/www.transports-coue.fr\/wp-content\/uploads\/2022\/10\/equipe-coue-trm-octobre-rose-300x114.jpg 300w, https:\/\/www.transports-coue.fr\/wp-content\/uploads\/2022\/10\/equipe-coue-trm-octobre-rose-1030x391.jpg 1030w, https:\/\/www.transports-coue.fr\/wp-content\/uploads\/2022\/10\/equipe-coue-trm-octobre-rose-80x30.jpg 80w, https:\/\/www.transports-coue.fr\/wp-content\/uploads\/2022\/10\/equipe-coue-trm-octobre-rose-768x292.jpg 768w, https:\/\/www.transports-coue.fr\/wp-content\/uploads\/2022\/10\/equipe-coue-trm-octobre-rose-1536x583.jpg 1536w, https:\/\/www.transports-coue.fr\/wp-content\/uploads\/2022\/10\/equipe-coue-trm-octobre-rose-1500x570.jpg 1500w, https:\/\/www.transports-coue.fr\/wp-content\/uploads\/2022\/10\/equipe-coue-trm-octobre-rose-705x268.jpg 705w, https:\/\/www.transports-coue.fr\/wp-content\/uploads\/2022\/10\/equipe-coue-trm-octobre-rose-845x321.jpg 845w\" sizes=\"(max-width: 1690px) 100vw, 1690px\" \/><\/a><div class=\"slide-content\"><header class=\"entry-content-header\" aria-label=\"Slide: Notre magnifique \u00e9quipe f\u00e9minine soutient Octobre Rose\"><h3 class='slide-entry-title entry-title '  itemprop=\"headline\" ><a href='https:\/\/www.transports-coue.fr\/fr\/notre-magnifique-equipe-feminine-soutient-octobre-rose\/' title='Notre magnifique \u00e9quipe f\u00e9minine soutient Octobre Rose'>Notre magnifique \u00e9quipe f\u00e9minine soutient Octobre Rose<\/a><\/h3><span class=\"blog-categories minor-meta\"><a href=\"https:\/\/www.transports-coue.fr\/fr\/category\/actualites\/\" rel=\"tag\">Actualit\u00e9s<\/a>, <a href=\"https:\/\/www.transports-coue.fr\/fr\/category\/actualites\/evenements\/\" rel=\"tag\">Ev\u00e9nements<\/a> <\/span><span class=\"av-vertical-delimiter\"><\/span><\/header><div class='slide-entry-excerpt entry-content'  itemprop=\"text\" >\nParce qu\u2019une belle cause  \u00e7a se d\u00e9fend aussi entre coll\u00e8gues !\n\n\nBravo \u00e0 notre \u00e9quipe f\u00e9minine Cou\u00e9-TRM pour leur participation \u00e0 la 10\u00e8me \u00e9dition des Foul\u00e9es Roses de Laval (53, Mayenne), la course pour la sensibilisation au d\u00e9pistage\u2026<div class=\"read-more-link\"><a href=\"https:\/\/www.transports-coue.fr\/fr\/notre-magnifique-equipe-feminine-soutient-octobre-rose\/\" class=\"more-link\">Lire la suite<span class='more-link-arrow avia-svg-icon avia-font-svg_entypo-fontello' data-av_svg_icon='right-open-big' data-av_iconset='svg_entypo-fontello'><svg version=\"1.1\" xmlns=\"http:\/\/www.w3.org\/2000\/svg\" width=\"15\" height=\"32\" viewBox=\"0 0 15 32\" preserveAspectRatio=\"xMidYMid meet\" role=\"graphics-symbol\" aria-hidden=\"true\">\n<path d=\"M0.416 27.84l11.456-11.84-11.456-11.904q-0.832-0.832 0-1.536 0.832-0.832 1.536 0l12.544 12.608q0.768 0.832 0 1.6l-12.544 12.608q-0.704 0.832-1.536 0-0.832-0.704 0-1.536z\"><\/path>\n<\/svg><\/span><\/a><\/div><\/div><\/div><footer class=\"entry-footer\"><div class=\"slide-meta\"><time class='slide-meta-time updated'  itemprop=\"datePublished\" datetime=\"2022-10-21T16:23:42+02:00\" >21 octobre 2022<\/time><\/div><\/footer><span class='hidden'>\n\t\t\t\t<span class='av-structured-data'  itemprop=\"image\" itemscope=\"itemscope\" itemtype=\"https:\/\/schema.org\/ImageObject\" >\n\t\t\t\t\t\t<span itemprop='url'>https:\/\/www.transports-coue.fr\/wp-content\/uploads\/2022\/10\/equipe-coue-trm-octobre-rose.jpg<\/span>\n\t\t\t\t\t\t<span itemprop='height'>642<\/span>\n\t\t\t\t\t\t<span itemprop='width'>1690<\/span>\n\t\t\t\t<\/span>\n\t\t\t\t<span class='av-structured-data'  itemprop=\"publisher\" itemtype=\"https:\/\/schema.org\/Organization\" itemscope=\"itemscope\" >\n\t\t\t\t\t\t<span itemprop='name'>Transports Cou\u00e9<\/span>\n\t\t\t\t\t\t<span itemprop='logo' itemscope itemtype='https:\/\/schema.org\/ImageObject'>\n\t\t\t\t\t\t\t<span itemprop='url'>https:\/\/www.transports-coue.fr\/wp-content\/uploads\/2018\/10\/Logo-transports-coue-300x119.png<\/span>\n\t\t\t\t\t\t<\/span>\n\t\t\t\t<\/span><span class='av-structured-data'  itemprop=\"author\" itemscope=\"itemscope\" itemtype=\"https:\/\/schema.org\/Person\" ><span itemprop='name'>Transports Cou\u00e9<\/span><\/span><span class='av-structured-data'  itemprop=\"datePublished\" datetime=\"2018-10-04T10:16:12+02:00\" >2022-10-21 16:23:42<\/span><span class='av-structured-data'  itemprop=\"dateModified\" itemtype=\"https:\/\/schema.org\/dateModified\" >2022-10-21 16:26:34<\/span><span class='av-structured-data'  itemprop=\"mainEntityOfPage\" itemtype=\"https:\/\/schema.org\/mainEntityOfPage\" ><span itemprop='name'>Notre magnifique \u00e9quipe f\u00e9minine soutient Octobre Rose<\/span><\/span><\/span><\/article><article class='slide-entry flex_column  post-entry post-entry-8043 slide-entry-overview slide-loop-74 slide-parity-even  av_one_third  real-thumbnail posttype-post post-format-standard'  itemscope=\"itemscope\" itemtype=\"https:\/\/schema.org\/CreativeWork\" ><a href='https:\/\/www.transports-coue.fr\/fr\/rendez-vous-au-salon-de-lemploi-a-laval-le-11-octobre-2022\/' data-rel='slide-2' class='slide-image' title='Rendez-vous au Salon de l&#8217;emploi \u00e0 Laval le 11 octobre 2022'><img decoding=\"async\" fetchpriority=\"high\" width=\"1690\" height=\"642\" src=\"https:\/\/www.transports-coue.fr\/wp-content\/uploads\/2022\/10\/rdv-emploi-laval-10-2022-job-dating.jpg\" class=\"wp-image-8044 avia-img-lazy-loading-not-8044 attachment-no scaling size-no scaling wp-post-image\" alt=\"Cou\u00e9 et TRM au job dating de Laval le 11 octobre 2022\" srcset=\"https:\/\/www.transports-coue.fr\/wp-content\/uploads\/2022\/10\/rdv-emploi-laval-10-2022-job-dating.jpg 1690w, https:\/\/www.transports-coue.fr\/wp-content\/uploads\/2022\/10\/rdv-emploi-laval-10-2022-job-dating-300x114.jpg 300w, https:\/\/www.transports-coue.fr\/wp-content\/uploads\/2022\/10\/rdv-emploi-laval-10-2022-job-dating-1030x391.jpg 1030w, https:\/\/www.transports-coue.fr\/wp-content\/uploads\/2022\/10\/rdv-emploi-laval-10-2022-job-dating-80x30.jpg 80w, https:\/\/www.transports-coue.fr\/wp-content\/uploads\/2022\/10\/rdv-emploi-laval-10-2022-job-dating-768x292.jpg 768w, https:\/\/www.transports-coue.fr\/wp-content\/uploads\/2022\/10\/rdv-emploi-laval-10-2022-job-dating-1536x583.jpg 1536w, https:\/\/www.transports-coue.fr\/wp-content\/uploads\/2022\/10\/rdv-emploi-laval-10-2022-job-dating-1500x570.jpg 1500w, https:\/\/www.transports-coue.fr\/wp-content\/uploads\/2022\/10\/rdv-emploi-laval-10-2022-job-dating-705x268.jpg 705w, https:\/\/www.transports-coue.fr\/wp-content\/uploads\/2022\/10\/rdv-emploi-laval-10-2022-job-dating-845x321.jpg 845w\" sizes=\"(max-width: 1690px) 100vw, 1690px\" \/><\/a><div class=\"slide-content\"><header class=\"entry-content-header\" aria-label=\"Slide: Rendez-vous au Salon de l&#039;emploi \u00e0 Laval le 11 octobre 2022\"><h3 class='slide-entry-title entry-title '  itemprop=\"headline\" ><a href='https:\/\/www.transports-coue.fr\/fr\/rendez-vous-au-salon-de-lemploi-a-laval-le-11-octobre-2022\/' title='Rendez-vous au Salon de l&#8217;emploi \u00e0 Laval le 11 octobre 2022'>Rendez-vous au Salon de l&#8217;emploi \u00e0 Laval le 11 octobre 2022<\/a><\/h3><span class=\"blog-categories minor-meta\"><a href=\"https:\/\/www.transports-coue.fr\/fr\/category\/actualites\/\" rel=\"tag\">Actualit\u00e9s<\/a>, <a href=\"https:\/\/www.transports-coue.fr\/fr\/category\/actualites\/evenements\/\" rel=\"tag\">Ev\u00e9nements<\/a> <\/span><span class=\"av-vertical-delimiter\"><\/span><\/header><div class='slide-entry-excerpt entry-content'  itemprop=\"text\" >\ud83d\udce2 Notre \u00e9quipe RH vous donne rdv au \ud835\udde6\ud835\uddee\ud835\uddf9\ud835\uddfc\ud835\uddfb \ud835\uddf1\ud835\uddf2 \ud835\uddf9'\ud835\uddf2\ud835\uddfa\ud835\uddfd\ud835\uddf9\ud835\uddfc\ud835\uddf6 le \ud835\udfed\ud835\udfed\/\ud835\udfed\ud835\udfec de \ud83d\udd66\ud835\udfed\ud835\udfef\ud835\uddf5\ud835\udfef\ud835\udfec \ud835\uddee\u0300 \ud835\udfed\ud835\udff5\ud835\uddf5 \ud83d\udccd \ud835\uddee\u0300 \ud835\udddf\ud835\uddee\ud835\ude03\ud835\uddee\ud835\uddf9 (\ud835\udff1\ud835\udfef) - Espace Mayenne\n\nVenez d\u00e9couvrir\u2026<div class=\"read-more-link\"><a href=\"https:\/\/www.transports-coue.fr\/fr\/rendez-vous-au-salon-de-lemploi-a-laval-le-11-octobre-2022\/\" class=\"more-link\">Lire la suite<span class='more-link-arrow avia-svg-icon avia-font-svg_entypo-fontello' data-av_svg_icon='right-open-big' data-av_iconset='svg_entypo-fontello'><svg version=\"1.1\" xmlns=\"http:\/\/www.w3.org\/2000\/svg\" width=\"15\" height=\"32\" viewBox=\"0 0 15 32\" preserveAspectRatio=\"xMidYMid meet\" role=\"graphics-symbol\" aria-hidden=\"true\">\n<path d=\"M0.416 27.84l11.456-11.84-11.456-11.904q-0.832-0.832 0-1.536 0.832-0.832 1.536 0l12.544 12.608q0.768 0.832 0 1.6l-12.544 12.608q-0.704 0.832-1.536 0-0.832-0.704 0-1.536z\"><\/path>\n<\/svg><\/span><\/a><\/div><\/div><\/div><footer class=\"entry-footer\"><div class=\"slide-meta\"><time class='slide-meta-time updated'  itemprop=\"datePublished\" datetime=\"2022-10-04T14:39:34+02:00\" >4 octobre 2022<\/time><\/div><\/footer><span class='hidden'>\n\t\t\t\t<span class='av-structured-data'  itemprop=\"image\" itemscope=\"itemscope\" itemtype=\"https:\/\/schema.org\/ImageObject\" >\n\t\t\t\t\t\t<span itemprop='url'>https:\/\/www.transports-coue.fr\/wp-content\/uploads\/2022\/10\/rdv-emploi-laval-10-2022-job-dating.jpg<\/span>\n\t\t\t\t\t\t<span itemprop='height'>642<\/span>\n\t\t\t\t\t\t<span itemprop='width'>1690<\/span>\n\t\t\t\t<\/span>\n\t\t\t\t<span class='av-structured-data'  itemprop=\"publisher\" itemtype=\"https:\/\/schema.org\/Organization\" itemscope=\"itemscope\" >\n\t\t\t\t\t\t<span itemprop='name'>Transports Cou\u00e9<\/span>\n\t\t\t\t\t\t<span itemprop='logo' itemscope itemtype='https:\/\/schema.org\/ImageObject'>\n\t\t\t\t\t\t\t<span itemprop='url'>https:\/\/www.transports-coue.fr\/wp-content\/uploads\/2018\/10\/Logo-transports-coue-300x119.png<\/span>\n\t\t\t\t\t\t<\/span>\n\t\t\t\t<\/span><span class='av-structured-data'  itemprop=\"author\" itemscope=\"itemscope\" itemtype=\"https:\/\/schema.org\/Person\" ><span itemprop='name'>Transports Cou\u00e9<\/span><\/span><span class='av-structured-data'  itemprop=\"datePublished\" datetime=\"2018-10-04T10:16:12+02:00\" >2022-10-04 14:39:34<\/span><span class='av-structured-data'  itemprop=\"dateModified\" itemtype=\"https:\/\/schema.org\/dateModified\" >2022-10-04 14:39:35<\/span><span class='av-structured-data'  itemprop=\"mainEntityOfPage\" itemtype=\"https:\/\/schema.org\/mainEntityOfPage\" ><span itemprop='name'>Rendez-vous au Salon de l&#8217;emploi \u00e0 Laval le 11 octobre 2022<\/span><\/span><\/span><\/article><article class='slide-entry flex_column  post-entry post-entry-8031 slide-entry-overview slide-loop-75 slide-parity-odd  av_one_third  real-thumbnail posttype-post post-format-standard'  itemscope=\"itemscope\" itemtype=\"https:\/\/schema.org\/CreativeWork\" ><a href='https:\/\/www.transports-coue.fr\/fr\/les-24-heures-camions-en-image\/' data-rel='slide-2' class='slide-image' title='Les 24 Heures Camions en images !'><img decoding=\"async\" fetchpriority=\"high\" width=\"1690\" height=\"642\" src=\"https:\/\/www.transports-coue.fr\/wp-content\/uploads\/2022\/10\/24-heures-camions-village-emploi-transports-coue-trm-2.jpg\" class=\"wp-image-8033 avia-img-lazy-loading-not-8033 attachment-no scaling size-no scaling wp-post-image\" alt=\"Retour en images sur le village emploi 24 heures Camions 2022\" srcset=\"https:\/\/www.transports-coue.fr\/wp-content\/uploads\/2022\/10\/24-heures-camions-village-emploi-transports-coue-trm-2.jpg 1690w, https:\/\/www.transports-coue.fr\/wp-content\/uploads\/2022\/10\/24-heures-camions-village-emploi-transports-coue-trm-2-300x114.jpg 300w, https:\/\/www.transports-coue.fr\/wp-content\/uploads\/2022\/10\/24-heures-camions-village-emploi-transports-coue-trm-2-1030x391.jpg 1030w, https:\/\/www.transports-coue.fr\/wp-content\/uploads\/2022\/10\/24-heures-camions-village-emploi-transports-coue-trm-2-80x30.jpg 80w, https:\/\/www.transports-coue.fr\/wp-content\/uploads\/2022\/10\/24-heures-camions-village-emploi-transports-coue-trm-2-768x292.jpg 768w, https:\/\/www.transports-coue.fr\/wp-content\/uploads\/2022\/10\/24-heures-camions-village-emploi-transports-coue-trm-2-1536x583.jpg 1536w, https:\/\/www.transports-coue.fr\/wp-content\/uploads\/2022\/10\/24-heures-camions-village-emploi-transports-coue-trm-2-1500x570.jpg 1500w, https:\/\/www.transports-coue.fr\/wp-content\/uploads\/2022\/10\/24-heures-camions-village-emploi-transports-coue-trm-2-705x268.jpg 705w, https:\/\/www.transports-coue.fr\/wp-content\/uploads\/2022\/10\/24-heures-camions-village-emploi-transports-coue-trm-2-845x321.jpg 845w\" sizes=\"(max-width: 1690px) 100vw, 1690px\" \/><\/a><div class=\"slide-content\"><header class=\"entry-content-header\" aria-label=\"Slide: Les 24 Heures Camions en images !\"><h3 class='slide-entry-title entry-title '  itemprop=\"headline\" ><a href='https:\/\/www.transports-coue.fr\/fr\/les-24-heures-camions-en-image\/' title='Les 24 Heures Camions en images !'>Les 24 Heures Camions en images !<\/a><\/h3><span class=\"blog-categories minor-meta\"><a href=\"https:\/\/www.transports-coue.fr\/fr\/category\/actualites\/\" rel=\"tag\">Actualit\u00e9s<\/a>, <a href=\"https:\/\/www.transports-coue.fr\/fr\/category\/actualites\/evenements\/\" rel=\"tag\">Ev\u00e9nements<\/a> <\/span><span class=\"av-vertical-delimiter\"><\/span><\/header><div class='slide-entry-excerpt entry-content'  itemprop=\"text\" >\ud83d\udcf8 Retour en images sur notre participation aux 24 Heures Camions \ud83d\ude9b sur le Village Emploi.\n\n\ud83d\ude4f \ud835\udde0\ud835\uddd8\ud835\udde5\ud835\uddd6\ud835\udddc \u00e0 tous les passionn\u00e9s de camions qui sont pass\u00e9s sur notre stand, avec qui nous avons eu plaisir \u00e0 \u00e9changer \ud83d\udc4d!\n\nMoments\u2026<div class=\"read-more-link\"><a href=\"https:\/\/www.transports-coue.fr\/fr\/les-24-heures-camions-en-image\/\" class=\"more-link\">Lire la suite<span class='more-link-arrow avia-svg-icon avia-font-svg_entypo-fontello' data-av_svg_icon='right-open-big' data-av_iconset='svg_entypo-fontello'><svg version=\"1.1\" xmlns=\"http:\/\/www.w3.org\/2000\/svg\" width=\"15\" height=\"32\" viewBox=\"0 0 15 32\" preserveAspectRatio=\"xMidYMid meet\" role=\"graphics-symbol\" aria-hidden=\"true\">\n<path d=\"M0.416 27.84l11.456-11.84-11.456-11.904q-0.832-0.832 0-1.536 0.832-0.832 1.536 0l12.544 12.608q0.768 0.832 0 1.6l-12.544 12.608q-0.704 0.832-1.536 0-0.832-0.704 0-1.536z\"><\/path>\n<\/svg><\/span><\/a><\/div><\/div><\/div><footer class=\"entry-footer\"><div class=\"slide-meta\"><time class='slide-meta-time updated'  itemprop=\"datePublished\" datetime=\"2022-10-03T15:12:59+02:00\" >3 octobre 2022<\/time><\/div><\/footer><span class='hidden'>\n\t\t\t\t<span class='av-structured-data'  itemprop=\"image\" itemscope=\"itemscope\" itemtype=\"https:\/\/schema.org\/ImageObject\" >\n\t\t\t\t\t\t<span itemprop='url'>https:\/\/www.transports-coue.fr\/wp-content\/uploads\/2022\/10\/24-heures-camions-village-emploi-transports-coue-trm-2.jpg<\/span>\n\t\t\t\t\t\t<span itemprop='height'>642<\/span>\n\t\t\t\t\t\t<span itemprop='width'>1690<\/span>\n\t\t\t\t<\/span>\n\t\t\t\t<span class='av-structured-data'  itemprop=\"publisher\" itemtype=\"https:\/\/schema.org\/Organization\" itemscope=\"itemscope\" >\n\t\t\t\t\t\t<span itemprop='name'>Transports Cou\u00e9<\/span>\n\t\t\t\t\t\t<span itemprop='logo' itemscope itemtype='https:\/\/schema.org\/ImageObject'>\n\t\t\t\t\t\t\t<span itemprop='url'>https:\/\/www.transports-coue.fr\/wp-content\/uploads\/2018\/10\/Logo-transports-coue-300x119.png<\/span>\n\t\t\t\t\t\t<\/span>\n\t\t\t\t<\/span><span class='av-structured-data'  itemprop=\"author\" itemscope=\"itemscope\" itemtype=\"https:\/\/schema.org\/Person\" ><span itemprop='name'>Transports Cou\u00e9<\/span><\/span><span class='av-structured-data'  itemprop=\"datePublished\" datetime=\"2018-10-04T10:16:12+02:00\" >2022-10-03 15:12:59<\/span><span class='av-structured-data'  itemprop=\"dateModified\" itemtype=\"https:\/\/schema.org\/dateModified\" >2022-10-03 15:21:20<\/span><span class='av-structured-data'  itemprop=\"mainEntityOfPage\" itemtype=\"https:\/\/schema.org\/mainEntityOfPage\" ><span itemprop='name'>Les 24 Heures Camions en images !<\/span><\/span><\/span><\/article><\/div><div class=\"slide-entry-wrap\"><article class='slide-entry flex_column  post-entry post-entry-7991 slide-entry-overview slide-loop-76 slide-parity-odd  av_one_third first real-thumbnail posttype-post post-format-standard'  itemscope=\"itemscope\" itemtype=\"https:\/\/schema.org\/CreativeWork\" ><a href='https:\/\/www.transports-coue.fr\/fr\/retrouvons-nous-au-village-emploi-des-24h-camions-au-mans-les-24-25-sept-2022\/' data-rel='slide-2' class='slide-image' title='Retrouvons-nous au Village Emploi des 24h Camions au Mans les 24 &#038; 25 sept 2022 !'><img decoding=\"async\" fetchpriority=\"high\" width=\"1690\" height=\"642\" src=\"https:\/\/www.transports-coue.fr\/wp-content\/uploads\/2022\/09\/transports-coue-trm-24h-camions-lemans-web.png\" class=\"wp-image-7992 avia-img-lazy-loading-not-7992 attachment-no scaling size-no scaling wp-post-image\" alt=\"Retrouvez nous le 24 &amp; 25 sept 22 au Village Emploi des 24h camions au Mans\" srcset=\"https:\/\/www.transports-coue.fr\/wp-content\/uploads\/2022\/09\/transports-coue-trm-24h-camions-lemans-web.png 1690w, https:\/\/www.transports-coue.fr\/wp-content\/uploads\/2022\/09\/transports-coue-trm-24h-camions-lemans-web-300x114.png 300w, https:\/\/www.transports-coue.fr\/wp-content\/uploads\/2022\/09\/transports-coue-trm-24h-camions-lemans-web-1030x391.png 1030w, https:\/\/www.transports-coue.fr\/wp-content\/uploads\/2022\/09\/transports-coue-trm-24h-camions-lemans-web-80x30.png 80w, https:\/\/www.transports-coue.fr\/wp-content\/uploads\/2022\/09\/transports-coue-trm-24h-camions-lemans-web-768x292.png 768w, https:\/\/www.transports-coue.fr\/wp-content\/uploads\/2022\/09\/transports-coue-trm-24h-camions-lemans-web-1536x583.png 1536w, https:\/\/www.transports-coue.fr\/wp-content\/uploads\/2022\/09\/transports-coue-trm-24h-camions-lemans-web-1500x570.png 1500w, https:\/\/www.transports-coue.fr\/wp-content\/uploads\/2022\/09\/transports-coue-trm-24h-camions-lemans-web-705x268.png 705w, https:\/\/www.transports-coue.fr\/wp-content\/uploads\/2022\/09\/transports-coue-trm-24h-camions-lemans-web-845x321.png 845w\" sizes=\"(max-width: 1690px) 100vw, 1690px\" \/><\/a><div class=\"slide-content\"><header class=\"entry-content-header\" aria-label=\"Slide: Retrouvons-nous au Village Emploi des 24h Camions au Mans les 24 &amp; 25 sept 2022 !\"><h3 class='slide-entry-title entry-title '  itemprop=\"headline\" ><a href='https:\/\/www.transports-coue.fr\/fr\/retrouvons-nous-au-village-emploi-des-24h-camions-au-mans-les-24-25-sept-2022\/' title='Retrouvons-nous au Village Emploi des 24h Camions au Mans les 24 &#038; 25 sept 2022 !'>Retrouvons-nous au Village Emploi des 24h Camions au Mans les 24 &#038; 25 sept 2022 !<\/a><\/h3><span class=\"blog-categories minor-meta\"><a href=\"https:\/\/www.transports-coue.fr\/fr\/category\/actualites\/\" rel=\"tag\">Actualit\u00e9s<\/a>, <a href=\"https:\/\/www.transports-coue.fr\/fr\/category\/actualites\/evenements\/\" rel=\"tag\">Ev\u00e9nements<\/a> <\/span><span class=\"av-vertical-delimiter\"><\/span><\/header><div class='slide-entry-excerpt entry-content'  itemprop=\"text\" >\n Venez nous rencontrer sur le \ud835\udde9\ud835\uddf6\ud835\uddf9\ud835\uddf9\ud835\uddee\ud835\uddf4\ud835\uddf2 \ud835\uddd8\ud835\uddfa\ud835\uddfd\ud835\uddf9\ud835\uddfc\ud835\uddf6 de ce c\u00e9l\u00e8bre \u00e9v\u00e8nement, 24 Heures Camions,  le \ud835\udfee\ud835\udff0 \ud835\uddf2\ud835\ude01 \ud835\udfee\ud835\udff1 \ud835\ude00\ud835\uddf2\ud835\uddfd\ud835\ude01\ud835\uddf2\ud835\uddfa\ud835\uddef\ud835\uddff\ud835\uddf2  au Mans !\n\n\n\nNous serons ravis de vous\u2026<div class=\"read-more-link\"><a href=\"https:\/\/www.transports-coue.fr\/fr\/retrouvons-nous-au-village-emploi-des-24h-camions-au-mans-les-24-25-sept-2022\/\" class=\"more-link\">Lire la suite<span class='more-link-arrow avia-svg-icon avia-font-svg_entypo-fontello' data-av_svg_icon='right-open-big' data-av_iconset='svg_entypo-fontello'><svg version=\"1.1\" xmlns=\"http:\/\/www.w3.org\/2000\/svg\" width=\"15\" height=\"32\" viewBox=\"0 0 15 32\" preserveAspectRatio=\"xMidYMid meet\" role=\"graphics-symbol\" aria-hidden=\"true\">\n<path d=\"M0.416 27.84l11.456-11.84-11.456-11.904q-0.832-0.832 0-1.536 0.832-0.832 1.536 0l12.544 12.608q0.768 0.832 0 1.6l-12.544 12.608q-0.704 0.832-1.536 0-0.832-0.704 0-1.536z\"><\/path>\n<\/svg><\/span><\/a><\/div><\/div><\/div><footer class=\"entry-footer\"><div class=\"slide-meta\"><time class='slide-meta-time updated'  itemprop=\"datePublished\" datetime=\"2022-09-09T16:00:12+02:00\" >9 septembre 2022<\/time><\/div><\/footer><span class='hidden'>\n\t\t\t\t<span class='av-structured-data'  itemprop=\"image\" itemscope=\"itemscope\" itemtype=\"https:\/\/schema.org\/ImageObject\" >\n\t\t\t\t\t\t<span itemprop='url'>https:\/\/www.transports-coue.fr\/wp-content\/uploads\/2022\/09\/transports-coue-trm-24h-camions-lemans-web.png<\/span>\n\t\t\t\t\t\t<span itemprop='height'>642<\/span>\n\t\t\t\t\t\t<span itemprop='width'>1690<\/span>\n\t\t\t\t<\/span>\n\t\t\t\t<span class='av-structured-data'  itemprop=\"publisher\" itemtype=\"https:\/\/schema.org\/Organization\" itemscope=\"itemscope\" >\n\t\t\t\t\t\t<span itemprop='name'>Transports Cou\u00e9<\/span>\n\t\t\t\t\t\t<span itemprop='logo' itemscope itemtype='https:\/\/schema.org\/ImageObject'>\n\t\t\t\t\t\t\t<span itemprop='url'>https:\/\/www.transports-coue.fr\/wp-content\/uploads\/2018\/10\/Logo-transports-coue-300x119.png<\/span>\n\t\t\t\t\t\t<\/span>\n\t\t\t\t<\/span><span class='av-structured-data'  itemprop=\"author\" itemscope=\"itemscope\" itemtype=\"https:\/\/schema.org\/Person\" ><span itemprop='name'>Transports Cou\u00e9<\/span><\/span><span class='av-structured-data'  itemprop=\"datePublished\" datetime=\"2018-10-04T10:16:12+02:00\" >2022-09-09 16:00:12<\/span><span class='av-structured-data'  itemprop=\"dateModified\" itemtype=\"https:\/\/schema.org\/dateModified\" >2022-09-09 16:00:20<\/span><span class='av-structured-data'  itemprop=\"mainEntityOfPage\" itemtype=\"https:\/\/schema.org\/mainEntityOfPage\" ><span itemprop='name'>Retrouvons-nous au Village Emploi des 24h Camions au Mans les 24 &#038; 25 sept 2022 !<\/span><\/span><\/span><\/article><article class='slide-entry flex_column  post-entry post-entry-7972 slide-entry-overview slide-loop-77 slide-parity-even  av_one_third  real-thumbnail posttype-post post-format-standard'  itemscope=\"itemscope\" itemtype=\"https:\/\/schema.org\/CreativeWork\" ><a href='https:\/\/www.transports-coue.fr\/fr\/les-equipes-coue-trm-aux-ofnijec-2022\/' data-rel='slide-2' class='slide-image' title='Les \u00e9quipes Cou\u00e9 &#038; TRM aux OFNIJEC 2022 !'><img decoding=\"async\" fetchpriority=\"high\" width=\"845\" height=\"321\" src=\"https:\/\/www.transports-coue.fr\/wp-content\/uploads\/2022\/07\/transports-coue-trm-ofnijec-2022.jpg\" class=\"wp-image-7973 avia-img-lazy-loading-not-7973 attachment-no scaling size-no scaling wp-post-image\" alt=\"Transports Cou\u00e9 et TRM aux OFNIJEC 2022\" srcset=\"https:\/\/www.transports-coue.fr\/wp-content\/uploads\/2022\/07\/transports-coue-trm-ofnijec-2022.jpg 845w, https:\/\/www.transports-coue.fr\/wp-content\/uploads\/2022\/07\/transports-coue-trm-ofnijec-2022-300x114.jpg 300w, https:\/\/www.transports-coue.fr\/wp-content\/uploads\/2022\/07\/transports-coue-trm-ofnijec-2022-80x30.jpg 80w, https:\/\/www.transports-coue.fr\/wp-content\/uploads\/2022\/07\/transports-coue-trm-ofnijec-2022-768x292.jpg 768w, https:\/\/www.transports-coue.fr\/wp-content\/uploads\/2022\/07\/transports-coue-trm-ofnijec-2022-705x268.jpg 705w\" sizes=\"(max-width: 845px) 100vw, 845px\" \/><\/a><div class=\"slide-content\"><header class=\"entry-content-header\" aria-label=\"Slide: Les \u00e9quipes Cou\u00e9 &amp; TRM aux OFNIJEC 2022 !\"><h3 class='slide-entry-title entry-title '  itemprop=\"headline\" ><a href='https:\/\/www.transports-coue.fr\/fr\/les-equipes-coue-trm-aux-ofnijec-2022\/' title='Les \u00e9quipes Cou\u00e9 &#038; TRM aux OFNIJEC 2022 !'>Les \u00e9quipes Cou\u00e9 &#038; TRM aux OFNIJEC 2022 !<\/a><\/h3><span class=\"blog-categories minor-meta\"><a href=\"https:\/\/www.transports-coue.fr\/fr\/category\/actualites\/\" rel=\"tag\">Actualit\u00e9s<\/a>, <a href=\"https:\/\/www.transports-coue.fr\/fr\/category\/actualites\/evenements\/\" rel=\"tag\">Ev\u00e9nements<\/a> <\/span><span class=\"av-vertical-delimiter\"><\/span><\/header><div class='slide-entry-excerpt entry-content'  itemprop=\"text\" >\ud83d\udef6 Ofnijec 53 2022, nous y \u00e9tions ! \ud83d\udef6\n\nEn 2018, nous avions bien pagay\u00e9 \ud83d\udea3 l\u2019un \u00e0 c\u00f4t\u00e9 de l\u2019autre sans se connaitre\u2026\nQuelle meilleure occasion cette ann\u00e9e pour tisser des liens forts \ud83e\udd1d que de braver \ud83c\udf0a la Mayenne sous\u2026<div class=\"read-more-link\"><a href=\"https:\/\/www.transports-coue.fr\/fr\/les-equipes-coue-trm-aux-ofnijec-2022\/\" class=\"more-link\">Lire la suite<span class='more-link-arrow avia-svg-icon avia-font-svg_entypo-fontello' data-av_svg_icon='right-open-big' data-av_iconset='svg_entypo-fontello'><svg version=\"1.1\" xmlns=\"http:\/\/www.w3.org\/2000\/svg\" width=\"15\" height=\"32\" viewBox=\"0 0 15 32\" preserveAspectRatio=\"xMidYMid meet\" role=\"graphics-symbol\" aria-hidden=\"true\">\n<path d=\"M0.416 27.84l11.456-11.84-11.456-11.904q-0.832-0.832 0-1.536 0.832-0.832 1.536 0l12.544 12.608q0.768 0.832 0 1.6l-12.544 12.608q-0.704 0.832-1.536 0-0.832-0.704 0-1.536z\"><\/path>\n<\/svg><\/span><\/a><\/div><\/div><\/div><footer class=\"entry-footer\"><div class=\"slide-meta\"><time class='slide-meta-time updated'  itemprop=\"datePublished\" datetime=\"2022-07-12T15:44:16+02:00\" >12 juillet 2022<\/time><\/div><\/footer><span class='hidden'>\n\t\t\t\t<span class='av-structured-data'  itemprop=\"image\" itemscope=\"itemscope\" itemtype=\"https:\/\/schema.org\/ImageObject\" >\n\t\t\t\t\t\t<span itemprop='url'>https:\/\/www.transports-coue.fr\/wp-content\/uploads\/2022\/07\/transports-coue-trm-ofnijec-2022.jpg<\/span>\n\t\t\t\t\t\t<span itemprop='height'>321<\/span>\n\t\t\t\t\t\t<span itemprop='width'>845<\/span>\n\t\t\t\t<\/span>\n\t\t\t\t<span class='av-structured-data'  itemprop=\"publisher\" itemtype=\"https:\/\/schema.org\/Organization\" itemscope=\"itemscope\" >\n\t\t\t\t\t\t<span itemprop='name'>Transports Cou\u00e9<\/span>\n\t\t\t\t\t\t<span itemprop='logo' itemscope itemtype='https:\/\/schema.org\/ImageObject'>\n\t\t\t\t\t\t\t<span itemprop='url'>https:\/\/www.transports-coue.fr\/wp-content\/uploads\/2018\/10\/Logo-transports-coue-300x119.png<\/span>\n\t\t\t\t\t\t<\/span>\n\t\t\t\t<\/span><span class='av-structured-data'  itemprop=\"author\" itemscope=\"itemscope\" itemtype=\"https:\/\/schema.org\/Person\" ><span itemprop='name'>Transports Cou\u00e9<\/span><\/span><span class='av-structured-data'  itemprop=\"datePublished\" datetime=\"2018-10-04T10:16:12+02:00\" >2022-07-12 15:44:16<\/span><span class='av-structured-data'  itemprop=\"dateModified\" itemtype=\"https:\/\/schema.org\/dateModified\" >2022-10-21 15:47:36<\/span><span class='av-structured-data'  itemprop=\"mainEntityOfPage\" itemtype=\"https:\/\/schema.org\/mainEntityOfPage\" ><span itemprop='name'>Les \u00e9quipes Cou\u00e9 &#038; TRM aux OFNIJEC 2022 !<\/span><\/span><\/span><\/article><article class='slide-entry flex_column  post-entry post-entry-7839 slide-entry-overview slide-loop-78 slide-parity-odd  av_one_third  real-thumbnail posttype-post post-format-standard'  itemscope=\"itemscope\" itemtype=\"https:\/\/schema.org\/CreativeWork\" ><a href='https:\/\/www.transports-coue.fr\/fr\/presentations-et-echanges-sur-nos-metiers-du-transport-et-de-la-logistique-dans-un-college-et-lycee-bac-pro\/' data-rel='slide-2' class='slide-image' title='Pr\u00e9sentations et \u00e9changes sur nos m\u00e9tiers du Transport et de la Logistique dans un coll\u00e8ge et lyc\u00e9e Bac Pro'><img decoding=\"async\" fetchpriority=\"high\" width=\"845\" height=\"321\" src=\"https:\/\/www.transports-coue.fr\/wp-content\/uploads\/2022\/06\/transports-coue-trm-intervention-colleges-lycees-presentation-metier-transport-logistique.jpg\" class=\"wp-image-7840 avia-img-lazy-loading-not-7840 attachment-no scaling size-no scaling wp-post-image\" alt=\"\" srcset=\"https:\/\/www.transports-coue.fr\/wp-content\/uploads\/2022\/06\/transports-coue-trm-intervention-colleges-lycees-presentation-metier-transport-logistique.jpg 845w, https:\/\/www.transports-coue.fr\/wp-content\/uploads\/2022\/06\/transports-coue-trm-intervention-colleges-lycees-presentation-metier-transport-logistique-300x114.jpg 300w, https:\/\/www.transports-coue.fr\/wp-content\/uploads\/2022\/06\/transports-coue-trm-intervention-colleges-lycees-presentation-metier-transport-logistique-80x30.jpg 80w, https:\/\/www.transports-coue.fr\/wp-content\/uploads\/2022\/06\/transports-coue-trm-intervention-colleges-lycees-presentation-metier-transport-logistique-768x292.jpg 768w, https:\/\/www.transports-coue.fr\/wp-content\/uploads\/2022\/06\/transports-coue-trm-intervention-colleges-lycees-presentation-metier-transport-logistique-705x268.jpg 705w\" sizes=\"(max-width: 845px) 100vw, 845px\" \/><\/a><div class=\"slide-content\"><header class=\"entry-content-header\" aria-label=\"Slide: Pr\u00e9sentations et \u00e9changes sur nos m\u00e9tiers du Transport et de la Logistique dans un coll\u00e8ge et lyc\u00e9e Bac Pro\"><h3 class='slide-entry-title entry-title '  itemprop=\"headline\" ><a href='https:\/\/www.transports-coue.fr\/fr\/presentations-et-echanges-sur-nos-metiers-du-transport-et-de-la-logistique-dans-un-college-et-lycee-bac-pro\/' title='Pr\u00e9sentations et \u00e9changes sur nos m\u00e9tiers du Transport et de la Logistique dans un coll\u00e8ge et lyc\u00e9e Bac Pro'>Pr\u00e9sentations et \u00e9changes sur nos m\u00e9tiers du Transport et de la Logistique dans un coll\u00e8ge et lyc\u00e9e Bac Pro<\/a><\/h3><span class=\"blog-categories minor-meta\"><a href=\"https:\/\/www.transports-coue.fr\/fr\/category\/actualites\/evenements\/\" rel=\"tag\">Ev\u00e9nements<\/a>, <a href=\"https:\/\/www.transports-coue.fr\/fr\/category\/actualites\/evenements\/evenements-logistique\/\" rel=\"tag\">Ev\u00e9nements Logistique<\/a> <\/span><span class=\"av-vertical-delimiter\"><\/span><\/header><div class='slide-entry-excerpt entry-content'  itemprop=\"text\" >\nQu\u2019ils soient au coll\u00e8ge en pleine r\u00e9flexion&nbsp; \ud83e\uddd0 sur leur orientation \ud83d\udca1 ou qu\u2019ils aient d\u00e9j\u00e0 choisi la fili\u00e8re Transport \ud83d\ude9b et Logistique \ud83d\udce6 c\u2019est toujours un r\u00e9el plaisir de pr\u00e9senter et d\u2019\u00e9changer \ud83d\udcac avec les\u2026<div class=\"read-more-link\"><a href=\"https:\/\/www.transports-coue.fr\/fr\/presentations-et-echanges-sur-nos-metiers-du-transport-et-de-la-logistique-dans-un-college-et-lycee-bac-pro\/\" class=\"more-link\">Lire la suite<span class='more-link-arrow avia-svg-icon avia-font-svg_entypo-fontello' data-av_svg_icon='right-open-big' data-av_iconset='svg_entypo-fontello'><svg version=\"1.1\" xmlns=\"http:\/\/www.w3.org\/2000\/svg\" width=\"15\" height=\"32\" viewBox=\"0 0 15 32\" preserveAspectRatio=\"xMidYMid meet\" role=\"graphics-symbol\" aria-hidden=\"true\">\n<path d=\"M0.416 27.84l11.456-11.84-11.456-11.904q-0.832-0.832 0-1.536 0.832-0.832 1.536 0l12.544 12.608q0.768 0.832 0 1.6l-12.544 12.608q-0.704 0.832-1.536 0-0.832-0.704 0-1.536z\"><\/path>\n<\/svg><\/span><\/a><\/div><\/div><\/div><footer class=\"entry-footer\"><div class=\"slide-meta\"><time class='slide-meta-time updated'  itemprop=\"datePublished\" datetime=\"2022-06-10T18:31:45+02:00\" >10 juin 2022<\/time><\/div><\/footer><span class='hidden'>\n\t\t\t\t<span class='av-structured-data'  itemprop=\"image\" itemscope=\"itemscope\" itemtype=\"https:\/\/schema.org\/ImageObject\" >\n\t\t\t\t\t\t<span itemprop='url'>https:\/\/www.transports-coue.fr\/wp-content\/uploads\/2022\/06\/transports-coue-trm-intervention-colleges-lycees-presentation-metier-transport-logistique.jpg<\/span>\n\t\t\t\t\t\t<span itemprop='height'>321<\/span>\n\t\t\t\t\t\t<span itemprop='width'>845<\/span>\n\t\t\t\t<\/span>\n\t\t\t\t<span class='av-structured-data'  itemprop=\"publisher\" itemtype=\"https:\/\/schema.org\/Organization\" itemscope=\"itemscope\" >\n\t\t\t\t\t\t<span itemprop='name'>Transports Cou\u00e9<\/span>\n\t\t\t\t\t\t<span itemprop='logo' itemscope itemtype='https:\/\/schema.org\/ImageObject'>\n\t\t\t\t\t\t\t<span itemprop='url'>https:\/\/www.transports-coue.fr\/wp-content\/uploads\/2018\/10\/Logo-transports-coue-300x119.png<\/span>\n\t\t\t\t\t\t<\/span>\n\t\t\t\t<\/span><span class='av-structured-data'  itemprop=\"author\" itemscope=\"itemscope\" itemtype=\"https:\/\/schema.org\/Person\" ><span itemprop='name'>Transports Cou\u00e9<\/span><\/span><span class='av-structured-data'  itemprop=\"datePublished\" datetime=\"2018-10-04T10:16:12+02:00\" >2022-06-10 18:31:45<\/span><span class='av-structured-data'  itemprop=\"dateModified\" itemtype=\"https:\/\/schema.org\/dateModified\" >2022-12-07 11:44:24<\/span><span class='av-structured-data'  itemprop=\"mainEntityOfPage\" itemtype=\"https:\/\/schema.org\/mainEntityOfPage\" ><span itemprop='name'>Pr\u00e9sentations et \u00e9changes sur nos m\u00e9tiers du Transport et de la Logistique dans un coll\u00e8ge et lyc\u00e9e Bac Pro<\/span><\/span><\/span><\/article><\/div><div class=\"slide-entry-wrap\"><article class='slide-entry flex_column  post-entry post-entry-7732 slide-entry-overview slide-loop-79 slide-parity-odd  av_one_third first real-thumbnail posttype-post post-format-standard'  itemscope=\"itemscope\" itemtype=\"https:\/\/schema.org\/CreativeWork\" ><a href='https:\/\/www.transports-coue.fr\/fr\/participation-a-top-logistics-europe-les-15-et-16-juin-2022-a-lille\/' data-rel='slide-2' class='slide-image' title='Participation \u00e0 Top Logistics Europe les 15 et 16 juin 2022 \u00e0 Lille'><img decoding=\"async\" fetchpriority=\"high\" width=\"1690\" height=\"642\" src=\"https:\/\/www.transports-coue.fr\/wp-content\/uploads\/2022\/05\/coue-trm-otms-top-logistics-europe-web.jpg\" class=\"wp-image-7730 avia-img-lazy-loading-not-7730 attachment-no scaling size-no scaling wp-post-image\" alt=\"Transports Cou\u00e9, TRM, ELM et Sotecan International au Top Logistics Europe avec OTMS\" srcset=\"https:\/\/www.transports-coue.fr\/wp-content\/uploads\/2022\/05\/coue-trm-otms-top-logistics-europe-web.jpg 1690w, https:\/\/www.transports-coue.fr\/wp-content\/uploads\/2022\/05\/coue-trm-otms-top-logistics-europe-web-300x114.jpg 300w, https:\/\/www.transports-coue.fr\/wp-content\/uploads\/2022\/05\/coue-trm-otms-top-logistics-europe-web-1030x391.jpg 1030w, https:\/\/www.transports-coue.fr\/wp-content\/uploads\/2022\/05\/coue-trm-otms-top-logistics-europe-web-80x30.jpg 80w, https:\/\/www.transports-coue.fr\/wp-content\/uploads\/2022\/05\/coue-trm-otms-top-logistics-europe-web-768x292.jpg 768w, https:\/\/www.transports-coue.fr\/wp-content\/uploads\/2022\/05\/coue-trm-otms-top-logistics-europe-web-1536x583.jpg 1536w, https:\/\/www.transports-coue.fr\/wp-content\/uploads\/2022\/05\/coue-trm-otms-top-logistics-europe-web-1500x570.jpg 1500w, https:\/\/www.transports-coue.fr\/wp-content\/uploads\/2022\/05\/coue-trm-otms-top-logistics-europe-web-705x268.jpg 705w, https:\/\/www.transports-coue.fr\/wp-content\/uploads\/2022\/05\/coue-trm-otms-top-logistics-europe-web-845x321.jpg 845w\" sizes=\"(max-width: 1690px) 100vw, 1690px\" \/><\/a><div class=\"slide-content\"><header class=\"entry-content-header\" aria-label=\"Slide: Participation \u00e0 Top Logistics Europe les 15 et 16 juin 2022 \u00e0 Lille\"><h3 class='slide-entry-title entry-title '  itemprop=\"headline\" ><a href='https:\/\/www.transports-coue.fr\/fr\/participation-a-top-logistics-europe-les-15-et-16-juin-2022-a-lille\/' title='Participation \u00e0 Top Logistics Europe les 15 et 16 juin 2022 \u00e0 Lille'>Participation \u00e0 Top Logistics Europe les 15 et 16 juin 2022 \u00e0 Lille<\/a><\/h3><span class=\"blog-categories minor-meta\"><a href=\"https:\/\/www.transports-coue.fr\/fr\/category\/actualites\/\" rel=\"tag\">Actualit\u00e9s<\/a>, <a href=\"https:\/\/www.transports-coue.fr\/fr\/category\/actualites\/evenements\/\" rel=\"tag\">Ev\u00e9nements<\/a>, <a href=\"https:\/\/www.transports-coue.fr\/fr\/category\/actualites\/evenements\/evenements-logistique\/\" rel=\"tag\">Ev\u00e9nements Logistique<\/a>, <a href=\"https:\/\/www.transports-coue.fr\/fr\/category\/actualites\/evenements\/evenement-overseas\/\" rel=\"tag\">Ev\u00e9nements Overseas<\/a> <\/span><span class=\"av-vertical-delimiter\"><\/span><\/header><div class='slide-entry-excerpt entry-content'  itemprop=\"text\" >Face au succ\u00e8s des RDV d'affaires d\u00e9di\u00e9s aux projets Transport, au \ud835\udde7\ud835\uddfc\ud835\uddfd \ud835\udde7\ud835\uddff\ud835\uddee\ud835\uddfb\ud835\ude00\ud835\uddfd\ud835\uddfc\ud835\uddff\ud835\ude01 \ud835\uddd8\ud835\ude02\ud835\uddff\ud835\uddfc\ud835\uddfd\ud835\uddf2, le concept est dupliqu\u00e9 pour aborder ensemble vos \ud835\udde3\ud835\udde5\ud835\udde2\ud835\udddd\ud835\uddd8\ud835\udde7\ud835\udde6 \ud835\udddf\ud835\udde2\ud835\uddda\ud835\udddc\ud835\udde6\ud835\udde7\ud835\udddc\ud835\udde4\ud835\udde8\ud835\uddd8\ud835\udde6\u2026<div class=\"read-more-link\"><a href=\"https:\/\/www.transports-coue.fr\/fr\/participation-a-top-logistics-europe-les-15-et-16-juin-2022-a-lille\/\" class=\"more-link\">Lire la suite<span class='more-link-arrow avia-svg-icon avia-font-svg_entypo-fontello' data-av_svg_icon='right-open-big' data-av_iconset='svg_entypo-fontello'><svg version=\"1.1\" xmlns=\"http:\/\/www.w3.org\/2000\/svg\" width=\"15\" height=\"32\" viewBox=\"0 0 15 32\" preserveAspectRatio=\"xMidYMid meet\" role=\"graphics-symbol\" aria-hidden=\"true\">\n<path d=\"M0.416 27.84l11.456-11.84-11.456-11.904q-0.832-0.832 0-1.536 0.832-0.832 1.536 0l12.544 12.608q0.768 0.832 0 1.6l-12.544 12.608q-0.704 0.832-1.536 0-0.832-0.704 0-1.536z\"><\/path>\n<\/svg><\/span><\/a><\/div><\/div><\/div><footer class=\"entry-footer\"><div class=\"slide-meta\"><time class='slide-meta-time updated'  itemprop=\"datePublished\" datetime=\"2022-05-30T16:36:53+02:00\" >30 mai 2022<\/time><\/div><\/footer><span class='hidden'>\n\t\t\t\t<span class='av-structured-data'  itemprop=\"image\" itemscope=\"itemscope\" itemtype=\"https:\/\/schema.org\/ImageObject\" >\n\t\t\t\t\t\t<span itemprop='url'>https:\/\/www.transports-coue.fr\/wp-content\/uploads\/2022\/05\/coue-trm-otms-top-logistics-europe-web.jpg<\/span>\n\t\t\t\t\t\t<span itemprop='height'>642<\/span>\n\t\t\t\t\t\t<span itemprop='width'>1690<\/span>\n\t\t\t\t<\/span>\n\t\t\t\t<span class='av-structured-data'  itemprop=\"publisher\" itemtype=\"https:\/\/schema.org\/Organization\" itemscope=\"itemscope\" >\n\t\t\t\t\t\t<span itemprop='name'>Transports Cou\u00e9<\/span>\n\t\t\t\t\t\t<span itemprop='logo' itemscope itemtype='https:\/\/schema.org\/ImageObject'>\n\t\t\t\t\t\t\t<span itemprop='url'>https:\/\/www.transports-coue.fr\/wp-content\/uploads\/2018\/10\/Logo-transports-coue-300x119.png<\/span>\n\t\t\t\t\t\t<\/span>\n\t\t\t\t<\/span><span class='av-structured-data'  itemprop=\"author\" itemscope=\"itemscope\" itemtype=\"https:\/\/schema.org\/Person\" ><span itemprop='name'>Transports Cou\u00e9<\/span><\/span><span class='av-structured-data'  itemprop=\"datePublished\" datetime=\"2018-10-04T10:16:12+02:00\" >2022-05-30 16:36:53<\/span><span class='av-structured-data'  itemprop=\"dateModified\" itemtype=\"https:\/\/schema.org\/dateModified\" >2022-06-13 22:40:24<\/span><span class='av-structured-data'  itemprop=\"mainEntityOfPage\" itemtype=\"https:\/\/schema.org\/mainEntityOfPage\" ><span itemprop='name'>Participation \u00e0 Top Logistics Europe les 15 et 16 juin 2022 \u00e0 Lille<\/span><\/span><\/span><\/article><article class='slide-entry flex_column  post-entry post-entry-7621 slide-entry-overview slide-loop-80 slide-parity-even  av_one_third  real-thumbnail posttype-post post-format-standard'  itemscope=\"itemscope\" itemtype=\"https:\/\/schema.org\/CreativeWork\" ><a href='https:\/\/www.transports-coue.fr\/fr\/les-sapeurs-pompiers-realisent-leurs-exercices-au-sein-de-notre-logistique\/' data-rel='slide-2' class='slide-image' title='Les Sapeurs Pompiers r\u00e9alisent leurs exercices au sein de notre Logistique !'><img decoding=\"async\" fetchpriority=\"high\" width=\"845\" height=\"321\" src=\"https:\/\/www.transports-coue.fr\/wp-content\/uploads\/2022\/04\/transports-coue-pompiers-exercices-securite-web.png\" class=\"wp-image-7622 avia-img-lazy-loading-not-7622 attachment-no scaling size-no scaling wp-post-image\" alt=\"Les Sapeurs Pompiers de la Mayenne effectuent leurs exercices dans notre entrep\u00f4t logistique ICPE\" srcset=\"https:\/\/www.transports-coue.fr\/wp-content\/uploads\/2022\/04\/transports-coue-pompiers-exercices-securite-web.png 845w, https:\/\/www.transports-coue.fr\/wp-content\/uploads\/2022\/04\/transports-coue-pompiers-exercices-securite-web-300x114.png 300w, https:\/\/www.transports-coue.fr\/wp-content\/uploads\/2022\/04\/transports-coue-pompiers-exercices-securite-web-80x30.png 80w, https:\/\/www.transports-coue.fr\/wp-content\/uploads\/2022\/04\/transports-coue-pompiers-exercices-securite-web-768x292.png 768w, https:\/\/www.transports-coue.fr\/wp-content\/uploads\/2022\/04\/transports-coue-pompiers-exercices-securite-web-705x268.png 705w\" sizes=\"(max-width: 845px) 100vw, 845px\" \/><\/a><div class=\"slide-content\"><header class=\"entry-content-header\" aria-label=\"Slide: Les Sapeurs Pompiers r\u00e9alisent leurs exercices au sein de notre Logistique !\"><h3 class='slide-entry-title entry-title '  itemprop=\"headline\" ><a href='https:\/\/www.transports-coue.fr\/fr\/les-sapeurs-pompiers-realisent-leurs-exercices-au-sein-de-notre-logistique\/' title='Les Sapeurs Pompiers r\u00e9alisent leurs exercices au sein de notre Logistique !'>Les Sapeurs Pompiers r\u00e9alisent leurs exercices au sein de notre Logistique !<\/a><\/h3><span class=\"blog-categories minor-meta\"><a href=\"https:\/\/www.transports-coue.fr\/fr\/category\/actualites\/\" rel=\"tag\">Actualit\u00e9s<\/a>, <a href=\"https:\/\/www.transports-coue.fr\/fr\/category\/actualites\/evenements\/\" rel=\"tag\">Ev\u00e9nements<\/a>, <a href=\"https:\/\/www.transports-coue.fr\/fr\/category\/actualites\/evenements\/evenements-logistique\/\" rel=\"tag\">Ev\u00e9nements Logistique<\/a> <\/span><span class=\"av-vertical-delimiter\"><\/span><\/header><div class='slide-entry-excerpt entry-content'  itemprop=\"text\" >\u26a1 Exercice avec les Sapeurs Pompiers \ud83e\uddef, vendredi 08 avril au sein de notre plateforme Logistique class\u00e9e ICPE \ud83d\udee2 !\n\nDans le cadre d'une convention avec le Service D\u00e9partemental d'Incendie et de Secours de la Mayenne, notre entrep\u00f4t\u2026<div class=\"read-more-link\"><a href=\"https:\/\/www.transports-coue.fr\/fr\/les-sapeurs-pompiers-realisent-leurs-exercices-au-sein-de-notre-logistique\/\" class=\"more-link\">Lire la suite<span class='more-link-arrow avia-svg-icon avia-font-svg_entypo-fontello' data-av_svg_icon='right-open-big' data-av_iconset='svg_entypo-fontello'><svg version=\"1.1\" xmlns=\"http:\/\/www.w3.org\/2000\/svg\" width=\"15\" height=\"32\" viewBox=\"0 0 15 32\" preserveAspectRatio=\"xMidYMid meet\" role=\"graphics-symbol\" aria-hidden=\"true\">\n<path d=\"M0.416 27.84l11.456-11.84-11.456-11.904q-0.832-0.832 0-1.536 0.832-0.832 1.536 0l12.544 12.608q0.768 0.832 0 1.6l-12.544 12.608q-0.704 0.832-1.536 0-0.832-0.704 0-1.536z\"><\/path>\n<\/svg><\/span><\/a><\/div><\/div><\/div><footer class=\"entry-footer\"><div class=\"slide-meta\"><time class='slide-meta-time updated'  itemprop=\"datePublished\" datetime=\"2022-04-15T17:48:53+02:00\" >15 avril 2022<\/time><\/div><\/footer><span class='hidden'>\n\t\t\t\t<span class='av-structured-data'  itemprop=\"image\" itemscope=\"itemscope\" itemtype=\"https:\/\/schema.org\/ImageObject\" >\n\t\t\t\t\t\t<span itemprop='url'>https:\/\/www.transports-coue.fr\/wp-content\/uploads\/2022\/04\/transports-coue-pompiers-exercices-securite-web.png<\/span>\n\t\t\t\t\t\t<span itemprop='height'>321<\/span>\n\t\t\t\t\t\t<span itemprop='width'>845<\/span>\n\t\t\t\t<\/span>\n\t\t\t\t<span class='av-structured-data'  itemprop=\"publisher\" itemtype=\"https:\/\/schema.org\/Organization\" itemscope=\"itemscope\" >\n\t\t\t\t\t\t<span itemprop='name'>Transports Cou\u00e9<\/span>\n\t\t\t\t\t\t<span itemprop='logo' itemscope itemtype='https:\/\/schema.org\/ImageObject'>\n\t\t\t\t\t\t\t<span itemprop='url'>https:\/\/www.transports-coue.fr\/wp-content\/uploads\/2018\/10\/Logo-transports-coue-300x119.png<\/span>\n\t\t\t\t\t\t<\/span>\n\t\t\t\t<\/span><span class='av-structured-data'  itemprop=\"author\" itemscope=\"itemscope\" itemtype=\"https:\/\/schema.org\/Person\" ><span itemprop='name'>Transports Cou\u00e9<\/span><\/span><span class='av-structured-data'  itemprop=\"datePublished\" datetime=\"2018-10-04T10:16:12+02:00\" >2022-04-15 17:48:53<\/span><span class='av-structured-data'  itemprop=\"dateModified\" itemtype=\"https:\/\/schema.org\/dateModified\" >2022-04-16 22:35:50<\/span><span class='av-structured-data'  itemprop=\"mainEntityOfPage\" itemtype=\"https:\/\/schema.org\/mainEntityOfPage\" ><span itemprop='name'>Les Sapeurs Pompiers r\u00e9alisent leurs exercices au sein de notre Logistique !<\/span><\/span><\/span><\/article><article class='slide-entry flex_column  post-entry post-entry-7610 slide-entry-overview slide-loop-81 slide-parity-odd  av_one_third  real-thumbnail posttype-post post-format-standard'  itemscope=\"itemscope\" itemtype=\"https:\/\/schema.org\/CreativeWork\" ><a href='https:\/\/www.transports-coue.fr\/fr\/retrouvez-notre-equipe-rh-au-job-dating-de-laval-le-30-mars-2022\/' data-rel='slide-2' class='slide-image' title='Retrouvez notre \u00e9quipe RH au Job Dating de Laval le 30 mars 2022'><img decoding=\"async\" fetchpriority=\"high\" width=\"845\" height=\"321\" src=\"https:\/\/www.transports-coue.fr\/wp-content\/uploads\/2022\/03\/Coue-trm-group-job-dating-30-03-2022-web.jpg\" class=\"wp-image-7607 avia-img-lazy-loading-not-7607 attachment-no scaling size-no scaling wp-post-image\" alt=\"\" srcset=\"https:\/\/www.transports-coue.fr\/wp-content\/uploads\/2022\/03\/Coue-trm-group-job-dating-30-03-2022-web.jpg 845w, https:\/\/www.transports-coue.fr\/wp-content\/uploads\/2022\/03\/Coue-trm-group-job-dating-30-03-2022-web-300x114.jpg 300w, https:\/\/www.transports-coue.fr\/wp-content\/uploads\/2022\/03\/Coue-trm-group-job-dating-30-03-2022-web-80x30.jpg 80w, https:\/\/www.transports-coue.fr\/wp-content\/uploads\/2022\/03\/Coue-trm-group-job-dating-30-03-2022-web-768x292.jpg 768w, https:\/\/www.transports-coue.fr\/wp-content\/uploads\/2022\/03\/Coue-trm-group-job-dating-30-03-2022-web-705x268.jpg 705w\" sizes=\"(max-width: 845px) 100vw, 845px\" \/><\/a><div class=\"slide-content\"><header class=\"entry-content-header\" aria-label=\"Slide: Retrouvez notre \u00e9quipe RH au Job Dating de Laval le 30 mars 2022\"><h3 class='slide-entry-title entry-title '  itemprop=\"headline\" ><a href='https:\/\/www.transports-coue.fr\/fr\/retrouvez-notre-equipe-rh-au-job-dating-de-laval-le-30-mars-2022\/' title='Retrouvez notre \u00e9quipe RH au Job Dating de Laval le 30 mars 2022'>Retrouvez notre \u00e9quipe RH au Job Dating de Laval le 30 mars 2022<\/a><\/h3><span class=\"blog-categories minor-meta\"><a href=\"https:\/\/www.transports-coue.fr\/fr\/category\/actualites\/\" rel=\"tag\">Actualit\u00e9s<\/a>, <a href=\"https:\/\/www.transports-coue.fr\/fr\/category\/actualites\/evenements\/\" rel=\"tag\">Ev\u00e9nements<\/a> <\/span><span class=\"av-vertical-delimiter\"><\/span><\/header><div class='slide-entry-excerpt entry-content'  itemprop=\"text\" >\ud83d\uddd3J-7 Job Dating !!\n\n\u26a1\ufe0f Retrouvez-nous au \ud835\udddd\ud835\uddfc\ud835\uddef \ud835\uddd7\ud835\uddee\ud835\ude01\ud835\uddf6\ud835\uddfb\ud835\uddf4 \ud835\uddf1\ud835\uddf2 \ud835\udddf\ud835\uddee\ud835\ude03\ud835\uddee\ud835\uddf9 (\ud835\udff1\ud835\udfef), mercredi 30 mars de 9h \u00e0 17h, \u00e0 l\u2019Espace Mayenne.\n\n\ud83d\udcac Vous aurez l\u2019occasion de rencontrer Alexandra, L\u00e9a\u2026<div class=\"read-more-link\"><a href=\"https:\/\/www.transports-coue.fr\/fr\/retrouvez-notre-equipe-rh-au-job-dating-de-laval-le-30-mars-2022\/\" class=\"more-link\">Lire la suite<span class='more-link-arrow avia-svg-icon avia-font-svg_entypo-fontello' data-av_svg_icon='right-open-big' data-av_iconset='svg_entypo-fontello'><svg version=\"1.1\" xmlns=\"http:\/\/www.w3.org\/2000\/svg\" width=\"15\" height=\"32\" viewBox=\"0 0 15 32\" preserveAspectRatio=\"xMidYMid meet\" role=\"graphics-symbol\" aria-hidden=\"true\">\n<path d=\"M0.416 27.84l11.456-11.84-11.456-11.904q-0.832-0.832 0-1.536 0.832-0.832 1.536 0l12.544 12.608q0.768 0.832 0 1.6l-12.544 12.608q-0.704 0.832-1.536 0-0.832-0.704 0-1.536z\"><\/path>\n<\/svg><\/span><\/a><\/div><\/div><\/div><footer class=\"entry-footer\"><div class=\"slide-meta\"><time class='slide-meta-time updated'  itemprop=\"datePublished\" datetime=\"2022-03-23T17:36:12+01:00\" >23 mars 2022<\/time><\/div><\/footer><span class='hidden'>\n\t\t\t\t<span class='av-structured-data'  itemprop=\"image\" itemscope=\"itemscope\" itemtype=\"https:\/\/schema.org\/ImageObject\" >\n\t\t\t\t\t\t<span itemprop='url'>https:\/\/www.transports-coue.fr\/wp-content\/uploads\/2022\/03\/Coue-trm-group-job-dating-30-03-2022-web.jpg<\/span>\n\t\t\t\t\t\t<span itemprop='height'>321<\/span>\n\t\t\t\t\t\t<span itemprop='width'>845<\/span>\n\t\t\t\t<\/span>\n\t\t\t\t<span class='av-structured-data'  itemprop=\"publisher\" itemtype=\"https:\/\/schema.org\/Organization\" itemscope=\"itemscope\" >\n\t\t\t\t\t\t<span itemprop='name'>Transports Cou\u00e9<\/span>\n\t\t\t\t\t\t<span itemprop='logo' itemscope itemtype='https:\/\/schema.org\/ImageObject'>\n\t\t\t\t\t\t\t<span itemprop='url'>https:\/\/www.transports-coue.fr\/wp-content\/uploads\/2018\/10\/Logo-transports-coue-300x119.png<\/span>\n\t\t\t\t\t\t<\/span>\n\t\t\t\t<\/span><span class='av-structured-data'  itemprop=\"author\" itemscope=\"itemscope\" itemtype=\"https:\/\/schema.org\/Person\" ><span itemprop='name'>Transports Cou\u00e9<\/span><\/span><span class='av-structured-data'  itemprop=\"datePublished\" datetime=\"2018-10-04T10:16:12+02:00\" >2022-03-23 17:36:12<\/span><span class='av-structured-data'  itemprop=\"dateModified\" itemtype=\"https:\/\/schema.org\/dateModified\" >2022-04-16 22:35:11<\/span><span class='av-structured-data'  itemprop=\"mainEntityOfPage\" itemtype=\"https:\/\/schema.org\/mainEntityOfPage\" ><span itemprop='name'>Retrouvez notre \u00e9quipe RH au Job Dating de Laval le 30 mars 2022<\/span><\/span><\/span><\/article><\/div><div class=\"slide-entry-wrap\"><article class='slide-entry flex_column  post-entry post-entry-7400 slide-entry-overview slide-loop-82 slide-parity-odd  av_one_third first real-thumbnail posttype-post post-format-standard'  itemscope=\"itemscope\" itemtype=\"https:\/\/schema.org\/CreativeWork\" ><a href='https:\/\/www.transports-coue.fr\/fr\/notre-entite-sotecan-international-a-la-conference-de-wca-world-du-21-au-24-fevrier-2022\/' data-rel='slide-2' class='slide-image' title='Notre entit\u00e9 SOTECAN INTERNATIONAL \u00e0 la Conf\u00e9rence de WCA World du 21 au 24 f\u00e9vrier 2022'><img decoding=\"async\" fetchpriority=\"high\" width=\"2000\" height=\"760\" src=\"https:\/\/www.transports-coue.fr\/wp-content\/uploads\/2022\/02\/sotecant-conference-wca-world-2022-web.jpg\" class=\"wp-image-7401 avia-img-lazy-loading-not-7401 attachment-no scaling size-no scaling wp-post-image\" alt=\"\" srcset=\"https:\/\/www.transports-coue.fr\/wp-content\/uploads\/2022\/02\/sotecant-conference-wca-world-2022-web.jpg 2000w, https:\/\/www.transports-coue.fr\/wp-content\/uploads\/2022\/02\/sotecant-conference-wca-world-2022-web-300x114.jpg 300w, https:\/\/www.transports-coue.fr\/wp-content\/uploads\/2022\/02\/sotecant-conference-wca-world-2022-web-1030x391.jpg 1030w, https:\/\/www.transports-coue.fr\/wp-content\/uploads\/2022\/02\/sotecant-conference-wca-world-2022-web-80x30.jpg 80w, https:\/\/www.transports-coue.fr\/wp-content\/uploads\/2022\/02\/sotecant-conference-wca-world-2022-web-768x292.jpg 768w, https:\/\/www.transports-coue.fr\/wp-content\/uploads\/2022\/02\/sotecant-conference-wca-world-2022-web-1536x584.jpg 1536w, https:\/\/www.transports-coue.fr\/wp-content\/uploads\/2022\/02\/sotecant-conference-wca-world-2022-web-1500x570.jpg 1500w, https:\/\/www.transports-coue.fr\/wp-content\/uploads\/2022\/02\/sotecant-conference-wca-world-2022-web-705x268.jpg 705w, https:\/\/www.transports-coue.fr\/wp-content\/uploads\/2022\/02\/sotecant-conference-wca-world-2022-web-845x321.jpg 845w\" sizes=\"(max-width: 2000px) 100vw, 2000px\" \/><\/a><div class=\"slide-content\"><header class=\"entry-content-header\" aria-label=\"Slide: Notre entit\u00e9 SOTECAN INTERNATIONAL \u00e0 la Conf\u00e9rence de WCA World du 21 au 24 f\u00e9vrier 2022\"><h3 class='slide-entry-title entry-title '  itemprop=\"headline\" ><a href='https:\/\/www.transports-coue.fr\/fr\/notre-entite-sotecan-international-a-la-conference-de-wca-world-du-21-au-24-fevrier-2022\/' title='Notre entit\u00e9 SOTECAN INTERNATIONAL \u00e0 la Conf\u00e9rence de WCA World du 21 au 24 f\u00e9vrier 2022'>Notre entit\u00e9 SOTECAN INTERNATIONAL \u00e0 la Conf\u00e9rence de WCA World du 21 au 24 f\u00e9vrier 2022<\/a><\/h3><span class=\"blog-categories minor-meta\"><a href=\"https:\/\/www.transports-coue.fr\/fr\/category\/actualites\/\" rel=\"tag\">Actualit\u00e9s<\/a>, <a href=\"https:\/\/www.transports-coue.fr\/fr\/category\/actualites\/evenements\/\" rel=\"tag\">Ev\u00e9nements<\/a>, <a href=\"https:\/\/www.transports-coue.fr\/fr\/category\/actualites\/evenements\/evenement-overseas\/\" rel=\"tag\">Ev\u00e9nements Overseas<\/a> <\/span><span class=\"av-vertical-delimiter\"><\/span><\/header><div class='slide-entry-excerpt entry-content'  itemprop=\"text\" >Rencontrez notre entit\u00e9 SOTECAN INTERNATIONAL \ud83d\udcac \u00e0 la prochaine conf\u00e9rence WCAworld qui aura lieu \u00e0 \ud83d\udccd Duba\u00ef du \ud83d\udcc5 21 et 24 F\u00e9vrier 2022 pour \u00e9changer sur vos projets transport a\u00e9rien, maritime, routier, multimodal,...\n\nNous serons\u2026<div class=\"read-more-link\"><a href=\"https:\/\/www.transports-coue.fr\/fr\/notre-entite-sotecan-international-a-la-conference-de-wca-world-du-21-au-24-fevrier-2022\/\" class=\"more-link\">Lire la suite<span class='more-link-arrow avia-svg-icon avia-font-svg_entypo-fontello' data-av_svg_icon='right-open-big' data-av_iconset='svg_entypo-fontello'><svg version=\"1.1\" xmlns=\"http:\/\/www.w3.org\/2000\/svg\" width=\"15\" height=\"32\" viewBox=\"0 0 15 32\" preserveAspectRatio=\"xMidYMid meet\" role=\"graphics-symbol\" aria-hidden=\"true\">\n<path d=\"M0.416 27.84l11.456-11.84-11.456-11.904q-0.832-0.832 0-1.536 0.832-0.832 1.536 0l12.544 12.608q0.768 0.832 0 1.6l-12.544 12.608q-0.704 0.832-1.536 0-0.832-0.704 0-1.536z\"><\/path>\n<\/svg><\/span><\/a><\/div><\/div><\/div><footer class=\"entry-footer\"><div class=\"slide-meta\"><time class='slide-meta-time updated'  itemprop=\"datePublished\" datetime=\"2022-02-14T18:17:13+01:00\" >14 f\u00e9vrier 2022<\/time><\/div><\/footer><span class='hidden'>\n\t\t\t\t<span class='av-structured-data'  itemprop=\"image\" itemscope=\"itemscope\" itemtype=\"https:\/\/schema.org\/ImageObject\" >\n\t\t\t\t\t\t<span itemprop='url'>https:\/\/www.transports-coue.fr\/wp-content\/uploads\/2022\/02\/sotecant-conference-wca-world-2022-web.jpg<\/span>\n\t\t\t\t\t\t<span itemprop='height'>760<\/span>\n\t\t\t\t\t\t<span itemprop='width'>2000<\/span>\n\t\t\t\t<\/span>\n\t\t\t\t<span class='av-structured-data'  itemprop=\"publisher\" itemtype=\"https:\/\/schema.org\/Organization\" itemscope=\"itemscope\" >\n\t\t\t\t\t\t<span itemprop='name'>Transports Cou\u00e9<\/span>\n\t\t\t\t\t\t<span itemprop='logo' itemscope itemtype='https:\/\/schema.org\/ImageObject'>\n\t\t\t\t\t\t\t<span itemprop='url'>https:\/\/www.transports-coue.fr\/wp-content\/uploads\/2018\/10\/Logo-transports-coue-300x119.png<\/span>\n\t\t\t\t\t\t<\/span>\n\t\t\t\t<\/span><span class='av-structured-data'  itemprop=\"author\" itemscope=\"itemscope\" itemtype=\"https:\/\/schema.org\/Person\" ><span itemprop='name'>Transports Cou\u00e9<\/span><\/span><span class='av-structured-data'  itemprop=\"datePublished\" datetime=\"2018-10-04T10:16:12+02:00\" >2022-02-14 18:17:13<\/span><span class='av-structured-data'  itemprop=\"dateModified\" itemtype=\"https:\/\/schema.org\/dateModified\" >2022-02-15 12:04:05<\/span><span class='av-structured-data'  itemprop=\"mainEntityOfPage\" itemtype=\"https:\/\/schema.org\/mainEntityOfPage\" ><span itemprop='name'>Notre entit\u00e9 SOTECAN INTERNATIONAL \u00e0 la Conf\u00e9rence de WCA World du 21 au 24 f\u00e9vrier 2022<\/span><\/span><\/span><\/article><article class='slide-entry flex_column  post-entry post-entry-7058 slide-entry-overview slide-loop-83 slide-parity-even  av_one_third  real-thumbnail posttype-post post-format-standard'  itemscope=\"itemscope\" itemtype=\"https:\/\/schema.org\/CreativeWork\" ><a href='https:\/\/www.transports-coue.fr\/fr\/excellente-annee-2022\/' data-rel='slide-2' class='slide-image' title='Excellente Ann\u00e9e 2022 !'><img decoding=\"async\" fetchpriority=\"high\" width=\"2000\" height=\"760\" src=\"https:\/\/www.transports-coue.fr\/wp-content\/uploads\/2022\/01\/groupe-coue-voeux-2022.jpg\" class=\"wp-image-7056 avia-img-lazy-loading-not-7056 attachment-no scaling size-no scaling wp-post-image\" alt=\"Bonne Ann\u00e9e 2022 de la part des \u00e9quipes du Groupe Cou\u00e9\" srcset=\"https:\/\/www.transports-coue.fr\/wp-content\/uploads\/2022\/01\/groupe-coue-voeux-2022.jpg 2000w, https:\/\/www.transports-coue.fr\/wp-content\/uploads\/2022\/01\/groupe-coue-voeux-2022-300x114.jpg 300w, https:\/\/www.transports-coue.fr\/wp-content\/uploads\/2022\/01\/groupe-coue-voeux-2022-1030x391.jpg 1030w, https:\/\/www.transports-coue.fr\/wp-content\/uploads\/2022\/01\/groupe-coue-voeux-2022-80x30.jpg 80w, https:\/\/www.transports-coue.fr\/wp-content\/uploads\/2022\/01\/groupe-coue-voeux-2022-768x292.jpg 768w, https:\/\/www.transports-coue.fr\/wp-content\/uploads\/2022\/01\/groupe-coue-voeux-2022-1536x584.jpg 1536w, https:\/\/www.transports-coue.fr\/wp-content\/uploads\/2022\/01\/groupe-coue-voeux-2022-1500x570.jpg 1500w, https:\/\/www.transports-coue.fr\/wp-content\/uploads\/2022\/01\/groupe-coue-voeux-2022-705x268.jpg 705w, https:\/\/www.transports-coue.fr\/wp-content\/uploads\/2022\/01\/groupe-coue-voeux-2022-845x321.jpg 845w\" sizes=\"(max-width: 2000px) 100vw, 2000px\" \/><\/a><div class=\"slide-content\"><header class=\"entry-content-header\" aria-label=\"Slide: Excellente Ann\u00e9e 2022 !\"><h3 class='slide-entry-title entry-title '  itemprop=\"headline\" ><a href='https:\/\/www.transports-coue.fr\/fr\/excellente-annee-2022\/' title='Excellente Ann\u00e9e 2022 !'>Excellente Ann\u00e9e 2022 !<\/a><\/h3><span class=\"blog-categories minor-meta\"><a href=\"https:\/\/www.transports-coue.fr\/fr\/category\/actualites\/\" rel=\"tag\">Actualit\u00e9s<\/a>, <a href=\"https:\/\/www.transports-coue.fr\/fr\/category\/actualites\/evenements\/\" rel=\"tag\">Ev\u00e9nements<\/a> <\/span><span class=\"av-vertical-delimiter\"><\/span><\/header><div class='slide-entry-excerpt entry-content'  itemprop=\"text\" >\u2728Tous nos meilleurs VOEUX pour l'ann\u00e9e \ud83c\udf1f2\ufe0f\u20e30\ufe0f\u20e32\ufe0f\u20e32\ufe0f\u20e3\ud83c\udf1f !\nQue cette nouvelle ann\u00e9e vous apporte Sant\u00e9, Bonheur et R\u00e9ussite ainsi qu'\u00e0 vos proches !\u2728\n\n#NouvelleAnn\u00e9e2022 #FierDeMonM\u00e9tier #TransportsRoutier #Log\u2026<div class=\"read-more-link\"><a href=\"https:\/\/www.transports-coue.fr\/fr\/excellente-annee-2022\/\" class=\"more-link\">Lire la suite<span class='more-link-arrow avia-svg-icon avia-font-svg_entypo-fontello' data-av_svg_icon='right-open-big' data-av_iconset='svg_entypo-fontello'><svg version=\"1.1\" xmlns=\"http:\/\/www.w3.org\/2000\/svg\" width=\"15\" height=\"32\" viewBox=\"0 0 15 32\" preserveAspectRatio=\"xMidYMid meet\" role=\"graphics-symbol\" aria-hidden=\"true\">\n<path d=\"M0.416 27.84l11.456-11.84-11.456-11.904q-0.832-0.832 0-1.536 0.832-0.832 1.536 0l12.544 12.608q0.768 0.832 0 1.6l-12.544 12.608q-0.704 0.832-1.536 0-0.832-0.704 0-1.536z\"><\/path>\n<\/svg><\/span><\/a><\/div><\/div><\/div><footer class=\"entry-footer\"><div class=\"slide-meta\"><time class='slide-meta-time updated'  itemprop=\"datePublished\" datetime=\"2022-01-06T17:46:49+01:00\" >6 janvier 2022<\/time><\/div><\/footer><span class='hidden'>\n\t\t\t\t<span class='av-structured-data'  itemprop=\"image\" itemscope=\"itemscope\" itemtype=\"https:\/\/schema.org\/ImageObject\" >\n\t\t\t\t\t\t<span itemprop='url'>https:\/\/www.transports-coue.fr\/wp-content\/uploads\/2022\/01\/groupe-coue-voeux-2022.jpg<\/span>\n\t\t\t\t\t\t<span itemprop='height'>760<\/span>\n\t\t\t\t\t\t<span itemprop='width'>2000<\/span>\n\t\t\t\t<\/span>\n\t\t\t\t<span class='av-structured-data'  itemprop=\"publisher\" itemtype=\"https:\/\/schema.org\/Organization\" itemscope=\"itemscope\" >\n\t\t\t\t\t\t<span itemprop='name'>Transports Cou\u00e9<\/span>\n\t\t\t\t\t\t<span itemprop='logo' itemscope itemtype='https:\/\/schema.org\/ImageObject'>\n\t\t\t\t\t\t\t<span itemprop='url'>https:\/\/www.transports-coue.fr\/wp-content\/uploads\/2018\/10\/Logo-transports-coue-300x119.png<\/span>\n\t\t\t\t\t\t<\/span>\n\t\t\t\t<\/span><span class='av-structured-data'  itemprop=\"author\" itemscope=\"itemscope\" itemtype=\"https:\/\/schema.org\/Person\" ><span itemprop='name'>Transports Cou\u00e9<\/span><\/span><span class='av-structured-data'  itemprop=\"datePublished\" datetime=\"2018-10-04T10:16:12+02:00\" >2022-01-06 17:46:49<\/span><span class='av-structured-data'  itemprop=\"dateModified\" itemtype=\"https:\/\/schema.org\/dateModified\" >2022-01-12 14:50:18<\/span><span class='av-structured-data'  itemprop=\"mainEntityOfPage\" itemtype=\"https:\/\/schema.org\/mainEntityOfPage\" ><span itemprop='name'>Excellente Ann\u00e9e 2022 !<\/span><\/span><\/span><\/article><article class='slide-entry flex_column  post-entry post-entry-6925 slide-entry-overview slide-loop-84 slide-parity-odd  av_one_third  real-thumbnail posttype-post post-format-standard'  itemscope=\"itemscope\" itemtype=\"https:\/\/schema.org\/CreativeWork\" ><a href='https:\/\/www.transports-coue.fr\/fr\/zoom-sur-une-de-nos-remarquables-nicolas-chef-atelier\/' data-rel='slide-2' class='slide-image' title='Zoom sur un de nos reMarquables : Nicolas, Chef Atelier'><img decoding=\"async\" fetchpriority=\"high\" width=\"845\" height=\"321\" src=\"https:\/\/www.transports-coue.fr\/wp-content\/uploads\/2021\/08\/ZOOM-les-mayennais-sont-remarquables-nicolas-chef-atelier-v3.jpg\" class=\"wp-image-5911 avia-img-lazy-loading-not-5911 attachment-no scaling size-no scaling wp-post-image\" alt=\"Zoom sur un des remarquables, Nicolas, chef atelier\" srcset=\"https:\/\/www.transports-coue.fr\/wp-content\/uploads\/2021\/08\/ZOOM-les-mayennais-sont-remarquables-nicolas-chef-atelier-v3.jpg 845w, https:\/\/www.transports-coue.fr\/wp-content\/uploads\/2021\/08\/ZOOM-les-mayennais-sont-remarquables-nicolas-chef-atelier-v3-300x114.jpg 300w, https:\/\/www.transports-coue.fr\/wp-content\/uploads\/2021\/08\/ZOOM-les-mayennais-sont-remarquables-nicolas-chef-atelier-v3-80x30.jpg 80w, https:\/\/www.transports-coue.fr\/wp-content\/uploads\/2021\/08\/ZOOM-les-mayennais-sont-remarquables-nicolas-chef-atelier-v3-768x292.jpg 768w, https:\/\/www.transports-coue.fr\/wp-content\/uploads\/2021\/08\/ZOOM-les-mayennais-sont-remarquables-nicolas-chef-atelier-v3-705x268.jpg 705w\" sizes=\"(max-width: 845px) 100vw, 845px\" \/><\/a><div class=\"slide-content\"><header class=\"entry-content-header\" aria-label=\"Slide: Zoom sur un de nos reMarquables : Nicolas, Chef Atelier\"><h3 class='slide-entry-title entry-title '  itemprop=\"headline\" ><a href='https:\/\/www.transports-coue.fr\/fr\/zoom-sur-une-de-nos-remarquables-nicolas-chef-atelier\/' title='Zoom sur un de nos reMarquables : Nicolas, Chef Atelier'>Zoom sur un de nos reMarquables : Nicolas, Chef Atelier<\/a><\/h3><span class=\"blog-categories minor-meta\"><a href=\"https:\/\/www.transports-coue.fr\/fr\/category\/actualites\/\" rel=\"tag\">Actualit\u00e9s<\/a>, <a href=\"https:\/\/www.transports-coue.fr\/fr\/category\/actualites\/evenements\/\" rel=\"tag\">Ev\u00e9nements<\/a> <\/span><span class=\"av-vertical-delimiter\"><\/span><\/header><div class='slide-entry-excerpt entry-content'  itemprop=\"text\" >\u2728 ZOOM sur un de nos reMarquables !\nIl y a 1 an, vous d\u00e9couvriez nos nouvelles b\u00e2ches \ud83d\ude9b \u00e0 l'effigie de \ud835\udff5 \ud835\uddf1\ud835\uddf2 \ud835\uddfb\ud835\uddfc\ud835\ude00 \ud835\uddf0\ud835\uddfc\ud835\uddf9\ud835\uddf9\ud835\uddee\ud835\uddef\ud835\uddfc\ud835\uddff\ud835\uddee\ud835\ude01\ud835\uddf2\ud835\ude02\ud835\uddff\ud835\ude00 dans la continuit\u00e9 de la campagne de communication\u2026<div class=\"read-more-link\"><a href=\"https:\/\/www.transports-coue.fr\/fr\/zoom-sur-une-de-nos-remarquables-nicolas-chef-atelier\/\" class=\"more-link\">Lire la suite<span class='more-link-arrow avia-svg-icon avia-font-svg_entypo-fontello' data-av_svg_icon='right-open-big' data-av_iconset='svg_entypo-fontello'><svg version=\"1.1\" xmlns=\"http:\/\/www.w3.org\/2000\/svg\" width=\"15\" height=\"32\" viewBox=\"0 0 15 32\" preserveAspectRatio=\"xMidYMid meet\" role=\"graphics-symbol\" aria-hidden=\"true\">\n<path d=\"M0.416 27.84l11.456-11.84-11.456-11.904q-0.832-0.832 0-1.536 0.832-0.832 1.536 0l12.544 12.608q0.768 0.832 0 1.6l-12.544 12.608q-0.704 0.832-1.536 0-0.832-0.704 0-1.536z\"><\/path>\n<\/svg><\/span><\/a><\/div><\/div><\/div><footer class=\"entry-footer\"><div class=\"slide-meta\"><time class='slide-meta-time updated'  itemprop=\"datePublished\" datetime=\"2021-12-03T16:45:27+01:00\" >3 d\u00e9cembre 2021<\/time><\/div><\/footer><span class='hidden'>\n\t\t\t\t<span class='av-structured-data'  itemprop=\"image\" itemscope=\"itemscope\" itemtype=\"https:\/\/schema.org\/ImageObject\" >\n\t\t\t\t\t\t<span itemprop='url'>https:\/\/www.transports-coue.fr\/wp-content\/uploads\/2021\/08\/ZOOM-les-mayennais-sont-remarquables-nicolas-chef-atelier-v3.jpg<\/span>\n\t\t\t\t\t\t<span itemprop='height'>321<\/span>\n\t\t\t\t\t\t<span itemprop='width'>845<\/span>\n\t\t\t\t<\/span>\n\t\t\t\t<span class='av-structured-data'  itemprop=\"publisher\" itemtype=\"https:\/\/schema.org\/Organization\" itemscope=\"itemscope\" >\n\t\t\t\t\t\t<span itemprop='name'>Transports Cou\u00e9<\/span>\n\t\t\t\t\t\t<span itemprop='logo' itemscope itemtype='https:\/\/schema.org\/ImageObject'>\n\t\t\t\t\t\t\t<span itemprop='url'>https:\/\/www.transports-coue.fr\/wp-content\/uploads\/2018\/10\/Logo-transports-coue-300x119.png<\/span>\n\t\t\t\t\t\t<\/span>\n\t\t\t\t<\/span><span class='av-structured-data'  itemprop=\"author\" itemscope=\"itemscope\" itemtype=\"https:\/\/schema.org\/Person\" ><span itemprop='name'>Transports Cou\u00e9<\/span><\/span><span class='av-structured-data'  itemprop=\"datePublished\" datetime=\"2018-10-04T10:16:12+02:00\" >2021-12-03 16:45:27<\/span><span class='av-structured-data'  itemprop=\"dateModified\" itemtype=\"https:\/\/schema.org\/dateModified\" >2021-12-07 14:35:24<\/span><span class='av-structured-data'  itemprop=\"mainEntityOfPage\" itemtype=\"https:\/\/schema.org\/mainEntityOfPage\" ><span itemprop='name'>Zoom sur un de nos reMarquables : Nicolas, Chef Atelier<\/span><\/span><\/span><\/article><\/div><div class=\"slide-entry-wrap\"><article class='slide-entry flex_column  post-entry post-entry-6824 slide-entry-overview slide-loop-85 slide-parity-odd  av_one_third first real-thumbnail posttype-post post-format-standard'  itemscope=\"itemscope\" itemtype=\"https:\/\/schema.org\/CreativeWork\" ><a href='https:\/\/www.transports-coue.fr\/fr\/presentation-de-nos-metiers-aux-collegiens\/' data-rel='slide-2' class='slide-image' title='Pr\u00e9sentation de nos m\u00e9tiers aux coll\u00e9giens !'><img decoding=\"async\" fetchpriority=\"high\" width=\"845\" height=\"321\" src=\"https:\/\/www.transports-coue.fr\/wp-content\/uploads\/2021\/11\/transports-coue-presentation-metiers-transports-logistiques-aux-collegiens.jpg\" class=\"wp-image-6832 avia-img-lazy-loading-not-6832 attachment-no scaling size-no scaling wp-post-image\" alt=\"Equipe RH du groupe Cou\u00e9 au coll\u00e8ge pour pr\u00e9senter les m\u00e9tiers du transport et de la logistique\" srcset=\"https:\/\/www.transports-coue.fr\/wp-content\/uploads\/2021\/11\/transports-coue-presentation-metiers-transports-logistiques-aux-collegiens.jpg 845w, https:\/\/www.transports-coue.fr\/wp-content\/uploads\/2021\/11\/transports-coue-presentation-metiers-transports-logistiques-aux-collegiens-300x114.jpg 300w, https:\/\/www.transports-coue.fr\/wp-content\/uploads\/2021\/11\/transports-coue-presentation-metiers-transports-logistiques-aux-collegiens-80x30.jpg 80w, https:\/\/www.transports-coue.fr\/wp-content\/uploads\/2021\/11\/transports-coue-presentation-metiers-transports-logistiques-aux-collegiens-768x292.jpg 768w, https:\/\/www.transports-coue.fr\/wp-content\/uploads\/2021\/11\/transports-coue-presentation-metiers-transports-logistiques-aux-collegiens-705x268.jpg 705w\" sizes=\"(max-width: 845px) 100vw, 845px\" \/><\/a><div class=\"slide-content\"><header class=\"entry-content-header\" aria-label=\"Slide: Pr\u00e9sentation de nos m\u00e9tiers aux coll\u00e9giens !\"><h3 class='slide-entry-title entry-title '  itemprop=\"headline\" ><a href='https:\/\/www.transports-coue.fr\/fr\/presentation-de-nos-metiers-aux-collegiens\/' title='Pr\u00e9sentation de nos m\u00e9tiers aux coll\u00e9giens !'>Pr\u00e9sentation de nos m\u00e9tiers aux coll\u00e9giens !<\/a><\/h3><span class=\"blog-categories minor-meta\"><a href=\"https:\/\/www.transports-coue.fr\/fr\/category\/actualites\/\" rel=\"tag\">Actualit\u00e9s<\/a>, <a href=\"https:\/\/www.transports-coue.fr\/fr\/category\/actualites\/evenements\/\" rel=\"tag\">Ev\u00e9nements<\/a>, <a href=\"https:\/\/www.transports-coue.fr\/fr\/category\/actualites\/evenements\/evenements-logistique\/\" rel=\"tag\">Ev\u00e9nements Logistique<\/a> <\/span><span class=\"av-vertical-delimiter\"><\/span><\/header><div class='slide-entry-excerpt entry-content'  itemprop=\"text\" >En octobre, notre \u00e9quipe RH est intervenue au coll\u00e8ge Alain Gerbault de Laval (53) pour pr\u00e9senter aux \u00e9l\u00e8ves de 3\u00e8me en plein choix d'orientation, les attraits encore trop m\u00e9connus des m\u00e9tiers du \ud835\udde7\ud835\uddff\ud835\uddee\ud835\uddfb\ud835\ude00\ud835\uddfd\ud835\uddfc\ud835\uddff\ud835\ude01\u2026<div class=\"read-more-link\"><a href=\"https:\/\/www.transports-coue.fr\/fr\/presentation-de-nos-metiers-aux-collegiens\/\" class=\"more-link\">Lire la suite<span class='more-link-arrow avia-svg-icon avia-font-svg_entypo-fontello' data-av_svg_icon='right-open-big' data-av_iconset='svg_entypo-fontello'><svg version=\"1.1\" xmlns=\"http:\/\/www.w3.org\/2000\/svg\" width=\"15\" height=\"32\" viewBox=\"0 0 15 32\" preserveAspectRatio=\"xMidYMid meet\" role=\"graphics-symbol\" aria-hidden=\"true\">\n<path d=\"M0.416 27.84l11.456-11.84-11.456-11.904q-0.832-0.832 0-1.536 0.832-0.832 1.536 0l12.544 12.608q0.768 0.832 0 1.6l-12.544 12.608q-0.704 0.832-1.536 0-0.832-0.704 0-1.536z\"><\/path>\n<\/svg><\/span><\/a><\/div><\/div><\/div><footer class=\"entry-footer\"><div class=\"slide-meta\"><time class='slide-meta-time updated'  itemprop=\"datePublished\" datetime=\"2021-11-10T16:44:34+01:00\" >10 novembre 2021<\/time><\/div><\/footer><span class='hidden'>\n\t\t\t\t<span class='av-structured-data'  itemprop=\"image\" itemscope=\"itemscope\" itemtype=\"https:\/\/schema.org\/ImageObject\" >\n\t\t\t\t\t\t<span itemprop='url'>https:\/\/www.transports-coue.fr\/wp-content\/uploads\/2021\/11\/transports-coue-presentation-metiers-transports-logistiques-aux-collegiens.jpg<\/span>\n\t\t\t\t\t\t<span itemprop='height'>321<\/span>\n\t\t\t\t\t\t<span itemprop='width'>845<\/span>\n\t\t\t\t<\/span>\n\t\t\t\t<span class='av-structured-data'  itemprop=\"publisher\" itemtype=\"https:\/\/schema.org\/Organization\" itemscope=\"itemscope\" >\n\t\t\t\t\t\t<span itemprop='name'>Transports Cou\u00e9<\/span>\n\t\t\t\t\t\t<span itemprop='logo' itemscope itemtype='https:\/\/schema.org\/ImageObject'>\n\t\t\t\t\t\t\t<span itemprop='url'>https:\/\/www.transports-coue.fr\/wp-content\/uploads\/2018\/10\/Logo-transports-coue-300x119.png<\/span>\n\t\t\t\t\t\t<\/span>\n\t\t\t\t<\/span><span class='av-structured-data'  itemprop=\"author\" itemscope=\"itemscope\" itemtype=\"https:\/\/schema.org\/Person\" ><span itemprop='name'>Transports Cou\u00e9<\/span><\/span><span class='av-structured-data'  itemprop=\"datePublished\" datetime=\"2018-10-04T10:16:12+02:00\" >2021-11-10 16:44:34<\/span><span class='av-structured-data'  itemprop=\"dateModified\" itemtype=\"https:\/\/schema.org\/dateModified\" >2021-11-11 14:17:46<\/span><span class='av-structured-data'  itemprop=\"mainEntityOfPage\" itemtype=\"https:\/\/schema.org\/mainEntityOfPage\" ><span itemprop='name'>Pr\u00e9sentation de nos m\u00e9tiers aux coll\u00e9giens !<\/span><\/span><\/span><\/article><article class='slide-entry flex_column  post-entry post-entry-6782 slide-entry-overview slide-loop-86 slide-parity-even  av_one_third  real-thumbnail posttype-post post-format-standard'  itemscope=\"itemscope\" itemtype=\"https:\/\/schema.org\/CreativeWork\" ><a href='https:\/\/www.transports-coue.fr\/fr\/zoom-sur-une-de-nos-remarquables-amelyne-responsable-facturation\/' data-rel='slide-2' class='slide-image' title='Zoom sur une de nos reMarquables : Amelyne, Responsable Facturation'><img decoding=\"async\" fetchpriority=\"high\" width=\"845\" height=\"321\" src=\"https:\/\/www.transports-coue.fr\/wp-content\/uploads\/2021\/08\/ZOOM-les-mayennais-sont-remarquables-amelyne-responsable-facturation-v3.jpg\" class=\"wp-image-5909 avia-img-lazy-loading-not-5909 attachment-no scaling size-no scaling wp-post-image\" alt=\"Zoom sur un des remarquables, Amelyne, responsable facturation\" srcset=\"https:\/\/www.transports-coue.fr\/wp-content\/uploads\/2021\/08\/ZOOM-les-mayennais-sont-remarquables-amelyne-responsable-facturation-v3.jpg 845w, https:\/\/www.transports-coue.fr\/wp-content\/uploads\/2021\/08\/ZOOM-les-mayennais-sont-remarquables-amelyne-responsable-facturation-v3-300x114.jpg 300w, https:\/\/www.transports-coue.fr\/wp-content\/uploads\/2021\/08\/ZOOM-les-mayennais-sont-remarquables-amelyne-responsable-facturation-v3-80x30.jpg 80w, https:\/\/www.transports-coue.fr\/wp-content\/uploads\/2021\/08\/ZOOM-les-mayennais-sont-remarquables-amelyne-responsable-facturation-v3-768x292.jpg 768w, https:\/\/www.transports-coue.fr\/wp-content\/uploads\/2021\/08\/ZOOM-les-mayennais-sont-remarquables-amelyne-responsable-facturation-v3-705x268.jpg 705w\" sizes=\"(max-width: 845px) 100vw, 845px\" \/><\/a><div class=\"slide-content\"><header class=\"entry-content-header\" aria-label=\"Slide: Zoom sur une de nos reMarquables : Amelyne, Responsable Facturation\"><h3 class='slide-entry-title entry-title '  itemprop=\"headline\" ><a href='https:\/\/www.transports-coue.fr\/fr\/zoom-sur-une-de-nos-remarquables-amelyne-responsable-facturation\/' title='Zoom sur une de nos reMarquables : Amelyne, Responsable Facturation'>Zoom sur une de nos reMarquables : Amelyne, Responsable Facturation<\/a><\/h3><span class=\"blog-categories minor-meta\"><a href=\"https:\/\/www.transports-coue.fr\/fr\/category\/actualites\/\" rel=\"tag\">Actualit\u00e9s<\/a>, <a href=\"https:\/\/www.transports-coue.fr\/fr\/category\/actualites\/evenements\/\" rel=\"tag\">Ev\u00e9nements<\/a> <\/span><span class=\"av-vertical-delimiter\"><\/span><\/header><div class='slide-entry-excerpt entry-content'  itemprop=\"text\" >\u2728 ZOOM sur un de nos reMarquables !\nLa s\u00e9rie sur nos reMarquables, figurant sur nos nouvelles semi-remorques \ud83d\ude9b, continue avec l'avant dernier t\u00e9moignage, celui d'Amelyne qui nous pr\u00e9sente son \u00e9volution chez les Transports Cou\u00e9 :\n\"Embauch\u00e9e\u2026<div class=\"read-more-link\"><a href=\"https:\/\/www.transports-coue.fr\/fr\/zoom-sur-une-de-nos-remarquables-amelyne-responsable-facturation\/\" class=\"more-link\">Lire la suite<span class='more-link-arrow avia-svg-icon avia-font-svg_entypo-fontello' data-av_svg_icon='right-open-big' data-av_iconset='svg_entypo-fontello'><svg version=\"1.1\" xmlns=\"http:\/\/www.w3.org\/2000\/svg\" width=\"15\" height=\"32\" viewBox=\"0 0 15 32\" preserveAspectRatio=\"xMidYMid meet\" role=\"graphics-symbol\" aria-hidden=\"true\">\n<path d=\"M0.416 27.84l11.456-11.84-11.456-11.904q-0.832-0.832 0-1.536 0.832-0.832 1.536 0l12.544 12.608q0.768 0.832 0 1.6l-12.544 12.608q-0.704 0.832-1.536 0-0.832-0.704 0-1.536z\"><\/path>\n<\/svg><\/span><\/a><\/div><\/div><\/div><footer class=\"entry-footer\"><div class=\"slide-meta\"><time class='slide-meta-time updated'  itemprop=\"datePublished\" datetime=\"2021-11-05T17:10:10+01:00\" >5 novembre 2021<\/time><\/div><\/footer><span class='hidden'>\n\t\t\t\t<span class='av-structured-data'  itemprop=\"image\" itemscope=\"itemscope\" itemtype=\"https:\/\/schema.org\/ImageObject\" >\n\t\t\t\t\t\t<span itemprop='url'>https:\/\/www.transports-coue.fr\/wp-content\/uploads\/2021\/08\/ZOOM-les-mayennais-sont-remarquables-amelyne-responsable-facturation-v3.jpg<\/span>\n\t\t\t\t\t\t<span itemprop='height'>321<\/span>\n\t\t\t\t\t\t<span itemprop='width'>845<\/span>\n\t\t\t\t<\/span>\n\t\t\t\t<span class='av-structured-data'  itemprop=\"publisher\" itemtype=\"https:\/\/schema.org\/Organization\" itemscope=\"itemscope\" >\n\t\t\t\t\t\t<span itemprop='name'>Transports Cou\u00e9<\/span>\n\t\t\t\t\t\t<span itemprop='logo' itemscope itemtype='https:\/\/schema.org\/ImageObject'>\n\t\t\t\t\t\t\t<span itemprop='url'>https:\/\/www.transports-coue.fr\/wp-content\/uploads\/2018\/10\/Logo-transports-coue-300x119.png<\/span>\n\t\t\t\t\t\t<\/span>\n\t\t\t\t<\/span><span class='av-structured-data'  itemprop=\"author\" itemscope=\"itemscope\" itemtype=\"https:\/\/schema.org\/Person\" ><span itemprop='name'>Transports Cou\u00e9<\/span><\/span><span class='av-structured-data'  itemprop=\"datePublished\" datetime=\"2018-10-04T10:16:12+02:00\" >2021-11-05 17:10:10<\/span><span class='av-structured-data'  itemprop=\"dateModified\" itemtype=\"https:\/\/schema.org\/dateModified\" >2021-12-03 16:47:12<\/span><span class='av-structured-data'  itemprop=\"mainEntityOfPage\" itemtype=\"https:\/\/schema.org\/mainEntityOfPage\" ><span itemprop='name'>Zoom sur une de nos reMarquables : Amelyne, Responsable Facturation<\/span><\/span><\/span><\/article><article class='slide-entry flex_column  post-entry post-entry-6755 slide-entry-overview slide-loop-87 slide-parity-odd  av_one_third  real-thumbnail posttype-post post-format-standard'  itemscope=\"itemscope\" itemtype=\"https:\/\/schema.org\/CreativeWork\" ><a href='https:\/\/www.transports-coue.fr\/fr\/8-lyceens-en-bac-pro-ctrm-sexercent-a-realiser-des-mises-a-quai-a-notre-logistique\/' data-rel='slide-2' class='slide-image' title='8 lyc\u00e9ens en Bac Pro CTRM s&rsquo;exercent \u00e0 r\u00e9aliser des mises \u00e0 quai \u00e0 notre Logistique'><img decoding=\"async\" fetchpriority=\"high\" width=\"845\" height=\"321\" src=\"https:\/\/www.transports-coue.fr\/wp-content\/uploads\/2021\/10\/transports-coue-formation-metier-conducteur-routier-v3.jpg\" class=\"wp-image-6756 avia-img-lazy-loading-not-6756 attachment-no scaling size-no scaling wp-post-image\" alt=\"\" srcset=\"https:\/\/www.transports-coue.fr\/wp-content\/uploads\/2021\/10\/transports-coue-formation-metier-conducteur-routier-v3.jpg 845w, https:\/\/www.transports-coue.fr\/wp-content\/uploads\/2021\/10\/transports-coue-formation-metier-conducteur-routier-v3-300x114.jpg 300w, https:\/\/www.transports-coue.fr\/wp-content\/uploads\/2021\/10\/transports-coue-formation-metier-conducteur-routier-v3-80x30.jpg 80w, https:\/\/www.transports-coue.fr\/wp-content\/uploads\/2021\/10\/transports-coue-formation-metier-conducteur-routier-v3-768x292.jpg 768w, https:\/\/www.transports-coue.fr\/wp-content\/uploads\/2021\/10\/transports-coue-formation-metier-conducteur-routier-v3-705x268.jpg 705w\" sizes=\"(max-width: 845px) 100vw, 845px\" \/><\/a><div class=\"slide-content\"><header class=\"entry-content-header\" aria-label=\"Slide: 8 lyc\u00e9ens en Bac Pro CTRM s&#039;exercent \u00e0 r\u00e9aliser des mises \u00e0 quai \u00e0 notre Logistique\"><h3 class='slide-entry-title entry-title '  itemprop=\"headline\" ><a href='https:\/\/www.transports-coue.fr\/fr\/8-lyceens-en-bac-pro-ctrm-sexercent-a-realiser-des-mises-a-quai-a-notre-logistique\/' title='8 lyc\u00e9ens en Bac Pro CTRM s&rsquo;exercent \u00e0 r\u00e9aliser des mises \u00e0 quai \u00e0 notre Logistique'>8 lyc\u00e9ens en Bac Pro CTRM s&rsquo;exercent \u00e0 r\u00e9aliser des mises \u00e0 quai \u00e0 notre Logistique<\/a><\/h3><span class=\"blog-categories minor-meta\"><a href=\"https:\/\/www.transports-coue.fr\/fr\/category\/actualites\/\" rel=\"tag\">Actualit\u00e9s<\/a>, <a href=\"https:\/\/www.transports-coue.fr\/fr\/category\/actualites\/evenements\/\" rel=\"tag\">Ev\u00e9nements<\/a> <\/span><span class=\"av-vertical-delimiter\"><\/span><\/header><div class='slide-entry-excerpt entry-content'  itemprop=\"text\" >Au cours de leur stage intensif en octobre, 8 lyc\u00e9ens \ud83d\udc65 en \ud835\uddd5\ud835\uddee\ud835\uddf0 \ud835\udde3\ud835\uddff\ud835\uddfc \ud835\uddd6\ud835\uddfc\ud835\uddfb\ud835\uddf1\ud835\ude02\ud835\uddf0\ud835\ude01\ud835\uddf2\ud835\ude02\ud835\uddff \ud835\udde7\ud835\uddff\ud835\uddee\ud835\uddfb\ud835\ude00\ud835\uddfd\ud835\uddfc\ud835\uddff\ud835\ude01 \ud835\udde5\ud835\uddfc\ud835\ude02\ud835\ude01\ud835\uddf6\ud835\uddf2\ud835\uddff \ud835\uddf1\ud835\uddf2 \ud835\udde0\ud835\uddee\ud835\uddff\ud835\uddf0\ud835\uddf5\ud835\uddee\ud835\uddfb\ud835\uddf1\ud835\uddf6\ud835\ude00\ud835\uddf2\ud835\ude00\u2026<div class=\"read-more-link\"><a href=\"https:\/\/www.transports-coue.fr\/fr\/8-lyceens-en-bac-pro-ctrm-sexercent-a-realiser-des-mises-a-quai-a-notre-logistique\/\" class=\"more-link\">Lire la suite<span class='more-link-arrow avia-svg-icon avia-font-svg_entypo-fontello' data-av_svg_icon='right-open-big' data-av_iconset='svg_entypo-fontello'><svg version=\"1.1\" xmlns=\"http:\/\/www.w3.org\/2000\/svg\" width=\"15\" height=\"32\" viewBox=\"0 0 15 32\" preserveAspectRatio=\"xMidYMid meet\" role=\"graphics-symbol\" aria-hidden=\"true\">\n<path d=\"M0.416 27.84l11.456-11.84-11.456-11.904q-0.832-0.832 0-1.536 0.832-0.832 1.536 0l12.544 12.608q0.768 0.832 0 1.6l-12.544 12.608q-0.704 0.832-1.536 0-0.832-0.704 0-1.536z\"><\/path>\n<\/svg><\/span><\/a><\/div><\/div><\/div><footer class=\"entry-footer\"><div class=\"slide-meta\"><time class='slide-meta-time updated'  itemprop=\"datePublished\" datetime=\"2021-10-29T17:29:05+02:00\" >29 octobre 2021<\/time><\/div><\/footer><span class='hidden'>\n\t\t\t\t<span class='av-structured-data'  itemprop=\"image\" itemscope=\"itemscope\" itemtype=\"https:\/\/schema.org\/ImageObject\" >\n\t\t\t\t\t\t<span itemprop='url'>https:\/\/www.transports-coue.fr\/wp-content\/uploads\/2021\/10\/transports-coue-formation-metier-conducteur-routier-v3.jpg<\/span>\n\t\t\t\t\t\t<span itemprop='height'>321<\/span>\n\t\t\t\t\t\t<span itemprop='width'>845<\/span>\n\t\t\t\t<\/span>\n\t\t\t\t<span class='av-structured-data'  itemprop=\"publisher\" itemtype=\"https:\/\/schema.org\/Organization\" itemscope=\"itemscope\" >\n\t\t\t\t\t\t<span itemprop='name'>Transports Cou\u00e9<\/span>\n\t\t\t\t\t\t<span itemprop='logo' itemscope itemtype='https:\/\/schema.org\/ImageObject'>\n\t\t\t\t\t\t\t<span itemprop='url'>https:\/\/www.transports-coue.fr\/wp-content\/uploads\/2018\/10\/Logo-transports-coue-300x119.png<\/span>\n\t\t\t\t\t\t<\/span>\n\t\t\t\t<\/span><span class='av-structured-data'  itemprop=\"author\" itemscope=\"itemscope\" itemtype=\"https:\/\/schema.org\/Person\" ><span itemprop='name'>Transports Cou\u00e9<\/span><\/span><span class='av-structured-data'  itemprop=\"datePublished\" datetime=\"2018-10-04T10:16:12+02:00\" >2021-10-29 17:29:05<\/span><span class='av-structured-data'  itemprop=\"dateModified\" itemtype=\"https:\/\/schema.org\/dateModified\" >2021-11-03 16:04:07<\/span><span class='av-structured-data'  itemprop=\"mainEntityOfPage\" itemtype=\"https:\/\/schema.org\/mainEntityOfPage\" ><span itemprop='name'>8 lyc\u00e9ens en Bac Pro CTRM s&rsquo;exercent \u00e0 r\u00e9aliser des mises \u00e0 quai \u00e0 notre Logistique<\/span><\/span><\/span><\/article><\/div><div class=\"slide-entry-wrap\"><article class='slide-entry flex_column  post-entry post-entry-6680 slide-entry-overview slide-loop-88 slide-parity-odd  av_one_third first real-thumbnail posttype-post post-format-standard'  itemscope=\"itemscope\" itemtype=\"https:\/\/schema.org\/CreativeWork\" ><a href='https:\/\/www.transports-coue.fr\/fr\/frederic-a-realise-la-diagonale-des-fous\/' data-rel='slide-2' class='slide-image' title='Fr\u00e9d\u00e9ric a r\u00e9alis\u00e9 La Diagonale des Fous !'><img decoding=\"async\" fetchpriority=\"high\" width=\"845\" height=\"321\" src=\"https:\/\/www.transports-coue.fr\/wp-content\/uploads\/2021\/10\/transports-coue-fred-la-diagonale-des-fous.jpg\" class=\"wp-image-6686 avia-img-lazy-loading-not-6686 attachment-no scaling size-no scaling wp-post-image\" alt=\"\" srcset=\"https:\/\/www.transports-coue.fr\/wp-content\/uploads\/2021\/10\/transports-coue-fred-la-diagonale-des-fous.jpg 845w, https:\/\/www.transports-coue.fr\/wp-content\/uploads\/2021\/10\/transports-coue-fred-la-diagonale-des-fous-300x114.jpg 300w, https:\/\/www.transports-coue.fr\/wp-content\/uploads\/2021\/10\/transports-coue-fred-la-diagonale-des-fous-80x30.jpg 80w, https:\/\/www.transports-coue.fr\/wp-content\/uploads\/2021\/10\/transports-coue-fred-la-diagonale-des-fous-768x292.jpg 768w, https:\/\/www.transports-coue.fr\/wp-content\/uploads\/2021\/10\/transports-coue-fred-la-diagonale-des-fous-705x268.jpg 705w\" sizes=\"(max-width: 845px) 100vw, 845px\" \/><\/a><div class=\"slide-content\"><header class=\"entry-content-header\" aria-label=\"Slide: Fr\u00e9d\u00e9ric a r\u00e9alis\u00e9 La Diagonale des Fous !\"><h3 class='slide-entry-title entry-title '  itemprop=\"headline\" ><a href='https:\/\/www.transports-coue.fr\/fr\/frederic-a-realise-la-diagonale-des-fous\/' title='Fr\u00e9d\u00e9ric a r\u00e9alis\u00e9 La Diagonale des Fous !'>Fr\u00e9d\u00e9ric a r\u00e9alis\u00e9 La Diagonale des Fous !<\/a><\/h3><span class=\"blog-categories minor-meta\"><a href=\"https:\/\/www.transports-coue.fr\/fr\/category\/actualites\/\" rel=\"tag\">Actualit\u00e9s<\/a>, <a href=\"https:\/\/www.transports-coue.fr\/fr\/category\/actualites\/evenements\/\" rel=\"tag\">Ev\u00e9nements<\/a> <\/span><span class=\"av-vertical-delimiter\"><\/span><\/header><div class='slide-entry-excerpt entry-content'  itemprop=\"text\" >Le 21 octobre \u00e0 21h20 sur l'\u00eele de la R\u00e9union, Fr\u00e9d\u00e9ric s'est \u00e9lanc\u00e9 pour ce Grand Raid mythique qu'est La Diagonale des Fous : 160 kms, 9400 m de d\u00e9nivel\u00e9 positif.\nApr\u00e8s 2 jours et 3 nuits de course, il termine le raid le 24 octobre\u2026<div class=\"read-more-link\"><a href=\"https:\/\/www.transports-coue.fr\/fr\/frederic-a-realise-la-diagonale-des-fous\/\" class=\"more-link\">Lire la suite<span class='more-link-arrow avia-svg-icon avia-font-svg_entypo-fontello' data-av_svg_icon='right-open-big' data-av_iconset='svg_entypo-fontello'><svg version=\"1.1\" xmlns=\"http:\/\/www.w3.org\/2000\/svg\" width=\"15\" height=\"32\" viewBox=\"0 0 15 32\" preserveAspectRatio=\"xMidYMid meet\" role=\"graphics-symbol\" aria-hidden=\"true\">\n<path d=\"M0.416 27.84l11.456-11.84-11.456-11.904q-0.832-0.832 0-1.536 0.832-0.832 1.536 0l12.544 12.608q0.768 0.832 0 1.6l-12.544 12.608q-0.704 0.832-1.536 0-0.832-0.704 0-1.536z\"><\/path>\n<\/svg><\/span><\/a><\/div><\/div><\/div><footer class=\"entry-footer\"><div class=\"slide-meta\"><time class='slide-meta-time updated'  itemprop=\"datePublished\" datetime=\"2021-10-26T16:16:12+02:00\" >26 octobre 2021<\/time><\/div><\/footer><span class='hidden'>\n\t\t\t\t<span class='av-structured-data'  itemprop=\"image\" itemscope=\"itemscope\" itemtype=\"https:\/\/schema.org\/ImageObject\" >\n\t\t\t\t\t\t<span itemprop='url'>https:\/\/www.transports-coue.fr\/wp-content\/uploads\/2021\/10\/transports-coue-fred-la-diagonale-des-fous.jpg<\/span>\n\t\t\t\t\t\t<span itemprop='height'>321<\/span>\n\t\t\t\t\t\t<span itemprop='width'>845<\/span>\n\t\t\t\t<\/span>\n\t\t\t\t<span class='av-structured-data'  itemprop=\"publisher\" itemtype=\"https:\/\/schema.org\/Organization\" itemscope=\"itemscope\" >\n\t\t\t\t\t\t<span itemprop='name'>Transports Cou\u00e9<\/span>\n\t\t\t\t\t\t<span itemprop='logo' itemscope itemtype='https:\/\/schema.org\/ImageObject'>\n\t\t\t\t\t\t\t<span itemprop='url'>https:\/\/www.transports-coue.fr\/wp-content\/uploads\/2018\/10\/Logo-transports-coue-300x119.png<\/span>\n\t\t\t\t\t\t<\/span>\n\t\t\t\t<\/span><span class='av-structured-data'  itemprop=\"author\" itemscope=\"itemscope\" itemtype=\"https:\/\/schema.org\/Person\" ><span itemprop='name'>Transports Cou\u00e9<\/span><\/span><span class='av-structured-data'  itemprop=\"datePublished\" datetime=\"2018-10-04T10:16:12+02:00\" >2021-10-26 16:16:12<\/span><span class='av-structured-data'  itemprop=\"dateModified\" itemtype=\"https:\/\/schema.org\/dateModified\" >2021-11-03 15:34:13<\/span><span class='av-structured-data'  itemprop=\"mainEntityOfPage\" itemtype=\"https:\/\/schema.org\/mainEntityOfPage\" ><span itemprop='name'>Fr\u00e9d\u00e9ric a r\u00e9alis\u00e9 La Diagonale des Fous !<\/span><\/span><\/span><\/article><article class='slide-entry flex_column  post-entry post-entry-6611 slide-entry-overview slide-loop-89 slide-parity-even  av_one_third  real-thumbnail posttype-post post-format-standard'  itemscope=\"itemscope\" itemtype=\"https:\/\/schema.org\/CreativeWork\" ><a href='https:\/\/www.transports-coue.fr\/fr\/j-7-avant-le-depart-de-fred-pour-la-diagonale-des-fous\/' data-rel='slide-2' class='slide-image' title='J-7 avant le d\u00e9part de Fred pour la Diagonale des Fous !'><img decoding=\"async\" fetchpriority=\"high\" width=\"845\" height=\"321\" src=\"https:\/\/www.transports-coue.fr\/wp-content\/uploads\/2021\/10\/transports-coue-fred-la-diagonale-des-fous-2021.jpg\" class=\"wp-image-6612 avia-img-lazy-loading-not-6612 attachment-no scaling size-no scaling wp-post-image\" alt=\"Transports Cou\u00e9 soutient Frederic Serre dans son challenge La Diagonale des fous\" srcset=\"https:\/\/www.transports-coue.fr\/wp-content\/uploads\/2021\/10\/transports-coue-fred-la-diagonale-des-fous-2021.jpg 845w, https:\/\/www.transports-coue.fr\/wp-content\/uploads\/2021\/10\/transports-coue-fred-la-diagonale-des-fous-2021-300x114.jpg 300w, https:\/\/www.transports-coue.fr\/wp-content\/uploads\/2021\/10\/transports-coue-fred-la-diagonale-des-fous-2021-80x30.jpg 80w, https:\/\/www.transports-coue.fr\/wp-content\/uploads\/2021\/10\/transports-coue-fred-la-diagonale-des-fous-2021-768x292.jpg 768w, https:\/\/www.transports-coue.fr\/wp-content\/uploads\/2021\/10\/transports-coue-fred-la-diagonale-des-fous-2021-705x268.jpg 705w\" sizes=\"(max-width: 845px) 100vw, 845px\" \/><\/a><div class=\"slide-content\"><header class=\"entry-content-header\" aria-label=\"Slide: J-7 avant le d\u00e9part de Fred pour la Diagonale des Fous !\"><h3 class='slide-entry-title entry-title '  itemprop=\"headline\" ><a href='https:\/\/www.transports-coue.fr\/fr\/j-7-avant-le-depart-de-fred-pour-la-diagonale-des-fous\/' title='J-7 avant le d\u00e9part de Fred pour la Diagonale des Fous !'>J-7 avant le d\u00e9part de Fred pour la Diagonale des Fous !<\/a><\/h3><span class=\"blog-categories minor-meta\"><a href=\"https:\/\/www.transports-coue.fr\/fr\/category\/actualites\/\" rel=\"tag\">Actualit\u00e9s<\/a>, <a href=\"https:\/\/www.transports-coue.fr\/fr\/category\/actualites\/evenements\/\" rel=\"tag\">Ev\u00e9nements<\/a> <\/span><span class=\"av-vertical-delimiter\"><\/span><\/header><div class='slide-entry-excerpt entry-content'  itemprop=\"text\" >\u26a1\ufe0fJ-7 du d\u00e9part de la Diagonale des Fous \u00e0 la R\u00e9union pour Fred !\ud83c\udfc3\n\nApr\u00e8s 6 ans de pr\u00e9paration, le grand jour approche pour notre Responsable Agence de l\u2019Est qui a h\u00e2te d\u2019en d\u00e9coudre avec ce trail mythique. Il prendra le d\u00e9part\u2026<div class=\"read-more-link\"><a href=\"https:\/\/www.transports-coue.fr\/fr\/j-7-avant-le-depart-de-fred-pour-la-diagonale-des-fous\/\" class=\"more-link\">Lire la suite<span class='more-link-arrow avia-svg-icon avia-font-svg_entypo-fontello' data-av_svg_icon='right-open-big' data-av_iconset='svg_entypo-fontello'><svg version=\"1.1\" xmlns=\"http:\/\/www.w3.org\/2000\/svg\" width=\"15\" height=\"32\" viewBox=\"0 0 15 32\" preserveAspectRatio=\"xMidYMid meet\" role=\"graphics-symbol\" aria-hidden=\"true\">\n<path d=\"M0.416 27.84l11.456-11.84-11.456-11.904q-0.832-0.832 0-1.536 0.832-0.832 1.536 0l12.544 12.608q0.768 0.832 0 1.6l-12.544 12.608q-0.704 0.832-1.536 0-0.832-0.704 0-1.536z\"><\/path>\n<\/svg><\/span><\/a><\/div><\/div><\/div><footer class=\"entry-footer\"><div class=\"slide-meta\"><time class='slide-meta-time updated'  itemprop=\"datePublished\" datetime=\"2021-10-15T18:37:52+02:00\" >15 octobre 2021<\/time><\/div><\/footer><span class='hidden'>\n\t\t\t\t<span class='av-structured-data'  itemprop=\"image\" itemscope=\"itemscope\" itemtype=\"https:\/\/schema.org\/ImageObject\" >\n\t\t\t\t\t\t<span itemprop='url'>https:\/\/www.transports-coue.fr\/wp-content\/uploads\/2021\/10\/transports-coue-fred-la-diagonale-des-fous-2021.jpg<\/span>\n\t\t\t\t\t\t<span itemprop='height'>321<\/span>\n\t\t\t\t\t\t<span itemprop='width'>845<\/span>\n\t\t\t\t<\/span>\n\t\t\t\t<span class='av-structured-data'  itemprop=\"publisher\" itemtype=\"https:\/\/schema.org\/Organization\" itemscope=\"itemscope\" >\n\t\t\t\t\t\t<span itemprop='name'>Transports Cou\u00e9<\/span>\n\t\t\t\t\t\t<span itemprop='logo' itemscope itemtype='https:\/\/schema.org\/ImageObject'>\n\t\t\t\t\t\t\t<span itemprop='url'>https:\/\/www.transports-coue.fr\/wp-content\/uploads\/2018\/10\/Logo-transports-coue-300x119.png<\/span>\n\t\t\t\t\t\t<\/span>\n\t\t\t\t<\/span><span class='av-structured-data'  itemprop=\"author\" itemscope=\"itemscope\" itemtype=\"https:\/\/schema.org\/Person\" ><span itemprop='name'>Transports Cou\u00e9<\/span><\/span><span class='av-structured-data'  itemprop=\"datePublished\" datetime=\"2018-10-04T10:16:12+02:00\" >2021-10-15 18:37:52<\/span><span class='av-structured-data'  itemprop=\"dateModified\" itemtype=\"https:\/\/schema.org\/dateModified\" >2021-10-16 12:57:54<\/span><span class='av-structured-data'  itemprop=\"mainEntityOfPage\" itemtype=\"https:\/\/schema.org\/mainEntityOfPage\" ><span itemprop='name'>J-7 avant le d\u00e9part de Fred pour la Diagonale des Fous !<\/span><\/span><\/span><\/article><article class='slide-entry flex_column  post-entry post-entry-6542 slide-entry-overview slide-loop-90 slide-parity-odd  av_one_third  real-thumbnail posttype-post post-format-standard'  itemscope=\"itemscope\" itemtype=\"https:\/\/schema.org\/CreativeWork\" ><a href='https:\/\/www.transports-coue.fr\/fr\/notre-equipe-rh-au-rdv-de-lemploi-a-laval-le-12-oct-2021\/' data-rel='slide-2' class='slide-image' title='Notre \u00e9quipe RH au RDV de l&#8217;emploi \u00e0 Laval le 12 oct 2021'><img decoding=\"async\" fetchpriority=\"high\" width=\"845\" height=\"321\" src=\"https:\/\/www.transports-coue.fr\/wp-content\/uploads\/2021\/10\/transports-coue-rdv-emploi-05-10-2021-web.png\" class=\"wp-image-6543 avia-img-lazy-loading-not-6543 attachment-no scaling size-no scaling wp-post-image\" alt=\"\" srcset=\"https:\/\/www.transports-coue.fr\/wp-content\/uploads\/2021\/10\/transports-coue-rdv-emploi-05-10-2021-web.png 845w, https:\/\/www.transports-coue.fr\/wp-content\/uploads\/2021\/10\/transports-coue-rdv-emploi-05-10-2021-web-300x114.png 300w, https:\/\/www.transports-coue.fr\/wp-content\/uploads\/2021\/10\/transports-coue-rdv-emploi-05-10-2021-web-80x30.png 80w, https:\/\/www.transports-coue.fr\/wp-content\/uploads\/2021\/10\/transports-coue-rdv-emploi-05-10-2021-web-768x292.png 768w, https:\/\/www.transports-coue.fr\/wp-content\/uploads\/2021\/10\/transports-coue-rdv-emploi-05-10-2021-web-705x268.png 705w\" sizes=\"(max-width: 845px) 100vw, 845px\" \/><\/a><div class=\"slide-content\"><header class=\"entry-content-header\" aria-label=\"Slide: Notre \u00e9quipe RH au RDV de l&#039;emploi \u00e0 Laval le 12 oct 2021\"><h3 class='slide-entry-title entry-title '  itemprop=\"headline\" ><a href='https:\/\/www.transports-coue.fr\/fr\/notre-equipe-rh-au-rdv-de-lemploi-a-laval-le-12-oct-2021\/' title='Notre \u00e9quipe RH au RDV de l&#8217;emploi \u00e0 Laval le 12 oct 2021'>Notre \u00e9quipe RH au RDV de l&#8217;emploi \u00e0 Laval le 12 oct 2021<\/a><\/h3><span class=\"blog-categories minor-meta\"><a href=\"https:\/\/www.transports-coue.fr\/fr\/category\/actualites\/\" rel=\"tag\">Actualit\u00e9s<\/a>, <a href=\"https:\/\/www.transports-coue.fr\/fr\/category\/actualites\/evenements\/\" rel=\"tag\">Ev\u00e9nements<\/a> <\/span><span class=\"av-vertical-delimiter\"><\/span><\/header><div class='slide-entry-excerpt entry-content'  itemprop=\"text\" >\ud83d\udcac Retrouvez-nous avec Sandy, Alexandra &amp; L\u00e9a, notre \u00e9quipe \ud83d\udc65 RH, au \ud835\udde5\ud835\uddd7\ud835\udde9 \ud835\uddf1\ud835\uddf2 \ud835\uddf9\u2019\ud835\uddd8\ud835\udde0\ud835\udde3\ud835\udddf\ud835\udde2\ud835\udddc, ce mardi \ud835\udfed\ud835\udfee \ud835\uddfc\ud835\uddf0\ud835\ude01\ud835\uddfc\ud835\uddef\ud835\uddff\ud835\uddf2 de 9h \u00e0 17h dans le tout nouveau site \u00e9v\u00e9nementiel de Laval\u2026<div class=\"read-more-link\"><a href=\"https:\/\/www.transports-coue.fr\/fr\/notre-equipe-rh-au-rdv-de-lemploi-a-laval-le-12-oct-2021\/\" class=\"more-link\">Lire la suite<span class='more-link-arrow avia-svg-icon avia-font-svg_entypo-fontello' data-av_svg_icon='right-open-big' data-av_iconset='svg_entypo-fontello'><svg version=\"1.1\" xmlns=\"http:\/\/www.w3.org\/2000\/svg\" width=\"15\" height=\"32\" viewBox=\"0 0 15 32\" preserveAspectRatio=\"xMidYMid meet\" role=\"graphics-symbol\" aria-hidden=\"true\">\n<path d=\"M0.416 27.84l11.456-11.84-11.456-11.904q-0.832-0.832 0-1.536 0.832-0.832 1.536 0l12.544 12.608q0.768 0.832 0 1.6l-12.544 12.608q-0.704 0.832-1.536 0-0.832-0.704 0-1.536z\"><\/path>\n<\/svg><\/span><\/a><\/div><\/div><\/div><footer class=\"entry-footer\"><div class=\"slide-meta\"><time class='slide-meta-time updated'  itemprop=\"datePublished\" datetime=\"2021-10-05T18:40:47+02:00\" >5 octobre 2021<\/time><\/div><\/footer><span class='hidden'>\n\t\t\t\t<span class='av-structured-data'  itemprop=\"image\" itemscope=\"itemscope\" itemtype=\"https:\/\/schema.org\/ImageObject\" >\n\t\t\t\t\t\t<span itemprop='url'>https:\/\/www.transports-coue.fr\/wp-content\/uploads\/2021\/10\/transports-coue-rdv-emploi-05-10-2021-web.png<\/span>\n\t\t\t\t\t\t<span itemprop='height'>321<\/span>\n\t\t\t\t\t\t<span itemprop='width'>845<\/span>\n\t\t\t\t<\/span>\n\t\t\t\t<span class='av-structured-data'  itemprop=\"publisher\" itemtype=\"https:\/\/schema.org\/Organization\" itemscope=\"itemscope\" >\n\t\t\t\t\t\t<span itemprop='name'>Transports Cou\u00e9<\/span>\n\t\t\t\t\t\t<span itemprop='logo' itemscope itemtype='https:\/\/schema.org\/ImageObject'>\n\t\t\t\t\t\t\t<span itemprop='url'>https:\/\/www.transports-coue.fr\/wp-content\/uploads\/2018\/10\/Logo-transports-coue-300x119.png<\/span>\n\t\t\t\t\t\t<\/span>\n\t\t\t\t<\/span><span class='av-structured-data'  itemprop=\"author\" itemscope=\"itemscope\" itemtype=\"https:\/\/schema.org\/Person\" ><span itemprop='name'>Transports Cou\u00e9<\/span><\/span><span class='av-structured-data'  itemprop=\"datePublished\" datetime=\"2018-10-04T10:16:12+02:00\" >2021-10-05 18:40:47<\/span><span class='av-structured-data'  itemprop=\"dateModified\" itemtype=\"https:\/\/schema.org\/dateModified\" >2021-10-14 13:54:46<\/span><span class='av-structured-data'  itemprop=\"mainEntityOfPage\" itemtype=\"https:\/\/schema.org\/mainEntityOfPage\" ><span itemprop='name'>Notre \u00e9quipe RH au RDV de l&#8217;emploi \u00e0 Laval le 12 oct 2021<\/span><\/span><\/span><\/article><\/div><div class=\"slide-entry-wrap\"><article class='slide-entry flex_column  post-entry post-entry-6527 slide-entry-overview slide-loop-91 slide-parity-odd  av_one_third first real-thumbnail posttype-post post-format-standard'  itemscope=\"itemscope\" itemtype=\"https:\/\/schema.org\/CreativeWork\" ><a href='https:\/\/www.transports-coue.fr\/fr\/zoom-sur-un-de-nos-remarquables-philippe-exploitant-transport\/' data-rel='slide-2' class='slide-image' title='Zoom sur un de nos reMarquables : Philippe, Exploitant Transport'><img decoding=\"async\" fetchpriority=\"high\" width=\"845\" height=\"321\" src=\"https:\/\/www.transports-coue.fr\/wp-content\/uploads\/2021\/08\/ZOOM-les-mayennais-sont-remarquables-philippe-exploitant-transport-v3.jpg\" class=\"wp-image-5907 avia-img-lazy-loading-not-5907 attachment-no scaling size-no scaling wp-post-image\" alt=\"Zoom sur un des remarquables, Philippe, exploitant transport\" srcset=\"https:\/\/www.transports-coue.fr\/wp-content\/uploads\/2021\/08\/ZOOM-les-mayennais-sont-remarquables-philippe-exploitant-transport-v3.jpg 845w, https:\/\/www.transports-coue.fr\/wp-content\/uploads\/2021\/08\/ZOOM-les-mayennais-sont-remarquables-philippe-exploitant-transport-v3-300x114.jpg 300w, https:\/\/www.transports-coue.fr\/wp-content\/uploads\/2021\/08\/ZOOM-les-mayennais-sont-remarquables-philippe-exploitant-transport-v3-80x30.jpg 80w, https:\/\/www.transports-coue.fr\/wp-content\/uploads\/2021\/08\/ZOOM-les-mayennais-sont-remarquables-philippe-exploitant-transport-v3-768x292.jpg 768w, https:\/\/www.transports-coue.fr\/wp-content\/uploads\/2021\/08\/ZOOM-les-mayennais-sont-remarquables-philippe-exploitant-transport-v3-705x268.jpg 705w\" sizes=\"(max-width: 845px) 100vw, 845px\" \/><\/a><div class=\"slide-content\"><header class=\"entry-content-header\" aria-label=\"Slide: Zoom sur un de nos reMarquables : Philippe, Exploitant Transport\"><h3 class='slide-entry-title entry-title '  itemprop=\"headline\" ><a href='https:\/\/www.transports-coue.fr\/fr\/zoom-sur-un-de-nos-remarquables-philippe-exploitant-transport\/' title='Zoom sur un de nos reMarquables : Philippe, Exploitant Transport'>Zoom sur un de nos reMarquables : Philippe, Exploitant Transport<\/a><\/h3><span class=\"blog-categories minor-meta\"><a href=\"https:\/\/www.transports-coue.fr\/fr\/category\/actualites\/\" rel=\"tag\">Actualit\u00e9s<\/a>, <a href=\"https:\/\/www.transports-coue.fr\/fr\/category\/actualites\/evenements\/\" rel=\"tag\">Ev\u00e9nements<\/a> <\/span><span class=\"av-vertical-delimiter\"><\/span><\/header><div class='slide-entry-excerpt entry-content'  itemprop=\"text\" >\u2728 ZOOM sur un de nos reMarquables !\nAujourd'hui, c'est Philippe qui nous partage son exp\u00e9rience et son \u00e9volution chez les Transports Cou\u00e9 :\n\"Dans la soci\u00e9t\u00e9 depuis 12 ans, j'ai gravi naturellement les \u00e9chelons en d\u00e9butant ma carri\u00e8re\u2026<div class=\"read-more-link\"><a href=\"https:\/\/www.transports-coue.fr\/fr\/zoom-sur-un-de-nos-remarquables-philippe-exploitant-transport\/\" class=\"more-link\">Lire la suite<span class='more-link-arrow avia-svg-icon avia-font-svg_entypo-fontello' data-av_svg_icon='right-open-big' data-av_iconset='svg_entypo-fontello'><svg version=\"1.1\" xmlns=\"http:\/\/www.w3.org\/2000\/svg\" width=\"15\" height=\"32\" viewBox=\"0 0 15 32\" preserveAspectRatio=\"xMidYMid meet\" role=\"graphics-symbol\" aria-hidden=\"true\">\n<path d=\"M0.416 27.84l11.456-11.84-11.456-11.904q-0.832-0.832 0-1.536 0.832-0.832 1.536 0l12.544 12.608q0.768 0.832 0 1.6l-12.544 12.608q-0.704 0.832-1.536 0-0.832-0.704 0-1.536z\"><\/path>\n<\/svg><\/span><\/a><\/div><\/div><\/div><footer class=\"entry-footer\"><div class=\"slide-meta\"><time class='slide-meta-time updated'  itemprop=\"datePublished\" datetime=\"2021-10-01T17:19:30+02:00\" >1 octobre 2021<\/time><\/div><\/footer><span class='hidden'>\n\t\t\t\t<span class='av-structured-data'  itemprop=\"image\" itemscope=\"itemscope\" itemtype=\"https:\/\/schema.org\/ImageObject\" >\n\t\t\t\t\t\t<span itemprop='url'>https:\/\/www.transports-coue.fr\/wp-content\/uploads\/2021\/08\/ZOOM-les-mayennais-sont-remarquables-philippe-exploitant-transport-v3.jpg<\/span>\n\t\t\t\t\t\t<span itemprop='height'>321<\/span>\n\t\t\t\t\t\t<span itemprop='width'>845<\/span>\n\t\t\t\t<\/span>\n\t\t\t\t<span class='av-structured-data'  itemprop=\"publisher\" itemtype=\"https:\/\/schema.org\/Organization\" itemscope=\"itemscope\" >\n\t\t\t\t\t\t<span itemprop='name'>Transports Cou\u00e9<\/span>\n\t\t\t\t\t\t<span itemprop='logo' itemscope itemtype='https:\/\/schema.org\/ImageObject'>\n\t\t\t\t\t\t\t<span itemprop='url'>https:\/\/www.transports-coue.fr\/wp-content\/uploads\/2018\/10\/Logo-transports-coue-300x119.png<\/span>\n\t\t\t\t\t\t<\/span>\n\t\t\t\t<\/span><span class='av-structured-data'  itemprop=\"author\" itemscope=\"itemscope\" itemtype=\"https:\/\/schema.org\/Person\" ><span itemprop='name'>Transports Cou\u00e9<\/span><\/span><span class='av-structured-data'  itemprop=\"datePublished\" datetime=\"2018-10-04T10:16:12+02:00\" >2021-10-01 17:19:30<\/span><span class='av-structured-data'  itemprop=\"dateModified\" itemtype=\"https:\/\/schema.org\/dateModified\" >2021-12-03 16:47:50<\/span><span class='av-structured-data'  itemprop=\"mainEntityOfPage\" itemtype=\"https:\/\/schema.org\/mainEntityOfPage\" ><span itemprop='name'>Zoom sur un de nos reMarquables : Philippe, Exploitant Transport<\/span><\/span><\/span><\/article><article class='slide-entry flex_column  post-entry post-entry-6513 slide-entry-overview slide-loop-92 slide-parity-even  av_one_third  real-thumbnail posttype-post post-format-standard'  itemscope=\"itemscope\" itemtype=\"https:\/\/schema.org\/CreativeWork\" ><a href='https:\/\/www.transports-coue.fr\/fr\/participation-au-salon-artibat-2021\/' data-rel='slide-2' class='slide-image' title='Participation au salon Artibat 2021 !'><img decoding=\"async\" fetchpriority=\"high\" width=\"845\" height=\"321\" src=\"https:\/\/www.transports-coue.fr\/wp-content\/uploads\/2021\/09\/Groupe-Coue-salon-artibat-2021-v2.jpg\" class=\"wp-image-6516 avia-img-lazy-loading-not-6516 attachment-no scaling size-no scaling wp-post-image\" alt=\"Groupe Cou\u00e9 au salon Artibat 2021\" srcset=\"https:\/\/www.transports-coue.fr\/wp-content\/uploads\/2021\/09\/Groupe-Coue-salon-artibat-2021-v2.jpg 845w, https:\/\/www.transports-coue.fr\/wp-content\/uploads\/2021\/09\/Groupe-Coue-salon-artibat-2021-v2-300x114.jpg 300w, https:\/\/www.transports-coue.fr\/wp-content\/uploads\/2021\/09\/Groupe-Coue-salon-artibat-2021-v2-80x30.jpg 80w, https:\/\/www.transports-coue.fr\/wp-content\/uploads\/2021\/09\/Groupe-Coue-salon-artibat-2021-v2-768x292.jpg 768w, https:\/\/www.transports-coue.fr\/wp-content\/uploads\/2021\/09\/Groupe-Coue-salon-artibat-2021-v2-705x268.jpg 705w\" sizes=\"(max-width: 845px) 100vw, 845px\" \/><\/a><div class=\"slide-content\"><header class=\"entry-content-header\" aria-label=\"Slide: Participation au salon Artibat 2021 !\"><h3 class='slide-entry-title entry-title '  itemprop=\"headline\" ><a href='https:\/\/www.transports-coue.fr\/fr\/participation-au-salon-artibat-2021\/' title='Participation au salon Artibat 2021 !'>Participation au salon Artibat 2021 !<\/a><\/h3><span class=\"blog-categories minor-meta\"><a href=\"https:\/\/www.transports-coue.fr\/fr\/category\/actualites\/\" rel=\"tag\">Actualit\u00e9s<\/a>, <a href=\"https:\/\/www.transports-coue.fr\/fr\/category\/actualites\/evenements\/\" rel=\"tag\">Ev\u00e9nements<\/a>, <a href=\"https:\/\/www.transports-coue.fr\/fr\/category\/actualites\/evenements\/evenements-logistique\/\" rel=\"tag\">Ev\u00e9nements Logistique<\/a> <\/span><span class=\"av-vertical-delimiter\"><\/span><\/header><div class='slide-entry-excerpt entry-content'  itemprop=\"text\" >\u26a1\ufe0f Notre rentr\u00e9e est riche \ud83e\udd29 en \u00e9v\u00e9nements ! Certainement \ud835\uddf9'\ud835\uddf2\ud835\uddfb\ud835\ude03\ud835\uddf6\ud835\uddf2 \ud835\uddf1\ud835\uddf2 \ud835\ude03\ud835\uddfc\ud835\ude02\ud835\ude00 \ud835\uddff\ud835\uddf2\ud835\uddfb\ud835\uddf0\ud835\uddfc\ud835\uddfb\ud835\ude01\ud835\uddff\ud835\uddf2\ud835\uddff \ud83d\udcac apr\u00e8s une ann\u00e9e en distanciel !\n\nEn parall\u00e8le du salon Top Transport Europe\u2026<div class=\"read-more-link\"><a href=\"https:\/\/www.transports-coue.fr\/fr\/participation-au-salon-artibat-2021\/\" class=\"more-link\">Lire la suite<span class='more-link-arrow avia-svg-icon avia-font-svg_entypo-fontello' data-av_svg_icon='right-open-big' data-av_iconset='svg_entypo-fontello'><svg version=\"1.1\" xmlns=\"http:\/\/www.w3.org\/2000\/svg\" width=\"15\" height=\"32\" viewBox=\"0 0 15 32\" preserveAspectRatio=\"xMidYMid meet\" role=\"graphics-symbol\" aria-hidden=\"true\">\n<path d=\"M0.416 27.84l11.456-11.84-11.456-11.904q-0.832-0.832 0-1.536 0.832-0.832 1.536 0l12.544 12.608q0.768 0.832 0 1.6l-12.544 12.608q-0.704 0.832-1.536 0-0.832-0.704 0-1.536z\"><\/path>\n<\/svg><\/span><\/a><\/div><\/div><\/div><footer class=\"entry-footer\"><div class=\"slide-meta\"><time class='slide-meta-time updated'  itemprop=\"datePublished\" datetime=\"2021-09-24T17:41:12+02:00\" >24 septembre 2021<\/time><\/div><\/footer><span class='hidden'>\n\t\t\t\t<span class='av-structured-data'  itemprop=\"image\" itemscope=\"itemscope\" itemtype=\"https:\/\/schema.org\/ImageObject\" >\n\t\t\t\t\t\t<span itemprop='url'>https:\/\/www.transports-coue.fr\/wp-content\/uploads\/2021\/09\/Groupe-Coue-salon-artibat-2021-v2.jpg<\/span>\n\t\t\t\t\t\t<span itemprop='height'>321<\/span>\n\t\t\t\t\t\t<span itemprop='width'>845<\/span>\n\t\t\t\t<\/span>\n\t\t\t\t<span class='av-structured-data'  itemprop=\"publisher\" itemtype=\"https:\/\/schema.org\/Organization\" itemscope=\"itemscope\" >\n\t\t\t\t\t\t<span itemprop='name'>Transports Cou\u00e9<\/span>\n\t\t\t\t\t\t<span itemprop='logo' itemscope itemtype='https:\/\/schema.org\/ImageObject'>\n\t\t\t\t\t\t\t<span itemprop='url'>https:\/\/www.transports-coue.fr\/wp-content\/uploads\/2018\/10\/Logo-transports-coue-300x119.png<\/span>\n\t\t\t\t\t\t<\/span>\n\t\t\t\t<\/span><span class='av-structured-data'  itemprop=\"author\" itemscope=\"itemscope\" itemtype=\"https:\/\/schema.org\/Person\" ><span itemprop='name'>Transports Cou\u00e9<\/span><\/span><span class='av-structured-data'  itemprop=\"datePublished\" datetime=\"2018-10-04T10:16:12+02:00\" >2021-09-24 17:41:12<\/span><span class='av-structured-data'  itemprop=\"dateModified\" itemtype=\"https:\/\/schema.org\/dateModified\" >2021-10-05 10:41:40<\/span><span class='av-structured-data'  itemprop=\"mainEntityOfPage\" itemtype=\"https:\/\/schema.org\/mainEntityOfPage\" ><span itemprop='name'>Participation au salon Artibat 2021 !<\/span><\/span><\/span><\/article><article class='slide-entry flex_column  post-entry post-entry-6454 slide-entry-overview slide-loop-93 slide-parity-odd  av_one_third  real-thumbnail posttype-post post-format-standard'  itemscope=\"itemscope\" itemtype=\"https:\/\/schema.org\/CreativeWork\" ><a href='https:\/\/www.transports-coue.fr\/fr\/le-groupe-coue-au-top-transport-2021-avec-otms\/' data-rel='slide-2' class='slide-image' title='Le groupe Cou\u00e9 au Top Transport 2021 avec OTMS'><img decoding=\"async\" fetchpriority=\"high\" width=\"845\" height=\"321\" src=\"https:\/\/www.transports-coue.fr\/wp-content\/uploads\/2021\/09\/groupe-coue-otms-salon-top-transport-2021.jpg\" class=\"wp-image-6455 avia-img-lazy-loading-not-6455 attachment-no scaling size-no scaling wp-post-image\" alt=\"Group\" srcset=\"https:\/\/www.transports-coue.fr\/wp-content\/uploads\/2021\/09\/groupe-coue-otms-salon-top-transport-2021.jpg 845w, https:\/\/www.transports-coue.fr\/wp-content\/uploads\/2021\/09\/groupe-coue-otms-salon-top-transport-2021-300x114.jpg 300w, https:\/\/www.transports-coue.fr\/wp-content\/uploads\/2021\/09\/groupe-coue-otms-salon-top-transport-2021-80x30.jpg 80w, https:\/\/www.transports-coue.fr\/wp-content\/uploads\/2021\/09\/groupe-coue-otms-salon-top-transport-2021-768x292.jpg 768w, https:\/\/www.transports-coue.fr\/wp-content\/uploads\/2021\/09\/groupe-coue-otms-salon-top-transport-2021-705x268.jpg 705w\" sizes=\"(max-width: 845px) 100vw, 845px\" \/><\/a><div class=\"slide-content\"><header class=\"entry-content-header\" aria-label=\"Slide: Le groupe Cou\u00e9 au Top Transport 2021 avec OTMS\"><h3 class='slide-entry-title entry-title '  itemprop=\"headline\" ><a href='https:\/\/www.transports-coue.fr\/fr\/le-groupe-coue-au-top-transport-2021-avec-otms\/' title='Le groupe Cou\u00e9 au Top Transport 2021 avec OTMS'>Le groupe Cou\u00e9 au Top Transport 2021 avec OTMS<\/a><\/h3><span class=\"blog-categories minor-meta\"><a href=\"https:\/\/www.transports-coue.fr\/fr\/category\/actualites\/\" rel=\"tag\">Actualit\u00e9s<\/a>, <a href=\"https:\/\/www.transports-coue.fr\/fr\/category\/actualites\/evenements\/\" rel=\"tag\">Ev\u00e9nements<\/a> <\/span><span class=\"av-vertical-delimiter\"><\/span><\/header><div class='slide-entry-excerpt entry-content'  itemprop=\"text\" >\u26a1 \ud835\udddd-\ud835\udfef\ud835\udfec avant le d\u00e9but du salon \ud835\udde7\ud835\uddfc\ud835\uddfd \ud835\udde7\ud835\uddff\ud835\uddee\ud835\uddfb\ud835\ude00\ud835\uddfd\ud835\uddfc\ud835\uddff\ud835\ude01 \ud835\uddd8\ud835\ude02\ud835\uddff\ud835\uddfc\ud835\uddfd\ud835\uddf2 \ud83d\ude9b \u00e0 \ud835\udde0\ud835\uddee\ud835\uddff\ud835\ude00\ud835\uddf2\ud835\uddf6\ud835\uddf9\ud835\uddf9\ud835\uddf2 au Palais du Pharo ! \u26a1\nLes \ud835\udfed\ud835\udfef &amp; \ud835\udfed\ud835\udff0 \ud835\uddfc\ud835\uddf0\ud835\ude01, retrouvez nos\u2026<div class=\"read-more-link\"><a href=\"https:\/\/www.transports-coue.fr\/fr\/le-groupe-coue-au-top-transport-2021-avec-otms\/\" class=\"more-link\">Lire la suite<span class='more-link-arrow avia-svg-icon avia-font-svg_entypo-fontello' data-av_svg_icon='right-open-big' data-av_iconset='svg_entypo-fontello'><svg version=\"1.1\" xmlns=\"http:\/\/www.w3.org\/2000\/svg\" width=\"15\" height=\"32\" viewBox=\"0 0 15 32\" preserveAspectRatio=\"xMidYMid meet\" role=\"graphics-symbol\" aria-hidden=\"true\">\n<path d=\"M0.416 27.84l11.456-11.84-11.456-11.904q-0.832-0.832 0-1.536 0.832-0.832 1.536 0l12.544 12.608q0.768 0.832 0 1.6l-12.544 12.608q-0.704 0.832-1.536 0-0.832-0.704 0-1.536z\"><\/path>\n<\/svg><\/span><\/a><\/div><\/div><\/div><footer class=\"entry-footer\"><div class=\"slide-meta\"><time class='slide-meta-time updated'  itemprop=\"datePublished\" datetime=\"2021-09-16T16:34:39+02:00\" >16 septembre 2021<\/time><\/div><\/footer><span class='hidden'>\n\t\t\t\t<span class='av-structured-data'  itemprop=\"image\" itemscope=\"itemscope\" itemtype=\"https:\/\/schema.org\/ImageObject\" >\n\t\t\t\t\t\t<span itemprop='url'>https:\/\/www.transports-coue.fr\/wp-content\/uploads\/2021\/09\/groupe-coue-otms-salon-top-transport-2021.jpg<\/span>\n\t\t\t\t\t\t<span itemprop='height'>321<\/span>\n\t\t\t\t\t\t<span itemprop='width'>845<\/span>\n\t\t\t\t<\/span>\n\t\t\t\t<span class='av-structured-data'  itemprop=\"publisher\" itemtype=\"https:\/\/schema.org\/Organization\" itemscope=\"itemscope\" >\n\t\t\t\t\t\t<span itemprop='name'>Transports Cou\u00e9<\/span>\n\t\t\t\t\t\t<span itemprop='logo' itemscope itemtype='https:\/\/schema.org\/ImageObject'>\n\t\t\t\t\t\t\t<span itemprop='url'>https:\/\/www.transports-coue.fr\/wp-content\/uploads\/2018\/10\/Logo-transports-coue-300x119.png<\/span>\n\t\t\t\t\t\t<\/span>\n\t\t\t\t<\/span><span class='av-structured-data'  itemprop=\"author\" itemscope=\"itemscope\" itemtype=\"https:\/\/schema.org\/Person\" ><span itemprop='name'>Transports Cou\u00e9<\/span><\/span><span class='av-structured-data'  itemprop=\"datePublished\" datetime=\"2018-10-04T10:16:12+02:00\" >2021-09-16 16:34:39<\/span><span class='av-structured-data'  itemprop=\"dateModified\" itemtype=\"https:\/\/schema.org\/dateModified\" >2021-09-20 00:37:21<\/span><span class='av-structured-data'  itemprop=\"mainEntityOfPage\" itemtype=\"https:\/\/schema.org\/mainEntityOfPage\" ><span itemprop='name'>Le groupe Cou\u00e9 au Top Transport 2021 avec OTMS<\/span><\/span><\/span><\/article><\/div><div class=\"slide-entry-wrap\"><article class='slide-entry flex_column  post-entry post-entry-5862 slide-entry-overview slide-loop-94 slide-parity-odd  av_one_third first real-thumbnail posttype-post post-format-standard'  itemscope=\"itemscope\" itemtype=\"https:\/\/schema.org\/CreativeWork\" ><a href='https:\/\/www.transports-coue.fr\/fr\/zoom-sur-un-de-nos-remarquables-laurent-exploitant-transport\/' data-rel='slide-2' class='slide-image' title='Zoom sur un de nos reMarquables : Laurent, Exploitant Transport'><img decoding=\"async\" fetchpriority=\"high\" width=\"845\" height=\"321\" src=\"https:\/\/www.transports-coue.fr\/wp-content\/uploads\/2021\/08\/ZOOM-les-mayennais-sont-remarquables-Laurent-exploitant-transport-v3.jpg\" class=\"wp-image-5897 avia-img-lazy-loading-not-5897 attachment-no scaling size-no scaling wp-post-image\" alt=\"Zoom sur un des remarquables, Laurent, exploitant transport\" srcset=\"https:\/\/www.transports-coue.fr\/wp-content\/uploads\/2021\/08\/ZOOM-les-mayennais-sont-remarquables-Laurent-exploitant-transport-v3.jpg 845w, https:\/\/www.transports-coue.fr\/wp-content\/uploads\/2021\/08\/ZOOM-les-mayennais-sont-remarquables-Laurent-exploitant-transport-v3-300x114.jpg 300w, https:\/\/www.transports-coue.fr\/wp-content\/uploads\/2021\/08\/ZOOM-les-mayennais-sont-remarquables-Laurent-exploitant-transport-v3-80x30.jpg 80w, https:\/\/www.transports-coue.fr\/wp-content\/uploads\/2021\/08\/ZOOM-les-mayennais-sont-remarquables-Laurent-exploitant-transport-v3-768x292.jpg 768w, https:\/\/www.transports-coue.fr\/wp-content\/uploads\/2021\/08\/ZOOM-les-mayennais-sont-remarquables-Laurent-exploitant-transport-v3-705x268.jpg 705w\" sizes=\"(max-width: 845px) 100vw, 845px\" \/><\/a><div class=\"slide-content\"><header class=\"entry-content-header\" aria-label=\"Slide: Zoom sur un de nos reMarquables : Laurent, Exploitant Transport\"><h3 class='slide-entry-title entry-title '  itemprop=\"headline\" ><a href='https:\/\/www.transports-coue.fr\/fr\/zoom-sur-un-de-nos-remarquables-laurent-exploitant-transport\/' title='Zoom sur un de nos reMarquables : Laurent, Exploitant Transport'>Zoom sur un de nos reMarquables : Laurent, Exploitant Transport<\/a><\/h3><span class=\"blog-categories minor-meta\"><a href=\"https:\/\/www.transports-coue.fr\/fr\/category\/actualites\/\" rel=\"tag\">Actualit\u00e9s<\/a>, <a href=\"https:\/\/www.transports-coue.fr\/fr\/category\/actualites\/evenements\/\" rel=\"tag\">Ev\u00e9nements<\/a> <\/span><span class=\"av-vertical-delimiter\"><\/span><\/header><div class='slide-entry-excerpt entry-content'  itemprop=\"text\" >\u2728 ZOOM sur un de nos reMarquables !\nLa s\u00e9rie sur nos reMarquables, figurant sur nos nouvelles b\u00e2ches semi-remorques \ud83d\ude9b, continue avec la pr\u00e9sentation de Laurent arriv\u00e9 chez les Transports Cou\u00e9 il y a 10 ans.\nLaurent a commenc\u00e9 \u00e0 faire\u2026<div class=\"read-more-link\"><a href=\"https:\/\/www.transports-coue.fr\/fr\/zoom-sur-un-de-nos-remarquables-laurent-exploitant-transport\/\" class=\"more-link\">Lire la suite<span class='more-link-arrow avia-svg-icon avia-font-svg_entypo-fontello' data-av_svg_icon='right-open-big' data-av_iconset='svg_entypo-fontello'><svg version=\"1.1\" xmlns=\"http:\/\/www.w3.org\/2000\/svg\" width=\"15\" height=\"32\" viewBox=\"0 0 15 32\" preserveAspectRatio=\"xMidYMid meet\" role=\"graphics-symbol\" aria-hidden=\"true\">\n<path d=\"M0.416 27.84l11.456-11.84-11.456-11.904q-0.832-0.832 0-1.536 0.832-0.832 1.536 0l12.544 12.608q0.768 0.832 0 1.6l-12.544 12.608q-0.704 0.832-1.536 0-0.832-0.704 0-1.536z\"><\/path>\n<\/svg><\/span><\/a><\/div><\/div><\/div><footer class=\"entry-footer\"><div class=\"slide-meta\"><time class='slide-meta-time updated'  itemprop=\"datePublished\" datetime=\"2021-08-31T18:54:22+02:00\" >31 ao\u00fbt 2021<\/time><\/div><\/footer><span class='hidden'>\n\t\t\t\t<span class='av-structured-data'  itemprop=\"image\" itemscope=\"itemscope\" itemtype=\"https:\/\/schema.org\/ImageObject\" >\n\t\t\t\t\t\t<span itemprop='url'>https:\/\/www.transports-coue.fr\/wp-content\/uploads\/2021\/08\/ZOOM-les-mayennais-sont-remarquables-Laurent-exploitant-transport-v3.jpg<\/span>\n\t\t\t\t\t\t<span itemprop='height'>321<\/span>\n\t\t\t\t\t\t<span itemprop='width'>845<\/span>\n\t\t\t\t<\/span>\n\t\t\t\t<span class='av-structured-data'  itemprop=\"publisher\" itemtype=\"https:\/\/schema.org\/Organization\" itemscope=\"itemscope\" >\n\t\t\t\t\t\t<span itemprop='name'>Transports Cou\u00e9<\/span>\n\t\t\t\t\t\t<span itemprop='logo' itemscope itemtype='https:\/\/schema.org\/ImageObject'>\n\t\t\t\t\t\t\t<span itemprop='url'>https:\/\/www.transports-coue.fr\/wp-content\/uploads\/2018\/10\/Logo-transports-coue-300x119.png<\/span>\n\t\t\t\t\t\t<\/span>\n\t\t\t\t<\/span><span class='av-structured-data'  itemprop=\"author\" itemscope=\"itemscope\" itemtype=\"https:\/\/schema.org\/Person\" ><span itemprop='name'>Transports Cou\u00e9<\/span><\/span><span class='av-structured-data'  itemprop=\"datePublished\" datetime=\"2018-10-04T10:16:12+02:00\" >2021-08-31 18:54:22<\/span><span class='av-structured-data'  itemprop=\"dateModified\" itemtype=\"https:\/\/schema.org\/dateModified\" >2021-12-03 16:48:36<\/span><span class='av-structured-data'  itemprop=\"mainEntityOfPage\" itemtype=\"https:\/\/schema.org\/mainEntityOfPage\" ><span itemprop='name'>Zoom sur un de nos reMarquables : Laurent, Exploitant Transport<\/span><\/span><\/span><\/article><article class='slide-entry flex_column  post-entry post-entry-5832 slide-entry-overview slide-loop-95 slide-parity-even  av_one_third  real-thumbnail posttype-post post-format-standard'  itemscope=\"itemscope\" itemtype=\"https:\/\/schema.org\/CreativeWork\" ><a href='https:\/\/www.transports-coue.fr\/fr\/reprise-des-trails-pour-le-plus-grand-bonheur-de-frederic-serre\/' data-rel='slide-2' class='slide-image' title='Reprise des trails pour le plus grand Bonheur de Fr\u00e9d\u00e9ric Serre !'><img decoding=\"async\" fetchpriority=\"high\" width=\"845\" height=\"321\" src=\"https:\/\/www.transports-coue.fr\/wp-content\/uploads\/2021\/07\/transports-coue-fred-et-la-diagonale-des-fous-pays-welche-alsace.jpg\" class=\"wp-image-5830 avia-img-lazy-loading-not-5830 attachment-no scaling size-no scaling wp-post-image\" alt=\"Frederic Serre reprend le trail avec celui du Pays de Welche en Alsace\" srcset=\"https:\/\/www.transports-coue.fr\/wp-content\/uploads\/2021\/07\/transports-coue-fred-et-la-diagonale-des-fous-pays-welche-alsace.jpg 845w, https:\/\/www.transports-coue.fr\/wp-content\/uploads\/2021\/07\/transports-coue-fred-et-la-diagonale-des-fous-pays-welche-alsace-300x114.jpg 300w, https:\/\/www.transports-coue.fr\/wp-content\/uploads\/2021\/07\/transports-coue-fred-et-la-diagonale-des-fous-pays-welche-alsace-80x30.jpg 80w, https:\/\/www.transports-coue.fr\/wp-content\/uploads\/2021\/07\/transports-coue-fred-et-la-diagonale-des-fous-pays-welche-alsace-768x292.jpg 768w, https:\/\/www.transports-coue.fr\/wp-content\/uploads\/2021\/07\/transports-coue-fred-et-la-diagonale-des-fous-pays-welche-alsace-705x268.jpg 705w\" sizes=\"(max-width: 845px) 100vw, 845px\" \/><\/a><div class=\"slide-content\"><header class=\"entry-content-header\" aria-label=\"Slide: Reprise des trails pour le plus grand Bonheur de Fr\u00e9d\u00e9ric Serre !\"><h3 class='slide-entry-title entry-title '  itemprop=\"headline\" ><a href='https:\/\/www.transports-coue.fr\/fr\/reprise-des-trails-pour-le-plus-grand-bonheur-de-frederic-serre\/' title='Reprise des trails pour le plus grand Bonheur de Fr\u00e9d\u00e9ric Serre !'>Reprise des trails pour le plus grand Bonheur de Fr\u00e9d\u00e9ric Serre !<\/a><\/h3><span class=\"blog-categories minor-meta\"><a href=\"https:\/\/www.transports-coue.fr\/fr\/category\/actualites\/\" rel=\"tag\">Actualit\u00e9s<\/a>, <a href=\"https:\/\/www.transports-coue.fr\/fr\/category\/actualites\/evenements\/\" rel=\"tag\">Ev\u00e9nements<\/a> <\/span><span class=\"av-vertical-delimiter\"><\/span><\/header><div class='slide-entry-excerpt entry-content'  itemprop=\"text\" >Enfin la reprise des Trails \ud83c\udfc3 !!\nFr\u00e9d\u00e9ric Serre, notre Responsable Agence de l'Est, a r\u00e9alis\u00e9 celui du pays Welche en Alsace ce Samedi 17 juillet : \u303d\ufe0f54 kms et 2300 D+ !\"Un peu laborieux en raison de la chaleur \ud83e\udd75 et du stress ,\u2026<div class=\"read-more-link\"><a href=\"https:\/\/www.transports-coue.fr\/fr\/reprise-des-trails-pour-le-plus-grand-bonheur-de-frederic-serre\/\" class=\"more-link\">Lire la suite<span class='more-link-arrow avia-svg-icon avia-font-svg_entypo-fontello' data-av_svg_icon='right-open-big' data-av_iconset='svg_entypo-fontello'><svg version=\"1.1\" xmlns=\"http:\/\/www.w3.org\/2000\/svg\" width=\"15\" height=\"32\" viewBox=\"0 0 15 32\" preserveAspectRatio=\"xMidYMid meet\" role=\"graphics-symbol\" aria-hidden=\"true\">\n<path d=\"M0.416 27.84l11.456-11.84-11.456-11.904q-0.832-0.832 0-1.536 0.832-0.832 1.536 0l12.544 12.608q0.768 0.832 0 1.6l-12.544 12.608q-0.704 0.832-1.536 0-0.832-0.704 0-1.536z\"><\/path>\n<\/svg><\/span><\/a><\/div><\/div><\/div><footer class=\"entry-footer\"><div class=\"slide-meta\"><time class='slide-meta-time updated'  itemprop=\"datePublished\" datetime=\"2021-07-23T17:23:11+02:00\" >23 juillet 2021<\/time><\/div><\/footer><span class='hidden'>\n\t\t\t\t<span class='av-structured-data'  itemprop=\"image\" itemscope=\"itemscope\" itemtype=\"https:\/\/schema.org\/ImageObject\" >\n\t\t\t\t\t\t<span itemprop='url'>https:\/\/www.transports-coue.fr\/wp-content\/uploads\/2021\/07\/transports-coue-fred-et-la-diagonale-des-fous-pays-welche-alsace.jpg<\/span>\n\t\t\t\t\t\t<span itemprop='height'>321<\/span>\n\t\t\t\t\t\t<span itemprop='width'>845<\/span>\n\t\t\t\t<\/span>\n\t\t\t\t<span class='av-structured-data'  itemprop=\"publisher\" itemtype=\"https:\/\/schema.org\/Organization\" itemscope=\"itemscope\" >\n\t\t\t\t\t\t<span itemprop='name'>Transports Cou\u00e9<\/span>\n\t\t\t\t\t\t<span itemprop='logo' itemscope itemtype='https:\/\/schema.org\/ImageObject'>\n\t\t\t\t\t\t\t<span itemprop='url'>https:\/\/www.transports-coue.fr\/wp-content\/uploads\/2018\/10\/Logo-transports-coue-300x119.png<\/span>\n\t\t\t\t\t\t<\/span>\n\t\t\t\t<\/span><span class='av-structured-data'  itemprop=\"author\" itemscope=\"itemscope\" itemtype=\"https:\/\/schema.org\/Person\" ><span itemprop='name'>Transports Cou\u00e9<\/span><\/span><span class='av-structured-data'  itemprop=\"datePublished\" datetime=\"2018-10-04T10:16:12+02:00\" >2021-07-23 17:23:11<\/span><span class='av-structured-data'  itemprop=\"dateModified\" itemtype=\"https:\/\/schema.org\/dateModified\" >2021-08-06 10:37:52<\/span><span class='av-structured-data'  itemprop=\"mainEntityOfPage\" itemtype=\"https:\/\/schema.org\/mainEntityOfPage\" ><span itemprop='name'>Reprise des trails pour le plus grand Bonheur de Fr\u00e9d\u00e9ric Serre !<\/span><\/span><\/span><\/article><article class='slide-entry flex_column  post-entry post-entry-5790 slide-entry-overview slide-loop-96 slide-parity-odd  av_one_third  real-thumbnail posttype-post post-format-standard'  itemscope=\"itemscope\" itemtype=\"https:\/\/schema.org\/CreativeWork\" ><a href='https:\/\/www.transports-coue.fr\/fr\/le-tour-de-france-est-passe-devant-les-transports-coue\/' data-rel='slide-2' class='slide-image' title='Le Tour de France est pass\u00e9 devant les Transports Cou\u00e9 !'><img decoding=\"async\" fetchpriority=\"high\" width=\"845\" height=\"321\" src=\"https:\/\/www.transports-coue.fr\/wp-content\/uploads\/2021\/07\/transports-coue-tour-de-france-2021-couverture.jpg\" class=\"wp-image-5794 avia-img-lazy-loading-not-5794 attachment-no scaling size-no scaling wp-post-image\" alt=\"\" srcset=\"https:\/\/www.transports-coue.fr\/wp-content\/uploads\/2021\/07\/transports-coue-tour-de-france-2021-couverture.jpg 845w, https:\/\/www.transports-coue.fr\/wp-content\/uploads\/2021\/07\/transports-coue-tour-de-france-2021-couverture-300x114.jpg 300w, https:\/\/www.transports-coue.fr\/wp-content\/uploads\/2021\/07\/transports-coue-tour-de-france-2021-couverture-80x30.jpg 80w, https:\/\/www.transports-coue.fr\/wp-content\/uploads\/2021\/07\/transports-coue-tour-de-france-2021-couverture-768x292.jpg 768w, https:\/\/www.transports-coue.fr\/wp-content\/uploads\/2021\/07\/transports-coue-tour-de-france-2021-couverture-705x268.jpg 705w\" sizes=\"(max-width: 845px) 100vw, 845px\" \/><\/a><div class=\"slide-content\"><header class=\"entry-content-header\" aria-label=\"Slide: Le Tour de France est pass\u00e9 devant les Transports Cou\u00e9 !\"><h3 class='slide-entry-title entry-title '  itemprop=\"headline\" ><a href='https:\/\/www.transports-coue.fr\/fr\/le-tour-de-france-est-passe-devant-les-transports-coue\/' title='Le Tour de France est pass\u00e9 devant les Transports Cou\u00e9 !'>Le Tour de France est pass\u00e9 devant les Transports Cou\u00e9 !<\/a><\/h3><span class=\"blog-categories minor-meta\"><a href=\"https:\/\/www.transports-coue.fr\/fr\/category\/actualites\/\" rel=\"tag\">Actualit\u00e9s<\/a>, <a href=\"https:\/\/www.transports-coue.fr\/fr\/category\/actualites\/evenements\/\" rel=\"tag\">Ev\u00e9nements<\/a> <\/span><span class=\"av-vertical-delimiter\"><\/span><\/header><div class='slide-entry-excerpt entry-content'  itemprop=\"text\" >\u26a1\ufe0f\ud83d\udeb4 Etape 5 du Tour de France, le Contre-la-montre \ud83d\udd50 s'est d\u00e9roul\u00e9 le 30 juin devant notre entreprise !! \ud83e\udd29\nMERCI \ud83d\ude4f \u00e0 Christophe Romagn\u00e9 pour ces magnifiques photos \ud83d\udcf8 !!!\nRetour sur cette superbe journ\u00e9e :\n https:\/\/www.letour.fr\/fr\/etape-5\n&nbsp;\nVoir\u2026<div class=\"read-more-link\"><a href=\"https:\/\/www.transports-coue.fr\/fr\/le-tour-de-france-est-passe-devant-les-transports-coue\/\" class=\"more-link\">Lire la suite<span class='more-link-arrow avia-svg-icon avia-font-svg_entypo-fontello' data-av_svg_icon='right-open-big' data-av_iconset='svg_entypo-fontello'><svg version=\"1.1\" xmlns=\"http:\/\/www.w3.org\/2000\/svg\" width=\"15\" height=\"32\" viewBox=\"0 0 15 32\" preserveAspectRatio=\"xMidYMid meet\" role=\"graphics-symbol\" aria-hidden=\"true\">\n<path d=\"M0.416 27.84l11.456-11.84-11.456-11.904q-0.832-0.832 0-1.536 0.832-0.832 1.536 0l12.544 12.608q0.768 0.832 0 1.6l-12.544 12.608q-0.704 0.832-1.536 0-0.832-0.704 0-1.536z\"><\/path>\n<\/svg><\/span><\/a><\/div><\/div><\/div><footer class=\"entry-footer\"><div class=\"slide-meta\"><time class='slide-meta-time updated'  itemprop=\"datePublished\" datetime=\"2021-07-08T14:41:57+02:00\" >8 juillet 2021<\/time><\/div><\/footer><span class='hidden'>\n\t\t\t\t<span class='av-structured-data'  itemprop=\"image\" itemscope=\"itemscope\" itemtype=\"https:\/\/schema.org\/ImageObject\" >\n\t\t\t\t\t\t<span itemprop='url'>https:\/\/www.transports-coue.fr\/wp-content\/uploads\/2021\/07\/transports-coue-tour-de-france-2021-couverture.jpg<\/span>\n\t\t\t\t\t\t<span itemprop='height'>321<\/span>\n\t\t\t\t\t\t<span itemprop='width'>845<\/span>\n\t\t\t\t<\/span>\n\t\t\t\t<span class='av-structured-data'  itemprop=\"publisher\" itemtype=\"https:\/\/schema.org\/Organization\" itemscope=\"itemscope\" >\n\t\t\t\t\t\t<span itemprop='name'>Transports Cou\u00e9<\/span>\n\t\t\t\t\t\t<span itemprop='logo' itemscope itemtype='https:\/\/schema.org\/ImageObject'>\n\t\t\t\t\t\t\t<span itemprop='url'>https:\/\/www.transports-coue.fr\/wp-content\/uploads\/2018\/10\/Logo-transports-coue-300x119.png<\/span>\n\t\t\t\t\t\t<\/span>\n\t\t\t\t<\/span><span class='av-structured-data'  itemprop=\"author\" itemscope=\"itemscope\" itemtype=\"https:\/\/schema.org\/Person\" ><span itemprop='name'>Transports Cou\u00e9<\/span><\/span><span class='av-structured-data'  itemprop=\"datePublished\" datetime=\"2018-10-04T10:16:12+02:00\" >2021-07-08 14:41:57<\/span><span class='av-structured-data'  itemprop=\"dateModified\" itemtype=\"https:\/\/schema.org\/dateModified\" >2021-07-09 11:27:29<\/span><span class='av-structured-data'  itemprop=\"mainEntityOfPage\" itemtype=\"https:\/\/schema.org\/mainEntityOfPage\" ><span itemprop='name'>Le Tour de France est pass\u00e9 devant les Transports Cou\u00e9 !<\/span><\/span><\/span><\/article><\/div><div class=\"slide-entry-wrap\"><article class='slide-entry flex_column  post-entry post-entry-5708 slide-entry-overview slide-loop-97 slide-parity-odd  av_one_third first real-thumbnail posttype-post post-format-standard'  itemscope=\"itemscope\" itemtype=\"https:\/\/schema.org\/CreativeWork\" ><a href='https:\/\/www.transports-coue.fr\/fr\/transports-coue-et-groupe-trm-en-plein-coeur-du-contre-la-montre-du-tour-de-france\/' data-rel='slide-2' class='slide-image' title='Transports Cou\u00e9 et Groupe TRM en plein c\u0153ur du Contre-la-Montre du Tour de France !'><img decoding=\"async\" fetchpriority=\"high\" width=\"845\" height=\"321\" src=\"https:\/\/www.transports-coue.fr\/wp-content\/uploads\/2021\/06\/transports-coue-groupe-trm-au-tour-de-france-2021.jpg\" class=\"wp-image-5709 avia-img-lazy-loading-not-5709 attachment-no scaling size-no scaling wp-post-image\" alt=\"Transports Cou\u00e9 &amp; Groupe TRM au coeur du parcours du Contre-la-montre du Tour de France\" srcset=\"https:\/\/www.transports-coue.fr\/wp-content\/uploads\/2021\/06\/transports-coue-groupe-trm-au-tour-de-france-2021.jpg 845w, https:\/\/www.transports-coue.fr\/wp-content\/uploads\/2021\/06\/transports-coue-groupe-trm-au-tour-de-france-2021-300x114.jpg 300w, https:\/\/www.transports-coue.fr\/wp-content\/uploads\/2021\/06\/transports-coue-groupe-trm-au-tour-de-france-2021-80x30.jpg 80w, https:\/\/www.transports-coue.fr\/wp-content\/uploads\/2021\/06\/transports-coue-groupe-trm-au-tour-de-france-2021-768x292.jpg 768w, https:\/\/www.transports-coue.fr\/wp-content\/uploads\/2021\/06\/transports-coue-groupe-trm-au-tour-de-france-2021-705x268.jpg 705w\" sizes=\"(max-width: 845px) 100vw, 845px\" \/><\/a><div class=\"slide-content\"><header class=\"entry-content-header\" aria-label=\"Slide: Transports Cou\u00e9 et Groupe TRM en plein c\u0153ur du Contre-la-Montre du Tour de France !\"><h3 class='slide-entry-title entry-title '  itemprop=\"headline\" ><a href='https:\/\/www.transports-coue.fr\/fr\/transports-coue-et-groupe-trm-en-plein-coeur-du-contre-la-montre-du-tour-de-france\/' title='Transports Cou\u00e9 et Groupe TRM en plein c\u0153ur du Contre-la-Montre du Tour de France !'>Transports Cou\u00e9 et Groupe TRM en plein c\u0153ur du Contre-la-Montre du Tour de France !<\/a><\/h3><span class=\"blog-categories minor-meta\"><a href=\"https:\/\/www.transports-coue.fr\/fr\/category\/actualites\/\" rel=\"tag\">Actualit\u00e9s<\/a>, <a href=\"https:\/\/www.transports-coue.fr\/fr\/category\/actualites\/evenements\/\" rel=\"tag\">Ev\u00e9nements<\/a> <\/span><span class=\"av-vertical-delimiter\"><\/span><\/header><div class='slide-entry-excerpt entry-content'  itemprop=\"text\" >\u26a1\ud83d\udeb4 \ud835\udde0\ud835\uddf2\ud835\uddff\ud835\uddf0\ud835\uddff\ud835\uddf2\ud835\uddf1\ud835\uddf6 \ud835\udfef\ud835\udfec \ud835\uddf7\ud835\ude02\ud835\uddf6\ud835\uddfb, nous serons au c\u0153ur du parcours du \ud835\uddd6\ud835\uddfc\ud835\uddfb\ud835\ude01\ud835\uddff\ud835\uddf2-\ud835\uddf9\ud835\uddee-\ud835\uddfa\ud835\uddfc\ud835\uddfb\ud835\ude01\ud835\uddff\ud835\uddf2 du Tour de France \ud83e\udd29\n\nNos activit\u00e9s \ud83d\ude9b, quelque peu perturb\u00e9es, \ud835\ude00\ud835\uddf2\ud835\uddff\ud835\uddfc\ud835\uddfb\ud835\ude01\u2026<div class=\"read-more-link\"><a href=\"https:\/\/www.transports-coue.fr\/fr\/transports-coue-et-groupe-trm-en-plein-coeur-du-contre-la-montre-du-tour-de-france\/\" class=\"more-link\">Lire la suite<span class='more-link-arrow avia-svg-icon avia-font-svg_entypo-fontello' data-av_svg_icon='right-open-big' data-av_iconset='svg_entypo-fontello'><svg version=\"1.1\" xmlns=\"http:\/\/www.w3.org\/2000\/svg\" width=\"15\" height=\"32\" viewBox=\"0 0 15 32\" preserveAspectRatio=\"xMidYMid meet\" role=\"graphics-symbol\" aria-hidden=\"true\">\n<path d=\"M0.416 27.84l11.456-11.84-11.456-11.904q-0.832-0.832 0-1.536 0.832-0.832 1.536 0l12.544 12.608q0.768 0.832 0 1.6l-12.544 12.608q-0.704 0.832-1.536 0-0.832-0.704 0-1.536z\"><\/path>\n<\/svg><\/span><\/a><\/div><\/div><\/div><footer class=\"entry-footer\"><div class=\"slide-meta\"><time class='slide-meta-time updated'  itemprop=\"datePublished\" datetime=\"2021-06-25T17:27:27+02:00\" >25 juin 2021<\/time><\/div><\/footer><span class='hidden'>\n\t\t\t\t<span class='av-structured-data'  itemprop=\"image\" itemscope=\"itemscope\" itemtype=\"https:\/\/schema.org\/ImageObject\" >\n\t\t\t\t\t\t<span itemprop='url'>https:\/\/www.transports-coue.fr\/wp-content\/uploads\/2021\/06\/transports-coue-groupe-trm-au-tour-de-france-2021.jpg<\/span>\n\t\t\t\t\t\t<span itemprop='height'>321<\/span>\n\t\t\t\t\t\t<span itemprop='width'>845<\/span>\n\t\t\t\t<\/span>\n\t\t\t\t<span class='av-structured-data'  itemprop=\"publisher\" itemtype=\"https:\/\/schema.org\/Organization\" itemscope=\"itemscope\" >\n\t\t\t\t\t\t<span itemprop='name'>Transports Cou\u00e9<\/span>\n\t\t\t\t\t\t<span itemprop='logo' itemscope itemtype='https:\/\/schema.org\/ImageObject'>\n\t\t\t\t\t\t\t<span itemprop='url'>https:\/\/www.transports-coue.fr\/wp-content\/uploads\/2018\/10\/Logo-transports-coue-300x119.png<\/span>\n\t\t\t\t\t\t<\/span>\n\t\t\t\t<\/span><span class='av-structured-data'  itemprop=\"author\" itemscope=\"itemscope\" itemtype=\"https:\/\/schema.org\/Person\" ><span itemprop='name'>Transports Cou\u00e9<\/span><\/span><span class='av-structured-data'  itemprop=\"datePublished\" datetime=\"2018-10-04T10:16:12+02:00\" >2021-06-25 17:27:27<\/span><span class='av-structured-data'  itemprop=\"dateModified\" itemtype=\"https:\/\/schema.org\/dateModified\" >2021-06-25 19:54:59<\/span><span class='av-structured-data'  itemprop=\"mainEntityOfPage\" itemtype=\"https:\/\/schema.org\/mainEntityOfPage\" ><span itemprop='name'>Transports Cou\u00e9 et Groupe TRM en plein c\u0153ur du Contre-la-Montre du Tour de France !<\/span><\/span><\/span><\/article><article class='slide-entry flex_column  post-entry post-entry-5576 slide-entry-overview slide-loop-98 slide-parity-even  av_one_third  real-thumbnail posttype-post post-format-standard'  itemscope=\"itemscope\" itemtype=\"https:\/\/schema.org\/CreativeWork\" ><a href='https:\/\/www.transports-coue.fr\/fr\/zoom-sur-un-de-nos-remarquables-aurelien-conducteur\/' data-rel='slide-2' class='slide-image' title='Zoom sur un de nos reMarquables : Aur\u00e9lien, conducteur routier'><img decoding=\"async\" fetchpriority=\"high\" width=\"845\" height=\"321\" src=\"https:\/\/www.transports-coue.fr\/wp-content\/uploads\/2021\/08\/ZOOM-les-mayennais-sont-remarquables-aurelien-conducteur-v3.jpg\" class=\"wp-image-5901 avia-img-lazy-loading-not-5901 attachment-no scaling size-no scaling wp-post-image\" alt=\"Zoom sur un des remarquables, Aur\u00e9lien, conducteur\" srcset=\"https:\/\/www.transports-coue.fr\/wp-content\/uploads\/2021\/08\/ZOOM-les-mayennais-sont-remarquables-aurelien-conducteur-v3.jpg 845w, https:\/\/www.transports-coue.fr\/wp-content\/uploads\/2021\/08\/ZOOM-les-mayennais-sont-remarquables-aurelien-conducteur-v3-300x114.jpg 300w, https:\/\/www.transports-coue.fr\/wp-content\/uploads\/2021\/08\/ZOOM-les-mayennais-sont-remarquables-aurelien-conducteur-v3-80x30.jpg 80w, https:\/\/www.transports-coue.fr\/wp-content\/uploads\/2021\/08\/ZOOM-les-mayennais-sont-remarquables-aurelien-conducteur-v3-768x292.jpg 768w, https:\/\/www.transports-coue.fr\/wp-content\/uploads\/2021\/08\/ZOOM-les-mayennais-sont-remarquables-aurelien-conducteur-v3-705x268.jpg 705w\" sizes=\"(max-width: 845px) 100vw, 845px\" \/><\/a><div class=\"slide-content\"><header class=\"entry-content-header\" aria-label=\"Slide: Zoom sur un de nos reMarquables : Aur\u00e9lien, conducteur routier\"><h3 class='slide-entry-title entry-title '  itemprop=\"headline\" ><a href='https:\/\/www.transports-coue.fr\/fr\/zoom-sur-un-de-nos-remarquables-aurelien-conducteur\/' title='Zoom sur un de nos reMarquables : Aur\u00e9lien, conducteur routier'>Zoom sur un de nos reMarquables : Aur\u00e9lien, conducteur routier<\/a><\/h3><span class=\"blog-categories minor-meta\"><a href=\"https:\/\/www.transports-coue.fr\/fr\/category\/actualites\/\" rel=\"tag\">Actualit\u00e9s<\/a>, <a href=\"https:\/\/www.transports-coue.fr\/fr\/category\/actualites\/evenements\/\" rel=\"tag\">Ev\u00e9nements<\/a> <\/span><span class=\"av-vertical-delimiter\"><\/span><\/header><div class='slide-entry-excerpt entry-content'  itemprop=\"text\" >\u2728 Zoom sur un de nos reMarquables !\n\nMise \u00e0 l'honneur dans ce zoom d'Aur\u00e9lien, Conducteur Routier \ud83d\ude9b, m\u00e9tier mis \u00e0 rude \u00e9preuve depuis plus d'un an en raison de la crise sanitaire !\nPr\u00e9sent sur une de nos 9 b\u00e2ches \"Les Mayennais sont\u2026<div class=\"read-more-link\"><a href=\"https:\/\/www.transports-coue.fr\/fr\/zoom-sur-un-de-nos-remarquables-aurelien-conducteur\/\" class=\"more-link\">Lire la suite<span class='more-link-arrow avia-svg-icon avia-font-svg_entypo-fontello' data-av_svg_icon='right-open-big' data-av_iconset='svg_entypo-fontello'><svg version=\"1.1\" xmlns=\"http:\/\/www.w3.org\/2000\/svg\" width=\"15\" height=\"32\" viewBox=\"0 0 15 32\" preserveAspectRatio=\"xMidYMid meet\" role=\"graphics-symbol\" aria-hidden=\"true\">\n<path d=\"M0.416 27.84l11.456-11.84-11.456-11.904q-0.832-0.832 0-1.536 0.832-0.832 1.536 0l12.544 12.608q0.768 0.832 0 1.6l-12.544 12.608q-0.704 0.832-1.536 0-0.832-0.704 0-1.536z\"><\/path>\n<\/svg><\/span><\/a><\/div><\/div><\/div><footer class=\"entry-footer\"><div class=\"slide-meta\"><time class='slide-meta-time updated'  itemprop=\"datePublished\" datetime=\"2021-06-11T15:53:24+02:00\" >11 juin 2021<\/time><\/div><\/footer><span class='hidden'>\n\t\t\t\t<span class='av-structured-data'  itemprop=\"image\" itemscope=\"itemscope\" itemtype=\"https:\/\/schema.org\/ImageObject\" >\n\t\t\t\t\t\t<span itemprop='url'>https:\/\/www.transports-coue.fr\/wp-content\/uploads\/2021\/08\/ZOOM-les-mayennais-sont-remarquables-aurelien-conducteur-v3.jpg<\/span>\n\t\t\t\t\t\t<span itemprop='height'>321<\/span>\n\t\t\t\t\t\t<span itemprop='width'>845<\/span>\n\t\t\t\t<\/span>\n\t\t\t\t<span class='av-structured-data'  itemprop=\"publisher\" itemtype=\"https:\/\/schema.org\/Organization\" itemscope=\"itemscope\" >\n\t\t\t\t\t\t<span itemprop='name'>Transports Cou\u00e9<\/span>\n\t\t\t\t\t\t<span itemprop='logo' itemscope itemtype='https:\/\/schema.org\/ImageObject'>\n\t\t\t\t\t\t\t<span itemprop='url'>https:\/\/www.transports-coue.fr\/wp-content\/uploads\/2018\/10\/Logo-transports-coue-300x119.png<\/span>\n\t\t\t\t\t\t<\/span>\n\t\t\t\t<\/span><span class='av-structured-data'  itemprop=\"author\" itemscope=\"itemscope\" itemtype=\"https:\/\/schema.org\/Person\" ><span itemprop='name'>Transports Cou\u00e9<\/span><\/span><span class='av-structured-data'  itemprop=\"datePublished\" datetime=\"2018-10-04T10:16:12+02:00\" >2021-06-11 15:53:24<\/span><span class='av-structured-data'  itemprop=\"dateModified\" itemtype=\"https:\/\/schema.org\/dateModified\" >2021-12-03 16:50:08<\/span><span class='av-structured-data'  itemprop=\"mainEntityOfPage\" itemtype=\"https:\/\/schema.org\/mainEntityOfPage\" ><span itemprop='name'>Zoom sur un de nos reMarquables : Aur\u00e9lien, conducteur routier<\/span><\/span><\/span><\/article><article class='slide-entry flex_column  post-entry post-entry-5531 slide-entry-overview slide-loop-99 slide-parity-odd  av_one_third  real-thumbnail posttype-post post-format-standard'  itemscope=\"itemscope\" itemtype=\"https:\/\/schema.org\/CreativeWork\" ><a href='https:\/\/www.transports-coue.fr\/fr\/le-lycee-don-bosco-visite-notre-port-sec-tcm\/' data-rel='slide-2' class='slide-image' title='Le Lyc\u00e9e Don Bosco visite notre port sec TCM'><img decoding=\"async\" fetchpriority=\"high\" width=\"845\" height=\"321\" src=\"https:\/\/www.transports-coue.fr\/wp-content\/uploads\/2021\/06\/lycee-don-bosco-port-sec-tcm-trm.jpg\" class=\"wp-image-5529 avia-img-lazy-loading-not-5529 attachment-no scaling size-no scaling wp-post-image\" alt=\"Le Lyc\u00e9e Don Bosco de Mayenne \u00e0 notre port sec TCM\" srcset=\"https:\/\/www.transports-coue.fr\/wp-content\/uploads\/2021\/06\/lycee-don-bosco-port-sec-tcm-trm.jpg 845w, https:\/\/www.transports-coue.fr\/wp-content\/uploads\/2021\/06\/lycee-don-bosco-port-sec-tcm-trm-300x114.jpg 300w, https:\/\/www.transports-coue.fr\/wp-content\/uploads\/2021\/06\/lycee-don-bosco-port-sec-tcm-trm-80x30.jpg 80w, https:\/\/www.transports-coue.fr\/wp-content\/uploads\/2021\/06\/lycee-don-bosco-port-sec-tcm-trm-768x292.jpg 768w, https:\/\/www.transports-coue.fr\/wp-content\/uploads\/2021\/06\/lycee-don-bosco-port-sec-tcm-trm-705x268.jpg 705w\" sizes=\"(max-width: 845px) 100vw, 845px\" \/><\/a><div class=\"slide-content\"><header class=\"entry-content-header\" aria-label=\"Slide: Le Lyc\u00e9e Don Bosco visite notre port sec TCM\"><h3 class='slide-entry-title entry-title '  itemprop=\"headline\" ><a href='https:\/\/www.transports-coue.fr\/fr\/le-lycee-don-bosco-visite-notre-port-sec-tcm\/' title='Le Lyc\u00e9e Don Bosco visite notre port sec TCM'>Le Lyc\u00e9e Don Bosco visite notre port sec TCM<\/a><\/h3><span class=\"blog-categories minor-meta\"><a href=\"https:\/\/www.transports-coue.fr\/fr\/category\/actualites\/\" rel=\"tag\">Actualit\u00e9s<\/a>, <a href=\"https:\/\/www.transports-coue.fr\/fr\/category\/actualites\/evenements\/\" rel=\"tag\">Ev\u00e9nements<\/a> <\/span><span class=\"av-vertical-delimiter\"><\/span><\/header><div class='slide-entry-excerpt entry-content'  itemprop=\"text\" >\n\nGabin, S\u00e9ny, Arthur, Louis et L\u00e9o, \u00e9l\u00e8ves\u00a0\ud83d\udc68\u200d\ud83c\udf93\u00a0en 1\u00e8re professionnel Transport\u00a0\ud83d\ude9b\u00a0au Lyc\u00e9e\u00a0Ensemble Scolaire Don Bosco, ont pour projet p\u00e9dagogique d'\ud835\uddee\ud835\uddfa\ud835\uddf2\u0301\ud835\uddfb\ud835\uddee\ud835\uddf4\ud835\uddf2\ud835\uddff \ud835\ude02\ud835\uddfb \ud835\uddf0\ud835\uddfc\ud835\uddfb\ud835\ude01\ud835\uddee\ud835\uddf6\ud835\uddfb\ud835\uddf2\ud835\uddff\u2026<div class=\"read-more-link\"><a href=\"https:\/\/www.transports-coue.fr\/fr\/le-lycee-don-bosco-visite-notre-port-sec-tcm\/\" class=\"more-link\">Lire la suite<span class='more-link-arrow avia-svg-icon avia-font-svg_entypo-fontello' data-av_svg_icon='right-open-big' data-av_iconset='svg_entypo-fontello'><svg version=\"1.1\" xmlns=\"http:\/\/www.w3.org\/2000\/svg\" width=\"15\" height=\"32\" viewBox=\"0 0 15 32\" preserveAspectRatio=\"xMidYMid meet\" role=\"graphics-symbol\" aria-hidden=\"true\">\n<path d=\"M0.416 27.84l11.456-11.84-11.456-11.904q-0.832-0.832 0-1.536 0.832-0.832 1.536 0l12.544 12.608q0.768 0.832 0 1.6l-12.544 12.608q-0.704 0.832-1.536 0-0.832-0.704 0-1.536z\"><\/path>\n<\/svg><\/span><\/a><\/div><\/div><\/div><footer class=\"entry-footer\"><div class=\"slide-meta\"><time class='slide-meta-time updated'  itemprop=\"datePublished\" datetime=\"2021-06-04T14:45:22+02:00\" >4 juin 2021<\/time><\/div><\/footer><span class='hidden'>\n\t\t\t\t<span class='av-structured-data'  itemprop=\"image\" itemscope=\"itemscope\" itemtype=\"https:\/\/schema.org\/ImageObject\" >\n\t\t\t\t\t\t<span itemprop='url'>https:\/\/www.transports-coue.fr\/wp-content\/uploads\/2021\/06\/lycee-don-bosco-port-sec-tcm-trm.jpg<\/span>\n\t\t\t\t\t\t<span itemprop='height'>321<\/span>\n\t\t\t\t\t\t<span itemprop='width'>845<\/span>\n\t\t\t\t<\/span>\n\t\t\t\t<span class='av-structured-data'  itemprop=\"publisher\" itemtype=\"https:\/\/schema.org\/Organization\" itemscope=\"itemscope\" >\n\t\t\t\t\t\t<span itemprop='name'>Transports Cou\u00e9<\/span>\n\t\t\t\t\t\t<span itemprop='logo' itemscope itemtype='https:\/\/schema.org\/ImageObject'>\n\t\t\t\t\t\t\t<span itemprop='url'>https:\/\/www.transports-coue.fr\/wp-content\/uploads\/2018\/10\/Logo-transports-coue-300x119.png<\/span>\n\t\t\t\t\t\t<\/span>\n\t\t\t\t<\/span><span class='av-structured-data'  itemprop=\"author\" itemscope=\"itemscope\" itemtype=\"https:\/\/schema.org\/Person\" ><span itemprop='name'>Transports Cou\u00e9<\/span><\/span><span class='av-structured-data'  itemprop=\"datePublished\" datetime=\"2018-10-04T10:16:12+02:00\" >2021-06-04 14:45:22<\/span><span class='av-structured-data'  itemprop=\"dateModified\" itemtype=\"https:\/\/schema.org\/dateModified\" >2021-06-04 17:00:42<\/span><span class='av-structured-data'  itemprop=\"mainEntityOfPage\" itemtype=\"https:\/\/schema.org\/mainEntityOfPage\" ><span itemprop='name'>Le Lyc\u00e9e Don Bosco visite notre port sec TCM<\/span><\/span><\/span><\/article><\/div><div class=\"slide-entry-wrap\"><article class='slide-entry flex_column  post-entry post-entry-5497 slide-entry-overview slide-loop-100 slide-parity-odd  av_one_third first real-thumbnail posttype-post post-format-standard'  itemscope=\"itemscope\" itemtype=\"https:\/\/schema.org\/CreativeWork\" ><a href='https:\/\/www.transports-coue.fr\/fr\/zoom-sur-un-de-nos-remarquables-alexandre-preparateur-de-commandes\/' data-rel='slide-2' class='slide-image' title='Zoom sur un de nos remarquables : Alexandre, pr\u00e9parateur de commandes'><img decoding=\"async\" fetchpriority=\"high\" width=\"845\" height=\"321\" src=\"https:\/\/www.transports-coue.fr\/wp-content\/uploads\/2021\/08\/ZOOM-les-mayennais-sont-remarquables-alexandre-preparateur-commande-v3.jpg\" class=\"wp-image-5903 avia-img-lazy-loading-not-5903 attachment-no scaling size-no scaling wp-post-image\" alt=\"Zoom sur un des remarquables, Alexandre, pr\u00e9parateur de commandes\" srcset=\"https:\/\/www.transports-coue.fr\/wp-content\/uploads\/2021\/08\/ZOOM-les-mayennais-sont-remarquables-alexandre-preparateur-commande-v3.jpg 845w, https:\/\/www.transports-coue.fr\/wp-content\/uploads\/2021\/08\/ZOOM-les-mayennais-sont-remarquables-alexandre-preparateur-commande-v3-300x114.jpg 300w, https:\/\/www.transports-coue.fr\/wp-content\/uploads\/2021\/08\/ZOOM-les-mayennais-sont-remarquables-alexandre-preparateur-commande-v3-80x30.jpg 80w, https:\/\/www.transports-coue.fr\/wp-content\/uploads\/2021\/08\/ZOOM-les-mayennais-sont-remarquables-alexandre-preparateur-commande-v3-768x292.jpg 768w, https:\/\/www.transports-coue.fr\/wp-content\/uploads\/2021\/08\/ZOOM-les-mayennais-sont-remarquables-alexandre-preparateur-commande-v3-705x268.jpg 705w\" sizes=\"(max-width: 845px) 100vw, 845px\" \/><\/a><div class=\"slide-content\"><header class=\"entry-content-header\" aria-label=\"Slide: Zoom sur un de nos remarquables : Alexandre, pr\u00e9parateur de commandes\"><h3 class='slide-entry-title entry-title '  itemprop=\"headline\" ><a href='https:\/\/www.transports-coue.fr\/fr\/zoom-sur-un-de-nos-remarquables-alexandre-preparateur-de-commandes\/' title='Zoom sur un de nos remarquables : Alexandre, pr\u00e9parateur de commandes'>Zoom sur un de nos remarquables : Alexandre, pr\u00e9parateur de commandes<\/a><\/h3><span class=\"blog-categories minor-meta\"><a href=\"https:\/\/www.transports-coue.fr\/fr\/category\/actualites\/\" rel=\"tag\">Actualit\u00e9s<\/a>, <a href=\"https:\/\/www.transports-coue.fr\/fr\/category\/actualites\/evenements\/\" rel=\"tag\">Ev\u00e9nements<\/a> <\/span><span class=\"av-vertical-delimiter\"><\/span><\/header><div class='slide-entry-excerpt entry-content'  itemprop=\"text\" >\n\u2728 ZOOM sur un de nos reMarquables !\n\n\n\u00a0\n\n\nPr\u00e9sent sur une de nos semi-remorques \"Les Mayennais sont reMarquables\", Alexandre, notre Lucky Luke de la pr\u00e9paration de commandes, nous partage son exp\u00e9rience depuis 2 ans au service Logistique\u2026<div class=\"read-more-link\"><a href=\"https:\/\/www.transports-coue.fr\/fr\/zoom-sur-un-de-nos-remarquables-alexandre-preparateur-de-commandes\/\" class=\"more-link\">Lire la suite<span class='more-link-arrow avia-svg-icon avia-font-svg_entypo-fontello' data-av_svg_icon='right-open-big' data-av_iconset='svg_entypo-fontello'><svg version=\"1.1\" xmlns=\"http:\/\/www.w3.org\/2000\/svg\" width=\"15\" height=\"32\" viewBox=\"0 0 15 32\" preserveAspectRatio=\"xMidYMid meet\" role=\"graphics-symbol\" aria-hidden=\"true\">\n<path d=\"M0.416 27.84l11.456-11.84-11.456-11.904q-0.832-0.832 0-1.536 0.832-0.832 1.536 0l12.544 12.608q0.768 0.832 0 1.6l-12.544 12.608q-0.704 0.832-1.536 0-0.832-0.704 0-1.536z\"><\/path>\n<\/svg><\/span><\/a><\/div><\/div><\/div><footer class=\"entry-footer\"><div class=\"slide-meta\"><time class='slide-meta-time updated'  itemprop=\"datePublished\" datetime=\"2021-05-28T10:36:17+02:00\" >28 mai 2021<\/time><\/div><\/footer><span class='hidden'>\n\t\t\t\t<span class='av-structured-data'  itemprop=\"image\" itemscope=\"itemscope\" itemtype=\"https:\/\/schema.org\/ImageObject\" >\n\t\t\t\t\t\t<span itemprop='url'>https:\/\/www.transports-coue.fr\/wp-content\/uploads\/2021\/08\/ZOOM-les-mayennais-sont-remarquables-alexandre-preparateur-commande-v3.jpg<\/span>\n\t\t\t\t\t\t<span itemprop='height'>321<\/span>\n\t\t\t\t\t\t<span itemprop='width'>845<\/span>\n\t\t\t\t<\/span>\n\t\t\t\t<span class='av-structured-data'  itemprop=\"publisher\" itemtype=\"https:\/\/schema.org\/Organization\" itemscope=\"itemscope\" >\n\t\t\t\t\t\t<span itemprop='name'>Transports Cou\u00e9<\/span>\n\t\t\t\t\t\t<span itemprop='logo' itemscope itemtype='https:\/\/schema.org\/ImageObject'>\n\t\t\t\t\t\t\t<span itemprop='url'>https:\/\/www.transports-coue.fr\/wp-content\/uploads\/2018\/10\/Logo-transports-coue-300x119.png<\/span>\n\t\t\t\t\t\t<\/span>\n\t\t\t\t<\/span><span class='av-structured-data'  itemprop=\"author\" itemscope=\"itemscope\" itemtype=\"https:\/\/schema.org\/Person\" ><span itemprop='name'>Transports Cou\u00e9<\/span><\/span><span class='av-structured-data'  itemprop=\"datePublished\" datetime=\"2018-10-04T10:16:12+02:00\" >2021-05-28 10:36:17<\/span><span class='av-structured-data'  itemprop=\"dateModified\" itemtype=\"https:\/\/schema.org\/dateModified\" >2021-12-03 16:51:25<\/span><span class='av-structured-data'  itemprop=\"mainEntityOfPage\" itemtype=\"https:\/\/schema.org\/mainEntityOfPage\" ><span itemprop='name'>Zoom sur un de nos remarquables : Alexandre, pr\u00e9parateur de commandes<\/span><\/span><\/span><\/article><article class='slide-entry flex_column  post-entry post-entry-5483 slide-entry-overview slide-loop-101 slide-parity-even  av_one_third  real-thumbnail posttype-post post-format-standard'  itemscope=\"itemscope\" itemtype=\"https:\/\/schema.org\/CreativeWork\" ><a href='https:\/\/www.transports-coue.fr\/fr\/retrouvez-nous-au-sitl-2021\/' data-rel='slide-2' class='slide-image' title='Retrouvez-nous au SITL 2021'><img decoding=\"async\" fetchpriority=\"high\" width=\"845\" height=\"321\" src=\"https:\/\/www.transports-coue.fr\/wp-content\/uploads\/2021\/05\/transports-coue-trm-salon-sitl-web.jpg\" class=\"wp-image-5481 avia-img-lazy-loading-not-5481 attachment-no scaling size-no scaling wp-post-image\" alt=\"Transports Cou\u00e9 et le Groupe TRM au salon SITL 2021\" srcset=\"https:\/\/www.transports-coue.fr\/wp-content\/uploads\/2021\/05\/transports-coue-trm-salon-sitl-web.jpg 845w, https:\/\/www.transports-coue.fr\/wp-content\/uploads\/2021\/05\/transports-coue-trm-salon-sitl-web-300x114.jpg 300w, https:\/\/www.transports-coue.fr\/wp-content\/uploads\/2021\/05\/transports-coue-trm-salon-sitl-web-80x30.jpg 80w, https:\/\/www.transports-coue.fr\/wp-content\/uploads\/2021\/05\/transports-coue-trm-salon-sitl-web-768x292.jpg 768w, https:\/\/www.transports-coue.fr\/wp-content\/uploads\/2021\/05\/transports-coue-trm-salon-sitl-web-705x268.jpg 705w\" sizes=\"(max-width: 845px) 100vw, 845px\" \/><\/a><div class=\"slide-content\"><header class=\"entry-content-header\" aria-label=\"Slide: Retrouvez-nous au SITL 2021\"><h3 class='slide-entry-title entry-title '  itemprop=\"headline\" ><a href='https:\/\/www.transports-coue.fr\/fr\/retrouvez-nous-au-sitl-2021\/' title='Retrouvez-nous au SITL 2021'>Retrouvez-nous au SITL 2021<\/a><\/h3><span class=\"blog-categories minor-meta\"><a href=\"https:\/\/www.transports-coue.fr\/fr\/category\/actualites\/\" rel=\"tag\">Actualit\u00e9s<\/a>, <a href=\"https:\/\/www.transports-coue.fr\/fr\/category\/actualites\/evenements\/\" rel=\"tag\">Ev\u00e9nements<\/a>, <a href=\"https:\/\/www.transports-coue.fr\/fr\/category\/actualites\/evenements\/evenements-logistique\/\" rel=\"tag\">Ev\u00e9nements Logistique<\/a> <\/span><span class=\"av-vertical-delimiter\"><\/span><\/header><div class='slide-entry-excerpt entry-content'  itemprop=\"text\" >[\ud835\udde6\ud835\uddd4\ud835\udde9\ud835\uddd8 \ud835\udde7\ud835\udddb\ud835\uddd8 \ud835\uddd7\ud835\uddd4\ud835\udde7\ud835\uddd8] Du \ud835\udfed\ud835\udfef \ud835\uddee\ud835\ude02 \ud835\udfed\ud835\udff1 \ud835\udde6\ud835\uddf2\ud835\uddfd\ud835\ude01 \ud835\udfee\ud835\udfec\ud835\udfee\ud835\udfed venez nous rencontrer au \ud835\udde6\ud835\udddc\ud835\udde7\ud835\udddf !\n\n\u26a1\ufe0fPr\u00e9sents sur le stand n\u00b0 \ud835\udde1\ud835\udfee\ud835\udff3, nous animerons \u00e9galement :\n\ud83d\udd18 une\u2026<div class=\"read-more-link\"><a href=\"https:\/\/www.transports-coue.fr\/fr\/retrouvez-nous-au-sitl-2021\/\" class=\"more-link\">Lire la suite<span class='more-link-arrow avia-svg-icon avia-font-svg_entypo-fontello' data-av_svg_icon='right-open-big' data-av_iconset='svg_entypo-fontello'><svg version=\"1.1\" xmlns=\"http:\/\/www.w3.org\/2000\/svg\" width=\"15\" height=\"32\" viewBox=\"0 0 15 32\" preserveAspectRatio=\"xMidYMid meet\" role=\"graphics-symbol\" aria-hidden=\"true\">\n<path d=\"M0.416 27.84l11.456-11.84-11.456-11.904q-0.832-0.832 0-1.536 0.832-0.832 1.536 0l12.544 12.608q0.768 0.832 0 1.6l-12.544 12.608q-0.704 0.832-1.536 0-0.832-0.704 0-1.536z\"><\/path>\n<\/svg><\/span><\/a><\/div><\/div><\/div><footer class=\"entry-footer\"><div class=\"slide-meta\"><time class='slide-meta-time updated'  itemprop=\"datePublished\" datetime=\"2021-05-27T19:32:55+02:00\" >27 mai 2021<\/time><\/div><\/footer><span class='hidden'>\n\t\t\t\t<span class='av-structured-data'  itemprop=\"image\" itemscope=\"itemscope\" itemtype=\"https:\/\/schema.org\/ImageObject\" >\n\t\t\t\t\t\t<span itemprop='url'>https:\/\/www.transports-coue.fr\/wp-content\/uploads\/2021\/05\/transports-coue-trm-salon-sitl-web.jpg<\/span>\n\t\t\t\t\t\t<span itemprop='height'>321<\/span>\n\t\t\t\t\t\t<span itemprop='width'>845<\/span>\n\t\t\t\t<\/span>\n\t\t\t\t<span class='av-structured-data'  itemprop=\"publisher\" itemtype=\"https:\/\/schema.org\/Organization\" itemscope=\"itemscope\" >\n\t\t\t\t\t\t<span itemprop='name'>Transports Cou\u00e9<\/span>\n\t\t\t\t\t\t<span itemprop='logo' itemscope itemtype='https:\/\/schema.org\/ImageObject'>\n\t\t\t\t\t\t\t<span itemprop='url'>https:\/\/www.transports-coue.fr\/wp-content\/uploads\/2018\/10\/Logo-transports-coue-300x119.png<\/span>\n\t\t\t\t\t\t<\/span>\n\t\t\t\t<\/span><span class='av-structured-data'  itemprop=\"author\" itemscope=\"itemscope\" itemtype=\"https:\/\/schema.org\/Person\" ><span itemprop='name'>Transports Cou\u00e9<\/span><\/span><span class='av-structured-data'  itemprop=\"datePublished\" datetime=\"2018-10-04T10:16:12+02:00\" >2021-05-27 19:32:55<\/span><span class='av-structured-data'  itemprop=\"dateModified\" itemtype=\"https:\/\/schema.org\/dateModified\" >2021-05-28 14:16:12<\/span><span class='av-structured-data'  itemprop=\"mainEntityOfPage\" itemtype=\"https:\/\/schema.org\/mainEntityOfPage\" ><span itemprop='name'>Retrouvez-nous au SITL 2021<\/span><\/span><\/span><\/article><article class='slide-entry flex_column  post-entry post-entry-5245 slide-entry-overview slide-loop-102 slide-parity-odd  av_one_third  real-thumbnail posttype-post post-format-standard'  itemscope=\"itemscope\" itemtype=\"https:\/\/schema.org\/CreativeWork\" ><a href='https:\/\/www.transports-coue.fr\/fr\/frederic-serre-continue-sa-preparation-pour-la-diagonale-des-fous\/' data-rel='slide-2' class='slide-image' title='Fr\u00e9d\u00e9ric Serre continue sa pr\u00e9paration pour La Diagonale des Fous'><img decoding=\"async\" fetchpriority=\"high\" width=\"845\" height=\"321\" src=\"https:\/\/www.transports-coue.fr\/wp-content\/uploads\/2021\/04\/Fred-Diagonale-des-Fous-3004-WordPress.jpg\" class=\"wp-image-5243 avia-img-lazy-loading-not-5243 attachment-no scaling size-no scaling wp-post-image\" alt=\"Fr\u00e9d\u00e9ric Serre continue son entra\u00eenement pour l&#039;UltraTrail de la Diagonale des Fous\" srcset=\"https:\/\/www.transports-coue.fr\/wp-content\/uploads\/2021\/04\/Fred-Diagonale-des-Fous-3004-WordPress.jpg 845w, https:\/\/www.transports-coue.fr\/wp-content\/uploads\/2021\/04\/Fred-Diagonale-des-Fous-3004-WordPress-300x114.jpg 300w, https:\/\/www.transports-coue.fr\/wp-content\/uploads\/2021\/04\/Fred-Diagonale-des-Fous-3004-WordPress-80x30.jpg 80w, https:\/\/www.transports-coue.fr\/wp-content\/uploads\/2021\/04\/Fred-Diagonale-des-Fous-3004-WordPress-768x292.jpg 768w, https:\/\/www.transports-coue.fr\/wp-content\/uploads\/2021\/04\/Fred-Diagonale-des-Fous-3004-WordPress-705x268.jpg 705w\" sizes=\"(max-width: 845px) 100vw, 845px\" \/><\/a><div class=\"slide-content\"><header class=\"entry-content-header\" aria-label=\"Slide: Fr\u00e9d\u00e9ric Serre continue sa pr\u00e9paration pour La Diagonale des Fous\"><h3 class='slide-entry-title entry-title '  itemprop=\"headline\" ><a href='https:\/\/www.transports-coue.fr\/fr\/frederic-serre-continue-sa-preparation-pour-la-diagonale-des-fous\/' title='Fr\u00e9d\u00e9ric Serre continue sa pr\u00e9paration pour La Diagonale des Fous'>Fr\u00e9d\u00e9ric Serre continue sa pr\u00e9paration pour La Diagonale des Fous<\/a><\/h3><span class=\"blog-categories minor-meta\"><a href=\"https:\/\/www.transports-coue.fr\/fr\/category\/actualites\/\" rel=\"tag\">Actualit\u00e9s<\/a>, <a href=\"https:\/\/www.transports-coue.fr\/fr\/category\/actualites\/evenements\/\" rel=\"tag\">Ev\u00e9nements<\/a> <\/span><span class=\"av-vertical-delimiter\"><\/span><\/header><div class='slide-entry-excerpt entry-content'  itemprop=\"text\" >\ud83c\udfc3 M\u00eame si \u00e0 l'heure actuelle tous les Trails sont annul\u00e9s, Fr\u00e9d\u00e9ric Serre, Responsable de notre agence de Balgau (68), continue sa pr\u00e9paration au challenge \u00e0 l'Ultra Trail de La Diagonale des Fous \u303d\ufe0f \u00e0 raison de 6000 \u00e0 8000 D+\u2026<div class=\"read-more-link\"><a href=\"https:\/\/www.transports-coue.fr\/fr\/frederic-serre-continue-sa-preparation-pour-la-diagonale-des-fous\/\" class=\"more-link\">Lire la suite<span class='more-link-arrow avia-svg-icon avia-font-svg_entypo-fontello' data-av_svg_icon='right-open-big' data-av_iconset='svg_entypo-fontello'><svg version=\"1.1\" xmlns=\"http:\/\/www.w3.org\/2000\/svg\" width=\"15\" height=\"32\" viewBox=\"0 0 15 32\" preserveAspectRatio=\"xMidYMid meet\" role=\"graphics-symbol\" aria-hidden=\"true\">\n<path d=\"M0.416 27.84l11.456-11.84-11.456-11.904q-0.832-0.832 0-1.536 0.832-0.832 1.536 0l12.544 12.608q0.768 0.832 0 1.6l-12.544 12.608q-0.704 0.832-1.536 0-0.832-0.704 0-1.536z\"><\/path>\n<\/svg><\/span><\/a><\/div><\/div><\/div><footer class=\"entry-footer\"><div class=\"slide-meta\"><time class='slide-meta-time updated'  itemprop=\"datePublished\" datetime=\"2021-04-30T16:11:02+02:00\" >30 avril 2021<\/time><\/div><\/footer><span class='hidden'>\n\t\t\t\t<span class='av-structured-data'  itemprop=\"image\" itemscope=\"itemscope\" itemtype=\"https:\/\/schema.org\/ImageObject\" >\n\t\t\t\t\t\t<span itemprop='url'>https:\/\/www.transports-coue.fr\/wp-content\/uploads\/2021\/04\/Fred-Diagonale-des-Fous-3004-WordPress.jpg<\/span>\n\t\t\t\t\t\t<span itemprop='height'>321<\/span>\n\t\t\t\t\t\t<span itemprop='width'>845<\/span>\n\t\t\t\t<\/span>\n\t\t\t\t<span class='av-structured-data'  itemprop=\"publisher\" itemtype=\"https:\/\/schema.org\/Organization\" itemscope=\"itemscope\" >\n\t\t\t\t\t\t<span itemprop='name'>Transports Cou\u00e9<\/span>\n\t\t\t\t\t\t<span itemprop='logo' itemscope itemtype='https:\/\/schema.org\/ImageObject'>\n\t\t\t\t\t\t\t<span itemprop='url'>https:\/\/www.transports-coue.fr\/wp-content\/uploads\/2018\/10\/Logo-transports-coue-300x119.png<\/span>\n\t\t\t\t\t\t<\/span>\n\t\t\t\t<\/span><span class='av-structured-data'  itemprop=\"author\" itemscope=\"itemscope\" itemtype=\"https:\/\/schema.org\/Person\" ><span itemprop='name'>Transports Cou\u00e9<\/span><\/span><span class='av-structured-data'  itemprop=\"datePublished\" datetime=\"2018-10-04T10:16:12+02:00\" >2021-04-30 16:11:02<\/span><span class='av-structured-data'  itemprop=\"dateModified\" itemtype=\"https:\/\/schema.org\/dateModified\" >2021-05-07 14:45:21<\/span><span class='av-structured-data'  itemprop=\"mainEntityOfPage\" itemtype=\"https:\/\/schema.org\/mainEntityOfPage\" ><span itemprop='name'>Fr\u00e9d\u00e9ric Serre continue sa pr\u00e9paration pour La Diagonale des Fous<\/span><\/span><\/span><\/article><\/div><div class=\"slide-entry-wrap\"><article class='slide-entry flex_column  post-entry post-entry-5054 slide-entry-overview slide-loop-103 slide-parity-odd  av_one_third first real-thumbnail posttype-post post-format-standard'  itemscope=\"itemscope\" itemtype=\"https:\/\/schema.org\/CreativeWork\" ><a href='https:\/\/www.transports-coue.fr\/fr\/zoom-sur-une-de-nos-remarquables-charlene-assistante-exploitation\/' data-rel='slide-2' class='slide-image' title='Zoom sur une de nos remarquables : Charl\u00e8ne, assistante exploitation'><img decoding=\"async\" fetchpriority=\"high\" width=\"845\" height=\"321\" src=\"https:\/\/www.transports-coue.fr\/wp-content\/uploads\/2021\/08\/ZOOM-les-mayennais-sont-remarquables-charlene-assistante-exploitation.jpg\" class=\"wp-image-5905 avia-img-lazy-loading-not-5905 attachment-no scaling size-no scaling wp-post-image\" alt=\"Zoom sur un des remarquables, Charl\u00e8ne, assistante exploitation\" srcset=\"https:\/\/www.transports-coue.fr\/wp-content\/uploads\/2021\/08\/ZOOM-les-mayennais-sont-remarquables-charlene-assistante-exploitation.jpg 845w, https:\/\/www.transports-coue.fr\/wp-content\/uploads\/2021\/08\/ZOOM-les-mayennais-sont-remarquables-charlene-assistante-exploitation-300x114.jpg 300w, https:\/\/www.transports-coue.fr\/wp-content\/uploads\/2021\/08\/ZOOM-les-mayennais-sont-remarquables-charlene-assistante-exploitation-80x30.jpg 80w, https:\/\/www.transports-coue.fr\/wp-content\/uploads\/2021\/08\/ZOOM-les-mayennais-sont-remarquables-charlene-assistante-exploitation-768x292.jpg 768w, https:\/\/www.transports-coue.fr\/wp-content\/uploads\/2021\/08\/ZOOM-les-mayennais-sont-remarquables-charlene-assistante-exploitation-705x268.jpg 705w\" sizes=\"(max-width: 845px) 100vw, 845px\" \/><\/a><div class=\"slide-content\"><header class=\"entry-content-header\" aria-label=\"Slide: Zoom sur une de nos remarquables : Charl\u00e8ne, assistante exploitation\"><h3 class='slide-entry-title entry-title '  itemprop=\"headline\" ><a href='https:\/\/www.transports-coue.fr\/fr\/zoom-sur-une-de-nos-remarquables-charlene-assistante-exploitation\/' title='Zoom sur une de nos remarquables : Charl\u00e8ne, assistante exploitation'>Zoom sur une de nos remarquables : Charl\u00e8ne, assistante exploitation<\/a><\/h3><span class=\"blog-categories minor-meta\"><a href=\"https:\/\/www.transports-coue.fr\/fr\/category\/actualites\/\" rel=\"tag\">Actualit\u00e9s<\/a>, <a href=\"https:\/\/www.transports-coue.fr\/fr\/category\/actualites\/evenements\/\" rel=\"tag\">Ev\u00e9nements<\/a> <\/span><span class=\"av-vertical-delimiter\"><\/span><\/header><div class='slide-entry-excerpt entry-content'  itemprop=\"text\" >\n\u2728 ZOOM sur un de nos remarquables !\n\n\n\u00a0\n\n\nAssistante exploitation au moment du projet \u00ab Les Mayennais sont reMarquables \u00bb, Assistante Affr\u00e8tement maintenant, Charl\u00e8ne nous partage son \u00e9volution chez nous depuis 7 ans :\n\n\n\u00a0\n\n\n\u00ab J\u2019ai\u2026<div class=\"read-more-link\"><a href=\"https:\/\/www.transports-coue.fr\/fr\/zoom-sur-une-de-nos-remarquables-charlene-assistante-exploitation\/\" class=\"more-link\">Lire la suite<span class='more-link-arrow avia-svg-icon avia-font-svg_entypo-fontello' data-av_svg_icon='right-open-big' data-av_iconset='svg_entypo-fontello'><svg version=\"1.1\" xmlns=\"http:\/\/www.w3.org\/2000\/svg\" width=\"15\" height=\"32\" viewBox=\"0 0 15 32\" preserveAspectRatio=\"xMidYMid meet\" role=\"graphics-symbol\" aria-hidden=\"true\">\n<path d=\"M0.416 27.84l11.456-11.84-11.456-11.904q-0.832-0.832 0-1.536 0.832-0.832 1.536 0l12.544 12.608q0.768 0.832 0 1.6l-12.544 12.608q-0.704 0.832-1.536 0-0.832-0.704 0-1.536z\"><\/path>\n<\/svg><\/span><\/a><\/div><\/div><\/div><footer class=\"entry-footer\"><div class=\"slide-meta\"><time class='slide-meta-time updated'  itemprop=\"datePublished\" datetime=\"2021-04-09T16:18:06+02:00\" >9 avril 2021<\/time><\/div><\/footer><span class='hidden'>\n\t\t\t\t<span class='av-structured-data'  itemprop=\"image\" itemscope=\"itemscope\" itemtype=\"https:\/\/schema.org\/ImageObject\" >\n\t\t\t\t\t\t<span itemprop='url'>https:\/\/www.transports-coue.fr\/wp-content\/uploads\/2021\/08\/ZOOM-les-mayennais-sont-remarquables-charlene-assistante-exploitation.jpg<\/span>\n\t\t\t\t\t\t<span itemprop='height'>321<\/span>\n\t\t\t\t\t\t<span itemprop='width'>845<\/span>\n\t\t\t\t<\/span>\n\t\t\t\t<span class='av-structured-data'  itemprop=\"publisher\" itemtype=\"https:\/\/schema.org\/Organization\" itemscope=\"itemscope\" >\n\t\t\t\t\t\t<span itemprop='name'>Transports Cou\u00e9<\/span>\n\t\t\t\t\t\t<span itemprop='logo' itemscope itemtype='https:\/\/schema.org\/ImageObject'>\n\t\t\t\t\t\t\t<span itemprop='url'>https:\/\/www.transports-coue.fr\/wp-content\/uploads\/2018\/10\/Logo-transports-coue-300x119.png<\/span>\n\t\t\t\t\t\t<\/span>\n\t\t\t\t<\/span><span class='av-structured-data'  itemprop=\"author\" itemscope=\"itemscope\" itemtype=\"https:\/\/schema.org\/Person\" ><span itemprop='name'>Transports Cou\u00e9<\/span><\/span><span class='av-structured-data'  itemprop=\"datePublished\" datetime=\"2018-10-04T10:16:12+02:00\" >2021-04-09 16:18:06<\/span><span class='av-structured-data'  itemprop=\"dateModified\" itemtype=\"https:\/\/schema.org\/dateModified\" >2021-12-03 16:52:29<\/span><span class='av-structured-data'  itemprop=\"mainEntityOfPage\" itemtype=\"https:\/\/schema.org\/mainEntityOfPage\" ><span itemprop='name'>Zoom sur une de nos remarquables : Charl\u00e8ne, assistante exploitation<\/span><\/span><\/span><\/article><article class='slide-entry flex_column  post-entry post-entry-4592 slide-entry-overview slide-loop-104 slide-parity-even  av_one_third  real-thumbnail posttype-post post-format-standard'  itemscope=\"itemscope\" itemtype=\"https:\/\/schema.org\/CreativeWork\" ><a href='https:\/\/www.transports-coue.fr\/fr\/stephane-un-de-nos-conducteurs-presente-son-metier-a-des-eleves-de-primaire\/' data-rel='slide-2' class='slide-image' title='St\u00e9phane, un de nos conducteurs, pr\u00e9sente son m\u00e9tier \u00e0 des \u00e9l\u00e8ves de primaire'><img decoding=\"async\" fetchpriority=\"high\" width=\"845\" height=\"321\" src=\"https:\/\/www.transports-coue.fr\/wp-content\/uploads\/2021\/03\/Visuel-WordPress-Pr\u00e9sentation-m\u00e9tier-conducteur-aux-\u00e9l\u00e8ves-de-primaires.jpg\" class=\"wp-image-4590 avia-img-lazy-loading-not-4590 attachment-no scaling size-no scaling wp-post-image\" alt=\"Un de nos conducteurs pr\u00e9sente son m\u00e9tier aux \u00e9l\u00e8ves de l&#039;\u00e9cole primaire du Bourgneuf-la-for\u00eat\" srcset=\"https:\/\/www.transports-coue.fr\/wp-content\/uploads\/2021\/03\/Visuel-WordPress-Pr\u00e9sentation-m\u00e9tier-conducteur-aux-\u00e9l\u00e8ves-de-primaires.jpg 845w, https:\/\/www.transports-coue.fr\/wp-content\/uploads\/2021\/03\/Visuel-WordPress-Pr\u00e9sentation-m\u00e9tier-conducteur-aux-\u00e9l\u00e8ves-de-primaires-300x114.jpg 300w, https:\/\/www.transports-coue.fr\/wp-content\/uploads\/2021\/03\/Visuel-WordPress-Pr\u00e9sentation-m\u00e9tier-conducteur-aux-\u00e9l\u00e8ves-de-primaires-80x30.jpg 80w, https:\/\/www.transports-coue.fr\/wp-content\/uploads\/2021\/03\/Visuel-WordPress-Pr\u00e9sentation-m\u00e9tier-conducteur-aux-\u00e9l\u00e8ves-de-primaires-768x292.jpg 768w, https:\/\/www.transports-coue.fr\/wp-content\/uploads\/2021\/03\/Visuel-WordPress-Pr\u00e9sentation-m\u00e9tier-conducteur-aux-\u00e9l\u00e8ves-de-primaires-705x268.jpg 705w\" sizes=\"(max-width: 845px) 100vw, 845px\" \/><\/a><div class=\"slide-content\"><header class=\"entry-content-header\" aria-label=\"Slide: St\u00e9phane, un de nos conducteurs, pr\u00e9sente son m\u00e9tier \u00e0 des \u00e9l\u00e8ves de primaire\"><h3 class='slide-entry-title entry-title '  itemprop=\"headline\" ><a href='https:\/\/www.transports-coue.fr\/fr\/stephane-un-de-nos-conducteurs-presente-son-metier-a-des-eleves-de-primaire\/' title='St\u00e9phane, un de nos conducteurs, pr\u00e9sente son m\u00e9tier \u00e0 des \u00e9l\u00e8ves de primaire'>St\u00e9phane, un de nos conducteurs, pr\u00e9sente son m\u00e9tier \u00e0 des \u00e9l\u00e8ves de primaire<\/a><\/h3><span class=\"blog-categories minor-meta\"><a href=\"https:\/\/www.transports-coue.fr\/fr\/category\/actualites\/\" rel=\"tag\">Actualit\u00e9s<\/a>, <a href=\"https:\/\/www.transports-coue.fr\/fr\/category\/actualites\/evenements\/\" rel=\"tag\">Ev\u00e9nements<\/a> <\/span><span class=\"av-vertical-delimiter\"><\/span><\/header><div class='slide-entry-excerpt entry-content'  itemprop=\"text\" >\n St\u00e9phane, un de nos conducteurs, s'est rendu \u00e0 l'Ecole Les Milles Mots au Bourgneuf-la-For\u00eat pour pr\u00e9senter son m\u00e9tier aux \u00e9l\u00e8ves de CM1 et CM2 !\n&nbsp;\nL'occasion pour eux d'\u00e9changer avec lui pour mieux comprendre le quotidien d'un\u2026<div class=\"read-more-link\"><a href=\"https:\/\/www.transports-coue.fr\/fr\/stephane-un-de-nos-conducteurs-presente-son-metier-a-des-eleves-de-primaire\/\" class=\"more-link\">Lire la suite<span class='more-link-arrow avia-svg-icon avia-font-svg_entypo-fontello' data-av_svg_icon='right-open-big' data-av_iconset='svg_entypo-fontello'><svg version=\"1.1\" xmlns=\"http:\/\/www.w3.org\/2000\/svg\" width=\"15\" height=\"32\" viewBox=\"0 0 15 32\" preserveAspectRatio=\"xMidYMid meet\" role=\"graphics-symbol\" aria-hidden=\"true\">\n<path d=\"M0.416 27.84l11.456-11.84-11.456-11.904q-0.832-0.832 0-1.536 0.832-0.832 1.536 0l12.544 12.608q0.768 0.832 0 1.6l-12.544 12.608q-0.704 0.832-1.536 0-0.832-0.704 0-1.536z\"><\/path>\n<\/svg><\/span><\/a><\/div><\/div><\/div><footer class=\"entry-footer\"><div class=\"slide-meta\"><time class='slide-meta-time updated'  itemprop=\"datePublished\" datetime=\"2021-03-15T10:39:54+01:00\" >15 mars 2021<\/time><\/div><\/footer><span class='hidden'>\n\t\t\t\t<span class='av-structured-data'  itemprop=\"image\" itemscope=\"itemscope\" itemtype=\"https:\/\/schema.org\/ImageObject\" >\n\t\t\t\t\t\t<span itemprop='url'>https:\/\/www.transports-coue.fr\/wp-content\/uploads\/2021\/03\/Visuel-WordPress-Pr\u00e9sentation-m\u00e9tier-conducteur-aux-\u00e9l\u00e8ves-de-primaires.jpg<\/span>\n\t\t\t\t\t\t<span itemprop='height'>321<\/span>\n\t\t\t\t\t\t<span itemprop='width'>845<\/span>\n\t\t\t\t<\/span>\n\t\t\t\t<span class='av-structured-data'  itemprop=\"publisher\" itemtype=\"https:\/\/schema.org\/Organization\" itemscope=\"itemscope\" >\n\t\t\t\t\t\t<span itemprop='name'>Transports Cou\u00e9<\/span>\n\t\t\t\t\t\t<span itemprop='logo' itemscope itemtype='https:\/\/schema.org\/ImageObject'>\n\t\t\t\t\t\t\t<span itemprop='url'>https:\/\/www.transports-coue.fr\/wp-content\/uploads\/2018\/10\/Logo-transports-coue-300x119.png<\/span>\n\t\t\t\t\t\t<\/span>\n\t\t\t\t<\/span><span class='av-structured-data'  itemprop=\"author\" itemscope=\"itemscope\" itemtype=\"https:\/\/schema.org\/Person\" ><span itemprop='name'>Transports Cou\u00e9<\/span><\/span><span class='av-structured-data'  itemprop=\"datePublished\" datetime=\"2018-10-04T10:16:12+02:00\" >2021-03-15 10:39:54<\/span><span class='av-structured-data'  itemprop=\"dateModified\" itemtype=\"https:\/\/schema.org\/dateModified\" >2021-03-15 17:06:47<\/span><span class='av-structured-data'  itemprop=\"mainEntityOfPage\" itemtype=\"https:\/\/schema.org\/mainEntityOfPage\" ><span itemprop='name'>St\u00e9phane, un de nos conducteurs, pr\u00e9sente son m\u00e9tier \u00e0 des \u00e9l\u00e8ves de primaire<\/span><\/span><\/span><\/article><article class='slide-entry flex_column  post-entry post-entry-4363 slide-entry-overview slide-loop-105 slide-parity-odd  av_one_third  real-thumbnail posttype-post post-format-standard'  itemscope=\"itemscope\" itemtype=\"https:\/\/schema.org\/CreativeWork\" ><a href='https:\/\/www.transports-coue.fr\/fr\/zoom-sur-un-de-nos-remarquables-anthony-chef-de-quai\/' data-rel='slide-2' class='slide-image' title='ZOOM sur un de nos reMarquables : Anthony, chef de quai'><img decoding=\"async\" fetchpriority=\"high\" width=\"845\" height=\"321\" src=\"https:\/\/www.transports-coue.fr\/wp-content\/uploads\/2021\/08\/ZOOM-les-mayennais-sont-remarquables-anthony-chef-quai-v3.jpg\" class=\"wp-image-5913 avia-img-lazy-loading-not-5913 attachment-no scaling size-no scaling wp-post-image\" alt=\"Zoom sur un des remarquables, Anthony, chef de quai\" srcset=\"https:\/\/www.transports-coue.fr\/wp-content\/uploads\/2021\/08\/ZOOM-les-mayennais-sont-remarquables-anthony-chef-quai-v3.jpg 845w, https:\/\/www.transports-coue.fr\/wp-content\/uploads\/2021\/08\/ZOOM-les-mayennais-sont-remarquables-anthony-chef-quai-v3-300x114.jpg 300w, https:\/\/www.transports-coue.fr\/wp-content\/uploads\/2021\/08\/ZOOM-les-mayennais-sont-remarquables-anthony-chef-quai-v3-80x30.jpg 80w, https:\/\/www.transports-coue.fr\/wp-content\/uploads\/2021\/08\/ZOOM-les-mayennais-sont-remarquables-anthony-chef-quai-v3-768x292.jpg 768w, https:\/\/www.transports-coue.fr\/wp-content\/uploads\/2021\/08\/ZOOM-les-mayennais-sont-remarquables-anthony-chef-quai-v3-705x268.jpg 705w\" sizes=\"(max-width: 845px) 100vw, 845px\" \/><\/a><div class=\"slide-content\"><header class=\"entry-content-header\" aria-label=\"Slide: ZOOM sur un de nos reMarquables : Anthony, chef de quai\"><h3 class='slide-entry-title entry-title '  itemprop=\"headline\" ><a href='https:\/\/www.transports-coue.fr\/fr\/zoom-sur-un-de-nos-remarquables-anthony-chef-de-quai\/' title='ZOOM sur un de nos reMarquables : Anthony, chef de quai'>ZOOM sur un de nos reMarquables : Anthony, chef de quai<\/a><\/h3><span class=\"blog-categories minor-meta\"><a href=\"https:\/\/www.transports-coue.fr\/fr\/category\/actualites\/\" rel=\"tag\">Actualit\u00e9s<\/a>, <a href=\"https:\/\/www.transports-coue.fr\/fr\/category\/actualites\/evenements\/\" rel=\"tag\">Ev\u00e9nements<\/a> <\/span><span class=\"av-vertical-delimiter\"><\/span><\/header><div class='slide-entry-excerpt entry-content'  itemprop=\"text\" >\n\n\n\u2728 ZOOM sur un de nos reMarquables !\n\n\n\n\n\u00a0\n\n\nAu c\u0153ur du projet de la campagne de communication \"Les Mayennais sont reMarquables\", Anthony, chef de quai de notre entrep\u00f4t logistique, nous explique son m\u00e9tier chez les Transports Cou\u00e9\u2026<div class=\"read-more-link\"><a href=\"https:\/\/www.transports-coue.fr\/fr\/zoom-sur-un-de-nos-remarquables-anthony-chef-de-quai\/\" class=\"more-link\">Lire la suite<span class='more-link-arrow avia-svg-icon avia-font-svg_entypo-fontello' data-av_svg_icon='right-open-big' data-av_iconset='svg_entypo-fontello'><svg version=\"1.1\" xmlns=\"http:\/\/www.w3.org\/2000\/svg\" width=\"15\" height=\"32\" viewBox=\"0 0 15 32\" preserveAspectRatio=\"xMidYMid meet\" role=\"graphics-symbol\" aria-hidden=\"true\">\n<path d=\"M0.416 27.84l11.456-11.84-11.456-11.904q-0.832-0.832 0-1.536 0.832-0.832 1.536 0l12.544 12.608q0.768 0.832 0 1.6l-12.544 12.608q-0.704 0.832-1.536 0-0.832-0.704 0-1.536z\"><\/path>\n<\/svg><\/span><\/a><\/div><\/div><\/div><footer class=\"entry-footer\"><div class=\"slide-meta\"><time class='slide-meta-time updated'  itemprop=\"datePublished\" datetime=\"2021-03-05T16:28:15+01:00\" >5 mars 2021<\/time><\/div><\/footer><span class='hidden'>\n\t\t\t\t<span class='av-structured-data'  itemprop=\"image\" itemscope=\"itemscope\" itemtype=\"https:\/\/schema.org\/ImageObject\" >\n\t\t\t\t\t\t<span itemprop='url'>https:\/\/www.transports-coue.fr\/wp-content\/uploads\/2021\/08\/ZOOM-les-mayennais-sont-remarquables-anthony-chef-quai-v3.jpg<\/span>\n\t\t\t\t\t\t<span itemprop='height'>321<\/span>\n\t\t\t\t\t\t<span itemprop='width'>845<\/span>\n\t\t\t\t<\/span>\n\t\t\t\t<span class='av-structured-data'  itemprop=\"publisher\" itemtype=\"https:\/\/schema.org\/Organization\" itemscope=\"itemscope\" >\n\t\t\t\t\t\t<span itemprop='name'>Transports Cou\u00e9<\/span>\n\t\t\t\t\t\t<span itemprop='logo' itemscope itemtype='https:\/\/schema.org\/ImageObject'>\n\t\t\t\t\t\t\t<span itemprop='url'>https:\/\/www.transports-coue.fr\/wp-content\/uploads\/2018\/10\/Logo-transports-coue-300x119.png<\/span>\n\t\t\t\t\t\t<\/span>\n\t\t\t\t<\/span><span class='av-structured-data'  itemprop=\"author\" itemscope=\"itemscope\" itemtype=\"https:\/\/schema.org\/Person\" ><span itemprop='name'>Transports Cou\u00e9<\/span><\/span><span class='av-structured-data'  itemprop=\"datePublished\" datetime=\"2018-10-04T10:16:12+02:00\" >2021-03-05 16:28:15<\/span><span class='av-structured-data'  itemprop=\"dateModified\" itemtype=\"https:\/\/schema.org\/dateModified\" >2021-12-03 16:53:14<\/span><span class='av-structured-data'  itemprop=\"mainEntityOfPage\" itemtype=\"https:\/\/schema.org\/mainEntityOfPage\" ><span itemprop='name'>ZOOM sur un de nos reMarquables : Anthony, chef de quai<\/span><\/span><\/span><\/article><\/div><div class=\"slide-entry-wrap\"><article class='slide-entry flex_column  post-entry post-entry-4279 slide-entry-overview slide-loop-106 slide-parity-odd  av_one_third first real-thumbnail posttype-post post-format-standard'  itemscope=\"itemscope\" itemtype=\"https:\/\/schema.org\/CreativeWork\" ><a href='https:\/\/www.transports-coue.fr\/fr\/zoom-sur-un-de-nos-remarquables-david-exploitant-transport\/' data-rel='slide-2' class='slide-image' title='ZOOM sur un de nos reMarquables : David, exploitant transport'><img decoding=\"async\" fetchpriority=\"high\" width=\"845\" height=\"321\" src=\"https:\/\/www.transports-coue.fr\/wp-content\/uploads\/2021\/08\/ZOOM-les-mayennais-sont-remarquables-david-exploitant-transport-v3.jpg\" class=\"wp-image-5899 avia-img-lazy-loading-not-5899 attachment-no scaling size-no scaling wp-post-image\" alt=\"Zoom sur un des remarquables, David, exploitant transport\" srcset=\"https:\/\/www.transports-coue.fr\/wp-content\/uploads\/2021\/08\/ZOOM-les-mayennais-sont-remarquables-david-exploitant-transport-v3.jpg 845w, https:\/\/www.transports-coue.fr\/wp-content\/uploads\/2021\/08\/ZOOM-les-mayennais-sont-remarquables-david-exploitant-transport-v3-300x114.jpg 300w, https:\/\/www.transports-coue.fr\/wp-content\/uploads\/2021\/08\/ZOOM-les-mayennais-sont-remarquables-david-exploitant-transport-v3-80x30.jpg 80w, https:\/\/www.transports-coue.fr\/wp-content\/uploads\/2021\/08\/ZOOM-les-mayennais-sont-remarquables-david-exploitant-transport-v3-768x292.jpg 768w, https:\/\/www.transports-coue.fr\/wp-content\/uploads\/2021\/08\/ZOOM-les-mayennais-sont-remarquables-david-exploitant-transport-v3-705x268.jpg 705w\" sizes=\"(max-width: 845px) 100vw, 845px\" \/><\/a><div class=\"slide-content\"><header class=\"entry-content-header\" aria-label=\"Slide: ZOOM sur un de nos reMarquables : David, exploitant transport\"><h3 class='slide-entry-title entry-title '  itemprop=\"headline\" ><a href='https:\/\/www.transports-coue.fr\/fr\/zoom-sur-un-de-nos-remarquables-david-exploitant-transport\/' title='ZOOM sur un de nos reMarquables : David, exploitant transport'>ZOOM sur un de nos reMarquables : David, exploitant transport<\/a><\/h3><span class=\"blog-categories minor-meta\"><a href=\"https:\/\/www.transports-coue.fr\/fr\/category\/actualites\/\" rel=\"tag\">Actualit\u00e9s<\/a>, <a href=\"https:\/\/www.transports-coue.fr\/fr\/category\/actualites\/evenements\/\" rel=\"tag\">Ev\u00e9nements<\/a> <\/span><span class=\"av-vertical-delimiter\"><\/span><\/header><div class='slide-entry-excerpt entry-content'  itemprop=\"text\" >\u2728 ZOOM sur un de nos remarquables !\nDavid, exploitant transport depuis 14 ans chez les Transports Cou\u00e9, se trouve sur une de nos 9 b\u00e2ches \"Les Mayennais sont reMarquables\". Ravi de faire partie de ce projet, David nous partage son exp\u00e9rience\u2026<div class=\"read-more-link\"><a href=\"https:\/\/www.transports-coue.fr\/fr\/zoom-sur-un-de-nos-remarquables-david-exploitant-transport\/\" class=\"more-link\">Lire la suite<span class='more-link-arrow avia-svg-icon avia-font-svg_entypo-fontello' data-av_svg_icon='right-open-big' data-av_iconset='svg_entypo-fontello'><svg version=\"1.1\" xmlns=\"http:\/\/www.w3.org\/2000\/svg\" width=\"15\" height=\"32\" viewBox=\"0 0 15 32\" preserveAspectRatio=\"xMidYMid meet\" role=\"graphics-symbol\" aria-hidden=\"true\">\n<path d=\"M0.416 27.84l11.456-11.84-11.456-11.904q-0.832-0.832 0-1.536 0.832-0.832 1.536 0l12.544 12.608q0.768 0.832 0 1.6l-12.544 12.608q-0.704 0.832-1.536 0-0.832-0.704 0-1.536z\"><\/path>\n<\/svg><\/span><\/a><\/div><\/div><\/div><footer class=\"entry-footer\"><div class=\"slide-meta\"><time class='slide-meta-time updated'  itemprop=\"datePublished\" datetime=\"2021-02-12T15:36:09+01:00\" >12 f\u00e9vrier 2021<\/time><\/div><\/footer><span class='hidden'>\n\t\t\t\t<span class='av-structured-data'  itemprop=\"image\" itemscope=\"itemscope\" itemtype=\"https:\/\/schema.org\/ImageObject\" >\n\t\t\t\t\t\t<span itemprop='url'>https:\/\/www.transports-coue.fr\/wp-content\/uploads\/2021\/08\/ZOOM-les-mayennais-sont-remarquables-david-exploitant-transport-v3.jpg<\/span>\n\t\t\t\t\t\t<span itemprop='height'>321<\/span>\n\t\t\t\t\t\t<span itemprop='width'>845<\/span>\n\t\t\t\t<\/span>\n\t\t\t\t<span class='av-structured-data'  itemprop=\"publisher\" itemtype=\"https:\/\/schema.org\/Organization\" itemscope=\"itemscope\" >\n\t\t\t\t\t\t<span itemprop='name'>Transports Cou\u00e9<\/span>\n\t\t\t\t\t\t<span itemprop='logo' itemscope itemtype='https:\/\/schema.org\/ImageObject'>\n\t\t\t\t\t\t\t<span itemprop='url'>https:\/\/www.transports-coue.fr\/wp-content\/uploads\/2018\/10\/Logo-transports-coue-300x119.png<\/span>\n\t\t\t\t\t\t<\/span>\n\t\t\t\t<\/span><span class='av-structured-data'  itemprop=\"author\" itemscope=\"itemscope\" itemtype=\"https:\/\/schema.org\/Person\" ><span itemprop='name'>Transports Cou\u00e9<\/span><\/span><span class='av-structured-data'  itemprop=\"datePublished\" datetime=\"2018-10-04T10:16:12+02:00\" >2021-02-12 15:36:09<\/span><span class='av-structured-data'  itemprop=\"dateModified\" itemtype=\"https:\/\/schema.org\/dateModified\" >2021-12-03 16:54:29<\/span><span class='av-structured-data'  itemprop=\"mainEntityOfPage\" itemtype=\"https:\/\/schema.org\/mainEntityOfPage\" ><span itemprop='name'>ZOOM sur un de nos reMarquables : David, exploitant transport<\/span><\/span><\/span><\/article><article class='slide-entry flex_column  post-entry post-entry-4252 slide-entry-overview slide-loop-107 slide-parity-even  av_one_third  real-thumbnail posttype-post post-format-standard'  itemscope=\"itemscope\" itemtype=\"https:\/\/schema.org\/CreativeWork\" ><a href='https:\/\/www.transports-coue.fr\/fr\/laftral-profite-des-quais-de-notre-plateforme-logistique-pour-realiser-des-manoeuvres\/' data-rel='slide-2' class='slide-image' title='L&rsquo;AFTRAL profite des quais de notre plateforme Logistique pour r\u00e9aliser des man\u0153uvres !'><img decoding=\"async\" fetchpriority=\"high\" width=\"845\" height=\"321\" src=\"https:\/\/www.transports-coue.fr\/wp-content\/uploads\/2021\/02\/05_02_2021_AFTRAL_Logistique_Cou\u00e9_Transports.jpg\" class=\"wp-image-4250 avia-img-lazy-loading-not-4250 attachment-no scaling size-no scaling wp-post-image\" alt=\"L&#039;AFTRAL se rend \u00e0 l&#039;entrep\u00f4t logistique des Transports Cou\u00e9 pour r\u00e9aliser des exercices de man\u0153uvres\" srcset=\"https:\/\/www.transports-coue.fr\/wp-content\/uploads\/2021\/02\/05_02_2021_AFTRAL_Logistique_Cou\u00e9_Transports.jpg 845w, https:\/\/www.transports-coue.fr\/wp-content\/uploads\/2021\/02\/05_02_2021_AFTRAL_Logistique_Cou\u00e9_Transports-300x114.jpg 300w, https:\/\/www.transports-coue.fr\/wp-content\/uploads\/2021\/02\/05_02_2021_AFTRAL_Logistique_Cou\u00e9_Transports-80x30.jpg 80w, https:\/\/www.transports-coue.fr\/wp-content\/uploads\/2021\/02\/05_02_2021_AFTRAL_Logistique_Cou\u00e9_Transports-768x292.jpg 768w, https:\/\/www.transports-coue.fr\/wp-content\/uploads\/2021\/02\/05_02_2021_AFTRAL_Logistique_Cou\u00e9_Transports-705x268.jpg 705w\" sizes=\"(max-width: 845px) 100vw, 845px\" \/><\/a><div class=\"slide-content\"><header class=\"entry-content-header\" aria-label=\"Slide: L&#039;AFTRAL profite des quais de notre plateforme Logistique pour r\u00e9aliser des man\u0153uvres !\"><h3 class='slide-entry-title entry-title '  itemprop=\"headline\" ><a href='https:\/\/www.transports-coue.fr\/fr\/laftral-profite-des-quais-de-notre-plateforme-logistique-pour-realiser-des-manoeuvres\/' title='L&rsquo;AFTRAL profite des quais de notre plateforme Logistique pour r\u00e9aliser des man\u0153uvres !'>L&rsquo;AFTRAL profite des quais de notre plateforme Logistique pour r\u00e9aliser des man\u0153uvres !<\/a><\/h3><span class=\"blog-categories minor-meta\"><a href=\"https:\/\/www.transports-coue.fr\/fr\/category\/actualites\/\" rel=\"tag\">Actualit\u00e9s<\/a>, <a href=\"https:\/\/www.transports-coue.fr\/fr\/category\/actualites\/evenements\/\" rel=\"tag\">Ev\u00e9nements<\/a> <\/span><span class=\"av-vertical-delimiter\"><\/span><\/header><div class='slide-entry-excerpt entry-content'  itemprop=\"text\" >\n Cette semaine, l'AFTRAL, centre de formation transport et logistique, a de nouveau profit\u00e9 des quais de notre plateforme Logistique \u00e0 Laval pour r\u00e9aliser des exercices de man\u0153uvres.\n\n\n\nDans des conditions r\u00e9elles, les apprentis ont pu\u2026<div class=\"read-more-link\"><a href=\"https:\/\/www.transports-coue.fr\/fr\/laftral-profite-des-quais-de-notre-plateforme-logistique-pour-realiser-des-manoeuvres\/\" class=\"more-link\">Lire la suite<span class='more-link-arrow avia-svg-icon avia-font-svg_entypo-fontello' data-av_svg_icon='right-open-big' data-av_iconset='svg_entypo-fontello'><svg version=\"1.1\" xmlns=\"http:\/\/www.w3.org\/2000\/svg\" width=\"15\" height=\"32\" viewBox=\"0 0 15 32\" preserveAspectRatio=\"xMidYMid meet\" role=\"graphics-symbol\" aria-hidden=\"true\">\n<path d=\"M0.416 27.84l11.456-11.84-11.456-11.904q-0.832-0.832 0-1.536 0.832-0.832 1.536 0l12.544 12.608q0.768 0.832 0 1.6l-12.544 12.608q-0.704 0.832-1.536 0-0.832-0.704 0-1.536z\"><\/path>\n<\/svg><\/span><\/a><\/div><\/div><\/div><footer class=\"entry-footer\"><div class=\"slide-meta\"><time class='slide-meta-time updated'  itemprop=\"datePublished\" datetime=\"2021-02-08T09:38:13+01:00\" >8 f\u00e9vrier 2021<\/time><\/div><\/footer><span class='hidden'>\n\t\t\t\t<span class='av-structured-data'  itemprop=\"image\" itemscope=\"itemscope\" itemtype=\"https:\/\/schema.org\/ImageObject\" >\n\t\t\t\t\t\t<span itemprop='url'>https:\/\/www.transports-coue.fr\/wp-content\/uploads\/2021\/02\/05_02_2021_AFTRAL_Logistique_Cou\u00e9_Transports.jpg<\/span>\n\t\t\t\t\t\t<span itemprop='height'>321<\/span>\n\t\t\t\t\t\t<span itemprop='width'>845<\/span>\n\t\t\t\t<\/span>\n\t\t\t\t<span class='av-structured-data'  itemprop=\"publisher\" itemtype=\"https:\/\/schema.org\/Organization\" itemscope=\"itemscope\" >\n\t\t\t\t\t\t<span itemprop='name'>Transports Cou\u00e9<\/span>\n\t\t\t\t\t\t<span itemprop='logo' itemscope itemtype='https:\/\/schema.org\/ImageObject'>\n\t\t\t\t\t\t\t<span itemprop='url'>https:\/\/www.transports-coue.fr\/wp-content\/uploads\/2018\/10\/Logo-transports-coue-300x119.png<\/span>\n\t\t\t\t\t\t<\/span>\n\t\t\t\t<\/span><span class='av-structured-data'  itemprop=\"author\" itemscope=\"itemscope\" itemtype=\"https:\/\/schema.org\/Person\" ><span itemprop='name'>Transports Cou\u00e9<\/span><\/span><span class='av-structured-data'  itemprop=\"datePublished\" datetime=\"2018-10-04T10:16:12+02:00\" >2021-02-08 09:38:13<\/span><span class='av-structured-data'  itemprop=\"dateModified\" itemtype=\"https:\/\/schema.org\/dateModified\" >2021-03-11 10:24:19<\/span><span class='av-structured-data'  itemprop=\"mainEntityOfPage\" itemtype=\"https:\/\/schema.org\/mainEntityOfPage\" ><span itemprop='name'>L&rsquo;AFTRAL profite des quais de notre plateforme Logistique pour r\u00e9aliser des man\u0153uvres !<\/span><\/span><\/span><\/article><article class='slide-entry flex_column  post-entry post-entry-4176 slide-entry-overview slide-loop-108 slide-parity-odd  av_one_third  real-thumbnail posttype-post post-format-standard'  itemscope=\"itemscope\" itemtype=\"https:\/\/schema.org\/CreativeWork\" ><a href='https:\/\/www.transports-coue.fr\/fr\/excellente-annee-2021\/' data-rel='slide-2' class='slide-image' title='Tr\u00e8s belle Ann\u00e9e 2021 !'><img decoding=\"async\" fetchpriority=\"high\" width=\"845\" height=\"321\" src=\"https:\/\/www.transports-coue.fr\/wp-content\/uploads\/2021\/01\/2021-01-04-transports-Coue-web-voeux-2021.jpg\" class=\"wp-image-4174 avia-img-lazy-loading-not-4174 attachment-no scaling size-no scaling wp-post-image\" alt=\"Les Transports Cou\u00e9 vous souhaitent de joyeuses f\u00eates de fin d&#039;ann\u00e9e\" srcset=\"https:\/\/www.transports-coue.fr\/wp-content\/uploads\/2021\/01\/2021-01-04-transports-Coue-web-voeux-2021.jpg 845w, https:\/\/www.transports-coue.fr\/wp-content\/uploads\/2021\/01\/2021-01-04-transports-Coue-web-voeux-2021-300x114.jpg 300w, https:\/\/www.transports-coue.fr\/wp-content\/uploads\/2021\/01\/2021-01-04-transports-Coue-web-voeux-2021-80x30.jpg 80w, https:\/\/www.transports-coue.fr\/wp-content\/uploads\/2021\/01\/2021-01-04-transports-Coue-web-voeux-2021-768x292.jpg 768w, https:\/\/www.transports-coue.fr\/wp-content\/uploads\/2021\/01\/2021-01-04-transports-Coue-web-voeux-2021-705x268.jpg 705w\" sizes=\"(max-width: 845px) 100vw, 845px\" \/><\/a><div class=\"slide-content\"><header class=\"entry-content-header\" aria-label=\"Slide: Tr\u00e8s belle Ann\u00e9e 2021 !\"><h3 class='slide-entry-title entry-title '  itemprop=\"headline\" ><a href='https:\/\/www.transports-coue.fr\/fr\/excellente-annee-2021\/' title='Tr\u00e8s belle Ann\u00e9e 2021 !'>Tr\u00e8s belle Ann\u00e9e 2021 !<\/a><\/h3><span class=\"blog-categories minor-meta\"><a href=\"https:\/\/www.transports-coue.fr\/fr\/category\/actualites\/\" rel=\"tag\">Actualit\u00e9s<\/a>, <a href=\"https:\/\/www.transports-coue.fr\/fr\/category\/actualites\/evenements\/\" rel=\"tag\">Ev\u00e9nements<\/a> <\/span><span class=\"av-vertical-delimiter\"><\/span><\/header><div class='slide-entry-excerpt entry-content'  itemprop=\"text\" >\u2728L'ensemble des salari\u00e9s Transports Cou\u00e9 vous pr\u00e9sente ses MEILLEURS V\u0153ux pour cette ann\u00e9e 2021 ! Qu'elle soit remplie de Bonheur, Sant\u00e9 et Succ\u00e8s, et surtout ... qu'elle soit reMarquable ! \u2728\n\nSuivez l'actualit\u00e9 de nos reMarquables\u2026<div class=\"read-more-link\"><a href=\"https:\/\/www.transports-coue.fr\/fr\/excellente-annee-2021\/\" class=\"more-link\">Lire la suite<span class='more-link-arrow avia-svg-icon avia-font-svg_entypo-fontello' data-av_svg_icon='right-open-big' data-av_iconset='svg_entypo-fontello'><svg version=\"1.1\" xmlns=\"http:\/\/www.w3.org\/2000\/svg\" width=\"15\" height=\"32\" viewBox=\"0 0 15 32\" preserveAspectRatio=\"xMidYMid meet\" role=\"graphics-symbol\" aria-hidden=\"true\">\n<path d=\"M0.416 27.84l11.456-11.84-11.456-11.904q-0.832-0.832 0-1.536 0.832-0.832 1.536 0l12.544 12.608q0.768 0.832 0 1.6l-12.544 12.608q-0.704 0.832-1.536 0-0.832-0.704 0-1.536z\"><\/path>\n<\/svg><\/span><\/a><\/div><\/div><\/div><footer class=\"entry-footer\"><div class=\"slide-meta\"><time class='slide-meta-time updated'  itemprop=\"datePublished\" datetime=\"2021-01-04T17:42:37+01:00\" >4 janvier 2021<\/time><\/div><\/footer><span class='hidden'>\n\t\t\t\t<span class='av-structured-data'  itemprop=\"image\" itemscope=\"itemscope\" itemtype=\"https:\/\/schema.org\/ImageObject\" >\n\t\t\t\t\t\t<span itemprop='url'>https:\/\/www.transports-coue.fr\/wp-content\/uploads\/2021\/01\/2021-01-04-transports-Coue-web-voeux-2021.jpg<\/span>\n\t\t\t\t\t\t<span itemprop='height'>321<\/span>\n\t\t\t\t\t\t<span itemprop='width'>845<\/span>\n\t\t\t\t<\/span>\n\t\t\t\t<span class='av-structured-data'  itemprop=\"publisher\" itemtype=\"https:\/\/schema.org\/Organization\" itemscope=\"itemscope\" >\n\t\t\t\t\t\t<span itemprop='name'>Transports Cou\u00e9<\/span>\n\t\t\t\t\t\t<span itemprop='logo' itemscope itemtype='https:\/\/schema.org\/ImageObject'>\n\t\t\t\t\t\t\t<span itemprop='url'>https:\/\/www.transports-coue.fr\/wp-content\/uploads\/2018\/10\/Logo-transports-coue-300x119.png<\/span>\n\t\t\t\t\t\t<\/span>\n\t\t\t\t<\/span><span class='av-structured-data'  itemprop=\"author\" itemscope=\"itemscope\" itemtype=\"https:\/\/schema.org\/Person\" ><span itemprop='name'>Transports Cou\u00e9<\/span><\/span><span class='av-structured-data'  itemprop=\"datePublished\" datetime=\"2018-10-04T10:16:12+02:00\" >2021-01-04 17:42:37<\/span><span class='av-structured-data'  itemprop=\"dateModified\" itemtype=\"https:\/\/schema.org\/dateModified\" >2021-05-21 16:43:26<\/span><span class='av-structured-data'  itemprop=\"mainEntityOfPage\" itemtype=\"https:\/\/schema.org\/mainEntityOfPage\" ><span itemprop='name'>Tr\u00e8s belle Ann\u00e9e 2021 !<\/span><\/span><\/span><\/article><\/div><div class=\"slide-entry-wrap\"><article class='slide-entry flex_column  post-entry post-entry-4162 slide-entry-overview slide-loop-109 slide-parity-odd  av_one_third first real-thumbnail posttype-post post-format-standard'  itemscope=\"itemscope\" itemtype=\"https:\/\/schema.org\/CreativeWork\" ><a href='https:\/\/www.transports-coue.fr\/fr\/joyeuses-fetes-de-fin-dannee\/' data-rel='slide-2' class='slide-image' title='Joyeuses f\u00eates de fin d&rsquo;ann\u00e9e !'><img decoding=\"async\" fetchpriority=\"high\" width=\"845\" height=\"321\" src=\"https:\/\/www.transports-coue.fr\/wp-content\/uploads\/2020\/12\/2020-12-23-publication-web-joyeuses-fetes-transports-coue.jpg\" class=\"wp-image-4160 avia-img-lazy-loading-not-4160 attachment-no scaling size-no scaling wp-post-image\" alt=\"Les Transports Cou\u00e9 vous souhaitent un joyeux r\u00e9veillon\" srcset=\"https:\/\/www.transports-coue.fr\/wp-content\/uploads\/2020\/12\/2020-12-23-publication-web-joyeuses-fetes-transports-coue.jpg 845w, https:\/\/www.transports-coue.fr\/wp-content\/uploads\/2020\/12\/2020-12-23-publication-web-joyeuses-fetes-transports-coue-300x114.jpg 300w, https:\/\/www.transports-coue.fr\/wp-content\/uploads\/2020\/12\/2020-12-23-publication-web-joyeuses-fetes-transports-coue-80x30.jpg 80w, https:\/\/www.transports-coue.fr\/wp-content\/uploads\/2020\/12\/2020-12-23-publication-web-joyeuses-fetes-transports-coue-768x292.jpg 768w, https:\/\/www.transports-coue.fr\/wp-content\/uploads\/2020\/12\/2020-12-23-publication-web-joyeuses-fetes-transports-coue-705x268.jpg 705w\" sizes=\"(max-width: 845px) 100vw, 845px\" \/><\/a><div class=\"slide-content\"><header class=\"entry-content-header\" aria-label=\"Slide: Joyeuses f\u00eates de fin d&#039;ann\u00e9e !\"><h3 class='slide-entry-title entry-title '  itemprop=\"headline\" ><a href='https:\/\/www.transports-coue.fr\/fr\/joyeuses-fetes-de-fin-dannee\/' title='Joyeuses f\u00eates de fin d&rsquo;ann\u00e9e !'>Joyeuses f\u00eates de fin d&rsquo;ann\u00e9e !<\/a><\/h3><span class=\"blog-categories minor-meta\"><a href=\"https:\/\/www.transports-coue.fr\/fr\/category\/actualites\/\" rel=\"tag\">Actualit\u00e9s<\/a>, <a href=\"https:\/\/www.transports-coue.fr\/fr\/category\/actualites\/evenements\/\" rel=\"tag\">Ev\u00e9nements<\/a> <\/span><span class=\"av-vertical-delimiter\"><\/span><\/header><div class='slide-entry-excerpt entry-content'  itemprop=\"text\" >\u2728Fran\u00e7ois Cou\u00e9 et l\u2019ensemble de ses \u00e9quipes vous souhaitent un Joyeux No\u00ebl \ud83c\udf85, un Excellent r\u00e9veillon du Nouvel An \ud83c\udf1f, de passer de beaux moments avec vos proches !\n\nRetrouvez nos actualit\u00e9s sur notre page Facebook : https:\/\/www.facebook.com\/CoueTransports\n\n#Noel\u2026<div class=\"read-more-link\"><a href=\"https:\/\/www.transports-coue.fr\/fr\/joyeuses-fetes-de-fin-dannee\/\" class=\"more-link\">Lire la suite<span class='more-link-arrow avia-svg-icon avia-font-svg_entypo-fontello' data-av_svg_icon='right-open-big' data-av_iconset='svg_entypo-fontello'><svg version=\"1.1\" xmlns=\"http:\/\/www.w3.org\/2000\/svg\" width=\"15\" height=\"32\" viewBox=\"0 0 15 32\" preserveAspectRatio=\"xMidYMid meet\" role=\"graphics-symbol\" aria-hidden=\"true\">\n<path d=\"M0.416 27.84l11.456-11.84-11.456-11.904q-0.832-0.832 0-1.536 0.832-0.832 1.536 0l12.544 12.608q0.768 0.832 0 1.6l-12.544 12.608q-0.704 0.832-1.536 0-0.832-0.704 0-1.536z\"><\/path>\n<\/svg><\/span><\/a><\/div><\/div><\/div><footer class=\"entry-footer\"><div class=\"slide-meta\"><time class='slide-meta-time updated'  itemprop=\"datePublished\" datetime=\"2020-12-28T11:19:33+01:00\" >28 d\u00e9cembre 2020<\/time><\/div><\/footer><span class='hidden'>\n\t\t\t\t<span class='av-structured-data'  itemprop=\"image\" itemscope=\"itemscope\" itemtype=\"https:\/\/schema.org\/ImageObject\" >\n\t\t\t\t\t\t<span itemprop='url'>https:\/\/www.transports-coue.fr\/wp-content\/uploads\/2020\/12\/2020-12-23-publication-web-joyeuses-fetes-transports-coue.jpg<\/span>\n\t\t\t\t\t\t<span itemprop='height'>321<\/span>\n\t\t\t\t\t\t<span itemprop='width'>845<\/span>\n\t\t\t\t<\/span>\n\t\t\t\t<span class='av-structured-data'  itemprop=\"publisher\" itemtype=\"https:\/\/schema.org\/Organization\" itemscope=\"itemscope\" >\n\t\t\t\t\t\t<span itemprop='name'>Transports Cou\u00e9<\/span>\n\t\t\t\t\t\t<span itemprop='logo' itemscope itemtype='https:\/\/schema.org\/ImageObject'>\n\t\t\t\t\t\t\t<span itemprop='url'>https:\/\/www.transports-coue.fr\/wp-content\/uploads\/2018\/10\/Logo-transports-coue-300x119.png<\/span>\n\t\t\t\t\t\t<\/span>\n\t\t\t\t<\/span><span class='av-structured-data'  itemprop=\"author\" itemscope=\"itemscope\" itemtype=\"https:\/\/schema.org\/Person\" ><span itemprop='name'>Transports Cou\u00e9<\/span><\/span><span class='av-structured-data'  itemprop=\"datePublished\" datetime=\"2018-10-04T10:16:12+02:00\" >2020-12-28 11:19:33<\/span><span class='av-structured-data'  itemprop=\"dateModified\" itemtype=\"https:\/\/schema.org\/dateModified\" >2021-05-21 16:44:29<\/span><span class='av-structured-data'  itemprop=\"mainEntityOfPage\" itemtype=\"https:\/\/schema.org\/mainEntityOfPage\" ><span itemprop='name'>Joyeuses f\u00eates de fin d&rsquo;ann\u00e9e !<\/span><\/span><\/span><\/article><article class='slide-entry flex_column  post-entry post-entry-4136 slide-entry-overview slide-loop-110 slide-parity-even  av_one_third  real-thumbnail posttype-post post-format-standard'  itemscope=\"itemscope\" itemtype=\"https:\/\/schema.org\/CreativeWork\" ><a href='https:\/\/www.transports-coue.fr\/fr\/glenn-un-de-nos-conducteurs-presente-son-camion-a-une-classe-de-maternelle-a-laval\/' data-rel='slide-2' class='slide-image' title='Glenn, un de nos conducteurs, pr\u00e9sente son camion \u00e0 une classe de maternelle \u00e0 Laval'><img decoding=\"async\" fetchpriority=\"high\" width=\"832\" height=\"318\" src=\"https:\/\/www.transports-coue.fr\/wp-content\/uploads\/2020\/12\/2020-14-12-transports-coue-presentation-camion-maternelle-laval.jpg\" class=\"wp-image-4134 avia-img-lazy-loading-not-4134 attachment-no scaling size-no scaling wp-post-image\" alt=\"Pr\u00e9sentation d&#039;un camion Transports Cou\u00e9 \u00e0 une classe de maternelle \u00e0 Laval\" srcset=\"https:\/\/www.transports-coue.fr\/wp-content\/uploads\/2020\/12\/2020-14-12-transports-coue-presentation-camion-maternelle-laval.jpg 832w, https:\/\/www.transports-coue.fr\/wp-content\/uploads\/2020\/12\/2020-14-12-transports-coue-presentation-camion-maternelle-laval-300x115.jpg 300w, https:\/\/www.transports-coue.fr\/wp-content\/uploads\/2020\/12\/2020-14-12-transports-coue-presentation-camion-maternelle-laval-80x31.jpg 80w, https:\/\/www.transports-coue.fr\/wp-content\/uploads\/2020\/12\/2020-14-12-transports-coue-presentation-camion-maternelle-laval-768x294.jpg 768w, https:\/\/www.transports-coue.fr\/wp-content\/uploads\/2020\/12\/2020-14-12-transports-coue-presentation-camion-maternelle-laval-705x269.jpg 705w\" sizes=\"(max-width: 832px) 100vw, 832px\" \/><\/a><div class=\"slide-content\"><header class=\"entry-content-header\" aria-label=\"Slide: Glenn, un de nos conducteurs, pr\u00e9sente son camion \u00e0 une classe de maternelle \u00e0 Laval\"><h3 class='slide-entry-title entry-title '  itemprop=\"headline\" ><a href='https:\/\/www.transports-coue.fr\/fr\/glenn-un-de-nos-conducteurs-presente-son-camion-a-une-classe-de-maternelle-a-laval\/' title='Glenn, un de nos conducteurs, pr\u00e9sente son camion \u00e0 une classe de maternelle \u00e0 Laval'>Glenn, un de nos conducteurs, pr\u00e9sente son camion \u00e0 une classe de maternelle \u00e0 Laval<\/a><\/h3><span class=\"blog-categories minor-meta\"><a href=\"https:\/\/www.transports-coue.fr\/fr\/category\/actualites\/\" rel=\"tag\">Actualit\u00e9s<\/a>, <a href=\"https:\/\/www.transports-coue.fr\/fr\/category\/actualites\/evenements\/\" rel=\"tag\">Ev\u00e9nements<\/a> <\/span><span class=\"av-vertical-delimiter\"><\/span><\/header><div class='slide-entry-excerpt entry-content'  itemprop=\"text\" >Glenn, un de nos conducteurs, a montr\u00e9 son camion \ud83d\ude9b aux \u00e9l\u00e8ves \ud83d\udc81\u200d\u2640\ufe0f\ud83d\udc81 de petite section maternelle de l'\u00e9cole de la Salle \u00e0 Laval.\n\nSe hisser dans la cabine, s'assoir derri\u00e8re le volant, puis monter dans la remorque \ud83e\udd29\u2026<div class=\"read-more-link\"><a href=\"https:\/\/www.transports-coue.fr\/fr\/glenn-un-de-nos-conducteurs-presente-son-camion-a-une-classe-de-maternelle-a-laval\/\" class=\"more-link\">Lire la suite<span class='more-link-arrow avia-svg-icon avia-font-svg_entypo-fontello' data-av_svg_icon='right-open-big' data-av_iconset='svg_entypo-fontello'><svg version=\"1.1\" xmlns=\"http:\/\/www.w3.org\/2000\/svg\" width=\"15\" height=\"32\" viewBox=\"0 0 15 32\" preserveAspectRatio=\"xMidYMid meet\" role=\"graphics-symbol\" aria-hidden=\"true\">\n<path d=\"M0.416 27.84l11.456-11.84-11.456-11.904q-0.832-0.832 0-1.536 0.832-0.832 1.536 0l12.544 12.608q0.768 0.832 0 1.6l-12.544 12.608q-0.704 0.832-1.536 0-0.832-0.704 0-1.536z\"><\/path>\n<\/svg><\/span><\/a><\/div><\/div><\/div><footer class=\"entry-footer\"><div class=\"slide-meta\"><time class='slide-meta-time updated'  itemprop=\"datePublished\" datetime=\"2020-12-14T18:50:39+01:00\" >14 d\u00e9cembre 2020<\/time><\/div><\/footer><span class='hidden'>\n\t\t\t\t<span class='av-structured-data'  itemprop=\"image\" itemscope=\"itemscope\" itemtype=\"https:\/\/schema.org\/ImageObject\" >\n\t\t\t\t\t\t<span itemprop='url'>https:\/\/www.transports-coue.fr\/wp-content\/uploads\/2020\/12\/2020-14-12-transports-coue-presentation-camion-maternelle-laval.jpg<\/span>\n\t\t\t\t\t\t<span itemprop='height'>318<\/span>\n\t\t\t\t\t\t<span itemprop='width'>832<\/span>\n\t\t\t\t<\/span>\n\t\t\t\t<span class='av-structured-data'  itemprop=\"publisher\" itemtype=\"https:\/\/schema.org\/Organization\" itemscope=\"itemscope\" >\n\t\t\t\t\t\t<span itemprop='name'>Transports Cou\u00e9<\/span>\n\t\t\t\t\t\t<span itemprop='logo' itemscope itemtype='https:\/\/schema.org\/ImageObject'>\n\t\t\t\t\t\t\t<span itemprop='url'>https:\/\/www.transports-coue.fr\/wp-content\/uploads\/2018\/10\/Logo-transports-coue-300x119.png<\/span>\n\t\t\t\t\t\t<\/span>\n\t\t\t\t<\/span><span class='av-structured-data'  itemprop=\"author\" itemscope=\"itemscope\" itemtype=\"https:\/\/schema.org\/Person\" ><span itemprop='name'>Transports Cou\u00e9<\/span><\/span><span class='av-structured-data'  itemprop=\"datePublished\" datetime=\"2018-10-04T10:16:12+02:00\" >2020-12-14 18:50:39<\/span><span class='av-structured-data'  itemprop=\"dateModified\" itemtype=\"https:\/\/schema.org\/dateModified\" >2021-05-21 16:44:55<\/span><span class='av-structured-data'  itemprop=\"mainEntityOfPage\" itemtype=\"https:\/\/schema.org\/mainEntityOfPage\" ><span itemprop='name'>Glenn, un de nos conducteurs, pr\u00e9sente son camion \u00e0 une classe de maternelle \u00e0 Laval<\/span><\/span><\/span><\/article><article class='slide-entry flex_column  post-entry post-entry-3944 slide-entry-overview slide-loop-111 slide-parity-odd  av_one_third  real-thumbnail posttype-post post-format-standard'  itemscope=\"itemscope\" itemtype=\"https:\/\/schema.org\/CreativeWork\" ><a href='https:\/\/www.transports-coue.fr\/fr\/frederic-serre-a-la-reunion-pour-se-preparer-a-la-diagonale-des-fous-2021\/' data-rel='slide-2' class='slide-image' title='Fr\u00e9d\u00e9ric Serre \u00e0 La R\u00e9union se pr\u00e9pare \u00e0 la Diagonale des Fous 2021'><img decoding=\"async\" fetchpriority=\"high\" width=\"820\" height=\"312\" src=\"https:\/\/www.transports-coue.fr\/wp-content\/uploads\/2020\/10\/2020-10-20-transports-coue-diagonale-des-fous-ile-de-la-reunion-min.jpg\" class=\"wp-image-3942 avia-img-lazy-loading-not-3942 attachment-no scaling size-no scaling wp-post-image\" alt=\"Transports Coue Entrainement La Diagonale des Fous a La Reunion\" srcset=\"https:\/\/www.transports-coue.fr\/wp-content\/uploads\/2020\/10\/2020-10-20-transports-coue-diagonale-des-fous-ile-de-la-reunion-min.jpg 820w, https:\/\/www.transports-coue.fr\/wp-content\/uploads\/2020\/10\/2020-10-20-transports-coue-diagonale-des-fous-ile-de-la-reunion-min-300x114.jpg 300w, https:\/\/www.transports-coue.fr\/wp-content\/uploads\/2020\/10\/2020-10-20-transports-coue-diagonale-des-fous-ile-de-la-reunion-min-80x30.jpg 80w, https:\/\/www.transports-coue.fr\/wp-content\/uploads\/2020\/10\/2020-10-20-transports-coue-diagonale-des-fous-ile-de-la-reunion-min-768x292.jpg 768w, https:\/\/www.transports-coue.fr\/wp-content\/uploads\/2020\/10\/2020-10-20-transports-coue-diagonale-des-fous-ile-de-la-reunion-min-705x268.jpg 705w\" sizes=\"(max-width: 820px) 100vw, 820px\" \/><\/a><div class=\"slide-content\"><header class=\"entry-content-header\" aria-label=\"Slide: Fr\u00e9d\u00e9ric Serre \u00e0 La R\u00e9union se pr\u00e9pare \u00e0 la Diagonale des Fous 2021\"><h3 class='slide-entry-title entry-title '  itemprop=\"headline\" ><a href='https:\/\/www.transports-coue.fr\/fr\/frederic-serre-a-la-reunion-pour-se-preparer-a-la-diagonale-des-fous-2021\/' title='Fr\u00e9d\u00e9ric Serre \u00e0 La R\u00e9union se pr\u00e9pare \u00e0 la Diagonale des Fous 2021'>Fr\u00e9d\u00e9ric Serre \u00e0 La R\u00e9union se pr\u00e9pare \u00e0 la Diagonale des Fous 2021<\/a><\/h3><span class=\"blog-categories minor-meta\"><a href=\"https:\/\/www.transports-coue.fr\/fr\/category\/actualites\/\" rel=\"tag\">Actualit\u00e9s<\/a>, <a href=\"https:\/\/www.transports-coue.fr\/fr\/category\/actualites\/evenements\/\" rel=\"tag\">Ev\u00e9nements<\/a> <\/span><span class=\"av-vertical-delimiter\"><\/span><\/header><div class='slide-entry-excerpt entry-content'  itemprop=\"text\" >\nStory \"Fred &amp; La Diagonale des Fous\"  Episode 4\n\n\n\nFr\u00e9d\u00e9ric Serre, parti sur l'\u00eele de la R\u00e9union  malgr\u00e9 l'annulation  de la Diagonale des Fous, nous fait profiter de ces magnifiques paysages  tout en poursuivant son entrainement :\n\u2026<div class=\"read-more-link\"><a href=\"https:\/\/www.transports-coue.fr\/fr\/frederic-serre-a-la-reunion-pour-se-preparer-a-la-diagonale-des-fous-2021\/\" class=\"more-link\">Lire la suite<span class='more-link-arrow avia-svg-icon avia-font-svg_entypo-fontello' data-av_svg_icon='right-open-big' data-av_iconset='svg_entypo-fontello'><svg version=\"1.1\" xmlns=\"http:\/\/www.w3.org\/2000\/svg\" width=\"15\" height=\"32\" viewBox=\"0 0 15 32\" preserveAspectRatio=\"xMidYMid meet\" role=\"graphics-symbol\" aria-hidden=\"true\">\n<path d=\"M0.416 27.84l11.456-11.84-11.456-11.904q-0.832-0.832 0-1.536 0.832-0.832 1.536 0l12.544 12.608q0.768 0.832 0 1.6l-12.544 12.608q-0.704 0.832-1.536 0-0.832-0.704 0-1.536z\"><\/path>\n<\/svg><\/span><\/a><\/div><\/div><\/div><footer class=\"entry-footer\"><div class=\"slide-meta\"><time class='slide-meta-time updated'  itemprop=\"datePublished\" datetime=\"2020-10-20T18:37:26+02:00\" >20 octobre 2020<\/time><\/div><\/footer><span class='hidden'>\n\t\t\t\t<span class='av-structured-data'  itemprop=\"image\" itemscope=\"itemscope\" itemtype=\"https:\/\/schema.org\/ImageObject\" >\n\t\t\t\t\t\t<span itemprop='url'>https:\/\/www.transports-coue.fr\/wp-content\/uploads\/2020\/10\/2020-10-20-transports-coue-diagonale-des-fous-ile-de-la-reunion-min.jpg<\/span>\n\t\t\t\t\t\t<span itemprop='height'>312<\/span>\n\t\t\t\t\t\t<span itemprop='width'>820<\/span>\n\t\t\t\t<\/span>\n\t\t\t\t<span class='av-structured-data'  itemprop=\"publisher\" itemtype=\"https:\/\/schema.org\/Organization\" itemscope=\"itemscope\" >\n\t\t\t\t\t\t<span itemprop='name'>Transports Cou\u00e9<\/span>\n\t\t\t\t\t\t<span itemprop='logo' itemscope itemtype='https:\/\/schema.org\/ImageObject'>\n\t\t\t\t\t\t\t<span itemprop='url'>https:\/\/www.transports-coue.fr\/wp-content\/uploads\/2018\/10\/Logo-transports-coue-300x119.png<\/span>\n\t\t\t\t\t\t<\/span>\n\t\t\t\t<\/span><span class='av-structured-data'  itemprop=\"author\" itemscope=\"itemscope\" itemtype=\"https:\/\/schema.org\/Person\" ><span itemprop='name'>Transports Cou\u00e9<\/span><\/span><span class='av-structured-data'  itemprop=\"datePublished\" datetime=\"2018-10-04T10:16:12+02:00\" >2020-10-20 18:37:26<\/span><span class='av-structured-data'  itemprop=\"dateModified\" itemtype=\"https:\/\/schema.org\/dateModified\" >2021-10-26 16:22:45<\/span><span class='av-structured-data'  itemprop=\"mainEntityOfPage\" itemtype=\"https:\/\/schema.org\/mainEntityOfPage\" ><span itemprop='name'>Fr\u00e9d\u00e9ric Serre \u00e0 La R\u00e9union se pr\u00e9pare \u00e0 la Diagonale des Fous 2021<\/span><\/span><\/span><\/article><\/div><div class=\"slide-entry-wrap\"><article class='slide-entry flex_column  post-entry post-entry-3904 slide-entry-overview slide-loop-112 slide-parity-odd  av_one_third first real-thumbnail posttype-post post-format-standard'  itemscope=\"itemscope\" itemtype=\"https:\/\/schema.org\/CreativeWork\" ><a href='https:\/\/www.transports-coue.fr\/fr\/transports-coue-au-rdv-de-lemploi-a-laval-53-mayenne\/' data-rel='slide-2' class='slide-image' title='Transports Cou\u00e9 au RDV de l&#8217;emploi \u00e0 Laval (53, Mayenne)'><img decoding=\"async\" fetchpriority=\"high\" width=\"820\" height=\"312\" src=\"https:\/\/www.transports-coue.fr\/wp-content\/uploads\/2020\/10\/2020-10-09-transports-coue-rdv-de-lemploi-laval-web-820x312-1.jpg\" class=\"wp-image-3902 avia-img-lazy-loading-not-3902 attachment-no scaling size-no scaling wp-post-image\" alt=\"Transports Coue participent au rendez-vous de l&#039;emploi \u00e0 Laval en france\" srcset=\"https:\/\/www.transports-coue.fr\/wp-content\/uploads\/2020\/10\/2020-10-09-transports-coue-rdv-de-lemploi-laval-web-820x312-1.jpg 820w, https:\/\/www.transports-coue.fr\/wp-content\/uploads\/2020\/10\/2020-10-09-transports-coue-rdv-de-lemploi-laval-web-820x312-1-300x114.jpg 300w, https:\/\/www.transports-coue.fr\/wp-content\/uploads\/2020\/10\/2020-10-09-transports-coue-rdv-de-lemploi-laval-web-820x312-1-80x30.jpg 80w, https:\/\/www.transports-coue.fr\/wp-content\/uploads\/2020\/10\/2020-10-09-transports-coue-rdv-de-lemploi-laval-web-820x312-1-768x292.jpg 768w, https:\/\/www.transports-coue.fr\/wp-content\/uploads\/2020\/10\/2020-10-09-transports-coue-rdv-de-lemploi-laval-web-820x312-1-705x268.jpg 705w\" sizes=\"(max-width: 820px) 100vw, 820px\" \/><\/a><div class=\"slide-content\"><header class=\"entry-content-header\" aria-label=\"Slide: Transports Cou\u00e9 au RDV de l&#039;emploi \u00e0 Laval (53, Mayenne)\"><h3 class='slide-entry-title entry-title '  itemprop=\"headline\" ><a href='https:\/\/www.transports-coue.fr\/fr\/transports-coue-au-rdv-de-lemploi-a-laval-53-mayenne\/' title='Transports Cou\u00e9 au RDV de l&#8217;emploi \u00e0 Laval (53, Mayenne)'>Transports Cou\u00e9 au RDV de l&#8217;emploi \u00e0 Laval (53, Mayenne)<\/a><\/h3><span class=\"blog-categories minor-meta\"><a href=\"https:\/\/www.transports-coue.fr\/fr\/category\/actualites\/\" rel=\"tag\">Actualit\u00e9s<\/a>, <a href=\"https:\/\/www.transports-coue.fr\/fr\/category\/actualites\/evenements\/\" rel=\"tag\">Ev\u00e9nements<\/a> <\/span><span class=\"av-vertical-delimiter\"><\/span><\/header><div class='slide-entry-excerpt entry-content'  itemprop=\"text\" >\ud835\udde6\ud835\uddee\ud835\uddfb\ud835\uddf1\ud835\ude06 : \"Vous recherchez \ud83e\uddd0 un poste dans une soci\u00e9t\u00e9 de Transport \/ Logistique dynamique &amp; \u00e0 taille humaine ? Retrouvez-nous avec Harold &amp; Alexandra, notre \u00e9quipe \ud83d\udc65 recrutement, au RDV de l'emploi \u00e0 Laval ce\u2026<div class=\"read-more-link\"><a href=\"https:\/\/www.transports-coue.fr\/fr\/transports-coue-au-rdv-de-lemploi-a-laval-53-mayenne\/\" class=\"more-link\">Lire la suite<span class='more-link-arrow avia-svg-icon avia-font-svg_entypo-fontello' data-av_svg_icon='right-open-big' data-av_iconset='svg_entypo-fontello'><svg version=\"1.1\" xmlns=\"http:\/\/www.w3.org\/2000\/svg\" width=\"15\" height=\"32\" viewBox=\"0 0 15 32\" preserveAspectRatio=\"xMidYMid meet\" role=\"graphics-symbol\" aria-hidden=\"true\">\n<path d=\"M0.416 27.84l11.456-11.84-11.456-11.904q-0.832-0.832 0-1.536 0.832-0.832 1.536 0l12.544 12.608q0.768 0.832 0 1.6l-12.544 12.608q-0.704 0.832-1.536 0-0.832-0.704 0-1.536z\"><\/path>\n<\/svg><\/span><\/a><\/div><\/div><\/div><footer class=\"entry-footer\"><div class=\"slide-meta\"><time class='slide-meta-time updated'  itemprop=\"datePublished\" datetime=\"2020-10-09T18:25:52+02:00\" >9 octobre 2020<\/time><\/div><\/footer><span class='hidden'>\n\t\t\t\t<span class='av-structured-data'  itemprop=\"image\" itemscope=\"itemscope\" itemtype=\"https:\/\/schema.org\/ImageObject\" >\n\t\t\t\t\t\t<span itemprop='url'>https:\/\/www.transports-coue.fr\/wp-content\/uploads\/2020\/10\/2020-10-09-transports-coue-rdv-de-lemploi-laval-web-820x312-1.jpg<\/span>\n\t\t\t\t\t\t<span itemprop='height'>312<\/span>\n\t\t\t\t\t\t<span itemprop='width'>820<\/span>\n\t\t\t\t<\/span>\n\t\t\t\t<span class='av-structured-data'  itemprop=\"publisher\" itemtype=\"https:\/\/schema.org\/Organization\" itemscope=\"itemscope\" >\n\t\t\t\t\t\t<span itemprop='name'>Transports Cou\u00e9<\/span>\n\t\t\t\t\t\t<span itemprop='logo' itemscope itemtype='https:\/\/schema.org\/ImageObject'>\n\t\t\t\t\t\t\t<span itemprop='url'>https:\/\/www.transports-coue.fr\/wp-content\/uploads\/2018\/10\/Logo-transports-coue-300x119.png<\/span>\n\t\t\t\t\t\t<\/span>\n\t\t\t\t<\/span><span class='av-structured-data'  itemprop=\"author\" itemscope=\"itemscope\" itemtype=\"https:\/\/schema.org\/Person\" ><span itemprop='name'>Transports Cou\u00e9<\/span><\/span><span class='av-structured-data'  itemprop=\"datePublished\" datetime=\"2018-10-04T10:16:12+02:00\" >2020-10-09 18:25:52<\/span><span class='av-structured-data'  itemprop=\"dateModified\" itemtype=\"https:\/\/schema.org\/dateModified\" >2021-03-30 14:14:40<\/span><span class='av-structured-data'  itemprop=\"mainEntityOfPage\" itemtype=\"https:\/\/schema.org\/mainEntityOfPage\" ><span itemprop='name'>Transports Cou\u00e9 au RDV de l&#8217;emploi \u00e0 Laval (53, Mayenne)<\/span><\/span><\/span><\/article><article class='slide-entry flex_column  post-entry post-entry-3892 slide-entry-overview slide-loop-113 slide-parity-even  av_one_third  real-thumbnail posttype-post post-format-standard'  itemscope=\"itemscope\" itemtype=\"https:\/\/schema.org\/CreativeWork\" ><a href='https:\/\/www.transports-coue.fr\/fr\/la-diagonale-des-fous-est-annulee\/' data-rel='slide-2' class='slide-image' title='La Diagonale des Fous est annul\u00e9e !'><img decoding=\"async\" fetchpriority=\"high\" width=\"832\" height=\"318\" src=\"https:\/\/www.transports-coue.fr\/wp-content\/uploads\/2020\/10\/2020-09-17-transports-coue-fred-serre-diagonale-des-fous-web.jpg\" class=\"wp-image-3890 avia-img-lazy-loading-not-3890 attachment-no scaling size-no scaling wp-post-image\" alt=\"Frederic Serre se pr\u00e9pare pour la Diagonale des Fous 2021\" srcset=\"https:\/\/www.transports-coue.fr\/wp-content\/uploads\/2020\/10\/2020-09-17-transports-coue-fred-serre-diagonale-des-fous-web.jpg 832w, https:\/\/www.transports-coue.fr\/wp-content\/uploads\/2020\/10\/2020-09-17-transports-coue-fred-serre-diagonale-des-fous-web-300x115.jpg 300w, https:\/\/www.transports-coue.fr\/wp-content\/uploads\/2020\/10\/2020-09-17-transports-coue-fred-serre-diagonale-des-fous-web-80x31.jpg 80w, https:\/\/www.transports-coue.fr\/wp-content\/uploads\/2020\/10\/2020-09-17-transports-coue-fred-serre-diagonale-des-fous-web-768x294.jpg 768w, https:\/\/www.transports-coue.fr\/wp-content\/uploads\/2020\/10\/2020-09-17-transports-coue-fred-serre-diagonale-des-fous-web-705x269.jpg 705w\" sizes=\"(max-width: 832px) 100vw, 832px\" \/><\/a><div class=\"slide-content\"><header class=\"entry-content-header\" aria-label=\"Slide: La Diagonale des Fous est annul\u00e9e !\"><h3 class='slide-entry-title entry-title '  itemprop=\"headline\" ><a href='https:\/\/www.transports-coue.fr\/fr\/la-diagonale-des-fous-est-annulee\/' title='La Diagonale des Fous est annul\u00e9e !'>La Diagonale des Fous est annul\u00e9e !<\/a><\/h3><span class=\"blog-categories minor-meta\"><a href=\"https:\/\/www.transports-coue.fr\/fr\/category\/actualites\/\" rel=\"tag\">Actualit\u00e9s<\/a>, <a href=\"https:\/\/www.transports-coue.fr\/fr\/category\/actualites\/evenements\/\" rel=\"tag\">Ev\u00e9nements<\/a> <\/span><span class=\"av-vertical-delimiter\"><\/span><\/header><div class='slide-entry-excerpt entry-content'  itemprop=\"text\" >C'est avec un immense regret que nous avons appris l'annulation\u00a0\u274c de l'\u00e9preuve sportive La Diagonale des fous. Elle devait se d\u00e9rouler \u00e0 la R\u00e9union \u26f0\u00a0du 15 au 18 octobre.\n\nNous imaginons la d\u00e9ception de Fr\u00e9d\u00e9ric Serre, Responsable\u2026<div class=\"read-more-link\"><a href=\"https:\/\/www.transports-coue.fr\/fr\/la-diagonale-des-fous-est-annulee\/\" class=\"more-link\">Lire la suite<span class='more-link-arrow avia-svg-icon avia-font-svg_entypo-fontello' data-av_svg_icon='right-open-big' data-av_iconset='svg_entypo-fontello'><svg version=\"1.1\" xmlns=\"http:\/\/www.w3.org\/2000\/svg\" width=\"15\" height=\"32\" viewBox=\"0 0 15 32\" preserveAspectRatio=\"xMidYMid meet\" role=\"graphics-symbol\" aria-hidden=\"true\">\n<path d=\"M0.416 27.84l11.456-11.84-11.456-11.904q-0.832-0.832 0-1.536 0.832-0.832 1.536 0l12.544 12.608q0.768 0.832 0 1.6l-12.544 12.608q-0.704 0.832-1.536 0-0.832-0.704 0-1.536z\"><\/path>\n<\/svg><\/span><\/a><\/div><\/div><\/div><footer class=\"entry-footer\"><div class=\"slide-meta\"><time class='slide-meta-time updated'  itemprop=\"datePublished\" datetime=\"2020-10-09T17:03:14+02:00\" >9 octobre 2020<\/time><\/div><\/footer><span class='hidden'>\n\t\t\t\t<span class='av-structured-data'  itemprop=\"image\" itemscope=\"itemscope\" itemtype=\"https:\/\/schema.org\/ImageObject\" >\n\t\t\t\t\t\t<span itemprop='url'>https:\/\/www.transports-coue.fr\/wp-content\/uploads\/2020\/10\/2020-09-17-transports-coue-fred-serre-diagonale-des-fous-web.jpg<\/span>\n\t\t\t\t\t\t<span itemprop='height'>318<\/span>\n\t\t\t\t\t\t<span itemprop='width'>832<\/span>\n\t\t\t\t<\/span>\n\t\t\t\t<span class='av-structured-data'  itemprop=\"publisher\" itemtype=\"https:\/\/schema.org\/Organization\" itemscope=\"itemscope\" >\n\t\t\t\t\t\t<span itemprop='name'>Transports Cou\u00e9<\/span>\n\t\t\t\t\t\t<span itemprop='logo' itemscope itemtype='https:\/\/schema.org\/ImageObject'>\n\t\t\t\t\t\t\t<span itemprop='url'>https:\/\/www.transports-coue.fr\/wp-content\/uploads\/2018\/10\/Logo-transports-coue-300x119.png<\/span>\n\t\t\t\t\t\t<\/span>\n\t\t\t\t<\/span><span class='av-structured-data'  itemprop=\"author\" itemscope=\"itemscope\" itemtype=\"https:\/\/schema.org\/Person\" ><span itemprop='name'>Transports Cou\u00e9<\/span><\/span><span class='av-structured-data'  itemprop=\"datePublished\" datetime=\"2018-10-04T10:16:12+02:00\" >2020-10-09 17:03:14<\/span><span class='av-structured-data'  itemprop=\"dateModified\" itemtype=\"https:\/\/schema.org\/dateModified\" >2021-10-26 16:24:07<\/span><span class='av-structured-data'  itemprop=\"mainEntityOfPage\" itemtype=\"https:\/\/schema.org\/mainEntityOfPage\" ><span itemprop='name'>La Diagonale des Fous est annul\u00e9e !<\/span><\/span><\/span><\/article><article class='slide-entry flex_column  post-entry post-entry-3734 slide-entry-overview slide-loop-114 slide-parity-odd  av_one_third  real-thumbnail posttype-post post-format-standard'  itemscope=\"itemscope\" itemtype=\"https:\/\/schema.org\/CreativeWork\" ><a href='https:\/\/www.transports-coue.fr\/fr\/story-fred-la-diagonale-des-fous-episode-3\/' data-rel='slide-2' class='slide-image' title='La Diagonale des Fous maintenue, Fr\u00e9d\u00e9ric Serre reste tr\u00e8s motiv\u00e9 !'><img decoding=\"async\" fetchpriority=\"high\" width=\"820\" height=\"312\" src=\"https:\/\/www.transports-coue.fr\/wp-content\/uploads\/2020\/06\/2020-06-05-transports-coue-diagonale-des-fous-2020.jpg\" class=\"wp-image-3732 avia-img-lazy-loading-not-3732 attachment-no scaling size-no scaling wp-post-image\" alt=\"La Diagonale des Fous maintenue Fred Transports Coue reste motive\" srcset=\"https:\/\/www.transports-coue.fr\/wp-content\/uploads\/2020\/06\/2020-06-05-transports-coue-diagonale-des-fous-2020.jpg 820w, https:\/\/www.transports-coue.fr\/wp-content\/uploads\/2020\/06\/2020-06-05-transports-coue-diagonale-des-fous-2020-300x114.jpg 300w, https:\/\/www.transports-coue.fr\/wp-content\/uploads\/2020\/06\/2020-06-05-transports-coue-diagonale-des-fous-2020-80x30.jpg 80w, https:\/\/www.transports-coue.fr\/wp-content\/uploads\/2020\/06\/2020-06-05-transports-coue-diagonale-des-fous-2020-768x292.jpg 768w, https:\/\/www.transports-coue.fr\/wp-content\/uploads\/2020\/06\/2020-06-05-transports-coue-diagonale-des-fous-2020-705x268.jpg 705w\" sizes=\"(max-width: 820px) 100vw, 820px\" \/><\/a><div class=\"slide-content\"><header class=\"entry-content-header\" aria-label=\"Slide: La Diagonale des Fous maintenue, Fr\u00e9d\u00e9ric Serre reste tr\u00e8s motiv\u00e9 !\"><h3 class='slide-entry-title entry-title '  itemprop=\"headline\" ><a href='https:\/\/www.transports-coue.fr\/fr\/story-fred-la-diagonale-des-fous-episode-3\/' title='La Diagonale des Fous maintenue, Fr\u00e9d\u00e9ric Serre reste tr\u00e8s motiv\u00e9 !'>La Diagonale des Fous maintenue, Fr\u00e9d\u00e9ric Serre reste tr\u00e8s motiv\u00e9 !<\/a><\/h3><span class=\"blog-categories minor-meta\"><a href=\"https:\/\/www.transports-coue.fr\/fr\/category\/actualites\/\" rel=\"tag\">Actualit\u00e9s<\/a>, <a href=\"https:\/\/www.transports-coue.fr\/fr\/category\/actualites\/evenements\/\" rel=\"tag\">Ev\u00e9nements<\/a> <\/span><span class=\"av-vertical-delimiter\"><\/span><\/header><div class='slide-entry-excerpt entry-content'  itemprop=\"text\" >Story \u201cFred &amp; La Diagonale des fous\u201d\u00a0\ud83d\udda5\u00a0Episode 3\n\nC'est avec plaisir que nous vous informons que Fred, notre Responsable de l'Agence de l'Est, continue ses entra\u00eenements en pr\u00e9vision de son challenge La Diagonale des Fous qui\u2026<div class=\"read-more-link\"><a href=\"https:\/\/www.transports-coue.fr\/fr\/story-fred-la-diagonale-des-fous-episode-3\/\" class=\"more-link\">Lire la suite<span class='more-link-arrow avia-svg-icon avia-font-svg_entypo-fontello' data-av_svg_icon='right-open-big' data-av_iconset='svg_entypo-fontello'><svg version=\"1.1\" xmlns=\"http:\/\/www.w3.org\/2000\/svg\" width=\"15\" height=\"32\" viewBox=\"0 0 15 32\" preserveAspectRatio=\"xMidYMid meet\" role=\"graphics-symbol\" aria-hidden=\"true\">\n<path d=\"M0.416 27.84l11.456-11.84-11.456-11.904q-0.832-0.832 0-1.536 0.832-0.832 1.536 0l12.544 12.608q0.768 0.832 0 1.6l-12.544 12.608q-0.704 0.832-1.536 0-0.832-0.704 0-1.536z\"><\/path>\n<\/svg><\/span><\/a><\/div><\/div><\/div><footer class=\"entry-footer\"><div class=\"slide-meta\"><time class='slide-meta-time updated'  itemprop=\"datePublished\" datetime=\"2020-06-05T10:44:49+02:00\" >5 juin 2020<\/time><\/div><\/footer><span class='hidden'>\n\t\t\t\t<span class='av-structured-data'  itemprop=\"image\" itemscope=\"itemscope\" itemtype=\"https:\/\/schema.org\/ImageObject\" >\n\t\t\t\t\t\t<span itemprop='url'>https:\/\/www.transports-coue.fr\/wp-content\/uploads\/2020\/06\/2020-06-05-transports-coue-diagonale-des-fous-2020.jpg<\/span>\n\t\t\t\t\t\t<span itemprop='height'>312<\/span>\n\t\t\t\t\t\t<span itemprop='width'>820<\/span>\n\t\t\t\t<\/span>\n\t\t\t\t<span class='av-structured-data'  itemprop=\"publisher\" itemtype=\"https:\/\/schema.org\/Organization\" itemscope=\"itemscope\" >\n\t\t\t\t\t\t<span itemprop='name'>Transports Cou\u00e9<\/span>\n\t\t\t\t\t\t<span itemprop='logo' itemscope itemtype='https:\/\/schema.org\/ImageObject'>\n\t\t\t\t\t\t\t<span itemprop='url'>https:\/\/www.transports-coue.fr\/wp-content\/uploads\/2018\/10\/Logo-transports-coue-300x119.png<\/span>\n\t\t\t\t\t\t<\/span>\n\t\t\t\t<\/span><span class='av-structured-data'  itemprop=\"author\" itemscope=\"itemscope\" itemtype=\"https:\/\/schema.org\/Person\" ><span itemprop='name'>Transports Cou\u00e9<\/span><\/span><span class='av-structured-data'  itemprop=\"datePublished\" datetime=\"2018-10-04T10:16:12+02:00\" >2020-06-05 10:44:49<\/span><span class='av-structured-data'  itemprop=\"dateModified\" itemtype=\"https:\/\/schema.org\/dateModified\" >2021-10-26 16:27:09<\/span><span class='av-structured-data'  itemprop=\"mainEntityOfPage\" itemtype=\"https:\/\/schema.org\/mainEntityOfPage\" ><span itemprop='name'>La Diagonale des Fous maintenue, Fr\u00e9d\u00e9ric Serre reste tr\u00e8s motiv\u00e9 !<\/span><\/span><\/span><\/article><\/div><div class=\"slide-entry-wrap\"><article class='slide-entry flex_column  post-entry post-entry-3674 slide-entry-overview slide-loop-115 slide-parity-odd  av_one_third first real-thumbnail posttype-post post-format-standard'  itemscope=\"itemscope\" itemtype=\"https:\/\/schema.org\/CreativeWork\" ><a href='https:\/\/www.transports-coue.fr\/fr\/transports-coue-au-sitl-digital-2020\/' data-rel='slide-2' class='slide-image' title='Transports Cou\u00e9 au SITL Digital 2020'><img decoding=\"async\" fetchpriority=\"high\" width=\"832\" height=\"318\" src=\"https:\/\/www.transports-coue.fr\/wp-content\/uploads\/2020\/05\/2020-05-27-transports-coue-sitl-digital-2020-web-min.jpg\" class=\"wp-image-3672 avia-img-lazy-loading-not-3672 attachment-no scaling size-no scaling wp-post-image\" alt=\"Transports Cou\u00e9 au SITL 2020 en version digital derriere nos ecrans\" srcset=\"https:\/\/www.transports-coue.fr\/wp-content\/uploads\/2020\/05\/2020-05-27-transports-coue-sitl-digital-2020-web-min.jpg 832w, https:\/\/www.transports-coue.fr\/wp-content\/uploads\/2020\/05\/2020-05-27-transports-coue-sitl-digital-2020-web-min-300x115.jpg 300w, https:\/\/www.transports-coue.fr\/wp-content\/uploads\/2020\/05\/2020-05-27-transports-coue-sitl-digital-2020-web-min-80x31.jpg 80w, https:\/\/www.transports-coue.fr\/wp-content\/uploads\/2020\/05\/2020-05-27-transports-coue-sitl-digital-2020-web-min-768x294.jpg 768w, https:\/\/www.transports-coue.fr\/wp-content\/uploads\/2020\/05\/2020-05-27-transports-coue-sitl-digital-2020-web-min-705x269.jpg 705w\" sizes=\"(max-width: 832px) 100vw, 832px\" \/><\/a><div class=\"slide-content\"><header class=\"entry-content-header\" aria-label=\"Slide: Transports Cou\u00e9 au SITL Digital 2020\"><h3 class='slide-entry-title entry-title '  itemprop=\"headline\" ><a href='https:\/\/www.transports-coue.fr\/fr\/transports-coue-au-sitl-digital-2020\/' title='Transports Cou\u00e9 au SITL Digital 2020'>Transports Cou\u00e9 au SITL Digital 2020<\/a><\/h3><span class=\"blog-categories minor-meta\"><a href=\"https:\/\/www.transports-coue.fr\/fr\/category\/actualites\/\" rel=\"tag\">Actualit\u00e9s<\/a>, <a href=\"https:\/\/www.transports-coue.fr\/fr\/category\/actualites\/evenements\/\" rel=\"tag\">Ev\u00e9nements<\/a>, <a href=\"https:\/\/www.transports-coue.fr\/fr\/category\/actualites\/evenements\/evenements-logistique\/\" rel=\"tag\">Ev\u00e9nements Logistique<\/a> <\/span><span class=\"av-vertical-delimiter\"><\/span><\/header><div class='slide-entry-excerpt entry-content'  itemprop=\"text\" >\n\n\nA d\u00e9faut de pouvoir se rencontrer dans les all\u00e9es du SITL 2020, parlons de vos projets logistiques et transports virtuellement, du 23 au 26 juin \ud83d\udcc5, en version digitale. \n\nVia le \u00ab Virtual Tours \u00bb th\u00e9matique ou en RDV d\u2019affaires\u2026<div class=\"read-more-link\"><a href=\"https:\/\/www.transports-coue.fr\/fr\/transports-coue-au-sitl-digital-2020\/\" class=\"more-link\">Lire la suite<span class='more-link-arrow avia-svg-icon avia-font-svg_entypo-fontello' data-av_svg_icon='right-open-big' data-av_iconset='svg_entypo-fontello'><svg version=\"1.1\" xmlns=\"http:\/\/www.w3.org\/2000\/svg\" width=\"15\" height=\"32\" viewBox=\"0 0 15 32\" preserveAspectRatio=\"xMidYMid meet\" role=\"graphics-symbol\" aria-hidden=\"true\">\n<path d=\"M0.416 27.84l11.456-11.84-11.456-11.904q-0.832-0.832 0-1.536 0.832-0.832 1.536 0l12.544 12.608q0.768 0.832 0 1.6l-12.544 12.608q-0.704 0.832-1.536 0-0.832-0.704 0-1.536z\"><\/path>\n<\/svg><\/span><\/a><\/div><\/div><\/div><footer class=\"entry-footer\"><div class=\"slide-meta\"><time class='slide-meta-time updated'  itemprop=\"datePublished\" datetime=\"2020-05-29T11:03:19+02:00\" >29 mai 2020<\/time><\/div><\/footer><span class='hidden'>\n\t\t\t\t<span class='av-structured-data'  itemprop=\"image\" itemscope=\"itemscope\" itemtype=\"https:\/\/schema.org\/ImageObject\" >\n\t\t\t\t\t\t<span itemprop='url'>https:\/\/www.transports-coue.fr\/wp-content\/uploads\/2020\/05\/2020-05-27-transports-coue-sitl-digital-2020-web-min.jpg<\/span>\n\t\t\t\t\t\t<span itemprop='height'>318<\/span>\n\t\t\t\t\t\t<span itemprop='width'>832<\/span>\n\t\t\t\t<\/span>\n\t\t\t\t<span class='av-structured-data'  itemprop=\"publisher\" itemtype=\"https:\/\/schema.org\/Organization\" itemscope=\"itemscope\" >\n\t\t\t\t\t\t<span itemprop='name'>Transports Cou\u00e9<\/span>\n\t\t\t\t\t\t<span itemprop='logo' itemscope itemtype='https:\/\/schema.org\/ImageObject'>\n\t\t\t\t\t\t\t<span itemprop='url'>https:\/\/www.transports-coue.fr\/wp-content\/uploads\/2018\/10\/Logo-transports-coue-300x119.png<\/span>\n\t\t\t\t\t\t<\/span>\n\t\t\t\t<\/span><span class='av-structured-data'  itemprop=\"author\" itemscope=\"itemscope\" itemtype=\"https:\/\/schema.org\/Person\" ><span itemprop='name'>Transports Cou\u00e9<\/span><\/span><span class='av-structured-data'  itemprop=\"datePublished\" datetime=\"2018-10-04T10:16:12+02:00\" >2020-05-29 11:03:19<\/span><span class='av-structured-data'  itemprop=\"dateModified\" itemtype=\"https:\/\/schema.org\/dateModified\" >2021-03-11 10:21:33<\/span><span class='av-structured-data'  itemprop=\"mainEntityOfPage\" itemtype=\"https:\/\/schema.org\/mainEntityOfPage\" ><span itemprop='name'>Transports Cou\u00e9 au SITL Digital 2020<\/span><\/span><\/span><\/article><article class='slide-entry flex_column  post-entry post-entry-3351 slide-entry-overview slide-loop-116 slide-parity-even  av_one_third  real-thumbnail posttype-post post-format-standard'  itemscope=\"itemscope\" itemtype=\"https:\/\/schema.org\/CreativeWork\" ><a href='https:\/\/www.transports-coue.fr\/fr\/formation-aftral-a-lentrepot-des-transports-coue\/' data-rel='slide-2' class='slide-image' title='Formation AFTRAL \u00e0 l\u2019entrep\u00f4t des Transports Cou\u00e9'><img decoding=\"async\" fetchpriority=\"high\" width=\"820\" height=\"312\" src=\"https:\/\/www.transports-coue.fr\/wp-content\/uploads\/2020\/03\/2020-03-11-transports-coue-formation-aftral-web.jpg\" class=\"wp-image-3354 avia-img-lazy-loading-not-3354 attachment-no scaling size-no scaling wp-post-image\" alt=\"Transports Cou\u00e9 formation Aftral \u00e0 notre entrep\u00f4t article\" srcset=\"https:\/\/www.transports-coue.fr\/wp-content\/uploads\/2020\/03\/2020-03-11-transports-coue-formation-aftral-web.jpg 820w, https:\/\/www.transports-coue.fr\/wp-content\/uploads\/2020\/03\/2020-03-11-transports-coue-formation-aftral-web-300x114.jpg 300w, https:\/\/www.transports-coue.fr\/wp-content\/uploads\/2020\/03\/2020-03-11-transports-coue-formation-aftral-web-80x30.jpg 80w, https:\/\/www.transports-coue.fr\/wp-content\/uploads\/2020\/03\/2020-03-11-transports-coue-formation-aftral-web-768x292.jpg 768w, https:\/\/www.transports-coue.fr\/wp-content\/uploads\/2020\/03\/2020-03-11-transports-coue-formation-aftral-web-705x268.jpg 705w\" sizes=\"(max-width: 820px) 100vw, 820px\" \/><\/a><div class=\"slide-content\"><header class=\"entry-content-header\" aria-label=\"Slide: Formation AFTRAL \u00e0 l\u2019entrep\u00f4t des Transports Cou\u00e9\"><h3 class='slide-entry-title entry-title '  itemprop=\"headline\" ><a href='https:\/\/www.transports-coue.fr\/fr\/formation-aftral-a-lentrepot-des-transports-coue\/' title='Formation AFTRAL \u00e0 l\u2019entrep\u00f4t des Transports Cou\u00e9'>Formation AFTRAL \u00e0 l\u2019entrep\u00f4t des Transports Cou\u00e9<\/a><\/h3><span class=\"blog-categories minor-meta\"><a href=\"https:\/\/www.transports-coue.fr\/fr\/category\/actualites\/\" rel=\"tag\">Actualit\u00e9s<\/a>, <a href=\"https:\/\/www.transports-coue.fr\/fr\/category\/actualites\/evenements\/\" rel=\"tag\">Ev\u00e9nements<\/a>, <a href=\"https:\/\/www.transports-coue.fr\/fr\/category\/actualites\/evenements\/evenements-logistique\/\" rel=\"tag\">Ev\u00e9nements Logistique<\/a> <\/span><span class=\"av-vertical-delimiter\"><\/span><\/header><div class='slide-entry-excerpt entry-content'  itemprop=\"text\" >Pour leurs exercices de man\u0153uvres de mise \u00e0 quai \ud83d\ude9b, les \u00e9l\u00e8ves de l'AFTRAL viennent s'exercer au quai de notre entrep\u00f4t logistique.\nRien de mieux que de mettre la th\u00e9orie en pratique ! \ud83d\udc4d\n\nRetrouvez toutes nos actualit\u00e9s transports\u2026<div class=\"read-more-link\"><a href=\"https:\/\/www.transports-coue.fr\/fr\/formation-aftral-a-lentrepot-des-transports-coue\/\" class=\"more-link\">Lire la suite<span class='more-link-arrow avia-svg-icon avia-font-svg_entypo-fontello' data-av_svg_icon='right-open-big' data-av_iconset='svg_entypo-fontello'><svg version=\"1.1\" xmlns=\"http:\/\/www.w3.org\/2000\/svg\" width=\"15\" height=\"32\" viewBox=\"0 0 15 32\" preserveAspectRatio=\"xMidYMid meet\" role=\"graphics-symbol\" aria-hidden=\"true\">\n<path d=\"M0.416 27.84l11.456-11.84-11.456-11.904q-0.832-0.832 0-1.536 0.832-0.832 1.536 0l12.544 12.608q0.768 0.832 0 1.6l-12.544 12.608q-0.704 0.832-1.536 0-0.832-0.704 0-1.536z\"><\/path>\n<\/svg><\/span><\/a><\/div><\/div><\/div><footer class=\"entry-footer\"><div class=\"slide-meta\"><time class='slide-meta-time updated'  itemprop=\"datePublished\" datetime=\"2020-03-11T09:52:59+01:00\" >11 mars 2020<\/time><\/div><\/footer><span class='hidden'>\n\t\t\t\t<span class='av-structured-data'  itemprop=\"image\" itemscope=\"itemscope\" itemtype=\"https:\/\/schema.org\/ImageObject\" >\n\t\t\t\t\t\t<span itemprop='url'>https:\/\/www.transports-coue.fr\/wp-content\/uploads\/2020\/03\/2020-03-11-transports-coue-formation-aftral-web.jpg<\/span>\n\t\t\t\t\t\t<span itemprop='height'>312<\/span>\n\t\t\t\t\t\t<span itemprop='width'>820<\/span>\n\t\t\t\t<\/span>\n\t\t\t\t<span class='av-structured-data'  itemprop=\"publisher\" itemtype=\"https:\/\/schema.org\/Organization\" itemscope=\"itemscope\" >\n\t\t\t\t\t\t<span itemprop='name'>Transports Cou\u00e9<\/span>\n\t\t\t\t\t\t<span itemprop='logo' itemscope itemtype='https:\/\/schema.org\/ImageObject'>\n\t\t\t\t\t\t\t<span itemprop='url'>https:\/\/www.transports-coue.fr\/wp-content\/uploads\/2018\/10\/Logo-transports-coue-300x119.png<\/span>\n\t\t\t\t\t\t<\/span>\n\t\t\t\t<\/span><span class='av-structured-data'  itemprop=\"author\" itemscope=\"itemscope\" itemtype=\"https:\/\/schema.org\/Person\" ><span itemprop='name'>Transports Cou\u00e9<\/span><\/span><span class='av-structured-data'  itemprop=\"datePublished\" datetime=\"2018-10-04T10:16:12+02:00\" >2020-03-11 09:52:59<\/span><span class='av-structured-data'  itemprop=\"dateModified\" itemtype=\"https:\/\/schema.org\/dateModified\" >2021-05-21 17:01:16<\/span><span class='av-structured-data'  itemprop=\"mainEntityOfPage\" itemtype=\"https:\/\/schema.org\/mainEntityOfPage\" ><span itemprop='name'>Formation AFTRAL \u00e0 l\u2019entrep\u00f4t des Transports Cou\u00e9<\/span><\/span><\/span><\/article><article class='slide-entry flex_column  post-entry post-entry-3345 slide-entry-overview slide-loop-117 slide-parity-odd  av_one_third  real-thumbnail posttype-post post-format-standard'  itemscope=\"itemscope\" itemtype=\"https:\/\/schema.org\/CreativeWork\" ><a href='https:\/\/www.transports-coue.fr\/fr\/frederic-serre-a-realise-son-2eme-trail-pour-se-preparer-a-la-diagonale-des-fous\/' data-rel='slide-2' class='slide-image' title='Fr\u00e9d\u00e9ric SERRE a r\u00e9alis\u00e9 son 2\u00e8me trail pour se pr\u00e9parer \u00e0 la Diagonale des Fous !'><img decoding=\"async\" fetchpriority=\"high\" width=\"820\" height=\"312\" src=\"https:\/\/www.transports-coue.fr\/wp-content\/uploads\/2020\/03\/2020-03-06-transports-coue-Fred-La-Diagonale-des-Fous-web-820x312-1.png\" class=\"wp-image-3343 avia-img-lazy-loading-not-3343 attachment-no scaling size-no scaling wp-post-image\" alt=\"Frederic Serre Responsable agence Transports Cou\u00e9 \u00e0 Balgau se pr\u00e9pare pour faire la diagonale des Fous Episode 2\" srcset=\"https:\/\/www.transports-coue.fr\/wp-content\/uploads\/2020\/03\/2020-03-06-transports-coue-Fred-La-Diagonale-des-Fous-web-820x312-1.png 820w, https:\/\/www.transports-coue.fr\/wp-content\/uploads\/2020\/03\/2020-03-06-transports-coue-Fred-La-Diagonale-des-Fous-web-820x312-1-300x114.png 300w, https:\/\/www.transports-coue.fr\/wp-content\/uploads\/2020\/03\/2020-03-06-transports-coue-Fred-La-Diagonale-des-Fous-web-820x312-1-80x30.png 80w, https:\/\/www.transports-coue.fr\/wp-content\/uploads\/2020\/03\/2020-03-06-transports-coue-Fred-La-Diagonale-des-Fous-web-820x312-1-768x292.png 768w, https:\/\/www.transports-coue.fr\/wp-content\/uploads\/2020\/03\/2020-03-06-transports-coue-Fred-La-Diagonale-des-Fous-web-820x312-1-705x268.png 705w\" sizes=\"(max-width: 820px) 100vw, 820px\" \/><\/a><div class=\"slide-content\"><header class=\"entry-content-header\" aria-label=\"Slide: Fr\u00e9d\u00e9ric SERRE a r\u00e9alis\u00e9 son 2\u00e8me trail pour se pr\u00e9parer \u00e0 la Diagonale des Fous !\"><h3 class='slide-entry-title entry-title '  itemprop=\"headline\" ><a href='https:\/\/www.transports-coue.fr\/fr\/frederic-serre-a-realise-son-2eme-trail-pour-se-preparer-a-la-diagonale-des-fous\/' title='Fr\u00e9d\u00e9ric SERRE a r\u00e9alis\u00e9 son 2\u00e8me trail pour se pr\u00e9parer \u00e0 la Diagonale des Fous !'>Fr\u00e9d\u00e9ric SERRE a r\u00e9alis\u00e9 son 2\u00e8me trail pour se pr\u00e9parer \u00e0 la Diagonale des Fous !<\/a><\/h3><span class=\"blog-categories minor-meta\"><a href=\"https:\/\/www.transports-coue.fr\/fr\/category\/actualites\/\" rel=\"tag\">Actualit\u00e9s<\/a>, <a href=\"https:\/\/www.transports-coue.fr\/fr\/category\/actualites\/evenements\/\" rel=\"tag\">Ev\u00e9nements<\/a> <\/span><span class=\"av-vertical-delimiter\"><\/span><\/header><div class='slide-entry-excerpt entry-content'  itemprop=\"text\" >\n\n\nStory \"Fred &amp; La Diagonale des fous\"\u00a0\ud83d\udda5\u00a0Episode 2\n\nCe samedi 1er mars, dans le cadre de sa pr\u00e9paration \u00e0 La Diagonale des fous, Fred a r\u00e9alis\u00e9 son 2\u00e8me trail\u00a0\u303d\ufe0f:\n\ud83d\udccdTrail du Petit Ballon, 56 Kms 2200 D+, en 8h34 \u23f1\u00a0!\n\n\n\"M\u00e9t\u00e9o\u2026<div class=\"read-more-link\"><a href=\"https:\/\/www.transports-coue.fr\/fr\/frederic-serre-a-realise-son-2eme-trail-pour-se-preparer-a-la-diagonale-des-fous\/\" class=\"more-link\">Lire la suite<span class='more-link-arrow avia-svg-icon avia-font-svg_entypo-fontello' data-av_svg_icon='right-open-big' data-av_iconset='svg_entypo-fontello'><svg version=\"1.1\" xmlns=\"http:\/\/www.w3.org\/2000\/svg\" width=\"15\" height=\"32\" viewBox=\"0 0 15 32\" preserveAspectRatio=\"xMidYMid meet\" role=\"graphics-symbol\" aria-hidden=\"true\">\n<path d=\"M0.416 27.84l11.456-11.84-11.456-11.904q-0.832-0.832 0-1.536 0.832-0.832 1.536 0l12.544 12.608q0.768 0.832 0 1.6l-12.544 12.608q-0.704 0.832-1.536 0-0.832-0.704 0-1.536z\"><\/path>\n<\/svg><\/span><\/a><\/div><\/div><\/div><footer class=\"entry-footer\"><div class=\"slide-meta\"><time class='slide-meta-time updated'  itemprop=\"datePublished\" datetime=\"2020-03-06T16:47:56+01:00\" >6 mars 2020<\/time><\/div><\/footer><span class='hidden'>\n\t\t\t\t<span class='av-structured-data'  itemprop=\"image\" itemscope=\"itemscope\" itemtype=\"https:\/\/schema.org\/ImageObject\" >\n\t\t\t\t\t\t<span itemprop='url'>https:\/\/www.transports-coue.fr\/wp-content\/uploads\/2020\/03\/2020-03-06-transports-coue-Fred-La-Diagonale-des-Fous-web-820x312-1.png<\/span>\n\t\t\t\t\t\t<span itemprop='height'>312<\/span>\n\t\t\t\t\t\t<span itemprop='width'>820<\/span>\n\t\t\t\t<\/span>\n\t\t\t\t<span class='av-structured-data'  itemprop=\"publisher\" itemtype=\"https:\/\/schema.org\/Organization\" itemscope=\"itemscope\" >\n\t\t\t\t\t\t<span itemprop='name'>Transports Cou\u00e9<\/span>\n\t\t\t\t\t\t<span itemprop='logo' itemscope itemtype='https:\/\/schema.org\/ImageObject'>\n\t\t\t\t\t\t\t<span itemprop='url'>https:\/\/www.transports-coue.fr\/wp-content\/uploads\/2018\/10\/Logo-transports-coue-300x119.png<\/span>\n\t\t\t\t\t\t<\/span>\n\t\t\t\t<\/span><span class='av-structured-data'  itemprop=\"author\" itemscope=\"itemscope\" itemtype=\"https:\/\/schema.org\/Person\" ><span itemprop='name'>Transports Cou\u00e9<\/span><\/span><span class='av-structured-data'  itemprop=\"datePublished\" datetime=\"2018-10-04T10:16:12+02:00\" >2020-03-06 16:47:56<\/span><span class='av-structured-data'  itemprop=\"dateModified\" itemtype=\"https:\/\/schema.org\/dateModified\" >2021-10-26 16:28:57<\/span><span class='av-structured-data'  itemprop=\"mainEntityOfPage\" itemtype=\"https:\/\/schema.org\/mainEntityOfPage\" ><span itemprop='name'>Fr\u00e9d\u00e9ric SERRE a r\u00e9alis\u00e9 son 2\u00e8me trail pour se pr\u00e9parer \u00e0 la Diagonale des Fous !<\/span><\/span><\/span><\/article><\/div><div class=\"slide-entry-wrap\"><article class='slide-entry flex_column  post-entry post-entry-3299 slide-entry-overview slide-loop-118 slide-parity-odd  av_one_third first real-thumbnail posttype-post post-format-standard'  itemscope=\"itemscope\" itemtype=\"https:\/\/schema.org\/CreativeWork\" ><a href='https:\/\/www.transports-coue.fr\/fr\/transports-coue-au-rdv-de-lemploi-a-laval\/' data-rel='slide-2' class='slide-image' title='Transports Cou\u00e9 au RDV de l&#8217;emploi \u00e0 Laval'><img decoding=\"async\" fetchpriority=\"high\" width=\"820\" height=\"312\" src=\"https:\/\/www.transports-coue.fr\/wp-content\/uploads\/2020\/03\/2020-03-03-transports-coue-rdv-de-lemploi-laval-web-820x312-1.png\" class=\"wp-image-3297 avia-img-lazy-loading-not-3297 attachment-no scaling size-no scaling wp-post-image\" alt=\"Transports Cou\u00e9 au RDV de l&#039;emploi 2020 \u00e0 Laval\" srcset=\"https:\/\/www.transports-coue.fr\/wp-content\/uploads\/2020\/03\/2020-03-03-transports-coue-rdv-de-lemploi-laval-web-820x312-1.png 820w, https:\/\/www.transports-coue.fr\/wp-content\/uploads\/2020\/03\/2020-03-03-transports-coue-rdv-de-lemploi-laval-web-820x312-1-300x114.png 300w, https:\/\/www.transports-coue.fr\/wp-content\/uploads\/2020\/03\/2020-03-03-transports-coue-rdv-de-lemploi-laval-web-820x312-1-80x30.png 80w, https:\/\/www.transports-coue.fr\/wp-content\/uploads\/2020\/03\/2020-03-03-transports-coue-rdv-de-lemploi-laval-web-820x312-1-768x292.png 768w, https:\/\/www.transports-coue.fr\/wp-content\/uploads\/2020\/03\/2020-03-03-transports-coue-rdv-de-lemploi-laval-web-820x312-1-705x268.png 705w\" sizes=\"(max-width: 820px) 100vw, 820px\" \/><\/a><div class=\"slide-content\"><header class=\"entry-content-header\" aria-label=\"Slide: Transports Cou\u00e9 au RDV de l&#039;emploi \u00e0 Laval\"><h3 class='slide-entry-title entry-title '  itemprop=\"headline\" ><a href='https:\/\/www.transports-coue.fr\/fr\/transports-coue-au-rdv-de-lemploi-a-laval\/' title='Transports Cou\u00e9 au RDV de l&#8217;emploi \u00e0 Laval'>Transports Cou\u00e9 au RDV de l&#8217;emploi \u00e0 Laval<\/a><\/h3><span class=\"blog-categories minor-meta\"><a href=\"https:\/\/www.transports-coue.fr\/fr\/category\/actualites\/\" rel=\"tag\">Actualit\u00e9s<\/a>, <a href=\"https:\/\/www.transports-coue.fr\/fr\/category\/actualites\/evenements\/\" rel=\"tag\">Ev\u00e9nements<\/a> <\/span><span class=\"av-vertical-delimiter\"><\/span><\/header><div class='slide-entry-excerpt entry-content'  itemprop=\"text\" >\"Le mercredi 25 mars, retrouvez-nous au RDV de l'emploi \u00e0 Laval de 9h \u00e0 17h !\" Sandy &amp; Harold, notre \u00e9quipe\ud83d\udc65 recrutement.\n\n\ud83d\udccdSalle polyvalente, Place de Herc\u00e9, \u00e0 Laval (53, Mayenne)\n\nToutes nos offres d'emploi sont disponibles\u2026<div class=\"read-more-link\"><a href=\"https:\/\/www.transports-coue.fr\/fr\/transports-coue-au-rdv-de-lemploi-a-laval\/\" class=\"more-link\">Lire la suite<span class='more-link-arrow avia-svg-icon avia-font-svg_entypo-fontello' data-av_svg_icon='right-open-big' data-av_iconset='svg_entypo-fontello'><svg version=\"1.1\" xmlns=\"http:\/\/www.w3.org\/2000\/svg\" width=\"15\" height=\"32\" viewBox=\"0 0 15 32\" preserveAspectRatio=\"xMidYMid meet\" role=\"graphics-symbol\" aria-hidden=\"true\">\n<path d=\"M0.416 27.84l11.456-11.84-11.456-11.904q-0.832-0.832 0-1.536 0.832-0.832 1.536 0l12.544 12.608q0.768 0.832 0 1.6l-12.544 12.608q-0.704 0.832-1.536 0-0.832-0.704 0-1.536z\"><\/path>\n<\/svg><\/span><\/a><\/div><\/div><\/div><footer class=\"entry-footer\"><div class=\"slide-meta\"><time class='slide-meta-time updated'  itemprop=\"datePublished\" datetime=\"2020-03-04T08:34:31+01:00\" >4 mars 2020<\/time><\/div><\/footer><span class='hidden'>\n\t\t\t\t<span class='av-structured-data'  itemprop=\"image\" itemscope=\"itemscope\" itemtype=\"https:\/\/schema.org\/ImageObject\" >\n\t\t\t\t\t\t<span itemprop='url'>https:\/\/www.transports-coue.fr\/wp-content\/uploads\/2020\/03\/2020-03-03-transports-coue-rdv-de-lemploi-laval-web-820x312-1.png<\/span>\n\t\t\t\t\t\t<span itemprop='height'>312<\/span>\n\t\t\t\t\t\t<span itemprop='width'>820<\/span>\n\t\t\t\t<\/span>\n\t\t\t\t<span class='av-structured-data'  itemprop=\"publisher\" itemtype=\"https:\/\/schema.org\/Organization\" itemscope=\"itemscope\" >\n\t\t\t\t\t\t<span itemprop='name'>Transports Cou\u00e9<\/span>\n\t\t\t\t\t\t<span itemprop='logo' itemscope itemtype='https:\/\/schema.org\/ImageObject'>\n\t\t\t\t\t\t\t<span itemprop='url'>https:\/\/www.transports-coue.fr\/wp-content\/uploads\/2018\/10\/Logo-transports-coue-300x119.png<\/span>\n\t\t\t\t\t\t<\/span>\n\t\t\t\t<\/span><span class='av-structured-data'  itemprop=\"author\" itemscope=\"itemscope\" itemtype=\"https:\/\/schema.org\/Person\" ><span itemprop='name'>Transports Cou\u00e9<\/span><\/span><span class='av-structured-data'  itemprop=\"datePublished\" datetime=\"2018-10-04T10:16:12+02:00\" >2020-03-04 08:34:31<\/span><span class='av-structured-data'  itemprop=\"dateModified\" itemtype=\"https:\/\/schema.org\/dateModified\" >2021-05-21 17:01:53<\/span><span class='av-structured-data'  itemprop=\"mainEntityOfPage\" itemtype=\"https:\/\/schema.org\/mainEntityOfPage\" ><span itemprop='name'>Transports Cou\u00e9 au RDV de l&#8217;emploi \u00e0 Laval<\/span><\/span><\/span><\/article><article class='slide-entry flex_column  post-entry post-entry-3288 slide-entry-overview slide-loop-119 slide-parity-even  av_one_third  real-thumbnail posttype-post post-format-standard'  itemscope=\"itemscope\" itemtype=\"https:\/\/schema.org\/CreativeWork\" ><a href='https:\/\/www.transports-coue.fr\/fr\/exercices-incendies-avec-les-pompiers-de-laval-dans-notre-entrepot-classe-icpe\/' data-rel='slide-2' class='slide-image' title='Exercices incendies avec les pompiers de Laval dans notre entrep\u00f4t class\u00e9 ICPE'><img decoding=\"async\" fetchpriority=\"high\" width=\"820\" height=\"312\" src=\"https:\/\/www.transports-coue.fr\/wp-content\/uploads\/2020\/02\/2020-02-17-transports-coue-Fred-La-Diagonale-des-Fous-web-820x312-1.jpg\" class=\"wp-image-3286 avia-img-lazy-loading-not-3286 attachment-no scaling size-no scaling wp-post-image\" alt=\"Transports Cou\u00e9 exercices incendie entreprot ICPE\" srcset=\"https:\/\/www.transports-coue.fr\/wp-content\/uploads\/2020\/02\/2020-02-17-transports-coue-Fred-La-Diagonale-des-Fous-web-820x312-1.jpg 820w, https:\/\/www.transports-coue.fr\/wp-content\/uploads\/2020\/02\/2020-02-17-transports-coue-Fred-La-Diagonale-des-Fous-web-820x312-1-300x114.jpg 300w, https:\/\/www.transports-coue.fr\/wp-content\/uploads\/2020\/02\/2020-02-17-transports-coue-Fred-La-Diagonale-des-Fous-web-820x312-1-80x30.jpg 80w, https:\/\/www.transports-coue.fr\/wp-content\/uploads\/2020\/02\/2020-02-17-transports-coue-Fred-La-Diagonale-des-Fous-web-820x312-1-768x292.jpg 768w, https:\/\/www.transports-coue.fr\/wp-content\/uploads\/2020\/02\/2020-02-17-transports-coue-Fred-La-Diagonale-des-Fous-web-820x312-1-705x268.jpg 705w\" sizes=\"(max-width: 820px) 100vw, 820px\" \/><\/a><div class=\"slide-content\"><header class=\"entry-content-header\" aria-label=\"Slide: Exercices incendies avec les pompiers de Laval dans notre entrep\u00f4t class\u00e9 ICPE\"><h3 class='slide-entry-title entry-title '  itemprop=\"headline\" ><a href='https:\/\/www.transports-coue.fr\/fr\/exercices-incendies-avec-les-pompiers-de-laval-dans-notre-entrepot-classe-icpe\/' title='Exercices incendies avec les pompiers de Laval dans notre entrep\u00f4t class\u00e9 ICPE'>Exercices incendies avec les pompiers de Laval dans notre entrep\u00f4t class\u00e9 ICPE<\/a><\/h3><span class=\"blog-categories minor-meta\"><a href=\"https:\/\/www.transports-coue.fr\/fr\/category\/actualites\/\" rel=\"tag\">Actualit\u00e9s<\/a>, <a href=\"https:\/\/www.transports-coue.fr\/fr\/category\/actualites\/developpement\/developpement-logistique\/\" rel=\"tag\">D\u00e9veloppement Logistique<\/a>, <a href=\"https:\/\/www.transports-coue.fr\/fr\/category\/actualites\/evenements\/\" rel=\"tag\">Ev\u00e9nements<\/a> <\/span><span class=\"av-vertical-delimiter\"><\/span><\/header><div class='slide-entry-excerpt entry-content'  itemprop=\"text\" >Ce mardi 28 janvier, l'objectif de l'intervention des pompiers de Laval \u00e9tait double :\n\u2611\ufe0f\u00a0Mise en pratique de notre strat\u00e9gie de lutte contre l'incendie\n\u2611\ufe0f\u00a0Mise en place d'une organisation commune avec nos \u00e9quipes respectives la\u2026<div class=\"read-more-link\"><a href=\"https:\/\/www.transports-coue.fr\/fr\/exercices-incendies-avec-les-pompiers-de-laval-dans-notre-entrepot-classe-icpe\/\" class=\"more-link\">Lire la suite<span class='more-link-arrow avia-svg-icon avia-font-svg_entypo-fontello' data-av_svg_icon='right-open-big' data-av_iconset='svg_entypo-fontello'><svg version=\"1.1\" xmlns=\"http:\/\/www.w3.org\/2000\/svg\" width=\"15\" height=\"32\" viewBox=\"0 0 15 32\" preserveAspectRatio=\"xMidYMid meet\" role=\"graphics-symbol\" aria-hidden=\"true\">\n<path d=\"M0.416 27.84l11.456-11.84-11.456-11.904q-0.832-0.832 0-1.536 0.832-0.832 1.536 0l12.544 12.608q0.768 0.832 0 1.6l-12.544 12.608q-0.704 0.832-1.536 0-0.832-0.704 0-1.536z\"><\/path>\n<\/svg><\/span><\/a><\/div><\/div><\/div><footer class=\"entry-footer\"><div class=\"slide-meta\"><time class='slide-meta-time updated'  itemprop=\"datePublished\" datetime=\"2020-02-17T14:44:17+01:00\" >17 f\u00e9vrier 2020<\/time><\/div><\/footer><span class='hidden'>\n\t\t\t\t<span class='av-structured-data'  itemprop=\"image\" itemscope=\"itemscope\" itemtype=\"https:\/\/schema.org\/ImageObject\" >\n\t\t\t\t\t\t<span itemprop='url'>https:\/\/www.transports-coue.fr\/wp-content\/uploads\/2020\/02\/2020-02-17-transports-coue-Fred-La-Diagonale-des-Fous-web-820x312-1.jpg<\/span>\n\t\t\t\t\t\t<span itemprop='height'>312<\/span>\n\t\t\t\t\t\t<span itemprop='width'>820<\/span>\n\t\t\t\t<\/span>\n\t\t\t\t<span class='av-structured-data'  itemprop=\"publisher\" itemtype=\"https:\/\/schema.org\/Organization\" itemscope=\"itemscope\" >\n\t\t\t\t\t\t<span itemprop='name'>Transports Cou\u00e9<\/span>\n\t\t\t\t\t\t<span itemprop='logo' itemscope itemtype='https:\/\/schema.org\/ImageObject'>\n\t\t\t\t\t\t\t<span itemprop='url'>https:\/\/www.transports-coue.fr\/wp-content\/uploads\/2018\/10\/Logo-transports-coue-300x119.png<\/span>\n\t\t\t\t\t\t<\/span>\n\t\t\t\t<\/span><span class='av-structured-data'  itemprop=\"author\" itemscope=\"itemscope\" itemtype=\"https:\/\/schema.org\/Person\" ><span itemprop='name'>Transports Cou\u00e9<\/span><\/span><span class='av-structured-data'  itemprop=\"datePublished\" datetime=\"2018-10-04T10:16:12+02:00\" >2020-02-17 14:44:17<\/span><span class='av-structured-data'  itemprop=\"dateModified\" itemtype=\"https:\/\/schema.org\/dateModified\" >2021-05-21 17:02:55<\/span><span class='av-structured-data'  itemprop=\"mainEntityOfPage\" itemtype=\"https:\/\/schema.org\/mainEntityOfPage\" ><span itemprop='name'>Exercices incendies avec les pompiers de Laval dans notre entrep\u00f4t class\u00e9 ICPE<\/span><\/span><\/span><\/article><article class='slide-entry flex_column  post-entry post-entry-3273 slide-entry-overview slide-loop-120 slide-parity-odd  av_one_third  real-thumbnail posttype-post post-format-standard'  itemscope=\"itemscope\" itemtype=\"https:\/\/schema.org\/CreativeWork\" ><a href='https:\/\/www.transports-coue.fr\/fr\/responsable-transports-coue-a-balgau-frederic-serre-se-prepare-pour-la-diagonale-des-fous\/' data-rel='slide-2' class='slide-image' title='Fr\u00e9d\u00e9ric SERRE, Responsable agence Transports Cou\u00e9 \u00e0 Balgau (68),  se pr\u00e9pare pour la Diagonale des Fous !'><img decoding=\"async\" fetchpriority=\"high\" width=\"820\" height=\"312\" src=\"https:\/\/www.transports-coue.fr\/wp-content\/uploads\/2020\/02\/2020-02-05-transports-coue-Fred-La-Diagonale-des-Fous-web-820x312-2.jpg\" class=\"wp-image-3278 avia-img-lazy-loading-not-3278 attachment-no scaling size-no scaling wp-post-image\" alt=\"Frederic Serre Responsable agence Transports Cou\u00e9 \u00e0 Balgau se pr\u00e9pare pour faire la diagonale des Fous\" srcset=\"https:\/\/www.transports-coue.fr\/wp-content\/uploads\/2020\/02\/2020-02-05-transports-coue-Fred-La-Diagonale-des-Fous-web-820x312-2.jpg 820w, https:\/\/www.transports-coue.fr\/wp-content\/uploads\/2020\/02\/2020-02-05-transports-coue-Fred-La-Diagonale-des-Fous-web-820x312-2-300x114.jpg 300w, https:\/\/www.transports-coue.fr\/wp-content\/uploads\/2020\/02\/2020-02-05-transports-coue-Fred-La-Diagonale-des-Fous-web-820x312-2-80x30.jpg 80w, https:\/\/www.transports-coue.fr\/wp-content\/uploads\/2020\/02\/2020-02-05-transports-coue-Fred-La-Diagonale-des-Fous-web-820x312-2-768x292.jpg 768w, https:\/\/www.transports-coue.fr\/wp-content\/uploads\/2020\/02\/2020-02-05-transports-coue-Fred-La-Diagonale-des-Fous-web-820x312-2-705x268.jpg 705w\" sizes=\"(max-width: 820px) 100vw, 820px\" \/><\/a><div class=\"slide-content\"><header class=\"entry-content-header\" aria-label=\"Slide: Fr\u00e9d\u00e9ric SERRE, Responsable agence Transports Cou\u00e9 \u00e0 Balgau (68),  se pr\u00e9pare pour la Diagonale des Fous !\"><h3 class='slide-entry-title entry-title '  itemprop=\"headline\" ><a href='https:\/\/www.transports-coue.fr\/fr\/responsable-transports-coue-a-balgau-frederic-serre-se-prepare-pour-la-diagonale-des-fous\/' title='Fr\u00e9d\u00e9ric SERRE, Responsable agence Transports Cou\u00e9 \u00e0 Balgau (68),  se pr\u00e9pare pour la Diagonale des Fous !'>Fr\u00e9d\u00e9ric SERRE, Responsable agence Transports Cou\u00e9 \u00e0 Balgau (68),  se pr\u00e9pare pour la Diagonale des Fous !<\/a><\/h3><span class=\"blog-categories minor-meta\"><a href=\"https:\/\/www.transports-coue.fr\/fr\/category\/actualites\/\" rel=\"tag\">Actualit\u00e9s<\/a>, <a href=\"https:\/\/www.transports-coue.fr\/fr\/category\/actualites\/evenements\/\" rel=\"tag\">Ev\u00e9nements<\/a> <\/span><span class=\"av-vertical-delimiter\"><\/span><\/header><div class='slide-entry-excerpt entry-content'  itemprop=\"text\" >\"J'ai toujours \u00e9t\u00e9 fascin\u00e9 par la nature, et surtout la montagne \ud83c\udfd4 et les sommets\" Fr\u00e9d\u00e9ric Serre, Responsable de notre agence \u00e0 Balgau (68).\n\nC\u2019est donc tout naturellement que depuis une 10\u00e8ne d\u2019ann\u00e9e, Fred a commenc\u00e9 \u00e0 pratiquer\u2026<div class=\"read-more-link\"><a href=\"https:\/\/www.transports-coue.fr\/fr\/responsable-transports-coue-a-balgau-frederic-serre-se-prepare-pour-la-diagonale-des-fous\/\" class=\"more-link\">Lire la suite<span class='more-link-arrow avia-svg-icon avia-font-svg_entypo-fontello' data-av_svg_icon='right-open-big' data-av_iconset='svg_entypo-fontello'><svg version=\"1.1\" xmlns=\"http:\/\/www.w3.org\/2000\/svg\" width=\"15\" height=\"32\" viewBox=\"0 0 15 32\" preserveAspectRatio=\"xMidYMid meet\" role=\"graphics-symbol\" aria-hidden=\"true\">\n<path d=\"M0.416 27.84l11.456-11.84-11.456-11.904q-0.832-0.832 0-1.536 0.832-0.832 1.536 0l12.544 12.608q0.768 0.832 0 1.6l-12.544 12.608q-0.704 0.832-1.536 0-0.832-0.704 0-1.536z\"><\/path>\n<\/svg><\/span><\/a><\/div><\/div><\/div><footer class=\"entry-footer\"><div class=\"slide-meta\"><time class='slide-meta-time updated'  itemprop=\"datePublished\" datetime=\"2020-02-10T10:20:44+01:00\" >10 f\u00e9vrier 2020<\/time><\/div><\/footer><span class='hidden'>\n\t\t\t\t<span class='av-structured-data'  itemprop=\"image\" itemscope=\"itemscope\" itemtype=\"https:\/\/schema.org\/ImageObject\" >\n\t\t\t\t\t\t<span itemprop='url'>https:\/\/www.transports-coue.fr\/wp-content\/uploads\/2020\/02\/2020-02-05-transports-coue-Fred-La-Diagonale-des-Fous-web-820x312-2.jpg<\/span>\n\t\t\t\t\t\t<span itemprop='height'>312<\/span>\n\t\t\t\t\t\t<span itemprop='width'>820<\/span>\n\t\t\t\t<\/span>\n\t\t\t\t<span class='av-structured-data'  itemprop=\"publisher\" itemtype=\"https:\/\/schema.org\/Organization\" itemscope=\"itemscope\" >\n\t\t\t\t\t\t<span itemprop='name'>Transports Cou\u00e9<\/span>\n\t\t\t\t\t\t<span itemprop='logo' itemscope itemtype='https:\/\/schema.org\/ImageObject'>\n\t\t\t\t\t\t\t<span itemprop='url'>https:\/\/www.transports-coue.fr\/wp-content\/uploads\/2018\/10\/Logo-transports-coue-300x119.png<\/span>\n\t\t\t\t\t\t<\/span>\n\t\t\t\t<\/span><span class='av-structured-data'  itemprop=\"author\" itemscope=\"itemscope\" itemtype=\"https:\/\/schema.org\/Person\" ><span itemprop='name'>Transports Cou\u00e9<\/span><\/span><span class='av-structured-data'  itemprop=\"datePublished\" datetime=\"2018-10-04T10:16:12+02:00\" >2020-02-10 10:20:44<\/span><span class='av-structured-data'  itemprop=\"dateModified\" itemtype=\"https:\/\/schema.org\/dateModified\" >2021-05-21 17:06:07<\/span><span class='av-structured-data'  itemprop=\"mainEntityOfPage\" itemtype=\"https:\/\/schema.org\/mainEntityOfPage\" ><span itemprop='name'>Fr\u00e9d\u00e9ric SERRE, Responsable agence Transports Cou\u00e9 \u00e0 Balgau (68),  se pr\u00e9pare pour la Diagonale des Fous !<\/span><\/span><\/span><\/article><\/div><div class=\"slide-entry-wrap\"><article class='slide-entry flex_column  post-entry post-entry-3223 slide-entry-overview slide-loop-121 slide-parity-odd  av_one_third first real-thumbnail posttype-post post-format-standard'  itemscope=\"itemscope\" itemtype=\"https:\/\/schema.org\/CreativeWork\" ><a href='https:\/\/www.transports-coue.fr\/fr\/transports-coue-au-salon-sitl-2020\/' data-rel='slide-2' class='slide-image' title='Transports Cou\u00e9 au Salon SITL 2020'><img decoding=\"async\" fetchpriority=\"high\" width=\"820\" height=\"312\" src=\"https:\/\/www.transports-coue.fr\/wp-content\/uploads\/2020\/01\/transports-coue-salon-sitlt-paris-2020-web.png\" class=\"wp-image-3222 avia-img-lazy-loading-not-3222 attachment-no scaling size-no scaling wp-post-image\" alt=\"Transports Cou\u00e9 au Salon SITL 2020\" srcset=\"https:\/\/www.transports-coue.fr\/wp-content\/uploads\/2020\/01\/transports-coue-salon-sitlt-paris-2020-web.png 820w, https:\/\/www.transports-coue.fr\/wp-content\/uploads\/2020\/01\/transports-coue-salon-sitlt-paris-2020-web-300x114.png 300w, https:\/\/www.transports-coue.fr\/wp-content\/uploads\/2020\/01\/transports-coue-salon-sitlt-paris-2020-web-80x30.png 80w, https:\/\/www.transports-coue.fr\/wp-content\/uploads\/2020\/01\/transports-coue-salon-sitlt-paris-2020-web-768x292.png 768w, https:\/\/www.transports-coue.fr\/wp-content\/uploads\/2020\/01\/transports-coue-salon-sitlt-paris-2020-web-705x268.png 705w\" sizes=\"(max-width: 820px) 100vw, 820px\" \/><\/a><div class=\"slide-content\"><header class=\"entry-content-header\" aria-label=\"Slide: Transports Cou\u00e9 au Salon SITL 2020\"><h3 class='slide-entry-title entry-title '  itemprop=\"headline\" ><a href='https:\/\/www.transports-coue.fr\/fr\/transports-coue-au-salon-sitl-2020\/' title='Transports Cou\u00e9 au Salon SITL 2020'>Transports Cou\u00e9 au Salon SITL 2020<\/a><\/h3><span class=\"blog-categories minor-meta\"><a href=\"https:\/\/www.transports-coue.fr\/fr\/category\/actualites\/\" rel=\"tag\">Actualit\u00e9s<\/a>, <a href=\"https:\/\/www.transports-coue.fr\/fr\/category\/actualites\/evenements\/\" rel=\"tag\">Ev\u00e9nements<\/a>, <a href=\"https:\/\/www.transports-coue.fr\/fr\/category\/actualites\/evenements\/evenements-logistique\/\" rel=\"tag\">Ev\u00e9nements Logistique<\/a> <\/span><span class=\"av-vertical-delimiter\"><\/span><\/header><div class='slide-entry-excerpt entry-content'  itemprop=\"text\" >Retrouvons-nous au SITL du 17 au 20 mars 2020 !\nSalon de l'Industrie du Transport et de la Logistique\n\ud83d\udcccParc des Expositions Paris Nord Villepinte\n\ud83d\udcccHall 6 Stand E012 - Village Mati\u00e8res Dangereuses \u2757\ufe0f\n\nVous avez un projet logistique,\u2026<div class=\"read-more-link\"><a href=\"https:\/\/www.transports-coue.fr\/fr\/transports-coue-au-salon-sitl-2020\/\" class=\"more-link\">Lire la suite<span class='more-link-arrow avia-svg-icon avia-font-svg_entypo-fontello' data-av_svg_icon='right-open-big' data-av_iconset='svg_entypo-fontello'><svg version=\"1.1\" xmlns=\"http:\/\/www.w3.org\/2000\/svg\" width=\"15\" height=\"32\" viewBox=\"0 0 15 32\" preserveAspectRatio=\"xMidYMid meet\" role=\"graphics-symbol\" aria-hidden=\"true\">\n<path d=\"M0.416 27.84l11.456-11.84-11.456-11.904q-0.832-0.832 0-1.536 0.832-0.832 1.536 0l12.544 12.608q0.768 0.832 0 1.6l-12.544 12.608q-0.704 0.832-1.536 0-0.832-0.704 0-1.536z\"><\/path>\n<\/svg><\/span><\/a><\/div><\/div><\/div><footer class=\"entry-footer\"><div class=\"slide-meta\"><time class='slide-meta-time updated'  itemprop=\"datePublished\" datetime=\"2020-01-23T15:08:17+01:00\" >23 janvier 2020<\/time><\/div><\/footer><span class='hidden'>\n\t\t\t\t<span class='av-structured-data'  itemprop=\"image\" itemscope=\"itemscope\" itemtype=\"https:\/\/schema.org\/ImageObject\" >\n\t\t\t\t\t\t<span itemprop='url'>https:\/\/www.transports-coue.fr\/wp-content\/uploads\/2020\/01\/transports-coue-salon-sitlt-paris-2020-web.png<\/span>\n\t\t\t\t\t\t<span itemprop='height'>312<\/span>\n\t\t\t\t\t\t<span itemprop='width'>820<\/span>\n\t\t\t\t<\/span>\n\t\t\t\t<span class='av-structured-data'  itemprop=\"publisher\" itemtype=\"https:\/\/schema.org\/Organization\" itemscope=\"itemscope\" >\n\t\t\t\t\t\t<span itemprop='name'>Transports Cou\u00e9<\/span>\n\t\t\t\t\t\t<span itemprop='logo' itemscope itemtype='https:\/\/schema.org\/ImageObject'>\n\t\t\t\t\t\t\t<span itemprop='url'>https:\/\/www.transports-coue.fr\/wp-content\/uploads\/2018\/10\/Logo-transports-coue-300x119.png<\/span>\n\t\t\t\t\t\t<\/span>\n\t\t\t\t<\/span><span class='av-structured-data'  itemprop=\"author\" itemscope=\"itemscope\" itemtype=\"https:\/\/schema.org\/Person\" ><span itemprop='name'>Transports Cou\u00e9<\/span><\/span><span class='av-structured-data'  itemprop=\"datePublished\" datetime=\"2018-10-04T10:16:12+02:00\" >2020-01-23 15:08:17<\/span><span class='av-structured-data'  itemprop=\"dateModified\" itemtype=\"https:\/\/schema.org\/dateModified\" >2021-03-11 10:35:48<\/span><span class='av-structured-data'  itemprop=\"mainEntityOfPage\" itemtype=\"https:\/\/schema.org\/mainEntityOfPage\" ><span itemprop='name'>Transports Cou\u00e9 au Salon SITL 2020<\/span><\/span><\/span><\/article><article class='slide-entry flex_column  post-entry post-entry-3187 slide-entry-overview slide-loop-122 slide-parity-even  av_one_third  real-thumbnail posttype-post post-format-standard'  itemscope=\"itemscope\" itemtype=\"https:\/\/schema.org\/CreativeWork\" ><a href='https:\/\/www.transports-coue.fr\/fr\/notre-repas-des-voeux-10-janvier-2020\/' data-rel='slide-2' class='slide-image' title='Notre repas des v\u0153ux 10 janvier 2020'><img decoding=\"async\" fetchpriority=\"high\" width=\"820\" height=\"312\" src=\"https:\/\/www.transports-coue.fr\/wp-content\/uploads\/2020\/01\/transports-coue-repas-voeux-2020-web.jpg\" class=\"wp-image-3189 avia-img-lazy-loading-not-3189 attachment-no scaling size-no scaling wp-post-image\" alt=\"Transports Cou\u00e9 repas v\u0153ux 2020\" srcset=\"https:\/\/www.transports-coue.fr\/wp-content\/uploads\/2020\/01\/transports-coue-repas-voeux-2020-web.jpg 820w, https:\/\/www.transports-coue.fr\/wp-content\/uploads\/2020\/01\/transports-coue-repas-voeux-2020-web-300x114.jpg 300w, https:\/\/www.transports-coue.fr\/wp-content\/uploads\/2020\/01\/transports-coue-repas-voeux-2020-web-80x30.jpg 80w, https:\/\/www.transports-coue.fr\/wp-content\/uploads\/2020\/01\/transports-coue-repas-voeux-2020-web-768x292.jpg 768w, https:\/\/www.transports-coue.fr\/wp-content\/uploads\/2020\/01\/transports-coue-repas-voeux-2020-web-705x268.jpg 705w\" sizes=\"(max-width: 820px) 100vw, 820px\" \/><\/a><div class=\"slide-content\"><header class=\"entry-content-header\" aria-label=\"Slide: Notre repas des v\u0153ux 10 janvier 2020\"><h3 class='slide-entry-title entry-title '  itemprop=\"headline\" ><a href='https:\/\/www.transports-coue.fr\/fr\/notre-repas-des-voeux-10-janvier-2020\/' title='Notre repas des v\u0153ux 10 janvier 2020'>Notre repas des v\u0153ux 10 janvier 2020<\/a><\/h3><span class=\"blog-categories minor-meta\"><a href=\"https:\/\/www.transports-coue.fr\/fr\/category\/actualites\/\" rel=\"tag\">Actualit\u00e9s<\/a>, <a href=\"https:\/\/www.transports-coue.fr\/fr\/category\/actualites\/evenements\/\" rel=\"tag\">Ev\u00e9nements<\/a> <\/span><span class=\"av-vertical-delimiter\"><\/span><\/header><div class='slide-entry-excerpt entry-content'  itemprop=\"text\" >Ce 10 janvier, Fran\u00e7ois Cou\u00e9 a profit\u00e9 des v\u0153ux pour remercier toute son \u00e9quipe du travail accompli en 2019 sur les traces de ce que son p\u00e8re a construit. Un bel hommage qui laisse profiler une ann\u00e9e 2020 encore avec de belles perspectives\u2026\n\n#transportscoue\u2026<div class=\"read-more-link\"><a href=\"https:\/\/www.transports-coue.fr\/fr\/notre-repas-des-voeux-10-janvier-2020\/\" class=\"more-link\">Lire la suite<span class='more-link-arrow avia-svg-icon avia-font-svg_entypo-fontello' data-av_svg_icon='right-open-big' data-av_iconset='svg_entypo-fontello'><svg version=\"1.1\" xmlns=\"http:\/\/www.w3.org\/2000\/svg\" width=\"15\" height=\"32\" viewBox=\"0 0 15 32\" preserveAspectRatio=\"xMidYMid meet\" role=\"graphics-symbol\" aria-hidden=\"true\">\n<path d=\"M0.416 27.84l11.456-11.84-11.456-11.904q-0.832-0.832 0-1.536 0.832-0.832 1.536 0l12.544 12.608q0.768 0.832 0 1.6l-12.544 12.608q-0.704 0.832-1.536 0-0.832-0.704 0-1.536z\"><\/path>\n<\/svg><\/span><\/a><\/div><\/div><\/div><footer class=\"entry-footer\"><div class=\"slide-meta\"><time class='slide-meta-time updated'  itemprop=\"datePublished\" datetime=\"2020-01-23T09:07:10+01:00\" >23 janvier 2020<\/time><\/div><\/footer><span class='hidden'>\n\t\t\t\t<span class='av-structured-data'  itemprop=\"image\" itemscope=\"itemscope\" itemtype=\"https:\/\/schema.org\/ImageObject\" >\n\t\t\t\t\t\t<span itemprop='url'>https:\/\/www.transports-coue.fr\/wp-content\/uploads\/2020\/01\/transports-coue-repas-voeux-2020-web.jpg<\/span>\n\t\t\t\t\t\t<span itemprop='height'>312<\/span>\n\t\t\t\t\t\t<span itemprop='width'>820<\/span>\n\t\t\t\t<\/span>\n\t\t\t\t<span class='av-structured-data'  itemprop=\"publisher\" itemtype=\"https:\/\/schema.org\/Organization\" itemscope=\"itemscope\" >\n\t\t\t\t\t\t<span itemprop='name'>Transports Cou\u00e9<\/span>\n\t\t\t\t\t\t<span itemprop='logo' itemscope itemtype='https:\/\/schema.org\/ImageObject'>\n\t\t\t\t\t\t\t<span itemprop='url'>https:\/\/www.transports-coue.fr\/wp-content\/uploads\/2018\/10\/Logo-transports-coue-300x119.png<\/span>\n\t\t\t\t\t\t<\/span>\n\t\t\t\t<\/span><span class='av-structured-data'  itemprop=\"author\" itemscope=\"itemscope\" itemtype=\"https:\/\/schema.org\/Person\" ><span itemprop='name'>Transports Cou\u00e9<\/span><\/span><span class='av-structured-data'  itemprop=\"datePublished\" datetime=\"2018-10-04T10:16:12+02:00\" >2020-01-23 09:07:10<\/span><span class='av-structured-data'  itemprop=\"dateModified\" itemtype=\"https:\/\/schema.org\/dateModified\" >2021-03-30 15:12:05<\/span><span class='av-structured-data'  itemprop=\"mainEntityOfPage\" itemtype=\"https:\/\/schema.org\/mainEntityOfPage\" ><span itemprop='name'>Notre repas des v\u0153ux 10 janvier 2020<\/span><\/span><\/span><\/article><article class='slide-entry flex_column  post-entry post-entry-3101 slide-entry-overview slide-loop-123 slide-parity-odd  av_one_third  real-thumbnail posttype-post post-format-standard'  itemscope=\"itemscope\" itemtype=\"https:\/\/schema.org\/CreativeWork\" ><a href='https:\/\/www.transports-coue.fr\/fr\/transports-coue-vous-souhaite-une-excellente-annee-2020\/' data-rel='slide-2' class='slide-image' title='Transports Cou\u00e9 vous souhaitent une Excellente ann\u00e9e 2020 !'><img decoding=\"async\" fetchpriority=\"high\" width=\"820\" height=\"312\" src=\"https:\/\/www.transports-coue.fr\/wp-content\/uploads\/2020\/01\/2019-transports-coue-bandeau-signature-voeux-v2.png\" class=\"wp-image-3098 avia-img-lazy-loading-not-3098 attachment-no scaling size-no scaling wp-post-image\" alt=\"Tr\u00e8s belle ann\u00e9e 2020\" srcset=\"https:\/\/www.transports-coue.fr\/wp-content\/uploads\/2020\/01\/2019-transports-coue-bandeau-signature-voeux-v2.png 820w, https:\/\/www.transports-coue.fr\/wp-content\/uploads\/2020\/01\/2019-transports-coue-bandeau-signature-voeux-v2-300x114.png 300w, https:\/\/www.transports-coue.fr\/wp-content\/uploads\/2020\/01\/2019-transports-coue-bandeau-signature-voeux-v2-80x30.png 80w, https:\/\/www.transports-coue.fr\/wp-content\/uploads\/2020\/01\/2019-transports-coue-bandeau-signature-voeux-v2-768x292.png 768w, https:\/\/www.transports-coue.fr\/wp-content\/uploads\/2020\/01\/2019-transports-coue-bandeau-signature-voeux-v2-705x268.png 705w\" sizes=\"(max-width: 820px) 100vw, 820px\" \/><\/a><div class=\"slide-content\"><header class=\"entry-content-header\" aria-label=\"Slide: Transports Cou\u00e9 vous souhaitent une Excellente ann\u00e9e 2020 !\"><h3 class='slide-entry-title entry-title '  itemprop=\"headline\" ><a href='https:\/\/www.transports-coue.fr\/fr\/transports-coue-vous-souhaite-une-excellente-annee-2020\/' title='Transports Cou\u00e9 vous souhaitent une Excellente ann\u00e9e 2020 !'>Transports Cou\u00e9 vous souhaitent une Excellente ann\u00e9e 2020 !<\/a><\/h3><span class=\"blog-categories minor-meta\"><a href=\"https:\/\/www.transports-coue.fr\/fr\/category\/actualites\/\" rel=\"tag\">Actualit\u00e9s<\/a>, <a href=\"https:\/\/www.transports-coue.fr\/fr\/category\/actualites\/evenements\/\" rel=\"tag\">Ev\u00e9nements<\/a> <\/span><span class=\"av-vertical-delimiter\"><\/span><\/header><div class='slide-entry-excerpt entry-content'  itemprop=\"text\" >Tous nos meilleurs V\u0152UX pour l'ann\u00e9e \ud83c\udf1f2020\ud83c\udf1f\nQu'elle soit riche de bonheur, sant\u00e9, r\u00e9ussite\u2026 pour vous et vos proches !\nRetrouvez toutes nos actualit\u00e9s au long de l'ann\u00e9e sur notre site internet : https:\/\/www.transports-coue.fr\u2026<div class=\"read-more-link\"><a href=\"https:\/\/www.transports-coue.fr\/fr\/transports-coue-vous-souhaite-une-excellente-annee-2020\/\" class=\"more-link\">Lire la suite<span class='more-link-arrow avia-svg-icon avia-font-svg_entypo-fontello' data-av_svg_icon='right-open-big' data-av_iconset='svg_entypo-fontello'><svg version=\"1.1\" xmlns=\"http:\/\/www.w3.org\/2000\/svg\" width=\"15\" height=\"32\" viewBox=\"0 0 15 32\" preserveAspectRatio=\"xMidYMid meet\" role=\"graphics-symbol\" aria-hidden=\"true\">\n<path d=\"M0.416 27.84l11.456-11.84-11.456-11.904q-0.832-0.832 0-1.536 0.832-0.832 1.536 0l12.544 12.608q0.768 0.832 0 1.6l-12.544 12.608q-0.704 0.832-1.536 0-0.832-0.704 0-1.536z\"><\/path>\n<\/svg><\/span><\/a><\/div><\/div><\/div><footer class=\"entry-footer\"><div class=\"slide-meta\"><time class='slide-meta-time updated'  itemprop=\"datePublished\" datetime=\"2020-01-02T11:01:22+01:00\" >2 janvier 2020<\/time><\/div><\/footer><span class='hidden'>\n\t\t\t\t<span class='av-structured-data'  itemprop=\"image\" itemscope=\"itemscope\" itemtype=\"https:\/\/schema.org\/ImageObject\" >\n\t\t\t\t\t\t<span itemprop='url'>https:\/\/www.transports-coue.fr\/wp-content\/uploads\/2020\/01\/2019-transports-coue-bandeau-signature-voeux-v2.png<\/span>\n\t\t\t\t\t\t<span itemprop='height'>312<\/span>\n\t\t\t\t\t\t<span itemprop='width'>820<\/span>\n\t\t\t\t<\/span>\n\t\t\t\t<span class='av-structured-data'  itemprop=\"publisher\" itemtype=\"https:\/\/schema.org\/Organization\" itemscope=\"itemscope\" >\n\t\t\t\t\t\t<span itemprop='name'>Transports Cou\u00e9<\/span>\n\t\t\t\t\t\t<span itemprop='logo' itemscope itemtype='https:\/\/schema.org\/ImageObject'>\n\t\t\t\t\t\t\t<span itemprop='url'>https:\/\/www.transports-coue.fr\/wp-content\/uploads\/2018\/10\/Logo-transports-coue-300x119.png<\/span>\n\t\t\t\t\t\t<\/span>\n\t\t\t\t<\/span><span class='av-structured-data'  itemprop=\"author\" itemscope=\"itemscope\" itemtype=\"https:\/\/schema.org\/Person\" ><span itemprop='name'>Transports Cou\u00e9<\/span><\/span><span class='av-structured-data'  itemprop=\"datePublished\" datetime=\"2018-10-04T10:16:12+02:00\" >2020-01-02 11:01:22<\/span><span class='av-structured-data'  itemprop=\"dateModified\" itemtype=\"https:\/\/schema.org\/dateModified\" >2021-05-21 17:07:52<\/span><span class='av-structured-data'  itemprop=\"mainEntityOfPage\" itemtype=\"https:\/\/schema.org\/mainEntityOfPage\" ><span itemprop='name'>Transports Cou\u00e9 vous souhaitent une Excellente ann\u00e9e 2020 !<\/span><\/span><\/span><\/article><\/div><div class=\"slide-entry-wrap\"><article class='slide-entry flex_column  post-entry post-entry-3065 slide-entry-overview slide-loop-124 slide-parity-odd  av_one_third first real-thumbnail posttype-post post-format-standard'  itemscope=\"itemscope\" itemtype=\"https:\/\/schema.org\/CreativeWork\" ><a href='https:\/\/www.transports-coue.fr\/fr\/transports-coue-a-remis-une-remorque-tautliner-aux-lyceens-bac-pro-conducteur-transport-routier-a-mayenne\/' data-rel='slide-2' class='slide-image' title='Transports Cou\u00e9 a remis une remorque Tautliner aux Lyc\u00e9ens Bac Pro Conducteur Transport Routier \u00e0 Mayenne'><img decoding=\"async\" fetchpriority=\"high\" width=\"1099\" height=\"417\" src=\"https:\/\/www.transports-coue.fr\/wp-content\/uploads\/2019\/12\/transports-coue-remise-remorque-lycee-leonard-de-vinci-site-internet.jpg\" class=\"wp-image-3063 avia-img-lazy-loading-not-3063 attachment-no scaling size-no scaling wp-post-image\" alt=\"Transports Cou\u00e9 remise d&#039;une remorque Tautliner aux Lyc\u00e9ens Bac Pro Conducteurs Transport routier\" srcset=\"https:\/\/www.transports-coue.fr\/wp-content\/uploads\/2019\/12\/transports-coue-remise-remorque-lycee-leonard-de-vinci-site-internet.jpg 1099w, https:\/\/www.transports-coue.fr\/wp-content\/uploads\/2019\/12\/transports-coue-remise-remorque-lycee-leonard-de-vinci-site-internet-80x30.jpg 80w, https:\/\/www.transports-coue.fr\/wp-content\/uploads\/2019\/12\/transports-coue-remise-remorque-lycee-leonard-de-vinci-site-internet-300x114.jpg 300w, https:\/\/www.transports-coue.fr\/wp-content\/uploads\/2019\/12\/transports-coue-remise-remorque-lycee-leonard-de-vinci-site-internet-768x291.jpg 768w, https:\/\/www.transports-coue.fr\/wp-content\/uploads\/2019\/12\/transports-coue-remise-remorque-lycee-leonard-de-vinci-site-internet-1030x391.jpg 1030w, https:\/\/www.transports-coue.fr\/wp-content\/uploads\/2019\/12\/transports-coue-remise-remorque-lycee-leonard-de-vinci-site-internet-705x268.jpg 705w, https:\/\/www.transports-coue.fr\/wp-content\/uploads\/2019\/12\/transports-coue-remise-remorque-lycee-leonard-de-vinci-site-internet-845x321.jpg 845w\" sizes=\"(max-width: 1099px) 100vw, 1099px\" \/><\/a><div class=\"slide-content\"><header class=\"entry-content-header\" aria-label=\"Slide: Transports Cou\u00e9 a remis une remorque Tautliner aux Lyc\u00e9ens Bac Pro Conducteur Transport Routier \u00e0 Mayenne\"><h3 class='slide-entry-title entry-title '  itemprop=\"headline\" ><a href='https:\/\/www.transports-coue.fr\/fr\/transports-coue-a-remis-une-remorque-tautliner-aux-lyceens-bac-pro-conducteur-transport-routier-a-mayenne\/' title='Transports Cou\u00e9 a remis une remorque Tautliner aux Lyc\u00e9ens Bac Pro Conducteur Transport Routier \u00e0 Mayenne'>Transports Cou\u00e9 a remis une remorque Tautliner aux Lyc\u00e9ens Bac Pro Conducteur Transport Routier \u00e0 Mayenne<\/a><\/h3><span class=\"blog-categories minor-meta\"><a href=\"https:\/\/www.transports-coue.fr\/fr\/category\/actualites\/\" rel=\"tag\">Actualit\u00e9s<\/a>, <a href=\"https:\/\/www.transports-coue.fr\/fr\/category\/actualites\/evenements\/\" rel=\"tag\">Ev\u00e9nements<\/a> <\/span><span class=\"av-vertical-delimiter\"><\/span><\/header><div class='slide-entry-excerpt entry-content'  itemprop=\"text\" >Sandy &amp; Harold, notre \u00e9quipe de recherche de capital humain, ont remis le 25 novembre une de nos remorques TautLiner pour la formation des Lyc\u00e9ens Bac Pro Conducteur en Transports Routier de Marchandise au Lyc\u00e9e L\u00e9onard de Vinci de Mayenne.\u2026<div class=\"read-more-link\"><a href=\"https:\/\/www.transports-coue.fr\/fr\/transports-coue-a-remis-une-remorque-tautliner-aux-lyceens-bac-pro-conducteur-transport-routier-a-mayenne\/\" class=\"more-link\">Lire la suite<span class='more-link-arrow avia-svg-icon avia-font-svg_entypo-fontello' data-av_svg_icon='right-open-big' data-av_iconset='svg_entypo-fontello'><svg version=\"1.1\" xmlns=\"http:\/\/www.w3.org\/2000\/svg\" width=\"15\" height=\"32\" viewBox=\"0 0 15 32\" preserveAspectRatio=\"xMidYMid meet\" role=\"graphics-symbol\" aria-hidden=\"true\">\n<path d=\"M0.416 27.84l11.456-11.84-11.456-11.904q-0.832-0.832 0-1.536 0.832-0.832 1.536 0l12.544 12.608q0.768 0.832 0 1.6l-12.544 12.608q-0.704 0.832-1.536 0-0.832-0.704 0-1.536z\"><\/path>\n<\/svg><\/span><\/a><\/div><\/div><\/div><footer class=\"entry-footer\"><div class=\"slide-meta\"><time class='slide-meta-time updated'  itemprop=\"datePublished\" datetime=\"2019-12-08T11:10:44+01:00\" >8 d\u00e9cembre 2019<\/time><\/div><\/footer><span class='hidden'>\n\t\t\t\t<span class='av-structured-data'  itemprop=\"image\" itemscope=\"itemscope\" itemtype=\"https:\/\/schema.org\/ImageObject\" >\n\t\t\t\t\t\t<span itemprop='url'>https:\/\/www.transports-coue.fr\/wp-content\/uploads\/2019\/12\/transports-coue-remise-remorque-lycee-leonard-de-vinci-site-internet.jpg<\/span>\n\t\t\t\t\t\t<span itemprop='height'>417<\/span>\n\t\t\t\t\t\t<span itemprop='width'>1099<\/span>\n\t\t\t\t<\/span>\n\t\t\t\t<span class='av-structured-data'  itemprop=\"publisher\" itemtype=\"https:\/\/schema.org\/Organization\" itemscope=\"itemscope\" >\n\t\t\t\t\t\t<span itemprop='name'>Transports Cou\u00e9<\/span>\n\t\t\t\t\t\t<span itemprop='logo' itemscope itemtype='https:\/\/schema.org\/ImageObject'>\n\t\t\t\t\t\t\t<span itemprop='url'>https:\/\/www.transports-coue.fr\/wp-content\/uploads\/2018\/10\/Logo-transports-coue-300x119.png<\/span>\n\t\t\t\t\t\t<\/span>\n\t\t\t\t<\/span><span class='av-structured-data'  itemprop=\"author\" itemscope=\"itemscope\" itemtype=\"https:\/\/schema.org\/Person\" ><span itemprop='name'>Transports Cou\u00e9<\/span><\/span><span class='av-structured-data'  itemprop=\"datePublished\" datetime=\"2018-10-04T10:16:12+02:00\" >2019-12-08 11:10:44<\/span><span class='av-structured-data'  itemprop=\"dateModified\" itemtype=\"https:\/\/schema.org\/dateModified\" >2021-03-31 10:38:39<\/span><span class='av-structured-data'  itemprop=\"mainEntityOfPage\" itemtype=\"https:\/\/schema.org\/mainEntityOfPage\" ><span itemprop='name'>Transports Cou\u00e9 a remis une remorque Tautliner aux Lyc\u00e9ens Bac Pro Conducteur Transport Routier \u00e0 Mayenne<\/span><\/span><\/span><\/article><article class='slide-entry flex_column  post-entry post-entry-3032 slide-entry-overview slide-loop-125 slide-parity-even  av_one_third  real-thumbnail posttype-post post-format-standard'  itemscope=\"itemscope\" itemtype=\"https:\/\/schema.org\/CreativeWork\" ><a href='https:\/\/www.transports-coue.fr\/fr\/transports-coue-lancent-sa-campagne-de-recrutement-de-conducteurs-routiers-h-f-2\/' data-rel='slide-2' class='slide-image' title='Transports Cou\u00e9 lancent sa campagne de recrutement de conducteurs routiers (H\/F)'><img decoding=\"async\" fetchpriority=\"high\" width=\"1099\" height=\"417\" src=\"https:\/\/www.transports-coue.fr\/wp-content\/uploads\/2019\/12\/transports-coue-campagne-recrutement-conducteurs-routiers-2020-11-19-1.jpg\" class=\"wp-image-3030 avia-img-lazy-loading-not-3030 attachment-no scaling size-no scaling wp-post-image\" alt=\"Transports Cou\u00e9 campagne de recrutement conducteurs 2020\" srcset=\"https:\/\/www.transports-coue.fr\/wp-content\/uploads\/2019\/12\/transports-coue-campagne-recrutement-conducteurs-routiers-2020-11-19-1.jpg 1099w, https:\/\/www.transports-coue.fr\/wp-content\/uploads\/2019\/12\/transports-coue-campagne-recrutement-conducteurs-routiers-2020-11-19-1-80x30.jpg 80w, https:\/\/www.transports-coue.fr\/wp-content\/uploads\/2019\/12\/transports-coue-campagne-recrutement-conducteurs-routiers-2020-11-19-1-300x114.jpg 300w, https:\/\/www.transports-coue.fr\/wp-content\/uploads\/2019\/12\/transports-coue-campagne-recrutement-conducteurs-routiers-2020-11-19-1-768x291.jpg 768w, https:\/\/www.transports-coue.fr\/wp-content\/uploads\/2019\/12\/transports-coue-campagne-recrutement-conducteurs-routiers-2020-11-19-1-1030x391.jpg 1030w, https:\/\/www.transports-coue.fr\/wp-content\/uploads\/2019\/12\/transports-coue-campagne-recrutement-conducteurs-routiers-2020-11-19-1-705x268.jpg 705w, https:\/\/www.transports-coue.fr\/wp-content\/uploads\/2019\/12\/transports-coue-campagne-recrutement-conducteurs-routiers-2020-11-19-1-845x321.jpg 845w\" sizes=\"(max-width: 1099px) 100vw, 1099px\" \/><\/a><div class=\"slide-content\"><header class=\"entry-content-header\" aria-label=\"Slide: Transports Cou\u00e9 lancent sa campagne de recrutement de conducteurs routiers (H\/F)\"><h3 class='slide-entry-title entry-title '  itemprop=\"headline\" ><a href='https:\/\/www.transports-coue.fr\/fr\/transports-coue-lancent-sa-campagne-de-recrutement-de-conducteurs-routiers-h-f-2\/' title='Transports Cou\u00e9 lancent sa campagne de recrutement de conducteurs routiers (H\/F)'>Transports Cou\u00e9 lancent sa campagne de recrutement de conducteurs routiers (H\/F)<\/a><\/h3><span class=\"blog-categories minor-meta\"><a href=\"https:\/\/www.transports-coue.fr\/fr\/category\/actualites\/\" rel=\"tag\">Actualit\u00e9s<\/a>, <a href=\"https:\/\/www.transports-coue.fr\/fr\/category\/actualites\/evenements\/\" rel=\"tag\">Ev\u00e9nements<\/a> <\/span><span class=\"av-vertical-delimiter\"><\/span><\/header><div class='slide-entry-excerpt entry-content'  itemprop=\"text\" >Nous organisons une Campagne de Recrutement pour des conducteurs SPL (H\/F) en national et r\u00e9gional, prise de poste \u00e0 compter de f\u00e9vrier 2020\n\nRetrouvez le descriptif dans notre menu Recrutement \/ Nos Offres d'emploi : https:\/\/www.transports-coue.fr\/fr\/recrutement\/\n\nInt\u00e9ress\u00e9\u2026<div class=\"read-more-link\"><a href=\"https:\/\/www.transports-coue.fr\/fr\/transports-coue-lancent-sa-campagne-de-recrutement-de-conducteurs-routiers-h-f-2\/\" class=\"more-link\">Lire la suite<span class='more-link-arrow avia-svg-icon avia-font-svg_entypo-fontello' data-av_svg_icon='right-open-big' data-av_iconset='svg_entypo-fontello'><svg version=\"1.1\" xmlns=\"http:\/\/www.w3.org\/2000\/svg\" width=\"15\" height=\"32\" viewBox=\"0 0 15 32\" preserveAspectRatio=\"xMidYMid meet\" role=\"graphics-symbol\" aria-hidden=\"true\">\n<path d=\"M0.416 27.84l11.456-11.84-11.456-11.904q-0.832-0.832 0-1.536 0.832-0.832 1.536 0l12.544 12.608q0.768 0.832 0 1.6l-12.544 12.608q-0.704 0.832-1.536 0-0.832-0.704 0-1.536z\"><\/path>\n<\/svg><\/span><\/a><\/div><\/div><\/div><footer class=\"entry-footer\"><div class=\"slide-meta\"><time class='slide-meta-time updated'  itemprop=\"datePublished\" datetime=\"2019-12-02T16:11:03+01:00\" >2 d\u00e9cembre 2019<\/time><\/div><\/footer><span class='hidden'>\n\t\t\t\t<span class='av-structured-data'  itemprop=\"image\" itemscope=\"itemscope\" itemtype=\"https:\/\/schema.org\/ImageObject\" >\n\t\t\t\t\t\t<span itemprop='url'>https:\/\/www.transports-coue.fr\/wp-content\/uploads\/2019\/12\/transports-coue-campagne-recrutement-conducteurs-routiers-2020-11-19-1.jpg<\/span>\n\t\t\t\t\t\t<span itemprop='height'>417<\/span>\n\t\t\t\t\t\t<span itemprop='width'>1099<\/span>\n\t\t\t\t<\/span>\n\t\t\t\t<span class='av-structured-data'  itemprop=\"publisher\" itemtype=\"https:\/\/schema.org\/Organization\" itemscope=\"itemscope\" >\n\t\t\t\t\t\t<span itemprop='name'>Transports Cou\u00e9<\/span>\n\t\t\t\t\t\t<span itemprop='logo' itemscope itemtype='https:\/\/schema.org\/ImageObject'>\n\t\t\t\t\t\t\t<span itemprop='url'>https:\/\/www.transports-coue.fr\/wp-content\/uploads\/2018\/10\/Logo-transports-coue-300x119.png<\/span>\n\t\t\t\t\t\t<\/span>\n\t\t\t\t<\/span><span class='av-structured-data'  itemprop=\"author\" itemscope=\"itemscope\" itemtype=\"https:\/\/schema.org\/Person\" ><span itemprop='name'>Transports Cou\u00e9<\/span><\/span><span class='av-structured-data'  itemprop=\"datePublished\" datetime=\"2018-10-04T10:16:12+02:00\" >2019-12-02 16:11:03<\/span><span class='av-structured-data'  itemprop=\"dateModified\" itemtype=\"https:\/\/schema.org\/dateModified\" >2021-05-21 17:09:32<\/span><span class='av-structured-data'  itemprop=\"mainEntityOfPage\" itemtype=\"https:\/\/schema.org\/mainEntityOfPage\" ><span itemprop='name'>Transports Cou\u00e9 lancent sa campagne de recrutement de conducteurs routiers (H\/F)<\/span><\/span><\/span><\/article><article class='slide-entry flex_column  post-entry post-entry-2994 slide-entry-overview slide-loop-126 slide-parity-odd  av_one_third  real-thumbnail posttype-post post-format-standard'  itemscope=\"itemscope\" itemtype=\"https:\/\/schema.org\/CreativeWork\" ><a href='https:\/\/www.transports-coue.fr\/fr\/transports-coue-accueillent-4-etudiants-en-iut-gestion-et-logistique-le-24-octovre-2018\/' data-rel='slide-2' class='slide-image' title='Transports Cou\u00e9 accueillent 4 \u00e9tudiants en IUT Gestion et Logistique le  24 octobre 2019'><img decoding=\"async\" fetchpriority=\"high\" width=\"3620\" height=\"1374\" src=\"https:\/\/www.transports-coue.fr\/wp-content\/uploads\/2019\/10\/transports-coue-accueil-etudiants-IUT-logistique-Alencon-3620x1374.jpg\" class=\"wp-image-2995 avia-img-lazy-loading-not-2995 attachment-no scaling size-no scaling wp-post-image\" alt=\"Etudiant IUT Logistique visite plateforme Logistique ICPE Transports COUE\" srcset=\"https:\/\/www.transports-coue.fr\/wp-content\/uploads\/2019\/10\/transports-coue-accueil-etudiants-IUT-logistique-Alencon-3620x1374.jpg 3620w, https:\/\/www.transports-coue.fr\/wp-content\/uploads\/2019\/10\/transports-coue-accueil-etudiants-IUT-logistique-Alencon-3620x1374-80x30.jpg 80w, https:\/\/www.transports-coue.fr\/wp-content\/uploads\/2019\/10\/transports-coue-accueil-etudiants-IUT-logistique-Alencon-3620x1374-300x114.jpg 300w, https:\/\/www.transports-coue.fr\/wp-content\/uploads\/2019\/10\/transports-coue-accueil-etudiants-IUT-logistique-Alencon-3620x1374-768x292.jpg 768w, https:\/\/www.transports-coue.fr\/wp-content\/uploads\/2019\/10\/transports-coue-accueil-etudiants-IUT-logistique-Alencon-3620x1374-1030x391.jpg 1030w, https:\/\/www.transports-coue.fr\/wp-content\/uploads\/2019\/10\/transports-coue-accueil-etudiants-IUT-logistique-Alencon-3620x1374-1500x569.jpg 1500w, https:\/\/www.transports-coue.fr\/wp-content\/uploads\/2019\/10\/transports-coue-accueil-etudiants-IUT-logistique-Alencon-3620x1374-705x268.jpg 705w, https:\/\/www.transports-coue.fr\/wp-content\/uploads\/2019\/10\/transports-coue-accueil-etudiants-IUT-logistique-Alencon-3620x1374-845x321.jpg 845w\" sizes=\"(max-width: 3620px) 100vw, 3620px\" \/><\/a><div class=\"slide-content\"><header class=\"entry-content-header\" aria-label=\"Slide: Transports Cou\u00e9 accueillent 4 \u00e9tudiants en IUT Gestion et Logistique le  24 octobre 2019\"><h3 class='slide-entry-title entry-title '  itemprop=\"headline\" ><a href='https:\/\/www.transports-coue.fr\/fr\/transports-coue-accueillent-4-etudiants-en-iut-gestion-et-logistique-le-24-octovre-2018\/' title='Transports Cou\u00e9 accueillent 4 \u00e9tudiants en IUT Gestion et Logistique le  24 octobre 2019'>Transports Cou\u00e9 accueillent 4 \u00e9tudiants en IUT Gestion et Logistique le  24 octobre 2019<\/a><\/h3><span class=\"blog-categories minor-meta\"><a href=\"https:\/\/www.transports-coue.fr\/fr\/category\/actualites\/\" rel=\"tag\">Actualit\u00e9s<\/a>, <a href=\"https:\/\/www.transports-coue.fr\/fr\/category\/actualites\/evenements\/\" rel=\"tag\">Ev\u00e9nements<\/a>, <a href=\"https:\/\/www.transports-coue.fr\/fr\/category\/actualites\/evenements\/evenements-logistique\/\" rel=\"tag\">Ev\u00e9nements Logistique<\/a> <\/span><span class=\"av-vertical-delimiter\"><\/span><\/header><div class='slide-entry-excerpt entry-content'  itemprop=\"text\" >Visite guid\u00e9e ce 24 octobre de notre plateforme logistique \u00e0 Laval class\u00e9e ICPE, Installation Class\u00e9e Pour l'Environnement.\n\n4 \u00e9tudiants en IUT Gestion &amp; Logistique \u00e0 Alen\u00e7on (61, Orne) ont \u00e9chang\u00e9 avec nous pour alimenter leur\u2026<div class=\"read-more-link\"><a href=\"https:\/\/www.transports-coue.fr\/fr\/transports-coue-accueillent-4-etudiants-en-iut-gestion-et-logistique-le-24-octovre-2018\/\" class=\"more-link\">Lire la suite<span class='more-link-arrow avia-svg-icon avia-font-svg_entypo-fontello' data-av_svg_icon='right-open-big' data-av_iconset='svg_entypo-fontello'><svg version=\"1.1\" xmlns=\"http:\/\/www.w3.org\/2000\/svg\" width=\"15\" height=\"32\" viewBox=\"0 0 15 32\" preserveAspectRatio=\"xMidYMid meet\" role=\"graphics-symbol\" aria-hidden=\"true\">\n<path d=\"M0.416 27.84l11.456-11.84-11.456-11.904q-0.832-0.832 0-1.536 0.832-0.832 1.536 0l12.544 12.608q0.768 0.832 0 1.6l-12.544 12.608q-0.704 0.832-1.536 0-0.832-0.704 0-1.536z\"><\/path>\n<\/svg><\/span><\/a><\/div><\/div><\/div><footer class=\"entry-footer\"><div class=\"slide-meta\"><time class='slide-meta-time updated'  itemprop=\"datePublished\" datetime=\"2019-10-31T12:06:47+01:00\" >31 octobre 2019<\/time><\/div><\/footer><span class='hidden'>\n\t\t\t\t<span class='av-structured-data'  itemprop=\"image\" itemscope=\"itemscope\" itemtype=\"https:\/\/schema.org\/ImageObject\" >\n\t\t\t\t\t\t<span itemprop='url'>https:\/\/www.transports-coue.fr\/wp-content\/uploads\/2019\/10\/transports-coue-accueil-etudiants-IUT-logistique-Alencon-3620x1374.jpg<\/span>\n\t\t\t\t\t\t<span itemprop='height'>1374<\/span>\n\t\t\t\t\t\t<span itemprop='width'>3620<\/span>\n\t\t\t\t<\/span>\n\t\t\t\t<span class='av-structured-data'  itemprop=\"publisher\" itemtype=\"https:\/\/schema.org\/Organization\" itemscope=\"itemscope\" >\n\t\t\t\t\t\t<span itemprop='name'>Transports Cou\u00e9<\/span>\n\t\t\t\t\t\t<span itemprop='logo' itemscope itemtype='https:\/\/schema.org\/ImageObject'>\n\t\t\t\t\t\t\t<span itemprop='url'>https:\/\/www.transports-coue.fr\/wp-content\/uploads\/2018\/10\/Logo-transports-coue-300x119.png<\/span>\n\t\t\t\t\t\t<\/span>\n\t\t\t\t<\/span><span class='av-structured-data'  itemprop=\"author\" itemscope=\"itemscope\" itemtype=\"https:\/\/schema.org\/Person\" ><span itemprop='name'>Transports Cou\u00e9<\/span><\/span><span class='av-structured-data'  itemprop=\"datePublished\" datetime=\"2018-10-04T10:16:12+02:00\" >2019-10-31 12:06:47<\/span><span class='av-structured-data'  itemprop=\"dateModified\" itemtype=\"https:\/\/schema.org\/dateModified\" >2021-05-21 17:10:31<\/span><span class='av-structured-data'  itemprop=\"mainEntityOfPage\" itemtype=\"https:\/\/schema.org\/mainEntityOfPage\" ><span itemprop='name'>Transports Cou\u00e9 accueillent 4 \u00e9tudiants en IUT Gestion et Logistique le  24 octobre 2019<\/span><\/span><\/span><\/article><\/div><div class=\"slide-entry-wrap\"><article class='slide-entry flex_column  post-entry post-entry-2975 slide-entry-overview slide-loop-127 slide-parity-odd  av_one_third first real-thumbnail posttype-post post-format-standard'  itemscope=\"itemscope\" itemtype=\"https:\/\/schema.org\/CreativeWork\" ><a href='https:\/\/www.transports-coue.fr\/fr\/portes-ouvertes-aux-familles-des-employes-des-transports-coue-le-05-octobre-2019\/' data-rel='slide-2' class='slide-image' title='Portes ouvertes aux familles des employ\u00e9s des Transports Cou\u00e9 le 05 octobre 2019'><img decoding=\"async\" fetchpriority=\"high\" width=\"1690\" height=\"642\" src=\"https:\/\/www.transports-coue.fr\/wp-content\/uploads\/2019\/10\/transports-coue-porte-ouverte-familles-05-10-19-1690x642.jpg\" class=\"wp-image-2969 avia-img-lazy-loading-not-2969 attachment-no scaling size-no scaling wp-post-image\" alt=\"Transports Cou\u00e9 porte ouverte aux familles 05-10-2019\" srcset=\"https:\/\/www.transports-coue.fr\/wp-content\/uploads\/2019\/10\/transports-coue-porte-ouverte-familles-05-10-19-1690x642.jpg 1690w, https:\/\/www.transports-coue.fr\/wp-content\/uploads\/2019\/10\/transports-coue-porte-ouverte-familles-05-10-19-1690x642-80x30.jpg 80w, https:\/\/www.transports-coue.fr\/wp-content\/uploads\/2019\/10\/transports-coue-porte-ouverte-familles-05-10-19-1690x642-300x114.jpg 300w, https:\/\/www.transports-coue.fr\/wp-content\/uploads\/2019\/10\/transports-coue-porte-ouverte-familles-05-10-19-1690x642-768x292.jpg 768w, https:\/\/www.transports-coue.fr\/wp-content\/uploads\/2019\/10\/transports-coue-porte-ouverte-familles-05-10-19-1690x642-1030x391.jpg 1030w, https:\/\/www.transports-coue.fr\/wp-content\/uploads\/2019\/10\/transports-coue-porte-ouverte-familles-05-10-19-1690x642-1500x570.jpg 1500w, https:\/\/www.transports-coue.fr\/wp-content\/uploads\/2019\/10\/transports-coue-porte-ouverte-familles-05-10-19-1690x642-705x268.jpg 705w, https:\/\/www.transports-coue.fr\/wp-content\/uploads\/2019\/10\/transports-coue-porte-ouverte-familles-05-10-19-1690x642-845x321.jpg 845w\" sizes=\"(max-width: 1690px) 100vw, 1690px\" \/><\/a><div class=\"slide-content\"><header class=\"entry-content-header\" aria-label=\"Slide: Portes ouvertes aux familles des employ\u00e9s des Transports Cou\u00e9 le 05 octobre 2019\"><h3 class='slide-entry-title entry-title '  itemprop=\"headline\" ><a href='https:\/\/www.transports-coue.fr\/fr\/portes-ouvertes-aux-familles-des-employes-des-transports-coue-le-05-octobre-2019\/' title='Portes ouvertes aux familles des employ\u00e9s des Transports Cou\u00e9 le 05 octobre 2019'>Portes ouvertes aux familles des employ\u00e9s des Transports Cou\u00e9 le 05 octobre 2019<\/a><\/h3><span class=\"blog-categories minor-meta\"><a href=\"https:\/\/www.transports-coue.fr\/fr\/category\/actualites\/\" rel=\"tag\">Actualit\u00e9s<\/a>, <a href=\"https:\/\/www.transports-coue.fr\/fr\/category\/actualites\/evenements\/\" rel=\"tag\">Ev\u00e9nements<\/a> <\/span><span class=\"av-vertical-delimiter\"><\/span><\/header><div class='slide-entry-excerpt entry-content'  itemprop=\"text\" >Samedi 5 octobre 2019, nous avons ouvert les portes de notre entreprise \u00e0 nos familles. Vrai moment de partage, d'\u00e9change sur notre m\u00e9tier. Nous avons pass\u00e9 un agr\u00e9able moment ! Superbe ambiance, merci \u00e0 tous\n\nEt pour leur contribution\u2026<div class=\"read-more-link\"><a href=\"https:\/\/www.transports-coue.fr\/fr\/portes-ouvertes-aux-familles-des-employes-des-transports-coue-le-05-octobre-2019\/\" class=\"more-link\">Lire la suite<span class='more-link-arrow avia-svg-icon avia-font-svg_entypo-fontello' data-av_svg_icon='right-open-big' data-av_iconset='svg_entypo-fontello'><svg version=\"1.1\" xmlns=\"http:\/\/www.w3.org\/2000\/svg\" width=\"15\" height=\"32\" viewBox=\"0 0 15 32\" preserveAspectRatio=\"xMidYMid meet\" role=\"graphics-symbol\" aria-hidden=\"true\">\n<path d=\"M0.416 27.84l11.456-11.84-11.456-11.904q-0.832-0.832 0-1.536 0.832-0.832 1.536 0l12.544 12.608q0.768 0.832 0 1.6l-12.544 12.608q-0.704 0.832-1.536 0-0.832-0.704 0-1.536z\"><\/path>\n<\/svg><\/span><\/a><\/div><\/div><\/div><footer class=\"entry-footer\"><div class=\"slide-meta\"><time class='slide-meta-time updated'  itemprop=\"datePublished\" datetime=\"2019-10-21T17:38:23+02:00\" >21 octobre 2019<\/time><\/div><\/footer><span class='hidden'>\n\t\t\t\t<span class='av-structured-data'  itemprop=\"image\" itemscope=\"itemscope\" itemtype=\"https:\/\/schema.org\/ImageObject\" >\n\t\t\t\t\t\t<span itemprop='url'>https:\/\/www.transports-coue.fr\/wp-content\/uploads\/2019\/10\/transports-coue-porte-ouverte-familles-05-10-19-1690x642.jpg<\/span>\n\t\t\t\t\t\t<span itemprop='height'>642<\/span>\n\t\t\t\t\t\t<span itemprop='width'>1690<\/span>\n\t\t\t\t<\/span>\n\t\t\t\t<span class='av-structured-data'  itemprop=\"publisher\" itemtype=\"https:\/\/schema.org\/Organization\" itemscope=\"itemscope\" >\n\t\t\t\t\t\t<span itemprop='name'>Transports Cou\u00e9<\/span>\n\t\t\t\t\t\t<span itemprop='logo' itemscope itemtype='https:\/\/schema.org\/ImageObject'>\n\t\t\t\t\t\t\t<span itemprop='url'>https:\/\/www.transports-coue.fr\/wp-content\/uploads\/2018\/10\/Logo-transports-coue-300x119.png<\/span>\n\t\t\t\t\t\t<\/span>\n\t\t\t\t<\/span><span class='av-structured-data'  itemprop=\"author\" itemscope=\"itemscope\" itemtype=\"https:\/\/schema.org\/Person\" ><span itemprop='name'>Transports Cou\u00e9<\/span><\/span><span class='av-structured-data'  itemprop=\"datePublished\" datetime=\"2018-10-04T10:16:12+02:00\" >2019-10-21 17:38:23<\/span><span class='av-structured-data'  itemprop=\"dateModified\" itemtype=\"https:\/\/schema.org\/dateModified\" >2021-05-21 17:11:21<\/span><span class='av-structured-data'  itemprop=\"mainEntityOfPage\" itemtype=\"https:\/\/schema.org\/mainEntityOfPage\" ><span itemprop='name'>Portes ouvertes aux familles des employ\u00e9s des Transports Cou\u00e9 le 05 octobre 2019<\/span><\/span><\/span><\/article><article class='slide-entry flex_column  post-entry post-entry-2956 slide-entry-overview slide-loop-128 slide-parity-even  av_one_third  real-thumbnail posttype-post post-format-standard'  itemscope=\"itemscope\" itemtype=\"https:\/\/schema.org\/CreativeWork\" ><a href='https:\/\/www.transports-coue.fr\/fr\/transports-coue-au-rdv-de-lemploi-a-laval-le-17-octobre-2019\/' data-rel='slide-2' class='slide-image' title='Transports Cou\u00e9 au Rdv de l&#8217;emploi \u00e0 Laval le 17 octobre 2019'><img decoding=\"async\" fetchpriority=\"high\" width=\"845\" height=\"321\" src=\"https:\/\/www.transports-coue.fr\/wp-content\/uploads\/2019\/10\/emploi-rendezvous-845x321-site-internet.jpg\" class=\"wp-image-2958 avia-img-lazy-loading-not-2958 attachment-no scaling size-no scaling wp-post-image\" alt=\"Transports Cou\u00e9 au RDV de l&#039;emploi le 17\/10\/2019\" srcset=\"https:\/\/www.transports-coue.fr\/wp-content\/uploads\/2019\/10\/emploi-rendezvous-845x321-site-internet.jpg 845w, https:\/\/www.transports-coue.fr\/wp-content\/uploads\/2019\/10\/emploi-rendezvous-845x321-site-internet-80x30.jpg 80w, https:\/\/www.transports-coue.fr\/wp-content\/uploads\/2019\/10\/emploi-rendezvous-845x321-site-internet-300x114.jpg 300w, https:\/\/www.transports-coue.fr\/wp-content\/uploads\/2019\/10\/emploi-rendezvous-845x321-site-internet-768x292.jpg 768w, https:\/\/www.transports-coue.fr\/wp-content\/uploads\/2019\/10\/emploi-rendezvous-845x321-site-internet-705x268.jpg 705w\" sizes=\"(max-width: 845px) 100vw, 845px\" \/><\/a><div class=\"slide-content\"><header class=\"entry-content-header\" aria-label=\"Slide: Transports Cou\u00e9 au Rdv de l&#039;emploi \u00e0 Laval le 17 octobre 2019\"><h3 class='slide-entry-title entry-title '  itemprop=\"headline\" ><a href='https:\/\/www.transports-coue.fr\/fr\/transports-coue-au-rdv-de-lemploi-a-laval-le-17-octobre-2019\/' title='Transports Cou\u00e9 au Rdv de l&#8217;emploi \u00e0 Laval le 17 octobre 2019'>Transports Cou\u00e9 au Rdv de l&#8217;emploi \u00e0 Laval le 17 octobre 2019<\/a><\/h3><span class=\"blog-categories minor-meta\"><a href=\"https:\/\/www.transports-coue.fr\/fr\/category\/actualites\/\" rel=\"tag\">Actualit\u00e9s<\/a>, <a href=\"https:\/\/www.transports-coue.fr\/fr\/category\/actualites\/evenements\/\" rel=\"tag\">Ev\u00e9nements<\/a> <\/span><span class=\"av-vertical-delimiter\"><\/span><\/header><div class='slide-entry-excerpt entry-content'  itemprop=\"text\" >Venez rencontrer notre \u00e9quipe RH, Sandy &amp; Alexandra, et notre animateur coordinateur, Harold, le 17 octobre au Rdv de l'emploi et de l'alternance \u00e0 la Salle Polyvalente de Laval.\n\nLe monde du transport bouge, sans cesse en \u00e9volution pour\u2026<div class=\"read-more-link\"><a href=\"https:\/\/www.transports-coue.fr\/fr\/transports-coue-au-rdv-de-lemploi-a-laval-le-17-octobre-2019\/\" class=\"more-link\">Lire la suite<span class='more-link-arrow avia-svg-icon avia-font-svg_entypo-fontello' data-av_svg_icon='right-open-big' data-av_iconset='svg_entypo-fontello'><svg version=\"1.1\" xmlns=\"http:\/\/www.w3.org\/2000\/svg\" width=\"15\" height=\"32\" viewBox=\"0 0 15 32\" preserveAspectRatio=\"xMidYMid meet\" role=\"graphics-symbol\" aria-hidden=\"true\">\n<path d=\"M0.416 27.84l11.456-11.84-11.456-11.904q-0.832-0.832 0-1.536 0.832-0.832 1.536 0l12.544 12.608q0.768 0.832 0 1.6l-12.544 12.608q-0.704 0.832-1.536 0-0.832-0.704 0-1.536z\"><\/path>\n<\/svg><\/span><\/a><\/div><\/div><\/div><footer class=\"entry-footer\"><div class=\"slide-meta\"><time class='slide-meta-time updated'  itemprop=\"datePublished\" datetime=\"2019-10-09T16:34:23+02:00\" >9 octobre 2019<\/time><\/div><\/footer><span class='hidden'>\n\t\t\t\t<span class='av-structured-data'  itemprop=\"image\" itemscope=\"itemscope\" itemtype=\"https:\/\/schema.org\/ImageObject\" >\n\t\t\t\t\t\t<span itemprop='url'>https:\/\/www.transports-coue.fr\/wp-content\/uploads\/2019\/10\/emploi-rendezvous-845x321-site-internet.jpg<\/span>\n\t\t\t\t\t\t<span itemprop='height'>321<\/span>\n\t\t\t\t\t\t<span itemprop='width'>845<\/span>\n\t\t\t\t<\/span>\n\t\t\t\t<span class='av-structured-data'  itemprop=\"publisher\" itemtype=\"https:\/\/schema.org\/Organization\" itemscope=\"itemscope\" >\n\t\t\t\t\t\t<span itemprop='name'>Transports Cou\u00e9<\/span>\n\t\t\t\t\t\t<span itemprop='logo' itemscope itemtype='https:\/\/schema.org\/ImageObject'>\n\t\t\t\t\t\t\t<span itemprop='url'>https:\/\/www.transports-coue.fr\/wp-content\/uploads\/2018\/10\/Logo-transports-coue-300x119.png<\/span>\n\t\t\t\t\t\t<\/span>\n\t\t\t\t<\/span><span class='av-structured-data'  itemprop=\"author\" itemscope=\"itemscope\" itemtype=\"https:\/\/schema.org\/Person\" ><span itemprop='name'>Transports Cou\u00e9<\/span><\/span><span class='av-structured-data'  itemprop=\"datePublished\" datetime=\"2018-10-04T10:16:12+02:00\" >2019-10-09 16:34:23<\/span><span class='av-structured-data'  itemprop=\"dateModified\" itemtype=\"https:\/\/schema.org\/dateModified\" >2021-05-21 17:12:19<\/span><span class='av-structured-data'  itemprop=\"mainEntityOfPage\" itemtype=\"https:\/\/schema.org\/mainEntityOfPage\" ><span itemprop='name'>Transports Cou\u00e9 au Rdv de l&#8217;emploi \u00e0 Laval le 17 octobre 2019<\/span><\/span><\/span><\/article><article class='slide-entry flex_column  post-entry post-entry-2521 slide-entry-overview slide-loop-129 slide-parity-odd  av_one_third  real-thumbnail posttype-post post-format-standard'  itemscope=\"itemscope\" itemtype=\"https:\/\/schema.org\/CreativeWork\" ><a href='https:\/\/www.transports-coue.fr\/fr\/les-transports-coue-soutiennent-lmtr-le-monde-du-transport-reuni\/' data-rel='slide-2' class='slide-image' title='Les Transports Cou\u00e9 soutiennent #LMTR Le Monde du Transport R\u00e9uni'><img decoding=\"async\" fetchpriority=\"high\" width=\"1920\" height=\"728\" src=\"https:\/\/www.transports-coue.fr\/wp-content\/uploads\/2019\/09\/transports-coue-lmtr-1920x728-V2.jpg\" class=\"wp-image-2535 avia-img-lazy-loading-not-2535 attachment-no scaling size-no scaling wp-post-image\" alt=\"\" srcset=\"https:\/\/www.transports-coue.fr\/wp-content\/uploads\/2019\/09\/transports-coue-lmtr-1920x728-V2.jpg 1920w, https:\/\/www.transports-coue.fr\/wp-content\/uploads\/2019\/09\/transports-coue-lmtr-1920x728-V2-80x30.jpg 80w, https:\/\/www.transports-coue.fr\/wp-content\/uploads\/2019\/09\/transports-coue-lmtr-1920x728-V2-300x114.jpg 300w, https:\/\/www.transports-coue.fr\/wp-content\/uploads\/2019\/09\/transports-coue-lmtr-1920x728-V2-768x291.jpg 768w, https:\/\/www.transports-coue.fr\/wp-content\/uploads\/2019\/09\/transports-coue-lmtr-1920x728-V2-1030x391.jpg 1030w, https:\/\/www.transports-coue.fr\/wp-content\/uploads\/2019\/09\/transports-coue-lmtr-1920x728-V2-1500x569.jpg 1500w, https:\/\/www.transports-coue.fr\/wp-content\/uploads\/2019\/09\/transports-coue-lmtr-1920x728-V2-705x267.jpg 705w, https:\/\/www.transports-coue.fr\/wp-content\/uploads\/2019\/09\/transports-coue-lmtr-1920x728-V2-845x321.jpg 845w, https:\/\/www.transports-coue.fr\/wp-content\/uploads\/2019\/09\/transports-coue-lmtr-1920x728-V2-450x171.jpg 450w\" sizes=\"(max-width: 1920px) 100vw, 1920px\" \/><\/a><div class=\"slide-content\"><header class=\"entry-content-header\" aria-label=\"Slide: Les Transports Cou\u00e9 soutiennent #LMTR Le Monde du Transport R\u00e9uni\"><h3 class='slide-entry-title entry-title '  itemprop=\"headline\" ><a href='https:\/\/www.transports-coue.fr\/fr\/les-transports-coue-soutiennent-lmtr-le-monde-du-transport-reuni\/' title='Les Transports Cou\u00e9 soutiennent #LMTR Le Monde du Transport R\u00e9uni'>Les Transports Cou\u00e9 soutiennent #LMTR Le Monde du Transport R\u00e9uni<\/a><\/h3><span class=\"blog-categories minor-meta\"><a href=\"https:\/\/www.transports-coue.fr\/fr\/category\/actualites\/\" rel=\"tag\">Actualit\u00e9s<\/a>, <a href=\"https:\/\/www.transports-coue.fr\/fr\/category\/actualites\/evenements\/\" rel=\"tag\">Ev\u00e9nements<\/a> <\/span><span class=\"av-vertical-delimiter\"><\/span><\/header><div class='slide-entry-excerpt entry-content'  itemprop=\"text\" >Transports Cou\u00e9 soutiennent l'initiative de l'association Le Monde du Transport R\u00e9uni (LMTR) dont l'objectif est de revaloriser les m\u00e9tiers du secteur du Transport &amp; de la Logistique et de faire na\u00eetre des vocations. Et pour accompagner\u2026<div class=\"read-more-link\"><a href=\"https:\/\/www.transports-coue.fr\/fr\/les-transports-coue-soutiennent-lmtr-le-monde-du-transport-reuni\/\" class=\"more-link\">Lire la suite<span class='more-link-arrow avia-svg-icon avia-font-svg_entypo-fontello' data-av_svg_icon='right-open-big' data-av_iconset='svg_entypo-fontello'><svg version=\"1.1\" xmlns=\"http:\/\/www.w3.org\/2000\/svg\" width=\"15\" height=\"32\" viewBox=\"0 0 15 32\" preserveAspectRatio=\"xMidYMid meet\" role=\"graphics-symbol\" aria-hidden=\"true\">\n<path d=\"M0.416 27.84l11.456-11.84-11.456-11.904q-0.832-0.832 0-1.536 0.832-0.832 1.536 0l12.544 12.608q0.768 0.832 0 1.6l-12.544 12.608q-0.704 0.832-1.536 0-0.832-0.704 0-1.536z\"><\/path>\n<\/svg><\/span><\/a><\/div><\/div><\/div><footer class=\"entry-footer\"><div class=\"slide-meta\"><time class='slide-meta-time updated'  itemprop=\"datePublished\" datetime=\"2019-09-23T18:56:40+02:00\" >23 septembre 2019<\/time><\/div><\/footer><span class='hidden'>\n\t\t\t\t<span class='av-structured-data'  itemprop=\"image\" itemscope=\"itemscope\" itemtype=\"https:\/\/schema.org\/ImageObject\" >\n\t\t\t\t\t\t<span itemprop='url'>https:\/\/www.transports-coue.fr\/wp-content\/uploads\/2019\/09\/transports-coue-lmtr-1920x728-V2.jpg<\/span>\n\t\t\t\t\t\t<span itemprop='height'>728<\/span>\n\t\t\t\t\t\t<span itemprop='width'>1920<\/span>\n\t\t\t\t<\/span>\n\t\t\t\t<span class='av-structured-data'  itemprop=\"publisher\" itemtype=\"https:\/\/schema.org\/Organization\" itemscope=\"itemscope\" >\n\t\t\t\t\t\t<span itemprop='name'>Transports Cou\u00e9<\/span>\n\t\t\t\t\t\t<span itemprop='logo' itemscope itemtype='https:\/\/schema.org\/ImageObject'>\n\t\t\t\t\t\t\t<span itemprop='url'>https:\/\/www.transports-coue.fr\/wp-content\/uploads\/2018\/10\/Logo-transports-coue-300x119.png<\/span>\n\t\t\t\t\t\t<\/span>\n\t\t\t\t<\/span><span class='av-structured-data'  itemprop=\"author\" itemscope=\"itemscope\" itemtype=\"https:\/\/schema.org\/Person\" ><span itemprop='name'>Transports Cou\u00e9<\/span><\/span><span class='av-structured-data'  itemprop=\"datePublished\" datetime=\"2018-10-04T10:16:12+02:00\" >2019-09-23 18:56:40<\/span><span class='av-structured-data'  itemprop=\"dateModified\" itemtype=\"https:\/\/schema.org\/dateModified\" >2021-03-31 10:53:25<\/span><span class='av-structured-data'  itemprop=\"mainEntityOfPage\" itemtype=\"https:\/\/schema.org\/mainEntityOfPage\" ><span itemprop='name'>Les Transports Cou\u00e9 soutiennent #LMTR Le Monde du Transport R\u00e9uni<\/span><\/span><\/span><\/article><\/div><div class=\"slide-entry-wrap\"><article class='slide-entry flex_column  post-entry post-entry-2308 slide-entry-overview slide-loop-130 slide-parity-odd  av_one_third first real-thumbnail posttype-post post-format-standard'  itemscope=\"itemscope\" itemtype=\"https:\/\/schema.org\/CreativeWork\" ><a href='https:\/\/www.transports-coue.fr\/fr\/transport-coue-aux-rdv-daffaires-top-transport-europe-2019-avec-otms\/' data-rel='slide-2' class='slide-image' title='Transport Cou\u00e9 aux RDV d&rsquo;affaires TOP TRANSPORT EUROPE 2019 avec OTMS'><img decoding=\"async\" fetchpriority=\"high\" width=\"845\" height=\"321\" src=\"https:\/\/www.transports-coue.fr\/wp-content\/uploads\/2019\/09\/transport-coue-1ere-publication-top-transport-2019-otms-V2-site.jpg\" class=\"wp-image-2306 avia-img-lazy-loading-not-2306 attachment-no scaling size-no scaling wp-post-image\" alt=\"Transports Coue a Top Transport 2019 avec OTMS\" srcset=\"https:\/\/www.transports-coue.fr\/wp-content\/uploads\/2019\/09\/transport-coue-1ere-publication-top-transport-2019-otms-V2-site.jpg 845w, https:\/\/www.transports-coue.fr\/wp-content\/uploads\/2019\/09\/transport-coue-1ere-publication-top-transport-2019-otms-V2-site-80x30.jpg 80w, https:\/\/www.transports-coue.fr\/wp-content\/uploads\/2019\/09\/transport-coue-1ere-publication-top-transport-2019-otms-V2-site-300x114.jpg 300w, https:\/\/www.transports-coue.fr\/wp-content\/uploads\/2019\/09\/transport-coue-1ere-publication-top-transport-2019-otms-V2-site-768x292.jpg 768w, https:\/\/www.transports-coue.fr\/wp-content\/uploads\/2019\/09\/transport-coue-1ere-publication-top-transport-2019-otms-V2-site-705x268.jpg 705w, https:\/\/www.transports-coue.fr\/wp-content\/uploads\/2019\/09\/transport-coue-1ere-publication-top-transport-2019-otms-V2-site-450x171.jpg 450w\" sizes=\"(max-width: 845px) 100vw, 845px\" \/><\/a><div class=\"slide-content\"><header class=\"entry-content-header\" aria-label=\"Slide: Transport Cou\u00e9 aux RDV d&#039;affaires TOP TRANSPORT EUROPE 2019 avec OTMS\"><h3 class='slide-entry-title entry-title '  itemprop=\"headline\" ><a href='https:\/\/www.transports-coue.fr\/fr\/transport-coue-aux-rdv-daffaires-top-transport-europe-2019-avec-otms\/' title='Transport Cou\u00e9 aux RDV d&rsquo;affaires TOP TRANSPORT EUROPE 2019 avec OTMS'>Transport Cou\u00e9 aux RDV d&rsquo;affaires TOP TRANSPORT EUROPE 2019 avec OTMS<\/a><\/h3><span class=\"blog-categories minor-meta\"><a href=\"https:\/\/www.transports-coue.fr\/fr\/category\/actualites\/\" rel=\"tag\">Actualit\u00e9s<\/a>, <a href=\"https:\/\/www.transports-coue.fr\/fr\/category\/actualites\/evenements\/\" rel=\"tag\">Ev\u00e9nements<\/a> <\/span><span class=\"av-vertical-delimiter\"><\/span><\/header><div class='slide-entry-excerpt entry-content'  itemprop=\"text\" >A nouveau cette ann\u00e9e, les 16 et 17 octobre 2019, retrouvons-nous aux RDV d'affaires Top Transport Europe \u00e0 Marseille (13), au Palais du Pharo, sur le stand de notre partenaire OTMS. Toujours un \u00e9v\u00e9nement riche en rencontres, projets et\u2026<div class=\"read-more-link\"><a href=\"https:\/\/www.transports-coue.fr\/fr\/transport-coue-aux-rdv-daffaires-top-transport-europe-2019-avec-otms\/\" class=\"more-link\">Lire la suite<span class='more-link-arrow avia-svg-icon avia-font-svg_entypo-fontello' data-av_svg_icon='right-open-big' data-av_iconset='svg_entypo-fontello'><svg version=\"1.1\" xmlns=\"http:\/\/www.w3.org\/2000\/svg\" width=\"15\" height=\"32\" viewBox=\"0 0 15 32\" preserveAspectRatio=\"xMidYMid meet\" role=\"graphics-symbol\" aria-hidden=\"true\">\n<path d=\"M0.416 27.84l11.456-11.84-11.456-11.904q-0.832-0.832 0-1.536 0.832-0.832 1.536 0l12.544 12.608q0.768 0.832 0 1.6l-12.544 12.608q-0.704 0.832-1.536 0-0.832-0.704 0-1.536z\"><\/path>\n<\/svg><\/span><\/a><\/div><\/div><\/div><footer class=\"entry-footer\"><div class=\"slide-meta\"><time class='slide-meta-time updated'  itemprop=\"datePublished\" datetime=\"2019-09-03T18:07:52+02:00\" >3 septembre 2019<\/time><\/div><\/footer><span class='hidden'>\n\t\t\t\t<span class='av-structured-data'  itemprop=\"image\" itemscope=\"itemscope\" itemtype=\"https:\/\/schema.org\/ImageObject\" >\n\t\t\t\t\t\t<span itemprop='url'>https:\/\/www.transports-coue.fr\/wp-content\/uploads\/2019\/09\/transport-coue-1ere-publication-top-transport-2019-otms-V2-site.jpg<\/span>\n\t\t\t\t\t\t<span itemprop='height'>321<\/span>\n\t\t\t\t\t\t<span itemprop='width'>845<\/span>\n\t\t\t\t<\/span>\n\t\t\t\t<span class='av-structured-data'  itemprop=\"publisher\" itemtype=\"https:\/\/schema.org\/Organization\" itemscope=\"itemscope\" >\n\t\t\t\t\t\t<span itemprop='name'>Transports Cou\u00e9<\/span>\n\t\t\t\t\t\t<span itemprop='logo' itemscope itemtype='https:\/\/schema.org\/ImageObject'>\n\t\t\t\t\t\t\t<span itemprop='url'>https:\/\/www.transports-coue.fr\/wp-content\/uploads\/2018\/10\/Logo-transports-coue-300x119.png<\/span>\n\t\t\t\t\t\t<\/span>\n\t\t\t\t<\/span><span class='av-structured-data'  itemprop=\"author\" itemscope=\"itemscope\" itemtype=\"https:\/\/schema.org\/Person\" ><span itemprop='name'>Transports Cou\u00e9<\/span><\/span><span class='av-structured-data'  itemprop=\"datePublished\" datetime=\"2018-10-04T10:16:12+02:00\" >2019-09-03 18:07:52<\/span><span class='av-structured-data'  itemprop=\"dateModified\" itemtype=\"https:\/\/schema.org\/dateModified\" >2021-03-31 10:55:23<\/span><span class='av-structured-data'  itemprop=\"mainEntityOfPage\" itemtype=\"https:\/\/schema.org\/mainEntityOfPage\" ><span itemprop='name'>Transport Cou\u00e9 aux RDV d&rsquo;affaires TOP TRANSPORT EUROPE 2019 avec OTMS<\/span><\/span><\/span><\/article><article class='slide-entry flex_column  post-entry post-entry-2048 slide-entry-overview slide-loop-131 slide-parity-even  av_one_third  real-thumbnail posttype-post post-format-standard'  itemscope=\"itemscope\" itemtype=\"https:\/\/schema.org\/CreativeWork\" ><a href='https:\/\/www.transports-coue.fr\/fr\/volupal-marque-messagerie-palette-des-transports-coue-au-salon-transport-logistic-a-munich\/' data-rel='slide-2' class='slide-image' title='Volupal, marque messagerie palette des Transports Cou\u00e9, au salon Transport Logistic 2019 \u00e0 Munich'><img decoding=\"async\" fetchpriority=\"high\" width=\"424\" height=\"182\" src=\"https:\/\/www.transports-coue.fr\/wp-content\/uploads\/2019\/05\/evolutrans-salon-transport-logistic-Munich-juin-2019.png\" class=\"wp-image-2051 avia-img-lazy-loading-not-2051 attachment-no scaling size-no scaling wp-post-image\" alt=\"Volupal au Salon Transport Logistic du 4 au 7 juin en 2019 \u00e0 Munich\" srcset=\"https:\/\/www.transports-coue.fr\/wp-content\/uploads\/2019\/05\/evolutrans-salon-transport-logistic-Munich-juin-2019.png 424w, https:\/\/www.transports-coue.fr\/wp-content\/uploads\/2019\/05\/evolutrans-salon-transport-logistic-Munich-juin-2019-80x34.png 80w, https:\/\/www.transports-coue.fr\/wp-content\/uploads\/2019\/05\/evolutrans-salon-transport-logistic-Munich-juin-2019-300x129.png 300w\" sizes=\"(max-width: 424px) 100vw, 424px\" \/><\/a><div class=\"slide-content\"><header class=\"entry-content-header\" aria-label=\"Slide: Volupal, marque messagerie palette des Transports Cou\u00e9, au salon Transport Logistic 2019 \u00e0 Munich\"><h3 class='slide-entry-title entry-title '  itemprop=\"headline\" ><a href='https:\/\/www.transports-coue.fr\/fr\/volupal-marque-messagerie-palette-des-transports-coue-au-salon-transport-logistic-a-munich\/' title='Volupal, marque messagerie palette des Transports Cou\u00e9, au salon Transport Logistic 2019 \u00e0 Munich'>Volupal, marque messagerie palette des Transports Cou\u00e9, au salon Transport Logistic 2019 \u00e0 Munich<\/a><\/h3><span class=\"blog-categories minor-meta\"><a href=\"https:\/\/www.transports-coue.fr\/fr\/category\/actualites\/\" rel=\"tag\">Actualit\u00e9s<\/a>, <a href=\"https:\/\/www.transports-coue.fr\/fr\/category\/actualites\/evenements\/\" rel=\"tag\">Ev\u00e9nements<\/a> <\/span><span class=\"av-vertical-delimiter\"><\/span><\/header><div class='slide-entry-excerpt entry-content'  itemprop=\"text\" >Volupal, notre marque de messagerie palette, sera pr\u00e9sent au salon&nbsp;Transport Logistic&nbsp;\u00e0 Munich en Allemagne du 04 au 07 juin 2019, l'occasion de faire conna\u00eetre encore un peu plus notre r\u00e9seau et d\u00e9velopper de nouveaux march\u00e9s.\u2026<div class=\"read-more-link\"><a href=\"https:\/\/www.transports-coue.fr\/fr\/volupal-marque-messagerie-palette-des-transports-coue-au-salon-transport-logistic-a-munich\/\" class=\"more-link\">Lire la suite<span class='more-link-arrow avia-svg-icon avia-font-svg_entypo-fontello' data-av_svg_icon='right-open-big' data-av_iconset='svg_entypo-fontello'><svg version=\"1.1\" xmlns=\"http:\/\/www.w3.org\/2000\/svg\" width=\"15\" height=\"32\" viewBox=\"0 0 15 32\" preserveAspectRatio=\"xMidYMid meet\" role=\"graphics-symbol\" aria-hidden=\"true\">\n<path d=\"M0.416 27.84l11.456-11.84-11.456-11.904q-0.832-0.832 0-1.536 0.832-0.832 1.536 0l12.544 12.608q0.768 0.832 0 1.6l-12.544 12.608q-0.704 0.832-1.536 0-0.832-0.704 0-1.536z\"><\/path>\n<\/svg><\/span><\/a><\/div><\/div><\/div><footer class=\"entry-footer\"><div class=\"slide-meta\"><time class='slide-meta-time updated'  itemprop=\"datePublished\" datetime=\"2019-05-06T16:48:39+02:00\" >6 mai 2019<\/time><\/div><\/footer><span class='hidden'>\n\t\t\t\t<span class='av-structured-data'  itemprop=\"image\" itemscope=\"itemscope\" itemtype=\"https:\/\/schema.org\/ImageObject\" >\n\t\t\t\t\t\t<span itemprop='url'>https:\/\/www.transports-coue.fr\/wp-content\/uploads\/2019\/05\/evolutrans-salon-transport-logistic-Munich-juin-2019.png<\/span>\n\t\t\t\t\t\t<span itemprop='height'>182<\/span>\n\t\t\t\t\t\t<span itemprop='width'>424<\/span>\n\t\t\t\t<\/span>\n\t\t\t\t<span class='av-structured-data'  itemprop=\"publisher\" itemtype=\"https:\/\/schema.org\/Organization\" itemscope=\"itemscope\" >\n\t\t\t\t\t\t<span itemprop='name'>Transports Cou\u00e9<\/span>\n\t\t\t\t\t\t<span itemprop='logo' itemscope itemtype='https:\/\/schema.org\/ImageObject'>\n\t\t\t\t\t\t\t<span itemprop='url'>https:\/\/www.transports-coue.fr\/wp-content\/uploads\/2018\/10\/Logo-transports-coue-300x119.png<\/span>\n\t\t\t\t\t\t<\/span>\n\t\t\t\t<\/span><span class='av-structured-data'  itemprop=\"author\" itemscope=\"itemscope\" itemtype=\"https:\/\/schema.org\/Person\" ><span itemprop='name'>Transports Cou\u00e9<\/span><\/span><span class='av-structured-data'  itemprop=\"datePublished\" datetime=\"2018-10-04T10:16:12+02:00\" >2019-05-06 16:48:39<\/span><span class='av-structured-data'  itemprop=\"dateModified\" itemtype=\"https:\/\/schema.org\/dateModified\" >2021-03-31 11:11:26<\/span><span class='av-structured-data'  itemprop=\"mainEntityOfPage\" itemtype=\"https:\/\/schema.org\/mainEntityOfPage\" ><span itemprop='name'>Volupal, marque messagerie palette des Transports Cou\u00e9, au salon Transport Logistic 2019 \u00e0 Munich<\/span><\/span><\/span><\/article><article class='slide-entry flex_column  post-entry post-entry-1879 slide-entry-overview slide-loop-132 slide-parity-odd  av_one_third  real-thumbnail posttype-post post-format-standard'  itemscope=\"itemscope\" itemtype=\"https:\/\/schema.org\/CreativeWork\" ><a href='https:\/\/www.transports-coue.fr\/fr\/transports-coue-au-rdv-de-lemploi-a-laval-le-03-04-2019\/' data-rel='slide-2' class='slide-image' title='Transports Cou\u00e9 au RDV de l&#8217;emploi \u00e0 Laval le 03\/04\/2019'><img decoding=\"async\" fetchpriority=\"high\" width=\"845\" height=\"321\" src=\"https:\/\/www.transports-coue.fr\/wp-content\/uploads\/2019\/03\/transports-coue-au-rdv-emploi-2019-04-03-845x321.jpg\" class=\"wp-image-1991 avia-img-lazy-loading-not-1991 attachment-no scaling size-no scaling wp-post-image\" alt=\"Transports Ciou\u00e9 au RDV de l&#039;emploi le 03 avril 2019\" srcset=\"https:\/\/www.transports-coue.fr\/wp-content\/uploads\/2019\/03\/transports-coue-au-rdv-emploi-2019-04-03-845x321.jpg 845w, https:\/\/www.transports-coue.fr\/wp-content\/uploads\/2019\/03\/transports-coue-au-rdv-emploi-2019-04-03-845x321-80x30.jpg 80w, https:\/\/www.transports-coue.fr\/wp-content\/uploads\/2019\/03\/transports-coue-au-rdv-emploi-2019-04-03-845x321-300x114.jpg 300w, https:\/\/www.transports-coue.fr\/wp-content\/uploads\/2019\/03\/transports-coue-au-rdv-emploi-2019-04-03-845x321-768x292.jpg 768w, https:\/\/www.transports-coue.fr\/wp-content\/uploads\/2019\/03\/transports-coue-au-rdv-emploi-2019-04-03-845x321-705x268.jpg 705w, https:\/\/www.transports-coue.fr\/wp-content\/uploads\/2019\/03\/transports-coue-au-rdv-emploi-2019-04-03-845x321-450x171.jpg 450w\" sizes=\"(max-width: 845px) 100vw, 845px\" \/><\/a><div class=\"slide-content\"><header class=\"entry-content-header\" aria-label=\"Slide: Transports Cou\u00e9 au RDV de l&#039;emploi \u00e0 Laval le 03\/04\/2019\"><h3 class='slide-entry-title entry-title '  itemprop=\"headline\" ><a href='https:\/\/www.transports-coue.fr\/fr\/transports-coue-au-rdv-de-lemploi-a-laval-le-03-04-2019\/' title='Transports Cou\u00e9 au RDV de l&#8217;emploi \u00e0 Laval le 03\/04\/2019'>Transports Cou\u00e9 au RDV de l&#8217;emploi \u00e0 Laval le 03\/04\/2019<\/a><\/h3><span class=\"blog-categories minor-meta\"><a href=\"https:\/\/www.transports-coue.fr\/fr\/category\/actualites\/\" rel=\"tag\">Actualit\u00e9s<\/a>, <a href=\"https:\/\/www.transports-coue.fr\/fr\/category\/actualites\/evenements\/\" rel=\"tag\">Ev\u00e9nements<\/a> <\/span><span class=\"av-vertical-delimiter\"><\/span><\/header><div class='slide-entry-excerpt entry-content'  itemprop=\"text\" >Job dating ! Retrouvez-nous au RDV de l'emploi et de l'alternance \u00e0 Laval (53, Mayenne), le mercredi 03 avril, de 9h30 \u00e0 17h.\nSalle polyvalente \/ Place de Herc\u00e9 \/ Laval&nbsp;\nNos postes \u00e0 pourvoir :\n\n \tM\u00e9canicien PL\n \tConducteurs ZC\n \tConducteurs\u2026<div class=\"read-more-link\"><a href=\"https:\/\/www.transports-coue.fr\/fr\/transports-coue-au-rdv-de-lemploi-a-laval-le-03-04-2019\/\" class=\"more-link\">Lire la suite<span class='more-link-arrow avia-svg-icon avia-font-svg_entypo-fontello' data-av_svg_icon='right-open-big' data-av_iconset='svg_entypo-fontello'><svg version=\"1.1\" xmlns=\"http:\/\/www.w3.org\/2000\/svg\" width=\"15\" height=\"32\" viewBox=\"0 0 15 32\" preserveAspectRatio=\"xMidYMid meet\" role=\"graphics-symbol\" aria-hidden=\"true\">\n<path d=\"M0.416 27.84l11.456-11.84-11.456-11.904q-0.832-0.832 0-1.536 0.832-0.832 1.536 0l12.544 12.608q0.768 0.832 0 1.6l-12.544 12.608q-0.704 0.832-1.536 0-0.832-0.704 0-1.536z\"><\/path>\n<\/svg><\/span><\/a><\/div><\/div><\/div><footer class=\"entry-footer\"><div class=\"slide-meta\"><time class='slide-meta-time updated'  itemprop=\"datePublished\" datetime=\"2019-03-25T09:54:27+01:00\" >25 mars 2019<\/time><\/div><\/footer><span class='hidden'>\n\t\t\t\t<span class='av-structured-data'  itemprop=\"image\" itemscope=\"itemscope\" itemtype=\"https:\/\/schema.org\/ImageObject\" >\n\t\t\t\t\t\t<span itemprop='url'>https:\/\/www.transports-coue.fr\/wp-content\/uploads\/2019\/03\/transports-coue-au-rdv-emploi-2019-04-03-845x321.jpg<\/span>\n\t\t\t\t\t\t<span itemprop='height'>321<\/span>\n\t\t\t\t\t\t<span itemprop='width'>845<\/span>\n\t\t\t\t<\/span>\n\t\t\t\t<span class='av-structured-data'  itemprop=\"publisher\" itemtype=\"https:\/\/schema.org\/Organization\" itemscope=\"itemscope\" >\n\t\t\t\t\t\t<span itemprop='name'>Transports Cou\u00e9<\/span>\n\t\t\t\t\t\t<span itemprop='logo' itemscope itemtype='https:\/\/schema.org\/ImageObject'>\n\t\t\t\t\t\t\t<span itemprop='url'>https:\/\/www.transports-coue.fr\/wp-content\/uploads\/2018\/10\/Logo-transports-coue-300x119.png<\/span>\n\t\t\t\t\t\t<\/span>\n\t\t\t\t<\/span><span class='av-structured-data'  itemprop=\"author\" itemscope=\"itemscope\" itemtype=\"https:\/\/schema.org\/Person\" ><span itemprop='name'>Transports Cou\u00e9<\/span><\/span><span class='av-structured-data'  itemprop=\"datePublished\" datetime=\"2018-10-04T10:16:12+02:00\" >2019-03-25 09:54:27<\/span><span class='av-structured-data'  itemprop=\"dateModified\" itemtype=\"https:\/\/schema.org\/dateModified\" >2021-03-31 11:36:48<\/span><span class='av-structured-data'  itemprop=\"mainEntityOfPage\" itemtype=\"https:\/\/schema.org\/mainEntityOfPage\" ><span itemprop='name'>Transports Cou\u00e9 au RDV de l&#8217;emploi \u00e0 Laval le 03\/04\/2019<\/span><\/span><\/span><\/article><\/div><div class=\"slide-entry-wrap\"><article class='slide-entry flex_column  post-entry post-entry-893 slide-entry-overview slide-loop-133 slide-parity-odd  av_one_third first real-thumbnail posttype-post post-format-standard'  itemscope=\"itemscope\" itemtype=\"https:\/\/schema.org\/CreativeWork\" ><a href='https:\/\/www.transports-coue.fr\/fr\/transports-coue-organisateur-dune-conference-au-sitl-logistique-des-matieres-dangereuses\/' data-rel='slide-2' class='slide-image' title='Transports Cou\u00e9 organisateur d&rsquo;une conf\u00e9rence au SITL : logistique des mati\u00e8res dangereuses'><img decoding=\"async\" fetchpriority=\"high\" width=\"1400\" height=\"583\" src=\"https:\/\/www.transports-coue.fr\/wp-content\/uploads\/2019\/02\/Sitl-logo-e1551955857775.jpg\" class=\"wp-image-709 avia-img-lazy-loading-not-709 attachment-no scaling size-no scaling wp-post-image\" alt=\"Logo SITL participation Transports Cou\u00e9\" \/><\/a><div class=\"slide-content\"><header class=\"entry-content-header\" aria-label=\"Slide: Transports Cou\u00e9 organisateur d&#039;une conf\u00e9rence au SITL : logistique des mati\u00e8res dangereuses\"><h3 class='slide-entry-title entry-title '  itemprop=\"headline\" ><a href='https:\/\/www.transports-coue.fr\/fr\/transports-coue-organisateur-dune-conference-au-sitl-logistique-des-matieres-dangereuses\/' title='Transports Cou\u00e9 organisateur d&rsquo;une conf\u00e9rence au SITL : logistique des mati\u00e8res dangereuses'>Transports Cou\u00e9 organisateur d&rsquo;une conf\u00e9rence au SITL : logistique des mati\u00e8res dangereuses<\/a><\/h3><span class=\"blog-categories minor-meta\"><a href=\"https:\/\/www.transports-coue.fr\/fr\/category\/actualites\/\" rel=\"tag\">Actualit\u00e9s<\/a>, <a href=\"https:\/\/www.transports-coue.fr\/fr\/category\/actualites\/evenements\/\" rel=\"tag\">Ev\u00e9nements<\/a>, <a href=\"https:\/\/www.transports-coue.fr\/fr\/category\/actualites\/evenements\/evenements-logistique\/\" rel=\"tag\">Ev\u00e9nements Logistique<\/a> <\/span><span class=\"av-vertical-delimiter\"><\/span><\/header><div class='slide-entry-excerpt entry-content'  itemprop=\"text\" >Lors du salon SITL, nous organisons une conf\u00e9rence sur les solutions d'externalisation logistique de mati\u00e8res dangereuses et produits sensibles. Elle se tiendra \u00e0 l'Attelier 1 de 13h15 \u00e0 13h45.\n\nNos services Logistiques : https:\/\/www.tr\u2026<div class=\"read-more-link\"><a href=\"https:\/\/www.transports-coue.fr\/fr\/transports-coue-organisateur-dune-conference-au-sitl-logistique-des-matieres-dangereuses\/\" class=\"more-link\">Lire la suite<span class='more-link-arrow avia-svg-icon avia-font-svg_entypo-fontello' data-av_svg_icon='right-open-big' data-av_iconset='svg_entypo-fontello'><svg version=\"1.1\" xmlns=\"http:\/\/www.w3.org\/2000\/svg\" width=\"15\" height=\"32\" viewBox=\"0 0 15 32\" preserveAspectRatio=\"xMidYMid meet\" role=\"graphics-symbol\" aria-hidden=\"true\">\n<path d=\"M0.416 27.84l11.456-11.84-11.456-11.904q-0.832-0.832 0-1.536 0.832-0.832 1.536 0l12.544 12.608q0.768 0.832 0 1.6l-12.544 12.608q-0.704 0.832-1.536 0-0.832-0.704 0-1.536z\"><\/path>\n<\/svg><\/span><\/a><\/div><\/div><\/div><footer class=\"entry-footer\"><div class=\"slide-meta\"><time class='slide-meta-time updated'  itemprop=\"datePublished\" datetime=\"2019-03-04T15:09:29+01:00\" >4 mars 2019<\/time><\/div><\/footer><span class='hidden'>\n\t\t\t\t<span class='av-structured-data'  itemprop=\"image\" itemscope=\"itemscope\" itemtype=\"https:\/\/schema.org\/ImageObject\" >\n\t\t\t\t\t\t<span itemprop='url'>https:\/\/www.transports-coue.fr\/wp-content\/uploads\/2019\/02\/Sitl-logo-e1551955857775.jpg<\/span>\n\t\t\t\t\t\t<span itemprop='height'>583<\/span>\n\t\t\t\t\t\t<span itemprop='width'>1400<\/span>\n\t\t\t\t<\/span>\n\t\t\t\t<span class='av-structured-data'  itemprop=\"publisher\" itemtype=\"https:\/\/schema.org\/Organization\" itemscope=\"itemscope\" >\n\t\t\t\t\t\t<span itemprop='name'>Transports Cou\u00e9<\/span>\n\t\t\t\t\t\t<span itemprop='logo' itemscope itemtype='https:\/\/schema.org\/ImageObject'>\n\t\t\t\t\t\t\t<span itemprop='url'>https:\/\/www.transports-coue.fr\/wp-content\/uploads\/2018\/10\/Logo-transports-coue-300x119.png<\/span>\n\t\t\t\t\t\t<\/span>\n\t\t\t\t<\/span><span class='av-structured-data'  itemprop=\"author\" itemscope=\"itemscope\" itemtype=\"https:\/\/schema.org\/Person\" ><span itemprop='name'>Transports Cou\u00e9<\/span><\/span><span class='av-structured-data'  itemprop=\"datePublished\" datetime=\"2018-10-04T10:16:12+02:00\" >2019-03-04 15:09:29<\/span><span class='av-structured-data'  itemprop=\"dateModified\" itemtype=\"https:\/\/schema.org\/dateModified\" >2021-05-24 12:33:01<\/span><span class='av-structured-data'  itemprop=\"mainEntityOfPage\" itemtype=\"https:\/\/schema.org\/mainEntityOfPage\" ><span itemprop='name'>Transports Cou\u00e9 organisateur d&rsquo;une conf\u00e9rence au SITL : logistique des mati\u00e8res dangereuses<\/span><\/span><\/span><\/article><article class='slide-entry flex_column  post-entry post-entry-692 slide-entry-overview slide-loop-134 slide-parity-even  av_one_third  real-thumbnail posttype-post post-format-standard'  itemscope=\"itemscope\" itemtype=\"https:\/\/schema.org\/CreativeWork\" ><a href='https:\/\/www.transports-coue.fr\/fr\/transports-coue-au-salon-sitl-2019-du-26-au-28-mars\/' data-rel='slide-2' class='slide-image' title='Transports Cou\u00e9 au salon SITL 2019 du 26 au 28 mars'><img decoding=\"async\" fetchpriority=\"high\" width=\"1400\" height=\"583\" src=\"https:\/\/www.transports-coue.fr\/wp-content\/uploads\/2019\/02\/Sitl-logo-e1551955857775.jpg\" class=\"wp-image-709 avia-img-lazy-loading-not-709 attachment-no scaling size-no scaling wp-post-image\" alt=\"Logo SITL participation Transports Cou\u00e9\" \/><\/a><div class=\"slide-content\"><header class=\"entry-content-header\" aria-label=\"Slide: Transports Cou\u00e9 au salon SITL 2019 du 26 au 28 mars\"><h3 class='slide-entry-title entry-title '  itemprop=\"headline\" ><a href='https:\/\/www.transports-coue.fr\/fr\/transports-coue-au-salon-sitl-2019-du-26-au-28-mars\/' title='Transports Cou\u00e9 au salon SITL 2019 du 26 au 28 mars'>Transports Cou\u00e9 au salon SITL 2019 du 26 au 28 mars<\/a><\/h3><span class=\"blog-categories minor-meta\"><a href=\"https:\/\/www.transports-coue.fr\/fr\/category\/actualites\/\" rel=\"tag\">Actualit\u00e9s<\/a>, <a href=\"https:\/\/www.transports-coue.fr\/fr\/category\/actualites\/evenements\/\" rel=\"tag\">Ev\u00e9nements<\/a>, <a href=\"https:\/\/www.transports-coue.fr\/fr\/category\/actualites\/evenements\/evenements-logistique\/\" rel=\"tag\">Ev\u00e9nements Logistique<\/a> <\/span><span class=\"av-vertical-delimiter\"><\/span><\/header><div class='slide-entry-excerpt entry-content'  itemprop=\"text\" >Les Transports Cou\u00e9 participent au salon SITL du 26 au 28 mars 2019, Paris Porte de Versailles, Hall 1 Stand M25.\n\n&nbsp;\n\n<div class=\"read-more-link\"><a href=\"https:\/\/www.transports-coue.fr\/fr\/transports-coue-au-salon-sitl-2019-du-26-au-28-mars\/\" class=\"more-link\">Lire la suite<span class='more-link-arrow avia-svg-icon avia-font-svg_entypo-fontello' data-av_svg_icon='right-open-big' data-av_iconset='svg_entypo-fontello'><svg version=\"1.1\" xmlns=\"http:\/\/www.w3.org\/2000\/svg\" width=\"15\" height=\"32\" viewBox=\"0 0 15 32\" preserveAspectRatio=\"xMidYMid meet\" role=\"graphics-symbol\" aria-hidden=\"true\">\n<path d=\"M0.416 27.84l11.456-11.84-11.456-11.904q-0.832-0.832 0-1.536 0.832-0.832 1.536 0l12.544 12.608q0.768 0.832 0 1.6l-12.544 12.608q-0.704 0.832-1.536 0-0.832-0.704 0-1.536z\"><\/path>\n<\/svg><\/span><\/a><\/div><\/div><\/div><footer class=\"entry-footer\"><div class=\"slide-meta\"><time class='slide-meta-time updated'  itemprop=\"datePublished\" datetime=\"2019-02-25T17:32:57+01:00\" >25 f\u00e9vrier 2019<\/time><\/div><\/footer><span class='hidden'>\n\t\t\t\t<span class='av-structured-data'  itemprop=\"image\" itemscope=\"itemscope\" itemtype=\"https:\/\/schema.org\/ImageObject\" >\n\t\t\t\t\t\t<span itemprop='url'>https:\/\/www.transports-coue.fr\/wp-content\/uploads\/2019\/02\/Sitl-logo-e1551955857775.jpg<\/span>\n\t\t\t\t\t\t<span itemprop='height'>583<\/span>\n\t\t\t\t\t\t<span itemprop='width'>1400<\/span>\n\t\t\t\t<\/span>\n\t\t\t\t<span class='av-structured-data'  itemprop=\"publisher\" itemtype=\"https:\/\/schema.org\/Organization\" itemscope=\"itemscope\" >\n\t\t\t\t\t\t<span itemprop='name'>Transports Cou\u00e9<\/span>\n\t\t\t\t\t\t<span itemprop='logo' itemscope itemtype='https:\/\/schema.org\/ImageObject'>\n\t\t\t\t\t\t\t<span itemprop='url'>https:\/\/www.transports-coue.fr\/wp-content\/uploads\/2018\/10\/Logo-transports-coue-300x119.png<\/span>\n\t\t\t\t\t\t<\/span>\n\t\t\t\t<\/span><span class='av-structured-data'  itemprop=\"author\" itemscope=\"itemscope\" itemtype=\"https:\/\/schema.org\/Person\" ><span itemprop='name'>Transports Cou\u00e9<\/span><\/span><span class='av-structured-data'  itemprop=\"datePublished\" datetime=\"2018-10-04T10:16:12+02:00\" >2019-02-25 17:32:57<\/span><span class='av-structured-data'  itemprop=\"dateModified\" itemtype=\"https:\/\/schema.org\/dateModified\" >2021-03-11 10:46:37<\/span><span class='av-structured-data'  itemprop=\"mainEntityOfPage\" itemtype=\"https:\/\/schema.org\/mainEntityOfPage\" ><span itemprop='name'>Transports Cou\u00e9 au salon SITL 2019 du 26 au 28 mars<\/span><\/span><\/span><\/article><article class='slide-entry flex_column  post-entry post-entry-289 slide-entry-overview slide-loop-135 slide-parity-odd  av_one_third  real-thumbnail posttype-post post-format-standard'  itemscope=\"itemscope\" itemtype=\"https:\/\/schema.org\/CreativeWork\" ><a href='https:\/\/www.transports-coue.fr\/fr\/les-transports-coue-au-salon-artibat-2018-stand-10b-k44\/' data-rel='slide-2' class='slide-image' title='Les Transports Cou\u00e9 au salon Artibat 2018 stand 10B K44'><img decoding=\"async\" fetchpriority=\"high\" width=\"845\" height=\"321\" src=\"https:\/\/www.transports-coue.fr\/wp-content\/uploads\/2019\/06\/transports-coue-au-salon-artibat-2018.jpg\" class=\"wp-image-2160 avia-img-lazy-loading-not-2160 attachment-no scaling size-no scaling wp-post-image\" alt=\"\" srcset=\"https:\/\/www.transports-coue.fr\/wp-content\/uploads\/2019\/06\/transports-coue-au-salon-artibat-2018.jpg 845w, https:\/\/www.transports-coue.fr\/wp-content\/uploads\/2019\/06\/transports-coue-au-salon-artibat-2018-80x30.jpg 80w, https:\/\/www.transports-coue.fr\/wp-content\/uploads\/2019\/06\/transports-coue-au-salon-artibat-2018-300x114.jpg 300w, https:\/\/www.transports-coue.fr\/wp-content\/uploads\/2019\/06\/transports-coue-au-salon-artibat-2018-768x292.jpg 768w, https:\/\/www.transports-coue.fr\/wp-content\/uploads\/2019\/06\/transports-coue-au-salon-artibat-2018-705x268.jpg 705w, https:\/\/www.transports-coue.fr\/wp-content\/uploads\/2019\/06\/transports-coue-au-salon-artibat-2018-450x171.jpg 450w\" sizes=\"(max-width: 845px) 100vw, 845px\" \/><\/a><div class=\"slide-content\"><header class=\"entry-content-header\" aria-label=\"Slide: Les Transports Cou\u00e9 au salon Artibat 2018 stand 10B K44\"><h3 class='slide-entry-title entry-title '  itemprop=\"headline\" ><a href='https:\/\/www.transports-coue.fr\/fr\/les-transports-coue-au-salon-artibat-2018-stand-10b-k44\/' title='Les Transports Cou\u00e9 au salon Artibat 2018 stand 10B K44'>Les Transports Cou\u00e9 au salon Artibat 2018 stand 10B K44<\/a><\/h3><span class=\"blog-categories minor-meta\"><a href=\"https:\/\/www.transports-coue.fr\/fr\/category\/actualites\/\" rel=\"tag\">Actualit\u00e9s<\/a>, <a href=\"https:\/\/www.transports-coue.fr\/fr\/category\/actualites\/evenements\/\" rel=\"tag\">Ev\u00e9nements<\/a>, <a href=\"https:\/\/www.transports-coue.fr\/fr\/category\/actualites\/evenements\/evenements-logistique\/\" rel=\"tag\">Ev\u00e9nements Logistique<\/a> <\/span><span class=\"av-vertical-delimiter\"><\/span><\/header><div class='slide-entry-excerpt entry-content'  itemprop=\"text\" >Retrouvez les Transports Cou\u00e9 au salon ARTIBAT 2018, le salon de la construction, du BTP, au parc des expositions \u00e0 Rennes, du 24 au 26 octobre 2018.<div class=\"read-more-link\"><a href=\"https:\/\/www.transports-coue.fr\/fr\/les-transports-coue-au-salon-artibat-2018-stand-10b-k44\/\" class=\"more-link\">Lire la suite<span class='more-link-arrow avia-svg-icon avia-font-svg_entypo-fontello' data-av_svg_icon='right-open-big' data-av_iconset='svg_entypo-fontello'><svg version=\"1.1\" xmlns=\"http:\/\/www.w3.org\/2000\/svg\" width=\"15\" height=\"32\" viewBox=\"0 0 15 32\" preserveAspectRatio=\"xMidYMid meet\" role=\"graphics-symbol\" aria-hidden=\"true\">\n<path d=\"M0.416 27.84l11.456-11.84-11.456-11.904q-0.832-0.832 0-1.536 0.832-0.832 1.536 0l12.544 12.608q0.768 0.832 0 1.6l-12.544 12.608q-0.704 0.832-1.536 0-0.832-0.704 0-1.536z\"><\/path>\n<\/svg><\/span><\/a><\/div><\/div><\/div><footer class=\"entry-footer\"><div class=\"slide-meta\"><time class='slide-meta-time updated'  itemprop=\"datePublished\" datetime=\"2018-08-28T14:15:04+02:00\" >28 ao\u00fbt 2018<\/time><div class=\"slide-meta-del\">\/<\/div><div class=\"slide-meta-comments\"><a href='https:\/\/www.transports-coue.fr\/fr\/les-transports-coue-au-salon-artibat-2018-stand-10b-k44\/#respond'>0 Commentaires<\/a><\/div><\/div><\/footer><span class='hidden'>\n\t\t\t\t<span class='av-structured-data'  itemprop=\"image\" itemscope=\"itemscope\" itemtype=\"https:\/\/schema.org\/ImageObject\" >\n\t\t\t\t\t\t<span itemprop='url'>https:\/\/www.transports-coue.fr\/wp-content\/uploads\/2019\/06\/transports-coue-au-salon-artibat-2018.jpg<\/span>\n\t\t\t\t\t\t<span itemprop='height'>321<\/span>\n\t\t\t\t\t\t<span itemprop='width'>845<\/span>\n\t\t\t\t<\/span>\n\t\t\t\t<span class='av-structured-data'  itemprop=\"publisher\" itemtype=\"https:\/\/schema.org\/Organization\" itemscope=\"itemscope\" >\n\t\t\t\t\t\t<span itemprop='name'>wp_admin<\/span>\n\t\t\t\t\t\t<span itemprop='logo' itemscope itemtype='https:\/\/schema.org\/ImageObject'>\n\t\t\t\t\t\t\t<span itemprop='url'>https:\/\/www.transports-coue.fr\/wp-content\/uploads\/2018\/10\/Logo-transports-coue-300x119.png<\/span>\n\t\t\t\t\t\t<\/span>\n\t\t\t\t<\/span><span class='av-structured-data'  itemprop=\"author\" itemscope=\"itemscope\" itemtype=\"https:\/\/schema.org\/Person\" ><span itemprop='name'>wp_admin<\/span><\/span><span class='av-structured-data'  itemprop=\"datePublished\" datetime=\"2018-10-04T10:16:12+02:00\" >2018-08-28 14:15:04<\/span><span class='av-structured-data'  itemprop=\"dateModified\" itemtype=\"https:\/\/schema.org\/dateModified\" >2021-05-24 12:35:03<\/span><span class='av-structured-data'  itemprop=\"mainEntityOfPage\" itemtype=\"https:\/\/schema.org\/mainEntityOfPage\" ><span itemprop='name'>Les Transports Cou\u00e9 au salon Artibat 2018 stand 10B K44<\/span><\/span><\/span><\/article><\/div><div class=\"slide-entry-wrap\"><article class='slide-entry flex_column  post-entry post-entry-284 slide-entry-overview slide-loop-136 slide-parity-odd  av_one_third first real-thumbnail posttype-post post-format-standard'  itemscope=\"itemscope\" itemtype=\"https:\/\/schema.org\/CreativeWork\" ><a href='https:\/\/www.transports-coue.fr\/fr\/les-transports-coue-seront-au-salont-top-transport-europe-2018-avec-otms\/' data-rel='slide-2' class='slide-image' title='Les Transports Cou\u00e9 seront au Salon Top Transport Europe 2018 avec OTMS'><img decoding=\"async\" fetchpriority=\"high\" width=\"845\" height=\"322\" src=\"https:\/\/www.transports-coue.fr\/wp-content\/uploads\/2019\/06\/otms-top-transport-2018-845x322.jpg\" class=\"wp-image-2163 avia-img-lazy-loading-not-2163 attachment-no scaling size-no scaling wp-post-image\" alt=\"OTMS au salon Top Transport avec son partenaire Transports Cou\u00e9\" srcset=\"https:\/\/www.transports-coue.fr\/wp-content\/uploads\/2019\/06\/otms-top-transport-2018-845x322.jpg 845w, https:\/\/www.transports-coue.fr\/wp-content\/uploads\/2019\/06\/otms-top-transport-2018-845x322-80x30.jpg 80w, https:\/\/www.transports-coue.fr\/wp-content\/uploads\/2019\/06\/otms-top-transport-2018-845x322-300x114.jpg 300w, https:\/\/www.transports-coue.fr\/wp-content\/uploads\/2019\/06\/otms-top-transport-2018-845x322-768x293.jpg 768w, https:\/\/www.transports-coue.fr\/wp-content\/uploads\/2019\/06\/otms-top-transport-2018-845x322-705x269.jpg 705w, https:\/\/www.transports-coue.fr\/wp-content\/uploads\/2019\/06\/otms-top-transport-2018-845x322-450x171.jpg 450w\" sizes=\"(max-width: 845px) 100vw, 845px\" \/><\/a><div class=\"slide-content\"><header class=\"entry-content-header\" aria-label=\"Slide: Les Transports Cou\u00e9 seront au Salon Top Transport Europe 2018 avec OTMS\"><h3 class='slide-entry-title entry-title '  itemprop=\"headline\" ><a href='https:\/\/www.transports-coue.fr\/fr\/les-transports-coue-seront-au-salont-top-transport-europe-2018-avec-otms\/' title='Les Transports Cou\u00e9 seront au Salon Top Transport Europe 2018 avec OTMS'>Les Transports Cou\u00e9 seront au Salon Top Transport Europe 2018 avec OTMS<\/a><\/h3><span class=\"blog-categories minor-meta\"><a href=\"https:\/\/www.transports-coue.fr\/fr\/category\/actualites\/\" rel=\"tag\">Actualit\u00e9s<\/a>, <a href=\"https:\/\/www.transports-coue.fr\/fr\/category\/actualites\/evenements\/\" rel=\"tag\">Ev\u00e9nements<\/a> <\/span><span class=\"av-vertical-delimiter\"><\/span><\/header><div class='slide-entry-excerpt entry-content'  itemprop=\"text\" >Avec notre partenaire&nbsp;OTMS, nous participons \u00e0 nouveau au Salon Top Transport Europe les 17 et 18 octobre 2018 \u00e0 Marseille : l'opportunit\u00e9 de promouvoir nos prestations au cours de rendez-vous planifi\u00e9s avec des d\u00e9cideurs de grands\u2026<div class=\"read-more-link\"><a href=\"https:\/\/www.transports-coue.fr\/fr\/les-transports-coue-seront-au-salont-top-transport-europe-2018-avec-otms\/\" class=\"more-link\">Lire la suite<span class='more-link-arrow avia-svg-icon avia-font-svg_entypo-fontello' data-av_svg_icon='right-open-big' data-av_iconset='svg_entypo-fontello'><svg version=\"1.1\" xmlns=\"http:\/\/www.w3.org\/2000\/svg\" width=\"15\" height=\"32\" viewBox=\"0 0 15 32\" preserveAspectRatio=\"xMidYMid meet\" role=\"graphics-symbol\" aria-hidden=\"true\">\n<path d=\"M0.416 27.84l11.456-11.84-11.456-11.904q-0.832-0.832 0-1.536 0.832-0.832 1.536 0l12.544 12.608q0.768 0.832 0 1.6l-12.544 12.608q-0.704 0.832-1.536 0-0.832-0.704 0-1.536z\"><\/path>\n<\/svg><\/span><\/a><\/div><\/div><\/div><footer class=\"entry-footer\"><div class=\"slide-meta\"><time class='slide-meta-time updated'  itemprop=\"datePublished\" datetime=\"2018-08-24T14:14:06+02:00\" >24 ao\u00fbt 2018<\/time><div class=\"slide-meta-del\">\/<\/div><div class=\"slide-meta-comments\"><a href='https:\/\/www.transports-coue.fr\/fr\/les-transports-coue-seront-au-salont-top-transport-europe-2018-avec-otms\/#respond'>0 Commentaires<\/a><\/div><\/div><\/footer><span class='hidden'>\n\t\t\t\t<span class='av-structured-data'  itemprop=\"image\" itemscope=\"itemscope\" itemtype=\"https:\/\/schema.org\/ImageObject\" >\n\t\t\t\t\t\t<span itemprop='url'>https:\/\/www.transports-coue.fr\/wp-content\/uploads\/2019\/06\/otms-top-transport-2018-845x322.jpg<\/span>\n\t\t\t\t\t\t<span itemprop='height'>322<\/span>\n\t\t\t\t\t\t<span itemprop='width'>845<\/span>\n\t\t\t\t<\/span>\n\t\t\t\t<span class='av-structured-data'  itemprop=\"publisher\" itemtype=\"https:\/\/schema.org\/Organization\" itemscope=\"itemscope\" >\n\t\t\t\t\t\t<span itemprop='name'>wp_admin<\/span>\n\t\t\t\t\t\t<span itemprop='logo' itemscope itemtype='https:\/\/schema.org\/ImageObject'>\n\t\t\t\t\t\t\t<span itemprop='url'>https:\/\/www.transports-coue.fr\/wp-content\/uploads\/2018\/10\/Logo-transports-coue-300x119.png<\/span>\n\t\t\t\t\t\t<\/span>\n\t\t\t\t<\/span><span class='av-structured-data'  itemprop=\"author\" itemscope=\"itemscope\" itemtype=\"https:\/\/schema.org\/Person\" ><span itemprop='name'>wp_admin<\/span><\/span><span class='av-structured-data'  itemprop=\"datePublished\" datetime=\"2018-10-04T10:16:12+02:00\" >2018-08-24 14:14:06<\/span><span class='av-structured-data'  itemprop=\"dateModified\" itemtype=\"https:\/\/schema.org\/dateModified\" >2021-03-31 11:40:10<\/span><span class='av-structured-data'  itemprop=\"mainEntityOfPage\" itemtype=\"https:\/\/schema.org\/mainEntityOfPage\" ><span itemprop='name'>Les Transports Cou\u00e9 seront au Salon Top Transport Europe 2018 avec OTMS<\/span><\/span><\/span><\/article><article class='slide-entry flex_column  post-entry post-entry-237 slide-entry-overview slide-loop-137 slide-parity-even  av_one_third  real-thumbnail posttype-post post-format-standard'  itemscope=\"itemscope\" itemtype=\"https:\/\/schema.org\/CreativeWork\" ><a href='https:\/\/www.transports-coue.fr\/fr\/transports-coue-participent-au-concours-du-conducteur-de-lannee-2018\/' data-rel='slide-2' class='slide-image' title='Transports Cou\u00e9 participent au concours du Conducteur de l&rsquo;ann\u00e9e 2018'><img decoding=\"async\" fetchpriority=\"high\" width=\"600\" height=\"277\" src=\"https:\/\/www.transports-coue.fr\/wp-content\/uploads\/2018\/10\/Unknown-1-3-e1552041933189.png\" class=\"wp-image-238 avia-img-lazy-loading-not-238 attachment-no scaling size-no scaling wp-post-image\" alt=\"Transports Cou\u00e9 participent au concours conducteur de l&#039;ann\u00e9e 2018\" \/><\/a><div class=\"slide-content\"><header class=\"entry-content-header\" aria-label=\"Slide: Transports Cou\u00e9 participent au concours du Conducteur de l&#039;ann\u00e9e 2018\"><h3 class='slide-entry-title entry-title '  itemprop=\"headline\" ><a href='https:\/\/www.transports-coue.fr\/fr\/transports-coue-participent-au-concours-du-conducteur-de-lannee-2018\/' title='Transports Cou\u00e9 participent au concours du Conducteur de l&rsquo;ann\u00e9e 2018'>Transports Cou\u00e9 participent au concours du Conducteur de l&rsquo;ann\u00e9e 2018<\/a><\/h3><span class=\"blog-categories minor-meta\"><a href=\"https:\/\/www.transports-coue.fr\/fr\/category\/actualites\/\" rel=\"tag\">Actualit\u00e9s<\/a>, <a href=\"https:\/\/www.transports-coue.fr\/fr\/category\/actualites\/evenements\/\" rel=\"tag\">Ev\u00e9nements<\/a> <\/span><span class=\"av-vertical-delimiter\"><\/span><\/header><div class='slide-entry-excerpt entry-content'  itemprop=\"text\" >Avec ses 12 points obligatoires au permis et sa conduite performante au quotidien, David SCHREIBER a \u00e9t\u00e9 choisi parmi plusieurs postulants pour repr\u00e9senter les couleurs des Transports Cou\u00e9 au concours du Conducteur de l'ann\u00e9e 2018. Il a\u2026<div class=\"read-more-link\"><a href=\"https:\/\/www.transports-coue.fr\/fr\/transports-coue-participent-au-concours-du-conducteur-de-lannee-2018\/\" class=\"more-link\">Lire la suite<span class='more-link-arrow avia-svg-icon avia-font-svg_entypo-fontello' data-av_svg_icon='right-open-big' data-av_iconset='svg_entypo-fontello'><svg version=\"1.1\" xmlns=\"http:\/\/www.w3.org\/2000\/svg\" width=\"15\" height=\"32\" viewBox=\"0 0 15 32\" preserveAspectRatio=\"xMidYMid meet\" role=\"graphics-symbol\" aria-hidden=\"true\">\n<path d=\"M0.416 27.84l11.456-11.84-11.456-11.904q-0.832-0.832 0-1.536 0.832-0.832 1.536 0l12.544 12.608q0.768 0.832 0 1.6l-12.544 12.608q-0.704 0.832-1.536 0-0.832-0.704 0-1.536z\"><\/path>\n<\/svg><\/span><\/a><\/div><\/div><\/div><footer class=\"entry-footer\"><div class=\"slide-meta\"><time class='slide-meta-time updated'  itemprop=\"datePublished\" datetime=\"2018-03-26T11:25:26+02:00\" >26 mars 2018<\/time><div class=\"slide-meta-del\">\/<\/div><div class=\"slide-meta-comments\"><a href='https:\/\/www.transports-coue.fr\/fr\/transports-coue-participent-au-concours-du-conducteur-de-lannee-2018\/#respond'>0 Commentaires<\/a><\/div><\/div><\/footer><span class='hidden'>\n\t\t\t\t<span class='av-structured-data'  itemprop=\"image\" itemscope=\"itemscope\" itemtype=\"https:\/\/schema.org\/ImageObject\" >\n\t\t\t\t\t\t<span itemprop='url'>https:\/\/www.transports-coue.fr\/wp-content\/uploads\/2018\/10\/Unknown-1-3-e1552041933189.png<\/span>\n\t\t\t\t\t\t<span itemprop='height'>277<\/span>\n\t\t\t\t\t\t<span itemprop='width'>600<\/span>\n\t\t\t\t<\/span>\n\t\t\t\t<span class='av-structured-data'  itemprop=\"publisher\" itemtype=\"https:\/\/schema.org\/Organization\" itemscope=\"itemscope\" >\n\t\t\t\t\t\t<span itemprop='name'>wp_admin<\/span>\n\t\t\t\t\t\t<span itemprop='logo' itemscope itemtype='https:\/\/schema.org\/ImageObject'>\n\t\t\t\t\t\t\t<span itemprop='url'>https:\/\/www.transports-coue.fr\/wp-content\/uploads\/2018\/10\/Logo-transports-coue-300x119.png<\/span>\n\t\t\t\t\t\t<\/span>\n\t\t\t\t<\/span><span class='av-structured-data'  itemprop=\"author\" itemscope=\"itemscope\" itemtype=\"https:\/\/schema.org\/Person\" ><span itemprop='name'>wp_admin<\/span><\/span><span class='av-structured-data'  itemprop=\"datePublished\" datetime=\"2018-10-04T10:16:12+02:00\" >2018-03-26 11:25:26<\/span><span class='av-structured-data'  itemprop=\"dateModified\" itemtype=\"https:\/\/schema.org\/dateModified\" >2021-05-24 12:42:21<\/span><span class='av-structured-data'  itemprop=\"mainEntityOfPage\" itemtype=\"https:\/\/schema.org\/mainEntityOfPage\" ><span itemprop='name'>Transports Cou\u00e9 participent au concours du Conducteur de l&rsquo;ann\u00e9e 2018<\/span><\/span><\/span><\/article><article class='slide-entry flex_column  post-entry post-entry-233 slide-entry-overview slide-loop-138 slide-parity-odd  av_one_third  real-thumbnail posttype-post post-format-standard'  itemscope=\"itemscope\" itemtype=\"https:\/\/schema.org\/CreativeWork\" ><a href='https:\/\/www.transports-coue.fr\/fr\/transports-coue-aux-rendez-vous-de-lemploi-a-laval-mayenne-53\/' data-rel='slide-2' class='slide-image' title='Transports Cou\u00e9 aux rendez vous de l&#8217;emploi \u00e0 Laval (Mayenne, 53)'><img decoding=\"async\" fetchpriority=\"high\" width=\"207\" height=\"194\" src=\"https:\/\/www.transports-coue.fr\/wp-content\/uploads\/2019\/03\/logoLSE.png\" class=\"wp-image-1110 avia-img-lazy-loading-not-1110 attachment-no scaling size-no scaling wp-post-image\" alt=\"La Semaine de L&#039;emploi\" srcset=\"https:\/\/www.transports-coue.fr\/wp-content\/uploads\/2019\/03\/logoLSE.png 207w, https:\/\/www.transports-coue.fr\/wp-content\/uploads\/2019\/03\/logoLSE-80x75.png 80w\" sizes=\"(max-width: 207px) 100vw, 207px\" \/><\/a><div class=\"slide-content\"><header class=\"entry-content-header\" aria-label=\"Slide: Transports Cou\u00e9 aux rendez vous de l&#039;emploi \u00e0 Laval (Mayenne, 53)\"><h3 class='slide-entry-title entry-title '  itemprop=\"headline\" ><a href='https:\/\/www.transports-coue.fr\/fr\/transports-coue-aux-rendez-vous-de-lemploi-a-laval-mayenne-53\/' title='Transports Cou\u00e9 aux rendez vous de l&#8217;emploi \u00e0 Laval (Mayenne, 53)'>Transports Cou\u00e9 aux rendez vous de l&#8217;emploi \u00e0 Laval (Mayenne, 53)<\/a><\/h3><span class=\"blog-categories minor-meta\"><a href=\"https:\/\/www.transports-coue.fr\/fr\/category\/actualites\/\" rel=\"tag\">Actualit\u00e9s<\/a>, <a href=\"https:\/\/www.transports-coue.fr\/fr\/category\/actualites\/evenements\/\" rel=\"tag\">Ev\u00e9nements<\/a> <\/span><span class=\"av-vertical-delimiter\"><\/span><\/header><div class='slide-entry-excerpt entry-content'  itemprop=\"text\" >Organis\u00e9s \u00e0 Laval, nous avons particip\u00e9 aux Rendez-vous de l'emploi pour enrichir notre \u00e9quipe de nouveaux talents.\n\nConsultez nos offres d'emploi : https:\/\/www.transports-coue.fr\/fr\/recrutement\/\n\n<div class=\"read-more-link\"><a href=\"https:\/\/www.transports-coue.fr\/fr\/transports-coue-aux-rendez-vous-de-lemploi-a-laval-mayenne-53\/\" class=\"more-link\">Lire la suite<span class='more-link-arrow avia-svg-icon avia-font-svg_entypo-fontello' data-av_svg_icon='right-open-big' data-av_iconset='svg_entypo-fontello'><svg version=\"1.1\" xmlns=\"http:\/\/www.w3.org\/2000\/svg\" width=\"15\" height=\"32\" viewBox=\"0 0 15 32\" preserveAspectRatio=\"xMidYMid meet\" role=\"graphics-symbol\" aria-hidden=\"true\">\n<path d=\"M0.416 27.84l11.456-11.84-11.456-11.904q-0.832-0.832 0-1.536 0.832-0.832 1.536 0l12.544 12.608q0.768 0.832 0 1.6l-12.544 12.608q-0.704 0.832-1.536 0-0.832-0.704 0-1.536z\"><\/path>\n<\/svg><\/span><\/a><\/div><\/div><\/div><footer class=\"entry-footer\"><div class=\"slide-meta\"><time class='slide-meta-time updated'  itemprop=\"datePublished\" datetime=\"2018-03-21T11:24:23+01:00\" >21 mars 2018<\/time><div class=\"slide-meta-del\">\/<\/div><div class=\"slide-meta-comments\"><a href='https:\/\/www.transports-coue.fr\/fr\/transports-coue-aux-rendez-vous-de-lemploi-a-laval-mayenne-53\/#respond'>0 Commentaires<\/a><\/div><\/div><\/footer><span class='hidden'>\n\t\t\t\t<span class='av-structured-data'  itemprop=\"image\" itemscope=\"itemscope\" itemtype=\"https:\/\/schema.org\/ImageObject\" >\n\t\t\t\t\t\t<span itemprop='url'>https:\/\/www.transports-coue.fr\/wp-content\/uploads\/2019\/03\/logoLSE.png<\/span>\n\t\t\t\t\t\t<span itemprop='height'>194<\/span>\n\t\t\t\t\t\t<span itemprop='width'>207<\/span>\n\t\t\t\t<\/span>\n\t\t\t\t<span class='av-structured-data'  itemprop=\"publisher\" itemtype=\"https:\/\/schema.org\/Organization\" itemscope=\"itemscope\" >\n\t\t\t\t\t\t<span itemprop='name'>wp_admin<\/span>\n\t\t\t\t\t\t<span itemprop='logo' itemscope itemtype='https:\/\/schema.org\/ImageObject'>\n\t\t\t\t\t\t\t<span itemprop='url'>https:\/\/www.transports-coue.fr\/wp-content\/uploads\/2018\/10\/Logo-transports-coue-300x119.png<\/span>\n\t\t\t\t\t\t<\/span>\n\t\t\t\t<\/span><span class='av-structured-data'  itemprop=\"author\" itemscope=\"itemscope\" itemtype=\"https:\/\/schema.org\/Person\" ><span itemprop='name'>wp_admin<\/span><\/span><span class='av-structured-data'  itemprop=\"datePublished\" datetime=\"2018-10-04T10:16:12+02:00\" >2018-03-21 11:24:23<\/span><span class='av-structured-data'  itemprop=\"dateModified\" itemtype=\"https:\/\/schema.org\/dateModified\" >2021-05-24 12:43:28<\/span><span class='av-structured-data'  itemprop=\"mainEntityOfPage\" itemtype=\"https:\/\/schema.org\/mainEntityOfPage\" ><span itemprop='name'>Transports Cou\u00e9 aux rendez vous de l&#8217;emploi \u00e0 Laval (Mayenne, 53)<\/span><\/span><\/span><\/article><\/div><div class=\"slide-entry-wrap\"><article class='slide-entry flex_column  post-entry post-entry-225 slide-entry-overview slide-loop-139 slide-parity-odd  av_one_third first real-thumbnail posttype-post post-format-standard'  itemscope=\"itemscope\" itemtype=\"https:\/\/schema.org\/CreativeWork\" ><a href='https:\/\/www.transports-coue.fr\/fr\/fevrier-2018-notre-participation-au-salon-vinisud-a-montpellier\/' data-rel='slide-2' class='slide-image' title='F\u00e9vrier 2018, Notre participation au salon Vinisud \u00e0 Montpellier'><img decoding=\"async\" fetchpriority=\"high\" width=\"318\" height=\"159\" src=\"https:\/\/www.transports-coue.fr\/wp-content\/uploads\/2019\/03\/transports-coue-salon-vinisud.jpeg\" class=\"wp-image-1928 avia-img-lazy-loading-not-1928 attachment-no scaling size-no scaling wp-post-image\" alt=\"Transports Coue au salon Vinisud 2018\" srcset=\"https:\/\/www.transports-coue.fr\/wp-content\/uploads\/2019\/03\/transports-coue-salon-vinisud.jpeg 318w, https:\/\/www.transports-coue.fr\/wp-content\/uploads\/2019\/03\/transports-coue-salon-vinisud-80x40.jpeg 80w, https:\/\/www.transports-coue.fr\/wp-content\/uploads\/2019\/03\/transports-coue-salon-vinisud-300x150.jpeg 300w\" sizes=\"(max-width: 318px) 100vw, 318px\" \/><\/a><div class=\"slide-content\"><header class=\"entry-content-header\" aria-label=\"Slide: F\u00e9vrier 2018, Notre participation au salon Vinisud \u00e0 Montpellier\"><h3 class='slide-entry-title entry-title '  itemprop=\"headline\" ><a href='https:\/\/www.transports-coue.fr\/fr\/fevrier-2018-notre-participation-au-salon-vinisud-a-montpellier\/' title='F\u00e9vrier 2018, Notre participation au salon Vinisud \u00e0 Montpellier'>F\u00e9vrier 2018, Notre participation au salon Vinisud \u00e0 Montpellier<\/a><\/h3><span class=\"blog-categories minor-meta\"><a href=\"https:\/\/www.transports-coue.fr\/fr\/category\/actualites\/\" rel=\"tag\">Actualit\u00e9s<\/a>, <a href=\"https:\/\/www.transports-coue.fr\/fr\/category\/actualites\/evenements\/\" rel=\"tag\">Ev\u00e9nements<\/a> <\/span><span class=\"av-vertical-delimiter\"><\/span><\/header><div class='slide-entry-excerpt entry-content'  itemprop=\"text\" >Les Transports Cou\u00e9 participent au salon international des vins du sud, salon Vinisud qui se d\u00e9roulera du 18 au 20 f\u00e9vrier 2018, au Parc des Expositions de Montpellier (34, Herault).\n\nRetrouvez-nous dans le hall B3 all\u00e9e B stand 28\n\n<div class=\"read-more-link\"><a href=\"https:\/\/www.transports-coue.fr\/fr\/fevrier-2018-notre-participation-au-salon-vinisud-a-montpellier\/\" class=\"more-link\">Lire la suite<span class='more-link-arrow avia-svg-icon avia-font-svg_entypo-fontello' data-av_svg_icon='right-open-big' data-av_iconset='svg_entypo-fontello'><svg version=\"1.1\" xmlns=\"http:\/\/www.w3.org\/2000\/svg\" width=\"15\" height=\"32\" viewBox=\"0 0 15 32\" preserveAspectRatio=\"xMidYMid meet\" role=\"graphics-symbol\" aria-hidden=\"true\">\n<path d=\"M0.416 27.84l11.456-11.84-11.456-11.904q-0.832-0.832 0-1.536 0.832-0.832 1.536 0l12.544 12.608q0.768 0.832 0 1.6l-12.544 12.608q-0.704 0.832-1.536 0-0.832-0.704 0-1.536z\"><\/path>\n<\/svg><\/span><\/a><\/div><\/div><\/div><footer class=\"entry-footer\"><div class=\"slide-meta\"><time class='slide-meta-time updated'  itemprop=\"datePublished\" datetime=\"2018-02-18T11:22:53+01:00\" >18 f\u00e9vrier 2018<\/time><div class=\"slide-meta-del\">\/<\/div><div class=\"slide-meta-comments\"><a href='https:\/\/www.transports-coue.fr\/fr\/fevrier-2018-notre-participation-au-salon-vinisud-a-montpellier\/#respond'>0 Commentaires<\/a><\/div><\/div><\/footer><span class='hidden'>\n\t\t\t\t<span class='av-structured-data'  itemprop=\"image\" itemscope=\"itemscope\" itemtype=\"https:\/\/schema.org\/ImageObject\" >\n\t\t\t\t\t\t<span itemprop='url'>https:\/\/www.transports-coue.fr\/wp-content\/uploads\/2019\/03\/transports-coue-salon-vinisud.jpeg<\/span>\n\t\t\t\t\t\t<span itemprop='height'>159<\/span>\n\t\t\t\t\t\t<span itemprop='width'>318<\/span>\n\t\t\t\t<\/span>\n\t\t\t\t<span class='av-structured-data'  itemprop=\"publisher\" itemtype=\"https:\/\/schema.org\/Organization\" itemscope=\"itemscope\" >\n\t\t\t\t\t\t<span itemprop='name'>wp_admin<\/span>\n\t\t\t\t\t\t<span itemprop='logo' itemscope itemtype='https:\/\/schema.org\/ImageObject'>\n\t\t\t\t\t\t\t<span itemprop='url'>https:\/\/www.transports-coue.fr\/wp-content\/uploads\/2018\/10\/Logo-transports-coue-300x119.png<\/span>\n\t\t\t\t\t\t<\/span>\n\t\t\t\t<\/span><span class='av-structured-data'  itemprop=\"author\" itemscope=\"itemscope\" itemtype=\"https:\/\/schema.org\/Person\" ><span itemprop='name'>wp_admin<\/span><\/span><span class='av-structured-data'  itemprop=\"datePublished\" datetime=\"2018-10-04T10:16:12+02:00\" >2018-02-18 11:22:53<\/span><span class='av-structured-data'  itemprop=\"dateModified\" itemtype=\"https:\/\/schema.org\/dateModified\" >2021-03-31 11:53:47<\/span><span class='av-structured-data'  itemprop=\"mainEntityOfPage\" itemtype=\"https:\/\/schema.org\/mainEntityOfPage\" ><span itemprop='name'>F\u00e9vrier 2018, Notre participation au salon Vinisud \u00e0 Montpellier<\/span><\/span><\/span><\/article><article class='slide-entry flex_column  post-entry post-entry-212 slide-entry-overview slide-loop-140 slide-parity-even  av_one_third  real-thumbnail posttype-post post-format-standard'  itemscope=\"itemscope\" itemtype=\"https:\/\/schema.org\/CreativeWork\" ><a href='https:\/\/www.transports-coue.fr\/fr\/excellente-annee-2018\/' data-rel='slide-2' class='slide-image' title='Excellente Ann\u00e9e 2018'><img decoding=\"async\" fetchpriority=\"high\" width=\"845\" height=\"321\" src=\"https:\/\/www.transports-coue.fr\/wp-content\/uploads\/2019\/03\/Transports-coue-voeux-2018-2.png\" class=\"wp-image-1942 avia-img-lazy-loading-not-1942 attachment-no scaling size-no scaling wp-post-image\" alt=\"Transports Cou\u00e9 Voeux 2018\" srcset=\"https:\/\/www.transports-coue.fr\/wp-content\/uploads\/2019\/03\/Transports-coue-voeux-2018-2.png 845w, https:\/\/www.transports-coue.fr\/wp-content\/uploads\/2019\/03\/Transports-coue-voeux-2018-2-80x30.png 80w, https:\/\/www.transports-coue.fr\/wp-content\/uploads\/2019\/03\/Transports-coue-voeux-2018-2-300x114.png 300w, https:\/\/www.transports-coue.fr\/wp-content\/uploads\/2019\/03\/Transports-coue-voeux-2018-2-768x292.png 768w, https:\/\/www.transports-coue.fr\/wp-content\/uploads\/2019\/03\/Transports-coue-voeux-2018-2-705x268.png 705w, https:\/\/www.transports-coue.fr\/wp-content\/uploads\/2019\/03\/Transports-coue-voeux-2018-2-450x171.png 450w\" sizes=\"(max-width: 845px) 100vw, 845px\" \/><\/a><div class=\"slide-content\"><header class=\"entry-content-header\" aria-label=\"Slide: Excellente Ann\u00e9e 2018\"><h3 class='slide-entry-title entry-title '  itemprop=\"headline\" ><a href='https:\/\/www.transports-coue.fr\/fr\/excellente-annee-2018\/' title='Excellente Ann\u00e9e 2018'>Excellente Ann\u00e9e 2018<\/a><\/h3><span class=\"blog-categories minor-meta\"><a href=\"https:\/\/www.transports-coue.fr\/fr\/category\/actualites\/\" rel=\"tag\">Actualit\u00e9s<\/a>, <a href=\"https:\/\/www.transports-coue.fr\/fr\/category\/actualites\/evenements\/\" rel=\"tag\">Ev\u00e9nements<\/a> <\/span><span class=\"av-vertical-delimiter\"><\/span><\/header><div class='slide-entry-excerpt entry-content'  itemprop=\"text\" >\n\nSuivez nos actualit\u00e9s : https:\/\/www.transports-coue.fr\/fr\/actualites\/<div class=\"read-more-link\"><a href=\"https:\/\/www.transports-coue.fr\/fr\/excellente-annee-2018\/\" class=\"more-link\">Lire la suite<span class='more-link-arrow avia-svg-icon avia-font-svg_entypo-fontello' data-av_svg_icon='right-open-big' data-av_iconset='svg_entypo-fontello'><svg version=\"1.1\" xmlns=\"http:\/\/www.w3.org\/2000\/svg\" width=\"15\" height=\"32\" viewBox=\"0 0 15 32\" preserveAspectRatio=\"xMidYMid meet\" role=\"graphics-symbol\" aria-hidden=\"true\">\n<path d=\"M0.416 27.84l11.456-11.84-11.456-11.904q-0.832-0.832 0-1.536 0.832-0.832 1.536 0l12.544 12.608q0.768 0.832 0 1.6l-12.544 12.608q-0.704 0.832-1.536 0-0.832-0.704 0-1.536z\"><\/path>\n<\/svg><\/span><\/a><\/div><\/div><\/div><footer class=\"entry-footer\"><div class=\"slide-meta\"><time class='slide-meta-time updated'  itemprop=\"datePublished\" datetime=\"2017-12-19T11:20:40+01:00\" >19 d\u00e9cembre 2017<\/time><div class=\"slide-meta-del\">\/<\/div><div class=\"slide-meta-comments\"><a href='https:\/\/www.transports-coue.fr\/fr\/excellente-annee-2018\/#respond'>0 Commentaires<\/a><\/div><\/div><\/footer><span class='hidden'>\n\t\t\t\t<span class='av-structured-data'  itemprop=\"image\" itemscope=\"itemscope\" itemtype=\"https:\/\/schema.org\/ImageObject\" >\n\t\t\t\t\t\t<span itemprop='url'>https:\/\/www.transports-coue.fr\/wp-content\/uploads\/2019\/03\/Transports-coue-voeux-2018-2.png<\/span>\n\t\t\t\t\t\t<span itemprop='height'>321<\/span>\n\t\t\t\t\t\t<span itemprop='width'>845<\/span>\n\t\t\t\t<\/span>\n\t\t\t\t<span class='av-structured-data'  itemprop=\"publisher\" itemtype=\"https:\/\/schema.org\/Organization\" itemscope=\"itemscope\" >\n\t\t\t\t\t\t<span itemprop='name'>wp_admin<\/span>\n\t\t\t\t\t\t<span itemprop='logo' itemscope itemtype='https:\/\/schema.org\/ImageObject'>\n\t\t\t\t\t\t\t<span itemprop='url'>https:\/\/www.transports-coue.fr\/wp-content\/uploads\/2018\/10\/Logo-transports-coue-300x119.png<\/span>\n\t\t\t\t\t\t<\/span>\n\t\t\t\t<\/span><span class='av-structured-data'  itemprop=\"author\" itemscope=\"itemscope\" itemtype=\"https:\/\/schema.org\/Person\" ><span itemprop='name'>wp_admin<\/span><\/span><span class='av-structured-data'  itemprop=\"datePublished\" datetime=\"2018-10-04T10:16:12+02:00\" >2017-12-19 11:20:40<\/span><span class='av-structured-data'  itemprop=\"dateModified\" itemtype=\"https:\/\/schema.org\/dateModified\" >2021-05-24 12:45:11<\/span><span class='av-structured-data'  itemprop=\"mainEntityOfPage\" itemtype=\"https:\/\/schema.org\/mainEntityOfPage\" ><span itemprop='name'>Excellente Ann\u00e9e 2018<\/span><\/span><\/span><\/article><article class='slide-entry flex_column  post-entry post-entry-203 slide-entry-overview slide-loop-141 slide-parity-odd  av_one_third  real-thumbnail posttype-post post-format-standard'  itemscope=\"itemscope\" itemtype=\"https:\/\/schema.org\/CreativeWork\" ><a href='https:\/\/www.transports-coue.fr\/fr\/novembre-2017-participation-au-salon-logistics-meetings-a-cannes\/' data-rel='slide-2' class='slide-image' title='Novembre 2017, Participation au salon LOGISTICS MEETINGS \u00e0 Cannes'><img decoding=\"async\" fetchpriority=\"high\" width=\"700\" height=\"394\" src=\"https:\/\/www.transports-coue.fr\/wp-content\/uploads\/2018\/10\/Unknown-1-1.png\" class=\"wp-image-205 avia-img-lazy-loading-not-205 attachment-no scaling size-no scaling wp-post-image\" alt=\"Transports Coue au salon Logistics Meetings 2017\" srcset=\"https:\/\/www.transports-coue.fr\/wp-content\/uploads\/2018\/10\/Unknown-1-1.png 700w, https:\/\/www.transports-coue.fr\/wp-content\/uploads\/2018\/10\/Unknown-1-1-300x169.png 300w, https:\/\/www.transports-coue.fr\/wp-content\/uploads\/2018\/10\/Unknown-1-1-450x253.png 450w\" sizes=\"(max-width: 700px) 100vw, 700px\" \/><\/a><div class=\"slide-content\"><header class=\"entry-content-header\" aria-label=\"Slide: Novembre 2017, Participation au salon LOGISTICS MEETINGS \u00e0 Cannes\"><h3 class='slide-entry-title entry-title '  itemprop=\"headline\" ><a href='https:\/\/www.transports-coue.fr\/fr\/novembre-2017-participation-au-salon-logistics-meetings-a-cannes\/' title='Novembre 2017, Participation au salon LOGISTICS MEETINGS \u00e0 Cannes'>Novembre 2017, Participation au salon LOGISTICS MEETINGS \u00e0 Cannes<\/a><\/h3><span class=\"blog-categories minor-meta\"><a href=\"https:\/\/www.transports-coue.fr\/fr\/category\/actualites\/\" rel=\"tag\">Actualit\u00e9s<\/a>, <a href=\"https:\/\/www.transports-coue.fr\/fr\/category\/actualites\/evenements\/\" rel=\"tag\">Ev\u00e9nements<\/a>, <a href=\"https:\/\/www.transports-coue.fr\/fr\/category\/actualites\/evenements\/evenements-logistique\/\" rel=\"tag\">Ev\u00e9nements Logistique<\/a> <\/span><span class=\"av-vertical-delimiter\"><\/span><\/header><div class='slide-entry-excerpt entry-content'  itemprop=\"text\" >Avec notre activit\u00e9 stockage en pleine expansion, nous participons au salon Logistics Meetings\u00a0au Palais des Festival et des congr\u00e8s de Cannes, le 22 &amp; 23 novembre 2017. Retrouvez-nous sur le stand L21 pour vous pr\u00e9senter nos solutions\u2026<div class=\"read-more-link\"><a href=\"https:\/\/www.transports-coue.fr\/fr\/novembre-2017-participation-au-salon-logistics-meetings-a-cannes\/\" class=\"more-link\">Lire la suite<span class='more-link-arrow avia-svg-icon avia-font-svg_entypo-fontello' data-av_svg_icon='right-open-big' data-av_iconset='svg_entypo-fontello'><svg version=\"1.1\" xmlns=\"http:\/\/www.w3.org\/2000\/svg\" width=\"15\" height=\"32\" viewBox=\"0 0 15 32\" preserveAspectRatio=\"xMidYMid meet\" role=\"graphics-symbol\" aria-hidden=\"true\">\n<path d=\"M0.416 27.84l11.456-11.84-11.456-11.904q-0.832-0.832 0-1.536 0.832-0.832 1.536 0l12.544 12.608q0.768 0.832 0 1.6l-12.544 12.608q-0.704 0.832-1.536 0-0.832-0.704 0-1.536z\"><\/path>\n<\/svg><\/span><\/a><\/div><\/div><\/div><footer class=\"entry-footer\"><div class=\"slide-meta\"><time class='slide-meta-time updated'  itemprop=\"datePublished\" datetime=\"2017-11-22T11:19:20+01:00\" >22 novembre 2017<\/time><div class=\"slide-meta-del\">\/<\/div><div class=\"slide-meta-comments\"><a href='https:\/\/www.transports-coue.fr\/fr\/novembre-2017-participation-au-salon-logistics-meetings-a-cannes\/#respond'>0 Commentaires<\/a><\/div><\/div><\/footer><span class='hidden'>\n\t\t\t\t<span class='av-structured-data'  itemprop=\"image\" itemscope=\"itemscope\" itemtype=\"https:\/\/schema.org\/ImageObject\" >\n\t\t\t\t\t\t<span itemprop='url'>https:\/\/www.transports-coue.fr\/wp-content\/uploads\/2018\/10\/Unknown-1-1.png<\/span>\n\t\t\t\t\t\t<span itemprop='height'>394<\/span>\n\t\t\t\t\t\t<span itemprop='width'>700<\/span>\n\t\t\t\t<\/span>\n\t\t\t\t<span class='av-structured-data'  itemprop=\"publisher\" itemtype=\"https:\/\/schema.org\/Organization\" itemscope=\"itemscope\" >\n\t\t\t\t\t\t<span itemprop='name'>wp_admin<\/span>\n\t\t\t\t\t\t<span itemprop='logo' itemscope itemtype='https:\/\/schema.org\/ImageObject'>\n\t\t\t\t\t\t\t<span itemprop='url'>https:\/\/www.transports-coue.fr\/wp-content\/uploads\/2018\/10\/Logo-transports-coue-300x119.png<\/span>\n\t\t\t\t\t\t<\/span>\n\t\t\t\t<\/span><span class='av-structured-data'  itemprop=\"author\" itemscope=\"itemscope\" itemtype=\"https:\/\/schema.org\/Person\" ><span itemprop='name'>wp_admin<\/span><\/span><span class='av-structured-data'  itemprop=\"datePublished\" datetime=\"2018-10-04T10:16:12+02:00\" >2017-11-22 11:19:20<\/span><span class='av-structured-data'  itemprop=\"dateModified\" itemtype=\"https:\/\/schema.org\/dateModified\" >2021-05-24 12:45:39<\/span><span class='av-structured-data'  itemprop=\"mainEntityOfPage\" itemtype=\"https:\/\/schema.org\/mainEntityOfPage\" ><span itemprop='name'>Novembre 2017, Participation au salon LOGISTICS MEETINGS \u00e0 Cannes<\/span><\/span><\/span><\/article><\/div><div class=\"slide-entry-wrap\"><article class='slide-entry flex_column  post-entry post-entry-195 slide-entry-overview slide-loop-142 slide-parity-odd  post-entry-last  av_one_third first real-thumbnail posttype-post post-format-standard'  itemscope=\"itemscope\" itemtype=\"https:\/\/schema.org\/CreativeWork\" ><a href='https:\/\/www.transports-coue.fr\/fr\/octobre-2017-participation-au-salon-top-transport-avec-otms\/' data-rel='slide-2' class='slide-image' title='Octobre 2017, participation au salon Top transport avec OTMS'><img decoding=\"async\" fetchpriority=\"high\" width=\"845\" height=\"321\" src=\"https:\/\/www.transports-coue.fr\/wp-content\/uploads\/2019\/03\/Logo-otms-article.png\" class=\"wp-image-1964 avia-img-lazy-loading-not-1964 attachment-no scaling size-no scaling wp-post-image\" alt=\"Logo OTMS article\" srcset=\"https:\/\/www.transports-coue.fr\/wp-content\/uploads\/2019\/03\/Logo-otms-article.png 845w, https:\/\/www.transports-coue.fr\/wp-content\/uploads\/2019\/03\/Logo-otms-article-80x30.png 80w, https:\/\/www.transports-coue.fr\/wp-content\/uploads\/2019\/03\/Logo-otms-article-300x114.png 300w, https:\/\/www.transports-coue.fr\/wp-content\/uploads\/2019\/03\/Logo-otms-article-768x292.png 768w, https:\/\/www.transports-coue.fr\/wp-content\/uploads\/2019\/03\/Logo-otms-article-705x268.png 705w, https:\/\/www.transports-coue.fr\/wp-content\/uploads\/2019\/03\/Logo-otms-article-450x171.png 450w\" sizes=\"(max-width: 845px) 100vw, 845px\" \/><\/a><div class=\"slide-content\"><header class=\"entry-content-header\" aria-label=\"Slide: Octobre 2017, participation au salon Top transport avec OTMS\"><h3 class='slide-entry-title entry-title '  itemprop=\"headline\" ><a href='https:\/\/www.transports-coue.fr\/fr\/octobre-2017-participation-au-salon-top-transport-avec-otms\/' title='Octobre 2017, participation au salon Top transport avec OTMS'>Octobre 2017, participation au salon Top transport avec OTMS<\/a><\/h3><span class=\"blog-categories minor-meta\"><a href=\"https:\/\/www.transports-coue.fr\/fr\/category\/actualites\/\" rel=\"tag\">Actualit\u00e9s<\/a>, <a href=\"https:\/\/www.transports-coue.fr\/fr\/category\/actualites\/evenements\/\" rel=\"tag\">Ev\u00e9nements<\/a> <\/span><span class=\"av-vertical-delimiter\"><\/span><\/header><div class='slide-entry-excerpt entry-content'  itemprop=\"text\" >Nous participons de nouveau cette ann\u00e9e au speed dating des affaires via notre partenaire OTMS, l'occasion de promouvoir notre savoir faire aupr\u00e8s de grands groupes industriels\n\n<div class=\"read-more-link\"><a href=\"https:\/\/www.transports-coue.fr\/fr\/octobre-2017-participation-au-salon-top-transport-avec-otms\/\" class=\"more-link\">Lire la suite<span class='more-link-arrow avia-svg-icon avia-font-svg_entypo-fontello' data-av_svg_icon='right-open-big' data-av_iconset='svg_entypo-fontello'><svg version=\"1.1\" xmlns=\"http:\/\/www.w3.org\/2000\/svg\" width=\"15\" height=\"32\" viewBox=\"0 0 15 32\" preserveAspectRatio=\"xMidYMid meet\" role=\"graphics-symbol\" aria-hidden=\"true\">\n<path d=\"M0.416 27.84l11.456-11.84-11.456-11.904q-0.832-0.832 0-1.536 0.832-0.832 1.536 0l12.544 12.608q0.768 0.832 0 1.6l-12.544 12.608q-0.704 0.832-1.536 0-0.832-0.704 0-1.536z\"><\/path>\n<\/svg><\/span><\/a><\/div><\/div><\/div><footer class=\"entry-footer\"><div class=\"slide-meta\"><time class='slide-meta-time updated'  itemprop=\"datePublished\" datetime=\"2017-10-18T11:17:51+02:00\" >18 octobre 2017<\/time><div class=\"slide-meta-del\">\/<\/div><div class=\"slide-meta-comments\"><a href='https:\/\/www.transports-coue.fr\/fr\/octobre-2017-participation-au-salon-top-transport-avec-otms\/#respond'>0 Commentaires<\/a><\/div><\/div><\/footer><span class='hidden'>\n\t\t\t\t<span class='av-structured-data'  itemprop=\"image\" itemscope=\"itemscope\" itemtype=\"https:\/\/schema.org\/ImageObject\" >\n\t\t\t\t\t\t<span itemprop='url'>https:\/\/www.transports-coue.fr\/wp-content\/uploads\/2019\/03\/Logo-otms-article.png<\/span>\n\t\t\t\t\t\t<span itemprop='height'>321<\/span>\n\t\t\t\t\t\t<span itemprop='width'>845<\/span>\n\t\t\t\t<\/span>\n\t\t\t\t<span class='av-structured-data'  itemprop=\"publisher\" itemtype=\"https:\/\/schema.org\/Organization\" itemscope=\"itemscope\" >\n\t\t\t\t\t\t<span itemprop='name'>wp_admin<\/span>\n\t\t\t\t\t\t<span itemprop='logo' itemscope itemtype='https:\/\/schema.org\/ImageObject'>\n\t\t\t\t\t\t\t<span itemprop='url'>https:\/\/www.transports-coue.fr\/wp-content\/uploads\/2018\/10\/Logo-transports-coue-300x119.png<\/span>\n\t\t\t\t\t\t<\/span>\n\t\t\t\t<\/span><span class='av-structured-data'  itemprop=\"author\" itemscope=\"itemscope\" itemtype=\"https:\/\/schema.org\/Person\" ><span itemprop='name'>wp_admin<\/span><\/span><span class='av-structured-data'  itemprop=\"datePublished\" datetime=\"2018-10-04T10:16:12+02:00\" >2017-10-18 11:17:51<\/span><span class='av-structured-data'  itemprop=\"dateModified\" itemtype=\"https:\/\/schema.org\/dateModified\" >2021-05-24 12:46:10<\/span><span class='av-structured-data'  itemprop=\"mainEntityOfPage\" itemtype=\"https:\/\/schema.org\/mainEntityOfPage\" ><span itemprop='name'>Octobre 2017, participation au salon Top transport avec OTMS<\/span><\/span><\/span><\/article><\/div><\/div><div class='avia-slideshow-arrows avia-slideshow-controls' ><a href='#prev' class='prev-slide  avia-svg-icon avia-font-svg_entypo-fontello' data-av_svg_icon='left-open-big' data-av_iconset='svg_entypo-fontello' tabindex='-1' title=\"Pr\u00e9c\u00e9dent\"><svg version=\"1.1\" xmlns=\"http:\/\/www.w3.org\/2000\/svg\" width=\"15\" height=\"32\" viewBox=\"0 0 15 32\" preserveAspectRatio=\"xMidYMid meet\" aria-labelledby='av-svg-title-250' aria-describedby='av-svg-desc-250' role=\"graphics-symbol\" aria-hidden=\"true\">\n<title id='av-svg-title-250'>Pr\u00e9c\u00e9dent<\/title>\n<desc id='av-svg-desc-250'>Pr\u00e9c\u00e9dent<\/desc>\n<path d=\"M14.464 27.84q0.832 0.832 0 1.536-0.832 0.832-1.536 0l-12.544-12.608q-0.768-0.768 0-1.6l12.544-12.608q0.704-0.832 1.536 0 0.832 0.704 0 1.536l-11.456 11.904z\"><\/path>\n<\/svg><span class='avia_hidden_link_text'>Pr\u00e9c\u00e9dent<\/span><\/a><a href='#next' class='next-slide  avia-svg-icon avia-font-svg_entypo-fontello' data-av_svg_icon='right-open-big' data-av_iconset='svg_entypo-fontello' tabindex='-1' title=\"Suivant\"><svg version=\"1.1\" xmlns=\"http:\/\/www.w3.org\/2000\/svg\" width=\"15\" height=\"32\" viewBox=\"0 0 15 32\" preserveAspectRatio=\"xMidYMid meet\" aria-labelledby='av-svg-title-251' aria-describedby='av-svg-desc-251' role=\"graphics-symbol\" aria-hidden=\"true\">\n<title id='av-svg-title-251'>Suivant<\/title>\n<desc id='av-svg-desc-251'>Suivant<\/desc>\n<path d=\"M0.416 27.84l11.456-11.84-11.456-11.904q-0.832-0.832 0-1.536 0.832-0.832 1.536 0l12.544 12.608q0.768 0.832 0 1.6l-12.544 12.608q-0.704 0.832-1.536 0-0.832-0.704 0-1.536z\"><\/path>\n<\/svg><span class='avia_hidden_link_text'>Suivant<\/span><\/a><\/div><\/div><\/p><\/div>\n\n<style type=\"text\/css\" data-created_by=\"avia_inline_auto\" id=\"style-css-av-lvsgu-5-0b1859e16011be59bf30084fbe9816e3\">\n.flex_column.av-lvsgu-5-0b1859e16011be59bf30084fbe9816e3{\nborder-radius:0px 0px 0px 0px;\npadding:0px 0px 0px 0px;\n}\n<\/style>\n<div  class='flex_column av-lvsgu-5-0b1859e16011be59bf30084fbe9816e3 av_one_full  avia-builder-el-22  el_after_av_one_full  el_before_av_one_full  first flex_column_div av-zero-column-padding  column-top-margin'     ><section  class='av_textblock_section av-jskfbjk2-4-00ad4e06566622edbf22011a0d8646b7 '   itemscope=\"itemscope\" itemtype=\"https:\/\/schema.org\/CreativeWork\" ><div class='avia_textblock'  itemprop=\"text\" ><h2>Nos partenariats<\/h2>\n<\/div><\/section><br \/>\n\n<style type=\"text\/css\" data-created_by=\"avia_inline_auto\" id=\"style-css-av-ddzza-3-af161bbe81aa72492356c27681f85038\">\n.avia-progress-bar-container.av-ddzza-3-af161bbe81aa72492356c27681f85038 .progress{\nheight:6px;\n}\n<\/style>\n\n<style type=\"text\/css\" data-created_by=\"avia_inline_auto\" id=\"style-css-sub-av-ddzza-3-af161bbe81aa72492356c27681f85038\">\n#top .avia-progress-bar-container .avia-progress-bar.av-9v9ha-7d57f0b0ee76cd9be51badf90aeff00a .bar{\nwidth:100%;\n}\n#top .avia-progress-bar-container .avia-progress-bar.av-9v9ha-7-e56b0777245c69394e0b094841ef3c7a .bar{\nwidth:100%;\n}\n#top .avia-progress-bar-container .avia-progress-bar.av-9v9ha-2-e25db8b9f9cd46f43ed5ea735992a867 .bar{\nwidth:100%;\n}\n<\/style>\n<div  class='avia-progress-bar-container av-ddzza-3-af161bbe81aa72492356c27681f85038 av-flat-bar av-animated-bar av-small-bar avia_animate_when_almost_visible  avia-builder-el-24  el_after_av_textblock  el_before_av_postslider '><div class='avia-progress-bar av-9v9ha-2-e25db8b9f9cd46f43ed5ea735992a867 icon-bar-no theme-color-bar theme-color-bar icon-bar-no'><div class=\"progress\"><div class=\"bar-outer\"><div class='bar' data-progress='100'><\/div><\/div><\/div><\/div><\/div><br \/>\n<div  data-slideshow-options=\"{&quot;animation&quot;:&quot;fade&quot;,&quot;autoplay&quot;:false,&quot;loop_autoplay&quot;:&quot;once&quot;,&quot;interval&quot;:&quot;5&quot;,&quot;loop_manual&quot;:&quot;manual-endless&quot;,&quot;autoplay_stopper&quot;:false,&quot;noNavigation&quot;:false,&quot;show_slide_delay&quot;:90}\" class='avia-content-slider avia-content-slider-active avia-content-slider3 avia-content-slider-odd  avia-builder-el-25  el_after_av_progress  avia-builder-el-last  av-slideshow-ui av-control-default   av-no-slider-navigation av-slideshow-manual av-loop-once av-loop-manual-endless '  itemscope=\"itemscope\" itemtype=\"https:\/\/schema.org\/Blog\" ><div class=\"avia-content-slider-inner\"><div class=\"slide-entry-wrap\"><article class='slide-entry flex_column  post-entry post-entry-13893 slide-entry-overview slide-loop-1 slide-parity-odd  av_one_third first real-thumbnail posttype-post post-format-standard'  itemscope=\"itemscope\" itemtype=\"https:\/\/schema.org\/CreativeWork\" ><a href='https:\/\/www.transports-coue.fr\/fr\/comment-transformer-un-geste-ecologique-en-action-solidaire\/' data-rel='slide-3' class='slide-image' title='Comment transformer un geste \u00e9cologique en action solidaire ?'><img decoding=\"async\" fetchpriority=\"high\" width=\"845\" height=\"321\" src=\"https:\/\/www.transports-coue.fr\/wp-content\/uploads\/2026\/04\/Groupe-Coue-TRM-10-tonnes-de-papier-recyles-alternatri-53.webp\" class=\"wp-image-13895 avia-img-lazy-loading-not-13895 attachment-no scaling size-no scaling wp-post-image\" alt=\"Collecte de papier en entreprise : collaborateur devant un v\u00e9hicule rempli de cartons pour recyclage avec l&#039;association Alternatri 53\" srcset=\"https:\/\/www.transports-coue.fr\/wp-content\/uploads\/2026\/04\/Groupe-Coue-TRM-10-tonnes-de-papier-recyles-alternatri-53.webp 845w, https:\/\/www.transports-coue.fr\/wp-content\/uploads\/2026\/04\/Groupe-Coue-TRM-10-tonnes-de-papier-recyles-alternatri-53-300x114.webp 300w, https:\/\/www.transports-coue.fr\/wp-content\/uploads\/2026\/04\/Groupe-Coue-TRM-10-tonnes-de-papier-recyles-alternatri-53-80x30.webp 80w, https:\/\/www.transports-coue.fr\/wp-content\/uploads\/2026\/04\/Groupe-Coue-TRM-10-tonnes-de-papier-recyles-alternatri-53-768x292.webp 768w, https:\/\/www.transports-coue.fr\/wp-content\/uploads\/2026\/04\/Groupe-Coue-TRM-10-tonnes-de-papier-recyles-alternatri-53-705x268.webp 705w\" sizes=\"(max-width: 845px) 100vw, 845px\" \/><\/a><div class=\"slide-content\"><header class=\"entry-content-header\" aria-label=\"Slide: Comment transformer un geste \u00e9cologique en action solidaire ?\"><h3 class='slide-entry-title entry-title '  itemprop=\"headline\" ><a href='https:\/\/www.transports-coue.fr\/fr\/comment-transformer-un-geste-ecologique-en-action-solidaire\/' title='Comment transformer un geste \u00e9cologique en action solidaire ?'>Comment transformer un geste \u00e9cologique en action solidaire ?<\/a><\/h3><span class=\"blog-categories minor-meta\"><a href=\"https:\/\/www.transports-coue.fr\/fr\/category\/actualites\/\" rel=\"tag\">Actualit\u00e9s<\/a>, <a href=\"https:\/\/www.transports-coue.fr\/fr\/category\/actualites\/partenariats\/\" rel=\"tag\">Partenariats<\/a> <\/span><span class=\"av-vertical-delimiter\"><\/span><\/header><div class='slide-entry-excerpt entry-content'  itemprop=\"text\" >10,4 tonnes de papier collect\u00e9es : un engagement qui prend du poids\nDepuis plusieurs ann\u00e9es, nous agissons concr\u00e8tement dans une d\u00e9marche solidaire et responsable : la collecte de papiers au sein de toutes nos entit\u00e9s.\nEn 2025, ce sont\u2026<div class=\"read-more-link\"><a href=\"https:\/\/www.transports-coue.fr\/fr\/comment-transformer-un-geste-ecologique-en-action-solidaire\/\" class=\"more-link\">Lire la suite<span class='more-link-arrow avia-svg-icon avia-font-svg_entypo-fontello' data-av_svg_icon='right-open-big' data-av_iconset='svg_entypo-fontello'><svg version=\"1.1\" xmlns=\"http:\/\/www.w3.org\/2000\/svg\" width=\"15\" height=\"32\" viewBox=\"0 0 15 32\" preserveAspectRatio=\"xMidYMid meet\" role=\"graphics-symbol\" aria-hidden=\"true\">\n<path d=\"M0.416 27.84l11.456-11.84-11.456-11.904q-0.832-0.832 0-1.536 0.832-0.832 1.536 0l12.544 12.608q0.768 0.832 0 1.6l-12.544 12.608q-0.704 0.832-1.536 0-0.832-0.704 0-1.536z\"><\/path>\n<\/svg><\/span><\/a><\/div><\/div><\/div><footer class=\"entry-footer\"><div class=\"slide-meta\"><time class='slide-meta-time updated'  itemprop=\"datePublished\" datetime=\"2026-04-15T18:54:56+02:00\" >15 avril 2026<\/time><\/div><\/footer><span class='hidden'>\n\t\t\t\t<span class='av-structured-data'  itemprop=\"image\" itemscope=\"itemscope\" itemtype=\"https:\/\/schema.org\/ImageObject\" >\n\t\t\t\t\t\t<span itemprop='url'>https:\/\/www.transports-coue.fr\/wp-content\/uploads\/2026\/04\/Groupe-Coue-TRM-10-tonnes-de-papier-recyles-alternatri-53.webp<\/span>\n\t\t\t\t\t\t<span itemprop='height'>321<\/span>\n\t\t\t\t\t\t<span itemprop='width'>845<\/span>\n\t\t\t\t<\/span>\n\t\t\t\t<span class='av-structured-data'  itemprop=\"publisher\" itemtype=\"https:\/\/schema.org\/Organization\" itemscope=\"itemscope\" >\n\t\t\t\t\t\t<span itemprop='name'>Transports Cou\u00e9<\/span>\n\t\t\t\t\t\t<span itemprop='logo' itemscope itemtype='https:\/\/schema.org\/ImageObject'>\n\t\t\t\t\t\t\t<span itemprop='url'>https:\/\/www.transports-coue.fr\/wp-content\/uploads\/2018\/10\/Logo-transports-coue-300x119.png<\/span>\n\t\t\t\t\t\t<\/span>\n\t\t\t\t<\/span><span class='av-structured-data'  itemprop=\"author\" itemscope=\"itemscope\" itemtype=\"https:\/\/schema.org\/Person\" ><span itemprop='name'>Transports Cou\u00e9<\/span><\/span><span class='av-structured-data'  itemprop=\"datePublished\" datetime=\"2018-10-04T10:16:12+02:00\" >2026-04-15 18:54:56<\/span><span class='av-structured-data'  itemprop=\"dateModified\" itemtype=\"https:\/\/schema.org\/dateModified\" >2026-04-15 18:54:59<\/span><span class='av-structured-data'  itemprop=\"mainEntityOfPage\" itemtype=\"https:\/\/schema.org\/mainEntityOfPage\" ><span itemprop='name'>Comment transformer un geste \u00e9cologique en action solidaire ?<\/span><\/span><\/span><\/article><article class='slide-entry flex_column  post-entry post-entry-13890 slide-entry-overview slide-loop-2 slide-parity-even  av_one_third  real-thumbnail posttype-post post-format-standard'  itemscope=\"itemscope\" itemtype=\"https:\/\/schema.org\/CreativeWork\" ><a href='https:\/\/www.transports-coue.fr\/fr\/rencontre-avec-les-jeunes-comment-le-groupe-coue-trm-prepare-lavenir-du-transport-routier\/' data-rel='slide-3' class='slide-image' title='Rencontre avec les jeunes : comment le Groupe Cou\u00e9 TRM pr\u00e9pare l\u2019avenir du transport routier ?'><img decoding=\"async\" fetchpriority=\"high\" width=\"845\" height=\"321\" src=\"https:\/\/www.transports-coue.fr\/wp-content\/uploads\/2026\/04\/groupe-coue-trm-intervention-ecole-college-et-filiere-transport-logistique-web.webp\" class=\"wp-image-13888 avia-img-lazy-loading-not-13888 attachment-no scaling size-no scaling wp-post-image\" alt=\"Pr\u00e9sentation des m\u00e9tiers transport logistique par l&#039;\u00e9quipe RH du Groupe Cou\u00e9 TRM aupr\u00e8s de jeunes en orientation professionnelle en salle polyvalente\" srcset=\"https:\/\/www.transports-coue.fr\/wp-content\/uploads\/2026\/04\/groupe-coue-trm-intervention-ecole-college-et-filiere-transport-logistique-web.webp 845w, https:\/\/www.transports-coue.fr\/wp-content\/uploads\/2026\/04\/groupe-coue-trm-intervention-ecole-college-et-filiere-transport-logistique-web-300x114.webp 300w, https:\/\/www.transports-coue.fr\/wp-content\/uploads\/2026\/04\/groupe-coue-trm-intervention-ecole-college-et-filiere-transport-logistique-web-80x30.webp 80w, https:\/\/www.transports-coue.fr\/wp-content\/uploads\/2026\/04\/groupe-coue-trm-intervention-ecole-college-et-filiere-transport-logistique-web-768x292.webp 768w, https:\/\/www.transports-coue.fr\/wp-content\/uploads\/2026\/04\/groupe-coue-trm-intervention-ecole-college-et-filiere-transport-logistique-web-705x268.webp 705w\" sizes=\"(max-width: 845px) 100vw, 845px\" \/><\/a><div class=\"slide-content\"><header class=\"entry-content-header\" aria-label=\"Slide: Rencontre avec les jeunes : comment le Groupe Cou\u00e9 TRM pr\u00e9pare l\u2019avenir du transport routier ?\"><h3 class='slide-entry-title entry-title '  itemprop=\"headline\" ><a href='https:\/\/www.transports-coue.fr\/fr\/rencontre-avec-les-jeunes-comment-le-groupe-coue-trm-prepare-lavenir-du-transport-routier\/' title='Rencontre avec les jeunes : comment le Groupe Cou\u00e9 TRM pr\u00e9pare l\u2019avenir du transport routier ?'>Rencontre avec les jeunes : comment le Groupe Cou\u00e9 TRM pr\u00e9pare l\u2019avenir du transport routier ?<\/a><\/h3><span class=\"blog-categories minor-meta\"><a href=\"https:\/\/www.transports-coue.fr\/fr\/category\/actualites\/\" rel=\"tag\">Actualit\u00e9s<\/a>, <a href=\"https:\/\/www.transports-coue.fr\/fr\/category\/actualites\/partenariats\/\" rel=\"tag\">Partenariats<\/a> <\/span><span class=\"av-vertical-delimiter\"><\/span><\/header><div class='slide-entry-excerpt entry-content'  itemprop=\"text\" >Les 30 &amp; 31 mars, cap sur la nouvelle g\u00e9n\u00e9ration avec la rencontre de jeunes en pleine d\u00e9couverte de notre secteur et d'autres d\u00e9j\u00e0 passionn\u00e9s !\nLe 30 mars, David, notre formateur, est intervenu au Coll\u00e8ge Notre Dame de St Pierre\u2026<div class=\"read-more-link\"><a href=\"https:\/\/www.transports-coue.fr\/fr\/rencontre-avec-les-jeunes-comment-le-groupe-coue-trm-prepare-lavenir-du-transport-routier\/\" class=\"more-link\">Lire la suite<span class='more-link-arrow avia-svg-icon avia-font-svg_entypo-fontello' data-av_svg_icon='right-open-big' data-av_iconset='svg_entypo-fontello'><svg version=\"1.1\" xmlns=\"http:\/\/www.w3.org\/2000\/svg\" width=\"15\" height=\"32\" viewBox=\"0 0 15 32\" preserveAspectRatio=\"xMidYMid meet\" role=\"graphics-symbol\" aria-hidden=\"true\">\n<path d=\"M0.416 27.84l11.456-11.84-11.456-11.904q-0.832-0.832 0-1.536 0.832-0.832 1.536 0l12.544 12.608q0.768 0.832 0 1.6l-12.544 12.608q-0.704 0.832-1.536 0-0.832-0.704 0-1.536z\"><\/path>\n<\/svg><\/span><\/a><\/div><\/div><\/div><footer class=\"entry-footer\"><div class=\"slide-meta\"><time class='slide-meta-time updated'  itemprop=\"datePublished\" datetime=\"2026-04-09T09:40:49+02:00\" >9 avril 2026<\/time><\/div><\/footer><span class='hidden'>\n\t\t\t\t<span class='av-structured-data'  itemprop=\"image\" itemscope=\"itemscope\" itemtype=\"https:\/\/schema.org\/ImageObject\" >\n\t\t\t\t\t\t<span itemprop='url'>https:\/\/www.transports-coue.fr\/wp-content\/uploads\/2026\/04\/groupe-coue-trm-intervention-ecole-college-et-filiere-transport-logistique-web.webp<\/span>\n\t\t\t\t\t\t<span itemprop='height'>321<\/span>\n\t\t\t\t\t\t<span itemprop='width'>845<\/span>\n\t\t\t\t<\/span>\n\t\t\t\t<span class='av-structured-data'  itemprop=\"publisher\" itemtype=\"https:\/\/schema.org\/Organization\" itemscope=\"itemscope\" >\n\t\t\t\t\t\t<span itemprop='name'>Transports Cou\u00e9<\/span>\n\t\t\t\t\t\t<span itemprop='logo' itemscope itemtype='https:\/\/schema.org\/ImageObject'>\n\t\t\t\t\t\t\t<span itemprop='url'>https:\/\/www.transports-coue.fr\/wp-content\/uploads\/2018\/10\/Logo-transports-coue-300x119.png<\/span>\n\t\t\t\t\t\t<\/span>\n\t\t\t\t<\/span><span class='av-structured-data'  itemprop=\"author\" itemscope=\"itemscope\" itemtype=\"https:\/\/schema.org\/Person\" ><span itemprop='name'>Transports Cou\u00e9<\/span><\/span><span class='av-structured-data'  itemprop=\"datePublished\" datetime=\"2018-10-04T10:16:12+02:00\" >2026-04-09 09:40:49<\/span><span class='av-structured-data'  itemprop=\"dateModified\" itemtype=\"https:\/\/schema.org\/dateModified\" >2026-04-09 09:51:28<\/span><span class='av-structured-data'  itemprop=\"mainEntityOfPage\" itemtype=\"https:\/\/schema.org\/mainEntityOfPage\" ><span itemprop='name'>Rencontre avec les jeunes : comment le Groupe Cou\u00e9 TRM pr\u00e9pare l\u2019avenir du transport routier ?<\/span><\/span><\/span><\/article><article class='slide-entry flex_column  post-entry post-entry-13452 slide-entry-overview slide-loop-3 slide-parity-odd  av_one_third  real-thumbnail posttype-post post-format-standard'  itemscope=\"itemscope\" itemtype=\"https:\/\/schema.org\/CreativeWork\" ><a href='https:\/\/www.transports-coue.fr\/fr\/mickael-conducteur-routier-chez-transports-coue-temoigne-sur-son-metier-indispensable-dans-ici-mayenne\/' data-rel='slide-3' class='slide-image' title='Micka\u00ebl, Conducteur Routier chez Transports Cou\u00e9, t\u00e9moigne sur son m\u00e9tier indispensable dans ICI Mayenne  !'><img decoding=\"async\" fetchpriority=\"high\" width=\"845\" height=\"321\" src=\"https:\/\/www.transports-coue.fr\/wp-content\/uploads\/2026\/01\/groupe-coue-mickael-conducteur-dans-ici-mayenne-web.webp\" class=\"wp-image-13453 avia-img-lazy-loading-not-13453 attachment-no scaling size-no scaling wp-post-image\" alt=\"Camion Transports Cou\u00e9 sur route et conducteur routier en cabine, illustration du r\u00f4le cl\u00e9 du transport et de la logistique\" srcset=\"https:\/\/www.transports-coue.fr\/wp-content\/uploads\/2026\/01\/groupe-coue-mickael-conducteur-dans-ici-mayenne-web.webp 845w, https:\/\/www.transports-coue.fr\/wp-content\/uploads\/2026\/01\/groupe-coue-mickael-conducteur-dans-ici-mayenne-web-300x114.webp 300w, https:\/\/www.transports-coue.fr\/wp-content\/uploads\/2026\/01\/groupe-coue-mickael-conducteur-dans-ici-mayenne-web-80x30.webp 80w, https:\/\/www.transports-coue.fr\/wp-content\/uploads\/2026\/01\/groupe-coue-mickael-conducteur-dans-ici-mayenne-web-768x292.webp 768w, https:\/\/www.transports-coue.fr\/wp-content\/uploads\/2026\/01\/groupe-coue-mickael-conducteur-dans-ici-mayenne-web-705x268.webp 705w\" sizes=\"(max-width: 845px) 100vw, 845px\" \/><\/a><div class=\"slide-content\"><header class=\"entry-content-header\" aria-label=\"Slide: Micka\u00ebl, Conducteur Routier chez Transports Cou\u00e9, t\u00e9moigne sur son m\u00e9tier indispensable dans ICI Mayenne  !\"><h3 class='slide-entry-title entry-title '  itemprop=\"headline\" ><a href='https:\/\/www.transports-coue.fr\/fr\/mickael-conducteur-routier-chez-transports-coue-temoigne-sur-son-metier-indispensable-dans-ici-mayenne\/' title='Micka\u00ebl, Conducteur Routier chez Transports Cou\u00e9, t\u00e9moigne sur son m\u00e9tier indispensable dans ICI Mayenne  !'>Micka\u00ebl, Conducteur Routier chez Transports Cou\u00e9, t\u00e9moigne sur son m\u00e9tier indispensable dans ICI Mayenne  !<\/a><\/h3><span class=\"blog-categories minor-meta\"><a href=\"https:\/\/www.transports-coue.fr\/fr\/category\/actualites\/\" rel=\"tag\">Actualit\u00e9s<\/a>, <a href=\"https:\/\/www.transports-coue.fr\/fr\/category\/actualites\/partenariats\/\" rel=\"tag\">Partenariats<\/a> <\/span><span class=\"av-vertical-delimiter\"><\/span><\/header><div class='slide-entry-excerpt entry-content'  itemprop=\"text\" >Mise en lumi\u00e8re de notre m\u00e9tier essentiel !\nPendant que nous c\u00e9l\u00e9brions les f\u00eates, des Conducteurs Routiers roulaient par tous les temps pour que les rayons des grandes surfaces restent pleins et que nous puissions profiter de bons repas.\nMicka\u00ebl,\u2026<div class=\"read-more-link\"><a href=\"https:\/\/www.transports-coue.fr\/fr\/mickael-conducteur-routier-chez-transports-coue-temoigne-sur-son-metier-indispensable-dans-ici-mayenne\/\" class=\"more-link\">Lire la suite<span class='more-link-arrow avia-svg-icon avia-font-svg_entypo-fontello' data-av_svg_icon='right-open-big' data-av_iconset='svg_entypo-fontello'><svg version=\"1.1\" xmlns=\"http:\/\/www.w3.org\/2000\/svg\" width=\"15\" height=\"32\" viewBox=\"0 0 15 32\" preserveAspectRatio=\"xMidYMid meet\" role=\"graphics-symbol\" aria-hidden=\"true\">\n<path d=\"M0.416 27.84l11.456-11.84-11.456-11.904q-0.832-0.832 0-1.536 0.832-0.832 1.536 0l12.544 12.608q0.768 0.832 0 1.6l-12.544 12.608q-0.704 0.832-1.536 0-0.832-0.704 0-1.536z\"><\/path>\n<\/svg><\/span><\/a><\/div><\/div><\/div><footer class=\"entry-footer\"><div class=\"slide-meta\"><time class='slide-meta-time updated'  itemprop=\"datePublished\" datetime=\"2026-01-15T09:09:35+01:00\" >15 janvier 2026<\/time><\/div><\/footer><span class='hidden'>\n\t\t\t\t<span class='av-structured-data'  itemprop=\"image\" itemscope=\"itemscope\" itemtype=\"https:\/\/schema.org\/ImageObject\" >\n\t\t\t\t\t\t<span itemprop='url'>https:\/\/www.transports-coue.fr\/wp-content\/uploads\/2026\/01\/groupe-coue-mickael-conducteur-dans-ici-mayenne-web.webp<\/span>\n\t\t\t\t\t\t<span itemprop='height'>321<\/span>\n\t\t\t\t\t\t<span itemprop='width'>845<\/span>\n\t\t\t\t<\/span>\n\t\t\t\t<span class='av-structured-data'  itemprop=\"publisher\" itemtype=\"https:\/\/schema.org\/Organization\" itemscope=\"itemscope\" >\n\t\t\t\t\t\t<span itemprop='name'>Transports Cou\u00e9<\/span>\n\t\t\t\t\t\t<span itemprop='logo' itemscope itemtype='https:\/\/schema.org\/ImageObject'>\n\t\t\t\t\t\t\t<span itemprop='url'>https:\/\/www.transports-coue.fr\/wp-content\/uploads\/2018\/10\/Logo-transports-coue-300x119.png<\/span>\n\t\t\t\t\t\t<\/span>\n\t\t\t\t<\/span><span class='av-structured-data'  itemprop=\"author\" itemscope=\"itemscope\" itemtype=\"https:\/\/schema.org\/Person\" ><span itemprop='name'>Transports Cou\u00e9<\/span><\/span><span class='av-structured-data'  itemprop=\"datePublished\" datetime=\"2018-10-04T10:16:12+02:00\" >2026-01-15 09:09:35<\/span><span class='av-structured-data'  itemprop=\"dateModified\" itemtype=\"https:\/\/schema.org\/dateModified\" >2026-04-02 09:45:06<\/span><span class='av-structured-data'  itemprop=\"mainEntityOfPage\" itemtype=\"https:\/\/schema.org\/mainEntityOfPage\" ><span itemprop='name'>Micka\u00ebl, Conducteur Routier chez Transports Cou\u00e9, t\u00e9moigne sur son m\u00e9tier indispensable dans ICI Mayenne  !<\/span><\/span><\/span><\/article><\/div><div class=\"slide-entry-wrap\"><article class='slide-entry flex_column  post-entry post-entry-12254 slide-entry-overview slide-loop-4 slide-parity-odd  av_one_third first real-thumbnail posttype-post post-format-standard'  itemscope=\"itemscope\" itemtype=\"https:\/\/schema.org\/CreativeWork\" ><a href='https:\/\/www.transports-coue.fr\/fr\/participation-au-top-transport-europe-2025-2-jours-dechanges-sur-vos-projets-transport-logistique\/' data-rel='slide-3' class='slide-image' title='Participation au Top Transport Europe 2025 : 2 jours d&rsquo;\u00e9changes sur vos projets Transport &amp; Logistique'><img decoding=\"async\" fetchpriority=\"high\" width=\"1690\" height=\"642\" src=\"https:\/\/www.transports-coue.fr\/wp-content\/uploads\/2025\/09\/groupe-coue-trm-top-transport-2025-otms-rdv-projets-transport-logistique.webp\" class=\"wp-image-12256 avia-img-lazy-loading-not-12256 attachment-no scaling size-no scaling wp-post-image\" alt=\"\u00c9v\u00e9nement Top Transport Europe 2025 Marseille \u2013 Rendez-vous transport &amp; logistique avec Cou\u00e9 TRM et OTMS stand V300\" srcset=\"https:\/\/www.transports-coue.fr\/wp-content\/uploads\/2025\/09\/groupe-coue-trm-top-transport-2025-otms-rdv-projets-transport-logistique.webp 1690w, https:\/\/www.transports-coue.fr\/wp-content\/uploads\/2025\/09\/groupe-coue-trm-top-transport-2025-otms-rdv-projets-transport-logistique-300x114.webp 300w, https:\/\/www.transports-coue.fr\/wp-content\/uploads\/2025\/09\/groupe-coue-trm-top-transport-2025-otms-rdv-projets-transport-logistique-1030x391.webp 1030w, https:\/\/www.transports-coue.fr\/wp-content\/uploads\/2025\/09\/groupe-coue-trm-top-transport-2025-otms-rdv-projets-transport-logistique-80x30.webp 80w, https:\/\/www.transports-coue.fr\/wp-content\/uploads\/2025\/09\/groupe-coue-trm-top-transport-2025-otms-rdv-projets-transport-logistique-768x292.webp 768w, https:\/\/www.transports-coue.fr\/wp-content\/uploads\/2025\/09\/groupe-coue-trm-top-transport-2025-otms-rdv-projets-transport-logistique-1536x583.webp 1536w, https:\/\/www.transports-coue.fr\/wp-content\/uploads\/2025\/09\/groupe-coue-trm-top-transport-2025-otms-rdv-projets-transport-logistique-1500x570.webp 1500w, https:\/\/www.transports-coue.fr\/wp-content\/uploads\/2025\/09\/groupe-coue-trm-top-transport-2025-otms-rdv-projets-transport-logistique-705x268.webp 705w, https:\/\/www.transports-coue.fr\/wp-content\/uploads\/2025\/09\/groupe-coue-trm-top-transport-2025-otms-rdv-projets-transport-logistique-845x321.webp 845w\" sizes=\"(max-width: 1690px) 100vw, 1690px\" \/><\/a><div class=\"slide-content\"><header class=\"entry-content-header\" aria-label=\"Slide: Participation au Top Transport Europe 2025 : 2 jours d&#039;\u00e9changes sur vos projets Transport &amp; Logistique\"><h3 class='slide-entry-title entry-title '  itemprop=\"headline\" ><a href='https:\/\/www.transports-coue.fr\/fr\/participation-au-top-transport-europe-2025-2-jours-dechanges-sur-vos-projets-transport-logistique\/' title='Participation au Top Transport Europe 2025 : 2 jours d&rsquo;\u00e9changes sur vos projets Transport &amp; Logistique'>Participation au Top Transport Europe 2025 : 2 jours d&rsquo;\u00e9changes sur vos projets Transport &amp; Logistique<\/a><\/h3><span class=\"blog-categories minor-meta\"><a href=\"https:\/\/www.transports-coue.fr\/fr\/category\/actualites\/\" rel=\"tag\">Actualit\u00e9s<\/a>, <a href=\"https:\/\/www.transports-coue.fr\/fr\/category\/actualites\/evenements\/\" rel=\"tag\">Ev\u00e9nements<\/a>, <a href=\"https:\/\/www.transports-coue.fr\/fr\/category\/actualites\/evenements\/evenements-logistique\/\" rel=\"tag\">Ev\u00e9nements Logistique<\/a>, <a href=\"https:\/\/www.transports-coue.fr\/fr\/category\/actualites\/partenariats\/\" rel=\"tag\">Partenariats<\/a> <\/span><span class=\"av-vertical-delimiter\"><\/span><\/header><div class='slide-entry-excerpt entry-content'  itemprop=\"text\" >Top Transport Europe 2025\u00a0: c'est le 15 et 16 octobre !\n\nChaque ann\u00e9e, Top Transport Europe est L'EVENEMENT PHARE pour VOUS rencontrer via des RDV planifi\u00e9s, cibl\u00e9s et efficaces.\n\n2 jours d'\u00e9changes d\u00e9di\u00e9s \u00e0 vos projets Transport &amp;\u2026<div class=\"read-more-link\"><a href=\"https:\/\/www.transports-coue.fr\/fr\/participation-au-top-transport-europe-2025-2-jours-dechanges-sur-vos-projets-transport-logistique\/\" class=\"more-link\">Lire la suite<span class='more-link-arrow avia-svg-icon avia-font-svg_entypo-fontello' data-av_svg_icon='right-open-big' data-av_iconset='svg_entypo-fontello'><svg version=\"1.1\" xmlns=\"http:\/\/www.w3.org\/2000\/svg\" width=\"15\" height=\"32\" viewBox=\"0 0 15 32\" preserveAspectRatio=\"xMidYMid meet\" role=\"graphics-symbol\" aria-hidden=\"true\">\n<path d=\"M0.416 27.84l11.456-11.84-11.456-11.904q-0.832-0.832 0-1.536 0.832-0.832 1.536 0l12.544 12.608q0.768 0.832 0 1.6l-12.544 12.608q-0.704 0.832-1.536 0-0.832-0.704 0-1.536z\"><\/path>\n<\/svg><\/span><\/a><\/div><\/div><\/div><footer class=\"entry-footer\"><div class=\"slide-meta\"><time class='slide-meta-time updated'  itemprop=\"datePublished\" datetime=\"2025-09-12T11:56:18+02:00\" >12 septembre 2025<\/time><\/div><\/footer><span class='hidden'>\n\t\t\t\t<span class='av-structured-data'  itemprop=\"image\" itemscope=\"itemscope\" itemtype=\"https:\/\/schema.org\/ImageObject\" >\n\t\t\t\t\t\t<span itemprop='url'>https:\/\/www.transports-coue.fr\/wp-content\/uploads\/2025\/09\/groupe-coue-trm-top-transport-2025-otms-rdv-projets-transport-logistique.webp<\/span>\n\t\t\t\t\t\t<span itemprop='height'>642<\/span>\n\t\t\t\t\t\t<span itemprop='width'>1690<\/span>\n\t\t\t\t<\/span>\n\t\t\t\t<span class='av-structured-data'  itemprop=\"publisher\" itemtype=\"https:\/\/schema.org\/Organization\" itemscope=\"itemscope\" >\n\t\t\t\t\t\t<span itemprop='name'>Transports Cou\u00e9<\/span>\n\t\t\t\t\t\t<span itemprop='logo' itemscope itemtype='https:\/\/schema.org\/ImageObject'>\n\t\t\t\t\t\t\t<span itemprop='url'>https:\/\/www.transports-coue.fr\/wp-content\/uploads\/2018\/10\/Logo-transports-coue-300x119.png<\/span>\n\t\t\t\t\t\t<\/span>\n\t\t\t\t<\/span><span class='av-structured-data'  itemprop=\"author\" itemscope=\"itemscope\" itemtype=\"https:\/\/schema.org\/Person\" ><span itemprop='name'>Transports Cou\u00e9<\/span><\/span><span class='av-structured-data'  itemprop=\"datePublished\" datetime=\"2018-10-04T10:16:12+02:00\" >2025-09-12 11:56:18<\/span><span class='av-structured-data'  itemprop=\"dateModified\" itemtype=\"https:\/\/schema.org\/dateModified\" >2025-10-17 18:32:10<\/span><span class='av-structured-data'  itemprop=\"mainEntityOfPage\" itemtype=\"https:\/\/schema.org\/mainEntityOfPage\" ><span itemprop='name'>Participation au Top Transport Europe 2025 : 2 jours d&rsquo;\u00e9changes sur vos projets Transport &amp; Logistique<\/span><\/span><\/span><\/article><article class='slide-entry flex_column  post-entry post-entry-11793 slide-entry-overview slide-loop-5 slide-parity-even  av_one_third  real-thumbnail posttype-post post-format-standard'  itemscope=\"itemscope\" itemtype=\"https:\/\/schema.org\/CreativeWork\" ><a href='https:\/\/www.transports-coue.fr\/fr\/groupe-coue-futur-operateur-engage-dans-le-projet-rail-route-de-laval-53\/' data-rel='slide-3' class='slide-image' title='Groupe Cou\u00e9, futur op\u00e9rateur engag\u00e9 dans le projet Rail-Route de Laval (53)'><img decoding=\"async\" fetchpriority=\"high\" width=\"1690\" height=\"642\" src=\"https:\/\/www.transports-coue.fr\/wp-content\/uploads\/2025\/03\/Groupe-coue-trm-projet-rail-route-plateforme-multimodale-presentation-acteurs.webp\" class=\"wp-image-11795 avia-img-lazy-loading-not-11795 attachment-no scaling size-no scaling wp-post-image\" alt=\"Projet multimodale rail route de Laval 53\" srcset=\"https:\/\/www.transports-coue.fr\/wp-content\/uploads\/2025\/03\/Groupe-coue-trm-projet-rail-route-plateforme-multimodale-presentation-acteurs.webp 1690w, https:\/\/www.transports-coue.fr\/wp-content\/uploads\/2025\/03\/Groupe-coue-trm-projet-rail-route-plateforme-multimodale-presentation-acteurs-300x114.webp 300w, https:\/\/www.transports-coue.fr\/wp-content\/uploads\/2025\/03\/Groupe-coue-trm-projet-rail-route-plateforme-multimodale-presentation-acteurs-1030x391.webp 1030w, https:\/\/www.transports-coue.fr\/wp-content\/uploads\/2025\/03\/Groupe-coue-trm-projet-rail-route-plateforme-multimodale-presentation-acteurs-80x30.webp 80w, https:\/\/www.transports-coue.fr\/wp-content\/uploads\/2025\/03\/Groupe-coue-trm-projet-rail-route-plateforme-multimodale-presentation-acteurs-768x292.webp 768w, https:\/\/www.transports-coue.fr\/wp-content\/uploads\/2025\/03\/Groupe-coue-trm-projet-rail-route-plateforme-multimodale-presentation-acteurs-1536x583.webp 1536w, https:\/\/www.transports-coue.fr\/wp-content\/uploads\/2025\/03\/Groupe-coue-trm-projet-rail-route-plateforme-multimodale-presentation-acteurs-1500x570.webp 1500w, https:\/\/www.transports-coue.fr\/wp-content\/uploads\/2025\/03\/Groupe-coue-trm-projet-rail-route-plateforme-multimodale-presentation-acteurs-705x268.webp 705w, https:\/\/www.transports-coue.fr\/wp-content\/uploads\/2025\/03\/Groupe-coue-trm-projet-rail-route-plateforme-multimodale-presentation-acteurs-845x321.webp 845w\" sizes=\"(max-width: 1690px) 100vw, 1690px\" \/><\/a><div class=\"slide-content\"><header class=\"entry-content-header\" aria-label=\"Slide: Groupe Cou\u00e9, futur op\u00e9rateur engag\u00e9 dans le projet Rail-Route de Laval (53)\"><h3 class='slide-entry-title entry-title '  itemprop=\"headline\" ><a href='https:\/\/www.transports-coue.fr\/fr\/groupe-coue-futur-operateur-engage-dans-le-projet-rail-route-de-laval-53\/' title='Groupe Cou\u00e9, futur op\u00e9rateur engag\u00e9 dans le projet Rail-Route de Laval (53)'>Groupe Cou\u00e9, futur op\u00e9rateur engag\u00e9 dans le projet Rail-Route de Laval (53)<\/a><\/h3><span class=\"blog-categories minor-meta\"><a href=\"https:\/\/www.transports-coue.fr\/fr\/category\/actualites\/\" rel=\"tag\">Actualit\u00e9s<\/a>, <a href=\"https:\/\/www.transports-coue.fr\/fr\/category\/actualites\/developpement\/\" rel=\"tag\">D\u00e9veloppement<\/a>, <a href=\"https:\/\/www.transports-coue.fr\/fr\/category\/actualites\/developpement\/developpement-logistique\/\" rel=\"tag\">D\u00e9veloppement Logistique<\/a>, <a href=\"https:\/\/www.transports-coue.fr\/fr\/category\/actualites\/developpement\/developpement-overseas\/\" rel=\"tag\">D\u00e9veloppement Overseas<\/a>, <a href=\"https:\/\/www.transports-coue.fr\/fr\/category\/actualites\/developpement\/developpement-transport-containers\/\" rel=\"tag\">D\u00e9veloppement Transport Containers<\/a>, <a href=\"https:\/\/www.transports-coue.fr\/fr\/category\/actualites\/partenariats\/\" rel=\"tag\">Partenariats<\/a> <\/span><span class=\"av-vertical-delimiter\"><\/span><\/header><div class='slide-entry-excerpt entry-content'  itemprop=\"text\" >\ud83d\ude86\ud83c\udf31 Groupe Cou\u00e9, futur op\u00e9rateur engag\u00e9 dans le projet Rail Route de Laval (53)\nRetour en photos sur notre participation ce 20 mars \u00e0 la pr\u00e9sentation du projet de construction et de gestion d'ici 2026 de la plateforme de transport\u2026<div class=\"read-more-link\"><a href=\"https:\/\/www.transports-coue.fr\/fr\/groupe-coue-futur-operateur-engage-dans-le-projet-rail-route-de-laval-53\/\" class=\"more-link\">Lire la suite<span class='more-link-arrow avia-svg-icon avia-font-svg_entypo-fontello' data-av_svg_icon='right-open-big' data-av_iconset='svg_entypo-fontello'><svg version=\"1.1\" xmlns=\"http:\/\/www.w3.org\/2000\/svg\" width=\"15\" height=\"32\" viewBox=\"0 0 15 32\" preserveAspectRatio=\"xMidYMid meet\" role=\"graphics-symbol\" aria-hidden=\"true\">\n<path d=\"M0.416 27.84l11.456-11.84-11.456-11.904q-0.832-0.832 0-1.536 0.832-0.832 1.536 0l12.544 12.608q0.768 0.832 0 1.6l-12.544 12.608q-0.704 0.832-1.536 0-0.832-0.704 0-1.536z\"><\/path>\n<\/svg><\/span><\/a><\/div><\/div><\/div><footer class=\"entry-footer\"><div class=\"slide-meta\"><time class='slide-meta-time updated'  itemprop=\"datePublished\" datetime=\"2025-03-24T17:23:17+01:00\" >24 mars 2025<\/time><\/div><\/footer><span class='hidden'>\n\t\t\t\t<span class='av-structured-data'  itemprop=\"image\" itemscope=\"itemscope\" itemtype=\"https:\/\/schema.org\/ImageObject\" >\n\t\t\t\t\t\t<span itemprop='url'>https:\/\/www.transports-coue.fr\/wp-content\/uploads\/2025\/03\/Groupe-coue-trm-projet-rail-route-plateforme-multimodale-presentation-acteurs.webp<\/span>\n\t\t\t\t\t\t<span itemprop='height'>642<\/span>\n\t\t\t\t\t\t<span itemprop='width'>1690<\/span>\n\t\t\t\t<\/span>\n\t\t\t\t<span class='av-structured-data'  itemprop=\"publisher\" itemtype=\"https:\/\/schema.org\/Organization\" itemscope=\"itemscope\" >\n\t\t\t\t\t\t<span itemprop='name'>Transports Cou\u00e9<\/span>\n\t\t\t\t\t\t<span itemprop='logo' itemscope itemtype='https:\/\/schema.org\/ImageObject'>\n\t\t\t\t\t\t\t<span itemprop='url'>https:\/\/www.transports-coue.fr\/wp-content\/uploads\/2018\/10\/Logo-transports-coue-300x119.png<\/span>\n\t\t\t\t\t\t<\/span>\n\t\t\t\t<\/span><span class='av-structured-data'  itemprop=\"author\" itemscope=\"itemscope\" itemtype=\"https:\/\/schema.org\/Person\" ><span itemprop='name'>Transports Cou\u00e9<\/span><\/span><span class='av-structured-data'  itemprop=\"datePublished\" datetime=\"2018-10-04T10:16:12+02:00\" >2025-03-24 17:23:17<\/span><span class='av-structured-data'  itemprop=\"dateModified\" itemtype=\"https:\/\/schema.org\/dateModified\" >2025-05-06 09:35:56<\/span><span class='av-structured-data'  itemprop=\"mainEntityOfPage\" itemtype=\"https:\/\/schema.org\/mainEntityOfPage\" ><span itemprop='name'>Groupe Cou\u00e9, futur op\u00e9rateur engag\u00e9 dans le projet Rail-Route de Laval (53)<\/span><\/span><\/span><\/article><article class='slide-entry flex_column  post-entry post-entry-9615 slide-entry-overview slide-loop-6 slide-parity-odd  av_one_third  real-thumbnail posttype-post post-format-standard'  itemscope=\"itemscope\" itemtype=\"https:\/\/schema.org\/CreativeWork\" ><a href='https:\/\/www.transports-coue.fr\/fr\/exercices-des-sapeurs-pompiers-sdis-53-au-sein-de-notre-plateforme-logistique-icpe\/' data-rel='slide-3' class='slide-image' title='Exercices des Sapeurs Pompiers SDIS 53 au sein de notre plateforme Logistique ICPE'><img decoding=\"async\" fetchpriority=\"high\" width=\"1690\" height=\"642\" src=\"https:\/\/www.transports-coue.fr\/wp-content\/uploads\/2023\/11\/logistique-coue-exercices-sapeurs-pompiers-web.webp\" class=\"wp-image-9617 avia-img-lazy-loading-not-9617 attachment-no scaling size-no scaling wp-post-image\" alt=\"Exercices sapeurs pompiers dans notre logistique ICPE\" srcset=\"https:\/\/www.transports-coue.fr\/wp-content\/uploads\/2023\/11\/logistique-coue-exercices-sapeurs-pompiers-web.webp 1690w, https:\/\/www.transports-coue.fr\/wp-content\/uploads\/2023\/11\/logistique-coue-exercices-sapeurs-pompiers-web-300x114.webp 300w, https:\/\/www.transports-coue.fr\/wp-content\/uploads\/2023\/11\/logistique-coue-exercices-sapeurs-pompiers-web-1030x391.webp 1030w, https:\/\/www.transports-coue.fr\/wp-content\/uploads\/2023\/11\/logistique-coue-exercices-sapeurs-pompiers-web-80x30.webp 80w, https:\/\/www.transports-coue.fr\/wp-content\/uploads\/2023\/11\/logistique-coue-exercices-sapeurs-pompiers-web-768x292.webp 768w, https:\/\/www.transports-coue.fr\/wp-content\/uploads\/2023\/11\/logistique-coue-exercices-sapeurs-pompiers-web-1536x583.webp 1536w, https:\/\/www.transports-coue.fr\/wp-content\/uploads\/2023\/11\/logistique-coue-exercices-sapeurs-pompiers-web-1500x570.webp 1500w, https:\/\/www.transports-coue.fr\/wp-content\/uploads\/2023\/11\/logistique-coue-exercices-sapeurs-pompiers-web-705x268.webp 705w, https:\/\/www.transports-coue.fr\/wp-content\/uploads\/2023\/11\/logistique-coue-exercices-sapeurs-pompiers-web-845x321.webp 845w\" sizes=\"(max-width: 1690px) 100vw, 1690px\" \/><\/a><div class=\"slide-content\"><header class=\"entry-content-header\" aria-label=\"Slide: Exercices des Sapeurs Pompiers SDIS 53 au sein de notre plateforme Logistique ICPE\"><h3 class='slide-entry-title entry-title '  itemprop=\"headline\" ><a href='https:\/\/www.transports-coue.fr\/fr\/exercices-des-sapeurs-pompiers-sdis-53-au-sein-de-notre-plateforme-logistique-icpe\/' title='Exercices des Sapeurs Pompiers SDIS 53 au sein de notre plateforme Logistique ICPE'>Exercices des Sapeurs Pompiers SDIS 53 au sein de notre plateforme Logistique ICPE<\/a><\/h3><span class=\"blog-categories minor-meta\"><a href=\"https:\/\/www.transports-coue.fr\/fr\/category\/actualites\/\" rel=\"tag\">Actualit\u00e9s<\/a>, <a href=\"https:\/\/www.transports-coue.fr\/fr\/category\/actualites\/partenariats\/\" rel=\"tag\">Partenariats<\/a> <\/span><span class=\"av-vertical-delimiter\"><\/span><\/header><div class='slide-entry-excerpt entry-content'  itemprop=\"text\" >\ud83d\udea8 Dans le cadre de la Convention de mise \u00e0 disposition de notre entrep\u00f4t Logistique class\u00e9 ICPE (Installation Class\u00e9e Protection de l'Environnement \ud83c\udf0d) avec les Sapeurs-Pompiers de Laval (53, Mayenne), ces derniers ont pu de nouveau\u2026<div class=\"read-more-link\"><a href=\"https:\/\/www.transports-coue.fr\/fr\/exercices-des-sapeurs-pompiers-sdis-53-au-sein-de-notre-plateforme-logistique-icpe\/\" class=\"more-link\">Lire la suite<span class='more-link-arrow avia-svg-icon avia-font-svg_entypo-fontello' data-av_svg_icon='right-open-big' data-av_iconset='svg_entypo-fontello'><svg version=\"1.1\" xmlns=\"http:\/\/www.w3.org\/2000\/svg\" width=\"15\" height=\"32\" viewBox=\"0 0 15 32\" preserveAspectRatio=\"xMidYMid meet\" role=\"graphics-symbol\" aria-hidden=\"true\">\n<path d=\"M0.416 27.84l11.456-11.84-11.456-11.904q-0.832-0.832 0-1.536 0.832-0.832 1.536 0l12.544 12.608q0.768 0.832 0 1.6l-12.544 12.608q-0.704 0.832-1.536 0-0.832-0.704 0-1.536z\"><\/path>\n<\/svg><\/span><\/a><\/div><\/div><\/div><footer class=\"entry-footer\"><div class=\"slide-meta\"><time class='slide-meta-time updated'  itemprop=\"datePublished\" datetime=\"2023-11-17T11:48:45+01:00\" >17 novembre 2023<\/time><\/div><\/footer><span class='hidden'>\n\t\t\t\t<span class='av-structured-data'  itemprop=\"image\" itemscope=\"itemscope\" itemtype=\"https:\/\/schema.org\/ImageObject\" >\n\t\t\t\t\t\t<span itemprop='url'>https:\/\/www.transports-coue.fr\/wp-content\/uploads\/2023\/11\/logistique-coue-exercices-sapeurs-pompiers-web.webp<\/span>\n\t\t\t\t\t\t<span itemprop='height'>642<\/span>\n\t\t\t\t\t\t<span itemprop='width'>1690<\/span>\n\t\t\t\t<\/span>\n\t\t\t\t<span class='av-structured-data'  itemprop=\"publisher\" itemtype=\"https:\/\/schema.org\/Organization\" itemscope=\"itemscope\" >\n\t\t\t\t\t\t<span itemprop='name'>Transports Cou\u00e9<\/span>\n\t\t\t\t\t\t<span itemprop='logo' itemscope itemtype='https:\/\/schema.org\/ImageObject'>\n\t\t\t\t\t\t\t<span itemprop='url'>https:\/\/www.transports-coue.fr\/wp-content\/uploads\/2018\/10\/Logo-transports-coue-300x119.png<\/span>\n\t\t\t\t\t\t<\/span>\n\t\t\t\t<\/span><span class='av-structured-data'  itemprop=\"author\" itemscope=\"itemscope\" itemtype=\"https:\/\/schema.org\/Person\" ><span itemprop='name'>Transports Cou\u00e9<\/span><\/span><span class='av-structured-data'  itemprop=\"datePublished\" datetime=\"2018-10-04T10:16:12+02:00\" >2023-11-17 11:48:45<\/span><span class='av-structured-data'  itemprop=\"dateModified\" itemtype=\"https:\/\/schema.org\/dateModified\" >2024-01-11 10:06:55<\/span><span class='av-structured-data'  itemprop=\"mainEntityOfPage\" itemtype=\"https:\/\/schema.org\/mainEntityOfPage\" ><span itemprop='name'>Exercices des Sapeurs Pompiers SDIS 53 au sein de notre plateforme Logistique ICPE<\/span><\/span><\/span><\/article><\/div><div class=\"slide-entry-wrap\"><article class='slide-entry flex_column  post-entry post-entry-9568 slide-entry-overview slide-loop-7 slide-parity-odd  av_one_third first real-thumbnail posttype-post post-format-standard'  itemscope=\"itemscope\" itemtype=\"https:\/\/schema.org\/CreativeWork\" ><a href='https:\/\/www.transports-coue.fr\/fr\/participation-a-un-raid-humanitaire-avec-laurent\/' data-rel='slide-3' class='slide-image' title='Participation \u00e0 un raid humanitaire avec Laurent !'><img decoding=\"async\" fetchpriority=\"high\" width=\"1690\" height=\"642\" src=\"https:\/\/www.transports-coue.fr\/wp-content\/uploads\/2023\/10\/transports-coue-participation-raid-humanitaire-laurent-conducteur.webp\" class=\"wp-image-9569 avia-img-lazy-loading-not-9569 attachment-no scaling size-no scaling wp-post-image\" alt=\"Participation \u00e0 un raid humanitaire au Maroc avec Laurent, un de nos conducteurs\" srcset=\"https:\/\/www.transports-coue.fr\/wp-content\/uploads\/2023\/10\/transports-coue-participation-raid-humanitaire-laurent-conducteur.webp 1690w, https:\/\/www.transports-coue.fr\/wp-content\/uploads\/2023\/10\/transports-coue-participation-raid-humanitaire-laurent-conducteur-300x114.webp 300w, https:\/\/www.transports-coue.fr\/wp-content\/uploads\/2023\/10\/transports-coue-participation-raid-humanitaire-laurent-conducteur-1030x391.webp 1030w, https:\/\/www.transports-coue.fr\/wp-content\/uploads\/2023\/10\/transports-coue-participation-raid-humanitaire-laurent-conducteur-80x30.webp 80w, https:\/\/www.transports-coue.fr\/wp-content\/uploads\/2023\/10\/transports-coue-participation-raid-humanitaire-laurent-conducteur-768x292.webp 768w, https:\/\/www.transports-coue.fr\/wp-content\/uploads\/2023\/10\/transports-coue-participation-raid-humanitaire-laurent-conducteur-1536x583.webp 1536w, https:\/\/www.transports-coue.fr\/wp-content\/uploads\/2023\/10\/transports-coue-participation-raid-humanitaire-laurent-conducteur-1500x570.webp 1500w, https:\/\/www.transports-coue.fr\/wp-content\/uploads\/2023\/10\/transports-coue-participation-raid-humanitaire-laurent-conducteur-705x268.webp 705w, https:\/\/www.transports-coue.fr\/wp-content\/uploads\/2023\/10\/transports-coue-participation-raid-humanitaire-laurent-conducteur-845x321.webp 845w\" sizes=\"(max-width: 1690px) 100vw, 1690px\" \/><\/a><div class=\"slide-content\"><header class=\"entry-content-header\" aria-label=\"Slide: Participation \u00e0 un raid humanitaire avec Laurent !\"><h3 class='slide-entry-title entry-title '  itemprop=\"headline\" ><a href='https:\/\/www.transports-coue.fr\/fr\/participation-a-un-raid-humanitaire-avec-laurent\/' title='Participation \u00e0 un raid humanitaire avec Laurent !'>Participation \u00e0 un raid humanitaire avec Laurent !<\/a><\/h3><span class=\"blog-categories minor-meta\"><a href=\"https:\/\/www.transports-coue.fr\/fr\/category\/actualites\/partenariats\/\" rel=\"tag\">Partenariats<\/a> <\/span><span class=\"av-vertical-delimiter\"><\/span><\/header><div class='slide-entry-excerpt entry-content'  itemprop=\"text\" >Nous avons eu le plaisir de participer \u00e0 l'initiative d'un de nos conducteurs \ud83d\ude9b, Laurent, de r\u00e9aliser un raid humanitaire au Maroc d\u00e9but octobre.\n2500 km de hors piste parcourus, de belles rencontres et de beaux partages avec les populations\u2026<div class=\"read-more-link\"><a href=\"https:\/\/www.transports-coue.fr\/fr\/participation-a-un-raid-humanitaire-avec-laurent\/\" class=\"more-link\">Lire la suite<span class='more-link-arrow avia-svg-icon avia-font-svg_entypo-fontello' data-av_svg_icon='right-open-big' data-av_iconset='svg_entypo-fontello'><svg version=\"1.1\" xmlns=\"http:\/\/www.w3.org\/2000\/svg\" width=\"15\" height=\"32\" viewBox=\"0 0 15 32\" preserveAspectRatio=\"xMidYMid meet\" role=\"graphics-symbol\" aria-hidden=\"true\">\n<path d=\"M0.416 27.84l11.456-11.84-11.456-11.904q-0.832-0.832 0-1.536 0.832-0.832 1.536 0l12.544 12.608q0.768 0.832 0 1.6l-12.544 12.608q-0.704 0.832-1.536 0-0.832-0.704 0-1.536z\"><\/path>\n<\/svg><\/span><\/a><\/div><\/div><\/div><footer class=\"entry-footer\"><div class=\"slide-meta\"><time class='slide-meta-time updated'  itemprop=\"datePublished\" datetime=\"2023-10-25T17:27:24+02:00\" >25 octobre 2023<\/time><\/div><\/footer><span class='hidden'>\n\t\t\t\t<span class='av-structured-data'  itemprop=\"image\" itemscope=\"itemscope\" itemtype=\"https:\/\/schema.org\/ImageObject\" >\n\t\t\t\t\t\t<span itemprop='url'>https:\/\/www.transports-coue.fr\/wp-content\/uploads\/2023\/10\/transports-coue-participation-raid-humanitaire-laurent-conducteur.webp<\/span>\n\t\t\t\t\t\t<span itemprop='height'>642<\/span>\n\t\t\t\t\t\t<span itemprop='width'>1690<\/span>\n\t\t\t\t<\/span>\n\t\t\t\t<span class='av-structured-data'  itemprop=\"publisher\" itemtype=\"https:\/\/schema.org\/Organization\" itemscope=\"itemscope\" >\n\t\t\t\t\t\t<span itemprop='name'>Transports Cou\u00e9<\/span>\n\t\t\t\t\t\t<span itemprop='logo' itemscope itemtype='https:\/\/schema.org\/ImageObject'>\n\t\t\t\t\t\t\t<span itemprop='url'>https:\/\/www.transports-coue.fr\/wp-content\/uploads\/2018\/10\/Logo-transports-coue-300x119.png<\/span>\n\t\t\t\t\t\t<\/span>\n\t\t\t\t<\/span><span class='av-structured-data'  itemprop=\"author\" itemscope=\"itemscope\" itemtype=\"https:\/\/schema.org\/Person\" ><span itemprop='name'>Transports Cou\u00e9<\/span><\/span><span class='av-structured-data'  itemprop=\"datePublished\" datetime=\"2018-10-04T10:16:12+02:00\" >2023-10-25 17:27:24<\/span><span class='av-structured-data'  itemprop=\"dateModified\" itemtype=\"https:\/\/schema.org\/dateModified\" >2023-10-25 17:30:06<\/span><span class='av-structured-data'  itemprop=\"mainEntityOfPage\" itemtype=\"https:\/\/schema.org\/mainEntityOfPage\" ><span itemprop='name'>Participation \u00e0 un raid humanitaire avec Laurent !<\/span><\/span><\/span><\/article><article class='slide-entry flex_column  post-entry post-entry-9118 slide-entry-overview slide-loop-8 slide-parity-even  av_one_third  real-thumbnail posttype-post post-format-standard'  itemscope=\"itemscope\" itemtype=\"https:\/\/schema.org\/CreativeWork\" ><a href='https:\/\/www.transports-coue.fr\/fr\/glenn-conducteur-transports-coue-au-24h-velo-du-mans-72\/' data-rel='slide-3' class='slide-image' title='Glenn, conducteur Transports Cou\u00e9, au 24h V\u00e9lo du Mans (72) !'><img decoding=\"async\" fetchpriority=\"high\" width=\"1690\" height=\"642\" src=\"https:\/\/www.transports-coue.fr\/wp-content\/uploads\/2023\/09\/transports-coue-glenn-conducteur-au24h-velo-le-mans.jpg\" class=\"wp-image-9119 avia-img-lazy-loading-not-9119 attachment-no scaling size-no scaling wp-post-image\" alt=\"\" srcset=\"https:\/\/www.transports-coue.fr\/wp-content\/uploads\/2023\/09\/transports-coue-glenn-conducteur-au24h-velo-le-mans.jpg 1690w, https:\/\/www.transports-coue.fr\/wp-content\/uploads\/2023\/09\/transports-coue-glenn-conducteur-au24h-velo-le-mans-300x114.jpg 300w, https:\/\/www.transports-coue.fr\/wp-content\/uploads\/2023\/09\/transports-coue-glenn-conducteur-au24h-velo-le-mans-1030x391.jpg 1030w, https:\/\/www.transports-coue.fr\/wp-content\/uploads\/2023\/09\/transports-coue-glenn-conducteur-au24h-velo-le-mans-80x30.jpg 80w, https:\/\/www.transports-coue.fr\/wp-content\/uploads\/2023\/09\/transports-coue-glenn-conducteur-au24h-velo-le-mans-768x292.jpg 768w, https:\/\/www.transports-coue.fr\/wp-content\/uploads\/2023\/09\/transports-coue-glenn-conducteur-au24h-velo-le-mans-1536x583.jpg 1536w, https:\/\/www.transports-coue.fr\/wp-content\/uploads\/2023\/09\/transports-coue-glenn-conducteur-au24h-velo-le-mans-1500x570.jpg 1500w, https:\/\/www.transports-coue.fr\/wp-content\/uploads\/2023\/09\/transports-coue-glenn-conducteur-au24h-velo-le-mans-705x268.jpg 705w, https:\/\/www.transports-coue.fr\/wp-content\/uploads\/2023\/09\/transports-coue-glenn-conducteur-au24h-velo-le-mans-845x321.jpg 845w\" sizes=\"(max-width: 1690px) 100vw, 1690px\" \/><\/a><div class=\"slide-content\"><header class=\"entry-content-header\" aria-label=\"Slide: Glenn, conducteur Transports Cou\u00e9, au 24h V\u00e9lo du Mans (72) !\"><h3 class='slide-entry-title entry-title '  itemprop=\"headline\" ><a href='https:\/\/www.transports-coue.fr\/fr\/glenn-conducteur-transports-coue-au-24h-velo-du-mans-72\/' title='Glenn, conducteur Transports Cou\u00e9, au 24h V\u00e9lo du Mans (72) !'>Glenn, conducteur Transports Cou\u00e9, au 24h V\u00e9lo du Mans (72) !<\/a><\/h3><span class=\"blog-categories minor-meta\"><a href=\"https:\/\/www.transports-coue.fr\/fr\/category\/actualites\/\" rel=\"tag\">Actualit\u00e9s<\/a>, <a href=\"https:\/\/www.transports-coue.fr\/fr\/category\/actualites\/partenariats\/\" rel=\"tag\">Partenariats<\/a> <\/span><span class=\"av-vertical-delimiter\"><\/span><\/header><div class='slide-entry-excerpt entry-content'  itemprop=\"text\" >\ud83d\udc4f Glenn, conducteur r\u00e9gional, a fi\u00e8rement repr\u00e9sent\u00e9 nos couleurs au 24 Heures V\u00e9lo - Le Mans les 26 et 27 ao\u00fbt !\n\n\ud83d\udeb4\u200d\u2642\ufe0f 639 \u00e9quipes, 3012 participants, parti en individuel il est arriv\u00e9 604i\u00e8me avec 455 kms parcourus ! Une\u2026<div class=\"read-more-link\"><a href=\"https:\/\/www.transports-coue.fr\/fr\/glenn-conducteur-transports-coue-au-24h-velo-du-mans-72\/\" class=\"more-link\">Lire la suite<span class='more-link-arrow avia-svg-icon avia-font-svg_entypo-fontello' data-av_svg_icon='right-open-big' data-av_iconset='svg_entypo-fontello'><svg version=\"1.1\" xmlns=\"http:\/\/www.w3.org\/2000\/svg\" width=\"15\" height=\"32\" viewBox=\"0 0 15 32\" preserveAspectRatio=\"xMidYMid meet\" role=\"graphics-symbol\" aria-hidden=\"true\">\n<path d=\"M0.416 27.84l11.456-11.84-11.456-11.904q-0.832-0.832 0-1.536 0.832-0.832 1.536 0l12.544 12.608q0.768 0.832 0 1.6l-12.544 12.608q-0.704 0.832-1.536 0-0.832-0.704 0-1.536z\"><\/path>\n<\/svg><\/span><\/a><\/div><\/div><\/div><footer class=\"entry-footer\"><div class=\"slide-meta\"><time class='slide-meta-time updated'  itemprop=\"datePublished\" datetime=\"2023-09-13T18:53:40+02:00\" >13 septembre 2023<\/time><\/div><\/footer><span class='hidden'>\n\t\t\t\t<span class='av-structured-data'  itemprop=\"image\" itemscope=\"itemscope\" itemtype=\"https:\/\/schema.org\/ImageObject\" >\n\t\t\t\t\t\t<span itemprop='url'>https:\/\/www.transports-coue.fr\/wp-content\/uploads\/2023\/09\/transports-coue-glenn-conducteur-au24h-velo-le-mans.jpg<\/span>\n\t\t\t\t\t\t<span itemprop='height'>642<\/span>\n\t\t\t\t\t\t<span itemprop='width'>1690<\/span>\n\t\t\t\t<\/span>\n\t\t\t\t<span class='av-structured-data'  itemprop=\"publisher\" itemtype=\"https:\/\/schema.org\/Organization\" itemscope=\"itemscope\" >\n\t\t\t\t\t\t<span itemprop='name'>Transports Cou\u00e9<\/span>\n\t\t\t\t\t\t<span itemprop='logo' itemscope itemtype='https:\/\/schema.org\/ImageObject'>\n\t\t\t\t\t\t\t<span itemprop='url'>https:\/\/www.transports-coue.fr\/wp-content\/uploads\/2018\/10\/Logo-transports-coue-300x119.png<\/span>\n\t\t\t\t\t\t<\/span>\n\t\t\t\t<\/span><span class='av-structured-data'  itemprop=\"author\" itemscope=\"itemscope\" itemtype=\"https:\/\/schema.org\/Person\" ><span itemprop='name'>Transports Cou\u00e9<\/span><\/span><span class='av-structured-data'  itemprop=\"datePublished\" datetime=\"2018-10-04T10:16:12+02:00\" >2023-09-13 18:53:40<\/span><span class='av-structured-data'  itemprop=\"dateModified\" itemtype=\"https:\/\/schema.org\/dateModified\" >2023-09-13 18:53:41<\/span><span class='av-structured-data'  itemprop=\"mainEntityOfPage\" itemtype=\"https:\/\/schema.org\/mainEntityOfPage\" ><span itemprop='name'>Glenn, conducteur Transports Cou\u00e9, au 24h V\u00e9lo du Mans (72) !<\/span><\/span><\/span><\/article><article class='slide-entry flex_column  post-entry post-entry-8712 slide-entry-overview slide-loop-9 slide-parity-odd  av_one_third  real-thumbnail posttype-post post-format-standard'  itemscope=\"itemscope\" itemtype=\"https:\/\/schema.org\/CreativeWork\" ><a href='https:\/\/www.transports-coue.fr\/fr\/camion-frigo-coue-aux-3-elephants\/' data-rel='slide-3' class='slide-image' title='Camion frigo Cou\u00e9 aux 3 \u00c9l\u00e9phants !'><img decoding=\"async\" fetchpriority=\"high\" width=\"1690\" height=\"642\" src=\"https:\/\/www.transports-coue.fr\/wp-content\/uploads\/2023\/05\/transports-coue-festival-3elephants-laval-web.jpg\" class=\"wp-image-8713 avia-img-lazy-loading-not-8713 attachment-no scaling size-no scaling wp-post-image\" alt=\"\" srcset=\"https:\/\/www.transports-coue.fr\/wp-content\/uploads\/2023\/05\/transports-coue-festival-3elephants-laval-web.jpg 1690w, https:\/\/www.transports-coue.fr\/wp-content\/uploads\/2023\/05\/transports-coue-festival-3elephants-laval-web-300x114.jpg 300w, https:\/\/www.transports-coue.fr\/wp-content\/uploads\/2023\/05\/transports-coue-festival-3elephants-laval-web-1030x391.jpg 1030w, https:\/\/www.transports-coue.fr\/wp-content\/uploads\/2023\/05\/transports-coue-festival-3elephants-laval-web-80x30.jpg 80w, https:\/\/www.transports-coue.fr\/wp-content\/uploads\/2023\/05\/transports-coue-festival-3elephants-laval-web-768x292.jpg 768w, https:\/\/www.transports-coue.fr\/wp-content\/uploads\/2023\/05\/transports-coue-festival-3elephants-laval-web-1536x583.jpg 1536w, https:\/\/www.transports-coue.fr\/wp-content\/uploads\/2023\/05\/transports-coue-festival-3elephants-laval-web-1500x570.jpg 1500w, https:\/\/www.transports-coue.fr\/wp-content\/uploads\/2023\/05\/transports-coue-festival-3elephants-laval-web-705x268.jpg 705w, https:\/\/www.transports-coue.fr\/wp-content\/uploads\/2023\/05\/transports-coue-festival-3elephants-laval-web-845x321.jpg 845w\" sizes=\"(max-width: 1690px) 100vw, 1690px\" \/><\/a><div class=\"slide-content\"><header class=\"entry-content-header\" aria-label=\"Slide: Camion frigo Cou\u00e9 aux 3 \u00c9l\u00e9phants !\"><h3 class='slide-entry-title entry-title '  itemprop=\"headline\" ><a href='https:\/\/www.transports-coue.fr\/fr\/camion-frigo-coue-aux-3-elephants\/' title='Camion frigo Cou\u00e9 aux 3 \u00c9l\u00e9phants !'>Camion frigo Cou\u00e9 aux 3 \u00c9l\u00e9phants !<\/a><\/h3><span class=\"blog-categories minor-meta\"><a href=\"https:\/\/www.transports-coue.fr\/fr\/category\/actualites\/\" rel=\"tag\">Actualit\u00e9s<\/a>, <a href=\"https:\/\/www.transports-coue.fr\/fr\/category\/actualites\/partenariats\/\" rel=\"tag\">Partenariats<\/a> <\/span><span class=\"av-vertical-delimiter\"><\/span><\/header><div class='slide-entry-excerpt entry-content'  itemprop=\"text\" >\ud83c\udfb8\ud83c\udfa4 Comme chaque ann\u00e9e, nous sommes ravis d'\u00eatre partenaire \ud83e\udd1d du festival de musique \ud83d\udc69\u200d\ud83c\udfa4 \ud83c\udfbc incontournable de Laval, Les 3 \u00e9l\u00e9phants, en mettant \u00e0 disposition une semi frigo \ud83d\ude9b\u2744\ufe0f\nLa bi\u00e8re \ud83c\udf7a sera ainsi bien \ud83d\udc4d\u2026<div class=\"read-more-link\"><a href=\"https:\/\/www.transports-coue.fr\/fr\/camion-frigo-coue-aux-3-elephants\/\" class=\"more-link\">Lire la suite<span class='more-link-arrow avia-svg-icon avia-font-svg_entypo-fontello' data-av_svg_icon='right-open-big' data-av_iconset='svg_entypo-fontello'><svg version=\"1.1\" xmlns=\"http:\/\/www.w3.org\/2000\/svg\" width=\"15\" height=\"32\" viewBox=\"0 0 15 32\" preserveAspectRatio=\"xMidYMid meet\" role=\"graphics-symbol\" aria-hidden=\"true\">\n<path d=\"M0.416 27.84l11.456-11.84-11.456-11.904q-0.832-0.832 0-1.536 0.832-0.832 1.536 0l12.544 12.608q0.768 0.832 0 1.6l-12.544 12.608q-0.704 0.832-1.536 0-0.832-0.704 0-1.536z\"><\/path>\n<\/svg><\/span><\/a><\/div><\/div><\/div><footer class=\"entry-footer\"><div class=\"slide-meta\"><time class='slide-meta-time updated'  itemprop=\"datePublished\" datetime=\"2023-05-12T09:05:34+02:00\" >12 mai 2023<\/time><\/div><\/footer><span class='hidden'>\n\t\t\t\t<span class='av-structured-data'  itemprop=\"image\" itemscope=\"itemscope\" itemtype=\"https:\/\/schema.org\/ImageObject\" >\n\t\t\t\t\t\t<span itemprop='url'>https:\/\/www.transports-coue.fr\/wp-content\/uploads\/2023\/05\/transports-coue-festival-3elephants-laval-web.jpg<\/span>\n\t\t\t\t\t\t<span itemprop='height'>642<\/span>\n\t\t\t\t\t\t<span itemprop='width'>1690<\/span>\n\t\t\t\t<\/span>\n\t\t\t\t<span class='av-structured-data'  itemprop=\"publisher\" itemtype=\"https:\/\/schema.org\/Organization\" itemscope=\"itemscope\" >\n\t\t\t\t\t\t<span itemprop='name'>Transports Cou\u00e9<\/span>\n\t\t\t\t\t\t<span itemprop='logo' itemscope itemtype='https:\/\/schema.org\/ImageObject'>\n\t\t\t\t\t\t\t<span itemprop='url'>https:\/\/www.transports-coue.fr\/wp-content\/uploads\/2018\/10\/Logo-transports-coue-300x119.png<\/span>\n\t\t\t\t\t\t<\/span>\n\t\t\t\t<\/span><span class='av-structured-data'  itemprop=\"author\" itemscope=\"itemscope\" itemtype=\"https:\/\/schema.org\/Person\" ><span itemprop='name'>Transports Cou\u00e9<\/span><\/span><span class='av-structured-data'  itemprop=\"datePublished\" datetime=\"2018-10-04T10:16:12+02:00\" >2023-05-12 09:05:34<\/span><span class='av-structured-data'  itemprop=\"dateModified\" itemtype=\"https:\/\/schema.org\/dateModified\" >2023-05-12 09:07:01<\/span><span class='av-structured-data'  itemprop=\"mainEntityOfPage\" itemtype=\"https:\/\/schema.org\/mainEntityOfPage\" ><span itemprop='name'>Camion frigo Cou\u00e9 aux 3 \u00c9l\u00e9phants !<\/span><\/span><\/span><\/article><\/div><div class=\"slide-entry-wrap\"><article class='slide-entry flex_column  post-entry post-entry-8065 slide-entry-overview slide-loop-10 slide-parity-odd  av_one_third first real-thumbnail posttype-post post-format-standard'  itemscope=\"itemscope\" itemtype=\"https:\/\/schema.org\/CreativeWork\" ><a href='https:\/\/www.transports-coue.fr\/fr\/coue-trm-partenaire-de-letoile-lavalloise-mayenne-futsal-club\/' data-rel='slide-3' class='slide-image' title='Cou\u00e9-TRM partenaire de l&rsquo;Etoile Lavalloise Mayenne Futsal Club !'><img decoding=\"async\" fetchpriority=\"high\" width=\"1690\" height=\"642\" src=\"https:\/\/www.transports-coue.fr\/wp-content\/uploads\/2022\/10\/transports-coue-partenaire-futsal-laval-mayenne-club-2022-web.jpg\" class=\"wp-image-8066 avia-img-lazy-loading-not-8066 attachment-no scaling size-no scaling wp-post-image\" alt=\"Cou\u00e9-TRM partenaire de l&#039;Etoile Lavalloise Mayenne Futsal Club\" srcset=\"https:\/\/www.transports-coue.fr\/wp-content\/uploads\/2022\/10\/transports-coue-partenaire-futsal-laval-mayenne-club-2022-web.jpg 1690w, https:\/\/www.transports-coue.fr\/wp-content\/uploads\/2022\/10\/transports-coue-partenaire-futsal-laval-mayenne-club-2022-web-300x114.jpg 300w, https:\/\/www.transports-coue.fr\/wp-content\/uploads\/2022\/10\/transports-coue-partenaire-futsal-laval-mayenne-club-2022-web-1030x391.jpg 1030w, https:\/\/www.transports-coue.fr\/wp-content\/uploads\/2022\/10\/transports-coue-partenaire-futsal-laval-mayenne-club-2022-web-80x30.jpg 80w, https:\/\/www.transports-coue.fr\/wp-content\/uploads\/2022\/10\/transports-coue-partenaire-futsal-laval-mayenne-club-2022-web-768x292.jpg 768w, https:\/\/www.transports-coue.fr\/wp-content\/uploads\/2022\/10\/transports-coue-partenaire-futsal-laval-mayenne-club-2022-web-1536x583.jpg 1536w, https:\/\/www.transports-coue.fr\/wp-content\/uploads\/2022\/10\/transports-coue-partenaire-futsal-laval-mayenne-club-2022-web-1500x570.jpg 1500w, https:\/\/www.transports-coue.fr\/wp-content\/uploads\/2022\/10\/transports-coue-partenaire-futsal-laval-mayenne-club-2022-web-705x268.jpg 705w, https:\/\/www.transports-coue.fr\/wp-content\/uploads\/2022\/10\/transports-coue-partenaire-futsal-laval-mayenne-club-2022-web-845x321.jpg 845w\" sizes=\"(max-width: 1690px) 100vw, 1690px\" \/><\/a><div class=\"slide-content\"><header class=\"entry-content-header\" aria-label=\"Slide: Cou\u00e9-TRM partenaire de l&#039;Etoile Lavalloise Mayenne Futsal Club !\"><h3 class='slide-entry-title entry-title '  itemprop=\"headline\" ><a href='https:\/\/www.transports-coue.fr\/fr\/coue-trm-partenaire-de-letoile-lavalloise-mayenne-futsal-club\/' title='Cou\u00e9-TRM partenaire de l&rsquo;Etoile Lavalloise Mayenne Futsal Club !'>Cou\u00e9-TRM partenaire de l&rsquo;Etoile Lavalloise Mayenne Futsal Club !<\/a><\/h3><span class=\"blog-categories minor-meta\"><a href=\"https:\/\/www.transports-coue.fr\/fr\/category\/actualites\/\" rel=\"tag\">Actualit\u00e9s<\/a>, <a href=\"https:\/\/www.transports-coue.fr\/fr\/category\/actualites\/partenariats\/\" rel=\"tag\">Partenariats<\/a> <\/span><span class=\"av-vertical-delimiter\"><\/span><\/header><div class='slide-entry-excerpt entry-content'  itemprop=\"text\" >\u26bd\ufe0f Nous sommes fiers d'\u00eatre \u00e0 nouveau cette ann\u00e9e partenaire \ud83e\udd1d de l'Etoile Lavalloise Mayenne Futsal Club !\n\n\u2728\ud83d\udd25 La ferveur et l'ambiance du 1er match laisse pr\u00e9sager une saison endiabl\u00e9e \ud83d\ude08 !!\n\ud83d\udc4f Bravo !\n\nNos articles sur\u2026<div class=\"read-more-link\"><a href=\"https:\/\/www.transports-coue.fr\/fr\/coue-trm-partenaire-de-letoile-lavalloise-mayenne-futsal-club\/\" class=\"more-link\">Lire la suite<span class='more-link-arrow avia-svg-icon avia-font-svg_entypo-fontello' data-av_svg_icon='right-open-big' data-av_iconset='svg_entypo-fontello'><svg version=\"1.1\" xmlns=\"http:\/\/www.w3.org\/2000\/svg\" width=\"15\" height=\"32\" viewBox=\"0 0 15 32\" preserveAspectRatio=\"xMidYMid meet\" role=\"graphics-symbol\" aria-hidden=\"true\">\n<path d=\"M0.416 27.84l11.456-11.84-11.456-11.904q-0.832-0.832 0-1.536 0.832-0.832 1.536 0l12.544 12.608q0.768 0.832 0 1.6l-12.544 12.608q-0.704 0.832-1.536 0-0.832-0.704 0-1.536z\"><\/path>\n<\/svg><\/span><\/a><\/div><\/div><\/div><footer class=\"entry-footer\"><div class=\"slide-meta\"><time class='slide-meta-time updated'  itemprop=\"datePublished\" datetime=\"2022-10-28T16:18:27+02:00\" >28 octobre 2022<\/time><\/div><\/footer><span class='hidden'>\n\t\t\t\t<span class='av-structured-data'  itemprop=\"image\" itemscope=\"itemscope\" itemtype=\"https:\/\/schema.org\/ImageObject\" >\n\t\t\t\t\t\t<span itemprop='url'>https:\/\/www.transports-coue.fr\/wp-content\/uploads\/2022\/10\/transports-coue-partenaire-futsal-laval-mayenne-club-2022-web.jpg<\/span>\n\t\t\t\t\t\t<span itemprop='height'>642<\/span>\n\t\t\t\t\t\t<span itemprop='width'>1690<\/span>\n\t\t\t\t<\/span>\n\t\t\t\t<span class='av-structured-data'  itemprop=\"publisher\" itemtype=\"https:\/\/schema.org\/Organization\" itemscope=\"itemscope\" >\n\t\t\t\t\t\t<span itemprop='name'>Transports Cou\u00e9<\/span>\n\t\t\t\t\t\t<span itemprop='logo' itemscope itemtype='https:\/\/schema.org\/ImageObject'>\n\t\t\t\t\t\t\t<span itemprop='url'>https:\/\/www.transports-coue.fr\/wp-content\/uploads\/2018\/10\/Logo-transports-coue-300x119.png<\/span>\n\t\t\t\t\t\t<\/span>\n\t\t\t\t<\/span><span class='av-structured-data'  itemprop=\"author\" itemscope=\"itemscope\" itemtype=\"https:\/\/schema.org\/Person\" ><span itemprop='name'>Transports Cou\u00e9<\/span><\/span><span class='av-structured-data'  itemprop=\"datePublished\" datetime=\"2018-10-04T10:16:12+02:00\" >2022-10-28 16:18:27<\/span><span class='av-structured-data'  itemprop=\"dateModified\" itemtype=\"https:\/\/schema.org\/dateModified\" >2022-10-28 16:19:13<\/span><span class='av-structured-data'  itemprop=\"mainEntityOfPage\" itemtype=\"https:\/\/schema.org\/mainEntityOfPage\" ><span itemprop='name'>Cou\u00e9-TRM partenaire de l&rsquo;Etoile Lavalloise Mayenne Futsal Club !<\/span><\/span><\/span><\/article><article class='slide-entry flex_column  post-entry post-entry-8027 slide-entry-overview slide-loop-11 slide-parity-even  av_one_third  real-thumbnail posttype-post post-format-standard'  itemscope=\"itemscope\" itemtype=\"https:\/\/schema.org\/CreativeWork\" ><a href='https:\/\/www.transports-coue.fr\/fr\/retrouvez-nous-au-top-transport-europe-2022\/' data-rel='slide-3' class='slide-image' title='Retrouvez-nous au Top Transport Europe 2022'><img decoding=\"async\" fetchpriority=\"high\" width=\"1690\" height=\"642\" src=\"https:\/\/www.transports-coue.fr\/wp-content\/uploads\/2022\/09\/top-transport-europe-2022-groupe-coue-trm.jpg\" class=\"wp-image-8028 avia-img-lazy-loading-not-8028 attachment-no scaling size-no scaling wp-post-image\" alt=\"Participation au Top Transport Europe 2022\" srcset=\"https:\/\/www.transports-coue.fr\/wp-content\/uploads\/2022\/09\/top-transport-europe-2022-groupe-coue-trm.jpg 1690w, https:\/\/www.transports-coue.fr\/wp-content\/uploads\/2022\/09\/top-transport-europe-2022-groupe-coue-trm-300x114.jpg 300w, https:\/\/www.transports-coue.fr\/wp-content\/uploads\/2022\/09\/top-transport-europe-2022-groupe-coue-trm-1030x391.jpg 1030w, https:\/\/www.transports-coue.fr\/wp-content\/uploads\/2022\/09\/top-transport-europe-2022-groupe-coue-trm-80x30.jpg 80w, https:\/\/www.transports-coue.fr\/wp-content\/uploads\/2022\/09\/top-transport-europe-2022-groupe-coue-trm-768x292.jpg 768w, https:\/\/www.transports-coue.fr\/wp-content\/uploads\/2022\/09\/top-transport-europe-2022-groupe-coue-trm-1536x583.jpg 1536w, https:\/\/www.transports-coue.fr\/wp-content\/uploads\/2022\/09\/top-transport-europe-2022-groupe-coue-trm-1500x570.jpg 1500w, https:\/\/www.transports-coue.fr\/wp-content\/uploads\/2022\/09\/top-transport-europe-2022-groupe-coue-trm-705x268.jpg 705w, https:\/\/www.transports-coue.fr\/wp-content\/uploads\/2022\/09\/top-transport-europe-2022-groupe-coue-trm-845x321.jpg 845w\" sizes=\"(max-width: 1690px) 100vw, 1690px\" \/><\/a><div class=\"slide-content\"><header class=\"entry-content-header\" aria-label=\"Slide: Retrouvez-nous au Top Transport Europe 2022\"><h3 class='slide-entry-title entry-title '  itemprop=\"headline\" ><a href='https:\/\/www.transports-coue.fr\/fr\/retrouvez-nous-au-top-transport-europe-2022\/' title='Retrouvez-nous au Top Transport Europe 2022'>Retrouvez-nous au Top Transport Europe 2022<\/a><\/h3><span class=\"blog-categories minor-meta\"><a href=\"https:\/\/www.transports-coue.fr\/fr\/category\/actualites\/\" rel=\"tag\">Actualit\u00e9s<\/a>, <a href=\"https:\/\/www.transports-coue.fr\/fr\/category\/actualites\/partenariats\/\" rel=\"tag\">Partenariats<\/a> <\/span><span class=\"av-vertical-delimiter\"><\/span><\/header><div class='slide-entry-excerpt entry-content'  itemprop=\"text\" >\ud83d\udce2 Retrouvez Herv\u00e9 Alix et Fran\u00e7ois Cou\u00e9 les \ud835\udfed\ud835\udfee &amp; \ud835\udfed\ud835\udfef \ud835\uddfc\ud835\uddf0\ud835\ude01\ud835\uddfc\ud835\uddef\ud835\uddff\ud835\uddf2 aux RDV d'Affaires Top Transport Europe\n\ud83d\udccd \u00e0 Marseille au Palais du Pharo sur le stand de notre partenaire OTMS !\n\nCe sera un plaisir de\u2026<div class=\"read-more-link\"><a href=\"https:\/\/www.transports-coue.fr\/fr\/retrouvez-nous-au-top-transport-europe-2022\/\" class=\"more-link\">Lire la suite<span class='more-link-arrow avia-svg-icon avia-font-svg_entypo-fontello' data-av_svg_icon='right-open-big' data-av_iconset='svg_entypo-fontello'><svg version=\"1.1\" xmlns=\"http:\/\/www.w3.org\/2000\/svg\" width=\"15\" height=\"32\" viewBox=\"0 0 15 32\" preserveAspectRatio=\"xMidYMid meet\" role=\"graphics-symbol\" aria-hidden=\"true\">\n<path d=\"M0.416 27.84l11.456-11.84-11.456-11.904q-0.832-0.832 0-1.536 0.832-0.832 1.536 0l12.544 12.608q0.768 0.832 0 1.6l-12.544 12.608q-0.704 0.832-1.536 0-0.832-0.704 0-1.536z\"><\/path>\n<\/svg><\/span><\/a><\/div><\/div><\/div><footer class=\"entry-footer\"><div class=\"slide-meta\"><time class='slide-meta-time updated'  itemprop=\"datePublished\" datetime=\"2022-09-30T11:41:31+02:00\" >30 septembre 2022<\/time><\/div><\/footer><span class='hidden'>\n\t\t\t\t<span class='av-structured-data'  itemprop=\"image\" itemscope=\"itemscope\" itemtype=\"https:\/\/schema.org\/ImageObject\" >\n\t\t\t\t\t\t<span itemprop='url'>https:\/\/www.transports-coue.fr\/wp-content\/uploads\/2022\/09\/top-transport-europe-2022-groupe-coue-trm.jpg<\/span>\n\t\t\t\t\t\t<span itemprop='height'>642<\/span>\n\t\t\t\t\t\t<span itemprop='width'>1690<\/span>\n\t\t\t\t<\/span>\n\t\t\t\t<span class='av-structured-data'  itemprop=\"publisher\" itemtype=\"https:\/\/schema.org\/Organization\" itemscope=\"itemscope\" >\n\t\t\t\t\t\t<span itemprop='name'>Transports Cou\u00e9<\/span>\n\t\t\t\t\t\t<span itemprop='logo' itemscope itemtype='https:\/\/schema.org\/ImageObject'>\n\t\t\t\t\t\t\t<span itemprop='url'>https:\/\/www.transports-coue.fr\/wp-content\/uploads\/2018\/10\/Logo-transports-coue-300x119.png<\/span>\n\t\t\t\t\t\t<\/span>\n\t\t\t\t<\/span><span class='av-structured-data'  itemprop=\"author\" itemscope=\"itemscope\" itemtype=\"https:\/\/schema.org\/Person\" ><span itemprop='name'>Transports Cou\u00e9<\/span><\/span><span class='av-structured-data'  itemprop=\"datePublished\" datetime=\"2018-10-04T10:16:12+02:00\" >2022-09-30 11:41:31<\/span><span class='av-structured-data'  itemprop=\"dateModified\" itemtype=\"https:\/\/schema.org\/dateModified\" >2022-09-30 11:42:23<\/span><span class='av-structured-data'  itemprop=\"mainEntityOfPage\" itemtype=\"https:\/\/schema.org\/mainEntityOfPage\" ><span itemprop='name'>Retrouvez-nous au Top Transport Europe 2022<\/span><\/span><\/span><\/article><article class='slide-entry flex_column  post-entry post-entry-7693 slide-entry-overview slide-loop-12 slide-parity-odd  av_one_third  real-thumbnail posttype-post post-format-standard'  itemscope=\"itemscope\" itemtype=\"https:\/\/schema.org\/CreativeWork\" ><a href='https:\/\/www.transports-coue.fr\/fr\/transports-coue-et-trm-partenaires-des-boucles-de-la-mayenne-2022\/' data-rel='slide-3' class='slide-image' title='Transports Cou\u00e9 et TRM partenaires des Boucles de la Mayenne 2022'><img decoding=\"async\" fetchpriority=\"high\" width=\"845\" height=\"321\" src=\"https:\/\/www.transports-coue.fr\/wp-content\/uploads\/2022\/05\/transports-coue-trm-boucles-de-la-mayenne-2022-web.jpg\" class=\"wp-image-7694 avia-img-lazy-loading-not-7694 attachment-no scaling size-no scaling wp-post-image\" alt=\"Participation des Transports Cou\u00e9 et TRM aux Boucles de la Mayenne 2022\" srcset=\"https:\/\/www.transports-coue.fr\/wp-content\/uploads\/2022\/05\/transports-coue-trm-boucles-de-la-mayenne-2022-web.jpg 845w, https:\/\/www.transports-coue.fr\/wp-content\/uploads\/2022\/05\/transports-coue-trm-boucles-de-la-mayenne-2022-web-300x114.jpg 300w, https:\/\/www.transports-coue.fr\/wp-content\/uploads\/2022\/05\/transports-coue-trm-boucles-de-la-mayenne-2022-web-80x30.jpg 80w, https:\/\/www.transports-coue.fr\/wp-content\/uploads\/2022\/05\/transports-coue-trm-boucles-de-la-mayenne-2022-web-768x292.jpg 768w, https:\/\/www.transports-coue.fr\/wp-content\/uploads\/2022\/05\/transports-coue-trm-boucles-de-la-mayenne-2022-web-705x268.jpg 705w\" sizes=\"(max-width: 845px) 100vw, 845px\" \/><\/a><div class=\"slide-content\"><header class=\"entry-content-header\" aria-label=\"Slide: Transports Cou\u00e9 et TRM partenaires des Boucles de la Mayenne 2022\"><h3 class='slide-entry-title entry-title '  itemprop=\"headline\" ><a href='https:\/\/www.transports-coue.fr\/fr\/transports-coue-et-trm-partenaires-des-boucles-de-la-mayenne-2022\/' title='Transports Cou\u00e9 et TRM partenaires des Boucles de la Mayenne 2022'>Transports Cou\u00e9 et TRM partenaires des Boucles de la Mayenne 2022<\/a><\/h3><span class=\"blog-categories minor-meta\"><a href=\"https:\/\/www.transports-coue.fr\/fr\/category\/actualites\/\" rel=\"tag\">Actualit\u00e9s<\/a>, <a href=\"https:\/\/www.transports-coue.fr\/fr\/category\/actualites\/partenariats\/\" rel=\"tag\">Partenariats<\/a> <\/span><span class=\"av-vertical-delimiter\"><\/span><\/header><div class='slide-entry-excerpt entry-content'  itemprop=\"text\" >\n \ud835\udddd-\ud835\udfee avant le d\u00e9but des Boucles de la Mayenne - Cr\u00e9dit Mutuel, \ud835\uddf1\ud835\ude02 \ud835\udfee\ud835\udff2 \ud835\uddee\ud835\ude02 \ud835\udfee\ud835\udff5 \ud835\uddfa\ud835\uddee\ud835\uddf6 \n\n&nbsp;\n\nA bord de notre voiture  suiveuse, cette 47\u00e8me \u00e9dition sera \u00e0 nouveau l'occasion pour nos clients, Transports\u2026<div class=\"read-more-link\"><a href=\"https:\/\/www.transports-coue.fr\/fr\/transports-coue-et-trm-partenaires-des-boucles-de-la-mayenne-2022\/\" class=\"more-link\">Lire la suite<span class='more-link-arrow avia-svg-icon avia-font-svg_entypo-fontello' data-av_svg_icon='right-open-big' data-av_iconset='svg_entypo-fontello'><svg version=\"1.1\" xmlns=\"http:\/\/www.w3.org\/2000\/svg\" width=\"15\" height=\"32\" viewBox=\"0 0 15 32\" preserveAspectRatio=\"xMidYMid meet\" role=\"graphics-symbol\" aria-hidden=\"true\">\n<path d=\"M0.416 27.84l11.456-11.84-11.456-11.904q-0.832-0.832 0-1.536 0.832-0.832 1.536 0l12.544 12.608q0.768 0.832 0 1.6l-12.544 12.608q-0.704 0.832-1.536 0-0.832-0.704 0-1.536z\"><\/path>\n<\/svg><\/span><\/a><\/div><\/div><\/div><footer class=\"entry-footer\"><div class=\"slide-meta\"><time class='slide-meta-time updated'  itemprop=\"datePublished\" datetime=\"2022-05-23T16:28:14+02:00\" >23 mai 2022<\/time><\/div><\/footer><span class='hidden'>\n\t\t\t\t<span class='av-structured-data'  itemprop=\"image\" itemscope=\"itemscope\" itemtype=\"https:\/\/schema.org\/ImageObject\" >\n\t\t\t\t\t\t<span itemprop='url'>https:\/\/www.transports-coue.fr\/wp-content\/uploads\/2022\/05\/transports-coue-trm-boucles-de-la-mayenne-2022-web.jpg<\/span>\n\t\t\t\t\t\t<span itemprop='height'>321<\/span>\n\t\t\t\t\t\t<span itemprop='width'>845<\/span>\n\t\t\t\t<\/span>\n\t\t\t\t<span class='av-structured-data'  itemprop=\"publisher\" itemtype=\"https:\/\/schema.org\/Organization\" itemscope=\"itemscope\" >\n\t\t\t\t\t\t<span itemprop='name'>Transports Cou\u00e9<\/span>\n\t\t\t\t\t\t<span itemprop='logo' itemscope itemtype='https:\/\/schema.org\/ImageObject'>\n\t\t\t\t\t\t\t<span itemprop='url'>https:\/\/www.transports-coue.fr\/wp-content\/uploads\/2018\/10\/Logo-transports-coue-300x119.png<\/span>\n\t\t\t\t\t\t<\/span>\n\t\t\t\t<\/span><span class='av-structured-data'  itemprop=\"author\" itemscope=\"itemscope\" itemtype=\"https:\/\/schema.org\/Person\" ><span itemprop='name'>Transports Cou\u00e9<\/span><\/span><span class='av-structured-data'  itemprop=\"datePublished\" datetime=\"2018-10-04T10:16:12+02:00\" >2022-05-23 16:28:14<\/span><span class='av-structured-data'  itemprop=\"dateModified\" itemtype=\"https:\/\/schema.org\/dateModified\" >2022-05-30 14:01:32<\/span><span class='av-structured-data'  itemprop=\"mainEntityOfPage\" itemtype=\"https:\/\/schema.org\/mainEntityOfPage\" ><span itemprop='name'>Transports Cou\u00e9 et TRM partenaires des Boucles de la Mayenne 2022<\/span><\/span><\/span><\/article><\/div><div class=\"slide-entry-wrap\"><article class='slide-entry flex_column  post-entry post-entry-7654 slide-entry-overview slide-loop-13 slide-parity-odd  av_one_third first real-thumbnail posttype-post post-format-standard'  itemscope=\"itemscope\" itemtype=\"https:\/\/schema.org\/CreativeWork\" ><a href='https:\/\/www.transports-coue.fr\/fr\/glenn-aux-6h-de-vtt-de-lernee-53-ce-1er-mai-2022\/' data-rel='slide-3' class='slide-image' title='Glenn aux 6h de VTT de l&rsquo;Ern\u00e9e (53) ce 1er mai 2022'><img decoding=\"async\" fetchpriority=\"high\" width=\"845\" height=\"321\" src=\"https:\/\/www.transports-coue.fr\/wp-content\/uploads\/2022\/04\/transports-coue-6h-vtt-participation-glenn-2022-web.jpg\" class=\"wp-image-7652 avia-img-lazy-loading-not-7652 attachment-no scaling size-no scaling wp-post-image\" alt=\"Participation de Glenn un de nos conducteurs aux 6h VTT de l&#039;Ern\u00e9e 2022\" srcset=\"https:\/\/www.transports-coue.fr\/wp-content\/uploads\/2022\/04\/transports-coue-6h-vtt-participation-glenn-2022-web.jpg 845w, https:\/\/www.transports-coue.fr\/wp-content\/uploads\/2022\/04\/transports-coue-6h-vtt-participation-glenn-2022-web-300x114.jpg 300w, https:\/\/www.transports-coue.fr\/wp-content\/uploads\/2022\/04\/transports-coue-6h-vtt-participation-glenn-2022-web-80x30.jpg 80w, https:\/\/www.transports-coue.fr\/wp-content\/uploads\/2022\/04\/transports-coue-6h-vtt-participation-glenn-2022-web-768x292.jpg 768w, https:\/\/www.transports-coue.fr\/wp-content\/uploads\/2022\/04\/transports-coue-6h-vtt-participation-glenn-2022-web-705x268.jpg 705w\" sizes=\"(max-width: 845px) 100vw, 845px\" \/><\/a><div class=\"slide-content\"><header class=\"entry-content-header\" aria-label=\"Slide: Glenn aux 6h de VTT de l&#039;Ern\u00e9e (53) ce 1er mai 2022\"><h3 class='slide-entry-title entry-title '  itemprop=\"headline\" ><a href='https:\/\/www.transports-coue.fr\/fr\/glenn-aux-6h-de-vtt-de-lernee-53-ce-1er-mai-2022\/' title='Glenn aux 6h de VTT de l&rsquo;Ern\u00e9e (53) ce 1er mai 2022'>Glenn aux 6h de VTT de l&rsquo;Ern\u00e9e (53) ce 1er mai 2022<\/a><\/h3><span class=\"blog-categories minor-meta\"><a href=\"https:\/\/www.transports-coue.fr\/fr\/category\/actualites\/\" rel=\"tag\">Actualit\u00e9s<\/a>, <a href=\"https:\/\/www.transports-coue.fr\/fr\/category\/actualites\/partenariats\/\" rel=\"tag\">Partenariats<\/a> <\/span><span class=\"av-vertical-delimiter\"><\/span><\/header><div class='slide-entry-excerpt entry-content'  itemprop=\"text\" >Ce dimanche 1er mai , Glenn, un de nos conducteurs, participera \u00e0 la 3\u00e8me \u00e9dition des 6 heures de VTT \ud83d\udeb4\u200d\u2642\ufe0f de l'Ern\u00e9e (53) organis\u00e9e par Moto Club Ern\u00e9e\n\n\ud83c\udfc1 Venez l'encourager \ud83d\udc4f \u00e0 partir de 10h sur le circuit Raymond DEMY\u2026<div class=\"read-more-link\"><a href=\"https:\/\/www.transports-coue.fr\/fr\/glenn-aux-6h-de-vtt-de-lernee-53-ce-1er-mai-2022\/\" class=\"more-link\">Lire la suite<span class='more-link-arrow avia-svg-icon avia-font-svg_entypo-fontello' data-av_svg_icon='right-open-big' data-av_iconset='svg_entypo-fontello'><svg version=\"1.1\" xmlns=\"http:\/\/www.w3.org\/2000\/svg\" width=\"15\" height=\"32\" viewBox=\"0 0 15 32\" preserveAspectRatio=\"xMidYMid meet\" role=\"graphics-symbol\" aria-hidden=\"true\">\n<path d=\"M0.416 27.84l11.456-11.84-11.456-11.904q-0.832-0.832 0-1.536 0.832-0.832 1.536 0l12.544 12.608q0.768 0.832 0 1.6l-12.544 12.608q-0.704 0.832-1.536 0-0.832-0.704 0-1.536z\"><\/path>\n<\/svg><\/span><\/a><\/div><\/div><\/div><footer class=\"entry-footer\"><div class=\"slide-meta\"><time class='slide-meta-time updated'  itemprop=\"datePublished\" datetime=\"2022-04-29T11:34:37+02:00\" >29 avril 2022<\/time><\/div><\/footer><span class='hidden'>\n\t\t\t\t<span class='av-structured-data'  itemprop=\"image\" itemscope=\"itemscope\" itemtype=\"https:\/\/schema.org\/ImageObject\" >\n\t\t\t\t\t\t<span itemprop='url'>https:\/\/www.transports-coue.fr\/wp-content\/uploads\/2022\/04\/transports-coue-6h-vtt-participation-glenn-2022-web.jpg<\/span>\n\t\t\t\t\t\t<span itemprop='height'>321<\/span>\n\t\t\t\t\t\t<span itemprop='width'>845<\/span>\n\t\t\t\t<\/span>\n\t\t\t\t<span class='av-structured-data'  itemprop=\"publisher\" itemtype=\"https:\/\/schema.org\/Organization\" itemscope=\"itemscope\" >\n\t\t\t\t\t\t<span itemprop='name'>Transports Cou\u00e9<\/span>\n\t\t\t\t\t\t<span itemprop='logo' itemscope itemtype='https:\/\/schema.org\/ImageObject'>\n\t\t\t\t\t\t\t<span itemprop='url'>https:\/\/www.transports-coue.fr\/wp-content\/uploads\/2018\/10\/Logo-transports-coue-300x119.png<\/span>\n\t\t\t\t\t\t<\/span>\n\t\t\t\t<\/span><span class='av-structured-data'  itemprop=\"author\" itemscope=\"itemscope\" itemtype=\"https:\/\/schema.org\/Person\" ><span itemprop='name'>Transports Cou\u00e9<\/span><\/span><span class='av-structured-data'  itemprop=\"datePublished\" datetime=\"2018-10-04T10:16:12+02:00\" >2022-04-29 11:34:37<\/span><span class='av-structured-data'  itemprop=\"dateModified\" itemtype=\"https:\/\/schema.org\/dateModified\" >2022-05-01 21:30:57<\/span><span class='av-structured-data'  itemprop=\"mainEntityOfPage\" itemtype=\"https:\/\/schema.org\/mainEntityOfPage\" ><span itemprop='name'>Glenn aux 6h de VTT de l&rsquo;Ern\u00e9e (53) ce 1er mai 2022<\/span><\/span><\/span><\/article><article class='slide-entry flex_column  post-entry post-entry-7264 slide-entry-overview slide-loop-14 slide-parity-even  av_one_third  real-thumbnail posttype-post post-format-standard'  itemscope=\"itemscope\" itemtype=\"https:\/\/schema.org\/CreativeWork\" ><a href='https:\/\/www.transports-coue.fr\/fr\/belle-performance-de-karim-au-marathon-de-valencia\/' data-rel='slide-3' class='slide-image' title='Belle performance de Karim au Marathon de Valencia !'><img decoding=\"async\" fetchpriority=\"high\" width=\"845\" height=\"321\" src=\"https:\/\/www.transports-coue.fr\/wp-content\/uploads\/2022\/01\/groupe-coue-karim-commercial-marathon-valencia-espagne.jpg\" class=\"wp-image-7262 avia-img-lazy-loading-not-7262 attachment-no scaling size-no scaling wp-post-image\" alt=\"\" srcset=\"https:\/\/www.transports-coue.fr\/wp-content\/uploads\/2022\/01\/groupe-coue-karim-commercial-marathon-valencia-espagne.jpg 845w, https:\/\/www.transports-coue.fr\/wp-content\/uploads\/2022\/01\/groupe-coue-karim-commercial-marathon-valencia-espagne-300x114.jpg 300w, https:\/\/www.transports-coue.fr\/wp-content\/uploads\/2022\/01\/groupe-coue-karim-commercial-marathon-valencia-espagne-80x30.jpg 80w, https:\/\/www.transports-coue.fr\/wp-content\/uploads\/2022\/01\/groupe-coue-karim-commercial-marathon-valencia-espagne-768x292.jpg 768w, https:\/\/www.transports-coue.fr\/wp-content\/uploads\/2022\/01\/groupe-coue-karim-commercial-marathon-valencia-espagne-705x268.jpg 705w\" sizes=\"(max-width: 845px) 100vw, 845px\" \/><\/a><div class=\"slide-content\"><header class=\"entry-content-header\" aria-label=\"Slide: Belle performance de Karim au Marathon de Valencia !\"><h3 class='slide-entry-title entry-title '  itemprop=\"headline\" ><a href='https:\/\/www.transports-coue.fr\/fr\/belle-performance-de-karim-au-marathon-de-valencia\/' title='Belle performance de Karim au Marathon de Valencia !'>Belle performance de Karim au Marathon de Valencia !<\/a><\/h3><span class=\"blog-categories minor-meta\"><a href=\"https:\/\/www.transports-coue.fr\/fr\/category\/actualites\/\" rel=\"tag\">Actualit\u00e9s<\/a>, <a href=\"https:\/\/www.transports-coue.fr\/fr\/category\/actualites\/partenariats\/\" rel=\"tag\">Partenariats<\/a> <\/span><span class=\"av-vertical-delimiter\"><\/span><\/header><div class='slide-entry-excerpt entry-content'  itemprop=\"text\" >\ud83d\udc65 Nos \u00e9quipes \u00e0 travers leurs passions \ud83d\udcf8\n\nD\u00e9but d\u00e9cembre, Karim, notre commercial Sotecan International, a particip\u00e9 au \ud83c\udfc3\u200d\u2642\ufe0f Marathon annuel de Valencia :\n\u2600\ufe0f Sous un grand soleil et une temp\u00e9rature agr\u00e9able 18\u00b0, il\u2026<div class=\"read-more-link\"><a href=\"https:\/\/www.transports-coue.fr\/fr\/belle-performance-de-karim-au-marathon-de-valencia\/\" class=\"more-link\">Lire la suite<span class='more-link-arrow avia-svg-icon avia-font-svg_entypo-fontello' data-av_svg_icon='right-open-big' data-av_iconset='svg_entypo-fontello'><svg version=\"1.1\" xmlns=\"http:\/\/www.w3.org\/2000\/svg\" width=\"15\" height=\"32\" viewBox=\"0 0 15 32\" preserveAspectRatio=\"xMidYMid meet\" role=\"graphics-symbol\" aria-hidden=\"true\">\n<path d=\"M0.416 27.84l11.456-11.84-11.456-11.904q-0.832-0.832 0-1.536 0.832-0.832 1.536 0l12.544 12.608q0.768 0.832 0 1.6l-12.544 12.608q-0.704 0.832-1.536 0-0.832-0.704 0-1.536z\"><\/path>\n<\/svg><\/span><\/a><\/div><\/div><\/div><footer class=\"entry-footer\"><div class=\"slide-meta\"><time class='slide-meta-time updated'  itemprop=\"datePublished\" datetime=\"2022-01-21T18:44:25+01:00\" >21 janvier 2022<\/time><\/div><\/footer><span class='hidden'>\n\t\t\t\t<span class='av-structured-data'  itemprop=\"image\" itemscope=\"itemscope\" itemtype=\"https:\/\/schema.org\/ImageObject\" >\n\t\t\t\t\t\t<span itemprop='url'>https:\/\/www.transports-coue.fr\/wp-content\/uploads\/2022\/01\/groupe-coue-karim-commercial-marathon-valencia-espagne.jpg<\/span>\n\t\t\t\t\t\t<span itemprop='height'>321<\/span>\n\t\t\t\t\t\t<span itemprop='width'>845<\/span>\n\t\t\t\t<\/span>\n\t\t\t\t<span class='av-structured-data'  itemprop=\"publisher\" itemtype=\"https:\/\/schema.org\/Organization\" itemscope=\"itemscope\" >\n\t\t\t\t\t\t<span itemprop='name'>Transports Cou\u00e9<\/span>\n\t\t\t\t\t\t<span itemprop='logo' itemscope itemtype='https:\/\/schema.org\/ImageObject'>\n\t\t\t\t\t\t\t<span itemprop='url'>https:\/\/www.transports-coue.fr\/wp-content\/uploads\/2018\/10\/Logo-transports-coue-300x119.png<\/span>\n\t\t\t\t\t\t<\/span>\n\t\t\t\t<\/span><span class='av-structured-data'  itemprop=\"author\" itemscope=\"itemscope\" itemtype=\"https:\/\/schema.org\/Person\" ><span itemprop='name'>Transports Cou\u00e9<\/span><\/span><span class='av-structured-data'  itemprop=\"datePublished\" datetime=\"2018-10-04T10:16:12+02:00\" >2022-01-21 18:44:25<\/span><span class='av-structured-data'  itemprop=\"dateModified\" itemtype=\"https:\/\/schema.org\/dateModified\" >2022-01-21 18:44:26<\/span><span class='av-structured-data'  itemprop=\"mainEntityOfPage\" itemtype=\"https:\/\/schema.org\/mainEntityOfPage\" ><span itemprop='name'>Belle performance de Karim au Marathon de Valencia !<\/span><\/span><\/span><\/article><article class='slide-entry flex_column  post-entry post-entry-6905 slide-entry-overview slide-loop-15 slide-parity-odd  av_one_third  real-thumbnail posttype-post post-format-standard'  itemscope=\"itemscope\" itemtype=\"https:\/\/schema.org\/CreativeWork\" ><a href='https:\/\/www.transports-coue.fr\/fr\/nos-remarquables-au-futsal-lavallois-a-lespace-mayenne\/' data-rel='slide-3' class='slide-image' title='Nos reMarquables au Futsal lavallois \u00e0 l&rsquo;Espace Mayenne !'><img decoding=\"async\" fetchpriority=\"high\" width=\"845\" height=\"321\" src=\"https:\/\/www.transports-coue.fr\/wp-content\/uploads\/2021\/11\/transports-coue-partenaire-futsal-laval-mayenne-club.jpg\" class=\"wp-image-6906 avia-img-lazy-loading-not-6906 attachment-no scaling size-no scaling wp-post-image\" alt=\"Transports Cou\u00e9 Partenaire Futsal Laval Mayenne\" srcset=\"https:\/\/www.transports-coue.fr\/wp-content\/uploads\/2021\/11\/transports-coue-partenaire-futsal-laval-mayenne-club.jpg 845w, https:\/\/www.transports-coue.fr\/wp-content\/uploads\/2021\/11\/transports-coue-partenaire-futsal-laval-mayenne-club-300x114.jpg 300w, https:\/\/www.transports-coue.fr\/wp-content\/uploads\/2021\/11\/transports-coue-partenaire-futsal-laval-mayenne-club-80x30.jpg 80w, https:\/\/www.transports-coue.fr\/wp-content\/uploads\/2021\/11\/transports-coue-partenaire-futsal-laval-mayenne-club-768x292.jpg 768w, https:\/\/www.transports-coue.fr\/wp-content\/uploads\/2021\/11\/transports-coue-partenaire-futsal-laval-mayenne-club-705x268.jpg 705w\" sizes=\"(max-width: 845px) 100vw, 845px\" \/><\/a><div class=\"slide-content\"><header class=\"entry-content-header\" aria-label=\"Slide: Nos reMarquables au Futsal lavallois \u00e0 l&#039;Espace Mayenne !\"><h3 class='slide-entry-title entry-title '  itemprop=\"headline\" ><a href='https:\/\/www.transports-coue.fr\/fr\/nos-remarquables-au-futsal-lavallois-a-lespace-mayenne\/' title='Nos reMarquables au Futsal lavallois \u00e0 l&rsquo;Espace Mayenne !'>Nos reMarquables au Futsal lavallois \u00e0 l&rsquo;Espace Mayenne !<\/a><\/h3><span class=\"blog-categories minor-meta\"><a href=\"https:\/\/www.transports-coue.fr\/fr\/category\/actualites\/\" rel=\"tag\">Actualit\u00e9s<\/a>, <a href=\"https:\/\/www.transports-coue.fr\/fr\/category\/actualites\/partenariats\/\" rel=\"tag\">Partenariats<\/a> <\/span><span class=\"av-vertical-delimiter\"><\/span><\/header><div class='slide-entry-excerpt entry-content'  itemprop=\"text\" >\ud83d\udca5Transports Cou\u00e9\/TRM partenaire officiel de l\u2019Etoile \u2b50\ufe0f Lavalloise Mayenne Futsal Club\n\nDepuis la rentr\u00e9e, nos reMarquables tournent sur les panneaux LED \ud83d\udda5 au cours de chaque match de Futsal \u26bd\ufe0f qui se d\u00e9roule dans le nouveau\u2026<div class=\"read-more-link\"><a href=\"https:\/\/www.transports-coue.fr\/fr\/nos-remarquables-au-futsal-lavallois-a-lespace-mayenne\/\" class=\"more-link\">Lire la suite<span class='more-link-arrow avia-svg-icon avia-font-svg_entypo-fontello' data-av_svg_icon='right-open-big' data-av_iconset='svg_entypo-fontello'><svg version=\"1.1\" xmlns=\"http:\/\/www.w3.org\/2000\/svg\" width=\"15\" height=\"32\" viewBox=\"0 0 15 32\" preserveAspectRatio=\"xMidYMid meet\" role=\"graphics-symbol\" aria-hidden=\"true\">\n<path d=\"M0.416 27.84l11.456-11.84-11.456-11.904q-0.832-0.832 0-1.536 0.832-0.832 1.536 0l12.544 12.608q0.768 0.832 0 1.6l-12.544 12.608q-0.704 0.832-1.536 0-0.832-0.704 0-1.536z\"><\/path>\n<\/svg><\/span><\/a><\/div><\/div><\/div><footer class=\"entry-footer\"><div class=\"slide-meta\"><time class='slide-meta-time updated'  itemprop=\"datePublished\" datetime=\"2021-11-26T17:35:23+01:00\" >26 novembre 2021<\/time><\/div><\/footer><span class='hidden'>\n\t\t\t\t<span class='av-structured-data'  itemprop=\"image\" itemscope=\"itemscope\" itemtype=\"https:\/\/schema.org\/ImageObject\" >\n\t\t\t\t\t\t<span itemprop='url'>https:\/\/www.transports-coue.fr\/wp-content\/uploads\/2021\/11\/transports-coue-partenaire-futsal-laval-mayenne-club.jpg<\/span>\n\t\t\t\t\t\t<span itemprop='height'>321<\/span>\n\t\t\t\t\t\t<span itemprop='width'>845<\/span>\n\t\t\t\t<\/span>\n\t\t\t\t<span class='av-structured-data'  itemprop=\"publisher\" itemtype=\"https:\/\/schema.org\/Organization\" itemscope=\"itemscope\" >\n\t\t\t\t\t\t<span itemprop='name'>Transports Cou\u00e9<\/span>\n\t\t\t\t\t\t<span itemprop='logo' itemscope itemtype='https:\/\/schema.org\/ImageObject'>\n\t\t\t\t\t\t\t<span itemprop='url'>https:\/\/www.transports-coue.fr\/wp-content\/uploads\/2018\/10\/Logo-transports-coue-300x119.png<\/span>\n\t\t\t\t\t\t<\/span>\n\t\t\t\t<\/span><span class='av-structured-data'  itemprop=\"author\" itemscope=\"itemscope\" itemtype=\"https:\/\/schema.org\/Person\" ><span itemprop='name'>Transports Cou\u00e9<\/span><\/span><span class='av-structured-data'  itemprop=\"datePublished\" datetime=\"2018-10-04T10:16:12+02:00\" >2021-11-26 17:35:23<\/span><span class='av-structured-data'  itemprop=\"dateModified\" itemtype=\"https:\/\/schema.org\/dateModified\" >2021-11-30 14:31:42<\/span><span class='av-structured-data'  itemprop=\"mainEntityOfPage\" itemtype=\"https:\/\/schema.org\/mainEntityOfPage\" ><span itemprop='name'>Nos reMarquables au Futsal lavallois \u00e0 l&rsquo;Espace Mayenne !<\/span><\/span><\/span><\/article><\/div><div class=\"slide-entry-wrap\"><article class='slide-entry flex_column  post-entry post-entry-6329 slide-entry-overview slide-loop-16 slide-parity-odd  av_one_third first real-thumbnail posttype-post post-format-standard'  itemscope=\"itemscope\" itemtype=\"https:\/\/schema.org\/CreativeWork\" ><a href='https:\/\/www.transports-coue.fr\/fr\/transports-coue-partenaire-de-la-ronde-mayennaise-2021\/' data-rel='slide-3' class='slide-image' title='Transports Cou\u00e9 partenaire de la Ronde Mayennaise 2021'><img decoding=\"async\" fetchpriority=\"high\" width=\"807\" height=\"300\" src=\"https:\/\/www.transports-coue.fr\/wp-content\/uploads\/2021\/09\/Transports-coue-partenaire-ronde-mayennaise-2021.png\" class=\"wp-image-6337 avia-img-lazy-loading-not-6337 attachment-no scaling size-no scaling wp-post-image\" alt=\"Transports Cou\u00e9 partenaire de la Ronde Mayennaise 2021\" srcset=\"https:\/\/www.transports-coue.fr\/wp-content\/uploads\/2021\/09\/Transports-coue-partenaire-ronde-mayennaise-2021.png 807w, https:\/\/www.transports-coue.fr\/wp-content\/uploads\/2021\/09\/Transports-coue-partenaire-ronde-mayennaise-2021-300x112.png 300w, https:\/\/www.transports-coue.fr\/wp-content\/uploads\/2021\/09\/Transports-coue-partenaire-ronde-mayennaise-2021-80x30.png 80w, https:\/\/www.transports-coue.fr\/wp-content\/uploads\/2021\/09\/Transports-coue-partenaire-ronde-mayennaise-2021-768x286.png 768w, https:\/\/www.transports-coue.fr\/wp-content\/uploads\/2021\/09\/Transports-coue-partenaire-ronde-mayennaise-2021-705x262.png 705w\" sizes=\"(max-width: 807px) 100vw, 807px\" \/><\/a><div class=\"slide-content\"><header class=\"entry-content-header\" aria-label=\"Slide: Transports Cou\u00e9 partenaire de la Ronde Mayennaise 2021\"><h3 class='slide-entry-title entry-title '  itemprop=\"headline\" ><a href='https:\/\/www.transports-coue.fr\/fr\/transports-coue-partenaire-de-la-ronde-mayennaise-2021\/' title='Transports Cou\u00e9 partenaire de la Ronde Mayennaise 2021'>Transports Cou\u00e9 partenaire de la Ronde Mayennaise 2021<\/a><\/h3><span class=\"blog-categories minor-meta\"><a href=\"https:\/\/www.transports-coue.fr\/fr\/category\/actualites\/\" rel=\"tag\">Actualit\u00e9s<\/a>, <a href=\"https:\/\/www.transports-coue.fr\/fr\/category\/actualites\/partenariats\/\" rel=\"tag\">Partenariats<\/a> <\/span><span class=\"av-vertical-delimiter\"><\/span><\/header><div class='slide-entry-excerpt entry-content'  itemprop=\"text\" >La 28\u00e8me \u00e9dition de la Ronde Mayennaise s'est d\u00e9roul\u00e9e sur les routes de notre d\u00e9partement ce dimanche 12 septembre 2021 ! \ud83d\udeb4\n\u2728 Nous sommes heureux d'avoir contribu\u00e9 \u00e0 cette course en pr\u00eatant le porteur de notre camion remorque \ud83d\ude9b\u2026<div class=\"read-more-link\"><a href=\"https:\/\/www.transports-coue.fr\/fr\/transports-coue-partenaire-de-la-ronde-mayennaise-2021\/\" class=\"more-link\">Lire la suite<span class='more-link-arrow avia-svg-icon avia-font-svg_entypo-fontello' data-av_svg_icon='right-open-big' data-av_iconset='svg_entypo-fontello'><svg version=\"1.1\" xmlns=\"http:\/\/www.w3.org\/2000\/svg\" width=\"15\" height=\"32\" viewBox=\"0 0 15 32\" preserveAspectRatio=\"xMidYMid meet\" role=\"graphics-symbol\" aria-hidden=\"true\">\n<path d=\"M0.416 27.84l11.456-11.84-11.456-11.904q-0.832-0.832 0-1.536 0.832-0.832 1.536 0l12.544 12.608q0.768 0.832 0 1.6l-12.544 12.608q-0.704 0.832-1.536 0-0.832-0.704 0-1.536z\"><\/path>\n<\/svg><\/span><\/a><\/div><\/div><\/div><footer class=\"entry-footer\"><div class=\"slide-meta\"><time class='slide-meta-time updated'  itemprop=\"datePublished\" datetime=\"2021-09-14T17:24:07+02:00\" >14 septembre 2021<\/time><\/div><\/footer><span class='hidden'>\n\t\t\t\t<span class='av-structured-data'  itemprop=\"image\" itemscope=\"itemscope\" itemtype=\"https:\/\/schema.org\/ImageObject\" >\n\t\t\t\t\t\t<span itemprop='url'>https:\/\/www.transports-coue.fr\/wp-content\/uploads\/2021\/09\/Transports-coue-partenaire-ronde-mayennaise-2021.png<\/span>\n\t\t\t\t\t\t<span itemprop='height'>300<\/span>\n\t\t\t\t\t\t<span itemprop='width'>807<\/span>\n\t\t\t\t<\/span>\n\t\t\t\t<span class='av-structured-data'  itemprop=\"publisher\" itemtype=\"https:\/\/schema.org\/Organization\" itemscope=\"itemscope\" >\n\t\t\t\t\t\t<span itemprop='name'>Transports Cou\u00e9<\/span>\n\t\t\t\t\t\t<span itemprop='logo' itemscope itemtype='https:\/\/schema.org\/ImageObject'>\n\t\t\t\t\t\t\t<span itemprop='url'>https:\/\/www.transports-coue.fr\/wp-content\/uploads\/2018\/10\/Logo-transports-coue-300x119.png<\/span>\n\t\t\t\t\t\t<\/span>\n\t\t\t\t<\/span><span class='av-structured-data'  itemprop=\"author\" itemscope=\"itemscope\" itemtype=\"https:\/\/schema.org\/Person\" ><span itemprop='name'>Transports Cou\u00e9<\/span><\/span><span class='av-structured-data'  itemprop=\"datePublished\" datetime=\"2018-10-04T10:16:12+02:00\" >2021-09-14 17:24:07<\/span><span class='av-structured-data'  itemprop=\"dateModified\" itemtype=\"https:\/\/schema.org\/dateModified\" >2021-09-14 17:42:47<\/span><span class='av-structured-data'  itemprop=\"mainEntityOfPage\" itemtype=\"https:\/\/schema.org\/mainEntityOfPage\" ><span itemprop='name'>Transports Cou\u00e9 partenaire de la Ronde Mayennaise 2021<\/span><\/span><\/span><\/article><article class='slide-entry flex_column  post-entry post-entry-5668 slide-entry-overview slide-loop-17 slide-parity-even  av_one_third  real-thumbnail posttype-post post-format-standard'  itemscope=\"itemscope\" itemtype=\"https:\/\/schema.org\/CreativeWork\" ><a href='https:\/\/www.transports-coue.fr\/fr\/karim-commercial-sotecan-international-au-mayetik-trail\/' data-rel='slide-3' class='slide-image' title='Karim, Commercial Sotecan International, au May&rsquo;Etik Trail'><img decoding=\"async\" fetchpriority=\"high\" width=\"845\" height=\"321\" src=\"https:\/\/www.transports-coue.fr\/wp-content\/uploads\/2021\/06\/trm-karim-au-trail-May-etik.jpg\" class=\"wp-image-5669 avia-img-lazy-loading-not-5669 attachment-no scaling size-no scaling wp-post-image\" alt=\"Karim commercial Sotecan International au trail May&#039;Etik 2021\" srcset=\"https:\/\/www.transports-coue.fr\/wp-content\/uploads\/2021\/06\/trm-karim-au-trail-May-etik.jpg 845w, https:\/\/www.transports-coue.fr\/wp-content\/uploads\/2021\/06\/trm-karim-au-trail-May-etik-300x114.jpg 300w, https:\/\/www.transports-coue.fr\/wp-content\/uploads\/2021\/06\/trm-karim-au-trail-May-etik-80x30.jpg 80w, https:\/\/www.transports-coue.fr\/wp-content\/uploads\/2021\/06\/trm-karim-au-trail-May-etik-768x292.jpg 768w, https:\/\/www.transports-coue.fr\/wp-content\/uploads\/2021\/06\/trm-karim-au-trail-May-etik-705x268.jpg 705w\" sizes=\"(max-width: 845px) 100vw, 845px\" \/><\/a><div class=\"slide-content\"><header class=\"entry-content-header\" aria-label=\"Slide: Karim, Commercial Sotecan International, au May&#039;Etik Trail\"><h3 class='slide-entry-title entry-title '  itemprop=\"headline\" ><a href='https:\/\/www.transports-coue.fr\/fr\/karim-commercial-sotecan-international-au-mayetik-trail\/' title='Karim, Commercial Sotecan International, au May&rsquo;Etik Trail'>Karim, Commercial Sotecan International, au May&rsquo;Etik Trail<\/a><\/h3><span class=\"blog-categories minor-meta\"><a href=\"https:\/\/www.transports-coue.fr\/fr\/category\/actualites\/\" rel=\"tag\">Actualit\u00e9s<\/a>, <a href=\"https:\/\/www.transports-coue.fr\/fr\/category\/actualites\/partenariats\/\" rel=\"tag\">Partenariats<\/a> <\/span><span class=\"av-vertical-delimiter\"><\/span><\/header><div class='slide-entry-excerpt entry-content'  itemprop=\"text\" > Karim, notre commercial SOTECAN INTERNATIONAL, a relev\u00e9 le challenge du May'Etik Trail ce 12 juin !\n\nSous une chaleur de plomb  et avec un talon capricieux, il a termin\u00e9 cette \u00e9preuve Mayennaise de trail \u00e9co-responsable  \"Ce fut une excellente\u2026<div class=\"read-more-link\"><a href=\"https:\/\/www.transports-coue.fr\/fr\/karim-commercial-sotecan-international-au-mayetik-trail\/\" class=\"more-link\">Lire la suite<span class='more-link-arrow avia-svg-icon avia-font-svg_entypo-fontello' data-av_svg_icon='right-open-big' data-av_iconset='svg_entypo-fontello'><svg version=\"1.1\" xmlns=\"http:\/\/www.w3.org\/2000\/svg\" width=\"15\" height=\"32\" viewBox=\"0 0 15 32\" preserveAspectRatio=\"xMidYMid meet\" role=\"graphics-symbol\" aria-hidden=\"true\">\n<path d=\"M0.416 27.84l11.456-11.84-11.456-11.904q-0.832-0.832 0-1.536 0.832-0.832 1.536 0l12.544 12.608q0.768 0.832 0 1.6l-12.544 12.608q-0.704 0.832-1.536 0-0.832-0.704 0-1.536z\"><\/path>\n<\/svg><\/span><\/a><\/div><\/div><\/div><footer class=\"entry-footer\"><div class=\"slide-meta\"><time class='slide-meta-time updated'  itemprop=\"datePublished\" datetime=\"2021-06-18T17:21:54+02:00\" >18 juin 2021<\/time><\/div><\/footer><span class='hidden'>\n\t\t\t\t<span class='av-structured-data'  itemprop=\"image\" itemscope=\"itemscope\" itemtype=\"https:\/\/schema.org\/ImageObject\" >\n\t\t\t\t\t\t<span itemprop='url'>https:\/\/www.transports-coue.fr\/wp-content\/uploads\/2021\/06\/trm-karim-au-trail-May-etik.jpg<\/span>\n\t\t\t\t\t\t<span itemprop='height'>321<\/span>\n\t\t\t\t\t\t<span itemprop='width'>845<\/span>\n\t\t\t\t<\/span>\n\t\t\t\t<span class='av-structured-data'  itemprop=\"publisher\" itemtype=\"https:\/\/schema.org\/Organization\" itemscope=\"itemscope\" >\n\t\t\t\t\t\t<span itemprop='name'>Transports Cou\u00e9<\/span>\n\t\t\t\t\t\t<span itemprop='logo' itemscope itemtype='https:\/\/schema.org\/ImageObject'>\n\t\t\t\t\t\t\t<span itemprop='url'>https:\/\/www.transports-coue.fr\/wp-content\/uploads\/2018\/10\/Logo-transports-coue-300x119.png<\/span>\n\t\t\t\t\t\t<\/span>\n\t\t\t\t<\/span><span class='av-structured-data'  itemprop=\"author\" itemscope=\"itemscope\" itemtype=\"https:\/\/schema.org\/Person\" ><span itemprop='name'>Transports Cou\u00e9<\/span><\/span><span class='av-structured-data'  itemprop=\"datePublished\" datetime=\"2018-10-04T10:16:12+02:00\" >2021-06-18 17:21:54<\/span><span class='av-structured-data'  itemprop=\"dateModified\" itemtype=\"https:\/\/schema.org\/dateModified\" >2021-06-25 19:44:16<\/span><span class='av-structured-data'  itemprop=\"mainEntityOfPage\" itemtype=\"https:\/\/schema.org\/mainEntityOfPage\" ><span itemprop='name'>Karim, Commercial Sotecan International, au May&rsquo;Etik Trail<\/span><\/span><\/span><\/article><article class='slide-entry flex_column  post-entry post-entry-5536 slide-entry-overview slide-loop-18 slide-parity-odd  av_one_third  real-thumbnail posttype-post post-format-standard'  itemscope=\"itemscope\" itemtype=\"https:\/\/schema.org\/CreativeWork\" ><a href='https:\/\/www.transports-coue.fr\/fr\/une-belle-edition-des-boucles-de-la-mayenne-2021-avec-les-transports-coue\/' data-rel='slide-3' class='slide-image' title='Une belle \u00e9dition des Boucles de la Mayenne 2021 avec les Transports Cou\u00e9'><img decoding=\"async\" fetchpriority=\"high\" width=\"845\" height=\"321\" src=\"https:\/\/www.transports-coue.fr\/wp-content\/uploads\/2021\/06\/boucles_de_la_mayenne_2021_transports_coue.jpg\" class=\"wp-image-5534 avia-img-lazy-loading-not-5534 attachment-no scaling size-no scaling wp-post-image\" alt=\"Les Transports Cou\u00e9 partenaire des Boucles de la Mayenne 2021\" srcset=\"https:\/\/www.transports-coue.fr\/wp-content\/uploads\/2021\/06\/boucles_de_la_mayenne_2021_transports_coue.jpg 845w, https:\/\/www.transports-coue.fr\/wp-content\/uploads\/2021\/06\/boucles_de_la_mayenne_2021_transports_coue-300x114.jpg 300w, https:\/\/www.transports-coue.fr\/wp-content\/uploads\/2021\/06\/boucles_de_la_mayenne_2021_transports_coue-80x30.jpg 80w, https:\/\/www.transports-coue.fr\/wp-content\/uploads\/2021\/06\/boucles_de_la_mayenne_2021_transports_coue-768x292.jpg 768w, https:\/\/www.transports-coue.fr\/wp-content\/uploads\/2021\/06\/boucles_de_la_mayenne_2021_transports_coue-705x268.jpg 705w\" sizes=\"(max-width: 845px) 100vw, 845px\" \/><\/a><div class=\"slide-content\"><header class=\"entry-content-header\" aria-label=\"Slide: Une belle \u00e9dition des Boucles de la Mayenne 2021 avec les Transports Cou\u00e9\"><h3 class='slide-entry-title entry-title '  itemprop=\"headline\" ><a href='https:\/\/www.transports-coue.fr\/fr\/une-belle-edition-des-boucles-de-la-mayenne-2021-avec-les-transports-coue\/' title='Une belle \u00e9dition des Boucles de la Mayenne 2021 avec les Transports Cou\u00e9'>Une belle \u00e9dition des Boucles de la Mayenne 2021 avec les Transports Cou\u00e9<\/a><\/h3><span class=\"blog-categories minor-meta\"><a href=\"https:\/\/www.transports-coue.fr\/fr\/category\/actualites\/\" rel=\"tag\">Actualit\u00e9s<\/a>, <a href=\"https:\/\/www.transports-coue.fr\/fr\/category\/actualites\/partenariats\/\" rel=\"tag\">Partenariats<\/a> <\/span><span class=\"av-vertical-delimiter\"><\/span><\/header><div class='slide-entry-excerpt entry-content'  itemprop=\"text\" >Une belle \u00e9dition des&nbsp;Boucles de la Mayenne&nbsp;s'est d\u00e9roul\u00e9e la semaine derni\u00e8re !&nbsp;\ud83d\udeb4\n\n\u2728&nbsp;Nous sommes heureux d'avoir \u00e9t\u00e9 pr\u00e9sents, au plus pr\u00e8s des cyclistes gr\u00e2ce \u00e0 notre voiture suiveuse&nbsp;\ud83d\ude97&nbsp;et \u00e0\u2026<div class=\"read-more-link\"><a href=\"https:\/\/www.transports-coue.fr\/fr\/une-belle-edition-des-boucles-de-la-mayenne-2021-avec-les-transports-coue\/\" class=\"more-link\">Lire la suite<span class='more-link-arrow avia-svg-icon avia-font-svg_entypo-fontello' data-av_svg_icon='right-open-big' data-av_iconset='svg_entypo-fontello'><svg version=\"1.1\" xmlns=\"http:\/\/www.w3.org\/2000\/svg\" width=\"15\" height=\"32\" viewBox=\"0 0 15 32\" preserveAspectRatio=\"xMidYMid meet\" role=\"graphics-symbol\" aria-hidden=\"true\">\n<path d=\"M0.416 27.84l11.456-11.84-11.456-11.904q-0.832-0.832 0-1.536 0.832-0.832 1.536 0l12.544 12.608q0.768 0.832 0 1.6l-12.544 12.608q-0.704 0.832-1.536 0-0.832-0.704 0-1.536z\"><\/path>\n<\/svg><\/span><\/a><\/div><\/div><\/div><footer class=\"entry-footer\"><div class=\"slide-meta\"><time class='slide-meta-time updated'  itemprop=\"datePublished\" datetime=\"2021-06-04T15:20:23+02:00\" >4 juin 2021<\/time><\/div><\/footer><span class='hidden'>\n\t\t\t\t<span class='av-structured-data'  itemprop=\"image\" itemscope=\"itemscope\" itemtype=\"https:\/\/schema.org\/ImageObject\" >\n\t\t\t\t\t\t<span itemprop='url'>https:\/\/www.transports-coue.fr\/wp-content\/uploads\/2021\/06\/boucles_de_la_mayenne_2021_transports_coue.jpg<\/span>\n\t\t\t\t\t\t<span itemprop='height'>321<\/span>\n\t\t\t\t\t\t<span itemprop='width'>845<\/span>\n\t\t\t\t<\/span>\n\t\t\t\t<span class='av-structured-data'  itemprop=\"publisher\" itemtype=\"https:\/\/schema.org\/Organization\" itemscope=\"itemscope\" >\n\t\t\t\t\t\t<span itemprop='name'>Transports Cou\u00e9<\/span>\n\t\t\t\t\t\t<span itemprop='logo' itemscope itemtype='https:\/\/schema.org\/ImageObject'>\n\t\t\t\t\t\t\t<span itemprop='url'>https:\/\/www.transports-coue.fr\/wp-content\/uploads\/2018\/10\/Logo-transports-coue-300x119.png<\/span>\n\t\t\t\t\t\t<\/span>\n\t\t\t\t<\/span><span class='av-structured-data'  itemprop=\"author\" itemscope=\"itemscope\" itemtype=\"https:\/\/schema.org\/Person\" ><span itemprop='name'>Transports Cou\u00e9<\/span><\/span><span class='av-structured-data'  itemprop=\"datePublished\" datetime=\"2018-10-04T10:16:12+02:00\" >2021-06-04 15:20:23<\/span><span class='av-structured-data'  itemprop=\"dateModified\" itemtype=\"https:\/\/schema.org\/dateModified\" >2021-06-04 15:20:55<\/span><span class='av-structured-data'  itemprop=\"mainEntityOfPage\" itemtype=\"https:\/\/schema.org\/mainEntityOfPage\" ><span itemprop='name'>Une belle \u00e9dition des Boucles de la Mayenne 2021 avec les Transports Cou\u00e9<\/span><\/span><\/span><\/article><\/div><div class=\"slide-entry-wrap\"><article class='slide-entry flex_column  post-entry post-entry-5322 slide-entry-overview slide-loop-19 slide-parity-odd  av_one_third first real-thumbnail posttype-post post-format-standard'  itemscope=\"itemscope\" itemtype=\"https:\/\/schema.org\/CreativeWork\" ><a href='https:\/\/www.transports-coue.fr\/fr\/les-transports-coue-et-le-groupe-trm-aux-boucles-de-la-mayenne-2021\/' data-rel='slide-3' class='slide-image' title='Les Transports Cou\u00e9 et le Groupe TRM aux Boucles de la Mayenne 2021'><img decoding=\"async\" fetchpriority=\"high\" width=\"845\" height=\"321\" src=\"https:\/\/www.transports-coue.fr\/wp-content\/uploads\/2021\/05\/transports-coue-trm-partenaires-boucles-mayenne.jpg\" class=\"wp-image-5320 avia-img-lazy-loading-not-5320 attachment-no scaling size-no scaling wp-post-image\" alt=\"Transports Cou\u00e9 et Groupe TRM aux Boucles de la Mayenne dans une voiture suiveuse\" srcset=\"https:\/\/www.transports-coue.fr\/wp-content\/uploads\/2021\/05\/transports-coue-trm-partenaires-boucles-mayenne.jpg 845w, https:\/\/www.transports-coue.fr\/wp-content\/uploads\/2021\/05\/transports-coue-trm-partenaires-boucles-mayenne-300x114.jpg 300w, https:\/\/www.transports-coue.fr\/wp-content\/uploads\/2021\/05\/transports-coue-trm-partenaires-boucles-mayenne-80x30.jpg 80w, https:\/\/www.transports-coue.fr\/wp-content\/uploads\/2021\/05\/transports-coue-trm-partenaires-boucles-mayenne-768x292.jpg 768w, https:\/\/www.transports-coue.fr\/wp-content\/uploads\/2021\/05\/transports-coue-trm-partenaires-boucles-mayenne-705x268.jpg 705w\" sizes=\"(max-width: 845px) 100vw, 845px\" \/><\/a><div class=\"slide-content\"><header class=\"entry-content-header\" aria-label=\"Slide: Les Transports Cou\u00e9 et le Groupe TRM aux Boucles de la Mayenne 2021\"><h3 class='slide-entry-title entry-title '  itemprop=\"headline\" ><a href='https:\/\/www.transports-coue.fr\/fr\/les-transports-coue-et-le-groupe-trm-aux-boucles-de-la-mayenne-2021\/' title='Les Transports Cou\u00e9 et le Groupe TRM aux Boucles de la Mayenne 2021'>Les Transports Cou\u00e9 et le Groupe TRM aux Boucles de la Mayenne 2021<\/a><\/h3><span class=\"blog-categories minor-meta\"><a href=\"https:\/\/www.transports-coue.fr\/fr\/category\/actualites\/\" rel=\"tag\">Actualit\u00e9s<\/a>, <a href=\"https:\/\/www.transports-coue.fr\/fr\/category\/actualites\/partenariats\/\" rel=\"tag\">Partenariats<\/a> <\/span><span class=\"av-vertical-delimiter\"><\/span><\/header><div class='slide-entry-excerpt entry-content'  itemprop=\"text\" >\u26a1Prenez date ! Du \ud835\udfee\ud835\udff3 \ud835\uddee\ud835\ude02 \ud835\udfef\ud835\udfec \ud835\uddfa\ud835\uddee\ud835\uddf6 \ud835\udfee\ud835\udfec\ud835\udfee\ud835\udfed, apr\u00e8s l'annulation de l'\u00e9dition 2020, nous sommes ravis du \ud835\udde5\ud835\uddd8\ud835\udde7\ud835\udde2\ud835\udde8\ud835\udde5 \ud83d\udd19 cette ann\u00e9e des Boucles de la Mayenne \ud83d\udeb4 !! \u26a1\nNous sommes heureux,\u2026<div class=\"read-more-link\"><a href=\"https:\/\/www.transports-coue.fr\/fr\/les-transports-coue-et-le-groupe-trm-aux-boucles-de-la-mayenne-2021\/\" class=\"more-link\">Lire la suite<span class='more-link-arrow avia-svg-icon avia-font-svg_entypo-fontello' data-av_svg_icon='right-open-big' data-av_iconset='svg_entypo-fontello'><svg version=\"1.1\" xmlns=\"http:\/\/www.w3.org\/2000\/svg\" width=\"15\" height=\"32\" viewBox=\"0 0 15 32\" preserveAspectRatio=\"xMidYMid meet\" role=\"graphics-symbol\" aria-hidden=\"true\">\n<path d=\"M0.416 27.84l11.456-11.84-11.456-11.904q-0.832-0.832 0-1.536 0.832-0.832 1.536 0l12.544 12.608q0.768 0.832 0 1.6l-12.544 12.608q-0.704 0.832-1.536 0-0.832-0.704 0-1.536z\"><\/path>\n<\/svg><\/span><\/a><\/div><\/div><\/div><footer class=\"entry-footer\"><div class=\"slide-meta\"><time class='slide-meta-time updated'  itemprop=\"datePublished\" datetime=\"2021-05-21T10:24:45+02:00\" >21 mai 2021<\/time><\/div><\/footer><span class='hidden'>\n\t\t\t\t<span class='av-structured-data'  itemprop=\"image\" itemscope=\"itemscope\" itemtype=\"https:\/\/schema.org\/ImageObject\" >\n\t\t\t\t\t\t<span itemprop='url'>https:\/\/www.transports-coue.fr\/wp-content\/uploads\/2021\/05\/transports-coue-trm-partenaires-boucles-mayenne.jpg<\/span>\n\t\t\t\t\t\t<span itemprop='height'>321<\/span>\n\t\t\t\t\t\t<span itemprop='width'>845<\/span>\n\t\t\t\t<\/span>\n\t\t\t\t<span class='av-structured-data'  itemprop=\"publisher\" itemtype=\"https:\/\/schema.org\/Organization\" itemscope=\"itemscope\" >\n\t\t\t\t\t\t<span itemprop='name'>Transports Cou\u00e9<\/span>\n\t\t\t\t\t\t<span itemprop='logo' itemscope itemtype='https:\/\/schema.org\/ImageObject'>\n\t\t\t\t\t\t\t<span itemprop='url'>https:\/\/www.transports-coue.fr\/wp-content\/uploads\/2018\/10\/Logo-transports-coue-300x119.png<\/span>\n\t\t\t\t\t\t<\/span>\n\t\t\t\t<\/span><span class='av-structured-data'  itemprop=\"author\" itemscope=\"itemscope\" itemtype=\"https:\/\/schema.org\/Person\" ><span itemprop='name'>Transports Cou\u00e9<\/span><\/span><span class='av-structured-data'  itemprop=\"datePublished\" datetime=\"2018-10-04T10:16:12+02:00\" >2021-05-21 10:24:45<\/span><span class='av-structured-data'  itemprop=\"dateModified\" itemtype=\"https:\/\/schema.org\/dateModified\" >2021-05-21 15:56:56<\/span><span class='av-structured-data'  itemprop=\"mainEntityOfPage\" itemtype=\"https:\/\/schema.org\/mainEntityOfPage\" ><span itemprop='name'>Les Transports Cou\u00e9 et le Groupe TRM aux Boucles de la Mayenne 2021<\/span><\/span><\/span><\/article><article class='slide-entry flex_column  post-entry post-entry-5262 slide-entry-overview slide-loop-20 slide-parity-even  av_one_third  real-thumbnail posttype-post post-format-standard'  itemscope=\"itemscope\" itemtype=\"https:\/\/schema.org\/CreativeWork\" ><a href='https:\/\/www.transports-coue.fr\/fr\/les-transports-coue-au-lycee\/' data-rel='slide-3' class='slide-image' title='Les Transports Cou\u00e9 au Lyc\u00e9e !'><img decoding=\"async\" fetchpriority=\"high\" width=\"845\" height=\"321\" src=\"https:\/\/www.transports-coue.fr\/wp-content\/uploads\/2021\/05\/transports-coue-lycee-bac-pro-transport-video-remarquables-newsletter.jpg\" class=\"wp-image-5257 avia-img-lazy-loading-not-5257 attachment-no scaling size-no scaling wp-post-image\" alt=\"Vid\u00e9o les Remarquables des Transports Cou\u00e9 pour illustrer la d\u00e9marche RSE au lyc\u00e9e\" srcset=\"https:\/\/www.transports-coue.fr\/wp-content\/uploads\/2021\/05\/transports-coue-lycee-bac-pro-transport-video-remarquables-newsletter.jpg 845w, https:\/\/www.transports-coue.fr\/wp-content\/uploads\/2021\/05\/transports-coue-lycee-bac-pro-transport-video-remarquables-newsletter-300x114.jpg 300w, https:\/\/www.transports-coue.fr\/wp-content\/uploads\/2021\/05\/transports-coue-lycee-bac-pro-transport-video-remarquables-newsletter-80x30.jpg 80w, https:\/\/www.transports-coue.fr\/wp-content\/uploads\/2021\/05\/transports-coue-lycee-bac-pro-transport-video-remarquables-newsletter-768x292.jpg 768w, https:\/\/www.transports-coue.fr\/wp-content\/uploads\/2021\/05\/transports-coue-lycee-bac-pro-transport-video-remarquables-newsletter-705x268.jpg 705w\" sizes=\"(max-width: 845px) 100vw, 845px\" \/><\/a><div class=\"slide-content\"><header class=\"entry-content-header\" aria-label=\"Slide: Les Transports Cou\u00e9 au Lyc\u00e9e !\"><h3 class='slide-entry-title entry-title '  itemprop=\"headline\" ><a href='https:\/\/www.transports-coue.fr\/fr\/les-transports-coue-au-lycee\/' title='Les Transports Cou\u00e9 au Lyc\u00e9e !'>Les Transports Cou\u00e9 au Lyc\u00e9e !<\/a><\/h3><span class=\"blog-categories minor-meta\"><a href=\"https:\/\/www.transports-coue.fr\/fr\/category\/actualites\/\" rel=\"tag\">Actualit\u00e9s<\/a>, <a href=\"https:\/\/www.transports-coue.fr\/fr\/category\/actualites\/partenariats\/\" rel=\"tag\">Partenariats<\/a> <\/span><span class=\"av-vertical-delimiter\"><\/span><\/header><div class='slide-entry-excerpt entry-content'  itemprop=\"text\" >\n\ud835\udddf\ud835\uddf2\ud835\ude00 \ud835\uddf2\u0301\ud835\uddf9\ud835\uddf2\u0300\ud835\ude03\ud835\uddf2\ud835\ude00 \ud83d\udc65 \ud835\uddf2\ud835\uddfb \ud835\uddd5\ud835\uddee\ud835\uddf0 \ud835\udde3\ud835\uddff\ud835\uddfc \ud835\udde7\ud835\uddff\ud835\uddee\ud835\uddfb\ud835\ude00\ud835\uddfd\ud835\uddfc\ud835\uddff\ud835\ude01 \ud83d\ude9b au Lyc\u00e9e Don Bosco de Mayenne (53) utilisent notre vid\u00e9o \"Les Mayennais sont reMarquables\" comme support de cours\u2026<div class=\"read-more-link\"><a href=\"https:\/\/www.transports-coue.fr\/fr\/les-transports-coue-au-lycee\/\" class=\"more-link\">Lire la suite<span class='more-link-arrow avia-svg-icon avia-font-svg_entypo-fontello' data-av_svg_icon='right-open-big' data-av_iconset='svg_entypo-fontello'><svg version=\"1.1\" xmlns=\"http:\/\/www.w3.org\/2000\/svg\" width=\"15\" height=\"32\" viewBox=\"0 0 15 32\" preserveAspectRatio=\"xMidYMid meet\" role=\"graphics-symbol\" aria-hidden=\"true\">\n<path d=\"M0.416 27.84l11.456-11.84-11.456-11.904q-0.832-0.832 0-1.536 0.832-0.832 1.536 0l12.544 12.608q0.768 0.832 0 1.6l-12.544 12.608q-0.704 0.832-1.536 0-0.832-0.704 0-1.536z\"><\/path>\n<\/svg><\/span><\/a><\/div><\/div><\/div><footer class=\"entry-footer\"><div class=\"slide-meta\"><time class='slide-meta-time updated'  itemprop=\"datePublished\" datetime=\"2021-05-07T14:32:37+02:00\" >7 mai 2021<\/time><\/div><\/footer><span class='hidden'>\n\t\t\t\t<span class='av-structured-data'  itemprop=\"image\" itemscope=\"itemscope\" itemtype=\"https:\/\/schema.org\/ImageObject\" >\n\t\t\t\t\t\t<span itemprop='url'>https:\/\/www.transports-coue.fr\/wp-content\/uploads\/2021\/05\/transports-coue-lycee-bac-pro-transport-video-remarquables-newsletter.jpg<\/span>\n\t\t\t\t\t\t<span itemprop='height'>321<\/span>\n\t\t\t\t\t\t<span itemprop='width'>845<\/span>\n\t\t\t\t<\/span>\n\t\t\t\t<span class='av-structured-data'  itemprop=\"publisher\" itemtype=\"https:\/\/schema.org\/Organization\" itemscope=\"itemscope\" >\n\t\t\t\t\t\t<span itemprop='name'>Transports Cou\u00e9<\/span>\n\t\t\t\t\t\t<span itemprop='logo' itemscope itemtype='https:\/\/schema.org\/ImageObject'>\n\t\t\t\t\t\t\t<span itemprop='url'>https:\/\/www.transports-coue.fr\/wp-content\/uploads\/2018\/10\/Logo-transports-coue-300x119.png<\/span>\n\t\t\t\t\t\t<\/span>\n\t\t\t\t<\/span><span class='av-structured-data'  itemprop=\"author\" itemscope=\"itemscope\" itemtype=\"https:\/\/schema.org\/Person\" ><span itemprop='name'>Transports Cou\u00e9<\/span><\/span><span class='av-structured-data'  itemprop=\"datePublished\" datetime=\"2018-10-04T10:16:12+02:00\" >2021-05-07 14:32:37<\/span><span class='av-structured-data'  itemprop=\"dateModified\" itemtype=\"https:\/\/schema.org\/dateModified\" >2021-05-14 15:34:51<\/span><span class='av-structured-data'  itemprop=\"mainEntityOfPage\" itemtype=\"https:\/\/schema.org\/mainEntityOfPage\" ><span itemprop='name'>Les Transports Cou\u00e9 au Lyc\u00e9e !<\/span><\/span><\/span><\/article><article class='slide-entry flex_column  post-entry post-entry-3855 slide-entry-overview slide-loop-21 slide-parity-odd  av_one_third  real-thumbnail posttype-post post-format-standard'  itemscope=\"itemscope\" itemtype=\"https:\/\/schema.org\/CreativeWork\" ><a href='https:\/\/www.transports-coue.fr\/fr\/si-vous-lavez-cest-quun-camion-vous-la-apporte\/' data-rel='slide-3' class='slide-image' title='Si vous l&rsquo;avez, c&rsquo;est qu&rsquo;un camion vous l&rsquo;a apport\u00e9 !'><img decoding=\"async\" fetchpriority=\"high\" width=\"832\" height=\"318\" src=\"https:\/\/www.transports-coue.fr\/wp-content\/uploads\/2020\/08\/2020-08-21-transports-coue-fntr-si-vous-lavez-cest-quun-camion-vous-la-apporte-web-min.jpg\" class=\"wp-image-3853 avia-img-lazy-loading-not-3853 attachment-no scaling size-no scaling wp-post-image\" alt=\"Transports Coue Campagne FNTR soutien metier du transport routier\" srcset=\"https:\/\/www.transports-coue.fr\/wp-content\/uploads\/2020\/08\/2020-08-21-transports-coue-fntr-si-vous-lavez-cest-quun-camion-vous-la-apporte-web-min.jpg 832w, https:\/\/www.transports-coue.fr\/wp-content\/uploads\/2020\/08\/2020-08-21-transports-coue-fntr-si-vous-lavez-cest-quun-camion-vous-la-apporte-web-min-300x115.jpg 300w, https:\/\/www.transports-coue.fr\/wp-content\/uploads\/2020\/08\/2020-08-21-transports-coue-fntr-si-vous-lavez-cest-quun-camion-vous-la-apporte-web-min-80x31.jpg 80w, https:\/\/www.transports-coue.fr\/wp-content\/uploads\/2020\/08\/2020-08-21-transports-coue-fntr-si-vous-lavez-cest-quun-camion-vous-la-apporte-web-min-768x294.jpg 768w, https:\/\/www.transports-coue.fr\/wp-content\/uploads\/2020\/08\/2020-08-21-transports-coue-fntr-si-vous-lavez-cest-quun-camion-vous-la-apporte-web-min-705x269.jpg 705w\" sizes=\"(max-width: 832px) 100vw, 832px\" \/><\/a><div class=\"slide-content\"><header class=\"entry-content-header\" aria-label=\"Slide: Si vous l&#039;avez, c&#039;est qu&#039;un camion vous l&#039;a apport\u00e9 !\"><h3 class='slide-entry-title entry-title '  itemprop=\"headline\" ><a href='https:\/\/www.transports-coue.fr\/fr\/si-vous-lavez-cest-quun-camion-vous-la-apporte\/' title='Si vous l&rsquo;avez, c&rsquo;est qu&rsquo;un camion vous l&rsquo;a apport\u00e9 !'>Si vous l&rsquo;avez, c&rsquo;est qu&rsquo;un camion vous l&rsquo;a apport\u00e9 !<\/a><\/h3><span class=\"blog-categories minor-meta\"><a href=\"https:\/\/www.transports-coue.fr\/fr\/category\/actualites\/\" rel=\"tag\">Actualit\u00e9s<\/a>, <a href=\"https:\/\/www.transports-coue.fr\/fr\/category\/actualites\/partenariats\/\" rel=\"tag\">Partenariats<\/a> <\/span><span class=\"av-vertical-delimiter\"><\/span><\/header><div class='slide-entry-excerpt entry-content'  itemprop=\"text\" >Nous faisons partie des \ud835\udfef\ud835\udfec \ud835\udfec\ud835\udfec\ud835\udfec \ud835\uddf0\ud835\uddee\ud835\uddfa\ud835\uddf6\ud835\uddfc\ud835\uddfb\ud835\ude00 \ud83d\ude9b qui vont sillonner les routes de France aux couleurs de la campagne de la FEDERATION NATIONALE DES TRANSPORTS ROUTIERS (FNTR)\u00a0pour mettre ainsi un peu plus en lumi\u00e8re\u2026<div class=\"read-more-link\"><a href=\"https:\/\/www.transports-coue.fr\/fr\/si-vous-lavez-cest-quun-camion-vous-la-apporte\/\" class=\"more-link\">Lire la suite<span class='more-link-arrow avia-svg-icon avia-font-svg_entypo-fontello' data-av_svg_icon='right-open-big' data-av_iconset='svg_entypo-fontello'><svg version=\"1.1\" xmlns=\"http:\/\/www.w3.org\/2000\/svg\" width=\"15\" height=\"32\" viewBox=\"0 0 15 32\" preserveAspectRatio=\"xMidYMid meet\" role=\"graphics-symbol\" aria-hidden=\"true\">\n<path d=\"M0.416 27.84l11.456-11.84-11.456-11.904q-0.832-0.832 0-1.536 0.832-0.832 1.536 0l12.544 12.608q0.768 0.832 0 1.6l-12.544 12.608q-0.704 0.832-1.536 0-0.832-0.704 0-1.536z\"><\/path>\n<\/svg><\/span><\/a><\/div><\/div><\/div><footer class=\"entry-footer\"><div class=\"slide-meta\"><time class='slide-meta-time updated'  itemprop=\"datePublished\" datetime=\"2020-08-21T17:40:15+02:00\" >21 ao\u00fbt 2020<\/time><\/div><\/footer><span class='hidden'>\n\t\t\t\t<span class='av-structured-data'  itemprop=\"image\" itemscope=\"itemscope\" itemtype=\"https:\/\/schema.org\/ImageObject\" >\n\t\t\t\t\t\t<span itemprop='url'>https:\/\/www.transports-coue.fr\/wp-content\/uploads\/2020\/08\/2020-08-21-transports-coue-fntr-si-vous-lavez-cest-quun-camion-vous-la-apporte-web-min.jpg<\/span>\n\t\t\t\t\t\t<span itemprop='height'>318<\/span>\n\t\t\t\t\t\t<span itemprop='width'>832<\/span>\n\t\t\t\t<\/span>\n\t\t\t\t<span class='av-structured-data'  itemprop=\"publisher\" itemtype=\"https:\/\/schema.org\/Organization\" itemscope=\"itemscope\" >\n\t\t\t\t\t\t<span itemprop='name'>Transports Cou\u00e9<\/span>\n\t\t\t\t\t\t<span itemprop='logo' itemscope itemtype='https:\/\/schema.org\/ImageObject'>\n\t\t\t\t\t\t\t<span itemprop='url'>https:\/\/www.transports-coue.fr\/wp-content\/uploads\/2018\/10\/Logo-transports-coue-300x119.png<\/span>\n\t\t\t\t\t\t<\/span>\n\t\t\t\t<\/span><span class='av-structured-data'  itemprop=\"author\" itemscope=\"itemscope\" itemtype=\"https:\/\/schema.org\/Person\" ><span itemprop='name'>Transports Cou\u00e9<\/span><\/span><span class='av-structured-data'  itemprop=\"datePublished\" datetime=\"2018-10-04T10:16:12+02:00\" >2020-08-21 17:40:15<\/span><span class='av-structured-data'  itemprop=\"dateModified\" itemtype=\"https:\/\/schema.org\/dateModified\" >2021-05-21 16:58:04<\/span><span class='av-structured-data'  itemprop=\"mainEntityOfPage\" itemtype=\"https:\/\/schema.org\/mainEntityOfPage\" ><span itemprop='name'>Si vous l&rsquo;avez, c&rsquo;est qu&rsquo;un camion vous l&rsquo;a apport\u00e9 !<\/span><\/span><\/span><\/article><\/div><div class=\"slide-entry-wrap\"><article class='slide-entry flex_column  post-entry post-entry-3170 slide-entry-overview slide-loop-22 slide-parity-odd  av_one_third first real-thumbnail posttype-post post-format-standard'  itemscope=\"itemscope\" itemtype=\"https:\/\/schema.org\/CreativeWork\" ><a href='https:\/\/www.transports-coue.fr\/fr\/transports-coue-aiment-comme-mayenne\/' data-rel='slide-3' class='slide-image' title='Transports Cou\u00e9 Aime(nt) comme Mayenne'><img decoding=\"async\" fetchpriority=\"high\" width=\"721\" height=\"316\" src=\"https:\/\/www.transports-coue.fr\/wp-content\/uploads\/2020\/01\/2020-01-08-transports-coue-espace-m-.png\" class=\"wp-image-3168 avia-img-lazy-loading-not-3168 attachment-no scaling size-no scaling wp-post-image\" alt=\"\" srcset=\"https:\/\/www.transports-coue.fr\/wp-content\/uploads\/2020\/01\/2020-01-08-transports-coue-espace-m-.png 721w, https:\/\/www.transports-coue.fr\/wp-content\/uploads\/2020\/01\/2020-01-08-transports-coue-espace-m--300x131.png 300w, https:\/\/www.transports-coue.fr\/wp-content\/uploads\/2020\/01\/2020-01-08-transports-coue-espace-m--80x35.png 80w, https:\/\/www.transports-coue.fr\/wp-content\/uploads\/2020\/01\/2020-01-08-transports-coue-espace-m--705x309.png 705w\" sizes=\"(max-width: 721px) 100vw, 721px\" \/><\/a><div class=\"slide-content\"><header class=\"entry-content-header\" aria-label=\"Slide: Transports Cou\u00e9 Aime(nt) comme Mayenne\"><h3 class='slide-entry-title entry-title '  itemprop=\"headline\" ><a href='https:\/\/www.transports-coue.fr\/fr\/transports-coue-aiment-comme-mayenne\/' title='Transports Cou\u00e9 Aime(nt) comme Mayenne'>Transports Cou\u00e9 Aime(nt) comme Mayenne<\/a><\/h3><span class=\"blog-categories minor-meta\"><a href=\"https:\/\/www.transports-coue.fr\/fr\/category\/actualites\/\" rel=\"tag\">Actualit\u00e9s<\/a>, <a href=\"https:\/\/www.transports-coue.fr\/fr\/category\/actualites\/partenariats\/\" rel=\"tag\">Partenariats<\/a> <\/span><span class=\"av-vertical-delimiter\"><\/span><\/header><div class='slide-entry-excerpt entry-content'  itemprop=\"text\" >Belle initiative que nous soutenons !\n\n\ud83d\udc49Le Conseil d\u00e9partemental de la Mayenne met \u00e0 disposition des entreprises, collectivit\u00e9s, associations mayennaises 521 m\u00b2 de bureaux et de salles de r\u00e9union. Ces espaces se trouvent au 13\u00e8me \u00e9tage\u2026<div class=\"read-more-link\"><a href=\"https:\/\/www.transports-coue.fr\/fr\/transports-coue-aiment-comme-mayenne\/\" class=\"more-link\">Lire la suite<span class='more-link-arrow avia-svg-icon avia-font-svg_entypo-fontello' data-av_svg_icon='right-open-big' data-av_iconset='svg_entypo-fontello'><svg version=\"1.1\" xmlns=\"http:\/\/www.w3.org\/2000\/svg\" width=\"15\" height=\"32\" viewBox=\"0 0 15 32\" preserveAspectRatio=\"xMidYMid meet\" role=\"graphics-symbol\" aria-hidden=\"true\">\n<path d=\"M0.416 27.84l11.456-11.84-11.456-11.904q-0.832-0.832 0-1.536 0.832-0.832 1.536 0l12.544 12.608q0.768 0.832 0 1.6l-12.544 12.608q-0.704 0.832-1.536 0-0.832-0.704 0-1.536z\"><\/path>\n<\/svg><\/span><\/a><\/div><\/div><\/div><footer class=\"entry-footer\"><div class=\"slide-meta\"><time class='slide-meta-time updated'  itemprop=\"datePublished\" datetime=\"2020-01-13T18:29:12+01:00\" >13 janvier 2020<\/time><\/div><\/footer><span class='hidden'>\n\t\t\t\t<span class='av-structured-data'  itemprop=\"image\" itemscope=\"itemscope\" itemtype=\"https:\/\/schema.org\/ImageObject\" >\n\t\t\t\t\t\t<span itemprop='url'>https:\/\/www.transports-coue.fr\/wp-content\/uploads\/2020\/01\/2020-01-08-transports-coue-espace-m-.png<\/span>\n\t\t\t\t\t\t<span itemprop='height'>316<\/span>\n\t\t\t\t\t\t<span itemprop='width'>721<\/span>\n\t\t\t\t<\/span>\n\t\t\t\t<span class='av-structured-data'  itemprop=\"publisher\" itemtype=\"https:\/\/schema.org\/Organization\" itemscope=\"itemscope\" >\n\t\t\t\t\t\t<span itemprop='name'>Transports Cou\u00e9<\/span>\n\t\t\t\t\t\t<span itemprop='logo' itemscope itemtype='https:\/\/schema.org\/ImageObject'>\n\t\t\t\t\t\t\t<span itemprop='url'>https:\/\/www.transports-coue.fr\/wp-content\/uploads\/2018\/10\/Logo-transports-coue-300x119.png<\/span>\n\t\t\t\t\t\t<\/span>\n\t\t\t\t<\/span><span class='av-structured-data'  itemprop=\"author\" itemscope=\"itemscope\" itemtype=\"https:\/\/schema.org\/Person\" ><span itemprop='name'>Transports Cou\u00e9<\/span><\/span><span class='av-structured-data'  itemprop=\"datePublished\" datetime=\"2018-10-04T10:16:12+02:00\" >2020-01-13 18:29:12<\/span><span class='av-structured-data'  itemprop=\"dateModified\" itemtype=\"https:\/\/schema.org\/dateModified\" >2021-05-21 17:07:34<\/span><span class='av-structured-data'  itemprop=\"mainEntityOfPage\" itemtype=\"https:\/\/schema.org\/mainEntityOfPage\" ><span itemprop='name'>Transports Cou\u00e9 Aime(nt) comme Mayenne<\/span><\/span><\/span><\/article><article class='slide-entry flex_column  post-entry post-entry-3093 slide-entry-overview slide-loop-23 slide-parity-even  av_one_third  real-thumbnail posttype-post post-format-standard'  itemscope=\"itemscope\" itemtype=\"https:\/\/schema.org\/CreativeWork\" ><a href='https:\/\/www.transports-coue.fr\/fr\/transports-coue-au-tournoi-inter-entreprises-de-futsal-a-laval\/' data-rel='slide-3' class='slide-image' title='Transports Cou\u00e9 au Tournoi inter-entreprises de Futsal \u00e0 Laval'><img decoding=\"async\" fetchpriority=\"high\" width=\"845\" height=\"321\" src=\"https:\/\/www.transports-coue.fr\/wp-content\/uploads\/2019\/12\/2019-12-20-transports-coue-tournoi-futsal-inter-entreprises.jpg\" class=\"wp-image-3091 avia-img-lazy-loading-not-3091 attachment-no scaling size-no scaling wp-post-image\" alt=\"Transports Cou\u00e9 tournoi inter-entreprises de Futsal \u00e0 Laval\" srcset=\"https:\/\/www.transports-coue.fr\/wp-content\/uploads\/2019\/12\/2019-12-20-transports-coue-tournoi-futsal-inter-entreprises.jpg 845w, https:\/\/www.transports-coue.fr\/wp-content\/uploads\/2019\/12\/2019-12-20-transports-coue-tournoi-futsal-inter-entreprises-300x114.jpg 300w, https:\/\/www.transports-coue.fr\/wp-content\/uploads\/2019\/12\/2019-12-20-transports-coue-tournoi-futsal-inter-entreprises-80x30.jpg 80w, https:\/\/www.transports-coue.fr\/wp-content\/uploads\/2019\/12\/2019-12-20-transports-coue-tournoi-futsal-inter-entreprises-768x292.jpg 768w, https:\/\/www.transports-coue.fr\/wp-content\/uploads\/2019\/12\/2019-12-20-transports-coue-tournoi-futsal-inter-entreprises-705x268.jpg 705w\" sizes=\"(max-width: 845px) 100vw, 845px\" \/><\/a><div class=\"slide-content\"><header class=\"entry-content-header\" aria-label=\"Slide: Transports Cou\u00e9 au Tournoi inter-entreprises de Futsal \u00e0 Laval\"><h3 class='slide-entry-title entry-title '  itemprop=\"headline\" ><a href='https:\/\/www.transports-coue.fr\/fr\/transports-coue-au-tournoi-inter-entreprises-de-futsal-a-laval\/' title='Transports Cou\u00e9 au Tournoi inter-entreprises de Futsal \u00e0 Laval'>Transports Cou\u00e9 au Tournoi inter-entreprises de Futsal \u00e0 Laval<\/a><\/h3><span class=\"blog-categories minor-meta\"><a href=\"https:\/\/www.transports-coue.fr\/fr\/category\/actualites\/\" rel=\"tag\">Actualit\u00e9s<\/a>, <a href=\"https:\/\/www.transports-coue.fr\/fr\/category\/actualites\/partenariats\/\" rel=\"tag\">Partenariats<\/a> <\/span><span class=\"av-vertical-delimiter\"><\/span><\/header><div class='slide-entry-excerpt entry-content'  itemprop=\"text\" >\u26bd\ufe0f\u00a0Les couleurs des Transports Cou\u00e9 ont \u00e9t\u00e9 vaillamment d\u00e9fendues vendredi 20 d\u00e9cembre 2019 lors du tournoi inter-entreprises de futsal de Laval.\nGlenn, Richard, Fran\u00e7ois, Flavien, Jacky et leur \u00e9quipe nous ont fait partager une\u2026<div class=\"read-more-link\"><a href=\"https:\/\/www.transports-coue.fr\/fr\/transports-coue-au-tournoi-inter-entreprises-de-futsal-a-laval\/\" class=\"more-link\">Lire la suite<span class='more-link-arrow avia-svg-icon avia-font-svg_entypo-fontello' data-av_svg_icon='right-open-big' data-av_iconset='svg_entypo-fontello'><svg version=\"1.1\" xmlns=\"http:\/\/www.w3.org\/2000\/svg\" width=\"15\" height=\"32\" viewBox=\"0 0 15 32\" preserveAspectRatio=\"xMidYMid meet\" role=\"graphics-symbol\" aria-hidden=\"true\">\n<path d=\"M0.416 27.84l11.456-11.84-11.456-11.904q-0.832-0.832 0-1.536 0.832-0.832 1.536 0l12.544 12.608q0.768 0.832 0 1.6l-12.544 12.608q-0.704 0.832-1.536 0-0.832-0.704 0-1.536z\"><\/path>\n<\/svg><\/span><\/a><\/div><\/div><\/div><footer class=\"entry-footer\"><div class=\"slide-meta\"><time class='slide-meta-time updated'  itemprop=\"datePublished\" datetime=\"2019-12-30T19:06:26+01:00\" >30 d\u00e9cembre 2019<\/time><\/div><\/footer><span class='hidden'>\n\t\t\t\t<span class='av-structured-data'  itemprop=\"image\" itemscope=\"itemscope\" itemtype=\"https:\/\/schema.org\/ImageObject\" >\n\t\t\t\t\t\t<span itemprop='url'>https:\/\/www.transports-coue.fr\/wp-content\/uploads\/2019\/12\/2019-12-20-transports-coue-tournoi-futsal-inter-entreprises.jpg<\/span>\n\t\t\t\t\t\t<span itemprop='height'>321<\/span>\n\t\t\t\t\t\t<span itemprop='width'>845<\/span>\n\t\t\t\t<\/span>\n\t\t\t\t<span class='av-structured-data'  itemprop=\"publisher\" itemtype=\"https:\/\/schema.org\/Organization\" itemscope=\"itemscope\" >\n\t\t\t\t\t\t<span itemprop='name'>Transports Cou\u00e9<\/span>\n\t\t\t\t\t\t<span itemprop='logo' itemscope itemtype='https:\/\/schema.org\/ImageObject'>\n\t\t\t\t\t\t\t<span itemprop='url'>https:\/\/www.transports-coue.fr\/wp-content\/uploads\/2018\/10\/Logo-transports-coue-300x119.png<\/span>\n\t\t\t\t\t\t<\/span>\n\t\t\t\t<\/span><span class='av-structured-data'  itemprop=\"author\" itemscope=\"itemscope\" itemtype=\"https:\/\/schema.org\/Person\" ><span itemprop='name'>Transports Cou\u00e9<\/span><\/span><span class='av-structured-data'  itemprop=\"datePublished\" datetime=\"2018-10-04T10:16:12+02:00\" >2019-12-30 19:06:26<\/span><span class='av-structured-data'  itemprop=\"dateModified\" itemtype=\"https:\/\/schema.org\/dateModified\" >2021-03-31 10:38:29<\/span><span class='av-structured-data'  itemprop=\"mainEntityOfPage\" itemtype=\"https:\/\/schema.org\/mainEntityOfPage\" ><span itemprop='name'>Transports Cou\u00e9 au Tournoi inter-entreprises de Futsal \u00e0 Laval<\/span><\/span><\/span><\/article><article class='slide-entry flex_column  post-entry post-entry-2986 slide-entry-overview slide-loop-24 slide-parity-odd  av_one_third  real-thumbnail posttype-post post-format-standard'  itemscope=\"itemscope\" itemtype=\"https:\/\/schema.org\/CreativeWork\" ><a href='https:\/\/www.transports-coue.fr\/fr\/transports-coue-partenaire-officiel-de-letoile-lavalloise-mayenne-futsal-club\/' data-rel='slide-3' class='slide-image' title='Transports Cou\u00e9 partenaire officiel de l&rsquo;Etoile Lavalloise Mayenne Futsal Club'><img decoding=\"async\" fetchpriority=\"high\" width=\"2048\" height=\"777\" src=\"https:\/\/www.transports-coue.fr\/wp-content\/uploads\/2019\/10\/Partenariat-2019-2020-transports-coue-site-internet-2048x777.jpg\" class=\"wp-image-2989 avia-img-lazy-loading-not-2989 attachment-no scaling size-no scaling wp-post-image\" alt=\"Transports Cou\u00e9 soutiennent l&#039;Etoile Lavalloise Mayenne futsal Club\" srcset=\"https:\/\/www.transports-coue.fr\/wp-content\/uploads\/2019\/10\/Partenariat-2019-2020-transports-coue-site-internet-2048x777.jpg 2048w, https:\/\/www.transports-coue.fr\/wp-content\/uploads\/2019\/10\/Partenariat-2019-2020-transports-coue-site-internet-2048x777-80x30.jpg 80w, https:\/\/www.transports-coue.fr\/wp-content\/uploads\/2019\/10\/Partenariat-2019-2020-transports-coue-site-internet-2048x777-300x114.jpg 300w, https:\/\/www.transports-coue.fr\/wp-content\/uploads\/2019\/10\/Partenariat-2019-2020-transports-coue-site-internet-2048x777-768x291.jpg 768w, https:\/\/www.transports-coue.fr\/wp-content\/uploads\/2019\/10\/Partenariat-2019-2020-transports-coue-site-internet-2048x777-1030x391.jpg 1030w, https:\/\/www.transports-coue.fr\/wp-content\/uploads\/2019\/10\/Partenariat-2019-2020-transports-coue-site-internet-2048x777-1500x569.jpg 1500w, https:\/\/www.transports-coue.fr\/wp-content\/uploads\/2019\/10\/Partenariat-2019-2020-transports-coue-site-internet-2048x777-705x267.jpg 705w, https:\/\/www.transports-coue.fr\/wp-content\/uploads\/2019\/10\/Partenariat-2019-2020-transports-coue-site-internet-2048x777-845x321.jpg 845w\" sizes=\"(max-width: 2048px) 100vw, 2048px\" \/><\/a><div class=\"slide-content\"><header class=\"entry-content-header\" aria-label=\"Slide: Transports Cou\u00e9 partenaire officiel de l&#039;Etoile Lavalloise Mayenne Futsal Club\"><h3 class='slide-entry-title entry-title '  itemprop=\"headline\" ><a href='https:\/\/www.transports-coue.fr\/fr\/transports-coue-partenaire-officiel-de-letoile-lavalloise-mayenne-futsal-club\/' title='Transports Cou\u00e9 partenaire officiel de l&rsquo;Etoile Lavalloise Mayenne Futsal Club'>Transports Cou\u00e9 partenaire officiel de l&rsquo;Etoile Lavalloise Mayenne Futsal Club<\/a><\/h3><span class=\"blog-categories minor-meta\"><a href=\"https:\/\/www.transports-coue.fr\/fr\/category\/actualites\/\" rel=\"tag\">Actualit\u00e9s<\/a>, <a href=\"https:\/\/www.transports-coue.fr\/fr\/category\/actualites\/partenariats\/\" rel=\"tag\">Partenariats<\/a> <\/span><span class=\"av-vertical-delimiter\"><\/span><\/header><div class='slide-entry-excerpt entry-content'  itemprop=\"text\" >Nous soutenons l' Etoile Lavalloise Mayenne Futsal Club \u26bd\ufe0f !\nNous leur souhaitons une tr\u00e8s belle saison et attendons avec impatience d'aller les encourager dans le futur \"Espace Mayenne\" !\n\n\u27a1\ufe0fhttps:\/\/www.laval-futsal.com\/\n\u27a1\ufe0fhttp:\/\/espacemayenne.fr\/<div class=\"read-more-link\"><a href=\"https:\/\/www.transports-coue.fr\/fr\/transports-coue-partenaire-officiel-de-letoile-lavalloise-mayenne-futsal-club\/\" class=\"more-link\">Lire la suite<span class='more-link-arrow avia-svg-icon avia-font-svg_entypo-fontello' data-av_svg_icon='right-open-big' data-av_iconset='svg_entypo-fontello'><svg version=\"1.1\" xmlns=\"http:\/\/www.w3.org\/2000\/svg\" width=\"15\" height=\"32\" viewBox=\"0 0 15 32\" preserveAspectRatio=\"xMidYMid meet\" role=\"graphics-symbol\" aria-hidden=\"true\">\n<path d=\"M0.416 27.84l11.456-11.84-11.456-11.904q-0.832-0.832 0-1.536 0.832-0.832 1.536 0l12.544 12.608q0.768 0.832 0 1.6l-12.544 12.608q-0.704 0.832-1.536 0-0.832-0.704 0-1.536z\"><\/path>\n<\/svg><\/span><\/a><\/div><\/div><\/div><footer class=\"entry-footer\"><div class=\"slide-meta\"><time class='slide-meta-time updated'  itemprop=\"datePublished\" datetime=\"2019-10-28T08:43:00+01:00\" >28 octobre 2019<\/time><\/div><\/footer><span class='hidden'>\n\t\t\t\t<span class='av-structured-data'  itemprop=\"image\" itemscope=\"itemscope\" itemtype=\"https:\/\/schema.org\/ImageObject\" >\n\t\t\t\t\t\t<span itemprop='url'>https:\/\/www.transports-coue.fr\/wp-content\/uploads\/2019\/10\/Partenariat-2019-2020-transports-coue-site-internet-2048x777.jpg<\/span>\n\t\t\t\t\t\t<span itemprop='height'>777<\/span>\n\t\t\t\t\t\t<span itemprop='width'>2048<\/span>\n\t\t\t\t<\/span>\n\t\t\t\t<span class='av-structured-data'  itemprop=\"publisher\" itemtype=\"https:\/\/schema.org\/Organization\" itemscope=\"itemscope\" >\n\t\t\t\t\t\t<span itemprop='name'>Transports Cou\u00e9<\/span>\n\t\t\t\t\t\t<span itemprop='logo' itemscope itemtype='https:\/\/schema.org\/ImageObject'>\n\t\t\t\t\t\t\t<span itemprop='url'>https:\/\/www.transports-coue.fr\/wp-content\/uploads\/2018\/10\/Logo-transports-coue-300x119.png<\/span>\n\t\t\t\t\t\t<\/span>\n\t\t\t\t<\/span><span class='av-structured-data'  itemprop=\"author\" itemscope=\"itemscope\" itemtype=\"https:\/\/schema.org\/Person\" ><span itemprop='name'>Transports Cou\u00e9<\/span><\/span><span class='av-structured-data'  itemprop=\"datePublished\" datetime=\"2018-10-04T10:16:12+02:00\" >2019-10-28 08:43:00<\/span><span class='av-structured-data'  itemprop=\"dateModified\" itemtype=\"https:\/\/schema.org\/dateModified\" >2021-03-31 10:46:50<\/span><span class='av-structured-data'  itemprop=\"mainEntityOfPage\" itemtype=\"https:\/\/schema.org\/mainEntityOfPage\" ><span itemprop='name'>Transports Cou\u00e9 partenaire officiel de l&rsquo;Etoile Lavalloise Mayenne Futsal Club<\/span><\/span><\/span><\/article><\/div><div class=\"slide-entry-wrap\"><article class='slide-entry flex_column  post-entry post-entry-2325 slide-entry-overview slide-loop-25 slide-parity-odd  av_one_third first real-thumbnail posttype-post post-format-standard'  itemscope=\"itemscope\" itemtype=\"https:\/\/schema.org\/CreativeWork\" ><a href='https:\/\/www.transports-coue.fr\/fr\/transports-coue-mettent-une-remorque-podium-a-disposition-de-la-ronde-mayennaise-2019\/' data-rel='slide-3' class='slide-image' title='Transports Cou\u00e9 mettent une remorque podium \u00e0 disposition de \u00ab\u00a0La Ronde Mayennaise\u00a0\u00bb 2019'><img decoding=\"async\" fetchpriority=\"high\" width=\"845\" height=\"321\" src=\"https:\/\/www.transports-coue.fr\/wp-content\/uploads\/2019\/09\/transports-coue-a-la-ronde-mayennaise-laval-09-2019.jpg\" class=\"wp-image-2323 avia-img-lazy-loading-not-2323 attachment-no scaling size-no scaling wp-post-image\" alt=\"Transport Cou\u00e9 participent \u00e0 la course cycliste La Ronde Mayennaise 2019\" srcset=\"https:\/\/www.transports-coue.fr\/wp-content\/uploads\/2019\/09\/transports-coue-a-la-ronde-mayennaise-laval-09-2019.jpg 845w, https:\/\/www.transports-coue.fr\/wp-content\/uploads\/2019\/09\/transports-coue-a-la-ronde-mayennaise-laval-09-2019-80x30.jpg 80w, https:\/\/www.transports-coue.fr\/wp-content\/uploads\/2019\/09\/transports-coue-a-la-ronde-mayennaise-laval-09-2019-300x114.jpg 300w, https:\/\/www.transports-coue.fr\/wp-content\/uploads\/2019\/09\/transports-coue-a-la-ronde-mayennaise-laval-09-2019-768x292.jpg 768w, https:\/\/www.transports-coue.fr\/wp-content\/uploads\/2019\/09\/transports-coue-a-la-ronde-mayennaise-laval-09-2019-705x268.jpg 705w, https:\/\/www.transports-coue.fr\/wp-content\/uploads\/2019\/09\/transports-coue-a-la-ronde-mayennaise-laval-09-2019-450x171.jpg 450w\" sizes=\"(max-width: 845px) 100vw, 845px\" \/><\/a><div class=\"slide-content\"><header class=\"entry-content-header\" aria-label=\"Slide: Transports Cou\u00e9 mettent une remorque podium \u00e0 disposition de &quot;La Ronde Mayennaise&quot; 2019\"><h3 class='slide-entry-title entry-title '  itemprop=\"headline\" ><a href='https:\/\/www.transports-coue.fr\/fr\/transports-coue-mettent-une-remorque-podium-a-disposition-de-la-ronde-mayennaise-2019\/' title='Transports Cou\u00e9 mettent une remorque podium \u00e0 disposition de \u00ab\u00a0La Ronde Mayennaise\u00a0\u00bb 2019'>Transports Cou\u00e9 mettent une remorque podium \u00e0 disposition de \u00ab\u00a0La Ronde Mayennaise\u00a0\u00bb 2019<\/a><\/h3><span class=\"blog-categories minor-meta\"><a href=\"https:\/\/www.transports-coue.fr\/fr\/category\/actualites\/\" rel=\"tag\">Actualit\u00e9s<\/a>, <a href=\"https:\/\/www.transports-coue.fr\/fr\/category\/actualites\/partenariats\/\" rel=\"tag\">Partenariats<\/a> <\/span><span class=\"av-vertical-delimiter\"><\/span><\/header><div class='slide-entry-excerpt entry-content'  itemprop=\"text\" >\n\n\n\n\nA nouveau cette ann\u00e9e, nous sommes partenaires de la course cycliste \"La Ronde Mayennaise\" (Elite Nationale) en mettant \u00e0 disposition une remorque podium. Cette belle comp\u00e9tition d'amateurs et de professionnels a lieu dimanche 15 septembre\u2026<div class=\"read-more-link\"><a href=\"https:\/\/www.transports-coue.fr\/fr\/transports-coue-mettent-une-remorque-podium-a-disposition-de-la-ronde-mayennaise-2019\/\" class=\"more-link\">Lire la suite<span class='more-link-arrow avia-svg-icon avia-font-svg_entypo-fontello' data-av_svg_icon='right-open-big' data-av_iconset='svg_entypo-fontello'><svg version=\"1.1\" xmlns=\"http:\/\/www.w3.org\/2000\/svg\" width=\"15\" height=\"32\" viewBox=\"0 0 15 32\" preserveAspectRatio=\"xMidYMid meet\" role=\"graphics-symbol\" aria-hidden=\"true\">\n<path d=\"M0.416 27.84l11.456-11.84-11.456-11.904q-0.832-0.832 0-1.536 0.832-0.832 1.536 0l12.544 12.608q0.768 0.832 0 1.6l-12.544 12.608q-0.704 0.832-1.536 0-0.832-0.704 0-1.536z\"><\/path>\n<\/svg><\/span><\/a><\/div><\/div><\/div><footer class=\"entry-footer\"><div class=\"slide-meta\"><time class='slide-meta-time updated'  itemprop=\"datePublished\" datetime=\"2019-09-09T17:39:06+02:00\" >9 septembre 2019<\/time><\/div><\/footer><span class='hidden'>\n\t\t\t\t<span class='av-structured-data'  itemprop=\"image\" itemscope=\"itemscope\" itemtype=\"https:\/\/schema.org\/ImageObject\" >\n\t\t\t\t\t\t<span itemprop='url'>https:\/\/www.transports-coue.fr\/wp-content\/uploads\/2019\/09\/transports-coue-a-la-ronde-mayennaise-laval-09-2019.jpg<\/span>\n\t\t\t\t\t\t<span itemprop='height'>321<\/span>\n\t\t\t\t\t\t<span itemprop='width'>845<\/span>\n\t\t\t\t<\/span>\n\t\t\t\t<span class='av-structured-data'  itemprop=\"publisher\" itemtype=\"https:\/\/schema.org\/Organization\" itemscope=\"itemscope\" >\n\t\t\t\t\t\t<span itemprop='name'>Transports Cou\u00e9<\/span>\n\t\t\t\t\t\t<span itemprop='logo' itemscope itemtype='https:\/\/schema.org\/ImageObject'>\n\t\t\t\t\t\t\t<span itemprop='url'>https:\/\/www.transports-coue.fr\/wp-content\/uploads\/2018\/10\/Logo-transports-coue-300x119.png<\/span>\n\t\t\t\t\t\t<\/span>\n\t\t\t\t<\/span><span class='av-structured-data'  itemprop=\"author\" itemscope=\"itemscope\" itemtype=\"https:\/\/schema.org\/Person\" ><span itemprop='name'>Transports Cou\u00e9<\/span><\/span><span class='av-structured-data'  itemprop=\"datePublished\" datetime=\"2018-10-04T10:16:12+02:00\" >2019-09-09 17:39:06<\/span><span class='av-structured-data'  itemprop=\"dateModified\" itemtype=\"https:\/\/schema.org\/dateModified\" >2021-05-21 17:13:10<\/span><span class='av-structured-data'  itemprop=\"mainEntityOfPage\" itemtype=\"https:\/\/schema.org\/mainEntityOfPage\" ><span itemprop='name'>Transports Cou\u00e9 mettent une remorque podium \u00e0 disposition de \u00ab\u00a0La Ronde Mayennaise\u00a0\u00bb 2019<\/span><\/span><\/span><\/article><article class='slide-entry flex_column  post-entry post-entry-2135 slide-entry-overview slide-loop-26 slide-parity-even  av_one_third  real-thumbnail posttype-post post-format-standard'  itemscope=\"itemscope\" itemtype=\"https:\/\/schema.org\/CreativeWork\" ><a href='https:\/\/www.transports-coue.fr\/fr\/transports-coue-au-prologue-des-boucles-de-la-mayenne-2019\/' data-rel='slide-3' class='slide-image' title='Transports Cou\u00e9 au prologue des Boucles de la Mayenne 2019'><img decoding=\"async\" fetchpriority=\"high\" width=\"1690\" height=\"642\" src=\"https:\/\/www.transports-coue.fr\/wp-content\/uploads\/2019\/06\/transports-coue-participe-boucles-de-la-mayenne-2019-voiture-aux-couleurs-coue-thierry-moto-officielle-1690x642-v2.jpg\" class=\"wp-image-2142 avia-img-lazy-loading-not-2142 attachment-no scaling size-no scaling wp-post-image\" alt=\"Transports Cou\u00e9 sponsor aux Boucles de la Mayenne 2019\" srcset=\"https:\/\/www.transports-coue.fr\/wp-content\/uploads\/2019\/06\/transports-coue-participe-boucles-de-la-mayenne-2019-voiture-aux-couleurs-coue-thierry-moto-officielle-1690x642-v2.jpg 1690w, https:\/\/www.transports-coue.fr\/wp-content\/uploads\/2019\/06\/transports-coue-participe-boucles-de-la-mayenne-2019-voiture-aux-couleurs-coue-thierry-moto-officielle-1690x642-v2-80x30.jpg 80w, https:\/\/www.transports-coue.fr\/wp-content\/uploads\/2019\/06\/transports-coue-participe-boucles-de-la-mayenne-2019-voiture-aux-couleurs-coue-thierry-moto-officielle-1690x642-v2-300x114.jpg 300w, https:\/\/www.transports-coue.fr\/wp-content\/uploads\/2019\/06\/transports-coue-participe-boucles-de-la-mayenne-2019-voiture-aux-couleurs-coue-thierry-moto-officielle-1690x642-v2-768x292.jpg 768w, https:\/\/www.transports-coue.fr\/wp-content\/uploads\/2019\/06\/transports-coue-participe-boucles-de-la-mayenne-2019-voiture-aux-couleurs-coue-thierry-moto-officielle-1690x642-v2-1030x391.jpg 1030w, https:\/\/www.transports-coue.fr\/wp-content\/uploads\/2019\/06\/transports-coue-participe-boucles-de-la-mayenne-2019-voiture-aux-couleurs-coue-thierry-moto-officielle-1690x642-v2-1500x570.jpg 1500w, https:\/\/www.transports-coue.fr\/wp-content\/uploads\/2019\/06\/transports-coue-participe-boucles-de-la-mayenne-2019-voiture-aux-couleurs-coue-thierry-moto-officielle-1690x642-v2-705x268.jpg 705w, https:\/\/www.transports-coue.fr\/wp-content\/uploads\/2019\/06\/transports-coue-participe-boucles-de-la-mayenne-2019-voiture-aux-couleurs-coue-thierry-moto-officielle-1690x642-v2-845x321.jpg 845w, https:\/\/www.transports-coue.fr\/wp-content\/uploads\/2019\/06\/transports-coue-participe-boucles-de-la-mayenne-2019-voiture-aux-couleurs-coue-thierry-moto-officielle-1690x642-v2-450x171.jpg 450w\" sizes=\"(max-width: 1690px) 100vw, 1690px\" \/><\/a><div class=\"slide-content\"><header class=\"entry-content-header\" aria-label=\"Slide: Transports Cou\u00e9 au prologue des Boucles de la Mayenne 2019\"><h3 class='slide-entry-title entry-title '  itemprop=\"headline\" ><a href='https:\/\/www.transports-coue.fr\/fr\/transports-coue-au-prologue-des-boucles-de-la-mayenne-2019\/' title='Transports Cou\u00e9 au prologue des Boucles de la Mayenne 2019'>Transports Cou\u00e9 au prologue des Boucles de la Mayenne 2019<\/a><\/h3><span class=\"blog-categories minor-meta\"><a href=\"https:\/\/www.transports-coue.fr\/fr\/category\/actualites\/\" rel=\"tag\">Actualit\u00e9s<\/a>, <a href=\"https:\/\/www.transports-coue.fr\/fr\/category\/actualites\/partenariats\/\" rel=\"tag\">Partenariats<\/a> <\/span><span class=\"av-vertical-delimiter\"><\/span><\/header><div class='slide-entry-excerpt entry-content'  itemprop=\"text\" >1\u00e8re \u00e9tape : le prologue\nThierry, notre affr\u00e9teur, fait partie des motards officiels des Boucles de La Mayenne. Au d\u00e9part de la course cycliste, la voiture des invit\u00e9s aux couleurs des Transports Cou\u00e9 ! Toute notre \u00e9quipe souhaite bonne\u2026<div class=\"read-more-link\"><a href=\"https:\/\/www.transports-coue.fr\/fr\/transports-coue-au-prologue-des-boucles-de-la-mayenne-2019\/\" class=\"more-link\">Lire la suite<span class='more-link-arrow avia-svg-icon avia-font-svg_entypo-fontello' data-av_svg_icon='right-open-big' data-av_iconset='svg_entypo-fontello'><svg version=\"1.1\" xmlns=\"http:\/\/www.w3.org\/2000\/svg\" width=\"15\" height=\"32\" viewBox=\"0 0 15 32\" preserveAspectRatio=\"xMidYMid meet\" role=\"graphics-symbol\" aria-hidden=\"true\">\n<path d=\"M0.416 27.84l11.456-11.84-11.456-11.904q-0.832-0.832 0-1.536 0.832-0.832 1.536 0l12.544 12.608q0.768 0.832 0 1.6l-12.544 12.608q-0.704 0.832-1.536 0-0.832-0.704 0-1.536z\"><\/path>\n<\/svg><\/span><\/a><\/div><\/div><\/div><footer class=\"entry-footer\"><div class=\"slide-meta\"><time class='slide-meta-time updated'  itemprop=\"datePublished\" datetime=\"2019-06-07T18:40:59+02:00\" >7 juin 2019<\/time><\/div><\/footer><span class='hidden'>\n\t\t\t\t<span class='av-structured-data'  itemprop=\"image\" itemscope=\"itemscope\" itemtype=\"https:\/\/schema.org\/ImageObject\" >\n\t\t\t\t\t\t<span itemprop='url'>https:\/\/www.transports-coue.fr\/wp-content\/uploads\/2019\/06\/transports-coue-participe-boucles-de-la-mayenne-2019-voiture-aux-couleurs-coue-thierry-moto-officielle-1690x642-v2.jpg<\/span>\n\t\t\t\t\t\t<span itemprop='height'>642<\/span>\n\t\t\t\t\t\t<span itemprop='width'>1690<\/span>\n\t\t\t\t<\/span>\n\t\t\t\t<span class='av-structured-data'  itemprop=\"publisher\" itemtype=\"https:\/\/schema.org\/Organization\" itemscope=\"itemscope\" >\n\t\t\t\t\t\t<span itemprop='name'>Transports Cou\u00e9<\/span>\n\t\t\t\t\t\t<span itemprop='logo' itemscope itemtype='https:\/\/schema.org\/ImageObject'>\n\t\t\t\t\t\t\t<span itemprop='url'>https:\/\/www.transports-coue.fr\/wp-content\/uploads\/2018\/10\/Logo-transports-coue-300x119.png<\/span>\n\t\t\t\t\t\t<\/span>\n\t\t\t\t<\/span><span class='av-structured-data'  itemprop=\"author\" itemscope=\"itemscope\" itemtype=\"https:\/\/schema.org\/Person\" ><span itemprop='name'>Transports Cou\u00e9<\/span><\/span><span class='av-structured-data'  itemprop=\"datePublished\" datetime=\"2018-10-04T10:16:12+02:00\" >2019-06-07 18:40:59<\/span><span class='av-structured-data'  itemprop=\"dateModified\" itemtype=\"https:\/\/schema.org\/dateModified\" >2021-05-24 12:24:30<\/span><span class='av-structured-data'  itemprop=\"mainEntityOfPage\" itemtype=\"https:\/\/schema.org\/mainEntityOfPage\" ><span itemprop='name'>Transports Cou\u00e9 au prologue des Boucles de la Mayenne 2019<\/span><\/span><\/span><\/article><article class='slide-entry flex_column  post-entry post-entry-2120 slide-entry-overview slide-loop-27 slide-parity-odd  av_one_third  real-thumbnail posttype-post post-format-standard'  itemscope=\"itemscope\" itemtype=\"https:\/\/schema.org\/CreativeWork\" ><a href='https:\/\/www.transports-coue.fr\/fr\/transports-coue-au-festival-les-3-elephants-2019\/' data-rel='slide-3' class='slide-image' title='Transports Cou\u00e9 au festival les 3 El\u00e9phants 2019'><img decoding=\"async\" fetchpriority=\"high\" width=\"845\" height=\"321\" src=\"https:\/\/www.transports-coue.fr\/wp-content\/uploads\/2019\/05\/transports-coue-les-3-elephants-845x321.jpg\" class=\"wp-image-2119 avia-img-lazy-loading-not-2119 attachment-no scaling size-no scaling wp-post-image\" alt=\"Transports Cou\u00e9 partenaires du festival les 3 \u00e9l\u00e9phants 2019\" srcset=\"https:\/\/www.transports-coue.fr\/wp-content\/uploads\/2019\/05\/transports-coue-les-3-elephants-845x321.jpg 845w, https:\/\/www.transports-coue.fr\/wp-content\/uploads\/2019\/05\/transports-coue-les-3-elephants-845x321-80x30.jpg 80w, https:\/\/www.transports-coue.fr\/wp-content\/uploads\/2019\/05\/transports-coue-les-3-elephants-845x321-300x114.jpg 300w, https:\/\/www.transports-coue.fr\/wp-content\/uploads\/2019\/05\/transports-coue-les-3-elephants-845x321-768x292.jpg 768w, https:\/\/www.transports-coue.fr\/wp-content\/uploads\/2019\/05\/transports-coue-les-3-elephants-845x321-705x268.jpg 705w, https:\/\/www.transports-coue.fr\/wp-content\/uploads\/2019\/05\/transports-coue-les-3-elephants-845x321-450x171.jpg 450w\" sizes=\"(max-width: 845px) 100vw, 845px\" \/><\/a><div class=\"slide-content\"><header class=\"entry-content-header\" aria-label=\"Slide: Transports Cou\u00e9 au festival les 3 El\u00e9phants 2019\"><h3 class='slide-entry-title entry-title '  itemprop=\"headline\" ><a href='https:\/\/www.transports-coue.fr\/fr\/transports-coue-au-festival-les-3-elephants-2019\/' title='Transports Cou\u00e9 au festival les 3 El\u00e9phants 2019'>Transports Cou\u00e9 au festival les 3 El\u00e9phants 2019<\/a><\/h3><span class=\"blog-categories minor-meta\"><a href=\"https:\/\/www.transports-coue.fr\/fr\/category\/actualites\/\" rel=\"tag\">Actualit\u00e9s<\/a>, <a href=\"https:\/\/www.transports-coue.fr\/fr\/category\/actualites\/partenariats\/\" rel=\"tag\">Partenariats<\/a> <\/span><span class=\"av-vertical-delimiter\"><\/span><\/header><div class='slide-entry-excerpt entry-content'  itemprop=\"text\" >Comme l'ann\u00e9e derni\u00e8re, nous sommes partenaires du festival Les 3 El\u00e9phants du 22 au 26 mai 2019 \u00e0 Laval (53, Mayenne). Nous mettons \u00e0 disposition une semi-remorque frigo : vos boissons seront bien fra\u00eeches !\n\nTous nos participations sur\u2026<div class=\"read-more-link\"><a href=\"https:\/\/www.transports-coue.fr\/fr\/transports-coue-au-festival-les-3-elephants-2019\/\" class=\"more-link\">Lire la suite<span class='more-link-arrow avia-svg-icon avia-font-svg_entypo-fontello' data-av_svg_icon='right-open-big' data-av_iconset='svg_entypo-fontello'><svg version=\"1.1\" xmlns=\"http:\/\/www.w3.org\/2000\/svg\" width=\"15\" height=\"32\" viewBox=\"0 0 15 32\" preserveAspectRatio=\"xMidYMid meet\" role=\"graphics-symbol\" aria-hidden=\"true\">\n<path d=\"M0.416 27.84l11.456-11.84-11.456-11.904q-0.832-0.832 0-1.536 0.832-0.832 1.536 0l12.544 12.608q0.768 0.832 0 1.6l-12.544 12.608q-0.704 0.832-1.536 0-0.832-0.704 0-1.536z\"><\/path>\n<\/svg><\/span><\/a><\/div><\/div><\/div><footer class=\"entry-footer\"><div class=\"slide-meta\"><time class='slide-meta-time updated'  itemprop=\"datePublished\" datetime=\"2019-05-22T10:26:58+02:00\" >22 mai 2019<\/time><\/div><\/footer><span class='hidden'>\n\t\t\t\t<span class='av-structured-data'  itemprop=\"image\" itemscope=\"itemscope\" itemtype=\"https:\/\/schema.org\/ImageObject\" >\n\t\t\t\t\t\t<span itemprop='url'>https:\/\/www.transports-coue.fr\/wp-content\/uploads\/2019\/05\/transports-coue-les-3-elephants-845x321.jpg<\/span>\n\t\t\t\t\t\t<span itemprop='height'>321<\/span>\n\t\t\t\t\t\t<span itemprop='width'>845<\/span>\n\t\t\t\t<\/span>\n\t\t\t\t<span class='av-structured-data'  itemprop=\"publisher\" itemtype=\"https:\/\/schema.org\/Organization\" itemscope=\"itemscope\" >\n\t\t\t\t\t\t<span itemprop='name'>Transports Cou\u00e9<\/span>\n\t\t\t\t\t\t<span itemprop='logo' itemscope itemtype='https:\/\/schema.org\/ImageObject'>\n\t\t\t\t\t\t\t<span itemprop='url'>https:\/\/www.transports-coue.fr\/wp-content\/uploads\/2018\/10\/Logo-transports-coue-300x119.png<\/span>\n\t\t\t\t\t\t<\/span>\n\t\t\t\t<\/span><span class='av-structured-data'  itemprop=\"author\" itemscope=\"itemscope\" itemtype=\"https:\/\/schema.org\/Person\" ><span itemprop='name'>Transports Cou\u00e9<\/span><\/span><span class='av-structured-data'  itemprop=\"datePublished\" datetime=\"2018-10-04T10:16:12+02:00\" >2019-05-22 10:26:58<\/span><span class='av-structured-data'  itemprop=\"dateModified\" itemtype=\"https:\/\/schema.org\/dateModified\" >2021-05-24 12:25:23<\/span><span class='av-structured-data'  itemprop=\"mainEntityOfPage\" itemtype=\"https:\/\/schema.org\/mainEntityOfPage\" ><span itemprop='name'>Transports Cou\u00e9 au festival les 3 El\u00e9phants 2019<\/span><\/span><\/span><\/article><\/div><div class=\"slide-entry-wrap\"><article class='slide-entry flex_column  post-entry post-entry-2114 slide-entry-overview slide-loop-28 slide-parity-odd  av_one_third first real-thumbnail posttype-post post-format-standard'  itemscope=\"itemscope\" itemtype=\"https:\/\/schema.org\/CreativeWork\" ><a href='https:\/\/www.transports-coue.fr\/fr\/transports-coue-aux-boucles-de-la-mayenne-2019\/' data-rel='slide-3' class='slide-image' title='Transports Cou\u00e9 aux Boucles de la Mayenne 2019'><img decoding=\"async\" fetchpriority=\"high\" width=\"845\" height=\"321\" src=\"https:\/\/www.transports-coue.fr\/wp-content\/uploads\/2019\/05\/transports-coue-participe-boucles-de-la-mayenne-2019-845x321.jpg\" class=\"wp-image-2112 avia-img-lazy-loading-not-2112 attachment-no scaling size-no scaling wp-post-image\" alt=\"Transports Cou\u00e9 sponsor aux Boucles de la Mayenne 2019\" srcset=\"https:\/\/www.transports-coue.fr\/wp-content\/uploads\/2019\/05\/transports-coue-participe-boucles-de-la-mayenne-2019-845x321.jpg 845w, https:\/\/www.transports-coue.fr\/wp-content\/uploads\/2019\/05\/transports-coue-participe-boucles-de-la-mayenne-2019-845x321-80x30.jpg 80w, https:\/\/www.transports-coue.fr\/wp-content\/uploads\/2019\/05\/transports-coue-participe-boucles-de-la-mayenne-2019-845x321-300x114.jpg 300w, https:\/\/www.transports-coue.fr\/wp-content\/uploads\/2019\/05\/transports-coue-participe-boucles-de-la-mayenne-2019-845x321-768x292.jpg 768w, https:\/\/www.transports-coue.fr\/wp-content\/uploads\/2019\/05\/transports-coue-participe-boucles-de-la-mayenne-2019-845x321-705x268.jpg 705w, https:\/\/www.transports-coue.fr\/wp-content\/uploads\/2019\/05\/transports-coue-participe-boucles-de-la-mayenne-2019-845x321-450x171.jpg 450w\" sizes=\"(max-width: 845px) 100vw, 845px\" \/><\/a><div class=\"slide-content\"><header class=\"entry-content-header\" aria-label=\"Slide: Transports Cou\u00e9 aux Boucles de la Mayenne 2019\"><h3 class='slide-entry-title entry-title '  itemprop=\"headline\" ><a href='https:\/\/www.transports-coue.fr\/fr\/transports-coue-aux-boucles-de-la-mayenne-2019\/' title='Transports Cou\u00e9 aux Boucles de la Mayenne 2019'>Transports Cou\u00e9 aux Boucles de la Mayenne 2019<\/a><\/h3><span class=\"blog-categories minor-meta\"><a href=\"https:\/\/www.transports-coue.fr\/fr\/category\/actualites\/\" rel=\"tag\">Actualit\u00e9s<\/a>, <a href=\"https:\/\/www.transports-coue.fr\/fr\/category\/actualites\/partenariats\/\" rel=\"tag\">Partenariats<\/a> <\/span><span class=\"av-vertical-delimiter\"><\/span><\/header><div class='slide-entry-excerpt entry-content'  itemprop=\"text\" >Nous serons de nouveau pr\u00e9sents cette ann\u00e9e comme sponsor aux Boucles de la Mayenne avec notre dor\u00e9navant c\u00e9l\u00e8bre ballon. L'\u00e9dition 2019 sera une nouvelle fois diffus\u00e9e sur la Cha\u00eene L'Equipe !\n\nhttps:\/\/www.bouclesdelamayenne.fr\/les\u2026<div class=\"read-more-link\"><a href=\"https:\/\/www.transports-coue.fr\/fr\/transports-coue-aux-boucles-de-la-mayenne-2019\/\" class=\"more-link\">Lire la suite<span class='more-link-arrow avia-svg-icon avia-font-svg_entypo-fontello' data-av_svg_icon='right-open-big' data-av_iconset='svg_entypo-fontello'><svg version=\"1.1\" xmlns=\"http:\/\/www.w3.org\/2000\/svg\" width=\"15\" height=\"32\" viewBox=\"0 0 15 32\" preserveAspectRatio=\"xMidYMid meet\" role=\"graphics-symbol\" aria-hidden=\"true\">\n<path d=\"M0.416 27.84l11.456-11.84-11.456-11.904q-0.832-0.832 0-1.536 0.832-0.832 1.536 0l12.544 12.608q0.768 0.832 0 1.6l-12.544 12.608q-0.704 0.832-1.536 0-0.832-0.704 0-1.536z\"><\/path>\n<\/svg><\/span><\/a><\/div><\/div><\/div><footer class=\"entry-footer\"><div class=\"slide-meta\"><time class='slide-meta-time updated'  itemprop=\"datePublished\" datetime=\"2019-05-17T11:42:49+02:00\" >17 mai 2019<\/time><\/div><\/footer><span class='hidden'>\n\t\t\t\t<span class='av-structured-data'  itemprop=\"image\" itemscope=\"itemscope\" itemtype=\"https:\/\/schema.org\/ImageObject\" >\n\t\t\t\t\t\t<span itemprop='url'>https:\/\/www.transports-coue.fr\/wp-content\/uploads\/2019\/05\/transports-coue-participe-boucles-de-la-mayenne-2019-845x321.jpg<\/span>\n\t\t\t\t\t\t<span itemprop='height'>321<\/span>\n\t\t\t\t\t\t<span itemprop='width'>845<\/span>\n\t\t\t\t<\/span>\n\t\t\t\t<span class='av-structured-data'  itemprop=\"publisher\" itemtype=\"https:\/\/schema.org\/Organization\" itemscope=\"itemscope\" >\n\t\t\t\t\t\t<span itemprop='name'>Transports Cou\u00e9<\/span>\n\t\t\t\t\t\t<span itemprop='logo' itemscope itemtype='https:\/\/schema.org\/ImageObject'>\n\t\t\t\t\t\t\t<span itemprop='url'>https:\/\/www.transports-coue.fr\/wp-content\/uploads\/2018\/10\/Logo-transports-coue-300x119.png<\/span>\n\t\t\t\t\t\t<\/span>\n\t\t\t\t<\/span><span class='av-structured-data'  itemprop=\"author\" itemscope=\"itemscope\" itemtype=\"https:\/\/schema.org\/Person\" ><span itemprop='name'>Transports Cou\u00e9<\/span><\/span><span class='av-structured-data'  itemprop=\"datePublished\" datetime=\"2018-10-04T10:16:12+02:00\" >2019-05-17 11:42:49<\/span><span class='av-structured-data'  itemprop=\"dateModified\" itemtype=\"https:\/\/schema.org\/dateModified\" >2021-05-24 12:26:30<\/span><span class='av-structured-data'  itemprop=\"mainEntityOfPage\" itemtype=\"https:\/\/schema.org\/mainEntityOfPage\" ><span itemprop='name'>Transports Cou\u00e9 aux Boucles de la Mayenne 2019<\/span><\/span><\/span><\/article><article class='slide-entry flex_column  post-entry post-entry-2088 slide-entry-overview slide-loop-29 slide-parity-even  av_one_third  real-thumbnail posttype-post post-format-standard'  itemscope=\"itemscope\" itemtype=\"https:\/\/schema.org\/CreativeWork\" ><a href='https:\/\/www.transports-coue.fr\/fr\/nos-participants-au-challenge-les-6h-de-vtt-de-lernee\/' data-rel='slide-3' class='slide-image' title='Nos participants au challenge \u00ab\u00a0les 6h de VTT\u00a0\u00bb de l&rsquo;Ern\u00e9e'><img decoding=\"async\" fetchpriority=\"high\" width=\"845\" height=\"321\" src=\"https:\/\/www.transports-coue.fr\/wp-content\/uploads\/2019\/05\/equipe-transports-coue-vtt-ernee-2019-845x321-v2.jpg\" class=\"wp-image-2092 avia-img-lazy-loading-not-2092 attachment-no scaling size-no scaling wp-post-image\" alt=\"L&#039;\u00e9quipe Transports Cou\u00e9 au 6h de VTT de l&#039;Ern\u00e9e 53 le 01 mai 2019\" srcset=\"https:\/\/www.transports-coue.fr\/wp-content\/uploads\/2019\/05\/equipe-transports-coue-vtt-ernee-2019-845x321-v2.jpg 845w, https:\/\/www.transports-coue.fr\/wp-content\/uploads\/2019\/05\/equipe-transports-coue-vtt-ernee-2019-845x321-v2-80x30.jpg 80w, https:\/\/www.transports-coue.fr\/wp-content\/uploads\/2019\/05\/equipe-transports-coue-vtt-ernee-2019-845x321-v2-300x114.jpg 300w, https:\/\/www.transports-coue.fr\/wp-content\/uploads\/2019\/05\/equipe-transports-coue-vtt-ernee-2019-845x321-v2-768x292.jpg 768w, https:\/\/www.transports-coue.fr\/wp-content\/uploads\/2019\/05\/equipe-transports-coue-vtt-ernee-2019-845x321-v2-705x268.jpg 705w, https:\/\/www.transports-coue.fr\/wp-content\/uploads\/2019\/05\/equipe-transports-coue-vtt-ernee-2019-845x321-v2-450x171.jpg 450w\" sizes=\"(max-width: 845px) 100vw, 845px\" \/><\/a><div class=\"slide-content\"><header class=\"entry-content-header\" aria-label=\"Slide: Nos participants au challenge &quot;les 6h de VTT&quot; de l&#039;Ern\u00e9e\"><h3 class='slide-entry-title entry-title '  itemprop=\"headline\" ><a href='https:\/\/www.transports-coue.fr\/fr\/nos-participants-au-challenge-les-6h-de-vtt-de-lernee\/' title='Nos participants au challenge \u00ab\u00a0les 6h de VTT\u00a0\u00bb de l&rsquo;Ern\u00e9e'>Nos participants au challenge \u00ab\u00a0les 6h de VTT\u00a0\u00bb de l&rsquo;Ern\u00e9e<\/a><\/h3><span class=\"blog-categories minor-meta\"><a href=\"https:\/\/www.transports-coue.fr\/fr\/category\/actualites\/\" rel=\"tag\">Actualit\u00e9s<\/a>, <a href=\"https:\/\/www.transports-coue.fr\/fr\/category\/actualites\/partenariats\/\" rel=\"tag\">Partenariats<\/a> <\/span><span class=\"av-vertical-delimiter\"><\/span><\/header><div class='slide-entry-excerpt entry-content'  itemprop=\"text\" >Bravo \u00e0 nos 3 courageux comp\u00e9titeurs qui ont particip\u00e9 au challenge \"les 6h de VTT\" de l'Ern\u00e9e le 1er mai 2019 !\n\nSuivez nos participations sur notre site internet : https:\/\/www.transports-coue.fr\/fr\/actualites\/<div class=\"read-more-link\"><a href=\"https:\/\/www.transports-coue.fr\/fr\/nos-participants-au-challenge-les-6h-de-vtt-de-lernee\/\" class=\"more-link\">Lire la suite<span class='more-link-arrow avia-svg-icon avia-font-svg_entypo-fontello' data-av_svg_icon='right-open-big' data-av_iconset='svg_entypo-fontello'><svg version=\"1.1\" xmlns=\"http:\/\/www.w3.org\/2000\/svg\" width=\"15\" height=\"32\" viewBox=\"0 0 15 32\" preserveAspectRatio=\"xMidYMid meet\" role=\"graphics-symbol\" aria-hidden=\"true\">\n<path d=\"M0.416 27.84l11.456-11.84-11.456-11.904q-0.832-0.832 0-1.536 0.832-0.832 1.536 0l12.544 12.608q0.768 0.832 0 1.6l-12.544 12.608q-0.704 0.832-1.536 0-0.832-0.704 0-1.536z\"><\/path>\n<\/svg><\/span><\/a><\/div><\/div><\/div><footer class=\"entry-footer\"><div class=\"slide-meta\"><time class='slide-meta-time updated'  itemprop=\"datePublished\" datetime=\"2019-05-13T08:54:49+02:00\" >13 mai 2019<\/time><\/div><\/footer><span class='hidden'>\n\t\t\t\t<span class='av-structured-data'  itemprop=\"image\" itemscope=\"itemscope\" itemtype=\"https:\/\/schema.org\/ImageObject\" >\n\t\t\t\t\t\t<span itemprop='url'>https:\/\/www.transports-coue.fr\/wp-content\/uploads\/2019\/05\/equipe-transports-coue-vtt-ernee-2019-845x321-v2.jpg<\/span>\n\t\t\t\t\t\t<span itemprop='height'>321<\/span>\n\t\t\t\t\t\t<span itemprop='width'>845<\/span>\n\t\t\t\t<\/span>\n\t\t\t\t<span class='av-structured-data'  itemprop=\"publisher\" itemtype=\"https:\/\/schema.org\/Organization\" itemscope=\"itemscope\" >\n\t\t\t\t\t\t<span itemprop='name'>Transports Cou\u00e9<\/span>\n\t\t\t\t\t\t<span itemprop='logo' itemscope itemtype='https:\/\/schema.org\/ImageObject'>\n\t\t\t\t\t\t\t<span itemprop='url'>https:\/\/www.transports-coue.fr\/wp-content\/uploads\/2018\/10\/Logo-transports-coue-300x119.png<\/span>\n\t\t\t\t\t\t<\/span>\n\t\t\t\t<\/span><span class='av-structured-data'  itemprop=\"author\" itemscope=\"itemscope\" itemtype=\"https:\/\/schema.org\/Person\" ><span itemprop='name'>Transports Cou\u00e9<\/span><\/span><span class='av-structured-data'  itemprop=\"datePublished\" datetime=\"2018-10-04T10:16:12+02:00\" >2019-05-13 08:54:49<\/span><span class='av-structured-data'  itemprop=\"dateModified\" itemtype=\"https:\/\/schema.org\/dateModified\" >2021-05-24 12:30:33<\/span><span class='av-structured-data'  itemprop=\"mainEntityOfPage\" itemtype=\"https:\/\/schema.org\/mainEntityOfPage\" ><span itemprop='name'>Nos participants au challenge \u00ab\u00a0les 6h de VTT\u00a0\u00bb de l&rsquo;Ern\u00e9e<\/span><\/span><\/span><\/article><article class='slide-entry flex_column  post-entry post-entry-2033 slide-entry-overview slide-loop-30 slide-parity-odd  av_one_third  real-thumbnail posttype-post post-format-standard'  itemscope=\"itemscope\" itemtype=\"https:\/\/schema.org\/CreativeWork\" ><a href='https:\/\/www.transports-coue.fr\/fr\/une-equipe-transports-coue-aux-6h-de-vtt-a-ernee-53\/' data-rel='slide-3' class='slide-image' title='Une \u00e9quipe Transports Cou\u00e9 aux 6h de VTT \u00e0 Ern\u00e9e (53)'><img decoding=\"async\" fetchpriority=\"high\" width=\"845\" height=\"321\" src=\"https:\/\/www.transports-coue.fr\/wp-content\/uploads\/2019\/04\/participation-transports-coue-moto-club-ernee-6h-vtt-mai-2019-845x321.jpg\" class=\"wp-image-2031 avia-img-lazy-loading-not-2031 attachment-no scaling size-no scaling wp-post-image\" alt=\"Une \u00e9quipe Transports Cou\u00e9 au 6h de VTT \u00e0 Ern\u00e9e 53 le 01 mai 2019\" srcset=\"https:\/\/www.transports-coue.fr\/wp-content\/uploads\/2019\/04\/participation-transports-coue-moto-club-ernee-6h-vtt-mai-2019-845x321.jpg 845w, https:\/\/www.transports-coue.fr\/wp-content\/uploads\/2019\/04\/participation-transports-coue-moto-club-ernee-6h-vtt-mai-2019-845x321-80x30.jpg 80w, https:\/\/www.transports-coue.fr\/wp-content\/uploads\/2019\/04\/participation-transports-coue-moto-club-ernee-6h-vtt-mai-2019-845x321-300x114.jpg 300w, https:\/\/www.transports-coue.fr\/wp-content\/uploads\/2019\/04\/participation-transports-coue-moto-club-ernee-6h-vtt-mai-2019-845x321-768x292.jpg 768w, https:\/\/www.transports-coue.fr\/wp-content\/uploads\/2019\/04\/participation-transports-coue-moto-club-ernee-6h-vtt-mai-2019-845x321-705x268.jpg 705w, https:\/\/www.transports-coue.fr\/wp-content\/uploads\/2019\/04\/participation-transports-coue-moto-club-ernee-6h-vtt-mai-2019-845x321-450x171.jpg 450w\" sizes=\"(max-width: 845px) 100vw, 845px\" \/><\/a><div class=\"slide-content\"><header class=\"entry-content-header\" aria-label=\"Slide: Une \u00e9quipe Transports Cou\u00e9 aux 6h de VTT \u00e0 Ern\u00e9e (53)\"><h3 class='slide-entry-title entry-title '  itemprop=\"headline\" ><a href='https:\/\/www.transports-coue.fr\/fr\/une-equipe-transports-coue-aux-6h-de-vtt-a-ernee-53\/' title='Une \u00e9quipe Transports Cou\u00e9 aux 6h de VTT \u00e0 Ern\u00e9e (53)'>Une \u00e9quipe Transports Cou\u00e9 aux 6h de VTT \u00e0 Ern\u00e9e (53)<\/a><\/h3><span class=\"blog-categories minor-meta\"><a href=\"https:\/\/www.transports-coue.fr\/fr\/category\/actualites\/\" rel=\"tag\">Actualit\u00e9s<\/a>, <a href=\"https:\/\/www.transports-coue.fr\/fr\/category\/actualites\/partenariats\/\" rel=\"tag\">Partenariats<\/a> <\/span><span class=\"av-vertical-delimiter\"><\/span><\/header><div class='slide-entry-excerpt entry-content'  itemprop=\"text\" >Le 1er mai 2019 \u00e0 Ern\u00e9e (53, Mayenne), nous supporterons notre \u00e9quipe au challenge sportif : 6 heures de VTT dans l'enceinte du Circuit Raymond Demy organis\u00e9 par Moto Club Ern\u00e9e&nbsp;!\n\n&nbsp;\n\n&nbsp;\n\n&nbsp;\n\n&nbsp;\n\n&nbsp;<div class=\"read-more-link\"><a href=\"https:\/\/www.transports-coue.fr\/fr\/une-equipe-transports-coue-aux-6h-de-vtt-a-ernee-53\/\" class=\"more-link\">Lire la suite<span class='more-link-arrow avia-svg-icon avia-font-svg_entypo-fontello' data-av_svg_icon='right-open-big' data-av_iconset='svg_entypo-fontello'><svg version=\"1.1\" xmlns=\"http:\/\/www.w3.org\/2000\/svg\" width=\"15\" height=\"32\" viewBox=\"0 0 15 32\" preserveAspectRatio=\"xMidYMid meet\" role=\"graphics-symbol\" aria-hidden=\"true\">\n<path d=\"M0.416 27.84l11.456-11.84-11.456-11.904q-0.832-0.832 0-1.536 0.832-0.832 1.536 0l12.544 12.608q0.768 0.832 0 1.6l-12.544 12.608q-0.704 0.832-1.536 0-0.832-0.704 0-1.536z\"><\/path>\n<\/svg><\/span><\/a><\/div><\/div><\/div><footer class=\"entry-footer\"><div class=\"slide-meta\"><time class='slide-meta-time updated'  itemprop=\"datePublished\" datetime=\"2019-04-24T17:59:13+02:00\" >24 avril 2019<\/time><\/div><\/footer><span class='hidden'>\n\t\t\t\t<span class='av-structured-data'  itemprop=\"image\" itemscope=\"itemscope\" itemtype=\"https:\/\/schema.org\/ImageObject\" >\n\t\t\t\t\t\t<span itemprop='url'>https:\/\/www.transports-coue.fr\/wp-content\/uploads\/2019\/04\/participation-transports-coue-moto-club-ernee-6h-vtt-mai-2019-845x321.jpg<\/span>\n\t\t\t\t\t\t<span itemprop='height'>321<\/span>\n\t\t\t\t\t\t<span itemprop='width'>845<\/span>\n\t\t\t\t<\/span>\n\t\t\t\t<span class='av-structured-data'  itemprop=\"publisher\" itemtype=\"https:\/\/schema.org\/Organization\" itemscope=\"itemscope\" >\n\t\t\t\t\t\t<span itemprop='name'>Transports Cou\u00e9<\/span>\n\t\t\t\t\t\t<span itemprop='logo' itemscope itemtype='https:\/\/schema.org\/ImageObject'>\n\t\t\t\t\t\t\t<span itemprop='url'>https:\/\/www.transports-coue.fr\/wp-content\/uploads\/2018\/10\/Logo-transports-coue-300x119.png<\/span>\n\t\t\t\t\t\t<\/span>\n\t\t\t\t<\/span><span class='av-structured-data'  itemprop=\"author\" itemscope=\"itemscope\" itemtype=\"https:\/\/schema.org\/Person\" ><span itemprop='name'>Transports Cou\u00e9<\/span><\/span><span class='av-structured-data'  itemprop=\"datePublished\" datetime=\"2018-10-04T10:16:12+02:00\" >2019-04-24 17:59:13<\/span><span class='av-structured-data'  itemprop=\"dateModified\" itemtype=\"https:\/\/schema.org\/dateModified\" >2021-03-31 11:09:43<\/span><span class='av-structured-data'  itemprop=\"mainEntityOfPage\" itemtype=\"https:\/\/schema.org\/mainEntityOfPage\" ><span itemprop='name'>Une \u00e9quipe Transports Cou\u00e9 aux 6h de VTT \u00e0 Ern\u00e9e (53)<\/span><\/span><\/span><\/article><\/div><div class=\"slide-entry-wrap\"><article class='slide-entry flex_column  post-entry post-entry-1791 slide-entry-overview slide-loop-31 slide-parity-odd  av_one_third first real-thumbnail posttype-post post-format-standard'  itemscope=\"itemscope\" itemtype=\"https:\/\/schema.org\/CreativeWork\" ><a href='https:\/\/www.transports-coue.fr\/fr\/transports-coue-sponsorisent-linitiative-des-may-aides\/' data-rel='slide-3' class='slide-image' title='Transports Cou\u00e9 sponsorisent l&rsquo;initiative des May-Aides'><img decoding=\"async\" fetchpriority=\"high\" width=\"2000\" height=\"810\" src=\"https:\/\/www.transports-coue.fr\/wp-content\/uploads\/2019\/03\/transports-coue-sponsorisent-les-may-aides-2000x810.jpg\" class=\"wp-image-1787 avia-img-lazy-loading-not-1787 attachment-no scaling size-no scaling wp-post-image\" alt=\"Les Transports Cou\u00e9 sponsorinsent les May-aides\" srcset=\"https:\/\/www.transports-coue.fr\/wp-content\/uploads\/2019\/03\/transports-coue-sponsorisent-les-may-aides-2000x810.jpg 2000w, https:\/\/www.transports-coue.fr\/wp-content\/uploads\/2019\/03\/transports-coue-sponsorisent-les-may-aides-2000x810-80x32.jpg 80w, https:\/\/www.transports-coue.fr\/wp-content\/uploads\/2019\/03\/transports-coue-sponsorisent-les-may-aides-2000x810-300x122.jpg 300w, https:\/\/www.transports-coue.fr\/wp-content\/uploads\/2019\/03\/transports-coue-sponsorisent-les-may-aides-2000x810-768x311.jpg 768w, https:\/\/www.transports-coue.fr\/wp-content\/uploads\/2019\/03\/transports-coue-sponsorisent-les-may-aides-2000x810-1030x417.jpg 1030w, https:\/\/www.transports-coue.fr\/wp-content\/uploads\/2019\/03\/transports-coue-sponsorisent-les-may-aides-2000x810-1500x608.jpg 1500w, https:\/\/www.transports-coue.fr\/wp-content\/uploads\/2019\/03\/transports-coue-sponsorisent-les-may-aides-2000x810-705x286.jpg 705w, https:\/\/www.transports-coue.fr\/wp-content\/uploads\/2019\/03\/transports-coue-sponsorisent-les-may-aides-2000x810-450x182.jpg 450w\" sizes=\"(max-width: 2000px) 100vw, 2000px\" \/><\/a><div class=\"slide-content\"><header class=\"entry-content-header\" aria-label=\"Slide: Transports Cou\u00e9 sponsorisent l&#039;initiative des May-Aides\"><h3 class='slide-entry-title entry-title '  itemprop=\"headline\" ><a href='https:\/\/www.transports-coue.fr\/fr\/transports-coue-sponsorisent-linitiative-des-may-aides\/' title='Transports Cou\u00e9 sponsorisent l&rsquo;initiative des May-Aides'>Transports Cou\u00e9 sponsorisent l&rsquo;initiative des May-Aides<\/a><\/h3><span class=\"blog-categories minor-meta\"><a href=\"https:\/\/www.transports-coue.fr\/fr\/category\/actualites\/\" rel=\"tag\">Actualit\u00e9s<\/a>, <a href=\"https:\/\/www.transports-coue.fr\/fr\/category\/actualites\/partenariats\/\" rel=\"tag\">Partenariats<\/a> <\/span><span class=\"av-vertical-delimiter\"><\/span><\/header><div class='slide-entry-excerpt entry-content'  itemprop=\"text\" >Nous sponsorisons cette belle initiative : Les May Aides. Le but de cette association est de r\u00e9colter des fonds pour pouvoir soutenir l'association Femmes Solidaires qui m\u00e8ne des actions pour l'\u00e9galit\u00e9 et le droit des femmes.\n\nAinsi du 22\u2026<div class=\"read-more-link\"><a href=\"https:\/\/www.transports-coue.fr\/fr\/transports-coue-sponsorisent-linitiative-des-may-aides\/\" class=\"more-link\">Lire la suite<span class='more-link-arrow avia-svg-icon avia-font-svg_entypo-fontello' data-av_svg_icon='right-open-big' data-av_iconset='svg_entypo-fontello'><svg version=\"1.1\" xmlns=\"http:\/\/www.w3.org\/2000\/svg\" width=\"15\" height=\"32\" viewBox=\"0 0 15 32\" preserveAspectRatio=\"xMidYMid meet\" role=\"graphics-symbol\" aria-hidden=\"true\">\n<path d=\"M0.416 27.84l11.456-11.84-11.456-11.904q-0.832-0.832 0-1.536 0.832-0.832 1.536 0l12.544 12.608q0.768 0.832 0 1.6l-12.544 12.608q-0.704 0.832-1.536 0-0.832-0.704 0-1.536z\"><\/path>\n<\/svg><\/span><\/a><\/div><\/div><\/div><footer class=\"entry-footer\"><div class=\"slide-meta\"><time class='slide-meta-time updated'  itemprop=\"datePublished\" datetime=\"2019-03-20T12:05:32+01:00\" >20 mars 2019<\/time><\/div><\/footer><span class='hidden'>\n\t\t\t\t<span class='av-structured-data'  itemprop=\"image\" itemscope=\"itemscope\" itemtype=\"https:\/\/schema.org\/ImageObject\" >\n\t\t\t\t\t\t<span itemprop='url'>https:\/\/www.transports-coue.fr\/wp-content\/uploads\/2019\/03\/transports-coue-sponsorisent-les-may-aides-2000x810.jpg<\/span>\n\t\t\t\t\t\t<span itemprop='height'>810<\/span>\n\t\t\t\t\t\t<span itemprop='width'>2000<\/span>\n\t\t\t\t<\/span>\n\t\t\t\t<span class='av-structured-data'  itemprop=\"publisher\" itemtype=\"https:\/\/schema.org\/Organization\" itemscope=\"itemscope\" >\n\t\t\t\t\t\t<span itemprop='name'>Transports Cou\u00e9<\/span>\n\t\t\t\t\t\t<span itemprop='logo' itemscope itemtype='https:\/\/schema.org\/ImageObject'>\n\t\t\t\t\t\t\t<span itemprop='url'>https:\/\/www.transports-coue.fr\/wp-content\/uploads\/2018\/10\/Logo-transports-coue-300x119.png<\/span>\n\t\t\t\t\t\t<\/span>\n\t\t\t\t<\/span><span class='av-structured-data'  itemprop=\"author\" itemscope=\"itemscope\" itemtype=\"https:\/\/schema.org\/Person\" ><span itemprop='name'>Transports Cou\u00e9<\/span><\/span><span class='av-structured-data'  itemprop=\"datePublished\" datetime=\"2018-10-04T10:16:12+02:00\" >2019-03-20 12:05:32<\/span><span class='av-structured-data'  itemprop=\"dateModified\" itemtype=\"https:\/\/schema.org\/dateModified\" >2021-03-31 11:37:23<\/span><span class='av-structured-data'  itemprop=\"mainEntityOfPage\" itemtype=\"https:\/\/schema.org\/mainEntityOfPage\" ><span itemprop='name'>Transports Cou\u00e9 sponsorisent l&rsquo;initiative des May-Aides<\/span><\/span><\/span><\/article><article class='slide-entry flex_column  post-entry post-entry-276 slide-entry-overview slide-loop-32 slide-parity-even  av_one_third  real-thumbnail posttype-post post-format-standard'  itemscope=\"itemscope\" itemtype=\"https:\/\/schema.org\/CreativeWork\" ><a href='https:\/\/www.transports-coue.fr\/fr\/les-transports-coue-participent-aux-festivals-de-lete\/' data-rel='slide-3' class='slide-image' title='Les Transports Cou\u00e9 participent aux festivals de l&rsquo;\u00e9t\u00e9'><img decoding=\"async\" fetchpriority=\"high\" width=\"245\" height=\"245\" src=\"https:\/\/www.transports-coue.fr\/wp-content\/uploads\/2019\/03\/Vieilles-Charrues-e1551971469939.png\" class=\"wp-image-1086 avia-img-lazy-loading-not-1086 attachment-no scaling size-no scaling wp-post-image\" alt=\"Logo les Vieilles Charrues\" \/><\/a><div class=\"slide-content\"><header class=\"entry-content-header\" aria-label=\"Slide: Les Transports Cou\u00e9 participent aux festivals de l&#039;\u00e9t\u00e9\"><h3 class='slide-entry-title entry-title '  itemprop=\"headline\" ><a href='https:\/\/www.transports-coue.fr\/fr\/les-transports-coue-participent-aux-festivals-de-lete\/' title='Les Transports Cou\u00e9 participent aux festivals de l&rsquo;\u00e9t\u00e9'>Les Transports Cou\u00e9 participent aux festivals de l&rsquo;\u00e9t\u00e9<\/a><\/h3><span class=\"blog-categories minor-meta\"><a href=\"https:\/\/www.transports-coue.fr\/fr\/category\/actualites\/\" rel=\"tag\">Actualit\u00e9s<\/a>, <a href=\"https:\/\/www.transports-coue.fr\/fr\/category\/actualites\/partenariats\/\" rel=\"tag\">Partenariats<\/a> <\/span><span class=\"av-vertical-delimiter\"><\/span><\/header><div class='slide-entry-excerpt entry-content'  itemprop=\"text\" >Les Transports Cou\u00e9 participent \u00e0 la bonne organisation des festivals qui se d\u00e9roulent cet \u00e9t\u00e9 :\n\nnous assurons ainsi le transport des mat\u00e9riels de son du festival Hellfest (44 Clisson) vers les Eurock\u00e9ennes (90 Belfort) et nous approvisionnons\u2026<div class=\"read-more-link\"><a href=\"https:\/\/www.transports-coue.fr\/fr\/les-transports-coue-participent-aux-festivals-de-lete\/\" class=\"more-link\">Lire la suite<span class='more-link-arrow avia-svg-icon avia-font-svg_entypo-fontello' data-av_svg_icon='right-open-big' data-av_iconset='svg_entypo-fontello'><svg version=\"1.1\" xmlns=\"http:\/\/www.w3.org\/2000\/svg\" width=\"15\" height=\"32\" viewBox=\"0 0 15 32\" preserveAspectRatio=\"xMidYMid meet\" role=\"graphics-symbol\" aria-hidden=\"true\">\n<path d=\"M0.416 27.84l11.456-11.84-11.456-11.904q-0.832-0.832 0-1.536 0.832-0.832 1.536 0l12.544 12.608q0.768 0.832 0 1.6l-12.544 12.608q-0.704 0.832-1.536 0-0.832-0.704 0-1.536z\"><\/path>\n<\/svg><\/span><\/a><\/div><\/div><\/div><footer class=\"entry-footer\"><div class=\"slide-meta\"><time class='slide-meta-time updated'  itemprop=\"datePublished\" datetime=\"2018-07-23T14:12:09+02:00\" >23 juillet 2018<\/time><div class=\"slide-meta-del\">\/<\/div><div class=\"slide-meta-comments\"><a href='https:\/\/www.transports-coue.fr\/fr\/les-transports-coue-participent-aux-festivals-de-lete\/#respond'>0 Commentaires<\/a><\/div><\/div><\/footer><span class='hidden'>\n\t\t\t\t<span class='av-structured-data'  itemprop=\"image\" itemscope=\"itemscope\" itemtype=\"https:\/\/schema.org\/ImageObject\" >\n\t\t\t\t\t\t<span itemprop='url'>https:\/\/www.transports-coue.fr\/wp-content\/uploads\/2019\/03\/Vieilles-Charrues-e1551971469939.png<\/span>\n\t\t\t\t\t\t<span itemprop='height'>245<\/span>\n\t\t\t\t\t\t<span itemprop='width'>245<\/span>\n\t\t\t\t<\/span>\n\t\t\t\t<span class='av-structured-data'  itemprop=\"publisher\" itemtype=\"https:\/\/schema.org\/Organization\" itemscope=\"itemscope\" >\n\t\t\t\t\t\t<span itemprop='name'>wp_admin<\/span>\n\t\t\t\t\t\t<span itemprop='logo' itemscope itemtype='https:\/\/schema.org\/ImageObject'>\n\t\t\t\t\t\t\t<span itemprop='url'>https:\/\/www.transports-coue.fr\/wp-content\/uploads\/2018\/10\/Logo-transports-coue-300x119.png<\/span>\n\t\t\t\t\t\t<\/span>\n\t\t\t\t<\/span><span class='av-structured-data'  itemprop=\"author\" itemscope=\"itemscope\" itemtype=\"https:\/\/schema.org\/Person\" ><span itemprop='name'>wp_admin<\/span><\/span><span class='av-structured-data'  itemprop=\"datePublished\" datetime=\"2018-10-04T10:16:12+02:00\" >2018-07-23 14:12:09<\/span><span class='av-structured-data'  itemprop=\"dateModified\" itemtype=\"https:\/\/schema.org\/dateModified\" >2021-05-24 12:37:49<\/span><span class='av-structured-data'  itemprop=\"mainEntityOfPage\" itemtype=\"https:\/\/schema.org\/mainEntityOfPage\" ><span itemprop='name'>Les Transports Cou\u00e9 participent aux festivals de l&rsquo;\u00e9t\u00e9<\/span><\/span><\/span><\/article><article class='slide-entry flex_column  post-entry post-entry-271 slide-entry-overview slide-loop-33 slide-parity-odd  av_one_third  real-thumbnail posttype-post post-format-standard'  itemscope=\"itemscope\" itemtype=\"https:\/\/schema.org\/CreativeWork\" ><a href='https:\/\/www.transports-coue.fr\/fr\/les-transports-coue-stockent-les-goodies-destines-au-tour-de-france\/' data-rel='slide-3' class='slide-image' title='Les Transports Cou\u00e9 stockent les goodies destin\u00e9s au Tour de France'><img decoding=\"async\" fetchpriority=\"high\" width=\"845\" height=\"321\" src=\"https:\/\/www.transports-coue.fr\/wp-content\/uploads\/2019\/03\/logo-le-tour-de-france-845x321-1.jpg\" class=\"wp-image-2008 avia-img-lazy-loading-not-2008 attachment-no scaling size-no scaling wp-post-image\" alt=\"Logo Le Tour de France\" srcset=\"https:\/\/www.transports-coue.fr\/wp-content\/uploads\/2019\/03\/logo-le-tour-de-france-845x321-1.jpg 845w, https:\/\/www.transports-coue.fr\/wp-content\/uploads\/2019\/03\/logo-le-tour-de-france-845x321-1-80x30.jpg 80w, https:\/\/www.transports-coue.fr\/wp-content\/uploads\/2019\/03\/logo-le-tour-de-france-845x321-1-300x114.jpg 300w, https:\/\/www.transports-coue.fr\/wp-content\/uploads\/2019\/03\/logo-le-tour-de-france-845x321-1-768x292.jpg 768w, https:\/\/www.transports-coue.fr\/wp-content\/uploads\/2019\/03\/logo-le-tour-de-france-845x321-1-705x268.jpg 705w, https:\/\/www.transports-coue.fr\/wp-content\/uploads\/2019\/03\/logo-le-tour-de-france-845x321-1-450x171.jpg 450w\" sizes=\"(max-width: 845px) 100vw, 845px\" \/><\/a><div class=\"slide-content\"><header class=\"entry-content-header\" aria-label=\"Slide: Les Transports Cou\u00e9 stockent les goodies destin\u00e9s au Tour de France\"><h3 class='slide-entry-title entry-title '  itemprop=\"headline\" ><a href='https:\/\/www.transports-coue.fr\/fr\/les-transports-coue-stockent-les-goodies-destines-au-tour-de-france\/' title='Les Transports Cou\u00e9 stockent les goodies destin\u00e9s au Tour de France'>Les Transports Cou\u00e9 stockent les goodies destin\u00e9s au Tour de France<\/a><\/h3><span class=\"blog-categories minor-meta\"><a href=\"https:\/\/www.transports-coue.fr\/fr\/category\/actualites\/\" rel=\"tag\">Actualit\u00e9s<\/a>, <a href=\"https:\/\/www.transports-coue.fr\/fr\/category\/actualites\/partenariats\/\" rel=\"tag\">Partenariats<\/a> <\/span><span class=\"av-vertical-delimiter\"><\/span><\/header><div class='slide-entry-excerpt entry-content'  itemprop=\"text\" >Les Transports Cou\u00e9 participent au Tour de France\u00a0en stockant 48 palettes de goodies destin\u00e9s aux prochaines \u00e9tapes du Tour de France.\u00a0\n\nDes palettes d'\u00e9chantillons de bonbons, lessives, colles, sacs... \u00e0 destination de vous public toujours\u2026<div class=\"read-more-link\"><a href=\"https:\/\/www.transports-coue.fr\/fr\/les-transports-coue-stockent-les-goodies-destines-au-tour-de-france\/\" class=\"more-link\">Lire la suite<span class='more-link-arrow avia-svg-icon avia-font-svg_entypo-fontello' data-av_svg_icon='right-open-big' data-av_iconset='svg_entypo-fontello'><svg version=\"1.1\" xmlns=\"http:\/\/www.w3.org\/2000\/svg\" width=\"15\" height=\"32\" viewBox=\"0 0 15 32\" preserveAspectRatio=\"xMidYMid meet\" role=\"graphics-symbol\" aria-hidden=\"true\">\n<path d=\"M0.416 27.84l11.456-11.84-11.456-11.904q-0.832-0.832 0-1.536 0.832-0.832 1.536 0l12.544 12.608q0.768 0.832 0 1.6l-12.544 12.608q-0.704 0.832-1.536 0-0.832-0.704 0-1.536z\"><\/path>\n<\/svg><\/span><\/a><\/div><\/div><\/div><footer class=\"entry-footer\"><div class=\"slide-meta\"><time class='slide-meta-time updated'  itemprop=\"datePublished\" datetime=\"2018-07-07T14:10:59+02:00\" >7 juillet 2018<\/time><div class=\"slide-meta-del\">\/<\/div><div class=\"slide-meta-comments\"><a href='https:\/\/www.transports-coue.fr\/fr\/les-transports-coue-stockent-les-goodies-destines-au-tour-de-france\/#respond'>0 Commentaires<\/a><\/div><\/div><\/footer><span class='hidden'>\n\t\t\t\t<span class='av-structured-data'  itemprop=\"image\" itemscope=\"itemscope\" itemtype=\"https:\/\/schema.org\/ImageObject\" >\n\t\t\t\t\t\t<span itemprop='url'>https:\/\/www.transports-coue.fr\/wp-content\/uploads\/2019\/03\/logo-le-tour-de-france-845x321-1.jpg<\/span>\n\t\t\t\t\t\t<span itemprop='height'>321<\/span>\n\t\t\t\t\t\t<span itemprop='width'>845<\/span>\n\t\t\t\t<\/span>\n\t\t\t\t<span class='av-structured-data'  itemprop=\"publisher\" itemtype=\"https:\/\/schema.org\/Organization\" itemscope=\"itemscope\" >\n\t\t\t\t\t\t<span itemprop='name'>wp_admin<\/span>\n\t\t\t\t\t\t<span itemprop='logo' itemscope itemtype='https:\/\/schema.org\/ImageObject'>\n\t\t\t\t\t\t\t<span itemprop='url'>https:\/\/www.transports-coue.fr\/wp-content\/uploads\/2018\/10\/Logo-transports-coue-300x119.png<\/span>\n\t\t\t\t\t\t<\/span>\n\t\t\t\t<\/span><span class='av-structured-data'  itemprop=\"author\" itemscope=\"itemscope\" itemtype=\"https:\/\/schema.org\/Person\" ><span itemprop='name'>wp_admin<\/span><\/span><span class='av-structured-data'  itemprop=\"datePublished\" datetime=\"2018-10-04T10:16:12+02:00\" >2018-07-07 14:10:59<\/span><span class='av-structured-data'  itemprop=\"dateModified\" itemtype=\"https:\/\/schema.org\/dateModified\" >2021-05-24 12:39:03<\/span><span class='av-structured-data'  itemprop=\"mainEntityOfPage\" itemtype=\"https:\/\/schema.org\/mainEntityOfPage\" ><span itemprop='name'>Les Transports Cou\u00e9 stockent les goodies destin\u00e9s au Tour de France<\/span><\/span><\/span><\/article><\/div><div class=\"slide-entry-wrap\"><article class='slide-entry flex_column  post-entry post-entry-265 slide-entry-overview slide-loop-34 slide-parity-odd  av_one_third first real-thumbnail posttype-post post-format-standard'  itemscope=\"itemscope\" itemtype=\"https:\/\/schema.org\/CreativeWork\" ><a href='https:\/\/www.transports-coue.fr\/fr\/les-transports-coue-partenaires-des-boucles-de-la-mayenne-du-31-mai-au-03-juin-2018\/' data-rel='slide-3' class='slide-image' title='Les Transports Cou\u00e9 partenaires des Boucles de la Mayenne du 31 mai au 03 juin 2018'><img decoding=\"async\" fetchpriority=\"high\" width=\"245\" height=\"247\" src=\"https:\/\/www.transports-coue.fr\/wp-content\/uploads\/2018\/10\/Unknown-2-4-e1551972783802.png\" class=\"wp-image-267 avia-img-lazy-loading-not-267 attachment-no scaling size-no scaling wp-post-image\" alt=\"Logo Les Boucles de la Mayenne\" \/><\/a><div class=\"slide-content\"><header class=\"entry-content-header\" aria-label=\"Slide: Les Transports Cou\u00e9 partenaires des Boucles de la Mayenne du 31 mai au 03 juin 2018\"><h3 class='slide-entry-title entry-title '  itemprop=\"headline\" ><a href='https:\/\/www.transports-coue.fr\/fr\/les-transports-coue-partenaires-des-boucles-de-la-mayenne-du-31-mai-au-03-juin-2018\/' title='Les Transports Cou\u00e9 partenaires des Boucles de la Mayenne du 31 mai au 03 juin 2018'>Les Transports Cou\u00e9 partenaires des Boucles de la Mayenne du 31 mai au 03 juin 2018<\/a><\/h3><span class=\"blog-categories minor-meta\"><a href=\"https:\/\/www.transports-coue.fr\/fr\/category\/actualites\/\" rel=\"tag\">Actualit\u00e9s<\/a>, <a href=\"https:\/\/www.transports-coue.fr\/fr\/category\/actualites\/partenariats\/\" rel=\"tag\">Partenariats<\/a> <\/span><span class=\"av-vertical-delimiter\"><\/span><\/header><div class='slide-entry-excerpt entry-content'  itemprop=\"text\" >Nous avons particip\u00e9 \u00e0 la course cycliste les \"Boucles de la Mayenne\", \u00e9v\u00e9nement d'envergure nationale retransmis sur l'Equipe 21.\n\nhttps:\/\/www.lequipe.fr\/Cyclisme-sur-route\/Actualites\/Nacer-bouhanni-se-sent-presque-au-top\/907307\n\n  <div class=\"read-more-link\"><a href=\"https:\/\/www.transports-coue.fr\/fr\/les-transports-coue-partenaires-des-boucles-de-la-mayenne-du-31-mai-au-03-juin-2018\/\" class=\"more-link\">Lire la suite<span class='more-link-arrow avia-svg-icon avia-font-svg_entypo-fontello' data-av_svg_icon='right-open-big' data-av_iconset='svg_entypo-fontello'><svg version=\"1.1\" xmlns=\"http:\/\/www.w3.org\/2000\/svg\" width=\"15\" height=\"32\" viewBox=\"0 0 15 32\" preserveAspectRatio=\"xMidYMid meet\" role=\"graphics-symbol\" aria-hidden=\"true\">\n<path d=\"M0.416 27.84l11.456-11.84-11.456-11.904q-0.832-0.832 0-1.536 0.832-0.832 1.536 0l12.544 12.608q0.768 0.832 0 1.6l-12.544 12.608q-0.704 0.832-1.536 0-0.832-0.704 0-1.536z\"><\/path>\n<\/svg><\/span><\/a><\/div><\/div><\/div><footer class=\"entry-footer\"><div class=\"slide-meta\"><time class='slide-meta-time updated'  itemprop=\"datePublished\" datetime=\"2018-06-11T13:51:11+02:00\" >11 juin 2018<\/time><div class=\"slide-meta-del\">\/<\/div><div class=\"slide-meta-comments\"><a href='https:\/\/www.transports-coue.fr\/fr\/les-transports-coue-partenaires-des-boucles-de-la-mayenne-du-31-mai-au-03-juin-2018\/#respond'>0 Commentaires<\/a><\/div><\/div><\/footer><span class='hidden'>\n\t\t\t\t<span class='av-structured-data'  itemprop=\"image\" itemscope=\"itemscope\" itemtype=\"https:\/\/schema.org\/ImageObject\" >\n\t\t\t\t\t\t<span itemprop='url'>https:\/\/www.transports-coue.fr\/wp-content\/uploads\/2018\/10\/Unknown-2-4-e1551972783802.png<\/span>\n\t\t\t\t\t\t<span itemprop='height'>247<\/span>\n\t\t\t\t\t\t<span itemprop='width'>245<\/span>\n\t\t\t\t<\/span>\n\t\t\t\t<span class='av-structured-data'  itemprop=\"publisher\" itemtype=\"https:\/\/schema.org\/Organization\" itemscope=\"itemscope\" >\n\t\t\t\t\t\t<span itemprop='name'>wp_admin<\/span>\n\t\t\t\t\t\t<span itemprop='logo' itemscope itemtype='https:\/\/schema.org\/ImageObject'>\n\t\t\t\t\t\t\t<span itemprop='url'>https:\/\/www.transports-coue.fr\/wp-content\/uploads\/2018\/10\/Logo-transports-coue-300x119.png<\/span>\n\t\t\t\t\t\t<\/span>\n\t\t\t\t<\/span><span class='av-structured-data'  itemprop=\"author\" itemscope=\"itemscope\" itemtype=\"https:\/\/schema.org\/Person\" ><span itemprop='name'>wp_admin<\/span><\/span><span class='av-structured-data'  itemprop=\"datePublished\" datetime=\"2018-10-04T10:16:12+02:00\" >2018-06-11 13:51:11<\/span><span class='av-structured-data'  itemprop=\"dateModified\" itemtype=\"https:\/\/schema.org\/dateModified\" >2021-05-24 12:39:36<\/span><span class='av-structured-data'  itemprop=\"mainEntityOfPage\" itemtype=\"https:\/\/schema.org\/mainEntityOfPage\" ><span itemprop='name'>Les Transports Cou\u00e9 partenaires des Boucles de la Mayenne du 31 mai au 03 juin 2018<\/span><\/span><\/span><\/article><article class='slide-entry flex_column  post-entry post-entry-261 slide-entry-overview slide-loop-35 slide-parity-even  av_one_third  real-thumbnail posttype-post post-format-standard'  itemscope=\"itemscope\" itemtype=\"https:\/\/schema.org\/CreativeWork\" ><a href='https:\/\/www.transports-coue.fr\/fr\/du-25-au-27-mai-2018-les-transports-coue-seront-presents-au-festival-les-3-elephants-a-laval\/' data-rel='slide-3' class='slide-image' title='Du 25 au 27 mai 2018, les Transports Cou\u00e9 seront pr\u00e9sents au festival Les 3 El\u00e9phants \u00e0 Laval'><img decoding=\"async\" fetchpriority=\"high\" width=\"302\" height=\"167\" src=\"https:\/\/www.transports-coue.fr\/wp-content\/uploads\/2018\/10\/Unknown-8.png\" class=\"wp-image-262 avia-img-lazy-loading-not-262 attachment-no scaling size-no scaling wp-post-image\" alt=\"\" srcset=\"https:\/\/www.transports-coue.fr\/wp-content\/uploads\/2018\/10\/Unknown-8.png 302w, https:\/\/www.transports-coue.fr\/wp-content\/uploads\/2018\/10\/Unknown-8-300x166.png 300w\" sizes=\"(max-width: 302px) 100vw, 302px\" \/><\/a><div class=\"slide-content\"><header class=\"entry-content-header\" aria-label=\"Slide: Du 25 au 27 mai 2018, les Transports Cou\u00e9 seront pr\u00e9sents au festival Les 3 El\u00e9phants \u00e0 Laval\"><h3 class='slide-entry-title entry-title '  itemprop=\"headline\" ><a href='https:\/\/www.transports-coue.fr\/fr\/du-25-au-27-mai-2018-les-transports-coue-seront-presents-au-festival-les-3-elephants-a-laval\/' title='Du 25 au 27 mai 2018, les Transports Cou\u00e9 seront pr\u00e9sents au festival Les 3 El\u00e9phants \u00e0 Laval'>Du 25 au 27 mai 2018, les Transports Cou\u00e9 seront pr\u00e9sents au festival Les 3 El\u00e9phants \u00e0 Laval<\/a><\/h3><span class=\"blog-categories minor-meta\"><a href=\"https:\/\/www.transports-coue.fr\/fr\/category\/actualites\/\" rel=\"tag\">Actualit\u00e9s<\/a>, <a href=\"https:\/\/www.transports-coue.fr\/fr\/category\/actualites\/partenariats\/\" rel=\"tag\">Partenariats<\/a> <\/span><span class=\"av-vertical-delimiter\"><\/span><\/header><div class='slide-entry-excerpt entry-content'  itemprop=\"text\" >Les Transports Cou\u00e9 mettent \u00e0 disposition du festival Les 3 Elephants, \u00e0 Laval, une semi-remorque frigo : les boissons servies seront bien fra\u00eeches !\n\n<div class=\"read-more-link\"><a href=\"https:\/\/www.transports-coue.fr\/fr\/du-25-au-27-mai-2018-les-transports-coue-seront-presents-au-festival-les-3-elephants-a-laval\/\" class=\"more-link\">Lire la suite<span class='more-link-arrow avia-svg-icon avia-font-svg_entypo-fontello' data-av_svg_icon='right-open-big' data-av_iconset='svg_entypo-fontello'><svg version=\"1.1\" xmlns=\"http:\/\/www.w3.org\/2000\/svg\" width=\"15\" height=\"32\" viewBox=\"0 0 15 32\" preserveAspectRatio=\"xMidYMid meet\" role=\"graphics-symbol\" aria-hidden=\"true\">\n<path d=\"M0.416 27.84l11.456-11.84-11.456-11.904q-0.832-0.832 0-1.536 0.832-0.832 1.536 0l12.544 12.608q0.768 0.832 0 1.6l-12.544 12.608q-0.704 0.832-1.536 0-0.832-0.704 0-1.536z\"><\/path>\n<\/svg><\/span><\/a><\/div><\/div><\/div><footer class=\"entry-footer\"><div class=\"slide-meta\"><time class='slide-meta-time updated'  itemprop=\"datePublished\" datetime=\"2018-05-25T13:43:58+02:00\" >25 mai 2018<\/time><div class=\"slide-meta-del\">\/<\/div><div class=\"slide-meta-comments\"><a href='https:\/\/www.transports-coue.fr\/fr\/du-25-au-27-mai-2018-les-transports-coue-seront-presents-au-festival-les-3-elephants-a-laval\/#respond'>0 Commentaires<\/a><\/div><\/div><\/footer><span class='hidden'>\n\t\t\t\t<span class='av-structured-data'  itemprop=\"image\" itemscope=\"itemscope\" itemtype=\"https:\/\/schema.org\/ImageObject\" >\n\t\t\t\t\t\t<span itemprop='url'>https:\/\/www.transports-coue.fr\/wp-content\/uploads\/2018\/10\/Unknown-8.png<\/span>\n\t\t\t\t\t\t<span itemprop='height'>167<\/span>\n\t\t\t\t\t\t<span itemprop='width'>302<\/span>\n\t\t\t\t<\/span>\n\t\t\t\t<span class='av-structured-data'  itemprop=\"publisher\" itemtype=\"https:\/\/schema.org\/Organization\" itemscope=\"itemscope\" >\n\t\t\t\t\t\t<span itemprop='name'>wp_admin<\/span>\n\t\t\t\t\t\t<span itemprop='logo' itemscope itemtype='https:\/\/schema.org\/ImageObject'>\n\t\t\t\t\t\t\t<span itemprop='url'>https:\/\/www.transports-coue.fr\/wp-content\/uploads\/2018\/10\/Logo-transports-coue-300x119.png<\/span>\n\t\t\t\t\t\t<\/span>\n\t\t\t\t<\/span><span class='av-structured-data'  itemprop=\"author\" itemscope=\"itemscope\" itemtype=\"https:\/\/schema.org\/Person\" ><span itemprop='name'>wp_admin<\/span><\/span><span class='av-structured-data'  itemprop=\"datePublished\" datetime=\"2018-10-04T10:16:12+02:00\" >2018-05-25 13:43:58<\/span><span class='av-structured-data'  itemprop=\"dateModified\" itemtype=\"https:\/\/schema.org\/dateModified\" >2021-05-24 12:39:56<\/span><span class='av-structured-data'  itemprop=\"mainEntityOfPage\" itemtype=\"https:\/\/schema.org\/mainEntityOfPage\" ><span itemprop='name'>Du 25 au 27 mai 2018, les Transports Cou\u00e9 seront pr\u00e9sents au festival Les 3 El\u00e9phants \u00e0 Laval<\/span><\/span><\/span><\/article><article class='slide-entry flex_column  post-entry post-entry-256 slide-entry-overview slide-loop-36 slide-parity-odd  av_one_third  real-thumbnail posttype-post post-format-standard'  itemscope=\"itemscope\" itemtype=\"https:\/\/schema.org\/CreativeWork\" ><a href='https:\/\/www.transports-coue.fr\/fr\/les-transports-coue-a-la-remise-des-prix-du-championnat-de-france-des-eleves-conducteurs-routiers\/' data-rel='slide-3' class='slide-image' title='Les Transports Cou\u00e9 \u00e0 la remise des prix du Championnat de France des \u00e9l\u00e8ves conducteurs routiers'><img decoding=\"async\" fetchpriority=\"high\" width=\"250\" height=\"188\" src=\"https:\/\/www.transports-coue.fr\/wp-content\/uploads\/2018\/10\/Unknown-6-1-e1551974729342.png\" class=\"wp-image-257 avia-img-lazy-loading-not-257 attachment-no scaling size-no scaling wp-post-image\" alt=\"\" \/><\/a><div class=\"slide-content\"><header class=\"entry-content-header\" aria-label=\"Slide: Les Transports Cou\u00e9 \u00e0 la remise des prix du Championnat de France des \u00e9l\u00e8ves conducteurs routiers\"><h3 class='slide-entry-title entry-title '  itemprop=\"headline\" ><a href='https:\/\/www.transports-coue.fr\/fr\/les-transports-coue-a-la-remise-des-prix-du-championnat-de-france-des-eleves-conducteurs-routiers\/' title='Les Transports Cou\u00e9 \u00e0 la remise des prix du Championnat de France des \u00e9l\u00e8ves conducteurs routiers'>Les Transports Cou\u00e9 \u00e0 la remise des prix du Championnat de France des \u00e9l\u00e8ves conducteurs routiers<\/a><\/h3><span class=\"blog-categories minor-meta\"><a href=\"https:\/\/www.transports-coue.fr\/fr\/category\/actualites\/\" rel=\"tag\">Actualit\u00e9s<\/a>, <a href=\"https:\/\/www.transports-coue.fr\/fr\/category\/actualites\/partenariats\/\" rel=\"tag\">Partenariats<\/a> <\/span><span class=\"av-vertical-delimiter\"><\/span><\/header><div class='slide-entry-excerpt entry-content'  itemprop=\"text\" >Les Transports Cou\u00e9 \u00e9taient pr\u00e9sents \u00e0 la remise des prix du Championnat de France des El\u00e8ves Conducteurs Routiers qui s'est tenue au Lyc\u00e9e d'Enseignement Professionnel L\u00e9onard-de-Vinci \u00e0 Mayenne les 18, 19 et 20 mai 2018. Nous f\u00e9licitons\u2026<div class=\"read-more-link\"><a href=\"https:\/\/www.transports-coue.fr\/fr\/les-transports-coue-a-la-remise-des-prix-du-championnat-de-france-des-eleves-conducteurs-routiers\/\" class=\"more-link\">Lire la suite<span class='more-link-arrow avia-svg-icon avia-font-svg_entypo-fontello' data-av_svg_icon='right-open-big' data-av_iconset='svg_entypo-fontello'><svg version=\"1.1\" xmlns=\"http:\/\/www.w3.org\/2000\/svg\" width=\"15\" height=\"32\" viewBox=\"0 0 15 32\" preserveAspectRatio=\"xMidYMid meet\" role=\"graphics-symbol\" aria-hidden=\"true\">\n<path d=\"M0.416 27.84l11.456-11.84-11.456-11.904q-0.832-0.832 0-1.536 0.832-0.832 1.536 0l12.544 12.608q0.768 0.832 0 1.6l-12.544 12.608q-0.704 0.832-1.536 0-0.832-0.704 0-1.536z\"><\/path>\n<\/svg><\/span><\/a><\/div><\/div><\/div><footer class=\"entry-footer\"><div class=\"slide-meta\"><time class='slide-meta-time updated'  itemprop=\"datePublished\" datetime=\"2018-05-24T11:29:23+02:00\" >24 mai 2018<\/time><div class=\"slide-meta-del\">\/<\/div><div class=\"slide-meta-comments\"><a href='https:\/\/www.transports-coue.fr\/fr\/les-transports-coue-a-la-remise-des-prix-du-championnat-de-france-des-eleves-conducteurs-routiers\/#respond'>0 Commentaires<\/a><\/div><\/div><\/footer><span class='hidden'>\n\t\t\t\t<span class='av-structured-data'  itemprop=\"image\" itemscope=\"itemscope\" itemtype=\"https:\/\/schema.org\/ImageObject\" >\n\t\t\t\t\t\t<span itemprop='url'>https:\/\/www.transports-coue.fr\/wp-content\/uploads\/2018\/10\/Unknown-6-1-e1551974729342.png<\/span>\n\t\t\t\t\t\t<span itemprop='height'>188<\/span>\n\t\t\t\t\t\t<span itemprop='width'>250<\/span>\n\t\t\t\t<\/span>\n\t\t\t\t<span class='av-structured-data'  itemprop=\"publisher\" itemtype=\"https:\/\/schema.org\/Organization\" itemscope=\"itemscope\" >\n\t\t\t\t\t\t<span itemprop='name'>wp_admin<\/span>\n\t\t\t\t\t\t<span itemprop='logo' itemscope itemtype='https:\/\/schema.org\/ImageObject'>\n\t\t\t\t\t\t\t<span itemprop='url'>https:\/\/www.transports-coue.fr\/wp-content\/uploads\/2018\/10\/Logo-transports-coue-300x119.png<\/span>\n\t\t\t\t\t\t<\/span>\n\t\t\t\t<\/span><span class='av-structured-data'  itemprop=\"author\" itemscope=\"itemscope\" itemtype=\"https:\/\/schema.org\/Person\" ><span itemprop='name'>wp_admin<\/span><\/span><span class='av-structured-data'  itemprop=\"datePublished\" datetime=\"2018-10-04T10:16:12+02:00\" >2018-05-24 11:29:23<\/span><span class='av-structured-data'  itemprop=\"dateModified\" itemtype=\"https:\/\/schema.org\/dateModified\" >2021-05-24 12:40:17<\/span><span class='av-structured-data'  itemprop=\"mainEntityOfPage\" itemtype=\"https:\/\/schema.org\/mainEntityOfPage\" ><span itemprop='name'>Les Transports Cou\u00e9 \u00e0 la remise des prix du Championnat de France des \u00e9l\u00e8ves conducteurs routiers<\/span><\/span><\/span><\/article><\/div><div class=\"slide-entry-wrap\"><article class='slide-entry flex_column  post-entry post-entry-252 slide-entry-overview slide-loop-37 slide-parity-odd  av_one_third first real-thumbnail posttype-post post-format-standard'  itemscope=\"itemscope\" itemtype=\"https:\/\/schema.org\/CreativeWork\" ><a href='https:\/\/www.transports-coue.fr\/fr\/transports-coue-notre-parc-photographie-par-notre-conducteur-aurelien-perrault\/' data-rel='slide-3' class='slide-image' title='Transports Cou\u00e9, Notre parc photographi\u00e9 par notre conducteur Aur\u00e9lien PERRAULT'><img decoding=\"async\" fetchpriority=\"high\" width=\"4032\" height=\"1960\" src=\"https:\/\/www.transports-coue.fr\/wp-content\/uploads\/2019\/03\/Photo-dAurelien-PERRAULT-parc-transports-coue-02-05-2018-1.jpg\" class=\"wp-image-1101 avia-img-lazy-loading-not-1101 attachment-no scaling size-no scaling wp-post-image\" alt=\"Photo d&#039;Aur\u00e9lien PERRAULT Parc Transports Cou\u00e9\" srcset=\"https:\/\/www.transports-coue.fr\/wp-content\/uploads\/2019\/03\/Photo-dAurelien-PERRAULT-parc-transports-coue-02-05-2018-1.jpg 4032w, https:\/\/www.transports-coue.fr\/wp-content\/uploads\/2019\/03\/Photo-dAurelien-PERRAULT-parc-transports-coue-02-05-2018-1-80x39.jpg 80w, https:\/\/www.transports-coue.fr\/wp-content\/uploads\/2019\/03\/Photo-dAurelien-PERRAULT-parc-transports-coue-02-05-2018-1-300x146.jpg 300w, https:\/\/www.transports-coue.fr\/wp-content\/uploads\/2019\/03\/Photo-dAurelien-PERRAULT-parc-transports-coue-02-05-2018-1-768x373.jpg 768w, https:\/\/www.transports-coue.fr\/wp-content\/uploads\/2019\/03\/Photo-dAurelien-PERRAULT-parc-transports-coue-02-05-2018-1-1030x501.jpg 1030w, https:\/\/www.transports-coue.fr\/wp-content\/uploads\/2019\/03\/Photo-dAurelien-PERRAULT-parc-transports-coue-02-05-2018-1-1500x729.jpg 1500w, https:\/\/www.transports-coue.fr\/wp-content\/uploads\/2019\/03\/Photo-dAurelien-PERRAULT-parc-transports-coue-02-05-2018-1-705x343.jpg 705w, https:\/\/www.transports-coue.fr\/wp-content\/uploads\/2019\/03\/Photo-dAurelien-PERRAULT-parc-transports-coue-02-05-2018-1-450x219.jpg 450w\" sizes=\"(max-width: 4032px) 100vw, 4032px\" \/><small class='avia-copyright'>R\u00e9alis\u00e9e par Aurelien PERRAULT<\/small><\/a><div class=\"slide-content\"><header class=\"entry-content-header\" aria-label=\"Slide: Transports Cou\u00e9, Notre parc photographi\u00e9 par notre conducteur Aur\u00e9lien PERRAULT\"><h3 class='slide-entry-title entry-title '  itemprop=\"headline\" ><a href='https:\/\/www.transports-coue.fr\/fr\/transports-coue-notre-parc-photographie-par-notre-conducteur-aurelien-perrault\/' title='Transports Cou\u00e9, Notre parc photographi\u00e9 par notre conducteur Aur\u00e9lien PERRAULT'>Transports Cou\u00e9, Notre parc photographi\u00e9 par notre conducteur Aur\u00e9lien PERRAULT<\/a><\/h3><span class=\"blog-categories minor-meta\"><a href=\"https:\/\/www.transports-coue.fr\/fr\/category\/actualites\/\" rel=\"tag\">Actualit\u00e9s<\/a>, <a href=\"https:\/\/www.transports-coue.fr\/fr\/category\/actualites\/partenariats\/\" rel=\"tag\">Partenariats<\/a> <\/span><span class=\"av-vertical-delimiter\"><\/span><\/header><div class='slide-entry-excerpt entry-content'  itemprop=\"text\" >Merci \u00e0 Aur\u00e9lien PERRAULT, notre artiste photographe et conducteur, pour ce magnifique clich\u00e9 de notre parc Transports Cou\u00e9 !\n\n<div class=\"read-more-link\"><a href=\"https:\/\/www.transports-coue.fr\/fr\/transports-coue-notre-parc-photographie-par-notre-conducteur-aurelien-perrault\/\" class=\"more-link\">Lire la suite<span class='more-link-arrow avia-svg-icon avia-font-svg_entypo-fontello' data-av_svg_icon='right-open-big' data-av_iconset='svg_entypo-fontello'><svg version=\"1.1\" xmlns=\"http:\/\/www.w3.org\/2000\/svg\" width=\"15\" height=\"32\" viewBox=\"0 0 15 32\" preserveAspectRatio=\"xMidYMid meet\" role=\"graphics-symbol\" aria-hidden=\"true\">\n<path d=\"M0.416 27.84l11.456-11.84-11.456-11.904q-0.832-0.832 0-1.536 0.832-0.832 1.536 0l12.544 12.608q0.768 0.832 0 1.6l-12.544 12.608q-0.704 0.832-1.536 0-0.832-0.704 0-1.536z\"><\/path>\n<\/svg><\/span><\/a><\/div><\/div><\/div><footer class=\"entry-footer\"><div class=\"slide-meta\"><time class='slide-meta-time updated'  itemprop=\"datePublished\" datetime=\"2018-05-04T11:28:29+02:00\" >4 mai 2018<\/time><div class=\"slide-meta-del\">\/<\/div><div class=\"slide-meta-comments\"><a href='https:\/\/www.transports-coue.fr\/fr\/transports-coue-notre-parc-photographie-par-notre-conducteur-aurelien-perrault\/#respond'>0 Commentaires<\/a><\/div><\/div><\/footer><span class='hidden'>\n\t\t\t\t<span class='av-structured-data'  itemprop=\"image\" itemscope=\"itemscope\" itemtype=\"https:\/\/schema.org\/ImageObject\" >\n\t\t\t\t\t\t<span itemprop='url'>https:\/\/www.transports-coue.fr\/wp-content\/uploads\/2019\/03\/Photo-dAurelien-PERRAULT-parc-transports-coue-02-05-2018-1.jpg<\/span>\n\t\t\t\t\t\t<span itemprop='height'>1960<\/span>\n\t\t\t\t\t\t<span itemprop='width'>4032<\/span>\n\t\t\t\t<\/span>\n\t\t\t\t<span class='av-structured-data'  itemprop=\"publisher\" itemtype=\"https:\/\/schema.org\/Organization\" itemscope=\"itemscope\" >\n\t\t\t\t\t\t<span itemprop='name'>wp_admin<\/span>\n\t\t\t\t\t\t<span itemprop='logo' itemscope itemtype='https:\/\/schema.org\/ImageObject'>\n\t\t\t\t\t\t\t<span itemprop='url'>https:\/\/www.transports-coue.fr\/wp-content\/uploads\/2018\/10\/Logo-transports-coue-300x119.png<\/span>\n\t\t\t\t\t\t<\/span>\n\t\t\t\t<\/span><span class='av-structured-data'  itemprop=\"author\" itemscope=\"itemscope\" itemtype=\"https:\/\/schema.org\/Person\" ><span itemprop='name'>wp_admin<\/span><\/span><span class='av-structured-data'  itemprop=\"datePublished\" datetime=\"2018-10-04T10:16:12+02:00\" >2018-05-04 11:28:29<\/span><span class='av-structured-data'  itemprop=\"dateModified\" itemtype=\"https:\/\/schema.org\/dateModified\" >2021-05-24 12:40:34<\/span><span class='av-structured-data'  itemprop=\"mainEntityOfPage\" itemtype=\"https:\/\/schema.org\/mainEntityOfPage\" ><span itemprop='name'>Transports Cou\u00e9, Notre parc photographi\u00e9 par notre conducteur Aur\u00e9lien PERRAULT<\/span><\/span><\/span><\/article><article class='slide-entry flex_column  post-entry post-entry-175 slide-entry-overview slide-loop-38 slide-parity-even  post-entry-last  av_one_third  real-thumbnail posttype-post post-format-standard'  itemscope=\"itemscope\" itemtype=\"https:\/\/schema.org\/CreativeWork\" ><a href='https:\/\/www.transports-coue.fr\/fr\/transports-coue-au-festival-des-vieilles-charrues-et-aux-ofnijec-2017\/' data-rel='slide-3' class='slide-image' title='Transports Cou\u00e9 au festival des vieilles charrues et aux Ofnijec 2017'><img decoding=\"async\" fetchpriority=\"high\" width=\"845\" height=\"321\" src=\"https:\/\/www.transports-coue.fr\/wp-content\/uploads\/2019\/03\/transports-coue-au-vieilles-charrues-et-ofnijec-2017-845x321.jpg\" class=\"wp-image-1993 avia-img-lazy-loading-not-1993 attachment-no scaling size-no scaling wp-post-image\" alt=\"Transports Cou\u00e9 participent aux Vieilles Charrues et aux Ofnijec 2017\" srcset=\"https:\/\/www.transports-coue.fr\/wp-content\/uploads\/2019\/03\/transports-coue-au-vieilles-charrues-et-ofnijec-2017-845x321.jpg 845w, https:\/\/www.transports-coue.fr\/wp-content\/uploads\/2019\/03\/transports-coue-au-vieilles-charrues-et-ofnijec-2017-845x321-80x30.jpg 80w, https:\/\/www.transports-coue.fr\/wp-content\/uploads\/2019\/03\/transports-coue-au-vieilles-charrues-et-ofnijec-2017-845x321-300x114.jpg 300w, https:\/\/www.transports-coue.fr\/wp-content\/uploads\/2019\/03\/transports-coue-au-vieilles-charrues-et-ofnijec-2017-845x321-768x292.jpg 768w, https:\/\/www.transports-coue.fr\/wp-content\/uploads\/2019\/03\/transports-coue-au-vieilles-charrues-et-ofnijec-2017-845x321-705x268.jpg 705w, https:\/\/www.transports-coue.fr\/wp-content\/uploads\/2019\/03\/transports-coue-au-vieilles-charrues-et-ofnijec-2017-845x321-450x171.jpg 450w\" sizes=\"(max-width: 845px) 100vw, 845px\" \/><\/a><div class=\"slide-content\"><header class=\"entry-content-header\" aria-label=\"Slide: Transports Cou\u00e9 au festival des vieilles charrues et aux Ofnijec 2017\"><h3 class='slide-entry-title entry-title '  itemprop=\"headline\" ><a href='https:\/\/www.transports-coue.fr\/fr\/transports-coue-au-festival-des-vieilles-charrues-et-aux-ofnijec-2017\/' title='Transports Cou\u00e9 au festival des vieilles charrues et aux Ofnijec 2017'>Transports Cou\u00e9 au festival des vieilles charrues et aux Ofnijec 2017<\/a><\/h3><span class=\"blog-categories minor-meta\"><a href=\"https:\/\/www.transports-coue.fr\/fr\/category\/actualites\/\" rel=\"tag\">Actualit\u00e9s<\/a>, <a href=\"https:\/\/www.transports-coue.fr\/fr\/category\/actualites\/partenariats\/\" rel=\"tag\">Partenariats<\/a> <\/span><span class=\"av-vertical-delimiter\"><\/span><\/header><div class='slide-entry-excerpt entry-content'  itemprop=\"text\" >        \n\n&nbsp;\n\n&nbsp;\n\n&nbsp;\n\n&nbsp;\n\n&nbsp;<div class=\"read-more-link\"><a href=\"https:\/\/www.transports-coue.fr\/fr\/transports-coue-au-festival-des-vieilles-charrues-et-aux-ofnijec-2017\/\" class=\"more-link\">Lire la suite<span class='more-link-arrow avia-svg-icon avia-font-svg_entypo-fontello' data-av_svg_icon='right-open-big' data-av_iconset='svg_entypo-fontello'><svg version=\"1.1\" xmlns=\"http:\/\/www.w3.org\/2000\/svg\" width=\"15\" height=\"32\" viewBox=\"0 0 15 32\" preserveAspectRatio=\"xMidYMid meet\" role=\"graphics-symbol\" aria-hidden=\"true\">\n<path d=\"M0.416 27.84l11.456-11.84-11.456-11.904q-0.832-0.832 0-1.536 0.832-0.832 1.536 0l12.544 12.608q0.768 0.832 0 1.6l-12.544 12.608q-0.704 0.832-1.536 0-0.832-0.704 0-1.536z\"><\/path>\n<\/svg><\/span><\/a><\/div><\/div><\/div><footer class=\"entry-footer\"><div class=\"slide-meta\"><time class='slide-meta-time updated'  itemprop=\"datePublished\" datetime=\"2017-07-11T10:53:58+02:00\" >11 juillet 2017<\/time><div class=\"slide-meta-del\">\/<\/div><div class=\"slide-meta-comments\"><a href='https:\/\/www.transports-coue.fr\/fr\/transports-coue-au-festival-des-vieilles-charrues-et-aux-ofnijec-2017\/#respond'>0 Commentaires<\/a><\/div><\/div><\/footer><span class='hidden'>\n\t\t\t\t<span class='av-structured-data'  itemprop=\"image\" itemscope=\"itemscope\" itemtype=\"https:\/\/schema.org\/ImageObject\" >\n\t\t\t\t\t\t<span itemprop='url'>https:\/\/www.transports-coue.fr\/wp-content\/uploads\/2019\/03\/transports-coue-au-vieilles-charrues-et-ofnijec-2017-845x321.jpg<\/span>\n\t\t\t\t\t\t<span itemprop='height'>321<\/span>\n\t\t\t\t\t\t<span itemprop='width'>845<\/span>\n\t\t\t\t<\/span>\n\t\t\t\t<span class='av-structured-data'  itemprop=\"publisher\" itemtype=\"https:\/\/schema.org\/Organization\" itemscope=\"itemscope\" >\n\t\t\t\t\t\t<span itemprop='name'>Transports Cou\u00e9<\/span>\n\t\t\t\t\t\t<span itemprop='logo' itemscope itemtype='https:\/\/schema.org\/ImageObject'>\n\t\t\t\t\t\t\t<span itemprop='url'>https:\/\/www.transports-coue.fr\/wp-content\/uploads\/2018\/10\/Logo-transports-coue-300x119.png<\/span>\n\t\t\t\t\t\t<\/span>\n\t\t\t\t<\/span><span class='av-structured-data'  itemprop=\"author\" itemscope=\"itemscope\" itemtype=\"https:\/\/schema.org\/Person\" ><span itemprop='name'>Transports Cou\u00e9<\/span><\/span><span class='av-structured-data'  itemprop=\"datePublished\" datetime=\"2018-10-04T10:16:12+02:00\" >2017-07-11 10:53:58<\/span><span class='av-structured-data'  itemprop=\"dateModified\" itemtype=\"https:\/\/schema.org\/dateModified\" >2021-03-31 12:02:56<\/span><span class='av-structured-data'  itemprop=\"mainEntityOfPage\" itemtype=\"https:\/\/schema.org\/mainEntityOfPage\" ><span itemprop='name'>Transports Cou\u00e9 au festival des vieilles charrues et aux Ofnijec 2017<\/span><\/span><\/span><\/article><\/div><\/div><div class='avia-slideshow-arrows avia-slideshow-controls' ><a href='#prev' class='prev-slide  avia-svg-icon avia-font-svg_entypo-fontello' data-av_svg_icon='left-open-big' data-av_iconset='svg_entypo-fontello' tabindex='-1' title=\"Pr\u00e9c\u00e9dent\"><svg version=\"1.1\" xmlns=\"http:\/\/www.w3.org\/2000\/svg\" width=\"15\" height=\"32\" viewBox=\"0 0 15 32\" preserveAspectRatio=\"xMidYMid meet\" aria-labelledby='av-svg-title-290' aria-describedby='av-svg-desc-290' role=\"graphics-symbol\" aria-hidden=\"true\">\n<title id='av-svg-title-290'>Pr\u00e9c\u00e9dent<\/title>\n<desc id='av-svg-desc-290'>Pr\u00e9c\u00e9dent<\/desc>\n<path d=\"M14.464 27.84q0.832 0.832 0 1.536-0.832 0.832-1.536 0l-12.544-12.608q-0.768-0.768 0-1.6l12.544-12.608q0.704-0.832 1.536 0 0.832 0.704 0 1.536l-11.456 11.904z\"><\/path>\n<\/svg><span class='avia_hidden_link_text'>Pr\u00e9c\u00e9dent<\/span><\/a><a href='#next' class='next-slide  avia-svg-icon avia-font-svg_entypo-fontello' data-av_svg_icon='right-open-big' data-av_iconset='svg_entypo-fontello' tabindex='-1' title=\"Suivant\"><svg version=\"1.1\" xmlns=\"http:\/\/www.w3.org\/2000\/svg\" width=\"15\" height=\"32\" viewBox=\"0 0 15 32\" preserveAspectRatio=\"xMidYMid meet\" aria-labelledby='av-svg-title-291' aria-describedby='av-svg-desc-291' role=\"graphics-symbol\" aria-hidden=\"true\">\n<title id='av-svg-title-291'>Suivant<\/title>\n<desc id='av-svg-desc-291'>Suivant<\/desc>\n<path d=\"M0.416 27.84l11.456-11.84-11.456-11.904q-0.832-0.832 0-1.536 0.832-0.832 1.536 0l12.544 12.608q0.768 0.832 0 1.6l-12.544 12.608q-0.704 0.832-1.536 0-0.832-0.704 0-1.536z\"><\/path>\n<\/svg><span class='avia_hidden_link_text'>Suivant<\/span><\/a><\/div><\/div><\/p><\/div>\n\n<style type=\"text\/css\" data-created_by=\"avia_inline_auto\" id=\"style-css-av-9e80b-de18d3d83c7c4958c07ca3d25508df4e\">\n.flex_column.av-9e80b-de18d3d83c7c4958c07ca3d25508df4e{\nborder-radius:0px 0px 0px 0px;\npadding:0px 0px 0px 0px;\n}\n<\/style>\n<div  class='flex_column av-9e80b-de18d3d83c7c4958c07ca3d25508df4e av_one_full  avia-builder-el-26  el_after_av_one_full  el_before_av_blog  first flex_column_div av-zero-column-padding  column-top-margin'     ><\/div>\n<div  class='av-alb-blogposts template-blog  av-blog-meta-comments-disabled  av-desktop-hide av-medium-hide av-small-hide av-mini-hide'  itemscope=\"itemscope\" itemtype=\"https:\/\/schema.org\/Blog\" ><article class=\"post-entry post-entry-type-standard post-entry-13893 post-loop-1 post-parity-odd single-big with-slider post-13893 post type-post status-publish format-standard has-post-thumbnail hentry category-actualites category-partenariats\"  itemscope=\"itemscope\" itemtype=\"https:\/\/schema.org\/BlogPosting\" ><div class=\"blog-meta\"><\/div><div class='entry-content-wrapper clearfix standard-content'><header class=\"entry-content-header\" aria-label=\"Articles : Comment transformer un geste \u00e9cologique en action solidaire ?\"><div class=\"av-heading-wrapper\"><h2 class='post-title entry-title '  itemprop=\"headline\" ><a href=\"https:\/\/www.transports-coue.fr\/fr\/comment-transformer-un-geste-ecologique-en-action-solidaire\/\" rel=\"bookmark\" title=\"Lien permanent : Comment transformer un geste \u00e9cologique en action solidaire ?\">Comment transformer un geste \u00e9cologique en action solidaire ?<span class=\"post-format-icon minor-meta\"><\/span><\/a><\/h2><span class=\"blog-categories minor-meta\"><a href=\"https:\/\/www.transports-coue.fr\/fr\/category\/actualites\/\" rel=\"tag\">Actualit\u00e9s<\/a>, <a href=\"https:\/\/www.transports-coue.fr\/fr\/category\/actualites\/partenariats\/\" rel=\"tag\">Partenariats<\/a><\/span><\/div><\/header><span class=\"av-vertical-delimiter\"><\/span><div class=\"big-preview single-big\"  itemprop=\"image\" itemscope=\"itemscope\" itemtype=\"https:\/\/schema.org\/ImageObject\" ><a href=\"https:\/\/www.transports-coue.fr\/fr\/comment-transformer-un-geste-ecologique-en-action-solidaire\/\"  title=\"Groupe-Cou\u00e9-TRM-10-tonnes-de-papier-recyles-alternatri-53\" ><img decoding=\"async\" fetchpriority=\"high\" width=\"845\" height=\"321\" src=\"https:\/\/www.transports-coue.fr\/wp-content\/uploads\/2026\/04\/Groupe-Coue-TRM-10-tonnes-de-papier-recyles-alternatri-53.webp\" class=\"wp-image-13895 avia-img-lazy-loading-not-13895 attachment-entry_without_sidebar size-entry_without_sidebar wp-post-image\" alt=\"Collecte de papier en entreprise : collaborateur devant un v\u00e9hicule rempli de cartons pour recyclage avec l&#039;association Alternatri 53\" srcset=\"https:\/\/www.transports-coue.fr\/wp-content\/uploads\/2026\/04\/Groupe-Coue-TRM-10-tonnes-de-papier-recyles-alternatri-53.webp 845w, https:\/\/www.transports-coue.fr\/wp-content\/uploads\/2026\/04\/Groupe-Coue-TRM-10-tonnes-de-papier-recyles-alternatri-53-300x114.webp 300w, https:\/\/www.transports-coue.fr\/wp-content\/uploads\/2026\/04\/Groupe-Coue-TRM-10-tonnes-de-papier-recyles-alternatri-53-80x30.webp 80w, https:\/\/www.transports-coue.fr\/wp-content\/uploads\/2026\/04\/Groupe-Coue-TRM-10-tonnes-de-papier-recyles-alternatri-53-768x292.webp 768w, https:\/\/www.transports-coue.fr\/wp-content\/uploads\/2026\/04\/Groupe-Coue-TRM-10-tonnes-de-papier-recyles-alternatri-53-705x268.webp 705w\" sizes=\"(max-width: 845px) 100vw, 845px\" \/><\/a><\/div><div class=\"entry-content\"  itemprop=\"text\" ><p data-prosemirror-content-type=\"node\" data-prosemirror-node-name=\"paragraph\" data-prosemirror-node-block=\"true\" data-pm-slice=\"1 1 []\"><strong>10,4 tonnes de papier collect\u00e9es :<\/strong> un engagement qui prend du poids<\/p>\n<p data-prosemirror-content-type=\"node\" data-prosemirror-node-name=\"paragraph\" data-prosemirror-node-block=\"true\">Depuis plusieurs ann\u00e9es, nous agissons concr\u00e8tement dans une d\u00e9marche solidaire et responsable : la collecte de papiers au sein de toutes nos entit\u00e9s.<\/p>\n<p data-prosemirror-content-type=\"node\" data-prosemirror-node-name=\"paragraph\" data-prosemirror-node-block=\"true\">En 2025, ce sont plus de 10 tonnes qui ont \u00e9t\u00e9 r\u00e9colt\u00e9es puis confi\u00e9es \u00e0 <a href=\"https:\/\/laval-53.alternatri.fr\/\" target=\"_blank\" rel=\"noopener\">Alternatri 53<\/a>, acteur local engag\u00e9 dans le recyclage et l\u2019\u00e9conomie circulaire .<\/p>\n<p data-prosemirror-content-type=\"node\" data-prosemirror-node-name=\"paragraph\" data-prosemirror-node-block=\"true\">La valorisation de ces papiers est ensuite revers\u00e9e \u00e0 l\u2019association <a href=\"https:\/\/www.facebook.com\/LMPetitsPas\/\" target=\"_blank\" rel=\"noopener\">LM Petits Pas<\/a>, qui accompagne deux gar\u00e7ons, Luca et Marius, atteints d&rsquo;infirmit\u00e9 motrice c\u00e9r\u00e9brale, leur permettant d&rsquo;acc\u00e9der \u00e0 des soins, des th\u00e9rapies sp\u00e9cialis\u00e9s souvent co\u00fbteuses.<\/p>\n<p data-prosemirror-content-type=\"node\" data-prosemirror-node-name=\"paragraph\" data-prosemirror-node-block=\"true\">Ce partenariat vertueux donne une seconde vie \u00e0 nos papiers\u2026 et contribue, \u00e0 notre \u00e9chelle, \u00e0 soutenir une cause essentielle.<\/p>\n<p data-prosemirror-content-type=\"node\" data-prosemirror-node-name=\"paragraph\" data-prosemirror-node-block=\"true\">Un geste simple, r\u00e9p\u00e9t\u00e9 chaque jour, qui apporte un soutien concret.<\/p>\n<p data-prosemirror-content-type=\"node\" data-prosemirror-node-name=\"paragraph\" data-prosemirror-node-block=\"true\">Bravo aux associations pour leur engagement sur le territoire, merci \u00e0 nos \u00e9quipes pour leur mobilisation continue.<\/p>\n<p data-prosemirror-content-type=\"node\" data-prosemirror-node-name=\"paragraph\" data-prosemirror-node-block=\"true\">\nD\u00e9couvrez nos d\u00e9marches et actions \u00e9co-responsable :\n<a href=\"https:\/\/www.transports-coue.fr\/fr\/transport-routier-et-transition-energetique-820-tonnes-de-co%e2%82%82-economisees-grace-au-b100-et-biognv-en-2025\/\" target=\"_blank\" rel=\"noopener\">https:\/\/www.transports-coue.fr\/fr\/transport-routier-et-transition-energetique-820-tonnes-de-co%e2%82%82-economisees-grace-au-b100-et-biognv-en-2025\/<\/a>\n<a href=\"https:\/\/www.transports-coue.fr\/fr\/13470-tonnes-de-co2-economises-grace-a-nos-transports-en-bio-gnv\/\" target=\"_blank\" rel=\"noopener\">https:\/\/www.transports-coue.fr\/fr\/13470-tonnes-de-co2-economises-grace-a-nos-transports-en-bio-gnv\/<\/a><\/p>\n<p data-prosemirror-content-type=\"node\" data-prosemirror-node-name=\"paragraph\" data-prosemirror-node-block=\"true\"><a href=\"https:\/\/www.transports-coue.fr\/fr\/ges-gaz-a-effet-de-serre-452-tonnes-de-co2-deconomisees\/\" target=\"_blank\" rel=\"noopener\">https:\/\/www.transports-coue.fr\/fr\/ges-gaz-a-effet-de-serre-452-tonnes-de-co2-deconomisees\/<\/a><\/p>\n<p data-prosemirror-content-type=\"node\" data-prosemirror-node-name=\"paragraph\" data-prosemirror-node-block=\"true\"><a href=\"https:\/\/www.transports-coue.fr\/fr\/nous-poursuivons-notre-transition-energetique\/\" target=\"_blank\" rel=\"noopener\">https:\/\/www.transports-coue.fr\/fr\/nous-poursuivons-notre-transition-energetique\/<\/a><\/p>\n<p data-prosemirror-content-type=\"node\" data-prosemirror-node-name=\"paragraph\" data-prosemirror-node-block=\"true\"><a href=\"https:\/\/www.transports-coue.fr\/fr\/nos-camions-gaz-gnc-ont-economises-132-tonnes-de-co2-en-2023\/\" target=\"_blank\" rel=\"noopener\">https:\/\/www.transports-coue.fr\/fr\/nos-camions-gaz-gnc-ont-economises-132-tonnes-de-co2-en-2023\/<\/a><\/p>\n<p data-prosemirror-content-type=\"node\" data-prosemirror-node-name=\"paragraph\" data-prosemirror-node-block=\"true\"><a href=\"https:\/\/www.transports-coue.fr\/fr\/nos-retours-dexperience-sur-la-gestion-du-stockage-des-matieres-dangereuses\/\" target=\"_blank\" rel=\"noopener\">https:\/\/www.transports-coue.fr\/fr\/nos-retours-dexperience-sur-la-gestion-du-stockage-des-matieres-dangereuses\/<\/a>\n<a href=\"https:\/\/www.transports-coue.fr\/fr\/installation-dune-cuve-au-biocarburant-oleo100\/\" target=\"_blank\" rel=\"noopener\">https:\/\/www.transports-coue.fr\/fr\/installation-dune-cuve-au-biocarburant-oleo100\/<\/a>\n<a href=\"https:\/\/www.transports-coue.fr\/fr\/transports-coue-labellises-transport-logistique-responsables\/\" target=\"_blank\" rel=\"noopener\">https:\/\/www.transports-coue.fr\/fr\/transports-coue-labellises-transport-logistique-responsables\/<\/a>\n<a href=\"https:\/\/www.transports-coue.fr\/fr\/les-camions-transports-coue-et-trm-roulent-au-bio-gaz\/\" target=\"_blank\" rel=\"noopener\">https:\/\/www.transports-coue.fr\/fr\/les-camions-transports-coue-et-trm-roulent-au-bio-gaz\/<\/a>\n<a href=\"https:\/\/www.transports-coue.fr\/fr\/renouvellement-du-parc-camions-grand-volume-trm\/\" target=\"_blank\" rel=\"noopener\">https:\/\/www.transports-coue.fr\/fr\/renouvellement-du-parc-camions-grand-volume-trm\/<\/a><\/p>\n<p data-prosemirror-content-type=\"node\" data-prosemirror-node-name=\"paragraph\" data-prosemirror-node-block=\"true\">#Transport #Logistique #Engagement #Recyclage #Solidarit\u00e9 #Mayenne #Laval #EconomieCirculaire<\/p><\/div><span class=\"post-meta-infos\"><time class=\"date-container minor-meta updated\"  itemprop=\"datePublished\" datetime=\"2026-04-15T18:54:56+02:00\" >15 avril 2026<\/time><span class=\"text-sep\">\/<\/span><span class=\"blog-author minor-meta\">par <span class=\"entry-author-link\"  itemprop=\"author\" ><span class=\"author\"><span class=\"fn\"><a href=\"https:\/\/www.transports-coue.fr\/fr\/author\/transports-coue\/\" title=\"Articles par Transports Cou\u00e9\" rel=\"author\">Transports Cou\u00e9<\/a><\/span><\/span><\/span><\/span><\/span><footer class=\"entry-footer\"><\/footer><div class='post_delimiter'><\/div><\/div><div class=\"post_author_timeline\"><\/div><span class='hidden'>\n\t\t\t\t<span class='av-structured-data'  itemprop=\"image\" itemscope=\"itemscope\" itemtype=\"https:\/\/schema.org\/ImageObject\" >\n\t\t\t\t\t\t<span itemprop='url'>https:\/\/www.transports-coue.fr\/wp-content\/uploads\/2026\/04\/Groupe-Coue-TRM-10-tonnes-de-papier-recyles-alternatri-53.webp<\/span>\n\t\t\t\t\t\t<span itemprop='height'>321<\/span>\n\t\t\t\t\t\t<span itemprop='width'>845<\/span>\n\t\t\t\t<\/span>\n\t\t\t\t<span class='av-structured-data'  itemprop=\"publisher\" itemtype=\"https:\/\/schema.org\/Organization\" itemscope=\"itemscope\" >\n\t\t\t\t\t\t<span itemprop='name'>Transports Cou\u00e9<\/span>\n\t\t\t\t\t\t<span itemprop='logo' itemscope itemtype='https:\/\/schema.org\/ImageObject'>\n\t\t\t\t\t\t\t<span itemprop='url'>https:\/\/www.transports-coue.fr\/wp-content\/uploads\/2018\/10\/Logo-transports-coue-300x119.png<\/span>\n\t\t\t\t\t\t<\/span>\n\t\t\t\t<\/span><span class='av-structured-data'  itemprop=\"author\" itemscope=\"itemscope\" itemtype=\"https:\/\/schema.org\/Person\" ><span itemprop='name'>Transports Cou\u00e9<\/span><\/span><span class='av-structured-data'  itemprop=\"datePublished\" datetime=\"2026-04-15T18:54:56+02:00\" >2026-04-15 18:54:56<\/span><span class='av-structured-data'  itemprop=\"dateModified\" itemtype=\"https:\/\/schema.org\/dateModified\" >2026-04-15 18:54:59<\/span><span class='av-structured-data'  itemprop=\"mainEntityOfPage\" itemtype=\"https:\/\/schema.org\/mainEntityOfPage\" ><span itemprop='name'>Comment transformer un geste \u00e9cologique en action solidaire ?<\/span><\/span><\/span><\/article><article class=\"post-entry post-entry-type-standard post-entry-13890 post-loop-2 post-parity-even single-big with-slider post-13890 post type-post status-publish format-standard has-post-thumbnail hentry category-actualites category-partenariats\"  itemscope=\"itemscope\" itemtype=\"https:\/\/schema.org\/BlogPosting\" ><div class=\"blog-meta\"><\/div><div class='entry-content-wrapper clearfix standard-content'><header class=\"entry-content-header\" aria-label=\"Articles : Rencontre avec les jeunes : comment le Groupe Cou\u00e9 TRM pr\u00e9pare l\u2019avenir du transport routier ?\"><div class=\"av-heading-wrapper\"><h2 class='post-title entry-title '  itemprop=\"headline\" ><a href=\"https:\/\/www.transports-coue.fr\/fr\/rencontre-avec-les-jeunes-comment-le-groupe-coue-trm-prepare-lavenir-du-transport-routier\/\" rel=\"bookmark\" title=\"Lien permanent : Rencontre avec les jeunes : comment le Groupe Cou\u00e9 TRM pr\u00e9pare l\u2019avenir du transport routier ?\">Rencontre avec les jeunes : comment le Groupe Cou\u00e9 TRM pr\u00e9pare l\u2019avenir du transport routier ?<span class=\"post-format-icon minor-meta\"><\/span><\/a><\/h2><span class=\"blog-categories minor-meta\"><a href=\"https:\/\/www.transports-coue.fr\/fr\/category\/actualites\/\" rel=\"tag\">Actualit\u00e9s<\/a>, <a href=\"https:\/\/www.transports-coue.fr\/fr\/category\/actualites\/partenariats\/\" rel=\"tag\">Partenariats<\/a><\/span><\/div><\/header><span class=\"av-vertical-delimiter\"><\/span><div class=\"big-preview single-big\"  itemprop=\"image\" itemscope=\"itemscope\" itemtype=\"https:\/\/schema.org\/ImageObject\" ><a href=\"https:\/\/www.transports-coue.fr\/fr\/rencontre-avec-les-jeunes-comment-le-groupe-coue-trm-prepare-lavenir-du-transport-routier\/\"  title=\"groupe-coue-trm-intervention-ecole-college-et-filiere-transport-logistique-web\" ><img decoding=\"async\" fetchpriority=\"high\" width=\"845\" height=\"321\" src=\"https:\/\/www.transports-coue.fr\/wp-content\/uploads\/2026\/04\/groupe-coue-trm-intervention-ecole-college-et-filiere-transport-logistique-web.webp\" class=\"wp-image-13888 avia-img-lazy-loading-not-13888 attachment-entry_without_sidebar size-entry_without_sidebar wp-post-image\" alt=\"Pr\u00e9sentation des m\u00e9tiers transport logistique par l&#039;\u00e9quipe RH du Groupe Cou\u00e9 TRM aupr\u00e8s de jeunes en orientation professionnelle en salle polyvalente\" srcset=\"https:\/\/www.transports-coue.fr\/wp-content\/uploads\/2026\/04\/groupe-coue-trm-intervention-ecole-college-et-filiere-transport-logistique-web.webp 845w, https:\/\/www.transports-coue.fr\/wp-content\/uploads\/2026\/04\/groupe-coue-trm-intervention-ecole-college-et-filiere-transport-logistique-web-300x114.webp 300w, https:\/\/www.transports-coue.fr\/wp-content\/uploads\/2026\/04\/groupe-coue-trm-intervention-ecole-college-et-filiere-transport-logistique-web-80x30.webp 80w, https:\/\/www.transports-coue.fr\/wp-content\/uploads\/2026\/04\/groupe-coue-trm-intervention-ecole-college-et-filiere-transport-logistique-web-768x292.webp 768w, https:\/\/www.transports-coue.fr\/wp-content\/uploads\/2026\/04\/groupe-coue-trm-intervention-ecole-college-et-filiere-transport-logistique-web-705x268.webp 705w\" sizes=\"(max-width: 845px) 100vw, 845px\" \/><\/a><\/div><div class=\"entry-content\"  itemprop=\"text\" ><p data-prosemirror-content-type=\"node\" data-prosemirror-node-name=\"paragraph\" data-prosemirror-node-block=\"true\" data-pm-slice=\"1 1 []\">Les 30 &amp; 31 mars, <strong data-prosemirror-content-type=\"mark\" data-prosemirror-mark-name=\"strong\">cap sur la nouvelle g\u00e9n\u00e9ration<\/strong> avec la rencontre de jeunes en pleine d\u00e9couverte de notre secteur et d&rsquo;autres d\u00e9j\u00e0 passionn\u00e9s !<\/p>\n<p data-prosemirror-content-type=\"node\" data-prosemirror-node-name=\"paragraph\" data-prosemirror-node-block=\"true\">Le 30 mars, David, notre formateur, est intervenu au <a href=\"https:\/\/nd-stpierrelacour.lamayenne.e-lyco.fr\/\" target=\"_blank\" rel=\"noopener\">Coll\u00e8ge Notre Dame de St Pierre La Cour<\/a> (53). R\u00e9partie en petits groupes de 3, <strong data-prosemirror-content-type=\"mark\" data-prosemirror-mark-name=\"strong\">une quinzaine d&rsquo;\u00e9l\u00e8ves de 4\u00e8me et 3\u00e8me a ainsi pu \u00e9changer, poser des questions et<\/strong> <strong data-prosemirror-content-type=\"mark\" data-prosemirror-mark-name=\"strong\">d\u00e9couvrir nos m\u00e9tiers du Transport &amp; de la Logistique, porteurs de belles perspectives<\/strong>.<\/p>\n<p data-prosemirror-content-type=\"node\" data-prosemirror-node-name=\"paragraph\" data-prosemirror-node-block=\"true\">Le 31 mars, David et L\u00e9a (service RH) ont particip\u00e9 \u00e0 une <strong data-prosemirror-content-type=\"mark\" data-prosemirror-mark-name=\"strong\">journ\u00e9e Job Dating au <a href=\"https:\/\/vinci-mayenne.paysdelaloire.e-lyco.fr\/\" target=\"_blank\" rel=\"noopener\">lyc\u00e9e L\u00e9onard de Vinci de Mayenne<\/a>, aupr\u00e8s des \u00e9l\u00e8ves de 1\u00e8re et Terminale de la section Conducteur Routier de Marchandises.<\/strong><\/p>\n<p data-prosemirror-content-type=\"node\" data-prosemirror-node-name=\"paragraph\" data-prosemirror-node-block=\"true\">Une journ\u00e9e riche en \u00e9changes avec des <strong data-prosemirror-content-type=\"mark\" data-prosemirror-mark-name=\"strong\">futurs professionnels de la route, curieux et d\u00e9j\u00e0 bien pr\u00e9par\u00e9s \u00e0 leur avenir professionnel.<\/strong><\/p>\n<p data-prosemirror-content-type=\"node\" data-prosemirror-node-name=\"paragraph\" data-prosemirror-node-block=\"true\">Ces rencontres sont essentielles : elles permettent de transmettre, d\u2019orienter\u2026 et parfois m\u00eame de cr\u00e9er les 1\u00e8res opportunit\u00e9s.<\/p>\n<p data-prosemirror-content-type=\"node\" data-prosemirror-node-name=\"paragraph\" data-prosemirror-node-block=\"true\"><strong data-prosemirror-content-type=\"mark\" data-prosemirror-mark-name=\"strong\">Dans cette dynamique, nous recrutons des \u00e9tudiants en Logistique pour les mois de juillet ET ao\u00fbt.<br \/>\n<\/strong>Envoyez-nous votre candidature par mail : <a href=\"mailto:recrutement@coue-trm.fr\" data-prosemirror-content-type=\"mark\" data-prosemirror-mark-name=\"link\"><strong data-prosemirror-content-type=\"mark\" data-prosemirror-mark-name=\"strong\">recrutement@coue-trm.fr<\/strong><\/a><\/p>\n<p data-prosemirror-content-type=\"node\" data-prosemirror-node-name=\"paragraph\" data-prosemirror-node-block=\"true\">Un grand MERCI \u00e0 David &amp; L\u00e9a pour leur engagement et implication aupr\u00e8s des jeunes<\/p>\n<p data-prosemirror-content-type=\"node\" data-prosemirror-node-name=\"paragraph\" data-prosemirror-node-block=\"true\">Continuer \u00e0 aller \u00e0 leur rencontre, <strong data-prosemirror-content-type=\"mark\" data-prosemirror-mark-name=\"strong\">c\u2019est aussi pr\u00e9parer l\u2019avenir de toute une fili\u00e8re.<\/strong><\/p>\n<p>D\u00e9couvrez nos articles sur nos diff\u00e9rentes d\u00e9marches pour une meilleure connaissance du monde du Transport Routier et de la Logistique aupr\u00e8s des \u00e9l\u00e8ves et \u00e9tudiants :<\/p>\n<p data-prosemirror-content-type=\"node\" data-prosemirror-node-name=\"paragraph\" data-prosemirror-node-block=\"true\"><a href=\"https:\/\/www.transports-coue.fr\/fr\/orientation-et-metiers-du-transport-de-la-logistique-echanges-avec-les-etudiants-bts-gtla-du-lycee-ambroise-pare\/\" target=\"_blank\" rel=\"noopener\">https:\/\/www.transports-coue.fr\/fr\/orientation-et-metiers-du-transport-de-la-logistique-echanges-avec-les-etudiants-bts-gtla-du-lycee-ambroise-pare\/<\/a><\/p>\n<p data-prosemirror-content-type=\"node\" data-prosemirror-node-name=\"paragraph\" data-prosemirror-node-block=\"true\"><a href=\"https:\/\/www.transports-coue.fr\/fr\/groupe-coue-trm-engage-dans-la-semaine-ecole-entreprise-creer-du-lien-et-partager-nos-metiers-avec-les-talents-de-demain\/\" target=\"_blank\" rel=\"noopener\">https:\/\/www.transports-coue.fr\/fr\/groupe-coue-trm-engage-dans-la-semaine-ecole-entreprise-creer-du-lien-et-partager-nos-metiers-avec-les-talents-de-demain\/<\/a><br \/>\n<a href=\"https:\/\/www.transports-coue.fr\/fr\/visite-de-nos-sites-par-de-futurs-pros-du-transport\/\" target=\"_blank\" rel=\"noopener\">https:\/\/www.transports-coue.fr\/fr\/visite-de-nos-sites-par-de-futurs-pros-du-transport\/<\/a><br \/>\n<a href=\"https:\/\/www.transports-coue.fr\/fr\/nos-jeunes-diplomes-et-nouveaux-alternants-mis-a-lhonneur-pour-leur-parcours-en-transport-logistique\/\">https:\/\/www.transports-coue.fr\/fr\/nos-jeunes-diplomes-et-nouveaux-alternants-mis-a-lhonneur-pour-leur-parcours-en-transport-logistique\/<\/a><br \/>\n<a href=\"https:\/\/www.transports-coue.fr\/fr\/2-de-nos-collaborateurs-aurelien-jerome-dans-lofficiel-des-transporteurs\/\" target=\"_blank\" rel=\"noopener\">https:\/\/www.transports-coue.fr\/fr\/2-de-nos-collaborateurs-aurelien-jerome-dans-lofficiel-des-transporteurs\/<\/a><br \/>\n<a href=\"https:\/\/www.transports-coue.fr\/fr\/nos-alternants-diplomes-une-belle-reussite\/\" target=\"_blank\" rel=\"noopener\">https:\/\/www.transports-coue.fr\/fr\/nos-alternants-diplomes-une-belle-reussite\/<\/a><br \/>\n<a href=\"https:\/\/www.transports-coue.fr\/fr\/une-journee-dechanges-avec-les-1eres-annees-du-bts-gtla-de-laval-53-mayenne\" target=\"_blank\" rel=\"noopener\">https:\/\/www.transports-coue.fr\/fr\/une-journee-dechanges-avec-les-1eres-annees-du-bts-gtla-de-laval-53-mayenne<\/a><br \/>\n<a href=\"https:\/\/www.transports-coue.fr\/fr\/visite-de-notre-entrepot-icpe-par-la-seconde-bac-pro-logistique-du-lycee-pierre-marie-curie-de-chateau-gontier-53\/\" target=\"_blank\" rel=\"noopener\">https:\/\/www.transports-coue.fr\/fr\/visite-de-notre-entrepot-icpe-par-la-seconde-bac-pro-logistique-du-lycee-pierre-marie-curie-de-chateau-gontier-53\/<\/a><br \/>\n<a href=\"https:\/\/www.transports-coue.fr\/fr\/retour-de-nos-salaries-dans-leur-lycee-pour-partager-leur-experience-du-transport-routier\/\" target=\"_blank\" rel=\"noopener\">https:\/\/www.transports-coue.fr\/fr\/retour-de-nos-salaries-dans-leur-lycee-pour-partager-leur-experience-du-transport-routier\/<\/a><br \/>\n<a href=\"https:\/\/www.transports-coue.fr\/fr\/promouvoir-nos-metiers-du-transport-routier-et-de-la-logistique\/\" target=\"_blank\" rel=\"noopener\">https:\/\/www.transports-coue.fr\/fr\/promouvoir-nos-metiers-du-transport-routier-et-de-la-logistique\/<\/a><br \/>\n<a href=\"https:\/\/www.transports-coue.fr\/fr\/accueil-dune-classe-de-seconde-bac-pro-transport-du-lycee-leonard-de-vinci-a-mayenne-53\/\" target=\"_blank\" rel=\"noopener\">https:\/\/www.transports-coue.fr\/fr\/accueil-dune-classe-de-seconde-bac-pro-transport-du-lycee-leonard-de-vinci-a-mayenne-53\/<\/a><br \/>\n<a href=\"https:\/\/www.transports-coue.fr\/fr\/notre-equipe-rh-prepare-des-terminales-aux-entretiens-pour-obtenir-un-job-ou-un-stage\/\" target=\"_blank\" rel=\"noopener\">https:\/\/www.transports-coue.fr\/fr\/notre-equipe-rh-prepare-des-terminales-aux-entretiens-pour-obtenir-un-job-ou-un-stage\/<\/a><br \/>\n<a href=\"https:\/\/www.transports-coue.fr\/fr\/presentations-et-echanges-sur-nos-metiers-du-transport-et-de-la-logistique-dans-un-college-et-lycee-bac-pro\/\" target=\"_blank\" rel=\"noopener\">https:\/\/www.transports-coue.fr\/fr\/presentations-et-echanges-sur-nos-metiers-du-transport-et-de-la-logistique-dans-un-college-et-lycee-bac-pro\/<\/a><br \/>\n<a href=\"https:\/\/www.transports-coue.fr\/fr\/presentation-de-nos-metiers-aux-collegiens\/\" target=\"_blank\" rel=\"noopener\">https:\/\/www.transports-coue.fr\/fr\/presentation-de-nos-metiers-aux-collegiens\/<\/a><br \/>\n<a href=\"https:\/\/www.transports-coue.fr\/fr\/8-lyceens-en-bac-pro-ctrm-sexercent-a-realiser-des-mises-a-quai-a-notre-logistique\/\" target=\"_blank\" rel=\"noopener\">https:\/\/www.transports-coue.fr\/fr\/8-lyceens-en-bac-pro-ctrm-sexercent-a-realiser-des-mises-a-quai-a-notre-logistique\/<\/a><br \/>\n<a href=\"https:\/\/www.transports-coue.fr\/fr\/le-lycee-don-bosco-visite-notre-port-sec-tcm\/\" target=\"_blank\" rel=\"noopener\">https:\/\/www.transports-coue.fr\/fr\/le-lycee-don-bosco-visite-notre-port-sec-tcm\/<\/a><br \/>\n<a href=\"https:\/\/www.transports-coue.fr\/fr\/laftral-profite-des-quais-de-notre-plateforme-logistique-pour-realiser-des-manoeuvres\/\" target=\"_blank\" rel=\"noopener\">https:\/\/www.transports-coue.fr\/fr\/laftral-profite-des-quais-de-notre-plateforme-logistique-pour-realiser-des-manoeuvres\/<\/a><br \/>\n<a href=\"https:\/\/www.transports-coue.fr\/fr\/stephane-un-de-nos-conducteurs-presente-son-metier-a-des-eleves-de-primaire\/\" target=\"_blank\" rel=\"noopener\">https:\/\/www.transports-coue.fr\/fr\/stephane-un-de-nos-conducteurs-presente-son-metier-a-des-eleves-de-primaire\/<\/a><br \/>\n<a href=\"https:\/\/www.transports-coue.fr\/fr\/glenn-un-de-nos-conducteurs-presente-son-camion-a-une-classe-de-maternelle-a-laval\/\" target=\"_blank\" rel=\"noopener\">https:\/\/www.transports-coue.fr\/fr\/glenn-un-de-nos-conducteurs-presente-son-camion-a-une-classe-de-maternelle-a-laval\/<\/a><br \/>\n<a href=\"https:\/\/www.transports-coue.fr\/fr\/formation-aftral-a-lentrepot-des-transports-coue\/\" target=\"_blank\" rel=\"noopener\">https:\/\/www.transports-coue.fr\/fr\/formation-aftral-a-lentrepot-des-transports-coue\/<\/a><br \/>\n<a href=\"https:\/\/www.transports-coue.fr\/fr\/transports-coue-a-remis-une-remorque-tautliner-aux-lyceens-bac-pro-conducteur-transport-routier-a-mayenne\/\" target=\"_blank\" rel=\"noopener\">https:\/\/www.transports-coue.fr\/fr\/transports-coue-a-remis-une-remorque-tautliner-aux-lyceens-bac-pro-conducteur-transport-routier-a-mayenne\/<\/a><\/p>\n<p data-prosemirror-content-type=\"node\" data-prosemirror-node-name=\"paragraph\" data-prosemirror-node-block=\"true\">#Logistique #TransportRoutier #Formation #Orientation<\/p>\n<\/div><span class=\"post-meta-infos\"><time class=\"date-container minor-meta updated\"  itemprop=\"datePublished\" datetime=\"2026-04-09T09:40:49+02:00\" >9 avril 2026<\/time><span class=\"text-sep\">\/<\/span><span class=\"blog-author minor-meta\">par <span class=\"entry-author-link\"  itemprop=\"author\" ><span class=\"author\"><span class=\"fn\"><a href=\"https:\/\/www.transports-coue.fr\/fr\/author\/transports-coue\/\" title=\"Articles par Transports Cou\u00e9\" rel=\"author\">Transports Cou\u00e9<\/a><\/span><\/span><\/span><\/span><\/span><footer class=\"entry-footer\"><\/footer><div class='post_delimiter'><\/div><\/div><div class=\"post_author_timeline\"><\/div><span class='hidden'>\n\t\t\t\t<span class='av-structured-data'  itemprop=\"image\" itemscope=\"itemscope\" itemtype=\"https:\/\/schema.org\/ImageObject\" >\n\t\t\t\t\t\t<span itemprop='url'>https:\/\/www.transports-coue.fr\/wp-content\/uploads\/2026\/04\/groupe-coue-trm-intervention-ecole-college-et-filiere-transport-logistique-web.webp<\/span>\n\t\t\t\t\t\t<span itemprop='height'>321<\/span>\n\t\t\t\t\t\t<span itemprop='width'>845<\/span>\n\t\t\t\t<\/span>\n\t\t\t\t<span class='av-structured-data'  itemprop=\"publisher\" itemtype=\"https:\/\/schema.org\/Organization\" itemscope=\"itemscope\" >\n\t\t\t\t\t\t<span itemprop='name'>Transports Cou\u00e9<\/span>\n\t\t\t\t\t\t<span itemprop='logo' itemscope itemtype='https:\/\/schema.org\/ImageObject'>\n\t\t\t\t\t\t\t<span itemprop='url'>https:\/\/www.transports-coue.fr\/wp-content\/uploads\/2018\/10\/Logo-transports-coue-300x119.png<\/span>\n\t\t\t\t\t\t<\/span>\n\t\t\t\t<\/span><span class='av-structured-data'  itemprop=\"author\" itemscope=\"itemscope\" itemtype=\"https:\/\/schema.org\/Person\" ><span itemprop='name'>Transports Cou\u00e9<\/span><\/span><span class='av-structured-data'  itemprop=\"datePublished\" datetime=\"2026-04-09T09:40:49+02:00\" >2026-04-09 09:40:49<\/span><span class='av-structured-data'  itemprop=\"dateModified\" itemtype=\"https:\/\/schema.org\/dateModified\" >2026-04-09 09:51:28<\/span><span class='av-structured-data'  itemprop=\"mainEntityOfPage\" itemtype=\"https:\/\/schema.org\/mainEntityOfPage\" ><span itemprop='name'>Rencontre avec les jeunes : comment le Groupe Cou\u00e9 TRM pr\u00e9pare l\u2019avenir du transport routier ?<\/span><\/span><\/span><\/article><article class=\"post-entry post-entry-type-standard post-entry-13452 post-loop-3 post-parity-odd single-big with-slider post-13452 post type-post status-publish format-standard has-post-thumbnail hentry category-actualites category-partenariats\"  itemscope=\"itemscope\" itemtype=\"https:\/\/schema.org\/BlogPosting\" ><div class=\"blog-meta\"><\/div><div class='entry-content-wrapper clearfix standard-content'><header class=\"entry-content-header\" aria-label=\"Articles : Micka\u00ebl, Conducteur Routier chez Transports Cou\u00e9, t\u00e9moigne sur son m\u00e9tier indispensable dans ICI Mayenne  !\"><div class=\"av-heading-wrapper\"><h2 class='post-title entry-title '  itemprop=\"headline\" ><a href=\"https:\/\/www.transports-coue.fr\/fr\/mickael-conducteur-routier-chez-transports-coue-temoigne-sur-son-metier-indispensable-dans-ici-mayenne\/\" rel=\"bookmark\" title=\"Lien permanent : Micka\u00ebl, Conducteur Routier chez Transports Cou\u00e9, t\u00e9moigne sur son m\u00e9tier indispensable dans ICI Mayenne  !\">Micka\u00ebl, Conducteur Routier chez Transports Cou\u00e9, t\u00e9moigne sur son m\u00e9tier indispensable dans ICI Mayenne  !<span class=\"post-format-icon minor-meta\"><\/span><\/a><\/h2><span class=\"blog-categories minor-meta\"><a href=\"https:\/\/www.transports-coue.fr\/fr\/category\/actualites\/\" rel=\"tag\">Actualit\u00e9s<\/a>, <a href=\"https:\/\/www.transports-coue.fr\/fr\/category\/actualites\/partenariats\/\" rel=\"tag\">Partenariats<\/a><\/span><\/div><\/header><span class=\"av-vertical-delimiter\"><\/span><div class=\"big-preview single-big\"  itemprop=\"image\" itemscope=\"itemscope\" itemtype=\"https:\/\/schema.org\/ImageObject\" ><a href=\"https:\/\/www.transports-coue.fr\/fr\/mickael-conducteur-routier-chez-transports-coue-temoigne-sur-son-metier-indispensable-dans-ici-mayenne\/\"  title=\"groupe-coue-mickael-conducteur-dans-ici-mayenne-web\" ><img decoding=\"async\" fetchpriority=\"high\" width=\"845\" height=\"321\" src=\"https:\/\/www.transports-coue.fr\/wp-content\/uploads\/2026\/01\/groupe-coue-mickael-conducteur-dans-ici-mayenne-web.webp\" class=\"wp-image-13453 avia-img-lazy-loading-not-13453 attachment-entry_without_sidebar size-entry_without_sidebar wp-post-image\" alt=\"Camion Transports Cou\u00e9 sur route et conducteur routier en cabine, illustration du r\u00f4le cl\u00e9 du transport et de la logistique\" srcset=\"https:\/\/www.transports-coue.fr\/wp-content\/uploads\/2026\/01\/groupe-coue-mickael-conducteur-dans-ici-mayenne-web.webp 845w, https:\/\/www.transports-coue.fr\/wp-content\/uploads\/2026\/01\/groupe-coue-mickael-conducteur-dans-ici-mayenne-web-300x114.webp 300w, https:\/\/www.transports-coue.fr\/wp-content\/uploads\/2026\/01\/groupe-coue-mickael-conducteur-dans-ici-mayenne-web-80x30.webp 80w, https:\/\/www.transports-coue.fr\/wp-content\/uploads\/2026\/01\/groupe-coue-mickael-conducteur-dans-ici-mayenne-web-768x292.webp 768w, https:\/\/www.transports-coue.fr\/wp-content\/uploads\/2026\/01\/groupe-coue-mickael-conducteur-dans-ici-mayenne-web-705x268.webp 705w\" sizes=\"(max-width: 845px) 100vw, 845px\" \/><\/a><\/div><div class=\"entry-content\"  itemprop=\"text\" ><p data-prosemirror-content-type=\"node\" data-prosemirror-node-name=\"paragraph\" data-prosemirror-node-block=\"true\" data-pm-slice=\"1 1 []\">Mise en lumi\u00e8re de notre m\u00e9tier essentiel !<\/p>\n<p data-prosemirror-content-type=\"node\" data-prosemirror-node-name=\"paragraph\" data-prosemirror-node-block=\"true\">Pendant que nous c\u00e9l\u00e9brions les f\u00eates, des <strong>Conducteurs Routiers<\/strong> roulaient par tous les temps pour que les rayons des grandes surfaces restent pleins et que nous puissions profiter de bons repas.<\/p>\n<p data-prosemirror-content-type=\"node\" data-prosemirror-node-name=\"paragraph\" data-prosemirror-node-block=\"true\">Micka\u00ebl, conducteur de notre activit\u00e9 <a href=\"https:\/\/www.transports-coue.fr\/fr\/transport\/temperature-dirigee\/\" target=\"_blank\" rel=\"noopener\">Temp\u00e9rature Dirig\u00e9e<\/a> chez Transports Cou\u00e9, a t\u00e9moign\u00e9 le 29 d\u00e9cembre au micro d\u2019<a href=\"https:\/\/www.francebleu.fr\/radio\/mayenne\" target=\"_blank\" rel=\"noopener\">Ici Mayenne<\/a> dans l\u2019\u00e9mission \u00ab Sans eux, les f\u00eates seraient moins belles \u00bb.<\/p>\n<p data-prosemirror-content-type=\"node\" data-prosemirror-node-name=\"paragraph\" data-prosemirror-node-block=\"true\">L&rsquo;interview :<br \/>\n<a href=\"https:\/\/www.francebleu.fr\/emissions\/l-info-d-ici-ici-mayenne\/on-nourrit-les-gens-c-est-un-plaisir-de-rouler-meme-pendant-les-fetes-temoigne-un-chauffeur-routier-en-mayenne-3458413\" target=\"_blank\" rel=\"noopener\">https:\/\/www.francebleu.fr\/emissions\/l-info-d-ici-ici-mayenne\/on-nourrit-les-gens-c-est-un-plaisir-de-rouler-meme-pendant-les-fetes-temoigne-un-chauffeur-routier-en-mayenne-3458413<\/a><\/p>\n<p data-prosemirror-content-type=\"node\" data-prosemirror-node-name=\"paragraph\" data-prosemirror-node-block=\"true\">\u00c0 travers son t\u00e9moignage, il rappelle une r\u00e9alit\u00e9 simple mais essentielle\u00a0:<\/p>\n<ul>\n<li data-prosemirror-content-type=\"node\" data-prosemirror-node-name=\"paragraph\" data-prosemirror-node-block=\"true\">le transport routier est un maillon indispensable du quotidien<\/li>\n<li data-prosemirror-content-type=\"node\" data-prosemirror-node-name=\"paragraph\" data-prosemirror-node-block=\"true\">m\u00eame les jours f\u00e9ri\u00e9s, m\u00eame pendant les f\u00eates, la cha\u00eene ne s\u2019arr\u00eate pas<\/li>\n<\/ul>\n<p data-prosemirror-content-type=\"node\" data-prosemirror-node-name=\"paragraph\" data-prosemirror-node-block=\"true\">Derri\u00e8re chaque livraison, se mobilisent des Conducteurs Routiers, des \u00e9quipes d&rsquo;Exploitation, de Quai et de Logistique engag\u00e9s pour que tout fonctionne !<\/p>\n<p data-prosemirror-content-type=\"node\" data-prosemirror-node-name=\"paragraph\" data-prosemirror-node-block=\"true\">Merci \u00e0 toutes nos \u00e9quipes et \u00e0 Ici Mayenne pour ce regard port\u00e9 sur des m\u00e9tiers indispensables !<\/p>\n<p data-prosemirror-content-type=\"node\" data-prosemirror-node-name=\"paragraph\" data-prosemirror-node-block=\"true\">#FiersDeNotreM\u00e9rtier #ConducteurRoutier #TransportRoutier #Logistique #Mayenne #IciMayenne #Interview<\/p>\n<\/div><span class=\"post-meta-infos\"><time class=\"date-container minor-meta updated\"  itemprop=\"datePublished\" datetime=\"2026-01-15T09:09:35+01:00\" >15 janvier 2026<\/time><span class=\"text-sep\">\/<\/span><span class=\"blog-author minor-meta\">par <span class=\"entry-author-link\"  itemprop=\"author\" ><span class=\"author\"><span class=\"fn\"><a href=\"https:\/\/www.transports-coue.fr\/fr\/author\/transports-coue\/\" title=\"Articles par Transports Cou\u00e9\" rel=\"author\">Transports Cou\u00e9<\/a><\/span><\/span><\/span><\/span><\/span><footer class=\"entry-footer\"><\/footer><div class='post_delimiter'><\/div><\/div><div class=\"post_author_timeline\"><\/div><span class='hidden'>\n\t\t\t\t<span class='av-structured-data'  itemprop=\"image\" itemscope=\"itemscope\" itemtype=\"https:\/\/schema.org\/ImageObject\" >\n\t\t\t\t\t\t<span itemprop='url'>https:\/\/www.transports-coue.fr\/wp-content\/uploads\/2026\/01\/groupe-coue-mickael-conducteur-dans-ici-mayenne-web.webp<\/span>\n\t\t\t\t\t\t<span itemprop='height'>321<\/span>\n\t\t\t\t\t\t<span itemprop='width'>845<\/span>\n\t\t\t\t<\/span>\n\t\t\t\t<span class='av-structured-data'  itemprop=\"publisher\" itemtype=\"https:\/\/schema.org\/Organization\" itemscope=\"itemscope\" >\n\t\t\t\t\t\t<span itemprop='name'>Transports Cou\u00e9<\/span>\n\t\t\t\t\t\t<span itemprop='logo' itemscope itemtype='https:\/\/schema.org\/ImageObject'>\n\t\t\t\t\t\t\t<span itemprop='url'>https:\/\/www.transports-coue.fr\/wp-content\/uploads\/2018\/10\/Logo-transports-coue-300x119.png<\/span>\n\t\t\t\t\t\t<\/span>\n\t\t\t\t<\/span><span class='av-structured-data'  itemprop=\"author\" itemscope=\"itemscope\" itemtype=\"https:\/\/schema.org\/Person\" ><span itemprop='name'>Transports Cou\u00e9<\/span><\/span><span class='av-structured-data'  itemprop=\"datePublished\" datetime=\"2026-01-15T09:09:35+01:00\" >2026-01-15 09:09:35<\/span><span class='av-structured-data'  itemprop=\"dateModified\" itemtype=\"https:\/\/schema.org\/dateModified\" >2026-04-02 09:45:06<\/span><span class='av-structured-data'  itemprop=\"mainEntityOfPage\" itemtype=\"https:\/\/schema.org\/mainEntityOfPage\" ><span itemprop='name'>Micka\u00ebl, Conducteur Routier chez Transports Cou\u00e9, t\u00e9moigne sur son m\u00e9tier indispensable dans ICI Mayenne  !<\/span><\/span><\/span><\/article><article class=\"post-entry post-entry-type-standard post-entry-12254 post-loop-4 post-parity-even single-big with-slider post-12254 post type-post status-publish format-standard has-post-thumbnail hentry category-actualites category-evenements category-evenements-logistique category-partenariats\"  itemscope=\"itemscope\" itemtype=\"https:\/\/schema.org\/BlogPosting\" ><div class=\"blog-meta\"><\/div><div class='entry-content-wrapper clearfix standard-content'><header class=\"entry-content-header\" aria-label=\"Articles : Participation au Top Transport Europe 2025 : 2 jours d&rsquo;\u00e9changes sur vos projets Transport &amp; Logistique\"><div class=\"av-heading-wrapper\"><h2 class='post-title entry-title '  itemprop=\"headline\" ><a href=\"https:\/\/www.transports-coue.fr\/fr\/participation-au-top-transport-europe-2025-2-jours-dechanges-sur-vos-projets-transport-logistique\/\" rel=\"bookmark\" title=\"Lien permanent : Participation au Top Transport Europe 2025 : 2 jours d&rsquo;\u00e9changes sur vos projets Transport &amp; Logistique\">Participation au Top Transport Europe 2025 : 2 jours d&rsquo;\u00e9changes sur vos projets Transport &amp; Logistique<span class=\"post-format-icon minor-meta\"><\/span><\/a><\/h2><span class=\"blog-categories minor-meta\"><a href=\"https:\/\/www.transports-coue.fr\/fr\/category\/actualites\/\" rel=\"tag\">Actualit\u00e9s<\/a>, <a href=\"https:\/\/www.transports-coue.fr\/fr\/category\/actualites\/evenements\/\" rel=\"tag\">Ev\u00e9nements<\/a>, <a href=\"https:\/\/www.transports-coue.fr\/fr\/category\/actualites\/evenements\/evenements-logistique\/\" rel=\"tag\">Ev\u00e9nements Logistique<\/a>, <a href=\"https:\/\/www.transports-coue.fr\/fr\/category\/actualites\/partenariats\/\" rel=\"tag\">Partenariats<\/a><\/span><\/div><\/header><span class=\"av-vertical-delimiter\"><\/span><div class=\"big-preview single-big\"  itemprop=\"image\" itemscope=\"itemscope\" itemtype=\"https:\/\/schema.org\/ImageObject\" ><a href=\"https:\/\/www.transports-coue.fr\/fr\/participation-au-top-transport-europe-2025-2-jours-dechanges-sur-vos-projets-transport-logistique\/\"  title=\"groupe-coue-trm-top-transport-2025-otms-rdv-projets-transport-logistique\" ><img decoding=\"async\" fetchpriority=\"high\" width=\"1210\" height=\"423\" src=\"https:\/\/www.transports-coue.fr\/wp-content\/uploads\/2025\/09\/groupe-coue-trm-top-transport-2025-otms-rdv-projets-transport-logistique-1210x423.webp\" class=\"wp-image-12256 avia-img-lazy-loading-not-12256 attachment-entry_without_sidebar size-entry_without_sidebar wp-post-image\" alt=\"\u00c9v\u00e9nement Top Transport Europe 2025 Marseille \u2013 Rendez-vous transport &amp; logistique avec Cou\u00e9 TRM et OTMS stand V300\" \/><\/a><\/div><div class=\"entry-content\"  itemprop=\"text\" ><p><strong>Top Transport Europe 2025<\/strong>\u00a0: c&rsquo;est le 15 et 16 octobre !<\/p>\n<p>Chaque ann\u00e9e, Top Transport Europe est <strong>L&rsquo;EVENEMENT PHARE<\/strong> pour <strong>VOUS<\/strong> rencontrer via des <strong>RDV planifi\u00e9s, cibl\u00e9s et efficaces.<\/strong><\/p>\n<p>2 jours d&rsquo;\u00e9changes d\u00e9di\u00e9s \u00e0 <strong>vos projets Transport &amp; <a href=\"https:\/\/www.transports-coue.fr\/fr\/logistique\/generale\/\" target=\"_blank\" rel=\"noopener\">Logistique<\/a><\/strong> o\u00f9 nous identifions ensemble vos probl\u00e9matiques et vous apportons notre expertise et nos solutions adapt\u00e9es, durables et comp\u00e9titives face aux d\u00e9fis de demain.<\/p>\n<p>Retrouvez-nous \u00e0 Marseille \u2013 Palais du Pharo, sur le stand V300 avec notre partenaires OTMS !<\/p>\n<p>Envie d&rsquo;en savoir plus sur Top Transport Europe et son concept <strong>efficace :<\/strong><br \/>\n<a href=\"https:\/\/www.toptransporteurope.com\/\" target=\"_blank\" rel=\"noopener\">https:\/\/www.toptransporteurope.com\/<\/a><\/p>\n<p>Demandez votre invitation<br \/>\n<a class=\"x1fey0fg xmper1u x1edh9d7\" href=\"https:\/\/dweb.typeform.com\/to\/htVC1js1?utm_source=paid-media&amp;utm_medium=cpc&amp;utm_campaign=marque&amp;typeform-source=www.toptransporteurope.com\" target=\"_blank\" rel=\"noopener\">https:\/\/dweb.typeform.com\/to\/htVC1js1?utm_source=paid-media&amp;utm_medium=cpc&amp;utm_campaign=marque&amp;typeform-source=www.toptransporteurope.com<\/a><\/p>\n<p>A tr\u00e8s vite !<\/p>\n<p>#TTE25 #TopTransportEurope #TransportRoutier #Logistique #SupplyChain #BusinessMeeting<\/p>\n<\/div><span class=\"post-meta-infos\"><time class=\"date-container minor-meta updated\"  itemprop=\"datePublished\" datetime=\"2025-09-12T11:56:18+02:00\" >12 septembre 2025<\/time><span class=\"text-sep\">\/<\/span><span class=\"blog-author minor-meta\">par <span class=\"entry-author-link\"  itemprop=\"author\" ><span class=\"author\"><span class=\"fn\"><a href=\"https:\/\/www.transports-coue.fr\/fr\/author\/transports-coue\/\" title=\"Articles par Transports Cou\u00e9\" rel=\"author\">Transports Cou\u00e9<\/a><\/span><\/span><\/span><\/span><\/span><footer class=\"entry-footer\"><\/footer><div class='post_delimiter'><\/div><\/div><div class=\"post_author_timeline\"><\/div><span class='hidden'>\n\t\t\t\t<span class='av-structured-data'  itemprop=\"image\" itemscope=\"itemscope\" itemtype=\"https:\/\/schema.org\/ImageObject\" >\n\t\t\t\t\t\t<span itemprop='url'>https:\/\/www.transports-coue.fr\/wp-content\/uploads\/2025\/09\/groupe-coue-trm-top-transport-2025-otms-rdv-projets-transport-logistique.webp<\/span>\n\t\t\t\t\t\t<span itemprop='height'>642<\/span>\n\t\t\t\t\t\t<span itemprop='width'>1690<\/span>\n\t\t\t\t<\/span>\n\t\t\t\t<span class='av-structured-data'  itemprop=\"publisher\" itemtype=\"https:\/\/schema.org\/Organization\" itemscope=\"itemscope\" >\n\t\t\t\t\t\t<span itemprop='name'>Transports Cou\u00e9<\/span>\n\t\t\t\t\t\t<span itemprop='logo' itemscope itemtype='https:\/\/schema.org\/ImageObject'>\n\t\t\t\t\t\t\t<span itemprop='url'>https:\/\/www.transports-coue.fr\/wp-content\/uploads\/2018\/10\/Logo-transports-coue-300x119.png<\/span>\n\t\t\t\t\t\t<\/span>\n\t\t\t\t<\/span><span class='av-structured-data'  itemprop=\"author\" itemscope=\"itemscope\" itemtype=\"https:\/\/schema.org\/Person\" ><span itemprop='name'>Transports Cou\u00e9<\/span><\/span><span class='av-structured-data'  itemprop=\"datePublished\" datetime=\"2025-09-12T11:56:18+02:00\" >2025-09-12 11:56:18<\/span><span class='av-structured-data'  itemprop=\"dateModified\" itemtype=\"https:\/\/schema.org\/dateModified\" >2025-10-17 18:32:10<\/span><span class='av-structured-data'  itemprop=\"mainEntityOfPage\" itemtype=\"https:\/\/schema.org\/mainEntityOfPage\" ><span itemprop='name'>Participation au Top Transport Europe 2025 : 2 jours d&rsquo;\u00e9changes sur vos projets Transport &amp; Logistique<\/span><\/span><\/span><\/article><article class=\"post-entry post-entry-type-standard post-entry-11793 post-loop-5 post-parity-odd single-big with-slider post-11793 post type-post status-publish format-standard has-post-thumbnail hentry category-actualites category-developpement category-developpement-logistique category-developpement-overseas category-developpement-transport-containers category-partenariats\"  itemscope=\"itemscope\" itemtype=\"https:\/\/schema.org\/BlogPosting\" ><div class=\"blog-meta\"><\/div><div class='entry-content-wrapper clearfix standard-content'><header class=\"entry-content-header\" aria-label=\"Articles : Groupe Cou\u00e9, futur op\u00e9rateur engag\u00e9 dans le projet Rail-Route de Laval (53)\"><div class=\"av-heading-wrapper\"><h2 class='post-title entry-title '  itemprop=\"headline\" ><a href=\"https:\/\/www.transports-coue.fr\/fr\/groupe-coue-futur-operateur-engage-dans-le-projet-rail-route-de-laval-53\/\" rel=\"bookmark\" title=\"Lien permanent : Groupe Cou\u00e9, futur op\u00e9rateur engag\u00e9 dans le projet Rail-Route de Laval (53)\">Groupe Cou\u00e9, futur op\u00e9rateur engag\u00e9 dans le projet Rail-Route de Laval (53)<span class=\"post-format-icon minor-meta\"><\/span><\/a><\/h2><span class=\"blog-categories minor-meta\"><a href=\"https:\/\/www.transports-coue.fr\/fr\/category\/actualites\/\" rel=\"tag\">Actualit\u00e9s<\/a>, <a href=\"https:\/\/www.transports-coue.fr\/fr\/category\/actualites\/developpement\/\" rel=\"tag\">D\u00e9veloppement<\/a>, <a href=\"https:\/\/www.transports-coue.fr\/fr\/category\/actualites\/developpement\/developpement-logistique\/\" rel=\"tag\">D\u00e9veloppement Logistique<\/a>, <a href=\"https:\/\/www.transports-coue.fr\/fr\/category\/actualites\/developpement\/developpement-overseas\/\" rel=\"tag\">D\u00e9veloppement Overseas<\/a>, <a href=\"https:\/\/www.transports-coue.fr\/fr\/category\/actualites\/developpement\/developpement-transport-containers\/\" rel=\"tag\">D\u00e9veloppement Transport Containers<\/a>, <a href=\"https:\/\/www.transports-coue.fr\/fr\/category\/actualites\/partenariats\/\" rel=\"tag\">Partenariats<\/a><\/span><\/div><\/header><span class=\"av-vertical-delimiter\"><\/span><div class=\"big-preview single-big\"  itemprop=\"image\" itemscope=\"itemscope\" itemtype=\"https:\/\/schema.org\/ImageObject\" ><a href=\"https:\/\/www.transports-coue.fr\/fr\/groupe-coue-futur-operateur-engage-dans-le-projet-rail-route-de-laval-53\/\"  title=\"Groupe-coue-trm-projet-rail-route-plateforme-multimodale-presentation-acteurs\" ><img decoding=\"async\" fetchpriority=\"high\" width=\"1210\" height=\"423\" src=\"https:\/\/www.transports-coue.fr\/wp-content\/uploads\/2025\/03\/Groupe-coue-trm-projet-rail-route-plateforme-multimodale-presentation-acteurs-1210x423.webp\" class=\"wp-image-11795 avia-img-lazy-loading-not-11795 attachment-entry_without_sidebar size-entry_without_sidebar wp-post-image\" alt=\"Projet multimodale rail route de Laval 53\" \/><\/a><\/div><div class=\"entry-content\"  itemprop=\"text\" ><p data-renderer-start-pos=\"23\">\ud83d\ude86\ud83c\udf31 Groupe Cou\u00e9, futur op\u00e9rateur engag\u00e9 dans le projet Rail Route de Laval (53)<\/p>\n<p data-renderer-start-pos=\"105\">Retour en photos sur notre participation ce 20 mars \u00e0 la pr\u00e9sentation du projet de construction et de gestion d&rsquo;ici 2026 de la <strong>plateforme de transport multimodale Rail Route<\/strong>, une initiative ambitieuse port\u00e9e par <a class=\"css-1rn59kg\" title=\"https:\/\/www.laval-economie.fr\/\" href=\"https:\/\/www.laval-economie.fr\/\" target=\"_blank\" rel=\"noopener\" data-testid=\"link-with-safety\" data-renderer-mark=\"true\">Laval \u00c9conomie<\/a>, <a class=\"css-1rn59kg\" title=\"https:\/\/www.agglo-laval.fr\/accueil\" href=\"https:\/\/www.agglo-laval.fr\/accueil\" target=\"_blank\" rel=\"noopener\" data-testid=\"link-with-safety\" data-renderer-mark=\"true\">Laval Agglom\u00e9ration<\/a>, le Groupe Charles Andr\u00e9 CGA, et men\u00e9e en collaboration avec les soci\u00e9t\u00e9s Transports BREGER et Lahaye Global Logistics.<\/p>\n<p data-renderer-start-pos=\"502\">\ud83d\udccd Situ\u00e9e \u00e0 Saint Berthevin (53), cette future plateforme multimodale permettra aux semi-remorques de monter directement sur les trains, offrant une solution logistique innovante et contribuant activement \u00e0 la d\u00e9carbonation du transport. En r\u00e9duisant significativement les \u00e9missions de CO\u2082, ce projet marque une avanc\u00e9e majeure vers une supply chain plus respectueuse de l\u2019environnement.<\/p>\n<p data-renderer-start-pos=\"907\">\ud83c\udf0d Une expertise d\u00e9j\u00e0 \u00e9prouv\u00e9e<br \/>\nNotre engagement en faveur du report modal ne date pas d\u2019hier ! En 2012, nous avons d\u00e9j\u00e0 particip\u00e9 au d\u00e9veloppement du terminal de Rennes, reliant l\u2019Ouest de la France au Sud-Est par rail. Cette exp\u00e9rience nous conf\u00e8re une solide ma\u00eetrise des enjeux et des solutions pour une logistique multimodale performante.<\/p>\n<p data-renderer-start-pos=\"1251\">\ud83d\ude9b \ud83d\udef3\u2708\ufe0f Un op\u00e9rateur global au service de la transition logistique<br \/>\nGr\u00e2ce \u00e0 nos activit\u00e9s compl\u00e9mentaires \u2013 transport de containers, transport routier, entrep\u00f4ts logistiques et services import\/export <a class=\"css-1rn59kg\" title=\"https:\/\/www.linkedin.com\/company\/sotecan\/\" href=\"https:\/\/www.transports-coue.fr\/fr\/import-export\/\" target=\"_blank\" rel=\"noopener\" data-testid=\"link-with-safety\" data-renderer-mark=\"true\">SOTECAN INTERNATIONAL<\/a> avec un p\u00f4le d\u00e9di\u00e9 au d\u00e9douanement (OEA) \u2013 nous accompagnons nos clients vers des solutions globales et durables, adapt\u00e9es aux d\u00e9fis du transport de demain.<\/p>\n<p data-renderer-start-pos=\"1630\">Merci \u00e0 tous nos clients et partenaires pour leur engagement dans cette belle aventure ! \ud83d\ude86\ud83d\udca1<\/p>\n<p data-renderer-start-pos=\"1725\">#LogistiqueDurable #Multimodal #TransportFerroviaire #RailRoute #ReportModal #Transition\u00c9cologique #Innovation #GroupeCou\u00e9 #Mayenne #Laval<\/p>\n<p data-renderer-start-pos=\"1725\"><img loading=\"lazy\" decoding=\"async\" class=\"alignnone wp-image-11797 size-full\" src=\"https:\/\/www.transports-coue.fr\/wp-content\/uploads\/2025\/03\/Groupe-coue-trm-projet-rail-route-plateforme-multimodale-remorque-rail-road-scaled.webp\" alt=\"Camion Rail Route Groupe Cou\u00e9\" width=\"2560\" height=\"1440\" srcset=\"https:\/\/www.transports-coue.fr\/wp-content\/uploads\/2025\/03\/Groupe-coue-trm-projet-rail-route-plateforme-multimodale-remorque-rail-road-scaled.webp 2560w, https:\/\/www.transports-coue.fr\/wp-content\/uploads\/2025\/03\/Groupe-coue-trm-projet-rail-route-plateforme-multimodale-remorque-rail-road-300x169.webp 300w, https:\/\/www.transports-coue.fr\/wp-content\/uploads\/2025\/03\/Groupe-coue-trm-projet-rail-route-plateforme-multimodale-remorque-rail-road-1030x579.webp 1030w, https:\/\/www.transports-coue.fr\/wp-content\/uploads\/2025\/03\/Groupe-coue-trm-projet-rail-route-plateforme-multimodale-remorque-rail-road-80x45.webp 80w, https:\/\/www.transports-coue.fr\/wp-content\/uploads\/2025\/03\/Groupe-coue-trm-projet-rail-route-plateforme-multimodale-remorque-rail-road-768x432.webp 768w, https:\/\/www.transports-coue.fr\/wp-content\/uploads\/2025\/03\/Groupe-coue-trm-projet-rail-route-plateforme-multimodale-remorque-rail-road-1536x864.webp 1536w, https:\/\/www.transports-coue.fr\/wp-content\/uploads\/2025\/03\/Groupe-coue-trm-projet-rail-route-plateforme-multimodale-remorque-rail-road-2048x1152.webp 2048w, https:\/\/www.transports-coue.fr\/wp-content\/uploads\/2025\/03\/Groupe-coue-trm-projet-rail-route-plateforme-multimodale-remorque-rail-road-1500x844.webp 1500w, https:\/\/www.transports-coue.fr\/wp-content\/uploads\/2025\/03\/Groupe-coue-trm-projet-rail-route-plateforme-multimodale-remorque-rail-road-705x397.webp 705w\" sizes=\"auto, (max-width: 2560px) 100vw, 2560px\" \/><\/p>\n<\/div><span class=\"post-meta-infos\"><time class=\"date-container minor-meta updated\"  itemprop=\"datePublished\" datetime=\"2025-03-24T17:23:17+01:00\" >24 mars 2025<\/time><span class=\"text-sep\">\/<\/span><span class=\"blog-author minor-meta\">par <span class=\"entry-author-link\"  itemprop=\"author\" ><span class=\"author\"><span class=\"fn\"><a href=\"https:\/\/www.transports-coue.fr\/fr\/author\/transports-coue\/\" title=\"Articles par Transports Cou\u00e9\" rel=\"author\">Transports Cou\u00e9<\/a><\/span><\/span><\/span><\/span><\/span><footer class=\"entry-footer\"><\/footer><div class='post_delimiter'><\/div><\/div><div class=\"post_author_timeline\"><\/div><span class='hidden'>\n\t\t\t\t<span class='av-structured-data'  itemprop=\"image\" itemscope=\"itemscope\" itemtype=\"https:\/\/schema.org\/ImageObject\" >\n\t\t\t\t\t\t<span itemprop='url'>https:\/\/www.transports-coue.fr\/wp-content\/uploads\/2025\/03\/Groupe-coue-trm-projet-rail-route-plateforme-multimodale-presentation-acteurs.webp<\/span>\n\t\t\t\t\t\t<span itemprop='height'>642<\/span>\n\t\t\t\t\t\t<span itemprop='width'>1690<\/span>\n\t\t\t\t<\/span>\n\t\t\t\t<span class='av-structured-data'  itemprop=\"publisher\" itemtype=\"https:\/\/schema.org\/Organization\" itemscope=\"itemscope\" >\n\t\t\t\t\t\t<span itemprop='name'>Transports Cou\u00e9<\/span>\n\t\t\t\t\t\t<span itemprop='logo' itemscope itemtype='https:\/\/schema.org\/ImageObject'>\n\t\t\t\t\t\t\t<span itemprop='url'>https:\/\/www.transports-coue.fr\/wp-content\/uploads\/2018\/10\/Logo-transports-coue-300x119.png<\/span>\n\t\t\t\t\t\t<\/span>\n\t\t\t\t<\/span><span class='av-structured-data'  itemprop=\"author\" itemscope=\"itemscope\" itemtype=\"https:\/\/schema.org\/Person\" ><span itemprop='name'>Transports Cou\u00e9<\/span><\/span><span class='av-structured-data'  itemprop=\"datePublished\" datetime=\"2025-03-24T17:23:17+01:00\" >2025-03-24 17:23:17<\/span><span class='av-structured-data'  itemprop=\"dateModified\" itemtype=\"https:\/\/schema.org\/dateModified\" >2025-05-06 09:35:56<\/span><span class='av-structured-data'  itemprop=\"mainEntityOfPage\" itemtype=\"https:\/\/schema.org\/mainEntityOfPage\" ><span itemprop='name'>Groupe Cou\u00e9, futur op\u00e9rateur engag\u00e9 dans le projet Rail-Route de Laval (53)<\/span><\/span><\/span><\/article><article class=\"post-entry post-entry-type-standard post-entry-9615 post-loop-6 post-parity-even single-big with-slider post-9615 post type-post status-publish format-standard has-post-thumbnail hentry category-actualites category-partenariats\"  itemscope=\"itemscope\" itemtype=\"https:\/\/schema.org\/BlogPosting\" ><div class=\"blog-meta\"><\/div><div class='entry-content-wrapper clearfix standard-content'><header class=\"entry-content-header\" aria-label=\"Articles : Exercices des Sapeurs Pompiers SDIS 53 au sein de notre plateforme Logistique ICPE\"><div class=\"av-heading-wrapper\"><h2 class='post-title entry-title '  itemprop=\"headline\" ><a href=\"https:\/\/www.transports-coue.fr\/fr\/exercices-des-sapeurs-pompiers-sdis-53-au-sein-de-notre-plateforme-logistique-icpe\/\" rel=\"bookmark\" title=\"Lien permanent : Exercices des Sapeurs Pompiers SDIS 53 au sein de notre plateforme Logistique ICPE\">Exercices des Sapeurs Pompiers SDIS 53 au sein de notre plateforme Logistique ICPE<span class=\"post-format-icon minor-meta\"><\/span><\/a><\/h2><span class=\"blog-categories minor-meta\"><a href=\"https:\/\/www.transports-coue.fr\/fr\/category\/actualites\/\" rel=\"tag\">Actualit\u00e9s<\/a>, <a href=\"https:\/\/www.transports-coue.fr\/fr\/category\/actualites\/partenariats\/\" rel=\"tag\">Partenariats<\/a><\/span><\/div><\/header><span class=\"av-vertical-delimiter\"><\/span><div class=\"big-preview single-big\"  itemprop=\"image\" itemscope=\"itemscope\" itemtype=\"https:\/\/schema.org\/ImageObject\" ><a href=\"https:\/\/www.transports-coue.fr\/fr\/exercices-des-sapeurs-pompiers-sdis-53-au-sein-de-notre-plateforme-logistique-icpe\/\"  title=\"logistique-coue-exercices-sapeurs-pompiers-web\" ><img decoding=\"async\" fetchpriority=\"high\" width=\"1210\" height=\"423\" src=\"https:\/\/www.transports-coue.fr\/wp-content\/uploads\/2023\/11\/logistique-coue-exercices-sapeurs-pompiers-web-1210x423.webp\" class=\"wp-image-9617 avia-img-lazy-loading-not-9617 attachment-entry_without_sidebar size-entry_without_sidebar wp-post-image\" alt=\"Exercices sapeurs pompiers dans notre logistique ICPE\" \/><\/a><\/div><div class=\"entry-content\"  itemprop=\"text\" ><p data-pm-slice=\"1 1 []\">\ud83d\udea8 Dans le cadre de la Convention de mise \u00e0 disposition de notre entrep\u00f4t <a href=\"https:\/\/www.transports-coue.fr\/fr\/logistique\/generale\/\" target=\"_blank\" rel=\"noopener\">Logistique class\u00e9 ICPE<\/a> (Installation Class\u00e9e Protection de l&rsquo;Environnement \ud83c\udf0d) avec les <a href=\"https:\/\/www.sdis53.fr\/\" target=\"_blank\" rel=\"noopener\">Sapeurs-Pompiers de Laval<\/a> (53, Mayenne), ces derniers ont pu de nouveau fin octobre s\u2019exercer dans des conditions r\u00e9elles d\u2019intervention \ud83d\udcf8.<\/p>\n<p>La <strong>pr\u00e9vention<\/strong> des risques incendie dans notre entrep\u00f4t de stockage de mati\u00e8res dangereuses est un <strong>enjeu majeur<\/strong> pour r\u00e9pondre \u00e0 la s\u00e9curit\u00e9 de nos \u00e9quipes, des biens et de l&rsquo;environnement\ud83c\udf31<\/p>\n<p>Nous sommes donc ravis de leur ouvrir nos portes plusieurs fois par an.<\/p>\n<p><img loading=\"lazy\" decoding=\"async\" class=\"alignnone wp-image-9619 size-full\" src=\"https:\/\/www.transports-coue.fr\/wp-content\/uploads\/2023\/11\/logistique-coue-exercices-sapeurs-pompiers-web-2.webp\" alt=\"\" width=\"2048\" height=\"1153\" srcset=\"https:\/\/www.transports-coue.fr\/wp-content\/uploads\/2023\/11\/logistique-coue-exercices-sapeurs-pompiers-web-2.webp 2048w, https:\/\/www.transports-coue.fr\/wp-content\/uploads\/2023\/11\/logistique-coue-exercices-sapeurs-pompiers-web-2-300x169.webp 300w, https:\/\/www.transports-coue.fr\/wp-content\/uploads\/2023\/11\/logistique-coue-exercices-sapeurs-pompiers-web-2-1030x580.webp 1030w, https:\/\/www.transports-coue.fr\/wp-content\/uploads\/2023\/11\/logistique-coue-exercices-sapeurs-pompiers-web-2-80x45.webp 80w, https:\/\/www.transports-coue.fr\/wp-content\/uploads\/2023\/11\/logistique-coue-exercices-sapeurs-pompiers-web-2-768x432.webp 768w, https:\/\/www.transports-coue.fr\/wp-content\/uploads\/2023\/11\/logistique-coue-exercices-sapeurs-pompiers-web-2-1536x865.webp 1536w, https:\/\/www.transports-coue.fr\/wp-content\/uploads\/2023\/11\/logistique-coue-exercices-sapeurs-pompiers-web-2-1500x844.webp 1500w, https:\/\/www.transports-coue.fr\/wp-content\/uploads\/2023\/11\/logistique-coue-exercices-sapeurs-pompiers-web-2-705x397.webp 705w\" sizes=\"auto, (max-width: 2048px) 100vw, 2048px\" \/><\/p>\n<p>#sdis53 #mayenne #sapeurspompiers #protectionenvironnement<\/p>\n<\/div><span class=\"post-meta-infos\"><time class=\"date-container minor-meta updated\"  itemprop=\"datePublished\" datetime=\"2023-11-17T11:48:45+01:00\" >17 novembre 2023<\/time><span class=\"text-sep\">\/<\/span><span class=\"blog-author minor-meta\">par <span class=\"entry-author-link\"  itemprop=\"author\" ><span class=\"author\"><span class=\"fn\"><a href=\"https:\/\/www.transports-coue.fr\/fr\/author\/transports-coue\/\" title=\"Articles par Transports Cou\u00e9\" rel=\"author\">Transports Cou\u00e9<\/a><\/span><\/span><\/span><\/span><\/span><footer class=\"entry-footer\"><\/footer><div class='post_delimiter'><\/div><\/div><div class=\"post_author_timeline\"><\/div><span class='hidden'>\n\t\t\t\t<span class='av-structured-data'  itemprop=\"image\" itemscope=\"itemscope\" itemtype=\"https:\/\/schema.org\/ImageObject\" >\n\t\t\t\t\t\t<span itemprop='url'>https:\/\/www.transports-coue.fr\/wp-content\/uploads\/2023\/11\/logistique-coue-exercices-sapeurs-pompiers-web.webp<\/span>\n\t\t\t\t\t\t<span itemprop='height'>642<\/span>\n\t\t\t\t\t\t<span itemprop='width'>1690<\/span>\n\t\t\t\t<\/span>\n\t\t\t\t<span class='av-structured-data'  itemprop=\"publisher\" itemtype=\"https:\/\/schema.org\/Organization\" itemscope=\"itemscope\" >\n\t\t\t\t\t\t<span itemprop='name'>Transports Cou\u00e9<\/span>\n\t\t\t\t\t\t<span itemprop='logo' itemscope itemtype='https:\/\/schema.org\/ImageObject'>\n\t\t\t\t\t\t\t<span itemprop='url'>https:\/\/www.transports-coue.fr\/wp-content\/uploads\/2018\/10\/Logo-transports-coue-300x119.png<\/span>\n\t\t\t\t\t\t<\/span>\n\t\t\t\t<\/span><span class='av-structured-data'  itemprop=\"author\" itemscope=\"itemscope\" itemtype=\"https:\/\/schema.org\/Person\" ><span itemprop='name'>Transports Cou\u00e9<\/span><\/span><span class='av-structured-data'  itemprop=\"datePublished\" datetime=\"2023-11-17T11:48:45+01:00\" >2023-11-17 11:48:45<\/span><span class='av-structured-data'  itemprop=\"dateModified\" itemtype=\"https:\/\/schema.org\/dateModified\" >2024-01-11 10:06:55<\/span><span class='av-structured-data'  itemprop=\"mainEntityOfPage\" itemtype=\"https:\/\/schema.org\/mainEntityOfPage\" ><span itemprop='name'>Exercices des Sapeurs Pompiers SDIS 53 au sein de notre plateforme Logistique ICPE<\/span><\/span><\/span><\/article><article class=\"post-entry post-entry-type-standard post-entry-9568 post-loop-7 post-parity-odd single-big with-slider post-9568 post type-post status-publish format-standard has-post-thumbnail hentry category-partenariats\"  itemscope=\"itemscope\" itemtype=\"https:\/\/schema.org\/BlogPosting\" ><div class=\"blog-meta\"><\/div><div class='entry-content-wrapper clearfix standard-content'><header class=\"entry-content-header\" aria-label=\"Articles : Participation \u00e0 un raid humanitaire avec Laurent !\"><div class=\"av-heading-wrapper\"><h2 class='post-title entry-title '  itemprop=\"headline\" ><a href=\"https:\/\/www.transports-coue.fr\/fr\/participation-a-un-raid-humanitaire-avec-laurent\/\" rel=\"bookmark\" title=\"Lien permanent : Participation \u00e0 un raid humanitaire avec Laurent !\">Participation \u00e0 un raid humanitaire avec Laurent !<span class=\"post-format-icon minor-meta\"><\/span><\/a><\/h2><span class=\"blog-categories minor-meta\"><a href=\"https:\/\/www.transports-coue.fr\/fr\/category\/actualites\/partenariats\/\" rel=\"tag\">Partenariats<\/a><\/span><\/div><\/header><span class=\"av-vertical-delimiter\"><\/span><div class=\"big-preview single-big\"  itemprop=\"image\" itemscope=\"itemscope\" itemtype=\"https:\/\/schema.org\/ImageObject\" ><a href=\"https:\/\/www.transports-coue.fr\/fr\/participation-a-un-raid-humanitaire-avec-laurent\/\"  title=\"transports-coue-participation-raid-humanitaire-laurent-conducteur\" ><img decoding=\"async\" fetchpriority=\"high\" width=\"1210\" height=\"423\" src=\"https:\/\/www.transports-coue.fr\/wp-content\/uploads\/2023\/10\/transports-coue-participation-raid-humanitaire-laurent-conducteur-1210x423.webp\" class=\"wp-image-9569 avia-img-lazy-loading-not-9569 attachment-entry_without_sidebar size-entry_without_sidebar wp-post-image\" alt=\"Participation \u00e0 un raid humanitaire au Maroc avec Laurent, un de nos conducteurs\" \/><\/a><\/div><div class=\"entry-content\"  itemprop=\"text\" ><p data-pm-slice=\"1 1 []\">Nous avons eu le plaisir de participer \u00e0 l&rsquo;initiative d&rsquo;un de nos conducteurs \ud83d\ude9b, Laurent, de r\u00e9aliser un raid <strong>humanitaire<\/strong> au Maroc d\u00e9but octobre.<\/p>\n<p>2500 km de hors piste parcourus, de belles rencontres et de beaux partages avec les populations !<\/p>\n<p>Bravo Laurent !<\/p>\n<p><img loading=\"lazy\" decoding=\"async\" class=\"aligncenter wp-image-9571 size-full\" src=\"https:\/\/www.transports-coue.fr\/wp-content\/uploads\/2023\/10\/transports-coue-participation-raid-humanitaire-laurent-conducteur-n2.webp\" alt=\"Participation \u00e0 un raid humanitaire au Maroc avec Laurent, un de nos conducteurs\" width=\"720\" height=\"720\" srcset=\"https:\/\/www.transports-coue.fr\/wp-content\/uploads\/2023\/10\/transports-coue-participation-raid-humanitaire-laurent-conducteur-n2.webp 720w, https:\/\/www.transports-coue.fr\/wp-content\/uploads\/2023\/10\/transports-coue-participation-raid-humanitaire-laurent-conducteur-n2-300x300.webp 300w, https:\/\/www.transports-coue.fr\/wp-content\/uploads\/2023\/10\/transports-coue-participation-raid-humanitaire-laurent-conducteur-n2-80x80.webp 80w, https:\/\/www.transports-coue.fr\/wp-content\/uploads\/2023\/10\/transports-coue-participation-raid-humanitaire-laurent-conducteur-n2-36x36.webp 36w, https:\/\/www.transports-coue.fr\/wp-content\/uploads\/2023\/10\/transports-coue-participation-raid-humanitaire-laurent-conducteur-n2-180x180.webp 180w, https:\/\/www.transports-coue.fr\/wp-content\/uploads\/2023\/10\/transports-coue-participation-raid-humanitaire-laurent-conducteur-n2-705x705.webp 705w\" sizes=\"auto, (max-width: 720px) 100vw, 720px\" \/><\/p>\n<p><img loading=\"lazy\" decoding=\"async\" class=\"aligncenter wp-image-9573 size-full\" src=\"https:\/\/www.transports-coue.fr\/wp-content\/uploads\/2023\/10\/transports-coue-participation-raid-humanitaire-laurent-conducteur-n3.webp\" alt=\"Participation \u00e0 un raid humanitaire au Maroc avec Laurent, un de nos conducteurs\" width=\"900\" height=\"900\" srcset=\"https:\/\/www.transports-coue.fr\/wp-content\/uploads\/2023\/10\/transports-coue-participation-raid-humanitaire-laurent-conducteur-n3.webp 900w, https:\/\/www.transports-coue.fr\/wp-content\/uploads\/2023\/10\/transports-coue-participation-raid-humanitaire-laurent-conducteur-n3-300x300.webp 300w, https:\/\/www.transports-coue.fr\/wp-content\/uploads\/2023\/10\/transports-coue-participation-raid-humanitaire-laurent-conducteur-n3-80x80.webp 80w, https:\/\/www.transports-coue.fr\/wp-content\/uploads\/2023\/10\/transports-coue-participation-raid-humanitaire-laurent-conducteur-n3-768x768.webp 768w, https:\/\/www.transports-coue.fr\/wp-content\/uploads\/2023\/10\/transports-coue-participation-raid-humanitaire-laurent-conducteur-n3-36x36.webp 36w, https:\/\/www.transports-coue.fr\/wp-content\/uploads\/2023\/10\/transports-coue-participation-raid-humanitaire-laurent-conducteur-n3-180x180.webp 180w, https:\/\/www.transports-coue.fr\/wp-content\/uploads\/2023\/10\/transports-coue-participation-raid-humanitaire-laurent-conducteur-n3-705x705.webp 705w\" sizes=\"auto, (max-width: 900px) 100vw, 900px\" \/><\/p>\n<\/div><span class=\"post-meta-infos\"><time class=\"date-container minor-meta updated\"  itemprop=\"datePublished\" datetime=\"2023-10-25T17:27:24+02:00\" >25 octobre 2023<\/time><span class=\"text-sep\">\/<\/span><span class=\"blog-author minor-meta\">par <span class=\"entry-author-link\"  itemprop=\"author\" ><span class=\"author\"><span class=\"fn\"><a href=\"https:\/\/www.transports-coue.fr\/fr\/author\/transports-coue\/\" title=\"Articles par Transports Cou\u00e9\" rel=\"author\">Transports Cou\u00e9<\/a><\/span><\/span><\/span><\/span><\/span><footer class=\"entry-footer\"><\/footer><div class='post_delimiter'><\/div><\/div><div class=\"post_author_timeline\"><\/div><span class='hidden'>\n\t\t\t\t<span class='av-structured-data'  itemprop=\"image\" itemscope=\"itemscope\" itemtype=\"https:\/\/schema.org\/ImageObject\" >\n\t\t\t\t\t\t<span itemprop='url'>https:\/\/www.transports-coue.fr\/wp-content\/uploads\/2023\/10\/transports-coue-participation-raid-humanitaire-laurent-conducteur.webp<\/span>\n\t\t\t\t\t\t<span itemprop='height'>642<\/span>\n\t\t\t\t\t\t<span itemprop='width'>1690<\/span>\n\t\t\t\t<\/span>\n\t\t\t\t<span class='av-structured-data'  itemprop=\"publisher\" itemtype=\"https:\/\/schema.org\/Organization\" itemscope=\"itemscope\" >\n\t\t\t\t\t\t<span itemprop='name'>Transports Cou\u00e9<\/span>\n\t\t\t\t\t\t<span itemprop='logo' itemscope itemtype='https:\/\/schema.org\/ImageObject'>\n\t\t\t\t\t\t\t<span itemprop='url'>https:\/\/www.transports-coue.fr\/wp-content\/uploads\/2018\/10\/Logo-transports-coue-300x119.png<\/span>\n\t\t\t\t\t\t<\/span>\n\t\t\t\t<\/span><span class='av-structured-data'  itemprop=\"author\" itemscope=\"itemscope\" itemtype=\"https:\/\/schema.org\/Person\" ><span itemprop='name'>Transports Cou\u00e9<\/span><\/span><span class='av-structured-data'  itemprop=\"datePublished\" datetime=\"2023-10-25T17:27:24+02:00\" >2023-10-25 17:27:24<\/span><span class='av-structured-data'  itemprop=\"dateModified\" itemtype=\"https:\/\/schema.org\/dateModified\" >2023-10-25 17:30:06<\/span><span class='av-structured-data'  itemprop=\"mainEntityOfPage\" itemtype=\"https:\/\/schema.org\/mainEntityOfPage\" ><span itemprop='name'>Participation \u00e0 un raid humanitaire avec Laurent !<\/span><\/span><\/span><\/article><article class=\"post-entry post-entry-type-standard post-entry-9118 post-loop-8 post-parity-even single-big with-slider post-9118 post type-post status-publish format-standard has-post-thumbnail hentry category-actualites category-partenariats\"  itemscope=\"itemscope\" itemtype=\"https:\/\/schema.org\/BlogPosting\" ><div class=\"blog-meta\"><\/div><div class='entry-content-wrapper clearfix standard-content'><header class=\"entry-content-header\" aria-label=\"Articles : Glenn, conducteur Transports Cou\u00e9, au 24h V\u00e9lo du Mans (72) !\"><div class=\"av-heading-wrapper\"><h2 class='post-title entry-title '  itemprop=\"headline\" ><a href=\"https:\/\/www.transports-coue.fr\/fr\/glenn-conducteur-transports-coue-au-24h-velo-du-mans-72\/\" rel=\"bookmark\" title=\"Lien permanent : Glenn, conducteur Transports Cou\u00e9, au 24h V\u00e9lo du Mans (72) !\">Glenn, conducteur Transports Cou\u00e9, au 24h V\u00e9lo du Mans (72) !<span class=\"post-format-icon minor-meta\"><\/span><\/a><\/h2><span class=\"blog-categories minor-meta\"><a href=\"https:\/\/www.transports-coue.fr\/fr\/category\/actualites\/\" rel=\"tag\">Actualit\u00e9s<\/a>, <a href=\"https:\/\/www.transports-coue.fr\/fr\/category\/actualites\/partenariats\/\" rel=\"tag\">Partenariats<\/a><\/span><\/div><\/header><span class=\"av-vertical-delimiter\"><\/span><div class=\"big-preview single-big\"  itemprop=\"image\" itemscope=\"itemscope\" itemtype=\"https:\/\/schema.org\/ImageObject\" ><a href=\"https:\/\/www.transports-coue.fr\/fr\/glenn-conducteur-transports-coue-au-24h-velo-du-mans-72\/\"  title=\"transports-coue-glenn-conducteur-au24h-velo-le-mans\" ><img decoding=\"async\" fetchpriority=\"high\" width=\"1210\" height=\"423\" src=\"https:\/\/www.transports-coue.fr\/wp-content\/uploads\/2023\/09\/transports-coue-glenn-conducteur-au24h-velo-le-mans-1210x423.jpg\" class=\"wp-image-9119 avia-img-lazy-loading-not-9119 attachment-entry_without_sidebar size-entry_without_sidebar wp-post-image\" alt=\"\" \/><\/a><\/div><div class=\"entry-content\"  itemprop=\"text\" ><p>\ud83d\udc4f Glenn, conducteur r\u00e9gional, a fi\u00e8rement repr\u00e9sent\u00e9 nos couleurs au <a href=\"https:\/\/www.24heuresvelo.fr\/\" target=\"_blank\" rel=\"noopener\">24 Heures V\u00e9lo &#8211; Le Mans<\/a> les 26 et 27 ao\u00fbt !<\/p>\n<p>\ud83d\udeb4\u200d\u2642\ufe0f 639 \u00e9quipes, 3012 participants, parti en individuel il est arriv\u00e9 604i\u00e8me avec 455 kms parcourus ! Une vraie performance \ud83e\udd47 !<\/p>\n<p>\ud83d\udcaaBravo, fiers de nos salari\u00e9s !<\/p>\n<p>A d\u00e9couvrir, les exploits de nos collaborateurs :<br \/>\n<a href=\"https:\/\/www.transports-coue.fr\/fr\/belle-performance-de-notre-equipe-aux-ofnijec-2023\/\" target=\"_blank\" rel=\"noopener\">https:\/\/www.transports-coue.fr\/fr\/belle-performance-de-notre-equipe-aux-ofnijec-2023\/<\/a><br \/>\n<a href=\"https:\/\/www.transports-coue.fr\/fr\/les-equipes-coue-trm-aux-ofnijec-2022\/\" target=\"_blank\" rel=\"noopener\">https:\/\/www.transports-coue.fr\/fr\/les-equipes-coue-trm-aux-ofnijec-2022\/<\/a><br \/>\n<a href=\"https:\/\/www.transports-coue.fr\/fr\/glenn-aux-6h-de-vtt-de-lernee-53-ce-1er-mai-2022\/\" target=\"_blank\" rel=\"noopener\">https:\/\/www.transports-coue.fr\/fr\/glenn-aux-6h-de-vtt-de-lernee-53-ce-1er-mai-2022\/<\/a><br \/>\n<a href=\"https:\/\/www.transports-coue.fr\/fr\/frederic-a-realise-la-diagonale-des-fous\/\" target=\"_blank\" rel=\"noopener\">https:\/\/www.transports-coue.fr\/fr\/frederic-a-realise-la-diagonale-des-fous\/<\/a><\/p>\n<p><a href=\"https:\/\/www.linkedin.com\/feed\/hashtag\/?keywords=24heuresvelo&amp;highlightedUpdateUrns=urn%3Ali%3Aactivity%3A7105218201902350336\" data-attribute-index=\"0\">#24heuresvelo<\/a>\u00a0<a href=\"https:\/\/www.linkedin.com\/feed\/hashtag\/?keywords=lemans&amp;highlightedUpdateUrns=urn%3Ali%3Aactivity%3A7105218201902350336\" data-attribute-index=\"1\">#LeMans<\/a>\u00a0<a href=\"https:\/\/www.linkedin.com\/feed\/hashtag\/?keywords=transportroutier&amp;highlightedUpdateUrns=urn%3Ali%3Aactivity%3A7105218201902350336\" data-attribute-index=\"2\">#TransportRoutier<\/a>\u00a0<a href=\"https:\/\/www.linkedin.com\/feed\/hashtag\/?keywords=v%C3%A9lo&amp;highlightedUpdateUrns=urn%3Ali%3Aactivity%3A7105218201902350336\" data-attribute-index=\"3\">#V\u00e9lo<\/a>\u00a0<a href=\"https:\/\/www.linkedin.com\/feed\/hashtag\/?keywords=sarthe&amp;highlightedUpdateUrns=urn%3Ali%3Aactivity%3A7105218201902350336\" data-attribute-index=\"4\">#Sarthe<\/a><\/p>\n<\/div><span class=\"post-meta-infos\"><time class=\"date-container minor-meta updated\"  itemprop=\"datePublished\" datetime=\"2023-09-13T18:53:40+02:00\" >13 septembre 2023<\/time><span class=\"text-sep\">\/<\/span><span class=\"blog-author minor-meta\">par <span class=\"entry-author-link\"  itemprop=\"author\" ><span class=\"author\"><span class=\"fn\"><a href=\"https:\/\/www.transports-coue.fr\/fr\/author\/transports-coue\/\" title=\"Articles par Transports Cou\u00e9\" rel=\"author\">Transports Cou\u00e9<\/a><\/span><\/span><\/span><\/span><\/span><footer class=\"entry-footer\"><\/footer><div class='post_delimiter'><\/div><\/div><div class=\"post_author_timeline\"><\/div><span class='hidden'>\n\t\t\t\t<span class='av-structured-data'  itemprop=\"image\" itemscope=\"itemscope\" itemtype=\"https:\/\/schema.org\/ImageObject\" >\n\t\t\t\t\t\t<span itemprop='url'>https:\/\/www.transports-coue.fr\/wp-content\/uploads\/2023\/09\/transports-coue-glenn-conducteur-au24h-velo-le-mans.jpg<\/span>\n\t\t\t\t\t\t<span itemprop='height'>642<\/span>\n\t\t\t\t\t\t<span itemprop='width'>1690<\/span>\n\t\t\t\t<\/span>\n\t\t\t\t<span class='av-structured-data'  itemprop=\"publisher\" itemtype=\"https:\/\/schema.org\/Organization\" itemscope=\"itemscope\" >\n\t\t\t\t\t\t<span itemprop='name'>Transports Cou\u00e9<\/span>\n\t\t\t\t\t\t<span itemprop='logo' itemscope itemtype='https:\/\/schema.org\/ImageObject'>\n\t\t\t\t\t\t\t<span itemprop='url'>https:\/\/www.transports-coue.fr\/wp-content\/uploads\/2018\/10\/Logo-transports-coue-300x119.png<\/span>\n\t\t\t\t\t\t<\/span>\n\t\t\t\t<\/span><span class='av-structured-data'  itemprop=\"author\" itemscope=\"itemscope\" itemtype=\"https:\/\/schema.org\/Person\" ><span itemprop='name'>Transports Cou\u00e9<\/span><\/span><span class='av-structured-data'  itemprop=\"datePublished\" datetime=\"2023-09-13T18:53:40+02:00\" >2023-09-13 18:53:40<\/span><span class='av-structured-data'  itemprop=\"dateModified\" itemtype=\"https:\/\/schema.org\/dateModified\" >2023-09-13 18:53:41<\/span><span class='av-structured-data'  itemprop=\"mainEntityOfPage\" itemtype=\"https:\/\/schema.org\/mainEntityOfPage\" ><span itemprop='name'>Glenn, conducteur Transports Cou\u00e9, au 24h V\u00e9lo du Mans (72) !<\/span><\/span><\/span><\/article><article class=\"post-entry post-entry-type-standard post-entry-8712 post-loop-9 post-parity-odd single-big with-slider post-8712 post type-post status-publish format-standard has-post-thumbnail hentry category-actualites category-partenariats\"  itemscope=\"itemscope\" itemtype=\"https:\/\/schema.org\/BlogPosting\" ><div class=\"blog-meta\"><\/div><div class='entry-content-wrapper clearfix standard-content'><header class=\"entry-content-header\" aria-label=\"Articles : Camion frigo Cou\u00e9 aux 3 \u00c9l\u00e9phants !\"><div class=\"av-heading-wrapper\"><h2 class='post-title entry-title '  itemprop=\"headline\" ><a href=\"https:\/\/www.transports-coue.fr\/fr\/camion-frigo-coue-aux-3-elephants\/\" rel=\"bookmark\" title=\"Lien permanent : Camion frigo Cou\u00e9 aux 3 \u00c9l\u00e9phants !\">Camion frigo Cou\u00e9 aux 3 \u00c9l\u00e9phants !<span class=\"post-format-icon minor-meta\"><\/span><\/a><\/h2><span class=\"blog-categories minor-meta\"><a href=\"https:\/\/www.transports-coue.fr\/fr\/category\/actualites\/\" rel=\"tag\">Actualit\u00e9s<\/a>, <a href=\"https:\/\/www.transports-coue.fr\/fr\/category\/actualites\/partenariats\/\" rel=\"tag\">Partenariats<\/a><\/span><\/div><\/header><span class=\"av-vertical-delimiter\"><\/span><div class=\"big-preview single-big\"  itemprop=\"image\" itemscope=\"itemscope\" itemtype=\"https:\/\/schema.org\/ImageObject\" ><a href=\"https:\/\/www.transports-coue.fr\/fr\/camion-frigo-coue-aux-3-elephants\/\"  title=\"transports-coue-festival-3elephants-laval-web\" ><img decoding=\"async\" fetchpriority=\"high\" width=\"1210\" height=\"423\" src=\"https:\/\/www.transports-coue.fr\/wp-content\/uploads\/2023\/05\/transports-coue-festival-3elephants-laval-web-1210x423.jpg\" class=\"wp-image-8713 avia-img-lazy-loading-not-8713 attachment-entry_without_sidebar size-entry_without_sidebar wp-post-image\" alt=\"\" \/><\/a><\/div><div class=\"entry-content\"  itemprop=\"text\" ><p data-pm-slice=\"1 1 []\">\ud83c\udfb8\ud83c\udfa4 Comme chaque ann\u00e9e, nous sommes ravis d&rsquo;\u00eatre partenaire \ud83e\udd1d du festival de musique \ud83d\udc69\u200d\ud83c\udfa4 \ud83c\udfbc incontournable de Laval, <a href=\"https:\/\/www.les3elephants.com\/\" target=\"_blank\" rel=\"noopener\">Les 3 \u00e9l\u00e9phants<\/a>, en mettant \u00e0 disposition une semi frigo \ud83d\ude9b\u2744\ufe0f<\/p>\n<p>La bi\u00e8re \ud83c\udf7a sera ainsi bien \ud83d\udc4d gard\u00e9e au frais pendant tout le Week-End pour \u00e9gayer les festivaliers \ud83d\udd7a assoiff\u00e9s !<\/p>\n<p>D\u00e9couvrez nos partenariats :<br \/>\n<a href=\"https:\/\/www.transports-coue.fr\/fr\/ofnijec-2023-nous-preparons-notre-radeau\/\" target=\"_blank\" rel=\"noopener\">https:\/\/www.transports-coue.fr\/fr\/ofnijec-2023-nous-preparons-notre-radeau\/<\/a><br \/>\n<a href=\"https:\/\/www.transports-coue.fr\/fr\/coue-trm-partenaire-de-letoile-lavalloise-mayenne-futsal-club\/\" target=\"_blank\" rel=\"noopener\">https:\/\/www.transports-coue.fr\/fr\/coue-trm-partenaire-de-letoile-lavalloise-mayenne-futsal-club\/<\/a><br \/>\n<a href=\"https:\/\/www.transports-coue.fr\/fr\/transports-coue-et-trm-partenaires-des-boucles-de-la-mayenne-2022\/\" target=\"_blank\" rel=\"noopener\">https:\/\/www.transports-coue.fr\/fr\/transports-coue-et-trm-partenaires-des-boucles-de-la-mayenne-2022\/<\/a><\/p>\n<p>#festival #musique #live #artdelarue #concert #artist #culture #art #mayenne #party #show #dance #lavallavie #laval #transportroutier #logistique<\/p>\n<\/div><span class=\"post-meta-infos\"><time class=\"date-container minor-meta updated\"  itemprop=\"datePublished\" datetime=\"2023-05-12T09:05:34+02:00\" >12 mai 2023<\/time><span class=\"text-sep\">\/<\/span><span class=\"blog-author minor-meta\">par <span class=\"entry-author-link\"  itemprop=\"author\" ><span class=\"author\"><span class=\"fn\"><a href=\"https:\/\/www.transports-coue.fr\/fr\/author\/transports-coue\/\" title=\"Articles par Transports Cou\u00e9\" rel=\"author\">Transports Cou\u00e9<\/a><\/span><\/span><\/span><\/span><\/span><footer class=\"entry-footer\"><\/footer><div class='post_delimiter'><\/div><\/div><div class=\"post_author_timeline\"><\/div><span class='hidden'>\n\t\t\t\t<span class='av-structured-data'  itemprop=\"image\" itemscope=\"itemscope\" itemtype=\"https:\/\/schema.org\/ImageObject\" >\n\t\t\t\t\t\t<span itemprop='url'>https:\/\/www.transports-coue.fr\/wp-content\/uploads\/2023\/05\/transports-coue-festival-3elephants-laval-web.jpg<\/span>\n\t\t\t\t\t\t<span itemprop='height'>642<\/span>\n\t\t\t\t\t\t<span itemprop='width'>1690<\/span>\n\t\t\t\t<\/span>\n\t\t\t\t<span class='av-structured-data'  itemprop=\"publisher\" itemtype=\"https:\/\/schema.org\/Organization\" itemscope=\"itemscope\" >\n\t\t\t\t\t\t<span itemprop='name'>Transports Cou\u00e9<\/span>\n\t\t\t\t\t\t<span itemprop='logo' itemscope itemtype='https:\/\/schema.org\/ImageObject'>\n\t\t\t\t\t\t\t<span itemprop='url'>https:\/\/www.transports-coue.fr\/wp-content\/uploads\/2018\/10\/Logo-transports-coue-300x119.png<\/span>\n\t\t\t\t\t\t<\/span>\n\t\t\t\t<\/span><span class='av-structured-data'  itemprop=\"author\" itemscope=\"itemscope\" itemtype=\"https:\/\/schema.org\/Person\" ><span itemprop='name'>Transports Cou\u00e9<\/span><\/span><span class='av-structured-data'  itemprop=\"datePublished\" datetime=\"2023-05-12T09:05:34+02:00\" >2023-05-12 09:05:34<\/span><span class='av-structured-data'  itemprop=\"dateModified\" itemtype=\"https:\/\/schema.org\/dateModified\" >2023-05-12 09:07:01<\/span><span class='av-structured-data'  itemprop=\"mainEntityOfPage\" itemtype=\"https:\/\/schema.org\/mainEntityOfPage\" ><span itemprop='name'>Camion frigo Cou\u00e9 aux 3 \u00c9l\u00e9phants !<\/span><\/span><\/span><\/article><article class=\"post-entry post-entry-type-standard post-entry-8065 post-loop-10 post-parity-even single-big with-slider post-8065 post type-post status-publish format-standard has-post-thumbnail hentry category-actualites category-partenariats\"  itemscope=\"itemscope\" itemtype=\"https:\/\/schema.org\/BlogPosting\" ><div class=\"blog-meta\"><\/div><div class='entry-content-wrapper clearfix standard-content'><header class=\"entry-content-header\" aria-label=\"Articles : Cou\u00e9-TRM partenaire de l&rsquo;Etoile Lavalloise Mayenne Futsal Club !\"><div class=\"av-heading-wrapper\"><h2 class='post-title entry-title '  itemprop=\"headline\" ><a href=\"https:\/\/www.transports-coue.fr\/fr\/coue-trm-partenaire-de-letoile-lavalloise-mayenne-futsal-club\/\" rel=\"bookmark\" title=\"Lien permanent : Cou\u00e9-TRM partenaire de l&rsquo;Etoile Lavalloise Mayenne Futsal Club !\">Cou\u00e9-TRM partenaire de l&rsquo;Etoile Lavalloise Mayenne Futsal Club !<span class=\"post-format-icon minor-meta\"><\/span><\/a><\/h2><span class=\"blog-categories minor-meta\"><a href=\"https:\/\/www.transports-coue.fr\/fr\/category\/actualites\/\" rel=\"tag\">Actualit\u00e9s<\/a>, <a href=\"https:\/\/www.transports-coue.fr\/fr\/category\/actualites\/partenariats\/\" rel=\"tag\">Partenariats<\/a><\/span><\/div><\/header><span class=\"av-vertical-delimiter\"><\/span><div class=\"big-preview single-big\"  itemprop=\"image\" itemscope=\"itemscope\" itemtype=\"https:\/\/schema.org\/ImageObject\" ><a href=\"https:\/\/www.transports-coue.fr\/fr\/coue-trm-partenaire-de-letoile-lavalloise-mayenne-futsal-club\/\"  title=\"transports-coue-partenaire-futsal-laval-mayenne-club-2022-web\" ><img decoding=\"async\" fetchpriority=\"high\" width=\"1210\" height=\"423\" src=\"https:\/\/www.transports-coue.fr\/wp-content\/uploads\/2022\/10\/transports-coue-partenaire-futsal-laval-mayenne-club-2022-web-1210x423.jpg\" class=\"wp-image-8066 avia-img-lazy-loading-not-8066 attachment-entry_without_sidebar size-entry_without_sidebar wp-post-image\" alt=\"Cou\u00e9-TRM partenaire de l&#039;Etoile Lavalloise Mayenne Futsal Club\" \/><\/a><\/div><div class=\"entry-content\"  itemprop=\"text\" ><p>\u26bd\ufe0f Nous sommes fiers d&rsquo;\u00eatre \u00e0 nouveau cette ann\u00e9e partenaire \ud83e\udd1d de l&rsquo;<a href=\"https:\/\/www.laval-futsal.com\/\" target=\"_blank\" rel=\"noopener\">Etoile Lavalloise Mayenne Futsal Club<\/a> !<\/p>\n<p>\u2728\ud83d\udd25 La ferveur et l&rsquo;ambiance du 1er match laisse pr\u00e9sager une saison endiabl\u00e9e \ud83d\ude08 !!<br \/>\n\ud83d\udc4f Bravo !<\/p>\n<p>Nos articles sur notre partenariat avec l&rsquo;Etoile :<br \/>\n<a href=\"https:\/\/www.transports-coue.fr\/fr\/nos-remarquables-au-futsal-lavallois-a-lespace-mayenne\/\" target=\"_blank\" rel=\"noopener\">https:\/\/www.transports-coue.fr\/fr\/nos-remarquables-au-futsal-lavallois-a-lespace-mayenne\/<\/a><\/p>\n<p>#Futsal #Laval #Mayenne #EspaceMayenne #TransportRoutier #Logistique #FiersDeNosM\u00e9tiers<\/p>\n<\/div><span class=\"post-meta-infos\"><time class=\"date-container minor-meta updated\"  itemprop=\"datePublished\" datetime=\"2022-10-28T16:18:27+02:00\" >28 octobre 2022<\/time><span class=\"text-sep\">\/<\/span><span class=\"blog-author minor-meta\">par <span class=\"entry-author-link\"  itemprop=\"author\" ><span class=\"author\"><span class=\"fn\"><a href=\"https:\/\/www.transports-coue.fr\/fr\/author\/transports-coue\/\" title=\"Articles par Transports Cou\u00e9\" rel=\"author\">Transports Cou\u00e9<\/a><\/span><\/span><\/span><\/span><\/span><footer class=\"entry-footer\"><\/footer><div class='post_delimiter'><\/div><\/div><div class=\"post_author_timeline\"><\/div><span class='hidden'>\n\t\t\t\t<span class='av-structured-data'  itemprop=\"image\" itemscope=\"itemscope\" itemtype=\"https:\/\/schema.org\/ImageObject\" >\n\t\t\t\t\t\t<span itemprop='url'>https:\/\/www.transports-coue.fr\/wp-content\/uploads\/2022\/10\/transports-coue-partenaire-futsal-laval-mayenne-club-2022-web.jpg<\/span>\n\t\t\t\t\t\t<span itemprop='height'>642<\/span>\n\t\t\t\t\t\t<span itemprop='width'>1690<\/span>\n\t\t\t\t<\/span>\n\t\t\t\t<span class='av-structured-data'  itemprop=\"publisher\" itemtype=\"https:\/\/schema.org\/Organization\" itemscope=\"itemscope\" >\n\t\t\t\t\t\t<span itemprop='name'>Transports Cou\u00e9<\/span>\n\t\t\t\t\t\t<span itemprop='logo' itemscope itemtype='https:\/\/schema.org\/ImageObject'>\n\t\t\t\t\t\t\t<span itemprop='url'>https:\/\/www.transports-coue.fr\/wp-content\/uploads\/2018\/10\/Logo-transports-coue-300x119.png<\/span>\n\t\t\t\t\t\t<\/span>\n\t\t\t\t<\/span><span class='av-structured-data'  itemprop=\"author\" itemscope=\"itemscope\" itemtype=\"https:\/\/schema.org\/Person\" ><span itemprop='name'>Transports Cou\u00e9<\/span><\/span><span class='av-structured-data'  itemprop=\"datePublished\" datetime=\"2022-10-28T16:18:27+02:00\" >2022-10-28 16:18:27<\/span><span class='av-structured-data'  itemprop=\"dateModified\" itemtype=\"https:\/\/schema.org\/dateModified\" >2022-10-28 16:19:13<\/span><span class='av-structured-data'  itemprop=\"mainEntityOfPage\" itemtype=\"https:\/\/schema.org\/mainEntityOfPage\" ><span itemprop='name'>Cou\u00e9-TRM partenaire de l&rsquo;Etoile Lavalloise Mayenne Futsal Club !<\/span><\/span><\/span><\/article><article class=\"post-entry post-entry-type-standard post-entry-8027 post-loop-11 post-parity-odd single-big with-slider post-8027 post type-post status-publish format-standard has-post-thumbnail hentry category-actualites category-partenariats\"  itemscope=\"itemscope\" itemtype=\"https:\/\/schema.org\/BlogPosting\" ><div class=\"blog-meta\"><\/div><div class='entry-content-wrapper clearfix standard-content'><header class=\"entry-content-header\" aria-label=\"Articles : Retrouvez-nous au Top Transport Europe 2022\"><div class=\"av-heading-wrapper\"><h2 class='post-title entry-title '  itemprop=\"headline\" ><a href=\"https:\/\/www.transports-coue.fr\/fr\/retrouvez-nous-au-top-transport-europe-2022\/\" rel=\"bookmark\" title=\"Lien permanent : Retrouvez-nous au Top Transport Europe 2022\">Retrouvez-nous au Top Transport Europe 2022<span class=\"post-format-icon minor-meta\"><\/span><\/a><\/h2><span class=\"blog-categories minor-meta\"><a href=\"https:\/\/www.transports-coue.fr\/fr\/category\/actualites\/\" rel=\"tag\">Actualit\u00e9s<\/a>, <a href=\"https:\/\/www.transports-coue.fr\/fr\/category\/actualites\/partenariats\/\" rel=\"tag\">Partenariats<\/a><\/span><\/div><\/header><span class=\"av-vertical-delimiter\"><\/span><div class=\"big-preview single-big\"  itemprop=\"image\" itemscope=\"itemscope\" itemtype=\"https:\/\/schema.org\/ImageObject\" ><a href=\"https:\/\/www.transports-coue.fr\/fr\/retrouvez-nous-au-top-transport-europe-2022\/\"  title=\"top-transport-europe-2022-groupe-coue-trm\" ><img decoding=\"async\" fetchpriority=\"high\" width=\"1210\" height=\"423\" src=\"https:\/\/www.transports-coue.fr\/wp-content\/uploads\/2022\/09\/top-transport-europe-2022-groupe-coue-trm-1210x423.jpg\" class=\"wp-image-8028 avia-img-lazy-loading-not-8028 attachment-entry_without_sidebar size-entry_without_sidebar wp-post-image\" alt=\"Participation au Top Transport Europe 2022\" \/><\/a><\/div><div class=\"entry-content\"  itemprop=\"text\" ><p>\ud83d\udce2 Retrouvez Herv\u00e9 Alix et Fran\u00e7ois Cou\u00e9 les \ud835\udfed\ud835\udfee &amp; \ud835\udfed\ud835\udfef \ud835\uddfc\ud835\uddf0\ud835\ude01\ud835\uddfc\ud835\uddef\ud835\uddff\ud835\uddf2 aux RDV d&rsquo;Affaires Top Transport Europe<br \/>\n\ud83d\udccd \u00e0 Marseille au Palais du Pharo sur le stand de notre partenaire OTMS !<\/p>\n<p>Ce sera un plaisir de vous rencontrer, d&rsquo;\u00e9changer sur vos projets \ud835\udde7\ud835\uddff\ud835\uddee\ud835\uddfb\ud835\ude00\ud835\uddfd\ud835\uddfc\ud835\uddff\ud835\ude01 &amp; \ud835\udddf\ud835\uddfc\ud835\uddf4\ud835\uddf6\ud835\ude00\ud835\ude01\ud835\uddf6\ud835\uddfe\ud835\ude02\ud835\uddf2 et de vous apporter notre expertise et nos solutions \u00e0 vos probl\u00e9matiques.<\/p>\n<p>En savoir \u2795 sur le concept \ud835\uddf2\ud835\uddf3\ud835\uddf3\ud835\uddf6\ud835\uddf0\ud835\uddee\ud835\uddf0\ud835\uddf2 du salon Top Transport Europe qui f\u00eate ses 30 ans \u2728 cette ann\u00e9e \ud83d\udc47<br \/>\n<a href=\"https:\/\/www.toptransporteurope.com\/fr\" target=\"_blank\" rel=\"noopener\">https:\/\/www.toptransporteurope.com\/fr<\/a><\/p>\n<p>#tte22 #toptransporteurope #transportroutier #logistique #supplychain #businessmeeting<\/p>\n<\/div><span class=\"post-meta-infos\"><time class=\"date-container minor-meta updated\"  itemprop=\"datePublished\" datetime=\"2022-09-30T11:41:31+02:00\" >30 septembre 2022<\/time><span class=\"text-sep\">\/<\/span><span class=\"blog-author minor-meta\">par <span class=\"entry-author-link\"  itemprop=\"author\" ><span class=\"author\"><span class=\"fn\"><a href=\"https:\/\/www.transports-coue.fr\/fr\/author\/transports-coue\/\" title=\"Articles par Transports Cou\u00e9\" rel=\"author\">Transports Cou\u00e9<\/a><\/span><\/span><\/span><\/span><\/span><footer class=\"entry-footer\"><\/footer><div class='post_delimiter'><\/div><\/div><div class=\"post_author_timeline\"><\/div><span class='hidden'>\n\t\t\t\t<span class='av-structured-data'  itemprop=\"image\" itemscope=\"itemscope\" itemtype=\"https:\/\/schema.org\/ImageObject\" >\n\t\t\t\t\t\t<span itemprop='url'>https:\/\/www.transports-coue.fr\/wp-content\/uploads\/2022\/09\/top-transport-europe-2022-groupe-coue-trm.jpg<\/span>\n\t\t\t\t\t\t<span itemprop='height'>642<\/span>\n\t\t\t\t\t\t<span itemprop='width'>1690<\/span>\n\t\t\t\t<\/span>\n\t\t\t\t<span class='av-structured-data'  itemprop=\"publisher\" itemtype=\"https:\/\/schema.org\/Organization\" itemscope=\"itemscope\" >\n\t\t\t\t\t\t<span itemprop='name'>Transports Cou\u00e9<\/span>\n\t\t\t\t\t\t<span itemprop='logo' itemscope itemtype='https:\/\/schema.org\/ImageObject'>\n\t\t\t\t\t\t\t<span itemprop='url'>https:\/\/www.transports-coue.fr\/wp-content\/uploads\/2018\/10\/Logo-transports-coue-300x119.png<\/span>\n\t\t\t\t\t\t<\/span>\n\t\t\t\t<\/span><span class='av-structured-data'  itemprop=\"author\" itemscope=\"itemscope\" itemtype=\"https:\/\/schema.org\/Person\" ><span itemprop='name'>Transports Cou\u00e9<\/span><\/span><span class='av-structured-data'  itemprop=\"datePublished\" datetime=\"2022-09-30T11:41:31+02:00\" >2022-09-30 11:41:31<\/span><span class='av-structured-data'  itemprop=\"dateModified\" itemtype=\"https:\/\/schema.org\/dateModified\" >2022-09-30 11:42:23<\/span><span class='av-structured-data'  itemprop=\"mainEntityOfPage\" itemtype=\"https:\/\/schema.org\/mainEntityOfPage\" ><span itemprop='name'>Retrouvez-nous au Top Transport Europe 2022<\/span><\/span><\/span><\/article><article class=\"post-entry post-entry-type-standard post-entry-7693 post-loop-12 post-parity-even single-big with-slider post-7693 post type-post status-publish format-standard has-post-thumbnail hentry category-actualites category-partenariats\"  itemscope=\"itemscope\" itemtype=\"https:\/\/schema.org\/BlogPosting\" ><div class=\"blog-meta\"><\/div><div class='entry-content-wrapper clearfix standard-content'><header class=\"entry-content-header\" aria-label=\"Articles : Transports Cou\u00e9 et TRM partenaires des Boucles de la Mayenne 2022\"><div class=\"av-heading-wrapper\"><h2 class='post-title entry-title '  itemprop=\"headline\" ><a href=\"https:\/\/www.transports-coue.fr\/fr\/transports-coue-et-trm-partenaires-des-boucles-de-la-mayenne-2022\/\" rel=\"bookmark\" title=\"Lien permanent : Transports Cou\u00e9 et TRM partenaires des Boucles de la Mayenne 2022\">Transports Cou\u00e9 et TRM partenaires des Boucles de la Mayenne 2022<span class=\"post-format-icon minor-meta\"><\/span><\/a><\/h2><span class=\"blog-categories minor-meta\"><a href=\"https:\/\/www.transports-coue.fr\/fr\/category\/actualites\/\" rel=\"tag\">Actualit\u00e9s<\/a>, <a href=\"https:\/\/www.transports-coue.fr\/fr\/category\/actualites\/partenariats\/\" rel=\"tag\">Partenariats<\/a><\/span><\/div><\/header><span class=\"av-vertical-delimiter\"><\/span><div class=\"big-preview single-big\"  itemprop=\"image\" itemscope=\"itemscope\" itemtype=\"https:\/\/schema.org\/ImageObject\" ><a href=\"https:\/\/www.transports-coue.fr\/fr\/transports-coue-et-trm-partenaires-des-boucles-de-la-mayenne-2022\/\"  title=\"transports-coue-trm-boucles-de-la-mayenne-2022-web\" ><img decoding=\"async\" fetchpriority=\"high\" width=\"845\" height=\"321\" src=\"https:\/\/www.transports-coue.fr\/wp-content\/uploads\/2022\/05\/transports-coue-trm-boucles-de-la-mayenne-2022-web.jpg\" class=\"wp-image-7694 avia-img-lazy-loading-not-7694 attachment-entry_without_sidebar size-entry_without_sidebar wp-post-image\" alt=\"Participation des Transports Cou\u00e9 et TRM aux Boucles de la Mayenne 2022\" srcset=\"https:\/\/www.transports-coue.fr\/wp-content\/uploads\/2022\/05\/transports-coue-trm-boucles-de-la-mayenne-2022-web.jpg 845w, https:\/\/www.transports-coue.fr\/wp-content\/uploads\/2022\/05\/transports-coue-trm-boucles-de-la-mayenne-2022-web-300x114.jpg 300w, https:\/\/www.transports-coue.fr\/wp-content\/uploads\/2022\/05\/transports-coue-trm-boucles-de-la-mayenne-2022-web-80x30.jpg 80w, https:\/\/www.transports-coue.fr\/wp-content\/uploads\/2022\/05\/transports-coue-trm-boucles-de-la-mayenne-2022-web-768x292.jpg 768w, https:\/\/www.transports-coue.fr\/wp-content\/uploads\/2022\/05\/transports-coue-trm-boucles-de-la-mayenne-2022-web-705x268.jpg 705w\" sizes=\"(max-width: 845px) 100vw, 845px\" \/><\/a><\/div><div class=\"entry-content\"  itemprop=\"text\" ><div class=\"kvgmc6g5 cxmmr5t8 oygrvhab hcukyx3x c1et5uql ii04i59q\">\n<div dir=\"auto\"><span class=\"pq6dq46d tbxw36s4 knj5qynh kvgmc6g5 ditlmg2l oygrvhab nvdbi5me sf5mxxl7 gl3lb2sf hhz5lgdu\"><img loading=\"lazy\" decoding=\"async\" src=\"https:\/\/static.xx.fbcdn.net\/images\/emoji.php\/v9\/t9e\/1.5\/16\/1f6a8.png\" alt=\"\ud83d\udea8\" width=\"16\" height=\"16\"><\/span> \ud835\udddd-\ud835\udfee avant le d\u00e9but des <a href=\"https:\/\/www.bouclesdelamayenne.fr\/\" target=\"_blank\" rel=\"noopener\">Boucles de la Mayenne &#8211; Cr\u00e9dit Mutuel<\/a>, \ud835\uddf1\ud835\ude02 \ud835\udfee\ud835\udff2 \ud835\uddee\ud835\ude02 \ud835\udfee\ud835\udff5 \ud835\uddfa\ud835\uddee\ud835\uddf6 <span class=\"pq6dq46d tbxw36s4 knj5qynh kvgmc6g5 ditlmg2l oygrvhab nvdbi5me sf5mxxl7 gl3lb2sf hhz5lgdu\"><img loading=\"lazy\" decoding=\"async\" src=\"https:\/\/static.xx.fbcdn.net\/images\/emoji.php\/v9\/t92\/1.5\/16\/1f3c1.png\" alt=\"\ud83c\udfc1\" width=\"16\" height=\"16\"><\/span><\/div>\n<\/div>\n<div dir=\"auto\">&nbsp;<\/div>\n<div class=\"cxmmr5t8 oygrvhab hcukyx3x c1et5uql o9v6fnle ii04i59q\">\n<div dir=\"auto\">A bord de notre voiture <span class=\"pq6dq46d tbxw36s4 knj5qynh kvgmc6g5 ditlmg2l oygrvhab nvdbi5me sf5mxxl7 gl3lb2sf hhz5lgdu\"><img loading=\"lazy\" decoding=\"async\" src=\"https:\/\/static.xx.fbcdn.net\/images\/emoji.php\/v9\/t45\/1.5\/16\/1f697.png\" alt=\"\ud83d\ude97\" width=\"16\" height=\"16\"><\/span> suiveuse, cette 47\u00e8me \u00e9dition sera \u00e0 nouveau l&rsquo;occasion pour nos clients, <strong>Transports Cou\u00e9<\/strong> et <b>TRM<\/b>, de vivre l&rsquo;\u00e9v\u00e9nement au c\u0153ur <span class=\"pq6dq46d tbxw36s4 knj5qynh kvgmc6g5 ditlmg2l oygrvhab nvdbi5me sf5mxxl7 gl3lb2sf hhz5lgdu\"><img loading=\"lazy\" decoding=\"async\" src=\"https:\/\/static.xx.fbcdn.net\/images\/emoji.php\/v9\/t6e\/1.5\/16\/1f49b.png\" alt=\"\ud83d\udc9b\" width=\"16\" height=\"16\"><\/span> de la course <span class=\"pq6dq46d tbxw36s4 knj5qynh kvgmc6g5 ditlmg2l oygrvhab nvdbi5me sf5mxxl7 gl3lb2sf hhz5lgdu\"><img loading=\"lazy\" decoding=\"async\" src=\"https:\/\/static.xx.fbcdn.net\/images\/emoji.php\/v9\/t39\/1.5\/16\/1f6b4.png\" alt=\"\ud83d\udeb4\" width=\"16\" height=\"16\"><\/span> !<\/div>\n<div dir=\"auto\">&nbsp;<\/div>\n<\/div>\n<div class=\"cxmmr5t8 oygrvhab hcukyx3x c1et5uql o9v6fnle ii04i59q\">\n<div dir=\"auto\">Vous pourrez \u00e9galement suivre la diffusion des 4 \u00e9tapes sur la Cha\u00eene L&rsquo;Equipe, Eurosport et GCN en Fran\u00e7ais<b> :<\/b><\/div>\n<div dir=\"auto\"><a class=\"oajrlxb2 g5ia77u1 qu0x051f esr5mh6w e9989ue4 r7d6kgcz rq0escxv nhd2j8a9 nc684nl6 p7hjln8o kvgmc6g5 cxmmr5t8 oygrvhab hcukyx3x jb3vyjys rz4wbd8a qt6c0cv9 a8nywdso i1ao9s8h esuyzwwr f1sip0of lzcic4wl gpro0wi8 py34i1dx\" tabindex=\"0\" role=\"link\" href=\"https:\/\/www.bouclesdelamayenne.fr\/?fbclid=IwAR13l0KFkLsq84ppEmnpA2z2nVP_WCfHLwYdP89jVU5InuWA0zI97pseNKY\" target=\"_blank\" rel=\"noopener\">https:\/\/www.bouclesdelamayenne.fr\/<\/a><\/div>\n<div dir=\"auto\"><a class=\"oajrlxb2 g5ia77u1 qu0x051f esr5mh6w e9989ue4 r7d6kgcz rq0escxv nhd2j8a9 nc684nl6 p7hjln8o kvgmc6g5 cxmmr5t8 oygrvhab hcukyx3x jb3vyjys rz4wbd8a qt6c0cv9 a8nywdso i1ao9s8h esuyzwwr f1sip0of lzcic4wl gpro0wi8 py34i1dx\" tabindex=\"0\" role=\"link\" href=\"https:\/\/www.lequipe.fr\/lachainelequipe\/?fbclid=IwAR13l0KFkLsq84ppEmnpA2z2nVP_WCfHLwYdP89jVU5InuWA0zI97pseNKY\" target=\"_blank\" rel=\"noopener\">https:\/\/www.lequipe.fr\/lachainelequipe\/<\/a><\/div>\n<div dir=\"auto\"><a class=\"oajrlxb2 g5ia77u1 qu0x051f esr5mh6w e9989ue4 r7d6kgcz rq0escxv nhd2j8a9 nc684nl6 p7hjln8o kvgmc6g5 cxmmr5t8 oygrvhab hcukyx3x jb3vyjys rz4wbd8a qt6c0cv9 a8nywdso i1ao9s8h esuyzwwr f1sip0of lzcic4wl gpro0wi8 py34i1dx\" tabindex=\"0\" role=\"link\" href=\"https:\/\/www.eurosportplayer.com\/?fbclid=IwAR0Aot0YZ-kDlFaRFE7BtEyeH3PSLBiXpUr7XRQ43iKZaXAGlALeq6ynMec\" target=\"_blank\" rel=\"noopener\">https:\/\/www.eurosportplayer.com\/<\/a><\/div>\n<div dir=\"auto\"><a class=\"oajrlxb2 g5ia77u1 qu0x051f esr5mh6w e9989ue4 r7d6kgcz rq0escxv nhd2j8a9 nc684nl6 p7hjln8o kvgmc6g5 cxmmr5t8 oygrvhab hcukyx3x jb3vyjys rz4wbd8a qt6c0cv9 a8nywdso i1ao9s8h esuyzwwr f1sip0of lzcic4wl gpro0wi8 py34i1dx\" tabindex=\"0\" role=\"link\" href=\"https:\/\/welcome.globalcyclingnetwork.com\/?fbclid=IwAR0JReGCEhneDWrNlYBfG2BrwL294koG1QqMsJ9E58XhLXVYrTCkfX2riCg\" target=\"_blank\" rel=\"noopener\">https:\/\/welcome.globalcyclingnetwork.com\/<\/a><\/div>\n<div dir=\"auto\">&nbsp;<\/div>\n<\/div>\n<div class=\"cxmmr5t8 oygrvhab hcukyx3x c1et5uql o9v6fnle ii04i59q\">\n<div dir=\"auto\"><a class=\"oajrlxb2 g5ia77u1 qu0x051f esr5mh6w e9989ue4 r7d6kgcz rq0escxv nhd2j8a9 nc684nl6 p7hjln8o kvgmc6g5 cxmmr5t8 oygrvhab hcukyx3x jb3vyjys rz4wbd8a qt6c0cv9 a8nywdso i1ao9s8h esuyzwwr f1sip0of lzcic4wl gpro0wi8 py34i1dx\" tabindex=\"0\" role=\"link\" href=\"https:\/\/www.facebook.com\/hashtag\/bouclesdelamayenne?__cft__[0]=AZUBGpPYrYrVPqxIr3tIFtJpzAoG2sBENa3uZr4pjkCDma2wCvOGg0eLz5ZeIVVVi-D3sR9HYeE7APGQC8m4OfGTASyta7egKfEMryL8NIq_rCxs45Hrls6smDlcn1QNBQE&amp;__tn__=*NK-R\" target=\"_blank\" rel=\"noopener\">#BouclesDeLaMayenne<\/a> <a class=\"oajrlxb2 g5ia77u1 qu0x051f esr5mh6w e9989ue4 r7d6kgcz rq0escxv nhd2j8a9 nc684nl6 p7hjln8o kvgmc6g5 cxmmr5t8 oygrvhab hcukyx3x jb3vyjys rz4wbd8a qt6c0cv9 a8nywdso i1ao9s8h esuyzwwr f1sip0of lzcic4wl gpro0wi8 py34i1dx\" tabindex=\"0\" role=\"link\" href=\"https:\/\/www.facebook.com\/hashtag\/coursecycliste?__cft__[0]=AZUBGpPYrYrVPqxIr3tIFtJpzAoG2sBENa3uZr4pjkCDma2wCvOGg0eLz5ZeIVVVi-D3sR9HYeE7APGQC8m4OfGTASyta7egKfEMryL8NIq_rCxs45Hrls6smDlcn1QNBQE&amp;__tn__=*NK-R\" target=\"_blank\" rel=\"noopener\">#CourseCycliste<\/a> <a class=\"oajrlxb2 g5ia77u1 qu0x051f esr5mh6w e9989ue4 r7d6kgcz rq0escxv nhd2j8a9 nc684nl6 p7hjln8o kvgmc6g5 cxmmr5t8 oygrvhab hcukyx3x jb3vyjys rz4wbd8a qt6c0cv9 a8nywdso i1ao9s8h esuyzwwr f1sip0of lzcic4wl gpro0wi8 py34i1dx\" tabindex=\"0\" role=\"link\" href=\"https:\/\/www.facebook.com\/hashtag\/mayenne?__cft__[0]=AZUBGpPYrYrVPqxIr3tIFtJpzAoG2sBENa3uZr4pjkCDma2wCvOGg0eLz5ZeIVVVi-D3sR9HYeE7APGQC8m4OfGTASyta7egKfEMryL8NIq_rCxs45Hrls6smDlcn1QNBQE&amp;__tn__=*NK-R\" target=\"_blank\" rel=\"noopener\">#Mayenne<\/a> <a class=\"oajrlxb2 g5ia77u1 qu0x051f esr5mh6w e9989ue4 r7d6kgcz rq0escxv nhd2j8a9 nc684nl6 p7hjln8o kvgmc6g5 cxmmr5t8 oygrvhab hcukyx3x jb3vyjys rz4wbd8a qt6c0cv9 a8nywdso i1ao9s8h esuyzwwr f1sip0of lzcic4wl gpro0wi8 py34i1dx\" tabindex=\"0\" role=\"link\" href=\"https:\/\/www.facebook.com\/hashtag\/transportroutier?__cft__[0]=AZUBGpPYrYrVPqxIr3tIFtJpzAoG2sBENa3uZr4pjkCDma2wCvOGg0eLz5ZeIVVVi-D3sR9HYeE7APGQC8m4OfGTASyta7egKfEMryL8NIq_rCxs45Hrls6smDlcn1QNBQE&amp;__tn__=*NK-R\" target=\"_blank\" rel=\"noopener\">#TransportRoutier<\/a> <a class=\"oajrlxb2 g5ia77u1 qu0x051f esr5mh6w e9989ue4 r7d6kgcz rq0escxv nhd2j8a9 nc684nl6 p7hjln8o kvgmc6g5 cxmmr5t8 oygrvhab hcukyx3x jb3vyjys rz4wbd8a qt6c0cv9 a8nywdso i1ao9s8h esuyzwwr f1sip0of lzcic4wl gpro0wi8 py34i1dx\" tabindex=\"0\" role=\"link\" href=\"https:\/\/www.facebook.com\/hashtag\/logistique?__cft__[0]=AZUBGpPYrYrVPqxIr3tIFtJpzAoG2sBENa3uZr4pjkCDma2wCvOGg0eLz5ZeIVVVi-D3sR9HYeE7APGQC8m4OfGTASyta7egKfEMryL8NIq_rCxs45Hrls6smDlcn1QNBQE&amp;__tn__=*NK-R\" target=\"_blank\" rel=\"noopener\">#Logistique<\/a> <a class=\"oajrlxb2 g5ia77u1 qu0x051f esr5mh6w e9989ue4 r7d6kgcz rq0escxv nhd2j8a9 nc684nl6 p7hjln8o kvgmc6g5 cxmmr5t8 oygrvhab hcukyx3x jb3vyjys rz4wbd8a qt6c0cv9 a8nywdso i1ao9s8h esuyzwwr f1sip0of lzcic4wl gpro0wi8 py34i1dx\" tabindex=\"0\" role=\"link\" href=\"https:\/\/www.facebook.com\/hashtag\/v%C3%A9lo?__cft__[0]=AZUBGpPYrYrVPqxIr3tIFtJpzAoG2sBENa3uZr4pjkCDma2wCvOGg0eLz5ZeIVVVi-D3sR9HYeE7APGQC8m4OfGTASyta7egKfEMryL8NIq_rCxs45Hrls6smDlcn1QNBQE&amp;__tn__=*NK-R\" target=\"_blank\" rel=\"noopener\">#V\u00e9lo<\/a><\/div>\n<\/div>\n<div dir=\"auto\">&nbsp;<\/div>\n<div dir=\"auto\">Retrouvez nos participations aux \u00e9ditions pr\u00e9c\u00e9dentes :&nbsp;<br><a href=\"https:\/\/www.transports-coue.fr\/fr\/les-transports-coue-et-le-groupe-trm-aux-boucles-de-la-mayenne-2021\/\" target=\"_blank\" rel=\"noopener\">https:\/\/www.transports-coue.fr\/fr\/les-transports-coue-et-le-groupe-trm-aux-boucles-de-la-mayenne-2021\/<\/a><br><a href=\"https:\/\/www.transports-coue.fr\/fr\/transports-coue-aux-boucles-de-la-mayenne-2019\/\" target=\"_blank\" rel=\"noopener\">https:\/\/www.transports-coue.fr\/fr\/transports-coue-aux-boucles-de-la-mayenne-2019\/<\/a><\/div>\n\n\n<p><\/p>\n<\/div><span class=\"post-meta-infos\"><time class=\"date-container minor-meta updated\"  itemprop=\"datePublished\" datetime=\"2022-05-23T16:28:14+02:00\" >23 mai 2022<\/time><span class=\"text-sep\">\/<\/span><span class=\"blog-author minor-meta\">par <span class=\"entry-author-link\"  itemprop=\"author\" ><span class=\"author\"><span class=\"fn\"><a href=\"https:\/\/www.transports-coue.fr\/fr\/author\/transports-coue\/\" title=\"Articles par Transports Cou\u00e9\" rel=\"author\">Transports Cou\u00e9<\/a><\/span><\/span><\/span><\/span><\/span><footer class=\"entry-footer\"><\/footer><div class='post_delimiter'><\/div><\/div><div class=\"post_author_timeline\"><\/div><span class='hidden'>\n\t\t\t\t<span class='av-structured-data'  itemprop=\"image\" itemscope=\"itemscope\" itemtype=\"https:\/\/schema.org\/ImageObject\" >\n\t\t\t\t\t\t<span itemprop='url'>https:\/\/www.transports-coue.fr\/wp-content\/uploads\/2022\/05\/transports-coue-trm-boucles-de-la-mayenne-2022-web.jpg<\/span>\n\t\t\t\t\t\t<span itemprop='height'>321<\/span>\n\t\t\t\t\t\t<span itemprop='width'>845<\/span>\n\t\t\t\t<\/span>\n\t\t\t\t<span class='av-structured-data'  itemprop=\"publisher\" itemtype=\"https:\/\/schema.org\/Organization\" itemscope=\"itemscope\" >\n\t\t\t\t\t\t<span itemprop='name'>Transports Cou\u00e9<\/span>\n\t\t\t\t\t\t<span itemprop='logo' itemscope itemtype='https:\/\/schema.org\/ImageObject'>\n\t\t\t\t\t\t\t<span itemprop='url'>https:\/\/www.transports-coue.fr\/wp-content\/uploads\/2018\/10\/Logo-transports-coue-300x119.png<\/span>\n\t\t\t\t\t\t<\/span>\n\t\t\t\t<\/span><span class='av-structured-data'  itemprop=\"author\" itemscope=\"itemscope\" itemtype=\"https:\/\/schema.org\/Person\" ><span itemprop='name'>Transports Cou\u00e9<\/span><\/span><span class='av-structured-data'  itemprop=\"datePublished\" datetime=\"2022-05-23T16:28:14+02:00\" >2022-05-23 16:28:14<\/span><span class='av-structured-data'  itemprop=\"dateModified\" itemtype=\"https:\/\/schema.org\/dateModified\" >2022-05-30 14:01:32<\/span><span class='av-structured-data'  itemprop=\"mainEntityOfPage\" itemtype=\"https:\/\/schema.org\/mainEntityOfPage\" ><span itemprop='name'>Transports Cou\u00e9 et TRM partenaires des Boucles de la Mayenne 2022<\/span><\/span><\/span><\/article><article class=\"post-entry post-entry-type-standard post-entry-7654 post-loop-13 post-parity-odd single-big with-slider post-7654 post type-post status-publish format-standard has-post-thumbnail hentry category-actualites category-partenariats\"  itemscope=\"itemscope\" itemtype=\"https:\/\/schema.org\/BlogPosting\" ><div class=\"blog-meta\"><\/div><div class='entry-content-wrapper clearfix standard-content'><header class=\"entry-content-header\" aria-label=\"Articles : Glenn aux 6h de VTT de l&rsquo;Ern\u00e9e (53) ce 1er mai 2022\"><div class=\"av-heading-wrapper\"><h2 class='post-title entry-title '  itemprop=\"headline\" ><a href=\"https:\/\/www.transports-coue.fr\/fr\/glenn-aux-6h-de-vtt-de-lernee-53-ce-1er-mai-2022\/\" rel=\"bookmark\" title=\"Lien permanent : Glenn aux 6h de VTT de l&rsquo;Ern\u00e9e (53) ce 1er mai 2022\">Glenn aux 6h de VTT de l&rsquo;Ern\u00e9e (53) ce 1er mai 2022<span class=\"post-format-icon minor-meta\"><\/span><\/a><\/h2><span class=\"blog-categories minor-meta\"><a href=\"https:\/\/www.transports-coue.fr\/fr\/category\/actualites\/\" rel=\"tag\">Actualit\u00e9s<\/a>, <a href=\"https:\/\/www.transports-coue.fr\/fr\/category\/actualites\/partenariats\/\" rel=\"tag\">Partenariats<\/a><\/span><\/div><\/header><span class=\"av-vertical-delimiter\"><\/span><div class=\"big-preview single-big\"  itemprop=\"image\" itemscope=\"itemscope\" itemtype=\"https:\/\/schema.org\/ImageObject\" ><a href=\"https:\/\/www.transports-coue.fr\/fr\/glenn-aux-6h-de-vtt-de-lernee-53-ce-1er-mai-2022\/\"  title=\"transports-coue-6h-vtt-participation-glenn-2022-web\" ><img decoding=\"async\" fetchpriority=\"high\" width=\"845\" height=\"321\" src=\"https:\/\/www.transports-coue.fr\/wp-content\/uploads\/2022\/04\/transports-coue-6h-vtt-participation-glenn-2022-web.jpg\" class=\"wp-image-7652 avia-img-lazy-loading-not-7652 attachment-entry_without_sidebar size-entry_without_sidebar wp-post-image\" alt=\"Participation de Glenn un de nos conducteurs aux 6h VTT de l&#039;Ern\u00e9e 2022\" srcset=\"https:\/\/www.transports-coue.fr\/wp-content\/uploads\/2022\/04\/transports-coue-6h-vtt-participation-glenn-2022-web.jpg 845w, https:\/\/www.transports-coue.fr\/wp-content\/uploads\/2022\/04\/transports-coue-6h-vtt-participation-glenn-2022-web-300x114.jpg 300w, https:\/\/www.transports-coue.fr\/wp-content\/uploads\/2022\/04\/transports-coue-6h-vtt-participation-glenn-2022-web-80x30.jpg 80w, https:\/\/www.transports-coue.fr\/wp-content\/uploads\/2022\/04\/transports-coue-6h-vtt-participation-glenn-2022-web-768x292.jpg 768w, https:\/\/www.transports-coue.fr\/wp-content\/uploads\/2022\/04\/transports-coue-6h-vtt-participation-glenn-2022-web-705x268.jpg 705w\" sizes=\"(max-width: 845px) 100vw, 845px\" \/><\/a><\/div><div class=\"entry-content\"  itemprop=\"text\" ><p>Ce dimanche 1er mai , Glenn, un de nos conducteurs, participera \u00e0 la 3\u00e8me \u00e9dition des 6 heures de VTT \ud83d\udeb4\u200d\u2642\ufe0f de l&rsquo;Ern\u00e9e (53) organis\u00e9e par <a href=\"https:\/\/www.motoclubernee.com\/\" target=\"_blank\" rel=\"noopener\">Moto Club Ern\u00e9e<\/a><\/p>\n<p>\ud83c\udfc1 Venez l&rsquo;encourager \ud83d\udc4f \u00e0 partir de 10h sur le circuit Raymond DEMY !<\/p>\n<p>Bonne Course Glenn \ud83d\udcaa ! Tout notre soutien \ud83d\udc4d !<\/p>\n<p>\ud83d\udcf8 En photo sur le visuel, Glenn en pleine action !<\/p>\n<p>#VTT #VTTpassion #Ern\u00e9e #VilleErn\u00e9e #Mayenne #TransportRoutier #6hvttern\u00e9e2022<\/p>\n<\/div><span class=\"post-meta-infos\"><time class=\"date-container minor-meta updated\"  itemprop=\"datePublished\" datetime=\"2022-04-29T11:34:37+02:00\" >29 avril 2022<\/time><span class=\"text-sep\">\/<\/span><span class=\"blog-author minor-meta\">par <span class=\"entry-author-link\"  itemprop=\"author\" ><span class=\"author\"><span class=\"fn\"><a href=\"https:\/\/www.transports-coue.fr\/fr\/author\/transports-coue\/\" title=\"Articles par Transports Cou\u00e9\" rel=\"author\">Transports Cou\u00e9<\/a><\/span><\/span><\/span><\/span><\/span><footer class=\"entry-footer\"><\/footer><div class='post_delimiter'><\/div><\/div><div class=\"post_author_timeline\"><\/div><span class='hidden'>\n\t\t\t\t<span class='av-structured-data'  itemprop=\"image\" itemscope=\"itemscope\" itemtype=\"https:\/\/schema.org\/ImageObject\" >\n\t\t\t\t\t\t<span itemprop='url'>https:\/\/www.transports-coue.fr\/wp-content\/uploads\/2022\/04\/transports-coue-6h-vtt-participation-glenn-2022-web.jpg<\/span>\n\t\t\t\t\t\t<span itemprop='height'>321<\/span>\n\t\t\t\t\t\t<span itemprop='width'>845<\/span>\n\t\t\t\t<\/span>\n\t\t\t\t<span class='av-structured-data'  itemprop=\"publisher\" itemtype=\"https:\/\/schema.org\/Organization\" itemscope=\"itemscope\" >\n\t\t\t\t\t\t<span itemprop='name'>Transports Cou\u00e9<\/span>\n\t\t\t\t\t\t<span itemprop='logo' itemscope itemtype='https:\/\/schema.org\/ImageObject'>\n\t\t\t\t\t\t\t<span itemprop='url'>https:\/\/www.transports-coue.fr\/wp-content\/uploads\/2018\/10\/Logo-transports-coue-300x119.png<\/span>\n\t\t\t\t\t\t<\/span>\n\t\t\t\t<\/span><span class='av-structured-data'  itemprop=\"author\" itemscope=\"itemscope\" itemtype=\"https:\/\/schema.org\/Person\" ><span itemprop='name'>Transports Cou\u00e9<\/span><\/span><span class='av-structured-data'  itemprop=\"datePublished\" datetime=\"2022-04-29T11:34:37+02:00\" >2022-04-29 11:34:37<\/span><span class='av-structured-data'  itemprop=\"dateModified\" itemtype=\"https:\/\/schema.org\/dateModified\" >2022-05-01 21:30:57<\/span><span class='av-structured-data'  itemprop=\"mainEntityOfPage\" itemtype=\"https:\/\/schema.org\/mainEntityOfPage\" ><span itemprop='name'>Glenn aux 6h de VTT de l&rsquo;Ern\u00e9e (53) ce 1er mai 2022<\/span><\/span><\/span><\/article><article class=\"post-entry post-entry-type-standard post-entry-7264 post-loop-14 post-parity-even single-big with-slider post-7264 post type-post status-publish format-standard has-post-thumbnail hentry category-actualites category-partenariats\"  itemscope=\"itemscope\" itemtype=\"https:\/\/schema.org\/BlogPosting\" ><div class=\"blog-meta\"><\/div><div class='entry-content-wrapper clearfix standard-content'><header class=\"entry-content-header\" aria-label=\"Articles : Belle performance de Karim au Marathon de Valencia !\"><div class=\"av-heading-wrapper\"><h2 class='post-title entry-title '  itemprop=\"headline\" ><a href=\"https:\/\/www.transports-coue.fr\/fr\/belle-performance-de-karim-au-marathon-de-valencia\/\" rel=\"bookmark\" title=\"Lien permanent : Belle performance de Karim au Marathon de Valencia !\">Belle performance de Karim au Marathon de Valencia !<span class=\"post-format-icon minor-meta\"><\/span><\/a><\/h2><span class=\"blog-categories minor-meta\"><a href=\"https:\/\/www.transports-coue.fr\/fr\/category\/actualites\/\" rel=\"tag\">Actualit\u00e9s<\/a>, <a href=\"https:\/\/www.transports-coue.fr\/fr\/category\/actualites\/partenariats\/\" rel=\"tag\">Partenariats<\/a><\/span><\/div><\/header><span class=\"av-vertical-delimiter\"><\/span><div class=\"big-preview single-big\"  itemprop=\"image\" itemscope=\"itemscope\" itemtype=\"https:\/\/schema.org\/ImageObject\" ><a href=\"https:\/\/www.transports-coue.fr\/fr\/belle-performance-de-karim-au-marathon-de-valencia\/\"  title=\"groupe-coue-karim-commercial-marathon-valencia-espagne\" ><img decoding=\"async\" fetchpriority=\"high\" width=\"845\" height=\"321\" src=\"https:\/\/www.transports-coue.fr\/wp-content\/uploads\/2022\/01\/groupe-coue-karim-commercial-marathon-valencia-espagne.jpg\" class=\"wp-image-7262 avia-img-lazy-loading-not-7262 attachment-entry_without_sidebar size-entry_without_sidebar wp-post-image\" alt=\"\" srcset=\"https:\/\/www.transports-coue.fr\/wp-content\/uploads\/2022\/01\/groupe-coue-karim-commercial-marathon-valencia-espagne.jpg 845w, https:\/\/www.transports-coue.fr\/wp-content\/uploads\/2022\/01\/groupe-coue-karim-commercial-marathon-valencia-espagne-300x114.jpg 300w, https:\/\/www.transports-coue.fr\/wp-content\/uploads\/2022\/01\/groupe-coue-karim-commercial-marathon-valencia-espagne-80x30.jpg 80w, https:\/\/www.transports-coue.fr\/wp-content\/uploads\/2022\/01\/groupe-coue-karim-commercial-marathon-valencia-espagne-768x292.jpg 768w, https:\/\/www.transports-coue.fr\/wp-content\/uploads\/2022\/01\/groupe-coue-karim-commercial-marathon-valencia-espagne-705x268.jpg 705w\" sizes=\"(max-width: 845px) 100vw, 845px\" \/><\/a><\/div><div class=\"entry-content\"  itemprop=\"text\" ><p>\ud83d\udc65 Nos \u00e9quipes \u00e0 travers leurs passions \ud83d\udcf8<\/p>\n<p>D\u00e9but d\u00e9cembre, Karim, notre commercial <a href=\"https:\/\/www.sotecan.com\/\" target=\"_blank\" rel=\"noopener\">Sotecan International<\/a>, a particip\u00e9 au \ud83c\udfc3\u200d\u2642\ufe0f Marathon annuel de Valencia :<br \/>\n\u2600\ufe0f Sous un grand soleil et une temp\u00e9rature agr\u00e9able 18\u00b0, il a r\u00e9alis\u00e9 une belle performance, il l&rsquo;a termin\u00e9 en 2h57 !<br \/>\n\ud83d\udcaaObjectif : courir les marathons des villes portuaires ! Apr\u00e8s Barcelone, Stockholm et Amsterdam, il se pr\u00e9pare pour Boston, Tokyo, Rotterdam, Hambourg&#8230;<br \/>\nMerci Karim pour ce partage ! \ud83d\ude0a<\/p>\n<p>D\u00e9couvrez les passions de nos \u00e9quipes :<br \/>\n<a href=\"https:\/\/www.transports-coue.fr\/fr\/frederic-a-realise-la-diagonale-des-fous\/\" target=\"_blank\" rel=\"noopener\">https:\/\/www.transports-coue.fr\/fr\/frederic-a-realise-la-diagonale-des-fous\/<\/a><br \/>\n<a href=\"https:\/\/www.transports-coue.fr\/fr\/karim-commercial-sotecan-international-au-mayetik-trail\/\" target=\"_blank\" rel=\"noopener\">https:\/\/www.transports-coue.fr\/fr\/karim-commercial-sotecan-international-au-mayetik-trail\/<\/a><\/p>\n<p>#Loisirs #FierDeNosM\u00e9tiers #Transport #Passion #Marathon<\/p>\n<\/div><span class=\"post-meta-infos\"><time class=\"date-container minor-meta updated\"  itemprop=\"datePublished\" datetime=\"2022-01-21T18:44:25+01:00\" >21 janvier 2022<\/time><span class=\"text-sep\">\/<\/span><span class=\"blog-author minor-meta\">par <span class=\"entry-author-link\"  itemprop=\"author\" ><span class=\"author\"><span class=\"fn\"><a href=\"https:\/\/www.transports-coue.fr\/fr\/author\/transports-coue\/\" title=\"Articles par Transports Cou\u00e9\" rel=\"author\">Transports Cou\u00e9<\/a><\/span><\/span><\/span><\/span><\/span><footer class=\"entry-footer\"><\/footer><div class='post_delimiter'><\/div><\/div><div class=\"post_author_timeline\"><\/div><span class='hidden'>\n\t\t\t\t<span class='av-structured-data'  itemprop=\"image\" itemscope=\"itemscope\" itemtype=\"https:\/\/schema.org\/ImageObject\" >\n\t\t\t\t\t\t<span itemprop='url'>https:\/\/www.transports-coue.fr\/wp-content\/uploads\/2022\/01\/groupe-coue-karim-commercial-marathon-valencia-espagne.jpg<\/span>\n\t\t\t\t\t\t<span itemprop='height'>321<\/span>\n\t\t\t\t\t\t<span itemprop='width'>845<\/span>\n\t\t\t\t<\/span>\n\t\t\t\t<span class='av-structured-data'  itemprop=\"publisher\" itemtype=\"https:\/\/schema.org\/Organization\" itemscope=\"itemscope\" >\n\t\t\t\t\t\t<span itemprop='name'>Transports Cou\u00e9<\/span>\n\t\t\t\t\t\t<span itemprop='logo' itemscope itemtype='https:\/\/schema.org\/ImageObject'>\n\t\t\t\t\t\t\t<span itemprop='url'>https:\/\/www.transports-coue.fr\/wp-content\/uploads\/2018\/10\/Logo-transports-coue-300x119.png<\/span>\n\t\t\t\t\t\t<\/span>\n\t\t\t\t<\/span><span class='av-structured-data'  itemprop=\"author\" itemscope=\"itemscope\" itemtype=\"https:\/\/schema.org\/Person\" ><span itemprop='name'>Transports Cou\u00e9<\/span><\/span><span class='av-structured-data'  itemprop=\"datePublished\" datetime=\"2022-01-21T18:44:25+01:00\" >2022-01-21 18:44:25<\/span><span class='av-structured-data'  itemprop=\"dateModified\" itemtype=\"https:\/\/schema.org\/dateModified\" >2022-01-21 18:44:26<\/span><span class='av-structured-data'  itemprop=\"mainEntityOfPage\" itemtype=\"https:\/\/schema.org\/mainEntityOfPage\" ><span itemprop='name'>Belle performance de Karim au Marathon de Valencia !<\/span><\/span><\/span><\/article><article class=\"post-entry post-entry-type-standard post-entry-6905 post-loop-15 post-parity-odd single-big with-slider post-6905 post type-post status-publish format-standard has-post-thumbnail hentry category-actualites category-partenariats\"  itemscope=\"itemscope\" itemtype=\"https:\/\/schema.org\/BlogPosting\" ><div class=\"blog-meta\"><\/div><div class='entry-content-wrapper clearfix standard-content'><header class=\"entry-content-header\" aria-label=\"Articles : Nos reMarquables au Futsal lavallois \u00e0 l&rsquo;Espace Mayenne !\"><div class=\"av-heading-wrapper\"><h2 class='post-title entry-title '  itemprop=\"headline\" ><a href=\"https:\/\/www.transports-coue.fr\/fr\/nos-remarquables-au-futsal-lavallois-a-lespace-mayenne\/\" rel=\"bookmark\" title=\"Lien permanent : Nos reMarquables au Futsal lavallois \u00e0 l&rsquo;Espace Mayenne !\">Nos reMarquables au Futsal lavallois \u00e0 l&rsquo;Espace Mayenne !<span class=\"post-format-icon minor-meta\"><\/span><\/a><\/h2><span class=\"blog-categories minor-meta\"><a href=\"https:\/\/www.transports-coue.fr\/fr\/category\/actualites\/\" rel=\"tag\">Actualit\u00e9s<\/a>, <a href=\"https:\/\/www.transports-coue.fr\/fr\/category\/actualites\/partenariats\/\" rel=\"tag\">Partenariats<\/a><\/span><\/div><\/header><span class=\"av-vertical-delimiter\"><\/span><div class=\"big-preview single-big\"  itemprop=\"image\" itemscope=\"itemscope\" itemtype=\"https:\/\/schema.org\/ImageObject\" ><a href=\"https:\/\/www.transports-coue.fr\/fr\/nos-remarquables-au-futsal-lavallois-a-lespace-mayenne\/\"  title=\"transports-coue-partenaire-futsal-laval-mayenne-club\" ><img decoding=\"async\" fetchpriority=\"high\" width=\"845\" height=\"321\" src=\"https:\/\/www.transports-coue.fr\/wp-content\/uploads\/2021\/11\/transports-coue-partenaire-futsal-laval-mayenne-club.jpg\" class=\"wp-image-6906 avia-img-lazy-loading-not-6906 attachment-entry_without_sidebar size-entry_without_sidebar wp-post-image\" alt=\"Transports Cou\u00e9 Partenaire Futsal Laval Mayenne\" srcset=\"https:\/\/www.transports-coue.fr\/wp-content\/uploads\/2021\/11\/transports-coue-partenaire-futsal-laval-mayenne-club.jpg 845w, https:\/\/www.transports-coue.fr\/wp-content\/uploads\/2021\/11\/transports-coue-partenaire-futsal-laval-mayenne-club-300x114.jpg 300w, https:\/\/www.transports-coue.fr\/wp-content\/uploads\/2021\/11\/transports-coue-partenaire-futsal-laval-mayenne-club-80x30.jpg 80w, https:\/\/www.transports-coue.fr\/wp-content\/uploads\/2021\/11\/transports-coue-partenaire-futsal-laval-mayenne-club-768x292.jpg 768w, https:\/\/www.transports-coue.fr\/wp-content\/uploads\/2021\/11\/transports-coue-partenaire-futsal-laval-mayenne-club-705x268.jpg 705w\" sizes=\"(max-width: 845px) 100vw, 845px\" \/><\/a><\/div><div class=\"entry-content\"  itemprop=\"text\" ><p>\ud83d\udca5Transports Cou\u00e9\/TRM partenaire officiel de l\u2019Etoile \u2b50\ufe0f Lavalloise Mayenne Futsal Club<\/p>\n<p>Depuis la rentr\u00e9e, nos reMarquables tournent sur les panneaux LED \ud83d\udda5 au cours de chaque match de Futsal \u26bd\ufe0f qui se d\u00e9roule dans le nouveau lieu embl\u00e9matique qu&rsquo;est devenu l&rsquo;<a href=\"https:\/\/www.espace-mayenne.fr\/\" target=\"_blank\" rel=\"noopener\">Espace Mayenne<\/a> \ud83e\udd29 !<\/p>\n<p>A d\u00e9couvrir en vid\u00e9o : <a href=\"https:\/\/youtu.be\/_ZJvKlsA_PY\" target=\"_blank\" rel=\"noopener\">https:\/\/youtu.be\/_ZJvKlsA_PY<\/a><\/p>\n<p>Et quel meilleur slogan pour les soutenir que \u26a1\ud835\udddf\ud835\uddf2\ud835\ude00 \ud835\udde0\ud835\uddee\ud835\ude06\ud835\uddf2\ud835\uddfb\ud835\uddfb\ud835\uddee\ud835\uddf6\ud835\ude00 \ud835\ude00\ud835\uddfc\ud835\uddfb\ud835\ude01 \ud835\uddff\ud835\uddf2\ud835\udde0\ud835\uddee\ud835\uddff\ud835\uddfe\ud835\ude02\ud835\uddee\ud835\uddef\ud835\uddf9\ud835\uddf2\ud835\ude00 !\u26a1<\/p>\n<p>F\u00e9licitations \u00e0 l&rsquo; <a href=\"https:\/\/www.laval-futsal.com\/\" target=\"_blank\" rel=\"noopener\">Etoile Lavalloise Mayenne Futsal Club<\/a>, class\u00e9e en ligue 1, pour leur victoire 3 \u00e0 2, samedi dernier face \u00e0 Toulon !<\/p>\n<p>Retrouvez toutes nos actualit\u00e9s ici : <a href=\"https:\/\/www.transports-coue.fr\/fr\/actualites\/\" target=\"_blank\" rel=\"noopener\">https:\/\/www.transports-coue.fr\/fr\/actualites\/<\/a><\/p>\n<p>#Futsal #Laval #Mayenne #EspaceMayenne #TransportRoutier #Logistique #FiersDeNosM\u00e9tiers<\/p>\n<\/div><span class=\"post-meta-infos\"><time class=\"date-container minor-meta updated\"  itemprop=\"datePublished\" datetime=\"2021-11-26T17:35:23+01:00\" >26 novembre 2021<\/time><span class=\"text-sep\">\/<\/span><span class=\"blog-author minor-meta\">par <span class=\"entry-author-link\"  itemprop=\"author\" ><span class=\"author\"><span class=\"fn\"><a href=\"https:\/\/www.transports-coue.fr\/fr\/author\/transports-coue\/\" title=\"Articles par Transports Cou\u00e9\" rel=\"author\">Transports Cou\u00e9<\/a><\/span><\/span><\/span><\/span><\/span><footer class=\"entry-footer\"><\/footer><div class='post_delimiter'><\/div><\/div><div class=\"post_author_timeline\"><\/div><span class='hidden'>\n\t\t\t\t<span class='av-structured-data'  itemprop=\"image\" itemscope=\"itemscope\" itemtype=\"https:\/\/schema.org\/ImageObject\" >\n\t\t\t\t\t\t<span itemprop='url'>https:\/\/www.transports-coue.fr\/wp-content\/uploads\/2021\/11\/transports-coue-partenaire-futsal-laval-mayenne-club.jpg<\/span>\n\t\t\t\t\t\t<span itemprop='height'>321<\/span>\n\t\t\t\t\t\t<span itemprop='width'>845<\/span>\n\t\t\t\t<\/span>\n\t\t\t\t<span class='av-structured-data'  itemprop=\"publisher\" itemtype=\"https:\/\/schema.org\/Organization\" itemscope=\"itemscope\" >\n\t\t\t\t\t\t<span itemprop='name'>Transports Cou\u00e9<\/span>\n\t\t\t\t\t\t<span itemprop='logo' itemscope itemtype='https:\/\/schema.org\/ImageObject'>\n\t\t\t\t\t\t\t<span itemprop='url'>https:\/\/www.transports-coue.fr\/wp-content\/uploads\/2018\/10\/Logo-transports-coue-300x119.png<\/span>\n\t\t\t\t\t\t<\/span>\n\t\t\t\t<\/span><span class='av-structured-data'  itemprop=\"author\" itemscope=\"itemscope\" itemtype=\"https:\/\/schema.org\/Person\" ><span itemprop='name'>Transports Cou\u00e9<\/span><\/span><span class='av-structured-data'  itemprop=\"datePublished\" datetime=\"2021-11-26T17:35:23+01:00\" >2021-11-26 17:35:23<\/span><span class='av-structured-data'  itemprop=\"dateModified\" itemtype=\"https:\/\/schema.org\/dateModified\" >2021-11-30 14:31:42<\/span><span class='av-structured-data'  itemprop=\"mainEntityOfPage\" itemtype=\"https:\/\/schema.org\/mainEntityOfPage\" ><span itemprop='name'>Nos reMarquables au Futsal lavallois \u00e0 l&rsquo;Espace Mayenne !<\/span><\/span><\/span><\/article><article class=\"post-entry post-entry-type-standard post-entry-6329 post-loop-16 post-parity-even single-big with-slider post-6329 post type-post status-publish format-standard has-post-thumbnail hentry category-actualites category-partenariats\"  itemscope=\"itemscope\" itemtype=\"https:\/\/schema.org\/BlogPosting\" ><div class=\"blog-meta\"><\/div><div class='entry-content-wrapper clearfix standard-content'><header class=\"entry-content-header\" aria-label=\"Articles : Transports Cou\u00e9 partenaire de la Ronde Mayennaise 2021\"><div class=\"av-heading-wrapper\"><h2 class='post-title entry-title '  itemprop=\"headline\" ><a href=\"https:\/\/www.transports-coue.fr\/fr\/transports-coue-partenaire-de-la-ronde-mayennaise-2021\/\" rel=\"bookmark\" title=\"Lien permanent : Transports Cou\u00e9 partenaire de la Ronde Mayennaise 2021\">Transports Cou\u00e9 partenaire de la Ronde Mayennaise 2021<span class=\"post-format-icon minor-meta\"><\/span><\/a><\/h2><span class=\"blog-categories minor-meta\"><a href=\"https:\/\/www.transports-coue.fr\/fr\/category\/actualites\/\" rel=\"tag\">Actualit\u00e9s<\/a>, <a href=\"https:\/\/www.transports-coue.fr\/fr\/category\/actualites\/partenariats\/\" rel=\"tag\">Partenariats<\/a><\/span><\/div><\/header><span class=\"av-vertical-delimiter\"><\/span><div class=\"big-preview single-big\"  itemprop=\"image\" itemscope=\"itemscope\" itemtype=\"https:\/\/schema.org\/ImageObject\" ><a href=\"https:\/\/www.transports-coue.fr\/fr\/transports-coue-partenaire-de-la-ronde-mayennaise-2021\/\"  title=\"Transports-coue-partenaire-ronde-mayennaise-2021\" ><img decoding=\"async\" fetchpriority=\"high\" width=\"807\" height=\"300\" src=\"https:\/\/www.transports-coue.fr\/wp-content\/uploads\/2021\/09\/Transports-coue-partenaire-ronde-mayennaise-2021.png\" class=\"wp-image-6337 avia-img-lazy-loading-not-6337 attachment-entry_without_sidebar size-entry_without_sidebar wp-post-image\" alt=\"Transports Cou\u00e9 partenaire de la Ronde Mayennaise 2021\" srcset=\"https:\/\/www.transports-coue.fr\/wp-content\/uploads\/2021\/09\/Transports-coue-partenaire-ronde-mayennaise-2021.png 807w, https:\/\/www.transports-coue.fr\/wp-content\/uploads\/2021\/09\/Transports-coue-partenaire-ronde-mayennaise-2021-300x112.png 300w, https:\/\/www.transports-coue.fr\/wp-content\/uploads\/2021\/09\/Transports-coue-partenaire-ronde-mayennaise-2021-80x30.png 80w, https:\/\/www.transports-coue.fr\/wp-content\/uploads\/2021\/09\/Transports-coue-partenaire-ronde-mayennaise-2021-768x286.png 768w, https:\/\/www.transports-coue.fr\/wp-content\/uploads\/2021\/09\/Transports-coue-partenaire-ronde-mayennaise-2021-705x262.png 705w\" sizes=\"(max-width: 807px) 100vw, 807px\" \/><\/a><\/div><div class=\"entry-content\"  itemprop=\"text\" ><p>La 28\u00e8me \u00e9dition de la <a href=\"http:\/\/www.rondemayennaise.fr\/\" target=\"_blank\" rel=\"noopener\">Ronde Mayennaise<\/a> s&rsquo;est d\u00e9roul\u00e9e sur les routes de notre d\u00e9partement ce dimanche 12 septembre 2021 ! \ud83d\udeb4<\/p>\n<p>\u2728 Nous sommes heureux d&rsquo;avoir contribu\u00e9 \u00e0 cette course en pr\u00eatant le porteur de notre camion remorque \ud83d\ude9b pour l&rsquo;organisation de l&rsquo;arriv\u00e9e.<\/p>\n<p>Bravo au vainqueurs ! \ud83c\udfc6<\/p>\n<p>Retrouvez toutes nos participations sur notre site internet : <a href=\"https:\/\/www.transports-coue.fr\/fr\/actualites\/\" target=\"_blank\" rel=\"noopener\">https:\/\/www.transports-coue.fr\/fr\/actualites\/<\/a><\/p>\n<p>#partenaire #rondemayennaise #mayenne #laval #cyclisme<\/p>\n\n\n<figure class=\"wp-block-image size-large\"><img loading=\"lazy\" decoding=\"async\" width=\"1030\" height=\"884\" src=\"https:\/\/www.transports-coue.fr\/wp-content\/uploads\/2021\/09\/transports-coue-partenaire-ronde-mayennaise-2021-1-1030x884.jpg\" alt=\"Transports Cou\u00e9 partenaire de la Ronde Mayennaise 2021 Arriv\u00e9e\" class=\"wp-image-6350\" srcset=\"https:\/\/www.transports-coue.fr\/wp-content\/uploads\/2021\/09\/transports-coue-partenaire-ronde-mayennaise-2021-1-1030x884.jpg 1030w, https:\/\/www.transports-coue.fr\/wp-content\/uploads\/2021\/09\/transports-coue-partenaire-ronde-mayennaise-2021-1-300x258.jpg 300w, https:\/\/www.transports-coue.fr\/wp-content\/uploads\/2021\/09\/transports-coue-partenaire-ronde-mayennaise-2021-1-80x69.jpg 80w, https:\/\/www.transports-coue.fr\/wp-content\/uploads\/2021\/09\/transports-coue-partenaire-ronde-mayennaise-2021-1-768x659.jpg 768w, https:\/\/www.transports-coue.fr\/wp-content\/uploads\/2021\/09\/transports-coue-partenaire-ronde-mayennaise-2021-1-1536x1319.jpg 1536w, https:\/\/www.transports-coue.fr\/wp-content\/uploads\/2021\/09\/transports-coue-partenaire-ronde-mayennaise-2021-1-2048x1758.jpg 2048w, https:\/\/www.transports-coue.fr\/wp-content\/uploads\/2021\/09\/transports-coue-partenaire-ronde-mayennaise-2021-1-1500x1288.jpg 1500w, https:\/\/www.transports-coue.fr\/wp-content\/uploads\/2021\/09\/transports-coue-partenaire-ronde-mayennaise-2021-1-705x605.jpg 705w\" sizes=\"auto, (max-width: 1030px) 100vw, 1030px\" \/><\/figure>\n\n\n\n<figure class=\"wp-block-image size-large\"><img loading=\"lazy\" decoding=\"async\" width=\"1030\" height=\"824\" src=\"https:\/\/www.transports-coue.fr\/wp-content\/uploads\/2021\/09\/transports-coue-partenaire-ronde-mayennaise-2021-2-1030x824.jpg\" alt=\"Transports Cou\u00e9 partenaire de la Ronde Mayennaise 2021 Podium\" class=\"wp-image-6348\" srcset=\"https:\/\/www.transports-coue.fr\/wp-content\/uploads\/2021\/09\/transports-coue-partenaire-ronde-mayennaise-2021-2-1030x824.jpg 1030w, https:\/\/www.transports-coue.fr\/wp-content\/uploads\/2021\/09\/transports-coue-partenaire-ronde-mayennaise-2021-2-300x240.jpg 300w, https:\/\/www.transports-coue.fr\/wp-content\/uploads\/2021\/09\/transports-coue-partenaire-ronde-mayennaise-2021-2-80x64.jpg 80w, https:\/\/www.transports-coue.fr\/wp-content\/uploads\/2021\/09\/transports-coue-partenaire-ronde-mayennaise-2021-2-768x615.jpg 768w, https:\/\/www.transports-coue.fr\/wp-content\/uploads\/2021\/09\/transports-coue-partenaire-ronde-mayennaise-2021-2-1536x1229.jpg 1536w, https:\/\/www.transports-coue.fr\/wp-content\/uploads\/2021\/09\/transports-coue-partenaire-ronde-mayennaise-2021-2-2048x1639.jpg 2048w, https:\/\/www.transports-coue.fr\/wp-content\/uploads\/2021\/09\/transports-coue-partenaire-ronde-mayennaise-2021-2-1500x1200.jpg 1500w, https:\/\/www.transports-coue.fr\/wp-content\/uploads\/2021\/09\/transports-coue-partenaire-ronde-mayennaise-2021-2-705x564.jpg 705w\" sizes=\"auto, (max-width: 1030px) 100vw, 1030px\" \/><\/figure>\n<\/div><span class=\"post-meta-infos\"><time class=\"date-container minor-meta updated\"  itemprop=\"datePublished\" datetime=\"2021-09-14T17:24:07+02:00\" >14 septembre 2021<\/time><span class=\"text-sep\">\/<\/span><span class=\"blog-author minor-meta\">par <span class=\"entry-author-link\"  itemprop=\"author\" ><span class=\"author\"><span class=\"fn\"><a href=\"https:\/\/www.transports-coue.fr\/fr\/author\/transports-coue\/\" title=\"Articles par Transports Cou\u00e9\" rel=\"author\">Transports Cou\u00e9<\/a><\/span><\/span><\/span><\/span><\/span><footer class=\"entry-footer\"><\/footer><div class='post_delimiter'><\/div><\/div><div class=\"post_author_timeline\"><\/div><span class='hidden'>\n\t\t\t\t<span class='av-structured-data'  itemprop=\"image\" itemscope=\"itemscope\" itemtype=\"https:\/\/schema.org\/ImageObject\" >\n\t\t\t\t\t\t<span itemprop='url'>https:\/\/www.transports-coue.fr\/wp-content\/uploads\/2021\/09\/Transports-coue-partenaire-ronde-mayennaise-2021.png<\/span>\n\t\t\t\t\t\t<span itemprop='height'>300<\/span>\n\t\t\t\t\t\t<span itemprop='width'>807<\/span>\n\t\t\t\t<\/span>\n\t\t\t\t<span class='av-structured-data'  itemprop=\"publisher\" itemtype=\"https:\/\/schema.org\/Organization\" itemscope=\"itemscope\" >\n\t\t\t\t\t\t<span itemprop='name'>Transports Cou\u00e9<\/span>\n\t\t\t\t\t\t<span itemprop='logo' itemscope itemtype='https:\/\/schema.org\/ImageObject'>\n\t\t\t\t\t\t\t<span itemprop='url'>https:\/\/www.transports-coue.fr\/wp-content\/uploads\/2018\/10\/Logo-transports-coue-300x119.png<\/span>\n\t\t\t\t\t\t<\/span>\n\t\t\t\t<\/span><span class='av-structured-data'  itemprop=\"author\" itemscope=\"itemscope\" itemtype=\"https:\/\/schema.org\/Person\" ><span itemprop='name'>Transports Cou\u00e9<\/span><\/span><span class='av-structured-data'  itemprop=\"datePublished\" datetime=\"2021-09-14T17:24:07+02:00\" >2021-09-14 17:24:07<\/span><span class='av-structured-data'  itemprop=\"dateModified\" itemtype=\"https:\/\/schema.org\/dateModified\" >2021-09-14 17:42:47<\/span><span class='av-structured-data'  itemprop=\"mainEntityOfPage\" itemtype=\"https:\/\/schema.org\/mainEntityOfPage\" ><span itemprop='name'>Transports Cou\u00e9 partenaire de la Ronde Mayennaise 2021<\/span><\/span><\/span><\/article><article class=\"post-entry post-entry-type-standard post-entry-5668 post-loop-17 post-parity-odd single-big with-slider post-5668 post type-post status-publish format-standard has-post-thumbnail hentry category-actualites category-partenariats\"  itemscope=\"itemscope\" itemtype=\"https:\/\/schema.org\/BlogPosting\" ><div class=\"blog-meta\"><\/div><div class='entry-content-wrapper clearfix standard-content'><header class=\"entry-content-header\" aria-label=\"Articles : Karim, Commercial Sotecan International, au May&rsquo;Etik Trail\"><div class=\"av-heading-wrapper\"><h2 class='post-title entry-title '  itemprop=\"headline\" ><a href=\"https:\/\/www.transports-coue.fr\/fr\/karim-commercial-sotecan-international-au-mayetik-trail\/\" rel=\"bookmark\" title=\"Lien permanent : Karim, Commercial Sotecan International, au May&rsquo;Etik Trail\">Karim, Commercial Sotecan International, au May&rsquo;Etik Trail<span class=\"post-format-icon minor-meta\"><\/span><\/a><\/h2><span class=\"blog-categories minor-meta\"><a href=\"https:\/\/www.transports-coue.fr\/fr\/category\/actualites\/\" rel=\"tag\">Actualit\u00e9s<\/a>, <a href=\"https:\/\/www.transports-coue.fr\/fr\/category\/actualites\/partenariats\/\" rel=\"tag\">Partenariats<\/a><\/span><\/div><\/header><span class=\"av-vertical-delimiter\"><\/span><div class=\"big-preview single-big\"  itemprop=\"image\" itemscope=\"itemscope\" itemtype=\"https:\/\/schema.org\/ImageObject\" ><a href=\"https:\/\/www.transports-coue.fr\/fr\/karim-commercial-sotecan-international-au-mayetik-trail\/\"  title=\"trm-karim-au-trail-May-etik\" ><img decoding=\"async\" fetchpriority=\"high\" width=\"845\" height=\"321\" src=\"https:\/\/www.transports-coue.fr\/wp-content\/uploads\/2021\/06\/trm-karim-au-trail-May-etik.jpg\" class=\"wp-image-5669 avia-img-lazy-loading-not-5669 attachment-entry_without_sidebar size-entry_without_sidebar wp-post-image\" alt=\"Karim commercial Sotecan International au trail May&#039;Etik 2021\" srcset=\"https:\/\/www.transports-coue.fr\/wp-content\/uploads\/2021\/06\/trm-karim-au-trail-May-etik.jpg 845w, https:\/\/www.transports-coue.fr\/wp-content\/uploads\/2021\/06\/trm-karim-au-trail-May-etik-300x114.jpg 300w, https:\/\/www.transports-coue.fr\/wp-content\/uploads\/2021\/06\/trm-karim-au-trail-May-etik-80x30.jpg 80w, https:\/\/www.transports-coue.fr\/wp-content\/uploads\/2021\/06\/trm-karim-au-trail-May-etik-768x292.jpg 768w, https:\/\/www.transports-coue.fr\/wp-content\/uploads\/2021\/06\/trm-karim-au-trail-May-etik-705x268.jpg 705w\" sizes=\"(max-width: 845px) 100vw, 845px\" \/><\/a><\/div><div class=\"entry-content\"  itemprop=\"text\" ><p><span class=\"pq6dq46d tbxw36s4 knj5qynh kvgmc6g5 ditlmg2l oygrvhab nvdbi5me sf5mxxl7 gl3lb2sf hhz5lgdu\"><img loading=\"lazy\" decoding=\"async\" src=\"https:\/\/static.xx.fbcdn.net\/images\/emoji.php\/v9\/tfe\/1\/16\/1f44f.png\" alt=\"\ud83d\udc4f\" width=\"16\" height=\"16\" \/><\/span> Karim, notre commercial <a href=\"https:\/\/www.sotecan.com\/index.php\" target=\"_blank\" rel=\"noopener\">SOTECAN INTERNATIONAL<\/a>, a relev\u00e9 le challenge du <a href=\"http:\/\/mayetiktrail.fr\/\" target=\"_blank\" rel=\"noopener\">May&rsquo;Etik Trail<\/a> ce 12 juin !<\/p>\n<div class=\"o9v6fnle cxmmr5t8 oygrvhab hcukyx3x c1et5uql ii04i59q\">\n<div dir=\"auto\">Sous une chaleur de plomb <span class=\"pq6dq46d tbxw36s4 knj5qynh kvgmc6g5 ditlmg2l oygrvhab nvdbi5me sf5mxxl7 gl3lb2sf hhz5lgdu\"><img loading=\"lazy\" decoding=\"async\" src=\"https:\/\/static.xx.fbcdn.net\/images\/emoji.php\/v9\/t50\/1\/16\/1f525.png\" alt=\"\ud83d\udd25\" width=\"16\" height=\"16\" \/><\/span> et avec un talon capricieux, il a termin\u00e9 cette \u00e9preuve Mayennaise de trail \u00e9co-responsable <span class=\"pq6dq46d tbxw36s4 knj5qynh kvgmc6g5 ditlmg2l oygrvhab nvdbi5me sf5mxxl7 gl3lb2sf hhz5lgdu\"><img loading=\"lazy\" decoding=\"async\" src=\"https:\/\/static.xx.fbcdn.net\/images\/emoji.php\/v9\/t6c\/1\/16\/1f4aa.png\" alt=\"\ud83d\udcaa\" width=\"16\" height=\"16\" \/><\/span> \u00ab\u00a0Ce fut une excellente balade \u00e0 travers les paysages de La Mayenne et c&rsquo;est \u00e0 refaire !\u00a0\u00bb dixit Karim <span class=\"pq6dq46d tbxw36s4 knj5qynh kvgmc6g5 ditlmg2l oygrvhab nvdbi5me sf5mxxl7 gl3lb2sf hhz5lgdu\"><img loading=\"lazy\" decoding=\"async\" src=\"https:\/\/static.xx.fbcdn.net\/images\/emoji.php\/v9\/t58\/1\/16\/1f929.png\" alt=\"\ud83e\udd29\" width=\"16\" height=\"16\" \/><\/span><\/div>\n<div dir=\"auto\">\u00a0<\/div>\n<\/div>\n<div class=\"o9v6fnle cxmmr5t8 oygrvhab hcukyx3x c1et5uql ii04i59q\">\n<div dir=\"auto\"><span class=\"pq6dq46d tbxw36s4 knj5qynh kvgmc6g5 ditlmg2l oygrvhab nvdbi5me sf5mxxl7 gl3lb2sf hhz5lgdu\"><img loading=\"lazy\" decoding=\"async\" src=\"https:\/\/static.xx.fbcdn.net\/images\/emoji.php\/v9\/tb5\/1\/16\/23f1.png\" alt=\"\u23f1\" width=\"16\" height=\"16\" \/><\/span> Prochain rendez-vous sportif : le 25 juin avec le \u00ab\u00a0Nature is Bike\u00a0\u00bb, une course de v\u00e9lo <span class=\"pq6dq46d tbxw36s4 knj5qynh kvgmc6g5 ditlmg2l oygrvhab nvdbi5me sf5mxxl7 gl3lb2sf hhz5lgdu\"><img loading=\"lazy\" decoding=\"async\" src=\"https:\/\/static.xx.fbcdn.net\/images\/emoji.php\/v9\/te0\/1\/16\/1f6b4.png\" alt=\"\ud83d\udeb4\" width=\"16\" height=\"16\" \/><\/span> type Gravel qui traverse la ville de Laval (53) !<\/div>\n<div dir=\"auto\">\u00a0<\/div>\n<\/div>\n<div class=\"o9v6fnle cxmmr5t8 oygrvhab hcukyx3x c1et5uql ii04i59q\">\n<div dir=\"auto\">Bravo Karim et bon courage pour la suite ! <span class=\"pq6dq46d tbxw36s4 knj5qynh kvgmc6g5 ditlmg2l oygrvhab nvdbi5me sf5mxxl7 gl3lb2sf hhz5lgdu\"><img loading=\"lazy\" decoding=\"async\" src=\"https:\/\/static.xx.fbcdn.net\/images\/emoji.php\/v9\/t57\/1\/16\/1f609.png\" alt=\"\ud83d\ude09\" width=\"16\" height=\"16\" \/><\/span><\/div>\n<\/div>\n<div dir=\"auto\">\u00a0<\/div>\n<div dir=\"auto\">Retrouvez toutes les participations de nos employ\u00e9s sur notre site internet :\u00a0<\/div>\n<div dir=\"auto\"><a href=\"https:\/\/www.transports-coue.fr\/fr\/actualites\/\" target=\"_blank\" rel=\"noopener\">https:\/\/www.transports-coue.fr\/fr\/actualites\/<\/a> ensuite dans \u00ab\u00a0Nos \u00e9v\u00e8nements\u00a0\u00bb &amp; \u00ab\u00a0Nos participations\u00a0\u00bb<\/div>\n<div dir=\"auto\">\u00a0<\/div>\n<div class=\"o9v6fnle cxmmr5t8 oygrvhab hcukyx3x c1et5uql ii04i59q\">\n<div dir=\"auto\"><a class=\"oajrlxb2 g5ia77u1 qu0x051f esr5mh6w e9989ue4 r7d6kgcz rq0escxv nhd2j8a9 nc684nl6 p7hjln8o kvgmc6g5 cxmmr5t8 oygrvhab hcukyx3x jb3vyjys rz4wbd8a qt6c0cv9 a8nywdso i1ao9s8h esuyzwwr f1sip0of lzcic4wl q66pz984 gpro0wi8 b1v8xokw\" tabindex=\"0\" role=\"link\" href=\"https:\/\/www.facebook.com\/hashtag\/transport?__eep__=6&amp;__cft__[0]=AZVThnzBvQF63J8QQvNlWbqCMYsuD9VYPIyJqLRMmWHVwEfxZavXwHH-OFdkWC8SAQOaVIU9poC7muQvFBKpNEWV64wrQrTZhRGKhEqnPpjwJU6VpTdgvVipOBYWkbSzitssZ2I6H19rhUtd3tRP4t66CsDzXyR71X61Tdflz71SbKlMRL9pVbNAm6Y361lG2E8&amp;__tn__=*NK-R\">#transport<\/a> <a class=\"oajrlxb2 g5ia77u1 qu0x051f esr5mh6w e9989ue4 r7d6kgcz rq0escxv nhd2j8a9 nc684nl6 p7hjln8o kvgmc6g5 cxmmr5t8 oygrvhab hcukyx3x jb3vyjys rz4wbd8a qt6c0cv9 a8nywdso i1ao9s8h esuyzwwr f1sip0of lzcic4wl q66pz984 gpro0wi8 b1v8xokw\" tabindex=\"0\" role=\"link\" href=\"https:\/\/www.facebook.com\/hashtag\/transitaire?__eep__=6&amp;__cft__[0]=AZVThnzBvQF63J8QQvNlWbqCMYsuD9VYPIyJqLRMmWHVwEfxZavXwHH-OFdkWC8SAQOaVIU9poC7muQvFBKpNEWV64wrQrTZhRGKhEqnPpjwJU6VpTdgvVipOBYWkbSzitssZ2I6H19rhUtd3tRP4t66CsDzXyR71X61Tdflz71SbKlMRL9pVbNAm6Y361lG2E8&amp;__tn__=*NK-R\">#transitaire<\/a> <a class=\"oajrlxb2 g5ia77u1 qu0x051f esr5mh6w e9989ue4 r7d6kgcz rq0escxv nhd2j8a9 nc684nl6 p7hjln8o kvgmc6g5 cxmmr5t8 oygrvhab hcukyx3x jb3vyjys rz4wbd8a qt6c0cv9 a8nywdso i1ao9s8h esuyzwwr f1sip0of lzcic4wl q66pz984 gpro0wi8 b1v8xokw\" tabindex=\"0\" role=\"link\" href=\"https:\/\/www.facebook.com\/hashtag\/sport?__eep__=6&amp;__cft__[0]=AZVThnzBvQF63J8QQvNlWbqCMYsuD9VYPIyJqLRMmWHVwEfxZavXwHH-OFdkWC8SAQOaVIU9poC7muQvFBKpNEWV64wrQrTZhRGKhEqnPpjwJU6VpTdgvVipOBYWkbSzitssZ2I6H19rhUtd3tRP4t66CsDzXyR71X61Tdflz71SbKlMRL9pVbNAm6Y361lG2E8&amp;__tn__=*NK-R\">#sport<\/a> <a class=\"oajrlxb2 g5ia77u1 qu0x051f esr5mh6w e9989ue4 r7d6kgcz rq0escxv nhd2j8a9 nc684nl6 p7hjln8o kvgmc6g5 cxmmr5t8 oygrvhab hcukyx3x jb3vyjys rz4wbd8a qt6c0cv9 a8nywdso i1ao9s8h esuyzwwr f1sip0of lzcic4wl q66pz984 gpro0wi8 b1v8xokw\" tabindex=\"0\" role=\"link\" href=\"https:\/\/www.facebook.com\/hashtag\/mayetiktrail?__eep__=6&amp;__cft__[0]=AZVThnzBvQF63J8QQvNlWbqCMYsuD9VYPIyJqLRMmWHVwEfxZavXwHH-OFdkWC8SAQOaVIU9poC7muQvFBKpNEWV64wrQrTZhRGKhEqnPpjwJU6VpTdgvVipOBYWkbSzitssZ2I6H19rhUtd3tRP4t66CsDzXyR71X61Tdflz71SbKlMRL9pVbNAm6Y361lG2E8&amp;__tn__=*NK-R\">#mayetiktrail<\/a> <a class=\"oajrlxb2 g5ia77u1 qu0x051f esr5mh6w e9989ue4 r7d6kgcz rq0escxv nhd2j8a9 nc684nl6 p7hjln8o kvgmc6g5 cxmmr5t8 oygrvhab hcukyx3x jb3vyjys rz4wbd8a qt6c0cv9 a8nywdso i1ao9s8h esuyzwwr f1sip0of lzcic4wl q66pz984 gpro0wi8 b1v8xokw\" tabindex=\"0\" role=\"link\" href=\"https:\/\/www.facebook.com\/hashtag\/mayenne?__eep__=6&amp;__cft__[0]=AZVThnzBvQF63J8QQvNlWbqCMYsuD9VYPIyJqLRMmWHVwEfxZavXwHH-OFdkWC8SAQOaVIU9poC7muQvFBKpNEWV64wrQrTZhRGKhEqnPpjwJU6VpTdgvVipOBYWkbSzitssZ2I6H19rhUtd3tRP4t66CsDzXyR71X61Tdflz71SbKlMRL9pVbNAm6Y361lG2E8&amp;__tn__=*NK-R\">#Mayenne<\/a><\/div>\n<\/div>\n\n\n<p><\/p>\n<\/div><span class=\"post-meta-infos\"><time class=\"date-container minor-meta updated\"  itemprop=\"datePublished\" datetime=\"2021-06-18T17:21:54+02:00\" >18 juin 2021<\/time><span class=\"text-sep\">\/<\/span><span class=\"blog-author minor-meta\">par <span class=\"entry-author-link\"  itemprop=\"author\" ><span class=\"author\"><span class=\"fn\"><a href=\"https:\/\/www.transports-coue.fr\/fr\/author\/transports-coue\/\" title=\"Articles par Transports Cou\u00e9\" rel=\"author\">Transports Cou\u00e9<\/a><\/span><\/span><\/span><\/span><\/span><footer class=\"entry-footer\"><\/footer><div class='post_delimiter'><\/div><\/div><div class=\"post_author_timeline\"><\/div><span class='hidden'>\n\t\t\t\t<span class='av-structured-data'  itemprop=\"image\" itemscope=\"itemscope\" itemtype=\"https:\/\/schema.org\/ImageObject\" >\n\t\t\t\t\t\t<span itemprop='url'>https:\/\/www.transports-coue.fr\/wp-content\/uploads\/2021\/06\/trm-karim-au-trail-May-etik.jpg<\/span>\n\t\t\t\t\t\t<span itemprop='height'>321<\/span>\n\t\t\t\t\t\t<span itemprop='width'>845<\/span>\n\t\t\t\t<\/span>\n\t\t\t\t<span class='av-structured-data'  itemprop=\"publisher\" itemtype=\"https:\/\/schema.org\/Organization\" itemscope=\"itemscope\" >\n\t\t\t\t\t\t<span itemprop='name'>Transports Cou\u00e9<\/span>\n\t\t\t\t\t\t<span itemprop='logo' itemscope itemtype='https:\/\/schema.org\/ImageObject'>\n\t\t\t\t\t\t\t<span itemprop='url'>https:\/\/www.transports-coue.fr\/wp-content\/uploads\/2018\/10\/Logo-transports-coue-300x119.png<\/span>\n\t\t\t\t\t\t<\/span>\n\t\t\t\t<\/span><span class='av-structured-data'  itemprop=\"author\" itemscope=\"itemscope\" itemtype=\"https:\/\/schema.org\/Person\" ><span itemprop='name'>Transports Cou\u00e9<\/span><\/span><span class='av-structured-data'  itemprop=\"datePublished\" datetime=\"2021-06-18T17:21:54+02:00\" >2021-06-18 17:21:54<\/span><span class='av-structured-data'  itemprop=\"dateModified\" itemtype=\"https:\/\/schema.org\/dateModified\" >2021-06-25 19:44:16<\/span><span class='av-structured-data'  itemprop=\"mainEntityOfPage\" itemtype=\"https:\/\/schema.org\/mainEntityOfPage\" ><span itemprop='name'>Karim, Commercial Sotecan International, au May&rsquo;Etik Trail<\/span><\/span><\/span><\/article><article class=\"post-entry post-entry-type-standard post-entry-5536 post-loop-18 post-parity-even single-big with-slider post-5536 post type-post status-publish format-standard has-post-thumbnail hentry category-actualites category-partenariats\"  itemscope=\"itemscope\" itemtype=\"https:\/\/schema.org\/BlogPosting\" ><div class=\"blog-meta\"><\/div><div class='entry-content-wrapper clearfix standard-content'><header class=\"entry-content-header\" aria-label=\"Articles : Une belle \u00e9dition des Boucles de la Mayenne 2021 avec les Transports Cou\u00e9\"><div class=\"av-heading-wrapper\"><h2 class='post-title entry-title '  itemprop=\"headline\" ><a href=\"https:\/\/www.transports-coue.fr\/fr\/une-belle-edition-des-boucles-de-la-mayenne-2021-avec-les-transports-coue\/\" rel=\"bookmark\" title=\"Lien permanent : Une belle \u00e9dition des Boucles de la Mayenne 2021 avec les Transports Cou\u00e9\">Une belle \u00e9dition des Boucles de la Mayenne 2021 avec les Transports Cou\u00e9<span class=\"post-format-icon minor-meta\"><\/span><\/a><\/h2><span class=\"blog-categories minor-meta\"><a href=\"https:\/\/www.transports-coue.fr\/fr\/category\/actualites\/\" rel=\"tag\">Actualit\u00e9s<\/a>, <a href=\"https:\/\/www.transports-coue.fr\/fr\/category\/actualites\/partenariats\/\" rel=\"tag\">Partenariats<\/a><\/span><\/div><\/header><span class=\"av-vertical-delimiter\"><\/span><div class=\"big-preview single-big\"  itemprop=\"image\" itemscope=\"itemscope\" itemtype=\"https:\/\/schema.org\/ImageObject\" ><a href=\"https:\/\/www.transports-coue.fr\/fr\/une-belle-edition-des-boucles-de-la-mayenne-2021-avec-les-transports-coue\/\"  title=\"boucles_de_la_mayenne_2021_transports_coue\" ><img decoding=\"async\" fetchpriority=\"high\" width=\"845\" height=\"321\" src=\"https:\/\/www.transports-coue.fr\/wp-content\/uploads\/2021\/06\/boucles_de_la_mayenne_2021_transports_coue.jpg\" class=\"wp-image-5534 avia-img-lazy-loading-not-5534 attachment-entry_without_sidebar size-entry_without_sidebar wp-post-image\" alt=\"Les Transports Cou\u00e9 partenaire des Boucles de la Mayenne 2021\" srcset=\"https:\/\/www.transports-coue.fr\/wp-content\/uploads\/2021\/06\/boucles_de_la_mayenne_2021_transports_coue.jpg 845w, https:\/\/www.transports-coue.fr\/wp-content\/uploads\/2021\/06\/boucles_de_la_mayenne_2021_transports_coue-300x114.jpg 300w, https:\/\/www.transports-coue.fr\/wp-content\/uploads\/2021\/06\/boucles_de_la_mayenne_2021_transports_coue-80x30.jpg 80w, https:\/\/www.transports-coue.fr\/wp-content\/uploads\/2021\/06\/boucles_de_la_mayenne_2021_transports_coue-768x292.jpg 768w, https:\/\/www.transports-coue.fr\/wp-content\/uploads\/2021\/06\/boucles_de_la_mayenne_2021_transports_coue-705x268.jpg 705w\" sizes=\"(max-width: 845px) 100vw, 845px\" \/><\/a><\/div><div class=\"entry-content\"  itemprop=\"text\" ><p>Une belle \u00e9dition des&nbsp;<a class=\"profileLink\" href=\"https:\/\/www.bouclesdelamayenne.fr\/\" target=\"_blank\" rel=\"noopener\" data-hovercard=\"\/ajax\/hovercard\/page.php?id=147036098796027&amp;extragetparams=%7B%22__tn__%22%3A%22%2CdK-R-R%22%2C%22eid%22%3A%22ARCM0q9_NOnyIOWWP9lsEXuLAt_W5pFkqlVEe08mlPDiUzpC6T-9XeoCpGnyGS7-O5DMvispbFMVNaSB%22%2C%22fref%22%3A%22mentions%22%7D\" data-hovercard-prefer-more-content-show=\"1\">Boucles de la Mayenne<\/a>&nbsp;s&rsquo;est d\u00e9roul\u00e9e la semaine derni\u00e8re !&nbsp;<span class=\"_5mfr\"><span class=\"_6qdm\">\ud83d\udeb4<\/span><\/span><\/p>\n<p><span class=\"_5mfr\"><span class=\"_6qdm\">\u2728<\/span><\/span>&nbsp;Nous sommes heureux d&rsquo;avoir \u00e9t\u00e9 pr\u00e9sents, au plus pr\u00e8s des cyclistes gr\u00e2ce \u00e0 notre voiture suiveuse&nbsp;<span class=\"_5mfr\"><span class=\"_6qdm\">\ud83d\ude97<\/span><\/span>&nbsp;et \u00e0 Thierry, notre affr\u00e9teur, passionn\u00e9 de cyclisme et encadrant de la course \u00e0 moto&nbsp;<span class=\"_5mfr\"><span class=\"_6qdm\">\ud83c\udfcd<\/span><\/span><\/p>\n<p>On se dit \u00e0 l&rsquo;ann\u00e9e prochaine&nbsp;<span class=\"_5mfr\"><span class=\"_6qdm\">\ud83d\udc4b<\/span><\/span><\/p>\n<p>Retrouvez toutes nos participations sur notre site internet : <a href=\"https:\/\/www.transports-coue.fr\/fr\/actualites\/\" target=\"_blank\" rel=\"noopener\">https:\/\/www.transports-coue.fr\/fr\/actualites\/<\/a><\/p>\n<p><a class=\"_58cn\" href=\"https:\/\/business.facebook.com\/hashtag\/lesbouclesdelamayenne?source=feed_text&amp;epa=HASHTAG&amp;__xts__%5B0%5D=68.ARBJ1uHofiKaX_chi-kYKfAyjH-zUitnyRsDMbP0VLVzVmA13AFT4A9mAr4R-XI8m3-KRRMkivf1HmWORsR1_fsBd5AaKbBlAT5Nz0Aezn_ECBJ74oSTbpB7v5SidVxLWAf4wOPRzZM6sS1irm8FJptxILWWSM3Fj-jKUkNXi4dJRMhudVbiRqpWYfcYN67eXrm5nkod2hUHdd_BG0KuHExi89PV2G1O9yNrQ81DsbkbS3Yu2-PLHW2Ky2JjRiTUgMlfAs7LPqR9F1NPfOoeiMh_zmExFiQIgQ&amp;__tn__=%2ANK-R\" target=\"_blank\" rel=\"noopener\" data-ft=\"{&quot;type&quot;:104,&quot;tn&quot;:&quot;*N&quot;}\"><span class=\"_5afx\"><span class=\"_58cl _5afz\" aria-label=\"hashtag\">#<\/span><span class=\"_58cm\">lesbouclesdelamayenne<\/span><\/span><\/a>&nbsp;<a class=\"_58cn\" href=\"https:\/\/business.facebook.com\/hashtag\/cyclisme?source=feed_text&amp;epa=HASHTAG&amp;__xts__%5B0%5D=68.ARBJ1uHofiKaX_chi-kYKfAyjH-zUitnyRsDMbP0VLVzVmA13AFT4A9mAr4R-XI8m3-KRRMkivf1HmWORsR1_fsBd5AaKbBlAT5Nz0Aezn_ECBJ74oSTbpB7v5SidVxLWAf4wOPRzZM6sS1irm8FJptxILWWSM3Fj-jKUkNXi4dJRMhudVbiRqpWYfcYN67eXrm5nkod2hUHdd_BG0KuHExi89PV2G1O9yNrQ81DsbkbS3Yu2-PLHW2Ky2JjRiTUgMlfAs7LPqR9F1NPfOoeiMh_zmExFiQIgQ&amp;__tn__=%2ANK-R\" target=\"_blank\" rel=\"noopener\" data-ft=\"{&quot;type&quot;:104,&quot;tn&quot;:&quot;*N&quot;}\"><span class=\"_5afx\"><span class=\"_58cl _5afz\" aria-label=\"hashtag\">#<\/span><span class=\"_58cm\">cyclisme<\/span><\/span><\/a>&nbsp;<a class=\"_58cn\" href=\"https:\/\/business.facebook.com\/hashtag\/velo?source=feed_text&amp;epa=HASHTAG&amp;__xts__%5B0%5D=68.ARBJ1uHofiKaX_chi-kYKfAyjH-zUitnyRsDMbP0VLVzVmA13AFT4A9mAr4R-XI8m3-KRRMkivf1HmWORsR1_fsBd5AaKbBlAT5Nz0Aezn_ECBJ74oSTbpB7v5SidVxLWAf4wOPRzZM6sS1irm8FJptxILWWSM3Fj-jKUkNXi4dJRMhudVbiRqpWYfcYN67eXrm5nkod2hUHdd_BG0KuHExi89PV2G1O9yNrQ81DsbkbS3Yu2-PLHW2Ky2JjRiTUgMlfAs7LPqR9F1NPfOoeiMh_zmExFiQIgQ&amp;__tn__=%2ANK-R\" target=\"_blank\" rel=\"noopener\" data-ft=\"{&quot;type&quot;:104,&quot;tn&quot;:&quot;*N&quot;}\"><span class=\"_5afx\"><span class=\"_58cl _5afz\" aria-label=\"hashtag\">#<\/span><span class=\"_58cm\">velo<\/span><\/span><\/a>&nbsp;<a class=\"_58cn\" href=\"https:\/\/business.facebook.com\/hashtag\/mayenne?source=feed_text&amp;epa=HASHTAG&amp;__xts__%5B0%5D=68.ARBJ1uHofiKaX_chi-kYKfAyjH-zUitnyRsDMbP0VLVzVmA13AFT4A9mAr4R-XI8m3-KRRMkivf1HmWORsR1_fsBd5AaKbBlAT5Nz0Aezn_ECBJ74oSTbpB7v5SidVxLWAf4wOPRzZM6sS1irm8FJptxILWWSM3Fj-jKUkNXi4dJRMhudVbiRqpWYfcYN67eXrm5nkod2hUHdd_BG0KuHExi89PV2G1O9yNrQ81DsbkbS3Yu2-PLHW2Ky2JjRiTUgMlfAs7LPqR9F1NPfOoeiMh_zmExFiQIgQ&amp;__tn__=%2ANK-R\" target=\"_blank\" rel=\"noopener\" data-ft=\"{&quot;type&quot;:104,&quot;tn&quot;:&quot;*N&quot;}\"><span class=\"_5afx\"><span class=\"_58cl _5afz\" aria-label=\"hashtag\">#<\/span><span class=\"_58cm\">mayenne<\/span><\/span><\/a><\/p>\n<\/div><span class=\"post-meta-infos\"><time class=\"date-container minor-meta updated\"  itemprop=\"datePublished\" datetime=\"2021-06-04T15:20:23+02:00\" >4 juin 2021<\/time><span class=\"text-sep\">\/<\/span><span class=\"blog-author minor-meta\">par <span class=\"entry-author-link\"  itemprop=\"author\" ><span class=\"author\"><span class=\"fn\"><a href=\"https:\/\/www.transports-coue.fr\/fr\/author\/transports-coue\/\" title=\"Articles par Transports Cou\u00e9\" rel=\"author\">Transports Cou\u00e9<\/a><\/span><\/span><\/span><\/span><\/span><footer class=\"entry-footer\"><\/footer><div class='post_delimiter'><\/div><\/div><div class=\"post_author_timeline\"><\/div><span class='hidden'>\n\t\t\t\t<span class='av-structured-data'  itemprop=\"image\" itemscope=\"itemscope\" itemtype=\"https:\/\/schema.org\/ImageObject\" >\n\t\t\t\t\t\t<span itemprop='url'>https:\/\/www.transports-coue.fr\/wp-content\/uploads\/2021\/06\/boucles_de_la_mayenne_2021_transports_coue.jpg<\/span>\n\t\t\t\t\t\t<span itemprop='height'>321<\/span>\n\t\t\t\t\t\t<span itemprop='width'>845<\/span>\n\t\t\t\t<\/span>\n\t\t\t\t<span class='av-structured-data'  itemprop=\"publisher\" itemtype=\"https:\/\/schema.org\/Organization\" itemscope=\"itemscope\" >\n\t\t\t\t\t\t<span itemprop='name'>Transports Cou\u00e9<\/span>\n\t\t\t\t\t\t<span itemprop='logo' itemscope itemtype='https:\/\/schema.org\/ImageObject'>\n\t\t\t\t\t\t\t<span itemprop='url'>https:\/\/www.transports-coue.fr\/wp-content\/uploads\/2018\/10\/Logo-transports-coue-300x119.png<\/span>\n\t\t\t\t\t\t<\/span>\n\t\t\t\t<\/span><span class='av-structured-data'  itemprop=\"author\" itemscope=\"itemscope\" itemtype=\"https:\/\/schema.org\/Person\" ><span itemprop='name'>Transports Cou\u00e9<\/span><\/span><span class='av-structured-data'  itemprop=\"datePublished\" datetime=\"2021-06-04T15:20:23+02:00\" >2021-06-04 15:20:23<\/span><span class='av-structured-data'  itemprop=\"dateModified\" itemtype=\"https:\/\/schema.org\/dateModified\" >2021-06-04 15:20:55<\/span><span class='av-structured-data'  itemprop=\"mainEntityOfPage\" itemtype=\"https:\/\/schema.org\/mainEntityOfPage\" ><span itemprop='name'>Une belle \u00e9dition des Boucles de la Mayenne 2021 avec les Transports Cou\u00e9<\/span><\/span><\/span><\/article><article class=\"post-entry post-entry-type-standard post-entry-5322 post-loop-19 post-parity-odd single-big with-slider post-5322 post type-post status-publish format-standard has-post-thumbnail hentry category-actualites category-partenariats\"  itemscope=\"itemscope\" itemtype=\"https:\/\/schema.org\/BlogPosting\" ><div class=\"blog-meta\"><\/div><div class='entry-content-wrapper clearfix standard-content'><header class=\"entry-content-header\" aria-label=\"Articles : Les Transports Cou\u00e9 et le Groupe TRM aux Boucles de la Mayenne 2021\"><div class=\"av-heading-wrapper\"><h2 class='post-title entry-title '  itemprop=\"headline\" ><a href=\"https:\/\/www.transports-coue.fr\/fr\/les-transports-coue-et-le-groupe-trm-aux-boucles-de-la-mayenne-2021\/\" rel=\"bookmark\" title=\"Lien permanent : Les Transports Cou\u00e9 et le Groupe TRM aux Boucles de la Mayenne 2021\">Les Transports Cou\u00e9 et le Groupe TRM aux Boucles de la Mayenne 2021<span class=\"post-format-icon minor-meta\"><\/span><\/a><\/h2><span class=\"blog-categories minor-meta\"><a href=\"https:\/\/www.transports-coue.fr\/fr\/category\/actualites\/\" rel=\"tag\">Actualit\u00e9s<\/a>, <a href=\"https:\/\/www.transports-coue.fr\/fr\/category\/actualites\/partenariats\/\" rel=\"tag\">Partenariats<\/a><\/span><\/div><\/header><span class=\"av-vertical-delimiter\"><\/span><div class=\"big-preview single-big\"  itemprop=\"image\" itemscope=\"itemscope\" itemtype=\"https:\/\/schema.org\/ImageObject\" ><a href=\"https:\/\/www.transports-coue.fr\/fr\/les-transports-coue-et-le-groupe-trm-aux-boucles-de-la-mayenne-2021\/\"  title=\"transports-coue-trm-partenaires-boucles-mayenne\" ><img decoding=\"async\" fetchpriority=\"high\" width=\"845\" height=\"321\" src=\"https:\/\/www.transports-coue.fr\/wp-content\/uploads\/2021\/05\/transports-coue-trm-partenaires-boucles-mayenne.jpg\" class=\"wp-image-5320 avia-img-lazy-loading-not-5320 attachment-entry_without_sidebar size-entry_without_sidebar wp-post-image\" alt=\"Transports Cou\u00e9 et Groupe TRM aux Boucles de la Mayenne dans une voiture suiveuse\" srcset=\"https:\/\/www.transports-coue.fr\/wp-content\/uploads\/2021\/05\/transports-coue-trm-partenaires-boucles-mayenne.jpg 845w, https:\/\/www.transports-coue.fr\/wp-content\/uploads\/2021\/05\/transports-coue-trm-partenaires-boucles-mayenne-300x114.jpg 300w, https:\/\/www.transports-coue.fr\/wp-content\/uploads\/2021\/05\/transports-coue-trm-partenaires-boucles-mayenne-80x30.jpg 80w, https:\/\/www.transports-coue.fr\/wp-content\/uploads\/2021\/05\/transports-coue-trm-partenaires-boucles-mayenne-768x292.jpg 768w, https:\/\/www.transports-coue.fr\/wp-content\/uploads\/2021\/05\/transports-coue-trm-partenaires-boucles-mayenne-705x268.jpg 705w\" sizes=\"(max-width: 845px) 100vw, 845px\" \/><\/a><\/div><div class=\"entry-content\"  itemprop=\"text\" ><p>\u26a1Prenez date ! Du \ud835\udfee\ud835\udff3 \ud835\uddee\ud835\ude02 \ud835\udfef\ud835\udfec \ud835\uddfa\ud835\uddee\ud835\uddf6 \ud835\udfee\ud835\udfec\ud835\udfee\ud835\udfed, apr\u00e8s l&rsquo;annulation de l&rsquo;\u00e9dition 2020, nous sommes ravis du \ud835\udde5\ud835\uddd8\ud835\udde7\ud835\udde2\ud835\udde8\ud835\udde5 \ud83d\udd19 cette ann\u00e9e des Boucles de la Mayenne \ud83d\udeb4 !! \u26a1<\/p>\n<p>Nous sommes heureux, les Transports Cou\u00e9 et TRM, de faire profiter nos clients de cet \u00e9v\u00e9nement \u00e0 bord de notre voiture \ud83d\ude97 suiveuse au c\u0153ur de la course.<\/p>\n<p>Vous pourrez \u00e9galement suivre la diffusion des 4 \u00e9tapes sur \ud83d\udda5 la chaine L\u2019\u00c9QUIPE<\/p>\n<p><a href=\"https:\/\/www.bouclesdelamayenne.fr\/\" target=\"_blank\" rel=\"noopener\">https:\/\/www.bouclesdelamayenne.fr\/<\/a><br><a href=\"https:\/\/www.lequipe.fr\/lachainelequipe\/\" target=\"_blank\" rel=\"noopener\">https:\/\/www.lequipe.fr\/lachainelequipe\/<\/a><\/p>\n<p>Retrouvez nos participations aux \u00e9ditions pr\u00e9c\u00e9dentes :&nbsp;<\/p>\n<p><div class='avia-iframe-wrap'><blockquote class=\"wp-embedded-content\" data-secret=\"ALm3CPUeih\"><a href=\"https:\/\/www.transports-coue.fr\/fr\/transports-coue-aux-boucles-de-la-mayenne-2019\/\">Transports Cou\u00e9 aux Boucles de la Mayenne 2019<\/a><\/blockquote><iframe loading=\"lazy\" class=\"wp-embedded-content\" sandbox=\"allow-scripts\" security=\"restricted\" style=\"position: absolute; clip: rect(1px, 1px, 1px, 1px);\" title=\"\u00ab\u00a0Transports Cou\u00e9 aux Boucles de la Mayenne 2019\u00a0\u00bb &#8212; Transports Cou\u00e9\" src=\"https:\/\/www.transports-coue.fr\/fr\/transports-coue-aux-boucles-de-la-mayenne-2019\/embed\/#?secret=ALm3CPUeih\" data-secret=\"ALm3CPUeih\" width=\"600\" height=\"338\" frameborder=\"0\" marginwidth=\"0\" marginheight=\"0\" scrolling=\"no\"><\/iframe><\/div><\/p>\n<p><div class='avia-iframe-wrap'><blockquote class=\"wp-embedded-content\" data-secret=\"HuxQRCMPqx\"><a href=\"https:\/\/www.transports-coue.fr\/fr\/transports-coue-au-prologue-des-boucles-de-la-mayenne-2019\/\">Transports Cou\u00e9 au prologue des Boucles de la Mayenne 2019<\/a><\/blockquote><iframe loading=\"lazy\" class=\"wp-embedded-content\" sandbox=\"allow-scripts\" security=\"restricted\" style=\"position: absolute; clip: rect(1px, 1px, 1px, 1px);\" title=\"\u00ab\u00a0Transports Cou\u00e9 au prologue des Boucles de la Mayenne 2019\u00a0\u00bb &#8212; Transports Cou\u00e9\" src=\"https:\/\/www.transports-coue.fr\/fr\/transports-coue-au-prologue-des-boucles-de-la-mayenne-2019\/embed\/#?secret=HuxQRCMPqx\" data-secret=\"HuxQRCMPqx\" width=\"600\" height=\"338\" frameborder=\"0\" marginwidth=\"0\" marginheight=\"0\" scrolling=\"no\"><\/iframe><\/div><\/p>\n<p><div class='avia-iframe-wrap'><blockquote class=\"wp-embedded-content\" data-secret=\"fdCOFI1GeQ\"><a href=\"https:\/\/www.transports-coue.fr\/fr\/les-transports-coue-partenaires-des-boucles-de-la-mayenne-du-31-mai-au-03-juin-2018\/\">Les Transports Cou\u00e9 partenaires des Boucles de la Mayenne du 31 mai au 03 juin 2018<\/a><\/blockquote><iframe loading=\"lazy\" class=\"wp-embedded-content\" sandbox=\"allow-scripts\" security=\"restricted\" style=\"position: absolute; clip: rect(1px, 1px, 1px, 1px);\" title=\"\u00ab\u00a0Les Transports Cou\u00e9 partenaires des Boucles de la Mayenne du 31 mai au 03 juin 2018\u00a0\u00bb &#8212; Transports Cou\u00e9\" src=\"https:\/\/www.transports-coue.fr\/fr\/les-transports-coue-partenaires-des-boucles-de-la-mayenne-du-31-mai-au-03-juin-2018\/embed\/#?secret=fdCOFI1GeQ\" data-secret=\"fdCOFI1GeQ\" width=\"600\" height=\"338\" frameborder=\"0\" marginwidth=\"0\" marginheight=\"0\" scrolling=\"no\"><\/iframe><\/div><\/p>\n<p>#BouclesDeLaMayenne #CourseCycliste #Mayenne #TransportRoutier #Logistique #V\u00e9lo<\/p>\n<p><\/p>\n<p><\/p>\n<p><\/p>\n\n\n<p><\/p>\n<\/div><span class=\"post-meta-infos\"><time class=\"date-container minor-meta updated\"  itemprop=\"datePublished\" datetime=\"2021-05-21T10:24:45+02:00\" >21 mai 2021<\/time><span class=\"text-sep\">\/<\/span><span class=\"blog-author minor-meta\">par <span class=\"entry-author-link\"  itemprop=\"author\" ><span class=\"author\"><span class=\"fn\"><a href=\"https:\/\/www.transports-coue.fr\/fr\/author\/transports-coue\/\" title=\"Articles par Transports Cou\u00e9\" rel=\"author\">Transports Cou\u00e9<\/a><\/span><\/span><\/span><\/span><\/span><footer class=\"entry-footer\"><\/footer><div class='post_delimiter'><\/div><\/div><div class=\"post_author_timeline\"><\/div><span class='hidden'>\n\t\t\t\t<span class='av-structured-data'  itemprop=\"image\" itemscope=\"itemscope\" itemtype=\"https:\/\/schema.org\/ImageObject\" >\n\t\t\t\t\t\t<span itemprop='url'>https:\/\/www.transports-coue.fr\/wp-content\/uploads\/2021\/05\/transports-coue-trm-partenaires-boucles-mayenne.jpg<\/span>\n\t\t\t\t\t\t<span itemprop='height'>321<\/span>\n\t\t\t\t\t\t<span itemprop='width'>845<\/span>\n\t\t\t\t<\/span>\n\t\t\t\t<span class='av-structured-data'  itemprop=\"publisher\" itemtype=\"https:\/\/schema.org\/Organization\" itemscope=\"itemscope\" >\n\t\t\t\t\t\t<span itemprop='name'>Transports Cou\u00e9<\/span>\n\t\t\t\t\t\t<span itemprop='logo' itemscope itemtype='https:\/\/schema.org\/ImageObject'>\n\t\t\t\t\t\t\t<span itemprop='url'>https:\/\/www.transports-coue.fr\/wp-content\/uploads\/2018\/10\/Logo-transports-coue-300x119.png<\/span>\n\t\t\t\t\t\t<\/span>\n\t\t\t\t<\/span><span class='av-structured-data'  itemprop=\"author\" itemscope=\"itemscope\" itemtype=\"https:\/\/schema.org\/Person\" ><span itemprop='name'>Transports Cou\u00e9<\/span><\/span><span class='av-structured-data'  itemprop=\"datePublished\" datetime=\"2021-05-21T10:24:45+02:00\" >2021-05-21 10:24:45<\/span><span class='av-structured-data'  itemprop=\"dateModified\" itemtype=\"https:\/\/schema.org\/dateModified\" >2021-05-21 15:56:56<\/span><span class='av-structured-data'  itemprop=\"mainEntityOfPage\" itemtype=\"https:\/\/schema.org\/mainEntityOfPage\" ><span itemprop='name'>Les Transports Cou\u00e9 et le Groupe TRM aux Boucles de la Mayenne 2021<\/span><\/span><\/span><\/article><article class=\"post-entry post-entry-type-standard post-entry-5262 post-loop-20 post-parity-even single-big with-slider post-5262 post type-post status-publish format-standard has-post-thumbnail hentry category-actualites category-partenariats\"  itemscope=\"itemscope\" itemtype=\"https:\/\/schema.org\/BlogPosting\" ><div class=\"blog-meta\"><\/div><div class='entry-content-wrapper clearfix standard-content'><header class=\"entry-content-header\" aria-label=\"Articles : Les Transports Cou\u00e9 au Lyc\u00e9e !\"><div class=\"av-heading-wrapper\"><h2 class='post-title entry-title '  itemprop=\"headline\" ><a href=\"https:\/\/www.transports-coue.fr\/fr\/les-transports-coue-au-lycee\/\" rel=\"bookmark\" title=\"Lien permanent : Les Transports Cou\u00e9 au Lyc\u00e9e !\">Les Transports Cou\u00e9 au Lyc\u00e9e !<span class=\"post-format-icon minor-meta\"><\/span><\/a><\/h2><span class=\"blog-categories minor-meta\"><a href=\"https:\/\/www.transports-coue.fr\/fr\/category\/actualites\/\" rel=\"tag\">Actualit\u00e9s<\/a>, <a href=\"https:\/\/www.transports-coue.fr\/fr\/category\/actualites\/partenariats\/\" rel=\"tag\">Partenariats<\/a><\/span><\/div><\/header><span class=\"av-vertical-delimiter\"><\/span><div class=\"big-preview single-big\"  itemprop=\"image\" itemscope=\"itemscope\" itemtype=\"https:\/\/schema.org\/ImageObject\" ><a href=\"https:\/\/www.transports-coue.fr\/fr\/les-transports-coue-au-lycee\/\"  title=\"transports-coue-lycee-bac-pro-transport-video-remarquables-newsletter\" ><img decoding=\"async\" fetchpriority=\"high\" width=\"845\" height=\"321\" src=\"https:\/\/www.transports-coue.fr\/wp-content\/uploads\/2021\/05\/transports-coue-lycee-bac-pro-transport-video-remarquables-newsletter.jpg\" class=\"wp-image-5257 avia-img-lazy-loading-not-5257 attachment-entry_without_sidebar size-entry_without_sidebar wp-post-image\" alt=\"Vid\u00e9o les Remarquables des Transports Cou\u00e9 pour illustrer la d\u00e9marche RSE au lyc\u00e9e\" srcset=\"https:\/\/www.transports-coue.fr\/wp-content\/uploads\/2021\/05\/transports-coue-lycee-bac-pro-transport-video-remarquables-newsletter.jpg 845w, https:\/\/www.transports-coue.fr\/wp-content\/uploads\/2021\/05\/transports-coue-lycee-bac-pro-transport-video-remarquables-newsletter-300x114.jpg 300w, https:\/\/www.transports-coue.fr\/wp-content\/uploads\/2021\/05\/transports-coue-lycee-bac-pro-transport-video-remarquables-newsletter-80x30.jpg 80w, https:\/\/www.transports-coue.fr\/wp-content\/uploads\/2021\/05\/transports-coue-lycee-bac-pro-transport-video-remarquables-newsletter-768x292.jpg 768w, https:\/\/www.transports-coue.fr\/wp-content\/uploads\/2021\/05\/transports-coue-lycee-bac-pro-transport-video-remarquables-newsletter-705x268.jpg 705w\" sizes=\"(max-width: 845px) 100vw, 845px\" \/><\/a><\/div><div class=\"entry-content\"  itemprop=\"text\" ><div class=\"\" data-block=\"true\" data-editor=\"chj8d\" data-offset-key=\"4kcio-0-0\">\n<div class=\"_1mf _1mj\" data-offset-key=\"4kcio-0-0\"><span data-offset-key=\"4kcio-0-0\">\ud835\udddf\ud835\uddf2\ud835\ude00 \ud835\uddf2\u0301\ud835\uddf9\ud835\uddf2\u0300\ud835\ude03\ud835\uddf2\ud835\ude00 <\/span><span class=\"_3gl1 _5zz4\" data-offset-key=\"4kcio-1-0\"><span class=\"_ncl\"><span data-offset-key=\"4kcio-1-0\">\ud83d\udc65<\/span><\/span><\/span><span data-offset-key=\"4kcio-2-0\"> \ud835\uddf2\ud835\uddfb \ud835\uddd5\ud835\uddee\ud835\uddf0 \ud835\udde3\ud835\uddff\ud835\uddfc \ud835\udde7\ud835\uddff\ud835\uddee\ud835\uddfb\ud835\ude00\ud835\uddfd\ud835\uddfc\ud835\uddff\ud835\ude01 <\/span><span class=\"_3gl1 _5zz4\" data-offset-key=\"4kcio-3-0\"><span class=\"_ncl\"><span data-offset-key=\"4kcio-3-0\">\ud83d\ude9b<\/span><\/span><\/span><span data-offset-key=\"4kcio-4-0\"> au <a href=\"https:\/\/donbosco.paysdelaloire.e-lyco.fr\/\" target=\"_blank\" rel=\"noopener noreferrer\">Lyc\u00e9e <\/a><\/span><span class=\"_247o\" spellcheck=\"false\" data-offset-key=\"4kcio-5-0\"><span data-offset-key=\"4kcio-5-0\">Don Bosco<\/span><\/span><span data-offset-key=\"4kcio-6-0\"> de Mayenne (53) utilisent notre vid\u00e9o <a href=\"https:\/\/www.youtube.com\/watch?v=wtbLGQSoKaI&amp;t=3s\" target=\"_blank\" rel=\"noopener noreferrer\">\u00ab\u00a0Les Mayennais sont reMarquables\u00a0\u00bb<\/a> comme support de cours en Economie pour illustrer \ud835\uddf9\ud835\uddee \ud835\uddfa\ud835\uddfc\ud835\ude01\ud835\uddf6\ud835\ude03\ud835\uddee\ud835\ude01\ud835\uddf6\ud835\uddfc\ud835\uddfb \ud835\uddf2\ud835\ude01 \ud835\uddf9\ud835\uddf2 \ud835\uddef\ud835\uddf6\ud835\uddf2\ud835\uddfb-\ud835\uddf2\u0302\ud835\ude01\ud835\uddff\ud835\uddf2 \ud835\uddf2\ud835\uddfb \ud835\uddf2\ud835\uddfb\ud835\ude01\ud835\uddff\ud835\uddf2\ud835\uddfd\ud835\uddff\ud835\uddf6\ud835\ude00\ud835\uddf2. <\/span><\/div>\n<\/div>\n<div class=\"\" data-block=\"true\" data-editor=\"chj8d\" data-offset-key=\"6cqu0-0-0\">\n<div class=\"_1mf _1mj\" data-offset-key=\"6cqu0-0-0\"><span data-offset-key=\"6cqu0-0-0\">&nbsp;<\/span><\/div>\n<\/div>\n<div class=\"\" data-block=\"true\" data-editor=\"chj8d\" data-offset-key=\"fvje9-0-0\">\n<div class=\"_1mf _1mj\" data-offset-key=\"fvje9-0-0\"><span class=\"_3gl1 _5zz4\" data-offset-key=\"fvje9-0-0\"><span class=\"_ncl\"><span data-offset-key=\"fvje9-0-0\">\ud83d\ude4c<\/span><\/span><\/span><span data-offset-key=\"fvje9-1-0\"> Nous sommes heureux de voir que ce beau projet autour de nos salari\u00e9s continue de vivre pour mettre en valeur cette belle \u00ab\u00a0Cou\u00e9sion\u00a0\u00bb d&rsquo;\u00e9quipe !<\/span><\/div>\n<\/div>\n<div class=\"\" data-block=\"true\" data-editor=\"chj8d\" data-offset-key=\"8er6i-0-0\">\n<div class=\"_1mf _1mj\" data-offset-key=\"8er6i-0-0\"><span data-offset-key=\"8er6i-0-0\">&nbsp;<\/span><\/div>\n<\/div>\n<div class=\"\" data-block=\"true\" data-editor=\"chj8d\" data-offset-key=\"2gpqs-0-0\">\n<div class=\"_1mf _1mj\" data-offset-key=\"2gpqs-0-0\"><span class=\"_3gl1 _5zz4\" data-offset-key=\"2gpqs-0-0\"><span class=\"_ncl\"><span data-offset-key=\"2gpqs-0-0\">\ud83d\udcf8<\/span><\/span><\/span><span data-offset-key=\"2gpqs-1-0\"> En photo un extrait de leur 1\u00e8re Newsletter r\u00e9alis\u00e9e par les \u00e9l\u00e8ves de 1\u00e8re, \ud835\udde6\ud835\uddf2\u0301\ud835\uddfb\ud835\ude06, \ud835\uddda\ud835\uddee\ud835\uddef\ud835\uddf6\ud835\uddfb, \ud835\uddd4\ud835\uddff\ud835\ude01\ud835\uddf5\ud835\ude02\ud835\uddff, \ud835\udddf\ud835\uddfc\ud835\ude02\ud835\uddf6\ud835\ude00 \ud835\uddf2\ud835\ude01 \ud835\udddf\ud835\uddf2\u0301\ud835\uddfc, dans laquelle nous apparaissons <\/span><span class=\"_3gl1 _5zz4\" data-offset-key=\"2gpqs-2-0\"><span class=\"_ncl\"><span data-offset-key=\"2gpqs-2-0\">\ud83e\udd29<\/span><\/span><\/span><\/div>\n<\/div>\n<div class=\"\" data-block=\"true\" data-editor=\"chj8d\" data-offset-key=\"epn1q-0-0\">\n<div class=\"_1mf _1mj\" data-offset-key=\"epn1q-0-0\"><span data-offset-key=\"epn1q-0-0\">&nbsp;<\/span><\/div>\n<\/div>\n<div class=\"\" data-block=\"true\" data-editor=\"chj8d\" data-offset-key=\"2kjhb-0-0\">\n<div class=\"_1mf _1mj\" data-offset-key=\"2kjhb-0-0\"><span data-offset-key=\"2kjhb-0-0\">\ud835\udde0\ud835\uddf2\ud835\uddff\ud835\uddf0\ud835\uddf6 \ud835\uddee\ud835\ude02 \ud835\udddf\ud835\ude06\ud835\uddf0\ud835\uddf2\u0301\ud835\uddf2 &amp; \ud835\uddee\ud835\ude02\ud835\ude05 \ud835\udddf\ud835\ude06\ud835\uddf0\ud835\uddf2\u0301\ud835\uddf2\ud835\uddfb\ud835\ude00 \ud835\uddfd\ud835\uddfc\ud835\ude02\ud835\uddff \ud835\uddf0\ud835\uddf2\ud835\ude01\ud835\ude01\ud835\uddf2 \ud835\uddf0\ud835\uddfc\ud835\uddfb\ud835\uddf3\ud835\uddf6\ud835\uddee\ud835\uddfb\ud835\uddf0\ud835\uddf2 ! <\/span><\/div>\n<\/div>\n<div class=\"_1mf _1mj\" data-offset-key=\"4rud3-0-0\"><\/div>\n<div data-offset-key=\"4rud3-0-0\">Retrouvez notre vid\u00e9o \u00ab\u00a0Les Mayennais sont reMarquables\u00a0\u00bb et \u00ab\u00a0Transports Cou\u00e9 en Vid\u00e9o\u00a0\u00bb sur notre page d&rsquo;accueil :<\/div>\n<div data-offset-key=\"4rud3-0-0\"><a href=\"https:\/\/www.transports-coue.fr\/fr\/\" target=\"_blank\" rel=\"noopener\">https:\/\/www.transports-coue.fr\/fr\/<\/a><\/div>\n<div data-offset-key=\"4rud3-0-0\"><\/div>\n<div class=\"\" data-block=\"true\" data-editor=\"chj8d\" data-offset-key=\"bcnrh-0-0\">\n<div class=\"_1mf _1mj\" data-offset-key=\"bcnrh-0-0\"><span class=\"_5zk7\" spellcheck=\"false\" data-offset-key=\"bcnrh-0-0\"><span data-offset-key=\"bcnrh-0-0\">#Transport<\/span><\/span> <span class=\"_5zk7\" spellcheck=\"false\" data-offset-key=\"bcnrh-2-0\"><span data-offset-key=\"bcnrh-2-0\">#Logistique<\/span><\/span> <span class=\"_5zk7\" spellcheck=\"false\" data-offset-key=\"bcnrh-4-0\"><span data-offset-key=\"bcnrh-4-0\">#Mayenne<\/span><\/span> <span class=\"_5zk7\" spellcheck=\"false\" data-offset-key=\"bcnrh-6-0\"><span data-offset-key=\"bcnrh-6-0\">#Laval<\/span><\/span><\/div>\n<\/div>\n<\/div><span class=\"post-meta-infos\"><time class=\"date-container minor-meta updated\"  itemprop=\"datePublished\" datetime=\"2021-05-07T14:32:37+02:00\" >7 mai 2021<\/time><span class=\"text-sep\">\/<\/span><span class=\"blog-author minor-meta\">par <span class=\"entry-author-link\"  itemprop=\"author\" ><span class=\"author\"><span class=\"fn\"><a href=\"https:\/\/www.transports-coue.fr\/fr\/author\/transports-coue\/\" title=\"Articles par Transports Cou\u00e9\" rel=\"author\">Transports Cou\u00e9<\/a><\/span><\/span><\/span><\/span><\/span><footer class=\"entry-footer\"><\/footer><div class='post_delimiter'><\/div><\/div><div class=\"post_author_timeline\"><\/div><span class='hidden'>\n\t\t\t\t<span class='av-structured-data'  itemprop=\"image\" itemscope=\"itemscope\" itemtype=\"https:\/\/schema.org\/ImageObject\" >\n\t\t\t\t\t\t<span itemprop='url'>https:\/\/www.transports-coue.fr\/wp-content\/uploads\/2021\/05\/transports-coue-lycee-bac-pro-transport-video-remarquables-newsletter.jpg<\/span>\n\t\t\t\t\t\t<span itemprop='height'>321<\/span>\n\t\t\t\t\t\t<span itemprop='width'>845<\/span>\n\t\t\t\t<\/span>\n\t\t\t\t<span class='av-structured-data'  itemprop=\"publisher\" itemtype=\"https:\/\/schema.org\/Organization\" itemscope=\"itemscope\" >\n\t\t\t\t\t\t<span itemprop='name'>Transports Cou\u00e9<\/span>\n\t\t\t\t\t\t<span itemprop='logo' itemscope itemtype='https:\/\/schema.org\/ImageObject'>\n\t\t\t\t\t\t\t<span itemprop='url'>https:\/\/www.transports-coue.fr\/wp-content\/uploads\/2018\/10\/Logo-transports-coue-300x119.png<\/span>\n\t\t\t\t\t\t<\/span>\n\t\t\t\t<\/span><span class='av-structured-data'  itemprop=\"author\" itemscope=\"itemscope\" itemtype=\"https:\/\/schema.org\/Person\" ><span itemprop='name'>Transports Cou\u00e9<\/span><\/span><span class='av-structured-data'  itemprop=\"datePublished\" datetime=\"2021-05-07T14:32:37+02:00\" >2021-05-07 14:32:37<\/span><span class='av-structured-data'  itemprop=\"dateModified\" itemtype=\"https:\/\/schema.org\/dateModified\" >2021-05-14 15:34:51<\/span><span class='av-structured-data'  itemprop=\"mainEntityOfPage\" itemtype=\"https:\/\/schema.org\/mainEntityOfPage\" ><span itemprop='name'>Les Transports Cou\u00e9 au Lyc\u00e9e !<\/span><\/span><\/span><\/article><article class=\"post-entry post-entry-type-standard post-entry-3855 post-loop-21 post-parity-odd single-big with-slider post-3855 post type-post status-publish format-standard has-post-thumbnail hentry category-actualites category-partenariats\"  itemscope=\"itemscope\" itemtype=\"https:\/\/schema.org\/BlogPosting\" ><div class=\"blog-meta\"><\/div><div class='entry-content-wrapper clearfix standard-content'><header class=\"entry-content-header\" aria-label=\"Articles : Si vous l&rsquo;avez, c&rsquo;est qu&rsquo;un camion vous l&rsquo;a apport\u00e9 !\"><div class=\"av-heading-wrapper\"><h2 class='post-title entry-title '  itemprop=\"headline\" ><a href=\"https:\/\/www.transports-coue.fr\/fr\/si-vous-lavez-cest-quun-camion-vous-la-apporte\/\" rel=\"bookmark\" title=\"Lien permanent : Si vous l&rsquo;avez, c&rsquo;est qu&rsquo;un camion vous l&rsquo;a apport\u00e9 !\">Si vous l&rsquo;avez, c&rsquo;est qu&rsquo;un camion vous l&rsquo;a apport\u00e9 !<span class=\"post-format-icon minor-meta\"><\/span><\/a><\/h2><span class=\"blog-categories minor-meta\"><a href=\"https:\/\/www.transports-coue.fr\/fr\/category\/actualites\/\" rel=\"tag\">Actualit\u00e9s<\/a>, <a href=\"https:\/\/www.transports-coue.fr\/fr\/category\/actualites\/partenariats\/\" rel=\"tag\">Partenariats<\/a><\/span><\/div><\/header><span class=\"av-vertical-delimiter\"><\/span><div class=\"big-preview single-big\"  itemprop=\"image\" itemscope=\"itemscope\" itemtype=\"https:\/\/schema.org\/ImageObject\" ><a href=\"https:\/\/www.transports-coue.fr\/fr\/si-vous-lavez-cest-quun-camion-vous-la-apporte\/\"  title=\"2020-08-21-transports-coue-fntr-si-vous-lavez-cest-quun-camion-vous-la-apporte-web-min\" ><img decoding=\"async\" fetchpriority=\"high\" width=\"832\" height=\"318\" src=\"https:\/\/www.transports-coue.fr\/wp-content\/uploads\/2020\/08\/2020-08-21-transports-coue-fntr-si-vous-lavez-cest-quun-camion-vous-la-apporte-web-min.jpg\" class=\"wp-image-3853 avia-img-lazy-loading-not-3853 attachment-entry_without_sidebar size-entry_without_sidebar wp-post-image\" alt=\"Transports Coue Campagne FNTR soutien metier du transport routier\" srcset=\"https:\/\/www.transports-coue.fr\/wp-content\/uploads\/2020\/08\/2020-08-21-transports-coue-fntr-si-vous-lavez-cest-quun-camion-vous-la-apporte-web-min.jpg 832w, https:\/\/www.transports-coue.fr\/wp-content\/uploads\/2020\/08\/2020-08-21-transports-coue-fntr-si-vous-lavez-cest-quun-camion-vous-la-apporte-web-min-300x115.jpg 300w, https:\/\/www.transports-coue.fr\/wp-content\/uploads\/2020\/08\/2020-08-21-transports-coue-fntr-si-vous-lavez-cest-quun-camion-vous-la-apporte-web-min-80x31.jpg 80w, https:\/\/www.transports-coue.fr\/wp-content\/uploads\/2020\/08\/2020-08-21-transports-coue-fntr-si-vous-lavez-cest-quun-camion-vous-la-apporte-web-min-768x294.jpg 768w, https:\/\/www.transports-coue.fr\/wp-content\/uploads\/2020\/08\/2020-08-21-transports-coue-fntr-si-vous-lavez-cest-quun-camion-vous-la-apporte-web-min-705x269.jpg 705w\" sizes=\"(max-width: 832px) 100vw, 832px\" \/><\/a><\/div><div class=\"entry-content\"  itemprop=\"text\" ><p>Nous faisons partie des \ud835\udfef\ud835\udfec \ud835\udfec\ud835\udfec\ud835\udfec \ud835\uddf0\ud835\uddee\ud835\uddfa\ud835\uddf6\ud835\uddfc\ud835\uddfb\ud835\ude00 \ud83d\ude9b qui vont sillonner les routes de France aux couleurs de la campagne de la <a href=\"https:\/\/www.linkedin.com\/company\/fntr\/\" target=\"_blank\" rel=\"noopener\" data-attribute-index=\"0\" data-entity-hovercard-id=\"urn:li:fs_miniCompany:7097271\" data-entity-type=\"MINI_COMPANY\">FEDERATION NATIONALE DES TRANSPORTS ROUTIERS (FNTR)<\/a>\u00a0pour mettre ainsi un peu plus en lumi\u00e8re notre m\u00e9tier !<\/p>\n<p>\ud835\udde6\ud835\udddc \ud835\udde9\ud835\udde2\ud835\udde8\ud835\udde6 \ud835\udddf&rsquo;\ud835\uddd4\ud835\udde9\ud835\uddd8\ud835\udded, \ud835\uddd6&rsquo;\ud835\uddd8\ud835\udde6\ud835\udde7 \ud835\udde4\ud835\udde8&rsquo;\ud835\udde8\ud835\udde1 \ud835\uddd6\ud835\uddd4\ud835\udde0\ud835\udddc\ud835\udde2\ud835\udde1 \ud835\udde9\ud835\udde2\ud835\udde8\ud835\udde6 \ud835\udddf&rsquo;\ud835\uddd4 \ud835\uddd4\ud835\udde3\ud835\udde3\ud835\udde2\ud835\udde5\ud835\udde7\ud835\uddd8 !<\/p>\n<p><a href=\"https:\/\/www.linkedin.com\/feed\/hashtag\/?keywords=onroulepourvous&amp;highlightedUpdateUrns=urn%3Ali%3Aactivity%3A6702594400377163776\" data-attribute-index=\"2\">#OnRoulePourVous<\/a>\u00a0<a href=\"https:\/\/www.linkedin.com\/feed\/hashtag\/?keywords=fierdemonm%C3%A9tier&amp;highlightedUpdateUrns=urn%3Ali%3Aactivity%3A6702594400377163776\" data-attribute-index=\"3\">#FierDeMonM\u00e9tier<\/a>\u00a0<a href=\"https:\/\/www.linkedin.com\/feed\/hashtag\/?keywords=fntr&amp;highlightedUpdateUrns=urn%3Ali%3Aactivity%3A6702594400377163776\" data-attribute-index=\"4\">#FNTR<\/a><br \/>\n<a href=\"https:\/\/www.linkedin.com\/feed\/hashtag\/?keywords=transportroutier&amp;highlightedUpdateUrns=urn%3Ali%3Aactivity%3A6702594400377163776\" data-attribute-index=\"5\">#transportroutier<\/a>\u00a0<a href=\"https:\/\/www.linkedin.com\/feed\/hashtag\/?keywords=conducteurroutier&amp;highlightedUpdateUrns=urn%3Ali%3Aactivity%3A6702594400377163776\" data-attribute-index=\"6\">#conducteurroutier<\/a>\u00a0<a href=\"https:\/\/www.linkedin.com\/feed\/hashtag\/?keywords=routier&amp;highlightedUpdateUrns=urn%3Ali%3Aactivity%3A6702594400377163776\" data-attribute-index=\"7\">#routier<\/a>\u00a0<a href=\"https:\/\/www.linkedin.com\/feed\/hashtag\/?keywords=transport&amp;highlightedUpdateUrns=urn%3Ali%3Aactivity%3A6702594400377163776\" data-attribute-index=\"8\">#transport<\/a><\/p>\n<\/div><span class=\"post-meta-infos\"><time class=\"date-container minor-meta updated\"  itemprop=\"datePublished\" datetime=\"2020-08-21T17:40:15+02:00\" >21 ao\u00fbt 2020<\/time><span class=\"text-sep\">\/<\/span><span class=\"blog-author minor-meta\">par <span class=\"entry-author-link\"  itemprop=\"author\" ><span class=\"author\"><span class=\"fn\"><a href=\"https:\/\/www.transports-coue.fr\/fr\/author\/transports-coue\/\" title=\"Articles par Transports Cou\u00e9\" rel=\"author\">Transports Cou\u00e9<\/a><\/span><\/span><\/span><\/span><\/span><footer class=\"entry-footer\"><\/footer><div class='post_delimiter'><\/div><\/div><div class=\"post_author_timeline\"><\/div><span class='hidden'>\n\t\t\t\t<span class='av-structured-data'  itemprop=\"image\" itemscope=\"itemscope\" itemtype=\"https:\/\/schema.org\/ImageObject\" >\n\t\t\t\t\t\t<span itemprop='url'>https:\/\/www.transports-coue.fr\/wp-content\/uploads\/2020\/08\/2020-08-21-transports-coue-fntr-si-vous-lavez-cest-quun-camion-vous-la-apporte-web-min.jpg<\/span>\n\t\t\t\t\t\t<span itemprop='height'>318<\/span>\n\t\t\t\t\t\t<span itemprop='width'>832<\/span>\n\t\t\t\t<\/span>\n\t\t\t\t<span class='av-structured-data'  itemprop=\"publisher\" itemtype=\"https:\/\/schema.org\/Organization\" itemscope=\"itemscope\" >\n\t\t\t\t\t\t<span itemprop='name'>Transports Cou\u00e9<\/span>\n\t\t\t\t\t\t<span itemprop='logo' itemscope itemtype='https:\/\/schema.org\/ImageObject'>\n\t\t\t\t\t\t\t<span itemprop='url'>https:\/\/www.transports-coue.fr\/wp-content\/uploads\/2018\/10\/Logo-transports-coue-300x119.png<\/span>\n\t\t\t\t\t\t<\/span>\n\t\t\t\t<\/span><span class='av-structured-data'  itemprop=\"author\" itemscope=\"itemscope\" itemtype=\"https:\/\/schema.org\/Person\" ><span itemprop='name'>Transports Cou\u00e9<\/span><\/span><span class='av-structured-data'  itemprop=\"datePublished\" datetime=\"2020-08-21T17:40:15+02:00\" >2020-08-21 17:40:15<\/span><span class='av-structured-data'  itemprop=\"dateModified\" itemtype=\"https:\/\/schema.org\/dateModified\" >2021-05-21 16:58:04<\/span><span class='av-structured-data'  itemprop=\"mainEntityOfPage\" itemtype=\"https:\/\/schema.org\/mainEntityOfPage\" ><span itemprop='name'>Si vous l&rsquo;avez, c&rsquo;est qu&rsquo;un camion vous l&rsquo;a apport\u00e9 !<\/span><\/span><\/span><\/article><article class=\"post-entry post-entry-type-standard post-entry-3170 post-loop-22 post-parity-even single-big with-slider post-3170 post type-post status-publish format-standard has-post-thumbnail hentry category-actualites category-partenariats\"  itemscope=\"itemscope\" itemtype=\"https:\/\/schema.org\/BlogPosting\" ><div class=\"blog-meta\"><\/div><div class='entry-content-wrapper clearfix standard-content'><header class=\"entry-content-header\" aria-label=\"Articles : Transports Cou\u00e9 Aime(nt) comme Mayenne\"><div class=\"av-heading-wrapper\"><h2 class='post-title entry-title '  itemprop=\"headline\" ><a href=\"https:\/\/www.transports-coue.fr\/fr\/transports-coue-aiment-comme-mayenne\/\" rel=\"bookmark\" title=\"Lien permanent : Transports Cou\u00e9 Aime(nt) comme Mayenne\">Transports Cou\u00e9 Aime(nt) comme Mayenne<span class=\"post-format-icon minor-meta\"><\/span><\/a><\/h2><span class=\"blog-categories minor-meta\"><a href=\"https:\/\/www.transports-coue.fr\/fr\/category\/actualites\/\" rel=\"tag\">Actualit\u00e9s<\/a>, <a href=\"https:\/\/www.transports-coue.fr\/fr\/category\/actualites\/partenariats\/\" rel=\"tag\">Partenariats<\/a><\/span><\/div><\/header><span class=\"av-vertical-delimiter\"><\/span><div class=\"big-preview single-big\"  itemprop=\"image\" itemscope=\"itemscope\" itemtype=\"https:\/\/schema.org\/ImageObject\" ><a href=\"https:\/\/www.transports-coue.fr\/fr\/transports-coue-aiment-comme-mayenne\/\"  title=\"2020-01-08-transports-coue-espace-m-\" ><img decoding=\"async\" fetchpriority=\"high\" width=\"721\" height=\"316\" src=\"https:\/\/www.transports-coue.fr\/wp-content\/uploads\/2020\/01\/2020-01-08-transports-coue-espace-m-.png\" class=\"wp-image-3168 avia-img-lazy-loading-not-3168 attachment-entry_without_sidebar size-entry_without_sidebar wp-post-image\" alt=\"\" srcset=\"https:\/\/www.transports-coue.fr\/wp-content\/uploads\/2020\/01\/2020-01-08-transports-coue-espace-m-.png 721w, https:\/\/www.transports-coue.fr\/wp-content\/uploads\/2020\/01\/2020-01-08-transports-coue-espace-m--300x131.png 300w, https:\/\/www.transports-coue.fr\/wp-content\/uploads\/2020\/01\/2020-01-08-transports-coue-espace-m--80x35.png 80w, https:\/\/www.transports-coue.fr\/wp-content\/uploads\/2020\/01\/2020-01-08-transports-coue-espace-m--705x309.png 705w\" sizes=\"(max-width: 721px) 100vw, 721px\" \/><\/a><\/div><div class=\"entry-content\"  itemprop=\"text\" ><p>Belle initiative que nous soutenons !<\/p>\n<p>\ud83d\udc49Le Conseil d\u00e9partemental de la Mayenne met \u00e0 disposition des entreprises, collectivit\u00e9s, associations mayennaises 521 m\u00b2 de bureaux et de salles de r\u00e9union. Ces espaces se trouvent au 13\u00e8me \u00e9tage de la Tour Montparnasse en plein c\u0153ur de Paris !<\/p>\n<p>\ud83d\udc49Cette d\u00e9marche s&rsquo;accompagne de la cr\u00e9ation d&rsquo;une marque MAYENNE. L&rsquo;adh\u00e9sion \u00e0 ses valeurs font la force de la Mayenne : le savoir bien-faire, le savoir bien vivre et les valeurs de solidarit\u00e9 et d&rsquo;accueil !<\/p>\n<p>Retrouvez notre action de communication en accord avec le Conseil d\u00e9partemental de la Mayenne : <a href=\"https:\/\/www.transports-coue.fr\/fr\/les-mayennais-sont-remarquables-nos-equipes-le-metier-du-transport-routier-la-mayenne-mis-en-lumiere-sur-nos-camions\/\" target=\"_blank\" rel=\"noopener\">https:\/\/www.transports-coue.fr\/fr\/les-mayennais-sont-remarquables-nos-equipes-le-metier-du-transport-routier-la-mayenne-mis-en-lumiere-sur-nos-camions\/<\/a><\/p>\n<p>#mayenne #tourmontparnasse #paris #paysdelaloire #transport #logistique #transportscoue #passionmetier #stockage #truck<\/p>\n<\/div><span class=\"post-meta-infos\"><time class=\"date-container minor-meta updated\"  itemprop=\"datePublished\" datetime=\"2020-01-13T18:29:12+01:00\" >13 janvier 2020<\/time><span class=\"text-sep\">\/<\/span><span class=\"blog-author minor-meta\">par <span class=\"entry-author-link\"  itemprop=\"author\" ><span class=\"author\"><span class=\"fn\"><a href=\"https:\/\/www.transports-coue.fr\/fr\/author\/transports-coue\/\" title=\"Articles par Transports Cou\u00e9\" rel=\"author\">Transports Cou\u00e9<\/a><\/span><\/span><\/span><\/span><\/span><footer class=\"entry-footer\"><\/footer><div class='post_delimiter'><\/div><\/div><div class=\"post_author_timeline\"><\/div><span class='hidden'>\n\t\t\t\t<span class='av-structured-data'  itemprop=\"image\" itemscope=\"itemscope\" itemtype=\"https:\/\/schema.org\/ImageObject\" >\n\t\t\t\t\t\t<span itemprop='url'>https:\/\/www.transports-coue.fr\/wp-content\/uploads\/2020\/01\/2020-01-08-transports-coue-espace-m-.png<\/span>\n\t\t\t\t\t\t<span itemprop='height'>316<\/span>\n\t\t\t\t\t\t<span itemprop='width'>721<\/span>\n\t\t\t\t<\/span>\n\t\t\t\t<span class='av-structured-data'  itemprop=\"publisher\" itemtype=\"https:\/\/schema.org\/Organization\" itemscope=\"itemscope\" >\n\t\t\t\t\t\t<span itemprop='name'>Transports Cou\u00e9<\/span>\n\t\t\t\t\t\t<span itemprop='logo' itemscope itemtype='https:\/\/schema.org\/ImageObject'>\n\t\t\t\t\t\t\t<span itemprop='url'>https:\/\/www.transports-coue.fr\/wp-content\/uploads\/2018\/10\/Logo-transports-coue-300x119.png<\/span>\n\t\t\t\t\t\t<\/span>\n\t\t\t\t<\/span><span class='av-structured-data'  itemprop=\"author\" itemscope=\"itemscope\" itemtype=\"https:\/\/schema.org\/Person\" ><span itemprop='name'>Transports Cou\u00e9<\/span><\/span><span class='av-structured-data'  itemprop=\"datePublished\" datetime=\"2020-01-13T18:29:12+01:00\" >2020-01-13 18:29:12<\/span><span class='av-structured-data'  itemprop=\"dateModified\" itemtype=\"https:\/\/schema.org\/dateModified\" >2021-05-21 17:07:34<\/span><span class='av-structured-data'  itemprop=\"mainEntityOfPage\" itemtype=\"https:\/\/schema.org\/mainEntityOfPage\" ><span itemprop='name'>Transports Cou\u00e9 Aime(nt) comme Mayenne<\/span><\/span><\/span><\/article><article class=\"post-entry post-entry-type-standard post-entry-3093 post-loop-23 post-parity-odd single-big with-slider post-3093 post type-post status-publish format-standard has-post-thumbnail hentry category-actualites category-partenariats\"  itemscope=\"itemscope\" itemtype=\"https:\/\/schema.org\/BlogPosting\" ><div class=\"blog-meta\"><\/div><div class='entry-content-wrapper clearfix standard-content'><header class=\"entry-content-header\" aria-label=\"Articles : Transports Cou\u00e9 au Tournoi inter-entreprises de Futsal \u00e0 Laval\"><div class=\"av-heading-wrapper\"><h2 class='post-title entry-title '  itemprop=\"headline\" ><a href=\"https:\/\/www.transports-coue.fr\/fr\/transports-coue-au-tournoi-inter-entreprises-de-futsal-a-laval\/\" rel=\"bookmark\" title=\"Lien permanent : Transports Cou\u00e9 au Tournoi inter-entreprises de Futsal \u00e0 Laval\">Transports Cou\u00e9 au Tournoi inter-entreprises de Futsal \u00e0 Laval<span class=\"post-format-icon minor-meta\"><\/span><\/a><\/h2><span class=\"blog-categories minor-meta\"><a href=\"https:\/\/www.transports-coue.fr\/fr\/category\/actualites\/\" rel=\"tag\">Actualit\u00e9s<\/a>, <a href=\"https:\/\/www.transports-coue.fr\/fr\/category\/actualites\/partenariats\/\" rel=\"tag\">Partenariats<\/a><\/span><\/div><\/header><span class=\"av-vertical-delimiter\"><\/span><div class=\"big-preview single-big\"  itemprop=\"image\" itemscope=\"itemscope\" itemtype=\"https:\/\/schema.org\/ImageObject\" ><a href=\"https:\/\/www.transports-coue.fr\/fr\/transports-coue-au-tournoi-inter-entreprises-de-futsal-a-laval\/\"  title=\"2019-12-20-transports-coue-tournoi-futsal-inter-entreprises\" ><img decoding=\"async\" fetchpriority=\"high\" width=\"845\" height=\"321\" src=\"https:\/\/www.transports-coue.fr\/wp-content\/uploads\/2019\/12\/2019-12-20-transports-coue-tournoi-futsal-inter-entreprises.jpg\" class=\"wp-image-3091 avia-img-lazy-loading-not-3091 attachment-entry_without_sidebar size-entry_without_sidebar wp-post-image\" alt=\"Transports Cou\u00e9 tournoi inter-entreprises de Futsal \u00e0 Laval\" srcset=\"https:\/\/www.transports-coue.fr\/wp-content\/uploads\/2019\/12\/2019-12-20-transports-coue-tournoi-futsal-inter-entreprises.jpg 845w, https:\/\/www.transports-coue.fr\/wp-content\/uploads\/2019\/12\/2019-12-20-transports-coue-tournoi-futsal-inter-entreprises-300x114.jpg 300w, https:\/\/www.transports-coue.fr\/wp-content\/uploads\/2019\/12\/2019-12-20-transports-coue-tournoi-futsal-inter-entreprises-80x30.jpg 80w, https:\/\/www.transports-coue.fr\/wp-content\/uploads\/2019\/12\/2019-12-20-transports-coue-tournoi-futsal-inter-entreprises-768x292.jpg 768w, https:\/\/www.transports-coue.fr\/wp-content\/uploads\/2019\/12\/2019-12-20-transports-coue-tournoi-futsal-inter-entreprises-705x268.jpg 705w\" sizes=\"(max-width: 845px) 100vw, 845px\" \/><\/a><\/div><div class=\"entry-content\"  itemprop=\"text\" ><p><span class=\"_5mfr\"><span class=\"_6qdm\">\u26bd\ufe0f<\/span><\/span>\u00a0Les couleurs des <strong>Transports Cou\u00e9<\/strong> ont \u00e9t\u00e9 vaillamment d\u00e9fendues vendredi 20 d\u00e9cembre 2019 lors du tournoi inter-entreprises de futsal de Laval.<br \/>\nGlenn, Richard, Fran\u00e7ois, Flavien, Jacky et leur \u00e9quipe nous ont fait partager une sacr\u00e9e belle \u00ab\u00a0Cou\u00e9sion\u00a0\u00bb !!! Bravo pour ce bel \u00e9tat d&rsquo;esprit sportif !<\/p>\n<p>Visionner les meilleurs actions sur notre compte Facebook :<\/p>\n<div id=\"fb-root\"><\/div>\n<p><script async=\"1\" defer=\"1\" crossorigin=\"anonymous\" src=\"https:\/\/connect.facebook.net\/fr_FR\/sdk.js#xfbml=1&amp;version=v5.0\"><\/script><\/p>\n<div class=\"fb-video\" data-href=\"https:\/\/www.facebook.com\/CoueTransports\/videos\/453388438632559\/\" data-width=\"1500\">\n<blockquote cite=\"https:\/\/www.facebook.com\/CoueTransports\/videos\/453388438632559\/\" class=\"fb-xfbml-parse-ignore\"><p><a href=\"https:\/\/www.facebook.com\/CoueTransports\/videos\/453388438632559\/\">Team Transports Cou\u00e9 au Tournoi Futsal de Laval le 20\/12\/2019<\/a><\/p>\n<p>\u26bd\ufe0f Les couleurs des Transports Cou\u00e9 ont \u00e9t\u00e9 vaillamment d\u00e9fendues vendredi 20 d\u00e9cembre lors du tournoi inter-entreprises de futsal de Laval.Glenn, Richard, Fran\u00e7ois, Flavien, Jacky et leur \u00e9quipe nous ont fait partager une sacr\u00e9e belle &quot;Cou\u00e9sion&quot; !!! Bravo !#futsal #laval #transportscoue #teamcoue #equipe #transport #logistique #mayenne #transportroutier #paysdelaloire<\/p>\n<p>Publi\u00e9e par <a href=\"https:\/\/www.facebook.com\/CoueTransports\/\">Transports Cou\u00e9<\/a> sur Vendredi 27 d\u00e9cembre 2019<\/p><\/blockquote>\n<\/div>\n<p><a class=\"_58cn\" href=\"https:\/\/www.facebook.com\/hashtag\/futsal?source=feed_text&amp;epa=HASHTAG\" data-ft=\"{&quot;type&quot;:104,&quot;tn&quot;:&quot;*N&quot;}\"><span class=\"_5afx\"><span class=\"_58cl _5afz\" aria-label=\"hashtag\">#<\/span><span class=\"_58cm\">futsal<\/span><\/span><\/a>\u00a0<a class=\"_58cn\" href=\"https:\/\/www.facebook.com\/hashtag\/laval?source=feed_text&amp;epa=HASHTAG\" data-ft=\"{&quot;type&quot;:104,&quot;tn&quot;:&quot;*N&quot;}\"><span class=\"_5afx\"><span class=\"_58cl _5afz\" aria-label=\"hashtag\">#<\/span><span class=\"_58cm\">laval<\/span><\/span><\/a>\u00a0<a class=\"_58cn\" href=\"https:\/\/www.facebook.com\/hashtag\/transportscoue?source=feed_text&amp;epa=HASHTAG\" data-ft=\"{&quot;type&quot;:104,&quot;tn&quot;:&quot;*N&quot;}\"><span class=\"_5afx\"><span class=\"_58cl _5afz\" aria-label=\"hashtag\">#<\/span><span class=\"_58cm\">transportscoue<\/span><\/span><\/a>\u00a0<a class=\"_58cn\" href=\"https:\/\/www.facebook.com\/hashtag\/teamcoue?source=feed_text&amp;epa=HASHTAG\" data-ft=\"{&quot;type&quot;:104,&quot;tn&quot;:&quot;*N&quot;}\"><span class=\"_5afx\"><span class=\"_58cl _5afz\" aria-label=\"hashtag\">#<\/span><span class=\"_58cm\">teamcoue<\/span><\/span><\/a>\u00a0<a class=\"_58cn\" href=\"https:\/\/www.facebook.com\/hashtag\/equipe?source=feed_text&amp;epa=HASHTAG\" data-ft=\"{&quot;type&quot;:104,&quot;tn&quot;:&quot;*N&quot;}\"><span class=\"_5afx\"><span class=\"_58cl _5afz\" aria-label=\"hashtag\">#<\/span><span class=\"_58cm\">equipe<\/span><\/span><\/a>\u00a0<a class=\"_58cn\" href=\"https:\/\/www.facebook.com\/hashtag\/transport?source=feed_text&amp;epa=HASHTAG\" data-ft=\"{&quot;type&quot;:104,&quot;tn&quot;:&quot;*N&quot;}\"><span class=\"_5afx\"><span class=\"_58cl _5afz\" aria-label=\"hashtag\">#<\/span><span class=\"_58cm\">transport<\/span><\/span><\/a>\u00a0<a class=\"_58cn\" href=\"https:\/\/www.facebook.com\/hashtag\/logistique?source=feed_text&amp;epa=HASHTAG\" data-ft=\"{&quot;type&quot;:104,&quot;tn&quot;:&quot;*N&quot;}\"><span class=\"_5afx\"><span class=\"_58cl _5afz\" aria-label=\"hashtag\">#<\/span><span class=\"_58cm\">logistique<\/span><\/span><\/a>\u00a0<a class=\"_58cn\" href=\"https:\/\/www.facebook.com\/hashtag\/mayenne?source=feed_text&amp;epa=HASHTAG\" data-ft=\"{&quot;type&quot;:104,&quot;tn&quot;:&quot;*N&quot;}\"><span class=\"_5afx\"><span class=\"_58cl _5afz\" aria-label=\"hashtag\">#<\/span><span class=\"_58cm\">mayenne<\/span><\/span><\/a>\u00a0<a class=\"_58cn\" href=\"https:\/\/www.facebook.com\/hashtag\/transportroutier?source=feed_text&amp;epa=HASHTAG\" data-ft=\"{&quot;type&quot;:104,&quot;tn&quot;:&quot;*N&quot;}\"><span class=\"_5afx\"><span class=\"_58cl _5afz\" aria-label=\"hashtag\">#<\/span><span class=\"_58cm\">transportroutier<\/span><\/span><\/a>\u00a0<span class=\"_5afx\"><a class=\"_58cn\" href=\"https:\/\/www.facebook.com\/hashtag\/paysdelaloire?source=feed_text&amp;epa=HASHTAG\" data-ft=\"{&quot;type&quot;:104,&quot;tn&quot;:&quot;*N&quot;}\"><span class=\"_58cl _5afz\" aria-label=\"hashtag\">#<\/span><span class=\"_58cm\">paysdelaloire<\/span><\/a> <\/span><a class=\"_58cn\" href=\"https:\/\/www.facebook.com\/hashtag\/paysdelaloire?source=feed_text&amp;epa=HASHTAG\" data-ft=\"{&quot;type&quot;:104,&quot;tn&quot;:&quot;*N&quot;}\"><span class=\"_5afx\"><span class=\"_58cm\">\u00a0#sport<\/span><\/span><\/a><\/p>\n<\/div><span class=\"post-meta-infos\"><time class=\"date-container minor-meta updated\"  itemprop=\"datePublished\" datetime=\"2019-12-30T19:06:26+01:00\" >30 d\u00e9cembre 2019<\/time><span class=\"text-sep\">\/<\/span><span class=\"blog-author minor-meta\">par <span class=\"entry-author-link\"  itemprop=\"author\" ><span class=\"author\"><span class=\"fn\"><a href=\"https:\/\/www.transports-coue.fr\/fr\/author\/transports-coue\/\" title=\"Articles par Transports Cou\u00e9\" rel=\"author\">Transports Cou\u00e9<\/a><\/span><\/span><\/span><\/span><\/span><footer class=\"entry-footer\"><\/footer><div class='post_delimiter'><\/div><\/div><div class=\"post_author_timeline\"><\/div><span class='hidden'>\n\t\t\t\t<span class='av-structured-data'  itemprop=\"image\" itemscope=\"itemscope\" itemtype=\"https:\/\/schema.org\/ImageObject\" >\n\t\t\t\t\t\t<span itemprop='url'>https:\/\/www.transports-coue.fr\/wp-content\/uploads\/2019\/12\/2019-12-20-transports-coue-tournoi-futsal-inter-entreprises.jpg<\/span>\n\t\t\t\t\t\t<span itemprop='height'>321<\/span>\n\t\t\t\t\t\t<span itemprop='width'>845<\/span>\n\t\t\t\t<\/span>\n\t\t\t\t<span class='av-structured-data'  itemprop=\"publisher\" itemtype=\"https:\/\/schema.org\/Organization\" itemscope=\"itemscope\" >\n\t\t\t\t\t\t<span itemprop='name'>Transports Cou\u00e9<\/span>\n\t\t\t\t\t\t<span itemprop='logo' itemscope itemtype='https:\/\/schema.org\/ImageObject'>\n\t\t\t\t\t\t\t<span itemprop='url'>https:\/\/www.transports-coue.fr\/wp-content\/uploads\/2018\/10\/Logo-transports-coue-300x119.png<\/span>\n\t\t\t\t\t\t<\/span>\n\t\t\t\t<\/span><span class='av-structured-data'  itemprop=\"author\" itemscope=\"itemscope\" itemtype=\"https:\/\/schema.org\/Person\" ><span itemprop='name'>Transports Cou\u00e9<\/span><\/span><span class='av-structured-data'  itemprop=\"datePublished\" datetime=\"2019-12-30T19:06:26+01:00\" >2019-12-30 19:06:26<\/span><span class='av-structured-data'  itemprop=\"dateModified\" itemtype=\"https:\/\/schema.org\/dateModified\" >2021-03-31 10:38:29<\/span><span class='av-structured-data'  itemprop=\"mainEntityOfPage\" itemtype=\"https:\/\/schema.org\/mainEntityOfPage\" ><span itemprop='name'>Transports Cou\u00e9 au Tournoi inter-entreprises de Futsal \u00e0 Laval<\/span><\/span><\/span><\/article><article class=\"post-entry post-entry-type-standard post-entry-2986 post-loop-24 post-parity-even single-big with-slider post-2986 post type-post status-publish format-standard has-post-thumbnail hentry category-actualites category-partenariats\"  itemscope=\"itemscope\" itemtype=\"https:\/\/schema.org\/BlogPosting\" ><div class=\"blog-meta\"><\/div><div class='entry-content-wrapper clearfix standard-content'><header class=\"entry-content-header\" aria-label=\"Articles : Transports Cou\u00e9 partenaire officiel de l&rsquo;Etoile Lavalloise Mayenne Futsal Club\"><div class=\"av-heading-wrapper\"><h2 class='post-title entry-title '  itemprop=\"headline\" ><a href=\"https:\/\/www.transports-coue.fr\/fr\/transports-coue-partenaire-officiel-de-letoile-lavalloise-mayenne-futsal-club\/\" rel=\"bookmark\" title=\"Lien permanent : Transports Cou\u00e9 partenaire officiel de l&rsquo;Etoile Lavalloise Mayenne Futsal Club\">Transports Cou\u00e9 partenaire officiel de l&rsquo;Etoile Lavalloise Mayenne Futsal Club<span class=\"post-format-icon minor-meta\"><\/span><\/a><\/h2><span class=\"blog-categories minor-meta\"><a href=\"https:\/\/www.transports-coue.fr\/fr\/category\/actualites\/\" rel=\"tag\">Actualit\u00e9s<\/a>, <a href=\"https:\/\/www.transports-coue.fr\/fr\/category\/actualites\/partenariats\/\" rel=\"tag\">Partenariats<\/a><\/span><\/div><\/header><span class=\"av-vertical-delimiter\"><\/span><div class=\"big-preview single-big\"  itemprop=\"image\" itemscope=\"itemscope\" itemtype=\"https:\/\/schema.org\/ImageObject\" ><a href=\"https:\/\/www.transports-coue.fr\/fr\/transports-coue-partenaire-officiel-de-letoile-lavalloise-mayenne-futsal-club\/\"  title=\"Partenariat 2019-2020 - transports-coue-site-internet-2048x777\" ><img decoding=\"async\" fetchpriority=\"high\" width=\"1210\" height=\"423\" src=\"https:\/\/www.transports-coue.fr\/wp-content\/uploads\/2019\/10\/Partenariat-2019-2020-transports-coue-site-internet-2048x777-1210x423.jpg\" class=\"wp-image-2989 avia-img-lazy-loading-not-2989 attachment-entry_without_sidebar size-entry_without_sidebar wp-post-image\" alt=\"Transports Cou\u00e9 soutiennent l&#039;Etoile Lavalloise Mayenne futsal Club\" \/><\/a><\/div><div class=\"entry-content\"  itemprop=\"text\" ><p>Nous soutenons l&rsquo; Etoile Lavalloise Mayenne Futsal Club \u26bd\ufe0f !<br \/>\nNous leur souhaitons une tr\u00e8s belle saison et attendons avec impatience d&rsquo;aller les encourager dans le futur \u00ab\u00a0Espace Mayenne\u00a0\u00bb !<\/p>\n<p>\u27a1\ufe0f<a href=\"https:\/\/www.laval-futsal.com\/\" target=\"_blank\" rel=\"nofollow noopener noreferrer\">https:\/\/www.laval-futsal.com\/<\/a><br \/>\n\u27a1\ufe0f<a href=\"http:\/\/espacemayenne.fr\/\" target=\"_blank\" rel=\"nofollow noopener noreferrer\">http:\/\/espacemayenne.fr\/<\/a><\/p>\n<\/div><span class=\"post-meta-infos\"><time class=\"date-container minor-meta updated\"  itemprop=\"datePublished\" datetime=\"2019-10-28T08:43:00+01:00\" >28 octobre 2019<\/time><span class=\"text-sep\">\/<\/span><span class=\"blog-author minor-meta\">par <span class=\"entry-author-link\"  itemprop=\"author\" ><span class=\"author\"><span class=\"fn\"><a href=\"https:\/\/www.transports-coue.fr\/fr\/author\/transports-coue\/\" title=\"Articles par Transports Cou\u00e9\" rel=\"author\">Transports Cou\u00e9<\/a><\/span><\/span><\/span><\/span><\/span><footer class=\"entry-footer\"><\/footer><div class='post_delimiter'><\/div><\/div><div class=\"post_author_timeline\"><\/div><span class='hidden'>\n\t\t\t\t<span class='av-structured-data'  itemprop=\"image\" itemscope=\"itemscope\" itemtype=\"https:\/\/schema.org\/ImageObject\" >\n\t\t\t\t\t\t<span itemprop='url'>https:\/\/www.transports-coue.fr\/wp-content\/uploads\/2019\/10\/Partenariat-2019-2020-transports-coue-site-internet-2048x777.jpg<\/span>\n\t\t\t\t\t\t<span itemprop='height'>777<\/span>\n\t\t\t\t\t\t<span itemprop='width'>2048<\/span>\n\t\t\t\t<\/span>\n\t\t\t\t<span class='av-structured-data'  itemprop=\"publisher\" itemtype=\"https:\/\/schema.org\/Organization\" itemscope=\"itemscope\" >\n\t\t\t\t\t\t<span itemprop='name'>Transports Cou\u00e9<\/span>\n\t\t\t\t\t\t<span itemprop='logo' itemscope itemtype='https:\/\/schema.org\/ImageObject'>\n\t\t\t\t\t\t\t<span itemprop='url'>https:\/\/www.transports-coue.fr\/wp-content\/uploads\/2018\/10\/Logo-transports-coue-300x119.png<\/span>\n\t\t\t\t\t\t<\/span>\n\t\t\t\t<\/span><span class='av-structured-data'  itemprop=\"author\" itemscope=\"itemscope\" itemtype=\"https:\/\/schema.org\/Person\" ><span itemprop='name'>Transports Cou\u00e9<\/span><\/span><span class='av-structured-data'  itemprop=\"datePublished\" datetime=\"2019-10-28T08:43:00+01:00\" >2019-10-28 08:43:00<\/span><span class='av-structured-data'  itemprop=\"dateModified\" itemtype=\"https:\/\/schema.org\/dateModified\" >2021-03-31 10:46:50<\/span><span class='av-structured-data'  itemprop=\"mainEntityOfPage\" itemtype=\"https:\/\/schema.org\/mainEntityOfPage\" ><span itemprop='name'>Transports Cou\u00e9 partenaire officiel de l&rsquo;Etoile Lavalloise Mayenne Futsal Club<\/span><\/span><\/span><\/article><article class=\"post-entry post-entry-type-standard post-entry-2325 post-loop-25 post-parity-odd single-big with-slider post-2325 post type-post status-publish format-standard has-post-thumbnail hentry category-actualites category-partenariats\"  itemscope=\"itemscope\" itemtype=\"https:\/\/schema.org\/BlogPosting\" ><div class=\"blog-meta\"><\/div><div class='entry-content-wrapper clearfix standard-content'><header class=\"entry-content-header\" aria-label=\"Articles : Transports Cou\u00e9 mettent une remorque podium \u00e0 disposition de \u00ab\u00a0La Ronde Mayennaise\u00a0\u00bb 2019\"><div class=\"av-heading-wrapper\"><h2 class='post-title entry-title '  itemprop=\"headline\" ><a href=\"https:\/\/www.transports-coue.fr\/fr\/transports-coue-mettent-une-remorque-podium-a-disposition-de-la-ronde-mayennaise-2019\/\" rel=\"bookmark\" title=\"Lien permanent : Transports Cou\u00e9 mettent une remorque podium \u00e0 disposition de \u00ab\u00a0La Ronde Mayennaise\u00a0\u00bb 2019\">Transports Cou\u00e9 mettent une remorque podium \u00e0 disposition de \u00ab\u00a0La Ronde Mayennaise\u00a0\u00bb 2019<span class=\"post-format-icon minor-meta\"><\/span><\/a><\/h2><span class=\"blog-categories minor-meta\"><a href=\"https:\/\/www.transports-coue.fr\/fr\/category\/actualites\/\" rel=\"tag\">Actualit\u00e9s<\/a>, <a href=\"https:\/\/www.transports-coue.fr\/fr\/category\/actualites\/partenariats\/\" rel=\"tag\">Partenariats<\/a><\/span><\/div><\/header><span class=\"av-vertical-delimiter\"><\/span><div class=\"big-preview single-big\"  itemprop=\"image\" itemscope=\"itemscope\" itemtype=\"https:\/\/schema.org\/ImageObject\" ><a href=\"https:\/\/www.transports-coue.fr\/fr\/transports-coue-mettent-une-remorque-podium-a-disposition-de-la-ronde-mayennaise-2019\/\"  title=\"transports-coue-a-la-ronde-mayennaise-laval-09-2019\" ><img decoding=\"async\" fetchpriority=\"high\" width=\"845\" height=\"321\" src=\"https:\/\/www.transports-coue.fr\/wp-content\/uploads\/2019\/09\/transports-coue-a-la-ronde-mayennaise-laval-09-2019.jpg\" class=\"wp-image-2323 avia-img-lazy-loading-not-2323 attachment-entry_without_sidebar size-entry_without_sidebar wp-post-image\" alt=\"Transport Cou\u00e9 participent \u00e0 la course cycliste La Ronde Mayennaise 2019\" srcset=\"https:\/\/www.transports-coue.fr\/wp-content\/uploads\/2019\/09\/transports-coue-a-la-ronde-mayennaise-laval-09-2019.jpg 845w, https:\/\/www.transports-coue.fr\/wp-content\/uploads\/2019\/09\/transports-coue-a-la-ronde-mayennaise-laval-09-2019-80x30.jpg 80w, https:\/\/www.transports-coue.fr\/wp-content\/uploads\/2019\/09\/transports-coue-a-la-ronde-mayennaise-laval-09-2019-300x114.jpg 300w, https:\/\/www.transports-coue.fr\/wp-content\/uploads\/2019\/09\/transports-coue-a-la-ronde-mayennaise-laval-09-2019-768x292.jpg 768w, https:\/\/www.transports-coue.fr\/wp-content\/uploads\/2019\/09\/transports-coue-a-la-ronde-mayennaise-laval-09-2019-705x268.jpg 705w, https:\/\/www.transports-coue.fr\/wp-content\/uploads\/2019\/09\/transports-coue-a-la-ronde-mayennaise-laval-09-2019-450x171.jpg 450w\" sizes=\"(max-width: 845px) 100vw, 845px\" \/><\/a><\/div><div class=\"entry-content\"  itemprop=\"text\" >\n<p><\/p>\n\n\n\n<p>A nouveau cette ann\u00e9e, nous sommes partenaires de la course cycliste \u00ab\u00a0La Ronde Mayennaise\u00a0\u00bb (Elite Nationale) en mettant \u00e0 disposition une remorque podium. Cette belle comp\u00e9tition d&rsquo;amateurs et de professionnels a lieu dimanche 15 septembre \u00e0 Laval (53).<\/p>\n\n\n\n<p><a href=\"http:\/\/www.rondemayennaise.fr\" target=\"_blank\" rel=\"noreferrer noopener\">http:\/\/www.rondemayennaise.fr<\/a><\/p>\n<\/div><span class=\"post-meta-infos\"><time class=\"date-container minor-meta updated\"  itemprop=\"datePublished\" datetime=\"2019-09-09T17:39:06+02:00\" >9 septembre 2019<\/time><span class=\"text-sep\">\/<\/span><span class=\"blog-author minor-meta\">par <span class=\"entry-author-link\"  itemprop=\"author\" ><span class=\"author\"><span class=\"fn\"><a href=\"https:\/\/www.transports-coue.fr\/fr\/author\/transports-coue\/\" title=\"Articles par Transports Cou\u00e9\" rel=\"author\">Transports Cou\u00e9<\/a><\/span><\/span><\/span><\/span><\/span><footer class=\"entry-footer\"><\/footer><div class='post_delimiter'><\/div><\/div><div class=\"post_author_timeline\"><\/div><span class='hidden'>\n\t\t\t\t<span class='av-structured-data'  itemprop=\"image\" itemscope=\"itemscope\" itemtype=\"https:\/\/schema.org\/ImageObject\" >\n\t\t\t\t\t\t<span itemprop='url'>https:\/\/www.transports-coue.fr\/wp-content\/uploads\/2019\/09\/transports-coue-a-la-ronde-mayennaise-laval-09-2019.jpg<\/span>\n\t\t\t\t\t\t<span itemprop='height'>321<\/span>\n\t\t\t\t\t\t<span itemprop='width'>845<\/span>\n\t\t\t\t<\/span>\n\t\t\t\t<span class='av-structured-data'  itemprop=\"publisher\" itemtype=\"https:\/\/schema.org\/Organization\" itemscope=\"itemscope\" >\n\t\t\t\t\t\t<span itemprop='name'>Transports Cou\u00e9<\/span>\n\t\t\t\t\t\t<span itemprop='logo' itemscope itemtype='https:\/\/schema.org\/ImageObject'>\n\t\t\t\t\t\t\t<span itemprop='url'>https:\/\/www.transports-coue.fr\/wp-content\/uploads\/2018\/10\/Logo-transports-coue-300x119.png<\/span>\n\t\t\t\t\t\t<\/span>\n\t\t\t\t<\/span><span class='av-structured-data'  itemprop=\"author\" itemscope=\"itemscope\" itemtype=\"https:\/\/schema.org\/Person\" ><span itemprop='name'>Transports Cou\u00e9<\/span><\/span><span class='av-structured-data'  itemprop=\"datePublished\" datetime=\"2019-09-09T17:39:06+02:00\" >2019-09-09 17:39:06<\/span><span class='av-structured-data'  itemprop=\"dateModified\" itemtype=\"https:\/\/schema.org\/dateModified\" >2021-05-21 17:13:10<\/span><span class='av-structured-data'  itemprop=\"mainEntityOfPage\" itemtype=\"https:\/\/schema.org\/mainEntityOfPage\" ><span itemprop='name'>Transports Cou\u00e9 mettent une remorque podium \u00e0 disposition de \u00ab\u00a0La Ronde Mayennaise\u00a0\u00bb 2019<\/span><\/span><\/span><\/article><article class=\"post-entry post-entry-type-standard post-entry-2135 post-loop-26 post-parity-even single-big with-slider post-2135 post type-post status-publish format-standard has-post-thumbnail hentry category-actualites category-partenariats\"  itemscope=\"itemscope\" itemtype=\"https:\/\/schema.org\/BlogPosting\" ><div class=\"blog-meta\"><\/div><div class='entry-content-wrapper clearfix standard-content'><header class=\"entry-content-header\" aria-label=\"Articles : Transports Cou\u00e9 au prologue des Boucles de la Mayenne 2019\"><div class=\"av-heading-wrapper\"><h2 class='post-title entry-title '  itemprop=\"headline\" ><a href=\"https:\/\/www.transports-coue.fr\/fr\/transports-coue-au-prologue-des-boucles-de-la-mayenne-2019\/\" rel=\"bookmark\" title=\"Lien permanent : Transports Cou\u00e9 au prologue des Boucles de la Mayenne 2019\">Transports Cou\u00e9 au prologue des Boucles de la Mayenne 2019<span class=\"post-format-icon minor-meta\"><\/span><\/a><\/h2><span class=\"blog-categories minor-meta\"><a href=\"https:\/\/www.transports-coue.fr\/fr\/category\/actualites\/\" rel=\"tag\">Actualit\u00e9s<\/a>, <a href=\"https:\/\/www.transports-coue.fr\/fr\/category\/actualites\/partenariats\/\" rel=\"tag\">Partenariats<\/a><\/span><\/div><\/header><span class=\"av-vertical-delimiter\"><\/span><div class=\"big-preview single-big\"  itemprop=\"image\" itemscope=\"itemscope\" itemtype=\"https:\/\/schema.org\/ImageObject\" ><a href=\"https:\/\/www.transports-coue.fr\/fr\/transports-coue-au-prologue-des-boucles-de-la-mayenne-2019\/\"  title=\"transports-coue-participe-boucles-de-la-mayenne-2019-voiture-aux-couleurs-coue-thierry-moto-officielle-1690x642-v2\" ><img decoding=\"async\" fetchpriority=\"high\" width=\"1210\" height=\"423\" src=\"https:\/\/www.transports-coue.fr\/wp-content\/uploads\/2019\/06\/transports-coue-participe-boucles-de-la-mayenne-2019-voiture-aux-couleurs-coue-thierry-moto-officielle-1690x642-v2-1210x423.jpg\" class=\"wp-image-2142 avia-img-lazy-loading-not-2142 attachment-entry_without_sidebar size-entry_without_sidebar wp-post-image\" alt=\"Transports Cou\u00e9 sponsor aux Boucles de la Mayenne 2019\" \/><\/a><\/div><div class=\"entry-content\"  itemprop=\"text\" ><p style=\"text-align: center;\"><strong>1\u00e8re \u00e9tape : le prologue<\/strong><\/p>\n<p>Thierry, notre affr\u00e9teur, fait partie des motards officiels des Boucles de La Mayenne. Au d\u00e9part de la course cycliste, la voiture des invit\u00e9s aux couleurs des Transports Cou\u00e9 ! Toute notre \u00e9quipe souhaite bonne chance aux cyclistes , nous serons avec eux !<\/p>\n<p>Tous nos participations sur notre site internet : <a href=\"https:\/\/www.transports-coue.fr\/fr\/actualites\/\" target=\"_blank\" rel=\"noopener\">https:\/\/www.transports-coue.fr\/fr\/actualites\/<\/a><\/p>\n<\/div><span class=\"post-meta-infos\"><time class=\"date-container minor-meta updated\"  itemprop=\"datePublished\" datetime=\"2019-06-07T18:40:59+02:00\" >7 juin 2019<\/time><span class=\"text-sep\">\/<\/span><span class=\"blog-author minor-meta\">par <span class=\"entry-author-link\"  itemprop=\"author\" ><span class=\"author\"><span class=\"fn\"><a href=\"https:\/\/www.transports-coue.fr\/fr\/author\/transports-coue\/\" title=\"Articles par Transports Cou\u00e9\" rel=\"author\">Transports Cou\u00e9<\/a><\/span><\/span><\/span><\/span><\/span><footer class=\"entry-footer\"><\/footer><div class='post_delimiter'><\/div><\/div><div class=\"post_author_timeline\"><\/div><span class='hidden'>\n\t\t\t\t<span class='av-structured-data'  itemprop=\"image\" itemscope=\"itemscope\" itemtype=\"https:\/\/schema.org\/ImageObject\" >\n\t\t\t\t\t\t<span itemprop='url'>https:\/\/www.transports-coue.fr\/wp-content\/uploads\/2019\/06\/transports-coue-participe-boucles-de-la-mayenne-2019-voiture-aux-couleurs-coue-thierry-moto-officielle-1690x642-v2.jpg<\/span>\n\t\t\t\t\t\t<span itemprop='height'>642<\/span>\n\t\t\t\t\t\t<span itemprop='width'>1690<\/span>\n\t\t\t\t<\/span>\n\t\t\t\t<span class='av-structured-data'  itemprop=\"publisher\" itemtype=\"https:\/\/schema.org\/Organization\" itemscope=\"itemscope\" >\n\t\t\t\t\t\t<span itemprop='name'>Transports Cou\u00e9<\/span>\n\t\t\t\t\t\t<span itemprop='logo' itemscope itemtype='https:\/\/schema.org\/ImageObject'>\n\t\t\t\t\t\t\t<span itemprop='url'>https:\/\/www.transports-coue.fr\/wp-content\/uploads\/2018\/10\/Logo-transports-coue-300x119.png<\/span>\n\t\t\t\t\t\t<\/span>\n\t\t\t\t<\/span><span class='av-structured-data'  itemprop=\"author\" itemscope=\"itemscope\" itemtype=\"https:\/\/schema.org\/Person\" ><span itemprop='name'>Transports Cou\u00e9<\/span><\/span><span class='av-structured-data'  itemprop=\"datePublished\" datetime=\"2019-06-07T18:40:59+02:00\" >2019-06-07 18:40:59<\/span><span class='av-structured-data'  itemprop=\"dateModified\" itemtype=\"https:\/\/schema.org\/dateModified\" >2021-05-24 12:24:30<\/span><span class='av-structured-data'  itemprop=\"mainEntityOfPage\" itemtype=\"https:\/\/schema.org\/mainEntityOfPage\" ><span itemprop='name'>Transports Cou\u00e9 au prologue des Boucles de la Mayenne 2019<\/span><\/span><\/span><\/article><article class=\"post-entry post-entry-type-standard post-entry-2120 post-loop-27 post-parity-odd single-big with-slider post-2120 post type-post status-publish format-standard has-post-thumbnail hentry category-actualites category-partenariats\"  itemscope=\"itemscope\" itemtype=\"https:\/\/schema.org\/BlogPosting\" ><div class=\"blog-meta\"><\/div><div class='entry-content-wrapper clearfix standard-content'><header class=\"entry-content-header\" aria-label=\"Articles : Transports Cou\u00e9 au festival les 3 El\u00e9phants 2019\"><div class=\"av-heading-wrapper\"><h2 class='post-title entry-title '  itemprop=\"headline\" ><a href=\"https:\/\/www.transports-coue.fr\/fr\/transports-coue-au-festival-les-3-elephants-2019\/\" rel=\"bookmark\" title=\"Lien permanent : Transports Cou\u00e9 au festival les 3 El\u00e9phants 2019\">Transports Cou\u00e9 au festival les 3 El\u00e9phants 2019<span class=\"post-format-icon minor-meta\"><\/span><\/a><\/h2><span class=\"blog-categories minor-meta\"><a href=\"https:\/\/www.transports-coue.fr\/fr\/category\/actualites\/\" rel=\"tag\">Actualit\u00e9s<\/a>, <a href=\"https:\/\/www.transports-coue.fr\/fr\/category\/actualites\/partenariats\/\" rel=\"tag\">Partenariats<\/a><\/span><\/div><\/header><span class=\"av-vertical-delimiter\"><\/span><div class=\"big-preview single-big\"  itemprop=\"image\" itemscope=\"itemscope\" itemtype=\"https:\/\/schema.org\/ImageObject\" ><a href=\"https:\/\/www.transports-coue.fr\/fr\/transports-coue-au-festival-les-3-elephants-2019\/\"  title=\"transports-coue-les-3-elephants-845x321\" ><img decoding=\"async\" fetchpriority=\"high\" width=\"845\" height=\"321\" src=\"https:\/\/www.transports-coue.fr\/wp-content\/uploads\/2019\/05\/transports-coue-les-3-elephants-845x321.jpg\" class=\"wp-image-2119 avia-img-lazy-loading-not-2119 attachment-entry_without_sidebar size-entry_without_sidebar wp-post-image\" alt=\"Transports Cou\u00e9 partenaires du festival les 3 \u00e9l\u00e9phants 2019\" srcset=\"https:\/\/www.transports-coue.fr\/wp-content\/uploads\/2019\/05\/transports-coue-les-3-elephants-845x321.jpg 845w, https:\/\/www.transports-coue.fr\/wp-content\/uploads\/2019\/05\/transports-coue-les-3-elephants-845x321-80x30.jpg 80w, https:\/\/www.transports-coue.fr\/wp-content\/uploads\/2019\/05\/transports-coue-les-3-elephants-845x321-300x114.jpg 300w, https:\/\/www.transports-coue.fr\/wp-content\/uploads\/2019\/05\/transports-coue-les-3-elephants-845x321-768x292.jpg 768w, https:\/\/www.transports-coue.fr\/wp-content\/uploads\/2019\/05\/transports-coue-les-3-elephants-845x321-705x268.jpg 705w, https:\/\/www.transports-coue.fr\/wp-content\/uploads\/2019\/05\/transports-coue-les-3-elephants-845x321-450x171.jpg 450w\" sizes=\"(max-width: 845px) 100vw, 845px\" \/><\/a><\/div><div class=\"entry-content\"  itemprop=\"text\" ><p>Comme l&rsquo;ann\u00e9e derni\u00e8re, nous sommes partenaires du festival Les 3 El\u00e9phants du 22 au 26 mai 2019 \u00e0 Laval (53, Mayenne). Nous mettons \u00e0 disposition une semi-remorque frigo : vos boissons seront bien fra\u00eeches !<\/p>\n<p>Tous nos participations sur notre site internet : <a href=\"https:\/\/www.transports-coue.fr\/fr\/actualites\/\" target=\"_blank\" rel=\"noopener\">https:\/\/www.transports-coue.fr\/fr\/actualites\/<\/a><\/p>\n<\/div><span class=\"post-meta-infos\"><time class=\"date-container minor-meta updated\"  itemprop=\"datePublished\" datetime=\"2019-05-22T10:26:58+02:00\" >22 mai 2019<\/time><span class=\"text-sep\">\/<\/span><span class=\"blog-author minor-meta\">par <span class=\"entry-author-link\"  itemprop=\"author\" ><span class=\"author\"><span class=\"fn\"><a href=\"https:\/\/www.transports-coue.fr\/fr\/author\/transports-coue\/\" title=\"Articles par Transports Cou\u00e9\" rel=\"author\">Transports Cou\u00e9<\/a><\/span><\/span><\/span><\/span><\/span><footer class=\"entry-footer\"><\/footer><div class='post_delimiter'><\/div><\/div><div class=\"post_author_timeline\"><\/div><span class='hidden'>\n\t\t\t\t<span class='av-structured-data'  itemprop=\"image\" itemscope=\"itemscope\" itemtype=\"https:\/\/schema.org\/ImageObject\" >\n\t\t\t\t\t\t<span itemprop='url'>https:\/\/www.transports-coue.fr\/wp-content\/uploads\/2019\/05\/transports-coue-les-3-elephants-845x321.jpg<\/span>\n\t\t\t\t\t\t<span itemprop='height'>321<\/span>\n\t\t\t\t\t\t<span itemprop='width'>845<\/span>\n\t\t\t\t<\/span>\n\t\t\t\t<span class='av-structured-data'  itemprop=\"publisher\" itemtype=\"https:\/\/schema.org\/Organization\" itemscope=\"itemscope\" >\n\t\t\t\t\t\t<span itemprop='name'>Transports Cou\u00e9<\/span>\n\t\t\t\t\t\t<span itemprop='logo' itemscope itemtype='https:\/\/schema.org\/ImageObject'>\n\t\t\t\t\t\t\t<span itemprop='url'>https:\/\/www.transports-coue.fr\/wp-content\/uploads\/2018\/10\/Logo-transports-coue-300x119.png<\/span>\n\t\t\t\t\t\t<\/span>\n\t\t\t\t<\/span><span class='av-structured-data'  itemprop=\"author\" itemscope=\"itemscope\" itemtype=\"https:\/\/schema.org\/Person\" ><span itemprop='name'>Transports Cou\u00e9<\/span><\/span><span class='av-structured-data'  itemprop=\"datePublished\" datetime=\"2019-05-22T10:26:58+02:00\" >2019-05-22 10:26:58<\/span><span class='av-structured-data'  itemprop=\"dateModified\" itemtype=\"https:\/\/schema.org\/dateModified\" >2021-05-24 12:25:23<\/span><span class='av-structured-data'  itemprop=\"mainEntityOfPage\" itemtype=\"https:\/\/schema.org\/mainEntityOfPage\" ><span itemprop='name'>Transports Cou\u00e9 au festival les 3 El\u00e9phants 2019<\/span><\/span><\/span><\/article><article class=\"post-entry post-entry-type-standard post-entry-2114 post-loop-28 post-parity-even single-big with-slider post-2114 post type-post status-publish format-standard has-post-thumbnail hentry category-actualites category-partenariats\"  itemscope=\"itemscope\" itemtype=\"https:\/\/schema.org\/BlogPosting\" ><div class=\"blog-meta\"><\/div><div class='entry-content-wrapper clearfix standard-content'><header class=\"entry-content-header\" aria-label=\"Articles : Transports Cou\u00e9 aux Boucles de la Mayenne 2019\"><div class=\"av-heading-wrapper\"><h2 class='post-title entry-title '  itemprop=\"headline\" ><a href=\"https:\/\/www.transports-coue.fr\/fr\/transports-coue-aux-boucles-de-la-mayenne-2019\/\" rel=\"bookmark\" title=\"Lien permanent : Transports Cou\u00e9 aux Boucles de la Mayenne 2019\">Transports Cou\u00e9 aux Boucles de la Mayenne 2019<span class=\"post-format-icon minor-meta\"><\/span><\/a><\/h2><span class=\"blog-categories minor-meta\"><a href=\"https:\/\/www.transports-coue.fr\/fr\/category\/actualites\/\" rel=\"tag\">Actualit\u00e9s<\/a>, <a href=\"https:\/\/www.transports-coue.fr\/fr\/category\/actualites\/partenariats\/\" rel=\"tag\">Partenariats<\/a><\/span><\/div><\/header><span class=\"av-vertical-delimiter\"><\/span><div class=\"big-preview single-big\"  itemprop=\"image\" itemscope=\"itemscope\" itemtype=\"https:\/\/schema.org\/ImageObject\" ><a href=\"https:\/\/www.transports-coue.fr\/fr\/transports-coue-aux-boucles-de-la-mayenne-2019\/\"  title=\"transports-coue-participe-boucles-de-la-mayenne-2019-845x321\" ><img decoding=\"async\" fetchpriority=\"high\" width=\"845\" height=\"321\" src=\"https:\/\/www.transports-coue.fr\/wp-content\/uploads\/2019\/05\/transports-coue-participe-boucles-de-la-mayenne-2019-845x321.jpg\" class=\"wp-image-2112 avia-img-lazy-loading-not-2112 attachment-entry_without_sidebar size-entry_without_sidebar wp-post-image\" alt=\"Transports Cou\u00e9 sponsor aux Boucles de la Mayenne 2019\" srcset=\"https:\/\/www.transports-coue.fr\/wp-content\/uploads\/2019\/05\/transports-coue-participe-boucles-de-la-mayenne-2019-845x321.jpg 845w, https:\/\/www.transports-coue.fr\/wp-content\/uploads\/2019\/05\/transports-coue-participe-boucles-de-la-mayenne-2019-845x321-80x30.jpg 80w, https:\/\/www.transports-coue.fr\/wp-content\/uploads\/2019\/05\/transports-coue-participe-boucles-de-la-mayenne-2019-845x321-300x114.jpg 300w, https:\/\/www.transports-coue.fr\/wp-content\/uploads\/2019\/05\/transports-coue-participe-boucles-de-la-mayenne-2019-845x321-768x292.jpg 768w, https:\/\/www.transports-coue.fr\/wp-content\/uploads\/2019\/05\/transports-coue-participe-boucles-de-la-mayenne-2019-845x321-705x268.jpg 705w, https:\/\/www.transports-coue.fr\/wp-content\/uploads\/2019\/05\/transports-coue-participe-boucles-de-la-mayenne-2019-845x321-450x171.jpg 450w\" sizes=\"(max-width: 845px) 100vw, 845px\" \/><\/a><\/div><div class=\"entry-content\"  itemprop=\"text\" ><p>Nous serons de nouveau pr\u00e9sents cette ann\u00e9e comme sponsor aux Boucles de la Mayenne avec notre dor\u00e9navant c\u00e9l\u00e8bre ballon. L&rsquo;\u00e9dition 2019 sera une nouvelle fois diffus\u00e9e sur la Cha\u00eene L&rsquo;Equipe !<\/p>\n<p><a href=\"https:\/\/www.bouclesdelamayenne.fr\/les-boucles\" target=\"_blank\" rel=\"noopener\">https:\/\/www.bouclesdelamayenne.fr\/les-boucles<\/a><\/p>\n<p><img loading=\"lazy\" decoding=\"async\" class=\"alignnone size-full wp-image-2113\" src=\"https:\/\/www.transports-coue.fr\/fr\/wp-content\/uploads\/2019\/05\/Photo-arriv\u00e9e-boucle-mayenne-06-2018.png\" alt=\"Transports Coue photo de l'arriv\u00e9e 2018 des Boucles de la Mayenne\" width=\"842\" height=\"630\" srcset=\"https:\/\/www.transports-coue.fr\/wp-content\/uploads\/2019\/05\/Photo-arriv\u00e9e-boucle-mayenne-06-2018.png 842w, https:\/\/www.transports-coue.fr\/wp-content\/uploads\/2019\/05\/Photo-arriv\u00e9e-boucle-mayenne-06-2018-80x60.png 80w, https:\/\/www.transports-coue.fr\/wp-content\/uploads\/2019\/05\/Photo-arriv\u00e9e-boucle-mayenne-06-2018-300x224.png 300w, https:\/\/www.transports-coue.fr\/wp-content\/uploads\/2019\/05\/Photo-arriv\u00e9e-boucle-mayenne-06-2018-768x575.png 768w, https:\/\/www.transports-coue.fr\/wp-content\/uploads\/2019\/05\/Photo-arriv\u00e9e-boucle-mayenne-06-2018-705x527.png 705w, https:\/\/www.transports-coue.fr\/wp-content\/uploads\/2019\/05\/Photo-arriv\u00e9e-boucle-mayenne-06-2018-450x337.png 450w\" sizes=\"auto, (max-width: 842px) 100vw, 842px\" \/><\/p>\n<\/div><span class=\"post-meta-infos\"><time class=\"date-container minor-meta updated\"  itemprop=\"datePublished\" datetime=\"2019-05-17T11:42:49+02:00\" >17 mai 2019<\/time><span class=\"text-sep\">\/<\/span><span class=\"blog-author minor-meta\">par <span class=\"entry-author-link\"  itemprop=\"author\" ><span class=\"author\"><span class=\"fn\"><a href=\"https:\/\/www.transports-coue.fr\/fr\/author\/transports-coue\/\" title=\"Articles par Transports Cou\u00e9\" rel=\"author\">Transports Cou\u00e9<\/a><\/span><\/span><\/span><\/span><\/span><footer class=\"entry-footer\"><\/footer><div class='post_delimiter'><\/div><\/div><div class=\"post_author_timeline\"><\/div><span class='hidden'>\n\t\t\t\t<span class='av-structured-data'  itemprop=\"image\" itemscope=\"itemscope\" itemtype=\"https:\/\/schema.org\/ImageObject\" >\n\t\t\t\t\t\t<span itemprop='url'>https:\/\/www.transports-coue.fr\/wp-content\/uploads\/2019\/05\/transports-coue-participe-boucles-de-la-mayenne-2019-845x321.jpg<\/span>\n\t\t\t\t\t\t<span itemprop='height'>321<\/span>\n\t\t\t\t\t\t<span itemprop='width'>845<\/span>\n\t\t\t\t<\/span>\n\t\t\t\t<span class='av-structured-data'  itemprop=\"publisher\" itemtype=\"https:\/\/schema.org\/Organization\" itemscope=\"itemscope\" >\n\t\t\t\t\t\t<span itemprop='name'>Transports Cou\u00e9<\/span>\n\t\t\t\t\t\t<span itemprop='logo' itemscope itemtype='https:\/\/schema.org\/ImageObject'>\n\t\t\t\t\t\t\t<span itemprop='url'>https:\/\/www.transports-coue.fr\/wp-content\/uploads\/2018\/10\/Logo-transports-coue-300x119.png<\/span>\n\t\t\t\t\t\t<\/span>\n\t\t\t\t<\/span><span class='av-structured-data'  itemprop=\"author\" itemscope=\"itemscope\" itemtype=\"https:\/\/schema.org\/Person\" ><span itemprop='name'>Transports Cou\u00e9<\/span><\/span><span class='av-structured-data'  itemprop=\"datePublished\" datetime=\"2019-05-17T11:42:49+02:00\" >2019-05-17 11:42:49<\/span><span class='av-structured-data'  itemprop=\"dateModified\" itemtype=\"https:\/\/schema.org\/dateModified\" >2021-05-24 12:26:30<\/span><span class='av-structured-data'  itemprop=\"mainEntityOfPage\" itemtype=\"https:\/\/schema.org\/mainEntityOfPage\" ><span itemprop='name'>Transports Cou\u00e9 aux Boucles de la Mayenne 2019<\/span><\/span><\/span><\/article><article class=\"post-entry post-entry-type-standard post-entry-2088 post-loop-29 post-parity-odd single-big with-slider post-2088 post type-post status-publish format-standard has-post-thumbnail hentry category-actualites category-partenariats\"  itemscope=\"itemscope\" itemtype=\"https:\/\/schema.org\/BlogPosting\" ><div class=\"blog-meta\"><\/div><div class='entry-content-wrapper clearfix standard-content'><header class=\"entry-content-header\" aria-label=\"Articles : Nos participants au challenge \u00ab\u00a0les 6h de VTT\u00a0\u00bb de l&rsquo;Ern\u00e9e\"><div class=\"av-heading-wrapper\"><h2 class='post-title entry-title '  itemprop=\"headline\" ><a href=\"https:\/\/www.transports-coue.fr\/fr\/nos-participants-au-challenge-les-6h-de-vtt-de-lernee\/\" rel=\"bookmark\" title=\"Lien permanent : Nos participants au challenge \u00ab\u00a0les 6h de VTT\u00a0\u00bb de l&rsquo;Ern\u00e9e\">Nos participants au challenge \u00ab\u00a0les 6h de VTT\u00a0\u00bb de l&rsquo;Ern\u00e9e<span class=\"post-format-icon minor-meta\"><\/span><\/a><\/h2><span class=\"blog-categories minor-meta\"><a href=\"https:\/\/www.transports-coue.fr\/fr\/category\/actualites\/\" rel=\"tag\">Actualit\u00e9s<\/a>, <a href=\"https:\/\/www.transports-coue.fr\/fr\/category\/actualites\/partenariats\/\" rel=\"tag\">Partenariats<\/a><\/span><\/div><\/header><span class=\"av-vertical-delimiter\"><\/span><div class=\"big-preview single-big\"  itemprop=\"image\" itemscope=\"itemscope\" itemtype=\"https:\/\/schema.org\/ImageObject\" ><a href=\"https:\/\/www.transports-coue.fr\/fr\/nos-participants-au-challenge-les-6h-de-vtt-de-lernee\/\"  title=\"equipe-transports-coue-vtt-ernee-2019-845x321-v2\" ><img decoding=\"async\" fetchpriority=\"high\" width=\"845\" height=\"321\" src=\"https:\/\/www.transports-coue.fr\/wp-content\/uploads\/2019\/05\/equipe-transports-coue-vtt-ernee-2019-845x321-v2.jpg\" class=\"wp-image-2092 avia-img-lazy-loading-not-2092 attachment-entry_without_sidebar size-entry_without_sidebar wp-post-image\" alt=\"L&#039;\u00e9quipe Transports Cou\u00e9 au 6h de VTT de l&#039;Ern\u00e9e 53 le 01 mai 2019\" srcset=\"https:\/\/www.transports-coue.fr\/wp-content\/uploads\/2019\/05\/equipe-transports-coue-vtt-ernee-2019-845x321-v2.jpg 845w, https:\/\/www.transports-coue.fr\/wp-content\/uploads\/2019\/05\/equipe-transports-coue-vtt-ernee-2019-845x321-v2-80x30.jpg 80w, https:\/\/www.transports-coue.fr\/wp-content\/uploads\/2019\/05\/equipe-transports-coue-vtt-ernee-2019-845x321-v2-300x114.jpg 300w, https:\/\/www.transports-coue.fr\/wp-content\/uploads\/2019\/05\/equipe-transports-coue-vtt-ernee-2019-845x321-v2-768x292.jpg 768w, https:\/\/www.transports-coue.fr\/wp-content\/uploads\/2019\/05\/equipe-transports-coue-vtt-ernee-2019-845x321-v2-705x268.jpg 705w, https:\/\/www.transports-coue.fr\/wp-content\/uploads\/2019\/05\/equipe-transports-coue-vtt-ernee-2019-845x321-v2-450x171.jpg 450w\" sizes=\"(max-width: 845px) 100vw, 845px\" \/><\/a><\/div><div class=\"entry-content\"  itemprop=\"text\" ><p>Bravo \u00e0 nos 3 courageux comp\u00e9titeurs qui ont particip\u00e9 au challenge \u00ab\u00a0les 6h de VTT\u00a0\u00bb de l&rsquo;Ern\u00e9e le 1er mai 2019 !<\/p>\n<p>Suivez nos participations sur notre site internet : <a href=\"https:\/\/www.transports-coue.fr\/fr\/actualites\/\" target=\"_blank\" rel=\"noopener\">https:\/\/www.transports-coue.fr\/fr\/actualites\/<\/a><\/p>\n<\/div><span class=\"post-meta-infos\"><time class=\"date-container minor-meta updated\"  itemprop=\"datePublished\" datetime=\"2019-05-13T08:54:49+02:00\" >13 mai 2019<\/time><span class=\"text-sep\">\/<\/span><span class=\"blog-author minor-meta\">par <span class=\"entry-author-link\"  itemprop=\"author\" ><span class=\"author\"><span class=\"fn\"><a href=\"https:\/\/www.transports-coue.fr\/fr\/author\/transports-coue\/\" title=\"Articles par Transports Cou\u00e9\" rel=\"author\">Transports Cou\u00e9<\/a><\/span><\/span><\/span><\/span><\/span><footer class=\"entry-footer\"><\/footer><div class='post_delimiter'><\/div><\/div><div class=\"post_author_timeline\"><\/div><span class='hidden'>\n\t\t\t\t<span class='av-structured-data'  itemprop=\"image\" itemscope=\"itemscope\" itemtype=\"https:\/\/schema.org\/ImageObject\" >\n\t\t\t\t\t\t<span itemprop='url'>https:\/\/www.transports-coue.fr\/wp-content\/uploads\/2019\/05\/equipe-transports-coue-vtt-ernee-2019-845x321-v2.jpg<\/span>\n\t\t\t\t\t\t<span itemprop='height'>321<\/span>\n\t\t\t\t\t\t<span itemprop='width'>845<\/span>\n\t\t\t\t<\/span>\n\t\t\t\t<span class='av-structured-data'  itemprop=\"publisher\" itemtype=\"https:\/\/schema.org\/Organization\" itemscope=\"itemscope\" >\n\t\t\t\t\t\t<span itemprop='name'>Transports Cou\u00e9<\/span>\n\t\t\t\t\t\t<span itemprop='logo' itemscope itemtype='https:\/\/schema.org\/ImageObject'>\n\t\t\t\t\t\t\t<span itemprop='url'>https:\/\/www.transports-coue.fr\/wp-content\/uploads\/2018\/10\/Logo-transports-coue-300x119.png<\/span>\n\t\t\t\t\t\t<\/span>\n\t\t\t\t<\/span><span class='av-structured-data'  itemprop=\"author\" itemscope=\"itemscope\" itemtype=\"https:\/\/schema.org\/Person\" ><span itemprop='name'>Transports Cou\u00e9<\/span><\/span><span class='av-structured-data'  itemprop=\"datePublished\" datetime=\"2019-05-13T08:54:49+02:00\" >2019-05-13 08:54:49<\/span><span class='av-structured-data'  itemprop=\"dateModified\" itemtype=\"https:\/\/schema.org\/dateModified\" >2021-05-24 12:30:33<\/span><span class='av-structured-data'  itemprop=\"mainEntityOfPage\" itemtype=\"https:\/\/schema.org\/mainEntityOfPage\" ><span itemprop='name'>Nos participants au challenge \u00ab\u00a0les 6h de VTT\u00a0\u00bb de l&rsquo;Ern\u00e9e<\/span><\/span><\/span><\/article><article class=\"post-entry post-entry-type-standard post-entry-2033 post-loop-30 post-parity-even single-big with-slider post-2033 post type-post status-publish format-standard has-post-thumbnail hentry category-actualites category-partenariats\"  itemscope=\"itemscope\" itemtype=\"https:\/\/schema.org\/BlogPosting\" ><div class=\"blog-meta\"><\/div><div class='entry-content-wrapper clearfix standard-content'><header class=\"entry-content-header\" aria-label=\"Articles : Une \u00e9quipe Transports Cou\u00e9 aux 6h de VTT \u00e0 Ern\u00e9e (53)\"><div class=\"av-heading-wrapper\"><h2 class='post-title entry-title '  itemprop=\"headline\" ><a href=\"https:\/\/www.transports-coue.fr\/fr\/une-equipe-transports-coue-aux-6h-de-vtt-a-ernee-53\/\" rel=\"bookmark\" title=\"Lien permanent : Une \u00e9quipe Transports Cou\u00e9 aux 6h de VTT \u00e0 Ern\u00e9e (53)\">Une \u00e9quipe Transports Cou\u00e9 aux 6h de VTT \u00e0 Ern\u00e9e (53)<span class=\"post-format-icon minor-meta\"><\/span><\/a><\/h2><span class=\"blog-categories minor-meta\"><a href=\"https:\/\/www.transports-coue.fr\/fr\/category\/actualites\/\" rel=\"tag\">Actualit\u00e9s<\/a>, <a href=\"https:\/\/www.transports-coue.fr\/fr\/category\/actualites\/partenariats\/\" rel=\"tag\">Partenariats<\/a><\/span><\/div><\/header><span class=\"av-vertical-delimiter\"><\/span><div class=\"big-preview single-big\"  itemprop=\"image\" itemscope=\"itemscope\" itemtype=\"https:\/\/schema.org\/ImageObject\" ><a href=\"https:\/\/www.transports-coue.fr\/fr\/une-equipe-transports-coue-aux-6h-de-vtt-a-ernee-53\/\"  title=\"participation-transports-coue-moto-club-ernee-6h-vtt-mai-2019-845x321\" ><img decoding=\"async\" fetchpriority=\"high\" width=\"845\" height=\"321\" src=\"https:\/\/www.transports-coue.fr\/wp-content\/uploads\/2019\/04\/participation-transports-coue-moto-club-ernee-6h-vtt-mai-2019-845x321.jpg\" class=\"wp-image-2031 avia-img-lazy-loading-not-2031 attachment-entry_without_sidebar size-entry_without_sidebar wp-post-image\" alt=\"Une \u00e9quipe Transports Cou\u00e9 au 6h de VTT \u00e0 Ern\u00e9e 53 le 01 mai 2019\" srcset=\"https:\/\/www.transports-coue.fr\/wp-content\/uploads\/2019\/04\/participation-transports-coue-moto-club-ernee-6h-vtt-mai-2019-845x321.jpg 845w, https:\/\/www.transports-coue.fr\/wp-content\/uploads\/2019\/04\/participation-transports-coue-moto-club-ernee-6h-vtt-mai-2019-845x321-80x30.jpg 80w, https:\/\/www.transports-coue.fr\/wp-content\/uploads\/2019\/04\/participation-transports-coue-moto-club-ernee-6h-vtt-mai-2019-845x321-300x114.jpg 300w, https:\/\/www.transports-coue.fr\/wp-content\/uploads\/2019\/04\/participation-transports-coue-moto-club-ernee-6h-vtt-mai-2019-845x321-768x292.jpg 768w, https:\/\/www.transports-coue.fr\/wp-content\/uploads\/2019\/04\/participation-transports-coue-moto-club-ernee-6h-vtt-mai-2019-845x321-705x268.jpg 705w, https:\/\/www.transports-coue.fr\/wp-content\/uploads\/2019\/04\/participation-transports-coue-moto-club-ernee-6h-vtt-mai-2019-845x321-450x171.jpg 450w\" sizes=\"(max-width: 845px) 100vw, 845px\" \/><\/a><\/div><div class=\"entry-content\"  itemprop=\"text\" ><p>Le 1er mai 2019 \u00e0 Ern\u00e9e (53, Mayenne), nous supporterons notre \u00e9quipe au challenge sportif : 6 heures de VTT dans l&rsquo;enceinte du Circuit Raymond Demy organis\u00e9 par <a href=\"https:\/\/www.motoclubernee.com\/2018\/12\/27\/les-6-heures-de-vtt-de-lernee\/\" target=\"_blank\" rel=\"noopener noreferrer\">Moto Club Ern\u00e9e<\/a>&nbsp;!<\/p>\n<p>&nbsp;<\/p>\n<p>&nbsp;<\/p>\n<p>&nbsp;<\/p>\n<p>&nbsp;<\/p>\n<p>&nbsp;<\/p>\n<\/div><span class=\"post-meta-infos\"><time class=\"date-container minor-meta updated\"  itemprop=\"datePublished\" datetime=\"2019-04-24T17:59:13+02:00\" >24 avril 2019<\/time><span class=\"text-sep\">\/<\/span><span class=\"blog-author minor-meta\">par <span class=\"entry-author-link\"  itemprop=\"author\" ><span class=\"author\"><span class=\"fn\"><a href=\"https:\/\/www.transports-coue.fr\/fr\/author\/transports-coue\/\" title=\"Articles par Transports Cou\u00e9\" rel=\"author\">Transports Cou\u00e9<\/a><\/span><\/span><\/span><\/span><\/span><footer class=\"entry-footer\"><\/footer><div class='post_delimiter'><\/div><\/div><div class=\"post_author_timeline\"><\/div><span class='hidden'>\n\t\t\t\t<span class='av-structured-data'  itemprop=\"image\" itemscope=\"itemscope\" itemtype=\"https:\/\/schema.org\/ImageObject\" >\n\t\t\t\t\t\t<span itemprop='url'>https:\/\/www.transports-coue.fr\/wp-content\/uploads\/2019\/04\/participation-transports-coue-moto-club-ernee-6h-vtt-mai-2019-845x321.jpg<\/span>\n\t\t\t\t\t\t<span itemprop='height'>321<\/span>\n\t\t\t\t\t\t<span itemprop='width'>845<\/span>\n\t\t\t\t<\/span>\n\t\t\t\t<span class='av-structured-data'  itemprop=\"publisher\" itemtype=\"https:\/\/schema.org\/Organization\" itemscope=\"itemscope\" >\n\t\t\t\t\t\t<span itemprop='name'>Transports Cou\u00e9<\/span>\n\t\t\t\t\t\t<span itemprop='logo' itemscope itemtype='https:\/\/schema.org\/ImageObject'>\n\t\t\t\t\t\t\t<span itemprop='url'>https:\/\/www.transports-coue.fr\/wp-content\/uploads\/2018\/10\/Logo-transports-coue-300x119.png<\/span>\n\t\t\t\t\t\t<\/span>\n\t\t\t\t<\/span><span class='av-structured-data'  itemprop=\"author\" itemscope=\"itemscope\" itemtype=\"https:\/\/schema.org\/Person\" ><span itemprop='name'>Transports Cou\u00e9<\/span><\/span><span class='av-structured-data'  itemprop=\"datePublished\" datetime=\"2019-04-24T17:59:13+02:00\" >2019-04-24 17:59:13<\/span><span class='av-structured-data'  itemprop=\"dateModified\" itemtype=\"https:\/\/schema.org\/dateModified\" >2021-03-31 11:09:43<\/span><span class='av-structured-data'  itemprop=\"mainEntityOfPage\" itemtype=\"https:\/\/schema.org\/mainEntityOfPage\" ><span itemprop='name'>Une \u00e9quipe Transports Cou\u00e9 aux 6h de VTT \u00e0 Ern\u00e9e (53)<\/span><\/span><\/span><\/article><article class=\"post-entry post-entry-type-standard post-entry-1791 post-loop-31 post-parity-odd single-big with-slider post-1791 post type-post status-publish format-standard has-post-thumbnail hentry category-actualites category-partenariats\"  itemscope=\"itemscope\" itemtype=\"https:\/\/schema.org\/BlogPosting\" ><div class=\"blog-meta\"><\/div><div class='entry-content-wrapper clearfix standard-content'><header class=\"entry-content-header\" aria-label=\"Articles : Transports Cou\u00e9 sponsorisent l&rsquo;initiative des May-Aides\"><div class=\"av-heading-wrapper\"><h2 class='post-title entry-title '  itemprop=\"headline\" ><a href=\"https:\/\/www.transports-coue.fr\/fr\/transports-coue-sponsorisent-linitiative-des-may-aides\/\" rel=\"bookmark\" title=\"Lien permanent : Transports Cou\u00e9 sponsorisent l&rsquo;initiative des May-Aides\">Transports Cou\u00e9 sponsorisent l&rsquo;initiative des May-Aides<span class=\"post-format-icon minor-meta\"><\/span><\/a><\/h2><span class=\"blog-categories minor-meta\"><a href=\"https:\/\/www.transports-coue.fr\/fr\/category\/actualites\/\" rel=\"tag\">Actualit\u00e9s<\/a>, <a href=\"https:\/\/www.transports-coue.fr\/fr\/category\/actualites\/partenariats\/\" rel=\"tag\">Partenariats<\/a><\/span><\/div><\/header><span class=\"av-vertical-delimiter\"><\/span><div class=\"big-preview single-big\"  itemprop=\"image\" itemscope=\"itemscope\" itemtype=\"https:\/\/schema.org\/ImageObject\" ><a href=\"https:\/\/www.transports-coue.fr\/fr\/transports-coue-sponsorisent-linitiative-des-may-aides\/\"  title=\"transports-coue-sponsorisent-les-may-aides-2000x810\" ><img decoding=\"async\" fetchpriority=\"high\" width=\"1210\" height=\"423\" src=\"https:\/\/www.transports-coue.fr\/wp-content\/uploads\/2019\/03\/transports-coue-sponsorisent-les-may-aides-2000x810-1210x423.jpg\" class=\"wp-image-1787 avia-img-lazy-loading-not-1787 attachment-entry_without_sidebar size-entry_without_sidebar wp-post-image\" alt=\"Les Transports Cou\u00e9 sponsorinsent les May-aides\" \/><\/a><\/div><div class=\"entry-content\"  itemprop=\"text\" ><p>Nous sponsorisons cette belle initiative : <strong>Les May Aides.<\/strong> Le but de cette association est de r\u00e9colter des fonds pour pouvoir soutenir l&rsquo;association <strong>Femmes Solidaires<\/strong> qui m\u00e8ne des actions pour <strong>l&rsquo;\u00e9galit\u00e9 et le droit des femmes.<\/strong><\/p>\n<p>Ainsi du 22 mars au 1er avril, 2 lavalloises <strong>Allison Ren\u00e9 et Vanessa Rubion<\/strong> participeront au Raid Amazones au Sri Lanka.<br \/>\n<strong>10 jours de raids<\/strong> exclusivement f\u00e9minin en run &amp; bike, trail, vtt, can\u00f6e et tire \u00e0 l&rsquo;arc&#8230;<\/p>\n<p><strong>Soutenons-les ! Bonne chance les filles !<\/strong><\/p>\n<p>Leur page FaceBook :&nbsp;<a id=\"js_dv\" class=\"profileLink\" href=\"https:\/\/www.facebook.com\/LesMayaides\/?__tn__=K-R&amp;eid=ARB-2vyLIfEyvVkYbo0OhI_Zh_DH4tlDrZKzX9N7sGSuu6SOjoM72QhrTv7mqh5gwITrn3WHpXzz-z7H&amp;fref=mentions&amp;__xts__%5B0%5D=68.ARDwQTcaU09_FT_gywIuZ4VPcBoG1TWx-6QYjRhco1VfhqA2vHyQCoOo5u6TL7ani5qgeZTPAmnVw5hB6ni9td-WpBs8OLrCE7qHyf2hDIHl06UK1Qp208-w9plhZac4Ru3_uY9_vuaQDMAsPwqBSp86xw2yMjXE72Szk-EcQd6kOMJjv7L8CytNw8Ch5j1ihF6eHpRRwxKqBLazhm8XwS1y5Gs5zrvSdU_eiA02eWxQobRasFIXaYMYu_nVpuloIlyqcAYDVwtZMBdyz6UQ6AiiV-D4UvpgKwuU7mZraH9oQZJ90cMdr_hYCPGlVvfNPUSJe9aLn9LrY2l74YFElyLRYT5q\" target=\"_blank\" rel=\"noopener noreferrer\" data-hovercard=\"\/ajax\/hovercard\/page.php?id=470242086660074&amp;extragetparams=%7B%22__tn__%22%3A%22%2CdK-R-R%22%2C%22eid%22%3A%22ARB-2vyLIfEyvVkYbo0OhI_Zh_DH4tlDrZKzX9N7sGSuu6SOjoM72QhrTv7mqh5gwITrn3WHpXzz-z7H%22%2C%22fref%22%3A%22mentions%22%7D\" data-hovercard-prefer-more-content-show=\"1\" aria-describedby=\"u_2s_1\" aria-owns=\"\">https:\/\/www.facebook.com\/LesMayaides\/<\/a><\/p>\n<p>Vous pouvez les soutenir :&nbsp;<a href=\"https:\/\/www.lepotcommun.fr\/pot\/4vduolqm?fbclid=IwAR1pdNcCplZuDrxI-hjnwzxtA9csHfaOm6MmdOlp7cdwg6tXjvdFo00cwGw\" target=\"_blank\" rel=\"noopener noreferrer\">https:\/\/www.lepotcommun.fr\/pot\/4vduolqm?fbclid=IwAR1pdNcCplZuDrxI-hjnwzxtA9csHfaOm6MmdOlp7cdwg6tXjvdFo00cwGw<\/a><\/p>\n<p>&nbsp;<\/p>\n<p>&nbsp;<\/p>\n<\/div><span class=\"post-meta-infos\"><time class=\"date-container minor-meta updated\"  itemprop=\"datePublished\" datetime=\"2019-03-20T12:05:32+01:00\" >20 mars 2019<\/time><span class=\"text-sep\">\/<\/span><span class=\"blog-author minor-meta\">par <span class=\"entry-author-link\"  itemprop=\"author\" ><span class=\"author\"><span class=\"fn\"><a href=\"https:\/\/www.transports-coue.fr\/fr\/author\/transports-coue\/\" title=\"Articles par Transports Cou\u00e9\" rel=\"author\">Transports Cou\u00e9<\/a><\/span><\/span><\/span><\/span><\/span><footer class=\"entry-footer\"><\/footer><div class='post_delimiter'><\/div><\/div><div class=\"post_author_timeline\"><\/div><span class='hidden'>\n\t\t\t\t<span class='av-structured-data'  itemprop=\"image\" itemscope=\"itemscope\" itemtype=\"https:\/\/schema.org\/ImageObject\" >\n\t\t\t\t\t\t<span itemprop='url'>https:\/\/www.transports-coue.fr\/wp-content\/uploads\/2019\/03\/transports-coue-sponsorisent-les-may-aides-2000x810.jpg<\/span>\n\t\t\t\t\t\t<span itemprop='height'>810<\/span>\n\t\t\t\t\t\t<span itemprop='width'>2000<\/span>\n\t\t\t\t<\/span>\n\t\t\t\t<span class='av-structured-data'  itemprop=\"publisher\" itemtype=\"https:\/\/schema.org\/Organization\" itemscope=\"itemscope\" >\n\t\t\t\t\t\t<span itemprop='name'>Transports Cou\u00e9<\/span>\n\t\t\t\t\t\t<span itemprop='logo' itemscope itemtype='https:\/\/schema.org\/ImageObject'>\n\t\t\t\t\t\t\t<span itemprop='url'>https:\/\/www.transports-coue.fr\/wp-content\/uploads\/2018\/10\/Logo-transports-coue-300x119.png<\/span>\n\t\t\t\t\t\t<\/span>\n\t\t\t\t<\/span><span class='av-structured-data'  itemprop=\"author\" itemscope=\"itemscope\" itemtype=\"https:\/\/schema.org\/Person\" ><span itemprop='name'>Transports Cou\u00e9<\/span><\/span><span class='av-structured-data'  itemprop=\"datePublished\" datetime=\"2019-03-20T12:05:32+01:00\" >2019-03-20 12:05:32<\/span><span class='av-structured-data'  itemprop=\"dateModified\" itemtype=\"https:\/\/schema.org\/dateModified\" >2021-03-31 11:37:23<\/span><span class='av-structured-data'  itemprop=\"mainEntityOfPage\" itemtype=\"https:\/\/schema.org\/mainEntityOfPage\" ><span itemprop='name'>Transports Cou\u00e9 sponsorisent l&rsquo;initiative des May-Aides<\/span><\/span><\/span><\/article><article class=\"post-entry post-entry-type-standard post-entry-276 post-loop-32 post-parity-even single-big with-slider post-276 post type-post status-publish format-standard has-post-thumbnail hentry category-actualites category-partenariats\"  itemscope=\"itemscope\" itemtype=\"https:\/\/schema.org\/BlogPosting\" ><div class=\"blog-meta\"><\/div><div class='entry-content-wrapper clearfix standard-content'><header class=\"entry-content-header\" aria-label=\"Articles : Les Transports Cou\u00e9 participent aux festivals de l&rsquo;\u00e9t\u00e9\"><div class=\"av-heading-wrapper\"><h2 class='post-title entry-title '  itemprop=\"headline\" ><a href=\"https:\/\/www.transports-coue.fr\/fr\/les-transports-coue-participent-aux-festivals-de-lete\/\" rel=\"bookmark\" title=\"Lien permanent : Les Transports Cou\u00e9 participent aux festivals de l&rsquo;\u00e9t\u00e9\">Les Transports Cou\u00e9 participent aux festivals de l&rsquo;\u00e9t\u00e9<span class=\"post-format-icon minor-meta\"><\/span><\/a><\/h2><span class=\"blog-categories minor-meta\"><a href=\"https:\/\/www.transports-coue.fr\/fr\/category\/actualites\/\" rel=\"tag\">Actualit\u00e9s<\/a>, <a href=\"https:\/\/www.transports-coue.fr\/fr\/category\/actualites\/partenariats\/\" rel=\"tag\">Partenariats<\/a><\/span><\/div><\/header><span class=\"av-vertical-delimiter\"><\/span><div class=\"big-preview single-big\"  itemprop=\"image\" itemscope=\"itemscope\" itemtype=\"https:\/\/schema.org\/ImageObject\" ><a href=\"https:\/\/www.transports-coue.fr\/fr\/les-transports-coue-participent-aux-festivals-de-lete\/\"  title=\"Vieilles-Charrues\" ><img decoding=\"async\" fetchpriority=\"high\" width=\"720\" height=\"423\" src=\"https:\/\/www.transports-coue.fr\/wp-content\/uploads\/2019\/03\/Vieilles-Charrues-720x423.png\" class=\"wp-image-1086 avia-img-lazy-loading-not-1086 attachment-entry_without_sidebar size-entry_without_sidebar wp-post-image\" alt=\"Logo les Vieilles Charrues\" \/><\/a><\/div><div class=\"entry-content\"  itemprop=\"text\" ><p>Les <strong>Transports Cou\u00e9<\/strong> participent \u00e0 la bonne organisation des festivals qui se d\u00e9roulent cet \u00e9t\u00e9 :<\/p>\n<p>nous assurons ainsi le transport des mat\u00e9riels de son du festival <a href=\"http:\/\/www.hellfest.fr\/\" target=\"_blank\" rel=\"noopener\">Hellfest<\/a> (44 Clisson) vers les <a href=\"https:\/\/www.eurockeennes.fr\/\" target=\"_blank\" rel=\"noopener\">Eurock\u00e9ennes<\/a> (90 Belfort) et nous approvisionnons <a href=\"https:\/\/www.vieillescharrues.asso.fr\/\" target=\"_blank\" rel=\"noopener\">Les Vieilles Charrues<\/a> de f\u00fbts de 1000l de bi\u00e8res.<\/p>\n<p><img loading=\"lazy\" decoding=\"async\" class=\"alignnone size-full wp-image-279\" src=\"http:\/\/www2.transports-coue.fr\/fr\/wp-content\/uploads\/2018\/10\/Unknown-2-5.png\" alt=\"\" width=\"450\" height=\"253\" srcset=\"https:\/\/www.transports-coue.fr\/wp-content\/uploads\/2018\/10\/Unknown-2-5.png 450w, https:\/\/www.transports-coue.fr\/wp-content\/uploads\/2018\/10\/Unknown-2-5-300x169.png 300w\" sizes=\"auto, (max-width: 450px) 100vw, 450px\" \/>\u00a0<img loading=\"lazy\" decoding=\"async\" class=\"alignnone size-full wp-image-277\" src=\"http:\/\/www2.transports-coue.fr\/fr\/wp-content\/uploads\/2018\/10\/Unknown-10.png\" alt=\"\" width=\"450\" height=\"253\" srcset=\"https:\/\/www.transports-coue.fr\/wp-content\/uploads\/2018\/10\/Unknown-10.png 450w, https:\/\/www.transports-coue.fr\/wp-content\/uploads\/2018\/10\/Unknown-10-300x169.png 300w\" sizes=\"auto, (max-width: 450px) 100vw, 450px\" \/> \u00a0<img loading=\"lazy\" decoding=\"async\" class=\"alignnone size-full wp-image-278\" src=\"http:\/\/www2.transports-coue.fr\/fr\/wp-content\/uploads\/2018\/10\/Unknown-3-5.png\" alt=\"\" width=\"450\" height=\"163\" srcset=\"https:\/\/www.transports-coue.fr\/wp-content\/uploads\/2018\/10\/Unknown-3-5.png 450w, https:\/\/www.transports-coue.fr\/wp-content\/uploads\/2018\/10\/Unknown-3-5-300x109.png 300w\" sizes=\"auto, (max-width: 450px) 100vw, 450px\" \/><img loading=\"lazy\" decoding=\"async\" class=\"alignnone size-medium wp-image-280\" src=\"http:\/\/www2.transports-coue.fr\/fr\/wp-content\/uploads\/2018\/10\/Unknown-1-7-300x147.png\" alt=\"\" width=\"300\" height=\"147\" srcset=\"https:\/\/www.transports-coue.fr\/wp-content\/uploads\/2018\/10\/Unknown-1-7-300x147.png 300w, https:\/\/www.transports-coue.fr\/wp-content\/uploads\/2018\/10\/Unknown-1-7.png 398w\" sizes=\"auto, (max-width: 300px) 100vw, 300px\" \/><img loading=\"lazy\" decoding=\"async\" class=\"alignnone size-full wp-image-281\" src=\"http:\/\/www2.transports-coue.fr\/fr\/wp-content\/uploads\/2018\/10\/Unknown-4-3.png\" alt=\"\" width=\"285\" height=\"75\" \/><\/p>\n<\/div><span class=\"post-meta-infos\"><time class=\"date-container minor-meta updated\"  itemprop=\"datePublished\" datetime=\"2018-07-23T14:12:09+02:00\" >23 juillet 2018<\/time><span class=\"text-sep\">\/<\/span><span class=\"blog-author minor-meta\">par <span class=\"entry-author-link\"  itemprop=\"author\" ><span class=\"author\"><span class=\"fn\"><a href=\"https:\/\/www.transports-coue.fr\/fr\/author\/wp_admin\/\" title=\"Articles par wp_admin\" rel=\"author\">wp_admin<\/a><\/span><\/span><\/span><\/span><\/span><footer class=\"entry-footer\"><\/footer><div class='post_delimiter'><\/div><\/div><div class=\"post_author_timeline\"><\/div><span class='hidden'>\n\t\t\t\t<span class='av-structured-data'  itemprop=\"image\" itemscope=\"itemscope\" itemtype=\"https:\/\/schema.org\/ImageObject\" >\n\t\t\t\t\t\t<span itemprop='url'>https:\/\/www.transports-coue.fr\/wp-content\/uploads\/2019\/03\/Vieilles-Charrues-e1551971469939.png<\/span>\n\t\t\t\t\t\t<span itemprop='height'>245<\/span>\n\t\t\t\t\t\t<span itemprop='width'>245<\/span>\n\t\t\t\t<\/span>\n\t\t\t\t<span class='av-structured-data'  itemprop=\"publisher\" itemtype=\"https:\/\/schema.org\/Organization\" itemscope=\"itemscope\" >\n\t\t\t\t\t\t<span itemprop='name'>wp_admin<\/span>\n\t\t\t\t\t\t<span itemprop='logo' itemscope itemtype='https:\/\/schema.org\/ImageObject'>\n\t\t\t\t\t\t\t<span itemprop='url'>https:\/\/www.transports-coue.fr\/wp-content\/uploads\/2018\/10\/Logo-transports-coue-300x119.png<\/span>\n\t\t\t\t\t\t<\/span>\n\t\t\t\t<\/span><span class='av-structured-data'  itemprop=\"author\" itemscope=\"itemscope\" itemtype=\"https:\/\/schema.org\/Person\" ><span itemprop='name'>wp_admin<\/span><\/span><span class='av-structured-data'  itemprop=\"datePublished\" datetime=\"2018-07-23T14:12:09+02:00\" >2018-07-23 14:12:09<\/span><span class='av-structured-data'  itemprop=\"dateModified\" itemtype=\"https:\/\/schema.org\/dateModified\" >2021-05-24 12:37:49<\/span><span class='av-structured-data'  itemprop=\"mainEntityOfPage\" itemtype=\"https:\/\/schema.org\/mainEntityOfPage\" ><span itemprop='name'>Les Transports Cou\u00e9 participent aux festivals de l&rsquo;\u00e9t\u00e9<\/span><\/span><\/span><\/article><article class=\"post-entry post-entry-type-standard post-entry-271 post-loop-33 post-parity-odd single-big with-slider post-271 post type-post status-publish format-standard has-post-thumbnail hentry category-actualites category-partenariats\"  itemscope=\"itemscope\" itemtype=\"https:\/\/schema.org\/BlogPosting\" ><div class=\"blog-meta\"><\/div><div class='entry-content-wrapper clearfix standard-content'><header class=\"entry-content-header\" aria-label=\"Articles : Les Transports Cou\u00e9 stockent les goodies destin\u00e9s au Tour de France\"><div class=\"av-heading-wrapper\"><h2 class='post-title entry-title '  itemprop=\"headline\" ><a href=\"https:\/\/www.transports-coue.fr\/fr\/les-transports-coue-stockent-les-goodies-destines-au-tour-de-france\/\" rel=\"bookmark\" title=\"Lien permanent : Les Transports Cou\u00e9 stockent les goodies destin\u00e9s au Tour de France\">Les Transports Cou\u00e9 stockent les goodies destin\u00e9s au Tour de France<span class=\"post-format-icon minor-meta\"><\/span><\/a><\/h2><span class=\"blog-categories minor-meta\"><a href=\"https:\/\/www.transports-coue.fr\/fr\/category\/actualites\/\" rel=\"tag\">Actualit\u00e9s<\/a>, <a href=\"https:\/\/www.transports-coue.fr\/fr\/category\/actualites\/partenariats\/\" rel=\"tag\">Partenariats<\/a><\/span><\/div><\/header><span class=\"av-vertical-delimiter\"><\/span><div class=\"big-preview single-big\"  itemprop=\"image\" itemscope=\"itemscope\" itemtype=\"https:\/\/schema.org\/ImageObject\" ><a href=\"https:\/\/www.transports-coue.fr\/fr\/les-transports-coue-stockent-les-goodies-destines-au-tour-de-france\/\"  title=\"logo-le-tour-de-france-845x321\" ><img decoding=\"async\" fetchpriority=\"high\" width=\"845\" height=\"321\" src=\"https:\/\/www.transports-coue.fr\/wp-content\/uploads\/2019\/03\/logo-le-tour-de-france-845x321-1.jpg\" class=\"wp-image-2008 avia-img-lazy-loading-not-2008 attachment-entry_without_sidebar size-entry_without_sidebar wp-post-image\" alt=\"Logo Le Tour de France\" srcset=\"https:\/\/www.transports-coue.fr\/wp-content\/uploads\/2019\/03\/logo-le-tour-de-france-845x321-1.jpg 845w, https:\/\/www.transports-coue.fr\/wp-content\/uploads\/2019\/03\/logo-le-tour-de-france-845x321-1-80x30.jpg 80w, https:\/\/www.transports-coue.fr\/wp-content\/uploads\/2019\/03\/logo-le-tour-de-france-845x321-1-300x114.jpg 300w, https:\/\/www.transports-coue.fr\/wp-content\/uploads\/2019\/03\/logo-le-tour-de-france-845x321-1-768x292.jpg 768w, https:\/\/www.transports-coue.fr\/wp-content\/uploads\/2019\/03\/logo-le-tour-de-france-845x321-1-705x268.jpg 705w, https:\/\/www.transports-coue.fr\/wp-content\/uploads\/2019\/03\/logo-le-tour-de-france-845x321-1-450x171.jpg 450w\" sizes=\"(max-width: 845px) 100vw, 845px\" \/><\/a><\/div><div class=\"entry-content\"  itemprop=\"text\" ><p><strong>Les Transports Cou\u00e9 participent au <a href=\"https:\/\/www.letour.fr\/fr\/parcours-general\" target=\"_blank\" rel=\"noopener\">Tour de France<\/a>\u00a0en stockant 48 palettes de goodies destin\u00e9s aux prochaines \u00e9tapes du Tour de France.\u00a0<\/strong><\/p>\n<p>Des palettes d&rsquo;\u00e9chantillons de bonbons, lessives, colles, sacs&#8230; \u00e0 destination de vous public toujours aussi nombreux \u00e0 applaudir.<br \/>\nLes conducteurs qui sont venus charg\u00e9s sont des conducteurs priv\u00e9s qui donnent de leur temps personnel pendant tout l\u2019\u00e9v\u00e9nement Samedi, dimanche \u00e0 n&rsquo;importe quelle heure, ils sont garants de la distribution des cadeaux des sponsors sur chaque \u00e9tape dans un cadre beaucoup plus souple qu&rsquo;au quotidien !<br \/>\nEt nous, nous faisions partie des nombreuses bases arri\u00e8res n\u00e9cessaires \u00e0 cette logistique super rod\u00e9e, vieille de plus de 100 ans ! A l&rsquo;ann\u00e9e prochaine !<\/p>\n<p><img loading=\"lazy\" decoding=\"async\" class=\"size-full wp-image-272 aligncenter\" src=\"http:\/\/www2.transports-coue.fr\/fr\/wp-content\/uploads\/2018\/10\/Unknown-9.png\" alt=\"\" width=\"338\" height=\"450\" srcset=\"https:\/\/www.transports-coue.fr\/wp-content\/uploads\/2018\/10\/Unknown-9.png 338w, https:\/\/www.transports-coue.fr\/wp-content\/uploads\/2018\/10\/Unknown-9-225x300.png 225w\" sizes=\"auto, (max-width: 338px) 100vw, 338px\" \/><\/p>\n<\/div><span class=\"post-meta-infos\"><time class=\"date-container minor-meta updated\"  itemprop=\"datePublished\" datetime=\"2018-07-07T14:10:59+02:00\" >7 juillet 2018<\/time><span class=\"text-sep\">\/<\/span><span class=\"blog-author minor-meta\">par <span class=\"entry-author-link\"  itemprop=\"author\" ><span class=\"author\"><span class=\"fn\"><a href=\"https:\/\/www.transports-coue.fr\/fr\/author\/wp_admin\/\" title=\"Articles par wp_admin\" rel=\"author\">wp_admin<\/a><\/span><\/span><\/span><\/span><\/span><footer class=\"entry-footer\"><\/footer><div class='post_delimiter'><\/div><\/div><div class=\"post_author_timeline\"><\/div><span class='hidden'>\n\t\t\t\t<span class='av-structured-data'  itemprop=\"image\" itemscope=\"itemscope\" itemtype=\"https:\/\/schema.org\/ImageObject\" >\n\t\t\t\t\t\t<span itemprop='url'>https:\/\/www.transports-coue.fr\/wp-content\/uploads\/2019\/03\/logo-le-tour-de-france-845x321-1.jpg<\/span>\n\t\t\t\t\t\t<span itemprop='height'>321<\/span>\n\t\t\t\t\t\t<span itemprop='width'>845<\/span>\n\t\t\t\t<\/span>\n\t\t\t\t<span class='av-structured-data'  itemprop=\"publisher\" itemtype=\"https:\/\/schema.org\/Organization\" itemscope=\"itemscope\" >\n\t\t\t\t\t\t<span itemprop='name'>wp_admin<\/span>\n\t\t\t\t\t\t<span itemprop='logo' itemscope itemtype='https:\/\/schema.org\/ImageObject'>\n\t\t\t\t\t\t\t<span itemprop='url'>https:\/\/www.transports-coue.fr\/wp-content\/uploads\/2018\/10\/Logo-transports-coue-300x119.png<\/span>\n\t\t\t\t\t\t<\/span>\n\t\t\t\t<\/span><span class='av-structured-data'  itemprop=\"author\" itemscope=\"itemscope\" itemtype=\"https:\/\/schema.org\/Person\" ><span itemprop='name'>wp_admin<\/span><\/span><span class='av-structured-data'  itemprop=\"datePublished\" datetime=\"2018-07-07T14:10:59+02:00\" >2018-07-07 14:10:59<\/span><span class='av-structured-data'  itemprop=\"dateModified\" itemtype=\"https:\/\/schema.org\/dateModified\" >2021-05-24 12:39:03<\/span><span class='av-structured-data'  itemprop=\"mainEntityOfPage\" itemtype=\"https:\/\/schema.org\/mainEntityOfPage\" ><span itemprop='name'>Les Transports Cou\u00e9 stockent les goodies destin\u00e9s au Tour de France<\/span><\/span><\/span><\/article><article class=\"post-entry post-entry-type-standard post-entry-265 post-loop-34 post-parity-even single-big with-slider post-265 post type-post status-publish format-standard has-post-thumbnail hentry category-actualites category-partenariats\"  itemscope=\"itemscope\" itemtype=\"https:\/\/schema.org\/BlogPosting\" ><div class=\"blog-meta\"><\/div><div class='entry-content-wrapper clearfix standard-content'><header class=\"entry-content-header\" aria-label=\"Articles : Les Transports Cou\u00e9 partenaires des Boucles de la Mayenne du 31 mai au 03 juin 2018\"><div class=\"av-heading-wrapper\"><h2 class='post-title entry-title '  itemprop=\"headline\" ><a href=\"https:\/\/www.transports-coue.fr\/fr\/les-transports-coue-partenaires-des-boucles-de-la-mayenne-du-31-mai-au-03-juin-2018\/\" rel=\"bookmark\" title=\"Lien permanent : Les Transports Cou\u00e9 partenaires des Boucles de la Mayenne du 31 mai au 03 juin 2018\">Les Transports Cou\u00e9 partenaires des Boucles de la Mayenne du 31 mai au 03 juin 2018<span class=\"post-format-icon minor-meta\"><\/span><\/a><\/h2><span class=\"blog-categories minor-meta\"><a href=\"https:\/\/www.transports-coue.fr\/fr\/category\/actualites\/\" rel=\"tag\">Actualit\u00e9s<\/a>, <a href=\"https:\/\/www.transports-coue.fr\/fr\/category\/actualites\/partenariats\/\" rel=\"tag\">Partenariats<\/a><\/span><\/div><\/header><span class=\"av-vertical-delimiter\"><\/span><div class=\"big-preview single-big\"  itemprop=\"image\" itemscope=\"itemscope\" itemtype=\"https:\/\/schema.org\/ImageObject\" ><a href=\"https:\/\/www.transports-coue.fr\/fr\/les-transports-coue-partenaires-des-boucles-de-la-mayenne-du-31-mai-au-03-juin-2018\/\"  title=\"Logo Les Boucles de la Mayenne\" ><img decoding=\"async\" fetchpriority=\"high\" width=\"245\" height=\"247\" src=\"https:\/\/www.transports-coue.fr\/wp-content\/uploads\/2018\/10\/Unknown-2-4-e1551972783802.png\" class=\"wp-image-267 avia-img-lazy-loading-not-267 attachment-entry_without_sidebar size-entry_without_sidebar wp-post-image\" alt=\"Logo Les Boucles de la Mayenne\" \/><\/a><\/div><div class=\"entry-content\"  itemprop=\"text\" ><p>Nous avons particip\u00e9 \u00e0 la course cycliste les \u00ab\u00a0<a href=\"http:\/\/www.bouclesdelamayenne.fr\/\" target=\"_blank\" rel=\"noopener noreferrer\">Boucles de la Mayenne<\/a>\u00ab\u00a0, \u00e9v\u00e9nement d&rsquo;envergure nationale retransmis sur l&rsquo;Equipe 21.<\/p>\n<p><a href=\"https:\/\/www.lequipe.fr\/Cyclisme-sur-route\/Actualites\/Nacer-bouhanni-se-sent-presque-au-top\/907307\" target=\"_blank\" rel=\"noopener\">https:\/\/www.lequipe.fr\/Cyclisme-sur-route\/Actualites\/Nacer-bouhanni-se-sent-presque-au-top\/907307<\/a><\/p>\n<p><img loading=\"lazy\" decoding=\"async\" class=\"alignnone size-full wp-image-266\" src=\"http:\/\/www2.transports-coue.fr\/fr\/wp-content\/uploads\/2018\/10\/Unknown-1-5.png\" alt=\"\" width=\"450\" height=\"337\" srcset=\"https:\/\/www.transports-coue.fr\/wp-content\/uploads\/2018\/10\/Unknown-1-5.png 450w, https:\/\/www.transports-coue.fr\/wp-content\/uploads\/2018\/10\/Unknown-1-5-300x225.png 300w\" sizes=\"auto, (max-width: 450px) 100vw, 450px\" \/> <img decoding=\"async\" class=\"alignnone size-full wp-image-267\" src=\"http:\/\/www2.transports-coue.fr\/fr\/wp-content\/uploads\/2018\/10\/Unknown-2-4.png\" alt=\"\" width=\"334\" height=\"337\" \/> <img loading=\"lazy\" decoding=\"async\" class=\"alignnone size-full wp-image-268\" src=\"http:\/\/www2.transports-coue.fr\/fr\/wp-content\/uploads\/2018\/10\/Unknown-3-4.png\" alt=\"\" width=\"450\" height=\"84\" srcset=\"https:\/\/www.transports-coue.fr\/wp-content\/uploads\/2018\/10\/Unknown-3-4.png 450w, https:\/\/www.transports-coue.fr\/wp-content\/uploads\/2018\/10\/Unknown-3-4-300x56.png 300w\" sizes=\"auto, (max-width: 450px) 100vw, 450px\" \/><\/p>\n<\/div><span class=\"post-meta-infos\"><time class=\"date-container minor-meta updated\"  itemprop=\"datePublished\" datetime=\"2018-06-11T13:51:11+02:00\" >11 juin 2018<\/time><span class=\"text-sep\">\/<\/span><span class=\"blog-author minor-meta\">par <span class=\"entry-author-link\"  itemprop=\"author\" ><span class=\"author\"><span class=\"fn\"><a href=\"https:\/\/www.transports-coue.fr\/fr\/author\/wp_admin\/\" title=\"Articles par wp_admin\" rel=\"author\">wp_admin<\/a><\/span><\/span><\/span><\/span><\/span><footer class=\"entry-footer\"><\/footer><div class='post_delimiter'><\/div><\/div><div class=\"post_author_timeline\"><\/div><span class='hidden'>\n\t\t\t\t<span class='av-structured-data'  itemprop=\"image\" itemscope=\"itemscope\" itemtype=\"https:\/\/schema.org\/ImageObject\" >\n\t\t\t\t\t\t<span itemprop='url'>https:\/\/www.transports-coue.fr\/wp-content\/uploads\/2018\/10\/Unknown-2-4-e1551972783802.png<\/span>\n\t\t\t\t\t\t<span itemprop='height'>247<\/span>\n\t\t\t\t\t\t<span itemprop='width'>245<\/span>\n\t\t\t\t<\/span>\n\t\t\t\t<span class='av-structured-data'  itemprop=\"publisher\" itemtype=\"https:\/\/schema.org\/Organization\" itemscope=\"itemscope\" >\n\t\t\t\t\t\t<span itemprop='name'>wp_admin<\/span>\n\t\t\t\t\t\t<span itemprop='logo' itemscope itemtype='https:\/\/schema.org\/ImageObject'>\n\t\t\t\t\t\t\t<span itemprop='url'>https:\/\/www.transports-coue.fr\/wp-content\/uploads\/2018\/10\/Logo-transports-coue-300x119.png<\/span>\n\t\t\t\t\t\t<\/span>\n\t\t\t\t<\/span><span class='av-structured-data'  itemprop=\"author\" itemscope=\"itemscope\" itemtype=\"https:\/\/schema.org\/Person\" ><span itemprop='name'>wp_admin<\/span><\/span><span class='av-structured-data'  itemprop=\"datePublished\" datetime=\"2018-06-11T13:51:11+02:00\" >2018-06-11 13:51:11<\/span><span class='av-structured-data'  itemprop=\"dateModified\" itemtype=\"https:\/\/schema.org\/dateModified\" >2021-05-24 12:39:36<\/span><span class='av-structured-data'  itemprop=\"mainEntityOfPage\" itemtype=\"https:\/\/schema.org\/mainEntityOfPage\" ><span itemprop='name'>Les Transports Cou\u00e9 partenaires des Boucles de la Mayenne du 31 mai au 03 juin 2018<\/span><\/span><\/span><\/article><article class=\"post-entry post-entry-type-standard post-entry-261 post-loop-35 post-parity-odd single-big with-slider post-261 post type-post status-publish format-standard has-post-thumbnail hentry category-actualites category-partenariats\"  itemscope=\"itemscope\" itemtype=\"https:\/\/schema.org\/BlogPosting\" ><div class=\"blog-meta\"><\/div><div class='entry-content-wrapper clearfix standard-content'><header class=\"entry-content-header\" aria-label=\"Articles : Du 25 au 27 mai 2018, les Transports Cou\u00e9 seront pr\u00e9sents au festival Les 3 El\u00e9phants \u00e0 Laval\"><div class=\"av-heading-wrapper\"><h2 class='post-title entry-title '  itemprop=\"headline\" ><a href=\"https:\/\/www.transports-coue.fr\/fr\/du-25-au-27-mai-2018-les-transports-coue-seront-presents-au-festival-les-3-elephants-a-laval\/\" rel=\"bookmark\" title=\"Lien permanent : Du 25 au 27 mai 2018, les Transports Cou\u00e9 seront pr\u00e9sents au festival Les 3 El\u00e9phants \u00e0 Laval\">Du 25 au 27 mai 2018, les Transports Cou\u00e9 seront pr\u00e9sents au festival Les 3 El\u00e9phants \u00e0 Laval<span class=\"post-format-icon minor-meta\"><\/span><\/a><\/h2><span class=\"blog-categories minor-meta\"><a href=\"https:\/\/www.transports-coue.fr\/fr\/category\/actualites\/\" rel=\"tag\">Actualit\u00e9s<\/a>, <a href=\"https:\/\/www.transports-coue.fr\/fr\/category\/actualites\/partenariats\/\" rel=\"tag\">Partenariats<\/a><\/span><\/div><\/header><span class=\"av-vertical-delimiter\"><\/span><div class=\"big-preview single-big\"  itemprop=\"image\" itemscope=\"itemscope\" itemtype=\"https:\/\/schema.org\/ImageObject\" ><a href=\"https:\/\/www.transports-coue.fr\/fr\/du-25-au-27-mai-2018-les-transports-coue-seront-presents-au-festival-les-3-elephants-a-laval\/\"  title=\"Unknown\" ><img decoding=\"async\" fetchpriority=\"high\" width=\"302\" height=\"167\" src=\"https:\/\/www.transports-coue.fr\/wp-content\/uploads\/2018\/10\/Unknown-8.png\" class=\"wp-image-262 avia-img-lazy-loading-not-262 attachment-entry_without_sidebar size-entry_without_sidebar wp-post-image\" alt=\"\" srcset=\"https:\/\/www.transports-coue.fr\/wp-content\/uploads\/2018\/10\/Unknown-8.png 302w, https:\/\/www.transports-coue.fr\/wp-content\/uploads\/2018\/10\/Unknown-8-300x166.png 300w\" sizes=\"(max-width: 302px) 100vw, 302px\" \/><\/a><\/div><div class=\"entry-content\"  itemprop=\"text\" ><p>Les <a href=\"https:\/\/www.transports-coue.fr\/fr\/\" target=\"_blank\" rel=\"noopener\"><strong>Transports Cou\u00e9<\/strong><\/a> mettent \u00e0 disposition du festival <strong><a href=\"https:\/\/www.les3elephants.com\/\" target=\"_blank\" rel=\"noopener\">Les 3 Elephants<\/a>,<\/strong> \u00e0 Laval, une semi-remorque frigo : les boissons servies seront bien fra\u00eeches !<\/p>\n<p><img decoding=\"async\" class=\"size-full wp-image-262 aligncenter\" src=\"http:\/\/www2.transports-coue.fr\/fr\/wp-content\/uploads\/2018\/10\/Unknown-8.png\" alt=\"\" width=\"302\" height=\"167\" srcset=\"https:\/\/www.transports-coue.fr\/wp-content\/uploads\/2018\/10\/Unknown-8.png 302w, https:\/\/www.transports-coue.fr\/wp-content\/uploads\/2018\/10\/Unknown-8-300x166.png 300w\" sizes=\"(max-width: 302px) 100vw, 302px\" \/><\/p>\n<\/div><span class=\"post-meta-infos\"><time class=\"date-container minor-meta updated\"  itemprop=\"datePublished\" datetime=\"2018-05-25T13:43:58+02:00\" >25 mai 2018<\/time><span class=\"text-sep\">\/<\/span><span class=\"blog-author minor-meta\">par <span class=\"entry-author-link\"  itemprop=\"author\" ><span class=\"author\"><span class=\"fn\"><a href=\"https:\/\/www.transports-coue.fr\/fr\/author\/wp_admin\/\" title=\"Articles par wp_admin\" rel=\"author\">wp_admin<\/a><\/span><\/span><\/span><\/span><\/span><footer class=\"entry-footer\"><\/footer><div class='post_delimiter'><\/div><\/div><div class=\"post_author_timeline\"><\/div><span class='hidden'>\n\t\t\t\t<span class='av-structured-data'  itemprop=\"image\" itemscope=\"itemscope\" itemtype=\"https:\/\/schema.org\/ImageObject\" >\n\t\t\t\t\t\t<span itemprop='url'>https:\/\/www.transports-coue.fr\/wp-content\/uploads\/2018\/10\/Unknown-8.png<\/span>\n\t\t\t\t\t\t<span itemprop='height'>167<\/span>\n\t\t\t\t\t\t<span itemprop='width'>302<\/span>\n\t\t\t\t<\/span>\n\t\t\t\t<span class='av-structured-data'  itemprop=\"publisher\" itemtype=\"https:\/\/schema.org\/Organization\" itemscope=\"itemscope\" >\n\t\t\t\t\t\t<span itemprop='name'>wp_admin<\/span>\n\t\t\t\t\t\t<span itemprop='logo' itemscope itemtype='https:\/\/schema.org\/ImageObject'>\n\t\t\t\t\t\t\t<span itemprop='url'>https:\/\/www.transports-coue.fr\/wp-content\/uploads\/2018\/10\/Logo-transports-coue-300x119.png<\/span>\n\t\t\t\t\t\t<\/span>\n\t\t\t\t<\/span><span class='av-structured-data'  itemprop=\"author\" itemscope=\"itemscope\" itemtype=\"https:\/\/schema.org\/Person\" ><span itemprop='name'>wp_admin<\/span><\/span><span class='av-structured-data'  itemprop=\"datePublished\" datetime=\"2018-05-25T13:43:58+02:00\" >2018-05-25 13:43:58<\/span><span class='av-structured-data'  itemprop=\"dateModified\" itemtype=\"https:\/\/schema.org\/dateModified\" >2021-05-24 12:39:56<\/span><span class='av-structured-data'  itemprop=\"mainEntityOfPage\" itemtype=\"https:\/\/schema.org\/mainEntityOfPage\" ><span itemprop='name'>Du 25 au 27 mai 2018, les Transports Cou\u00e9 seront pr\u00e9sents au festival Les 3 El\u00e9phants \u00e0 Laval<\/span><\/span><\/span><\/article><article class=\"post-entry post-entry-type-standard post-entry-256 post-loop-36 post-parity-even single-big with-slider post-256 post type-post status-publish format-standard has-post-thumbnail hentry category-actualites category-partenariats\"  itemscope=\"itemscope\" itemtype=\"https:\/\/schema.org\/BlogPosting\" ><div class=\"blog-meta\"><\/div><div class='entry-content-wrapper clearfix standard-content'><header class=\"entry-content-header\" aria-label=\"Articles : Les Transports Cou\u00e9 \u00e0 la remise des prix du Championnat de France des \u00e9l\u00e8ves conducteurs routiers\"><div class=\"av-heading-wrapper\"><h2 class='post-title entry-title '  itemprop=\"headline\" ><a href=\"https:\/\/www.transports-coue.fr\/fr\/les-transports-coue-a-la-remise-des-prix-du-championnat-de-france-des-eleves-conducteurs-routiers\/\" rel=\"bookmark\" title=\"Lien permanent : Les Transports Cou\u00e9 \u00e0 la remise des prix du Championnat de France des \u00e9l\u00e8ves conducteurs routiers\">Les Transports Cou\u00e9 \u00e0 la remise des prix du Championnat de France des \u00e9l\u00e8ves conducteurs routiers<span class=\"post-format-icon minor-meta\"><\/span><\/a><\/h2><span class=\"blog-categories minor-meta\"><a href=\"https:\/\/www.transports-coue.fr\/fr\/category\/actualites\/\" rel=\"tag\">Actualit\u00e9s<\/a>, <a href=\"https:\/\/www.transports-coue.fr\/fr\/category\/actualites\/partenariats\/\" rel=\"tag\">Partenariats<\/a><\/span><\/div><\/header><span class=\"av-vertical-delimiter\"><\/span><div class=\"big-preview single-big\"  itemprop=\"image\" itemscope=\"itemscope\" itemtype=\"https:\/\/schema.org\/ImageObject\" ><a href=\"https:\/\/www.transports-coue.fr\/fr\/les-transports-coue-a-la-remise-des-prix-du-championnat-de-france-des-eleves-conducteurs-routiers\/\"  title=\"Unknown-6\" ><img decoding=\"async\" fetchpriority=\"high\" width=\"250\" height=\"188\" src=\"https:\/\/www.transports-coue.fr\/wp-content\/uploads\/2018\/10\/Unknown-6-1-e1551974729342.png\" class=\"wp-image-257 avia-img-lazy-loading-not-257 attachment-entry_without_sidebar size-entry_without_sidebar wp-post-image\" alt=\"\" \/><\/a><\/div><div class=\"entry-content\"  itemprop=\"text\" ><p>Les <a href=\"https:\/\/www.transports-coue.fr\/fr\/\" target=\"_blank\" rel=\"noopener\"><strong>Transports Cou\u00e9<\/strong><\/a> \u00e9taient pr\u00e9sents \u00e0 la remise des prix du <a href=\"https:\/\/www.franceroutes.fr\/evenements\/championnat-de-france-des-eleves-conducteurs-routiers\/\" target=\"_blank\" rel=\"noopener\"><strong>Championnat de France des El\u00e8ves Conducteurs Routiers<\/strong><\/a> qui s&rsquo;est tenue au Lyc\u00e9e d&rsquo;Enseignement Professionnel L\u00e9onard-de-Vinci \u00e0 Mayenne les 18, 19 et 20 mai 2018. Nous f\u00e9licitons les gagnants !<\/p>\n<p><img decoding=\"async\" class=\"alignnone wp-image-257\" src=\"http:\/\/www2.transports-coue.fr\/fr\/wp-content\/uploads\/2018\/10\/Unknown-6-1.png\" alt=\"\" width=\"250\" height=\"188\" \/> <img loading=\"lazy\" decoding=\"async\" class=\"wp-image-258 alignnone\" src=\"http:\/\/www2.transports-coue.fr\/fr\/wp-content\/uploads\/2018\/10\/Unknown-5-2.png\" alt=\"\" width=\"250\" height=\"188\" srcset=\"https:\/\/www.transports-coue.fr\/wp-content\/uploads\/2018\/10\/Unknown-5-2.png 450w, https:\/\/www.transports-coue.fr\/wp-content\/uploads\/2018\/10\/Unknown-5-2-300x225.png 300w\" sizes=\"auto, (max-width: 250px) 100vw, 250px\" \/><\/p>\n<\/div><span class=\"post-meta-infos\"><time class=\"date-container minor-meta updated\"  itemprop=\"datePublished\" datetime=\"2018-05-24T11:29:23+02:00\" >24 mai 2018<\/time><span class=\"text-sep\">\/<\/span><span class=\"blog-author minor-meta\">par <span class=\"entry-author-link\"  itemprop=\"author\" ><span class=\"author\"><span class=\"fn\"><a href=\"https:\/\/www.transports-coue.fr\/fr\/author\/wp_admin\/\" title=\"Articles par wp_admin\" rel=\"author\">wp_admin<\/a><\/span><\/span><\/span><\/span><\/span><footer class=\"entry-footer\"><\/footer><div class='post_delimiter'><\/div><\/div><div class=\"post_author_timeline\"><\/div><span class='hidden'>\n\t\t\t\t<span class='av-structured-data'  itemprop=\"image\" itemscope=\"itemscope\" itemtype=\"https:\/\/schema.org\/ImageObject\" >\n\t\t\t\t\t\t<span itemprop='url'>https:\/\/www.transports-coue.fr\/wp-content\/uploads\/2018\/10\/Unknown-6-1-e1551974729342.png<\/span>\n\t\t\t\t\t\t<span itemprop='height'>188<\/span>\n\t\t\t\t\t\t<span itemprop='width'>250<\/span>\n\t\t\t\t<\/span>\n\t\t\t\t<span class='av-structured-data'  itemprop=\"publisher\" itemtype=\"https:\/\/schema.org\/Organization\" itemscope=\"itemscope\" >\n\t\t\t\t\t\t<span itemprop='name'>wp_admin<\/span>\n\t\t\t\t\t\t<span itemprop='logo' itemscope itemtype='https:\/\/schema.org\/ImageObject'>\n\t\t\t\t\t\t\t<span itemprop='url'>https:\/\/www.transports-coue.fr\/wp-content\/uploads\/2018\/10\/Logo-transports-coue-300x119.png<\/span>\n\t\t\t\t\t\t<\/span>\n\t\t\t\t<\/span><span class='av-structured-data'  itemprop=\"author\" itemscope=\"itemscope\" itemtype=\"https:\/\/schema.org\/Person\" ><span itemprop='name'>wp_admin<\/span><\/span><span class='av-structured-data'  itemprop=\"datePublished\" datetime=\"2018-05-24T11:29:23+02:00\" >2018-05-24 11:29:23<\/span><span class='av-structured-data'  itemprop=\"dateModified\" itemtype=\"https:\/\/schema.org\/dateModified\" >2021-05-24 12:40:17<\/span><span class='av-structured-data'  itemprop=\"mainEntityOfPage\" itemtype=\"https:\/\/schema.org\/mainEntityOfPage\" ><span itemprop='name'>Les Transports Cou\u00e9 \u00e0 la remise des prix du Championnat de France des \u00e9l\u00e8ves conducteurs routiers<\/span><\/span><\/span><\/article><article class=\"post-entry post-entry-type-standard post-entry-252 post-loop-37 post-parity-odd single-big with-slider post-252 post type-post status-publish format-standard has-post-thumbnail hentry category-actualites category-partenariats\"  itemscope=\"itemscope\" itemtype=\"https:\/\/schema.org\/BlogPosting\" ><div class=\"blog-meta\"><\/div><div class='entry-content-wrapper clearfix standard-content'><header class=\"entry-content-header\" aria-label=\"Articles : Transports Cou\u00e9, Notre parc photographi\u00e9 par notre conducteur Aur\u00e9lien PERRAULT\"><div class=\"av-heading-wrapper\"><h2 class='post-title entry-title '  itemprop=\"headline\" ><a href=\"https:\/\/www.transports-coue.fr\/fr\/transports-coue-notre-parc-photographie-par-notre-conducteur-aurelien-perrault\/\" rel=\"bookmark\" title=\"Lien permanent : Transports Cou\u00e9, Notre parc photographi\u00e9 par notre conducteur Aur\u00e9lien PERRAULT\">Transports Cou\u00e9, Notre parc photographi\u00e9 par notre conducteur Aur\u00e9lien PERRAULT<span class=\"post-format-icon minor-meta\"><\/span><\/a><\/h2><span class=\"blog-categories minor-meta\"><a href=\"https:\/\/www.transports-coue.fr\/fr\/category\/actualites\/\" rel=\"tag\">Actualit\u00e9s<\/a>, <a href=\"https:\/\/www.transports-coue.fr\/fr\/category\/actualites\/partenariats\/\" rel=\"tag\">Partenariats<\/a><\/span><\/div><\/header><span class=\"av-vertical-delimiter\"><\/span><div class=\"big-preview single-big\"  itemprop=\"image\" itemscope=\"itemscope\" itemtype=\"https:\/\/schema.org\/ImageObject\" ><a href=\"https:\/\/www.transports-coue.fr\/fr\/transports-coue-notre-parc-photographie-par-notre-conducteur-aurelien-perrault\/\"  title=\"Photo-dAurelien-PERRAULT-parc-transports-coue- 02-05-2018\" ><img decoding=\"async\" fetchpriority=\"high\" width=\"1210\" height=\"423\" src=\"https:\/\/www.transports-coue.fr\/wp-content\/uploads\/2019\/03\/Photo-dAurelien-PERRAULT-parc-transports-coue-02-05-2018-1-1210x423.jpg\" class=\"wp-image-1101 avia-img-lazy-loading-not-1101 attachment-entry_without_sidebar size-entry_without_sidebar wp-post-image\" alt=\"Photo d&#039;Aur\u00e9lien PERRAULT Parc Transports Cou\u00e9\" \/><small class='avia-copyright'>R\u00e9alis\u00e9e par Aurelien PERRAULT<\/small><\/a><\/div><div class=\"entry-content\"  itemprop=\"text\" ><p>Merci \u00e0 <strong>Aur\u00e9lien PERRAULT<\/strong>, notre artiste photographe et conducteur, pour ce magnifique clich\u00e9 de notre parc <a href=\"https:\/\/www.transports-coue.fr\/fr\/\" target=\"_blank\" rel=\"noopener\">Transports Cou\u00e9<\/a> !<\/p>\n<p><img loading=\"lazy\" decoding=\"async\" class=\"size-full wp-image-1097 aligncenter\" src=\"http:\/\/www2.transports-coue.fr\/fr\/wp-content\/uploads\/2019\/03\/Photo-dAurelien-PERRAULT-parc-transports-coue-02-05-2018-e1551975799649.jpg\" alt=\"Photo d'Aur\u00e9lien PERRAULT Parc Transports Cou\u00e9\" width=\"500\" height=\"244\" \/><\/p>\n<\/div><span class=\"post-meta-infos\"><time class=\"date-container minor-meta updated\"  itemprop=\"datePublished\" datetime=\"2018-05-04T11:28:29+02:00\" >4 mai 2018<\/time><span class=\"text-sep\">\/<\/span><span class=\"blog-author minor-meta\">par <span class=\"entry-author-link\"  itemprop=\"author\" ><span class=\"author\"><span class=\"fn\"><a href=\"https:\/\/www.transports-coue.fr\/fr\/author\/wp_admin\/\" title=\"Articles par wp_admin\" rel=\"author\">wp_admin<\/a><\/span><\/span><\/span><\/span><\/span><footer class=\"entry-footer\"><\/footer><div class='post_delimiter'><\/div><\/div><div class=\"post_author_timeline\"><\/div><span class='hidden'>\n\t\t\t\t<span class='av-structured-data'  itemprop=\"image\" itemscope=\"itemscope\" itemtype=\"https:\/\/schema.org\/ImageObject\" >\n\t\t\t\t\t\t<span itemprop='url'>https:\/\/www.transports-coue.fr\/wp-content\/uploads\/2019\/03\/Photo-dAurelien-PERRAULT-parc-transports-coue-02-05-2018-1.jpg<\/span>\n\t\t\t\t\t\t<span itemprop='height'>1960<\/span>\n\t\t\t\t\t\t<span itemprop='width'>4032<\/span>\n\t\t\t\t<\/span>\n\t\t\t\t<span class='av-structured-data'  itemprop=\"publisher\" itemtype=\"https:\/\/schema.org\/Organization\" itemscope=\"itemscope\" >\n\t\t\t\t\t\t<span itemprop='name'>wp_admin<\/span>\n\t\t\t\t\t\t<span itemprop='logo' itemscope itemtype='https:\/\/schema.org\/ImageObject'>\n\t\t\t\t\t\t\t<span itemprop='url'>https:\/\/www.transports-coue.fr\/wp-content\/uploads\/2018\/10\/Logo-transports-coue-300x119.png<\/span>\n\t\t\t\t\t\t<\/span>\n\t\t\t\t<\/span><span class='av-structured-data'  itemprop=\"author\" itemscope=\"itemscope\" itemtype=\"https:\/\/schema.org\/Person\" ><span itemprop='name'>wp_admin<\/span><\/span><span class='av-structured-data'  itemprop=\"datePublished\" datetime=\"2018-05-04T11:28:29+02:00\" >2018-05-04 11:28:29<\/span><span class='av-structured-data'  itemprop=\"dateModified\" itemtype=\"https:\/\/schema.org\/dateModified\" >2021-05-24 12:40:34<\/span><span class='av-structured-data'  itemprop=\"mainEntityOfPage\" itemtype=\"https:\/\/schema.org\/mainEntityOfPage\" ><span itemprop='name'>Transports Cou\u00e9, Notre parc photographi\u00e9 par notre conducteur Aur\u00e9lien PERRAULT<\/span><\/span><\/span><\/article><article class=\"post-entry post-entry-type-standard post-entry-175 post-loop-38 post-parity-even post-entry-last single-big with-slider post-175 post type-post status-publish format-standard has-post-thumbnail hentry category-actualites category-partenariats\"  itemscope=\"itemscope\" itemtype=\"https:\/\/schema.org\/BlogPosting\" ><div class=\"blog-meta\"><\/div><div class='entry-content-wrapper clearfix standard-content'><header class=\"entry-content-header\" aria-label=\"Articles : Transports Cou\u00e9 au festival des vieilles charrues et aux Ofnijec 2017\"><div class=\"av-heading-wrapper\"><h2 class='post-title entry-title '  itemprop=\"headline\" ><a href=\"https:\/\/www.transports-coue.fr\/fr\/transports-coue-au-festival-des-vieilles-charrues-et-aux-ofnijec-2017\/\" rel=\"bookmark\" title=\"Lien permanent : Transports Cou\u00e9 au festival des vieilles charrues et aux Ofnijec 2017\">Transports Cou\u00e9 au festival des vieilles charrues et aux Ofnijec 2017<span class=\"post-format-icon minor-meta\"><\/span><\/a><\/h2><span class=\"blog-categories minor-meta\"><a href=\"https:\/\/www.transports-coue.fr\/fr\/category\/actualites\/\" rel=\"tag\">Actualit\u00e9s<\/a>, <a href=\"https:\/\/www.transports-coue.fr\/fr\/category\/actualites\/partenariats\/\" rel=\"tag\">Partenariats<\/a><\/span><\/div><\/header><span class=\"av-vertical-delimiter\"><\/span><div class=\"big-preview single-big\"  itemprop=\"image\" itemscope=\"itemscope\" itemtype=\"https:\/\/schema.org\/ImageObject\" ><a href=\"https:\/\/www.transports-coue.fr\/fr\/transports-coue-au-festival-des-vieilles-charrues-et-aux-ofnijec-2017\/\"  title=\"transports-coue-au-vieilles-charrues-et-ofnijec-2017-845x321\" ><img decoding=\"async\" fetchpriority=\"high\" width=\"845\" height=\"321\" src=\"https:\/\/www.transports-coue.fr\/wp-content\/uploads\/2019\/03\/transports-coue-au-vieilles-charrues-et-ofnijec-2017-845x321.jpg\" class=\"wp-image-1993 avia-img-lazy-loading-not-1993 attachment-entry_without_sidebar size-entry_without_sidebar wp-post-image\" alt=\"Transports Cou\u00e9 participent aux Vieilles Charrues et aux Ofnijec 2017\" srcset=\"https:\/\/www.transports-coue.fr\/wp-content\/uploads\/2019\/03\/transports-coue-au-vieilles-charrues-et-ofnijec-2017-845x321.jpg 845w, https:\/\/www.transports-coue.fr\/wp-content\/uploads\/2019\/03\/transports-coue-au-vieilles-charrues-et-ofnijec-2017-845x321-80x30.jpg 80w, https:\/\/www.transports-coue.fr\/wp-content\/uploads\/2019\/03\/transports-coue-au-vieilles-charrues-et-ofnijec-2017-845x321-300x114.jpg 300w, https:\/\/www.transports-coue.fr\/wp-content\/uploads\/2019\/03\/transports-coue-au-vieilles-charrues-et-ofnijec-2017-845x321-768x292.jpg 768w, https:\/\/www.transports-coue.fr\/wp-content\/uploads\/2019\/03\/transports-coue-au-vieilles-charrues-et-ofnijec-2017-845x321-705x268.jpg 705w, https:\/\/www.transports-coue.fr\/wp-content\/uploads\/2019\/03\/transports-coue-au-vieilles-charrues-et-ofnijec-2017-845x321-450x171.jpg 450w\" sizes=\"(max-width: 845px) 100vw, 845px\" \/><\/a><\/div><div class=\"entry-content\"  itemprop=\"text\" ><p><img loading=\"lazy\" decoding=\"async\" class=\"alignnone size-full wp-image-176\" src=\"http:\/\/www2.transports-coue.fr\/fr\/wp-content\/uploads\/2018\/10\/vc-1.JPG.png\" alt=\"\" width=\"1123\" height=\"794\" srcset=\"https:\/\/www.transports-coue.fr\/wp-content\/uploads\/2018\/10\/vc-1.JPG.png 1123w, https:\/\/www.transports-coue.fr\/wp-content\/uploads\/2018\/10\/vc-1.JPG-300x212.png 300w, https:\/\/www.transports-coue.fr\/wp-content\/uploads\/2018\/10\/vc-1.JPG-768x543.png 768w, https:\/\/www.transports-coue.fr\/wp-content\/uploads\/2018\/10\/vc-1.JPG-1030x728.png 1030w, https:\/\/www.transports-coue.fr\/wp-content\/uploads\/2018\/10\/vc-1.JPG-260x185.png 260w, https:\/\/www.transports-coue.fr\/wp-content\/uploads\/2018\/10\/vc-1.JPG-705x498.png 705w, https:\/\/www.transports-coue.fr\/wp-content\/uploads\/2018\/10\/vc-1.JPG-450x318.png 450w\" sizes=\"auto, (max-width: 1123px) 100vw, 1123px\" \/> <img loading=\"lazy\" decoding=\"async\" class=\"alignnone size-full wp-image-177\" src=\"http:\/\/www2.transports-coue.fr\/fr\/wp-content\/uploads\/2018\/10\/vc2.JPG.png\" alt=\"\" width=\"1123\" height=\"794\" srcset=\"https:\/\/www.transports-coue.fr\/wp-content\/uploads\/2018\/10\/vc2.JPG.png 1123w, https:\/\/www.transports-coue.fr\/wp-content\/uploads\/2018\/10\/vc2.JPG-300x212.png 300w, https:\/\/www.transports-coue.fr\/wp-content\/uploads\/2018\/10\/vc2.JPG-768x543.png 768w, https:\/\/www.transports-coue.fr\/wp-content\/uploads\/2018\/10\/vc2.JPG-1030x728.png 1030w, https:\/\/www.transports-coue.fr\/wp-content\/uploads\/2018\/10\/vc2.JPG-260x185.png 260w, https:\/\/www.transports-coue.fr\/wp-content\/uploads\/2018\/10\/vc2.JPG-705x498.png 705w, https:\/\/www.transports-coue.fr\/wp-content\/uploads\/2018\/10\/vc2.JPG-450x318.png 450w\" sizes=\"auto, (max-width: 1123px) 100vw, 1123px\" \/> <img loading=\"lazy\" decoding=\"async\" class=\"alignnone size-full wp-image-178\" src=\"http:\/\/www2.transports-coue.fr\/fr\/wp-content\/uploads\/2018\/10\/vc2-1.JPG.png\" alt=\"\" width=\"1123\" height=\"794\" srcset=\"https:\/\/www.transports-coue.fr\/wp-content\/uploads\/2018\/10\/vc2-1.JPG.png 1123w, https:\/\/www.transports-coue.fr\/wp-content\/uploads\/2018\/10\/vc2-1.JPG-300x212.png 300w, https:\/\/www.transports-coue.fr\/wp-content\/uploads\/2018\/10\/vc2-1.JPG-768x543.png 768w, https:\/\/www.transports-coue.fr\/wp-content\/uploads\/2018\/10\/vc2-1.JPG-1030x728.png 1030w, https:\/\/www.transports-coue.fr\/wp-content\/uploads\/2018\/10\/vc2-1.JPG-260x185.png 260w, https:\/\/www.transports-coue.fr\/wp-content\/uploads\/2018\/10\/vc2-1.JPG-705x498.png 705w, https:\/\/www.transports-coue.fr\/wp-content\/uploads\/2018\/10\/vc2-1.JPG-450x318.png 450w\" sizes=\"auto, (max-width: 1123px) 100vw, 1123px\" \/> <img loading=\"lazy\" decoding=\"async\" class=\"alignnone size-full wp-image-179\" src=\"http:\/\/www2.transports-coue.fr\/fr\/wp-content\/uploads\/2018\/10\/vc3.JPG.png\" alt=\"\" width=\"1123\" height=\"794\" srcset=\"https:\/\/www.transports-coue.fr\/wp-content\/uploads\/2018\/10\/vc3.JPG.png 1123w, https:\/\/www.transports-coue.fr\/wp-content\/uploads\/2018\/10\/vc3.JPG-300x212.png 300w, https:\/\/www.transports-coue.fr\/wp-content\/uploads\/2018\/10\/vc3.JPG-768x543.png 768w, https:\/\/www.transports-coue.fr\/wp-content\/uploads\/2018\/10\/vc3.JPG-1030x728.png 1030w, https:\/\/www.transports-coue.fr\/wp-content\/uploads\/2018\/10\/vc3.JPG-260x185.png 260w, https:\/\/www.transports-coue.fr\/wp-content\/uploads\/2018\/10\/vc3.JPG-705x498.png 705w, https:\/\/www.transports-coue.fr\/wp-content\/uploads\/2018\/10\/vc3.JPG-450x318.png 450w\" sizes=\"auto, (max-width: 1123px) 100vw, 1123px\" \/> <img loading=\"lazy\" decoding=\"async\" class=\"alignnone size-full wp-image-180\" src=\"http:\/\/www2.transports-coue.fr\/fr\/wp-content\/uploads\/2018\/10\/img-4-1.png\" alt=\"\" width=\"1280\" height=\"720\" srcset=\"https:\/\/www.transports-coue.fr\/wp-content\/uploads\/2018\/10\/img-4-1.png 1280w, https:\/\/www.transports-coue.fr\/wp-content\/uploads\/2018\/10\/img-4-1-300x169.png 300w, https:\/\/www.transports-coue.fr\/wp-content\/uploads\/2018\/10\/img-4-1-768x432.png 768w, https:\/\/www.transports-coue.fr\/wp-content\/uploads\/2018\/10\/img-4-1-1030x579.png 1030w, https:\/\/www.transports-coue.fr\/wp-content\/uploads\/2018\/10\/img-4-1-705x397.png 705w, https:\/\/www.transports-coue.fr\/wp-content\/uploads\/2018\/10\/img-4-1-450x253.png 450w\" sizes=\"auto, (max-width: 1280px) 100vw, 1280px\" \/> <img loading=\"lazy\" decoding=\"async\" class=\"alignnone size-full wp-image-181\" src=\"http:\/\/www2.transports-coue.fr\/fr\/wp-content\/uploads\/2018\/10\/img-11.png\" alt=\"\" width=\"1280\" height=\"720\" srcset=\"https:\/\/www.transports-coue.fr\/wp-content\/uploads\/2018\/10\/img-11.png 1280w, https:\/\/www.transports-coue.fr\/wp-content\/uploads\/2018\/10\/img-11-300x169.png 300w, https:\/\/www.transports-coue.fr\/wp-content\/uploads\/2018\/10\/img-11-768x432.png 768w, https:\/\/www.transports-coue.fr\/wp-content\/uploads\/2018\/10\/img-11-1030x579.png 1030w, https:\/\/www.transports-coue.fr\/wp-content\/uploads\/2018\/10\/img-11-705x397.png 705w, https:\/\/www.transports-coue.fr\/wp-content\/uploads\/2018\/10\/img-11-450x253.png 450w\" sizes=\"auto, (max-width: 1280px) 100vw, 1280px\" \/> <img loading=\"lazy\" decoding=\"async\" class=\"alignnone size-full wp-image-182\" src=\"http:\/\/www2.transports-coue.fr\/fr\/wp-content\/uploads\/2018\/10\/img-1-6.png\" alt=\"\" width=\"1280\" height=\"720\" srcset=\"https:\/\/www.transports-coue.fr\/wp-content\/uploads\/2018\/10\/img-1-6.png 1280w, https:\/\/www.transports-coue.fr\/wp-content\/uploads\/2018\/10\/img-1-6-300x169.png 300w, https:\/\/www.transports-coue.fr\/wp-content\/uploads\/2018\/10\/img-1-6-768x432.png 768w, https:\/\/www.transports-coue.fr\/wp-content\/uploads\/2018\/10\/img-1-6-1030x579.png 1030w, https:\/\/www.transports-coue.fr\/wp-content\/uploads\/2018\/10\/img-1-6-705x397.png 705w, https:\/\/www.transports-coue.fr\/wp-content\/uploads\/2018\/10\/img-1-6-450x253.png 450w\" sizes=\"auto, (max-width: 1280px) 100vw, 1280px\" \/> <img loading=\"lazy\" decoding=\"async\" class=\"alignnone size-full wp-image-183\" src=\"http:\/\/www2.transports-coue.fr\/fr\/wp-content\/uploads\/2018\/10\/img-2-4.png\" alt=\"\" width=\"1280\" height=\"720\" srcset=\"https:\/\/www.transports-coue.fr\/wp-content\/uploads\/2018\/10\/img-2-4.png 1280w, https:\/\/www.transports-coue.fr\/wp-content\/uploads\/2018\/10\/img-2-4-300x169.png 300w, https:\/\/www.transports-coue.fr\/wp-content\/uploads\/2018\/10\/img-2-4-768x432.png 768w, https:\/\/www.transports-coue.fr\/wp-content\/uploads\/2018\/10\/img-2-4-1030x579.png 1030w, https:\/\/www.transports-coue.fr\/wp-content\/uploads\/2018\/10\/img-2-4-705x397.png 705w, https:\/\/www.transports-coue.fr\/wp-content\/uploads\/2018\/10\/img-2-4-450x253.png 450w\" sizes=\"auto, (max-width: 1280px) 100vw, 1280px\" \/> <img loading=\"lazy\" decoding=\"async\" class=\"alignnone size-full wp-image-184\" src=\"http:\/\/www2.transports-coue.fr\/fr\/wp-content\/uploads\/2018\/10\/img-3-2.png\" alt=\"\" width=\"1280\" height=\"720\" srcset=\"https:\/\/www.transports-coue.fr\/wp-content\/uploads\/2018\/10\/img-3-2.png 1280w, https:\/\/www.transports-coue.fr\/wp-content\/uploads\/2018\/10\/img-3-2-300x169.png 300w, https:\/\/www.transports-coue.fr\/wp-content\/uploads\/2018\/10\/img-3-2-768x432.png 768w, https:\/\/www.transports-coue.fr\/wp-content\/uploads\/2018\/10\/img-3-2-1030x579.png 1030w, https:\/\/www.transports-coue.fr\/wp-content\/uploads\/2018\/10\/img-3-2-705x397.png 705w, https:\/\/www.transports-coue.fr\/wp-content\/uploads\/2018\/10\/img-3-2-450x253.png 450w\" sizes=\"auto, (max-width: 1280px) 100vw, 1280px\" \/><\/p>\n<p>&nbsp;<\/p>\n<p>&nbsp;<\/p>\n<p>&nbsp;<\/p>\n<p>&nbsp;<\/p>\n<p>&nbsp;<\/p>\n<\/div><span class=\"post-meta-infos\"><time class=\"date-container minor-meta updated\"  itemprop=\"datePublished\" datetime=\"2017-07-11T10:53:58+02:00\" >11 juillet 2017<\/time><span class=\"text-sep\">\/<\/span><span class=\"blog-author minor-meta\">par <span class=\"entry-author-link\"  itemprop=\"author\" ><span class=\"author\"><span class=\"fn\"><a href=\"https:\/\/www.transports-coue.fr\/fr\/author\/transports-coue\/\" title=\"Articles par Transports Cou\u00e9\" rel=\"author\">Transports Cou\u00e9<\/a><\/span><\/span><\/span><\/span><\/span><footer class=\"entry-footer\"><\/footer><div class='post_delimiter'><\/div><\/div><div class=\"post_author_timeline\"><\/div><span class='hidden'>\n\t\t\t\t<span class='av-structured-data'  itemprop=\"image\" itemscope=\"itemscope\" itemtype=\"https:\/\/schema.org\/ImageObject\" >\n\t\t\t\t\t\t<span itemprop='url'>https:\/\/www.transports-coue.fr\/wp-content\/uploads\/2019\/03\/transports-coue-au-vieilles-charrues-et-ofnijec-2017-845x321.jpg<\/span>\n\t\t\t\t\t\t<span itemprop='height'>321<\/span>\n\t\t\t\t\t\t<span itemprop='width'>845<\/span>\n\t\t\t\t<\/span>\n\t\t\t\t<span class='av-structured-data'  itemprop=\"publisher\" itemtype=\"https:\/\/schema.org\/Organization\" itemscope=\"itemscope\" >\n\t\t\t\t\t\t<span itemprop='name'>Transports Cou\u00e9<\/span>\n\t\t\t\t\t\t<span itemprop='logo' itemscope itemtype='https:\/\/schema.org\/ImageObject'>\n\t\t\t\t\t\t\t<span itemprop='url'>https:\/\/www.transports-coue.fr\/wp-content\/uploads\/2018\/10\/Logo-transports-coue-300x119.png<\/span>\n\t\t\t\t\t\t<\/span>\n\t\t\t\t<\/span><span class='av-structured-data'  itemprop=\"author\" itemscope=\"itemscope\" itemtype=\"https:\/\/schema.org\/Person\" ><span itemprop='name'>Transports Cou\u00e9<\/span><\/span><span class='av-structured-data'  itemprop=\"datePublished\" datetime=\"2017-07-11T10:53:58+02:00\" >2017-07-11 10:53:58<\/span><span class='av-structured-data'  itemprop=\"dateModified\" itemtype=\"https:\/\/schema.org\/dateModified\" >2021-03-31 12:02:56<\/span><span class='av-structured-data'  itemprop=\"mainEntityOfPage\" itemtype=\"https:\/\/schema.org\/mainEntityOfPage\" ><span itemprop='name'>Transports Cou\u00e9 au festival des vieilles charrues et aux Ofnijec 2017<\/span><\/span><\/span><\/article><div class='single-big'><\/div><\/div>\n<section  class='av_textblock_section av-jmgasd9v-11-26e14ac3c33a0165ecf4464941ccc775 '   itemscope=\"itemscope\" itemtype=\"https:\/\/schema.org\/BlogPosting\" itemprop=\"blogPost\" ><div class='av-desktop-hide av-medium-hide av-small-hide av-mini-hide avia_textblock'  itemprop=\"text\" ><h1>NOTRE ACTUALIT\u00c9<br \/>\nTRANSPORTS COU\u00c9<\/h1>\n<p><a href=\"\/fr\/contact\"><img loading=\"lazy\" decoding=\"async\" class=\"alignright wp-image-44\" src=\"http:\/\/www2.transports-coue.fr\/fr\/wp-content\/uploads\/2018\/09\/picto-devis-300x105.png\" alt=\"\" width=\"149\" height=\"52\" srcset=\"https:\/\/www.transports-coue.fr\/wp-content\/uploads\/2018\/09\/picto-devis-300x105.png 300w, https:\/\/www.transports-coue.fr\/wp-content\/uploads\/2018\/09\/picto-devis-768x268.png 768w, https:\/\/www.transports-coue.fr\/wp-content\/uploads\/2018\/09\/picto-devis-705x246.png 705w, https:\/\/www.transports-coue.fr\/wp-content\/uploads\/2018\/09\/picto-devis-450x157.png 450w, https:\/\/www.transports-coue.fr\/wp-content\/uploads\/2018\/09\/picto-devis.png 945w\" sizes=\"auto, (max-width: 149px) 100vw, 149px\" \/><\/a><\/p>\n<\/div><\/section>\n","protected":false},"excerpt":{"rendered":"","protected":false},"author":1,"featured_media":0,"parent":0,"menu_order":0,"comment_status":"closed","ping_status":"closed","template":"","meta":{"om_disable_all_campaigns":false,"_monsterinsights_skip_tracking":false,"_monsterinsights_sitenote_active":false,"_monsterinsights_sitenote_note":"","_monsterinsights_sitenote_category":0,"footnotes":""},"class_list":["post-166","page","type-page","status-publish","hentry"],"aioseo_notices":[],"_links":{"self":[{"href":"https:\/\/www.transports-coue.fr\/fr\/wp-json\/wp\/v2\/pages\/166","targetHints":{"allow":["GET"]}}],"collection":[{"href":"https:\/\/www.transports-coue.fr\/fr\/wp-json\/wp\/v2\/pages"}],"about":[{"href":"https:\/\/www.transports-coue.fr\/fr\/wp-json\/wp\/v2\/types\/page"}],"author":[{"embeddable":true,"href":"https:\/\/www.transports-coue.fr\/fr\/wp-json\/wp\/v2\/users\/1"}],"replies":[{"embeddable":true,"href":"https:\/\/www.transports-coue.fr\/fr\/wp-json\/wp\/v2\/comments?post=166"}],"version-history":[{"count":47,"href":"https:\/\/www.transports-coue.fr\/fr\/wp-json\/wp\/v2\/pages\/166\/revisions"}],"predecessor-version":[{"id":10931,"href":"https:\/\/www.transports-coue.fr\/fr\/wp-json\/wp\/v2\/pages\/166\/revisions\/10931"}],"wp:attachment":[{"href":"https:\/\/www.transports-coue.fr\/fr\/wp-json\/wp\/v2\/media?parent=166"}],"curies":[{"name":"wp","href":"https:\/\/api.w.org\/{rel}","templated":true}]}}